{"id":44273,"date":"2025-07-25T11:17:04","date_gmt":"2025-07-25T09:17:04","guid":{"rendered":"https:\/\/www.paysdesecrins.com\/3-maedchen-auf-dem-vormarsch-von-roche-faurio\/"},"modified":"2025-08-01T10:39:19","modified_gmt":"2025-08-01T08:39:19","slug":"3-maedchen-auf-dem-vormarsch-von-roche-faurio","status":"publish","type":"page","link":"https:\/\/www.paysdesecrins.com\/de\/mein-wunsch\/berg\/3-maedchen-auf-dem-vormarsch-von-roche-faurio\/","title":{"rendered":"3 M\u00e4dchen auf dem Vormarsch von Roche Faurio!"},"content":{"rendered":"    <div class=\"alignfull wp-block-ws-library-ws-header-interne\">\n\t    <div class=\"header-container\">\n\t        <div class=\"group-media has-image\">\n\t            \t                <img loading=\"lazy\" decoding=\"async\" width=\"1920\" height=\"800\" src=\"https:\/\/www.paysdesecrins.com\/wp-content\/uploads\/2025\/07\/bivouac-pic-du-glacier-d-a-5-1920x800.jpg\" alt=\"\" class=\"image_large_square wp-image-42484\" \/>\n\t            \t        <\/div>\n\t        <div class=\"group-content\">\n\t            <div class=\"title\">\n\t                <h1>\n\t                    3 M\u00e4dchen auf dem Vormarsch von Roche Faurio!\t                    \t                <\/h1>\n\t            <\/div>\n\t        <\/div>\n\t    <\/div>\n\t    \n<div class=\"yoast-breadcrumbs\"><span><span><a href=\"https:\/\/www.paysdesecrins.com\/de\/der-titel-des-hauses\/\">Accueil<\/a><\/span>  <span><a href=\"https:\/\/www.paysdesecrins.com\/de\/mein-wunsch\/\">Mein Wunsch,<\/a><\/span>  <span><a href=\"https:\/\/www.paysdesecrins.com\/de\/mein-wunsch\/berg\/\">Meine Sehnsucht nach den Bergen<\/a><\/span>  <span class=\"breadcrumb_last\" aria-current=\"page\">3 M\u00e4dchen auf dem Vormarsch von Roche Faurio!<\/span><\/span><\/div>\n    <\/div>\n    \n<div class=\"wp-block-ws-library-ws-title aligncenter is-style-simple\"><h2><em>Mikro-Abenteuer<\/em>Eine Nacht unter dem Sternenhimmel mit Blick auf den Glacier Blanc und seine Majest\u00e4t, die Barre des \u00c9crins!<br><\/h2><\/div>\n\n<p class=\"has-text-align-center\">Als wir mit unseren letzten Kindern schwanger waren, hatten wir uns die Herausforderung gestellt, ein Jahr nach der Geburt einen <strong>der mythischen Gipfel des Massif des \u00c9crins, den Roche Faurio, <\/strong> zu besteigen!<\/p>\n\n<p class=\"has-text-align-center\">Und was f\u00fcr eine gute Idee, sich selbst zu st\u00e4rken, indem man sich sagt, dass man dieses Rennen auch <strong>in v\u00f6lliger Autonomie<\/strong> absolvieren kann, das hei\u00dft, indem man unter dem Sternenhimmel schl\u00e4ft und genug f\u00e4hrt, um f\u00fcr die Dauer des Rennens zu biwakieren und zu essen.  <\/p>\n\n<div class=\"wp-block-ws-library-ws-slider alignwide\"><div class=\"splide\" data-splide=\"{\"type\":\"slide\",\"heightRatio\":\"auto\",\"perPage\":4,\"perMove\":1,\"drag\":true,\"pagination\":0,\"autoplay\":false,\"gap\":\"2px\",\"breakpoints\":{\"450\":{\"perPage\":1},\"768\":{\"perPage\":2},\"992\":{\"perPage\":3},\"1200\":{\"perPage\":4}}}\"><div class=\"splide__track\"><div class=\"splide__list\"><div class=\"splide__slide\"><a href=\"https:\/\/www.paysdesecrins.com\/wp-content\/uploads\/2025\/07\/1656946845-42550874-400x400.jpg\" data-glightbox=\"true\" class=\"lightbox-trigger\"><img decoding=\"async\" src=\"https:\/\/www.paysdesecrins.com\/wp-content\/uploads\/2025\/07\/1656946845-42550874-400x400.jpg\" alt=\"\"><\/a><\/div><div class=\"splide__slide\"><a href=\"https:\/\/www.paysdesecrins.com\/wp-content\/uploads\/2025\/07\/1656946845-228241125-400x400.jpg\" data-glightbox=\"true\" class=\"lightbox-trigger\"><img decoding=\"async\" src=\"https:\/\/www.paysdesecrins.com\/wp-content\/uploads\/2025\/07\/1656946845-228241125-400x400.jpg\" alt=\"\"><\/a><\/div><div class=\"splide__slide\"><a href=\"https:\/\/www.paysdesecrins.com\/wp-content\/uploads\/2025\/07\/1656946845-939174709-400x400.jpg\" data-glightbox=\"true\" class=\"lightbox-trigger\"><img decoding=\"async\" src=\"https:\/\/www.paysdesecrins.com\/wp-content\/uploads\/2025\/07\/1656946845-939174709-400x400.jpg\" alt=\"\"><\/a><\/div><\/div><\/div><\/div><\/div>\n\n<div class=\"wp-block-ws-library-ws-columns alignwide has-2-columns are-vertically-aligned-center layout-5050 is-style-background\">\n<div class=\"wp-block-ws-library-ws-column\"><div class=\"wrapper\">\n<div class=\"wp-block-ws-library-ws-title\"><h3>Reiseroute des Ausflugs und&#8230; Ich teile einige Zweifel&#8230;<\/h3><\/div>\n\n\n\n<p class=\"has-text-align-center\">Der Ausflug war schon lange geplant und am selben Morgen, an dem der Wunsch, diesen sch\u00f6nen Berg zu besteigen, sehr pr\u00e4sent ist, frage ich mich, ob ich es schaffen werde&#8230; Mein Kopf ist schon nach oben gegangen, aber h\u00e4tte ich genug Ausdauer, um dorthin zu gelangen?<\/p>\n\n\n\n<p>Da hilft es, mit anderen zu gehen! Wir kennen das Potenzial jedes Einzelnen und auch wenn die Tasche manchmal etwas schwer ist, k\u00f6nnen wir uns darauf verlassen, dass unsere Freunde sie abwechseln&#8230; Aber wenn Sie einen guten Tipp wollen: Nehmen Sie leichte Ausr\u00fcstung mit und lassen Sie vielleicht die Pastete und die Wurst stehen und entscheiden Sie sich f\u00fcr Lebensmittel, die leichter zu transportieren sind! <\/p>\n<\/div><\/div>\n\n\n\n<div class=\"wp-block-ws-library-ws-column\"><div class=\"wrapper\">\n<div class=\"wp-block-ws-library-ws-image\"><div class=\"wrapper\"><div class=\"group-media\"><img decoding=\"async\" src=\"https:\/\/www.paysdesecrins.com\/wp-content\/uploads\/2025\/07\/1657204674-408713164-480x640.jpg\" alt=\"\" class=\"single_image ws-image-42300\"><div class=\"credits\"><\/div><\/div><p class=\"caption\"><\/p><\/div><\/div>\n<\/div><\/div>\n<\/div>\n\n<div class=\"wp-block-ws-library-ws-title aligncenter\"><h3>Eine Nacht vor der Barre des \u00c9crins<\/h3><\/div>\n\n<p class=\"has-text-align-center\">Nach einem Stopp am <strong>Refuge du Glacier Blanc<\/strong> brechen wir mit neuer Energie auf, nachdem wir einige Trockenfr\u00fcchte gegessen haben, und machen uns wieder auf den Weg mit einem H\u00f6henunterschied von 400 m in Richtung des Biwaks, dem ber\u00fchmten Ort \u00fcber dem Gletscher und mit Blick auf die <strong>Barre des \u00c9crins<\/strong>.<\/p>\n\n<p class=\"has-text-align-center\">Stellen Sie sich vor, Sie schl\u00fcpfen mit einer solchen Aussicht unter Ihren Schlafsack, bewacht und gesch\u00fctzt vom Sternenhimmel \u00fcber Ihrem Kopf&#8230; Ein wahres Vergn\u00fcgen! Manchmal denke ich immer noch an diesen kostbaren Moment, wenn ich abends ins Bett gehe. <\/p>\n\n<p class=\"has-text-align-center\">Der Wecker um 3:30 Uhr klingelte nicht&#8230; Wir wurden (um 4:15 Uhr) von zwei Bergsteigern geweckt, die vorbeikamen und uns fragten, ob uns nicht kalt sei! \u00dcberhaupt nicht, wir sind fast schon in Topform, denn in 10 Minuten sind wir auf dem Gletscher, ziehen unsere Steigeisen an und seilen uns mit der Stirnlampe an. Auf geht&#8217;s zur Gletscher\u00fcberquerung!  <\/p>\n\n<p class=\"has-text-align-center\">Die Anfahrt zum Anstieg ist gro\u00dfartig mit all den Stirnlampen, den Steigeisen, die im Schnee knarren, dieser mysteri\u00f6sen Atmosph\u00e4re und der Bef\u00fcrchtung des Unbekannten&#8230;<\/p>\n\n<div class=\"wp-block-ws-library-ws-columns alignwide has-2-columns are-vertically-aligned-center layout-5050 is-style-background\">\n<div class=\"wp-block-ws-library-ws-column\"><div class=\"wrapper\">\n<div class=\"wp-block-ws-library-ws-title\"><h3>Ank\u00fcnfte an der Spitze!<\/h3><\/div>\n\n\n\n<p class=\"has-text-align-center\">600 m H\u00f6henunterschied und ein paar Blasen am Fu\u00df erreichen wir den <strong>Gipfel des schneebedeckten Roche Faurio<\/strong> mit einem au\u00dfergew\u00f6hnlichen Blick auf das \u00c9crins-Massiv! In der Ferne k\u00f6nnen wir die Seile sehen, aus denen die Barre des \u00c9crins besteht, und die letzten Seile, die nach oben gehen, um sich uns anzuschlie\u00dfen.   <\/p>\n\n\n\n<p class=\"has-text-align-center\">Erstaunlich, wir haben es geschafft! Ein paar Freudentr\u00e4nen flie\u00dfen \u00fcber unser L\u00e4cheln! <\/p>\n\n\n\n<p class=\"has-text-align-center\">Ein gro\u00dfes Dankesch\u00f6n an das Leben f\u00fcr diesen unvergesslichen Ausflug!<\/p>\n<\/div><\/div>\n\n\n\n<div class=\"wp-block-ws-library-ws-column\"><div class=\"wrapper\">\n<div class=\"wp-block-ws-library-ws-image\"><div class=\"wrapper\"><div class=\"group-media\"><img decoding=\"async\" src=\"https:\/\/www.paysdesecrins.com\/wp-content\/uploads\/2025\/07\/1657204674-113122652-853x640.jpg\" alt=\"\" class=\"single_image ws-image-42306\"><div class=\"credits\"><\/div><\/div><p class=\"caption\"><\/p><\/div><\/div>\n<\/div><\/div>\n<\/div>\n\n<div class=\"wp-block-ws-library-ws-slider alignwide\"><div class=\"splide\" data-splide=\"{\"type\":\"slide\",\"heightRatio\":\"auto\",\"perPage\":4,\"perMove\":1,\"drag\":true,\"pagination\":0,\"autoplay\":false,\"gap\":\"2px\",\"breakpoints\":{\"450\":{\"perPage\":1},\"768\":{\"perPage\":2},\"992\":{\"perPage\":3},\"1200\":{\"perPage\":4}}}\"><div class=\"splide__track\"><div class=\"splide__list\"><div class=\"splide__slide\"><a href=\"https:\/\/www.paysdesecrins.com\/wp-content\/uploads\/2025\/07\/1657204674-1724243492-400x400.jpg\" data-glightbox=\"true\" class=\"lightbox-trigger\"><img decoding=\"async\" src=\"https:\/\/www.paysdesecrins.com\/wp-content\/uploads\/2025\/07\/1657204674-1724243492-400x400.jpg\" alt=\"\"><\/a><\/div><div class=\"splide__slide\"><a href=\"https:\/\/www.paysdesecrins.com\/wp-content\/uploads\/2025\/07\/1657204674-1528316775-400x400.jpg\" data-glightbox=\"true\" class=\"lightbox-trigger\"><img decoding=\"async\" src=\"https:\/\/www.paysdesecrins.com\/wp-content\/uploads\/2025\/07\/1657204674-1528316775-400x400.jpg\" alt=\"\"><\/a><\/div><div class=\"splide__slide\"><a href=\"https:\/\/www.paysdesecrins.com\/wp-content\/uploads\/2025\/07\/1657204674-553051495-400x400.jpg\" data-glightbox=\"true\" class=\"lightbox-trigger\"><img decoding=\"async\" src=\"https:\/\/www.paysdesecrins.com\/wp-content\/uploads\/2025\/07\/1657204674-553051495-400x400.jpg\" alt=\"\"><\/a><\/div><\/div><\/div><\/div><\/div>\n\n<div class=\"wp-block-ws-library-ws-share\"><span class=\"share-subtitle\">Hat Ihnen diese Seite gefallen?<\/span><span class=\"share-title\">Teilen Sie es!<\/span><button class=\"ws-share-button wp-element-button\">Diese Seite teilen<\/button><\/div>\n","protected":false},"excerpt":{"rendered":"<p>Als wir mit unseren letzten Kindern schwanger waren, hatten wir uns die Herausforderung gestellt, ein Jahr nach der Geburt einen [&hellip;]<\/p>\n","protected":false},"author":9,"featured_media":42487,"parent":44578,"menu_order":0,"comment_status":"closed","ping_status":"closed","template":"","meta":{"_thumbnail_id_2":0,"summer_excerpt":"","season":"","station":"","footnotes":""},"class_list":["post-44273","page","type-page","status-publish","has-post-thumbnail","hentry"],"yoast_head":"<!-- This site is optimized with the Yoast SEO plugin v27.3 - https:\/\/yoast.com\/product\/yoast-seo-wordpress\/ -->\n<title>3 M\u00e4dchen auf dem Vormarsch von Roche Faurio! - Pays des \u00c9crins - Office de Tourisme<\/title>\n<meta name=\"robots\" content=\"index, follow, max-snippet:-1, max-image-preview:large, max-video-preview:-1\" \/>\n<link rel=\"canonical\" href=\"https:\/\/www.paysdesecrins.com\/de\/mein-wunsch\/berg\/3-maedchen-auf-dem-vormarsch-von-roche-faurio\/\" \/>\n<meta property=\"og:locale\" content=\"de_DE\" \/>\n<meta property=\"og:type\" content=\"article\" \/>\n<meta property=\"og:title\" content=\"3 M\u00e4dchen auf dem Vormarsch von Roche Faurio! - Pays des \u00c9crins - Office de Tourisme\" \/>\n<meta property=\"og:description\" content=\"Als wir mit unseren letzten Kindern schwanger waren, hatten wir uns die Herausforderung gestellt, ein Jahr nach der Geburt einen [&hellip;]\" \/>\n<meta property=\"og:url\" content=\"https:\/\/www.paysdesecrins.com\/de\/mein-wunsch\/berg\/3-maedchen-auf-dem-vormarsch-von-roche-faurio\/\" \/>\n<meta property=\"og:site_name\" content=\"Pays des \u00c9crins - Office de Tourisme\" \/>\n<meta property=\"article:modified_time\" content=\"2025-08-01T08:39:19+00:00\" \/>\n<meta property=\"og:image\" content=\"https:\/\/www.paysdesecrins.com\/wp-content\/uploads\/2025\/07\/bivouac-pic-du-glacier-d-a-5-scaled.jpg\" \/>\n\t<meta property=\"og:image:width\" content=\"2560\" \/>\n\t<meta property=\"og:image:height\" content=\"1638\" \/>\n\t<meta property=\"og:image:type\" content=\"image\/jpeg\" \/>\n<meta name=\"twitter:card\" content=\"summary_large_image\" \/>\n<meta name=\"twitter:label1\" content=\"Gesch\u00e4tzte Lesezeit\" \/>\n\t<meta name=\"twitter:data1\" content=\"3 Minuten\" \/>\n<script type=\"application\/ld+json\" class=\"yoast-schema-graph\">{\"@context\":\"https:\\\/\\\/schema.org\",\"@graph\":[{\"@type\":\"WebPage\",\"@id\":\"https:\\\/\\\/www.paysdesecrins.com\\\/de\\\/mein-wunsch\\\/berg\\\/3-maedchen-auf-dem-vormarsch-von-roche-faurio\\\/\",\"url\":\"https:\\\/\\\/www.paysdesecrins.com\\\/de\\\/mein-wunsch\\\/berg\\\/3-maedchen-auf-dem-vormarsch-von-roche-faurio\\\/\",\"name\":\"3 M\u00e4dchen auf dem Vormarsch von Roche Faurio! - Pays des \u00c9crins - Office de Tourisme\",\"isPartOf\":{\"@id\":\"https:\\\/\\\/www.paysdesecrins.com\\\/de\\\/#website\"},\"primaryImageOfPage\":{\"@id\":\"https:\\\/\\\/www.paysdesecrins.com\\\/de\\\/mein-wunsch\\\/berg\\\/3-maedchen-auf-dem-vormarsch-von-roche-faurio\\\/#primaryimage\"},\"image\":{\"@id\":\"https:\\\/\\\/www.paysdesecrins.com\\\/de\\\/mein-wunsch\\\/berg\\\/3-maedchen-auf-dem-vormarsch-von-roche-faurio\\\/#primaryimage\"},\"thumbnailUrl\":\"https:\\\/\\\/www.paysdesecrins.com\\\/wp-content\\\/uploads\\\/2025\\\/07\\\/bivouac-pic-du-glacier-d-a-5-scaled.jpg\",\"datePublished\":\"2025-07-25T09:17:04+00:00\",\"dateModified\":\"2025-08-01T08:39:19+00:00\",\"breadcrumb\":{\"@id\":\"https:\\\/\\\/www.paysdesecrins.com\\\/de\\\/mein-wunsch\\\/berg\\\/3-maedchen-auf-dem-vormarsch-von-roche-faurio\\\/#breadcrumb\"},\"inLanguage\":\"de\",\"potentialAction\":[{\"@type\":\"ReadAction\",\"target\":[\"https:\\\/\\\/www.paysdesecrins.com\\\/de\\\/mein-wunsch\\\/berg\\\/3-maedchen-auf-dem-vormarsch-von-roche-faurio\\\/\"]}]},{\"@type\":\"ImageObject\",\"inLanguage\":\"de\",\"@id\":\"https:\\\/\\\/www.paysdesecrins.com\\\/de\\\/mein-wunsch\\\/berg\\\/3-maedchen-auf-dem-vormarsch-von-roche-faurio\\\/#primaryimage\",\"url\":\"https:\\\/\\\/www.paysdesecrins.com\\\/wp-content\\\/uploads\\\/2025\\\/07\\\/bivouac-pic-du-glacier-d-a-5-scaled.jpg\",\"contentUrl\":\"https:\\\/\\\/www.paysdesecrins.com\\\/wp-content\\\/uploads\\\/2025\\\/07\\\/bivouac-pic-du-glacier-d-a-5-scaled.jpg\",\"width\":2560,\"height\":1638},{\"@type\":\"BreadcrumbList\",\"@id\":\"https:\\\/\\\/www.paysdesecrins.com\\\/de\\\/mein-wunsch\\\/berg\\\/3-maedchen-auf-dem-vormarsch-von-roche-faurio\\\/#breadcrumb\",\"itemListElement\":[{\"@type\":\"ListItem\",\"position\":1,\"name\":\"Accueil\",\"item\":\"https:\\\/\\\/www.paysdesecrins.com\\\/de\\\/der-titel-des-hauses\\\/\"},{\"@type\":\"ListItem\",\"position\":2,\"name\":\"Mein Wunsch,\",\"item\":\"https:\\\/\\\/www.paysdesecrins.com\\\/de\\\/mein-wunsch\\\/\"},{\"@type\":\"ListItem\",\"position\":3,\"name\":\"Meine Sehnsucht nach den Bergen\",\"item\":\"https:\\\/\\\/www.paysdesecrins.com\\\/de\\\/mein-wunsch\\\/berg\\\/\"},{\"@type\":\"ListItem\",\"position\":4,\"name\":\"3 M\u00e4dchen auf dem Vormarsch von Roche Faurio!\"}]},{\"@type\":\"WebSite\",\"@id\":\"https:\\\/\\\/www.paysdesecrins.com\\\/de\\\/#website\",\"url\":\"https:\\\/\\\/www.paysdesecrins.com\\\/de\\\/\",\"name\":\"Pays des \u00c9crins - Office de Tourisme\",\"description\":\"L&#039;esprit montagne\",\"publisher\":{\"@id\":\"https:\\\/\\\/www.paysdesecrins.com\\\/de\\\/#organization\"},\"potentialAction\":[{\"@type\":\"SearchAction\",\"target\":{\"@type\":\"EntryPoint\",\"urlTemplate\":\"https:\\\/\\\/www.paysdesecrins.com\\\/de\\\/?s={search_term_string}\"},\"query-input\":{\"@type\":\"PropertyValueSpecification\",\"valueRequired\":true,\"valueName\":\"search_term_string\"}}],\"inLanguage\":\"de\"},{\"@type\":\"Organization\",\"@id\":\"https:\\\/\\\/www.paysdesecrins.com\\\/de\\\/#organization\",\"name\":\"Pays des \u00c9crins - Office de Tourisme\",\"url\":\"https:\\\/\\\/www.paysdesecrins.com\\\/de\\\/\",\"logo\":{\"@type\":\"ImageObject\",\"inLanguage\":\"de\",\"@id\":\"https:\\\/\\\/www.paysdesecrins.com\\\/de\\\/#\\\/schema\\\/logo\\\/image\\\/\",\"url\":\"https:\\\/\\\/www.paysdesecrins.com\\\/wp-content\\\/uploads\\\/2025\\\/06\\\/devina-svg-1750845694.svg\",\"contentUrl\":\"https:\\\/\\\/www.paysdesecrins.com\\\/wp-content\\\/uploads\\\/2025\\\/06\\\/devina-svg-1750845694.svg\",\"caption\":\"Pays des \u00c9crins - Office de Tourisme\"},\"image\":{\"@id\":\"https:\\\/\\\/www.paysdesecrins.com\\\/de\\\/#\\\/schema\\\/logo\\\/image\\\/\"}}]}<\/script>\n<!-- \/ Yoast SEO plugin. -->","yoast_head_json":{"title":"3 M\u00e4dchen auf dem Vormarsch von Roche Faurio! - Pays des \u00c9crins - Office de Tourisme","robots":{"index":"index","follow":"follow","max-snippet":"max-snippet:-1","max-image-preview":"max-image-preview:large","max-video-preview":"max-video-preview:-1"},"canonical":"https:\/\/www.paysdesecrins.com\/de\/mein-wunsch\/berg\/3-maedchen-auf-dem-vormarsch-von-roche-faurio\/","og_locale":"de_DE","og_type":"article","og_title":"3 M\u00e4dchen auf dem Vormarsch von Roche Faurio! - Pays des \u00c9crins - Office de Tourisme","og_description":"Als wir mit unseren letzten Kindern schwanger waren, hatten wir uns die Herausforderung gestellt, ein Jahr nach der Geburt einen [&hellip;]","og_url":"https:\/\/www.paysdesecrins.com\/de\/mein-wunsch\/berg\/3-maedchen-auf-dem-vormarsch-von-roche-faurio\/","og_site_name":"Pays des \u00c9crins - Office de Tourisme","article_modified_time":"2025-08-01T08:39:19+00:00","og_image":[{"width":2560,"height":1638,"url":"https:\/\/www.paysdesecrins.com\/wp-content\/uploads\/2025\/07\/bivouac-pic-du-glacier-d-a-5-scaled.jpg","type":"image\/jpeg"}],"twitter_card":"summary_large_image","twitter_misc":{"Gesch\u00e4tzte Lesezeit":"3 Minuten"},"schema":{"@context":"https:\/\/schema.org","@graph":[{"@type":"WebPage","@id":"https:\/\/www.paysdesecrins.com\/de\/mein-wunsch\/berg\/3-maedchen-auf-dem-vormarsch-von-roche-faurio\/","url":"https:\/\/www.paysdesecrins.com\/de\/mein-wunsch\/berg\/3-maedchen-auf-dem-vormarsch-von-roche-faurio\/","name":"3 M\u00e4dchen auf dem Vormarsch von Roche Faurio! - Pays des \u00c9crins - Office de Tourisme","isPartOf":{"@id":"https:\/\/www.paysdesecrins.com\/de\/#website"},"primaryImageOfPage":{"@id":"https:\/\/www.paysdesecrins.com\/de\/mein-wunsch\/berg\/3-maedchen-auf-dem-vormarsch-von-roche-faurio\/#primaryimage"},"image":{"@id":"https:\/\/www.paysdesecrins.com\/de\/mein-wunsch\/berg\/3-maedchen-auf-dem-vormarsch-von-roche-faurio\/#primaryimage"},"thumbnailUrl":"https:\/\/www.paysdesecrins.com\/wp-content\/uploads\/2025\/07\/bivouac-pic-du-glacier-d-a-5-scaled.jpg","datePublished":"2025-07-25T09:17:04+00:00","dateModified":"2025-08-01T08:39:19+00:00","breadcrumb":{"@id":"https:\/\/www.paysdesecrins.com\/de\/mein-wunsch\/berg\/3-maedchen-auf-dem-vormarsch-von-roche-faurio\/#breadcrumb"},"inLanguage":"de","potentialAction":[{"@type":"ReadAction","target":["https:\/\/www.paysdesecrins.com\/de\/mein-wunsch\/berg\/3-maedchen-auf-dem-vormarsch-von-roche-faurio\/"]}]},{"@type":"ImageObject","inLanguage":"de","@id":"https:\/\/www.paysdesecrins.com\/de\/mein-wunsch\/berg\/3-maedchen-auf-dem-vormarsch-von-roche-faurio\/#primaryimage","url":"https:\/\/www.paysdesecrins.com\/wp-content\/uploads\/2025\/07\/bivouac-pic-du-glacier-d-a-5-scaled.jpg","contentUrl":"https:\/\/www.paysdesecrins.com\/wp-content\/uploads\/2025\/07\/bivouac-pic-du-glacier-d-a-5-scaled.jpg","width":2560,"height":1638},{"@type":"BreadcrumbList","@id":"https:\/\/www.paysdesecrins.com\/de\/mein-wunsch\/berg\/3-maedchen-auf-dem-vormarsch-von-roche-faurio\/#breadcrumb","itemListElement":[{"@type":"ListItem","position":1,"name":"Accueil","item":"https:\/\/www.paysdesecrins.com\/de\/der-titel-des-hauses\/"},{"@type":"ListItem","position":2,"name":"Mein Wunsch,","item":"https:\/\/www.paysdesecrins.com\/de\/mein-wunsch\/"},{"@type":"ListItem","position":3,"name":"Meine Sehnsucht nach den Bergen","item":"https:\/\/www.paysdesecrins.com\/de\/mein-wunsch\/berg\/"},{"@type":"ListItem","position":4,"name":"3 M\u00e4dchen auf dem Vormarsch von Roche Faurio!"}]},{"@type":"WebSite","@id":"https:\/\/www.paysdesecrins.com\/de\/#website","url":"https:\/\/www.paysdesecrins.com\/de\/","name":"Pays des \u00c9crins - Office de Tourisme","description":"L&#039;esprit montagne","publisher":{"@id":"https:\/\/www.paysdesecrins.com\/de\/#organization"},"potentialAction":[{"@type":"SearchAction","target":{"@type":"EntryPoint","urlTemplate":"https:\/\/www.paysdesecrins.com\/de\/?s={search_term_string}"},"query-input":{"@type":"PropertyValueSpecification","valueRequired":true,"valueName":"search_term_string"}}],"inLanguage":"de"},{"@type":"Organization","@id":"https:\/\/www.paysdesecrins.com\/de\/#organization","name":"Pays des \u00c9crins - Office de Tourisme","url":"https:\/\/www.paysdesecrins.com\/de\/","logo":{"@type":"ImageObject","inLanguage":"de","@id":"https:\/\/www.paysdesecrins.com\/de\/#\/schema\/logo\/image\/","url":"https:\/\/www.paysdesecrins.com\/wp-content\/uploads\/2025\/06\/devina-svg-1750845694.svg","contentUrl":"https:\/\/www.paysdesecrins.com\/wp-content\/uploads\/2025\/06\/devina-svg-1750845694.svg","caption":"Pays des \u00c9crins - Office de Tourisme"},"image":{"@id":"https:\/\/www.paysdesecrins.com\/de\/#\/schema\/logo\/image\/"}}]}},"_links":{"self":[{"href":"https:\/\/www.paysdesecrins.com\/de\/wp-json\/wp\/v2\/pages\/44273","targetHints":{"allow":["GET"]}}],"collection":[{"href":"https:\/\/www.paysdesecrins.com\/de\/wp-json\/wp\/v2\/pages"}],"about":[{"href":"https:\/\/www.paysdesecrins.com\/de\/wp-json\/wp\/v2\/types\/page"}],"author":[{"embeddable":true,"href":"https:\/\/www.paysdesecrins.com\/de\/wp-json\/wp\/v2\/users\/9"}],"replies":[{"embeddable":true,"href":"https:\/\/www.paysdesecrins.com\/de\/wp-json\/wp\/v2\/comments?post=44273"}],"version-history":[{"count":0,"href":"https:\/\/www.paysdesecrins.com\/de\/wp-json\/wp\/v2\/pages\/44273\/revisions"}],"up":[{"embeddable":true,"href":"https:\/\/www.paysdesecrins.com\/de\/wp-json\/wp\/v2\/pages\/44578"}],"wp:featuredmedia":[{"embeddable":true,"href":"https:\/\/www.paysdesecrins.com\/de\/wp-json\/wp\/v2\/media\/42487"}],"wp:attachment":[{"href":"https:\/\/www.paysdesecrins.com\/de\/wp-json\/wp\/v2\/media?parent=44273"}],"curies":[{"name":"wp","href":"https:\/\/api.w.org\/{rel}","templated":true}]}}