{"id":44279,"date":"2025-07-25T11:08:14","date_gmt":"2025-07-25T09:08:14","guid":{"rendered":"https:\/\/www.paysdesecrins.com\/zwischen-mutter-und-tochter-auf-dem-glacier-blanc\/"},"modified":"2025-08-05T12:01:25","modified_gmt":"2025-08-05T10:01:25","slug":"zwischen-mutter-und-tochter-auf-dem-glacier-blanc","status":"publish","type":"page","link":"https:\/\/www.paysdesecrins.com\/de\/mein-wunsch\/berg\/zwischen-mutter-und-tochter-auf-dem-glacier-blanc\/","title":{"rendered":"Zwischen Mutter und Tochter auf dem Glacier Blanc"},"content":{"rendered":"    <div class=\"alignfull wp-block-ws-library-ws-header-interne\">\n\t    <div class=\"header-container\">\n\t        <div class=\"group-media has-image\">\n\t            \t                <img loading=\"lazy\" decoding=\"async\" width=\"1200\" height=\"800\" src=\"https:\/\/www.paysdesecrins.com\/wp-content\/uploads\/2025\/07\/1685694568-367807256-1-1200x800.jpeg\" alt=\"\" class=\"image_large_square wp-image-41995\" srcset=\"https:\/\/www.paysdesecrins.com\/wp-content\/uploads\/2025\/07\/1685694568-367807256-1-1200x800.jpeg 1200w, https:\/\/www.paysdesecrins.com\/wp-content\/uploads\/2025\/07\/1685694568-367807256-1-960x640.jpeg 960w\" sizes=\"auto, (max-width: 1200px) 100vw, 1200px\" \/>\n\t            \t        <\/div>\n\t        <div class=\"group-content\">\n\t            <div class=\"title\">\n\t                <h1>\n\t                    Zwischen Mutter und Tochter auf dem Glacier Blanc\t                    \t                <\/h1>\n\t            <\/div>\n\t        <\/div>\n\t    <\/div>\n\t    \n<div class=\"yoast-breadcrumbs\"><span><span><a href=\"https:\/\/www.paysdesecrins.com\/de\/der-titel-des-hauses\/\">Accueil<\/a><\/span>  <span><a href=\"https:\/\/www.paysdesecrins.com\/de\/mein-wunsch\/\">Mein Wunsch,<\/a><\/span>  <span><a href=\"https:\/\/www.paysdesecrins.com\/de\/mein-wunsch\/berg\/\">Meine Sehnsucht nach den Bergen<\/a><\/span>  <span class=\"breadcrumb_last\" aria-current=\"page\">Zwischen Mutter und Tochter auf dem Glacier Blanc<\/span><\/span><\/div>\n    <\/div>\n    \n<div class=\"wp-block-ws-library-ws-title aligncenter is-style-simple\"><h2><em>Mikro-Abenteuer<\/em>Die Geschichte eines Familienausflugs auf dem Glacier Blanc<\/h2><\/div>\n\n<p class=\"has-text-align-center\">Meine Mutter begleitete meinen Vater in ihrer Jugend bei Bergrennen, sei es Klettern oder Bergsteigen, zwischen den Dolomiten und Chamonix. Zwischen Meer und Bergen haben mir meine Eltern Lust auf Abenteuer, Entdeckungen und das \u00dcbertreffen gebracht.   <\/p>\n\n<p>Hunde machen keine Katzen. Ich bin auch s\u00fcchtig nach schneebedeckten Gipfeln, der Vertikalit\u00e4t der W\u00e4nde, der Einsamkeit und Beruhigung, die man in diesen H\u00f6hen sp\u00fcrt, den N\u00e4chten, die man mit Freunden in einer H\u00fctte verbringe, und den rosa Sonnenaufg\u00e4ngen zu Beginn des Tages. <\/p>\n\n<p>Im Rahmen meines Praktikums war ich f\u00fcr drei Monate in Vallouise, meine Mutter hat mich letztes Wochenende besucht. Sie wei\u00df sehr wenig \u00fcber das <strong>Massif des \u00c9crins<\/strong>. Es war dann eine Gelegenheit, sie mit der Gegend bekannt zu machen und sie in ihre Erinnerungen zur\u00fcckversetzen zu lassen, indem ich sie zum <strong>Glacier Blanc<\/strong> brachte. Einen Gurt und keine Steigeisen hatte sie schon lange nicht mehr angelegt. Es war lange her, dass sie sich so fr\u00fch den Wecker gestellt hatte, um in die Berge zu gehen.      <\/p>\n\n<div class=\"wp-block-ws-library-ws-columns alignwide has-2-columns are-vertically-aligned-center layout-5050 is-style-background\">\n<div class=\"wp-block-ws-library-ws-column\"><div class=\"wrapper\">\n<div class=\"wp-block-ws-library-ws-title\"><h3>Erster Tag<\/h3><\/div>\n\n\n\n<p class=\"has-text-align-center\">Es ist um 4 Uhr morgens, als wir bei <strong>Madame Carle Pr\u00e9<\/strong> ankommen. Wir sind allein, wir waren einen guten Teil des Tages allein. Auf dem Programm, kein Zeitfahren, keine gro\u00dfen Schwierigkeiten, unser Ziel war es, einen privilegierten Moment zu verbringen, Mutter und Tochter, und meine Mutter die Freuden des Hochgebirges wiederentdecken zu lassen.    <\/p>\n\n\n\n<p class=\"has-text-align-center\">Es ist ein perfekter Morgen. Die Sonne geht auf und f\u00e4rbt die umliegenden Gipfel sanft in einen h\u00fcbschen Orangeton. Gegen 6 Uhr morgens wachen die Murmeltiere auf und spielen zwischen dem Ger\u00f6ll Verstecken. W\u00e4hrend wir an der Zunge des Gletschers entlanggehen, lassen uns bl\u00e4uliche Eisbrocken die Unermesslichkeit und Zerbrechlichkeit dessen erahnen, was unter unseren F\u00fc\u00dfen liegt. In der <a href=\"https:\/\/www.ecrins-parcnational.fr\/refuges\/refuge-ecrins\"><strong>\u00c9crins-H\u00fctte<\/strong><\/a> wirkt die makellose wei\u00dfe Weite vollkommen glatt und unwirklich, und die <strong>schneebedeckte Barre des \u00c9crins<\/strong> verschmilzt perfekt mit dem Azurblau des Himmels.      <\/p>\n<\/div><\/div>\n\n\n\n<div class=\"wp-block-ws-library-ws-column\"><div class=\"wrapper\">\n<div class=\"wp-block-ws-library-ws-image\"><div class=\"wrapper\"><div class=\"group-media\"><img decoding=\"async\" src=\"https:\/\/www.paysdesecrins.com\/wp-content\/uploads\/2025\/07\/1685694568-214247336-853x640.jpeg\" alt=\"\" class=\"single_image ws-image-42000\"><div class=\"credits\"><\/div><\/div><p class=\"caption\"><\/p><\/div><\/div>\n<\/div><\/div>\n<\/div>\n\n<div class=\"wp-block-ws-library-ws-title aligncenter\"><h3>Ein einzigartiger Moment<\/h3><\/div>\n\n<p class=\"has-text-align-center\">Dieser Tag in den Bergen ist f\u00fcr mich aus zwei Gr\u00fcnden einer der sch\u00f6nsten. Das erste, weil wir beide einen kostbaren Moment geteilt haben und wir in der Lage waren, vergangene Erinnerungen und den gegenw\u00e4rtigen Moment f\u00fcr dieses Wiedersehen in den Bergen zusammenzubringen. Die zweite, weil ich meine Mutter alleine dorthin mitnehmen und ihr mitteilen konnte, warum ich gerne in diesen H\u00f6hen bin.    <\/p>\n\n<div class=\"wp-block-ws-library-ws-quote\"><blockquote class=\"quote-container quote-align-undefined\"><p class=\"quote-content\">Schlie\u00dflich brauchen Sie keinen Gipfel, keine Schwierigkeit und keine Rekordzeit, um einen Bergausflug zu genie\u00dfen!  <\/p><footer><cite class=\"quote-subcontent\"><\/cite><\/footer><\/blockquote><\/div>\n\n<div class=\"wp-block-ws-library-ws-slider alignwide\"><div class=\"splide\" data-splide=\"{\"type\":\"slide\",\"heightRatio\":\"auto\",\"perPage\":4,\"perMove\":1,\"drag\":true,\"pagination\":0,\"autoplay\":false,\"gap\":\"15px\",\"breakpoints\":{\"450\":{\"perPage\":1},\"768\":{\"perPage\":2},\"992\":{\"perPage\":3},\"1200\":{\"perPage\":4}}}\"><div class=\"splide__track\"><div class=\"splide__list\"><div class=\"splide__slide\"><a href=\"https:\/\/www.paysdesecrins.com\/wp-content\/uploads\/2025\/07\/1685696566-1949993024-400x400.jpeg\" data-glightbox=\"true\" class=\"lightbox-trigger\"><img decoding=\"async\" src=\"https:\/\/www.paysdesecrins.com\/wp-content\/uploads\/2025\/07\/1685696566-1949993024-400x400.jpeg\" alt=\"\"><\/a><\/div><div class=\"splide__slide\"><a href=\"https:\/\/www.paysdesecrins.com\/wp-content\/uploads\/2025\/07\/1685694568-54606637-400x400.jpeg\" data-glightbox=\"true\" class=\"lightbox-trigger\"><img decoding=\"async\" src=\"https:\/\/www.paysdesecrins.com\/wp-content\/uploads\/2025\/07\/1685694568-54606637-400x400.jpeg\" alt=\"\"><\/a><\/div><div class=\"splide__slide\"><a href=\"https:\/\/www.paysdesecrins.com\/wp-content\/uploads\/2025\/07\/1685694568-646520715-400x400.jpeg\" data-glightbox=\"true\" class=\"lightbox-trigger\"><img decoding=\"async\" src=\"https:\/\/www.paysdesecrins.com\/wp-content\/uploads\/2025\/07\/1685694568-646520715-400x400.jpeg\" alt=\"\"><\/a><\/div><div class=\"splide__slide\"><a href=\"https:\/\/www.paysdesecrins.com\/wp-content\/uploads\/2025\/07\/1685694568-1470370218-400x400.jpeg\" data-glightbox=\"true\" class=\"lightbox-trigger\"><img decoding=\"async\" src=\"https:\/\/www.paysdesecrins.com\/wp-content\/uploads\/2025\/07\/1685694568-1470370218-400x400.jpeg\" alt=\"\"><\/a><\/div><div class=\"splide__slide\"><a href=\"https:\/\/www.paysdesecrins.com\/wp-content\/uploads\/2025\/07\/1685694568-1804722846-400x400.jpeg\" data-glightbox=\"true\" class=\"lightbox-trigger\"><img decoding=\"async\" src=\"https:\/\/www.paysdesecrins.com\/wp-content\/uploads\/2025\/07\/1685694568-1804722846-400x400.jpeg\" alt=\"\"><\/a><\/div><\/div><\/div><\/div><\/div>\n\n<p class=\"has-text-align-center\"><em>Z\u00f6gern Sie nicht, sich an unsere Profis, Hochgebirgsf\u00fchrer, zu wenden. Um einen Bergf\u00fchrer zu buchen, laden wir Sie ein, die Liste der F\u00fchrer zu konsultieren, die Partner des Fremdenverkehrsamtes sind.   <\/em><\/p>\n\n<p class=\"has-text-align-left\"><em>Margaux Claude, GEOTREK Praktikantin<\/em><\/p>\n\n<div class=\"wp-block-ws-library-ws-share\"><span class=\"share-subtitle\">Hat Ihnen diese Seite gefallen?<\/span><span class=\"share-title\">Teilen Sie es!<\/span><button class=\"ws-share-button wp-element-button\">Diese Seite teilen<\/button><\/div>\n","protected":false},"excerpt":{"rendered":"<p>Meine Mutter begleitete meinen Vater in ihrer Jugend bei Bergrennen, sei es Klettern oder Bergsteigen, zwischen den Dolomiten und Chamonix. [&hellip;]<\/p>\n","protected":false},"author":9,"featured_media":41993,"parent":44578,"menu_order":0,"comment_status":"closed","ping_status":"closed","template":"","meta":{"_thumbnail_id_2":0,"summer_excerpt":"","season":"","station":"","footnotes":""},"class_list":["post-44279","page","type-page","status-publish","has-post-thumbnail","hentry"],"yoast_head":"<!-- This site is optimized with the Yoast SEO plugin v27.3 - https:\/\/yoast.com\/product\/yoast-seo-wordpress\/ -->\n<title>Zwischen Mutter und Tochter auf dem Glacier Blanc - Pays des \u00c9crins - Office de Tourisme<\/title>\n<meta name=\"robots\" content=\"index, follow, max-snippet:-1, max-image-preview:large, max-video-preview:-1\" \/>\n<link rel=\"canonical\" href=\"https:\/\/www.paysdesecrins.com\/de\/mein-wunsch\/berg\/zwischen-mutter-und-tochter-auf-dem-glacier-blanc\/\" \/>\n<meta property=\"og:locale\" content=\"de_DE\" \/>\n<meta property=\"og:type\" content=\"article\" \/>\n<meta property=\"og:title\" content=\"Zwischen Mutter und Tochter auf dem Glacier Blanc - Pays des \u00c9crins - Office de Tourisme\" \/>\n<meta property=\"og:description\" content=\"Meine Mutter begleitete meinen Vater in ihrer Jugend bei Bergrennen, sei es Klettern oder Bergsteigen, zwischen den Dolomiten und Chamonix. [&hellip;]\" \/>\n<meta property=\"og:url\" content=\"https:\/\/www.paysdesecrins.com\/de\/mein-wunsch\/berg\/zwischen-mutter-und-tochter-auf-dem-glacier-blanc\/\" \/>\n<meta property=\"og:site_name\" content=\"Pays des \u00c9crins - Office de Tourisme\" \/>\n<meta property=\"article:modified_time\" content=\"2025-08-05T10:01:25+00:00\" \/>\n<meta property=\"og:image\" content=\"https:\/\/www.paysdesecrins.com\/wp-content\/uploads\/2025\/07\/1685694568-367807256.jpeg\" \/>\n\t<meta property=\"og:image:width\" content=\"1200\" \/>\n\t<meta property=\"og:image:height\" content=\"900\" \/>\n\t<meta property=\"og:image:type\" content=\"image\/jpeg\" \/>\n<meta name=\"twitter:card\" content=\"summary_large_image\" \/>\n<meta name=\"twitter:label1\" content=\"Gesch\u00e4tzte Lesezeit\" \/>\n\t<meta name=\"twitter:data1\" content=\"2 Minuten\" \/>\n<script type=\"application\/ld+json\" class=\"yoast-schema-graph\">{\"@context\":\"https:\\\/\\\/schema.org\",\"@graph\":[{\"@type\":\"WebPage\",\"@id\":\"https:\\\/\\\/www.paysdesecrins.com\\\/de\\\/mein-wunsch\\\/berg\\\/zwischen-mutter-und-tochter-auf-dem-glacier-blanc\\\/\",\"url\":\"https:\\\/\\\/www.paysdesecrins.com\\\/de\\\/mein-wunsch\\\/berg\\\/zwischen-mutter-und-tochter-auf-dem-glacier-blanc\\\/\",\"name\":\"Zwischen Mutter und Tochter auf dem Glacier Blanc - Pays des \u00c9crins - Office de Tourisme\",\"isPartOf\":{\"@id\":\"https:\\\/\\\/www.paysdesecrins.com\\\/de\\\/#website\"},\"primaryImageOfPage\":{\"@id\":\"https:\\\/\\\/www.paysdesecrins.com\\\/de\\\/mein-wunsch\\\/berg\\\/zwischen-mutter-und-tochter-auf-dem-glacier-blanc\\\/#primaryimage\"},\"image\":{\"@id\":\"https:\\\/\\\/www.paysdesecrins.com\\\/de\\\/mein-wunsch\\\/berg\\\/zwischen-mutter-und-tochter-auf-dem-glacier-blanc\\\/#primaryimage\"},\"thumbnailUrl\":\"https:\\\/\\\/www.paysdesecrins.com\\\/wp-content\\\/uploads\\\/2025\\\/07\\\/1685694568-367807256.jpeg\",\"datePublished\":\"2025-07-25T09:08:14+00:00\",\"dateModified\":\"2025-08-05T10:01:25+00:00\",\"breadcrumb\":{\"@id\":\"https:\\\/\\\/www.paysdesecrins.com\\\/de\\\/mein-wunsch\\\/berg\\\/zwischen-mutter-und-tochter-auf-dem-glacier-blanc\\\/#breadcrumb\"},\"inLanguage\":\"de\",\"potentialAction\":[{\"@type\":\"ReadAction\",\"target\":[\"https:\\\/\\\/www.paysdesecrins.com\\\/de\\\/mein-wunsch\\\/berg\\\/zwischen-mutter-und-tochter-auf-dem-glacier-blanc\\\/\"]}]},{\"@type\":\"ImageObject\",\"inLanguage\":\"de\",\"@id\":\"https:\\\/\\\/www.paysdesecrins.com\\\/de\\\/mein-wunsch\\\/berg\\\/zwischen-mutter-und-tochter-auf-dem-glacier-blanc\\\/#primaryimage\",\"url\":\"https:\\\/\\\/www.paysdesecrins.com\\\/wp-content\\\/uploads\\\/2025\\\/07\\\/1685694568-367807256.jpeg\",\"contentUrl\":\"https:\\\/\\\/www.paysdesecrins.com\\\/wp-content\\\/uploads\\\/2025\\\/07\\\/1685694568-367807256.jpeg\",\"width\":1200,\"height\":900},{\"@type\":\"BreadcrumbList\",\"@id\":\"https:\\\/\\\/www.paysdesecrins.com\\\/de\\\/mein-wunsch\\\/berg\\\/zwischen-mutter-und-tochter-auf-dem-glacier-blanc\\\/#breadcrumb\",\"itemListElement\":[{\"@type\":\"ListItem\",\"position\":1,\"name\":\"Accueil\",\"item\":\"https:\\\/\\\/www.paysdesecrins.com\\\/de\\\/der-titel-des-hauses\\\/\"},{\"@type\":\"ListItem\",\"position\":2,\"name\":\"Mein Wunsch,\",\"item\":\"https:\\\/\\\/www.paysdesecrins.com\\\/de\\\/mein-wunsch\\\/\"},{\"@type\":\"ListItem\",\"position\":3,\"name\":\"Meine Sehnsucht nach den Bergen\",\"item\":\"https:\\\/\\\/www.paysdesecrins.com\\\/de\\\/mein-wunsch\\\/berg\\\/\"},{\"@type\":\"ListItem\",\"position\":4,\"name\":\"Zwischen Mutter und Tochter auf dem Glacier Blanc\"}]},{\"@type\":\"WebSite\",\"@id\":\"https:\\\/\\\/www.paysdesecrins.com\\\/de\\\/#website\",\"url\":\"https:\\\/\\\/www.paysdesecrins.com\\\/de\\\/\",\"name\":\"Pays des \u00c9crins - Office de Tourisme\",\"description\":\"L&#039;esprit montagne\",\"publisher\":{\"@id\":\"https:\\\/\\\/www.paysdesecrins.com\\\/de\\\/#organization\"},\"potentialAction\":[{\"@type\":\"SearchAction\",\"target\":{\"@type\":\"EntryPoint\",\"urlTemplate\":\"https:\\\/\\\/www.paysdesecrins.com\\\/de\\\/?s={search_term_string}\"},\"query-input\":{\"@type\":\"PropertyValueSpecification\",\"valueRequired\":true,\"valueName\":\"search_term_string\"}}],\"inLanguage\":\"de\"},{\"@type\":\"Organization\",\"@id\":\"https:\\\/\\\/www.paysdesecrins.com\\\/de\\\/#organization\",\"name\":\"Pays des \u00c9crins - Office de Tourisme\",\"url\":\"https:\\\/\\\/www.paysdesecrins.com\\\/de\\\/\",\"logo\":{\"@type\":\"ImageObject\",\"inLanguage\":\"de\",\"@id\":\"https:\\\/\\\/www.paysdesecrins.com\\\/de\\\/#\\\/schema\\\/logo\\\/image\\\/\",\"url\":\"https:\\\/\\\/www.paysdesecrins.com\\\/wp-content\\\/uploads\\\/2025\\\/06\\\/devina-svg-1750845694.svg\",\"contentUrl\":\"https:\\\/\\\/www.paysdesecrins.com\\\/wp-content\\\/uploads\\\/2025\\\/06\\\/devina-svg-1750845694.svg\",\"caption\":\"Pays des \u00c9crins - Office de Tourisme\"},\"image\":{\"@id\":\"https:\\\/\\\/www.paysdesecrins.com\\\/de\\\/#\\\/schema\\\/logo\\\/image\\\/\"}}]}<\/script>\n<!-- \/ Yoast SEO plugin. -->","yoast_head_json":{"title":"Zwischen Mutter und Tochter auf dem Glacier Blanc - Pays des \u00c9crins - Office de Tourisme","robots":{"index":"index","follow":"follow","max-snippet":"max-snippet:-1","max-image-preview":"max-image-preview:large","max-video-preview":"max-video-preview:-1"},"canonical":"https:\/\/www.paysdesecrins.com\/de\/mein-wunsch\/berg\/zwischen-mutter-und-tochter-auf-dem-glacier-blanc\/","og_locale":"de_DE","og_type":"article","og_title":"Zwischen Mutter und Tochter auf dem Glacier Blanc - Pays des \u00c9crins - Office de Tourisme","og_description":"Meine Mutter begleitete meinen Vater in ihrer Jugend bei Bergrennen, sei es Klettern oder Bergsteigen, zwischen den Dolomiten und Chamonix. [&hellip;]","og_url":"https:\/\/www.paysdesecrins.com\/de\/mein-wunsch\/berg\/zwischen-mutter-und-tochter-auf-dem-glacier-blanc\/","og_site_name":"Pays des \u00c9crins - Office de Tourisme","article_modified_time":"2025-08-05T10:01:25+00:00","og_image":[{"width":1200,"height":900,"url":"https:\/\/www.paysdesecrins.com\/wp-content\/uploads\/2025\/07\/1685694568-367807256.jpeg","type":"image\/jpeg"}],"twitter_card":"summary_large_image","twitter_misc":{"Gesch\u00e4tzte Lesezeit":"2 Minuten"},"schema":{"@context":"https:\/\/schema.org","@graph":[{"@type":"WebPage","@id":"https:\/\/www.paysdesecrins.com\/de\/mein-wunsch\/berg\/zwischen-mutter-und-tochter-auf-dem-glacier-blanc\/","url":"https:\/\/www.paysdesecrins.com\/de\/mein-wunsch\/berg\/zwischen-mutter-und-tochter-auf-dem-glacier-blanc\/","name":"Zwischen Mutter und Tochter auf dem Glacier Blanc - Pays des \u00c9crins - Office de Tourisme","isPartOf":{"@id":"https:\/\/www.paysdesecrins.com\/de\/#website"},"primaryImageOfPage":{"@id":"https:\/\/www.paysdesecrins.com\/de\/mein-wunsch\/berg\/zwischen-mutter-und-tochter-auf-dem-glacier-blanc\/#primaryimage"},"image":{"@id":"https:\/\/www.paysdesecrins.com\/de\/mein-wunsch\/berg\/zwischen-mutter-und-tochter-auf-dem-glacier-blanc\/#primaryimage"},"thumbnailUrl":"https:\/\/www.paysdesecrins.com\/wp-content\/uploads\/2025\/07\/1685694568-367807256.jpeg","datePublished":"2025-07-25T09:08:14+00:00","dateModified":"2025-08-05T10:01:25+00:00","breadcrumb":{"@id":"https:\/\/www.paysdesecrins.com\/de\/mein-wunsch\/berg\/zwischen-mutter-und-tochter-auf-dem-glacier-blanc\/#breadcrumb"},"inLanguage":"de","potentialAction":[{"@type":"ReadAction","target":["https:\/\/www.paysdesecrins.com\/de\/mein-wunsch\/berg\/zwischen-mutter-und-tochter-auf-dem-glacier-blanc\/"]}]},{"@type":"ImageObject","inLanguage":"de","@id":"https:\/\/www.paysdesecrins.com\/de\/mein-wunsch\/berg\/zwischen-mutter-und-tochter-auf-dem-glacier-blanc\/#primaryimage","url":"https:\/\/www.paysdesecrins.com\/wp-content\/uploads\/2025\/07\/1685694568-367807256.jpeg","contentUrl":"https:\/\/www.paysdesecrins.com\/wp-content\/uploads\/2025\/07\/1685694568-367807256.jpeg","width":1200,"height":900},{"@type":"BreadcrumbList","@id":"https:\/\/www.paysdesecrins.com\/de\/mein-wunsch\/berg\/zwischen-mutter-und-tochter-auf-dem-glacier-blanc\/#breadcrumb","itemListElement":[{"@type":"ListItem","position":1,"name":"Accueil","item":"https:\/\/www.paysdesecrins.com\/de\/der-titel-des-hauses\/"},{"@type":"ListItem","position":2,"name":"Mein Wunsch,","item":"https:\/\/www.paysdesecrins.com\/de\/mein-wunsch\/"},{"@type":"ListItem","position":3,"name":"Meine Sehnsucht nach den Bergen","item":"https:\/\/www.paysdesecrins.com\/de\/mein-wunsch\/berg\/"},{"@type":"ListItem","position":4,"name":"Zwischen Mutter und Tochter auf dem Glacier Blanc"}]},{"@type":"WebSite","@id":"https:\/\/www.paysdesecrins.com\/de\/#website","url":"https:\/\/www.paysdesecrins.com\/de\/","name":"Pays des \u00c9crins - Office de Tourisme","description":"L&#039;esprit montagne","publisher":{"@id":"https:\/\/www.paysdesecrins.com\/de\/#organization"},"potentialAction":[{"@type":"SearchAction","target":{"@type":"EntryPoint","urlTemplate":"https:\/\/www.paysdesecrins.com\/de\/?s={search_term_string}"},"query-input":{"@type":"PropertyValueSpecification","valueRequired":true,"valueName":"search_term_string"}}],"inLanguage":"de"},{"@type":"Organization","@id":"https:\/\/www.paysdesecrins.com\/de\/#organization","name":"Pays des \u00c9crins - Office de Tourisme","url":"https:\/\/www.paysdesecrins.com\/de\/","logo":{"@type":"ImageObject","inLanguage":"de","@id":"https:\/\/www.paysdesecrins.com\/de\/#\/schema\/logo\/image\/","url":"https:\/\/www.paysdesecrins.com\/wp-content\/uploads\/2025\/06\/devina-svg-1750845694.svg","contentUrl":"https:\/\/www.paysdesecrins.com\/wp-content\/uploads\/2025\/06\/devina-svg-1750845694.svg","caption":"Pays des \u00c9crins - Office de Tourisme"},"image":{"@id":"https:\/\/www.paysdesecrins.com\/de\/#\/schema\/logo\/image\/"}}]}},"_links":{"self":[{"href":"https:\/\/www.paysdesecrins.com\/de\/wp-json\/wp\/v2\/pages\/44279","targetHints":{"allow":["GET"]}}],"collection":[{"href":"https:\/\/www.paysdesecrins.com\/de\/wp-json\/wp\/v2\/pages"}],"about":[{"href":"https:\/\/www.paysdesecrins.com\/de\/wp-json\/wp\/v2\/types\/page"}],"author":[{"embeddable":true,"href":"https:\/\/www.paysdesecrins.com\/de\/wp-json\/wp\/v2\/users\/9"}],"replies":[{"embeddable":true,"href":"https:\/\/www.paysdesecrins.com\/de\/wp-json\/wp\/v2\/comments?post=44279"}],"version-history":[{"count":0,"href":"https:\/\/www.paysdesecrins.com\/de\/wp-json\/wp\/v2\/pages\/44279\/revisions"}],"up":[{"embeddable":true,"href":"https:\/\/www.paysdesecrins.com\/de\/wp-json\/wp\/v2\/pages\/44578"}],"wp:featuredmedia":[{"embeddable":true,"href":"https:\/\/www.paysdesecrins.com\/de\/wp-json\/wp\/v2\/media\/41993"}],"wp:attachment":[{"href":"https:\/\/www.paysdesecrins.com\/de\/wp-json\/wp\/v2\/media?parent=44279"}],"curies":[{"name":"wp","href":"https:\/\/api.w.org\/{rel}","templated":true}]}}