{"id":44284,"date":"2025-07-25T11:01:59","date_gmt":"2025-07-25T09:01:59","guid":{"rendered":"https:\/\/www.paysdesecrins.com\/die-ecrins-auf-der-seite-der-schutzhuette\/"},"modified":"2025-08-05T11:58:36","modified_gmt":"2025-08-05T09:58:36","slug":"die-ecrins-auf-der-seite-der-schutzhuette","status":"publish","type":"page","link":"https:\/\/www.paysdesecrins.com\/de\/mein-wunsch\/berg\/die-ecrins-auf-der-seite-der-schutzhuette\/","title":{"rendered":"Die \u00c9crins auf der Seite der Schutzh\u00fctte"},"content":{"rendered":"    <div class=\"alignfull wp-block-ws-library-ws-header-interne\">\n\t    <div class=\"header-container\">\n\t        <div class=\"group-media has-image\">\n\t            \t                <img loading=\"lazy\" decoding=\"async\" width=\"1920\" height=\"800\" src=\"https:\/\/www.paysdesecrins.com\/wp-content\/uploads\/2025\/07\/refuge-des-e-crins-glacier-1920x800.webp\" alt=\"\" class=\"image_large_square wp-image-41908\" \/>\n\t            \t        <\/div>\n\t        <div class=\"group-content\">\n\t            <div class=\"title\">\n\t                <h1>\n\t                    Die \u00c9crins auf der Seite der Schutzh\u00fctte\t                    \t                <\/h1>\n\t            <\/div>\n\t        <\/div>\n\t    <\/div>\n\t    \n<div class=\"yoast-breadcrumbs\"><span><span><a href=\"https:\/\/www.paysdesecrins.com\/de\/der-titel-des-hauses\/\">Accueil<\/a><\/span>  <span><a href=\"https:\/\/www.paysdesecrins.com\/de\/mein-wunsch\/\">Mein Wunsch,<\/a><\/span>  <span><a href=\"https:\/\/www.paysdesecrins.com\/de\/mein-wunsch\/berg\/\">Meine Sehnsucht nach den Bergen<\/a><\/span>  <span class=\"breadcrumb_last\" aria-current=\"page\">Die \u00c9crins auf der Seite der Schutzh\u00fctte<\/span><\/span><\/div>\n    <\/div>\n    \n<div class=\"wp-block-ws-library-ws-title aligncenter is-style-simple\"><h2><em style=\"letter-spacing: -0.1px; display: inline !important;\">Ein Mikro-Abenteuer<\/em><br><br>ganz oben<\/h2><\/div>\n\n<p class=\"has-text-align-left\">Auf der Suche nach frischer Luft, Stille und N\u00e4chten auf dem Gipfel? Im Pays des \u00c9crins ist der Spaziergang zu einer Schutzh\u00fctte bereits ein Abenteuer. Jeder Schritt bringt einen einem anderen Ort n\u00e4her, jede Zuflucht \u00f6ffnet ein Fenster zur Unendlichkeit. Wir schlafen am Berghang, wir teilen uns ein warmes Gericht, wir schauen zu den Sternen hinauf.<br\/>Zwischen Vallouise, dem Glacier Blanc und der Barre des \u00c9crins kann das Erlebnis unterwegs oder f\u00fcr einen Tag, mit der Familie oder im alpinen Modus genossen werden. Die Landschaften sind grandios, die Atmosph\u00e4re authentisch.      <br\/>Hier sind die Schutzh\u00fctten keine einfachen Schutzr\u00e4ume: Sie sind Orte der Begegnung, der Emotion und des \u00dcbertreffens.<\/p>\n\n<p class=\"has-text-align-center\"><\/p>\n\n<div class=\"wp-block-ws-library-ws-columns alignwide has-2-columns are-vertically-aligned-center layout-5050 is-style-background\">\n<div class=\"wp-block-ws-library-ws-column\"><div class=\"wrapper\">\n<div class=\"wp-block-ws-library-ws-title\"><h3>Das Refuge des Bans: eine Oase der Ruhe f\u00fcr alle<\/h3><\/div>\n\n\n\n<p class=\"has-text-align-left\">Eingebettet in das Onde-Tal, weniger als 2 Stunden zu Fu\u00df von Vallouise entfernt, ist die Bans-H\u00fctte der ideale R\u00fcckzugsort f\u00fcr eine erste Ann\u00e4herung an die H\u00fctten mit der Familie. Leicht zug\u00e4nglich bietet es ein sanftes Eintauchen in die Welt des Hochgebirges.<br\/>Die Kleinsten entdecken das Leben in der H\u00f6he, w\u00e4hrend Bergsteiger einen Ausgangspunkt f\u00fcr Sommerklassiker wie das Bansmassiv, die Coste Counier oder Le Diable par la Queue finden.<br\/>F\u00fcr einen Tag oder eine Nacht ist es ein ruhiger, einladender Ort mit Panorama. Perfekt, um die Atmosph\u00e4re aufzusaugen, bevor Sie sich auf gr\u00f6\u00dfere Abenteuer begeben.  <\/p>\n\n\n\n<p class=\"has-text-align-left\">Refuge des Bans \u2013 im Sommer ge\u00f6ffnet, mit Reservierung.<\/p>\n<\/div><\/div>\n\n\n\n<div class=\"wp-block-ws-library-ws-column\"><div class=\"wrapper\">\n<div class=\"wp-block-ws-library-ws-image\"><div class=\"wrapper\"><div class=\"group-media\"><img decoding=\"async\" src=\"https:\/\/www.paysdesecrins.com\/wp-content\/uploads\/2025\/07\/11microaventureclaire-bans-427x640.jpg\" alt=\"\" class=\"single_image ws-image-40991\"><div class=\"credits\"><\/div><\/div><p class=\"caption\"><\/p><\/div><\/div>\n<\/div><\/div>\n<\/div>\n\n<div class=\"wp-block-ws-library-ws-title aligncenter\"><h3>Madame Carles Refugium du Pr\u00e9 : <br>am Fu\u00dfe des Mont Pelvoux<\/h3><\/div>\n\n<p class=\"has-text-align-left\">Abfahrt von Ailefroide f\u00fcr einen belebenden Kurzurlaub: die Stille der Berge, der weiche Schnee unter den F\u00fc\u00dfen. Der Pr\u00e9 de Madame Carle, ein emblematisches Refugium des Pays des \u00c9crins, erhebt sich am Schnittpunkt des Schwarzen und des Wei\u00dfen Gletschers am Fu\u00dfe des Mont Pelvoux.<br\/>Sein Chalet-Refugium, das zu Fu\u00df, mit Schneeschuhen oder Skiern erreichbar ist, ist vom 15. M\u00e4rz bis 28. September 2025 t\u00e4glich ge\u00f6ffnet. Gem\u00fctliche Terrasse, Mittagessen \u00e0 la carte, Erfrischungsbar tags\u00fcber: ein idealer Zwischenstopp, bevor es weiter zum Refuge du Glacier Blanc geht.<br\/>Der Ort eignet sich ideal als Basislager, ist aber auch perfekt f\u00fcr die Beobachtung von G\u00e4msen und Murmeltieren, wenn Sie zwischen den Schlucken Getr\u00e4nk nach oben schauen. Sie k\u00f6nnen dort \u00fcbernachten, aber wenn Sie versucht sind, fahren Sie zum Glacier Blanc, um einen weiteren magischen Stopp einzulegen.   <\/p>\n\n<p class=\"has-text-align-left\"><strong>Refuge du Pr\u00e9 de Madame Carle<\/strong><br\/>\u2013 Zugang: Parkplatz am Pr\u00e9 de Madame Carle, ge\u00f6ffnete Stra\u00dfe je nach Schneeverh\u00e4ltnissen im Fr\u00fchling <br\/>\u2013 Dienstleistungen: Mittagessen, Erfrischungsbar, \u00dcbernachtungen im Schlafsaal oder auf einem Zimmer, Terrasse<\/p>\n\n<div class=\"wp-block-ws-library-ws-slider alignwide\"><div class=\"splide\" data-splide=\"{\"type\":\"slide\",\"heightRatio\":\"auto\",\"perPage\":4,\"perMove\":1,\"drag\":true,\"pagination\":0,\"autoplay\":false,\"gap\":\"15px\",\"breakpoints\":{\"450\":{\"perPage\":1},\"768\":{\"perPage\":2},\"992\":{\"perPage\":3},\"1200\":{\"perPage\":4}}}\"><div class=\"splide__track\"><div class=\"splide__list\"><div class=\"splide__slide\"><a href=\"https:\/\/www.paysdesecrins.com\/wp-content\/uploads\/2025\/07\/16sitesdexception-predemadamecarle-pre-de-madame-carle-en-ski-120-scaled.jpg\" data-glightbox=\"true\" class=\"lightbox-trigger\"><img decoding=\"async\" src=\"https:\/\/www.paysdesecrins.com\/wp-content\/uploads\/2025\/07\/16sitesdexception-predemadamecarle-pre-de-madame-carle-en-ski-120-400x400.jpg\" alt=\"\"><\/a><\/div><div class=\"splide__slide\"><a href=\"https:\/\/www.paysdesecrins.com\/wp-content\/uploads\/2025\/07\/pre-de-madame-carle-en-ski-11-scaled.jpg\" data-glightbox=\"true\" class=\"lightbox-trigger\"><img decoding=\"async\" src=\"https:\/\/www.paysdesecrins.com\/wp-content\/uploads\/2025\/07\/pre-de-madame-carle-en-ski-11-400x400.jpg\" alt=\"\"><\/a><\/div><div class=\"splide__slide\"><a href=\"https:\/\/www.paysdesecrins.com\/wp-content\/uploads\/2025\/07\/pre-de-madame-carle-en-ski-74-scaled.jpg\" data-glightbox=\"true\" class=\"lightbox-trigger\"><img decoding=\"async\" src=\"https:\/\/www.paysdesecrins.com\/wp-content\/uploads\/2025\/07\/pre-de-madame-carle-en-ski-74-400x400.jpg\" alt=\"\"><\/a><\/div><div class=\"splide__slide\"><a href=\"https:\/\/www.paysdesecrins.com\/wp-content\/uploads\/2025\/07\/pre-mme-carle-bosse-de-la-momie-5-scaled.jpg\" data-glightbox=\"true\" class=\"lightbox-trigger\"><img decoding=\"async\" src=\"https:\/\/www.paysdesecrins.com\/wp-content\/uploads\/2025\/07\/pre-mme-carle-bosse-de-la-momie-5-400x400.jpg\" alt=\"\"><\/a><\/div><\/div><\/div><\/div><\/div>\n\n<div class=\"wp-block-ws-library-ws-title aligncenter\"><h3>Die Glacier Blanc H\u00fctte:<br>eine wichtige Etappe vor den Toren der \u00c9crins<\/h3><\/div>\n\n<p class=\"has-text-align-left\">Nach etwa <strong>2h30 Gehminuten <\/strong>vom Pr\u00e9 de Madame Carle aus erreichen Sie die Glacier Blanc-H\u00fctte (2.542 m) mit Blick auf die immensen Nordw\u00e4nde des Pelvoux, des Pic Sans Nom und der Ailefroides. <br\/>Es ist ein ideales Basislager, das es Ihnen erm\u00f6glicht, Gletscher und mythische Gipfel wie den Agneaux, den Pic du Glacier Blanc, den Neige Cordier, den Ar\u00eate des Cin\u00e9astes oder den Roche Faurio zu erkunden.<br\/>Auf der sonnigen Terrasse k\u00f6nnen Sie einen unvergesslichen Sonnenuntergang genie\u00dfen, gefolgt von einer warmen Mahlzeit im Inneren zum Klang des knisternden Holzes. Bergsteigergespr\u00e4che, die Stars im Hintergrund: die einzigartige Atmosph\u00e4re der H\u00fctten. Im Morgengrauen schlie\u00dft ein gemeinsames Fr\u00fchst\u00fcck vor der Abfahrt zur \u00c9crins-H\u00fctte diese intensive und unvergessliche Etappe ab.  <\/p>\n\n<p>\u00d6ffnungszeiten 2025:<br\/>Babysitter vom 29. M\u00e4rz bis 20. September, jeden Tag, mit Reservierung  <\/p>\n\n<div class=\"wp-block-ws-library-ws-columns alignwide has-2-columns are-vertically-aligned-center layout-5050 is-style-background\">\n<div class=\"wp-block-ws-library-ws-column\"><div class=\"wrapper\">\n<div class=\"wp-block-ws-library-ws-title\"><h3>Das Refuge des \u00c9crins: Heiligtum auf 3.170 m<\/h3><\/div>\n\n\n\n<p class=\"has-text-align-left\">Nach einem steilen Aufstieg (+600 m) vom Glacier Blanc, der auf seinem Felsvorsprung thront, bietet die \u00c9crins-H\u00fctte ein atemberaubendes Panorama mit Blick auf die Barre des \u00c9crins (4.115 m). Diese steinerne H\u00fctte ist ein Ort voller Emotionen: erste H\u00f6he, grandioser Sonnenuntergang und lebendige Hochgebirgsatmosph\u00e4re. <\/p>\n\n\n\n<p>Es ist der ideale Ausgangspunkt f\u00fcr die gro\u00dfen Rennen: D\u00f4me de Neige, Barre, Neige Cordier, Roche Faurio&#8230; mit einem F\u00fchrer und der richtigen Ausr\u00fcstung zug\u00e4nglich. Wir genie\u00dfen ein gemeinsames Essen in der H\u00fctte, wir erz\u00e4hlen Bergsteigergeschichten, dann schlafen wir ein, unsere Herzen voller Verhei\u00dfungen. <\/p>\n\n\n\n<p>Am fr\u00fchen Morgen mit Kaffee und Energieriegeln machen Sie sich auf den Weg zu einem Abenteuer, das sich f\u00fcr immer in Ihr Ged\u00e4chtnis eingebrannt hat.<\/p>\n\n\n\n<p class=\"has-text-align-left\"><strong>Er\u00f6ffnung 2025<\/strong> : Sicherheitsdienst <strong>vom 15. M\u00e4rz bis 27. September<\/strong>, t\u00e4glich, mit Reservierung erforderlich.<br\/>In der Saison bietet die H\u00fctte <strong>116 Pl\u00e4tze<\/strong>, Schlafs\u00e4le, Mahlzeiten, Fr\u00fchst\u00fcck, Picknickk\u00f6rbe<\/p>\n<\/div><\/div>\n\n\n\n<div class=\"wp-block-ws-library-ws-column\"><div class=\"wrapper\">\n<div class=\"wp-block-ws-library-ws-image\"><div class=\"wrapper\"><div class=\"group-media\"><img decoding=\"async\" src=\"https:\/\/www.paysdesecrins.com\/wp-content\/uploads\/2025\/07\/refuge-des-e-crins-glaci-2-1-960x540.jpg\" alt=\"\" class=\"single_image ws-image-41116\"><div class=\"credits\"><\/div><\/div><p class=\"caption\"><\/p><\/div><\/div>\n<\/div><\/div>\n<\/div>\n\n<p><strong>Warum diese Erfahrung machen?<\/strong><br\/>Denn eine Schutzh\u00fctte ist viel mehr als eine Pause: Sie ist das Zusammentreffen eines Territoriums, einer Geschichte und einer Gemeinschaft. Jeder Sonnenaufgang ist ein Versprechen, jeder Gipfel ein Abenteuer, jede Nacht eine schwebende Klammer.<br\/>Sind Sie bereit f\u00fcr diese Reise ins Herz der \u00c9crins? Empfindungen, Austausch und Erinnerungen warten auf Sie.  <\/p>\n\n<div class=\"wp-block-ws-library-ws-share\"><span class=\"share-subtitle\">Hat Ihnen diese Seite gefallen?<\/span><span class=\"share-title\">Teilen Sie es!<\/span><button class=\"ws-share-button wp-element-button\">Diese Seite teilen<\/button><\/div>\n","protected":false},"excerpt":{"rendered":"<p>Auf der Suche nach frischer Luft, Stille und N\u00e4chten auf dem Gipfel? Im Pays des \u00c9crins ist der Spaziergang zu [&hellip;]<\/p>\n","protected":false},"author":9,"featured_media":41911,"parent":44578,"menu_order":0,"comment_status":"closed","ping_status":"closed","template":"","meta":{"_thumbnail_id_2":0,"summer_excerpt":"","season":"","station":"","footnotes":""},"class_list":["post-44284","page","type-page","status-publish","has-post-thumbnail","hentry"],"yoast_head":"<!-- This site is optimized with the Yoast SEO plugin v27.3 - https:\/\/yoast.com\/product\/yoast-seo-wordpress\/ -->\n<title>Die \u00c9crins auf der Seite der Schutzh\u00fctte - Pays des \u00c9crins - Office de Tourisme<\/title>\n<meta name=\"robots\" content=\"index, follow, max-snippet:-1, max-image-preview:large, max-video-preview:-1\" \/>\n<link rel=\"canonical\" href=\"https:\/\/www.paysdesecrins.com\/de\/mein-wunsch\/berg\/die-ecrins-auf-der-seite-der-schutzhuette\/\" \/>\n<meta property=\"og:locale\" content=\"de_DE\" \/>\n<meta property=\"og:type\" content=\"article\" \/>\n<meta property=\"og:title\" content=\"Die \u00c9crins auf der Seite der Schutzh\u00fctte - Pays des \u00c9crins - Office de Tourisme\" \/>\n<meta property=\"og:description\" content=\"Auf der Suche nach frischer Luft, Stille und N\u00e4chten auf dem Gipfel? Im Pays des \u00c9crins ist der Spaziergang zu [&hellip;]\" \/>\n<meta property=\"og:url\" content=\"https:\/\/www.paysdesecrins.com\/de\/mein-wunsch\/berg\/die-ecrins-auf-der-seite-der-schutzhuette\/\" \/>\n<meta property=\"og:site_name\" content=\"Pays des \u00c9crins - Office de Tourisme\" \/>\n<meta property=\"article:modified_time\" content=\"2025-08-05T09:58:36+00:00\" \/>\n<meta property=\"og:image\" content=\"https:\/\/www.paysdesecrins.com\/wp-content\/uploads\/2025\/07\/refuge-des-e-crins-glacier-scaled.webp\" \/>\n\t<meta property=\"og:image:width\" content=\"2560\" \/>\n\t<meta property=\"og:image:height\" content=\"1707\" \/>\n\t<meta property=\"og:image:type\" content=\"image\/webp\" \/>\n<meta name=\"twitter:card\" content=\"summary_large_image\" \/>\n<meta name=\"twitter:label1\" content=\"Gesch\u00e4tzte Lesezeit\" \/>\n\t<meta name=\"twitter:data1\" content=\"4 Minuten\" \/>\n<script type=\"application\/ld+json\" class=\"yoast-schema-graph\">{\"@context\":\"https:\\\/\\\/schema.org\",\"@graph\":[{\"@type\":\"WebPage\",\"@id\":\"https:\\\/\\\/www.paysdesecrins.com\\\/de\\\/mein-wunsch\\\/berg\\\/die-ecrins-auf-der-seite-der-schutzhuette\\\/\",\"url\":\"https:\\\/\\\/www.paysdesecrins.com\\\/de\\\/mein-wunsch\\\/berg\\\/die-ecrins-auf-der-seite-der-schutzhuette\\\/\",\"name\":\"Die \u00c9crins auf der Seite der Schutzh\u00fctte - Pays des \u00c9crins - Office de Tourisme\",\"isPartOf\":{\"@id\":\"https:\\\/\\\/www.paysdesecrins.com\\\/de\\\/#website\"},\"primaryImageOfPage\":{\"@id\":\"https:\\\/\\\/www.paysdesecrins.com\\\/de\\\/mein-wunsch\\\/berg\\\/die-ecrins-auf-der-seite-der-schutzhuette\\\/#primaryimage\"},\"image\":{\"@id\":\"https:\\\/\\\/www.paysdesecrins.com\\\/de\\\/mein-wunsch\\\/berg\\\/die-ecrins-auf-der-seite-der-schutzhuette\\\/#primaryimage\"},\"thumbnailUrl\":\"https:\\\/\\\/www.paysdesecrins.com\\\/wp-content\\\/uploads\\\/2025\\\/07\\\/refuge-des-e-crins-glacier-scaled.webp\",\"datePublished\":\"2025-07-25T09:01:59+00:00\",\"dateModified\":\"2025-08-05T09:58:36+00:00\",\"breadcrumb\":{\"@id\":\"https:\\\/\\\/www.paysdesecrins.com\\\/de\\\/mein-wunsch\\\/berg\\\/die-ecrins-auf-der-seite-der-schutzhuette\\\/#breadcrumb\"},\"inLanguage\":\"de\",\"potentialAction\":[{\"@type\":\"ReadAction\",\"target\":[\"https:\\\/\\\/www.paysdesecrins.com\\\/de\\\/mein-wunsch\\\/berg\\\/die-ecrins-auf-der-seite-der-schutzhuette\\\/\"]}]},{\"@type\":\"ImageObject\",\"inLanguage\":\"de\",\"@id\":\"https:\\\/\\\/www.paysdesecrins.com\\\/de\\\/mein-wunsch\\\/berg\\\/die-ecrins-auf-der-seite-der-schutzhuette\\\/#primaryimage\",\"url\":\"https:\\\/\\\/www.paysdesecrins.com\\\/wp-content\\\/uploads\\\/2025\\\/07\\\/refuge-des-e-crins-glacier-scaled.webp\",\"contentUrl\":\"https:\\\/\\\/www.paysdesecrins.com\\\/wp-content\\\/uploads\\\/2025\\\/07\\\/refuge-des-e-crins-glacier-scaled.webp\",\"width\":2560,\"height\":1707},{\"@type\":\"BreadcrumbList\",\"@id\":\"https:\\\/\\\/www.paysdesecrins.com\\\/de\\\/mein-wunsch\\\/berg\\\/die-ecrins-auf-der-seite-der-schutzhuette\\\/#breadcrumb\",\"itemListElement\":[{\"@type\":\"ListItem\",\"position\":1,\"name\":\"Accueil\",\"item\":\"https:\\\/\\\/www.paysdesecrins.com\\\/de\\\/der-titel-des-hauses\\\/\"},{\"@type\":\"ListItem\",\"position\":2,\"name\":\"Mein Wunsch,\",\"item\":\"https:\\\/\\\/www.paysdesecrins.com\\\/de\\\/mein-wunsch\\\/\"},{\"@type\":\"ListItem\",\"position\":3,\"name\":\"Meine Sehnsucht nach den Bergen\",\"item\":\"https:\\\/\\\/www.paysdesecrins.com\\\/de\\\/mein-wunsch\\\/berg\\\/\"},{\"@type\":\"ListItem\",\"position\":4,\"name\":\"Die \u00c9crins auf der Seite der Schutzh\u00fctte\"}]},{\"@type\":\"WebSite\",\"@id\":\"https:\\\/\\\/www.paysdesecrins.com\\\/de\\\/#website\",\"url\":\"https:\\\/\\\/www.paysdesecrins.com\\\/de\\\/\",\"name\":\"Pays des \u00c9crins - Office de Tourisme\",\"description\":\"L&#039;esprit montagne\",\"publisher\":{\"@id\":\"https:\\\/\\\/www.paysdesecrins.com\\\/de\\\/#organization\"},\"potentialAction\":[{\"@type\":\"SearchAction\",\"target\":{\"@type\":\"EntryPoint\",\"urlTemplate\":\"https:\\\/\\\/www.paysdesecrins.com\\\/de\\\/?s={search_term_string}\"},\"query-input\":{\"@type\":\"PropertyValueSpecification\",\"valueRequired\":true,\"valueName\":\"search_term_string\"}}],\"inLanguage\":\"de\"},{\"@type\":\"Organization\",\"@id\":\"https:\\\/\\\/www.paysdesecrins.com\\\/de\\\/#organization\",\"name\":\"Pays des \u00c9crins - Office de Tourisme\",\"url\":\"https:\\\/\\\/www.paysdesecrins.com\\\/de\\\/\",\"logo\":{\"@type\":\"ImageObject\",\"inLanguage\":\"de\",\"@id\":\"https:\\\/\\\/www.paysdesecrins.com\\\/de\\\/#\\\/schema\\\/logo\\\/image\\\/\",\"url\":\"https:\\\/\\\/www.paysdesecrins.com\\\/wp-content\\\/uploads\\\/2025\\\/06\\\/devina-svg-1750845694.svg\",\"contentUrl\":\"https:\\\/\\\/www.paysdesecrins.com\\\/wp-content\\\/uploads\\\/2025\\\/06\\\/devina-svg-1750845694.svg\",\"caption\":\"Pays des \u00c9crins - Office de Tourisme\"},\"image\":{\"@id\":\"https:\\\/\\\/www.paysdesecrins.com\\\/de\\\/#\\\/schema\\\/logo\\\/image\\\/\"}}]}<\/script>\n<!-- \/ Yoast SEO plugin. -->","yoast_head_json":{"title":"Die \u00c9crins auf der Seite der Schutzh\u00fctte - Pays des \u00c9crins - Office de Tourisme","robots":{"index":"index","follow":"follow","max-snippet":"max-snippet:-1","max-image-preview":"max-image-preview:large","max-video-preview":"max-video-preview:-1"},"canonical":"https:\/\/www.paysdesecrins.com\/de\/mein-wunsch\/berg\/die-ecrins-auf-der-seite-der-schutzhuette\/","og_locale":"de_DE","og_type":"article","og_title":"Die \u00c9crins auf der Seite der Schutzh\u00fctte - Pays des \u00c9crins - Office de Tourisme","og_description":"Auf der Suche nach frischer Luft, Stille und N\u00e4chten auf dem Gipfel? Im Pays des \u00c9crins ist der Spaziergang zu [&hellip;]","og_url":"https:\/\/www.paysdesecrins.com\/de\/mein-wunsch\/berg\/die-ecrins-auf-der-seite-der-schutzhuette\/","og_site_name":"Pays des \u00c9crins - Office de Tourisme","article_modified_time":"2025-08-05T09:58:36+00:00","og_image":[{"width":2560,"height":1707,"url":"https:\/\/www.paysdesecrins.com\/wp-content\/uploads\/2025\/07\/refuge-des-e-crins-glacier-scaled.webp","type":"image\/webp"}],"twitter_card":"summary_large_image","twitter_misc":{"Gesch\u00e4tzte Lesezeit":"4 Minuten"},"schema":{"@context":"https:\/\/schema.org","@graph":[{"@type":"WebPage","@id":"https:\/\/www.paysdesecrins.com\/de\/mein-wunsch\/berg\/die-ecrins-auf-der-seite-der-schutzhuette\/","url":"https:\/\/www.paysdesecrins.com\/de\/mein-wunsch\/berg\/die-ecrins-auf-der-seite-der-schutzhuette\/","name":"Die \u00c9crins auf der Seite der Schutzh\u00fctte - Pays des \u00c9crins - Office de Tourisme","isPartOf":{"@id":"https:\/\/www.paysdesecrins.com\/de\/#website"},"primaryImageOfPage":{"@id":"https:\/\/www.paysdesecrins.com\/de\/mein-wunsch\/berg\/die-ecrins-auf-der-seite-der-schutzhuette\/#primaryimage"},"image":{"@id":"https:\/\/www.paysdesecrins.com\/de\/mein-wunsch\/berg\/die-ecrins-auf-der-seite-der-schutzhuette\/#primaryimage"},"thumbnailUrl":"https:\/\/www.paysdesecrins.com\/wp-content\/uploads\/2025\/07\/refuge-des-e-crins-glacier-scaled.webp","datePublished":"2025-07-25T09:01:59+00:00","dateModified":"2025-08-05T09:58:36+00:00","breadcrumb":{"@id":"https:\/\/www.paysdesecrins.com\/de\/mein-wunsch\/berg\/die-ecrins-auf-der-seite-der-schutzhuette\/#breadcrumb"},"inLanguage":"de","potentialAction":[{"@type":"ReadAction","target":["https:\/\/www.paysdesecrins.com\/de\/mein-wunsch\/berg\/die-ecrins-auf-der-seite-der-schutzhuette\/"]}]},{"@type":"ImageObject","inLanguage":"de","@id":"https:\/\/www.paysdesecrins.com\/de\/mein-wunsch\/berg\/die-ecrins-auf-der-seite-der-schutzhuette\/#primaryimage","url":"https:\/\/www.paysdesecrins.com\/wp-content\/uploads\/2025\/07\/refuge-des-e-crins-glacier-scaled.webp","contentUrl":"https:\/\/www.paysdesecrins.com\/wp-content\/uploads\/2025\/07\/refuge-des-e-crins-glacier-scaled.webp","width":2560,"height":1707},{"@type":"BreadcrumbList","@id":"https:\/\/www.paysdesecrins.com\/de\/mein-wunsch\/berg\/die-ecrins-auf-der-seite-der-schutzhuette\/#breadcrumb","itemListElement":[{"@type":"ListItem","position":1,"name":"Accueil","item":"https:\/\/www.paysdesecrins.com\/de\/der-titel-des-hauses\/"},{"@type":"ListItem","position":2,"name":"Mein Wunsch,","item":"https:\/\/www.paysdesecrins.com\/de\/mein-wunsch\/"},{"@type":"ListItem","position":3,"name":"Meine Sehnsucht nach den Bergen","item":"https:\/\/www.paysdesecrins.com\/de\/mein-wunsch\/berg\/"},{"@type":"ListItem","position":4,"name":"Die \u00c9crins auf der Seite der Schutzh\u00fctte"}]},{"@type":"WebSite","@id":"https:\/\/www.paysdesecrins.com\/de\/#website","url":"https:\/\/www.paysdesecrins.com\/de\/","name":"Pays des \u00c9crins - Office de Tourisme","description":"L&#039;esprit montagne","publisher":{"@id":"https:\/\/www.paysdesecrins.com\/de\/#organization"},"potentialAction":[{"@type":"SearchAction","target":{"@type":"EntryPoint","urlTemplate":"https:\/\/www.paysdesecrins.com\/de\/?s={search_term_string}"},"query-input":{"@type":"PropertyValueSpecification","valueRequired":true,"valueName":"search_term_string"}}],"inLanguage":"de"},{"@type":"Organization","@id":"https:\/\/www.paysdesecrins.com\/de\/#organization","name":"Pays des \u00c9crins - Office de Tourisme","url":"https:\/\/www.paysdesecrins.com\/de\/","logo":{"@type":"ImageObject","inLanguage":"de","@id":"https:\/\/www.paysdesecrins.com\/de\/#\/schema\/logo\/image\/","url":"https:\/\/www.paysdesecrins.com\/wp-content\/uploads\/2025\/06\/devina-svg-1750845694.svg","contentUrl":"https:\/\/www.paysdesecrins.com\/wp-content\/uploads\/2025\/06\/devina-svg-1750845694.svg","caption":"Pays des \u00c9crins - Office de Tourisme"},"image":{"@id":"https:\/\/www.paysdesecrins.com\/de\/#\/schema\/logo\/image\/"}}]}},"_links":{"self":[{"href":"https:\/\/www.paysdesecrins.com\/de\/wp-json\/wp\/v2\/pages\/44284","targetHints":{"allow":["GET"]}}],"collection":[{"href":"https:\/\/www.paysdesecrins.com\/de\/wp-json\/wp\/v2\/pages"}],"about":[{"href":"https:\/\/www.paysdesecrins.com\/de\/wp-json\/wp\/v2\/types\/page"}],"author":[{"embeddable":true,"href":"https:\/\/www.paysdesecrins.com\/de\/wp-json\/wp\/v2\/users\/9"}],"replies":[{"embeddable":true,"href":"https:\/\/www.paysdesecrins.com\/de\/wp-json\/wp\/v2\/comments?post=44284"}],"version-history":[{"count":0,"href":"https:\/\/www.paysdesecrins.com\/de\/wp-json\/wp\/v2\/pages\/44284\/revisions"}],"up":[{"embeddable":true,"href":"https:\/\/www.paysdesecrins.com\/de\/wp-json\/wp\/v2\/pages\/44578"}],"wp:featuredmedia":[{"embeddable":true,"href":"https:\/\/www.paysdesecrins.com\/de\/wp-json\/wp\/v2\/media\/41911"}],"wp:attachment":[{"href":"https:\/\/www.paysdesecrins.com\/de\/wp-json\/wp\/v2\/media?parent=44284"}],"curies":[{"name":"wp","href":"https:\/\/api.w.org\/{rel}","templated":true}]}}