{"id":44291,"date":"2025-07-25T10:58:32","date_gmt":"2025-07-25T08:58:32","guid":{"rendered":"https:\/\/www.paysdesecrins.com\/abenteuer-wohlbefinden-und-verjuengung\/"},"modified":"2025-07-28T10:09:01","modified_gmt":"2025-07-28T08:09:01","slug":"abenteuer-wohlbefinden-und-verjuengung","status":"publish","type":"page","link":"https:\/\/www.paysdesecrins.com\/de\/mein-wunsch\/44574-2\/abenteuer-wohlbefinden-und-verjuengung\/","title":{"rendered":"Abenteuer, Wohlbefinden und Verj\u00fcngung"},"content":{"rendered":"    <div class=\"alignfull wp-block-ws-library-ws-header-interne\">\n\t    <div class=\"header-container\">\n\t        <div class=\"group-media has-image\">\n\t            \t                <img loading=\"lazy\" decoding=\"async\" width=\"1920\" height=\"800\" src=\"https:\/\/www.paysdesecrins.com\/wp-content\/uploads\/2025\/07\/3bien-etre-sylvotherapie-maximelopez-refuge-du-sele-22072023-02-1920x800.webp\" alt=\"\" class=\"image_large_square wp-image-41900\" \/>\n\t            \t        <\/div>\n\t        <div class=\"group-content\">\n\t            <div class=\"title\">\n\t                <h1>\n\t                    Abenteuer, Wohlbefinden und Verj\u00fcngung\t                    \t                <\/h1>\n\t            <\/div>\n\t        <\/div>\n\t    <\/div>\n\t    \n<div class=\"yoast-breadcrumbs\"><span><span><a href=\"https:\/\/www.paysdesecrins.com\/de\/der-titel-des-hauses\/\">Accueil<\/a><\/span>  <span><a href=\"https:\/\/www.paysdesecrins.com\/de\/mein-wunsch\/\">Mein Wunsch,<\/a><\/span>  <span><a href=\"https:\/\/www.paysdesecrins.com\/de\/mein-wunsch\/44574-2\/\">Mein Wunsch nach Entspannung<\/a><\/span>  <span class=\"breadcrumb_last\" aria-current=\"page\">Abenteuer, Wohlbefinden und Verj\u00fcngung<\/span><\/span><\/div>\n    <\/div>\n    \n<div class=\"wp-block-ws-library-ws-title aligncenter is-style-simple\"><h2><em>Mikro-Abenteuer<\/em>3 Erlebnisse, um neue Energie zu tanken<\/h2><\/div>\n\n<p class=\"has-text-align-center\">M\u00fcssen Sie langsamer werden?  <br\/>Willkommen im Pays des \u00c9crins, wo drei Enthusiasten ihre Kunst der Verj\u00fcngung teilen.<\/p>\n\n<div class=\"wp-block-ws-library-ws-columns alignwide has-2-columns are-vertically-aligned-center layout-5050 is-style-background\">\n<div class=\"wp-block-ws-library-ws-column\"><div class=\"wrapper\">\n<div class=\"wp-block-ws-library-ws-title\"><h3>Helens Yoga<\/h3><\/div>\n\n\n\n<p class=\"has-text-align-left\">H\u00e9l\u00e8ne Ducournau kam eines Sommers, um zu klettern, ist aber nie wieder weggegangen. Die ehemalige Osteopathie-Studentin aus dem \u00c9crins absolvierte eine Yoga-Ausbildung in Indien. Heute unterrichtet sie <em>Vinyasa Flow<\/em> : ein dynamisches, spielerisches und anpassungsf\u00e4higes Yoga, das sich aus ihren Reisen, ihren Begegnungen und den Bergen speist. Ob im Fitnessstudio oder an der frischen Luft, ihre Sitzungen sind eine Einladung zum Durchatmen, zum Ankern und zum Entspannen. Jeder kommt, um sich das abzuholen, was er braucht, ganz einfach.    <\/p>\n<\/div><\/div>\n\n\n\n<div class=\"wp-block-ws-library-ws-column\"><div class=\"wrapper\">\n<div class=\"wp-block-ws-library-ws-image\"><div class=\"wrapper\"><div class=\"group-media\"><img decoding=\"async\" src=\"https:\/\/www.paysdesecrins.com\/wp-content\/uploads\/2025\/07\/img-1189-960x640.jpg\" alt=\"\" class=\"single_image ws-image-40927\"><div class=\"credits\"><\/div><\/div><p class=\"caption\"><\/p><\/div><\/div>\n<\/div><\/div>\n<\/div>\n\n<div class=\"wp-block-ws-library-ws-title aligncenter\"><h3>Marie-No\u00eblles Beute<\/h3><\/div>\n\n<p class=\"has-text-align-center\">In L&#8217;Argenti\u00e8re-la-Bess\u00e9e ist Marie-No\u00eblle Peguy eine Pfl\u00fcckerin wie keine andere. Als Ethnobotanikerin und Bergf\u00fchrerin l\u00e4dt sie Sie ein, Wildpflanzen neu zu entdecken. Beobachten, ber\u00fchren, riechen, schmecken&#8230; Nach der Ernte kommt das Kochen: Pestos, Aufg\u00fcsse, Brennnesselpasteten&#8230; Eine freudvolle Weitergabe von vergessenem Wissen und altbekannten Rezepten.   <\/p>\n\n<div class=\"wp-block-ws-library-ws-title aligncenter\"><h3>Lucas&#8216; Waldbaden<\/h3><\/div>\n\n<p class=\"has-text-align-left\">Lucas Bessy, Waldbadef\u00fchrer und intuitiver Musiker, bietet kurze, aber tiefgr\u00fcndige Erfahrungen. Weniger als ein Kilometer, drei Stunden langsames Eintauchen, um den B\u00e4umen zu lauschen, seinem Atem, seinem Leben. Au\u00dferdem? Der Klang reist auf der Handpan oder der Gitarre, gespielt so, wie man zum Herzen spricht.   <\/p>\n\n<div class=\"wp-block-ws-library-ws-slider alignwide\"><div class=\"splide\" data-splide=\"{\"type\":\"slide\",\"heightRatio\":\"auto\",\"perPage\":4,\"perMove\":1,\"drag\":true,\"pagination\":0,\"autoplay\":false,\"gap\":\"2px\",\"breakpoints\":{\"450\":{\"perPage\":1},\"768\":{\"perPage\":2},\"992\":{\"perPage\":3},\"1200\":{\"perPage\":4}}}\"><div class=\"splide__track\"><div class=\"splide__list\"><div class=\"splide__slide\"><a href=\"https:\/\/www.paysdesecrins.com\/wp-content\/uploads\/2025\/07\/marielachaud-07-19-23-rando-botanique-25-scaled.jpg\" data-glightbox=\"true\" class=\"lightbox-trigger\"><img decoding=\"async\" src=\"https:\/\/www.paysdesecrins.com\/wp-content\/uploads\/2025\/07\/marielachaud-07-19-23-rando-botanique-25-400x400.jpg\" alt=\"\"><\/a><\/div><div class=\"splide__slide\"><a href=\"https:\/\/www.paysdesecrins.com\/wp-content\/uploads\/2025\/07\/3bien-etre-sylvotherapiemarielachaud-10-23-24-ambiance-automne-56-scaled.jpg\" data-glightbox=\"true\" class=\"lightbox-trigger\"><img decoding=\"async\" src=\"https:\/\/www.paysdesecrins.com\/wp-content\/uploads\/2025\/07\/3bien-etre-sylvotherapiemarielachaud-10-23-24-ambiance-automne-56-400x400.jpg\" alt=\"\"><\/a><\/div><div class=\"splide__slide\"><a href=\"https:\/\/www.paysdesecrins.com\/wp-content\/uploads\/2025\/07\/3bien-etre-img-6787sylvotherapiemarielachaud-scaled.jpg\" data-glightbox=\"true\" class=\"lightbox-trigger\"><img decoding=\"async\" src=\"https:\/\/www.paysdesecrins.com\/wp-content\/uploads\/2025\/07\/3bien-etre-img-6787sylvotherapiemarielachaud-400x400.jpg\" alt=\"\"><\/a><\/div><\/div><\/div><\/div><\/div>\n\n<p><strong>Wo kann man diese Erfahrungen erleben?<\/strong><\/p>\n\n<ul class=\"wp-block-list\">\n<li>Yoga: im Freien oder in einem Fitnessstudio in Vallouise und Umgebung.<\/li>\n\n\n\n<li>Pfl\u00fccken: rund um L&#8217;Argenti\u00e8re-la-Bess\u00e9e, im Garten von Marie-No\u00eblle.<\/li>\n\n\n\n<li>Sylvotherapie: in den ruhigen W\u00e4ldern des Pays des \u00c9crins, nur einen Steinwurf von Ihrem Zuhause entfernt.<\/li>\n<\/ul>\n\n<p>Atmen&#8230; Da bist du ja.<\/p>\n\n<div class=\"wp-block-ws-library-ws-share\"><span class=\"share-subtitle\">Hat Ihnen diese Seite gefallen?<\/span><span class=\"share-title\">Teilen Sie es!<\/span><button class=\"ws-share-button wp-element-button\">Diese Seite teilen<\/button><\/div>\n","protected":false},"excerpt":{"rendered":"<p>M\u00fcssen Sie langsamer werden? Willkommen im Pays des \u00c9crins, wo drei Enthusiasten ihre Kunst der Verj\u00fcngung teilen. In L&#8217;Argenti\u00e8re-la-Bess\u00e9e ist [&hellip;]<\/p>\n","protected":false},"author":9,"featured_media":205461,"parent":44574,"menu_order":0,"comment_status":"closed","ping_status":"closed","template":"","meta":{"_thumbnail_id_2":41900,"summer_excerpt":"","season":"","station":"","footnotes":""},"class_list":["post-44291","page","type-page","status-publish","has-post-thumbnail","hentry"],"yoast_head":"<!-- This site is optimized with the Yoast SEO plugin v27.3 - https:\/\/yoast.com\/product\/yoast-seo-wordpress\/ -->\n<title>Abenteuer, Wohlbefinden und Verj\u00fcngung - Pays des \u00c9crins - Office de Tourisme<\/title>\n<meta name=\"robots\" content=\"index, follow, max-snippet:-1, max-image-preview:large, max-video-preview:-1\" \/>\n<link rel=\"canonical\" href=\"https:\/\/www.paysdesecrins.com\/de\/mein-wunsch\/44574-2\/abenteuer-wohlbefinden-und-verjuengung\/\" \/>\n<meta property=\"og:locale\" content=\"de_DE\" \/>\n<meta property=\"og:type\" content=\"article\" \/>\n<meta property=\"og:title\" content=\"Abenteuer, Wohlbefinden und Verj\u00fcngung - Pays des \u00c9crins - Office de Tourisme\" \/>\n<meta property=\"og:description\" content=\"M\u00fcssen Sie langsamer werden? Willkommen im Pays des \u00c9crins, wo drei Enthusiasten ihre Kunst der Verj\u00fcngung teilen. In L&#8217;Argenti\u00e8re-la-Bess\u00e9e ist [&hellip;]\" \/>\n<meta property=\"og:url\" content=\"https:\/\/www.paysdesecrins.com\/de\/mein-wunsch\/44574-2\/abenteuer-wohlbefinden-und-verjuengung\/\" \/>\n<meta property=\"og:site_name\" content=\"Pays des \u00c9crins - Office de Tourisme\" \/>\n<meta property=\"article:modified_time\" content=\"2025-07-28T08:09:01+00:00\" \/>\n<meta property=\"og:image\" content=\"https:\/\/www.paysdesecrins.com\/wp-content\/uploads\/2025\/07\/3bien-etre-sylvotherapie-maximelopez-refuge-du-sele-22072023-02-scaled.webp\" \/>\n\t<meta property=\"og:image:width\" content=\"1920\" \/>\n\t<meta property=\"og:image:height\" content=\"2560\" \/>\n\t<meta property=\"og:image:type\" content=\"image\/webp\" \/>\n<meta name=\"twitter:card\" content=\"summary_large_image\" \/>\n<meta name=\"twitter:label1\" content=\"Gesch\u00e4tzte Lesezeit\" \/>\n\t<meta name=\"twitter:data1\" content=\"1\u00a0Minute\" \/>\n<script type=\"application\/ld+json\" class=\"yoast-schema-graph\">{\"@context\":\"https:\\\/\\\/schema.org\",\"@graph\":[{\"@type\":\"WebPage\",\"@id\":\"https:\\\/\\\/www.paysdesecrins.com\\\/de\\\/mein-wunsch\\\/44574-2\\\/abenteuer-wohlbefinden-und-verjuengung\\\/\",\"url\":\"https:\\\/\\\/www.paysdesecrins.com\\\/de\\\/mein-wunsch\\\/44574-2\\\/abenteuer-wohlbefinden-und-verjuengung\\\/\",\"name\":\"Abenteuer, Wohlbefinden und Verj\u00fcngung - Pays des \u00c9crins - Office de Tourisme\",\"isPartOf\":{\"@id\":\"https:\\\/\\\/www.paysdesecrins.com\\\/de\\\/#website\"},\"primaryImageOfPage\":{\"@id\":\"https:\\\/\\\/www.paysdesecrins.com\\\/de\\\/mein-wunsch\\\/44574-2\\\/abenteuer-wohlbefinden-und-verjuengung\\\/#primaryimage\"},\"image\":{\"@id\":\"https:\\\/\\\/www.paysdesecrins.com\\\/de\\\/mein-wunsch\\\/44574-2\\\/abenteuer-wohlbefinden-und-verjuengung\\\/#primaryimage\"},\"thumbnailUrl\":\"https:\\\/\\\/www.paysdesecrins.com\\\/wp-content\\\/uploads\\\/2026\\\/03\\\/dsc09231.jpg\",\"datePublished\":\"2025-07-25T08:58:32+00:00\",\"dateModified\":\"2025-07-28T08:09:01+00:00\",\"breadcrumb\":{\"@id\":\"https:\\\/\\\/www.paysdesecrins.com\\\/de\\\/mein-wunsch\\\/44574-2\\\/abenteuer-wohlbefinden-und-verjuengung\\\/#breadcrumb\"},\"inLanguage\":\"de\",\"potentialAction\":[{\"@type\":\"ReadAction\",\"target\":[\"https:\\\/\\\/www.paysdesecrins.com\\\/de\\\/mein-wunsch\\\/44574-2\\\/abenteuer-wohlbefinden-und-verjuengung\\\/\"]}]},{\"@type\":\"ImageObject\",\"inLanguage\":\"de\",\"@id\":\"https:\\\/\\\/www.paysdesecrins.com\\\/de\\\/mein-wunsch\\\/44574-2\\\/abenteuer-wohlbefinden-und-verjuengung\\\/#primaryimage\",\"url\":\"https:\\\/\\\/www.paysdesecrins.com\\\/wp-content\\\/uploads\\\/2026\\\/03\\\/dsc09231.jpg\",\"contentUrl\":\"https:\\\/\\\/www.paysdesecrins.com\\\/wp-content\\\/uploads\\\/2026\\\/03\\\/dsc09231.jpg\",\"width\":2000,\"height\":1333,\"caption\":\"Rogier VANRIJN\"},{\"@type\":\"BreadcrumbList\",\"@id\":\"https:\\\/\\\/www.paysdesecrins.com\\\/de\\\/mein-wunsch\\\/44574-2\\\/abenteuer-wohlbefinden-und-verjuengung\\\/#breadcrumb\",\"itemListElement\":[{\"@type\":\"ListItem\",\"position\":1,\"name\":\"Accueil\",\"item\":\"https:\\\/\\\/www.paysdesecrins.com\\\/de\\\/der-titel-des-hauses\\\/\"},{\"@type\":\"ListItem\",\"position\":2,\"name\":\"Mein Wunsch,\",\"item\":\"https:\\\/\\\/www.paysdesecrins.com\\\/de\\\/mein-wunsch\\\/\"},{\"@type\":\"ListItem\",\"position\":3,\"name\":\"Mein Wunsch nach Entspannung\",\"item\":\"https:\\\/\\\/www.paysdesecrins.com\\\/de\\\/mein-wunsch\\\/44574-2\\\/\"},{\"@type\":\"ListItem\",\"position\":4,\"name\":\"Abenteuer, Wohlbefinden und Verj\u00fcngung\"}]},{\"@type\":\"WebSite\",\"@id\":\"https:\\\/\\\/www.paysdesecrins.com\\\/de\\\/#website\",\"url\":\"https:\\\/\\\/www.paysdesecrins.com\\\/de\\\/\",\"name\":\"Pays des \u00c9crins - Office de Tourisme\",\"description\":\"L&#039;esprit montagne\",\"publisher\":{\"@id\":\"https:\\\/\\\/www.paysdesecrins.com\\\/de\\\/#organization\"},\"potentialAction\":[{\"@type\":\"SearchAction\",\"target\":{\"@type\":\"EntryPoint\",\"urlTemplate\":\"https:\\\/\\\/www.paysdesecrins.com\\\/de\\\/?s={search_term_string}\"},\"query-input\":{\"@type\":\"PropertyValueSpecification\",\"valueRequired\":true,\"valueName\":\"search_term_string\"}}],\"inLanguage\":\"de\"},{\"@type\":\"Organization\",\"@id\":\"https:\\\/\\\/www.paysdesecrins.com\\\/de\\\/#organization\",\"name\":\"Pays des \u00c9crins - Office de Tourisme\",\"url\":\"https:\\\/\\\/www.paysdesecrins.com\\\/de\\\/\",\"logo\":{\"@type\":\"ImageObject\",\"inLanguage\":\"de\",\"@id\":\"https:\\\/\\\/www.paysdesecrins.com\\\/de\\\/#\\\/schema\\\/logo\\\/image\\\/\",\"url\":\"https:\\\/\\\/www.paysdesecrins.com\\\/wp-content\\\/uploads\\\/2025\\\/06\\\/devina-svg-1750845694.svg\",\"contentUrl\":\"https:\\\/\\\/www.paysdesecrins.com\\\/wp-content\\\/uploads\\\/2025\\\/06\\\/devina-svg-1750845694.svg\",\"caption\":\"Pays des \u00c9crins - Office de Tourisme\"},\"image\":{\"@id\":\"https:\\\/\\\/www.paysdesecrins.com\\\/de\\\/#\\\/schema\\\/logo\\\/image\\\/\"}}]}<\/script>\n<!-- \/ Yoast SEO plugin. -->","yoast_head_json":{"title":"Abenteuer, Wohlbefinden und Verj\u00fcngung - Pays des \u00c9crins - Office de Tourisme","robots":{"index":"index","follow":"follow","max-snippet":"max-snippet:-1","max-image-preview":"max-image-preview:large","max-video-preview":"max-video-preview:-1"},"canonical":"https:\/\/www.paysdesecrins.com\/de\/mein-wunsch\/44574-2\/abenteuer-wohlbefinden-und-verjuengung\/","og_locale":"de_DE","og_type":"article","og_title":"Abenteuer, Wohlbefinden und Verj\u00fcngung - Pays des \u00c9crins - Office de Tourisme","og_description":"M\u00fcssen Sie langsamer werden? Willkommen im Pays des \u00c9crins, wo drei Enthusiasten ihre Kunst der Verj\u00fcngung teilen. In L&#8217;Argenti\u00e8re-la-Bess\u00e9e ist [&hellip;]","og_url":"https:\/\/www.paysdesecrins.com\/de\/mein-wunsch\/44574-2\/abenteuer-wohlbefinden-und-verjuengung\/","og_site_name":"Pays des \u00c9crins - Office de Tourisme","article_modified_time":"2025-07-28T08:09:01+00:00","og_image":[{"width":1920,"height":2560,"url":"https:\/\/www.paysdesecrins.com\/wp-content\/uploads\/2025\/07\/3bien-etre-sylvotherapie-maximelopez-refuge-du-sele-22072023-02-scaled.webp","type":"image\/webp"}],"twitter_card":"summary_large_image","twitter_misc":{"Gesch\u00e4tzte Lesezeit":"1\u00a0Minute"},"schema":{"@context":"https:\/\/schema.org","@graph":[{"@type":"WebPage","@id":"https:\/\/www.paysdesecrins.com\/de\/mein-wunsch\/44574-2\/abenteuer-wohlbefinden-und-verjuengung\/","url":"https:\/\/www.paysdesecrins.com\/de\/mein-wunsch\/44574-2\/abenteuer-wohlbefinden-und-verjuengung\/","name":"Abenteuer, Wohlbefinden und Verj\u00fcngung - Pays des \u00c9crins - Office de Tourisme","isPartOf":{"@id":"https:\/\/www.paysdesecrins.com\/de\/#website"},"primaryImageOfPage":{"@id":"https:\/\/www.paysdesecrins.com\/de\/mein-wunsch\/44574-2\/abenteuer-wohlbefinden-und-verjuengung\/#primaryimage"},"image":{"@id":"https:\/\/www.paysdesecrins.com\/de\/mein-wunsch\/44574-2\/abenteuer-wohlbefinden-und-verjuengung\/#primaryimage"},"thumbnailUrl":"https:\/\/www.paysdesecrins.com\/wp-content\/uploads\/2026\/03\/dsc09231.jpg","datePublished":"2025-07-25T08:58:32+00:00","dateModified":"2025-07-28T08:09:01+00:00","breadcrumb":{"@id":"https:\/\/www.paysdesecrins.com\/de\/mein-wunsch\/44574-2\/abenteuer-wohlbefinden-und-verjuengung\/#breadcrumb"},"inLanguage":"de","potentialAction":[{"@type":"ReadAction","target":["https:\/\/www.paysdesecrins.com\/de\/mein-wunsch\/44574-2\/abenteuer-wohlbefinden-und-verjuengung\/"]}]},{"@type":"ImageObject","inLanguage":"de","@id":"https:\/\/www.paysdesecrins.com\/de\/mein-wunsch\/44574-2\/abenteuer-wohlbefinden-und-verjuengung\/#primaryimage","url":"https:\/\/www.paysdesecrins.com\/wp-content\/uploads\/2026\/03\/dsc09231.jpg","contentUrl":"https:\/\/www.paysdesecrins.com\/wp-content\/uploads\/2026\/03\/dsc09231.jpg","width":2000,"height":1333,"caption":"Rogier VANRIJN"},{"@type":"BreadcrumbList","@id":"https:\/\/www.paysdesecrins.com\/de\/mein-wunsch\/44574-2\/abenteuer-wohlbefinden-und-verjuengung\/#breadcrumb","itemListElement":[{"@type":"ListItem","position":1,"name":"Accueil","item":"https:\/\/www.paysdesecrins.com\/de\/der-titel-des-hauses\/"},{"@type":"ListItem","position":2,"name":"Mein Wunsch,","item":"https:\/\/www.paysdesecrins.com\/de\/mein-wunsch\/"},{"@type":"ListItem","position":3,"name":"Mein Wunsch nach Entspannung","item":"https:\/\/www.paysdesecrins.com\/de\/mein-wunsch\/44574-2\/"},{"@type":"ListItem","position":4,"name":"Abenteuer, Wohlbefinden und Verj\u00fcngung"}]},{"@type":"WebSite","@id":"https:\/\/www.paysdesecrins.com\/de\/#website","url":"https:\/\/www.paysdesecrins.com\/de\/","name":"Pays des \u00c9crins - Office de Tourisme","description":"L&#039;esprit montagne","publisher":{"@id":"https:\/\/www.paysdesecrins.com\/de\/#organization"},"potentialAction":[{"@type":"SearchAction","target":{"@type":"EntryPoint","urlTemplate":"https:\/\/www.paysdesecrins.com\/de\/?s={search_term_string}"},"query-input":{"@type":"PropertyValueSpecification","valueRequired":true,"valueName":"search_term_string"}}],"inLanguage":"de"},{"@type":"Organization","@id":"https:\/\/www.paysdesecrins.com\/de\/#organization","name":"Pays des \u00c9crins - Office de Tourisme","url":"https:\/\/www.paysdesecrins.com\/de\/","logo":{"@type":"ImageObject","inLanguage":"de","@id":"https:\/\/www.paysdesecrins.com\/de\/#\/schema\/logo\/image\/","url":"https:\/\/www.paysdesecrins.com\/wp-content\/uploads\/2025\/06\/devina-svg-1750845694.svg","contentUrl":"https:\/\/www.paysdesecrins.com\/wp-content\/uploads\/2025\/06\/devina-svg-1750845694.svg","caption":"Pays des \u00c9crins - Office de Tourisme"},"image":{"@id":"https:\/\/www.paysdesecrins.com\/de\/#\/schema\/logo\/image\/"}}]}},"_links":{"self":[{"href":"https:\/\/www.paysdesecrins.com\/de\/wp-json\/wp\/v2\/pages\/44291","targetHints":{"allow":["GET"]}}],"collection":[{"href":"https:\/\/www.paysdesecrins.com\/de\/wp-json\/wp\/v2\/pages"}],"about":[{"href":"https:\/\/www.paysdesecrins.com\/de\/wp-json\/wp\/v2\/types\/page"}],"author":[{"embeddable":true,"href":"https:\/\/www.paysdesecrins.com\/de\/wp-json\/wp\/v2\/users\/9"}],"replies":[{"embeddable":true,"href":"https:\/\/www.paysdesecrins.com\/de\/wp-json\/wp\/v2\/comments?post=44291"}],"version-history":[{"count":0,"href":"https:\/\/www.paysdesecrins.com\/de\/wp-json\/wp\/v2\/pages\/44291\/revisions"}],"up":[{"embeddable":true,"href":"https:\/\/www.paysdesecrins.com\/de\/wp-json\/wp\/v2\/pages\/44574"}],"wp:featuredmedia":[{"embeddable":true,"href":"https:\/\/www.paysdesecrins.com\/de\/wp-json\/wp\/v2\/media\/205461"}],"wp:attachment":[{"href":"https:\/\/www.paysdesecrins.com\/de\/wp-json\/wp\/v2\/media?parent=44291"}],"curies":[{"name":"wp","href":"https:\/\/api.w.org\/{rel}","templated":true}]}}