{"id":44399,"date":"2025-06-25T15:44:52","date_gmt":"2025-06-25T13:44:52","guid":{"rendered":"https:\/\/www.paysdesecrins.com\/aktivitaeten-2\/"},"modified":"2025-08-10T15:26:21","modified_gmt":"2025-08-10T13:26:21","slug":"aktivitaeten-2","status":"publish","type":"page","link":"https:\/\/www.paysdesecrins.com\/de\/mein-resort-mein-dorf\/pelvoux-vallouise-ailefroide\/aktivitaeten-2\/","title":{"rendered":"Aktivit\u00e4ten in Vallouise-Pelvoux"},"content":{"rendered":"    <div class=\"alignfull wp-block-ws-library-ws-header-interne\">\n\t    <div class=\"header-container\">\n\t        <div class=\"group-media has-image\">\n\t            \t                <img loading=\"lazy\" decoding=\"async\" width=\"1920\" height=\"800\" src=\"https:\/\/www.paysdesecrins.com\/wp-content\/uploads\/2025\/07\/51rafting-eauxvives-rafting-dsc09298-scaled-1920x800.jpg\" alt=\"\" class=\"image_large_square wp-image-18316\" \/>\n\t            \t        <\/div>\n\t        <div class=\"group-content\">\n\t            <div class=\"title\">\n\t                <h1>\n\t                    Aktivit\u00e4ten\t                    \t                        in Vallouise-Pelvoux\t                    \t                <\/h1>\n\t            <\/div>\n\t        <\/div>\n\t    <\/div>\n\t    \n<div class=\"yoast-breadcrumbs\"><span><span><a href=\"https:\/\/www.paysdesecrins.com\/de\/der-titel-des-hauses\/\">Accueil<\/a><\/span>  <span><a href=\"https:\/\/www.paysdesecrins.com\/de\/ma-station-mon-village\/\">Mein Resort, mein Dorf<\/a><\/span>  <span><a href=\"https:\/\/www.paysdesecrins.com\/de\/mein-resort-mein-dorf\/pelvoux-vallouise-ailefroide\/\">Vallouise-Pelvoux<\/a><\/span>  <span class=\"breadcrumb_last\" aria-current=\"page\">Aktivit\u00e4ten in Vallouise-Pelvoux<\/span><\/span><\/div>\n    <\/div>\n    \n<div class=\"wp-block-ws-library-ws-title aligncenter is-style-simple\"><h2><em>Vallouise-Pelvoux<\/em> Alle Aktivit\u00e4ten  <\/h2><\/div>\n\n<p class=\"has-text-align-center\">Entdecken Sie die Aktivit\u00e4ten von Vallouise-Pelvoux, vom ruhigen Wandern im Wald bis hin zum Nervenkitzel beim Paragliding und Rafting. Buchen Sie Ihren Ausflug, um ma\u00dfgeschneiderte Abenteuer zu erleben und die grandiosen Panoramen des Nationalparks \u00c9crins zu entdecken. <\/p>\n\n<div class=\"wp-block-ws-library-ws-button has-text-align-center is-style-outline\"><a href=\"https:\/\/www.paysdesecrins.com\/de\/ich-waehle\/aktivitaeten-und-materialien\/aktivitaeten\/\" class=\"wp-block-button__link wp-element-button btn\">  Alle Aktivit\u00e4ten im Pays des \u00c9crins<\/a><\/div>\n<div id=\"listing_c47c5\" data-observer-wishlist data-attributes='listing-avance {\"selectedSelectionIds\":[\"191786\"],\"selectedFacets\":[\"type_activite\"],\"isPaginated\":true,\"perPage\":3,\"isPortrait\":false,\"isImageContain\":false,\"showCommune\":true,\"defaultImage\":\"https:\\\/\\\/www.paysdesecrins.com\\\/wp-content\\\/uploads\\\/2025\\\/06\\\/cropped-paysdesecrins.png\",\"showMap\":false,\"sortOrder\":\"random\",\"showType\":false,\"columnsCount\":\"2-3-3\",\"showActiveFacets\":false,\"showGeolocalisation\":false,\"isLimited\":false,\"season\":\"\",\"align\":\"wide\"}' class=\"ws-listing wp-block-ws-apidae-library-listing-avance alignwide\" data-map-id=\"map_c47c5\" data-locations-id=\"locations-data_c47c5\"><div class=\"panel-fixe panel-facets\"><div class=\"panel-overlay toggle-facets\"><\/div><div class=\"panel-inner\"><div class=\"panel-header\"><div class=\"panel-title\">Filter<\/div><a href=\"#\" class=\"panel-close toggle-facets\">Schlie\u00dfen<\/a><\/div><div class=\"panel-content\"><div class=\"group-summary\"><div class=\"facetwp-selections\"><\/div><a href=\"#\" class=\"link-reset\">L\u00f6schen<\/a><\/div><div class=\"facetwp-facet facetwp-facet-type_activite facetwp-type-checkboxes\" data-name=\"type_activite\" data-type=\"checkboxes\"><\/div><\/div><div class=\"panel-footer\"><div class=\"facet-buttons\"><button type=\"submit\" class=\"btn btn-1 toggle-facets facetwp-count-btn\">Alle anzeigen <span class=\"results-count\"><\/span> Befund<\/button><\/div><\/div><\/div><\/div><div class=\"listing-header\"><div class=\"toggle-container\"><button class=\"btn toggle-btn toggle-facets\" data-target=\"facets\">Filter<\/button><\/div><\/div><div class=\"facetwp-template\"><div class=\"list-container active\"><div class=\"list-items\"><div class=\"item\" data-season=\"all-seasons\"><div class=\"card card-apidae card-avance\"><div class=\"group-actions\"><ws-wishlist data-type=\"flag\" data-action=\"add\" data-wish-id=\"643344\" data-wish-type=\"apidae\"><\/ws-wishlist><\/div><div class=\"group-media\"><div class=\"field-image\"><img decoding=\"async\" src=\"https:\/\/images.weserv.nl\/?url=https:\/\/static.apidae-tourisme.com\/filestore\/objets-touristiques\/images\/22\/79\/11161366-diaporama.jpg&#038;w=350&#038;h=350&#038;fit=cover&#038;output=webp&#038;q=45\" alt=\"Eaurigine\"\/><\/div><\/div><div class=\"group-top\"><div class=\"field-book\">Online buchbar<\/div><div class=\"field-commune\">Vallouise-Pelvoux<\/div><ws-apidae-from-price data-apidae-id=\"643344\" ><\/ws-apidae-from-price><\/div><div class=\"group-content\"><div class=\"field-title\">Eaurigine<\/div><\/div><div class=\"field-link\" role=\"group\" aria-label=\"Lien vers le contenu\"><a href=\"https:\/\/www.paysdesecrins.com\/de\/fiche\/eaurigine-2\/\" class=\"cardlink\" title=\"Lire plus : Eaurigine\" lang=\"de_DE\">Eaurigine<\/a><\/div><\/div><\/div><div class=\"item\" data-season=\"all-seasons\"><div class=\"card card-apidae card-avance\"><div class=\"group-actions\"><ws-wishlist data-type=\"flag\" data-action=\"add\" data-wish-id=\"6679960\" data-wish-type=\"apidae\"><\/ws-wishlist><\/div><div class=\"group-media\"><div class=\"field-image\"><img decoding=\"async\" src=\"https:\/\/images.weserv.nl\/?url=https:\/\/static.apidae-tourisme.com\/filestore\/objets-touristiques\/images\/116\/26\/19274356-diaporama.jpg&#038;w=350&#038;h=350&#038;fit=cover&#038;output=webp&#038;q=45\" alt=\"Instinct Vertical\"\/><\/div><\/div><div class=\"group-top\"><div class=\"field-commune\">Vallouise-Pelvoux<\/div><ws-apidae-from-price data-apidae-id=\"6679960\" ><\/ws-apidae-from-price><\/div><div class=\"group-content\"><div class=\"field-title\">Instinct Vertical<\/div><\/div><div class=\"field-link\" role=\"group\" aria-label=\"Lien vers le contenu\"><a href=\"https:\/\/www.paysdesecrins.com\/de\/fiche\/instinct-vertical-2\/\" class=\"cardlink\" title=\"Lire plus : Instinct Vertical\" lang=\"de_DE\">Instinct Vertical<\/a><\/div><\/div><\/div><div class=\"item\" data-season=\"all-seasons\"><div class=\"card card-apidae card-avance\"><div class=\"group-actions\"><ws-wishlist data-type=\"flag\" data-action=\"add\" data-wish-id=\"582103\" data-wish-type=\"apidae\"><\/ws-wishlist><\/div><div class=\"group-media\"><div class=\"field-image\"><img decoding=\"async\" src=\"https:\/\/images.weserv.nl\/?url=https:\/\/static.apidae-tourisme.com\/filestore\/objets-touristiques\/images\/24\/175\/8957720-diaporama.jpg&#038;w=350&#038;h=350&#038;fit=cover&#038;output=webp&#038;q=45\" alt=\"Astro-Rando : M\u00e9diateur Scientifique en Astronomie et d&#8217;Education \u00e0 l&#8217;Environnement. Plan\u00e9tarium, T\u00e9lescopes, Ateliers\"\/><\/div><\/div><div class=\"group-top\"><div class=\"field-commune\">Vallouise-Pelvoux<\/div><ws-apidae-from-price data-apidae-id=\"582103\" ><\/ws-apidae-from-price><\/div><div class=\"group-content\"><div class=\"field-title\">Astro-Rando : M\u00e9diateur Scientifique en Astronomie et d&#8217;Education \u00e0 l&#8217;Environnement. Plan\u00e9tarium, T\u00e9lescopes, Ateliers<\/div><\/div><div class=\"field-link\" role=\"group\" aria-label=\"Lien vers le contenu\"><a href=\"https:\/\/www.paysdesecrins.com\/de\/fiche\/astro-rando-mediateur-scientifique-en-astronomie-et-deducation-a-lenvironnement-planetarium-telescopes-ateliers-2\/\" class=\"cardlink\" title=\"Lire plus : Astro-Rando : M\u00e9diateur Scientifique en Astronomie et d&#8217;Education \u00e0 l&#8217;Environnement. Plan\u00e9tarium, T\u00e9lescopes, Ateliers\" lang=\"de_DE\">Astro-Rando : M\u00e9diateur Scientifique en Astronomie et d&#8217;Education \u00e0 l&#8217;Environnement. Plan\u00e9tarium, T\u00e9lescopes, Ateliers<\/a><\/div><\/div><\/div><div class=\"item\" data-season=\"all-seasons\"><div class=\"card card-apidae card-avance\"><div class=\"group-actions\"><ws-wishlist data-type=\"flag\" data-action=\"add\" data-wish-id=\"5410923\" data-wish-type=\"apidae\"><\/ws-wishlist><\/div><div class=\"group-media\"><div class=\"field-image\"><img decoding=\"async\" src=\"https:\/\/images.weserv.nl\/?url=https:\/\/static.apidae-tourisme.com\/filestore\/objets-touristiques\/images\/83\/202\/8964691-diaporama.png&#038;w=350&#038;h=350&#038;fit=cover&#038;output=webp&#038;q=45\" alt=\"Nordisch\"\/><\/div><\/div><div class=\"group-top\"><div class=\"field-commune\">Vallouise-Pelvoux<\/div><ws-apidae-from-price data-apidae-id=\"5410923\" ><\/ws-apidae-from-price><\/div><div class=\"group-content\"><div class=\"field-title\">Nordisch<\/div><\/div><div class=\"field-link\" role=\"group\" aria-label=\"Lien vers le contenu\"><a href=\"https:\/\/www.paysdesecrins.com\/de\/fiche\/nordisch\/\" class=\"cardlink\" title=\"Lire plus : Nordisch\" lang=\"de_DE\">Nordisch<\/a><\/div><\/div><\/div><div class=\"item\" data-season=\"all-seasons\"><div class=\"card card-apidae card-avance\"><div class=\"group-actions\"><ws-wishlist data-type=\"flag\" data-action=\"add\" data-wish-id=\"5940808\" data-wish-type=\"apidae\"><\/ws-wishlist><\/div><div class=\"group-media\"><div class=\"field-image\"><img decoding=\"async\" src=\"https:\/\/images.weserv.nl\/?url=https:\/\/static.apidae-tourisme.com\/filestore\/objets-touristiques\/images\/92\/20\/13243484-diaporama.jpg&#038;w=350&#038;h=350&#038;fit=cover&#038;output=webp&#038;q=45\" alt=\"Watogla Adventures\"\/><\/div><\/div><div class=\"group-top\"><div class=\"field-book\">Online buchbar<\/div><div class=\"field-commune\">Vallouise-Pelvoux<\/div><ws-apidae-from-price data-apidae-id=\"5940808\" ><\/ws-apidae-from-price><\/div><div class=\"group-content\"><div class=\"field-title\">Watogla Adventures<\/div><\/div><div class=\"field-link\" role=\"group\" aria-label=\"Lien vers le contenu\"><a href=\"https:\/\/www.paysdesecrins.com\/de\/fiche\/watogla-adventures-2\/\" class=\"cardlink\" title=\"Lire plus : Watogla Adventures\" lang=\"de_DE\">Watogla Adventures<\/a><\/div><\/div><\/div><div class=\"item\" data-season=\"all-seasons\"><div class=\"card card-apidae card-avance\"><div class=\"group-actions\"><ws-wishlist data-type=\"flag\" data-action=\"add\" data-wish-id=\"583314\" data-wish-type=\"apidae\"><\/ws-wishlist><\/div><div class=\"group-media\"><div class=\"field-image\"><img decoding=\"async\" src=\"https:\/\/images.weserv.nl\/?url=https:\/\/static.apidae-tourisme.com\/filestore\/objets-touristiques\/images\/107\/167\/3450731-diaporama.png&#038;w=350&#038;h=350&#038;fit=cover&#038;output=webp&#038;q=45\" alt=\"Gleitschirmfliegen \u201ePollen\u201c\"\/><\/div><\/div><div class=\"group-top\"><div class=\"field-commune\">Vallouise-Pelvoux<\/div><ws-apidae-from-price data-apidae-id=\"583314\" ><\/ws-apidae-from-price><\/div><div class=\"group-content\"><div class=\"field-title\">Gleitschirmfliegen \u201ePollen\u201c<\/div><\/div><div class=\"field-link\" role=\"group\" aria-label=\"Lien vers le contenu\"><a href=\"https:\/\/www.paysdesecrins.com\/de\/fiche\/gleitschirmfliegen-pollen\/\" class=\"cardlink\" title=\"Lire plus : Gleitschirmfliegen \u201ePollen\u201c\" lang=\"de_DE\">Gleitschirmfliegen \u201ePollen\u201c<\/a><\/div><\/div><\/div><div class=\"item\" data-season=\"all-seasons\"><div class=\"card card-apidae card-avance\"><div class=\"group-actions\"><ws-wishlist data-type=\"flag\" data-action=\"add\" data-wish-id=\"634219\" data-wish-type=\"apidae\"><\/ws-wishlist><\/div><div class=\"group-media\"><div class=\"field-image\"><img decoding=\"async\" src=\"https:\/\/images.weserv.nl\/?url=https:\/\/static.apidae-tourisme.com\/filestore\/objets-touristiques\/images\/76\/169\/8956236-diaporama.jpg&#038;w=350&#038;h=350&#038;fit=cover&#038;output=webp&#038;q=45\" alt=\"Bergf\u00fchrer \u201eSerge CINQUIN\u201c\"\/><\/div><\/div><div class=\"group-top\"><div class=\"field-commune\">Vallouise-Pelvoux<\/div><ws-apidae-from-price data-apidae-id=\"634219\" ><\/ws-apidae-from-price><\/div><div class=\"group-content\"><div class=\"field-title\">Bergf\u00fchrer \u201eSerge CINQUIN\u201c<\/div><\/div><div class=\"field-link\" role=\"group\" aria-label=\"Lien vers le contenu\"><a href=\"https:\/\/www.paysdesecrins.com\/de\/fiche\/bergfuhrer-serge-cinquin\/\" class=\"cardlink\" title=\"Lire plus : Bergf\u00fchrer \u201eSerge CINQUIN\u201c\" lang=\"de_DE\">Bergf\u00fchrer \u201eSerge CINQUIN\u201c<\/a><\/div><\/div><\/div><div class=\"item\" data-season=\"all-seasons\"><div class=\"card card-apidae card-avance\"><div class=\"group-actions\"><ws-wishlist data-type=\"flag\" data-action=\"add\" data-wish-id=\"6732561\" data-wish-type=\"apidae\"><\/ws-wishlist><\/div><div class=\"group-media\"><div class=\"field-image\"><img decoding=\"async\" src=\"https:\/\/images.weserv.nl\/?url=https:\/\/static.apidae-tourisme.com\/filestore\/objets-touristiques\/images\/184\/251\/21167032-diaporama.jpg&#038;w=350&#038;h=350&#038;fit=cover&#038;output=webp&#038;q=45\" alt=\"Happy Therapy\"\/><\/div><\/div><div class=\"group-top\"><div class=\"field-commune\">Vallouise-Pelvoux<\/div><ws-apidae-from-price data-apidae-id=\"6732561\" ><\/ws-apidae-from-price><\/div><div class=\"group-content\"><div class=\"field-title\">Happy Therapy<\/div><\/div><div class=\"field-link\" role=\"group\" aria-label=\"Lien vers le contenu\"><a href=\"https:\/\/www.paysdesecrins.com\/de\/fiche\/happy-therapy-2\/\" class=\"cardlink\" title=\"Lire plus : Happy Therapy\" lang=\"de_DE\">Happy Therapy<\/a><\/div><\/div><\/div><div class=\"item\" data-season=\"all-seasons\"><div class=\"card card-apidae card-avance\"><div class=\"group-actions\"><ws-wishlist data-type=\"flag\" data-action=\"add\" data-wish-id=\"5436498\" data-wish-type=\"apidae\"><\/ws-wishlist><\/div><div class=\"group-media\"><div class=\"field-image\"><img decoding=\"async\" src=\"https:\/\/images.weserv.nl\/?url=https:\/\/static.apidae-tourisme.com\/filestore\/objets-touristiques\/images\/175\/52\/23671983-diaporama.jpg&#038;w=350&#038;h=350&#038;fit=cover&#038;output=webp&#038;q=45\" alt=\"LM-Naturheilkunde und massagen\"\/><\/div><\/div><div class=\"group-top\"><div class=\"field-book\">Online buchbar<\/div><div class=\"field-commune\">Vallouise-Pelvoux<\/div><ws-apidae-from-price data-apidae-id=\"5436498\" ><\/ws-apidae-from-price><\/div><div class=\"group-content\"><div class=\"field-title\">LM-Naturheilkunde und massagen<\/div><\/div><div class=\"field-link\" role=\"group\" aria-label=\"Lien vers le contenu\"><a href=\"https:\/\/www.paysdesecrins.com\/de\/fiche\/lm-naturheilkunde-und-massagen\/\" class=\"cardlink\" title=\"Lire plus : LM-Naturheilkunde und massagen\" lang=\"de_DE\">LM-Naturheilkunde und massagen<\/a><\/div><\/div><\/div><div class=\"item\" data-season=\"all-seasons\"><div class=\"card card-apidae card-avance\"><div class=\"group-actions\"><ws-wishlist data-type=\"flag\" data-action=\"add\" data-wish-id=\"7587174\" data-wish-type=\"apidae\"><\/ws-wishlist><\/div><div class=\"group-media\"><div class=\"field-image\"><img decoding=\"async\" src=\"https:\/\/images.weserv.nl\/?url=https:\/\/static.apidae-tourisme.com\/filestore\/objets-touristiques\/images\/66\/199\/35964738-diaporama.jpg&#038;w=350&#038;h=350&#038;fit=cover&#038;output=webp&#038;q=45\" alt=\"Musique \u00d4 coeur\"\/><\/div><\/div><div class=\"group-top\"><div class=\"field-commune\">Vallouise-Pelvoux<\/div><ws-apidae-from-price data-apidae-id=\"7587174\" ><\/ws-apidae-from-price><\/div><div class=\"group-content\"><div class=\"field-title\">Musique \u00d4 coeur<\/div><\/div><div class=\"field-link\" role=\"group\" aria-label=\"Lien vers le contenu\"><a href=\"https:\/\/www.paysdesecrins.com\/de\/fiche\/musique-o-coeur-2\/\" class=\"cardlink\" title=\"Lire plus : Musique \u00d4 coeur\" lang=\"de_DE\">Musique \u00d4 coeur<\/a><\/div><\/div><\/div><div class=\"item\" data-season=\"all-seasons\"><div class=\"card card-apidae card-avance\"><div class=\"group-actions\"><ws-wishlist data-type=\"flag\" data-action=\"add\" data-wish-id=\"581348\" data-wish-type=\"apidae\"><\/ws-wishlist><\/div><div class=\"group-media\"><div class=\"field-image\"><img decoding=\"async\" src=\"https:\/\/images.weserv.nl\/?url=https:\/\/static.apidae-tourisme.com\/filestore\/objets-touristiques\/images\/173\/124\/687277-diaporama.jpg&#038;w=350&#038;h=350&#038;fit=cover&#038;output=webp&#038;q=45\" alt=\"Bureau des Guides des \u00c9crins (dt. B\u00fcro der Bergf\u00fchrer der \u00c9crins)\"\/><\/div><\/div><div class=\"group-top\"><div class=\"field-commune\">Vallouise-Pelvoux<\/div><ws-apidae-from-price data-apidae-id=\"581348\" ><\/ws-apidae-from-price><\/div><div class=\"group-content\"><div class=\"field-title\">Bureau des Guides des \u00c9crins (dt. B\u00fcro der Bergf\u00fchrer der \u00c9crins)<\/div><\/div><div class=\"field-link\" role=\"group\" aria-label=\"Lien vers le contenu\"><a href=\"https:\/\/www.paysdesecrins.com\/de\/fiche\/bureau-des-guides-des-ecrins-dt-buro-der-bergfuhrer-der-ecrins\/\" class=\"cardlink\" title=\"Lire plus : Bureau des Guides des \u00c9crins (dt. B\u00fcro der Bergf\u00fchrer der \u00c9crins)\" lang=\"de_DE\">Bureau des Guides des \u00c9crins (dt. B\u00fcro der Bergf\u00fchrer der \u00c9crins)<\/a><\/div><\/div><\/div><div class=\"item\" data-season=\"all-seasons\"><div class=\"card card-apidae card-avance\"><div class=\"group-actions\"><ws-wishlist data-type=\"flag\" data-action=\"add\" data-wish-id=\"582123\" data-wish-type=\"apidae\"><\/ws-wishlist><\/div><div class=\"group-media\"><div class=\"field-image\"><img decoding=\"async\" src=\"https:\/\/images.weserv.nl\/?url=https:\/\/static.apidae-tourisme.com\/filestore\/objets-touristiques\/images\/216\/129\/688600-diaporama.jpg&#038;w=350&#038;h=350&#038;fit=cover&#038;output=webp&#038;q=45\" alt=\"Bergf\u00fchrer: Astro-Rando\"\/><\/div><\/div><div class=\"group-top\"><div class=\"field-commune\">Vallouise-Pelvoux<\/div><ws-apidae-from-price data-apidae-id=\"582123\" ><\/ws-apidae-from-price><\/div><div class=\"group-content\"><div class=\"field-title\">Bergf\u00fchrer: Astro-Rando<\/div><\/div><div class=\"field-link\" role=\"group\" aria-label=\"Lien vers le contenu\"><a href=\"https:\/\/www.paysdesecrins.com\/de\/fiche\/bergfuhrer-astro-rando\/\" class=\"cardlink\" title=\"Lire plus : Bergf\u00fchrer: Astro-Rando\" lang=\"de_DE\">Bergf\u00fchrer: Astro-Rando<\/a><\/div><\/div><\/div><div class=\"item\" data-season=\"all-seasons\"><div class=\"card card-apidae card-avance\"><div class=\"group-actions\"><ws-wishlist data-type=\"flag\" data-action=\"add\" data-wish-id=\"6171225\" data-wish-type=\"apidae\"><\/ws-wishlist><\/div><div class=\"group-media\"><div class=\"field-image\"><img decoding=\"async\" src=\"https:\/\/images.weserv.nl\/?url=https:\/\/static.apidae-tourisme.com\/filestore\/objets-touristiques\/images\/216\/16\/23007448-diaporama.png&#038;w=350&#038;h=350&#038;fit=cover&#038;output=webp&#038;q=45\" alt=\"Rivi\u00e8re Odyss\u00e9e\"\/><\/div><\/div><div class=\"group-top\"><div class=\"field-commune\">Vallouise-Pelvoux<\/div><ws-apidae-from-price data-apidae-id=\"6171225\" ><\/ws-apidae-from-price><\/div><div class=\"group-content\"><div class=\"field-title\">Rivi\u00e8re Odyss\u00e9e<\/div><\/div><div class=\"field-link\" role=\"group\" aria-label=\"Lien vers le contenu\"><a href=\"https:\/\/www.paysdesecrins.com\/de\/fiche\/riviere-odyssee-2\/\" class=\"cardlink\" title=\"Lire plus : Rivi\u00e8re Odyss\u00e9e\" lang=\"de_DE\">Rivi\u00e8re Odyss\u00e9e<\/a><\/div><\/div><\/div><div class=\"item\" data-season=\"all-seasons\"><div class=\"card card-apidae card-avance\"><div class=\"group-actions\"><ws-wishlist data-type=\"flag\" data-action=\"add\" data-wish-id=\"5927253\" data-wish-type=\"apidae\"><\/ws-wishlist><\/div><div class=\"group-media\"><div class=\"field-image\"><img decoding=\"async\" src=\"https:\/\/images.weserv.nl\/?url=https:\/\/static.apidae-tourisme.com\/filestore\/objets-touristiques\/images\/14\/226\/11133454-diaporama.jpg&#038;w=350&#038;h=350&#038;fit=cover&#038;output=webp&#038;q=45\" alt=\"Michel DIMITRIEFF \u2013 Naturopathie\"\/><\/div><\/div><div class=\"group-top\"><div class=\"field-commune\">Vallouise-Pelvoux<\/div><ws-apidae-from-price data-apidae-id=\"5927253\" ><\/ws-apidae-from-price><\/div><div class=\"group-content\"><div class=\"field-title\">Michel DIMITRIEFF \u2013 Naturopathie<\/div><\/div><div class=\"field-link\" role=\"group\" aria-label=\"Lien vers le contenu\"><a href=\"https:\/\/www.paysdesecrins.com\/de\/fiche\/michel-dimitrieff-naturopathie-2\/\" class=\"cardlink\" title=\"Lire plus : Michel DIMITRIEFF \u2013 Naturopathie\" lang=\"de_DE\">Michel DIMITRIEFF \u2013 Naturopathie<\/a><\/div><\/div><\/div><div class=\"item\" data-season=\"all-seasons\"><div class=\"card card-apidae card-avance\"><div class=\"group-actions\"><ws-wishlist data-type=\"flag\" data-action=\"add\" data-wish-id=\"581840\" data-wish-type=\"apidae\"><\/ws-wishlist><\/div><div class=\"group-media\"><div class=\"field-image\"><img decoding=\"async\" src=\"https:\/\/images.weserv.nl\/?url=https:\/\/static.apidae-tourisme.com\/filestore\/objets-touristiques\/images\/143\/196\/4506767-diaporama.jpg&#038;w=350&#038;h=350&#038;fit=cover&#038;output=webp&#038;q=45\" alt=\"Kletterschule \u201eDes pieds et des mains\u201c\"\/><\/div><\/div><div class=\"group-top\"><div class=\"field-commune\">Les Vigneaux<\/div><ws-apidae-from-price data-apidae-id=\"581840\" ><\/ws-apidae-from-price><\/div><div class=\"group-content\"><div class=\"field-title\">Kletterschule \u201eDes pieds et des mains\u201c<\/div><\/div><div class=\"field-link\" role=\"group\" aria-label=\"Lien vers le contenu\"><a href=\"https:\/\/www.paysdesecrins.com\/de\/fiche\/kletterschule-des-pieds-et-des-mains\/\" class=\"cardlink\" title=\"Lire plus : Kletterschule \u201eDes pieds et des mains\u201c\" lang=\"de_DE\">Kletterschule \u201eDes pieds et des mains\u201c<\/a><\/div><\/div><\/div><div class=\"item\" data-season=\"all-seasons\"><div class=\"card card-apidae card-avance\"><div class=\"group-actions\"><ws-wishlist data-type=\"flag\" data-action=\"add\" data-wish-id=\"579832\" data-wish-type=\"apidae\"><\/ws-wishlist><\/div><div class=\"group-media\"><div class=\"field-image\"><img decoding=\"async\" src=\"https:\/\/images.weserv.nl\/?url=https:\/\/static.apidae-tourisme.com\/filestore\/objets-touristiques\/images\/146\/169\/4762002-diaporama.jpg&#038;w=350&#038;h=350&#038;fit=cover&#038;output=webp&#038;q=45\" alt=\"Hundeschlittenfahrt \u201eMushing Addict\u201c\"\/><\/div><\/div><div class=\"group-top\"><div class=\"field-commune\">Puy-Saint-Vincent<\/div><ws-apidae-from-price data-apidae-id=\"579832\" ><\/ws-apidae-from-price><\/div><div class=\"group-content\"><div class=\"field-title\">Hundeschlittenfahrt \u201eMushing Addict\u201c<\/div><\/div><div class=\"field-link\" role=\"group\" aria-label=\"Lien vers le contenu\"><a href=\"https:\/\/www.paysdesecrins.com\/de\/fiche\/hundeschlittenfahrt-mushing-addict\/\" class=\"cardlink\" title=\"Lire plus : Hundeschlittenfahrt \u201eMushing Addict\u201c\" lang=\"de_DE\">Hundeschlittenfahrt \u201eMushing Addict\u201c<\/a><\/div><\/div><\/div><div class=\"item\" data-season=\"all-seasons\"><div class=\"card card-apidae card-avance\"><div class=\"group-actions\"><ws-wishlist data-type=\"flag\" data-action=\"add\" data-wish-id=\"7282306\" data-wish-type=\"apidae\"><\/ws-wishlist><\/div><div class=\"group-media\"><div class=\"field-image\"><img decoding=\"async\" src=\"https:\/\/images.weserv.nl\/?url=https:\/\/static.apidae-tourisme.com\/filestore\/objets-touristiques\/images\/234\/84\/29906154-diaporama.jpg&#038;w=350&#038;h=350&#038;fit=cover&#038;output=webp&#038;q=45\" alt=\"ALP&#8217;AGAGA, les excursions gagas de nature, d&#8217;animaux et de d\u00e9couvertes\"\/><\/div><\/div><div class=\"group-top\"><div class=\"field-book\">Online buchbar<\/div><div class=\"field-commune\">Vallouise-Pelvoux<\/div><ws-apidae-from-price data-apidae-id=\"7282306\" ><\/ws-apidae-from-price><\/div><div class=\"group-content\"><div class=\"field-title\">ALP&#8217;AGAGA, les excursions gagas de nature, d&#8217;animaux et de d\u00e9couvertes<\/div><\/div><div class=\"field-link\" role=\"group\" aria-label=\"Lien vers le contenu\"><a href=\"https:\/\/www.paysdesecrins.com\/de\/fiche\/alpagaga-les-excursions-gagas-de-nature-danimaux-et-de-decouvertes-2\/\" class=\"cardlink\" title=\"Lire plus : ALP&#8217;AGAGA, les excursions gagas de nature, d&#8217;animaux et de d\u00e9couvertes\" lang=\"de_DE\">ALP&#8217;AGAGA, les excursions gagas de nature, d&#8217;animaux et de d\u00e9couvertes<\/a><\/div><\/div><\/div><div class=\"item\" data-season=\"all-seasons\"><div class=\"card card-apidae card-avance\"><div class=\"group-actions\"><ws-wishlist data-type=\"flag\" data-action=\"add\" data-wish-id=\"7204718\" data-wish-type=\"apidae\"><\/ws-wishlist><\/div><div class=\"group-media\"><div class=\"field-image\"><img decoding=\"async\" src=\"https:\/\/images.weserv.nl\/?url=https:\/\/static.apidae-tourisme.com\/filestore\/objets-touristiques\/images\/0\/70\/27936256-diaporama.jpg&#038;w=350&#038;h=350&#038;fit=cover&#038;output=webp&#038;q=45\" alt=\"Gingko Yoga, Mona Le Divellec\"\/><\/div><\/div><div class=\"group-top\"><div class=\"field-commune\">Vallouise-Pelvoux<\/div><ws-apidae-from-price data-apidae-id=\"7204718\" ><\/ws-apidae-from-price><\/div><div class=\"group-content\"><div class=\"field-title\">Gingko Yoga, Mona Le Divellec<\/div><\/div><div class=\"field-link\" role=\"group\" aria-label=\"Lien vers le contenu\"><a href=\"https:\/\/www.paysdesecrins.com\/de\/fiche\/gingko-yoga-mona-le-divellec-2\/\" class=\"cardlink\" title=\"Lire plus : Gingko Yoga, Mona Le Divellec\" lang=\"de_DE\">Gingko Yoga, Mona Le Divellec<\/a><\/div><\/div><\/div><div class=\"item\" data-season=\"all-seasons\"><div class=\"card card-apidae card-avance\"><div class=\"group-actions\"><ws-wishlist data-type=\"flag\" data-action=\"add\" data-wish-id=\"7315989\" data-wish-type=\"apidae\"><\/ws-wishlist><\/div><div class=\"group-media\"><div class=\"field-image\"><img decoding=\"async\" src=\"https:\/\/images.weserv.nl\/?url=https:\/\/static.apidae-tourisme.com\/filestore\/objets-touristiques\/images\/71\/99\/30565191-diaporama.jpg&#038;w=350&#038;h=350&#038;fit=cover&#038;output=webp&#038;q=45\" alt=\"Clotilde Gadenne, R\u00e9flexologie plantaire \u2013 Bilan \u00e9nerg\u00e9tique \u2013 ateliers d&#8217;initiation\"\/><\/div><\/div><div class=\"group-top\"><div class=\"field-commune\">Vallouise-Pelvoux<\/div><ws-apidae-from-price data-apidae-id=\"7315989\" ><\/ws-apidae-from-price><\/div><div class=\"group-content\"><div class=\"field-title\">Clotilde Gadenne, R\u00e9flexologie plantaire \u2013 Bilan \u00e9nerg\u00e9tique \u2013 ateliers d&#8217;initiation<\/div><\/div><div class=\"field-link\" role=\"group\" aria-label=\"Lien vers le contenu\"><a href=\"https:\/\/www.paysdesecrins.com\/de\/fiche\/clotilde-gadenne-reflexologie-plantaire-bilan-energetique-ateliers-dinitiation-2\/\" class=\"cardlink\" title=\"Lire plus : Clotilde Gadenne, R\u00e9flexologie plantaire \u2013 Bilan \u00e9nerg\u00e9tique \u2013 ateliers d&#8217;initiation\" lang=\"de_DE\">Clotilde Gadenne, R\u00e9flexologie plantaire \u2013 Bilan \u00e9nerg\u00e9tique \u2013 ateliers d&#8217;initiation<\/a><\/div><\/div><\/div><div class=\"item\" data-season=\"all-seasons\"><div class=\"card card-apidae card-avance\"><div class=\"group-actions\"><ws-wishlist data-type=\"flag\" data-action=\"add\" data-wish-id=\"5268648\" data-wish-type=\"apidae\"><\/ws-wishlist><\/div><div class=\"group-media\"><div class=\"field-image\"><img decoding=\"async\" src=\"https:\/\/images.weserv.nl\/?url=https:\/\/static.apidae-tourisme.com\/filestore\/objets-touristiques\/images\/95\/70\/29443679-diaporama.jpg&#038;w=350&#038;h=350&#038;fit=cover&#038;output=webp&#038;q=45\" alt=\"Ang\u00e8le LE MASSON, Kletterwand\/Klettersteig\"\/><\/div><\/div><div class=\"group-top\"><div class=\"field-commune\">Vallouise-Pelvoux<\/div><ws-apidae-from-price data-apidae-id=\"5268648\" ><\/ws-apidae-from-price><\/div><div class=\"group-content\"><div class=\"field-title\">Ang\u00e8le LE MASSON, Kletterwand\/Klettersteig<\/div><\/div><div class=\"field-link\" role=\"group\" aria-label=\"Lien vers le contenu\"><a href=\"https:\/\/www.paysdesecrins.com\/de\/fiche\/angele-le-masson-kletterwand-klettersteig\/\" class=\"cardlink\" title=\"Lire plus : Ang\u00e8le LE MASSON, Kletterwand\/Klettersteig\" lang=\"de_DE\">Ang\u00e8le LE MASSON, Kletterwand\/Klettersteig<\/a><\/div><\/div><\/div><div class=\"item\" data-season=\"all-seasons\"><div class=\"card card-apidae card-avance\"><div class=\"group-actions\"><ws-wishlist data-type=\"flag\" data-action=\"add\" data-wish-id=\"7145207\" data-wish-type=\"apidae\"><\/ws-wishlist><\/div><div class=\"group-media\"><div class=\"field-image\"><img decoding=\"async\" src=\"https:\/\/images.weserv.nl\/?url=https:\/\/static.apidae-tourisme.com\/filestore\/objets-touristiques\/images\/47\/87\/32331567-diaporama.jpg&#038;w=350&#038;h=350&#038;fit=cover&#038;output=webp&#038;q=45\" alt=\"C\u00e9cil&#8217;bon de prendre soin de soi\"\/><\/div><\/div><div class=\"group-top\"><div class=\"field-book\">Online buchbar<\/div><div class=\"field-commune\">Vallouise-Pelvoux<\/div><ws-apidae-from-price data-apidae-id=\"7145207\" ><\/ws-apidae-from-price><\/div><div class=\"group-content\"><div class=\"field-title\">C\u00e9cil&#8217;bon de prendre soin de soi<\/div><\/div><div class=\"field-link\" role=\"group\" aria-label=\"Lien vers le contenu\"><a href=\"https:\/\/www.paysdesecrins.com\/de\/fiche\/cecilbon-de-prendre-soin-de-soi-2\/\" class=\"cardlink\" title=\"Lire plus : C\u00e9cil&#8217;bon de prendre soin de soi\" lang=\"de_DE\">C\u00e9cil&#8217;bon de prendre soin de soi<\/a><\/div><\/div><\/div><div class=\"item\" data-season=\"all-seasons\"><div class=\"card card-apidae card-avance\"><div class=\"group-actions\"><ws-wishlist data-type=\"flag\" data-action=\"add\" data-wish-id=\"593059\" data-wish-type=\"apidae\"><\/ws-wishlist><\/div><div class=\"group-media\"><div class=\"field-image\"><img decoding=\"async\" src=\"https:\/\/images.weserv.nl\/?url=https:\/\/static.apidae-tourisme.com\/filestore\/objets-touristiques\/images\/22\/151\/12228374-diaporama.jpg&#038;w=350&#038;h=350&#038;fit=cover&#038;output=webp&#038;q=45\" alt=\"Anne Merry, sorties botanique et cuisine aux plantes sauvages\"\/><\/div><\/div><div class=\"group-top\"><div class=\"field-commune\">Vallouise-Pelvoux<\/div><ws-apidae-from-price data-apidae-id=\"593059\" ><\/ws-apidae-from-price><\/div><div class=\"group-content\"><div class=\"field-title\">Anne Merry, sorties botanique et cuisine aux plantes sauvages<\/div><\/div><div class=\"field-link\" role=\"group\" aria-label=\"Lien vers le contenu\"><a href=\"https:\/\/www.paysdesecrins.com\/de\/fiche\/anne-merry-sorties-botanique-et-cuisine-aux-plantes-sauvages\/\" class=\"cardlink\" title=\"Lire plus : Anne Merry, sorties botanique et cuisine aux plantes sauvages\" lang=\"de_DE\">Anne Merry, sorties botanique et cuisine aux plantes sauvages<\/a><\/div><\/div><\/div><div class=\"item\" data-season=\"all-seasons\"><div class=\"card card-apidae card-avance\"><div class=\"group-actions\"><ws-wishlist data-type=\"flag\" data-action=\"add\" data-wish-id=\"5861947\" data-wish-type=\"apidae\"><\/ws-wishlist><\/div><div class=\"group-media\"><div class=\"field-image\"><img decoding=\"async\" src=\"https:\/\/images.weserv.nl\/?url=https:\/\/static.apidae-tourisme.com\/filestore\/objets-touristiques\/images\/226\/211\/12571618-diaporama.jpg&#038;w=350&#038;h=350&#038;fit=cover&#038;output=webp&#038;q=45\" alt=\"Yama, Shiatsu\"\/><\/div><\/div><div class=\"group-top\"><div class=\"field-commune\">Vallouise-Pelvoux<\/div><ws-apidae-from-price data-apidae-id=\"5861947\" ><\/ws-apidae-from-price><\/div><div class=\"group-content\"><div class=\"field-title\">Yama, Shiatsu<\/div><\/div><div class=\"field-link\" role=\"group\" aria-label=\"Lien vers le contenu\"><a href=\"https:\/\/www.paysdesecrins.com\/de\/fiche\/yama-shiatsu-2\/\" class=\"cardlink\" title=\"Lire plus : Yama, Shiatsu\" lang=\"de_DE\">Yama, Shiatsu<\/a><\/div><\/div><\/div><div class=\"item\" data-season=\"all-seasons\"><div class=\"card card-apidae card-avance\"><div class=\"group-actions\"><ws-wishlist data-type=\"flag\" data-action=\"add\" data-wish-id=\"639000\" data-wish-type=\"apidae\"><\/ws-wishlist><\/div><div class=\"group-media\"><div class=\"field-image\"><img decoding=\"async\" src=\"https:\/\/images.weserv.nl\/?url=https:\/\/static.apidae-tourisme.com\/filestore\/objets-touristiques\/images\/79\/6\/30082639-diaporama.jpg&#038;w=350&#038;h=350&#038;fit=cover&#038;output=webp&#038;q=45\" alt=\"Horizon Vertical\"\/><\/div><\/div><div class=\"group-top\"><div class=\"field-commune\">Vallouise-Pelvoux<\/div><ws-apidae-from-price data-apidae-id=\"639000\" ><\/ws-apidae-from-price><\/div><div class=\"group-content\"><div class=\"field-title\">Horizon Vertical<\/div><\/div><div class=\"field-link\" role=\"group\" aria-label=\"Lien vers le contenu\"><a href=\"https:\/\/www.paysdesecrins.com\/de\/fiche\/horizon-vertical-2\/\" class=\"cardlink\" title=\"Lire plus : Horizon Vertical\" lang=\"de_DE\">Horizon Vertical<\/a><\/div><\/div><\/div><div class=\"item\" data-season=\"all-seasons\"><div class=\"card card-apidae card-avance\"><div class=\"group-actions\"><ws-wishlist data-type=\"flag\" data-action=\"add\" data-wish-id=\"5138785\" data-wish-type=\"apidae\"><\/ws-wishlist><\/div><div class=\"group-media\"><div class=\"field-image\"><img decoding=\"async\" src=\"https:\/\/images.weserv.nl\/?url=https:\/\/static.apidae-tourisme.com\/filestore\/objets-touristiques\/images\/221\/54\/22755037-diaporama.jpg&#038;w=350&#038;h=350&#038;fit=cover&#038;output=webp&#038;q=45\" alt=\"\u00c9lodie Larive\"\/><\/div><\/div><div class=\"group-top\"><div class=\"field-book\">Online buchbar<\/div><div class=\"field-commune\">L&#039;Argenti\u00e8re-la-Bess\u00e9e<\/div><ws-apidae-from-price data-apidae-id=\"5138785\" ><\/ws-apidae-from-price><\/div><div class=\"group-content\"><div class=\"field-title\">\u00c9lodie Larive<\/div><\/div><div class=\"field-link\" role=\"group\" aria-label=\"Lien vers le contenu\"><a href=\"https:\/\/www.paysdesecrins.com\/de\/fiche\/elodie-larive\/\" class=\"cardlink\" title=\"Lire plus : \u00c9lodie Larive\" lang=\"de_DE\">\u00c9lodie Larive<\/a><\/div><\/div><\/div><div class=\"item\" data-season=\"all-seasons\"><div class=\"card card-apidae card-avance\"><div class=\"group-actions\"><ws-wishlist data-type=\"flag\" data-action=\"add\" data-wish-id=\"580536\" data-wish-type=\"apidae\"><\/ws-wishlist><\/div><div class=\"group-media\"><div class=\"field-image\"><img decoding=\"async\" src=\"https:\/\/images.weserv.nl\/?url=https:\/\/static.apidae-tourisme.com\/filestore\/objets-touristiques\/images\/155\/236\/7138459-diaporama.jpg&#038;w=350&#038;h=350&#038;fit=cover&#038;output=webp&#038;q=45\" alt=\"\u00c9cole du Ski Fran\u00e7ais \u00e0 Pelvoux\"\/><\/div><\/div><div class=\"group-top\"><div class=\"field-commune\">Vallouise-Pelvoux<\/div><ws-apidae-from-price data-apidae-id=\"580536\" ><\/ws-apidae-from-price><\/div><div class=\"group-content\"><div class=\"field-title\">\u00c9cole du Ski Fran\u00e7ais \u00e0 Pelvoux<\/div><\/div><div class=\"field-link\" role=\"group\" aria-label=\"Lien vers le contenu\"><a href=\"https:\/\/www.paysdesecrins.com\/de\/fiche\/ecole-du-ski-francais-a-pelvoux-2\/\" class=\"cardlink\" title=\"Lire plus : \u00c9cole du Ski Fran\u00e7ais \u00e0 Pelvoux\" lang=\"de_DE\">\u00c9cole du Ski Fran\u00e7ais \u00e0 Pelvoux<\/a><\/div><\/div><\/div><div class=\"item\" data-season=\"all-seasons\"><div class=\"card card-apidae card-avance\"><div class=\"group-actions\"><ws-wishlist data-type=\"flag\" data-action=\"add\" data-wish-id=\"7468003\" data-wish-type=\"apidae\"><\/ws-wishlist><\/div><div class=\"group-media\"><div class=\"field-image\"><img decoding=\"async\" src=\"https:\/\/images.weserv.nl\/?url=https:\/\/static.apidae-tourisme.com\/filestore\/objets-touristiques\/images\/113\/164\/38184049-diaporama.jpg&#038;w=350&#038;h=350&#038;fit=cover&#038;output=webp&#038;q=45\" alt=\"Les Arborig\u00e8nes, ateliers de Yoga a\u00e9rien\"\/><\/div><\/div><div class=\"group-top\"><div class=\"field-commune\">Vallouise-Pelvoux<\/div><ws-apidae-from-price data-apidae-id=\"7468003\" ><\/ws-apidae-from-price><\/div><div class=\"group-content\"><div class=\"field-title\">Les Arborig\u00e8nes, ateliers de Yoga a\u00e9rien<\/div><\/div><div class=\"field-link\" role=\"group\" aria-label=\"Lien vers le contenu\"><a href=\"https:\/\/www.paysdesecrins.com\/de\/fiche\/les-arborigenes-ateliers-de-yoga-aerien-2\/\" class=\"cardlink\" title=\"Lire plus : Les Arborig\u00e8nes, ateliers de Yoga a\u00e9rien\" lang=\"de_DE\">Les Arborig\u00e8nes, ateliers de Yoga a\u00e9rien<\/a><\/div><\/div><\/div><div id=\"locations-data_c47c5\" style=\"display: none;\">{&quot;locations&quot;:[{&quot;lat&quot;:&quot;44.832645&quot;,&quot;lng&quot;:&quot;6.51318&quot;,&quot;title&quot;:&quot;Eaurigine&quot;,&quot;permalink&quot;:&quot;https:\\\/\\\/www.paysdesecrins.com\\\/de\\\/fiche\\\/eaurigine-2\\\/&quot;,&quot;type&quot;:&quot;commerce_et_service&quot;,&quot;commune&quot;:&quot;Vallouise-Pelvoux&quot;,&quot;type_commerce&quot;:&quot;&quot;,&quot;image&quot;:&quot;https:\\\/\\\/static.apidae-tourisme.com\\\/filestore\\\/objets-touristiques\\\/images\\\/22\\\/79\\\/11161366-diaporama.jpg&quot;,&quot;image_width&quot;:&quot;350&quot;,&quot;image_height&quot;:&quot;350&quot;,&quot;image_fit&quot;:&quot;cover&quot;},{&quot;lat&quot;:&quot;44.847376&quot;,&quot;lng&quot;:&quot;6.48894&quot;,&quot;title&quot;:&quot;Instinct Vertical&quot;,&quot;permalink&quot;:&quot;https:\\\/\\\/www.paysdesecrins.com\\\/de\\\/fiche\\\/instinct-vertical-2\\\/&quot;,&quot;type&quot;:&quot;commerce_et_service&quot;,&quot;commune&quot;:&quot;Vallouise-Pelvoux&quot;,&quot;type_commerce&quot;:&quot;&quot;,&quot;image&quot;:&quot;https:\\\/\\\/static.apidae-tourisme.com\\\/filestore\\\/objets-touristiques\\\/images\\\/116\\\/26\\\/19274356-diaporama.jpg&quot;,&quot;image_width&quot;:&quot;350&quot;,&quot;image_height&quot;:&quot;350&quot;,&quot;image_fit&quot;:&quot;cover&quot;},{&quot;lat&quot;:&quot;44.838951&quot;,&quot;lng&quot;:&quot;6.492533&quot;,&quot;title&quot;:&quot;Astro-Rando : M\\u00e9diateur Scientifique en Astronomie et d&#8217;Education \\u00e0 l&#8217;Environnement. Plan\\u00e9tarium, T\\u00e9lescopes, Ateliers&quot;,&quot;permalink&quot;:&quot;https:\\\/\\\/www.paysdesecrins.com\\\/de\\\/fiche\\\/astro-rando-mediateur-scientifique-en-astronomie-et-deducation-a-lenvironnement-planetarium-telescopes-ateliers-2\\\/&quot;,&quot;type&quot;:&quot;commerce_et_service&quot;,&quot;commune&quot;:&quot;Vallouise-Pelvoux&quot;,&quot;type_commerce&quot;:&quot;&quot;,&quot;image&quot;:&quot;https:\\\/\\\/static.apidae-tourisme.com\\\/filestore\\\/objets-touristiques\\\/images\\\/24\\\/175\\\/8957720-diaporama.jpg&quot;,&quot;image_width&quot;:&quot;350&quot;,&quot;image_height&quot;:&quot;350&quot;,&quot;image_fit&quot;:&quot;cover&quot;},{&quot;lat&quot;:&quot;44.846532&quot;,&quot;lng&quot;:&quot;6.48816&quot;,&quot;title&quot;:&quot;Watogla Adventures&quot;,&quot;permalink&quot;:&quot;https:\\\/\\\/www.paysdesecrins.com\\\/de\\\/fiche\\\/watogla-adventures-2\\\/&quot;,&quot;type&quot;:&quot;commerce_et_service&quot;,&quot;commune&quot;:&quot;Vallouise-Pelvoux&quot;,&quot;type_commerce&quot;:&quot;&quot;,&quot;image&quot;:&quot;https:\\\/\\\/static.apidae-tourisme.com\\\/filestore\\\/objets-touristiques\\\/images\\\/92\\\/20\\\/13243484-diaporama.jpg&quot;,&quot;image_width&quot;:&quot;350&quot;,&quot;image_height&quot;:&quot;350&quot;,&quot;image_fit&quot;:&quot;cover&quot;},{&quot;lat&quot;:&quot;44.83929&quot;,&quot;lng&quot;:&quot;6.492212&quot;,&quot;title&quot;:&quot;Gleitschirmfliegen \\u201ePollen\\u201c&quot;,&quot;permalink&quot;:&quot;https:\\\/\\\/www.paysdesecrins.com\\\/de\\\/fiche\\\/gleitschirmfliegen-pollen\\\/&quot;,&quot;type&quot;:&quot;commerce_et_service&quot;,&quot;commune&quot;:&quot;Vallouise-Pelvoux&quot;,&quot;type_commerce&quot;:&quot;&quot;,&quot;image&quot;:&quot;https:\\\/\\\/static.apidae-tourisme.com\\\/filestore\\\/objets-touristiques\\\/images\\\/107\\\/167\\\/3450731-diaporama.png&quot;,&quot;image_width&quot;:&quot;350&quot;,&quot;image_height&quot;:&quot;350&quot;,&quot;image_fit&quot;:&quot;cover&quot;},{&quot;lat&quot;:&quot;44.868202&quot;,&quot;lng&quot;:&quot;6.486959&quot;,&quot;title&quot;:&quot;Bergf\\u00fchrer \\u201eSerge CINQUIN\\u201c&quot;,&quot;permalink&quot;:&quot;https:\\\/\\\/www.paysdesecrins.com\\\/de\\\/fiche\\\/bergfuhrer-serge-cinquin\\\/&quot;,&quot;type&quot;:&quot;commerce_et_service&quot;,&quot;commune&quot;:&quot;Vallouise-Pelvoux&quot;,&quot;type_commerce&quot;:&quot;&quot;,&quot;image&quot;:&quot;https:\\\/\\\/static.apidae-tourisme.com\\\/filestore\\\/objets-touristiques\\\/images\\\/76\\\/169\\\/8956236-diaporama.jpg&quot;,&quot;image_width&quot;:&quot;350&quot;,&quot;image_height&quot;:&quot;350&quot;,&quot;image_fit&quot;:&quot;cover&quot;},{&quot;lat&quot;:&quot;44.84137&quot;,&quot;lng&quot;:&quot;6.494546&quot;,&quot;title&quot;:&quot;Happy Therapy&quot;,&quot;permalink&quot;:&quot;https:\\\/\\\/www.paysdesecrins.com\\\/de\\\/fiche\\\/happy-therapy-2\\\/&quot;,&quot;type&quot;:&quot;commerce_et_service&quot;,&quot;commune&quot;:&quot;Vallouise-Pelvoux&quot;,&quot;type_commerce&quot;:&quot;&quot;,&quot;image&quot;:&quot;https:\\\/\\\/static.apidae-tourisme.com\\\/filestore\\\/objets-touristiques\\\/images\\\/184\\\/251\\\/21167032-diaporama.jpg&quot;,&quot;image_width&quot;:&quot;350&quot;,&quot;image_height&quot;:&quot;350&quot;,&quot;image_fit&quot;:&quot;cover&quot;},{&quot;lat&quot;:&quot;44.846106&quot;,&quot;lng&quot;:&quot;6.489974&quot;,&quot;title&quot;:&quot;LM-Naturheilkunde und massagen&quot;,&quot;permalink&quot;:&quot;https:\\\/\\\/www.paysdesecrins.com\\\/de\\\/fiche\\\/lm-naturheilkunde-und-massagen\\\/&quot;,&quot;type&quot;:&quot;commerce_et_service&quot;,&quot;commune&quot;:&quot;Vallouise-Pelvoux&quot;,&quot;type_commerce&quot;:&quot;&quot;,&quot;image&quot;:&quot;https:\\\/\\\/static.apidae-tourisme.com\\\/filestore\\\/objets-touristiques\\\/images\\\/175\\\/52\\\/23671983-diaporama.jpg&quot;,&quot;image_width&quot;:&quot;350&quot;,&quot;image_height&quot;:&quot;350&quot;,&quot;image_fit&quot;:&quot;cover&quot;},{&quot;lat&quot;:&quot;44.83928&quot;,&quot;lng&quot;:&quot;6.497067&quot;,&quot;title&quot;:&quot;Bureau des Guides des \\u00c9crins (dt. B\\u00fcro der Bergf\\u00fchrer der \\u00c9crins)&quot;,&quot;permalink&quot;:&quot;https:\\\/\\\/www.paysdesecrins.com\\\/de\\\/fiche\\\/bureau-des-guides-des-ecrins-dt-buro-der-bergfuhrer-der-ecrins\\\/&quot;,&quot;type&quot;:&quot;commerce_et_service&quot;,&quot;commune&quot;:&quot;Vallouise-Pelvoux&quot;,&quot;type_commerce&quot;:&quot;&quot;,&quot;image&quot;:&quot;https:\\\/\\\/static.apidae-tourisme.com\\\/filestore\\\/objets-touristiques\\\/images\\\/173\\\/124\\\/687277-diaporama.jpg&quot;,&quot;image_width&quot;:&quot;350&quot;,&quot;image_height&quot;:&quot;350&quot;,&quot;image_fit&quot;:&quot;cover&quot;},{&quot;lat&quot;:&quot;44.838854&quot;,&quot;lng&quot;:&quot;6.492238&quot;,&quot;title&quot;:&quot;Bergf\\u00fchrer: Astro-Rando&quot;,&quot;permalink&quot;:&quot;https:\\\/\\\/www.paysdesecrins.com\\\/de\\\/fiche\\\/bergfuhrer-astro-rando\\\/&quot;,&quot;type&quot;:&quot;commerce_et_service&quot;,&quot;commune&quot;:&quot;Vallouise-Pelvoux&quot;,&quot;type_commerce&quot;:&quot;&quot;,&quot;image&quot;:&quot;https:\\\/\\\/static.apidae-tourisme.com\\\/filestore\\\/objets-touristiques\\\/images\\\/216\\\/129\\\/688600-diaporama.jpg&quot;,&quot;image_width&quot;:&quot;350&quot;,&quot;image_height&quot;:&quot;350&quot;,&quot;image_fit&quot;:&quot;cover&quot;},{&quot;lat&quot;:&quot;44.865404&quot;,&quot;lng&quot;:&quot;6.487164&quot;,&quot;title&quot;:&quot;Rivi\\u00e8re Odyss\\u00e9e&quot;,&quot;permalink&quot;:&quot;https:\\\/\\\/www.paysdesecrins.com\\\/de\\\/fiche\\\/riviere-odyssee-2\\\/&quot;,&quot;type&quot;:&quot;commerce_et_service&quot;,&quot;commune&quot;:&quot;Vallouise-Pelvoux&quot;,&quot;type_commerce&quot;:&quot;&quot;,&quot;image&quot;:&quot;https:\\\/\\\/static.apidae-tourisme.com\\\/filestore\\\/objets-touristiques\\\/images\\\/216\\\/16\\\/23007448-diaporama.png&quot;,&quot;image_width&quot;:&quot;350&quot;,&quot;image_height&quot;:&quot;350&quot;,&quot;image_fit&quot;:&quot;cover&quot;},{&quot;lat&quot;:&quot;44.825161&quot;,&quot;lng&quot;:&quot;6.533166&quot;,&quot;title&quot;:&quot;Kletterschule \\u201eDes pieds et des mains\\u201c&quot;,&quot;permalink&quot;:&quot;https:\\\/\\\/www.paysdesecrins.com\\\/de\\\/fiche\\\/kletterschule-des-pieds-et-des-mains\\\/&quot;,&quot;type&quot;:&quot;commerce_et_service&quot;,&quot;commune&quot;:&quot;Les Vigneaux&quot;,&quot;type_commerce&quot;:&quot;&quot;,&quot;image&quot;:&quot;https:\\\/\\\/static.apidae-tourisme.com\\\/filestore\\\/objets-touristiques\\\/images\\\/143\\\/196\\\/4506767-diaporama.jpg&quot;,&quot;image_width&quot;:&quot;350&quot;,&quot;image_height&quot;:&quot;350&quot;,&quot;image_fit&quot;:&quot;cover&quot;},{&quot;lat&quot;:&quot;44.810742&quot;,&quot;lng&quot;:&quot;6.494355&quot;,&quot;title&quot;:&quot;Hundeschlittenfahrt \\u201eMushing Addict\\u201c&quot;,&quot;permalink&quot;:&quot;https:\\\/\\\/www.paysdesecrins.com\\\/de\\\/fiche\\\/hundeschlittenfahrt-mushing-addict\\\/&quot;,&quot;type&quot;:&quot;commerce_et_service&quot;,&quot;commune&quot;:&quot;Puy-Saint-Vincent&quot;,&quot;type_commerce&quot;:&quot;&quot;,&quot;image&quot;:&quot;https:\\\/\\\/static.apidae-tourisme.com\\\/filestore\\\/objets-touristiques\\\/images\\\/146\\\/169\\\/4762002-diaporama.jpg&quot;,&quot;image_width&quot;:&quot;350&quot;,&quot;image_height&quot;:&quot;350&quot;,&quot;image_fit&quot;:&quot;cover&quot;},{&quot;lat&quot;:&quot;44.837488&quot;,&quot;lng&quot;:&quot;6.494413&quot;,&quot;title&quot;:&quot;ALP&#8217;AGAGA, les excursions gagas de nature, d&#8217;animaux et de d\\u00e9couvertes&quot;,&quot;permalink&quot;:&quot;https:\\\/\\\/www.paysdesecrins.com\\\/de\\\/fiche\\\/alpagaga-les-excursions-gagas-de-nature-danimaux-et-de-decouvertes-2\\\/&quot;,&quot;type&quot;:&quot;commerce_et_service&quot;,&quot;commune&quot;:&quot;Vallouise-Pelvoux&quot;,&quot;type_commerce&quot;:&quot;&quot;,&quot;image&quot;:&quot;https:\\\/\\\/static.apidae-tourisme.com\\\/filestore\\\/objets-touristiques\\\/images\\\/234\\\/84\\\/29906154-diaporama.jpg&quot;,&quot;image_width&quot;:&quot;350&quot;,&quot;image_height&quot;:&quot;350&quot;,&quot;image_fit&quot;:&quot;cover&quot;},{&quot;lat&quot;:&quot;44.860706&quot;,&quot;lng&quot;:&quot;6.492053&quot;,&quot;title&quot;:&quot;Gingko Yoga, Mona Le Divellec&quot;,&quot;permalink&quot;:&quot;https:\\\/\\\/www.paysdesecrins.com\\\/de\\\/fiche\\\/gingko-yoga-mona-le-divellec-2\\\/&quot;,&quot;type&quot;:&quot;commerce_et_service&quot;,&quot;commune&quot;:&quot;Vallouise-Pelvoux&quot;,&quot;type_commerce&quot;:&quot;&quot;,&quot;image&quot;:&quot;https:\\\/\\\/static.apidae-tourisme.com\\\/filestore\\\/objets-touristiques\\\/images\\\/0\\\/70\\\/27936256-diaporama.jpg&quot;,&quot;image_width&quot;:&quot;350&quot;,&quot;image_height&quot;:&quot;350&quot;,&quot;image_fit&quot;:&quot;cover&quot;},{&quot;lat&quot;:&quot;44.840871&quot;,&quot;lng&quot;:&quot;6.494727&quot;,&quot;title&quot;:&quot;Clotilde Gadenne, R\\u00e9flexologie plantaire \\u2013 Bilan \\u00e9nerg\\u00e9tique \\u2013 ateliers d&#8217;initiation&quot;,&quot;permalink&quot;:&quot;https:\\\/\\\/www.paysdesecrins.com\\\/de\\\/fiche\\\/clotilde-gadenne-reflexologie-plantaire-bilan-energetique-ateliers-dinitiation-2\\\/&quot;,&quot;type&quot;:&quot;commerce_et_service&quot;,&quot;commune&quot;:&quot;Vallouise-Pelvoux&quot;,&quot;type_commerce&quot;:&quot;&quot;,&quot;image&quot;:&quot;https:\\\/\\\/static.apidae-tourisme.com\\\/filestore\\\/objets-touristiques\\\/images\\\/71\\\/99\\\/30565191-diaporama.jpg&quot;,&quot;image_width&quot;:&quot;350&quot;,&quot;image_height&quot;:&quot;350&quot;,&quot;image_fit&quot;:&quot;cover&quot;},{&quot;lat&quot;:&quot;44.846135&quot;,&quot;lng&quot;:&quot;6.488911&quot;,&quot;title&quot;:&quot;Ang\\u00e8le LE MASSON, Kletterwand\\\/Klettersteig&quot;,&quot;permalink&quot;:&quot;https:\\\/\\\/www.paysdesecrins.com\\\/de\\\/fiche\\\/angele-le-masson-kletterwand-klettersteig\\\/&quot;,&quot;type&quot;:&quot;commerce_et_service&quot;,&quot;commune&quot;:&quot;Vallouise-Pelvoux&quot;,&quot;type_commerce&quot;:&quot;&quot;,&quot;image&quot;:&quot;https:\\\/\\\/static.apidae-tourisme.com\\\/filestore\\\/objets-touristiques\\\/images\\\/95\\\/70\\\/29443679-diaporama.jpg&quot;,&quot;image_width&quot;:&quot;350&quot;,&quot;image_height&quot;:&quot;350&quot;,&quot;image_fit&quot;:&quot;cover&quot;},{&quot;lat&quot;:&quot;44.84617&quot;,&quot;lng&quot;:&quot;6.490024&quot;,&quot;title&quot;:&quot;C\\u00e9cil&#8217;bon de prendre soin de soi&quot;,&quot;permalink&quot;:&quot;https:\\\/\\\/www.paysdesecrins.com\\\/de\\\/fiche\\\/cecilbon-de-prendre-soin-de-soi-2\\\/&quot;,&quot;type&quot;:&quot;commerce_et_service&quot;,&quot;commune&quot;:&quot;Vallouise-Pelvoux&quot;,&quot;type_commerce&quot;:&quot;&quot;,&quot;image&quot;:&quot;https:\\\/\\\/static.apidae-tourisme.com\\\/filestore\\\/objets-touristiques\\\/images\\\/47\\\/87\\\/32331567-diaporama.jpg&quot;,&quot;image_width&quot;:&quot;350&quot;,&quot;image_height&quot;:&quot;350&quot;,&quot;image_fit&quot;:&quot;cover&quot;},{&quot;lat&quot;:&quot;44.807591&quot;,&quot;lng&quot;:&quot;6.575057&quot;,&quot;title&quot;:&quot;Anne Merry, sorties botanique et cuisine aux plantes sauvages&quot;,&quot;permalink&quot;:&quot;https:\\\/\\\/www.paysdesecrins.com\\\/de\\\/fiche\\\/anne-merry-sorties-botanique-et-cuisine-aux-plantes-sauvages\\\/&quot;,&quot;type&quot;:&quot;commerce_et_service&quot;,&quot;commune&quot;:&quot;Vallouise-Pelvoux&quot;,&quot;type_commerce&quot;:&quot;&quot;,&quot;image&quot;:&quot;https:\\\/\\\/static.apidae-tourisme.com\\\/filestore\\\/objets-touristiques\\\/images\\\/22\\\/151\\\/12228374-diaporama.jpg&quot;,&quot;image_width&quot;:&quot;350&quot;,&quot;image_height&quot;:&quot;350&quot;,&quot;image_fit&quot;:&quot;cover&quot;},{&quot;lat&quot;:&quot;44.843509&quot;,&quot;lng&quot;:&quot;6.484856&quot;,&quot;title&quot;:&quot;Horizon Vertical&quot;,&quot;permalink&quot;:&quot;https:\\\/\\\/www.paysdesecrins.com\\\/de\\\/fiche\\\/horizon-vertical-2\\\/&quot;,&quot;type&quot;:&quot;commerce_et_service&quot;,&quot;commune&quot;:&quot;Vallouise-Pelvoux&quot;,&quot;type_commerce&quot;:&quot;&quot;,&quot;image&quot;:&quot;https:\\\/\\\/static.apidae-tourisme.com\\\/filestore\\\/objets-touristiques\\\/images\\\/79\\\/6\\\/30082639-diaporama.jpg&quot;,&quot;image_width&quot;:&quot;350&quot;,&quot;image_height&quot;:&quot;350&quot;,&quot;image_fit&quot;:&quot;cover&quot;},{&quot;lat&quot;:&quot;44.818439&quot;,&quot;lng&quot;:&quot;6.487274&quot;,&quot;title&quot;:&quot;\\u00c9lodie Larive&quot;,&quot;permalink&quot;:&quot;https:\\\/\\\/www.paysdesecrins.com\\\/de\\\/fiche\\\/elodie-larive\\\/&quot;,&quot;type&quot;:&quot;commerce_et_service&quot;,&quot;commune&quot;:&quot;L&#039;Argenti\\u00e8re-la-Bess\\u00e9e&quot;,&quot;type_commerce&quot;:&quot;&quot;,&quot;image&quot;:&quot;https:\\\/\\\/static.apidae-tourisme.com\\\/filestore\\\/objets-touristiques\\\/images\\\/221\\\/54\\\/22755037-diaporama.jpg&quot;,&quot;image_width&quot;:&quot;350&quot;,&quot;image_height&quot;:&quot;350&quot;,&quot;image_fit&quot;:&quot;cover&quot;},{&quot;lat&quot;:&quot;44.86615&quot;,&quot;lng&quot;:&quot;6.486139&quot;,&quot;title&quot;:&quot;\\u00c9cole du Ski Fran\\u00e7ais \\u00e0 Pelvoux&quot;,&quot;permalink&quot;:&quot;https:\\\/\\\/www.paysdesecrins.com\\\/de\\\/fiche\\\/ecole-du-ski-francais-a-pelvoux-2\\\/&quot;,&quot;type&quot;:&quot;commerce_et_service&quot;,&quot;commune&quot;:&quot;Vallouise-Pelvoux&quot;,&quot;type_commerce&quot;:&quot;&quot;,&quot;image&quot;:&quot;https:\\\/\\\/static.apidae-tourisme.com\\\/filestore\\\/objets-touristiques\\\/images\\\/155\\\/236\\\/7138459-diaporama.jpg&quot;,&quot;image_width&quot;:&quot;350&quot;,&quot;image_height&quot;:&quot;350&quot;,&quot;image_fit&quot;:&quot;cover&quot;},{&quot;lat&quot;:&quot;44.844119&quot;,&quot;lng&quot;:&quot;6.489951&quot;,&quot;title&quot;:&quot;Les Arborig\\u00e8nes, ateliers de Yoga a\\u00e9rien&quot;,&quot;permalink&quot;:&quot;https:\\\/\\\/www.paysdesecrins.com\\\/de\\\/fiche\\\/les-arborigenes-ateliers-de-yoga-aerien-2\\\/&quot;,&quot;type&quot;:&quot;commerce_et_service&quot;,&quot;commune&quot;:&quot;Vallouise-Pelvoux&quot;,&quot;type_commerce&quot;:&quot;&quot;,&quot;image&quot;:&quot;https:\\\/\\\/static.apidae-tourisme.com\\\/filestore\\\/objets-touristiques\\\/images\\\/113\\\/164\\\/38184049-diaporama.jpg&quot;,&quot;image_width&quot;:&quot;350&quot;,&quot;image_height&quot;:&quot;350&quot;,&quot;image_fit&quot;:&quot;cover&quot;}],&quot;center_lat&quot;:&quot;44.832645&quot;,&quot;center_lng&quot;:&quot;6.51318&quot;}<\/div><\/div><\/div><\/div><\/div>","protected":false},"excerpt":{"rendered":"<p>Entdecken Sie die Aktivit\u00e4ten von Vallouise-Pelvoux, vom ruhigen Wandern im Wald bis hin zum Nervenkitzel beim Paragliding und Rafting. Buchen [&hellip;]<\/p>\n","protected":false},"author":1,"featured_media":51973,"parent":45187,"menu_order":0,"comment_status":"closed","ping_status":"closed","template":"","meta":{"_thumbnail_id_2":18316,"summer_excerpt":"","season":"","station":"","footnotes":""},"class_list":["post-44399","page","type-page","status-publish","has-post-thumbnail","hentry"],"yoast_head":"<!-- This site is optimized with the Yoast SEO plugin v27.3 - https:\/\/yoast.com\/product\/yoast-seo-wordpress\/ -->\n<title>Aktivit\u00e4ten in Vallouise-Pelvoux - Pays des \u00c9crins - Office de Tourisme<\/title>\n<meta name=\"robots\" content=\"index, follow, max-snippet:-1, max-image-preview:large, max-video-preview:-1\" \/>\n<link rel=\"canonical\" href=\"https:\/\/www.paysdesecrins.com\/de\/mein-resort-mein-dorf\/pelvoux-vallouise-ailefroide\/aktivitaeten-2\/\" \/>\n<meta property=\"og:locale\" content=\"de_DE\" \/>\n<meta property=\"og:type\" content=\"article\" \/>\n<meta property=\"og:title\" content=\"Aktivit\u00e4ten in Vallouise-Pelvoux - Pays des \u00c9crins - Office de Tourisme\" \/>\n<meta property=\"og:description\" content=\"Entdecken Sie die Aktivit\u00e4ten von Vallouise-Pelvoux, vom ruhigen Wandern im Wald bis hin zum Nervenkitzel beim Paragliding und Rafting. Buchen [&hellip;]\" \/>\n<meta property=\"og:url\" content=\"https:\/\/www.paysdesecrins.com\/de\/mein-resort-mein-dorf\/pelvoux-vallouise-ailefroide\/aktivitaeten-2\/\" \/>\n<meta property=\"og:site_name\" content=\"Pays des \u00c9crins - Office de Tourisme\" \/>\n<meta property=\"article:modified_time\" content=\"2025-08-10T13:26:21+00:00\" \/>\n<meta property=\"og:image\" content=\"https:\/\/www.paysdesecrins.com\/wp-content\/uploads\/2025\/07\/51rafting-eauxvives-rafting-dsc09298-scaled.jpg\" \/>\n\t<meta property=\"og:image:width\" content=\"2560\" \/>\n\t<meta property=\"og:image:height\" content=\"1707\" \/>\n\t<meta property=\"og:image:type\" content=\"image\/jpeg\" \/>\n<meta name=\"twitter:card\" content=\"summary_large_image\" \/>\n<script type=\"application\/ld+json\" class=\"yoast-schema-graph\">{\"@context\":\"https:\\\/\\\/schema.org\",\"@graph\":[{\"@type\":\"WebPage\",\"@id\":\"https:\\\/\\\/www.paysdesecrins.com\\\/de\\\/mein-resort-mein-dorf\\\/pelvoux-vallouise-ailefroide\\\/aktivitaeten-2\\\/\",\"url\":\"https:\\\/\\\/www.paysdesecrins.com\\\/de\\\/mein-resort-mein-dorf\\\/pelvoux-vallouise-ailefroide\\\/aktivitaeten-2\\\/\",\"name\":\"Aktivit\u00e4ten in Vallouise-Pelvoux - Pays des \u00c9crins - Office de Tourisme\",\"isPartOf\":{\"@id\":\"https:\\\/\\\/www.paysdesecrins.com\\\/de\\\/#website\"},\"primaryImageOfPage\":{\"@id\":\"https:\\\/\\\/www.paysdesecrins.com\\\/de\\\/mein-resort-mein-dorf\\\/pelvoux-vallouise-ailefroide\\\/aktivitaeten-2\\\/#primaryimage\"},\"image\":{\"@id\":\"https:\\\/\\\/www.paysdesecrins.com\\\/de\\\/mein-resort-mein-dorf\\\/pelvoux-vallouise-ailefroide\\\/aktivitaeten-2\\\/#primaryimage\"},\"thumbnailUrl\":\"https:\\\/\\\/www.paysdesecrins.com\\\/wp-content\\\/uploads\\\/2025\\\/07\\\/dsc00189-scaled.jpg\",\"datePublished\":\"2025-06-25T13:44:52+00:00\",\"dateModified\":\"2025-08-10T13:26:21+00:00\",\"breadcrumb\":{\"@id\":\"https:\\\/\\\/www.paysdesecrins.com\\\/de\\\/mein-resort-mein-dorf\\\/pelvoux-vallouise-ailefroide\\\/aktivitaeten-2\\\/#breadcrumb\"},\"inLanguage\":\"de\",\"potentialAction\":[{\"@type\":\"ReadAction\",\"target\":[\"https:\\\/\\\/www.paysdesecrins.com\\\/de\\\/mein-resort-mein-dorf\\\/pelvoux-vallouise-ailefroide\\\/aktivitaeten-2\\\/\"]}]},{\"@type\":\"ImageObject\",\"inLanguage\":\"de\",\"@id\":\"https:\\\/\\\/www.paysdesecrins.com\\\/de\\\/mein-resort-mein-dorf\\\/pelvoux-vallouise-ailefroide\\\/aktivitaeten-2\\\/#primaryimage\",\"url\":\"https:\\\/\\\/www.paysdesecrins.com\\\/wp-content\\\/uploads\\\/2025\\\/07\\\/dsc00189-scaled.jpg\",\"contentUrl\":\"https:\\\/\\\/www.paysdesecrins.com\\\/wp-content\\\/uploads\\\/2025\\\/07\\\/dsc00189-scaled.jpg\",\"width\":2560,\"height\":1707},{\"@type\":\"BreadcrumbList\",\"@id\":\"https:\\\/\\\/www.paysdesecrins.com\\\/de\\\/mein-resort-mein-dorf\\\/pelvoux-vallouise-ailefroide\\\/aktivitaeten-2\\\/#breadcrumb\",\"itemListElement\":[{\"@type\":\"ListItem\",\"position\":1,\"name\":\"Accueil\",\"item\":\"https:\\\/\\\/www.paysdesecrins.com\\\/de\\\/der-titel-des-hauses\\\/\"},{\"@type\":\"ListItem\",\"position\":2,\"name\":\"Mein Resort, mein Dorf\",\"item\":\"https:\\\/\\\/www.paysdesecrins.com\\\/de\\\/ma-station-mon-village\\\/\"},{\"@type\":\"ListItem\",\"position\":3,\"name\":\"Vallouise-Pelvoux\",\"item\":\"https:\\\/\\\/www.paysdesecrins.com\\\/de\\\/mein-resort-mein-dorf\\\/pelvoux-vallouise-ailefroide\\\/\"},{\"@type\":\"ListItem\",\"position\":4,\"name\":\"Aktivit\u00e4ten in Vallouise-Pelvoux\"}]},{\"@type\":\"WebSite\",\"@id\":\"https:\\\/\\\/www.paysdesecrins.com\\\/de\\\/#website\",\"url\":\"https:\\\/\\\/www.paysdesecrins.com\\\/de\\\/\",\"name\":\"Pays des \u00c9crins - Office de Tourisme\",\"description\":\"L&#039;esprit montagne\",\"publisher\":{\"@id\":\"https:\\\/\\\/www.paysdesecrins.com\\\/de\\\/#organization\"},\"potentialAction\":[{\"@type\":\"SearchAction\",\"target\":{\"@type\":\"EntryPoint\",\"urlTemplate\":\"https:\\\/\\\/www.paysdesecrins.com\\\/de\\\/?s={search_term_string}\"},\"query-input\":{\"@type\":\"PropertyValueSpecification\",\"valueRequired\":true,\"valueName\":\"search_term_string\"}}],\"inLanguage\":\"de\"},{\"@type\":\"Organization\",\"@id\":\"https:\\\/\\\/www.paysdesecrins.com\\\/de\\\/#organization\",\"name\":\"Pays des \u00c9crins - Office de Tourisme\",\"url\":\"https:\\\/\\\/www.paysdesecrins.com\\\/de\\\/\",\"logo\":{\"@type\":\"ImageObject\",\"inLanguage\":\"de\",\"@id\":\"https:\\\/\\\/www.paysdesecrins.com\\\/de\\\/#\\\/schema\\\/logo\\\/image\\\/\",\"url\":\"https:\\\/\\\/www.paysdesecrins.com\\\/wp-content\\\/uploads\\\/2025\\\/06\\\/devina-svg-1750845694.svg\",\"contentUrl\":\"https:\\\/\\\/www.paysdesecrins.com\\\/wp-content\\\/uploads\\\/2025\\\/06\\\/devina-svg-1750845694.svg\",\"caption\":\"Pays des \u00c9crins - Office de Tourisme\"},\"image\":{\"@id\":\"https:\\\/\\\/www.paysdesecrins.com\\\/de\\\/#\\\/schema\\\/logo\\\/image\\\/\"}}]}<\/script>\n<!-- \/ Yoast SEO plugin. -->","yoast_head_json":{"title":"Aktivit\u00e4ten in Vallouise-Pelvoux - Pays des \u00c9crins - Office de Tourisme","robots":{"index":"index","follow":"follow","max-snippet":"max-snippet:-1","max-image-preview":"max-image-preview:large","max-video-preview":"max-video-preview:-1"},"canonical":"https:\/\/www.paysdesecrins.com\/de\/mein-resort-mein-dorf\/pelvoux-vallouise-ailefroide\/aktivitaeten-2\/","og_locale":"de_DE","og_type":"article","og_title":"Aktivit\u00e4ten in Vallouise-Pelvoux - Pays des \u00c9crins - Office de Tourisme","og_description":"Entdecken Sie die Aktivit\u00e4ten von Vallouise-Pelvoux, vom ruhigen Wandern im Wald bis hin zum Nervenkitzel beim Paragliding und Rafting. Buchen [&hellip;]","og_url":"https:\/\/www.paysdesecrins.com\/de\/mein-resort-mein-dorf\/pelvoux-vallouise-ailefroide\/aktivitaeten-2\/","og_site_name":"Pays des \u00c9crins - Office de Tourisme","article_modified_time":"2025-08-10T13:26:21+00:00","og_image":[{"width":2560,"height":1707,"url":"https:\/\/www.paysdesecrins.com\/wp-content\/uploads\/2025\/07\/51rafting-eauxvives-rafting-dsc09298-scaled.jpg","type":"image\/jpeg"}],"twitter_card":"summary_large_image","schema":{"@context":"https:\/\/schema.org","@graph":[{"@type":"WebPage","@id":"https:\/\/www.paysdesecrins.com\/de\/mein-resort-mein-dorf\/pelvoux-vallouise-ailefroide\/aktivitaeten-2\/","url":"https:\/\/www.paysdesecrins.com\/de\/mein-resort-mein-dorf\/pelvoux-vallouise-ailefroide\/aktivitaeten-2\/","name":"Aktivit\u00e4ten in Vallouise-Pelvoux - Pays des \u00c9crins - Office de Tourisme","isPartOf":{"@id":"https:\/\/www.paysdesecrins.com\/de\/#website"},"primaryImageOfPage":{"@id":"https:\/\/www.paysdesecrins.com\/de\/mein-resort-mein-dorf\/pelvoux-vallouise-ailefroide\/aktivitaeten-2\/#primaryimage"},"image":{"@id":"https:\/\/www.paysdesecrins.com\/de\/mein-resort-mein-dorf\/pelvoux-vallouise-ailefroide\/aktivitaeten-2\/#primaryimage"},"thumbnailUrl":"https:\/\/www.paysdesecrins.com\/wp-content\/uploads\/2025\/07\/dsc00189-scaled.jpg","datePublished":"2025-06-25T13:44:52+00:00","dateModified":"2025-08-10T13:26:21+00:00","breadcrumb":{"@id":"https:\/\/www.paysdesecrins.com\/de\/mein-resort-mein-dorf\/pelvoux-vallouise-ailefroide\/aktivitaeten-2\/#breadcrumb"},"inLanguage":"de","potentialAction":[{"@type":"ReadAction","target":["https:\/\/www.paysdesecrins.com\/de\/mein-resort-mein-dorf\/pelvoux-vallouise-ailefroide\/aktivitaeten-2\/"]}]},{"@type":"ImageObject","inLanguage":"de","@id":"https:\/\/www.paysdesecrins.com\/de\/mein-resort-mein-dorf\/pelvoux-vallouise-ailefroide\/aktivitaeten-2\/#primaryimage","url":"https:\/\/www.paysdesecrins.com\/wp-content\/uploads\/2025\/07\/dsc00189-scaled.jpg","contentUrl":"https:\/\/www.paysdesecrins.com\/wp-content\/uploads\/2025\/07\/dsc00189-scaled.jpg","width":2560,"height":1707},{"@type":"BreadcrumbList","@id":"https:\/\/www.paysdesecrins.com\/de\/mein-resort-mein-dorf\/pelvoux-vallouise-ailefroide\/aktivitaeten-2\/#breadcrumb","itemListElement":[{"@type":"ListItem","position":1,"name":"Accueil","item":"https:\/\/www.paysdesecrins.com\/de\/der-titel-des-hauses\/"},{"@type":"ListItem","position":2,"name":"Mein Resort, mein Dorf","item":"https:\/\/www.paysdesecrins.com\/de\/ma-station-mon-village\/"},{"@type":"ListItem","position":3,"name":"Vallouise-Pelvoux","item":"https:\/\/www.paysdesecrins.com\/de\/mein-resort-mein-dorf\/pelvoux-vallouise-ailefroide\/"},{"@type":"ListItem","position":4,"name":"Aktivit\u00e4ten in Vallouise-Pelvoux"}]},{"@type":"WebSite","@id":"https:\/\/www.paysdesecrins.com\/de\/#website","url":"https:\/\/www.paysdesecrins.com\/de\/","name":"Pays des \u00c9crins - Office de Tourisme","description":"L&#039;esprit montagne","publisher":{"@id":"https:\/\/www.paysdesecrins.com\/de\/#organization"},"potentialAction":[{"@type":"SearchAction","target":{"@type":"EntryPoint","urlTemplate":"https:\/\/www.paysdesecrins.com\/de\/?s={search_term_string}"},"query-input":{"@type":"PropertyValueSpecification","valueRequired":true,"valueName":"search_term_string"}}],"inLanguage":"de"},{"@type":"Organization","@id":"https:\/\/www.paysdesecrins.com\/de\/#organization","name":"Pays des \u00c9crins - Office de Tourisme","url":"https:\/\/www.paysdesecrins.com\/de\/","logo":{"@type":"ImageObject","inLanguage":"de","@id":"https:\/\/www.paysdesecrins.com\/de\/#\/schema\/logo\/image\/","url":"https:\/\/www.paysdesecrins.com\/wp-content\/uploads\/2025\/06\/devina-svg-1750845694.svg","contentUrl":"https:\/\/www.paysdesecrins.com\/wp-content\/uploads\/2025\/06\/devina-svg-1750845694.svg","caption":"Pays des \u00c9crins - Office de Tourisme"},"image":{"@id":"https:\/\/www.paysdesecrins.com\/de\/#\/schema\/logo\/image\/"}}]}},"_links":{"self":[{"href":"https:\/\/www.paysdesecrins.com\/de\/wp-json\/wp\/v2\/pages\/44399","targetHints":{"allow":["GET"]}}],"collection":[{"href":"https:\/\/www.paysdesecrins.com\/de\/wp-json\/wp\/v2\/pages"}],"about":[{"href":"https:\/\/www.paysdesecrins.com\/de\/wp-json\/wp\/v2\/types\/page"}],"author":[{"embeddable":true,"href":"https:\/\/www.paysdesecrins.com\/de\/wp-json\/wp\/v2\/users\/1"}],"replies":[{"embeddable":true,"href":"https:\/\/www.paysdesecrins.com\/de\/wp-json\/wp\/v2\/comments?post=44399"}],"version-history":[{"count":0,"href":"https:\/\/www.paysdesecrins.com\/de\/wp-json\/wp\/v2\/pages\/44399\/revisions"}],"up":[{"embeddable":true,"href":"https:\/\/www.paysdesecrins.com\/de\/wp-json\/wp\/v2\/pages\/45187"}],"wp:featuredmedia":[{"embeddable":true,"href":"https:\/\/www.paysdesecrins.com\/de\/wp-json\/wp\/v2\/media\/51973"}],"wp:attachment":[{"href":"https:\/\/www.paysdesecrins.com\/de\/wp-json\/wp\/v2\/media?parent=44399"}],"curies":[{"name":"wp","href":"https:\/\/api.w.org\/{rel}","templated":true}]}}