{"id":44557,"date":"2025-06-25T15:44:50","date_gmt":"2025-06-25T13:44:50","guid":{"rendered":"https:\/\/www.paysdesecrins.com\/meine-outdoor-aktivitaeten\/"},"modified":"2025-08-06T10:50:00","modified_gmt":"2025-08-06T08:50:00","slug":"meine-outdoor-aktivitaeten","status":"publish","type":"page","link":"https:\/\/www.paysdesecrins.com\/de\/meine-outdoor-aktivitaeten\/","title":{"rendered":"Meine Outdoor-Aktivit\u00e4ten"},"content":{"rendered":"    <div class=\"alignfull wp-block-ws-library-ws-header-interne\" data-season=\"winter\">\n\t    <div class=\"header-container\">\n\t        <div class=\"group-media has-image\">\n\t            \t                <img loading=\"lazy\" decoding=\"async\" width=\"1920\" height=\"800\" src=\"https:\/\/www.paysdesecrins.com\/wp-content\/uploads\/2025\/07\/puy-saint-vincent-ski-2901-1920x800.jpg\" alt=\"\" class=\"image_large_square wp-image-44775\" \/>\n\t            \t        <\/div>\n\t        <div class=\"group-content\">\n\t            <div class=\"title\">\n\t                <h1>\n\t                    Meine T\u00e4tigkeiten\t                    \t                        im Freien\t                    \t                <\/h1>\n\t            <\/div>\n\t        <\/div>\n\t    <\/div>\n\t    \n<div class=\"yoast-breadcrumbs\"><span><span><a href=\"https:\/\/www.paysdesecrins.com\/de\/der-titel-des-hauses\/\">Accueil<\/a><\/span>  <span class=\"breadcrumb_last\" aria-current=\"page\">Meine Outdoor-Aktivit\u00e4ten<\/span><\/span><\/div>\n    <\/div>\n        <div class=\"alignfull wp-block-ws-library-ws-header-interne\" data-season=\"summer\">\n\t    <div class=\"header-container\">\n\t        <div class=\"group-media has-image\">\n\t            \t                <img loading=\"lazy\" decoding=\"async\" width=\"1920\" height=\"800\" src=\"https:\/\/www.paysdesecrins.com\/wp-content\/uploads\/2025\/07\/du-lac-de-puy-aillaud-au-be-lvede-re-des-trois-refuges-13-scaled-1920x800.jpg\" alt=\"\" class=\"image_large_square wp-image-45038\" \/>\n\t            \t        <\/div>\n\t        <div class=\"group-content\">\n\t            <div class=\"title\">\n\t                <h1>\n\t                    Meine T\u00e4tigkeiten\t                    \t                        im Freien\t                    \t                <\/h1>\n\t            <\/div>\n\t        <\/div>\n\t    <\/div>\n\t    \n<div class=\"yoast-breadcrumbs\"><span><span><a href=\"https:\/\/www.paysdesecrins.com\/de\/der-titel-des-hauses\/\">Accueil<\/a><\/span>  <span class=\"breadcrumb_last\" aria-current=\"page\">Meine Outdoor-Aktivit\u00e4ten<\/span><\/span><\/div>\n    <\/div>\n    \n<div class=\"wp-block-ws-library-ws-title aligncenter is-style-simple\"><h2><em>Abenteuer und Nervenkitzel <\/em>In den \u00c9crins<\/h2><\/div>\n\n<p class=\"has-text-align-center\" data-season=\"winter\">Im Winter verwandelt sich das Pays des \u00c9crins in einen echten Spielplatz f\u00fcr Outdoor-Sportarten: Skifahren, Langlaufen oder Wandern, Schneeschuhwandern und Snowtrail, Eisklettern, Fatbiken, Hundeschlittenfahren, Mountainbiken auf Schnee und Paragliding bieten so viele M\u00f6glichkeiten, sich zu bewegen und den Berg zu sp\u00fcren. Jede Aktivit\u00e4t bekommt in unseren stillen T\u00e4lern mit dem Nationalpark \u00c9crins im Hintergrund eine besondere Dimension. Hier wechseln sich Anstrengung, Empfindungen und Staunen ab, weit weg von den Menschenmassen. Es liegt an Ihnen, Ihre Aktivit\u00e4t zu w\u00e4hlen!   <\/p>\n\n<p class=\"has-text-align-center\" data-season=\"summer\">Der Sommer in den \u00c9crins ist Abenteuer in all seinen Formen: Klettern und Bergsteigen, Wandern, Trail- und Nordic Walking, Radfahren (Mountainbiken, E-Mountainbiken, Downhill, Rennradfahren), Wildwassersport (Kajakfahren, Rafting, Canyoning), Paragliding und Reiten. Die Routen kreuzen sich, die Reliefs werden erklommen und die Abfahrten werden in vollen Z\u00fcgen erlebt. Das Territorium wird zu einem riesigen Erkundungsfeld f\u00fcr alle Niveaus. Es liegt an Ihnen, Ihre Aktivit\u00e4t zu w\u00e4hlen!   <\/p>\n<div class=\"alignwide wp-block-ws-library-ws-list-childs\" data-season=\"summer\"><div class=\"child-pages-list list-items list-2-3-4\"><div class=\"item\" data-season=\"all-seasons\"><div class=\"card card-child\"><div class=\"group-media\"><div class=\"field-image\"><img decoding=\"async\" width=\"400\" height=\"400\" src=\"https:\/\/www.paysdesecrins.com\/wp-content\/uploads\/2025\/07\/12-29-24-mushing-addict-84-400x400.jpg\" class=\"winter all-seasons wp-post-image\" alt=\"\" loading=\"lazy\" data-season=\"all-seasons\" srcset=\"https:\/\/www.paysdesecrins.com\/wp-content\/uploads\/2025\/07\/12-29-24-mushing-addict-84-400x400.jpg 400w, https:\/\/www.paysdesecrins.com\/wp-content\/uploads\/2025\/07\/12-29-24-mushing-addict-84-150x150.jpg 150w, https:\/\/www.paysdesecrins.com\/wp-content\/uploads\/2025\/07\/12-29-24-mushing-addict-84-600x600.jpg 600w, https:\/\/www.paysdesecrins.com\/wp-content\/uploads\/2025\/07\/12-29-24-mushing-addict-84-300x300.jpg 300w, https:\/\/www.paysdesecrins.com\/wp-content\/uploads\/2025\/07\/12-29-24-mushing-addict-84-570x570.jpg 570w\" sizes=\"auto, (max-width: 400px) 100vw, 400px\" \/><\/div><\/div><div class=\"group-content\"><span class=\"field-title\">Schlittenhunderennen<\/span><\/div><div class=\"field-link\"><a href=\"https:\/\/www.paysdesecrins.com\/de\/meine-outdoor-aktivitaeten\/schlittenhunderennen\/\" class=\"cardlink\">Voir plus<\/a><\/div><\/div><\/div><div class=\"item\" data-season=\"all-seasons\"><div class=\"card card-child\"><div class=\"group-media\"><div class=\"field-image\"><img decoding=\"async\" width=\"400\" height=\"400\" src=\"https:\/\/www.paysdesecrins.com\/wp-content\/uploads\/2025\/07\/cascade-de-glace-pelvoux-4j-400x400.jpg\" class=\"winter all-seasons wp-post-image\" alt=\"\" loading=\"lazy\" data-season=\"all-seasons\" srcset=\"https:\/\/www.paysdesecrins.com\/wp-content\/uploads\/2025\/07\/cascade-de-glace-pelvoux-4j-400x400.jpg 400w, https:\/\/www.paysdesecrins.com\/wp-content\/uploads\/2025\/07\/cascade-de-glace-pelvoux-4j-150x150.jpg 150w, https:\/\/www.paysdesecrins.com\/wp-content\/uploads\/2025\/07\/cascade-de-glace-pelvoux-4j-600x600.jpg 600w, https:\/\/www.paysdesecrins.com\/wp-content\/uploads\/2025\/07\/cascade-de-glace-pelvoux-4j-300x300.jpg 300w, https:\/\/www.paysdesecrins.com\/wp-content\/uploads\/2025\/07\/cascade-de-glace-pelvoux-4j-570x570.jpg 570w\" sizes=\"auto, (max-width: 400px) 100vw, 400px\" \/><\/div><\/div><div class=\"group-content\"><span class=\"field-title\">Eisklettern<\/span><\/div><div class=\"field-link\"><a href=\"https:\/\/www.paysdesecrins.com\/de\/meine-outdoor-aktivitaeten\/eisklettern\/\" class=\"cardlink\">Voir plus<\/a><\/div><\/div><\/div><div class=\"item\" data-season=\"all-seasons\"><div class=\"card card-child\"><div class=\"group-media\"><div class=\"field-image\"><img decoding=\"async\" width=\"400\" height=\"400\" src=\"https:\/\/www.paysdesecrins.com\/wp-content\/uploads\/2025\/07\/03-11-2024-immersion-nordique-54-400x400.jpg\" class=\"winter all-seasons wp-post-image\" alt=\"\" loading=\"lazy\" data-season=\"all-seasons\" srcset=\"https:\/\/www.paysdesecrins.com\/wp-content\/uploads\/2025\/07\/03-11-2024-immersion-nordique-54-400x400.jpg 400w, https:\/\/www.paysdesecrins.com\/wp-content\/uploads\/2025\/07\/03-11-2024-immersion-nordique-54-150x150.jpg 150w, https:\/\/www.paysdesecrins.com\/wp-content\/uploads\/2025\/07\/03-11-2024-immersion-nordique-54-600x600.jpg 600w, https:\/\/www.paysdesecrins.com\/wp-content\/uploads\/2025\/07\/03-11-2024-immersion-nordique-54-300x300.jpg 300w, https:\/\/www.paysdesecrins.com\/wp-content\/uploads\/2025\/07\/03-11-2024-immersion-nordique-54-570x570.jpg 570w\" sizes=\"auto, (max-width: 400px) 100vw, 400px\" \/><\/div><\/div><div class=\"group-content\"><span class=\"field-title\">Wandern und Trailrunning<\/span><\/div><div class=\"field-link\"><a href=\"https:\/\/www.paysdesecrins.com\/de\/meine-outdoor-aktivitaeten\/wandern-und-trailrunning\/\" class=\"cardlink\">Voir plus<\/a><\/div><\/div><\/div><div class=\"item\" data-season=\"all-seasons\"><div class=\"card card-child\"><div class=\"group-media\"><div class=\"field-image\"><img decoding=\"async\" width=\"400\" height=\"400\" src=\"https:\/\/www.paysdesecrins.com\/wp-content\/uploads\/2025\/07\/photos-kinaphoto-psv-journe-e-7-2025-hd44-1-400x400.jpg\" class=\"winter all-seasons wp-post-image\" alt=\"\" loading=\"lazy\" data-season=\"all-seasons\" srcset=\"https:\/\/www.paysdesecrins.com\/wp-content\/uploads\/2025\/07\/photos-kinaphoto-psv-journe-e-7-2025-hd44-1-400x400.jpg 400w, https:\/\/www.paysdesecrins.com\/wp-content\/uploads\/2025\/07\/photos-kinaphoto-psv-journe-e-7-2025-hd44-1-150x150.jpg 150w, https:\/\/www.paysdesecrins.com\/wp-content\/uploads\/2025\/07\/photos-kinaphoto-psv-journe-e-7-2025-hd44-1-600x600.jpg 600w, https:\/\/www.paysdesecrins.com\/wp-content\/uploads\/2025\/07\/photos-kinaphoto-psv-journe-e-7-2025-hd44-1-300x300.jpg 300w, https:\/\/www.paysdesecrins.com\/wp-content\/uploads\/2025\/07\/photos-kinaphoto-psv-journe-e-7-2025-hd44-1-570x570.jpg 570w\" sizes=\"auto, (max-width: 400px) 100vw, 400px\" \/><\/div><\/div><div class=\"group-content\"><span class=\"field-title\">Ski<\/span><\/div><div class=\"field-link\"><a href=\"https:\/\/www.paysdesecrins.com\/de\/meine-outdoor-aktivitaeten\/ski\/\" class=\"cardlink\">Voir plus<\/a><\/div><\/div><\/div><div class=\"item\" data-season=\"all-seasons\"><div class=\"card card-child\"><div class=\"group-media\"><div class=\"field-image\"><img decoding=\"async\" width=\"400\" height=\"400\" src=\"https:\/\/www.paysdesecrins.com\/wp-content\/uploads\/2025\/07\/161sitesdexception-barreles-e-crins-glacier-blanc-roche-faurio-125-2-400x400.jpg\" class=\"winter all-seasons wp-post-image\" alt=\"\" loading=\"lazy\" data-season=\"all-seasons\" srcset=\"https:\/\/www.paysdesecrins.com\/wp-content\/uploads\/2025\/07\/161sitesdexception-barreles-e-crins-glacier-blanc-roche-faurio-125-2-400x400.jpg 400w, https:\/\/www.paysdesecrins.com\/wp-content\/uploads\/2025\/07\/161sitesdexception-barreles-e-crins-glacier-blanc-roche-faurio-125-2-150x150.jpg 150w, https:\/\/www.paysdesecrins.com\/wp-content\/uploads\/2025\/07\/161sitesdexception-barreles-e-crins-glacier-blanc-roche-faurio-125-2-600x600.jpg 600w, https:\/\/www.paysdesecrins.com\/wp-content\/uploads\/2025\/07\/161sitesdexception-barreles-e-crins-glacier-blanc-roche-faurio-125-2-300x300.jpg 300w, https:\/\/www.paysdesecrins.com\/wp-content\/uploads\/2025\/07\/161sitesdexception-barreles-e-crins-glacier-blanc-roche-faurio-125-2-570x570.jpg 570w\" sizes=\"auto, (max-width: 400px) 100vw, 400px\" \/><\/div><\/div><div class=\"group-content\"><span class=\"field-title\">Klettern und Bergsteigen<\/span><\/div><div class=\"field-link\"><a href=\"https:\/\/www.paysdesecrins.com\/de\/meine-outdoor-aktivitaeten\/klettern-und-bergsteigen\/\" class=\"cardlink\">Voir plus<\/a><\/div><\/div><\/div><div class=\"item\" data-season=\"all-seasons\"><div class=\"card card-child\"><div class=\"group-media\"><div class=\"field-image\"><img decoding=\"async\" width=\"400\" height=\"400\" src=\"https:\/\/www.paysdesecrins.com\/wp-content\/uploads\/2025\/07\/vol-dedistance-competitio-4-2-400x400.jpg\" class=\"winter all-seasons wp-post-image\" alt=\"\" loading=\"lazy\" data-season=\"all-seasons\" srcset=\"https:\/\/www.paysdesecrins.com\/wp-content\/uploads\/2025\/07\/vol-dedistance-competitio-4-2-400x400.jpg 400w, https:\/\/www.paysdesecrins.com\/wp-content\/uploads\/2025\/07\/vol-dedistance-competitio-4-2-150x150.jpg 150w, https:\/\/www.paysdesecrins.com\/wp-content\/uploads\/2025\/07\/vol-dedistance-competitio-4-2-600x600.jpg 600w, https:\/\/www.paysdesecrins.com\/wp-content\/uploads\/2025\/07\/vol-dedistance-competitio-4-2-300x300.jpg 300w, https:\/\/www.paysdesecrins.com\/wp-content\/uploads\/2025\/07\/vol-dedistance-competitio-4-2-570x570.jpg 570w\" sizes=\"auto, (max-width: 400px) 100vw, 400px\" \/><\/div><\/div><div class=\"group-content\"><span class=\"field-title\">Gleitschirm<\/span><\/div><div class=\"field-link\"><a href=\"https:\/\/www.paysdesecrins.com\/de\/meine-outdoor-aktivitaeten\/gleitschirm\/\" class=\"cardlink\">Voir plus<\/a><\/div><\/div><\/div><div class=\"item\" data-season=\"all-seasons\"><div class=\"card card-child\"><div class=\"group-media\"><div class=\"field-image\"><img decoding=\"async\" width=\"400\" height=\"400\" src=\"https:\/\/www.paysdesecrins.com\/wp-content\/uploads\/2025\/07\/vtt-geotrek-parcours-17-1jp-400x400.jpg\" class=\"winter all-seasons wp-post-image\" alt=\"\" loading=\"lazy\" data-season=\"all-seasons\" srcset=\"https:\/\/www.paysdesecrins.com\/wp-content\/uploads\/2025\/07\/vtt-geotrek-parcours-17-1jp-400x400.jpg 400w, https:\/\/www.paysdesecrins.com\/wp-content\/uploads\/2025\/07\/vtt-geotrek-parcours-17-1jp-150x150.jpg 150w, https:\/\/www.paysdesecrins.com\/wp-content\/uploads\/2025\/07\/vtt-geotrek-parcours-17-1jp-600x600.jpg 600w, https:\/\/www.paysdesecrins.com\/wp-content\/uploads\/2025\/07\/vtt-geotrek-parcours-17-1jp-300x300.jpg 300w, https:\/\/www.paysdesecrins.com\/wp-content\/uploads\/2025\/07\/vtt-geotrek-parcours-17-1jp-570x570.jpg 570w\" sizes=\"auto, (max-width: 400px) 100vw, 400px\" \/><\/div><\/div><div class=\"group-content\"><span class=\"field-title\">Mountainbike<\/span><\/div><div class=\"field-link\"><a href=\"https:\/\/www.paysdesecrins.com\/de\/meine-outdoor-aktivitaeten\/mountainbike\/\" class=\"cardlink\">Voir plus<\/a><\/div><\/div><\/div><div class=\"item\" data-season=\"all-seasons\"><div class=\"card card-child\"><div class=\"group-media\"><div class=\"field-image\"><img decoding=\"async\" width=\"400\" height=\"400\" src=\"https:\/\/www.paysdesecrins.com\/wp-content\/uploads\/2025\/08\/local-velo-2024-072-400x400.jpg\" class=\"winter all-seasons wp-post-image\" alt=\"\" loading=\"lazy\" data-season=\"all-seasons\" srcset=\"https:\/\/www.paysdesecrins.com\/wp-content\/uploads\/2025\/08\/local-velo-2024-072-400x400.jpg 400w, https:\/\/www.paysdesecrins.com\/wp-content\/uploads\/2025\/08\/local-velo-2024-072-150x150.jpg 150w, https:\/\/www.paysdesecrins.com\/wp-content\/uploads\/2025\/08\/local-velo-2024-072-600x600.jpg 600w, https:\/\/www.paysdesecrins.com\/wp-content\/uploads\/2025\/08\/local-velo-2024-072-300x300.jpg 300w, https:\/\/www.paysdesecrins.com\/wp-content\/uploads\/2025\/08\/local-velo-2024-072-570x570.jpg 570w\" sizes=\"auto, (max-width: 400px) 100vw, 400px\" \/><\/div><\/div><div class=\"group-content\"><span class=\"field-title\">Klettersteige, Baumklettern und Baumklettern<\/span><\/div><div class=\"field-link\"><a href=\"https:\/\/www.paysdesecrins.com\/de\/meine-outdoor-aktivitaeten\/klettersteige-baumklettern-und-baumklettern\/\" class=\"cardlink\">Voir plus<\/a><\/div><\/div><\/div><div class=\"item\" data-season=\"all-seasons\"><div class=\"card card-child\"><div class=\"group-media\"><div class=\"field-image\"><img decoding=\"async\" width=\"400\" height=\"400\" src=\"https:\/\/www.paysdesecrins.com\/wp-content\/uploads\/2025\/07\/clapouse24-19-400x400.jpg\" class=\"winter all-seasons wp-post-image\" alt=\"\" loading=\"lazy\" data-season=\"all-seasons\" srcset=\"https:\/\/www.paysdesecrins.com\/wp-content\/uploads\/2025\/07\/clapouse24-19-400x400.jpg 400w, https:\/\/www.paysdesecrins.com\/wp-content\/uploads\/2025\/07\/clapouse24-19-150x150.jpg 150w, https:\/\/www.paysdesecrins.com\/wp-content\/uploads\/2025\/07\/clapouse24-19-600x600.jpg 600w, https:\/\/www.paysdesecrins.com\/wp-content\/uploads\/2025\/07\/clapouse24-19-300x300.jpg 300w, https:\/\/www.paysdesecrins.com\/wp-content\/uploads\/2025\/07\/clapouse24-19-570x570.jpg 570w\" sizes=\"auto, (max-width: 400px) 100vw, 400px\" \/><\/div><\/div><div class=\"group-content\"><span class=\"field-title\">Sommer im Pays des \u00c9crins<\/span><\/div><div class=\"field-link\"><a href=\"https:\/\/www.paysdesecrins.com\/de\/meine-outdoor-aktivitaeten\/sommer-im-pays-des-ecrins\/\" class=\"cardlink\">Voir plus<\/a><\/div><\/div><\/div><div class=\"item\" data-season=\"all-seasons\"><div class=\"card card-child\"><div class=\"group-media\"><div class=\"field-image\"><img decoding=\"async\" width=\"400\" height=\"400\" src=\"https:\/\/www.paysdesecrins.com\/wp-content\/uploads\/2025\/07\/paysages-et-ski-autour-de-dormillouse-44-400x400.jpg\" class=\"winter all-seasons wp-post-image\" alt=\"\" loading=\"lazy\" data-season=\"all-seasons\" srcset=\"https:\/\/www.paysdesecrins.com\/wp-content\/uploads\/2025\/07\/paysages-et-ski-autour-de-dormillouse-44-400x400.jpg 400w, https:\/\/www.paysdesecrins.com\/wp-content\/uploads\/2025\/07\/paysages-et-ski-autour-de-dormillouse-44-150x150.jpg 150w, https:\/\/www.paysdesecrins.com\/wp-content\/uploads\/2025\/07\/paysages-et-ski-autour-de-dormillouse-44-600x600.jpg 600w, https:\/\/www.paysdesecrins.com\/wp-content\/uploads\/2025\/07\/paysages-et-ski-autour-de-dormillouse-44-300x300.jpg 300w, https:\/\/www.paysdesecrins.com\/wp-content\/uploads\/2025\/07\/paysages-et-ski-autour-de-dormillouse-44-570x570.jpg 570w\" sizes=\"auto, (max-width: 400px) 100vw, 400px\" \/><\/div><\/div><div class=\"group-content\"><span class=\"field-title\">Winter im Land der \u00c9crins<\/span><\/div><div class=\"field-link\"><a href=\"https:\/\/www.paysdesecrins.com\/de\/meine-outdoor-aktivitaeten\/winter-im-land-der-ecrins\/\" class=\"cardlink\">Voir plus<\/a><\/div><\/div><\/div><div class=\"item\" data-season=\"all-seasons\"><div class=\"card card-child\"><div class=\"group-media\"><div class=\"field-image\"><img decoding=\"async\" width=\"400\" height=\"400\" src=\"https:\/\/www.paysdesecrins.com\/wp-content\/uploads\/2025\/07\/dsc07274-400x400.jpg\" class=\"winter all-seasons wp-post-image\" alt=\"\" loading=\"lazy\" data-season=\"all-seasons\" srcset=\"https:\/\/www.paysdesecrins.com\/wp-content\/uploads\/2025\/07\/dsc07274-400x400.jpg 400w, https:\/\/www.paysdesecrins.com\/wp-content\/uploads\/2025\/07\/dsc07274-150x150.jpg 150w, https:\/\/www.paysdesecrins.com\/wp-content\/uploads\/2025\/07\/dsc07274-600x600.jpg 600w, https:\/\/www.paysdesecrins.com\/wp-content\/uploads\/2025\/07\/dsc07274-300x300.jpg 300w, https:\/\/www.paysdesecrins.com\/wp-content\/uploads\/2025\/07\/dsc07274-570x570.jpg 570w\" sizes=\"auto, (max-width: 400px) 100vw, 400px\" \/><\/div><\/div><div class=\"group-content\"><span class=\"field-title\">Gew\u00e4sser<\/span><\/div><div class=\"field-link\"><a href=\"https:\/\/www.paysdesecrins.com\/de\/meine-outdoor-aktivitaeten\/gewaesser\/\" class=\"cardlink\">Voir plus<\/a><\/div><\/div><\/div><div class=\"item\" data-season=\"all-seasons\"><div class=\"card card-child\"><div class=\"group-media\"><div class=\"field-image\"><img decoding=\"async\" width=\"400\" height=\"400\" src=\"https:\/\/www.paysdesecrins.com\/wp-content\/uploads\/2025\/07\/dsc03189-400x400.jpg\" class=\"winter all-seasons wp-post-image\" alt=\"\" loading=\"lazy\" data-season=\"all-seasons\" srcset=\"https:\/\/www.paysdesecrins.com\/wp-content\/uploads\/2025\/07\/dsc03189-400x400.jpg 400w, https:\/\/www.paysdesecrins.com\/wp-content\/uploads\/2025\/07\/dsc03189-150x150.jpg 150w, https:\/\/www.paysdesecrins.com\/wp-content\/uploads\/2025\/07\/dsc03189-600x600.jpg 600w, https:\/\/www.paysdesecrins.com\/wp-content\/uploads\/2025\/07\/dsc03189-300x300.jpg 300w, https:\/\/www.paysdesecrins.com\/wp-content\/uploads\/2025\/07\/dsc03189-570x570.jpg 570w\" sizes=\"auto, (max-width: 400px) 100vw, 400px\" \/><\/div><\/div><div class=\"group-content\"><span class=\"field-title\">Fahrrad<\/span><\/div><div class=\"field-link\"><a href=\"https:\/\/www.paysdesecrins.com\/de\/meine-outdoor-aktivitaeten\/fahrrad\/\" class=\"cardlink\">Voir plus<\/a><\/div><\/div><\/div><div class=\"item\" data-season=\"all-seasons\"><div class=\"card card-child\"><div class=\"group-media\"><div class=\"field-image is-default\"><img decoding=\"async\" src=\"https:\/\/www.paysdesecrins.com\/wp-content\/uploads\/2025\/06\/cropped-paysdesecrins-300x300.png\" alt=\"Pays des \u00c9crins - Office de Tourisme\" style=\"filter: grayscale(100%);\" loading=\"lazy\" \/><\/div><\/div><div class=\"group-content\"><span class=\"field-title\">Outdoor-Routen<\/span><\/div><div class=\"field-link\"><a href=\"https:\/\/www.paysdesecrins.com\/de\/meine-outdoor-aktivitaeten\/outdoor-routen\/\" class=\"cardlink\">Voir plus<\/a><\/div><\/div><\/div><div class=\"item\" data-season=\"all-seasons\"><div class=\"card card-child\"><div class=\"group-media\"><div class=\"field-image\"><img decoding=\"async\" width=\"400\" height=\"400\" src=\"https:\/\/www.paysdesecrins.com\/wp-content\/uploads\/2025\/07\/dsc00616-400x400.jpg\" class=\"winter all-seasons wp-post-image\" alt=\"\" loading=\"lazy\" data-season=\"all-seasons\" srcset=\"https:\/\/www.paysdesecrins.com\/wp-content\/uploads\/2025\/07\/dsc00616-400x400.jpg 400w, https:\/\/www.paysdesecrins.com\/wp-content\/uploads\/2025\/07\/dsc00616-150x150.jpg 150w, https:\/\/www.paysdesecrins.com\/wp-content\/uploads\/2025\/07\/dsc00616-600x600.jpg 600w, https:\/\/www.paysdesecrins.com\/wp-content\/uploads\/2025\/07\/dsc00616-300x300.jpg 300w, https:\/\/www.paysdesecrins.com\/wp-content\/uploads\/2025\/07\/dsc00616-570x570.jpg 570w\" sizes=\"auto, (max-width: 400px) 100vw, 400px\" \/><\/div><\/div><div class=\"group-content\"><span class=\"field-title\">Reiten<\/span><\/div><div class=\"field-link\"><a href=\"https:\/\/www.paysdesecrins.com\/de\/meine-outdoor-aktivitaeten\/reiten\/\" class=\"cardlink\">Voir plus<\/a><\/div><\/div><\/div><div class=\"item\" data-season=\"all-seasons\"><div class=\"card card-child\"><div class=\"group-media\"><div class=\"field-image is-default\"><img decoding=\"async\" src=\"https:\/\/www.paysdesecrins.com\/wp-content\/uploads\/2025\/06\/cropped-paysdesecrins-300x300.png\" alt=\"Pays des \u00c9crins - Office de Tourisme\" style=\"filter: grayscale(100%);\" loading=\"lazy\" \/><\/div><\/div><div class=\"group-content\"><span class=\"field-title\">Alle Routen<\/span><\/div><div class=\"field-link\"><a href=\"https:\/\/www.paysdesecrins.com\/de\/meine-outdoor-aktivitaeten\/alle-routen\/\" class=\"cardlink\">Voir plus<\/a><\/div><\/div><\/div><div class=\"item\" data-season=\"all-seasons\"><div class=\"card card-child\"><div class=\"group-media\"><div class=\"field-image is-default\"><img decoding=\"async\" src=\"https:\/\/www.paysdesecrins.com\/wp-content\/uploads\/2025\/06\/cropped-paysdesecrins-300x300.png\" alt=\"Pays des \u00c9crins - Office de Tourisme\" style=\"filter: grayscale(100%);\" loading=\"lazy\" \/><\/div><\/div><div class=\"group-content\"><span class=\"field-title\">Roaming<\/span><\/div><div class=\"field-link\"><a href=\"https:\/\/www.paysdesecrins.com\/de\/meine-outdoor-aktivitaeten\/roaming\/\" class=\"cardlink\">Voir plus<\/a><\/div><\/div><\/div><div class=\"item\" data-season=\"all-seasons\"><div class=\"card card-child\"><div class=\"group-media\"><div class=\"field-image\"><img decoding=\"async\" width=\"400\" height=\"400\" src=\"https:\/\/www.paysdesecrins.com\/wp-content\/uploads\/2025\/07\/bivouac-et-trail-cre-te-de-rougnoux-129-400x400.jpg\" class=\"winter all-seasons wp-post-image\" alt=\"\" loading=\"lazy\" data-season=\"all-seasons\" srcset=\"https:\/\/www.paysdesecrins.com\/wp-content\/uploads\/2025\/07\/bivouac-et-trail-cre-te-de-rougnoux-129-400x400.jpg 400w, https:\/\/www.paysdesecrins.com\/wp-content\/uploads\/2025\/07\/bivouac-et-trail-cre-te-de-rougnoux-129-150x150.jpg 150w, https:\/\/www.paysdesecrins.com\/wp-content\/uploads\/2025\/07\/bivouac-et-trail-cre-te-de-rougnoux-129-600x600.jpg 600w, https:\/\/www.paysdesecrins.com\/wp-content\/uploads\/2025\/07\/bivouac-et-trail-cre-te-de-rougnoux-129-300x300.jpg 300w, https:\/\/www.paysdesecrins.com\/wp-content\/uploads\/2025\/07\/bivouac-et-trail-cre-te-de-rougnoux-129-570x570.jpg 570w\" sizes=\"auto, (max-width: 400px) 100vw, 400px\" \/><\/div><\/div><div class=\"group-content\"><span class=\"field-title\">Wandern und Wandern<\/span><\/div><div class=\"field-link\"><a href=\"https:\/\/www.paysdesecrins.com\/de\/meine-outdoor-aktivitaeten\/wandern-und-trailrunning-2\/\" class=\"cardlink\">Voir plus<\/a><\/div><\/div><\/div><div class=\"item\" data-season=\"all-seasons\"><div class=\"card card-child\"><div class=\"group-media\"><div class=\"field-image is-default\"><img decoding=\"async\" src=\"https:\/\/www.paysdesecrins.com\/wp-content\/uploads\/2025\/06\/cropped-paysdesecrins-300x300.png\" alt=\"Pays des \u00c9crins - Office de Tourisme\" style=\"filter: grayscale(100%);\" loading=\"lazy\" \/><\/div><\/div><div class=\"group-content\"><span class=\"field-title\">Einschluss<\/span><\/div><div class=\"field-link\"><a href=\"https:\/\/www.paysdesecrins.com\/de\/meine-outdoor-aktivitaeten\/einschluss\/\" class=\"cardlink\">Voir plus<\/a><\/div><\/div><\/div><div class=\"item\" data-season=\"all-seasons\"><div class=\"card card-child\"><div class=\"group-media\"><div class=\"field-image\"><img decoding=\"async\" width=\"400\" height=\"400\" src=\"https:\/\/www.paysdesecrins.com\/wp-content\/uploads\/2025\/07\/img-0246-400x400.jpg\" class=\"winter all-seasons wp-post-image\" alt=\"\" loading=\"lazy\" data-season=\"all-seasons\" srcset=\"https:\/\/www.paysdesecrins.com\/wp-content\/uploads\/2025\/07\/img-0246-400x400.jpg 400w, https:\/\/www.paysdesecrins.com\/wp-content\/uploads\/2025\/07\/img-0246-150x150.jpg 150w, https:\/\/www.paysdesecrins.com\/wp-content\/uploads\/2025\/07\/img-0246-600x600.jpg 600w, https:\/\/www.paysdesecrins.com\/wp-content\/uploads\/2025\/07\/img-0246-300x300.jpg 300w, https:\/\/www.paysdesecrins.com\/wp-content\/uploads\/2025\/07\/img-0246-570x570.jpg 570w\" sizes=\"auto, (max-width: 400px) 100vw, 400px\" \/><\/div><\/div><div class=\"group-content\"><span class=\"field-title\">Eskalation<\/span><\/div><div class=\"field-link\"><a href=\"https:\/\/www.paysdesecrins.com\/de\/meine-outdoor-aktivitaeten\/eskalation\/\" class=\"cardlink\">Voir plus<\/a><\/div><\/div><\/div><div class=\"item\" data-season=\"all-seasons\"><div class=\"card card-child\"><div class=\"group-media\"><div class=\"field-image\"><img decoding=\"async\" width=\"400\" height=\"400\" src=\"https:\/\/www.paysdesecrins.com\/wp-content\/uploads\/2025\/07\/img-0784-400x400.jpg\" class=\"winter all-seasons wp-post-image\" alt=\"\" loading=\"lazy\" data-season=\"all-seasons\" srcset=\"https:\/\/www.paysdesecrins.com\/wp-content\/uploads\/2025\/07\/img-0784-400x400.jpg 400w, https:\/\/www.paysdesecrins.com\/wp-content\/uploads\/2025\/07\/img-0784-150x150.jpg 150w, https:\/\/www.paysdesecrins.com\/wp-content\/uploads\/2025\/07\/img-0784-600x600.jpg 600w, https:\/\/www.paysdesecrins.com\/wp-content\/uploads\/2025\/07\/img-0784-300x300.jpg 300w, https:\/\/www.paysdesecrins.com\/wp-content\/uploads\/2025\/07\/img-0784-570x570.jpg 570w\" sizes=\"auto, (max-width: 400px) 100vw, 400px\" \/><\/div><\/div><div class=\"group-content\"><span class=\"field-title\">Fatbike<\/span><\/div><div class=\"field-link\"><a href=\"https:\/\/www.paysdesecrins.com\/de\/meine-outdoor-aktivitaeten\/fatbike\/\" class=\"cardlink\">Voir plus<\/a><\/div><\/div><\/div><\/div><\/div><div class=\"alignwide wp-block-ws-library-ws-list-childs\" data-season=\"winter\"><div class=\"child-pages-list list-items list-2-3-4\"><div class=\"item\" data-season=\"all-seasons\"><div class=\"card card-child\"><div class=\"group-media\"><div class=\"field-image\"><img decoding=\"async\" width=\"400\" height=\"400\" src=\"https:\/\/www.paysdesecrins.com\/wp-content\/uploads\/2025\/07\/12-29-24-mushing-addict-84-400x400.jpg\" class=\"winter all-seasons wp-post-image\" alt=\"\" loading=\"lazy\" data-season=\"all-seasons\" srcset=\"https:\/\/www.paysdesecrins.com\/wp-content\/uploads\/2025\/07\/12-29-24-mushing-addict-84-400x400.jpg 400w, https:\/\/www.paysdesecrins.com\/wp-content\/uploads\/2025\/07\/12-29-24-mushing-addict-84-150x150.jpg 150w, https:\/\/www.paysdesecrins.com\/wp-content\/uploads\/2025\/07\/12-29-24-mushing-addict-84-600x600.jpg 600w, https:\/\/www.paysdesecrins.com\/wp-content\/uploads\/2025\/07\/12-29-24-mushing-addict-84-300x300.jpg 300w, https:\/\/www.paysdesecrins.com\/wp-content\/uploads\/2025\/07\/12-29-24-mushing-addict-84-570x570.jpg 570w\" sizes=\"auto, (max-width: 400px) 100vw, 400px\" \/><\/div><\/div><div class=\"group-content\"><span class=\"field-title\">Schlittenhunderennen<\/span><\/div><div class=\"field-link\"><a href=\"https:\/\/www.paysdesecrins.com\/de\/meine-outdoor-aktivitaeten\/schlittenhunderennen\/\" class=\"cardlink\">Voir plus<\/a><\/div><\/div><\/div><div class=\"item\" data-season=\"all-seasons\"><div class=\"card card-child\"><div class=\"group-media\"><div class=\"field-image\"><img decoding=\"async\" width=\"400\" height=\"400\" src=\"https:\/\/www.paysdesecrins.com\/wp-content\/uploads\/2025\/07\/cascade-de-glace-pelvoux-4j-400x400.jpg\" class=\"winter all-seasons wp-post-image\" alt=\"\" loading=\"lazy\" data-season=\"all-seasons\" srcset=\"https:\/\/www.paysdesecrins.com\/wp-content\/uploads\/2025\/07\/cascade-de-glace-pelvoux-4j-400x400.jpg 400w, https:\/\/www.paysdesecrins.com\/wp-content\/uploads\/2025\/07\/cascade-de-glace-pelvoux-4j-150x150.jpg 150w, https:\/\/www.paysdesecrins.com\/wp-content\/uploads\/2025\/07\/cascade-de-glace-pelvoux-4j-600x600.jpg 600w, https:\/\/www.paysdesecrins.com\/wp-content\/uploads\/2025\/07\/cascade-de-glace-pelvoux-4j-300x300.jpg 300w, https:\/\/www.paysdesecrins.com\/wp-content\/uploads\/2025\/07\/cascade-de-glace-pelvoux-4j-570x570.jpg 570w\" sizes=\"auto, (max-width: 400px) 100vw, 400px\" \/><\/div><\/div><div class=\"group-content\"><span class=\"field-title\">Eisklettern<\/span><\/div><div class=\"field-link\"><a href=\"https:\/\/www.paysdesecrins.com\/de\/meine-outdoor-aktivitaeten\/eisklettern\/\" class=\"cardlink\">Voir plus<\/a><\/div><\/div><\/div><div class=\"item\" data-season=\"all-seasons\"><div class=\"card card-child\"><div class=\"group-media\"><div class=\"field-image\"><img decoding=\"async\" width=\"400\" height=\"400\" src=\"https:\/\/www.paysdesecrins.com\/wp-content\/uploads\/2025\/07\/03-11-2024-immersion-nordique-54-400x400.jpg\" class=\"winter all-seasons wp-post-image\" alt=\"\" loading=\"lazy\" data-season=\"all-seasons\" srcset=\"https:\/\/www.paysdesecrins.com\/wp-content\/uploads\/2025\/07\/03-11-2024-immersion-nordique-54-400x400.jpg 400w, https:\/\/www.paysdesecrins.com\/wp-content\/uploads\/2025\/07\/03-11-2024-immersion-nordique-54-150x150.jpg 150w, https:\/\/www.paysdesecrins.com\/wp-content\/uploads\/2025\/07\/03-11-2024-immersion-nordique-54-600x600.jpg 600w, https:\/\/www.paysdesecrins.com\/wp-content\/uploads\/2025\/07\/03-11-2024-immersion-nordique-54-300x300.jpg 300w, https:\/\/www.paysdesecrins.com\/wp-content\/uploads\/2025\/07\/03-11-2024-immersion-nordique-54-570x570.jpg 570w\" sizes=\"auto, (max-width: 400px) 100vw, 400px\" \/><\/div><\/div><div class=\"group-content\"><span class=\"field-title\">Wandern und Trailrunning<\/span><\/div><div class=\"field-link\"><a href=\"https:\/\/www.paysdesecrins.com\/de\/meine-outdoor-aktivitaeten\/wandern-und-trailrunning\/\" class=\"cardlink\">Voir plus<\/a><\/div><\/div><\/div><div class=\"item\" data-season=\"all-seasons\"><div class=\"card card-child\"><div class=\"group-media\"><div class=\"field-image\"><img decoding=\"async\" width=\"400\" height=\"400\" src=\"https:\/\/www.paysdesecrins.com\/wp-content\/uploads\/2025\/07\/photos-kinaphoto-psv-journe-e-7-2025-hd44-1-400x400.jpg\" class=\"winter all-seasons wp-post-image\" alt=\"\" loading=\"lazy\" data-season=\"all-seasons\" srcset=\"https:\/\/www.paysdesecrins.com\/wp-content\/uploads\/2025\/07\/photos-kinaphoto-psv-journe-e-7-2025-hd44-1-400x400.jpg 400w, https:\/\/www.paysdesecrins.com\/wp-content\/uploads\/2025\/07\/photos-kinaphoto-psv-journe-e-7-2025-hd44-1-150x150.jpg 150w, https:\/\/www.paysdesecrins.com\/wp-content\/uploads\/2025\/07\/photos-kinaphoto-psv-journe-e-7-2025-hd44-1-600x600.jpg 600w, https:\/\/www.paysdesecrins.com\/wp-content\/uploads\/2025\/07\/photos-kinaphoto-psv-journe-e-7-2025-hd44-1-300x300.jpg 300w, https:\/\/www.paysdesecrins.com\/wp-content\/uploads\/2025\/07\/photos-kinaphoto-psv-journe-e-7-2025-hd44-1-570x570.jpg 570w\" sizes=\"auto, (max-width: 400px) 100vw, 400px\" \/><\/div><\/div><div class=\"group-content\"><span class=\"field-title\">Ski<\/span><\/div><div class=\"field-link\"><a href=\"https:\/\/www.paysdesecrins.com\/de\/meine-outdoor-aktivitaeten\/ski\/\" class=\"cardlink\">Voir plus<\/a><\/div><\/div><\/div><div class=\"item\" data-season=\"all-seasons\"><div class=\"card card-child\"><div class=\"group-media\"><div class=\"field-image\"><img decoding=\"async\" width=\"400\" height=\"400\" src=\"https:\/\/www.paysdesecrins.com\/wp-content\/uploads\/2025\/07\/161sitesdexception-barreles-e-crins-glacier-blanc-roche-faurio-125-2-400x400.jpg\" class=\"winter all-seasons wp-post-image\" alt=\"\" loading=\"lazy\" data-season=\"all-seasons\" srcset=\"https:\/\/www.paysdesecrins.com\/wp-content\/uploads\/2025\/07\/161sitesdexception-barreles-e-crins-glacier-blanc-roche-faurio-125-2-400x400.jpg 400w, https:\/\/www.paysdesecrins.com\/wp-content\/uploads\/2025\/07\/161sitesdexception-barreles-e-crins-glacier-blanc-roche-faurio-125-2-150x150.jpg 150w, https:\/\/www.paysdesecrins.com\/wp-content\/uploads\/2025\/07\/161sitesdexception-barreles-e-crins-glacier-blanc-roche-faurio-125-2-600x600.jpg 600w, https:\/\/www.paysdesecrins.com\/wp-content\/uploads\/2025\/07\/161sitesdexception-barreles-e-crins-glacier-blanc-roche-faurio-125-2-300x300.jpg 300w, https:\/\/www.paysdesecrins.com\/wp-content\/uploads\/2025\/07\/161sitesdexception-barreles-e-crins-glacier-blanc-roche-faurio-125-2-570x570.jpg 570w\" sizes=\"auto, (max-width: 400px) 100vw, 400px\" \/><\/div><\/div><div class=\"group-content\"><span class=\"field-title\">Klettern und Bergsteigen<\/span><\/div><div class=\"field-link\"><a href=\"https:\/\/www.paysdesecrins.com\/de\/meine-outdoor-aktivitaeten\/klettern-und-bergsteigen\/\" class=\"cardlink\">Voir plus<\/a><\/div><\/div><\/div><div class=\"item\" data-season=\"all-seasons\"><div class=\"card card-child\"><div class=\"group-media\"><div class=\"field-image\"><img decoding=\"async\" width=\"400\" height=\"400\" src=\"https:\/\/www.paysdesecrins.com\/wp-content\/uploads\/2025\/07\/vol-dedistance-competitio-4-2-400x400.jpg\" class=\"winter all-seasons wp-post-image\" alt=\"\" loading=\"lazy\" data-season=\"all-seasons\" srcset=\"https:\/\/www.paysdesecrins.com\/wp-content\/uploads\/2025\/07\/vol-dedistance-competitio-4-2-400x400.jpg 400w, https:\/\/www.paysdesecrins.com\/wp-content\/uploads\/2025\/07\/vol-dedistance-competitio-4-2-150x150.jpg 150w, https:\/\/www.paysdesecrins.com\/wp-content\/uploads\/2025\/07\/vol-dedistance-competitio-4-2-600x600.jpg 600w, https:\/\/www.paysdesecrins.com\/wp-content\/uploads\/2025\/07\/vol-dedistance-competitio-4-2-300x300.jpg 300w, https:\/\/www.paysdesecrins.com\/wp-content\/uploads\/2025\/07\/vol-dedistance-competitio-4-2-570x570.jpg 570w\" sizes=\"auto, (max-width: 400px) 100vw, 400px\" \/><\/div><\/div><div class=\"group-content\"><span class=\"field-title\">Gleitschirm<\/span><\/div><div class=\"field-link\"><a href=\"https:\/\/www.paysdesecrins.com\/de\/meine-outdoor-aktivitaeten\/gleitschirm\/\" class=\"cardlink\">Voir plus<\/a><\/div><\/div><\/div><div class=\"item\" data-season=\"all-seasons\"><div class=\"card card-child\"><div class=\"group-media\"><div class=\"field-image\"><img decoding=\"async\" width=\"400\" height=\"400\" src=\"https:\/\/www.paysdesecrins.com\/wp-content\/uploads\/2025\/07\/vtt-geotrek-parcours-17-1jp-400x400.jpg\" class=\"winter all-seasons wp-post-image\" alt=\"\" loading=\"lazy\" data-season=\"all-seasons\" srcset=\"https:\/\/www.paysdesecrins.com\/wp-content\/uploads\/2025\/07\/vtt-geotrek-parcours-17-1jp-400x400.jpg 400w, https:\/\/www.paysdesecrins.com\/wp-content\/uploads\/2025\/07\/vtt-geotrek-parcours-17-1jp-150x150.jpg 150w, https:\/\/www.paysdesecrins.com\/wp-content\/uploads\/2025\/07\/vtt-geotrek-parcours-17-1jp-600x600.jpg 600w, https:\/\/www.paysdesecrins.com\/wp-content\/uploads\/2025\/07\/vtt-geotrek-parcours-17-1jp-300x300.jpg 300w, https:\/\/www.paysdesecrins.com\/wp-content\/uploads\/2025\/07\/vtt-geotrek-parcours-17-1jp-570x570.jpg 570w\" sizes=\"auto, (max-width: 400px) 100vw, 400px\" \/><\/div><\/div><div class=\"group-content\"><span class=\"field-title\">Mountainbike<\/span><\/div><div class=\"field-link\"><a href=\"https:\/\/www.paysdesecrins.com\/de\/meine-outdoor-aktivitaeten\/mountainbike\/\" class=\"cardlink\">Voir plus<\/a><\/div><\/div><\/div><div class=\"item\" data-season=\"all-seasons\"><div class=\"card card-child\"><div class=\"group-media\"><div class=\"field-image\"><img decoding=\"async\" width=\"400\" height=\"400\" src=\"https:\/\/www.paysdesecrins.com\/wp-content\/uploads\/2025\/08\/local-velo-2024-072-400x400.jpg\" class=\"winter all-seasons wp-post-image\" alt=\"\" loading=\"lazy\" data-season=\"all-seasons\" srcset=\"https:\/\/www.paysdesecrins.com\/wp-content\/uploads\/2025\/08\/local-velo-2024-072-400x400.jpg 400w, https:\/\/www.paysdesecrins.com\/wp-content\/uploads\/2025\/08\/local-velo-2024-072-150x150.jpg 150w, https:\/\/www.paysdesecrins.com\/wp-content\/uploads\/2025\/08\/local-velo-2024-072-600x600.jpg 600w, https:\/\/www.paysdesecrins.com\/wp-content\/uploads\/2025\/08\/local-velo-2024-072-300x300.jpg 300w, https:\/\/www.paysdesecrins.com\/wp-content\/uploads\/2025\/08\/local-velo-2024-072-570x570.jpg 570w\" sizes=\"auto, (max-width: 400px) 100vw, 400px\" \/><\/div><\/div><div class=\"group-content\"><span class=\"field-title\">Klettersteige, Baumklettern und Baumklettern<\/span><\/div><div class=\"field-link\"><a href=\"https:\/\/www.paysdesecrins.com\/de\/meine-outdoor-aktivitaeten\/klettersteige-baumklettern-und-baumklettern\/\" class=\"cardlink\">Voir plus<\/a><\/div><\/div><\/div><div class=\"item\" data-season=\"all-seasons\"><div class=\"card card-child\"><div class=\"group-media\"><div class=\"field-image\"><img decoding=\"async\" width=\"400\" height=\"400\" src=\"https:\/\/www.paysdesecrins.com\/wp-content\/uploads\/2025\/07\/clapouse24-19-400x400.jpg\" class=\"winter all-seasons wp-post-image\" alt=\"\" loading=\"lazy\" data-season=\"all-seasons\" srcset=\"https:\/\/www.paysdesecrins.com\/wp-content\/uploads\/2025\/07\/clapouse24-19-400x400.jpg 400w, https:\/\/www.paysdesecrins.com\/wp-content\/uploads\/2025\/07\/clapouse24-19-150x150.jpg 150w, https:\/\/www.paysdesecrins.com\/wp-content\/uploads\/2025\/07\/clapouse24-19-600x600.jpg 600w, https:\/\/www.paysdesecrins.com\/wp-content\/uploads\/2025\/07\/clapouse24-19-300x300.jpg 300w, https:\/\/www.paysdesecrins.com\/wp-content\/uploads\/2025\/07\/clapouse24-19-570x570.jpg 570w\" sizes=\"auto, (max-width: 400px) 100vw, 400px\" \/><\/div><\/div><div class=\"group-content\"><span class=\"field-title\">Sommer im Pays des \u00c9crins<\/span><\/div><div class=\"field-link\"><a href=\"https:\/\/www.paysdesecrins.com\/de\/meine-outdoor-aktivitaeten\/sommer-im-pays-des-ecrins\/\" class=\"cardlink\">Voir plus<\/a><\/div><\/div><\/div><div class=\"item\" data-season=\"all-seasons\"><div class=\"card card-child\"><div class=\"group-media\"><div class=\"field-image\"><img decoding=\"async\" width=\"400\" height=\"400\" src=\"https:\/\/www.paysdesecrins.com\/wp-content\/uploads\/2025\/07\/paysages-et-ski-autour-de-dormillouse-44-400x400.jpg\" class=\"winter all-seasons wp-post-image\" alt=\"\" loading=\"lazy\" data-season=\"all-seasons\" srcset=\"https:\/\/www.paysdesecrins.com\/wp-content\/uploads\/2025\/07\/paysages-et-ski-autour-de-dormillouse-44-400x400.jpg 400w, https:\/\/www.paysdesecrins.com\/wp-content\/uploads\/2025\/07\/paysages-et-ski-autour-de-dormillouse-44-150x150.jpg 150w, https:\/\/www.paysdesecrins.com\/wp-content\/uploads\/2025\/07\/paysages-et-ski-autour-de-dormillouse-44-600x600.jpg 600w, https:\/\/www.paysdesecrins.com\/wp-content\/uploads\/2025\/07\/paysages-et-ski-autour-de-dormillouse-44-300x300.jpg 300w, https:\/\/www.paysdesecrins.com\/wp-content\/uploads\/2025\/07\/paysages-et-ski-autour-de-dormillouse-44-570x570.jpg 570w\" sizes=\"auto, (max-width: 400px) 100vw, 400px\" \/><\/div><\/div><div class=\"group-content\"><span class=\"field-title\">Winter im Land der \u00c9crins<\/span><\/div><div class=\"field-link\"><a href=\"https:\/\/www.paysdesecrins.com\/de\/meine-outdoor-aktivitaeten\/winter-im-land-der-ecrins\/\" class=\"cardlink\">Voir plus<\/a><\/div><\/div><\/div><div class=\"item\" data-season=\"all-seasons\"><div class=\"card card-child\"><div class=\"group-media\"><div class=\"field-image\"><img decoding=\"async\" width=\"400\" height=\"400\" src=\"https:\/\/www.paysdesecrins.com\/wp-content\/uploads\/2025\/07\/dsc07274-400x400.jpg\" class=\"winter all-seasons wp-post-image\" alt=\"\" loading=\"lazy\" data-season=\"all-seasons\" srcset=\"https:\/\/www.paysdesecrins.com\/wp-content\/uploads\/2025\/07\/dsc07274-400x400.jpg 400w, https:\/\/www.paysdesecrins.com\/wp-content\/uploads\/2025\/07\/dsc07274-150x150.jpg 150w, https:\/\/www.paysdesecrins.com\/wp-content\/uploads\/2025\/07\/dsc07274-600x600.jpg 600w, https:\/\/www.paysdesecrins.com\/wp-content\/uploads\/2025\/07\/dsc07274-300x300.jpg 300w, https:\/\/www.paysdesecrins.com\/wp-content\/uploads\/2025\/07\/dsc07274-570x570.jpg 570w\" sizes=\"auto, (max-width: 400px) 100vw, 400px\" \/><\/div><\/div><div class=\"group-content\"><span class=\"field-title\">Gew\u00e4sser<\/span><\/div><div class=\"field-link\"><a href=\"https:\/\/www.paysdesecrins.com\/de\/meine-outdoor-aktivitaeten\/gewaesser\/\" class=\"cardlink\">Voir plus<\/a><\/div><\/div><\/div><div class=\"item\" data-season=\"all-seasons\"><div class=\"card card-child\"><div class=\"group-media\"><div class=\"field-image\"><img decoding=\"async\" width=\"400\" height=\"400\" src=\"https:\/\/www.paysdesecrins.com\/wp-content\/uploads\/2025\/07\/dsc03189-400x400.jpg\" class=\"winter all-seasons wp-post-image\" alt=\"\" loading=\"lazy\" data-season=\"all-seasons\" srcset=\"https:\/\/www.paysdesecrins.com\/wp-content\/uploads\/2025\/07\/dsc03189-400x400.jpg 400w, https:\/\/www.paysdesecrins.com\/wp-content\/uploads\/2025\/07\/dsc03189-150x150.jpg 150w, https:\/\/www.paysdesecrins.com\/wp-content\/uploads\/2025\/07\/dsc03189-600x600.jpg 600w, https:\/\/www.paysdesecrins.com\/wp-content\/uploads\/2025\/07\/dsc03189-300x300.jpg 300w, https:\/\/www.paysdesecrins.com\/wp-content\/uploads\/2025\/07\/dsc03189-570x570.jpg 570w\" sizes=\"auto, (max-width: 400px) 100vw, 400px\" \/><\/div><\/div><div class=\"group-content\"><span class=\"field-title\">Fahrrad<\/span><\/div><div class=\"field-link\"><a href=\"https:\/\/www.paysdesecrins.com\/de\/meine-outdoor-aktivitaeten\/fahrrad\/\" class=\"cardlink\">Voir plus<\/a><\/div><\/div><\/div><div class=\"item\" data-season=\"all-seasons\"><div class=\"card card-child\"><div class=\"group-media\"><div class=\"field-image is-default\"><img decoding=\"async\" src=\"https:\/\/www.paysdesecrins.com\/wp-content\/uploads\/2025\/06\/cropped-paysdesecrins-300x300.png\" alt=\"Pays des \u00c9crins - Office de Tourisme\" style=\"filter: grayscale(100%);\" loading=\"lazy\" \/><\/div><\/div><div class=\"group-content\"><span class=\"field-title\">Outdoor-Routen<\/span><\/div><div class=\"field-link\"><a href=\"https:\/\/www.paysdesecrins.com\/de\/meine-outdoor-aktivitaeten\/outdoor-routen\/\" class=\"cardlink\">Voir plus<\/a><\/div><\/div><\/div><div class=\"item\" data-season=\"all-seasons\"><div class=\"card card-child\"><div class=\"group-media\"><div class=\"field-image\"><img decoding=\"async\" width=\"400\" height=\"400\" src=\"https:\/\/www.paysdesecrins.com\/wp-content\/uploads\/2025\/07\/dsc00616-400x400.jpg\" class=\"winter all-seasons wp-post-image\" alt=\"\" loading=\"lazy\" data-season=\"all-seasons\" srcset=\"https:\/\/www.paysdesecrins.com\/wp-content\/uploads\/2025\/07\/dsc00616-400x400.jpg 400w, https:\/\/www.paysdesecrins.com\/wp-content\/uploads\/2025\/07\/dsc00616-150x150.jpg 150w, https:\/\/www.paysdesecrins.com\/wp-content\/uploads\/2025\/07\/dsc00616-600x600.jpg 600w, https:\/\/www.paysdesecrins.com\/wp-content\/uploads\/2025\/07\/dsc00616-300x300.jpg 300w, https:\/\/www.paysdesecrins.com\/wp-content\/uploads\/2025\/07\/dsc00616-570x570.jpg 570w\" sizes=\"auto, (max-width: 400px) 100vw, 400px\" \/><\/div><\/div><div class=\"group-content\"><span class=\"field-title\">Reiten<\/span><\/div><div class=\"field-link\"><a href=\"https:\/\/www.paysdesecrins.com\/de\/meine-outdoor-aktivitaeten\/reiten\/\" class=\"cardlink\">Voir plus<\/a><\/div><\/div><\/div><div class=\"item\" data-season=\"all-seasons\"><div class=\"card card-child\"><div class=\"group-media\"><div class=\"field-image is-default\"><img decoding=\"async\" src=\"https:\/\/www.paysdesecrins.com\/wp-content\/uploads\/2025\/06\/cropped-paysdesecrins-300x300.png\" alt=\"Pays des \u00c9crins - Office de Tourisme\" style=\"filter: grayscale(100%);\" loading=\"lazy\" \/><\/div><\/div><div class=\"group-content\"><span class=\"field-title\">Alle Routen<\/span><\/div><div class=\"field-link\"><a href=\"https:\/\/www.paysdesecrins.com\/de\/meine-outdoor-aktivitaeten\/alle-routen\/\" class=\"cardlink\">Voir plus<\/a><\/div><\/div><\/div><div class=\"item\" data-season=\"all-seasons\"><div class=\"card card-child\"><div class=\"group-media\"><div class=\"field-image is-default\"><img decoding=\"async\" src=\"https:\/\/www.paysdesecrins.com\/wp-content\/uploads\/2025\/06\/cropped-paysdesecrins-300x300.png\" alt=\"Pays des \u00c9crins - Office de Tourisme\" style=\"filter: grayscale(100%);\" loading=\"lazy\" \/><\/div><\/div><div class=\"group-content\"><span class=\"field-title\">Roaming<\/span><\/div><div class=\"field-link\"><a href=\"https:\/\/www.paysdesecrins.com\/de\/meine-outdoor-aktivitaeten\/roaming\/\" class=\"cardlink\">Voir plus<\/a><\/div><\/div><\/div><div class=\"item\" data-season=\"all-seasons\"><div class=\"card card-child\"><div class=\"group-media\"><div class=\"field-image\"><img decoding=\"async\" width=\"400\" height=\"400\" src=\"https:\/\/www.paysdesecrins.com\/wp-content\/uploads\/2025\/07\/bivouac-et-trail-cre-te-de-rougnoux-129-400x400.jpg\" class=\"winter all-seasons wp-post-image\" alt=\"\" loading=\"lazy\" data-season=\"all-seasons\" srcset=\"https:\/\/www.paysdesecrins.com\/wp-content\/uploads\/2025\/07\/bivouac-et-trail-cre-te-de-rougnoux-129-400x400.jpg 400w, https:\/\/www.paysdesecrins.com\/wp-content\/uploads\/2025\/07\/bivouac-et-trail-cre-te-de-rougnoux-129-150x150.jpg 150w, https:\/\/www.paysdesecrins.com\/wp-content\/uploads\/2025\/07\/bivouac-et-trail-cre-te-de-rougnoux-129-600x600.jpg 600w, https:\/\/www.paysdesecrins.com\/wp-content\/uploads\/2025\/07\/bivouac-et-trail-cre-te-de-rougnoux-129-300x300.jpg 300w, https:\/\/www.paysdesecrins.com\/wp-content\/uploads\/2025\/07\/bivouac-et-trail-cre-te-de-rougnoux-129-570x570.jpg 570w\" sizes=\"auto, (max-width: 400px) 100vw, 400px\" \/><\/div><\/div><div class=\"group-content\"><span class=\"field-title\">Wandern und Wandern<\/span><\/div><div class=\"field-link\"><a href=\"https:\/\/www.paysdesecrins.com\/de\/meine-outdoor-aktivitaeten\/wandern-und-trailrunning-2\/\" class=\"cardlink\">Voir plus<\/a><\/div><\/div><\/div><div class=\"item\" data-season=\"all-seasons\"><div class=\"card card-child\"><div class=\"group-media\"><div class=\"field-image is-default\"><img decoding=\"async\" src=\"https:\/\/www.paysdesecrins.com\/wp-content\/uploads\/2025\/06\/cropped-paysdesecrins-300x300.png\" alt=\"Pays des \u00c9crins - Office de Tourisme\" style=\"filter: grayscale(100%);\" loading=\"lazy\" \/><\/div><\/div><div class=\"group-content\"><span class=\"field-title\">Einschluss<\/span><\/div><div class=\"field-link\"><a href=\"https:\/\/www.paysdesecrins.com\/de\/meine-outdoor-aktivitaeten\/einschluss\/\" class=\"cardlink\">Voir plus<\/a><\/div><\/div><\/div><div class=\"item\" data-season=\"all-seasons\"><div class=\"card card-child\"><div class=\"group-media\"><div class=\"field-image\"><img decoding=\"async\" width=\"400\" height=\"400\" src=\"https:\/\/www.paysdesecrins.com\/wp-content\/uploads\/2025\/07\/img-0246-400x400.jpg\" class=\"winter all-seasons wp-post-image\" alt=\"\" loading=\"lazy\" data-season=\"all-seasons\" srcset=\"https:\/\/www.paysdesecrins.com\/wp-content\/uploads\/2025\/07\/img-0246-400x400.jpg 400w, https:\/\/www.paysdesecrins.com\/wp-content\/uploads\/2025\/07\/img-0246-150x150.jpg 150w, https:\/\/www.paysdesecrins.com\/wp-content\/uploads\/2025\/07\/img-0246-600x600.jpg 600w, https:\/\/www.paysdesecrins.com\/wp-content\/uploads\/2025\/07\/img-0246-300x300.jpg 300w, https:\/\/www.paysdesecrins.com\/wp-content\/uploads\/2025\/07\/img-0246-570x570.jpg 570w\" sizes=\"auto, (max-width: 400px) 100vw, 400px\" \/><\/div><\/div><div class=\"group-content\"><span class=\"field-title\">Eskalation<\/span><\/div><div class=\"field-link\"><a href=\"https:\/\/www.paysdesecrins.com\/de\/meine-outdoor-aktivitaeten\/eskalation\/\" class=\"cardlink\">Voir plus<\/a><\/div><\/div><\/div><div class=\"item\" data-season=\"all-seasons\"><div class=\"card card-child\"><div class=\"group-media\"><div class=\"field-image\"><img decoding=\"async\" width=\"400\" height=\"400\" src=\"https:\/\/www.paysdesecrins.com\/wp-content\/uploads\/2025\/07\/img-0784-400x400.jpg\" class=\"winter all-seasons wp-post-image\" alt=\"\" loading=\"lazy\" data-season=\"all-seasons\" srcset=\"https:\/\/www.paysdesecrins.com\/wp-content\/uploads\/2025\/07\/img-0784-400x400.jpg 400w, https:\/\/www.paysdesecrins.com\/wp-content\/uploads\/2025\/07\/img-0784-150x150.jpg 150w, https:\/\/www.paysdesecrins.com\/wp-content\/uploads\/2025\/07\/img-0784-600x600.jpg 600w, https:\/\/www.paysdesecrins.com\/wp-content\/uploads\/2025\/07\/img-0784-300x300.jpg 300w, https:\/\/www.paysdesecrins.com\/wp-content\/uploads\/2025\/07\/img-0784-570x570.jpg 570w\" sizes=\"auto, (max-width: 400px) 100vw, 400px\" \/><\/div><\/div><div class=\"group-content\"><span class=\"field-title\">Fatbike<\/span><\/div><div class=\"field-link\"><a href=\"https:\/\/www.paysdesecrins.com\/de\/meine-outdoor-aktivitaeten\/fatbike\/\" class=\"cardlink\">Voir plus<\/a><\/div><\/div><\/div><\/div><\/div>\n<div class=\"wp-block-ws-library-ws-columns alignwide has-2-columns are-vertically-aligned-center layout-5050\" data-season=\"winter\">\n<div class=\"wp-block-ws-library-ws-column\"><div class=\"wrapper\">\n<div class=\"wp-block-ws-library-ws-title aligncenter\" data-season=\"winter\"><h2>Ski Alpin, Langlaufen und Wandern<\/h2><\/div>\n\n\n\n<p class=\"has-text-align-center\" data-season=\"winter\">Die Gebiete von Puy Saint-Vincent und Pelvoux-Vallouise bieten famili\u00e4re oder engagierte Abfahrten, w\u00e4hrend die nordischen Gebiete wie Vallouise oder Puy es Ihnen erm\u00f6glichen, im klassischen oder Skating-Modus zu rutschen. Das Hinterland bietet Skitourenrouten auf Gletschern und K\u00e4mmen, mit m\u00f6glicher Betreuung, um Ihre F\u00e4higkeiten zu verbessern. <\/p>\n\n\n\n<div class=\"wp-block-ws-library-ws-video\" data-season=\"winter\"><div class=\"wrapper\"><div class=\"group-media\">\n<figure class=\"wp-block-embed is-type-video is-provider-youtube wp-block-embed-youtube\" data-season=\"winter\"><div class=\"wp-block-embed__wrapper\">\n<iframe loading=\"lazy\" title=\"Ski alpin - Pelvoux-Vallouise\" width=\"500\" height=\"281\" src=\"https:\/\/www.youtube.com\/embed\/puox3NsgJu0?feature=oembed\" frameborder=\"0\" allow=\"accelerometer; autoplay; clipboard-write; encrypted-media; gyroscope; picture-in-picture; web-share\" referrerpolicy=\"strict-origin-when-cross-origin\" allowfullscreen><\/iframe>\n<\/div><\/figure>\n<\/div><\/div><\/div>\n<\/div><\/div>\n\n\n\n<div class=\"wp-block-ws-library-ws-column\"><div class=\"wrapper\">\n<div class=\"wp-block-ws-library-ws-title aligncenter\" data-season=\"winter\"><h2>Schneeschuhwandern und Snowtrail<\/h2><\/div>\n\n\n\n<p class=\"has-text-align-center\" data-season=\"winter\">Das Netz der Wanderwegstation des Pays des \u00c9crins setzt sich im Winter mit <strong>Schneepisten<\/strong> und markierten Schneeschuhschleifen fort, um die Intensit\u00e4t zu variieren. Diese Routen vereinen Anstrengung und Immersion und erm\u00f6glichen es Ihnen, die verschneiten T\u00e4ler in Ruhe zu erkunden. <br\/><\/p>\n\n\n\n<div class=\"wp-block-ws-library-ws-video\" data-season=\"winter\"><div class=\"wrapper\"><div class=\"group-media\">\n<figure class=\"wp-block-embed is-type-video is-provider-youtube wp-block-embed-youtube\" data-season=\"winter\"><div class=\"wp-block-embed__wrapper\">\n<iframe loading=\"lazy\" title=\"Les \u00c9crins \u00e0 port\u00e9e de train : une aventure hivernale au coeur du Pays des \u00c9crins\" width=\"500\" height=\"281\" src=\"https:\/\/www.youtube.com\/embed\/dF73ubxuZfo?feature=oembed\" frameborder=\"0\" allow=\"accelerometer; autoplay; clipboard-write; encrypted-media; gyroscope; picture-in-picture; web-share\" referrerpolicy=\"strict-origin-when-cross-origin\" allowfullscreen><\/iframe>\n<\/div><\/figure>\n<\/div><\/div><\/div>\n<\/div><\/div>\n<\/div>\n\n<div class=\"wp-block-ws-library-ws-columns alignwide has-2-columns are-vertically-aligned-center layout-5050\" data-season=\"winter\">\n<div class=\"wp-block-ws-library-ws-column\"><div class=\"wrapper\">\n<div class=\"wp-block-ws-library-ws-title aligncenter\" data-season=\"winter\"><h2>Eisklettern<\/h2><\/div>\n\n\n\n<p class=\"has-text-align-center\" data-season=\"winter\">Die gefrorenen Wasserf\u00e4lle, vor allem rund um Freissini\u00e8res und L&#8217;Argenti\u00e8re-la-Bess\u00e9e, werden zu technischen W\u00e4nden f\u00fcr das Eisklettern, mit Veranstaltungen wie den Eiskletter-\u00c9crins. Die Aufsicht durch F\u00fchrer garantiert einen sicheren und zug\u00e4nglichen Zugang, von der Taufe bis zu den eingeschalteten Linien. <\/p>\n\n\n\n<div class=\"wp-block-ws-library-ws-video\" data-season=\"winter\"><div class=\"wrapper\"><div class=\"group-media\">\n<figure class=\"wp-block-embed is-type-video is-provider-youtube wp-block-embed-youtube\" data-season=\"winter\"><div class=\"wp-block-embed__wrapper\">\n<iframe loading=\"lazy\" title=\"Cascade de glace au Pays des \u00c9crins\" width=\"500\" height=\"281\" src=\"https:\/\/www.youtube.com\/embed\/2OsLrIPsChE?feature=oembed\" frameborder=\"0\" allow=\"accelerometer; autoplay; clipboard-write; encrypted-media; gyroscope; picture-in-picture; web-share\" referrerpolicy=\"strict-origin-when-cross-origin\" allowfullscreen><\/iframe>\n<\/div><\/figure>\n<\/div><\/div><\/div>\n<\/div><\/div>\n\n\n\n<div class=\"wp-block-ws-library-ws-column\"><div class=\"wrapper\">\n<div class=\"wp-block-ws-library-ws-title aligncenter\" data-season=\"winter\"><h2>Schlittenhunderennen<\/h2><\/div>\n\n\n\n<p class=\"has-text-align-center\" data-season=\"winter\">Erleben Sie das Rutschen, das von Teams in ruhigen T\u00e4lern gezogen wird: Empfindungen und die Verbindung mit dem Tier werden beim Eintauchen erlebt. Diese Ausfl\u00fcge erm\u00f6glichen es Ihnen, den Berg auf eine andere Art und Weise zu entdecken, in Stille und im Einklang mit dem Winter. <br\/><br\/><\/p>\n\n\n\n<div class=\"wp-block-ws-library-ws-video\" data-season=\"winter\"><div class=\"wrapper\"><div class=\"group-media\">\n<figure class=\"wp-block-embed is-type-video is-provider-youtube wp-block-embed-youtube\" data-season=\"winter\"><div class=\"wp-block-embed__wrapper\">\n<iframe loading=\"lazy\" title=\"Aventure hivernale magique avec Traineau Dingo \u00e0 Freissini\u00e8res, au coeur du Pays des \u00c9crins\" width=\"500\" height=\"281\" src=\"https:\/\/www.youtube.com\/embed\/M-02D-1PFX0?feature=oembed\" frameborder=\"0\" allow=\"accelerometer; autoplay; clipboard-write; encrypted-media; gyroscope; picture-in-picture; web-share\" referrerpolicy=\"strict-origin-when-cross-origin\" allowfullscreen><\/iframe>\n<\/div><\/figure>\n<\/div><\/div><\/div>\n<\/div><\/div>\n<\/div>\n\n<div class=\"wp-block-ws-library-ws-columns alignwide has-2-columns are-vertically-aligned-center layout-5050\" data-season=\"summer\">\n<div class=\"wp-block-ws-library-ws-column\"><div class=\"wrapper\">\n<div class=\"wp-block-ws-library-ws-title aligncenter\" data-season=\"summer\"><h2>Wandern und Trailrunning<\/h2><\/div>\n\n\n\n<p class=\"has-text-align-center\" data-season=\"summer\">Das Gebiet bietet Hunderte von Kilometern an Wanderwegen \u2013 darunter die Trail Station mit ihren 32 Routen und 470 km markierten Routen \u2013 zum Wandern, Ultra, Wandern oder Nordic Walking. Sie k\u00f6nnen den Etappen folgen, die Atmosph\u00e4ren variieren und in die Panoramen der \u00c9crins eintauchen. <\/p>\n\n\n\n<div class=\"wp-block-ws-library-ws-video\" data-season=\"summer\"><div class=\"wrapper\"><div class=\"group-media\">\n<figure class=\"wp-block-embed is-type-video is-provider-youtube wp-block-embed-youtube\" data-season=\"summer\"><div class=\"wp-block-embed__wrapper\">\n<iframe loading=\"lazy\" title=\"Randonn\u00e9e bivouac \u00e0 Freissini\u00e8res\" width=\"500\" height=\"281\" src=\"https:\/\/www.youtube.com\/embed\/4I38I2ITLWs?feature=oembed\" frameborder=\"0\" allow=\"accelerometer; autoplay; clipboard-write; encrypted-media; gyroscope; picture-in-picture; web-share\" referrerpolicy=\"strict-origin-when-cross-origin\" allowfullscreen><\/iframe>\n<\/div><\/figure>\n<\/div><\/div><\/div>\n<\/div><\/div>\n\n\n\n<div class=\"wp-block-ws-library-ws-column\"><div class=\"wrapper\">\n<div class=\"wp-block-ws-library-ws-title aligncenter\" data-season=\"summer\"><h2>Klettern und Bergsteigen<\/h2><\/div>\n\n\n\n<p class=\"has-text-align-center\" data-season=\"summer\">Ailefroide, Pelvoux und die umliegenden Gebirgsmassive konzentrieren sich auf Mehrseill\u00e4ngenrouten, Rinden und Gletscherrennen: Das Gel\u00e4nde variiert von geformtem Kalkstein bis hin zu technischen Gletschern. Schutzh\u00fctten, F\u00fchrer und lokale Strukturen erleichtern den Zugang, von der Initiation bis ins Hochgebirge.   <a href=\"https:\/\/www.grand-tour-ecrins.fr\/fr\/trek\/975964-D-Ailefroide-a-Puy-Saint-Vincent-1400?parentId=975971&amp;utm_source=chatgpt.com\" target=\"_blank\" rel=\"noreferrer noopener\"><\/a><\/p>\n\n\n\n<div class=\"wp-block-ws-library-ws-video\" data-season=\"summer\"><div class=\"wrapper\"><div class=\"group-media\">\n<figure class=\"wp-block-embed is-type-video is-provider-youtube wp-block-embed-youtube\" data-season=\"summer\"><div class=\"wp-block-embed__wrapper\">\n<iframe loading=\"lazy\" title=\"Alpinisme au Pays des \u00c9crins\" width=\"500\" height=\"281\" src=\"https:\/\/www.youtube.com\/embed\/njz6V_fjYHU?feature=oembed\" frameborder=\"0\" allow=\"accelerometer; autoplay; clipboard-write; encrypted-media; gyroscope; picture-in-picture; web-share\" referrerpolicy=\"strict-origin-when-cross-origin\" allowfullscreen><\/iframe>\n<\/div><\/figure>\n<\/div><\/div><\/div>\n<\/div><\/div>\n<\/div>\n\n<div class=\"wp-block-ws-library-ws-columns alignwide has-2-columns are-vertically-aligned-center layout-5050\" data-season=\"summer\">\n<div class=\"wp-block-ws-library-ws-column\"><div class=\"wrapper\">\n<div class=\"wp-block-ws-library-ws-title aligncenter\" data-season=\"summer\"><h2>Mountainbiken, Downhill- und Rennradfahren<\/h2><\/div>\n\n\n\n<p class=\"has-text-align-center\" data-season=\"summer\">Von technischen Mountainbike- und E-Mountainbike-Strecken bis hin zu Bergstra\u00dfen f\u00fcr Rennradfahrer bietet das Pays des \u00c9crins H\u00f6henmeter, Panoramen und lustige Abfahrten. Ausgestattete Bahnh\u00f6fe und Assistenzdienste erleichtern Tagesausfl\u00fcge oder \u00dcberfahrten.   <\/p>\n\n\n\n<div class=\"wp-block-ws-library-ws-video\" data-season=\"summer\"><div class=\"wrapper\"><div class=\"group-media\">\n<figure class=\"wp-block-embed is-type-video is-provider-youtube wp-block-embed-youtube\" data-season=\"summer\"><div class=\"wp-block-embed__wrapper\">\n<iframe loading=\"lazy\" title=\"Le Pays des \u00c9crins \u00e0 v\u00e9lo\" width=\"500\" height=\"281\" src=\"https:\/\/www.youtube.com\/embed\/5uYyw6DtE-U?feature=oembed\" frameborder=\"0\" allow=\"accelerometer; autoplay; clipboard-write; encrypted-media; gyroscope; picture-in-picture; web-share\" referrerpolicy=\"strict-origin-when-cross-origin\" allowfullscreen><\/iframe>\n<\/div><\/figure>\n<\/div><\/div><\/div>\n<\/div><\/div>\n\n\n\n<div class=\"wp-block-ws-library-ws-column\"><div class=\"wrapper\">\n<div class=\"wp-block-ws-library-ws-title aligncenter\" data-season=\"summer\"><h2>Kajakfahren, Rafting und Canyoning<\/h2><\/div>\n\n\n\n<p class=\"has-text-align-center\" data-season=\"summer\">Die Durance und ihre Nebenfl\u00fcsse bieten Rafting, Kajakfahren und Canyoning, zwischen Nervenkitzel und Eintauchen in das Wasser. Die Kurse sind an alle Niveaus angepasst, wobei lokale Akteure sicher zu betreuen sind.   <br\/><br\/><a href=\"https:\/\/www.grand-tour-ecrins.fr\/fr\/trek\/975964-D-Ailefroide-a-Puy-Saint-Vincent-1400?parentId=975971&amp;utm_source=chatgpt.com\" target=\"_blank\" rel=\"noreferrer noopener\"><\/a><\/p>\n\n\n\n<div class=\"wp-block-ws-library-ws-video\" data-season=\"summer\"><div class=\"wrapper\"><div class=\"group-media\">\n<figure class=\"wp-block-embed is-type-video is-provider-youtube wp-block-embed-youtube\" data-season=\"summer\"><div class=\"wp-block-embed__wrapper\">\n<iframe loading=\"lazy\" title=\"Eaux-vives dans le Pays des \u00c9crins\" width=\"500\" height=\"281\" src=\"https:\/\/www.youtube.com\/embed\/ORTuVW7T9Vg?feature=oembed\" frameborder=\"0\" allow=\"accelerometer; autoplay; clipboard-write; encrypted-media; gyroscope; picture-in-picture; web-share\" referrerpolicy=\"strict-origin-when-cross-origin\" allowfullscreen><\/iframe>\n<\/div><\/figure>\n<\/div><\/div><\/div>\n<\/div><\/div>\n<\/div>\n\n<div class=\"wp-block-ws-library-ws-columns alignwide has-2-columns are-vertically-aligned-center layout-5050\" data-season=\"summer\">\n<div class=\"wp-block-ws-library-ws-column\"><div class=\"wrapper\">\n<div class=\"wp-block-ws-library-ws-title aligncenter\" data-season=\"summer\"><h2>Gleitschirm<\/h2><\/div>\n\n\n\n<p class=\"has-text-align-center\" data-season=\"summer\">Orte wie Puy Aillaud und Pelvoux erm\u00f6glichen einfache Starts und Fl\u00fcge in der Hochgebirgsthermik mit weitem Blick auf die Bergk\u00e4mme und T\u00e4ler. Das Sommerfliegen ist sowohl f\u00fcr Anf\u00e4nger als auch f\u00fcr Performer zug\u00e4nglich und profitiert von stabilen Bedingungen und einem luftigen Raum ohne Menschenmassen. <\/p>\n\n\n\n<div class=\"wp-block-ws-library-ws-video\" data-season=\"summer\"><div class=\"wrapper\"><div class=\"group-media\">\n<figure class=\"wp-block-embed is-type-video is-provider-youtube wp-block-embed-youtube\" data-season=\"summer\"><div class=\"wp-block-embed__wrapper\">\n<iframe loading=\"lazy\" title=\"Parapente dans les \u00c9crins\" width=\"500\" height=\"281\" src=\"https:\/\/www.youtube.com\/embed\/74fUFLFlswA?feature=oembed\" frameborder=\"0\" allow=\"accelerometer; autoplay; clipboard-write; encrypted-media; gyroscope; picture-in-picture; web-share\" referrerpolicy=\"strict-origin-when-cross-origin\" allowfullscreen><\/iframe>\n<\/div><\/figure>\n<\/div><\/div><\/div>\n<\/div><\/div>\n\n\n\n<div class=\"wp-block-ws-library-ws-column\"><div class=\"wrapper\">\n<div class=\"wp-block-ws-library-ws-title aligncenter\" data-season=\"summer\"><h2>Reiten<\/h2><\/div>\n\n\n\n<p class=\"has-text-align-center\" data-season=\"summer\">Reiten auf den Almen, gef\u00fchrte Wanderungen und Entdeckungen des Territoriums in gem\u00e4chlichem Tempo: Reiten bietet eine sanfte Verbindung mit den Landschaften. Es ist eine zug\u00e4ngliche M\u00f6glichkeit, Routen auf eine andere Art und Weise zu bereisen, f\u00fcr Familien und Gruppen. <a href=\"https:\/\/www.grand-tour-ecrins.fr\/fr\/trek\/975964-D-Ailefroide-a-Puy-Saint-Vincent-1400?parentId=975971&amp;utm_source=chatgpt.com\" target=\"_blank\" rel=\"noreferrer noopener\"><\/a><\/p>\n\n\n\n<div class=\"wp-block-ws-library-ws-video\" data-season=\"summer\"><div class=\"wrapper\"><div class=\"group-media\">\n<figure class=\"wp-block-embed is-type-video is-provider-youtube wp-block-embed-youtube\" data-season=\"summer\"><div class=\"wp-block-embed__wrapper\">\n<iframe loading=\"lazy\" title=\"Microaventure \u00e0 la Roche-de-Rame\" width=\"500\" height=\"281\" src=\"https:\/\/www.youtube.com\/embed\/b4eNF0tKZVk?feature=oembed\" frameborder=\"0\" allow=\"accelerometer; autoplay; clipboard-write; encrypted-media; gyroscope; picture-in-picture; web-share\" referrerpolicy=\"strict-origin-when-cross-origin\" allowfullscreen><\/iframe>\n<\/div><\/figure>\n<\/div><\/div><\/div>\n<\/div><\/div>\n<\/div>\n\n<div class=\"wp-block-ws-library-ws-title aligncenter\"><h2><em>Wir k\u00fcmmern uns um alles,<\/em> Sie profitieren<\/h2><\/div>\n\n<p class=\"has-text-align-center\">Entdecken Sie unsere All-Inclusive-Aufenthalte und lassen Sie uns Ihr Eintauchen in die Berge organisieren: Unterk\u00fcnfte, gef\u00fchrte Aktivit\u00e4ten und lokale Erlebnisse werden f\u00fcr Sie zusammengestellt. W\u00e4hlen Sie Ihre Formel, von einem erholsamen Wochenende bis zu einer Woche voller Abenteuer, und genie\u00dfen Sie die Landschaften, das Know-how und die Geselligkeit, ohne sich um irgendetwas k\u00fcmmern zu m\u00fcssen. <\/p>\n<div class=\"alignwide wp-block-ws-library-ws-list-content\"><div class=\"list-items\"><div class=\"item\" data-season=\"all-seasons\"><div class=\"card  card-page\"><div class=\"group-media\"><div class=\"field-image\"><img loading=\"lazy\" decoding=\"async\" width=\"300\" height=\"450\" src=\"https:\/\/www.paysdesecrins.com\/wp-content\/uploads\/2025\/08\/photos-kinaphoto-pelvoux-journe-e-1-2025-hd66-300x450.jpg\" class=\"winter wp-post-image\" alt=\"\" data-season=\"winter\" srcset=\"https:\/\/www.paysdesecrins.com\/wp-content\/uploads\/2025\/08\/photos-kinaphoto-pelvoux-journe-e-1-2025-hd66-300x450.jpg 300w, https:\/\/www.paysdesecrins.com\/wp-content\/uploads\/2025\/08\/photos-kinaphoto-pelvoux-journe-e-1-2025-hd66-390x585.jpg 390w\" sizes=\"auto, (max-width: 300px) 100vw, 300px\" \/><img loading=\"lazy\" decoding=\"async\" width=\"300\" height=\"450\" src=\"https:\/\/www.paysdesecrins.com\/wp-content\/uploads\/2025\/07\/dsc01515-300x450.jpg\" class=\"vivaldi-thumb summer\" alt=\"\" data-season=\"summer\" srcset=\"https:\/\/www.paysdesecrins.com\/wp-content\/uploads\/2025\/07\/dsc01515-300x450.jpg 300w, https:\/\/www.paysdesecrins.com\/wp-content\/uploads\/2025\/07\/dsc01515-390x585.jpg 390w\" sizes=\"auto, (max-width: 300px) 100vw, 300px\" \/><\/div><\/div><div class=\"group-content\"><div class=\"field-title\">Alle unsere Aufenthalte<\/div><\/div><div class=\"field-link\" role=\"group\" aria-label=\"Lien vers le contenu\"><a href=\"https:\/\/www.paysdesecrins.com\/de\/bleibt\/\" class=\"cardlink\" title=\"Lire plus : Alle unsere Aufenthalte\" lang=\"de_DE\">Alle unsere Aufenthalte<\/a><\/div><\/div><\/div><\/div><\/div>\n<div class=\"wp-block-ws-library-ws-button has-text-align-center\"><a href=\"https:\/\/www.paysdesecrins.com\/de\/bleibt\/#\/categories\" class=\"wp-block-button__link wp-element-button btn\">  Entdecken Sie All-Inclusive-Aufenthalte<\/a><\/div>\n","protected":false},"excerpt":{"rendered":"<p>Im Winter verwandelt sich das Pays des \u00c9crins in einen echten Spielplatz f\u00fcr Outdoor-Sportarten: Skifahren, Langlaufen oder Wandern, Schneeschuhwandern und [&hellip;]<\/p>\n","protected":false},"author":1,"featured_media":45041,"parent":0,"menu_order":0,"comment_status":"closed","ping_status":"closed","template":"","meta":{"_thumbnail_id_2":0,"summer_excerpt":"","season":"","station":"","footnotes":""},"class_list":["post-44557","page","type-page","status-publish","has-post-thumbnail","hentry"],"yoast_head":"<!-- This site is optimized with the Yoast SEO plugin v27.3 - https:\/\/yoast.com\/product\/yoast-seo-wordpress\/ -->\n<title>Meine Outdoor-Aktivit\u00e4ten - Pays des \u00c9crins - Office de Tourisme<\/title>\n<meta name=\"robots\" content=\"index, follow, max-snippet:-1, max-image-preview:large, max-video-preview:-1\" \/>\n<link rel=\"canonical\" href=\"https:\/\/www.paysdesecrins.com\/de\/meine-outdoor-aktivitaeten\/\" \/>\n<meta property=\"og:locale\" content=\"de_DE\" \/>\n<meta property=\"og:type\" content=\"article\" \/>\n<meta property=\"og:title\" content=\"Meine Outdoor-Aktivit\u00e4ten - Pays des \u00c9crins - Office de Tourisme\" \/>\n<meta property=\"og:description\" content=\"Im Winter verwandelt sich das Pays des \u00c9crins in einen echten Spielplatz f\u00fcr Outdoor-Sportarten: Skifahren, Langlaufen oder Wandern, Schneeschuhwandern und [&hellip;]\" \/>\n<meta property=\"og:url\" content=\"https:\/\/www.paysdesecrins.com\/de\/meine-outdoor-aktivitaeten\/\" \/>\n<meta property=\"og:site_name\" content=\"Pays des \u00c9crins - Office de Tourisme\" \/>\n<meta property=\"article:modified_time\" content=\"2025-08-06T08:50:00+00:00\" \/>\n<meta property=\"og:image\" content=\"https:\/\/www.paysdesecrins.com\/wp-content\/uploads\/2025\/07\/du-lac-de-puy-aillaud-au-be-lvede-re-des-trois-refuges-13-scaled.jpg\" \/>\n\t<meta property=\"og:image:width\" content=\"2560\" \/>\n\t<meta property=\"og:image:height\" content=\"1707\" \/>\n\t<meta property=\"og:image:type\" content=\"image\/jpeg\" \/>\n<meta name=\"twitter:card\" content=\"summary_large_image\" \/>\n<meta name=\"twitter:label1\" content=\"Gesch\u00e4tzte Lesezeit\" \/>\n\t<meta name=\"twitter:data1\" content=\"4 Minuten\" \/>\n<script type=\"application\/ld+json\" class=\"yoast-schema-graph\">{\"@context\":\"https:\\\/\\\/schema.org\",\"@graph\":[{\"@type\":\"WebPage\",\"@id\":\"https:\\\/\\\/www.paysdesecrins.com\\\/de\\\/meine-outdoor-aktivitaeten\\\/\",\"url\":\"https:\\\/\\\/www.paysdesecrins.com\\\/de\\\/meine-outdoor-aktivitaeten\\\/\",\"name\":\"Meine Outdoor-Aktivit\u00e4ten - Pays des \u00c9crins - Office de Tourisme\",\"isPartOf\":{\"@id\":\"https:\\\/\\\/www.paysdesecrins.com\\\/de\\\/#website\"},\"primaryImageOfPage\":{\"@id\":\"https:\\\/\\\/www.paysdesecrins.com\\\/de\\\/meine-outdoor-aktivitaeten\\\/#primaryimage\"},\"image\":{\"@id\":\"https:\\\/\\\/www.paysdesecrins.com\\\/de\\\/meine-outdoor-aktivitaeten\\\/#primaryimage\"},\"thumbnailUrl\":\"https:\\\/\\\/www.paysdesecrins.com\\\/wp-content\\\/uploads\\\/2025\\\/07\\\/du-lac-de-puy-aillaud-au-be-lvede-re-des-trois-refuges-13-scaled.jpg\",\"datePublished\":\"2025-06-25T13:44:50+00:00\",\"dateModified\":\"2025-08-06T08:50:00+00:00\",\"breadcrumb\":{\"@id\":\"https:\\\/\\\/www.paysdesecrins.com\\\/de\\\/meine-outdoor-aktivitaeten\\\/#breadcrumb\"},\"inLanguage\":\"de\",\"potentialAction\":[{\"@type\":\"ReadAction\",\"target\":[\"https:\\\/\\\/www.paysdesecrins.com\\\/de\\\/meine-outdoor-aktivitaeten\\\/\"]}]},{\"@type\":\"ImageObject\",\"inLanguage\":\"de\",\"@id\":\"https:\\\/\\\/www.paysdesecrins.com\\\/de\\\/meine-outdoor-aktivitaeten\\\/#primaryimage\",\"url\":\"https:\\\/\\\/www.paysdesecrins.com\\\/wp-content\\\/uploads\\\/2025\\\/07\\\/du-lac-de-puy-aillaud-au-be-lvede-re-des-trois-refuges-13-scaled.jpg\",\"contentUrl\":\"https:\\\/\\\/www.paysdesecrins.com\\\/wp-content\\\/uploads\\\/2025\\\/07\\\/du-lac-de-puy-aillaud-au-be-lvede-re-des-trois-refuges-13-scaled.jpg\",\"width\":2560,\"height\":1707},{\"@type\":\"BreadcrumbList\",\"@id\":\"https:\\\/\\\/www.paysdesecrins.com\\\/de\\\/meine-outdoor-aktivitaeten\\\/#breadcrumb\",\"itemListElement\":[{\"@type\":\"ListItem\",\"position\":1,\"name\":\"Accueil\",\"item\":\"https:\\\/\\\/www.paysdesecrins.com\\\/de\\\/der-titel-des-hauses\\\/\"},{\"@type\":\"ListItem\",\"position\":2,\"name\":\"Meine Outdoor-Aktivit\u00e4ten\"}]},{\"@type\":\"WebSite\",\"@id\":\"https:\\\/\\\/www.paysdesecrins.com\\\/de\\\/#website\",\"url\":\"https:\\\/\\\/www.paysdesecrins.com\\\/de\\\/\",\"name\":\"Pays des \u00c9crins - Office de Tourisme\",\"description\":\"L&#039;esprit montagne\",\"publisher\":{\"@id\":\"https:\\\/\\\/www.paysdesecrins.com\\\/de\\\/#organization\"},\"potentialAction\":[{\"@type\":\"SearchAction\",\"target\":{\"@type\":\"EntryPoint\",\"urlTemplate\":\"https:\\\/\\\/www.paysdesecrins.com\\\/de\\\/?s={search_term_string}\"},\"query-input\":{\"@type\":\"PropertyValueSpecification\",\"valueRequired\":true,\"valueName\":\"search_term_string\"}}],\"inLanguage\":\"de\"},{\"@type\":\"Organization\",\"@id\":\"https:\\\/\\\/www.paysdesecrins.com\\\/de\\\/#organization\",\"name\":\"Pays des \u00c9crins - Office de Tourisme\",\"url\":\"https:\\\/\\\/www.paysdesecrins.com\\\/de\\\/\",\"logo\":{\"@type\":\"ImageObject\",\"inLanguage\":\"de\",\"@id\":\"https:\\\/\\\/www.paysdesecrins.com\\\/de\\\/#\\\/schema\\\/logo\\\/image\\\/\",\"url\":\"https:\\\/\\\/www.paysdesecrins.com\\\/wp-content\\\/uploads\\\/2025\\\/06\\\/devina-svg-1750845694.svg\",\"contentUrl\":\"https:\\\/\\\/www.paysdesecrins.com\\\/wp-content\\\/uploads\\\/2025\\\/06\\\/devina-svg-1750845694.svg\",\"caption\":\"Pays des \u00c9crins - Office de Tourisme\"},\"image\":{\"@id\":\"https:\\\/\\\/www.paysdesecrins.com\\\/de\\\/#\\\/schema\\\/logo\\\/image\\\/\"}}]}<\/script>\n<!-- \/ Yoast SEO plugin. -->","yoast_head_json":{"title":"Meine Outdoor-Aktivit\u00e4ten - Pays des \u00c9crins - Office de Tourisme","robots":{"index":"index","follow":"follow","max-snippet":"max-snippet:-1","max-image-preview":"max-image-preview:large","max-video-preview":"max-video-preview:-1"},"canonical":"https:\/\/www.paysdesecrins.com\/de\/meine-outdoor-aktivitaeten\/","og_locale":"de_DE","og_type":"article","og_title":"Meine Outdoor-Aktivit\u00e4ten - Pays des \u00c9crins - Office de Tourisme","og_description":"Im Winter verwandelt sich das Pays des \u00c9crins in einen echten Spielplatz f\u00fcr Outdoor-Sportarten: Skifahren, Langlaufen oder Wandern, Schneeschuhwandern und [&hellip;]","og_url":"https:\/\/www.paysdesecrins.com\/de\/meine-outdoor-aktivitaeten\/","og_site_name":"Pays des \u00c9crins - Office de Tourisme","article_modified_time":"2025-08-06T08:50:00+00:00","og_image":[{"width":2560,"height":1707,"url":"https:\/\/www.paysdesecrins.com\/wp-content\/uploads\/2025\/07\/du-lac-de-puy-aillaud-au-be-lvede-re-des-trois-refuges-13-scaled.jpg","type":"image\/jpeg"}],"twitter_card":"summary_large_image","twitter_misc":{"Gesch\u00e4tzte Lesezeit":"4 Minuten"},"schema":{"@context":"https:\/\/schema.org","@graph":[{"@type":"WebPage","@id":"https:\/\/www.paysdesecrins.com\/de\/meine-outdoor-aktivitaeten\/","url":"https:\/\/www.paysdesecrins.com\/de\/meine-outdoor-aktivitaeten\/","name":"Meine Outdoor-Aktivit\u00e4ten - Pays des \u00c9crins - Office de Tourisme","isPartOf":{"@id":"https:\/\/www.paysdesecrins.com\/de\/#website"},"primaryImageOfPage":{"@id":"https:\/\/www.paysdesecrins.com\/de\/meine-outdoor-aktivitaeten\/#primaryimage"},"image":{"@id":"https:\/\/www.paysdesecrins.com\/de\/meine-outdoor-aktivitaeten\/#primaryimage"},"thumbnailUrl":"https:\/\/www.paysdesecrins.com\/wp-content\/uploads\/2025\/07\/du-lac-de-puy-aillaud-au-be-lvede-re-des-trois-refuges-13-scaled.jpg","datePublished":"2025-06-25T13:44:50+00:00","dateModified":"2025-08-06T08:50:00+00:00","breadcrumb":{"@id":"https:\/\/www.paysdesecrins.com\/de\/meine-outdoor-aktivitaeten\/#breadcrumb"},"inLanguage":"de","potentialAction":[{"@type":"ReadAction","target":["https:\/\/www.paysdesecrins.com\/de\/meine-outdoor-aktivitaeten\/"]}]},{"@type":"ImageObject","inLanguage":"de","@id":"https:\/\/www.paysdesecrins.com\/de\/meine-outdoor-aktivitaeten\/#primaryimage","url":"https:\/\/www.paysdesecrins.com\/wp-content\/uploads\/2025\/07\/du-lac-de-puy-aillaud-au-be-lvede-re-des-trois-refuges-13-scaled.jpg","contentUrl":"https:\/\/www.paysdesecrins.com\/wp-content\/uploads\/2025\/07\/du-lac-de-puy-aillaud-au-be-lvede-re-des-trois-refuges-13-scaled.jpg","width":2560,"height":1707},{"@type":"BreadcrumbList","@id":"https:\/\/www.paysdesecrins.com\/de\/meine-outdoor-aktivitaeten\/#breadcrumb","itemListElement":[{"@type":"ListItem","position":1,"name":"Accueil","item":"https:\/\/www.paysdesecrins.com\/de\/der-titel-des-hauses\/"},{"@type":"ListItem","position":2,"name":"Meine Outdoor-Aktivit\u00e4ten"}]},{"@type":"WebSite","@id":"https:\/\/www.paysdesecrins.com\/de\/#website","url":"https:\/\/www.paysdesecrins.com\/de\/","name":"Pays des \u00c9crins - Office de Tourisme","description":"L&#039;esprit montagne","publisher":{"@id":"https:\/\/www.paysdesecrins.com\/de\/#organization"},"potentialAction":[{"@type":"SearchAction","target":{"@type":"EntryPoint","urlTemplate":"https:\/\/www.paysdesecrins.com\/de\/?s={search_term_string}"},"query-input":{"@type":"PropertyValueSpecification","valueRequired":true,"valueName":"search_term_string"}}],"inLanguage":"de"},{"@type":"Organization","@id":"https:\/\/www.paysdesecrins.com\/de\/#organization","name":"Pays des \u00c9crins - Office de Tourisme","url":"https:\/\/www.paysdesecrins.com\/de\/","logo":{"@type":"ImageObject","inLanguage":"de","@id":"https:\/\/www.paysdesecrins.com\/de\/#\/schema\/logo\/image\/","url":"https:\/\/www.paysdesecrins.com\/wp-content\/uploads\/2025\/06\/devina-svg-1750845694.svg","contentUrl":"https:\/\/www.paysdesecrins.com\/wp-content\/uploads\/2025\/06\/devina-svg-1750845694.svg","caption":"Pays des \u00c9crins - Office de Tourisme"},"image":{"@id":"https:\/\/www.paysdesecrins.com\/de\/#\/schema\/logo\/image\/"}}]}},"_links":{"self":[{"href":"https:\/\/www.paysdesecrins.com\/de\/wp-json\/wp\/v2\/pages\/44557","targetHints":{"allow":["GET"]}}],"collection":[{"href":"https:\/\/www.paysdesecrins.com\/de\/wp-json\/wp\/v2\/pages"}],"about":[{"href":"https:\/\/www.paysdesecrins.com\/de\/wp-json\/wp\/v2\/types\/page"}],"author":[{"embeddable":true,"href":"https:\/\/www.paysdesecrins.com\/de\/wp-json\/wp\/v2\/users\/1"}],"replies":[{"embeddable":true,"href":"https:\/\/www.paysdesecrins.com\/de\/wp-json\/wp\/v2\/comments?post=44557"}],"version-history":[{"count":0,"href":"https:\/\/www.paysdesecrins.com\/de\/wp-json\/wp\/v2\/pages\/44557\/revisions"}],"wp:featuredmedia":[{"embeddable":true,"href":"https:\/\/www.paysdesecrins.com\/de\/wp-json\/wp\/v2\/media\/45041"}],"wp:attachment":[{"href":"https:\/\/www.paysdesecrins.com\/de\/wp-json\/wp\/v2\/media?parent=44557"}],"curies":[{"name":"wp","href":"https:\/\/api.w.org\/{rel}","templated":true}]}}