{"id":44563,"date":"2025-06-25T15:44:50","date_gmt":"2025-06-25T13:44:50","guid":{"rendered":"https:\/\/www.paysdesecrins.com\/meine-outdoor-aktivitaeten\/ski\/"},"modified":"2025-08-06T10:43:13","modified_gmt":"2025-08-06T08:43:13","slug":"ski","status":"publish","type":"page","link":"https:\/\/www.paysdesecrins.com\/de\/meine-outdoor-aktivitaeten\/ski\/","title":{"rendered":"Ski"},"content":{"rendered":"    <div class=\"alignfull wp-block-ws-library-ws-header-interne\">\n\t    <div class=\"header-container\">\n\t        <div class=\"group-media has-image\">\n\t            \t                <img decoding=\"async\" src=\"https:\/\/www.paysdesecrins.com\/wp-content\/uploads\/2025\/07\/171ski-photos-kinaphoto-psv-journe-e-7-2025-hd3-1920x800.jpg\" alt=\"\" class=\"image_large_square wp-image-21577\" \/>\n\t            \t        <\/div>\n\t        <div class=\"group-content\">\n\t            <div class=\"title\">\n\t                <h1>\n\t                    Ski\t                    \t                <\/h1>\n\t            <\/div>\n\t        <\/div>\n\t    <\/div>\n\t    \n<div class=\"yoast-breadcrumbs\"><span><span><a href=\"https:\/\/www.paysdesecrins.com\/de\/der-titel-des-hauses\/\">Accueil<\/a><\/span>  <span><a href=\"https:\/\/www.paysdesecrins.com\/de\/meine-outdoor-aktivitaeten\/\">Meine Outdoor-Aktivit\u00e4ten<\/a><\/span>  <span class=\"breadcrumb_last\" aria-current=\"page\">Ski<\/span><\/span><\/div>\n    <\/div>\n    \n<div class=\"wp-block-ws-library-ws-title aligncenter is-style-simple\"><h2><em>Zwei T\u00e4ler<\/em>Drei M\u00f6glichkeiten zum Rutschen<\/h2><\/div>\n\n<p class=\"has-text-align-center\">Im Pays des \u00c9crins l\u00e4sst der Schnee keine W\u00fcnsche offen: Auf den Pisten bieten Puy Saint-Vincent und Pelvoux-Vallouise Pisten mit grandiosen Panoramen und authentischer Atmosph\u00e4re im Herzen der L\u00e4rchen. F\u00fcr Begeisterte des nordischen Skifahrens erwarten Sie drei Langlaufgebiete: die Pisten von Puy Saint Vincent bis zum Plateau des T\u00eates, die ruhigen Schleifen des Freissini\u00e8res-Tals und die abwechslungsreichen Routen rund um Vallouise. Schlie\u00dflich werden Liebhaber von Freiheit und Anstrengung ihr Gl\u00fcck beim Skitourengehen finden, indem sie P\u00e4sse, Couloirs und Grate verbinden, um das Gebiet auf eine andere Art und Weise zu entdecken.  <\/p>\n\n<div class=\"wp-block-ws-library-ws-tabs alignfull\"><ul class=\"tabs-titles\"><li class=\"tab-title is-active\" data-tab-index=\"0\">SKI ALPIN<\/li><li class=\"tab-title\" data-tab-index=\"1\">SKI NORDIQUE<\/li><li class=\"tab-title\" data-tab-index=\"2\">SKI DE RANDO<\/li><\/ul><div class=\"tabs-list\">\n<div class=\"wp-block-ws-library-ws-tab\" style=\"display:none\"><p class=\"tab-title\">SKI ALPIN<\/p><div class=\"tab-content\">\n<div class=\"wp-block-ws-library-ws-title aligncenter\"><h2><em>2 100% Genuss Naturresorts<\/em><\/h2><\/div>\n\n\n\n<p class=\"has-text-align-center\">M\u00f6chten Sie Ski fahren, ohne die Bank zu sprengen oder Schlange zu stehen? Willkommen im Pays des \u00c9crins, zwischen Puy Saint Vincent und Pelvoux-Vallouise. Zwei sich erg\u00e4nzende, familienfreundliche, barrierefreie Resorts&#8230; und verdammt verschneit.  <\/p>\n\n\n\n<div class=\"wp-block-ws-library-ws-video\"><div class=\"wrapper\"><div class=\"group-media\">\n<figure class=\"wp-block-embed is-type-video is-provider-youtube wp-block-embed-youtube\"><div class=\"wp-block-embed__wrapper\">\n<iframe loading=\"lazy\" title=\"Ski alpin - Puy Saint Vincent\" width=\"500\" height=\"281\" src=\"https:\/\/www.youtube.com\/embed\/v7SGi6eeI6g?feature=oembed\" frameborder=\"0\" allow=\"accelerometer; autoplay; clipboard-write; encrypted-media; gyroscope; picture-in-picture; web-share\" referrerpolicy=\"strict-origin-when-cross-origin\" allowfullscreen><\/iframe>\n<\/div><\/figure>\n<\/div><\/div><\/div>\n\n\n\n<div style=\"height:100px\" aria-hidden=\"true\" class=\"wp-block-spacer\"><\/div>\n\n\n\n<div class=\"wp-block-ws-library-ws-title aligncenter\"><h3><em>Der Bahnhof von <\/em>Puy St. Vincent<\/h3><\/div>\n\n\n\n<p class=\"has-text-align-center\">Zwischen 1.400 und 2.750 m Seeh\u00f6he, 75 Pistenkilometer, 12 Liftanlagen und ein wohlverdienter Ruf: windgesch\u00fctzt, beste Schneedecke bis in den April. M\u00f6chten Sie Spa\u00df haben? Pisten f\u00fcr alle Niveaus, Snowpark, Boardercross, \u00fcberdachter Anf\u00e4ngerteppich&#8230; Und die Aussicht? XXL auf den Gipfeln von Pelvoux, Vallouise und Fournel.    Hier vergn\u00fcgen sich die Teenager, die Eltern atmen durch und jeder f\u00e4hrt in seinem eigenen Tempo Ski.<\/p>\n\n\n\n<p class=\"has-text-align-center\"><em>&#8222;Abwechslungsreiche Gegend, coole Atmosph\u00e4re, anst\u00e4ndige Preise. Wir atmen weit weg von den gro\u00dfen Resorts.&#8220;<\/em><\/p>\n\n\n\n<div class=\"wp-block-ws-library-ws-button has-text-align-center is-style-outline\"><a href=\"https:\/\/www.paysdesecrins.com\/de\/mein-resort-mein-dorf\/puy-saint-vincent\/\" class=\"wp-block-button__link wp-element-button btn color-color-1\">  Entdecken Sie das Resort<\/a><\/div>\n\n\n\n<div style=\"height:25px\" aria-hidden=\"true\" class=\"wp-block-spacer\"><\/div>\n\n\n\n<div class=\"wp-block-ws-library-ws-slider alignwide\"><div class=\"splide\" data-splide=\"{\"type\":\"slide\",\"heightRatio\":\"auto\",\"perPage\":4,\"perMove\":1,\"drag\":true,\"pagination\":0,\"autoplay\":false,\"gap\":\"15px\",\"breakpoints\":{\"450\":{\"perPage\":1},\"768\":{\"perPage\":2},\"992\":{\"perPage\":3},\"1200\":{\"perPage\":4}}}\"><div class=\"splide__track\"><div class=\"splide__list\"><div class=\"splide__slide\"><a href=\"https:\/\/www.paysdesecrins.com\/wp-content\/uploads\/2025\/07\/puy-saint-vincent-ski-2901-5-scaled-e1753169170775.jpg\" data-glightbox=\"true\" class=\"lightbox-trigger\"><img decoding=\"async\" src=\"https:\/\/www.paysdesecrins.com\/wp-content\/uploads\/2025\/07\/puy-saint-vincent-ski-2901-5-scaled-e1753169170775.jpg\" alt=\"\"><\/a><\/div><div class=\"splide__slide\"><a href=\"https:\/\/www.paysdesecrins.com\/wp-content\/uploads\/2025\/07\/17ski-alpin-psv-photos-kinaphoto-psv-journee-2-2025-hd4-scaled.jpg\" data-glightbox=\"true\" class=\"lightbox-trigger\"><img decoding=\"async\" src=\"https:\/\/www.paysdesecrins.com\/wp-content\/uploads\/2025\/07\/17ski-alpin-psv-photos-kinaphoto-psv-journee-2-2025-hd4-400x400.jpg\" alt=\"\"><\/a><\/div><div class=\"splide__slide\"><a href=\"https:\/\/www.paysdesecrins.com\/wp-content\/uploads\/2025\/07\/171ski-alpin-psv-photos-kinaphoto-psv-journee-2-2025-hd49-scaled.jpg\" data-glightbox=\"true\" class=\"lightbox-trigger\"><img decoding=\"async\" src=\"https:\/\/www.paysdesecrins.com\/wp-content\/uploads\/2025\/07\/171ski-alpin-psv-photos-kinaphoto-psv-journee-2-2025-hd49-400x400.jpg\" alt=\"\"><\/a><\/div><div class=\"splide__slide\"><a href=\"https:\/\/www.paysdesecrins.com\/wp-content\/uploads\/2025\/07\/17ski-rogiervanrijn-stationdepuysaintvincent-scaled.jpg\" data-glightbox=\"true\" class=\"lightbox-trigger\"><img decoding=\"async\" src=\"https:\/\/www.paysdesecrins.com\/wp-content\/uploads\/2025\/07\/17ski-rogiervanrijn-stationdepuysaintvincent-400x400.jpg\" alt=\"\"><\/a><\/div><div class=\"splide__slide\"><a href=\"https:\/\/www.paysdesecrins.com\/wp-content\/uploads\/2025\/07\/171ski-photos-kinaphoto-psv-journe-e-7-2025-hd2-scaled.jpg\" data-glightbox=\"true\" class=\"lightbox-trigger\"><img decoding=\"async\" src=\"https:\/\/www.paysdesecrins.com\/wp-content\/uploads\/2025\/07\/171ski-photos-kinaphoto-psv-journe-e-7-2025-hd2-400x400.jpg\" alt=\"\"><\/a><\/div><div class=\"splide__slide\"><a href=\"https:\/\/www.paysdesecrins.com\/wp-content\/uploads\/2025\/07\/171ski-photos-kinaphoto-psv-journe-e-7-2025-hd3-scaled.jpg\" data-glightbox=\"true\" class=\"lightbox-trigger\"><img decoding=\"async\" src=\"https:\/\/www.paysdesecrins.com\/wp-content\/uploads\/2025\/07\/171ski-photos-kinaphoto-psv-journe-e-7-2025-hd3-scaled.jpg\" alt=\"\"><\/a><\/div><\/div><\/div><\/div><\/div>\n\n\n\n<div style=\"height:100px\" aria-hidden=\"true\" class=\"wp-block-spacer\"><\/div>\n\n\n\n<div class=\"wp-block-ws-library-ws-title aligncenter\"><h3><em>Der Bahnhof von<\/em> Pelvoux-Vallouise<\/h3><\/div>\n\n\n\n<p class=\"has-text-align-center\">Kleines Resort, tolle Momente. Nur einen Steinwurf von Vallouise entfernt, bietet Pelvoux 25 km Pisten von 1.250 bis 2.300 m, L\u00e4rchen, Ruhe, eine ultra-praktische Schneefront, einen kostenlosen Babylift und eine gute Portion Authentizit\u00e4t. Hier k\u00f6nnen Sie Ski fahren, wandern (in Richtung La Blanche), die Terrassen genie\u00dfen&#8230; Und wir verl\u00e4ngern den Tag in der Nacht.  <\/p>\n\n\n\n<p class=\"has-text-align-center\"><em>&#8222;Toll f\u00fcr Kinder. Wenige Leute, toller Anf\u00e4ngerbereich, erhabene Umgebung.&#8220;<\/em><\/p>\n\n\n\n<div class=\"wp-block-ws-library-ws-button has-text-align-center is-style-outline\"><a href=\"https:\/\/www.paysdesecrins.com\/de\/mein-resort-mein-dorf\/pelvoux-vallouise-ailefroide\/\" class=\"wp-block-button__link wp-element-button btn\">  Entdecken Sie das Resort<\/a><\/div>\n\n\n\n<div style=\"height:25px\" aria-hidden=\"true\" class=\"wp-block-spacer\"><\/div>\n\n\n\n<div class=\"wp-block-ws-library-ws-slider alignwide\"><div class=\"splide\" data-splide=\"{\"type\":\"slide\",\"heightRatio\":\"auto\",\"perPage\":4,\"perMove\":1,\"drag\":true,\"pagination\":0,\"autoplay\":false,\"gap\":\"15px\",\"breakpoints\":{\"450\":{\"perPage\":1},\"768\":{\"perPage\":2},\"992\":{\"perPage\":3},\"1200\":{\"perPage\":4}}}\"><div class=\"splide__track\"><div class=\"splide__list\"><div class=\"splide__slide\"><a href=\"https:\/\/www.paysdesecrins.com\/wp-content\/uploads\/2025\/07\/17ski-photos-kinaphoto-pelvoux-journe-e-1-2025-hd26-scaled.jpg\" data-glightbox=\"true\" class=\"lightbox-trigger\"><img decoding=\"async\" src=\"https:\/\/www.paysdesecrins.com\/wp-content\/uploads\/2025\/07\/17ski-photos-kinaphoto-pelvoux-journe-e-1-2025-hd26-400x400.jpg\" alt=\"\"><\/a><\/div><div class=\"splide__slide\"><a href=\"https:\/\/www.paysdesecrins.com\/wp-content\/uploads\/2025\/07\/17ski-photos-kinaphoto-pelvoux-journe-e-4-2025-hd11-scaled.jpg\" data-glightbox=\"true\" class=\"lightbox-trigger\"><img decoding=\"async\" src=\"https:\/\/www.paysdesecrins.com\/wp-content\/uploads\/2025\/07\/17ski-photos-kinaphoto-pelvoux-journe-e-4-2025-hd11-400x400.jpg\" alt=\"\"><\/a><\/div><div class=\"splide__slide\"><a href=\"https:\/\/www.paysdesecrins.com\/wp-content\/uploads\/2025\/07\/171ski-alpinphotos-kinaphoto-pelvoux-journee-1-2025-hd19-scaled.jpg\" data-glightbox=\"true\" class=\"lightbox-trigger\"><img decoding=\"async\" src=\"https:\/\/www.paysdesecrins.com\/wp-content\/uploads\/2025\/07\/171ski-alpinphotos-kinaphoto-pelvoux-journee-1-2025-hd19-400x400.jpg\" alt=\"\"><\/a><\/div><div class=\"splide__slide\"><a href=\"https:\/\/www.paysdesecrins.com\/wp-content\/uploads\/2025\/07\/17ski-photos-kinaphoto-pelvoux-journe-e-4-2025-hd5-scaled.jpg\" data-glightbox=\"true\" class=\"lightbox-trigger\"><img decoding=\"async\" src=\"https:\/\/www.paysdesecrins.com\/wp-content\/uploads\/2025\/07\/17ski-photos-kinaphoto-pelvoux-journe-e-4-2025-hd5-400x400.jpg\" alt=\"\"><\/a><\/div><div class=\"splide__slide\"><a href=\"https:\/\/www.paysdesecrins.com\/wp-content\/uploads\/2025\/07\/17ski-photos-kinaphoto-pelvoux-journe-e-5-2025-hd22-scaled.jpg\" data-glightbox=\"true\" class=\"lightbox-trigger\"><img decoding=\"async\" src=\"https:\/\/www.paysdesecrins.com\/wp-content\/uploads\/2025\/07\/17ski-photos-kinaphoto-pelvoux-journe-e-5-2025-hd22-400x400.jpg\" alt=\"\"><\/a><\/div><\/div><\/div><\/div><\/div>\n\n\n\n<div style=\"height:35px\" aria-hidden=\"true\" class=\"wp-block-spacer\"><\/div>\n\n\n\n<div class=\"wp-block-ws-library-ws-columns alignwide has-2-columns are-vertically-aligned-center layout-5050\">\n<div class=\"wp-block-ws-library-ws-column\"><div class=\"wrapper\">\n<div class=\"wp-block-ws-library-ws-title\"><h2><em>Warum das<\/em> Pays des \u00c9crins w\u00e4hlen?<\/h2><\/div>\n\n\n\n<ul class=\"wp-block-list\">\n<li>Resort-Dorf-Atmosph\u00e4re, weit weg vom Bling-Bling<\/li>\n\n\n\n<li>Erschwingliche Preise, Naturschnee, einfacher Zugang<\/li>\n\n\n\n<li>Alles vor Ort: Skischulen, Verleihe, Shops<\/li>\n<\/ul>\n<\/div><\/div>\n\n\n\n<div class=\"wp-block-ws-library-ws-column\"><div class=\"wrapper\">\n<div class=\"wp-block-ws-library-ws-image\"><div class=\"wrapper\"><div class=\"group-media\"><img decoding=\"async\" src=\"https:\/\/www.paysdesecrins.com\/wp-content\/uploads\/2025\/07\/rogiervanrijn-puysaintvincent-dsc00524-960x640.jpg\" alt=\"\" class=\"single_image ws-image-30034\"><div class=\"credits\">Rogier VANRIJN<\/div><\/div><p class=\"caption\"><\/p><\/div><\/div>\n<\/div><\/div>\n<\/div>\n<\/div><\/div>\n\n\n\n<div class=\"wp-block-ws-library-ws-tab\" style=\"display:none\"><p class=\"tab-title\">SKI NORDIQUE<\/p><div class=\"tab-content\">\n<div class=\"wp-block-ws-library-ws-title aligncenter\"><h2><em>70 km zum <\/em>Durchatmen<\/h2><\/div>\n\n\n\n<p class=\"has-text-align-center\">Auf der Suche nach Stille, sanfter Anstrengung und verschneiten Landschaften abseits der Menschenmassen? Das Pays des \u00c9crins bietet mehr als 70 km Langlaufloipen, auf denen Sie je nach Lust und Laune (und Ihren Oberschenkeln) Schlittschuhlaufen \u00fcben k\u00f6nnen.   <br\/>Drei Stationen, drei Atmosph\u00e4ren, eines haben wir gemeinsam: Raum, Ruhe und frische Luft.<br\/><\/p>\n\n\n\n<div class=\"wp-block-ws-library-ws-video\"><div class=\"wrapper\"><div class=\"group-media\">\n<figure class=\"wp-block-embed is-type-video is-provider-youtube wp-block-embed-youtube\"><div class=\"wp-block-embed__wrapper\">\n<iframe loading=\"lazy\" title=\"Ski nordique - Pays des \u00c9crins\" width=\"500\" height=\"281\" src=\"https:\/\/www.youtube.com\/embed\/LCxVlk5v5FY?feature=oembed\" frameborder=\"0\" allow=\"accelerometer; autoplay; clipboard-write; encrypted-media; gyroscope; picture-in-picture; web-share\" referrerpolicy=\"strict-origin-when-cross-origin\" allowfullscreen><\/iframe>\n<\/div><\/figure>\n<\/div><\/div><\/div>\n\n\n\n<div style=\"height:100px\" aria-hidden=\"true\" class=\"wp-block-spacer\"><\/div>\n\n\n\n<div class=\"wp-block-ws-library-ws-title aligncenter\"><h2>Skandinavien<\/h2><\/div>\n\n\n\n<div class=\"wp-block-ws-library-ws-columns alignwide has-2-columns are-vertically-aligned-center layout-5050 is-style-background\">\n<div class=\"wp-block-ws-library-ws-column\"><div class=\"wrapper\">\n<div class=\"wp-block-ws-library-ws-title\"><h2>Puy St. Vincent<\/h2><\/div>\n\n\n\n<p><em>Panorama und guter H\u00f6henunterschied<\/em><\/p>\n\n\n\n<p>Auf 1.650 m Seeh\u00f6he t\u00e4glich 28 km pr\u00e4parierte Pisten. Wir beginnen &#8222;ruhig&#8220; mit der Villaret-Schleife, dann steigen wir (mit einem kleinen Sessellift) zum Pousterle und zur Tour des T\u00eates auf.   <br\/>Dort oben ein atemberaubender Blick auf die Durance, die Vallouise und die \u00c9crins. Ideal, um sich in der Sch\u00f6nheit zu isolieren&#8230; und die Beine erw\u00e4rmen. <\/p>\n\n\n\n<div class=\"wp-block-ws-library-ws-button has-text-align-left\"><a href=\"https:\/\/www.paysdesecrins.com\/de\/mein-resort-mein-dorf\/puy-saint-vincent\/nordisches-gebiet-von-puy-saint-vincent\/\" class=\"wp-block-button__link wp-element-button btn\">  Mehr erfahren +<\/a><\/div>\n<\/div><\/div>\n\n\n\n<div class=\"wp-block-ws-library-ws-column\"><div class=\"wrapper\">\n<div class=\"wp-block-ws-library-ws-image\"><div class=\"wrapper\"><div class=\"group-media\"><img decoding=\"async\" src=\"https:\/\/www.paysdesecrins.com\/wp-content\/uploads\/2025\/07\/171skidefond-ski-de-fond-puysaintvincent-plateau-pousterl-thibautblais-960x640.jpg\" alt=\"\" class=\"single_image ws-image-21618\"><div class=\"credits\">Thibaut BLAIS<\/div><\/div><p class=\"caption\"><\/p><\/div><\/div>\n<\/div><\/div>\n<\/div>\n\n\n\n<div class=\"wp-block-ws-library-ws-columns alignwide has-2-columns are-vertically-aligned-center layout-5050 is-style-default\">\n<div class=\"wp-block-ws-library-ws-column\"><div class=\"wrapper\">\n<div class=\"wp-block-ws-library-ws-image\"><div class=\"wrapper\"><div class=\"group-media\"><img decoding=\"async\" src=\"https:\/\/www.paysdesecrins.com\/wp-content\/uploads\/2025\/07\/171skidefond-dsc07634.jpg\" alt=\"\" class=\"single_image ws-image-21608\"><div class=\"credits\"><\/div><\/div><p class=\"caption\"><\/p><\/div><\/div>\n<\/div><\/div>\n\n\n\n<div class=\"wp-block-ws-library-ws-column\"><div class=\"wrapper\">\n<div class=\"wp-block-ws-library-ws-title\"><h2>Vallouise-pelvoux<\/h2><\/div>\n\n\n\n<p><em>Einfach, lustig, familienfreundlich<\/em><br\/><br\/>22 km Pisten zwischen D\u00f6rfern, T\u00e4lern und L\u00e4rchen.  <br\/>Hier ist das Gel\u00e4nde sanft, perfekt f\u00fcr Anf\u00e4nger, Fortgeschrittene oder &#8222;ruhiges&#8220; Aufw\u00e4rmen. Eine kostenlose Schleife, um die Empfindungen zu testen, Wanderwege, die f\u00fcr alle zug\u00e4nglich sind, und eine sanfte Verbindung zwischen den D\u00f6rfern. Allein oder mit einem Stamm zu tun.  <\/p>\n\n\n\n<div class=\"wp-block-ws-library-ws-button has-text-align-left\"><a href=\"https:\/\/www.paysdesecrins.com\/ma-station-mon-village\/pelvoux-vallouise-ailefroide\/domaine-nordique-de-vallouise\/\" class=\"wp-block-button__link wp-element-button btn\"> En savoir +<\/a><\/div>\n<\/div><\/div>\n<\/div>\n\n\n\n<div class=\"wp-block-ws-library-ws-columns alignwide has-2-columns are-vertically-aligned-center layout-5050 is-style-background\">\n<div class=\"wp-block-ws-library-ws-column\"><div class=\"wrapper\">\n<div class=\"wp-block-ws-library-ws-title\"><h2>Freissini\u00e8res<\/h2><\/div>\n\n\n\n<p><em>Raue Natur und abwechslungsreiche Rundg\u00e4nge,<\/em><br\/><em>Wilde und authentische Atmosph\u00e4re<\/em><\/p>\n\n\n\n<p>20 km Wanderwege zwischen den W\u00e4ldern und Lichtungen von Ubac, mit Routen, die von der kostenlosen Entdeckungsschleife bis hin zu sehr technischen Routen reichen. Es ist der Ort, um sich wieder mit den Bergen zu verbinden, weit weg von allem, nah bei sich selbst (und ein paar Eichh\u00f6rnchen). <\/p>\n\n\n\n<div class=\"wp-block-ws-library-ws-button has-text-align-left\"><a href=\"https:\/\/www.paysdesecrins.com\/de\/mein-resort-mein-dorf\/freissinieres-dormillouse\/\" class=\"wp-block-button__link wp-element-button btn\">  Weiterlesen +<\/a><\/div>\n<\/div><\/div>\n\n\n\n<div class=\"wp-block-ws-library-ws-column\"><div class=\"wrapper\">\n<div class=\"wp-block-ws-library-ws-image\"><div class=\"wrapper\"><div class=\"group-media\"><img decoding=\"async\" src=\"https:\/\/www.paysdesecrins.com\/wp-content\/uploads\/2025\/07\/17skidefond-dsc01059-960x640.jpg\" alt=\"\" class=\"single_image ws-image-21718\"><div class=\"credits\"><\/div><\/div><p class=\"caption\"><\/p><\/div><\/div>\n<\/div><\/div>\n<\/div>\n<\/div><\/div>\n\n\n\n<div class=\"wp-block-ws-library-ws-tab\" style=\"display:none\"><p class=\"tab-title\">SKI DE RANDO<\/p><div class=\"tab-content\">\n<div class=\"wp-block-ws-library-ws-title aligncenter\"><h2>Die bellE Ausrei\u00dfergruppe<\/h2><\/div>\n\n\n\n<p class=\"has-text-align-center\">M\u00f6chten Sie die Massen hinter sich lassen und Ihre eigene Linie ziehen? Das Pays des \u00c9crins ist der ideale Spielplatz f\u00fcr Skitouren in den Alpen: L\u00e4rchen, Grate, D+ \u00e0 la carte&#8230; und ein echter Berggeist.<br\/>Zwei Resorts \u2013 Pelvoux-Vallouise und Puy Saint Vincent \u2013 bringen Sie in die Umlaufbahn, ohne Kopfschmerzen zu haben. <\/p>\n\n\n\n<div class=\"wp-block-ws-library-ws-video\"><div class=\"wrapper\"><div class=\"group-media\">\n<figure class=\"wp-block-embed is-type-video is-provider-youtube wp-block-embed-youtube\"><div class=\"wp-block-embed__wrapper\">\n<iframe loading=\"lazy\" title=\"Une journ\u00e9e de ski de randonn\u00e9e \u00e0 La Blanche, Pelvoux-Vallouise | Aventures en montagne\" width=\"500\" height=\"281\" src=\"https:\/\/www.youtube.com\/embed\/TnGWjS6d1c8?feature=oembed\" frameborder=\"0\" allow=\"accelerometer; autoplay; clipboard-write; encrypted-media; gyroscope; picture-in-picture; web-share\" referrerpolicy=\"strict-origin-when-cross-origin\" allowfullscreen><\/iframe>\n<\/div><\/figure>\n<\/div><\/div><\/div>\n\n\n\n<div style=\"height:35px\" aria-hidden=\"true\" class=\"wp-block-spacer\"><\/div>\n\n\n\n<div class=\"wp-block-ws-library-ws-title aligncenter\"><h2><em>Unsere Must-Haves<\/em> 7 Wanderideen<\/h2><\/div>\n\n\n\n<ul class=\"wp-block-list\">\n<li><strong>Sentier des Lutins (Vallouise \u2192 Puy, 4.3 km, leicht, 1h\u20131h30)<\/strong><br\/>Ein lustiger Spaziergang im Wald, der f\u00fcr alle zug\u00e4nglich ist, unterbrochen von kleinen Elfen und Ausblicken auf das Tal. Abfahrt in der N\u00e4he der Pont de G\u00e9rendoine. Leicht ansteigende Schleife durch Gestr\u00fcpp und Lichtungen, mit erkl\u00e4renden Tafeln und Rastpl\u00e4tzen. Ideal zum Aufw\u00e4rmen mit der Familie.   <\/li>\n\n\n\n<li><strong>Pr\u00e9 Rouge + Rocher Noir Grat (Puy Saint-Vincent, 600\u20131.000 H\u00f6henmeter, mittel bis mittelschwer, variabel 3h\u20136h)<\/strong><br\/>Ein anspruchsvoller H\u00f6henkurs, um den H\u00f6henunterschied mit weiten Panoramen der \u00c9crins zu trainieren. Vom Sektor Puy Saint-Vincent geht es bergauf in Richtung Pr\u00e9 Rouge und dann weiter bis zur Cr\u00eate du Rocher Noir. Gel\u00e4nde, das oft f\u00fcr Skitouren und Sommerwanderungen genutzt wird; Teilweise steile Abschnitte, gute Kondition empfohlen.  <\/li>\n\n\n\n<li><strong>Les T\u00eates (Puy Saint-Vincent, ~450 H\u00f6henmeter, leicht, 2h\u20133h)<\/strong><br\/>Kurzer und panoramischer Aufstieg, perfekt f\u00fcr einen halben Tag. Abfahrt von der Hochebene von Pousterle. Gut markierter Wanderweg nach Les T\u00eates (ca. 2&#8217;044 m) mit 360\u00b0-Blick auf das Tal und die umliegenden Gipfel. Schleife m\u00f6glich; Es ist am besten, der empfohlenen Richtung zu folgen, um steile Anstiege am Ende der Route zu vermeiden.   <\/li>\n\n\n\n<li><strong>T\u00eate des Raisins (Freissini\u00e8res, ~1.240 H\u00f6henmeter, ziemlich schwierig, 4h30\u20136h Hin- und R\u00fcckweg)<\/strong><br\/>Anspruchsvoller grandioser Aufstieg mit weitem Blick auf das Tal und die Gipfel. Abfahrt am Stadtrand von Freissini\u00e8res (Testa Moute-Tal oder gleichwertiger Zugang). Anhaltender Anstieg mit Abschnitten, die manchmal abseits des Weges verlaufen und kniffliger Ausrichtung sind. Erfordert gute Ausdauer und Erfahrung. Gipfel auf 2.655 m mit weitl\u00e4ufigem Panorama; M\u00f6glichkeit des Starts zum Gleitschirmfliegen je nach Bedingungen.    <\/li>\n\n\n\n<li><strong>La Blanche (Pelvoux \/ Vallouise-Pelvoux, ~700 H\u00f6henmeter, mittel, ganzer Tag)<\/strong><br\/>Bergroute, die zu Fu\u00df oder auf Skitour erreichbar ist, mit sch\u00f6ner Aussicht vom Grat. Abfahrt von der Bergstation des Sessellifts Cr\u00eate. Wir folgen dem Grat in Richtung La Blanche (2.953 m) und vermeiden dabei bestimmte Abzweigungen. R\u00fcckfahrt mit den Liften oder Talfahrt m\u00f6glich. Im Winter zuverl\u00e4ssiger Ausflug mit allgemein stabilen Bedingungen.    <\/li>\n\n\n\n<li><strong>Peyre-Eyraute \/ Pic de Peyre Eyraute (Saint-Martin-de-Queyri\u00e8res, ~1.700 H\u00f6henmeter, schwer bis sehr schwer, 5h\u20137h)<\/strong><br\/>Lange und steile Almwanderung, mit teilweise technischen Passagen und weiten Ausblicken. Der Zugang erfolgt \u00fcber die nahe gelegenen T\u00e4ler und der Aufstieg zum Pic de Peyre Eyraute (2.903 m) \u00fcber Routen wie die Cr\u00eate de Serre Chapelle. Steile H\u00f6henmeter, Luftpassagen und anhaltende Anstrengung. Reserviert f\u00fcr erfahrene Wanderer.   <\/li>\n\n\n\n<li><strong>Pas des Aupillous (Vallouise, ~1.950 H\u00f6henmeter, sehr schwer \/ hohe Berge, lange Abfahrt)<\/strong><br\/>Eine gro\u00dfe Alpen\u00fcberquerung, technisch und engagiert, in einer sehr wilden Umgebung. Diese Kreuzung, die oft von der Bans-H\u00fctte aus angefahren wird, \u00fcberquert den Pas des Aupillous im Cirque des Bans. Hochgebirgspassage mit Felsen, H\u00f6he und Orientierung; Voraussetzung f\u00fcr alpine Erfahrung und geeignete Ausr\u00fcstung. Ausgepr\u00e4gte alpine Atmosph\u00e4re, umrahmt von Gipfeln wie dem Pic des Aupillous.   <\/li>\n<\/ul>\n\n\n\n<div class=\"wp-block-ws-library-ws-columns alignwide has-2-columns are-vertically-aligned-center layout-6040 is-style-default\">\n<div class=\"wp-block-ws-library-ws-column\"><div class=\"wrapper\">\n<div class=\"wp-block-ws-library-ws-title\"><h3>Pelvoux-Vallouise<\/h3><\/div>\n\n\n\n<p><em>Das gute Angebot mit dem Wanderticket<\/em><\/p>\n\n\n\n<p>Perfekt f\u00fcr Liebhaber sch\u00f6ner Anstiege. Dank des Skitourentickets k\u00f6nnen Sie zwei Sessellifte nutzen und Ihren Ausflug auf 2.300 m beginnen. Fahren Sie \u00fcber das Croix du Chastellet nach La Blanche (2.953 m): eine ausgeschilderte, alpine und spektakul\u00e4re Route. Das Anwesen schlie\u00dft um 16:30 Uhr f\u00fcr die Fellpflege. Immer ausger\u00fcstet sein: LVS-Ger\u00e4t, Schaufel, Sonde&#8230; Was ist, wenn Sie ein Anf\u00e4nger sind? Ein F\u00fchrer ist Pflicht!     <\/p>\n<\/div><\/div>\n\n\n\n<div class=\"wp-block-ws-library-ws-column\"><div class=\"wrapper\">\n<div class=\"wp-block-ws-library-ws-image\"><div class=\"wrapper\"><div class=\"group-media\"><img decoding=\"async\" src=\"https:\/\/www.paysdesecrins.com\/wp-content\/uploads\/2025\/07\/17ski-rando-lablanche-pelvouxthibaultpoinas-xh2f0073-raf-dxo-deepprime-scaled.jpg\" alt=\"\" class=\"single_image ws-image-21688\"><div class=\"credits\">Thibault POINAS<\/div><\/div><p class=\"caption\"><\/p><\/div><\/div>\n<\/div><\/div>\n<\/div>\n\n\n\n<div class=\"wp-block-ws-library-ws-columns alignwide has-2-columns are-vertically-aligned-center layout-4060 is-style-background\">\n<div class=\"wp-block-ws-library-ws-column\"><div class=\"wrapper\">\n<div class=\"wp-block-ws-library-ws-image\"><div class=\"wrapper\"><div class=\"group-media\"><img decoding=\"async\" src=\"https:\/\/www.paysdesecrins.com\/wp-content\/uploads\/2025\/07\/dsc09308-960x640.jpg\" alt=\"\" class=\"single_image ws-image-30091\"><div class=\"credits\"><\/div><\/div><p class=\"caption\"><\/p><\/div><\/div>\n<\/div><\/div>\n\n\n\n<div class=\"wp-block-ws-library-ws-column\"><div class=\"wrapper\">\n<div class=\"wp-block-ws-library-ws-title\"><h3>Puy St. Vincent<\/h3><\/div>\n\n\n\n<p><em>Ruhig oder belebend, es liegt an Ihnen<\/em><br\/><br\/>M\u00f6chten Sie es ausprobieren? Die Rennstrecke von Pr\u00e9 Rouge ist ideal f\u00fcr den Start: 600 bis 1.000 m D+ bei einem normalen Anstieg im Wald. Verspielter? Probieren Sie Les T\u00eates: 450 m H\u00f6henunterschied, L\u00e4rchenatmosph\u00e4re und Blick auf den Pelvoux. Der Schnee ist oft hervorragend, markiertes Gel\u00e4nde und eine entspannte Atmosph\u00e4re garantiert.    <\/p>\n<\/div><\/div>\n<\/div>\n\n\n\n<div class=\"wp-block-ws-library-ws-title aligncenter\"><h2><em>Einige Ideen<\/em> f\u00fcr Ausfl\u00fcge<\/h2><\/div>\n\n\n<div class=\"alignwide wp-block-ws-library-ws-list-content\"><div class=\"list-items splide\" data-splide=\"{&quot;type&quot;:&quot;loop&quot;,&quot;heightRatio&quot;:&quot;auto&quot;,&quot;perPage&quot;:3,&quot;perMove&quot;:1,&quot;drag&quot;:true,&quot;arrows&quot;:true,&quot;pagination&quot;:0,&quot;autoplay&quot;:false,&quot;gap&quot;:&quot;15px&quot;,&quot;breakpoints&quot;:{&quot;1200&quot;:{&quot;perPage&quot;:3},&quot;992&quot;:{&quot;perPage&quot;:2},&quot;768&quot;:{&quot;destroy&quot;:true}}}\"><div class=\"splide__track\"><div class=\"splide__list\"><div class=\"splide__slide\"><div class=\"item\" data-season=\"\"><div class=\"card  card-page\"><div class=\"group-media\"><div class=\"field-image\"><img loading=\"lazy\" decoding=\"async\" width=\"300\" height=\"450\" src=\"https:\/\/www.paysdesecrins.com\/wp-content\/uploads\/2025\/07\/171ski-rando-bivouac-a-la-cabane-de-faravel-61-300x450.jpg\" class=\"winter all-seasons wp-post-image\" alt=\"\" data-season=\"all-seasons\" srcset=\"https:\/\/www.paysdesecrins.com\/wp-content\/uploads\/2025\/07\/171ski-rando-bivouac-a-la-cabane-de-faravel-61-300x450.jpg 300w, https:\/\/www.paysdesecrins.com\/wp-content\/uploads\/2025\/07\/171ski-rando-bivouac-a-la-cabane-de-faravel-61-390x585.jpg 390w\" sizes=\"auto, (max-width: 300px) 100vw, 300px\" \/><\/div><\/div><div class=\"group-content\"><div class=\"field-title\">Eine Nacht unter den Sternen von Dormillouse<\/div><\/div><div class=\"field-link\" role=\"group\" aria-label=\"Lien vers le contenu\"><a href=\"https:\/\/www.paysdesecrins.com\/de\/eine-nacht-unter-den-sternen-von-dormillouse\/\" class=\"cardlink\" title=\"Lire plus : Eine Nacht unter den Sternen von Dormillouse\" lang=\"de_DE\">Eine Nacht unter den Sternen von Dormillouse<\/a><\/div><\/div><\/div><\/div><div class=\"splide__slide\"><div class=\"item\" data-season=\"\"><div class=\"card  card-page\"><div class=\"group-media\"><div class=\"field-image\"><img loading=\"lazy\" decoding=\"async\" width=\"300\" height=\"450\" src=\"https:\/\/www.paysdesecrins.com\/wp-content\/uploads\/2025\/07\/1681827665-84422455-1-300x450.jpg\" class=\"winter all-seasons wp-post-image\" alt=\"\" data-season=\"all-seasons\" srcset=\"https:\/\/www.paysdesecrins.com\/wp-content\/uploads\/2025\/07\/1681827665-84422455-1-300x450.jpg 300w, https:\/\/www.paysdesecrins.com\/wp-content\/uploads\/2025\/07\/1681827665-84422455-1-390x585.jpg 390w\" sizes=\"auto, (max-width: 300px) 100vw, 300px\" \/><\/div><\/div><div class=\"group-content\"><div class=\"field-title\">D\u00f4me des \u00c9crins und Roche Faurio auf Skitouren!<\/div><\/div><div class=\"field-link\" role=\"group\" aria-label=\"Lien vers le contenu\"><a href=\"https:\/\/www.paysdesecrins.com\/de\/mein-wunsch\/berg\/dome-des-ecrins-und-roche-faurio-auf-skitouren\/\" class=\"cardlink\" title=\"Lire plus : D\u00f4me des \u00c9crins und Roche Faurio auf Skitouren!\" lang=\"de_DE\">D\u00f4me des \u00c9crins und Roche Faurio auf Skitouren!<\/a><\/div><\/div><\/div><\/div><div class=\"splide__slide\"><div class=\"item\" data-season=\"\"><div class=\"card  card-page\"><div class=\"group-media\"><div class=\"field-image\"><img loading=\"lazy\" decoding=\"async\" width=\"300\" height=\"450\" src=\"https:\/\/www.paysdesecrins.com\/wp-content\/uploads\/2025\/07\/171ski-rando-pre-de-madame-carle-en-ski-23-300x450.jpg\" class=\"winter all-seasons wp-post-image\" alt=\"\" data-season=\"all-seasons\" srcset=\"https:\/\/www.paysdesecrins.com\/wp-content\/uploads\/2025\/07\/171ski-rando-pre-de-madame-carle-en-ski-23-300x450.jpg 300w, https:\/\/www.paysdesecrins.com\/wp-content\/uploads\/2025\/07\/171ski-rando-pre-de-madame-carle-en-ski-23-390x585.jpg 390w\" sizes=\"auto, (max-width: 300px) 100vw, 300px\" \/><\/div><\/div><div class=\"group-content\"><div class=\"field-title\">Im Mai k\u00f6nnen Sie tun, was Sie wollen!<\/div><\/div><div class=\"field-link\" role=\"group\" aria-label=\"Lien vers le contenu\"><a href=\"https:\/\/www.paysdesecrins.com\/de\/mein-wunsch\/berg\/im-mai-koennen-sie-tun-was-sie-wollen\/\" class=\"cardlink\" title=\"Lire plus : Im Mai k\u00f6nnen Sie tun, was Sie wollen!\" lang=\"de_DE\">Im Mai k\u00f6nnen Sie tun, was Sie wollen!<\/a><\/div><\/div><\/div><\/div><\/div><\/div><\/div><\/div><\/div><\/div>\n<\/div><\/div>\n\n<div class=\"wp-block-ws-library-ws-title\"><h2><em>Unsere Auswahl<\/em> an Aktivit\u00e4tenSki  <\/h2><\/div>\n<div id=\"listing_7808c\" data-observer-wishlist data-attributes='listing-avance {\"selectedSelectionIds\":[\"188507\"],\"selectedFacets\":[\"commune\"],\"showMap\":true,\"isPaginated\":true,\"perPage\":3,\"isPortrait\":false,\"isImageContain\":false,\"showCommune\":true,\"defaultImage\":\"https:\\\/\\\/www.paysdesecrins.com\\\/wp-content\\\/uploads\\\/2025\\\/06\\\/cropped-paysdesecrins.png\",\"sortOrder\":\"random\",\"showType\":false,\"columnsCount\":\"2-3-3\",\"showActiveFacets\":false,\"showGeolocalisation\":false,\"isLimited\":false,\"season\":\"\",\"align\":\"wide\"}' class=\"ws-listing wp-block-ws-apidae-library-listing-avance alignwide\" data-map-id=\"map_7808c\" data-locations-id=\"locations-data_7808c\"><div class=\"panel-fixe panel-facets\"><div class=\"panel-overlay toggle-facets\"><\/div><div class=\"panel-inner\"><div class=\"panel-header\"><div class=\"panel-title\">Filter<\/div><a href=\"#\" class=\"panel-close toggle-facets\">Schlie\u00dfen<\/a><\/div><div class=\"panel-content\"><div class=\"group-summary\"><div class=\"facetwp-selections\"><\/div><a href=\"#\" class=\"link-reset\">L\u00f6schen<\/a><\/div><div class=\"facetwp-facet facetwp-facet-commune facetwp-type-checkboxes\" data-name=\"commune\" data-type=\"checkboxes\"><\/div><\/div><div class=\"panel-footer\"><div class=\"facet-buttons\"><button type=\"submit\" class=\"btn btn-1 toggle-facets facetwp-count-btn\">Alle anzeigen <span class=\"results-count\"><\/span> Befund<\/button><\/div><\/div><\/div><\/div><div class=\"listing-header\"><div class=\"toggle-container\"><button class=\"btn toggle-btn toggle-list\" data-target=\"list\">Liste<\/button><button class=\"btn toggle-btn toggle-map\" data-target=\"map\">Landkarte<\/button><button class=\"btn toggle-btn toggle-facets\" data-target=\"facets\">Filter<\/button><button class=\"btn toggle-btn toggle-fulllist\" data-target=\"fulllist\" data-reverse=\"Karte anzeigen\">Karte ausblenden<\/button><\/div><\/div><div class=\"facetwp-template\"><div class=\"list-container active\"><div class=\"list-items\"><div class=\"item\" data-season=\"all-seasons\"><div class=\"card card-apidae card-avance\"><div class=\"group-actions\"><ws-wishlist data-type=\"flag\" data-action=\"add\" data-wish-id=\"7633464\" data-wish-type=\"apidae\"><\/ws-wishlist><\/div><div class=\"group-media\"><div class=\"field-image\"><img decoding=\"async\" src=\"https:\/\/images.weserv.nl\/?url=https:\/\/static.apidae-tourisme.com\/filestore\/objets-touristiques\/images\/27\/201\/36948251-diaporama.png&#038;w=350&#038;h=350&#038;fit=cover&#038;output=webp&#038;q=45\" alt=\"Ecole de ski nature\"\/><\/div><\/div><div class=\"group-top\"><div class=\"field-commune\">Puy-Saint-Vincent<\/div><ws-apidae-from-price data-apidae-id=\"7633464\" ><\/ws-apidae-from-price><\/div><div class=\"group-content\"><div class=\"field-title\">Ecole de ski nature<\/div><\/div><div class=\"field-link\" role=\"group\" aria-label=\"Lien vers le contenu\"><a href=\"https:\/\/www.paysdesecrins.com\/de\/fiche\/ecole-de-ski-nature-2\/\" class=\"cardlink\" title=\"Lire plus : Ecole de ski nature\" lang=\"de_DE\">Ecole de ski nature<\/a><\/div><\/div><\/div><div class=\"item\" data-season=\"all-seasons\"><div class=\"card card-apidae card-avance\"><div class=\"group-actions\"><ws-wishlist data-type=\"flag\" data-action=\"add\" data-wish-id=\"654089\" data-wish-type=\"apidae\"><\/ws-wishlist><\/div><div class=\"group-media\"><div class=\"field-image\"><img decoding=\"async\" src=\"https:\/\/images.weserv.nl\/?url=https:\/\/static.apidae-tourisme.com\/filestore\/objets-touristiques\/images\/190\/218\/32955070-diaporama.jpg&#038;w=350&#038;h=350&#038;fit=cover&#038;output=webp&#038;q=45\" alt=\"S\u00e9bastien Foissac\"\/><\/div><\/div><div class=\"group-top\"><div class=\"field-commune\">L&#039;Argenti\u00e8re-la-Bess\u00e9e<\/div><ws-apidae-from-price data-apidae-id=\"654089\" ><\/ws-apidae-from-price><\/div><div class=\"group-content\"><div class=\"field-title\">S\u00e9bastien Foissac<\/div><\/div><div class=\"field-link\" role=\"group\" aria-label=\"Lien vers le contenu\"><a href=\"https:\/\/www.paysdesecrins.com\/de\/fiche\/sebastien-foissac-2\/\" class=\"cardlink\" title=\"Lire plus : S\u00e9bastien Foissac\" lang=\"de_DE\">S\u00e9bastien Foissac<\/a><\/div><\/div><\/div><div class=\"item\" data-season=\"all-seasons\"><div class=\"card card-apidae card-avance\"><div class=\"group-actions\"><ws-wishlist data-type=\"flag\" data-action=\"add\" data-wish-id=\"581348\" data-wish-type=\"apidae\"><\/ws-wishlist><\/div><div class=\"group-media\"><div class=\"field-image\"><img decoding=\"async\" src=\"https:\/\/images.weserv.nl\/?url=https:\/\/static.apidae-tourisme.com\/filestore\/objets-touristiques\/images\/173\/124\/687277-diaporama.jpg&#038;w=350&#038;h=350&#038;fit=cover&#038;output=webp&#038;q=45\" alt=\"Bureau des Guides des \u00c9crins (dt. B\u00fcro der Bergf\u00fchrer der \u00c9crins)\"\/><\/div><\/div><div class=\"group-top\"><div class=\"field-commune\">Vallouise-Pelvoux<\/div><ws-apidae-from-price data-apidae-id=\"581348\" ><\/ws-apidae-from-price><\/div><div class=\"group-content\"><div class=\"field-title\">Bureau des Guides des \u00c9crins (dt. B\u00fcro der Bergf\u00fchrer der \u00c9crins)<\/div><\/div><div class=\"field-link\" role=\"group\" aria-label=\"Lien vers le contenu\"><a href=\"https:\/\/www.paysdesecrins.com\/de\/fiche\/bureau-des-guides-des-ecrins-dt-buro-der-bergfuhrer-der-ecrins\/\" class=\"cardlink\" title=\"Lire plus : Bureau des Guides des \u00c9crins (dt. B\u00fcro der Bergf\u00fchrer der \u00c9crins)\" lang=\"de_DE\">Bureau des Guides des \u00c9crins (dt. B\u00fcro der Bergf\u00fchrer der \u00c9crins)<\/a><\/div><\/div><\/div><div class=\"item\" data-season=\"all-seasons\"><div class=\"card card-apidae card-avance\"><div class=\"group-actions\"><ws-wishlist data-type=\"flag\" data-action=\"add\" data-wish-id=\"4628180\" data-wish-type=\"apidae\"><\/ws-wishlist><\/div><div class=\"group-media\"><div class=\"field-image\"><img decoding=\"async\" src=\"https:\/\/images.weserv.nl\/?url=https:\/\/static.apidae-tourisme.com\/filestore\/objets-touristiques\/images\/203\/55\/9648075-diaporama.jpg&#038;w=350&#038;h=350&#038;fit=cover&#038;output=webp&#038;q=45\" alt=\"Ice fall\"\/><\/div><\/div><div class=\"group-top\"><div class=\"field-commune\">L&#039;Argenti\u00e8re-la-Bess\u00e9e<\/div><ws-apidae-from-price data-apidae-id=\"4628180\" ><\/ws-apidae-from-price><\/div><div class=\"group-content\"><div class=\"field-title\">Ice fall<\/div><\/div><div class=\"field-link\" role=\"group\" aria-label=\"Lien vers le contenu\"><a href=\"https:\/\/www.paysdesecrins.com\/de\/fiche\/ice-fall-2\/\" class=\"cardlink\" title=\"Lire plus : Ice fall\" lang=\"de_DE\">Ice fall<\/a><\/div><\/div><\/div><div class=\"item\" data-season=\"all-seasons\"><div class=\"card card-apidae card-avance\"><div class=\"group-actions\"><ws-wishlist data-type=\"flag\" data-action=\"add\" data-wish-id=\"568914\" data-wish-type=\"apidae\"><\/ws-wishlist><\/div><div class=\"group-media\"><div class=\"field-image\"><img decoding=\"async\" src=\"https:\/\/images.weserv.nl\/?url=https:\/\/static.apidae-tourisme.com\/filestore\/objets-touristiques\/images\/141\/236\/7138445-diaporama.jpg&#038;w=350&#038;h=350&#038;fit=cover&#038;output=webp&#038;q=45\" alt=\"\u00c9cole du Ski Fran\u00e7ais (dt. Franz\u00f6sische Skischule)\"\/><\/div><\/div><div class=\"group-top\"><div class=\"field-commune\">Puy-Saint-Vincent<\/div><ws-apidae-from-price data-apidae-id=\"568914\" ><\/ws-apidae-from-price><\/div><div class=\"group-content\"><div class=\"field-title\">\u00c9cole du Ski Fran\u00e7ais (dt. Franz\u00f6sische Skischule)<\/div><\/div><div class=\"field-link\" role=\"group\" aria-label=\"Lien vers le contenu\"><a href=\"https:\/\/www.paysdesecrins.com\/de\/fiche\/ecole-du-ski-francais-dt-franzosische-skischule\/\" class=\"cardlink\" title=\"Lire plus : \u00c9cole du Ski Fran\u00e7ais (dt. Franz\u00f6sische Skischule)\" lang=\"de_DE\">\u00c9cole du Ski Fran\u00e7ais (dt. Franz\u00f6sische Skischule)<\/a><\/div><\/div><\/div><div class=\"item\" data-season=\"all-seasons\"><div class=\"card card-apidae card-avance\"><div class=\"group-actions\"><ws-wishlist data-type=\"flag\" data-action=\"add\" data-wish-id=\"669942\" data-wish-type=\"apidae\"><\/ws-wishlist><\/div><div class=\"group-media\"><div class=\"field-image\"><img decoding=\"async\" src=\"https:\/\/images.weserv.nl\/?url=https:\/\/static.apidae-tourisme.com\/filestore\/objets-touristiques\/images\/101\/11\/3083109-diaporama.jpg&#038;w=350&#038;h=350&#038;fit=cover&#038;output=webp&#038;q=45\" alt=\"Nordic en Vallouise\"\/><\/div><\/div><div class=\"group-top\"><div class=\"field-commune\">Vallouise-Pelvoux<\/div><ws-apidae-from-price data-apidae-id=\"669942\" ><\/ws-apidae-from-price><\/div><div class=\"group-content\"><div class=\"field-title\">Nordic en Vallouise<\/div><\/div><div class=\"field-link\" role=\"group\" aria-label=\"Lien vers le contenu\"><a href=\"https:\/\/www.paysdesecrins.com\/de\/fiche\/nordic-en-vallouise-2\/\" class=\"cardlink\" title=\"Lire plus : Nordic en Vallouise\" lang=\"de_DE\">Nordic en Vallouise<\/a><\/div><\/div><\/div><div class=\"item\" data-season=\"all-seasons\"><div class=\"card card-apidae card-avance\"><div class=\"group-actions\"><ws-wishlist data-type=\"flag\" data-action=\"add\" data-wish-id=\"580536\" data-wish-type=\"apidae\"><\/ws-wishlist><\/div><div class=\"group-media\"><div class=\"field-image\"><img decoding=\"async\" src=\"https:\/\/images.weserv.nl\/?url=https:\/\/static.apidae-tourisme.com\/filestore\/objets-touristiques\/images\/155\/236\/7138459-diaporama.jpg&#038;w=350&#038;h=350&#038;fit=cover&#038;output=webp&#038;q=45\" alt=\"\u00c9cole du Ski Fran\u00e7ais \u00e0 Pelvoux\"\/><\/div><\/div><div class=\"group-top\"><div class=\"field-commune\">Vallouise-Pelvoux<\/div><ws-apidae-from-price data-apidae-id=\"580536\" ><\/ws-apidae-from-price><\/div><div class=\"group-content\"><div class=\"field-title\">\u00c9cole du Ski Fran\u00e7ais \u00e0 Pelvoux<\/div><\/div><div class=\"field-link\" role=\"group\" aria-label=\"Lien vers le contenu\"><a href=\"https:\/\/www.paysdesecrins.com\/de\/fiche\/ecole-du-ski-francais-a-pelvoux-2\/\" class=\"cardlink\" title=\"Lire plus : \u00c9cole du Ski Fran\u00e7ais \u00e0 Pelvoux\" lang=\"de_DE\">\u00c9cole du Ski Fran\u00e7ais \u00e0 Pelvoux<\/a><\/div><\/div><\/div><div class=\"item\" data-season=\"all-seasons\"><div class=\"card card-apidae card-avance\"><div class=\"group-actions\"><ws-wishlist data-type=\"flag\" data-action=\"add\" data-wish-id=\"626986\" data-wish-type=\"apidae\"><\/ws-wishlist><\/div><div class=\"group-media\"><div class=\"field-image\"><img decoding=\"async\" src=\"https:\/\/images.weserv.nl\/?url=https:\/\/static.apidae-tourisme.com\/filestore\/objets-touristiques\/images\/82\/247\/784210-diaporama.jpg&#038;w=350&#038;h=350&#038;fit=cover&#038;output=webp&#038;q=45\" alt=\"S\u00e9bastien Constant\"\/><\/div><\/div><div class=\"group-top\"><div class=\"field-commune\">L&#039;Argenti\u00e8re-la-Bess\u00e9e<\/div><ws-apidae-from-price data-apidae-id=\"626986\" ><\/ws-apidae-from-price><\/div><div class=\"group-content\"><div class=\"field-title\">S\u00e9bastien Constant<\/div><\/div><div class=\"field-link\" role=\"group\" aria-label=\"Lien vers le contenu\"><a href=\"https:\/\/www.paysdesecrins.com\/de\/fiche\/sebastien-constant-2\/\" class=\"cardlink\" title=\"Lire plus : S\u00e9bastien Constant\" lang=\"de_DE\">S\u00e9bastien Constant<\/a><\/div><\/div><\/div><div class=\"item\" data-season=\"all-seasons\"><div class=\"card card-apidae card-avance\"><div class=\"group-actions\"><ws-wishlist data-type=\"flag\" data-action=\"add\" data-wish-id=\"5047226\" data-wish-type=\"apidae\"><\/ws-wishlist><\/div><div class=\"group-media\"><div class=\"field-image\"><img decoding=\"async\" src=\"https:\/\/images.weserv.nl\/?url=https:\/\/static.apidae-tourisme.com\/filestore\/objets-touristiques\/images\/134\/7\/30082950-diaporama.jpg&#038;w=350&#038;h=350&#038;fit=cover&#038;output=webp&#038;q=45\" alt=\"Mathieu Gaillard Guide de Haute Montagne\"\/><\/div><\/div><div class=\"group-top\"><div class=\"field-commune\">L&#039;Argenti\u00e8re-la-Bess\u00e9e<\/div><ws-apidae-from-price data-apidae-id=\"5047226\" ><\/ws-apidae-from-price><\/div><div class=\"group-content\"><div class=\"field-title\">Mathieu Gaillard Guide de Haute Montagne<\/div><\/div><div class=\"field-link\" role=\"group\" aria-label=\"Lien vers le contenu\"><a href=\"https:\/\/www.paysdesecrins.com\/de\/fiche\/mathieu-gaillard-guide-de-haute-montagne-2\/\" class=\"cardlink\" title=\"Lire plus : Mathieu Gaillard Guide de Haute Montagne\" lang=\"de_DE\">Mathieu Gaillard Guide de Haute Montagne<\/a><\/div><\/div><\/div><div class=\"item\" data-season=\"all-seasons\"><div class=\"card card-apidae card-avance\"><div class=\"group-actions\"><ws-wishlist data-type=\"flag\" data-action=\"add\" data-wish-id=\"5874638\" data-wish-type=\"apidae\"><\/ws-wishlist><\/div><div class=\"group-media\"><div class=\"field-image\"><img decoding=\"async\" src=\"https:\/\/images.weserv.nl\/?url=https:\/\/static.apidae-tourisme.com\/filestore\/objets-touristiques\/images\/242\/194\/10339058-diaporama.jpg&#038;w=350&#038;h=350&#038;fit=cover&#038;output=webp&#038;q=45\" alt=\"Alpineo\"\/><\/div><\/div><div class=\"group-top\"><div class=\"field-book\">Online buchbar<\/div><div class=\"field-commune\">L&#039;Argenti\u00e8re-la-Bess\u00e9e<\/div><ws-apidae-from-price data-apidae-id=\"5874638\" ><\/ws-apidae-from-price><\/div><div class=\"group-content\"><div class=\"field-title\">Alpineo<\/div><\/div><div class=\"field-link\" role=\"group\" aria-label=\"Lien vers le contenu\"><a href=\"https:\/\/www.paysdesecrins.com\/de\/fiche\/alpineo-2\/\" class=\"cardlink\" title=\"Lire plus : Alpineo\" lang=\"de_DE\">Alpineo<\/a><\/div><\/div><\/div><div class=\"item\" data-season=\"all-seasons\"><div class=\"card card-apidae card-avance\"><div class=\"group-actions\"><ws-wishlist data-type=\"flag\" data-action=\"add\" data-wish-id=\"5410923\" data-wish-type=\"apidae\"><\/ws-wishlist><\/div><div class=\"group-media\"><div class=\"field-image\"><img decoding=\"async\" src=\"https:\/\/images.weserv.nl\/?url=https:\/\/static.apidae-tourisme.com\/filestore\/objets-touristiques\/images\/83\/202\/8964691-diaporama.png&#038;w=350&#038;h=350&#038;fit=cover&#038;output=webp&#038;q=45\" alt=\"Nordisch\"\/><\/div><\/div><div class=\"group-top\"><div class=\"field-commune\">Vallouise-Pelvoux<\/div><ws-apidae-from-price data-apidae-id=\"5410923\" ><\/ws-apidae-from-price><\/div><div class=\"group-content\"><div class=\"field-title\">Nordisch<\/div><\/div><div class=\"field-link\" role=\"group\" aria-label=\"Lien vers le contenu\"><a href=\"https:\/\/www.paysdesecrins.com\/de\/fiche\/nordisch\/\" class=\"cardlink\" title=\"Lire plus : Nordisch\" lang=\"de_DE\">Nordisch<\/a><\/div><\/div><\/div><div class=\"item\" data-season=\"all-seasons\"><div class=\"card card-apidae card-avance\"><div class=\"group-actions\"><ws-wishlist data-type=\"flag\" data-action=\"add\" data-wish-id=\"621959\" data-wish-type=\"apidae\"><\/ws-wishlist><\/div><div class=\"group-media\"><div class=\"field-image\"><img decoding=\"async\" src=\"https:\/\/images.weserv.nl\/?url=https:\/\/static.apidae-tourisme.com\/filestore\/objets-touristiques\/images\/88\/178\/8893016-diaporama.jpg&#038;w=350&#038;h=350&#038;fit=cover&#038;output=webp&#038;q=45\" alt=\"Roc \u00c9crins (Felsen)\"\/><\/div><\/div><div class=\"group-top\"><div class=\"field-book\">Online buchbar<\/div><div class=\"field-commune\">L&#039;Argenti\u00e8re-la-Bess\u00e9e<\/div><ws-apidae-from-price data-apidae-id=\"621959\" ><\/ws-apidae-from-price><\/div><div class=\"group-content\"><div class=\"field-title\">Roc \u00c9crins (Felsen)<\/div><\/div><div class=\"field-link\" role=\"group\" aria-label=\"Lien vers le contenu\"><a href=\"https:\/\/www.paysdesecrins.com\/de\/fiche\/roc-ecrins-felsen\/\" class=\"cardlink\" title=\"Lire plus : Roc \u00c9crins (Felsen)\" lang=\"de_DE\">Roc \u00c9crins (Felsen)<\/a><\/div><\/div><\/div><div class=\"item\" data-season=\"all-seasons\"><div class=\"card card-apidae card-avance\"><div class=\"group-actions\"><ws-wishlist data-type=\"flag\" data-action=\"add\" data-wish-id=\"6656188\" data-wish-type=\"apidae\"><\/ws-wishlist><\/div><div class=\"group-media\"><div class=\"field-image\"><img decoding=\"async\" src=\"https:\/\/images.weserv.nl\/?url=https:\/\/static.apidae-tourisme.com\/filestore\/objets-touristiques\/images\/10\/76\/20466698-diaporama.jpg&#038;w=350&#038;h=350&#038;fit=cover&#038;output=webp&#038;q=45\" alt=\"Alpinisme, escalade et randonn\u00e9e avec Terralpina\"\/><\/div><\/div><div class=\"group-top\"><div class=\"field-commune\">Les Vigneaux<\/div><ws-apidae-from-price data-apidae-id=\"6656188\" ><\/ws-apidae-from-price><\/div><div class=\"group-content\"><div class=\"field-title\">Alpinisme, escalade et randonn\u00e9e avec Terralpina<\/div><\/div><div class=\"field-link\" role=\"group\" aria-label=\"Lien vers le contenu\"><a href=\"https:\/\/www.paysdesecrins.com\/de\/fiche\/alpinisme-escalade-et-randonnee-avec-terralpina-2\/\" class=\"cardlink\" title=\"Lire plus : Alpinisme, escalade et randonn\u00e9e avec Terralpina\" lang=\"de_DE\">Alpinisme, escalade et randonn\u00e9e avec Terralpina<\/a><\/div><\/div><\/div><div class=\"item\" data-season=\"all-seasons\"><div class=\"card card-apidae card-avance\"><div class=\"group-actions\"><ws-wishlist data-type=\"flag\" data-action=\"add\" data-wish-id=\"642806\" data-wish-type=\"apidae\"><\/ws-wishlist><\/div><div class=\"group-media\"><div class=\"field-image\"><img decoding=\"async\" src=\"https:\/\/images.weserv.nl\/?url=https:\/\/static.apidae-tourisme.com\/filestore\/objets-touristiques\/images\/160\/205\/2149792-diaporama.jpg&#038;w=350&#038;h=350&#038;fit=cover&#038;output=webp&#038;q=45\" alt=\"Guillaume CHRISTIAN\"\/><\/div><\/div><div class=\"group-top\"><div class=\"field-commune\">L&#039;Argenti\u00e8re-la-Bess\u00e9e<\/div><ws-apidae-from-price data-apidae-id=\"642806\" ><\/ws-apidae-from-price><\/div><div class=\"group-content\"><div class=\"field-title\">Guillaume CHRISTIAN<\/div><\/div><div class=\"field-link\" role=\"group\" aria-label=\"Lien vers le contenu\"><a href=\"https:\/\/www.paysdesecrins.com\/de\/fiche\/guillaume-christian-2\/\" class=\"cardlink\" title=\"Lire plus : Guillaume CHRISTIAN\" lang=\"de_DE\">Guillaume CHRISTIAN<\/a><\/div><\/div><\/div><div class=\"item\" data-season=\"all-seasons\"><div class=\"card card-apidae card-avance\"><div class=\"group-actions\"><ws-wishlist data-type=\"flag\" data-action=\"add\" data-wish-id=\"568898\" data-wish-type=\"apidae\"><\/ws-wishlist><\/div><div class=\"group-media\"><div class=\"field-image\"><img decoding=\"async\" src=\"https:\/\/images.weserv.nl\/?url=https:\/\/static.apidae-tourisme.com\/filestore\/objets-touristiques\/images\/46\/235\/19852078-diaporama.jpg&#038;w=350&#038;h=350&#038;fit=cover&#038;output=webp&#038;q=45\" alt=\"\u00c9cole de Ski Internationale (dt. Internationale Skischule)\"\/><\/div><\/div><div class=\"group-top\"><div class=\"field-commune\">Puy-Saint-Vincent<\/div><ws-apidae-from-price data-apidae-id=\"568898\" ><\/ws-apidae-from-price><\/div><div class=\"group-content\"><div class=\"field-title\">\u00c9cole de Ski Internationale (dt. Internationale Skischule)<\/div><\/div><div class=\"field-link\" role=\"group\" aria-label=\"Lien vers le contenu\"><a href=\"https:\/\/www.paysdesecrins.com\/de\/fiche\/ecole-de-ski-internationale-dt-internationale-skischule\/\" class=\"cardlink\" title=\"Lire plus : \u00c9cole de Ski Internationale (dt. Internationale Skischule)\" lang=\"de_DE\">\u00c9cole de Ski Internationale (dt. Internationale Skischule)<\/a><\/div><\/div><\/div><div class=\"item\" data-season=\"all-seasons\"><div class=\"card card-apidae card-avance\"><div class=\"group-actions\"><ws-wishlist data-type=\"flag\" data-action=\"add\" data-wish-id=\"643560\" data-wish-type=\"apidae\"><\/ws-wishlist><\/div><div class=\"group-media\"><div class=\"field-image\"><img decoding=\"async\" src=\"https:\/\/images.weserv.nl\/?url=https:\/\/static.apidae-tourisme.com\/filestore\/objets-touristiques\/images\/175\/205\/2149807-diaporama.jpg&#038;w=350&#038;h=350&#038;fit=cover&#038;output=webp&#038;q=45\" alt=\"Alpes Aventure\"\/><\/div><\/div><div class=\"group-top\"><div class=\"field-commune\">L&#039;Argenti\u00e8re-la-Bess\u00e9e<\/div><ws-apidae-from-price data-apidae-id=\"643560\" ><\/ws-apidae-from-price><\/div><div class=\"group-content\"><div class=\"field-title\">Alpes Aventure<\/div><\/div><div class=\"field-link\" role=\"group\" aria-label=\"Lien vers le contenu\"><a href=\"https:\/\/www.paysdesecrins.com\/de\/fiche\/alpes-aventure-2\/\" class=\"cardlink\" title=\"Lire plus : Alpes Aventure\" lang=\"de_DE\">Alpes Aventure<\/a><\/div><\/div><\/div><div id=\"locations-data_7808c\" style=\"display: none;\">{&quot;locations&quot;:[{&quot;lat&quot;:&quot;44.818245&quot;,&quot;lng&quot;:&quot;6.486048&quot;,&quot;title&quot;:&quot;Ecole de ski nature&quot;,&quot;permalink&quot;:&quot;https:\\\/\\\/www.paysdesecrins.com\\\/de\\\/fiche\\\/ecole-de-ski-nature-2\\\/&quot;,&quot;type&quot;:&quot;commerce_et_service&quot;,&quot;commune&quot;:&quot;Puy-Saint-Vincent&quot;,&quot;type_commerce&quot;:&quot;&quot;,&quot;image&quot;:&quot;https:\\\/\\\/static.apidae-tourisme.com\\\/filestore\\\/objets-touristiques\\\/images\\\/27\\\/201\\\/36948251-diaporama.png&quot;,&quot;image_width&quot;:&quot;350&quot;,&quot;image_height&quot;:&quot;350&quot;,&quot;image_fit&quot;:&quot;cover&quot;},{&quot;lat&quot;:&quot;44.789117&quot;,&quot;lng&quot;:&quot;6.547291&quot;,&quot;title&quot;:&quot;S\\u00e9bastien Foissac&quot;,&quot;permalink&quot;:&quot;https:\\\/\\\/www.paysdesecrins.com\\\/de\\\/fiche\\\/sebastien-foissac-2\\\/&quot;,&quot;type&quot;:&quot;commerce_et_service&quot;,&quot;commune&quot;:&quot;L&#039;Argenti\\u00e8re-la-Bess\\u00e9e&quot;,&quot;type_commerce&quot;:&quot;&quot;,&quot;image&quot;:&quot;https:\\\/\\\/static.apidae-tourisme.com\\\/filestore\\\/objets-touristiques\\\/images\\\/190\\\/218\\\/32955070-diaporama.jpg&quot;,&quot;image_width&quot;:&quot;350&quot;,&quot;image_height&quot;:&quot;350&quot;,&quot;image_fit&quot;:&quot;cover&quot;},{&quot;lat&quot;:&quot;44.83928&quot;,&quot;lng&quot;:&quot;6.497067&quot;,&quot;title&quot;:&quot;Bureau des Guides des \\u00c9crins (dt. B\\u00fcro der Bergf\\u00fchrer der \\u00c9crins)&quot;,&quot;permalink&quot;:&quot;https:\\\/\\\/www.paysdesecrins.com\\\/de\\\/fiche\\\/bureau-des-guides-des-ecrins-dt-buro-der-bergfuhrer-der-ecrins\\\/&quot;,&quot;type&quot;:&quot;commerce_et_service&quot;,&quot;commune&quot;:&quot;Vallouise-Pelvoux&quot;,&quot;type_commerce&quot;:&quot;&quot;,&quot;image&quot;:&quot;https:\\\/\\\/static.apidae-tourisme.com\\\/filestore\\\/objets-touristiques\\\/images\\\/173\\\/124\\\/687277-diaporama.jpg&quot;,&quot;image_width&quot;:&quot;350&quot;,&quot;image_height&quot;:&quot;350&quot;,&quot;image_fit&quot;:&quot;cover&quot;},{&quot;lat&quot;:&quot;44.838914&quot;,&quot;lng&quot;:&quot;6.488633&quot;,&quot;title&quot;:&quot;Ice fall&quot;,&quot;permalink&quot;:&quot;https:\\\/\\\/www.paysdesecrins.com\\\/de\\\/fiche\\\/ice-fall-2\\\/&quot;,&quot;type&quot;:&quot;commerce_et_service&quot;,&quot;commune&quot;:&quot;L&#039;Argenti\\u00e8re-la-Bess\\u00e9e&quot;,&quot;type_commerce&quot;:&quot;&quot;,&quot;image&quot;:&quot;https:\\\/\\\/static.apidae-tourisme.com\\\/filestore\\\/objets-touristiques\\\/images\\\/203\\\/55\\\/9648075-diaporama.jpg&quot;,&quot;image_width&quot;:&quot;350&quot;,&quot;image_height&quot;:&quot;350&quot;,&quot;image_fit&quot;:&quot;cover&quot;},{&quot;lat&quot;:&quot;44.818548&quot;,&quot;lng&quot;:&quot;6.486267&quot;,&quot;title&quot;:&quot;\\u00c9cole du Ski Fran\\u00e7ais (dt. Franz\\u00f6sische Skischule)&quot;,&quot;permalink&quot;:&quot;https:\\\/\\\/www.paysdesecrins.com\\\/de\\\/fiche\\\/ecole-du-ski-francais-dt-franzosische-skischule\\\/&quot;,&quot;type&quot;:&quot;commerce_et_service&quot;,&quot;commune&quot;:&quot;Puy-Saint-Vincent&quot;,&quot;type_commerce&quot;:&quot;&quot;,&quot;image&quot;:&quot;https:\\\/\\\/static.apidae-tourisme.com\\\/filestore\\\/objets-touristiques\\\/images\\\/141\\\/236\\\/7138445-diaporama.jpg&quot;,&quot;image_width&quot;:&quot;350&quot;,&quot;image_height&quot;:&quot;350&quot;,&quot;image_fit&quot;:&quot;cover&quot;},{&quot;lat&quot;:&quot;44.839402&quot;,&quot;lng&quot;:&quot;6.492194&quot;,&quot;title&quot;:&quot;Nordic en Vallouise&quot;,&quot;permalink&quot;:&quot;https:\\\/\\\/www.paysdesecrins.com\\\/de\\\/fiche\\\/nordic-en-vallouise-2\\\/&quot;,&quot;type&quot;:&quot;commerce_et_service&quot;,&quot;commune&quot;:&quot;Vallouise-Pelvoux&quot;,&quot;type_commerce&quot;:&quot;&quot;,&quot;image&quot;:&quot;https:\\\/\\\/static.apidae-tourisme.com\\\/filestore\\\/objets-touristiques\\\/images\\\/101\\\/11\\\/3083109-diaporama.jpg&quot;,&quot;image_width&quot;:&quot;350&quot;,&quot;image_height&quot;:&quot;350&quot;,&quot;image_fit&quot;:&quot;cover&quot;},{&quot;lat&quot;:&quot;44.86615&quot;,&quot;lng&quot;:&quot;6.486139&quot;,&quot;title&quot;:&quot;\\u00c9cole du Ski Fran\\u00e7ais \\u00e0 Pelvoux&quot;,&quot;permalink&quot;:&quot;https:\\\/\\\/www.paysdesecrins.com\\\/de\\\/fiche\\\/ecole-du-ski-francais-a-pelvoux-2\\\/&quot;,&quot;type&quot;:&quot;commerce_et_service&quot;,&quot;commune&quot;:&quot;Vallouise-Pelvoux&quot;,&quot;type_commerce&quot;:&quot;&quot;,&quot;image&quot;:&quot;https:\\\/\\\/static.apidae-tourisme.com\\\/filestore\\\/objets-touristiques\\\/images\\\/155\\\/236\\\/7138459-diaporama.jpg&quot;,&quot;image_width&quot;:&quot;350&quot;,&quot;image_height&quot;:&quot;350&quot;,&quot;image_fit&quot;:&quot;cover&quot;},{&quot;lat&quot;:&quot;44.780433&quot;,&quot;lng&quot;:&quot;6.553736&quot;,&quot;title&quot;:&quot;S\\u00e9bastien Constant&quot;,&quot;permalink&quot;:&quot;https:\\\/\\\/www.paysdesecrins.com\\\/de\\\/fiche\\\/sebastien-constant-2\\\/&quot;,&quot;type&quot;:&quot;commerce_et_service&quot;,&quot;commune&quot;:&quot;L&#039;Argenti\\u00e8re-la-Bess\\u00e9e&quot;,&quot;type_commerce&quot;:&quot;&quot;,&quot;image&quot;:&quot;https:\\\/\\\/static.apidae-tourisme.com\\\/filestore\\\/objets-touristiques\\\/images\\\/82\\\/247\\\/784210-diaporama.jpg&quot;,&quot;image_width&quot;:&quot;350&quot;,&quot;image_height&quot;:&quot;350&quot;,&quot;image_fit&quot;:&quot;cover&quot;},{&quot;lat&quot;:&quot;44.793386&quot;,&quot;lng&quot;:&quot;6.559281&quot;,&quot;title&quot;:&quot;Mathieu Gaillard Guide de Haute Montagne&quot;,&quot;permalink&quot;:&quot;https:\\\/\\\/www.paysdesecrins.com\\\/de\\\/fiche\\\/mathieu-gaillard-guide-de-haute-montagne-2\\\/&quot;,&quot;type&quot;:&quot;commerce_et_service&quot;,&quot;commune&quot;:&quot;L&#039;Argenti\\u00e8re-la-Bess\\u00e9e&quot;,&quot;type_commerce&quot;:&quot;&quot;,&quot;image&quot;:&quot;https:\\\/\\\/static.apidae-tourisme.com\\\/filestore\\\/objets-touristiques\\\/images\\\/134\\\/7\\\/30082950-diaporama.jpg&quot;,&quot;image_width&quot;:&quot;350&quot;,&quot;image_height&quot;:&quot;350&quot;,&quot;image_fit&quot;:&quot;cover&quot;},{&quot;lat&quot;:&quot;44.838914&quot;,&quot;lng&quot;:&quot;6.488633&quot;,&quot;title&quot;:&quot;Alpineo&quot;,&quot;permalink&quot;:&quot;https:\\\/\\\/www.paysdesecrins.com\\\/de\\\/fiche\\\/alpineo-2\\\/&quot;,&quot;type&quot;:&quot;commerce_et_service&quot;,&quot;commune&quot;:&quot;L&#039;Argenti\\u00e8re-la-Bess\\u00e9e&quot;,&quot;type_commerce&quot;:&quot;&quot;,&quot;image&quot;:&quot;https:\\\/\\\/static.apidae-tourisme.com\\\/filestore\\\/objets-touristiques\\\/images\\\/242\\\/194\\\/10339058-diaporama.jpg&quot;,&quot;image_width&quot;:&quot;350&quot;,&quot;image_height&quot;:&quot;350&quot;,&quot;image_fit&quot;:&quot;cover&quot;},{&quot;lat&quot;:&quot;44.78946&quot;,&quot;lng&quot;:&quot;6.558928&quot;,&quot;title&quot;:&quot;Roc \\u00c9crins (Felsen)&quot;,&quot;permalink&quot;:&quot;https:\\\/\\\/www.paysdesecrins.com\\\/de\\\/fiche\\\/roc-ecrins-felsen\\\/&quot;,&quot;type&quot;:&quot;commerce_et_service&quot;,&quot;commune&quot;:&quot;L&#039;Argenti\\u00e8re-la-Bess\\u00e9e&quot;,&quot;type_commerce&quot;:&quot;&quot;,&quot;image&quot;:&quot;https:\\\/\\\/static.apidae-tourisme.com\\\/filestore\\\/objets-touristiques\\\/images\\\/88\\\/178\\\/8893016-diaporama.jpg&quot;,&quot;image_width&quot;:&quot;350&quot;,&quot;image_height&quot;:&quot;350&quot;,&quot;image_fit&quot;:&quot;cover&quot;},{&quot;lat&quot;:&quot;44.793939&quot;,&quot;lng&quot;:&quot;6.557773&quot;,&quot;title&quot;:&quot;Guillaume CHRISTIAN&quot;,&quot;permalink&quot;:&quot;https:\\\/\\\/www.paysdesecrins.com\\\/de\\\/fiche\\\/guillaume-christian-2\\\/&quot;,&quot;type&quot;:&quot;commerce_et_service&quot;,&quot;commune&quot;:&quot;L&#039;Argenti\\u00e8re-la-Bess\\u00e9e&quot;,&quot;type_commerce&quot;:&quot;&quot;,&quot;image&quot;:&quot;https:\\\/\\\/static.apidae-tourisme.com\\\/filestore\\\/objets-touristiques\\\/images\\\/160\\\/205\\\/2149792-diaporama.jpg&quot;,&quot;image_width&quot;:&quot;350&quot;,&quot;image_height&quot;:&quot;350&quot;,&quot;image_fit&quot;:&quot;cover&quot;},{&quot;lat&quot;:&quot;44.818868&quot;,&quot;lng&quot;:&quot;6.486664&quot;,&quot;title&quot;:&quot;\\u00c9cole de Ski Internationale (dt. Internationale Skischule)&quot;,&quot;permalink&quot;:&quot;https:\\\/\\\/www.paysdesecrins.com\\\/de\\\/fiche\\\/ecole-de-ski-internationale-dt-internationale-skischule\\\/&quot;,&quot;type&quot;:&quot;commerce_et_service&quot;,&quot;commune&quot;:&quot;Puy-Saint-Vincent&quot;,&quot;type_commerce&quot;:&quot;&quot;,&quot;image&quot;:&quot;https:\\\/\\\/static.apidae-tourisme.com\\\/filestore\\\/objets-touristiques\\\/images\\\/46\\\/235\\\/19852078-diaporama.jpg&quot;,&quot;image_width&quot;:&quot;350&quot;,&quot;image_height&quot;:&quot;350&quot;,&quot;image_fit&quot;:&quot;cover&quot;},{&quot;lat&quot;:&quot;44.793939&quot;,&quot;lng&quot;:&quot;6.557773&quot;,&quot;title&quot;:&quot;Alpes Aventure&quot;,&quot;permalink&quot;:&quot;https:\\\/\\\/www.paysdesecrins.com\\\/de\\\/fiche\\\/alpes-aventure-2\\\/&quot;,&quot;type&quot;:&quot;commerce_et_service&quot;,&quot;commune&quot;:&quot;L&#039;Argenti\\u00e8re-la-Bess\\u00e9e&quot;,&quot;type_commerce&quot;:&quot;&quot;,&quot;image&quot;:&quot;https:\\\/\\\/static.apidae-tourisme.com\\\/filestore\\\/objets-touristiques\\\/images\\\/175\\\/205\\\/2149807-diaporama.jpg&quot;,&quot;image_width&quot;:&quot;350&quot;,&quot;image_height&quot;:&quot;350&quot;,&quot;image_fit&quot;:&quot;cover&quot;}],&quot;center_lat&quot;:&quot;44.818245&quot;,&quot;center_lng&quot;:&quot;6.486048&quot;}<\/div><\/div><\/div><\/div><div class=\"map-marker\"><div id=\"map_7808c\" class=\"map-container\" style=\"width: 100%; height: 450px;\"><\/div><\/div><\/div>\n<div class=\"wp-block-ws-library-ws-share\"><span class=\"share-subtitle\">Hat Ihnen diese Seite gefallen?<\/span><span class=\"share-title\">Teilen Sie es!<\/span><button class=\"ws-share-button wp-element-button\">Diese Seite teilen<\/button><\/div>\n","protected":false},"excerpt":{"rendered":"<p>Im Pays des \u00c9crins l\u00e4sst der Schnee keine W\u00fcnsche offen: Auf den Pisten bieten Puy Saint-Vincent und Pelvoux-Vallouise Pisten mit [&hellip;]<\/p>\n","protected":false},"author":1,"featured_media":42398,"parent":44557,"menu_order":0,"comment_status":"closed","ping_status":"closed","template":"","meta":{"_thumbnail_id_2":0,"summer_excerpt":"","season":"","station":"","footnotes":""},"class_list":["post-44563","page","type-page","status-publish","has-post-thumbnail","hentry"],"yoast_head":"<!-- This site is optimized with the Yoast SEO plugin v27.3 - https:\/\/yoast.com\/product\/yoast-seo-wordpress\/ -->\n<title>Ski - Pays des \u00c9crins - Office de Tourisme<\/title>\n<meta name=\"robots\" content=\"index, follow, max-snippet:-1, max-image-preview:large, max-video-preview:-1\" \/>\n<link rel=\"canonical\" href=\"https:\/\/www.paysdesecrins.com\/de\/meine-outdoor-aktivitaeten\/ski\/\" \/>\n<meta property=\"og:locale\" content=\"de_DE\" \/>\n<meta property=\"og:type\" content=\"article\" \/>\n<meta property=\"og:title\" content=\"Ski - Pays des \u00c9crins - Office de Tourisme\" \/>\n<meta property=\"og:description\" content=\"Im Pays des \u00c9crins l\u00e4sst der Schnee keine W\u00fcnsche offen: Auf den Pisten bieten Puy Saint-Vincent und Pelvoux-Vallouise Pisten mit [&hellip;]\" \/>\n<meta property=\"og:url\" content=\"https:\/\/www.paysdesecrins.com\/de\/meine-outdoor-aktivitaeten\/ski\/\" \/>\n<meta property=\"og:site_name\" content=\"Pays des \u00c9crins - Office de Tourisme\" \/>\n<meta property=\"article:modified_time\" content=\"2025-08-06T08:43:13+00:00\" \/>\n<meta property=\"og:image\" content=\"https:\/\/www.paysdesecrins.com\/wp-content\/uploads\/2025\/07\/photos-kinaphoto-psv-journe-e-7-2025-hd44-1-scaled.jpg\" \/>\n\t<meta property=\"og:image:width\" content=\"2560\" \/>\n\t<meta property=\"og:image:height\" content=\"1706\" \/>\n\t<meta property=\"og:image:type\" content=\"image\/jpeg\" \/>\n<meta name=\"twitter:card\" content=\"summary_large_image\" \/>\n<meta name=\"twitter:label1\" content=\"Gesch\u00e4tzte Lesezeit\" \/>\n\t<meta name=\"twitter:data1\" content=\"7 Minuten\" \/>\n<script type=\"application\/ld+json\" class=\"yoast-schema-graph\">{\"@context\":\"https:\\\/\\\/schema.org\",\"@graph\":[{\"@type\":\"WebPage\",\"@id\":\"https:\\\/\\\/www.paysdesecrins.com\\\/de\\\/meine-outdoor-aktivitaeten\\\/ski\\\/\",\"url\":\"https:\\\/\\\/www.paysdesecrins.com\\\/de\\\/meine-outdoor-aktivitaeten\\\/ski\\\/\",\"name\":\"Ski - Pays des \u00c9crins - Office de Tourisme\",\"isPartOf\":{\"@id\":\"https:\\\/\\\/www.paysdesecrins.com\\\/de\\\/#website\"},\"primaryImageOfPage\":{\"@id\":\"https:\\\/\\\/www.paysdesecrins.com\\\/de\\\/meine-outdoor-aktivitaeten\\\/ski\\\/#primaryimage\"},\"image\":{\"@id\":\"https:\\\/\\\/www.paysdesecrins.com\\\/de\\\/meine-outdoor-aktivitaeten\\\/ski\\\/#primaryimage\"},\"thumbnailUrl\":\"https:\\\/\\\/www.paysdesecrins.com\\\/wp-content\\\/uploads\\\/2025\\\/07\\\/photos-kinaphoto-psv-journe-e-7-2025-hd44-1-scaled.jpg\",\"datePublished\":\"2025-06-25T13:44:50+00:00\",\"dateModified\":\"2025-08-06T08:43:13+00:00\",\"breadcrumb\":{\"@id\":\"https:\\\/\\\/www.paysdesecrins.com\\\/de\\\/meine-outdoor-aktivitaeten\\\/ski\\\/#breadcrumb\"},\"inLanguage\":\"de\",\"potentialAction\":[{\"@type\":\"ReadAction\",\"target\":[\"https:\\\/\\\/www.paysdesecrins.com\\\/de\\\/meine-outdoor-aktivitaeten\\\/ski\\\/\"]}]},{\"@type\":\"ImageObject\",\"inLanguage\":\"de\",\"@id\":\"https:\\\/\\\/www.paysdesecrins.com\\\/de\\\/meine-outdoor-aktivitaeten\\\/ski\\\/#primaryimage\",\"url\":\"https:\\\/\\\/www.paysdesecrins.com\\\/wp-content\\\/uploads\\\/2025\\\/07\\\/photos-kinaphoto-psv-journe-e-7-2025-hd44-1-scaled.jpg\",\"contentUrl\":\"https:\\\/\\\/www.paysdesecrins.com\\\/wp-content\\\/uploads\\\/2025\\\/07\\\/photos-kinaphoto-psv-journe-e-7-2025-hd44-1-scaled.jpg\",\"width\":2560,\"height\":1706},{\"@type\":\"BreadcrumbList\",\"@id\":\"https:\\\/\\\/www.paysdesecrins.com\\\/de\\\/meine-outdoor-aktivitaeten\\\/ski\\\/#breadcrumb\",\"itemListElement\":[{\"@type\":\"ListItem\",\"position\":1,\"name\":\"Accueil\",\"item\":\"https:\\\/\\\/www.paysdesecrins.com\\\/de\\\/der-titel-des-hauses\\\/\"},{\"@type\":\"ListItem\",\"position\":2,\"name\":\"Meine Outdoor-Aktivit\u00e4ten\",\"item\":\"https:\\\/\\\/www.paysdesecrins.com\\\/de\\\/meine-outdoor-aktivitaeten\\\/\"},{\"@type\":\"ListItem\",\"position\":3,\"name\":\"Ski\"}]},{\"@type\":\"WebSite\",\"@id\":\"https:\\\/\\\/www.paysdesecrins.com\\\/de\\\/#website\",\"url\":\"https:\\\/\\\/www.paysdesecrins.com\\\/de\\\/\",\"name\":\"Pays des \u00c9crins - Office de Tourisme\",\"description\":\"L&#039;esprit montagne\",\"publisher\":{\"@id\":\"https:\\\/\\\/www.paysdesecrins.com\\\/de\\\/#organization\"},\"potentialAction\":[{\"@type\":\"SearchAction\",\"target\":{\"@type\":\"EntryPoint\",\"urlTemplate\":\"https:\\\/\\\/www.paysdesecrins.com\\\/de\\\/?s={search_term_string}\"},\"query-input\":{\"@type\":\"PropertyValueSpecification\",\"valueRequired\":true,\"valueName\":\"search_term_string\"}}],\"inLanguage\":\"de\"},{\"@type\":\"Organization\",\"@id\":\"https:\\\/\\\/www.paysdesecrins.com\\\/de\\\/#organization\",\"name\":\"Pays des \u00c9crins - Office de Tourisme\",\"url\":\"https:\\\/\\\/www.paysdesecrins.com\\\/de\\\/\",\"logo\":{\"@type\":\"ImageObject\",\"inLanguage\":\"de\",\"@id\":\"https:\\\/\\\/www.paysdesecrins.com\\\/de\\\/#\\\/schema\\\/logo\\\/image\\\/\",\"url\":\"https:\\\/\\\/www.paysdesecrins.com\\\/wp-content\\\/uploads\\\/2025\\\/06\\\/devina-svg-1750845694.svg\",\"contentUrl\":\"https:\\\/\\\/www.paysdesecrins.com\\\/wp-content\\\/uploads\\\/2025\\\/06\\\/devina-svg-1750845694.svg\",\"caption\":\"Pays des \u00c9crins - Office de Tourisme\"},\"image\":{\"@id\":\"https:\\\/\\\/www.paysdesecrins.com\\\/de\\\/#\\\/schema\\\/logo\\\/image\\\/\"}}]}<\/script>\n<!-- \/ Yoast SEO plugin. -->","yoast_head_json":{"title":"Ski - Pays des \u00c9crins - Office de Tourisme","robots":{"index":"index","follow":"follow","max-snippet":"max-snippet:-1","max-image-preview":"max-image-preview:large","max-video-preview":"max-video-preview:-1"},"canonical":"https:\/\/www.paysdesecrins.com\/de\/meine-outdoor-aktivitaeten\/ski\/","og_locale":"de_DE","og_type":"article","og_title":"Ski - Pays des \u00c9crins - Office de Tourisme","og_description":"Im Pays des \u00c9crins l\u00e4sst der Schnee keine W\u00fcnsche offen: Auf den Pisten bieten Puy Saint-Vincent und Pelvoux-Vallouise Pisten mit [&hellip;]","og_url":"https:\/\/www.paysdesecrins.com\/de\/meine-outdoor-aktivitaeten\/ski\/","og_site_name":"Pays des \u00c9crins - Office de Tourisme","article_modified_time":"2025-08-06T08:43:13+00:00","og_image":[{"width":2560,"height":1706,"url":"https:\/\/www.paysdesecrins.com\/wp-content\/uploads\/2025\/07\/photos-kinaphoto-psv-journe-e-7-2025-hd44-1-scaled.jpg","type":"image\/jpeg"}],"twitter_card":"summary_large_image","twitter_misc":{"Gesch\u00e4tzte Lesezeit":"7 Minuten"},"schema":{"@context":"https:\/\/schema.org","@graph":[{"@type":"WebPage","@id":"https:\/\/www.paysdesecrins.com\/de\/meine-outdoor-aktivitaeten\/ski\/","url":"https:\/\/www.paysdesecrins.com\/de\/meine-outdoor-aktivitaeten\/ski\/","name":"Ski - Pays des \u00c9crins - Office de Tourisme","isPartOf":{"@id":"https:\/\/www.paysdesecrins.com\/de\/#website"},"primaryImageOfPage":{"@id":"https:\/\/www.paysdesecrins.com\/de\/meine-outdoor-aktivitaeten\/ski\/#primaryimage"},"image":{"@id":"https:\/\/www.paysdesecrins.com\/de\/meine-outdoor-aktivitaeten\/ski\/#primaryimage"},"thumbnailUrl":"https:\/\/www.paysdesecrins.com\/wp-content\/uploads\/2025\/07\/photos-kinaphoto-psv-journe-e-7-2025-hd44-1-scaled.jpg","datePublished":"2025-06-25T13:44:50+00:00","dateModified":"2025-08-06T08:43:13+00:00","breadcrumb":{"@id":"https:\/\/www.paysdesecrins.com\/de\/meine-outdoor-aktivitaeten\/ski\/#breadcrumb"},"inLanguage":"de","potentialAction":[{"@type":"ReadAction","target":["https:\/\/www.paysdesecrins.com\/de\/meine-outdoor-aktivitaeten\/ski\/"]}]},{"@type":"ImageObject","inLanguage":"de","@id":"https:\/\/www.paysdesecrins.com\/de\/meine-outdoor-aktivitaeten\/ski\/#primaryimage","url":"https:\/\/www.paysdesecrins.com\/wp-content\/uploads\/2025\/07\/photos-kinaphoto-psv-journe-e-7-2025-hd44-1-scaled.jpg","contentUrl":"https:\/\/www.paysdesecrins.com\/wp-content\/uploads\/2025\/07\/photos-kinaphoto-psv-journe-e-7-2025-hd44-1-scaled.jpg","width":2560,"height":1706},{"@type":"BreadcrumbList","@id":"https:\/\/www.paysdesecrins.com\/de\/meine-outdoor-aktivitaeten\/ski\/#breadcrumb","itemListElement":[{"@type":"ListItem","position":1,"name":"Accueil","item":"https:\/\/www.paysdesecrins.com\/de\/der-titel-des-hauses\/"},{"@type":"ListItem","position":2,"name":"Meine Outdoor-Aktivit\u00e4ten","item":"https:\/\/www.paysdesecrins.com\/de\/meine-outdoor-aktivitaeten\/"},{"@type":"ListItem","position":3,"name":"Ski"}]},{"@type":"WebSite","@id":"https:\/\/www.paysdesecrins.com\/de\/#website","url":"https:\/\/www.paysdesecrins.com\/de\/","name":"Pays des \u00c9crins - Office de Tourisme","description":"L&#039;esprit montagne","publisher":{"@id":"https:\/\/www.paysdesecrins.com\/de\/#organization"},"potentialAction":[{"@type":"SearchAction","target":{"@type":"EntryPoint","urlTemplate":"https:\/\/www.paysdesecrins.com\/de\/?s={search_term_string}"},"query-input":{"@type":"PropertyValueSpecification","valueRequired":true,"valueName":"search_term_string"}}],"inLanguage":"de"},{"@type":"Organization","@id":"https:\/\/www.paysdesecrins.com\/de\/#organization","name":"Pays des \u00c9crins - Office de Tourisme","url":"https:\/\/www.paysdesecrins.com\/de\/","logo":{"@type":"ImageObject","inLanguage":"de","@id":"https:\/\/www.paysdesecrins.com\/de\/#\/schema\/logo\/image\/","url":"https:\/\/www.paysdesecrins.com\/wp-content\/uploads\/2025\/06\/devina-svg-1750845694.svg","contentUrl":"https:\/\/www.paysdesecrins.com\/wp-content\/uploads\/2025\/06\/devina-svg-1750845694.svg","caption":"Pays des \u00c9crins - Office de Tourisme"},"image":{"@id":"https:\/\/www.paysdesecrins.com\/de\/#\/schema\/logo\/image\/"}}]}},"_links":{"self":[{"href":"https:\/\/www.paysdesecrins.com\/de\/wp-json\/wp\/v2\/pages\/44563","targetHints":{"allow":["GET"]}}],"collection":[{"href":"https:\/\/www.paysdesecrins.com\/de\/wp-json\/wp\/v2\/pages"}],"about":[{"href":"https:\/\/www.paysdesecrins.com\/de\/wp-json\/wp\/v2\/types\/page"}],"author":[{"embeddable":true,"href":"https:\/\/www.paysdesecrins.com\/de\/wp-json\/wp\/v2\/users\/1"}],"replies":[{"embeddable":true,"href":"https:\/\/www.paysdesecrins.com\/de\/wp-json\/wp\/v2\/comments?post=44563"}],"version-history":[{"count":0,"href":"https:\/\/www.paysdesecrins.com\/de\/wp-json\/wp\/v2\/pages\/44563\/revisions"}],"up":[{"embeddable":true,"href":"https:\/\/www.paysdesecrins.com\/de\/wp-json\/wp\/v2\/pages\/44557"}],"wp:featuredmedia":[{"embeddable":true,"href":"https:\/\/www.paysdesecrins.com\/de\/wp-json\/wp\/v2\/media\/42398"}],"wp:attachment":[{"href":"https:\/\/www.paysdesecrins.com\/de\/wp-json\/wp\/v2\/media?parent=44563"}],"curies":[{"name":"wp","href":"https:\/\/api.w.org\/{rel}","templated":true}]}}