{"id":44574,"date":"2025-06-25T15:44:50","date_gmt":"2025-06-25T13:44:50","guid":{"rendered":"https:\/\/www.paysdesecrins.com\/44574-2\/"},"modified":"2025-08-11T14:17:13","modified_gmt":"2025-08-11T12:17:13","slug":"44574-2","status":"publish","type":"page","link":"https:\/\/www.paysdesecrins.com\/de\/mein-wunsch\/44574-2\/","title":{"rendered":"Mein Wunsch nach Entspannung"},"content":{"rendered":"    <div class=\"alignfull wp-block-ws-library-ws-header-interne\">\n\t    <div class=\"header-container\">\n\t        <div class=\"group-media has-image\">\n\t            \t                <img loading=\"lazy\" decoding=\"async\" width=\"1920\" height=\"800\" src=\"https:\/\/www.paysdesecrins.com\/wp-content\/uploads\/2025\/08\/07-15-24-yoga-52-1920x800.jpg\" alt=\"\" class=\"image_large_square wp-image-71851\" \/>\n\t            \t        <\/div>\n\t        <div class=\"group-content\">\n\t            <div class=\"title\">\n\t                <h1>\n\t                    Mein Wunsch nach Entspannung\t                    \t                <\/h1>\n\t            <\/div>\n\t        <\/div>\n\t    <\/div>\n\t    \n<div class=\"yoast-breadcrumbs\"><span><span><a href=\"https:\/\/www.paysdesecrins.com\/de\/der-titel-des-hauses\/\">Accueil<\/a><\/span>  <span><a href=\"https:\/\/www.paysdesecrins.com\/de\/mein-wunsch\/\">Mein Wunsch,<\/a><\/span>  <span class=\"breadcrumb_last\" aria-current=\"page\">Mein Wunsch nach Entspannung<\/span><\/span><\/div>\n    <\/div>\n    \n<div class=\"wp-block-ws-library-ws-title aligncenter is-style-simple\"><h2><em>Mein Verlangen nach<\/em> Entspannung<\/h2><\/div>\n\n<p class=\"has-text-align-center\" data-season=\"allseasons\">Hier machen wir langsamer. Egal, ob Sie <strong>zur Ruhe kommen<\/strong>, <strong>durchatmen<\/strong>, <strong>sich neu konzentrieren <\/strong>oder einfach nur eine echte Pause einlegen, Sie werden den <strong>sanften Geist der Berge<\/strong> lieben. Ruhige Spazierg\u00e4nge, Yoga vor den Gipfeln, hei\u00dfe B\u00e4der unter dem Sternenhimmel, Wellnessbehandlungen oder ruhige N\u00e4chte mitten in der Natur&#8230; Alles ist da, um Ihnen Gutes zu tun.  <\/p>\n\n<p class=\"has-text-align-center\" data-season=\"allseasons\">Zwischen <strong>Cocooning-Unterk\u00fcnften<\/strong>, <strong>verj\u00fcngenden Erlebnissen <\/strong>und <strong>einfachen, aber realen Begegnungen<\/strong> l\u00e4dt das <strong>Pays des \u00c9crins<\/strong> Sie ein, sich wieder zu verbinden.<\/p>\n\n<div class=\"wp-block-ws-library-ws-video\"><div class=\"wrapper\"><div class=\"group-media\">\n<figure class=\"wp-block-embed is-type-video is-provider-youtube wp-block-embed-youtube\"><div class=\"wp-block-embed__wrapper\">\n<iframe loading=\"lazy\" title=\"Bien-\u00eatre et ressourcement au Pays des \u00c9crins\" width=\"500\" height=\"281\" src=\"https:\/\/www.youtube.com\/embed\/pUXDuNGBgS8?feature=oembed\" frameborder=\"0\" allow=\"accelerometer; autoplay; clipboard-write; encrypted-media; gyroscope; picture-in-picture; web-share\" referrerpolicy=\"strict-origin-when-cross-origin\" allowfullscreen><\/iframe>\n<\/div><\/figure>\n<\/div><\/div><\/div>\n\n<div class=\"wp-block-ws-library-ws-tabs alignfull\"><ul class=\"tabs-titles\"><li class=\"tab-title is-active\" data-tab-index=\"0\">YOGA<\/li><li class=\"tab-title\" data-tab-index=\"1\">MASSAGES<\/li><li class=\"tab-title\" data-tab-index=\"2\">NATUROPATHIE<\/li><li class=\"tab-title\" data-tab-index=\"3\">SYLVOTH\u00c9RAPIE<\/li><li class=\"tab-title\" data-tab-index=\"4\">BAIN GLAC\u00c9<\/li><\/ul><div class=\"tabs-list\">\n<div class=\"wp-block-ws-library-ws-tab\" style=\"display:none\"><p class=\"tab-title\">YOGA<\/p><div class=\"tab-content\">\n<div class=\"wp-block-ws-library-ws-title\"><h2><em>Mountain &amp; Yoga in den \u00c9crins: <\/em>die Haltung des Wohlbefindens<br><\/h2><\/div>\n\n\n\n<p>M\u00fcssen Sie atmen, sich dehnen oder K\u00f6rper und Geist wieder ins Gleichgewicht bringen? Hier bekommt die Praxis des Yoga in den Bergen ihre volle Bedeutung: saubere Luft, raue Natur, H\u00f6he&#8230; und Teppich mit Blick auf die Gipfel. <br\/><\/p>\n\n\n\n<div class=\"wp-block-ws-library-ws-banner alignfull\"><div class=\"wrapper\"><div class=\"group-media\"><img loading=\"lazy\" decoding=\"async\" width=\"1920\" height=\"480\" src=\"https:\/\/www.paysdesecrins.com\/wp-content\/uploads\/2025\/07\/3bien-etre-yoga01-21-25-yoga-96-1920x480.jpg\" alt=\"\" class=\"single_image wp-image-17941\"><\/div>\n<div class=\"group-content\"><div class=\"wp-block-ws-library-ws-title\"><h3>Wo kann man in den \u00c9crins Yoga praktizieren?<\/h3><\/div><ul class=\"wp-block-list\">\n<li><strong>Plateau de la Pousterle<\/strong> : perfekt f\u00fcr einen Flow in der H\u00f6he, zwischen Himmel und L\u00e4rchen.<\/li>\n\n\n\n<li><strong>Die Wiese Petit Parcher<\/strong> (Vallouise): weiches Gras, Blick auf den Pelvoux, eine traumhafte Umgebung, um Ihr Gleichgewicht in Vinyasa zu testen.<\/li>\n\n\n\n<li><strong>Die Hochebene von Bouchier<\/strong> oberhalb des kleinen Weilers Villard Meyer<\/li>\n\n\n\n<li>Die gro\u00dfen Felder von <strong>Ailefroide<\/strong> oder <strong>Madame Carles Wiese<\/strong><\/li>\n<\/ul><ul class=\"wp-block-list\">\n<li>Die Weiten <strong>des Freissini\u00e8res-Tals<\/strong><\/li>\n<\/ul><div class=\"wp-block-ws-library-ws-title\"><h3>Die Vorteile von Yoga in den Bergen<\/h3><\/div><p>Jenseits von 1.500 m wird der Atem bewusster, die Haltungen gewinnen an Verankerung. Auf Gras oder Schnee stimulieren Sie Ihre Propriozeption, Sie st\u00e4rken Ihre Kn\u00f6chel und Knie (perfekt f\u00fcr das anschlie\u00dfende Wandern) und Sie laden Ihr Nervensystem ein, langsamer zu werden&#8230; wahr. <\/p><div class=\"wp-block-ws-library-ws-button has-text-align-center is-style-bevel\"><a href=\"https:\/\/www.paysdesecrins.com\/de\/ich-waehle\/wohlbefinden-und-verjuengung\/\" class=\"wp-block-button__link wp-element-button btn\">  Alle Wellness-Anbieter<\/a><\/div><\/div>\n\n\n\n\n\n\n\n\n\n\n\n\n\n\n\n\n\n\n\n\n<\/div><\/div>\n<\/div><\/div>\n\n\n\n<div class=\"wp-block-ws-library-ws-tab\" style=\"display:none\"><p class=\"tab-title\">MASSAGES<\/p><div class=\"tab-content\">\n<div class=\"wp-block-ws-library-ws-title aligncenter\"><h2><em>Wohlbefinden in den Bergen:<\/em> die \u00c9crins Version der Massage<\/h2><\/div>\n\n\n\n<p class=\"has-text-align-center\">Hier, in den \u00c9crins, erreicht das Wohlbefinden die n\u00e4chste Stufe. Bist du gekommen, um zu Fu\u00df zu gehen? Klettern Sie auch auf die Massageliege. Der wahre Luxus besteht darin, langsamer zu werden. Und jetzt geht es los.    <\/p>\n\n\n\n<div class=\"wp-block-ws-library-ws-banner alignfull\"><div class=\"wrapper\"><div class=\"group-media\"><img loading=\"lazy\" decoding=\"async\" width=\"1920\" height=\"480\" src=\"https:\/\/www.paysdesecrins.com\/wp-content\/uploads\/2025\/07\/3bien-etre-massage-img-0759-1920x480.jpg\" alt=\"\" class=\"single_image wp-image-17906\"><\/div>\n<div class=\"group-content\"><div class=\"wp-block-ws-library-ws-title\"><h2>Ein kurzer \u00dcberblick \u00fcber die angebotenen Massagen<\/h2><\/div><ul class=\"wp-block-list\">\n<li>Abhyanga mit hei\u00dfem \u00d6l: tiefe Entspannung, Verdauung oben, Gehirn im Pausenmodus.<\/li>\n\n\n\n<li>Manuelle Lymphdrainage: leichte Beine, entleerter K\u00f6rper, ideal nach einer Wanderung oder einem Ausflug.<\/li>\n\n\n\n<li>Fu\u00dfreflexzonenmassage: Dr\u00fccken Sie unter den Fu\u00df, und der ganze K\u00f6rper sagt Danke.<\/li>\n\n\n\n<li>Kalifornische Massage (sanft und umh\u00fcllend) oder eine belebende, vom Shiatsu inspirierte Version.<\/li>\n\n\n\n<li>Und f\u00fcr die Neugierigen: Hawaiianische, schwedische, Tuina, ayurvedische Lomi-Lomi&#8230; manchmal kombiniert in einer &#8222;Massage der 5 Kontinente&#8220; mit pflanzlichen \u00d6len und \u00e4therischen \u00d6len.<\/li>\n<\/ul><div class=\"wp-block-ws-library-ws-title\"><h2>M\u00f6chten Sie noch weiter gehen? Einige Praktizierende bieten auch an: <\/h2><\/div><ul class=\"wp-block-list\">\n<li>Magnetismus: um Energien wieder ins Gleichgewicht zu bringen.<\/li>\n\n\n\n<li>Shirotchampi: Kopf, Nacken, Schultern \u2013 wirksam gegen Migr\u00e4ne und nerv\u00f6se Anspannungen.<\/li>\n\n\n\n<li>S\u00e4ulenritual: Peeling mit schwarzer Seife + energetisierende Massage. Ihr R\u00fccken wird es lieben. <\/li>\n<\/ul><div class=\"wp-block-ws-library-ws-button has-text-align-center is-style-bevel\"><a href=\"https:\/\/www.paysdesecrins.com\/de\/ich-waehle\/wohlbefinden-und-verjuengung\/\" class=\"wp-block-button__link wp-element-button btn\">  Alle Wellness-Anbieter<\/a><\/div><\/div>\n\n\n\n\n\n\n\n\n\n\n\n\n\n\n\n\n<\/div><\/div>\n<\/div><\/div>\n\n\n\n<div class=\"wp-block-ws-library-ws-tab\" style=\"display:none\"><p class=\"tab-title\">NATUROPATHIE<\/p><div class=\"tab-content\">\n<div class=\"wp-block-ws-library-ws-title\"><h2><em>Les \u00c9crins:<\/em> Atmen Sie, Sie sind am richtigen Ort<\/h2><\/div>\n\n\n\n<p class=\"has-text-align-center\">Naturheilkunde? Es ist die Kunst, auf seinen K\u00f6rper zu h\u00f6ren, ihn mit einfachen Gesten zu verw\u00f6hnen: sich bewegen, atmen, gesund essen, gut schlafen. In den \u00c9crins findet dieser Ansatz einen idealen Spielplatz. H\u00f6he, Sonne, Alpenpflanzen, Stille: Hier verschw\u00f6rt sich alles, um wieder auf die Beine zu kommen.   <\/p>\n\n\n\n<div class=\"wp-block-ws-library-ws-banner alignfull\"><div class=\"wrapper\"><div class=\"group-media\"><img loading=\"lazy\" decoding=\"async\" width=\"1920\" height=\"480\" src=\"https:\/\/www.paysdesecrins.com\/wp-content\/uploads\/2025\/07\/31bien-etre-naturopathie-dsc04354-3-1920x480.jpg\" alt=\"\" class=\"single_image wp-image-17861\"><\/div>\n<div class=\"group-content\"><div class=\"wp-block-ws-library-ws-title\"><h2>Warum funktioniert es hier noch besser?<\/h2><\/div><p>Die Bergluft regt auf nat\u00fcrliche Weise die Atmung und die Sauerstoffversorgung des Gewebes an \u2013 ein echter Schub f\u00fcr Energie und Erholung. Die Sonne (300 Tage im Jahr!) reguliert die Stimmung, den Schlaf und st\u00e4rkt das Vitamin D. <\/p><p>Was die Pflanzen betrifft, so sind L\u00e4rchenknospen, Genepi oder lokale Rhodiola Sch\u00e4tze gegen Stress und Immunit\u00e4t. Das sanfte (oder barfu\u00df!) Gehen auf den Wegen schlie\u00dflich ist die Lymphdrainage unter freiem Himmel. Du machst nichts Au\u00dfergew\u00f6hnliches, aber alles ver\u00e4ndert sich.  <\/p><div class=\"wp-block-ws-library-ws-title\"><h2>Wie organisieren Sie Ihren naturheilkundlichen Aufenthalt?<\/h2><\/div><ul class=\"wp-block-list\">\n<li>W\u00e4hlen Sie Ihre Jahreszeit: Sommer: Wandern &amp; Detox; Herbst: St\u00e4rkung der Abwehrkr\u00e4fte; Winter: Cocooning &amp; Wellness Apr\u00e8s-Ski; Fr\u00fchling: Saftkur und gl\u00fcckliche Leber<\/li>\n\n\n\n<li>Nehmen Sie an einem Workshop teil: oft in kleinen Gruppen, um sich Zeit zu nehmen. Pflanzenworkshops, Atmen, Kochen leben, Yoga&#8230; <\/li>\n\n\n\n<li>Bereiten Sie Ihre Tasche vor: Filterflasche, mineralische Sonnencreme, hausgemachte Kr\u00e4utertees, ein Notizbuch der Empfindungen.<\/li>\n\n\n\n<li>Buchen Sie einen Wellness-Aufenthalt bei der Verkaufsabteilung des Fremdenverkehrsamtes<\/li>\n<\/ul><div class=\"wp-block-ws-library-ws-button has-text-align-center is-style-bevel\"><a href=\"http:\/\/www.paysdesecrins.com\/bien-etre-ressourcement\/\" class=\"wp-block-button__link wp-element-button btn\">  Alle Wellness-Anbieter<\/a><\/div><\/div>\n\n\n\n\n\n\n\n\n\n\n\n\n\n\n\n\n\n\n\n\n<\/div><\/div>\n<\/div><\/div>\n\n\n\n<div class=\"wp-block-ws-library-ws-tab\" style=\"display:none\"><p class=\"tab-title\">SYLVOTH\u00c9RAPIE<\/p><div class=\"tab-content\">\n<div class=\"wp-block-ws-library-ws-title aligncenter\"><h2><em>Einfach wieder verbinden <\/em><\/h2><\/div>\n\n\n\n<p>M\u00f6chten Sie atmen, entschleunigen, den Wald auf eine andere Art und Weise sp\u00fcren? Die <strong>Waldtherapie<\/strong> im Pays des \u00c9crins ist ein <strong>sinnliches Erlebnis<\/strong> , das von <strong>Lucas Bessy<\/strong>, Skilehrer, Musiker und Naturliebhaber, geleitet wird. <br\/><\/p>\n\n\n\n<div class=\"wp-block-ws-library-ws-banner alignfull\"><div class=\"wrapper\"><div class=\"group-media\"><img loading=\"lazy\" decoding=\"async\" width=\"1920\" height=\"480\" src=\"https:\/\/www.paysdesecrins.com\/wp-content\/uploads\/2025\/07\/3bien-etre-img-6787sylvotherapiemarielachaud-1920x480.jpg\" alt=\"\" class=\"single_image wp-image-17891\"><div class=\"credits\">\u00a9 Marie LACHAUD<\/div><\/div>\n<div class=\"group-content\"><div class=\"wp-block-ws-library-ws-title\"><h2>Was ist Waldtherapie?<\/h2><\/div><p>Es ist ein Waldbad, ein sanftes Eintauchen, das f\u00fcr alle zug\u00e4nglich ist. Wir h\u00f6ren zu, wir ber\u00fchren, wir verankern uns. Lucas bietet gef\u00fchrte Sitzungen mitten in der Natur an, Sommer wie Winter, um sich wieder mit sich selbst, den B\u00e4umen und dem Leben zu verbinden.  <\/p><div class=\"wp-block-ws-library-ws-title\"><h2>Die angebotenen Formeln:<\/h2><\/div><ul class=\"wp-block-list\">\n<li>Im Sommer: gem\u00fctlicher Spaziergang zu einer Lichtung. Installation eines Mini-Konzerts mit Klavier oder Handpan. Wir legen uns hin, wir schlie\u00dfen die Augen, der Wald spielt im Duo.  <\/li>\n\n\n\n<li>Im Winter: kristallklare Atmosph\u00e4re, knirschender Schnee und Gong mitten in der Natur. Klang, K\u00e4lte, Stille = pure Magie. <\/li>\n\n\n\n<li>Mondbaden: Kreis unter dem Sternenhimmel, gef\u00fchrtes Atmen und Beobachten. Ein seltenes, intimes und beruhigendes Erlebnis. <\/li>\n\n\n\n<li>Mit den Kindern: sensorisches Erwachen und Waldspiele. Wir h\u00f6ren zu, wir ber\u00fchren, wir entdecken die Natur mit Staunen. <\/li>\n<\/ul><div class=\"wp-block-ws-library-ws-button has-text-align-center is-style-bevel\"><a href=\"https:\/\/www.paysdesecrins.com\/de\/ich-waehle\/wohlbefinden-und-verjuengung\/\" class=\"wp-block-button__link wp-element-button btn\">  Alle Wellness-Anbieter<\/a><\/div><\/div>\n\n\n\n\n\n\n\n\n\n\n\n\n\n\n\n\n<\/div><\/div>\n<\/div><\/div>\n\n\n\n<div class=\"wp-block-ws-library-ws-tab\" style=\"display:none\"><p class=\"tab-title\">BAIN GLAC\u00c9<\/p><div class=\"tab-content\">\n<div class=\"wp-block-ws-library-ws-title\"><h2>&nbsp;<em>Testen Sie im Pays des \u00c9crins <\/em>den Temperaturschock  <br><\/h2><\/div>\n\n\n\n<p>M\u00f6chten Sie Ihre Komfortzone verlassen? Das Baden in kaltem Wasser in den Alpen ist mehr als eine Herausforderung: Es ist ein echtes Sinneserlebnis. Im Pays des \u00c9crins bieten Ihnen Gletscherb\u00e4che, Hochgebirgsseen und Wellnessbereiche einen frostigen, aber erholsamen Spielplatz.  <br\/><\/p>\n\n\n\n<div class=\"wp-block-ws-library-ws-banner alignfull\"><div class=\"wrapper\"><div class=\"group-media\"><img loading=\"lazy\" decoding=\"async\" width=\"1920\" height=\"480\" src=\"https:\/\/www.paysdesecrins.com\/wp-content\/uploads\/2025\/07\/3bien-etre-03-11-2024-immersion-nordique-67-1920x480.jpg\" alt=\"\" class=\"single_image wp-image-17886\"><\/div>\n<div class=\"group-content\"><div class=\"wp-block-ws-library-ws-title\"><h2>Wo kann man den Sprung wagen?<\/h2><\/div><ul class=\"wp-block-list\">\n<li>T\u00fcrkisfarbene Wildb\u00e4che: Die Gyronde, die Durance oder die Onde haben das ganze Jahr \u00fcber Temperaturen zwischen 4 und 8 \u00b0C. Lokale Guides bieten &#8222;Nordic Immersion&#8220;-Workshops an, die aktives Gehen und Express-Tauchen kombinieren \u2013 ideal f\u00fcr eine Erstbetreuung. <\/li>\n\n\n\n<li>Hei\u00df-kalte Bereiche: in der G\u00eete La Blanche (Pelvoux), Sauna, Whirlpool und Eisfass im skandinavischen Stil. Kontrast garantiert, Wohlbefinden auf dem Spiel. <\/li>\n\n\n\n<li>Hochgelegene Seen: Am Eychauda-See (2.514 m) liegt das Wasser teilweise nahe bei 0\u00b0C.  Schwimmendes Eis bis August&#8230; aber das Schwimmen wurde reguliert, um die Artenvielfalt zu erhalten. <\/li>\n<\/ul><div class=\"wp-block-ws-library-ws-title\"><h2>Warum sollten Sie die Erfahrung ausprobieren?<\/h2><\/div><p>Ein kaltes Bad regt die Durchblutung an, st\u00e4rkt die Immunit\u00e4t, baut Stress ab und verbessert den Schlaf. Endorphine garantiert, Moral wieder aufgeladen. <\/p><p>Sicherheitstipps:<\/p><ul class=\"wp-block-list\">\n<li>Bereiten Sie Ihren K\u00f6rper vor: W\u00e4rmen Sie sich auf, hydratisieren Sie, vermeiden Sie Alkohol<\/li>\n\n\n\n<li>Bleibt progressiv: 30 Sekunden bis max. 2 Minuten im Wasser<\/li>\n\n\n\n<li>Niemals alleine: Ausgang suchen, Kleidung und ein hei\u00dfes Getr\u00e4nk mitbringen<\/li>\n<\/ul><p>Kontraindikationen: Herzerkrankungen, instabiles Asthma, Erk\u00e4ltungsallergien, \u00e4rztlichen Rat einholen.<\/p><div class=\"wp-block-ws-library-ws-button has-text-align-center is-style-bevel\"><a href=\"https:\/\/www.paysdesecrins.com\/de\/ich-waehle\/wohlbefinden-und-verjuengung\/\" class=\"wp-block-button__link wp-element-button btn\">  Alle Wellness-Anbieter<\/a><\/div><\/div>\n\n\n\n\n\n\n\n\n\n\n\n\n\n\n\n\n\n\n\n\n\n\n\n\n\n\n\n\n<\/div><\/div>\n<\/div><\/div>\n<\/div><\/div>\n\n<div class=\"wp-block-ws-library-ws-slider alignwide\"><div class=\"splide\" data-splide=\"{\"type\":\"slide\",\"heightRatio\":\"auto\",\"perPage\":4,\"perMove\":1,\"drag\":true,\"pagination\":0,\"autoplay\":false,\"gap\":\"15px\",\"breakpoints\":{\"450\":{\"perPage\":1},\"768\":{\"perPage\":2},\"992\":{\"perPage\":3},\"1200\":{\"perPage\":4}}}\"><div class=\"splide__track\"><div class=\"splide__list\"><div class=\"splide__slide\"><a href=\"https:\/\/www.paysdesecrins.com\/wp-content\/uploads\/2025\/07\/3bien-etre-yoga01-21-25-yoga-96-scaled.jpg\" data-glightbox=\"true\" class=\"lightbox-trigger\"><img decoding=\"async\" src=\"https:\/\/www.paysdesecrins.com\/wp-content\/uploads\/2025\/07\/3bien-etre-yoga01-21-25-yoga-96-400x400.jpg\" alt=\"\"><\/a><\/div><div class=\"splide__slide\"><a href=\"https:\/\/www.paysdesecrins.com\/wp-content\/uploads\/2025\/07\/3bien-etre-sylvotherapiemarielachaud-10-23-24-ambiance-automne-56-scaled.jpg\" data-glightbox=\"true\" class=\"lightbox-trigger\"><img decoding=\"async\" src=\"https:\/\/www.paysdesecrins.com\/wp-content\/uploads\/2025\/07\/3bien-etre-sylvotherapiemarielachaud-10-23-24-ambiance-automne-56-400x400.jpg\" alt=\"\"><\/a><\/div><div class=\"splide__slide\"><a href=\"https:\/\/www.paysdesecrins.com\/wp-content\/uploads\/2025\/07\/3bien-etre-yoga01-21-25-yoga-90-scaled.jpg\" data-glightbox=\"true\" class=\"lightbox-trigger\"><img decoding=\"async\" src=\"https:\/\/www.paysdesecrins.com\/wp-content\/uploads\/2025\/07\/3bien-etre-yoga01-21-25-yoga-90-400x400.jpg\" alt=\"\"><\/a><\/div><div class=\"splide__slide\"><a href=\"https:\/\/www.paysdesecrins.com\/wp-content\/uploads\/2025\/07\/31bien-etre-naturopathie-dsc04354-3-scaled.jpg\" data-glightbox=\"true\" class=\"lightbox-trigger\"><img decoding=\"async\" src=\"https:\/\/www.paysdesecrins.com\/wp-content\/uploads\/2025\/07\/31bien-etre-naturopathie-dsc04354-3-400x400.jpg\" alt=\"\"><\/a><\/div><div class=\"splide__slide\"><a href=\"https:\/\/www.paysdesecrins.com\/wp-content\/uploads\/2025\/07\/3bien-etre-yoga-07-15-24-yoga-45-scaled.jpg\" data-glightbox=\"true\" class=\"lightbox-trigger\"><img decoding=\"async\" src=\"https:\/\/www.paysdesecrins.com\/wp-content\/uploads\/2025\/07\/3bien-etre-yoga-07-15-24-yoga-45-400x400.jpg\" alt=\"\"><\/a><\/div><div class=\"splide__slide\"><a href=\"https:\/\/www.paysdesecrins.com\/wp-content\/uploads\/2025\/07\/3bien-etre-massage-dsc04496-scaled.jpg\" data-glightbox=\"true\" class=\"lightbox-trigger\"><img decoding=\"async\" src=\"https:\/\/www.paysdesecrins.com\/wp-content\/uploads\/2025\/07\/3bien-etre-massage-dsc04496-400x400.jpg\" alt=\"\"><\/a><\/div><div class=\"splide__slide\"><a href=\"https:\/\/www.paysdesecrins.com\/wp-content\/uploads\/2025\/07\/31bien-etre-03-11-2024-immersion-nordique-37-scaled.jpg\" data-glightbox=\"true\" class=\"lightbox-trigger\"><img decoding=\"async\" src=\"https:\/\/www.paysdesecrins.com\/wp-content\/uploads\/2025\/07\/31bien-etre-03-11-2024-immersion-nordique-37-400x400.jpg\" alt=\"\"><\/a><\/div><\/div><\/div><\/div><\/div>\n\n<div class=\"wp-block-ws-library-ws-title aligncenter\"><h2><em>Unterkunft<\/em> Wohlfahrt<\/h2><\/div>\n\n<p>Wir haben f\u00fcr Sie alle <strong>Wellness-Unterk\u00fcnfte<\/strong> zusammengestellt<strong>: solche, die Massagen, <strong>Yoga-Sitzungen<\/strong>, <strong>Spas <\/strong>oder <strong>Entspannungsbereiche<\/strong> direkt vor Ort anbieten.<strong> Ideal, um Ihre Batterien wieder aufzuladen, ohne sich mehr als n\u00f6tig bewegen zu m\u00fcssen!<\/strong><\/strong> <\/p>\n<div id=\"listing_9287e\" data-observer-wishlist data-attributes='listing-avance {\"selectedSelectionIds\":[\"191178\"],\"defaultImage\":\"https:\\\/\\\/www.paysdesecrins.com\\\/wp-content\\\/uploads\\\/2025\\\/06\\\/paysdesecrins.png\",\"isPaginated\":true,\"perPage\":4,\"isPortrait\":false,\"isImageContain\":false,\"showCommune\":true,\"selectedFacets\":[],\"showMap\":false,\"sortOrder\":\"random\",\"showType\":false,\"columnsCount\":\"2-3-3\",\"showActiveFacets\":false,\"showGeolocalisation\":false,\"isLimited\":false,\"season\":\"\",\"align\":\"wide\"}' class=\"ws-listing wp-block-ws-apidae-library-listing-avance alignwide\" data-map-id=\"map_9287e\" data-locations-id=\"locations-data_9287e\"><div class=\"facetwp-template\"><div class=\"list-container active\"><div class=\"list-items\"><div class=\"item\" data-season=\"all-seasons\"><div class=\"card card-apidae card-avance\"><div class=\"group-actions\"><ws-wishlist data-type=\"flag\" data-action=\"add\" data-wish-id=\"226992\" data-wish-type=\"apidae\"><\/ws-wishlist><\/div><div class=\"group-media\"><div class=\"field-image\"><img decoding=\"async\" src=\"https:\/\/images.weserv.nl\/?url=https:\/\/static.apidae-tourisme.com\/filestore\/objets-touristiques\/images\/247\/49\/4010487-diaporama.jpg&#038;w=350&#038;h=350&#038;fit=cover&#038;output=webp&#038;q=45\" alt=\"Hotel L\u2019Aigli\u00e8re\"\/><\/div><\/div><div class=\"group-top\"><div class=\"field-book\">Online buchbar<\/div><div class=\"field-commune\">Puy-Saint-Vincent<\/div><ws-apidae-from-price data-apidae-id=\"226992\" ><\/ws-apidae-from-price><\/div><div class=\"group-content\"><div class=\"field-title\">Hotel L\u2019Aigli\u00e8re<\/div><\/div><div class=\"field-link\" role=\"group\" aria-label=\"Lien vers le contenu\"><a href=\"https:\/\/www.paysdesecrins.com\/de\/fiche\/hotel-laigliere-2\/\" class=\"cardlink\" title=\"Lire plus : Hotel L\u2019Aigli\u00e8re\" lang=\"de_DE\">Hotel L\u2019Aigli\u00e8re<\/a><\/div><\/div><\/div><div class=\"item\" data-season=\"all-seasons\"><div class=\"card card-apidae card-avance\"><div class=\"group-actions\"><ws-wishlist data-type=\"flag\" data-action=\"add\" data-wish-id=\"226488\" data-wish-type=\"apidae\"><\/ws-wishlist><\/div><div class=\"group-media\"><div class=\"field-image\"><img decoding=\"async\" src=\"https:\/\/images.weserv.nl\/?url=https:\/\/static.apidae-tourisme.com\/filestore\/objets-touristiques\/images\/192\/52\/4011200-diaporama.jpg&#038;w=350&#038;h=350&#038;fit=cover&#038;output=webp&#038;q=45\" alt=\"Camping Caravaneige l&#8217;Iscle de Prelles\"\/><\/div><\/div><div class=\"group-top\"><div class=\"field-commune\">Saint-Martin-de-Queyri\u00e8res<\/div><ws-apidae-from-price data-apidae-id=\"226488\" ><\/ws-apidae-from-price><\/div><div class=\"group-content\"><div class=\"field-title\">Camping Caravaneige l&#8217;Iscle de Prelles<\/div><\/div><div class=\"field-link\" role=\"group\" aria-label=\"Lien vers le contenu\"><a href=\"https:\/\/www.paysdesecrins.com\/de\/fiche\/camping-caravaneige-liscle-de-prelles-2\/\" class=\"cardlink\" title=\"Lire plus : Camping Caravaneige l&#8217;Iscle de Prelles\" lang=\"de_DE\">Camping Caravaneige l&#8217;Iscle de Prelles<\/a><\/div><\/div><\/div><div class=\"item\" data-season=\"all-seasons\"><div class=\"card card-apidae card-avance\"><div class=\"group-actions\"><ws-wishlist data-type=\"flag\" data-action=\"add\" data-wish-id=\"6703217\" data-wish-type=\"apidae\"><\/ws-wishlist><\/div><div class=\"group-media\"><div class=\"field-image\"><img decoding=\"async\" src=\"https:\/\/images.weserv.nl\/?url=https:\/\/static.apidae-tourisme.com\/filestore\/objets-touristiques\/images\/45\/51\/36320045-diaporama.jpg&#038;w=350&#038;h=350&#038;fit=cover&#038;output=webp&#038;q=45\" alt=\"Ferienhaus \u201eAu Fil de l\u2019Onde\u201c\"\/><\/div><\/div><div class=\"group-top\"><div class=\"field-book\">Online buchbar<\/div><div class=\"field-commune\">Vallouise-Pelvoux<\/div><ws-apidae-from-price data-apidae-id=\"6703217\" ><\/ws-apidae-from-price><\/div><div class=\"group-content\"><div class=\"field-title\">Ferienhaus \u201eAu Fil de l\u2019Onde\u201c<\/div><\/div><div class=\"field-link\" role=\"group\" aria-label=\"Lien vers le contenu\"><a href=\"https:\/\/www.paysdesecrins.com\/de\/fiche\/ferienhaus-au-fil-de-londe\/\" class=\"cardlink\" title=\"Lire plus : Ferienhaus \u201eAu Fil de l\u2019Onde\u201c\" lang=\"de_DE\">Ferienhaus \u201eAu Fil de l\u2019Onde\u201c<\/a><\/div><\/div><\/div><div class=\"item\" data-season=\"all-seasons\"><div class=\"card card-apidae card-avance\"><div class=\"group-actions\"><ws-wishlist data-type=\"flag\" data-action=\"add\" data-wish-id=\"647857\" data-wish-type=\"apidae\"><\/ws-wishlist><\/div><div class=\"group-media\"><div class=\"field-image\"><img decoding=\"async\" src=\"https:\/\/images.weserv.nl\/?url=https:\/\/static.apidae-tourisme.com\/filestore\/objets-touristiques\/images\/106\/133\/2262378-diaporama.jpg&#038;w=350&#038;h=350&#038;fit=cover&#038;output=webp&#038;q=45\" alt=\"La Maison Abeil\"\/><\/div><\/div><div class=\"group-top\"><div class=\"field-commune\">L&#039;Argenti\u00e8re-la-Bess\u00e9e<\/div><ws-apidae-from-price data-apidae-id=\"647857\" ><\/ws-apidae-from-price><\/div><div class=\"group-content\"><div class=\"field-title\">La Maison Abeil<\/div><\/div><div class=\"field-link\" role=\"group\" aria-label=\"Lien vers le contenu\"><a href=\"https:\/\/www.paysdesecrins.com\/de\/fiche\/la-maison-abeil-2\/\" class=\"cardlink\" title=\"Lire plus : La Maison Abeil\" lang=\"de_DE\">La Maison Abeil<\/a><\/div><\/div><\/div><div class=\"item\" data-season=\"all-seasons\"><div class=\"card card-apidae card-avance\"><div class=\"group-actions\"><ws-wishlist data-type=\"flag\" data-action=\"add\" data-wish-id=\"5665789\" data-wish-type=\"apidae\"><\/ws-wishlist><\/div><div class=\"group-media\"><div class=\"field-image\"><img decoding=\"async\" src=\"https:\/\/images.weserv.nl\/?url=https:\/\/static.apidae-tourisme.com\/filestore\/objets-touristiques\/images\/40\/111\/8744744-diaporama.jpg&#038;w=350&#038;h=350&#038;fit=cover&#038;output=webp&#038;q=45\" alt=\"Joffroy Christelle\"\/><\/div><\/div><div class=\"group-top\"><div class=\"field-book\">Online buchbar<\/div><div class=\"field-commune\">Puy-Saint-Vincent<\/div><ws-apidae-from-price data-apidae-id=\"5665789\" ><\/ws-apidae-from-price><\/div><div class=\"group-content\"><div class=\"field-title\">Joffroy Christelle<\/div><\/div><div class=\"field-link\" role=\"group\" aria-label=\"Lien vers le contenu\"><a href=\"https:\/\/www.paysdesecrins.com\/de\/fiche\/joffroy-christelle-2\/\" class=\"cardlink\" title=\"Lire plus : Joffroy Christelle\" lang=\"de_DE\">Joffroy Christelle<\/a><\/div><\/div><\/div><div class=\"item\" data-season=\"all-seasons\"><div class=\"card card-apidae card-avance\"><div class=\"group-actions\"><ws-wishlist data-type=\"flag\" data-action=\"add\" data-wish-id=\"5528448\" data-wish-type=\"apidae\"><\/ws-wishlist><\/div><div class=\"group-media\"><div class=\"field-image\"><img decoding=\"async\" src=\"https:\/\/images.weserv.nl\/?url=https:\/\/static.apidae-tourisme.com\/filestore\/objets-touristiques\/images\/195\/148\/20944067-diaporama.jpg&#038;w=350&#038;h=350&#038;fit=cover&#038;output=webp&#038;q=45\" alt=\"Mountivity\"\/><\/div><\/div><div class=\"group-top\"><div class=\"field-commune\">Vallouise-Pelvoux<\/div><ws-apidae-from-price data-apidae-id=\"5528448\" ><\/ws-apidae-from-price><\/div><div class=\"group-content\"><div class=\"field-title\">Mountivity<\/div><\/div><div class=\"field-link\" role=\"group\" aria-label=\"Lien vers le contenu\"><a href=\"https:\/\/www.paysdesecrins.com\/de\/fiche\/mountivity-2\/\" class=\"cardlink\" title=\"Lire plus : Mountivity\" lang=\"de_DE\">Mountivity<\/a><\/div><\/div><\/div><div class=\"item\" data-season=\"all-seasons\"><div class=\"card card-apidae card-avance\"><div class=\"group-actions\"><ws-wishlist data-type=\"flag\" data-action=\"add\" data-wish-id=\"226998\" data-wish-type=\"apidae\"><\/ws-wishlist><\/div><div class=\"group-media\"><div class=\"field-image\"><img decoding=\"async\" src=\"https:\/\/images.weserv.nl\/?url=https:\/\/static.apidae-tourisme.com\/filestore\/objets-touristiques\/images\/16\/83\/938768-diaporama.jpg&#038;w=350&#038;h=350&#038;fit=cover&#038;output=webp&#038;q=45\" alt=\"Hotel Engilberge\"\/><\/div><\/div><div class=\"group-top\"><div class=\"field-commune\">Vallouise-Pelvoux<\/div><ws-apidae-from-price data-apidae-id=\"226998\" ><\/ws-apidae-from-price><\/div><div class=\"group-content\"><div class=\"field-title\">Hotel Engilberge<\/div><\/div><div class=\"field-link\" role=\"group\" aria-label=\"Lien vers le contenu\"><a href=\"https:\/\/www.paysdesecrins.com\/de\/fiche\/hotel-engilberge-2\/\" class=\"cardlink\" title=\"Lire plus : Hotel Engilberge\" lang=\"de_DE\">Hotel Engilberge<\/a><\/div><\/div><\/div><div class=\"item\" data-season=\"all-seasons\"><div class=\"card card-apidae card-avance\"><div class=\"group-actions\"><ws-wishlist data-type=\"flag\" data-action=\"add\" data-wish-id=\"5656889\" data-wish-type=\"apidae\"><\/ws-wishlist><\/div><div class=\"group-media\"><div class=\"field-image\"><img decoding=\"async\" src=\"https:\/\/images.weserv.nl\/?url=https:\/\/static.apidae-tourisme.com\/filestore\/objets-touristiques\/images\/24\/119\/8812312-diaporama.jpg&#038;w=350&#038;h=350&#038;fit=cover&#038;output=webp&#038;q=45\" alt=\"Pension \u201eAuberge de la Blanche\u201c\"\/><\/div><\/div><div class=\"group-top\"><div class=\"field-commune\">Vallouise-Pelvoux<\/div><ws-apidae-from-price data-apidae-id=\"5656889\" ><\/ws-apidae-from-price><\/div><div class=\"group-content\"><div class=\"field-title\">Pension \u201eAuberge de la Blanche\u201c<\/div><\/div><div class=\"field-link\" role=\"group\" aria-label=\"Lien vers le contenu\"><a href=\"https:\/\/www.paysdesecrins.com\/de\/fiche\/pension-auberge-de-la-blanche\/\" class=\"cardlink\" title=\"Lire plus : Pension \u201eAuberge de la Blanche\u201c\" lang=\"de_DE\">Pension \u201eAuberge de la Blanche\u201c<\/a><\/div><\/div><\/div><div class=\"item\" data-season=\"all-seasons\"><div class=\"card card-apidae card-avance\"><div class=\"group-actions\"><ws-wishlist data-type=\"flag\" data-action=\"add\" data-wish-id=\"7582918\" data-wish-type=\"apidae\"><\/ws-wishlist><\/div><div class=\"group-media\"><div class=\"field-image\"><img decoding=\"async\" src=\"https:\/\/images.weserv.nl\/?url=https:\/\/static.apidae-tourisme.com\/filestore\/objets-touristiques\/images\/106\/140\/35818602-diaporama.jpg&#038;w=350&#038;h=350&#038;fit=cover&#038;output=webp&#038;q=45\" alt=\"Ecrin des Vignes\"\/><\/div><\/div><div class=\"group-top\"><div class=\"field-commune\">Les Vigneaux<\/div><ws-apidae-from-price data-apidae-id=\"7582918\" ><\/ws-apidae-from-price><\/div><div class=\"group-content\"><div class=\"field-title\">Ecrin des Vignes<\/div><\/div><div class=\"field-link\" role=\"group\" aria-label=\"Lien vers le contenu\"><a href=\"https:\/\/www.paysdesecrins.com\/de\/fiche\/ecrin-des-vignes-2\/\" class=\"cardlink\" title=\"Lire plus : Ecrin des Vignes\" lang=\"de_DE\">Ecrin des Vignes<\/a><\/div><\/div><\/div><div class=\"item\" data-season=\"all-seasons\"><div class=\"card card-apidae card-avance\"><div class=\"group-actions\"><ws-wishlist data-type=\"flag\" data-action=\"add\" data-wish-id=\"226589\" data-wish-type=\"apidae\"><\/ws-wishlist><\/div><div class=\"group-media\"><div class=\"field-image\"><img decoding=\"async\" src=\"https:\/\/images.weserv.nl\/?url=https:\/\/static.apidae-tourisme.com\/filestore\/objets-touristiques\/images\/154\/118\/8812186-diaporama.jpg&#038;w=350&#038;h=350&#038;fit=cover&#038;output=webp&#038;q=45\" alt=\"Ferienhaus Chalet AlpeLune\"\/><\/div><\/div><div class=\"group-top\"><div class=\"field-commune\">Puy-Saint-Vincent<\/div><ws-apidae-from-price data-apidae-id=\"226589\" ><\/ws-apidae-from-price><\/div><div class=\"group-content\"><div class=\"field-title\">Ferienhaus Chalet AlpeLune<\/div><\/div><div class=\"field-link\" role=\"group\" aria-label=\"Lien vers le contenu\"><a href=\"https:\/\/www.paysdesecrins.com\/de\/fiche\/ferienhaus-chalet-alpelune\/\" class=\"cardlink\" title=\"Lire plus : Ferienhaus Chalet AlpeLune\" lang=\"de_DE\">Ferienhaus Chalet AlpeLune<\/a><\/div><\/div><\/div><div class=\"item\" data-season=\"all-seasons\"><div class=\"card card-apidae card-avance\"><div class=\"group-actions\"><ws-wishlist data-type=\"flag\" data-action=\"add\" data-wish-id=\"6726721\" data-wish-type=\"apidae\"><\/ws-wishlist><\/div><div class=\"group-media\"><div class=\"field-image\"><img decoding=\"async\" src=\"https:\/\/images.weserv.nl\/?url=https:\/\/static.apidae-tourisme.com\/filestore\/objets-touristiques\/images\/95\/195\/19841887-diaporama.jpg&#038;w=350&#038;h=350&#038;fit=cover&#038;output=webp&#038;q=45\" alt=\"G\u00eete Mountivity\"\/><\/div><\/div><div class=\"group-top\"><div class=\"field-commune\">Vallouise-Pelvoux<\/div><ws-apidae-from-price data-apidae-id=\"6726721\" ><\/ws-apidae-from-price><\/div><div class=\"group-content\"><div class=\"field-title\">G\u00eete Mountivity<\/div><\/div><div class=\"field-link\" role=\"group\" aria-label=\"Lien vers le contenu\"><a href=\"https:\/\/www.paysdesecrins.com\/de\/fiche\/gite-mountivity-2\/\" class=\"cardlink\" title=\"Lire plus : G\u00eete Mountivity\" lang=\"de_DE\">G\u00eete Mountivity<\/a><\/div><\/div><\/div><div class=\"item\" data-season=\"all-seasons\"><div class=\"card card-apidae card-avance\"><div class=\"group-actions\"><ws-wishlist data-type=\"flag\" data-action=\"add\" data-wish-id=\"226941\" data-wish-type=\"apidae\"><\/ws-wishlist><\/div><div class=\"group-media\"><div class=\"field-image\"><img decoding=\"async\" src=\"https:\/\/images.weserv.nl\/?url=https:\/\/static.apidae-tourisme.com\/filestore\/objets-touristiques\/images\/149\/233\/190869-diaporama.png&#038;w=350&#038;h=350&#038;fit=cover&#038;output=webp&#038;q=45\" alt=\"H\u00f4tel Les 5 Saisons\"\/><\/div><\/div><div class=\"group-top\"><div class=\"field-commune\">Freissini\u00e8res<\/div><ws-apidae-from-price data-apidae-id=\"226941\" ><\/ws-apidae-from-price><\/div><div class=\"group-content\"><div class=\"field-title\">H\u00f4tel Les 5 Saisons<\/div><\/div><div class=\"field-link\" role=\"group\" aria-label=\"Lien vers le contenu\"><a href=\"https:\/\/www.paysdesecrins.com\/de\/fiche\/hotel-les-5-saisons-2\/\" class=\"cardlink\" title=\"Lire plus : H\u00f4tel Les 5 Saisons\" lang=\"de_DE\">H\u00f4tel Les 5 Saisons<\/a><\/div><\/div><\/div><div class=\"item\" data-season=\"all-seasons\"><div class=\"card card-apidae card-avance\"><div class=\"group-actions\"><ws-wishlist data-type=\"flag\" data-action=\"add\" data-wish-id=\"4995102\" data-wish-type=\"apidae\"><\/ws-wishlist><\/div><div class=\"group-media\"><div class=\"field-image\"><img decoding=\"async\" src=\"https:\/\/images.weserv.nl\/?url=https:\/\/static.apidae-tourisme.com\/filestore\/objets-touristiques\/images\/81\/52\/36320337-diaporama.jpg&#038;w=350&#038;h=350&#038;fit=cover&#038;output=webp&#038;q=45\" alt=\"Ferienhaus \u201eAu Fil de l&#8217;Onde\u201c\"\/><\/div><\/div><div class=\"group-top\"><div class=\"field-commune\">Vallouise-Pelvoux<\/div><ws-apidae-from-price data-apidae-id=\"4995102\" ><\/ws-apidae-from-price><\/div><div class=\"group-content\"><div class=\"field-title\">Ferienhaus \u201eAu Fil de l&#8217;Onde\u201c<\/div><\/div><div class=\"field-link\" role=\"group\" aria-label=\"Lien vers le contenu\"><a href=\"https:\/\/www.paysdesecrins.com\/de\/fiche\/ferienhaus-au-fil-de-londe\/\" class=\"cardlink\" title=\"Lire plus : Ferienhaus \u201eAu Fil de l&#8217;Onde\u201c\" lang=\"de_DE\">Ferienhaus \u201eAu Fil de l&#8217;Onde\u201c<\/a><\/div><\/div><\/div><div class=\"item\" data-season=\"all-seasons\"><div class=\"card card-apidae card-avance\"><div class=\"group-actions\"><ws-wishlist data-type=\"flag\" data-action=\"add\" data-wish-id=\"345420\" data-wish-type=\"apidae\"><\/ws-wishlist><\/div><div class=\"group-media\"><div class=\"field-image\"><img decoding=\"async\" src=\"https:\/\/images.weserv.nl\/?url=https:\/\/static.apidae-tourisme.com\/filestore\/objets-touristiques\/images\/229\/2\/1508069-diaporama.jpg&#038;w=350&#038;h=350&#038;fit=cover&#038;output=webp&#038;q=45\" alt=\"Brin de paille\"\/><\/div><\/div><div class=\"group-top\"><div class=\"field-commune\">Saint-Martin-de-Queyri\u00e8res<\/div><ws-apidae-from-price data-apidae-id=\"345420\" ><\/ws-apidae-from-price><\/div><div class=\"group-content\"><div class=\"field-title\">Brin de paille<\/div><\/div><div class=\"field-link\" role=\"group\" aria-label=\"Lien vers le contenu\"><a href=\"https:\/\/www.paysdesecrins.com\/de\/fiche\/brin-de-paille-3\/\" class=\"cardlink\" title=\"Lire plus : Brin de paille\" lang=\"de_DE\">Brin de paille<\/a><\/div><\/div><\/div><div class=\"item\" data-season=\"all-seasons\"><div class=\"card card-apidae card-avance\"><div class=\"group-actions\"><ws-wishlist data-type=\"flag\" data-action=\"add\" data-wish-id=\"226859\" data-wish-type=\"apidae\"><\/ws-wishlist><\/div><div class=\"group-media\"><div class=\"field-image\"><img decoding=\"async\" src=\"https:\/\/images.weserv.nl\/?url=https:\/\/static.apidae-tourisme.com\/filestore\/objets-touristiques\/images\/222\/169\/36809182-diaporama.jpg&#038;w=350&#038;h=350&#038;fit=cover&#038;output=webp&#038;q=45\" alt=\"Hotel Saint-Roch\"\/><\/div><\/div><div class=\"group-top\"><div class=\"field-commune\">Puy-Saint-Vincent<\/div><ws-apidae-from-price data-apidae-id=\"226859\" ><\/ws-apidae-from-price><\/div><div class=\"group-content\"><div class=\"field-title\">Hotel Saint-Roch<\/div><\/div><div class=\"field-link\" role=\"group\" aria-label=\"Lien vers le contenu\"><a href=\"https:\/\/www.paysdesecrins.com\/de\/fiche\/hotel-saint-roch-2\/\" class=\"cardlink\" title=\"Lire plus : Hotel Saint-Roch\" lang=\"de_DE\">Hotel Saint-Roch<\/a><\/div><\/div><\/div><div class=\"item\" data-season=\"all-seasons\"><div class=\"card card-apidae card-avance\"><div class=\"group-actions\"><ws-wishlist data-type=\"flag\" data-action=\"add\" data-wish-id=\"5126686\" data-wish-type=\"apidae\"><\/ws-wishlist><\/div><div class=\"group-media\"><div class=\"field-image\"><img decoding=\"async\" src=\"https:\/\/images.weserv.nl\/?url=https:\/\/static.apidae-tourisme.com\/filestore\/objets-touristiques\/images\/117\/84\/6902901-diaporama.jpg&#038;w=350&#038;h=350&#038;fit=cover&#038;output=webp&#038;q=45\" alt=\"Chalet l&#8217;Aigli\u00e8re\"\/><\/div><\/div><div class=\"group-top\"><div class=\"field-commune\">Puy-Saint-Vincent<\/div><ws-apidae-from-price data-apidae-id=\"5126686\" ><\/ws-apidae-from-price><\/div><div class=\"group-content\"><div class=\"field-title\">Chalet l&#8217;Aigli\u00e8re<\/div><\/div><div class=\"field-link\" role=\"group\" aria-label=\"Lien vers le contenu\"><a href=\"https:\/\/www.paysdesecrins.com\/de\/fiche\/chalet-laigliere-2\/\" class=\"cardlink\" title=\"Lire plus : Chalet l&#8217;Aigli\u00e8re\" lang=\"de_DE\">Chalet l&#8217;Aigli\u00e8re<\/a><\/div><\/div><\/div><div class=\"item\" data-season=\"all-seasons\"><div class=\"card card-apidae card-avance\"><div class=\"group-actions\"><ws-wishlist data-type=\"flag\" data-action=\"add\" data-wish-id=\"226801\" data-wish-type=\"apidae\"><\/ws-wishlist><\/div><div class=\"group-media\"><div class=\"field-image\"><img decoding=\"async\" src=\"https:\/\/images.weserv.nl\/?url=https:\/\/static.apidae-tourisme.com\/filestore\/objets-touristiques\/images\/220\/48\/10367196-diaporama.jpg&#038;w=350&#038;h=350&#038;fit=cover&#038;output=webp&#038;q=45\" alt=\"Auberge Saint Antoine\"\/><\/div><\/div><div class=\"group-top\"><div class=\"field-commune\">Vallouise-Pelvoux<\/div><ws-apidae-from-price data-apidae-id=\"226801\" ><\/ws-apidae-from-price><\/div><div class=\"group-content\"><div class=\"field-title\">Auberge Saint Antoine<\/div><\/div><div class=\"field-link\" role=\"group\" aria-label=\"Lien vers le contenu\"><a href=\"https:\/\/www.paysdesecrins.com\/de\/fiche\/auberge-saint-antoine-3\/\" class=\"cardlink\" title=\"Lire plus : Auberge Saint Antoine\" lang=\"de_DE\">Auberge Saint Antoine<\/a><\/div><\/div><\/div><div id=\"locations-data_9287e\" style=\"display: none;\">{&quot;locations&quot;:[{&quot;lat&quot;:&quot;44.834173&quot;,&quot;lng&quot;:&quot;6.482529&quot;,&quot;title&quot;:&quot;Hotel L\\u2019Aigli\\u00e8re&quot;,&quot;permalink&quot;:&quot;https:\\\/\\\/www.paysdesecrins.com\\\/de\\\/fiche\\\/hotel-laigliere-2\\\/&quot;,&quot;type&quot;:&quot;hotellerie&quot;,&quot;commune&quot;:&quot;Puy-Saint-Vincent&quot;,&quot;type_commerce&quot;:&quot;&quot;,&quot;image&quot;:&quot;https:\\\/\\\/static.apidae-tourisme.com\\\/filestore\\\/objets-touristiques\\\/images\\\/247\\\/49\\\/4010487-diaporama.jpg&quot;,&quot;image_width&quot;:&quot;350&quot;,&quot;image_height&quot;:&quot;350&quot;,&quot;image_fit&quot;:&quot;cover&quot;},{&quot;lat&quot;:&quot;44.856659&quot;,&quot;lng&quot;:&quot;6.589436&quot;,&quot;title&quot;:&quot;Camping Caravaneige l&#8217;Iscle de Prelles&quot;,&quot;permalink&quot;:&quot;https:\\\/\\\/www.paysdesecrins.com\\\/de\\\/fiche\\\/camping-caravaneige-liscle-de-prelles-2\\\/&quot;,&quot;type&quot;:&quot;hotellerie_plein_air&quot;,&quot;commune&quot;:&quot;Saint-Martin-de-Queyri\\u00e8res&quot;,&quot;type_commerce&quot;:&quot;&quot;,&quot;image&quot;:&quot;https:\\\/\\\/static.apidae-tourisme.com\\\/filestore\\\/objets-touristiques\\\/images\\\/192\\\/52\\\/4011200-diaporama.jpg&quot;,&quot;image_width&quot;:&quot;350&quot;,&quot;image_height&quot;:&quot;350&quot;,&quot;image_fit&quot;:&quot;cover&quot;},{&quot;lat&quot;:&quot;44.838776&quot;,&quot;lng&quot;:&quot;6.488899&quot;,&quot;title&quot;:&quot;Ferienhaus \\u201eAu Fil de l\\u2019Onde\\u201c&quot;,&quot;permalink&quot;:&quot;https:\\\/\\\/www.paysdesecrins.com\\\/de\\\/fiche\\\/ferienhaus-au-fil-de-londe\\\/&quot;,&quot;type&quot;:&quot;hebergement_locatif&quot;,&quot;commune&quot;:&quot;Vallouise-Pelvoux&quot;,&quot;type_commerce&quot;:&quot;&quot;,&quot;image&quot;:&quot;https:\\\/\\\/static.apidae-tourisme.com\\\/filestore\\\/objets-touristiques\\\/images\\\/45\\\/51\\\/36320045-diaporama.jpg&quot;,&quot;image_width&quot;:&quot;350&quot;,&quot;image_height&quot;:&quot;350&quot;,&quot;image_fit&quot;:&quot;cover&quot;},{&quot;lat&quot;:&quot;44.787179&quot;,&quot;lng&quot;:&quot;6.553425&quot;,&quot;title&quot;:&quot;La Maison Abeil&quot;,&quot;permalink&quot;:&quot;https:\\\/\\\/www.paysdesecrins.com\\\/de\\\/fiche\\\/la-maison-abeil-2\\\/&quot;,&quot;type&quot;:&quot;hebergement_locatif&quot;,&quot;commune&quot;:&quot;L&#039;Argenti\\u00e8re-la-Bess\\u00e9e&quot;,&quot;type_commerce&quot;:&quot;&quot;,&quot;image&quot;:&quot;https:\\\/\\\/static.apidae-tourisme.com\\\/filestore\\\/objets-touristiques\\\/images\\\/106\\\/133\\\/2262378-diaporama.jpg&quot;,&quot;image_width&quot;:&quot;350&quot;,&quot;image_height&quot;:&quot;350&quot;,&quot;image_fit&quot;:&quot;cover&quot;},{&quot;lat&quot;:&quot;44.816595&quot;,&quot;lng&quot;:&quot;6.481164&quot;,&quot;title&quot;:&quot;Joffroy Christelle&quot;,&quot;permalink&quot;:&quot;https:\\\/\\\/www.paysdesecrins.com\\\/de\\\/fiche\\\/joffroy-christelle-2\\\/&quot;,&quot;type&quot;:&quot;hebergement_locatif&quot;,&quot;commune&quot;:&quot;Puy-Saint-Vincent&quot;,&quot;type_commerce&quot;:&quot;&quot;,&quot;image&quot;:&quot;https:\\\/\\\/static.apidae-tourisme.com\\\/filestore\\\/objets-touristiques\\\/images\\\/40\\\/111\\\/8744744-diaporama.jpg&quot;,&quot;image_width&quot;:&quot;350&quot;,&quot;image_height&quot;:&quot;350&quot;,&quot;image_fit&quot;:&quot;cover&quot;},{&quot;lat&quot;:&quot;44.858215&quot;,&quot;lng&quot;:&quot;6.492654&quot;,&quot;title&quot;:&quot;Mountivity&quot;,&quot;permalink&quot;:&quot;https:\\\/\\\/www.paysdesecrins.com\\\/de\\\/fiche\\\/mountivity-2\\\/&quot;,&quot;type&quot;:&quot;hebergement_locatif&quot;,&quot;commune&quot;:&quot;Vallouise-Pelvoux&quot;,&quot;type_commerce&quot;:&quot;&quot;,&quot;image&quot;:&quot;https:\\\/\\\/static.apidae-tourisme.com\\\/filestore\\\/objets-touristiques\\\/images\\\/195\\\/148\\\/20944067-diaporama.jpg&quot;,&quot;image_width&quot;:&quot;350&quot;,&quot;image_height&quot;:&quot;350&quot;,&quot;image_fit&quot;:&quot;cover&quot;},{&quot;lat&quot;:&quot;44.888608&quot;,&quot;lng&quot;:&quot;6.44484&quot;,&quot;title&quot;:&quot;Hotel Engilberge&quot;,&quot;permalink&quot;:&quot;https:\\\/\\\/www.paysdesecrins.com\\\/de\\\/fiche\\\/hotel-engilberge-2\\\/&quot;,&quot;type&quot;:&quot;hotellerie&quot;,&quot;commune&quot;:&quot;Vallouise-Pelvoux&quot;,&quot;type_commerce&quot;:&quot;&quot;,&quot;image&quot;:&quot;https:\\\/\\\/static.apidae-tourisme.com\\\/filestore\\\/objets-touristiques\\\/images\\\/16\\\/83\\\/938768-diaporama.jpg&quot;,&quot;image_width&quot;:&quot;350&quot;,&quot;image_height&quot;:&quot;350&quot;,&quot;image_fit&quot;:&quot;cover&quot;},{&quot;lat&quot;:&quot;44.861517&quot;,&quot;lng&quot;:&quot;6.491002&quot;,&quot;title&quot;:&quot;Pension \\u201eAuberge de la Blanche\\u201c&quot;,&quot;permalink&quot;:&quot;https:\\\/\\\/www.paysdesecrins.com\\\/de\\\/fiche\\\/pension-auberge-de-la-blanche\\\/&quot;,&quot;type&quot;:&quot;hebergement_collectif&quot;,&quot;commune&quot;:&quot;Vallouise-Pelvoux&quot;,&quot;type_commerce&quot;:&quot;&quot;,&quot;image&quot;:&quot;https:\\\/\\\/static.apidae-tourisme.com\\\/filestore\\\/objets-touristiques\\\/images\\\/24\\\/119\\\/8812312-diaporama.jpg&quot;,&quot;image_width&quot;:&quot;350&quot;,&quot;image_height&quot;:&quot;350&quot;,&quot;image_fit&quot;:&quot;cover&quot;},{&quot;lat&quot;:&quot;44.82435&quot;,&quot;lng&quot;:&quot;6.533211&quot;,&quot;title&quot;:&quot;Ecrin des Vignes&quot;,&quot;permalink&quot;:&quot;https:\\\/\\\/www.paysdesecrins.com\\\/de\\\/fiche\\\/ecrin-des-vignes-2\\\/&quot;,&quot;type&quot;:&quot;hebergement_locatif&quot;,&quot;commune&quot;:&quot;Les Vigneaux&quot;,&quot;type_commerce&quot;:&quot;&quot;,&quot;image&quot;:&quot;https:\\\/\\\/static.apidae-tourisme.com\\\/filestore\\\/objets-touristiques\\\/images\\\/106\\\/140\\\/35818602-diaporama.jpg&quot;,&quot;image_width&quot;:&quot;350&quot;,&quot;image_height&quot;:&quot;350&quot;,&quot;image_fit&quot;:&quot;cover&quot;},{&quot;lat&quot;:&quot;44.821155&quot;,&quot;lng&quot;:&quot;6.500506&quot;,&quot;title&quot;:&quot;Ferienhaus Chalet AlpeLune&quot;,&quot;permalink&quot;:&quot;https:\\\/\\\/www.paysdesecrins.com\\\/de\\\/fiche\\\/ferienhaus-chalet-alpelune\\\/&quot;,&quot;type&quot;:&quot;hebergement_collectif&quot;,&quot;commune&quot;:&quot;Puy-Saint-Vincent&quot;,&quot;type_commerce&quot;:&quot;&quot;,&quot;image&quot;:&quot;https:\\\/\\\/static.apidae-tourisme.com\\\/filestore\\\/objets-touristiques\\\/images\\\/154\\\/118\\\/8812186-diaporama.jpg&quot;,&quot;image_width&quot;:&quot;350&quot;,&quot;image_height&quot;:&quot;350&quot;,&quot;image_fit&quot;:&quot;cover&quot;},{&quot;lat&quot;:&quot;44.858226&quot;,&quot;lng&quot;:&quot;6.492676&quot;,&quot;title&quot;:&quot;G\\u00eete Mountivity&quot;,&quot;permalink&quot;:&quot;https:\\\/\\\/www.paysdesecrins.com\\\/de\\\/fiche\\\/gite-mountivity-2\\\/&quot;,&quot;type&quot;:&quot;hebergement_collectif&quot;,&quot;commune&quot;:&quot;Vallouise-Pelvoux&quot;,&quot;type_commerce&quot;:&quot;&quot;,&quot;image&quot;:&quot;https:\\\/\\\/static.apidae-tourisme.com\\\/filestore\\\/objets-touristiques\\\/images\\\/95\\\/195\\\/19841887-diaporama.jpg&quot;,&quot;image_width&quot;:&quot;350&quot;,&quot;image_height&quot;:&quot;350&quot;,&quot;image_fit&quot;:&quot;cover&quot;},{&quot;lat&quot;:&quot;44.753627&quot;,&quot;lng&quot;:&quot;6.540942&quot;,&quot;title&quot;:&quot;H\\u00f4tel Les 5 Saisons&quot;,&quot;permalink&quot;:&quot;https:\\\/\\\/www.paysdesecrins.com\\\/de\\\/fiche\\\/hotel-les-5-saisons-2\\\/&quot;,&quot;type&quot;:&quot;hotellerie&quot;,&quot;commune&quot;:&quot;Freissini\\u00e8res&quot;,&quot;type_commerce&quot;:&quot;&quot;,&quot;image&quot;:&quot;https:\\\/\\\/static.apidae-tourisme.com\\\/filestore\\\/objets-touristiques\\\/images\\\/149\\\/233\\\/190869-diaporama.png&quot;,&quot;image_width&quot;:&quot;350&quot;,&quot;image_height&quot;:&quot;350&quot;,&quot;image_fit&quot;:&quot;cover&quot;},{&quot;lat&quot;:&quot;44.838776&quot;,&quot;lng&quot;:&quot;6.488899&quot;,&quot;title&quot;:&quot;Ferienhaus \\u201eAu Fil de l&#8217;Onde\\u201c&quot;,&quot;permalink&quot;:&quot;https:\\\/\\\/www.paysdesecrins.com\\\/de\\\/fiche\\\/ferienhaus-au-fil-de-londe\\\/&quot;,&quot;type&quot;:&quot;hebergement_collectif&quot;,&quot;commune&quot;:&quot;Vallouise-Pelvoux&quot;,&quot;type_commerce&quot;:&quot;&quot;,&quot;image&quot;:&quot;https:\\\/\\\/static.apidae-tourisme.com\\\/filestore\\\/objets-touristiques\\\/images\\\/81\\\/52\\\/36320337-diaporama.jpg&quot;,&quot;image_width&quot;:&quot;350&quot;,&quot;image_height&quot;:&quot;350&quot;,&quot;image_fit&quot;:&quot;cover&quot;},{&quot;lat&quot;:&quot;44.854103&quot;,&quot;lng&quot;:&quot;6.580271&quot;,&quot;title&quot;:&quot;Brin de paille&quot;,&quot;permalink&quot;:&quot;https:\\\/\\\/www.paysdesecrins.com\\\/de\\\/fiche\\\/brin-de-paille-3\\\/&quot;,&quot;type&quot;:&quot;hebergement_locatif&quot;,&quot;commune&quot;:&quot;Saint-Martin-de-Queyri\\u00e8res&quot;,&quot;type_commerce&quot;:&quot;&quot;,&quot;image&quot;:&quot;https:\\\/\\\/static.apidae-tourisme.com\\\/filestore\\\/objets-touristiques\\\/images\\\/229\\\/2\\\/1508069-diaporama.jpg&quot;,&quot;image_width&quot;:&quot;350&quot;,&quot;image_height&quot;:&quot;350&quot;,&quot;image_fit&quot;:&quot;cover&quot;},{&quot;lat&quot;:&quot;44.826901&quot;,&quot;lng&quot;:&quot;6.497024&quot;,&quot;title&quot;:&quot;Hotel Saint-Roch&quot;,&quot;permalink&quot;:&quot;https:\\\/\\\/www.paysdesecrins.com\\\/de\\\/fiche\\\/hotel-saint-roch-2\\\/&quot;,&quot;type&quot;:&quot;hotellerie&quot;,&quot;commune&quot;:&quot;Puy-Saint-Vincent&quot;,&quot;type_commerce&quot;:&quot;&quot;,&quot;image&quot;:&quot;https:\\\/\\\/static.apidae-tourisme.com\\\/filestore\\\/objets-touristiques\\\/images\\\/222\\\/169\\\/36809182-diaporama.jpg&quot;,&quot;image_width&quot;:&quot;350&quot;,&quot;image_height&quot;:&quot;350&quot;,&quot;image_fit&quot;:&quot;cover&quot;},{&quot;lat&quot;:&quot;44.834173&quot;,&quot;lng&quot;:&quot;6.482529&quot;,&quot;title&quot;:&quot;Chalet l&#8217;Aigli\\u00e8re&quot;,&quot;permalink&quot;:&quot;https:\\\/\\\/www.paysdesecrins.com\\\/de\\\/fiche\\\/chalet-laigliere-2\\\/&quot;,&quot;type&quot;:&quot;hebergement_locatif&quot;,&quot;commune&quot;:&quot;Puy-Saint-Vincent&quot;,&quot;type_commerce&quot;:&quot;&quot;,&quot;image&quot;:&quot;https:\\\/\\\/static.apidae-tourisme.com\\\/filestore\\\/objets-touristiques\\\/images\\\/117\\\/84\\\/6902901-diaporama.jpg&quot;,&quot;image_width&quot;:&quot;350&quot;,&quot;image_height&quot;:&quot;350&quot;,&quot;image_fit&quot;:&quot;cover&quot;},{&quot;lat&quot;:&quot;44.869175&quot;,&quot;lng&quot;:&quot;6.486766&quot;,&quot;title&quot;:&quot;Auberge Saint Antoine&quot;,&quot;permalink&quot;:&quot;https:\\\/\\\/www.paysdesecrins.com\\\/de\\\/fiche\\\/auberge-saint-antoine-3\\\/&quot;,&quot;type&quot;:&quot;hotellerie&quot;,&quot;commune&quot;:&quot;Vallouise-Pelvoux&quot;,&quot;type_commerce&quot;:&quot;&quot;,&quot;image&quot;:&quot;https:\\\/\\\/static.apidae-tourisme.com\\\/filestore\\\/objets-touristiques\\\/images\\\/220\\\/48\\\/10367196-diaporama.jpg&quot;,&quot;image_width&quot;:&quot;350&quot;,&quot;image_height&quot;:&quot;350&quot;,&quot;image_fit&quot;:&quot;cover&quot;}],&quot;center_lat&quot;:&quot;44.834173&quot;,&quot;center_lng&quot;:&quot;6.482529&quot;}<\/div><\/div><\/div><\/div><\/div>\n<div class=\"wp-block-ws-library-ws-title aligncenter\"><h2><em>Mikro-Abenteuer und<\/em> Orte zum Entspannen<\/h2><\/div>\n\n<p class=\"has-text-align-center\">Nehmen Sie sich Zeit, um in der Natur neue Energie zu tanken und entdecken Sie diese perfekten Orte f\u00fcr Ihren n\u00e4chsten ruhigen Lesemoment. Perfekt, um mitten in den Bergen eine Pause einzulegen, durchzuatmen und sich um sich selbst zu k\u00fcmmern. <\/p>\n<div class=\"alignwide wp-block-ws-library-ws-list-childs\"><div class=\"child-pages-list list-items list-2-3-4\"><div class=\"item\" data-season=\"all-seasons\"><div class=\"card card-child\"><div class=\"group-media\"><div class=\"field-image\"><img decoding=\"async\" width=\"400\" height=\"400\" src=\"https:\/\/www.paysdesecrins.com\/wp-content\/uploads\/2026\/03\/dsc09231-400x400.jpg\" class=\"winter wp-post-image\" alt=\"\" loading=\"lazy\" data-season=\"winter\" srcset=\"https:\/\/www.paysdesecrins.com\/wp-content\/uploads\/2026\/03\/dsc09231-400x400.jpg 400w, https:\/\/www.paysdesecrins.com\/wp-content\/uploads\/2026\/03\/dsc09231-150x150.jpg 150w, https:\/\/www.paysdesecrins.com\/wp-content\/uploads\/2026\/03\/dsc09231-600x600.jpg 600w, https:\/\/www.paysdesecrins.com\/wp-content\/uploads\/2026\/03\/dsc09231-300x300.jpg 300w, https:\/\/www.paysdesecrins.com\/wp-content\/uploads\/2026\/03\/dsc09231-570x570.jpg 570w, https:\/\/www.paysdesecrins.com\/wp-content\/uploads\/2026\/03\/dsc09231-480x480.jpg 480w\" sizes=\"auto, (max-width: 400px) 100vw, 400px\" \/><img loading=\"lazy\" decoding=\"async\" width=\"400\" height=\"400\" src=\"https:\/\/www.paysdesecrins.com\/wp-content\/uploads\/2025\/07\/3bien-etre-sylvotherapie-maximelopez-refuge-du-sele-22072023-02-400x400.webp\" class=\"vivaldi-thumb summer\" alt=\"\" data-season=\"summer\" srcset=\"https:\/\/www.paysdesecrins.com\/wp-content\/uploads\/2025\/07\/3bien-etre-sylvotherapie-maximelopez-refuge-du-sele-22072023-02-400x400.webp 400w, https:\/\/www.paysdesecrins.com\/wp-content\/uploads\/2025\/07\/3bien-etre-sylvotherapie-maximelopez-refuge-du-sele-22072023-02-150x150.webp 150w, https:\/\/www.paysdesecrins.com\/wp-content\/uploads\/2025\/07\/3bien-etre-sylvotherapie-maximelopez-refuge-du-sele-22072023-02-600x600.webp 600w, https:\/\/www.paysdesecrins.com\/wp-content\/uploads\/2025\/07\/3bien-etre-sylvotherapie-maximelopez-refuge-du-sele-22072023-02-300x300.webp 300w, https:\/\/www.paysdesecrins.com\/wp-content\/uploads\/2025\/07\/3bien-etre-sylvotherapie-maximelopez-refuge-du-sele-22072023-02-570x570.webp 570w, https:\/\/www.paysdesecrins.com\/wp-content\/uploads\/2025\/07\/3bien-etre-sylvotherapie-maximelopez-refuge-du-sele-22072023-02-scaled-480x480.webp 480w\" sizes=\"auto, (max-width: 400px) 100vw, 400px\" \/><\/div><\/div><div class=\"group-content\"><span class=\"field-title\">Abenteuer, Wohlbefinden und Verj\u00fcngung<\/span><\/div><div class=\"field-link\"><a href=\"https:\/\/www.paysdesecrins.com\/de\/mein-wunsch\/44574-2\/abenteuer-wohlbefinden-und-verjuengung\/\" class=\"cardlink\">Voir plus<\/a><\/div><\/div><\/div><div class=\"item\" data-season=\"all-seasons\"><div class=\"card card-child\"><div class=\"group-media\"><div class=\"field-image\"><img decoding=\"async\" width=\"400\" height=\"400\" src=\"https:\/\/www.paysdesecrins.com\/wp-content\/uploads\/2025\/07\/1669899632-1734387878-400x400.jpg\" class=\"winter all-seasons wp-post-image\" alt=\"\" loading=\"lazy\" data-season=\"all-seasons\" srcset=\"https:\/\/www.paysdesecrins.com\/wp-content\/uploads\/2025\/07\/1669899632-1734387878-400x400.jpg 400w, https:\/\/www.paysdesecrins.com\/wp-content\/uploads\/2025\/07\/1669899632-1734387878-150x150.jpg 150w, https:\/\/www.paysdesecrins.com\/wp-content\/uploads\/2025\/07\/1669899632-1734387878-600x600.jpg 600w, https:\/\/www.paysdesecrins.com\/wp-content\/uploads\/2025\/07\/1669899632-1734387878-300x300.jpg 300w, https:\/\/www.paysdesecrins.com\/wp-content\/uploads\/2025\/07\/1669899632-1734387878-570x570.jpg 570w\" sizes=\"auto, (max-width: 400px) 100vw, 400px\" \/><\/div><\/div><div class=\"group-content\"><span class=\"field-title\">Wohlbefinden und Entspannung in La Roche-de-Rame<\/span><\/div><div class=\"field-link\"><a href=\"https:\/\/www.paysdesecrins.com\/de\/mein-wunsch\/44574-2\/wohlbefinden-und-entspannung-in-la-roche-de-rame\/\" class=\"cardlink\">Voir plus<\/a><\/div><\/div><\/div><div class=\"item\" data-season=\"all-seasons\"><div class=\"card card-child\"><div class=\"group-media\"><div class=\"field-image\"><img decoding=\"async\" width=\"400\" height=\"400\" src=\"https:\/\/www.paysdesecrins.com\/wp-content\/uploads\/2025\/07\/20180729-rvr01773-1-400x400.jpg\" class=\"winter all-seasons wp-post-image\" alt=\"\" loading=\"lazy\" data-season=\"all-seasons\" srcset=\"https:\/\/www.paysdesecrins.com\/wp-content\/uploads\/2025\/07\/20180729-rvr01773-1-400x400.jpg 400w, https:\/\/www.paysdesecrins.com\/wp-content\/uploads\/2025\/07\/20180729-rvr01773-1-150x150.jpg 150w, https:\/\/www.paysdesecrins.com\/wp-content\/uploads\/2025\/07\/20180729-rvr01773-1-600x600.jpg 600w, https:\/\/www.paysdesecrins.com\/wp-content\/uploads\/2025\/07\/20180729-rvr01773-1-300x300.jpg 300w, https:\/\/www.paysdesecrins.com\/wp-content\/uploads\/2025\/07\/20180729-rvr01773-1-570x570.jpg 570w\" sizes=\"auto, (max-width: 400px) 100vw, 400px\" \/><\/div><\/div><div class=\"group-content\"><span class=\"field-title\">Das nat\u00fcrliche Schwimmbad von Ailefroide<\/span><\/div><div class=\"field-link\"><a href=\"https:\/\/www.paysdesecrins.com\/de\/mein-wunsch\/44574-2\/das-natuerliche-schwimmbad-von-ailefroide\/\" class=\"cardlink\">Voir plus<\/a><\/div><\/div><\/div><div class=\"item\" data-season=\"all-seasons\"><div class=\"card card-child\"><div class=\"group-media\"><div class=\"field-image\"><img decoding=\"async\" width=\"400\" height=\"400\" src=\"https:\/\/www.paysdesecrins.com\/wp-content\/uploads\/2025\/07\/le-long-de-l-onde-au-printemps-400x400.jpg\" class=\"winter all-seasons wp-post-image\" alt=\"\" loading=\"lazy\" data-season=\"all-seasons\" srcset=\"https:\/\/www.paysdesecrins.com\/wp-content\/uploads\/2025\/07\/le-long-de-l-onde-au-printemps-400x400.jpg 400w, https:\/\/www.paysdesecrins.com\/wp-content\/uploads\/2025\/07\/le-long-de-l-onde-au-printemps-150x150.jpg 150w, https:\/\/www.paysdesecrins.com\/wp-content\/uploads\/2025\/07\/le-long-de-l-onde-au-printemps-600x600.jpg 600w, https:\/\/www.paysdesecrins.com\/wp-content\/uploads\/2025\/07\/le-long-de-l-onde-au-printemps-300x300.jpg 300w, https:\/\/www.paysdesecrins.com\/wp-content\/uploads\/2025\/07\/le-long-de-l-onde-au-printemps-570x570.jpg 570w\" sizes=\"auto, (max-width: 400px) 100vw, 400px\" \/><\/div><\/div><div class=\"group-content\"><span class=\"field-title\">Das Onde-Tal und sein Fluss<\/span><\/div><div class=\"field-link\"><a href=\"https:\/\/www.paysdesecrins.com\/de\/mein-wunsch\/44574-2\/das-onde-tal-und-sein-fluss\/\" class=\"cardlink\">Voir plus<\/a><\/div><\/div><\/div><div class=\"item\" data-season=\"all-seasons\"><div class=\"card card-child\"><div class=\"group-media\"><div class=\"field-image\"><img decoding=\"async\" width=\"400\" height=\"400\" src=\"https:\/\/www.paysdesecrins.com\/wp-content\/uploads\/2025\/07\/capture-decran-2025-07-25-a-153937-400x400.png\" class=\"winter all-seasons wp-post-image\" alt=\"\" loading=\"lazy\" data-season=\"all-seasons\" srcset=\"https:\/\/www.paysdesecrins.com\/wp-content\/uploads\/2025\/07\/capture-decran-2025-07-25-a-153937-400x400.png 400w, https:\/\/www.paysdesecrins.com\/wp-content\/uploads\/2025\/07\/capture-decran-2025-07-25-a-153937-150x150.png 150w, https:\/\/www.paysdesecrins.com\/wp-content\/uploads\/2025\/07\/capture-decran-2025-07-25-a-153937-600x600.png 600w, https:\/\/www.paysdesecrins.com\/wp-content\/uploads\/2025\/07\/capture-decran-2025-07-25-a-153937-300x300.png 300w, https:\/\/www.paysdesecrins.com\/wp-content\/uploads\/2025\/07\/capture-decran-2025-07-25-a-153937-570x570.png 570w\" sizes=\"auto, (max-width: 400px) 100vw, 400px\" \/><\/div><\/div><div class=\"group-content\"><span class=\"field-title\">La Biaysse in Freissini\u00e8res<\/span><\/div><div class=\"field-link\"><a href=\"https:\/\/www.paysdesecrins.com\/de\/mein-wunsch\/44574-2\/la-biaysse-in-freissinieres\/\" class=\"cardlink\">Voir plus<\/a><\/div><\/div><\/div><div class=\"item\" data-season=\"all-seasons\"><div class=\"card card-child\"><div class=\"group-media\"><div class=\"field-image\"><img decoding=\"async\" width=\"400\" height=\"400\" src=\"https:\/\/www.paysdesecrins.com\/wp-content\/uploads\/2025\/08\/11613198-400x400.jpg\" class=\"winter all-seasons wp-post-image\" alt=\"\" loading=\"lazy\" data-season=\"all-seasons\" srcset=\"https:\/\/www.paysdesecrins.com\/wp-content\/uploads\/2025\/08\/11613198-400x400.jpg 400w, https:\/\/www.paysdesecrins.com\/wp-content\/uploads\/2025\/08\/11613198-150x150.jpg 150w, https:\/\/www.paysdesecrins.com\/wp-content\/uploads\/2025\/08\/11613198-600x600.jpg 600w, https:\/\/www.paysdesecrins.com\/wp-content\/uploads\/2025\/08\/11613198-300x300.jpg 300w, https:\/\/www.paysdesecrins.com\/wp-content\/uploads\/2025\/08\/11613198-570x570.jpg 570w\" sizes=\"auto, (max-width: 400px) 100vw, 400px\" \/><\/div><\/div><div class=\"group-content\"><span class=\"field-title\">Der See von Argenti\u00e8re-La-Bess\u00e9e<\/span><\/div><div class=\"field-link\"><a href=\"https:\/\/www.paysdesecrins.com\/de\/mein-wunsch\/44574-2\/der-see-von-argentiere-la-bessee\/\" class=\"cardlink\">Voir plus<\/a><\/div><\/div><\/div><div class=\"item\" data-season=\"all-seasons\"><div class=\"card card-child\"><div class=\"group-media\"><div class=\"field-image\"><img decoding=\"async\" width=\"400\" height=\"400\" src=\"https:\/\/www.paysdesecrins.com\/wp-content\/uploads\/2025\/07\/1608201002-1942498188-400x400.jpg\" class=\"winter wp-post-image\" alt=\"\" loading=\"lazy\" data-season=\"winter\" srcset=\"https:\/\/www.paysdesecrins.com\/wp-content\/uploads\/2025\/07\/1608201002-1942498188-400x400.jpg 400w, https:\/\/www.paysdesecrins.com\/wp-content\/uploads\/2025\/07\/1608201002-1942498188-150x150.jpg 150w, https:\/\/www.paysdesecrins.com\/wp-content\/uploads\/2025\/07\/1608201002-1942498188-600x600.jpg 600w, https:\/\/www.paysdesecrins.com\/wp-content\/uploads\/2025\/07\/1608201002-1942498188-300x300.jpg 300w, https:\/\/www.paysdesecrins.com\/wp-content\/uploads\/2025\/07\/1608201002-1942498188-570x570.jpg 570w\" sizes=\"auto, (max-width: 400px) 100vw, 400px\" \/><img loading=\"lazy\" decoding=\"async\" width=\"400\" height=\"400\" src=\"https:\/\/www.paysdesecrins.com\/wp-content\/uploads\/2025\/07\/dsc08970-400x400.jpg\" class=\"vivaldi-thumb summer\" alt=\"\" data-season=\"summer\" srcset=\"https:\/\/www.paysdesecrins.com\/wp-content\/uploads\/2025\/07\/dsc08970-400x400.jpg 400w, https:\/\/www.paysdesecrins.com\/wp-content\/uploads\/2025\/07\/dsc08970-150x150.jpg 150w, https:\/\/www.paysdesecrins.com\/wp-content\/uploads\/2025\/07\/dsc08970-600x600.jpg 600w, https:\/\/www.paysdesecrins.com\/wp-content\/uploads\/2025\/07\/dsc08970-300x300.jpg 300w, https:\/\/www.paysdesecrins.com\/wp-content\/uploads\/2025\/07\/dsc08970-570x570.jpg 570w, https:\/\/www.paysdesecrins.com\/wp-content\/uploads\/2025\/07\/dsc08970-scaled-480x480.jpg 480w\" sizes=\"auto, (max-width: 400px) 100vw, 400px\" \/><\/div><\/div><div class=\"group-content\"><span class=\"field-title\">Roche-de-Rame-See<\/span><\/div><div class=\"field-link\"><a href=\"https:\/\/www.paysdesecrins.com\/de\/mein-wunsch\/44574-2\/roche-de-rame-see\/\" class=\"cardlink\">Voir plus<\/a><\/div><\/div><\/div><div class=\"item\" data-season=\"all-seasons\"><div class=\"card card-child\"><div class=\"group-media\"><div class=\"field-image\"><img decoding=\"async\" width=\"400\" height=\"400\" src=\"https:\/\/www.paysdesecrins.com\/wp-content\/uploads\/2025\/08\/yoga-400x400.jpg\" class=\"winter all-seasons wp-post-image\" alt=\"\" loading=\"lazy\" data-season=\"all-seasons\" srcset=\"https:\/\/www.paysdesecrins.com\/wp-content\/uploads\/2025\/08\/yoga-400x400.jpg 400w, https:\/\/www.paysdesecrins.com\/wp-content\/uploads\/2025\/08\/yoga-150x150.jpg 150w, https:\/\/www.paysdesecrins.com\/wp-content\/uploads\/2025\/08\/yoga-600x600.jpg 600w, https:\/\/www.paysdesecrins.com\/wp-content\/uploads\/2025\/08\/yoga-300x300.jpg 300w, https:\/\/www.paysdesecrins.com\/wp-content\/uploads\/2025\/08\/yoga-570x570.jpg 570w\" sizes=\"auto, (max-width: 400px) 100vw, 400px\" \/><\/div><\/div><div class=\"group-content\"><span class=\"field-title\">Wohlbefinden in Mikroklammern<\/span><\/div><div class=\"field-link\"><a href=\"https:\/\/www.paysdesecrins.com\/de\/mein-wunsch\/44574-2\/wohlbefinden-in-mikroklammern\/\" class=\"cardlink\">Voir plus<\/a><\/div><\/div><\/div><\/div><\/div>\n<div class=\"wp-block-ws-library-ws-slider alignfull\"><div class=\"splide\" data-splide=\"{\"type\":\"slide\",\"heightRatio\":\"auto\",\"perPage\":4,\"perMove\":1,\"drag\":true,\"pagination\":0,\"autoplay\":false,\"gap\":\"15px\",\"breakpoints\":{\"450\":{\"perPage\":1},\"768\":{\"perPage\":2},\"992\":{\"perPage\":3},\"1200\":{\"perPage\":4}}}\"><div class=\"splide__track\"><div class=\"splide__list\"><div class=\"splide__slide\"><a href=\"https:\/\/www.paysdesecrins.com\/wp-content\/uploads\/2025\/07\/img-6208-scaled.jpg\" data-glightbox=\"true\" class=\"lightbox-trigger\"><img decoding=\"async\" src=\"https:\/\/www.paysdesecrins.com\/wp-content\/uploads\/2025\/07\/img-6208-400x400.jpg\" alt=\"\"><\/a><\/div><div class=\"splide__slide\"><a href=\"https:\/\/www.paysdesecrins.com\/wp-content\/uploads\/2025\/07\/ailefroide-ailechaude-104-1-scaled.jpg\" data-glightbox=\"true\" class=\"lightbox-trigger\"><img decoding=\"async\" src=\"https:\/\/www.paysdesecrins.com\/wp-content\/uploads\/2025\/07\/ailefroide-ailechaude-104-1-400x400.jpg\" alt=\"\"><\/a><\/div><div class=\"splide__slide\"><a href=\"https:\/\/www.paysdesecrins.com\/wp-content\/uploads\/2025\/07\/img-5904-scaled.jpg\" data-glightbox=\"true\" class=\"lightbox-trigger\"><img decoding=\"async\" src=\"https:\/\/www.paysdesecrins.com\/wp-content\/uploads\/2025\/07\/img-5904-400x400.jpg\" alt=\"\"><\/a><\/div><div class=\"splide__slide\"><a href=\"https:\/\/www.paysdesecrins.com\/wp-content\/uploads\/2025\/07\/img-0066-scaled.jpg\" data-glightbox=\"true\" class=\"lightbox-trigger\"><img decoding=\"async\" src=\"https:\/\/www.paysdesecrins.com\/wp-content\/uploads\/2025\/07\/img-0066-400x400.jpg\" alt=\"\"><\/a><\/div><div class=\"splide__slide\"><a href=\"https:\/\/www.paysdesecrins.com\/wp-content\/uploads\/2025\/07\/08-29-24-la-parenthese-en-ecrins-65-scaled.jpg\" data-glightbox=\"true\" class=\"lightbox-trigger\"><img decoding=\"async\" src=\"https:\/\/www.paysdesecrins.com\/wp-content\/uploads\/2025\/07\/08-29-24-la-parenthese-en-ecrins-65-400x400.jpg\" alt=\"\"><\/a><\/div><div class=\"splide__slide\"><a href=\"https:\/\/www.paysdesecrins.com\/wp-content\/uploads\/2025\/07\/img-5939-scaled.jpg\" data-glightbox=\"true\" class=\"lightbox-trigger\"><img decoding=\"async\" src=\"https:\/\/www.paysdesecrins.com\/wp-content\/uploads\/2025\/07\/img-5939-400x400.jpg\" alt=\"\"><\/a><\/div><\/div><\/div><\/div><\/div>\n","protected":false},"excerpt":{"rendered":"<p>Hier machen wir langsamer. Egal, ob Sie zur Ruhe kommen, durchatmen, sich neu konzentrieren oder einfach nur eine echte Pause [&hellip;]<\/p>\n","protected":false},"author":1,"featured_media":71854,"parent":44582,"menu_order":0,"comment_status":"closed","ping_status":"closed","template":"","meta":{"_thumbnail_id_2":0,"summer_excerpt":"","season":"","station":"","footnotes":""},"class_list":["post-44574","page","type-page","status-publish","has-post-thumbnail","hentry"],"yoast_head":"<!-- This site is optimized with the Yoast SEO plugin v27.3 - https:\/\/yoast.com\/product\/yoast-seo-wordpress\/ -->\n<title>Mein Wunsch nach Entspannung - Pays des \u00c9crins - Office de Tourisme<\/title>\n<meta name=\"robots\" content=\"index, follow, max-snippet:-1, max-image-preview:large, max-video-preview:-1\" \/>\n<link rel=\"canonical\" href=\"https:\/\/www.paysdesecrins.com\/de\/mein-wunsch\/44574-2\/\" \/>\n<meta property=\"og:locale\" content=\"de_DE\" \/>\n<meta property=\"og:type\" content=\"article\" \/>\n<meta property=\"og:title\" content=\"Mein Wunsch nach Entspannung - Pays des \u00c9crins - Office de Tourisme\" \/>\n<meta property=\"og:description\" content=\"Hier machen wir langsamer. Egal, ob Sie zur Ruhe kommen, durchatmen, sich neu konzentrieren oder einfach nur eine echte Pause [&hellip;]\" \/>\n<meta property=\"og:url\" content=\"https:\/\/www.paysdesecrins.com\/de\/mein-wunsch\/44574-2\/\" \/>\n<meta property=\"og:site_name\" content=\"Pays des \u00c9crins - Office de Tourisme\" \/>\n<meta property=\"article:modified_time\" content=\"2025-08-11T12:17:13+00:00\" \/>\n<meta property=\"og:image\" content=\"https:\/\/www.paysdesecrins.com\/wp-content\/uploads\/2025\/08\/07-15-24-yoga-52-scaled.jpg\" \/>\n\t<meta property=\"og:image:width\" content=\"2560\" \/>\n\t<meta property=\"og:image:height\" content=\"1707\" \/>\n\t<meta property=\"og:image:type\" content=\"image\/jpeg\" \/>\n<meta name=\"twitter:card\" content=\"summary_large_image\" \/>\n<meta name=\"twitter:label1\" content=\"Gesch\u00e4tzte Lesezeit\" \/>\n\t<meta name=\"twitter:data1\" content=\"6 Minuten\" \/>\n<script type=\"application\/ld+json\" class=\"yoast-schema-graph\">{\"@context\":\"https:\\\/\\\/schema.org\",\"@graph\":[{\"@type\":\"WebPage\",\"@id\":\"https:\\\/\\\/www.paysdesecrins.com\\\/de\\\/mein-wunsch\\\/44574-2\\\/\",\"url\":\"https:\\\/\\\/www.paysdesecrins.com\\\/de\\\/mein-wunsch\\\/44574-2\\\/\",\"name\":\"Mein Wunsch nach Entspannung - Pays des \u00c9crins - Office de Tourisme\",\"isPartOf\":{\"@id\":\"https:\\\/\\\/www.paysdesecrins.com\\\/de\\\/#website\"},\"primaryImageOfPage\":{\"@id\":\"https:\\\/\\\/www.paysdesecrins.com\\\/de\\\/mein-wunsch\\\/44574-2\\\/#primaryimage\"},\"image\":{\"@id\":\"https:\\\/\\\/www.paysdesecrins.com\\\/de\\\/mein-wunsch\\\/44574-2\\\/#primaryimage\"},\"thumbnailUrl\":\"https:\\\/\\\/www.paysdesecrins.com\\\/wp-content\\\/uploads\\\/2025\\\/08\\\/07-15-24-yoga-52-scaled.jpg\",\"datePublished\":\"2025-06-25T13:44:50+00:00\",\"dateModified\":\"2025-08-11T12:17:13+00:00\",\"breadcrumb\":{\"@id\":\"https:\\\/\\\/www.paysdesecrins.com\\\/de\\\/mein-wunsch\\\/44574-2\\\/#breadcrumb\"},\"inLanguage\":\"de\",\"potentialAction\":[{\"@type\":\"ReadAction\",\"target\":[\"https:\\\/\\\/www.paysdesecrins.com\\\/de\\\/mein-wunsch\\\/44574-2\\\/\"]}]},{\"@type\":\"ImageObject\",\"inLanguage\":\"de\",\"@id\":\"https:\\\/\\\/www.paysdesecrins.com\\\/de\\\/mein-wunsch\\\/44574-2\\\/#primaryimage\",\"url\":\"https:\\\/\\\/www.paysdesecrins.com\\\/wp-content\\\/uploads\\\/2025\\\/08\\\/07-15-24-yoga-52-scaled.jpg\",\"contentUrl\":\"https:\\\/\\\/www.paysdesecrins.com\\\/wp-content\\\/uploads\\\/2025\\\/08\\\/07-15-24-yoga-52-scaled.jpg\",\"width\":2560,\"height\":1707},{\"@type\":\"BreadcrumbList\",\"@id\":\"https:\\\/\\\/www.paysdesecrins.com\\\/de\\\/mein-wunsch\\\/44574-2\\\/#breadcrumb\",\"itemListElement\":[{\"@type\":\"ListItem\",\"position\":1,\"name\":\"Accueil\",\"item\":\"https:\\\/\\\/www.paysdesecrins.com\\\/de\\\/der-titel-des-hauses\\\/\"},{\"@type\":\"ListItem\",\"position\":2,\"name\":\"Mein Wunsch,\",\"item\":\"https:\\\/\\\/www.paysdesecrins.com\\\/de\\\/mein-wunsch\\\/\"},{\"@type\":\"ListItem\",\"position\":3,\"name\":\"Mein Wunsch nach Entspannung\"}]},{\"@type\":\"WebSite\",\"@id\":\"https:\\\/\\\/www.paysdesecrins.com\\\/de\\\/#website\",\"url\":\"https:\\\/\\\/www.paysdesecrins.com\\\/de\\\/\",\"name\":\"Pays des \u00c9crins - Office de Tourisme\",\"description\":\"L&#039;esprit montagne\",\"publisher\":{\"@id\":\"https:\\\/\\\/www.paysdesecrins.com\\\/de\\\/#organization\"},\"potentialAction\":[{\"@type\":\"SearchAction\",\"target\":{\"@type\":\"EntryPoint\",\"urlTemplate\":\"https:\\\/\\\/www.paysdesecrins.com\\\/de\\\/?s={search_term_string}\"},\"query-input\":{\"@type\":\"PropertyValueSpecification\",\"valueRequired\":true,\"valueName\":\"search_term_string\"}}],\"inLanguage\":\"de\"},{\"@type\":\"Organization\",\"@id\":\"https:\\\/\\\/www.paysdesecrins.com\\\/de\\\/#organization\",\"name\":\"Pays des \u00c9crins - Office de Tourisme\",\"url\":\"https:\\\/\\\/www.paysdesecrins.com\\\/de\\\/\",\"logo\":{\"@type\":\"ImageObject\",\"inLanguage\":\"de\",\"@id\":\"https:\\\/\\\/www.paysdesecrins.com\\\/de\\\/#\\\/schema\\\/logo\\\/image\\\/\",\"url\":\"https:\\\/\\\/www.paysdesecrins.com\\\/wp-content\\\/uploads\\\/2025\\\/06\\\/devina-svg-1750845694.svg\",\"contentUrl\":\"https:\\\/\\\/www.paysdesecrins.com\\\/wp-content\\\/uploads\\\/2025\\\/06\\\/devina-svg-1750845694.svg\",\"caption\":\"Pays des \u00c9crins - Office de Tourisme\"},\"image\":{\"@id\":\"https:\\\/\\\/www.paysdesecrins.com\\\/de\\\/#\\\/schema\\\/logo\\\/image\\\/\"}}]}<\/script>\n<!-- \/ Yoast SEO plugin. -->","yoast_head_json":{"title":"Mein Wunsch nach Entspannung - Pays des \u00c9crins - Office de Tourisme","robots":{"index":"index","follow":"follow","max-snippet":"max-snippet:-1","max-image-preview":"max-image-preview:large","max-video-preview":"max-video-preview:-1"},"canonical":"https:\/\/www.paysdesecrins.com\/de\/mein-wunsch\/44574-2\/","og_locale":"de_DE","og_type":"article","og_title":"Mein Wunsch nach Entspannung - Pays des \u00c9crins - Office de Tourisme","og_description":"Hier machen wir langsamer. Egal, ob Sie zur Ruhe kommen, durchatmen, sich neu konzentrieren oder einfach nur eine echte Pause [&hellip;]","og_url":"https:\/\/www.paysdesecrins.com\/de\/mein-wunsch\/44574-2\/","og_site_name":"Pays des \u00c9crins - Office de Tourisme","article_modified_time":"2025-08-11T12:17:13+00:00","og_image":[{"width":2560,"height":1707,"url":"https:\/\/www.paysdesecrins.com\/wp-content\/uploads\/2025\/08\/07-15-24-yoga-52-scaled.jpg","type":"image\/jpeg"}],"twitter_card":"summary_large_image","twitter_misc":{"Gesch\u00e4tzte Lesezeit":"6 Minuten"},"schema":{"@context":"https:\/\/schema.org","@graph":[{"@type":"WebPage","@id":"https:\/\/www.paysdesecrins.com\/de\/mein-wunsch\/44574-2\/","url":"https:\/\/www.paysdesecrins.com\/de\/mein-wunsch\/44574-2\/","name":"Mein Wunsch nach Entspannung - Pays des \u00c9crins - Office de Tourisme","isPartOf":{"@id":"https:\/\/www.paysdesecrins.com\/de\/#website"},"primaryImageOfPage":{"@id":"https:\/\/www.paysdesecrins.com\/de\/mein-wunsch\/44574-2\/#primaryimage"},"image":{"@id":"https:\/\/www.paysdesecrins.com\/de\/mein-wunsch\/44574-2\/#primaryimage"},"thumbnailUrl":"https:\/\/www.paysdesecrins.com\/wp-content\/uploads\/2025\/08\/07-15-24-yoga-52-scaled.jpg","datePublished":"2025-06-25T13:44:50+00:00","dateModified":"2025-08-11T12:17:13+00:00","breadcrumb":{"@id":"https:\/\/www.paysdesecrins.com\/de\/mein-wunsch\/44574-2\/#breadcrumb"},"inLanguage":"de","potentialAction":[{"@type":"ReadAction","target":["https:\/\/www.paysdesecrins.com\/de\/mein-wunsch\/44574-2\/"]}]},{"@type":"ImageObject","inLanguage":"de","@id":"https:\/\/www.paysdesecrins.com\/de\/mein-wunsch\/44574-2\/#primaryimage","url":"https:\/\/www.paysdesecrins.com\/wp-content\/uploads\/2025\/08\/07-15-24-yoga-52-scaled.jpg","contentUrl":"https:\/\/www.paysdesecrins.com\/wp-content\/uploads\/2025\/08\/07-15-24-yoga-52-scaled.jpg","width":2560,"height":1707},{"@type":"BreadcrumbList","@id":"https:\/\/www.paysdesecrins.com\/de\/mein-wunsch\/44574-2\/#breadcrumb","itemListElement":[{"@type":"ListItem","position":1,"name":"Accueil","item":"https:\/\/www.paysdesecrins.com\/de\/der-titel-des-hauses\/"},{"@type":"ListItem","position":2,"name":"Mein Wunsch,","item":"https:\/\/www.paysdesecrins.com\/de\/mein-wunsch\/"},{"@type":"ListItem","position":3,"name":"Mein Wunsch nach Entspannung"}]},{"@type":"WebSite","@id":"https:\/\/www.paysdesecrins.com\/de\/#website","url":"https:\/\/www.paysdesecrins.com\/de\/","name":"Pays des \u00c9crins - Office de Tourisme","description":"L&#039;esprit montagne","publisher":{"@id":"https:\/\/www.paysdesecrins.com\/de\/#organization"},"potentialAction":[{"@type":"SearchAction","target":{"@type":"EntryPoint","urlTemplate":"https:\/\/www.paysdesecrins.com\/de\/?s={search_term_string}"},"query-input":{"@type":"PropertyValueSpecification","valueRequired":true,"valueName":"search_term_string"}}],"inLanguage":"de"},{"@type":"Organization","@id":"https:\/\/www.paysdesecrins.com\/de\/#organization","name":"Pays des \u00c9crins - Office de Tourisme","url":"https:\/\/www.paysdesecrins.com\/de\/","logo":{"@type":"ImageObject","inLanguage":"de","@id":"https:\/\/www.paysdesecrins.com\/de\/#\/schema\/logo\/image\/","url":"https:\/\/www.paysdesecrins.com\/wp-content\/uploads\/2025\/06\/devina-svg-1750845694.svg","contentUrl":"https:\/\/www.paysdesecrins.com\/wp-content\/uploads\/2025\/06\/devina-svg-1750845694.svg","caption":"Pays des \u00c9crins - Office de Tourisme"},"image":{"@id":"https:\/\/www.paysdesecrins.com\/de\/#\/schema\/logo\/image\/"}}]}},"_links":{"self":[{"href":"https:\/\/www.paysdesecrins.com\/de\/wp-json\/wp\/v2\/pages\/44574","targetHints":{"allow":["GET"]}}],"collection":[{"href":"https:\/\/www.paysdesecrins.com\/de\/wp-json\/wp\/v2\/pages"}],"about":[{"href":"https:\/\/www.paysdesecrins.com\/de\/wp-json\/wp\/v2\/types\/page"}],"author":[{"embeddable":true,"href":"https:\/\/www.paysdesecrins.com\/de\/wp-json\/wp\/v2\/users\/1"}],"replies":[{"embeddable":true,"href":"https:\/\/www.paysdesecrins.com\/de\/wp-json\/wp\/v2\/comments?post=44574"}],"version-history":[{"count":0,"href":"https:\/\/www.paysdesecrins.com\/de\/wp-json\/wp\/v2\/pages\/44574\/revisions"}],"up":[{"embeddable":true,"href":"https:\/\/www.paysdesecrins.com\/de\/wp-json\/wp\/v2\/pages\/44582"}],"wp:featuredmedia":[{"embeddable":true,"href":"https:\/\/www.paysdesecrins.com\/de\/wp-json\/wp\/v2\/media\/71854"}],"wp:attachment":[{"href":"https:\/\/www.paysdesecrins.com\/de\/wp-json\/wp\/v2\/media?parent=44574"}],"curies":[{"name":"wp","href":"https:\/\/api.w.org\/{rel}","templated":true}]}}