{"id":45047,"date":"2025-06-25T15:44:54","date_gmt":"2025-06-25T13:44:54","guid":{"rendered":"https:\/\/www.paysdesecrins.com\/mein-resort-mein-dorf\/largentiere-la-bessee\/"},"modified":"2025-08-13T18:09:53","modified_gmt":"2025-08-13T16:09:53","slug":"largentiere-la-bessee","status":"publish","type":"page","link":"https:\/\/www.paysdesecrins.com\/de\/mein-resort-mein-dorf\/largentiere-la-bessee\/","title":{"rendered":"L&#8217;Argenti\u00e8re-la-Bess\u00e9e"},"content":{"rendered":"    <div class=\"alignfull wp-block-ws-library-ws-header-interne\" data-season=\"summer\">\n\t    <div class=\"header-container\">\n\t        <div class=\"group-media has-image\">\n\t            \t                <img loading=\"lazy\" decoding=\"async\" width=\"1920\" height=\"800\" src=\"https:\/\/www.paysdesecrins.com\/wp-content\/uploads\/2025\/07\/191villagesargentiere-la-bessee-46-1-2-1920x800.jpg\" alt=\"\" class=\"image_large_square wp-image-21922\" \/>\n\t            \t        <\/div>\n\t        <div class=\"group-content\">\n\t            <div class=\"title\">\n\t                <h1>\n\t                    L&#039;Argenti\u00e8re-la-Bess\u00e9e\t                    \t                <\/h1>\n\t            <\/div>\n\t        <\/div>\n\t    <\/div>\n\t    \n<div class=\"yoast-breadcrumbs\"><span><span><a href=\"https:\/\/www.paysdesecrins.com\/de\/der-titel-des-hauses\/\">Accueil<\/a><\/span>  <span><a href=\"https:\/\/www.paysdesecrins.com\/de\/ma-station-mon-village\/\">Mein Resort, mein Dorf<\/a><\/span>  <span class=\"breadcrumb_last\" aria-current=\"page\">L&rsquo;Argenti\u00e8re-la-Bess\u00e9e<\/span><\/span><\/div>\n    <\/div>\n        <div class=\"alignfull wp-block-ws-library-ws-header-interne\" data-season=\"winter\">\n\t    <div class=\"header-container\">\n\t        <div class=\"group-media has-image\">\n\t            \t                <img loading=\"lazy\" decoding=\"async\" width=\"1920\" height=\"800\" src=\"https:\/\/www.paysdesecrins.com\/wp-content\/uploads\/2025\/07\/dsc07470-scaled-1920x800.jpg\" alt=\"\" class=\"image_large_square wp-image-49085\" \/>\n\t            \t        <\/div>\n\t        <div class=\"group-content\">\n\t            <div class=\"title\">\n\t                <h1>\n\t                    L&#039;Argenti\u00e8re-la-Bess\u00e9e\t                    \t                <\/h1>\n\t            <\/div>\n\t        <\/div>\n\t    <\/div>\n\t    \n<div class=\"yoast-breadcrumbs\"><span><span><a href=\"https:\/\/www.paysdesecrins.com\/de\/der-titel-des-hauses\/\">Accueil<\/a><\/span>  <span><a href=\"https:\/\/www.paysdesecrins.com\/de\/ma-station-mon-village\/\">Mein Resort, mein Dorf<\/a><\/span>  <span class=\"breadcrumb_last\" aria-current=\"page\">L&rsquo;Argenti\u00e8re-la-Bess\u00e9e<\/span><\/span><\/div>\n    <\/div>\n    \n<div class=\"wp-block-ws-library-ws-title aligncenter is-style-simple\"><h2><em>L&#8217;Argenti\u00e8re-la-Bess\u00e9e<\/em> Das Tor zum Pays des \u00c9crins<\/h2><\/div>\n\n<p class=\"has-text-align-center\"><em>Auf einer H\u00f6he von 1.000 m am Zusammenfluss der Fl\u00fcsse Durance, Vallouise und Fournel gelegen, ist L&#8217;Argenti\u00e8re-La-Bess\u00e9e der ideale Ausgangspunkt, um das Pays des \u00c9crins zu erkunden. Nur wenige Zugstunden von Marseille entfernt, markiert der kleine Bahnhof &#8222;L&#8217;Argenti\u00e8re-Les \u00c9crins&#8220; den unmittelbaren Beginn Ihres Abenteuers. Sobald Sie einen Fu\u00df auf die Plattform setzen, Ihre Turnschuhe anziehen oder Ihr Paddel greifen: Hier folgen die Aktivit\u00e4ten ganz nat\u00fcrlich aufeinander.  <\/em><\/p>\n\n<div class=\"wp-block-ws-library-ws-button has-text-align-center is-style-outline\"><a href=\"https:\/\/www.paysdesecrins.com\/de\/ich-waehle\/anfahrt-und-shuttles\/\" class=\"wp-block-button__link wp-element-button btn\">  Anfahrt und Shuttles<\/a><\/div>\n\n<div class=\"wp-block-ws-library-ws-title aligncenter\" data-season=\"summer\"><h2><em>Ein <\/em>reiches und authentisches Erbe<\/h2><\/div>\n\n<div class=\"wp-block-ws-library-ws-title aligncenter\" data-season=\"winter\"><h2><em>Abenteuer und Erbe <\/em>, die Reicht\u00fcmer des Territoriums<\/h2><\/div>\n<div class=\"alignwide wp-block-ws-library-ws-list-content\" data-season=\"summer\"><div class=\"list-items splide\" data-splide=\"{&quot;type&quot;:&quot;loop&quot;,&quot;heightRatio&quot;:&quot;auto&quot;,&quot;perPage&quot;:3,&quot;perMove&quot;:1,&quot;drag&quot;:true,&quot;arrows&quot;:true,&quot;pagination&quot;:0,&quot;autoplay&quot;:false,&quot;gap&quot;:&quot;15px&quot;,&quot;breakpoints&quot;:{&quot;1200&quot;:{&quot;perPage&quot;:3},&quot;992&quot;:{&quot;perPage&quot;:2},&quot;768&quot;:{&quot;destroy&quot;:true}}}\"><div class=\"splide__track\"><div class=\"splide__list\"><div class=\"splide__slide\"><div class=\"item\" data-season=\"\"><div class=\"card  card-page\"><div class=\"group-media\"><div class=\"field-image\"><img loading=\"lazy\" decoding=\"async\" width=\"300\" height=\"450\" src=\"https:\/\/www.paysdesecrins.com\/wp-content\/uploads\/2025\/07\/1674825818-1937761558-300x450.jpg\" class=\"winter all-seasons wp-post-image\" alt=\"\" data-season=\"all-seasons\" srcset=\"https:\/\/www.paysdesecrins.com\/wp-content\/uploads\/2025\/07\/1674825818-1937761558-300x450.jpg 300w, https:\/\/www.paysdesecrins.com\/wp-content\/uploads\/2025\/07\/1674825818-1937761558-390x585.jpg 390w\" sizes=\"auto, (max-width: 300px) 100vw, 300px\" \/><\/div><\/div><div class=\"group-content\"><div class=\"field-title\">Die Fournel-Silbermine <strong>des Pays des \u00c9crins<\/strong><\/div><\/div><div class=\"field-link\" role=\"group\" aria-label=\"Lien vers le contenu\"><a href=\"https:\/\/www.paysdesecrins.com\/de\/mein-wunsch\/entdeckung\/die-silbermine-von-fournel-im-pays-des-ecrins\/\" class=\"cardlink\" title=\"Lire plus : Die Fournel-Silbermine des Pays des \u00c9crins\" lang=\"de_DE\">Die Fournel-Silbermine des Pays des \u00c9crins<\/a><\/div><\/div><\/div><\/div><div class=\"splide__slide\"><div class=\"item\" data-season=\"\"><div class=\"card  card-page\"><div class=\"group-media\"><div class=\"field-image\"><img loading=\"lazy\" decoding=\"async\" width=\"300\" height=\"450\" src=\"https:\/\/www.paysdesecrins.com\/wp-content\/uploads\/2025\/07\/161chardonsbleus-chardon24-12-300x450.jpg\" class=\"winter all-seasons wp-post-image\" alt=\"\" data-season=\"all-seasons\" srcset=\"https:\/\/www.paysdesecrins.com\/wp-content\/uploads\/2025\/07\/161chardonsbleus-chardon24-12-300x450.jpg 300w, https:\/\/www.paysdesecrins.com\/wp-content\/uploads\/2025\/07\/161chardonsbleus-chardon24-12-200x300.jpg 200w, https:\/\/www.paysdesecrins.com\/wp-content\/uploads\/2025\/07\/161chardonsbleus-chardon24-12-683x1024.jpg 683w, https:\/\/www.paysdesecrins.com\/wp-content\/uploads\/2025\/07\/161chardonsbleus-chardon24-12-768x1152.jpg 768w, https:\/\/www.paysdesecrins.com\/wp-content\/uploads\/2025\/07\/161chardonsbleus-chardon24-12-1024x1536.jpg 1024w, https:\/\/www.paysdesecrins.com\/wp-content\/uploads\/2025\/07\/161chardonsbleus-chardon24-12-1365x2048.jpg 1365w, https:\/\/www.paysdesecrins.com\/wp-content\/uploads\/2025\/07\/161chardonsbleus-chardon24-12-427x640.jpg 427w, https:\/\/www.paysdesecrins.com\/wp-content\/uploads\/2025\/07\/161chardonsbleus-chardon24-12-390x585.jpg 390w, https:\/\/www.paysdesecrins.com\/wp-content\/uploads\/2025\/07\/161chardonsbleus-chardon24-12-scaled.jpg 1707w\" sizes=\"auto, (max-width: 300px) 100vw, 300px\" \/><\/div><\/div><div class=\"group-content\"><div class=\"field-title\">Blaue Distel Reservat<\/div><\/div><div class=\"field-link\" role=\"group\" aria-label=\"Lien vers le contenu\"><a href=\"https:\/\/www.paysdesecrins.com\/de\/ich-waehle\/sehenswuerdigkeiten-die-man-gesehen-haben-muss\/blaue-distel-reservat\/\" class=\"cardlink\" title=\"Lire plus : Blaue Distel Reservat\" lang=\"de_DE\">Blaue Distel Reservat<\/a><\/div><\/div><\/div><\/div><div class=\"splide__slide\"><div class=\"item\" data-season=\"\"><div class=\"card  card-page\"><div class=\"group-media\"><div class=\"field-image\"><img loading=\"lazy\" decoding=\"async\" width=\"300\" height=\"450\" src=\"https:\/\/www.paysdesecrins.com\/wp-content\/uploads\/2025\/08\/argentiere-la-bessee-44-300x450.jpg\" class=\"winter all-seasons wp-post-image\" alt=\"\" data-season=\"all-seasons\" srcset=\"https:\/\/www.paysdesecrins.com\/wp-content\/uploads\/2025\/08\/argentiere-la-bessee-44-300x450.jpg 300w, https:\/\/www.paysdesecrins.com\/wp-content\/uploads\/2025\/08\/argentiere-la-bessee-44-390x585.jpg 390w\" sizes=\"auto, (max-width: 300px) 100vw, 300px\" \/><\/div><\/div><div class=\"group-content\"><div class=\"field-title\">Bibliotheken <strong>des Pays des \u00c9crins<\/strong><\/div><\/div><div class=\"field-link\" role=\"group\" aria-label=\"Lien vers le contenu\"><a href=\"https:\/\/www.paysdesecrins.com\/de\/mein-wunsch\/entdeckung\/die-bibliotheken-des-pays-des-ecrins\/\" class=\"cardlink\" title=\"Lire plus : Bibliotheken des Pays des \u00c9crins\" lang=\"de_DE\">Bibliotheken des Pays des \u00c9crins<\/a><\/div><\/div><\/div><\/div><div class=\"splide__slide\"><div class=\"item\" data-season=\"\"><div class=\"card  card-page\"><div class=\"group-media\"><div class=\"field-image\"><img loading=\"lazy\" decoding=\"async\" width=\"300\" height=\"450\" src=\"https:\/\/www.paysdesecrins.com\/wp-content\/uploads\/2025\/07\/21autresactivites-cascade-de-glacecascade-de-glace-pelvoux-9thibautblais-300x450.jpg\" class=\"winter wp-post-image\" alt=\"\" data-season=\"winter\" srcset=\"https:\/\/www.paysdesecrins.com\/wp-content\/uploads\/2025\/07\/21autresactivites-cascade-de-glacecascade-de-glace-pelvoux-9thibautblais-300x450.jpg 300w, https:\/\/www.paysdesecrins.com\/wp-content\/uploads\/2025\/07\/21autresactivites-cascade-de-glacecascade-de-glace-pelvoux-9thibautblais-390x585.jpg 390w\" sizes=\"auto, (max-width: 300px) 100vw, 300px\" \/><img loading=\"lazy\" decoding=\"async\" width=\"300\" height=\"450\" src=\"https:\/\/www.paysdesecrins.com\/wp-content\/uploads\/2025\/07\/16sitesdexception-chardonsbleuschardon24-14-300x450.jpg\" class=\"vivaldi-thumb summer\" alt=\"\" data-season=\"summer\" srcset=\"https:\/\/www.paysdesecrins.com\/wp-content\/uploads\/2025\/07\/16sitesdexception-chardonsbleuschardon24-14-300x450.jpg 300w, https:\/\/www.paysdesecrins.com\/wp-content\/uploads\/2025\/07\/16sitesdexception-chardonsbleuschardon24-14-200x300.jpg 200w, https:\/\/www.paysdesecrins.com\/wp-content\/uploads\/2025\/07\/16sitesdexception-chardonsbleuschardon24-14-683x1024.jpg 683w, https:\/\/www.paysdesecrins.com\/wp-content\/uploads\/2025\/07\/16sitesdexception-chardonsbleuschardon24-14-768x1152.jpg 768w, https:\/\/www.paysdesecrins.com\/wp-content\/uploads\/2025\/07\/16sitesdexception-chardonsbleuschardon24-14-1024x1536.jpg 1024w, https:\/\/www.paysdesecrins.com\/wp-content\/uploads\/2025\/07\/16sitesdexception-chardonsbleuschardon24-14-1365x2048.jpg 1365w, https:\/\/www.paysdesecrins.com\/wp-content\/uploads\/2025\/07\/16sitesdexception-chardonsbleuschardon24-14-427x640.jpg 427w, https:\/\/www.paysdesecrins.com\/wp-content\/uploads\/2025\/07\/16sitesdexception-chardonsbleuschardon24-14-390x585.jpg 390w, https:\/\/www.paysdesecrins.com\/wp-content\/uploads\/2025\/07\/16sitesdexception-chardonsbleuschardon24-14-scaled.jpg 1707w\" sizes=\"auto, (max-width: 300px) 100vw, 300px\" \/><\/div><\/div><div class=\"group-content\"><div class=\"field-title\">Vallon du Fournel<\/div><\/div><div class=\"field-link\" role=\"group\" aria-label=\"Lien vers le contenu\"><a href=\"https:\/\/www.paysdesecrins.com\/de\/ich-waehle\/sehenswuerdigkeiten-die-man-gesehen-haben-muss\/vallon-du-fournel\/\" class=\"cardlink\" title=\"Lire plus : Vallon du Fournel\" lang=\"de_DE\">Vallon du Fournel<\/a><\/div><\/div><\/div><\/div><div class=\"splide__slide\"><div class=\"item\" data-season=\"\"><div class=\"card  card-page\"><div class=\"group-media\"><div class=\"field-image\"><img loading=\"lazy\" decoding=\"async\" width=\"300\" height=\"450\" src=\"https:\/\/www.paysdesecrins.com\/wp-content\/uploads\/2025\/07\/19villages-vallouise-h0a4671thibautblais-300x450.jpg\" class=\"winter wp-post-image\" alt=\"\" data-season=\"winter\" srcset=\"https:\/\/www.paysdesecrins.com\/wp-content\/uploads\/2025\/07\/19villages-vallouise-h0a4671thibautblais-300x450.jpg 300w, https:\/\/www.paysdesecrins.com\/wp-content\/uploads\/2025\/07\/19villages-vallouise-h0a4671thibautblais-390x585.jpg 390w\" sizes=\"auto, (max-width: 300px) 100vw, 300px\" \/><img loading=\"lazy\" decoding=\"async\" width=\"300\" height=\"450\" src=\"https:\/\/www.paysdesecrins.com\/wp-content\/uploads\/2025\/08\/argentiere-la-bessee-11-scaled-300x450.jpg\" class=\"vivaldi-thumb summer\" alt=\"\" data-season=\"summer\" srcset=\"https:\/\/www.paysdesecrins.com\/wp-content\/uploads\/2025\/08\/argentiere-la-bessee-11-scaled-300x450.jpg 300w, https:\/\/www.paysdesecrins.com\/wp-content\/uploads\/2025\/08\/argentiere-la-bessee-11-scaled-200x300.jpg 200w, https:\/\/www.paysdesecrins.com\/wp-content\/uploads\/2025\/08\/argentiere-la-bessee-11-scaled-683x1024.jpg 683w, https:\/\/www.paysdesecrins.com\/wp-content\/uploads\/2025\/08\/argentiere-la-bessee-11-scaled-768x1152.jpg 768w, https:\/\/www.paysdesecrins.com\/wp-content\/uploads\/2025\/08\/argentiere-la-bessee-11-scaled-1024x1536.jpg 1024w, https:\/\/www.paysdesecrins.com\/wp-content\/uploads\/2025\/08\/argentiere-la-bessee-11-scaled-1366x2048.jpg 1366w, https:\/\/www.paysdesecrins.com\/wp-content\/uploads\/2025\/08\/argentiere-la-bessee-11-scaled-427x640.jpg 427w, https:\/\/www.paysdesecrins.com\/wp-content\/uploads\/2025\/08\/argentiere-la-bessee-11-scaled-390x585.jpg 390w, https:\/\/www.paysdesecrins.com\/wp-content\/uploads\/2025\/08\/argentiere-la-bessee-11-scaled.jpg 1707w\" sizes=\"auto, (max-width: 300px) 100vw, 300px\" \/><\/div><\/div><div class=\"group-content\"><div class=\"field-title\">Kirchen und Kapellen<\/div><\/div><div class=\"field-link\" role=\"group\" aria-label=\"Lien vers le contenu\"><a href=\"https:\/\/www.paysdesecrins.com\/de\/mein-wunsch\/entdeckung\/kirchen-und-kapellen\/\" class=\"cardlink\" title=\"Lire plus : Kirchen und Kapellen\" lang=\"de_DE\">Kirchen und Kapellen<\/a><\/div><\/div><\/div><\/div><div class=\"splide__slide\"><div class=\"item\" data-season=\"\"><div class=\"card  card-page\"><div class=\"group-media\"><div class=\"field-image\"><img loading=\"lazy\" decoding=\"async\" width=\"300\" height=\"450\" src=\"https:\/\/www.paysdesecrins.com\/wp-content\/uploads\/2025\/07\/1615543221-1675546391-300x450.jpg\" class=\"winter all-seasons wp-post-image\" alt=\"\" data-season=\"all-seasons\" srcset=\"https:\/\/www.paysdesecrins.com\/wp-content\/uploads\/2025\/07\/1615543221-1675546391-300x450.jpg 300w, https:\/\/www.paysdesecrins.com\/wp-content\/uploads\/2025\/07\/1615543221-1675546391-390x585.jpg 390w\" sizes=\"auto, (max-width: 300px) 100vw, 300px\" \/><\/div><\/div><div class=\"group-content\"><div class=\"field-title\">Die Geschichtswerkstatt<\/div><\/div><div class=\"field-link\" role=\"group\" aria-label=\"Lien vers le contenu\"><a href=\"https:\/\/www.paysdesecrins.com\/de\/mein-wunsch\/entdeckung\/geschichtswerkstatt\/\" class=\"cardlink\" title=\"Lire plus : Die Geschichtswerkstatt\" lang=\"de_DE\">Die Geschichtswerkstatt<\/a><\/div><\/div><\/div><\/div><\/div><\/div><\/div><\/div><div class=\"alignwide wp-block-ws-library-ws-list-content\" data-season=\"winter\"><div class=\"list-items splide\" data-splide=\"{&quot;type&quot;:&quot;loop&quot;,&quot;heightRatio&quot;:&quot;auto&quot;,&quot;perPage&quot;:3,&quot;perMove&quot;:1,&quot;drag&quot;:true,&quot;arrows&quot;:true,&quot;pagination&quot;:0,&quot;autoplay&quot;:false,&quot;gap&quot;:&quot;15px&quot;,&quot;breakpoints&quot;:{&quot;1200&quot;:{&quot;perPage&quot;:3},&quot;992&quot;:{&quot;perPage&quot;:2},&quot;768&quot;:{&quot;destroy&quot;:true}}}\"><div class=\"splide__track\"><div class=\"splide__list\"><div class=\"splide__slide\"><div class=\"item\" data-season=\"\"><div class=\"card  card-page\"><div class=\"group-media\"><div class=\"field-image\"><img loading=\"lazy\" decoding=\"async\" width=\"300\" height=\"450\" src=\"https:\/\/www.paysdesecrins.com\/wp-content\/uploads\/2025\/07\/cascade-de-glace-pelvoux-4j-300x450.jpg\" class=\"winter all-seasons wp-post-image\" alt=\"\" data-season=\"all-seasons\" srcset=\"https:\/\/www.paysdesecrins.com\/wp-content\/uploads\/2025\/07\/cascade-de-glace-pelvoux-4j-300x450.jpg 300w, https:\/\/www.paysdesecrins.com\/wp-content\/uploads\/2025\/07\/cascade-de-glace-pelvoux-4j-390x585.jpg 390w\" sizes=\"auto, (max-width: 300px) 100vw, 300px\" \/><\/div><\/div><div class=\"group-content\"><div class=\"field-title\">Eisklettern<\/div><\/div><div class=\"field-link\" role=\"group\" aria-label=\"Lien vers le contenu\"><a href=\"https:\/\/www.paysdesecrins.com\/de\/meine-outdoor-aktivitaeten\/eisklettern\/\" class=\"cardlink\" title=\"Lire plus : Eisklettern\" lang=\"de_DE\">Eisklettern<\/a><\/div><\/div><\/div><\/div><div class=\"splide__slide\"><div class=\"item\" data-season=\"\"><div class=\"card  card-page\"><div class=\"group-media\"><div class=\"field-image\"><img loading=\"lazy\" decoding=\"async\" width=\"300\" height=\"450\" src=\"https:\/\/www.paysdesecrins.com\/wp-content\/uploads\/2025\/07\/1674825818-1937761558-300x450.jpg\" class=\"winter all-seasons wp-post-image\" alt=\"\" data-season=\"all-seasons\" srcset=\"https:\/\/www.paysdesecrins.com\/wp-content\/uploads\/2025\/07\/1674825818-1937761558-300x450.jpg 300w, https:\/\/www.paysdesecrins.com\/wp-content\/uploads\/2025\/07\/1674825818-1937761558-390x585.jpg 390w\" sizes=\"auto, (max-width: 300px) 100vw, 300px\" \/><\/div><\/div><div class=\"group-content\"><div class=\"field-title\">Die Fournel-Silbermine <strong>des Pays des \u00c9crins<\/strong><\/div><\/div><div class=\"field-link\" role=\"group\" aria-label=\"Lien vers le contenu\"><a href=\"https:\/\/www.paysdesecrins.com\/de\/mein-wunsch\/entdeckung\/die-silbermine-von-fournel-im-pays-des-ecrins\/\" class=\"cardlink\" title=\"Lire plus : Die Fournel-Silbermine des Pays des \u00c9crins\" lang=\"de_DE\">Die Fournel-Silbermine des Pays des \u00c9crins<\/a><\/div><\/div><\/div><\/div><div class=\"splide__slide\"><div class=\"item\" data-season=\"\"><div class=\"card  card-page\"><div class=\"group-media\"><div class=\"field-image\"><img loading=\"lazy\" decoding=\"async\" width=\"300\" height=\"450\" src=\"https:\/\/www.paysdesecrins.com\/wp-content\/uploads\/2025\/07\/21autresactivites-cascade-de-glacecascade-de-glace-pelvoux-9thibautblais-300x450.jpg\" class=\"winter wp-post-image\" alt=\"\" data-season=\"winter\" srcset=\"https:\/\/www.paysdesecrins.com\/wp-content\/uploads\/2025\/07\/21autresactivites-cascade-de-glacecascade-de-glace-pelvoux-9thibautblais-300x450.jpg 300w, https:\/\/www.paysdesecrins.com\/wp-content\/uploads\/2025\/07\/21autresactivites-cascade-de-glacecascade-de-glace-pelvoux-9thibautblais-390x585.jpg 390w\" sizes=\"auto, (max-width: 300px) 100vw, 300px\" \/><img loading=\"lazy\" decoding=\"async\" width=\"300\" height=\"450\" src=\"https:\/\/www.paysdesecrins.com\/wp-content\/uploads\/2025\/07\/16sitesdexception-chardonsbleuschardon24-14-300x450.jpg\" class=\"vivaldi-thumb summer\" alt=\"\" data-season=\"summer\" srcset=\"https:\/\/www.paysdesecrins.com\/wp-content\/uploads\/2025\/07\/16sitesdexception-chardonsbleuschardon24-14-300x450.jpg 300w, https:\/\/www.paysdesecrins.com\/wp-content\/uploads\/2025\/07\/16sitesdexception-chardonsbleuschardon24-14-200x300.jpg 200w, https:\/\/www.paysdesecrins.com\/wp-content\/uploads\/2025\/07\/16sitesdexception-chardonsbleuschardon24-14-683x1024.jpg 683w, https:\/\/www.paysdesecrins.com\/wp-content\/uploads\/2025\/07\/16sitesdexception-chardonsbleuschardon24-14-768x1152.jpg 768w, https:\/\/www.paysdesecrins.com\/wp-content\/uploads\/2025\/07\/16sitesdexception-chardonsbleuschardon24-14-1024x1536.jpg 1024w, https:\/\/www.paysdesecrins.com\/wp-content\/uploads\/2025\/07\/16sitesdexception-chardonsbleuschardon24-14-1365x2048.jpg 1365w, https:\/\/www.paysdesecrins.com\/wp-content\/uploads\/2025\/07\/16sitesdexception-chardonsbleuschardon24-14-427x640.jpg 427w, https:\/\/www.paysdesecrins.com\/wp-content\/uploads\/2025\/07\/16sitesdexception-chardonsbleuschardon24-14-390x585.jpg 390w, https:\/\/www.paysdesecrins.com\/wp-content\/uploads\/2025\/07\/16sitesdexception-chardonsbleuschardon24-14-scaled.jpg 1707w\" sizes=\"auto, (max-width: 300px) 100vw, 300px\" \/><\/div><\/div><div class=\"group-content\"><div class=\"field-title\">Vallon du Fournel<\/div><\/div><div class=\"field-link\" role=\"group\" aria-label=\"Lien vers le contenu\"><a href=\"https:\/\/www.paysdesecrins.com\/de\/ich-waehle\/sehenswuerdigkeiten-die-man-gesehen-haben-muss\/vallon-du-fournel\/\" class=\"cardlink\" title=\"Lire plus : Vallon du Fournel\" lang=\"de_DE\">Vallon du Fournel<\/a><\/div><\/div><\/div><\/div><div class=\"splide__slide\"><div class=\"item\" data-season=\"\"><div class=\"card  card-page\"><div class=\"group-media\"><div class=\"field-image\"><img loading=\"lazy\" decoding=\"async\" width=\"300\" height=\"450\" src=\"https:\/\/www.paysdesecrins.com\/wp-content\/uploads\/2025\/07\/bivouac-a-la-cabane-de-faravel-106-300x450.jpg\" class=\"winter all-seasons wp-post-image\" alt=\"\" data-season=\"all-seasons\" srcset=\"https:\/\/www.paysdesecrins.com\/wp-content\/uploads\/2025\/07\/bivouac-a-la-cabane-de-faravel-106-300x450.jpg 300w, https:\/\/www.paysdesecrins.com\/wp-content\/uploads\/2025\/07\/bivouac-a-la-cabane-de-faravel-106-390x585.jpg 390w\" sizes=\"auto, (max-width: 300px) 100vw, 300px\" \/><\/div><\/div><div class=\"group-content\"><div class=\"field-title\">Ein zeitloser Abend mit Freunden<\/div><\/div><div class=\"field-link\" role=\"group\" aria-label=\"Lien vers le contenu\"><a href=\"https:\/\/www.paysdesecrins.com\/de\/mein-wunsch\/berg\/eine-nacht-ausserhalb-der-zeit\/\" class=\"cardlink\" title=\"Lire plus : Ein zeitloser Abend mit Freunden\" lang=\"de_DE\">Ein zeitloser Abend mit Freunden<\/a><\/div><\/div><\/div><\/div><div class=\"splide__slide\"><div class=\"item\" data-season=\"\"><div class=\"card  card-page\"><div class=\"group-media\"><div class=\"field-image\"><img loading=\"lazy\" decoding=\"async\" width=\"300\" height=\"450\" src=\"https:\/\/www.paysdesecrins.com\/wp-content\/uploads\/2025\/07\/171ski-rando-bivouac-a-la-cabane-de-faravel-61-300x450.jpg\" class=\"winter all-seasons wp-post-image\" alt=\"\" data-season=\"all-seasons\" srcset=\"https:\/\/www.paysdesecrins.com\/wp-content\/uploads\/2025\/07\/171ski-rando-bivouac-a-la-cabane-de-faravel-61-300x450.jpg 300w, https:\/\/www.paysdesecrins.com\/wp-content\/uploads\/2025\/07\/171ski-rando-bivouac-a-la-cabane-de-faravel-61-390x585.jpg 390w\" sizes=\"auto, (max-width: 300px) 100vw, 300px\" \/><\/div><\/div><div class=\"group-content\"><div class=\"field-title\">Eine Nacht unter den Sternen von Dormillouse<\/div><\/div><div class=\"field-link\" role=\"group\" aria-label=\"Lien vers le contenu\"><a href=\"https:\/\/www.paysdesecrins.com\/de\/eine-nacht-unter-den-sternen-von-dormillouse\/\" class=\"cardlink\" title=\"Lire plus : Eine Nacht unter den Sternen von Dormillouse\" lang=\"de_DE\">Eine Nacht unter den Sternen von Dormillouse<\/a><\/div><\/div><\/div><\/div><div class=\"splide__slide\"><div class=\"item\" data-season=\"\"><div class=\"card  card-page\"><div class=\"group-media\"><div class=\"field-image\"><img loading=\"lazy\" decoding=\"async\" width=\"300\" height=\"450\" src=\"https:\/\/www.paysdesecrins.com\/wp-content\/uploads\/2025\/07\/19villages-vallouise-h0a4671thibautblais-300x450.jpg\" class=\"winter wp-post-image\" alt=\"\" data-season=\"winter\" srcset=\"https:\/\/www.paysdesecrins.com\/wp-content\/uploads\/2025\/07\/19villages-vallouise-h0a4671thibautblais-300x450.jpg 300w, https:\/\/www.paysdesecrins.com\/wp-content\/uploads\/2025\/07\/19villages-vallouise-h0a4671thibautblais-390x585.jpg 390w\" sizes=\"auto, (max-width: 300px) 100vw, 300px\" \/><img loading=\"lazy\" decoding=\"async\" width=\"300\" height=\"450\" src=\"https:\/\/www.paysdesecrins.com\/wp-content\/uploads\/2025\/08\/argentiere-la-bessee-11-scaled-300x450.jpg\" class=\"vivaldi-thumb summer\" alt=\"\" data-season=\"summer\" srcset=\"https:\/\/www.paysdesecrins.com\/wp-content\/uploads\/2025\/08\/argentiere-la-bessee-11-scaled-300x450.jpg 300w, https:\/\/www.paysdesecrins.com\/wp-content\/uploads\/2025\/08\/argentiere-la-bessee-11-scaled-200x300.jpg 200w, https:\/\/www.paysdesecrins.com\/wp-content\/uploads\/2025\/08\/argentiere-la-bessee-11-scaled-683x1024.jpg 683w, https:\/\/www.paysdesecrins.com\/wp-content\/uploads\/2025\/08\/argentiere-la-bessee-11-scaled-768x1152.jpg 768w, https:\/\/www.paysdesecrins.com\/wp-content\/uploads\/2025\/08\/argentiere-la-bessee-11-scaled-1024x1536.jpg 1024w, https:\/\/www.paysdesecrins.com\/wp-content\/uploads\/2025\/08\/argentiere-la-bessee-11-scaled-1366x2048.jpg 1366w, https:\/\/www.paysdesecrins.com\/wp-content\/uploads\/2025\/08\/argentiere-la-bessee-11-scaled-427x640.jpg 427w, https:\/\/www.paysdesecrins.com\/wp-content\/uploads\/2025\/08\/argentiere-la-bessee-11-scaled-390x585.jpg 390w, https:\/\/www.paysdesecrins.com\/wp-content\/uploads\/2025\/08\/argentiere-la-bessee-11-scaled.jpg 1707w\" sizes=\"auto, (max-width: 300px) 100vw, 300px\" \/><\/div><\/div><div class=\"group-content\"><div class=\"field-title\">Kirchen und Kapellen<\/div><\/div><div class=\"field-link\" role=\"group\" aria-label=\"Lien vers le contenu\"><a href=\"https:\/\/www.paysdesecrins.com\/de\/mein-wunsch\/entdeckung\/kirchen-und-kapellen\/\" class=\"cardlink\" title=\"Lire plus : Kirchen und Kapellen\" lang=\"de_DE\">Kirchen und Kapellen<\/a><\/div><\/div><\/div><\/div><\/div><\/div><\/div><\/div>\n<div class=\"wp-block-ws-library-ws-button has-text-align-center\"><a href=\"https:\/\/www.paysdesecrins.com\/de\/63850-2\/\" class=\"wp-block-button__link wp-element-button btn\">  Alle Erlebnisse<\/a><\/div>\n\n<div style=\"height:60px\" aria-hidden=\"true\" class=\"wp-block-spacer\"><\/div>\n\n<div class=\"wp-block-ws-library-ws-columns alignfull has-2-columns are-vertically-aligned-center layout-5050 is-style-background\" data-season=\"summer\">\n<div class=\"wp-block-ws-library-ws-column\"><div class=\"wrapper\">\n<div class=\"wp-block-ws-library-ws-image\"><div class=\"wrapper\"><div class=\"group-media\"><img decoding=\"async\" src=\"https:\/\/www.paysdesecrins.com\/wp-content\/uploads\/2025\/07\/argentiere-la-bessee-27-1-960x640.jpg\" alt=\"\" class=\"single_image ws-image-51863\"><div class=\"credits\"><\/div><\/div><p class=\"caption\"><\/p><\/div><\/div>\n<\/div><\/div>\n\n\n\n<div class=\"wp-block-ws-library-ws-column\"><div class=\"wrapper\">\n<div class=\"wp-block-ws-library-ws-title\"><h2>Von Wildwasser bis Silberminen<\/h2><\/div>\n\n\n\n<p>In L&#8217;Argenti\u00e8re-la-Bess\u00e9e ist das Wasser der un\u00fcbersehbare Star. Das weltber\u00fchmte Wildwasserstadion zieht Amateure und Experten an, um mehr \u00fcber Rafting zu erfahren oder einen unvergesslichen Slalom mit dem Kajak hinunterzufahren. Sensationen garantiert, Frische inklusive!  <\/p>\n\n\n\n<p>Auf der Suche nach Panoramen? Nehmen Sie die Wanderwege zum Fournel-Tal, wo Frankreichs gr\u00f6\u00dftes Reservat an blauer Distel versteckt ist, oder entscheiden Sie sich f\u00fcr einen Klettersteig mit atemberaubender Aussicht. Was das Adrenalin angeht, probieren Sie die lustigen Schluchten aus, um ein erfrischendes Eintauchen in das Herz der Wildb\u00e4che zu erleben.  <\/p>\n\n\n\n<p>F\u00fcr eine ungew\u00f6hnliche Reise unter Tage begeben Sie sich in das historische Silberbergwerk, wo Sie buchst\u00e4blich in die Bergbauvergangenheit der Region eintauchen. Schwingen Sie sich zum Schluss auf Ihr Mountainbike und entdecken Sie ein abwechslungsreiches Netz von markierten Schleifen, die direkt vom Dorf aus beginnen. <\/p>\n\n\n\n<p>Wenn der Winter kommt, \u00e4ndert sich die Szenerie: Die von der K\u00e4lte gefrorenen Wasserf\u00e4lle bieten einen spektakul\u00e4ren Spielplatz f\u00fcr Kletterer aus aller Welt, vor allem anl\u00e4sslich der Ice Climbing \u00c9crins, einer gro\u00dfen Eiskletterveranstaltung<em> <\/em>in Europa.<\/p>\n\n\n\n<p>Auf nur wenigen Quadratkilometern verdichtet L&#8217;Argenti\u00e8re-La-Bess\u00e9e das Wesentliche aus Abenteuer, Sport und Natur. Egal, ob Sie auf der Suche nach Nervenkitzel oder einfach nur auf der Suche nach einer Flucht sind, diese Ecke der \u00c9crins verspricht Ihnen lebensgro\u00dfe Erinnerungen. <\/p>\n<\/div><\/div>\n<\/div>\n\n<div class=\"wp-block-ws-library-ws-columns alignfull has-2-columns are-vertically-aligned-center layout-5050 is-style-background\" data-season=\"winter\">\n<div class=\"wp-block-ws-library-ws-column\"><div class=\"wrapper\">\n<div class=\"wp-block-ws-library-ws-image\"><div class=\"wrapper\"><div class=\"group-media\"><img decoding=\"async\" src=\"https:\/\/www.paysdesecrins.com\/wp-content\/uploads\/2025\/07\/21autresactivites-cascade-de-glacecascade-de-glace-pelvoux-9thibautblais-scaled.jpg\" alt=\"\" class=\"single_image ws-image-20072\"><div class=\"credits\">Thibaut BLAIS<\/div><\/div><p class=\"caption\"><\/p><\/div><\/div>\n<\/div><\/div>\n\n\n\n<div class=\"wp-block-ws-library-ws-column\"><div class=\"wrapper\">\n<div class=\"wp-block-ws-library-ws-title\"><h2>Vom Eisklettern bis zu verschneiten Pfaden<\/h2><\/div>\n\n\n\n<p>In L&#8217;Argenti\u00e8re-la-Bess\u00e9e ver\u00e4ndert der Winter die Landschaft: Die Wasserf\u00e4lle werden zu Eisw\u00e4nden und machen das Tal zu einem anerkannten Ort zum Eisklettern. Die <strong>Ice Climbing \u00c9crins<\/strong>, ein j\u00e4hrliches Ereignis in dieser Disziplin, das Anf\u00e4nger und Experten f\u00fcr Einf\u00fchrungen und technische Kurse zusammenbringt. Die Routen entwickeln sich mit den Bedingungen; Die Aufsicht durch einen F\u00fchrer wird dringend empfohlen, um sich sicher zu entwickeln.  <\/p>\n\n\n\n<p>F\u00fcr diejenigen, die lieber zu Fu\u00df gehen, k\u00f6nnen die verschneiten Wege zum Fournel-Tal mit Schneeschuhen oder zu Fu\u00df erkundet werden. Diese Wanderungen bieten einen schnellen Zugang zur Natur in einer ruhigen und geschlossenen Atmosph\u00e4re. Es wird empfohlen, die Wetterbedingungen zu \u00fcberpr\u00fcfen und die entsprechende Ausr\u00fcstung mitzubringen.  <\/p>\n<\/div><\/div>\n<\/div>\n\n<div style=\"height:60px\" aria-hidden=\"true\" class=\"wp-block-spacer\"><\/div>\n\n<div class=\"wp-block-ws-library-ws-title\"><h2><em>Animationen und Veranstaltungen<\/em> , die Ihre Jahreszeiten untermalen<\/h2><\/div>\n\n<div class=\"wp-block-ws-library-ws-banner alignwide\"><div class=\"wrapper\"><div class=\"group-media\"><img loading=\"lazy\" decoding=\"async\" width=\"2560\" height=\"1706\" src=\"https:\/\/www.paysdesecrins.com\/wp-content\/uploads\/2025\/07\/img-2008-scaled.jpg\" alt=\"\" class=\"single_image wp-image-44927\" srcset=\"https:\/\/www.paysdesecrins.com\/wp-content\/uploads\/2025\/07\/img-2008-scaled.jpg 2560w, https:\/\/www.paysdesecrins.com\/wp-content\/uploads\/2025\/07\/img-2008-scaled-300x200.jpg 300w, https:\/\/www.paysdesecrins.com\/wp-content\/uploads\/2025\/07\/img-2008-scaled-1024x682.jpg 1024w, https:\/\/www.paysdesecrins.com\/wp-content\/uploads\/2025\/07\/img-2008-scaled-768x512.jpg 768w, https:\/\/www.paysdesecrins.com\/wp-content\/uploads\/2025\/07\/img-2008-scaled-1536x1024.jpg 1536w, https:\/\/www.paysdesecrins.com\/wp-content\/uploads\/2025\/07\/img-2008-scaled-2048x1365.jpg 2048w, https:\/\/www.paysdesecrins.com\/wp-content\/uploads\/2025\/07\/img-2008-scaled-960x640.jpg 960w\" sizes=\"auto, (max-width: 2560px) 100vw, 2560px\" \/><\/div>\n<div class=\"group-content\"><p class=\"has-text-align-center\">Der Kalender der Aktivit\u00e4ten und Veranstaltungen \u00e4ndert sich mit den Jahreszeiten, \u00fcberpr\u00fcfen Sie sie regelm\u00e4\u00dfig auf Aktualisierungen.<\/p><\/div>\n<\/div><\/div>\n\n<div class=\"wp-block-ws-library-ws-tabs alignfull\"><ul class=\"tabs-titles\"><li class=\"tab-title is-active\" data-tab-index=\"0\">ANIMATION<\/li><li class=\"tab-title\" data-tab-index=\"1\">\u00c9V\u00c9NEMENTS<\/li><li class=\"tab-title\" data-tab-index=\"2\">ACTIVIT\u00c9S<\/li><li class=\"tab-title\" data-tab-index=\"3\">CULTURE ET PATRIMOINE<\/li><\/ul><div class=\"tabs-list\">\n<div class=\"wp-block-ws-library-ws-tab\" style=\"display:none\"><p class=\"tab-title\">ANIMATION<\/p><div class=\"tab-content\"><div id=\"listing_4ac24\" data-observer-wishlist data-attributes='listing-agenda {\"selectedSelectionIds\":[\"189048\"],\"isLimited\":true,\"perPage\":3,\"isPortrait\":false,\"isImageContain\":false,\"showCommune\":true,\"defaultImage\":\"https:\\\/\\\/www.paysdesecrins.com\\\/wp-content\\\/uploads\\\/2025\\\/06\\\/cropped-paysdesecrins.png\",\"selectedFacets\":[],\"showType\":false,\"columnsCount\":\"2-3-3\",\"showActiveFacets\":false,\"isPaginated\":false,\"showDateSearch\":false,\"season\":\"\",\"align\":\"wide\"}' class=\"ws-listing wp-block-ws-apidae-library-listing-agenda alignwide\" data-map-id=\"map_4ac24\" data-locations-id=\"locations-data_4ac24\"><div class=\"facetwp-template\"><div class=\"list-container active\"><div class=\"list-items\"><div class=\"item\" data-season=\"all-seasons\"><div class=\"card card-apidae card-agenda\"><div class=\"group-actions\"><ws-wishlist data-type=\"flag\" data-action=\"add\" data-wish-id=\"7681187\" data-wish-type=\"apidae\"><\/ws-wishlist><\/div><div class=\"group-media\"><div class=\"field-image\"><img decoding=\"async\" src=\"https:\/\/images.weserv.nl\/?url=https:\/\/static.apidae-tourisme.com\/filestore\/objets-touristiques\/images\/5\/77\/39079173-diaporama.png&#038;w=350&#038;h=350&#038;fit=cover&#038;output=webp&#038;q=45\" alt=\"Rencontre-auteur dessin\u00e9e avec Ian Manook et Clara Debray\"\/><\/div><\/div><div class=\"group-top\"><div class=\"field-commune\">L&#039;Argenti\u00e8re-la-Bess\u00e9e<\/div><ws-apidae-from-price data-apidae-id=\"7681187\" ><\/ws-apidae-from-price><div class=\"group-dates\"><div class=\"field-dates\">30 <span class=\"month\">April<\/span><\/div><\/div><\/div><div class=\"group-content\"><div class=\"field-title\">Rencontre-auteur dessin\u00e9e avec Ian Manook et Clara Debray<\/div><\/div><div class=\"field-link\" role=\"group\" aria-label=\"Lien vers le contenu\"><a href=\"https:\/\/www.paysdesecrins.com\/de\/fiche\/rencontre-auteur-dessinee-avec-ian-manook-et-clara-debray-2\/\" class=\"cardlink\" title=\"Lire plus : Rencontre-auteur dessin\u00e9e avec Ian Manook et Clara Debray\" lang=\"de_DE\">Rencontre-auteur dessin\u00e9e avec Ian Manook et Clara Debray<\/a><\/div><\/div><\/div><div class=\"item\" data-season=\"all-seasons\"><div class=\"card card-apidae card-agenda\"><div class=\"group-actions\"><ws-wishlist data-type=\"flag\" data-action=\"add\" data-wish-id=\"6202530\" data-wish-type=\"apidae\"><\/ws-wishlist><\/div><div class=\"group-media\"><div class=\"field-image\"><img decoding=\"async\" src=\"https:\/\/images.weserv.nl\/?url=https:\/\/static.apidae-tourisme.com\/filestore\/objets-touristiques\/images\/221\/195\/13616093-diaporama.jpg&#038;w=350&#038;h=350&#038;fit=cover&#038;output=webp&#038;q=45\" alt=\"Parcours en r\u00e9alit\u00e9 augment\u00e9e :  Tomber de &#8222;eau&#8220;, championnat du monde de descente de conduites forc\u00e9es\"\/><\/div><\/div><div class=\"group-top\"><div class=\"field-commune\">L&#039;Argenti\u00e8re-la-Bess\u00e9e<\/div><ws-apidae-from-price data-apidae-id=\"6202530\" ><\/ws-apidae-from-price><div class=\"group-dates\"><div class=\"field-dates\">Du 30 <span class=\"month\">April<\/span> au 15 <span class=\"month\">November<\/span><\/div><\/div><\/div><div class=\"group-content\"><div class=\"field-title\">Parcours en r\u00e9alit\u00e9 augment\u00e9e :  Tomber de &#8222;eau&#8220;, championnat du monde de descente de conduites forc\u00e9es<\/div><\/div><div class=\"field-link\" role=\"group\" aria-label=\"Lien vers le contenu\"><a href=\"https:\/\/www.paysdesecrins.com\/de\/fiche\/parcours-en-realite-augmentee-tomber-de-eau-championnat-du-monde-de-descente-de-conduites-forcees-2\/\" class=\"cardlink\" title=\"Lire plus : Parcours en r\u00e9alit\u00e9 augment\u00e9e :  Tomber de &#8222;eau&#8220;, championnat du monde de descente de conduites forc\u00e9es\" lang=\"de_DE\">Parcours en r\u00e9alit\u00e9 augment\u00e9e :  Tomber de &#8222;eau&#8220;, championnat du monde de descente de conduites forc\u00e9es<\/a><\/div><\/div><\/div><div class=\"item\" data-season=\"all-seasons\"><div class=\"card card-apidae card-agenda\"><div class=\"group-actions\"><ws-wishlist data-type=\"flag\" data-action=\"add\" data-wish-id=\"7358669\" data-wish-type=\"apidae\"><\/ws-wishlist><\/div><div class=\"group-media\"><div class=\"field-image\"><img decoding=\"async\" src=\"https:\/\/images.weserv.nl\/?url=https:\/\/static.apidae-tourisme.com\/filestore\/objets-touristiques\/images\/102\/119\/40859494-diaporama.jpg&#038;w=350&#038;h=350&#038;fit=cover&#038;output=webp&#038;q=45\" alt=\"\u00c9veil musical\"\/><\/div><\/div><div class=\"group-top\"><div class=\"field-commune\">L&#039;Argenti\u00e8re-la-Bess\u00e9e<\/div><ws-apidae-from-price data-apidae-id=\"7358669\" ><\/ws-apidae-from-price><div class=\"group-dates\"><div class=\"field-dates\">6 <span class=\"month\">Mai<\/span><\/div><\/div><\/div><div class=\"group-content\"><div class=\"field-title\">\u00c9veil musical<\/div><\/div><div class=\"field-link\" role=\"group\" aria-label=\"Lien vers le contenu\"><a href=\"https:\/\/www.paysdesecrins.com\/de\/fiche\/eveil-musical-3\/\" class=\"cardlink\" title=\"Lire plus : \u00c9veil musical\" lang=\"de_DE\">\u00c9veil musical<\/a><\/div><\/div><\/div><\/div><\/div><\/div><\/div>\n\n\n<div class=\"wp-block-ws-library-ws-button has-text-align-center  is-style-outline\"><a href=\"https:\/\/www.paysdesecrins.com\/grands-evenements-du-pays-des-ecrins\/animations-et-evenements\/\" class=\"wp-block-button__link wp-element-button btn\"> Toutes les animations<\/a><\/div>\n<\/div><\/div>\n\n\n\n<div class=\"wp-block-ws-library-ws-tab\" style=\"display:none\"><p class=\"tab-title\">\u00c9V\u00c9NEMENTS<\/p><div class=\"tab-content\"><div id=\"listing_2c05e\" data-observer-wishlist data-attributes='listing-agenda {\"selectedSelectionIds\":[\"189049\"],\"isLimited\":true,\"perPage\":3,\"isPortrait\":false,\"isImageContain\":false,\"showCommune\":true,\"defaultImage\":\"https:\\\/\\\/www.paysdesecrins.com\\\/wp-content\\\/uploads\\\/2025\\\/06\\\/cropped-paysdesecrins.png\",\"selectedFacets\":[],\"showType\":false,\"columnsCount\":\"2-3-3\",\"showActiveFacets\":false,\"isPaginated\":false,\"showDateSearch\":false,\"season\":\"\",\"align\":\"wide\"}' class=\"ws-listing wp-block-ws-apidae-library-listing-agenda alignwide\" data-map-id=\"map_2c05e\" data-locations-id=\"locations-data_2c05e\"><div class=\"facetwp-template\"><div class=\"list-container active\"><div class=\"list-items\"><div class=\"item\" data-season=\"all-seasons\"><div class=\"card card-apidae card-agenda\"><div class=\"group-actions\"><ws-wishlist data-type=\"flag\" data-action=\"add\" data-wish-id=\"760119\" data-wish-type=\"apidae\"><\/ws-wishlist><\/div><div class=\"group-media\"><div class=\"field-image\"><img decoding=\"async\" src=\"https:\/\/images.weserv.nl\/?url=https:\/\/static.apidae-tourisme.com\/filestore\/objets-touristiques\/images\/246\/207\/38391798-diaporama.jpg&#038;w=350&#038;h=350&#038;fit=cover&#038;output=webp&#038;q=45\" alt=\"Trail de La Haute Durance\"\/><\/div><\/div><div class=\"group-top\"><div class=\"field-commune\">L&#039;Argenti\u00e8re-la-Bess\u00e9e<\/div><ws-apidae-from-price data-apidae-id=\"760119\" ><\/ws-apidae-from-price><div class=\"group-dates\"><div class=\"field-dates\">Du 8 au 10 <span class=\"month\">Mai<\/span><\/div><\/div><\/div><div class=\"group-content\"><div class=\"field-title\">Trail de La Haute Durance<\/div><\/div><div class=\"field-link\" role=\"group\" aria-label=\"Lien vers le contenu\"><a href=\"https:\/\/www.paysdesecrins.com\/de\/fiche\/trail-de-la-haute-durance-2\/\" class=\"cardlink\" title=\"Lire plus : Trail de La Haute Durance\" lang=\"de_DE\">Trail de La Haute Durance<\/a><\/div><\/div><\/div><div class=\"item\" data-season=\"all-seasons\"><div class=\"card card-apidae card-agenda\"><div class=\"group-actions\"><ws-wishlist data-type=\"flag\" data-action=\"add\" data-wish-id=\"787985\" data-wish-type=\"apidae\"><\/ws-wishlist><\/div><div class=\"group-media\"><div class=\"field-image\"><img decoding=\"async\" src=\"https:\/\/images.weserv.nl\/?url=https:\/\/static.apidae-tourisme.com\/filestore\/objets-touristiques\/images\/248\/199\/4507640-diaporama.jpg&#038;w=350&#038;h=350&#038;fit=cover&#038;output=webp&#038;q=45\" alt=\"BFK\"\/><\/div><\/div><div class=\"group-top\"><div class=\"field-commune\">L&#039;Argenti\u00e8re-la-Bess\u00e9e<\/div><ws-apidae-from-price data-apidae-id=\"787985\" ><\/ws-apidae-from-price><div class=\"group-dates\"><div class=\"field-dates\">Du 22 au 24 <span class=\"month\">Mai<\/span><\/div><\/div><\/div><div class=\"group-content\"><div class=\"field-title\">BFK<\/div><\/div><div class=\"field-link\" role=\"group\" aria-label=\"Lien vers le contenu\"><a href=\"https:\/\/www.paysdesecrins.com\/de\/fiche\/bfk-2\/\" class=\"cardlink\" title=\"Lire plus : BFK\" lang=\"de_DE\">BFK<\/a><\/div><\/div><\/div><div class=\"item\" data-season=\"all-seasons\"><div class=\"card card-apidae card-agenda\"><div class=\"group-actions\"><ws-wishlist data-type=\"flag\" data-action=\"add\" data-wish-id=\"7072113\" data-wish-type=\"apidae\"><\/ws-wishlist><\/div><div class=\"group-media\"><div class=\"field-image\"><img decoding=\"async\" src=\"https:\/\/images.weserv.nl\/?url=https:\/\/static.apidae-tourisme.com\/filestore\/objets-touristiques\/images\/193\/249\/40303041-diaporama.png&#038;w=350&#038;h=350&#038;fit=cover&#038;output=webp&#038;q=45\" alt=\"Enduro du Bois de France &gt; course de VTT\"\/><\/div><\/div><div class=\"group-top\"><div class=\"field-commune\">L&#039;Argenti\u00e8re-la-Bess\u00e9e<\/div><ws-apidae-from-price data-apidae-id=\"7072113\" ><\/ws-apidae-from-price><div class=\"group-dates\"><div class=\"field-dates\">31 <span class=\"month\">Mai<\/span><\/div><\/div><\/div><div class=\"group-content\"><div class=\"field-title\">Enduro du Bois de France &gt; course de VTT<\/div><\/div><div class=\"field-link\" role=\"group\" aria-label=\"Lien vers le contenu\"><a href=\"https:\/\/www.paysdesecrins.com\/de\/fiche\/enduro-du-bois-de-france-course-de-vtt-2\/\" class=\"cardlink\" title=\"Lire plus : Enduro du Bois de France &gt; course de VTT\" lang=\"de_DE\">Enduro du Bois de France &gt; course de VTT<\/a><\/div><\/div><\/div><\/div><\/div><\/div><\/div>\n\n\n<div class=\"wp-block-ws-library-ws-button has-text-align-center  is-style-outline\"><a href=\"https:\/\/www.paysdesecrins.com\/grands-evenements-du-pays-des-ecrins\/animations-et-evenements\/les-temps-forts\/\" class=\"wp-block-button__link wp-element-button btn\"> Tous les \u00e9v\u00e9nements<\/a><\/div>\n<\/div><\/div>\n\n\n\n<div class=\"wp-block-ws-library-ws-tab\" style=\"display:none\"><p class=\"tab-title\">ACTIVIT\u00c9S<\/p><div class=\"tab-content\"><div id=\"listing_00944\" data-observer-wishlist data-attributes='listing-avance {\"selectedSelectionIds\":[\"189045\"],\"defaultImage\":\"https:\\\/\\\/www.paysdesecrins.com\\\/wp-content\\\/uploads\\\/2025\\\/06\\\/paysdesecrins.png\",\"isLimited\":true,\"perPage\":3,\"isPortrait\":false,\"isImageContain\":false,\"showCommune\":true,\"selectedFacets\":[],\"showMap\":false,\"sortOrder\":\"random\",\"showType\":false,\"columnsCount\":\"2-3-3\",\"showActiveFacets\":false,\"showGeolocalisation\":false,\"isPaginated\":false,\"season\":\"\",\"align\":\"wide\"}' class=\"ws-listing wp-block-ws-apidae-library-listing-avance alignwide\" data-map-id=\"map_00944\" data-locations-id=\"locations-data_00944\"><div class=\"facetwp-template\"><div class=\"list-container active\"><div class=\"list-items\"><div class=\"item\" data-season=\"all-seasons\"><div class=\"card card-apidae card-avance\"><div class=\"group-actions\"><ws-wishlist data-type=\"flag\" data-action=\"add\" data-wish-id=\"626986\" data-wish-type=\"apidae\"><\/ws-wishlist><\/div><div class=\"group-media\"><div class=\"field-image\"><img decoding=\"async\" src=\"https:\/\/images.weserv.nl\/?url=https:\/\/static.apidae-tourisme.com\/filestore\/objets-touristiques\/images\/82\/247\/784210-diaporama.jpg&#038;w=350&#038;h=350&#038;fit=cover&#038;output=webp&#038;q=45\" alt=\"S\u00e9bastien Constant\"\/><\/div><\/div><div class=\"group-top\"><div class=\"field-commune\">L&#039;Argenti\u00e8re-la-Bess\u00e9e<\/div><ws-apidae-from-price data-apidae-id=\"626986\" ><\/ws-apidae-from-price><\/div><div class=\"group-content\"><div class=\"field-title\">S\u00e9bastien Constant<\/div><\/div><div class=\"field-link\" role=\"group\" aria-label=\"Lien vers le contenu\"><a href=\"https:\/\/www.paysdesecrins.com\/de\/fiche\/sebastien-constant-2\/\" class=\"cardlink\" title=\"Lire plus : S\u00e9bastien Constant\" lang=\"de_DE\">S\u00e9bastien Constant<\/a><\/div><\/div><\/div><div class=\"item\" data-season=\"all-seasons\"><div class=\"card card-apidae card-avance\"><div class=\"group-actions\"><ws-wishlist data-type=\"flag\" data-action=\"add\" data-wish-id=\"4628180\" data-wish-type=\"apidae\"><\/ws-wishlist><\/div><div class=\"group-media\"><div class=\"field-image\"><img decoding=\"async\" src=\"https:\/\/images.weserv.nl\/?url=https:\/\/static.apidae-tourisme.com\/filestore\/objets-touristiques\/images\/203\/55\/9648075-diaporama.jpg&#038;w=350&#038;h=350&#038;fit=cover&#038;output=webp&#038;q=45\" alt=\"Ice fall\"\/><\/div><\/div><div class=\"group-top\"><div class=\"field-commune\">L&#039;Argenti\u00e8re-la-Bess\u00e9e<\/div><ws-apidae-from-price data-apidae-id=\"4628180\" ><\/ws-apidae-from-price><\/div><div class=\"group-content\"><div class=\"field-title\">Ice fall<\/div><\/div><div class=\"field-link\" role=\"group\" aria-label=\"Lien vers le contenu\"><a href=\"https:\/\/www.paysdesecrins.com\/de\/fiche\/ice-fall-2\/\" class=\"cardlink\" title=\"Lire plus : Ice fall\" lang=\"de_DE\">Ice fall<\/a><\/div><\/div><\/div><div class=\"item\" data-season=\"all-seasons\"><div class=\"card card-apidae card-avance\"><div class=\"group-actions\"><ws-wishlist data-type=\"flag\" data-action=\"add\" data-wish-id=\"6814404\" data-wish-type=\"apidae\"><\/ws-wishlist><\/div><div class=\"group-media\"><div class=\"field-image\"><img decoding=\"async\" src=\"https:\/\/images.weserv.nl\/?url=https:\/\/static.apidae-tourisme.com\/filestore\/objets-touristiques\/images\/9\/163\/21340937-diaporama.jpg&#038;w=350&#038;h=350&#038;fit=cover&#038;output=webp&#038;q=45\" alt=\"Au c\u0153ur du Wudang Massage Tuina\"\/><\/div><\/div><div class=\"group-top\"><div class=\"field-commune\">L&#039;Argenti\u00e8re-la-Bess\u00e9e<\/div><ws-apidae-from-price data-apidae-id=\"6814404\" ><\/ws-apidae-from-price><\/div><div class=\"group-content\"><div class=\"field-title\">Au c\u0153ur du Wudang Massage Tuina<\/div><\/div><div class=\"field-link\" role=\"group\" aria-label=\"Lien vers le contenu\"><a href=\"https:\/\/www.paysdesecrins.com\/de\/fiche\/au-coeur-du-wudang-massage-tuina-2\/\" class=\"cardlink\" title=\"Lire plus : Au c\u0153ur du Wudang Massage Tuina\" lang=\"de_DE\">Au c\u0153ur du Wudang Massage Tuina<\/a><\/div><\/div><\/div><div id=\"locations-data_00944\" style=\"display: none;\">{&quot;locations&quot;:[{&quot;lat&quot;:&quot;44.780433&quot;,&quot;lng&quot;:&quot;6.553736&quot;,&quot;title&quot;:&quot;S\\u00e9bastien Constant&quot;,&quot;permalink&quot;:&quot;https:\\\/\\\/www.paysdesecrins.com\\\/de\\\/fiche\\\/sebastien-constant-2\\\/&quot;,&quot;type&quot;:&quot;commerce_et_service&quot;,&quot;commune&quot;:&quot;L&#039;Argenti\\u00e8re-la-Bess\\u00e9e&quot;,&quot;type_commerce&quot;:&quot;&quot;,&quot;image&quot;:&quot;https:\\\/\\\/static.apidae-tourisme.com\\\/filestore\\\/objets-touristiques\\\/images\\\/82\\\/247\\\/784210-diaporama.jpg&quot;,&quot;image_width&quot;:&quot;350&quot;,&quot;image_height&quot;:&quot;350&quot;,&quot;image_fit&quot;:&quot;cover&quot;},{&quot;lat&quot;:&quot;44.838914&quot;,&quot;lng&quot;:&quot;6.488633&quot;,&quot;title&quot;:&quot;Ice fall&quot;,&quot;permalink&quot;:&quot;https:\\\/\\\/www.paysdesecrins.com\\\/de\\\/fiche\\\/ice-fall-2\\\/&quot;,&quot;type&quot;:&quot;commerce_et_service&quot;,&quot;commune&quot;:&quot;L&#039;Argenti\\u00e8re-la-Bess\\u00e9e&quot;,&quot;type_commerce&quot;:&quot;&quot;,&quot;image&quot;:&quot;https:\\\/\\\/static.apidae-tourisme.com\\\/filestore\\\/objets-touristiques\\\/images\\\/203\\\/55\\\/9648075-diaporama.jpg&quot;,&quot;image_width&quot;:&quot;350&quot;,&quot;image_height&quot;:&quot;350&quot;,&quot;image_fit&quot;:&quot;cover&quot;},{&quot;lat&quot;:&quot;44.782597&quot;,&quot;lng&quot;:&quot;6.550211&quot;,&quot;title&quot;:&quot;Au c\\u0153ur du Wudang Massage Tuina&quot;,&quot;permalink&quot;:&quot;https:\\\/\\\/www.paysdesecrins.com\\\/de\\\/fiche\\\/au-coeur-du-wudang-massage-tuina-2\\\/&quot;,&quot;type&quot;:&quot;commerce_et_service&quot;,&quot;commune&quot;:&quot;L&#039;Argenti\\u00e8re-la-Bess\\u00e9e&quot;,&quot;type_commerce&quot;:&quot;&quot;,&quot;image&quot;:&quot;https:\\\/\\\/static.apidae-tourisme.com\\\/filestore\\\/objets-touristiques\\\/images\\\/9\\\/163\\\/21340937-diaporama.jpg&quot;,&quot;image_width&quot;:&quot;350&quot;,&quot;image_height&quot;:&quot;350&quot;,&quot;image_fit&quot;:&quot;cover&quot;}],&quot;center_lat&quot;:&quot;44.780433&quot;,&quot;center_lng&quot;:&quot;6.553736&quot;}<\/div><\/div><\/div><\/div><\/div>\n\n\n<div class=\"wp-block-ws-library-ws-button has-text-align-center  is-style-outline\"><a href=\"https:\/\/www.paysdesecrins.com\/je-choisis\/activites-et-materiel\/activites-2\/\" class=\"wp-block-button__link wp-element-button btn\"> tous les prestataires d&#8217;activit\u00e9s<\/a><\/div>\n<\/div><\/div>\n\n\n\n<div class=\"wp-block-ws-library-ws-tab\" style=\"display:none\"><p class=\"tab-title\">CULTURE ET PATRIMOINE<\/p><div class=\"tab-content\"><div id=\"listing_a4e92\" data-observer-wishlist data-attributes='listing-avance {\"selectedSelectionIds\":[\"189046\"],\"defaultImage\":\"https:\\\/\\\/www.paysdesecrins.com\\\/wp-content\\\/uploads\\\/2025\\\/06\\\/paysdesecrins.png\",\"isLimited\":true,\"perPage\":3,\"isPortrait\":false,\"isImageContain\":false,\"showCommune\":true,\"selectedFacets\":[],\"showMap\":false,\"sortOrder\":\"random\",\"showType\":false,\"columnsCount\":\"2-3-3\",\"showActiveFacets\":false,\"showGeolocalisation\":false,\"isPaginated\":false,\"season\":\"\",\"align\":\"wide\"}' class=\"ws-listing wp-block-ws-apidae-library-listing-avance alignwide\" data-map-id=\"map_a4e92\" data-locations-id=\"locations-data_a4e92\"><div class=\"facetwp-template\"><div class=\"list-container active\"><div class=\"list-items\"><div class=\"item\" data-season=\"all-seasons\"><div class=\"card card-apidae card-avance\"><div class=\"group-actions\"><ws-wishlist data-type=\"flag\" data-action=\"add\" data-wish-id=\"584484\" data-wish-type=\"apidae\"><\/ws-wishlist><\/div><div class=\"group-media\"><div class=\"field-image\"><img decoding=\"async\" src=\"https:\/\/images.weserv.nl\/?url=https:\/\/static.apidae-tourisme.com\/filestore\/objets-touristiques\/images\/21\/125\/10124565-diaporama.jpg&#038;w=350&#038;h=350&#038;fit=cover&#038;output=webp&#038;q=45\" alt=\"Eglise Saint-Apollinaire\"\/><\/div><\/div><div class=\"group-top\"><div class=\"field-commune\">L&#039;Argenti\u00e8re-la-Bess\u00e9e<\/div><ws-apidae-from-price data-apidae-id=\"584484\" ><\/ws-apidae-from-price><\/div><div class=\"group-content\"><div class=\"field-title\">Eglise Saint-Apollinaire<\/div><\/div><div class=\"field-link\" role=\"group\" aria-label=\"Lien vers le contenu\"><a href=\"https:\/\/www.paysdesecrins.com\/de\/fiche\/eglise-saint-apollinaire-2\/\" class=\"cardlink\" title=\"Lire plus : Eglise Saint-Apollinaire\" lang=\"de_DE\">Eglise Saint-Apollinaire<\/a><\/div><\/div><\/div><div class=\"item\" data-season=\"all-seasons\"><div class=\"card card-apidae card-avance\"><div class=\"group-actions\"><ws-wishlist data-type=\"flag\" data-action=\"add\" data-wish-id=\"584307\" data-wish-type=\"apidae\"><\/ws-wishlist><\/div><div class=\"group-media\"><div class=\"field-image\"><img decoding=\"async\" src=\"https:\/\/images.weserv.nl\/?url=https:\/\/static.apidae-tourisme.com\/filestore\/objets-touristiques\/images\/174\/147\/693166-diaporama.jpg&#038;w=350&#038;h=350&#038;fit=cover&#038;output=webp&#038;q=45\" alt=\"Chapelle Saint-Jean\"\/><\/div><\/div><div class=\"group-top\"><div class=\"field-commune\">L&#039;Argenti\u00e8re-la-Bess\u00e9e<\/div><ws-apidae-from-price data-apidae-id=\"584307\" ><\/ws-apidae-from-price><\/div><div class=\"group-content\"><div class=\"field-title\">Chapelle Saint-Jean<\/div><\/div><div class=\"field-link\" role=\"group\" aria-label=\"Lien vers le contenu\"><a href=\"https:\/\/www.paysdesecrins.com\/de\/fiche\/chapelle-saint-jean-2\/\" class=\"cardlink\" title=\"Lire plus : Chapelle Saint-Jean\" lang=\"de_DE\">Chapelle Saint-Jean<\/a><\/div><\/div><\/div><div class=\"item\" data-season=\"all-seasons\"><div class=\"card card-apidae card-avance\"><div class=\"group-actions\"><ws-wishlist data-type=\"flag\" data-action=\"add\" data-wish-id=\"227042\" data-wish-type=\"apidae\"><\/ws-wishlist><\/div><div class=\"group-media\"><div class=\"field-image\"><img decoding=\"async\" src=\"https:\/\/images.weserv.nl\/?url=https:\/\/static.apidae-tourisme.com\/filestore\/objets-touristiques\/images\/135\/211\/35378055-diaporama.jpg&#038;w=350&#038;h=350&#038;fit=cover&#038;output=webp&#038;q=45\" alt=\"La Mine d&#8217;Argent du Fournel\"\/><\/div><\/div><div class=\"group-top\"><div class=\"field-commune\">L&#039;Argenti\u00e8re-la-Bess\u00e9e<\/div><ws-apidae-from-price data-apidae-id=\"227042\" ><\/ws-apidae-from-price><\/div><div class=\"group-content\"><div class=\"field-title\">La Mine d&#8217;Argent du Fournel<\/div><\/div><div class=\"field-link\" role=\"group\" aria-label=\"Lien vers le contenu\"><a href=\"https:\/\/www.paysdesecrins.com\/de\/fiche\/la-mine-dargent-du-fournel-2\/\" class=\"cardlink\" title=\"Lire plus : La Mine d&#8217;Argent du Fournel\" lang=\"de_DE\">La Mine d&#8217;Argent du Fournel<\/a><\/div><\/div><\/div><div id=\"locations-data_a4e92\" style=\"display: none;\">{&quot;locations&quot;:[{&quot;lat&quot;:&quot;44.786089&quot;,&quot;lng&quot;:&quot;6.549952&quot;,&quot;title&quot;:&quot;Eglise Saint-Apollinaire&quot;,&quot;permalink&quot;:&quot;https:\\\/\\\/www.paysdesecrins.com\\\/de\\\/fiche\\\/eglise-saint-apollinaire-2\\\/&quot;,&quot;type&quot;:&quot;patrimoine_culturel&quot;,&quot;commune&quot;:&quot;L&#039;Argenti\\u00e8re-la-Bess\\u00e9e&quot;,&quot;type_commerce&quot;:&quot;&quot;,&quot;image&quot;:&quot;https:\\\/\\\/static.apidae-tourisme.com\\\/filestore\\\/objets-touristiques\\\/images\\\/21\\\/125\\\/10124565-diaporama.jpg&quot;,&quot;image_width&quot;:&quot;350&quot;,&quot;image_height&quot;:&quot;350&quot;,&quot;image_fit&quot;:&quot;cover&quot;},{&quot;lat&quot;:&quot;44.786058&quot;,&quot;lng&quot;:&quot;6.554758&quot;,&quot;title&quot;:&quot;Chapelle Saint-Jean&quot;,&quot;permalink&quot;:&quot;https:\\\/\\\/www.paysdesecrins.com\\\/de\\\/fiche\\\/chapelle-saint-jean-2\\\/&quot;,&quot;type&quot;:&quot;patrimoine_culturel&quot;,&quot;commune&quot;:&quot;L&#039;Argenti\\u00e8re-la-Bess\\u00e9e&quot;,&quot;type_commerce&quot;:&quot;&quot;,&quot;image&quot;:&quot;https:\\\/\\\/static.apidae-tourisme.com\\\/filestore\\\/objets-touristiques\\\/images\\\/174\\\/147\\\/693166-diaporama.jpg&quot;,&quot;image_width&quot;:&quot;350&quot;,&quot;image_height&quot;:&quot;350&quot;,&quot;image_fit&quot;:&quot;cover&quot;},{&quot;lat&quot;:&quot;44.785279&quot;,&quot;lng&quot;:&quot;6.553428&quot;,&quot;title&quot;:&quot;La Mine d&#8217;Argent du Fournel&quot;,&quot;permalink&quot;:&quot;https:\\\/\\\/www.paysdesecrins.com\\\/de\\\/fiche\\\/la-mine-dargent-du-fournel-2\\\/&quot;,&quot;type&quot;:&quot;patrimoine_culturel&quot;,&quot;commune&quot;:&quot;L&#039;Argenti\\u00e8re-la-Bess\\u00e9e&quot;,&quot;type_commerce&quot;:&quot;&quot;,&quot;image&quot;:&quot;https:\\\/\\\/static.apidae-tourisme.com\\\/filestore\\\/objets-touristiques\\\/images\\\/135\\\/211\\\/35378055-diaporama.jpg&quot;,&quot;image_width&quot;:&quot;350&quot;,&quot;image_height&quot;:&quot;350&quot;,&quot;image_fit&quot;:&quot;cover&quot;}],&quot;center_lat&quot;:&quot;44.786089&quot;,&quot;center_lng&quot;:&quot;6.549952&quot;}<\/div><\/div><\/div><\/div><\/div>\n\n\n<div class=\"wp-block-ws-library-ws-button has-text-align-center  is-style-outline\"><a href=\"https:\/\/www.paysdesecrins.com\/je-choisis\/activites-culturelles-et-patrimoine\/\" class=\"wp-block-button__link wp-element-button btn\"> toutes les activit\u00c9s culturelles et patrimoine <\/a><\/div>\n<\/div><\/div>\n<\/div><\/div>\n\n<div style=\"height:60px\" aria-hidden=\"true\" class=\"wp-block-spacer\"><\/div>\n\n<div class=\"wp-block-ws-library-ws-title\"><h2><em>Alles, was Sie brauchen <\/em>W\u00c4HREND DEINES AUFENTHALTES<\/h2><\/div>\n\n<div class=\"wp-block-ws-library-ws-tabs alignfull\"><ul class=\"tabs-titles\"><li class=\"tab-title is-active\" data-tab-index=\"0\">COMMERCES<\/li><li class=\"tab-title\" data-tab-index=\"1\">SERVICES<\/li><li class=\"tab-title\" data-tab-index=\"2\">RESTAURANTS<\/li><li class=\"tab-title\" data-tab-index=\"3\">H\u00c9BERGEMENTS<\/li><\/ul><div class=\"tabs-list\">\n<div class=\"wp-block-ws-library-ws-tab\" style=\"display:none\"><p class=\"tab-title\">COMMERCES<\/p><div class=\"tab-content\"><div id=\"listing_78cbe\" data-observer-wishlist data-attributes='listing-avance {\"selectedSelectionIds\":[\"189051\"],\"defaultImage\":\"https:\\\/\\\/www.paysdesecrins.com\\\/wp-content\\\/uploads\\\/2025\\\/06\\\/paysdesecrins.png\",\"isLimited\":true,\"perPage\":3,\"isPortrait\":false,\"isImageContain\":false,\"showCommune\":true,\"selectedFacets\":[],\"showMap\":false,\"sortOrder\":\"random\",\"showType\":false,\"columnsCount\":\"2-3-3\",\"showActiveFacets\":false,\"showGeolocalisation\":false,\"isPaginated\":false,\"season\":\"\",\"align\":\"wide\"}' class=\"ws-listing wp-block-ws-apidae-library-listing-avance alignwide\" data-map-id=\"map_78cbe\" data-locations-id=\"locations-data_78cbe\"><div class=\"facetwp-template\"><div class=\"list-container active\"><div class=\"list-items\"><div class=\"item\" data-season=\"all-seasons\"><div class=\"card card-apidae card-avance\"><div class=\"group-actions\"><ws-wishlist data-type=\"flag\" data-action=\"add\" data-wish-id=\"7220852\" data-wish-type=\"apidae\"><\/ws-wishlist><\/div><div class=\"group-media\"><div class=\"field-image\"><img decoding=\"async\" src=\"https:\/\/images.weserv.nl\/?url=https:\/\/static.apidae-tourisme.com\/filestore\/objets-touristiques\/images\/18\/205\/28364050-diaporama.jpg&#038;w=350&#038;h=350&#038;fit=cover&#038;output=webp&#038;q=45\" alt=\"Bulles de Meri\"\/><\/div><\/div><div class=\"group-top\"><div class=\"field-commune\">L&#039;Argenti\u00e8re-la-Bess\u00e9e<\/div><ws-apidae-from-price data-apidae-id=\"7220852\" ><\/ws-apidae-from-price><\/div><div class=\"group-content\"><div class=\"field-title\">Bulles de Meri<\/div><\/div><div class=\"field-link\" role=\"group\" aria-label=\"Lien vers le contenu\"><a href=\"https:\/\/www.paysdesecrins.com\/de\/fiche\/bulles-de-meri-2\/\" class=\"cardlink\" title=\"Lire plus : Bulles de Meri\" lang=\"de_DE\">Bulles de Meri<\/a><\/div><\/div><\/div><div class=\"item\" data-season=\"all-seasons\"><div class=\"card card-apidae card-avance\"><div class=\"group-actions\"><ws-wishlist data-type=\"flag\" data-action=\"add\" data-wish-id=\"637214\" data-wish-type=\"apidae\"><\/ws-wishlist><\/div><div class=\"group-media\"><div class=\"field-image\"><img decoding=\"async\" src=\"https:\/\/images.weserv.nl\/?url=https:\/\/static.apidae-tourisme.com\/filestore\/objets-touristiques\/images\/228\/81\/807396-diaporama.jpg&#038;w=350&#038;h=350&#038;fit=cover&#038;output=webp&#038;q=45\" alt=\"A Temps Tif\"\/><\/div><\/div><div class=\"group-top\"><div class=\"field-commune\">L&#039;Argenti\u00e8re-la-Bess\u00e9e<\/div><ws-apidae-from-price data-apidae-id=\"637214\" ><\/ws-apidae-from-price><\/div><div class=\"group-content\"><div class=\"field-title\">A Temps Tif<\/div><\/div><div class=\"field-link\" role=\"group\" aria-label=\"Lien vers le contenu\"><a href=\"https:\/\/www.paysdesecrins.com\/de\/fiche\/a-temps-tif-2\/\" class=\"cardlink\" title=\"Lire plus : A Temps Tif\" lang=\"de_DE\">A Temps Tif<\/a><\/div><\/div><\/div><div class=\"item\" data-season=\"all-seasons\"><div class=\"card card-apidae card-avance\"><div class=\"group-actions\"><ws-wishlist data-type=\"flag\" data-action=\"add\" data-wish-id=\"6157266\" data-wish-type=\"apidae\"><\/ws-wishlist><\/div><div class=\"group-media\"><div class=\"field-image\"><img decoding=\"async\" src=\"https:\/\/images.weserv.nl\/?url=https:\/\/static.apidae-tourisme.com\/filestore\/objets-touristiques\/images\/130\/118\/34043522-diaporama.jpg&#038;w=350&#038;h=350&#038;fit=cover&#038;output=webp&#038;q=45\" alt=\"Coiffure : Studio 6.0\"\/><\/div><\/div><div class=\"group-top\"><div class=\"field-commune\">L&#039;Argenti\u00e8re-la-Bess\u00e9e<\/div><ws-apidae-from-price data-apidae-id=\"6157266\" ><\/ws-apidae-from-price><\/div><div class=\"group-content\"><div class=\"field-title\">Coiffure : Studio 6.0<\/div><\/div><div class=\"field-link\" role=\"group\" aria-label=\"Lien vers le contenu\"><a href=\"https:\/\/www.paysdesecrins.com\/de\/fiche\/coiffure-studio-6-0-2\/\" class=\"cardlink\" title=\"Lire plus : Coiffure : Studio 6.0\" lang=\"de_DE\">Coiffure : Studio 6.0<\/a><\/div><\/div><\/div><div id=\"locations-data_78cbe\" style=\"display: none;\">{&quot;locations&quot;:[{&quot;lat&quot;:&quot;44.795135&quot;,&quot;lng&quot;:&quot;6.560365&quot;,&quot;title&quot;:&quot;A Temps Tif&quot;,&quot;permalink&quot;:&quot;https:\\\/\\\/www.paysdesecrins.com\\\/de\\\/fiche\\\/a-temps-tif-2\\\/&quot;,&quot;type&quot;:&quot;commerce_et_service&quot;,&quot;commune&quot;:&quot;L&#039;Argenti\\u00e8re-la-Bess\\u00e9e&quot;,&quot;type_commerce&quot;:&quot;&quot;,&quot;image&quot;:&quot;https:\\\/\\\/static.apidae-tourisme.com\\\/filestore\\\/objets-touristiques\\\/images\\\/228\\\/81\\\/807396-diaporama.jpg&quot;,&quot;image_width&quot;:&quot;350&quot;,&quot;image_height&quot;:&quot;350&quot;,&quot;image_fit&quot;:&quot;cover&quot;},{&quot;lat&quot;:&quot;44.783388&quot;,&quot;lng&quot;:&quot;6.549895&quot;,&quot;title&quot;:&quot;Coiffure : Studio 6.0&quot;,&quot;permalink&quot;:&quot;https:\\\/\\\/www.paysdesecrins.com\\\/de\\\/fiche\\\/coiffure-studio-6-0-2\\\/&quot;,&quot;type&quot;:&quot;commerce_et_service&quot;,&quot;commune&quot;:&quot;L&#039;Argenti\\u00e8re-la-Bess\\u00e9e&quot;,&quot;type_commerce&quot;:&quot;&quot;,&quot;image&quot;:&quot;https:\\\/\\\/static.apidae-tourisme.com\\\/filestore\\\/objets-touristiques\\\/images\\\/130\\\/118\\\/34043522-diaporama.jpg&quot;,&quot;image_width&quot;:&quot;350&quot;,&quot;image_height&quot;:&quot;350&quot;,&quot;image_fit&quot;:&quot;cover&quot;}],&quot;center_lat&quot;:&quot;44.795135&quot;,&quot;center_lng&quot;:&quot;6.560365&quot;}<\/div><\/div><\/div><\/div><\/div>\n\n\n<div class=\"wp-block-ws-library-ws-button has-text-align-center is-style-outline\"><a href=\"https:\/\/www.paysdesecrins.com\/commerces-et-services\/commerces\/\" class=\"wp-block-button__link wp-element-button btn\">  ALLE GESCH\u00c4FTE  <\/a><\/div>\n<\/div><\/div>\n\n\n\n<div class=\"wp-block-ws-library-ws-tab\" style=\"display:none\"><p class=\"tab-title\">SERVICES<\/p><div class=\"tab-content\"><div id=\"listing_39106\" data-observer-wishlist data-attributes='listing-avance {\"selectedSelectionIds\":[\"189053\"],\"defaultImage\":\"https:\\\/\\\/www.paysdesecrins.com\\\/wp-content\\\/uploads\\\/2025\\\/06\\\/paysdesecrins.png\",\"isLimited\":true,\"perPage\":3,\"isPortrait\":false,\"isImageContain\":false,\"showCommune\":true,\"selectedFacets\":[],\"showMap\":false,\"sortOrder\":\"random\",\"showType\":false,\"columnsCount\":\"2-3-3\",\"showActiveFacets\":false,\"showGeolocalisation\":false,\"isPaginated\":false,\"season\":\"\",\"align\":\"wide\"}' class=\"ws-listing wp-block-ws-apidae-library-listing-avance alignwide\" data-map-id=\"map_39106\" data-locations-id=\"locations-data_39106\"><div class=\"facetwp-template\"><div class=\"list-container active\"><div class=\"list-items\"><div class=\"item\" data-season=\"all-seasons\"><div class=\"card card-apidae card-avance\"><div class=\"group-actions\"><ws-wishlist data-type=\"flag\" data-action=\"add\" data-wish-id=\"4908607\" data-wish-type=\"apidae\"><\/ws-wishlist><\/div><div class=\"group-media\"><div class=\"field-image\"><img decoding=\"async\" src=\"https:\/\/images.weserv.nl\/?url=https:\/\/static.apidae-tourisme.com\/filestore\/objets-touristiques\/images\/86\/207\/28430166-diaporama.png&#038;w=350&#038;h=350&#038;fit=cover&#038;output=webp&#038;q=45\" alt=\"Kin\u00e9sith\u00e9rapeute, Ost\u00e9opathe Rippert Isabelle\"\/><\/div><\/div><div class=\"group-top\"><div class=\"field-commune\">L&#039;Argenti\u00e8re-la-Bess\u00e9e<\/div><ws-apidae-from-price data-apidae-id=\"4908607\" ><\/ws-apidae-from-price><\/div><div class=\"group-content\"><div class=\"field-title\">Kin\u00e9sith\u00e9rapeute, Ost\u00e9opathe Rippert Isabelle<\/div><\/div><div class=\"field-link\" role=\"group\" aria-label=\"Lien vers le contenu\"><a href=\"https:\/\/www.paysdesecrins.com\/de\/fiche\/kinesitherapeute-osteopathe-rippert-isabelle-2\/\" class=\"cardlink\" title=\"Lire plus : Kin\u00e9sith\u00e9rapeute, Ost\u00e9opathe Rippert Isabelle\" lang=\"de_DE\">Kin\u00e9sith\u00e9rapeute, Ost\u00e9opathe Rippert Isabelle<\/a><\/div><\/div><\/div><div class=\"item\" data-season=\"all-seasons\"><div class=\"card card-apidae card-avance\"><div class=\"group-actions\"><ws-wishlist data-type=\"flag\" data-action=\"add\" data-wish-id=\"6809028\" data-wish-type=\"apidae\"><\/ws-wishlist><\/div><div class=\"group-media\"><div class=\"field-image\"><img decoding=\"async\" src=\"https:\/\/images.weserv.nl\/?url=https:\/\/static.apidae-tourisme.com\/filestore\/objets-touristiques\/images\/4\/203\/28429060-diaporama.png&#038;w=350&#038;h=350&#038;fit=cover&#038;output=webp&#038;q=45\" alt=\"Cabinet d&#8217;infirmi\u00e8res ABC Soins\"\/><\/div><\/div><div class=\"group-top\"><div class=\"field-commune\">L&#039;Argenti\u00e8re-la-Bess\u00e9e<\/div><ws-apidae-from-price data-apidae-id=\"6809028\" ><\/ws-apidae-from-price><\/div><div class=\"group-content\"><div class=\"field-title\">Cabinet d&#8217;infirmi\u00e8res ABC Soins<\/div><\/div><div class=\"field-link\" role=\"group\" aria-label=\"Lien vers le contenu\"><a href=\"https:\/\/www.paysdesecrins.com\/de\/fiche\/cabinet-dinfirmieres-abc-soins-2\/\" class=\"cardlink\" title=\"Lire plus : Cabinet d&#8217;infirmi\u00e8res ABC Soins\" lang=\"de_DE\">Cabinet d&#8217;infirmi\u00e8res ABC Soins<\/a><\/div><\/div><\/div><div class=\"item\" data-season=\"all-seasons\"><div class=\"card card-apidae card-avance\"><div class=\"group-actions\"><ws-wishlist data-type=\"flag\" data-action=\"add\" data-wish-id=\"652837\" data-wish-type=\"apidae\"><\/ws-wishlist><\/div><div class=\"group-media\"><div class=\"field-image\"><img decoding=\"async\" src=\"https:\/\/images.weserv.nl\/?url=https:\/\/static.apidae-tourisme.com\/filestore\/objets-touristiques\/images\/113\/207\/28430193-diaporama.png&#038;w=350&#038;h=350&#038;fit=cover&#038;output=webp&#038;q=45\" alt=\"Kin\u00e9sith\u00e9rapeute Violaine Salacroup\"\/><\/div><\/div><div class=\"group-top\"><div class=\"field-commune\">L&#039;Argenti\u00e8re-la-Bess\u00e9e<\/div><ws-apidae-from-price data-apidae-id=\"652837\" ><\/ws-apidae-from-price><\/div><div class=\"group-content\"><div class=\"field-title\">Kin\u00e9sith\u00e9rapeute Violaine Salacroup<\/div><\/div><div class=\"field-link\" role=\"group\" aria-label=\"Lien vers le contenu\"><a href=\"https:\/\/www.paysdesecrins.com\/de\/fiche\/kinesitherapeute-violaine-salacroup-2\/\" class=\"cardlink\" title=\"Lire plus : Kin\u00e9sith\u00e9rapeute Violaine Salacroup\" lang=\"de_DE\">Kin\u00e9sith\u00e9rapeute Violaine Salacroup<\/a><\/div><\/div><\/div><div id=\"locations-data_39106\" style=\"display: none;\">{&quot;locations&quot;:[{&quot;lat&quot;:&quot;44.792591&quot;,&quot;lng&quot;:&quot;6.558325&quot;,&quot;title&quot;:&quot;Kin\\u00e9sith\\u00e9rapeute, Ost\\u00e9opathe Rippert Isabelle&quot;,&quot;permalink&quot;:&quot;https:\\\/\\\/www.paysdesecrins.com\\\/de\\\/fiche\\\/kinesitherapeute-osteopathe-rippert-isabelle-2\\\/&quot;,&quot;type&quot;:&quot;commerce_et_service&quot;,&quot;commune&quot;:&quot;L&#039;Argenti\\u00e8re-la-Bess\\u00e9e&quot;,&quot;type_commerce&quot;:&quot;&quot;,&quot;image&quot;:&quot;https:\\\/\\\/static.apidae-tourisme.com\\\/filestore\\\/objets-touristiques\\\/images\\\/86\\\/207\\\/28430166-diaporama.png&quot;,&quot;image_width&quot;:&quot;350&quot;,&quot;image_height&quot;:&quot;350&quot;,&quot;image_fit&quot;:&quot;cover&quot;},{&quot;lat&quot;:&quot;44.797212&quot;,&quot;lng&quot;:&quot;6.558734&quot;,&quot;title&quot;:&quot;Cabinet d&#8217;infirmi\\u00e8res ABC Soins&quot;,&quot;permalink&quot;:&quot;https:\\\/\\\/www.paysdesecrins.com\\\/de\\\/fiche\\\/cabinet-dinfirmieres-abc-soins-2\\\/&quot;,&quot;type&quot;:&quot;commerce_et_service&quot;,&quot;commune&quot;:&quot;L&#039;Argenti\\u00e8re-la-Bess\\u00e9e&quot;,&quot;type_commerce&quot;:&quot;&quot;,&quot;image&quot;:&quot;https:\\\/\\\/static.apidae-tourisme.com\\\/filestore\\\/objets-touristiques\\\/images\\\/4\\\/203\\\/28429060-diaporama.png&quot;,&quot;image_width&quot;:&quot;350&quot;,&quot;image_height&quot;:&quot;350&quot;,&quot;image_fit&quot;:&quot;cover&quot;},{&quot;lat&quot;:&quot;44.797317&quot;,&quot;lng&quot;:&quot;6.558878&quot;,&quot;title&quot;:&quot;Kin\\u00e9sith\\u00e9rapeute Violaine Salacroup&quot;,&quot;permalink&quot;:&quot;https:\\\/\\\/www.paysdesecrins.com\\\/de\\\/fiche\\\/kinesitherapeute-violaine-salacroup-2\\\/&quot;,&quot;type&quot;:&quot;commerce_et_service&quot;,&quot;commune&quot;:&quot;L&#039;Argenti\\u00e8re-la-Bess\\u00e9e&quot;,&quot;type_commerce&quot;:&quot;&quot;,&quot;image&quot;:&quot;https:\\\/\\\/static.apidae-tourisme.com\\\/filestore\\\/objets-touristiques\\\/images\\\/113\\\/207\\\/28430193-diaporama.png&quot;,&quot;image_width&quot;:&quot;350&quot;,&quot;image_height&quot;:&quot;350&quot;,&quot;image_fit&quot;:&quot;cover&quot;}],&quot;center_lat&quot;:&quot;44.792591&quot;,&quot;center_lng&quot;:&quot;6.558325&quot;}<\/div><\/div><\/div><\/div><\/div>\n\n\n<div class=\"wp-block-ws-library-ws-button has-text-align-center is-style-outline\"><a href=\"https:\/\/www.paysdesecrins.com\/commerces-et-services\/services\/\" class=\"wp-block-button__link wp-element-button btn\">  ALLE DIENSTLEISTUNGEN<\/a><\/div>\n<\/div><\/div>\n\n\n\n<div class=\"wp-block-ws-library-ws-tab\" style=\"display:none\"><p class=\"tab-title\">RESTAURANTS<\/p><div class=\"tab-content\"><div id=\"listing_8880d\" data-observer-wishlist data-attributes='listing-avance {\"selectedSelectionIds\":[\"189043\"],\"defaultImage\":\"https:\\\/\\\/www.paysdesecrins.com\\\/wp-content\\\/uploads\\\/2025\\\/06\\\/paysdesecrins.png\",\"isLimited\":true,\"perPage\":3,\"isPortrait\":false,\"isImageContain\":false,\"showCommune\":true,\"selectedFacets\":[],\"showMap\":false,\"sortOrder\":\"random\",\"showType\":false,\"columnsCount\":\"2-3-3\",\"showActiveFacets\":false,\"showGeolocalisation\":false,\"isPaginated\":false,\"season\":\"\",\"align\":\"wide\"}' class=\"ws-listing wp-block-ws-apidae-library-listing-avance alignwide\" data-map-id=\"map_8880d\" data-locations-id=\"locations-data_8880d\"><div class=\"facetwp-template\"><div class=\"list-container active\"><div class=\"list-items\"><div class=\"item\" data-season=\"all-seasons\"><div class=\"card card-apidae card-avance\"><div class=\"group-actions\"><ws-wishlist data-type=\"flag\" data-action=\"add\" data-wish-id=\"626073\" data-wish-type=\"apidae\"><\/ws-wishlist><\/div><div class=\"group-media\"><div class=\"field-image\"><img decoding=\"async\" src=\"https:\/\/images.weserv.nl\/?url=https:\/\/static.apidae-tourisme.com\/filestore\/objets-touristiques\/images\/159\/238\/781983-diaporama.jpg&#038;w=350&#038;h=350&#038;fit=cover&#038;output=webp&#038;q=45\" alt=\"Team Sorcier Pizza\"\/><\/div><\/div><div class=\"group-top\"><div class=\"field-commune\">L&#039;Argenti\u00e8re-la-Bess\u00e9e<\/div><ws-apidae-from-price data-apidae-id=\"626073\" ><\/ws-apidae-from-price><\/div><div class=\"group-content\"><div class=\"field-title\">Team Sorcier Pizza<\/div><\/div><div class=\"field-link\" role=\"group\" aria-label=\"Lien vers le contenu\"><a href=\"https:\/\/www.paysdesecrins.com\/de\/fiche\/team-sorcier-pizza-2\/\" class=\"cardlink\" title=\"Lire plus : Team Sorcier Pizza\" lang=\"de_DE\">Team Sorcier Pizza<\/a><\/div><\/div><\/div><div class=\"item\" data-season=\"all-seasons\"><div class=\"card card-apidae card-avance\"><div class=\"group-actions\"><ws-wishlist data-type=\"flag\" data-action=\"add\" data-wish-id=\"627496\" data-wish-type=\"apidae\"><\/ws-wishlist><\/div><div class=\"group-media\"><div class=\"field-image\"><img decoding=\"async\" src=\"https:\/\/images.weserv.nl\/?url=https:\/\/static.apidae-tourisme.com\/filestore\/objets-touristiques\/images\/21\/242\/3338773-diaporama.jpg&#038;w=350&#038;h=350&#038;fit=cover&#038;output=webp&#038;q=45\" alt=\"Pizza Sonny \/ Lecadieu Sonny\"\/><\/div><\/div><div class=\"group-top\"><div class=\"field-commune\">L&#039;Argenti\u00e8re-la-Bess\u00e9e<\/div><ws-apidae-from-price data-apidae-id=\"627496\" ><\/ws-apidae-from-price><\/div><div class=\"group-content\"><div class=\"field-title\">Pizza Sonny \/ Lecadieu Sonny<\/div><\/div><div class=\"field-link\" role=\"group\" aria-label=\"Lien vers le contenu\"><a href=\"https:\/\/www.paysdesecrins.com\/de\/fiche\/pizza-sonny-lecadieu-sonny-2\/\" class=\"cardlink\" title=\"Lire plus : Pizza Sonny \/ Lecadieu Sonny\" lang=\"de_DE\">Pizza Sonny \/ Lecadieu Sonny<\/a><\/div><\/div><\/div><div class=\"item\" data-season=\"all-seasons\"><div class=\"card card-apidae card-avance\"><div class=\"group-actions\"><ws-wishlist data-type=\"flag\" data-action=\"add\" data-wish-id=\"4647511\" data-wish-type=\"apidae\"><\/ws-wishlist><\/div><div class=\"group-media\"><div class=\"field-image\"><img decoding=\"async\" src=\"https:\/\/images.weserv.nl\/?url=https:\/\/static.apidae-tourisme.com\/filestore\/objets-touristiques\/images\/4\/197\/2082052-diaporama.jpg&#038;w=350&#038;h=350&#038;fit=cover&#038;output=webp&#038;q=45\" alt=\"Casa Antica Pizzeria\"\/><\/div><\/div><div class=\"group-top\"><div class=\"field-commune\">L&#039;Argenti\u00e8re-la-Bess\u00e9e<\/div><ws-apidae-from-price data-apidae-id=\"4647511\" ><\/ws-apidae-from-price><\/div><div class=\"group-content\"><div class=\"field-title\">Casa Antica Pizzeria<\/div><\/div><div class=\"field-link\" role=\"group\" aria-label=\"Lien vers le contenu\"><a href=\"https:\/\/www.paysdesecrins.com\/de\/fiche\/casa-antica-pizzeria-2\/\" class=\"cardlink\" title=\"Lire plus : Casa Antica Pizzeria\" lang=\"de_DE\">Casa Antica Pizzeria<\/a><\/div><\/div><\/div><div id=\"locations-data_8880d\" style=\"display: none;\">{&quot;locations&quot;:[{&quot;lat&quot;:&quot;44.777565&quot;,&quot;lng&quot;:&quot;6.555402&quot;,&quot;title&quot;:&quot;Team Sorcier Pizza&quot;,&quot;permalink&quot;:&quot;https:\\\/\\\/www.paysdesecrins.com\\\/de\\\/fiche\\\/team-sorcier-pizza-2\\\/&quot;,&quot;type&quot;:&quot;restauration&quot;,&quot;commune&quot;:&quot;L&#039;Argenti\\u00e8re-la-Bess\\u00e9e&quot;,&quot;type_commerce&quot;:&quot;&quot;,&quot;image&quot;:&quot;https:\\\/\\\/static.apidae-tourisme.com\\\/filestore\\\/objets-touristiques\\\/images\\\/159\\\/238\\\/781983-diaporama.jpg&quot;,&quot;image_width&quot;:&quot;350&quot;,&quot;image_height&quot;:&quot;350&quot;,&quot;image_fit&quot;:&quot;cover&quot;},{&quot;lat&quot;:&quot;44.796304&quot;,&quot;lng&quot;:&quot;6.558664&quot;,&quot;title&quot;:&quot;Pizza Sonny \\\/ Lecadieu Sonny&quot;,&quot;permalink&quot;:&quot;https:\\\/\\\/www.paysdesecrins.com\\\/de\\\/fiche\\\/pizza-sonny-lecadieu-sonny-2\\\/&quot;,&quot;type&quot;:&quot;restauration&quot;,&quot;commune&quot;:&quot;L&#039;Argenti\\u00e8re-la-Bess\\u00e9e&quot;,&quot;type_commerce&quot;:&quot;&quot;,&quot;image&quot;:&quot;https:\\\/\\\/static.apidae-tourisme.com\\\/filestore\\\/objets-touristiques\\\/images\\\/21\\\/242\\\/3338773-diaporama.jpg&quot;,&quot;image_width&quot;:&quot;350&quot;,&quot;image_height&quot;:&quot;350&quot;,&quot;image_fit&quot;:&quot;cover&quot;},{&quot;lat&quot;:&quot;44.790244&quot;,&quot;lng&quot;:&quot;6.558068&quot;,&quot;title&quot;:&quot;Casa Antica Pizzeria&quot;,&quot;permalink&quot;:&quot;https:\\\/\\\/www.paysdesecrins.com\\\/de\\\/fiche\\\/casa-antica-pizzeria-2\\\/&quot;,&quot;type&quot;:&quot;restauration&quot;,&quot;commune&quot;:&quot;L&#039;Argenti\\u00e8re-la-Bess\\u00e9e&quot;,&quot;type_commerce&quot;:&quot;&quot;,&quot;image&quot;:&quot;https:\\\/\\\/static.apidae-tourisme.com\\\/filestore\\\/objets-touristiques\\\/images\\\/4\\\/197\\\/2082052-diaporama.jpg&quot;,&quot;image_width&quot;:&quot;350&quot;,&quot;image_height&quot;:&quot;350&quot;,&quot;image_fit&quot;:&quot;cover&quot;}],&quot;center_lat&quot;:&quot;44.777565&quot;,&quot;center_lng&quot;:&quot;6.555402&quot;}<\/div><\/div><\/div><\/div><\/div>\n\n\n<div class=\"wp-block-ws-library-ws-button has-text-align-center is-style-outline\"><a href=\"https:\/\/www.paysdesecrins.com\/de\/ich-waehle\/unterkuenfte-und-restaurants\/restaurants\/\" class=\"wp-block-button__link wp-element-button btn\">  ALLE RESTAURANTS<\/a><\/div>\n<\/div><\/div>\n\n\n\n<div class=\"wp-block-ws-library-ws-tab\" style=\"display:none\"><p class=\"tab-title\">H\u00c9BERGEMENTS<\/p><div class=\"tab-content\"><div id=\"listing_366a7\" data-observer-wishlist data-attributes='listing-avance {\"selectedSelectionIds\":[\"188882\"],\"defaultImage\":\"https:\\\/\\\/www.paysdesecrins.com\\\/wp-content\\\/uploads\\\/2025\\\/06\\\/paysdesecrins.png\",\"isLimited\":true,\"perPage\":3,\"isPortrait\":false,\"isImageContain\":false,\"showCommune\":true,\"selectedFacets\":[],\"showMap\":false,\"sortOrder\":\"random\",\"showType\":false,\"columnsCount\":\"2-3-3\",\"showActiveFacets\":false,\"showGeolocalisation\":false,\"isPaginated\":false,\"season\":\"\",\"align\":\"wide\"}' class=\"ws-listing wp-block-ws-apidae-library-listing-avance alignwide\" data-map-id=\"map_366a7\" data-locations-id=\"locations-data_366a7\"><div class=\"facetwp-template\"><div class=\"list-container active\"><div class=\"list-items\"><div class=\"item\" data-season=\"all-seasons\"><div class=\"card card-apidae card-avance\"><div class=\"group-actions\"><ws-wishlist data-type=\"flag\" data-action=\"add\" data-wish-id=\"7430086\" data-wish-type=\"apidae\"><\/ws-wishlist><\/div><div class=\"group-media\"><div class=\"field-image\"><img decoding=\"async\" src=\"https:\/\/images.weserv.nl\/?url=https:\/\/static.apidae-tourisme.com\/filestore\/objets-touristiques\/images\/97\/175\/32354145-diaporama.jpg&#038;w=350&#038;h=350&#038;fit=cover&#038;output=webp&#038;q=45\" alt=\"&#8222;La Parenth\u00e8se Alpestre&#8220;\"\/><\/div><\/div><div class=\"group-top\"><div class=\"field-commune\">L&#039;Argenti\u00e8re-la-Bess\u00e9e<\/div><ws-apidae-from-price data-apidae-id=\"7430086\" ><\/ws-apidae-from-price><\/div><div class=\"group-content\"><div class=\"field-title\">&#8222;La Parenth\u00e8se Alpestre&#8220;<\/div><\/div><div class=\"field-link\" role=\"group\" aria-label=\"Lien vers le contenu\"><a href=\"https:\/\/www.paysdesecrins.com\/de\/fiche\/la-parenthese-alpestre-2\/\" class=\"cardlink\" title=\"Lire plus : &#8222;La Parenth\u00e8se Alpestre&#8220;\" lang=\"de_DE\">&#8222;La Parenth\u00e8se Alpestre&#8220;<\/a><\/div><\/div><\/div><div class=\"item\" data-season=\"all-seasons\"><div class=\"card card-apidae card-avance\"><div class=\"group-actions\"><ws-wishlist data-type=\"flag\" data-action=\"add\" data-wish-id=\"5054861\" data-wish-type=\"apidae\"><\/ws-wishlist><\/div><div class=\"group-media\"><div class=\"field-image\"><img decoding=\"async\" src=\"https:\/\/images.weserv.nl\/?url=https:\/\/www.paysdesecrins.com\/wp-content\/uploads\/2025\/06\/paysdesecrins.png&#038;w=350&#038;h=350&#038;fit=cover&#038;output=webp&#038;q=45\" alt=\"Richard Lo\u00efc et Claudine\"\/><\/div><\/div><div class=\"group-top\"><div class=\"field-commune\">L&#039;Argenti\u00e8re-la-Bess\u00e9e<\/div><ws-apidae-from-price data-apidae-id=\"5054861\" ><\/ws-apidae-from-price><\/div><div class=\"group-content\"><div class=\"field-title\">Richard Lo\u00efc et Claudine<\/div><\/div><div class=\"field-link\" role=\"group\" aria-label=\"Lien vers le contenu\"><a href=\"https:\/\/www.paysdesecrins.com\/de\/fiche\/richard-loic-et-claudine-2\/\" class=\"cardlink\" title=\"Lire plus : Richard Lo\u00efc et Claudine\" lang=\"de_DE\">Richard Lo\u00efc et Claudine<\/a><\/div><\/div><\/div><div class=\"item\" data-season=\"all-seasons\"><div class=\"card card-apidae card-avance\"><div class=\"group-actions\"><ws-wishlist data-type=\"flag\" data-action=\"add\" data-wish-id=\"6474649\" data-wish-type=\"apidae\"><\/ws-wishlist><\/div><div class=\"group-media\"><div class=\"field-image\"><img decoding=\"async\" src=\"https:\/\/images.weserv.nl\/?url=https:\/\/static.apidae-tourisme.com\/filestore\/objets-touristiques\/images\/16\/205\/17026320-diaporama.jpg&#038;w=350&#038;h=350&#038;fit=cover&#038;output=webp&#038;q=45\" alt=\"Nalanda\"\/><\/div><\/div><div class=\"group-top\"><div class=\"field-commune\">L&#039;Argenti\u00e8re-la-Bess\u00e9e<\/div><ws-apidae-from-price data-apidae-id=\"6474649\" ><\/ws-apidae-from-price><\/div><div class=\"group-content\"><div class=\"field-title\">Nalanda<\/div><\/div><div class=\"field-link\" role=\"group\" aria-label=\"Lien vers le contenu\"><a href=\"https:\/\/www.paysdesecrins.com\/de\/fiche\/nalanda-2\/\" class=\"cardlink\" title=\"Lire plus : Nalanda\" lang=\"de_DE\">Nalanda<\/a><\/div><\/div><\/div><div id=\"locations-data_366a7\" style=\"display: none;\">{&quot;locations&quot;:[{&quot;lat&quot;:&quot;44.78633&quot;,&quot;lng&quot;:&quot;6.550254&quot;,&quot;title&quot;:&quot;&#8222;La Parenth\\u00e8se Alpestre&#8220;&quot;,&quot;permalink&quot;:&quot;https:\\\/\\\/www.paysdesecrins.com\\\/de\\\/fiche\\\/la-parenthese-alpestre-2\\\/&quot;,&quot;type&quot;:&quot;hebergement_locatif&quot;,&quot;commune&quot;:&quot;L&#039;Argenti\\u00e8re-la-Bess\\u00e9e&quot;,&quot;type_commerce&quot;:&quot;&quot;,&quot;image&quot;:&quot;https:\\\/\\\/static.apidae-tourisme.com\\\/filestore\\\/objets-touristiques\\\/images\\\/97\\\/175\\\/32354145-diaporama.jpg&quot;,&quot;image_width&quot;:&quot;350&quot;,&quot;image_height&quot;:&quot;350&quot;,&quot;image_fit&quot;:&quot;cover&quot;},{&quot;lat&quot;:&quot;44.798159&quot;,&quot;lng&quot;:&quot;6.554881&quot;,&quot;title&quot;:&quot;Nalanda&quot;,&quot;permalink&quot;:&quot;https:\\\/\\\/www.paysdesecrins.com\\\/de\\\/fiche\\\/nalanda-2\\\/&quot;,&quot;type&quot;:&quot;hebergement_locatif&quot;,&quot;commune&quot;:&quot;L&#039;Argenti\\u00e8re-la-Bess\\u00e9e&quot;,&quot;type_commerce&quot;:&quot;&quot;,&quot;image&quot;:&quot;https:\\\/\\\/static.apidae-tourisme.com\\\/filestore\\\/objets-touristiques\\\/images\\\/16\\\/205\\\/17026320-diaporama.jpg&quot;,&quot;image_width&quot;:&quot;350&quot;,&quot;image_height&quot;:&quot;350&quot;,&quot;image_fit&quot;:&quot;cover&quot;}],&quot;center_lat&quot;:&quot;44.78633&quot;,&quot;center_lng&quot;:&quot;6.550254&quot;}<\/div><\/div><\/div><\/div><\/div>\n\n\n<div class=\"wp-block-ws-library-ws-button has-text-align-center is-style-outline\"><a href=\"https:\/\/www.paysdesecrins.com\/de\/ich-waehle\/unterkuenfte-und-restaurants\/unterkunft\/\" class=\"wp-block-button__link wp-element-button btn\">  ALLE UNTERK\u00dcNFTE<\/a><\/div>\n<\/div><\/div>\n<\/div><\/div>\n\n<div style=\"height:60px\" aria-hidden=\"true\" class=\"wp-block-spacer\"><\/div>\n\n<div class=\"wp-block-ws-library-ws-title aligncenter\"><h2><em>Ein Land des Outdoor-Sports<\/em> , der Beweis in Bildern<\/h2><\/div>\n\n<div class=\"wp-block-ws-library-ws-slider alignfull\"><div class=\"splide\" data-splide=\"{\"type\":\"slide\",\"heightRatio\":\"auto\",\"perPage\":4,\"perMove\":1,\"drag\":true,\"pagination\":0,\"autoplay\":false,\"gap\":\"15px\",\"breakpoints\":{\"450\":{\"perPage\":1},\"768\":{\"perPage\":2},\"992\":{\"perPage\":3},\"1200\":{\"perPage\":4}}}\"><div class=\"splide__track\"><div class=\"splide__list\"><div class=\"splide__slide\"><a href=\"https:\/\/www.paysdesecrins.com\/wp-content\/uploads\/2025\/07\/5eauxvives-kayak-dsc06626rogiervanrijn-scaled.jpg\" data-glightbox=\"true\" class=\"lightbox-trigger\"><img decoding=\"async\" src=\"https:\/\/www.paysdesecrins.com\/wp-content\/uploads\/2025\/07\/5eauxvives-kayak-dsc06626rogiervanrijn-400x400.jpg\" alt=\"\"><\/a><\/div><div class=\"splide__slide\"><a href=\"https:\/\/www.paysdesecrins.com\/wp-content\/uploads\/2025\/07\/51eauxvives-rafting-championnat-de-france-de-r-2-scaled.jpg\" data-glightbox=\"true\" class=\"lightbox-trigger\"><img decoding=\"async\" src=\"https:\/\/www.paysdesecrins.com\/wp-content\/uploads\/2025\/07\/51eauxvives-rafting-championnat-de-france-de-r-2-400x400.jpg\" alt=\"\"><\/a><\/div><div class=\"splide__slide\"><a href=\"https:\/\/www.paysdesecrins.com\/wp-content\/uploads\/2025\/07\/18veloderoute-dsc00234-400x400.jpg\" data-glightbox=\"true\" class=\"lightbox-trigger\"><img decoding=\"async\" src=\"https:\/\/www.paysdesecrins.com\/wp-content\/uploads\/2025\/07\/18veloderoute-dsc00234-400x400.jpg\" alt=\"\"><\/a><\/div><div class=\"splide__slide\"><a href=\"https:\/\/www.paysdesecrins.com\/wp-content\/uploads\/2025\/07\/81tab-dsc07650-enhanced-nr-2-scaled.jpg\" data-glightbox=\"true\" class=\"lightbox-trigger\"><img decoding=\"async\" src=\"https:\/\/www.paysdesecrins.com\/wp-content\/uploads\/2025\/07\/81tab-dsc07650-enhanced-nr-2-400x400.jpg\" alt=\"\"><\/a><\/div><div class=\"splide__slide\"><a href=\"https:\/\/www.paysdesecrins.com\/wp-content\/uploads\/2025\/07\/81tout-a-blocqdsc05486rogiervanrijn-scaled.jpg\" data-glightbox=\"true\" class=\"lightbox-trigger\"><img decoding=\"async\" src=\"https:\/\/www.paysdesecrins.com\/wp-content\/uploads\/2025\/07\/81tout-a-blocqdsc05486rogiervanrijn-400x400.jpg\" alt=\"\"><\/a><\/div><div class=\"splide__slide\"><a href=\"https:\/\/www.paysdesecrins.com\/wp-content\/uploads\/2025\/07\/8escalade-alpinisme-via-ferrata-l-argentie-re-le-scaled.jpg\" data-glightbox=\"true\" class=\"lightbox-trigger\"><img decoding=\"async\" src=\"https:\/\/www.paysdesecrins.com\/wp-content\/uploads\/2025\/07\/8escalade-alpinisme-via-ferrata-l-argentie-re-le-400x400.jpg\" alt=\"\"><\/a><\/div><\/div><\/div><\/div><\/div>\n\n<div class=\"wp-block-ws-library-ws-title aligncenter\"><h2><em>Wir k\u00fcmmern uns um alles,<\/em> was Ihnen Spa\u00df macht<\/h2><\/div>\n\n<p class=\"has-text-align-center\">Entdecken Sie unsere All-Inclusive-Aufenthalte und lassen Sie uns Ihr Eintauchen in die Berge organisieren: Unterk\u00fcnfte, gef\u00fchrte Aktivit\u00e4ten und lokale Erlebnisse werden f\u00fcr Sie zusammengestellt. W\u00e4hlen Sie Ihre Formel, von einem erholsamen Wochenende bis zu einer Woche voller Abenteuer, und genie\u00dfen Sie die Landschaften, das Know-how und die Geselligkeit, ohne sich um irgendetwas k\u00fcmmern zu m\u00fcssen. <\/p>\n<div class=\"alignwide wp-block-ws-library-ws-list-content\"><div class=\"list-items\"><div class=\"item\" data-season=\"all-seasons\"><div class=\"card  card-page\"><div class=\"group-media\"><div class=\"field-image\"><img loading=\"lazy\" decoding=\"async\" width=\"300\" height=\"450\" src=\"https:\/\/www.paysdesecrins.com\/wp-content\/uploads\/2025\/08\/photos-kinaphoto-pelvoux-journe-e-1-2025-hd66-300x450.jpg\" class=\"winter wp-post-image\" alt=\"\" data-season=\"winter\" srcset=\"https:\/\/www.paysdesecrins.com\/wp-content\/uploads\/2025\/08\/photos-kinaphoto-pelvoux-journe-e-1-2025-hd66-300x450.jpg 300w, https:\/\/www.paysdesecrins.com\/wp-content\/uploads\/2025\/08\/photos-kinaphoto-pelvoux-journe-e-1-2025-hd66-390x585.jpg 390w\" sizes=\"auto, (max-width: 300px) 100vw, 300px\" \/><img loading=\"lazy\" decoding=\"async\" width=\"300\" height=\"450\" src=\"https:\/\/www.paysdesecrins.com\/wp-content\/uploads\/2025\/07\/dsc01515-300x450.jpg\" class=\"vivaldi-thumb summer\" alt=\"\" data-season=\"summer\" srcset=\"https:\/\/www.paysdesecrins.com\/wp-content\/uploads\/2025\/07\/dsc01515-300x450.jpg 300w, https:\/\/www.paysdesecrins.com\/wp-content\/uploads\/2025\/07\/dsc01515-390x585.jpg 390w\" sizes=\"auto, (max-width: 300px) 100vw, 300px\" \/><\/div><\/div><div class=\"group-content\"><div class=\"field-title\">Alle unsere Aufenthalte<\/div><\/div><div class=\"field-link\" role=\"group\" aria-label=\"Lien vers le contenu\"><a href=\"https:\/\/www.paysdesecrins.com\/de\/bleibt\/\" class=\"cardlink\" title=\"Lire plus : Alle unsere Aufenthalte\" lang=\"de_DE\">Alle unsere Aufenthalte<\/a><\/div><\/div><\/div><\/div><\/div>\n<div style=\"height:60px\" aria-hidden=\"true\" class=\"wp-block-spacer\"><\/div>\n\n<div class=\"wp-block-ws-library-ws-share\"><span class=\"share-subtitle\">Hat Ihnen diese Seite gefallen?<\/span><span class=\"share-title\">Teilen Sie es!<\/span><button class=\"ws-share-button wp-element-button\">Diese Seite teilen<\/button><\/div>\n","protected":false},"excerpt":{"rendered":"<p>Auf einer H\u00f6he von 1.000 m am Zusammenfluss der Fl\u00fcsse Durance, Vallouise und Fournel gelegen, ist L&#8217;Argenti\u00e8re-La-Bess\u00e9e der ideale Ausgangspunkt, [&hellip;]<\/p>\n","protected":false},"author":1,"featured_media":65524,"parent":44509,"menu_order":0,"comment_status":"closed","ping_status":"closed","template":"","meta":{"_thumbnail_id_2":0,"summer_excerpt":"","season":"","station":"","footnotes":""},"class_list":["post-45047","page","type-page","status-publish","has-post-thumbnail","hentry"],"yoast_head":"<!-- This site is optimized with the Yoast SEO plugin v27.3 - https:\/\/yoast.com\/product\/yoast-seo-wordpress\/ -->\n<title>L&#039;Argenti\u00e8re-la-Bess\u00e9e - Pays des \u00c9crins - Office de Tourisme<\/title>\n<meta name=\"robots\" content=\"index, follow, max-snippet:-1, max-image-preview:large, max-video-preview:-1\" \/>\n<link rel=\"canonical\" href=\"https:\/\/www.paysdesecrins.com\/de\/mein-resort-mein-dorf\/largentiere-la-bessee\/\" \/>\n<meta property=\"og:locale\" content=\"de_DE\" \/>\n<meta property=\"og:type\" content=\"article\" \/>\n<meta property=\"og:title\" content=\"L&#039;Argenti\u00e8re-la-Bess\u00e9e - Pays des \u00c9crins - Office de Tourisme\" \/>\n<meta property=\"og:description\" content=\"Auf einer H\u00f6he von 1.000 m am Zusammenfluss der Fl\u00fcsse Durance, Vallouise und Fournel gelegen, ist L&#8217;Argenti\u00e8re-La-Bess\u00e9e der ideale Ausgangspunkt, [&hellip;]\" \/>\n<meta property=\"og:url\" content=\"https:\/\/www.paysdesecrins.com\/de\/mein-resort-mein-dorf\/largentiere-la-bessee\/\" \/>\n<meta property=\"og:site_name\" content=\"Pays des \u00c9crins - Office de Tourisme\" \/>\n<meta property=\"article:modified_time\" content=\"2025-08-13T16:09:53+00:00\" \/>\n<meta property=\"og:image\" content=\"https:\/\/www.paysdesecrins.com\/wp-content\/uploads\/2025\/08\/argentiere-la-bessee-29-scaled.jpg\" \/>\n\t<meta property=\"og:image:width\" content=\"2560\" \/>\n\t<meta property=\"og:image:height\" content=\"1706\" \/>\n\t<meta property=\"og:image:type\" content=\"image\/jpeg\" \/>\n<meta name=\"twitter:card\" content=\"summary_large_image\" \/>\n<meta name=\"twitter:label1\" content=\"Gesch\u00e4tzte Lesezeit\" \/>\n\t<meta name=\"twitter:data1\" content=\"3 Minuten\" \/>\n<script type=\"application\/ld+json\" class=\"yoast-schema-graph\">{\"@context\":\"https:\\\/\\\/schema.org\",\"@graph\":[{\"@type\":\"WebPage\",\"@id\":\"https:\\\/\\\/www.paysdesecrins.com\\\/de\\\/mein-resort-mein-dorf\\\/largentiere-la-bessee\\\/\",\"url\":\"https:\\\/\\\/www.paysdesecrins.com\\\/de\\\/mein-resort-mein-dorf\\\/largentiere-la-bessee\\\/\",\"name\":\"L'Argenti\u00e8re-la-Bess\u00e9e - Pays des \u00c9crins - Office de Tourisme\",\"isPartOf\":{\"@id\":\"https:\\\/\\\/www.paysdesecrins.com\\\/de\\\/#website\"},\"primaryImageOfPage\":{\"@id\":\"https:\\\/\\\/www.paysdesecrins.com\\\/de\\\/mein-resort-mein-dorf\\\/largentiere-la-bessee\\\/#primaryimage\"},\"image\":{\"@id\":\"https:\\\/\\\/www.paysdesecrins.com\\\/de\\\/mein-resort-mein-dorf\\\/largentiere-la-bessee\\\/#primaryimage\"},\"thumbnailUrl\":\"https:\\\/\\\/www.paysdesecrins.com\\\/wp-content\\\/uploads\\\/2025\\\/08\\\/argentiere-la-bessee-29-scaled.jpg\",\"datePublished\":\"2025-06-25T13:44:54+00:00\",\"dateModified\":\"2025-08-13T16:09:53+00:00\",\"breadcrumb\":{\"@id\":\"https:\\\/\\\/www.paysdesecrins.com\\\/de\\\/mein-resort-mein-dorf\\\/largentiere-la-bessee\\\/#breadcrumb\"},\"inLanguage\":\"de\",\"potentialAction\":[{\"@type\":\"ReadAction\",\"target\":[\"https:\\\/\\\/www.paysdesecrins.com\\\/de\\\/mein-resort-mein-dorf\\\/largentiere-la-bessee\\\/\"]}]},{\"@type\":\"ImageObject\",\"inLanguage\":\"de\",\"@id\":\"https:\\\/\\\/www.paysdesecrins.com\\\/de\\\/mein-resort-mein-dorf\\\/largentiere-la-bessee\\\/#primaryimage\",\"url\":\"https:\\\/\\\/www.paysdesecrins.com\\\/wp-content\\\/uploads\\\/2025\\\/08\\\/argentiere-la-bessee-29-scaled.jpg\",\"contentUrl\":\"https:\\\/\\\/www.paysdesecrins.com\\\/wp-content\\\/uploads\\\/2025\\\/08\\\/argentiere-la-bessee-29-scaled.jpg\",\"width\":2560,\"height\":1706},{\"@type\":\"BreadcrumbList\",\"@id\":\"https:\\\/\\\/www.paysdesecrins.com\\\/de\\\/mein-resort-mein-dorf\\\/largentiere-la-bessee\\\/#breadcrumb\",\"itemListElement\":[{\"@type\":\"ListItem\",\"position\":1,\"name\":\"Accueil\",\"item\":\"https:\\\/\\\/www.paysdesecrins.com\\\/de\\\/der-titel-des-hauses\\\/\"},{\"@type\":\"ListItem\",\"position\":2,\"name\":\"Mein Resort, mein Dorf\",\"item\":\"https:\\\/\\\/www.paysdesecrins.com\\\/de\\\/ma-station-mon-village\\\/\"},{\"@type\":\"ListItem\",\"position\":3,\"name\":\"L&rsquo;Argenti\u00e8re-la-Bess\u00e9e\"}]},{\"@type\":\"WebSite\",\"@id\":\"https:\\\/\\\/www.paysdesecrins.com\\\/de\\\/#website\",\"url\":\"https:\\\/\\\/www.paysdesecrins.com\\\/de\\\/\",\"name\":\"Pays des \u00c9crins - Office de Tourisme\",\"description\":\"L&#039;esprit montagne\",\"publisher\":{\"@id\":\"https:\\\/\\\/www.paysdesecrins.com\\\/de\\\/#organization\"},\"potentialAction\":[{\"@type\":\"SearchAction\",\"target\":{\"@type\":\"EntryPoint\",\"urlTemplate\":\"https:\\\/\\\/www.paysdesecrins.com\\\/de\\\/?s={search_term_string}\"},\"query-input\":{\"@type\":\"PropertyValueSpecification\",\"valueRequired\":true,\"valueName\":\"search_term_string\"}}],\"inLanguage\":\"de\"},{\"@type\":\"Organization\",\"@id\":\"https:\\\/\\\/www.paysdesecrins.com\\\/de\\\/#organization\",\"name\":\"Pays des \u00c9crins - Office de Tourisme\",\"url\":\"https:\\\/\\\/www.paysdesecrins.com\\\/de\\\/\",\"logo\":{\"@type\":\"ImageObject\",\"inLanguage\":\"de\",\"@id\":\"https:\\\/\\\/www.paysdesecrins.com\\\/de\\\/#\\\/schema\\\/logo\\\/image\\\/\",\"url\":\"https:\\\/\\\/www.paysdesecrins.com\\\/wp-content\\\/uploads\\\/2025\\\/06\\\/devina-svg-1750845694.svg\",\"contentUrl\":\"https:\\\/\\\/www.paysdesecrins.com\\\/wp-content\\\/uploads\\\/2025\\\/06\\\/devina-svg-1750845694.svg\",\"caption\":\"Pays des \u00c9crins - Office de Tourisme\"},\"image\":{\"@id\":\"https:\\\/\\\/www.paysdesecrins.com\\\/de\\\/#\\\/schema\\\/logo\\\/image\\\/\"}}]}<\/script>\n<!-- \/ Yoast SEO plugin. -->","yoast_head_json":{"title":"L'Argenti\u00e8re-la-Bess\u00e9e - Pays des \u00c9crins - Office de Tourisme","robots":{"index":"index","follow":"follow","max-snippet":"max-snippet:-1","max-image-preview":"max-image-preview:large","max-video-preview":"max-video-preview:-1"},"canonical":"https:\/\/www.paysdesecrins.com\/de\/mein-resort-mein-dorf\/largentiere-la-bessee\/","og_locale":"de_DE","og_type":"article","og_title":"L'Argenti\u00e8re-la-Bess\u00e9e - Pays des \u00c9crins - Office de Tourisme","og_description":"Auf einer H\u00f6he von 1.000 m am Zusammenfluss der Fl\u00fcsse Durance, Vallouise und Fournel gelegen, ist L&#8217;Argenti\u00e8re-La-Bess\u00e9e der ideale Ausgangspunkt, [&hellip;]","og_url":"https:\/\/www.paysdesecrins.com\/de\/mein-resort-mein-dorf\/largentiere-la-bessee\/","og_site_name":"Pays des \u00c9crins - Office de Tourisme","article_modified_time":"2025-08-13T16:09:53+00:00","og_image":[{"width":2560,"height":1706,"url":"https:\/\/www.paysdesecrins.com\/wp-content\/uploads\/2025\/08\/argentiere-la-bessee-29-scaled.jpg","type":"image\/jpeg"}],"twitter_card":"summary_large_image","twitter_misc":{"Gesch\u00e4tzte Lesezeit":"3 Minuten"},"schema":{"@context":"https:\/\/schema.org","@graph":[{"@type":"WebPage","@id":"https:\/\/www.paysdesecrins.com\/de\/mein-resort-mein-dorf\/largentiere-la-bessee\/","url":"https:\/\/www.paysdesecrins.com\/de\/mein-resort-mein-dorf\/largentiere-la-bessee\/","name":"L'Argenti\u00e8re-la-Bess\u00e9e - Pays des \u00c9crins - Office de Tourisme","isPartOf":{"@id":"https:\/\/www.paysdesecrins.com\/de\/#website"},"primaryImageOfPage":{"@id":"https:\/\/www.paysdesecrins.com\/de\/mein-resort-mein-dorf\/largentiere-la-bessee\/#primaryimage"},"image":{"@id":"https:\/\/www.paysdesecrins.com\/de\/mein-resort-mein-dorf\/largentiere-la-bessee\/#primaryimage"},"thumbnailUrl":"https:\/\/www.paysdesecrins.com\/wp-content\/uploads\/2025\/08\/argentiere-la-bessee-29-scaled.jpg","datePublished":"2025-06-25T13:44:54+00:00","dateModified":"2025-08-13T16:09:53+00:00","breadcrumb":{"@id":"https:\/\/www.paysdesecrins.com\/de\/mein-resort-mein-dorf\/largentiere-la-bessee\/#breadcrumb"},"inLanguage":"de","potentialAction":[{"@type":"ReadAction","target":["https:\/\/www.paysdesecrins.com\/de\/mein-resort-mein-dorf\/largentiere-la-bessee\/"]}]},{"@type":"ImageObject","inLanguage":"de","@id":"https:\/\/www.paysdesecrins.com\/de\/mein-resort-mein-dorf\/largentiere-la-bessee\/#primaryimage","url":"https:\/\/www.paysdesecrins.com\/wp-content\/uploads\/2025\/08\/argentiere-la-bessee-29-scaled.jpg","contentUrl":"https:\/\/www.paysdesecrins.com\/wp-content\/uploads\/2025\/08\/argentiere-la-bessee-29-scaled.jpg","width":2560,"height":1706},{"@type":"BreadcrumbList","@id":"https:\/\/www.paysdesecrins.com\/de\/mein-resort-mein-dorf\/largentiere-la-bessee\/#breadcrumb","itemListElement":[{"@type":"ListItem","position":1,"name":"Accueil","item":"https:\/\/www.paysdesecrins.com\/de\/der-titel-des-hauses\/"},{"@type":"ListItem","position":2,"name":"Mein Resort, mein Dorf","item":"https:\/\/www.paysdesecrins.com\/de\/ma-station-mon-village\/"},{"@type":"ListItem","position":3,"name":"L&rsquo;Argenti\u00e8re-la-Bess\u00e9e"}]},{"@type":"WebSite","@id":"https:\/\/www.paysdesecrins.com\/de\/#website","url":"https:\/\/www.paysdesecrins.com\/de\/","name":"Pays des \u00c9crins - Office de Tourisme","description":"L&#039;esprit montagne","publisher":{"@id":"https:\/\/www.paysdesecrins.com\/de\/#organization"},"potentialAction":[{"@type":"SearchAction","target":{"@type":"EntryPoint","urlTemplate":"https:\/\/www.paysdesecrins.com\/de\/?s={search_term_string}"},"query-input":{"@type":"PropertyValueSpecification","valueRequired":true,"valueName":"search_term_string"}}],"inLanguage":"de"},{"@type":"Organization","@id":"https:\/\/www.paysdesecrins.com\/de\/#organization","name":"Pays des \u00c9crins - Office de Tourisme","url":"https:\/\/www.paysdesecrins.com\/de\/","logo":{"@type":"ImageObject","inLanguage":"de","@id":"https:\/\/www.paysdesecrins.com\/de\/#\/schema\/logo\/image\/","url":"https:\/\/www.paysdesecrins.com\/wp-content\/uploads\/2025\/06\/devina-svg-1750845694.svg","contentUrl":"https:\/\/www.paysdesecrins.com\/wp-content\/uploads\/2025\/06\/devina-svg-1750845694.svg","caption":"Pays des \u00c9crins - Office de Tourisme"},"image":{"@id":"https:\/\/www.paysdesecrins.com\/de\/#\/schema\/logo\/image\/"}}]}},"_links":{"self":[{"href":"https:\/\/www.paysdesecrins.com\/de\/wp-json\/wp\/v2\/pages\/45047","targetHints":{"allow":["GET"]}}],"collection":[{"href":"https:\/\/www.paysdesecrins.com\/de\/wp-json\/wp\/v2\/pages"}],"about":[{"href":"https:\/\/www.paysdesecrins.com\/de\/wp-json\/wp\/v2\/types\/page"}],"author":[{"embeddable":true,"href":"https:\/\/www.paysdesecrins.com\/de\/wp-json\/wp\/v2\/users\/1"}],"replies":[{"embeddable":true,"href":"https:\/\/www.paysdesecrins.com\/de\/wp-json\/wp\/v2\/comments?post=45047"}],"version-history":[{"count":6,"href":"https:\/\/www.paysdesecrins.com\/de\/wp-json\/wp\/v2\/pages\/45047\/revisions"}],"predecessor-version":[{"id":95400,"href":"https:\/\/www.paysdesecrins.com\/de\/wp-json\/wp\/v2\/pages\/45047\/revisions\/95400"}],"up":[{"embeddable":true,"href":"https:\/\/www.paysdesecrins.com\/de\/wp-json\/wp\/v2\/pages\/44509"}],"wp:featuredmedia":[{"embeddable":true,"href":"https:\/\/www.paysdesecrins.com\/de\/wp-json\/wp\/v2\/media\/65524"}],"wp:attachment":[{"href":"https:\/\/www.paysdesecrins.com\/de\/wp-json\/wp\/v2\/media?parent=45047"}],"curies":[{"name":"wp","href":"https:\/\/api.w.org\/{rel}","templated":true}]}}