{"id":45120,"date":"2025-07-01T16:24:10","date_gmt":"2025-07-01T14:24:10","guid":{"rendered":"https:\/\/www.paysdesecrins.com\/wichtige-veranstaltungen-im-land-der-juwelen\/"},"modified":"2025-07-29T17:23:21","modified_gmt":"2025-07-29T15:23:21","slug":"wichtige-veranstaltungen-im-land-der-juwelen","status":"publish","type":"page","link":"https:\/\/www.paysdesecrins.com\/de\/wichtige-veranstaltungen-im-pays-des-ecrins\/unterhaltung-und-veranstaltungen\/wichtige-veranstaltungen-im-land-der-juwelen\/","title":{"rendered":"Wichtige Veranstaltungen im Land der Juwelen"},"content":{"rendered":"    <div class=\"alignfull wp-block-ws-library-ws-header-interne\" data-season=\"winter\">\n\t    <div class=\"header-container\">\n\t        <div class=\"group-media has-image\">\n\t            \t                <img loading=\"lazy\" decoding=\"async\" width=\"1920\" height=\"800\" src=\"https:\/\/www.paysdesecrins.com\/wp-content\/uploads\/2025\/07\/dsc08497-1920x800.jpg\" alt=\"\" class=\"image_large_square wp-image-31411\" \/>\n\t            \t        <\/div>\n\t        <div class=\"group-content\">\n\t            <div class=\"title\">\n\t                <h1>\n\t                    Wichtige Veranstaltungen im Pays des Ecrins\t                    \t                <\/h1>\n\t            <\/div>\n\t        <\/div>\n\t    <\/div>\n\t    \n<div class=\"yoast-breadcrumbs\"><span><span><a href=\"https:\/\/www.paysdesecrins.com\/de\/der-titel-des-hauses\/\">Accueil<\/a><\/span>  <span><a href=\"https:\/\/www.paysdesecrins.com\/de\/wichtige-veranstaltungen-im-pays-des-ecrins\/\">Wichtige Veranstaltungen im Pays des Ecrins<\/a><\/span>  <span><a href=\"https:\/\/www.paysdesecrins.com\/de\/wichtige-veranstaltungen-im-pays-des-ecrins\/unterhaltung-und-veranstaltungen\/\">Unterhaltung und Veranstaltungen<\/a><\/span>  <span class=\"breadcrumb_last\" aria-current=\"page\">Wichtige Veranstaltungen im Land der Juwelen<\/span><\/span><\/div>\n    <\/div>\n        <div class=\"alignfull wp-block-ws-library-ws-header-interne\" data-season=\"summer\">\n\t    <div class=\"header-container\">\n\t        <div class=\"group-media has-image\">\n\t            \t                <img loading=\"lazy\" decoding=\"async\" width=\"1920\" height=\"800\" src=\"https:\/\/www.paysdesecrins.com\/wp-content\/uploads\/2025\/07\/img-0299-1-1920x800.jpg\" alt=\"\" class=\"image_large_square wp-image-31436\" \/>\n\t            \t        <\/div>\n\t        <div class=\"group-content\">\n\t            <div class=\"title\">\n\t                <h1>\n\t                    Wichtige Veranstaltungen im Land der Juwelen\t                    \t                <\/h1>\n\t            <\/div>\n\t        <\/div>\n\t    <\/div>\n\t    \n<div class=\"yoast-breadcrumbs\"><span><span><a href=\"https:\/\/www.paysdesecrins.com\/de\/der-titel-des-hauses\/\">Accueil<\/a><\/span>  <span><a href=\"https:\/\/www.paysdesecrins.com\/de\/wichtige-veranstaltungen-im-pays-des-ecrins\/\">Wichtige Veranstaltungen im Pays des Ecrins<\/a><\/span>  <span><a href=\"https:\/\/www.paysdesecrins.com\/de\/wichtige-veranstaltungen-im-pays-des-ecrins\/unterhaltung-und-veranstaltungen\/\">Unterhaltung und Veranstaltungen<\/a><\/span>  <span class=\"breadcrumb_last\" aria-current=\"page\">Wichtige Veranstaltungen im Land der Juwelen<\/span><\/span><\/div>\n    <\/div>\n    \n<div class=\"wp-block-ws-library-ws-title aligncenter\"><h2><em>Die festliche Stimmung<\/em> <br>des Pays des \u00c9crins<\/h2><\/div>\n\n<div class=\"wp-block-ws-library-ws-video\"><div class=\"wrapper\"><div class=\"group-media\">\n<figure class=\"wp-block-embed is-type-video is-provider-youtube wp-block-embed-youtube\" data-season=\"winter\"><div class=\"wp-block-embed__wrapper\">\n<iframe loading=\"lazy\" title=\"Des f\u00eates de fin d&#039;ann\u00e9e f\u00e9eriques au Pays des Ecrins \u2728\ud83d\udcab\" width=\"500\" height=\"281\" src=\"https:\/\/www.youtube.com\/embed\/hZaJomuncpg?feature=oembed\" frameborder=\"0\" allow=\"accelerometer; autoplay; clipboard-write; encrypted-media; gyroscope; picture-in-picture; web-share\" referrerpolicy=\"strict-origin-when-cross-origin\" allowfullscreen><\/iframe>\n<\/div><\/figure>\n<\/div><\/div><\/div>\n<div id=\"listing_594dc\" data-observer-wishlist data-attributes='listing-agenda {\"selectedSelectionIds\":[\"191010\"],\"showCommune\":true,\"defaultImage\":\"https:\\\/\\\/www.paysdesecrins.com\\\/wp-content\\\/uploads\\\/2025\\\/06\\\/paysdesecrins.png\",\"selectedFacets\":[\"dates\",\"commune\"],\"isPaginated\":true,\"perPage\":15,\"season\":\"allseasons\",\"isPortrait\":false,\"isImageContain\":false,\"showDescription\":false,\"showImage\":true,\"showType\":false,\"columnsCount\":\"2-3-3\",\"showActiveFacets\":false,\"isLimited\":false,\"showDateSearch\":false,\"showMap\":false,\"showGeolocalisation\":false,\"durationFilterEnabled\":false,\"durationFilterMode\":\"all\",\"durationThreshold\":30,\"align\":\"wide\"}' class=\"ws-listing wp-block-ws-apidae-library-listing-agenda alignwide\" data-map-id=\"map_594dc\" data-locations-id=\"locations-data_594dc\" data-season=\"allseasons\"><div class=\"panel-fixe panel-facets\"><div class=\"panel-overlay toggle-facets\"><\/div><div class=\"panel-inner\"><div class=\"panel-header\"><div class=\"panel-title\">Filter<\/div><a href=\"#\" class=\"panel-close toggle-facets\">Schlie\u00dfen<\/a><\/div><div class=\"panel-content\"><div class=\"group-summary\"><div class=\"facetwp-selections\"><\/div><a href=\"#\" class=\"link-reset\">L\u00f6schen<\/a><\/div><div class=\"facetwp-facet facetwp-facet-dates facetwp-type-date_range\" data-name=\"dates\" data-type=\"date_range\"><\/div><div class=\"facetwp-facet facetwp-facet-commune facetwp-type-checkboxes\" data-name=\"commune\" data-type=\"checkboxes\"><\/div><\/div><div class=\"panel-footer\"><div class=\"facet-buttons\"><button type=\"submit\" class=\"btn btn-1 toggle-facets facetwp-count-btn\">Alle anzeigen <span class=\"results-count\"><\/span> Befund<\/button><\/div><\/div><\/div><\/div><div class=\"listing-header\"><div class=\"toggle-container\"><button class=\"btn toggle-btn toggle-facets\" data-target=\"facets\">Filter<\/button><\/div><\/div><div class=\"facetwp-template\"><div class=\"list-container active\"><div class=\"list-items\"><div class=\"item\" data-season=\"all-seasons\"><div class=\"card card-apidae card-agenda\"><div class=\"group-actions\"><ws-wishlist data-type=\"flag\" data-action=\"add\" data-wish-id=\"6506318\" data-wish-type=\"apidae\"><\/ws-wishlist><\/div><div class=\"group-media\"><div class=\"field-image\"><img decoding=\"async\" src=\"https:\/\/images.weserv.nl\/?url=https:\/\/static.apidae-tourisme.com\/filestore\/objets-touristiques\/images\/233\/45\/17313257-diaporama.jpg&#038;w=350&#038;h=350&#038;fit=cover&#038;output=webp&#038;q=45\" alt=\"Le Pilgrimage GRAVEL\"\/><\/div><\/div><div class=\"group-top\"><div class=\"field-commune\">Puy-Saint-Vincent<\/div><ws-apidae-from-price data-apidae-id=\"6506318\" ><\/ws-apidae-from-price><div class=\"group-dates\" role=\"group\" aria-label=\"Data van het evenement\"><div class=\"field-dates ws-apidae-date-coming\" role=\"group\" aria-label=\"Openingsdatum\"><time datetime=\"2026-09-06\" lang=\"de\">Am <span class=\"day\">06<\/span><span class=\"month\"> sep..<\/span><\/time><\/div><div class=\"field-moredates ws-apidae-moredates\" role=\"group\" aria-label=\"Komende data\"><div class=\"moredates\"><div class=\"inner-wrapper\"><span class=\"moredates-label\">N\u00e4chste Termine :<\/span><ul class=\"moredates-list\"><li><time datetime=\"2026-09-07\" lang=\"de\">Am <span class=\"day\">07<\/span><span class=\"month\"> september<\/span><\/time><\/li><li><time datetime=\"2026-09-08\" lang=\"de\">Am <span class=\"day\">08<\/span><span class=\"month\"> september<\/span><\/time><\/li><li><time datetime=\"2026-09-09\" lang=\"de\">Am <span class=\"day\">09<\/span><span class=\"month\"> september<\/span><\/time><\/li><li><time datetime=\"2026-09-10\" lang=\"de\">Am <span class=\"day\">10<\/span><span class=\"month\"> september<\/span><\/time><\/li><\/ul><\/div><\/div><\/div><\/div><\/div><div class=\"group-content\"><div class=\"field-title\">Le Pilgrimage GRAVEL<\/div><\/div><div class=\"field-link\" role=\"group\" aria-label=\"Lien vers le contenu\"><a href=\"https:\/\/www.paysdesecrins.com\/de\/fiche\/le-pilgrimage-gravel-2\/\" class=\"cardlink\" title=\"Lire plus : Le Pilgrimage GRAVEL\" lang=\"de_DE\">Le Pilgrimage GRAVEL<\/a><\/div><\/div><\/div><div class=\"item\" data-season=\"all-seasons\"><div class=\"card card-apidae card-agenda\"><div class=\"group-actions\"><ws-wishlist data-type=\"flag\" data-action=\"add\" data-wish-id=\"5442327\" data-wish-type=\"apidae\"><\/ws-wishlist><\/div><div class=\"group-media\"><div class=\"field-image\"><img decoding=\"async\" src=\"https:\/\/images.weserv.nl\/?url=https:\/\/static.apidae-tourisme.com\/filestore\/objets-touristiques\/images\/172\/233\/42002860-diaporama.jpg&#038;w=350&#038;h=350&#038;fit=cover&#038;output=webp&#038;q=45\" alt=\"Comp\u00e9tition de Marche et Vol en parapente, La Traverciel AirDesign\"\/><\/div><\/div><div class=\"group-top\"><div class=\"field-commune\">Vallouise-Pelvoux<\/div><ws-apidae-from-price data-apidae-id=\"5442327\" ><\/ws-apidae-from-price><div class=\"group-dates\"><div class=\"field-dates\">Van <span class=\"day\">11<\/span><span class=\"month\"> sep..<\/span> tot <span class=\"day\">13<\/span><span class=\"month\"> sep..<\/span><\/div><\/div><\/div><div class=\"group-content\"><div class=\"field-title\">Comp\u00e9tition de Marche et Vol en parapente, La Traverciel AirDesign<\/div><\/div><div class=\"field-link\" role=\"group\" aria-label=\"Lien vers le contenu\"><a href=\"https:\/\/www.paysdesecrins.com\/de\/fiche\/competition-de-marche-et-vol-en-parapente-la-traverciel-airdesign-2\/\" class=\"cardlink\" title=\"Lire plus : Comp\u00e9tition de Marche et Vol en parapente, La Traverciel AirDesign\" lang=\"de_DE\">Comp\u00e9tition de Marche et Vol en parapente, La Traverciel AirDesign<\/a><\/div><\/div><\/div><div class=\"item\" data-season=\"all-seasons\"><div class=\"card card-apidae card-agenda\"><div class=\"group-actions\"><ws-wishlist data-type=\"flag\" data-action=\"add\" data-wish-id=\"7852170\" data-wish-type=\"apidae\"><\/ws-wishlist><\/div><div class=\"group-media\"><div class=\"field-image\"><img decoding=\"async\" src=\"https:\/\/images.weserv.nl\/?url=https:\/\/static.apidae-tourisme.com\/filestore\/objets-touristiques\/images\/67\/36\/41624643-diaporama.jpg&#038;w=350&#038;h=350&#038;fit=cover&#038;output=webp&#038;q=45\" alt=\"Journ\u00e9es Europ\u00e9ennes du Patrimoine: Chapelle Saint Vincent\"\/><\/div><\/div><div class=\"group-top\"><div class=\"field-commune\">Puy-Saint-Vincent<\/div><ws-apidae-from-price data-apidae-id=\"7852170\" ><\/ws-apidae-from-price><div class=\"group-dates\"><div class=\"field-dates\">Vom <span class=\"day\">19<\/span><span class=\"month\"> sep..<\/span> um <span class=\"hour\">14h30<\/span> bis zum <span class=\"day\">20<\/span><span class=\"month\"> sep..<\/span> um <span class=\"hour\">17h30<\/span><\/div><\/div><\/div><div class=\"group-content\"><div class=\"field-title\">Journ\u00e9es Europ\u00e9ennes du Patrimoine: Chapelle Saint Vincent<\/div><\/div><div class=\"field-link\" role=\"group\" aria-label=\"Lien vers le contenu\"><a href=\"https:\/\/www.paysdesecrins.com\/de\/fiche\/journees-europeennes-du-patrimoine-chapelle-saint-vincent-2\/\" class=\"cardlink\" title=\"Lire plus : Journ\u00e9es Europ\u00e9ennes du Patrimoine: Chapelle Saint Vincent\" lang=\"de_DE\">Journ\u00e9es Europ\u00e9ennes du Patrimoine: Chapelle Saint Vincent<\/a><\/div><\/div><\/div><div class=\"item\" data-season=\"all-seasons\"><div class=\"card card-apidae card-agenda\"><div class=\"group-actions\"><ws-wishlist data-type=\"flag\" data-action=\"add\" data-wish-id=\"5352691\" data-wish-type=\"apidae\"><\/ws-wishlist><\/div><div class=\"group-media\"><div class=\"field-image\"><img decoding=\"async\" src=\"https:\/\/images.weserv.nl\/?url=https:\/\/static.apidae-tourisme.com\/filestore\/objets-touristiques\/images\/162\/114\/26112674-diaporama.png&#038;w=350&#038;h=350&#038;fit=cover&#038;output=webp&#038;q=45\" alt=\"Ice Climbing \u00c9crins\"\/><\/div><\/div><div class=\"group-top\"><div class=\"field-commune\">L&#039;Argenti\u00e8re-la-Bess\u00e9e<\/div><ws-apidae-from-price data-apidae-id=\"5352691\" ><\/ws-apidae-from-price><div class=\"group-dates\"><div class=\"field-dates\">Van <span class=\"day\">21<\/span><span class=\"month\"> jan..<\/span> tot <span class=\"day\">24<\/span><span class=\"month\"> jan..<\/span><\/div><\/div><\/div><div class=\"group-content\"><div class=\"field-title\">Ice Climbing \u00c9crins<\/div><\/div><div class=\"field-link\" role=\"group\" aria-label=\"Lien vers le contenu\"><a href=\"https:\/\/www.paysdesecrins.com\/de\/fiche\/ice-climbing-ecrins-2\/\" class=\"cardlink\" title=\"Lire plus : Ice Climbing \u00c9crins\" lang=\"de_DE\">Ice Climbing \u00c9crins<\/a><\/div><\/div><\/div><div class=\"item\" data-season=\"all-seasons\"><div class=\"card card-apidae card-agenda\"><div class=\"group-actions\"><ws-wishlist data-type=\"flag\" data-action=\"add\" data-wish-id=\"7208818\" data-wish-type=\"apidae\"><\/ws-wishlist><\/div><div class=\"group-media\"><div class=\"field-image\"><img decoding=\"async\" src=\"https:\/\/images.weserv.nl\/?url=https:\/\/static.apidae-tourisme.com\/filestore\/objets-touristiques\/images\/61\/1\/28901693-diaporama.jpg&#038;w=350&#038;h=350&#038;fit=cover&#038;output=webp&#038;q=45\" alt=\"Le Testivol de Pelvoux\"\/><\/div><\/div><div class=\"group-top\"><div class=\"field-commune\">Vallouise-Pelvoux<\/div><ws-apidae-from-price data-apidae-id=\"7208818\" ><\/ws-apidae-from-price><div class=\"group-dates\"><div class=\"field-dates\">Vom <span class=\"day\">06<\/span><span class=\"month\"> m\u00e4rz<\/span> um <span class=\"hour\">8h30<\/span> bis zum <span class=\"day\">07<\/span><span class=\"month\"> m\u00e4rz<\/span> um <span class=\"hour\">16h30<\/span><\/div><\/div><\/div><div class=\"group-content\"><div class=\"field-title\">Le Testivol de Pelvoux<\/div><\/div><div class=\"field-link\" role=\"group\" aria-label=\"Lien vers le contenu\"><a href=\"https:\/\/www.paysdesecrins.com\/de\/fiche\/le-testivol-de-pelvoux-2\/\" class=\"cardlink\" title=\"Lire plus : Le Testivol de Pelvoux\" lang=\"de_DE\">Le Testivol de Pelvoux<\/a><\/div><\/div><\/div><div class=\"item\" data-season=\"all-seasons\"><div class=\"card card-apidae card-agenda\"><div class=\"group-actions\"><ws-wishlist data-type=\"flag\" data-action=\"add\" data-wish-id=\"787985\" data-wish-type=\"apidae\"><\/ws-wishlist><\/div><div class=\"group-media\"><div class=\"field-image\"><img decoding=\"async\" src=\"https:\/\/images.weserv.nl\/?url=https:\/\/static.apidae-tourisme.com\/filestore\/objets-touristiques\/images\/248\/199\/4507640-diaporama.jpg&#038;w=350&#038;h=350&#038;fit=cover&#038;output=webp&#038;q=45\" alt=\"BFK\"\/><\/div><\/div><div class=\"group-top\"><div class=\"field-commune\">L&#039;Argenti\u00e8re-la-Bess\u00e9e<\/div><ws-apidae-from-price data-apidae-id=\"787985\" ><\/ws-apidae-from-price><div class=\"group-dates\" role=\"group\" aria-label=\"Data van het evenement\"><div class=\"field-dates ws-apidae-date-coming\" role=\"group\" aria-label=\"Openingsdatum\"><time datetime=\"2027-05-14\" lang=\"de\">Am <span class=\"day\">14<\/span><span class=\"month\"> mai<\/span><\/time><\/div><div class=\"field-moredates ws-apidae-moredates\" role=\"group\" aria-label=\"Komende data\"><div class=\"moredates\"><div class=\"inner-wrapper\"><span class=\"moredates-label\">N\u00e4chste Termine :<\/span><ul class=\"moredates-list\"><li><time datetime=\"2027-05-15\" lang=\"de\">Am <span class=\"day\">15<\/span><span class=\"month\"> mai<\/span><\/time><\/li><li><time datetime=\"2027-05-16\" lang=\"de\">Am <span class=\"day\">16<\/span><span class=\"month\"> mai<\/span><\/time><\/li><\/ul><\/div><\/div><\/div><\/div><\/div><div class=\"group-content\"><div class=\"field-title\">BFK<\/div><\/div><div class=\"field-link\" role=\"group\" aria-label=\"Lien vers le contenu\"><a href=\"https:\/\/www.paysdesecrins.com\/de\/fiche\/bfk-2\/\" class=\"cardlink\" title=\"Lire plus : BFK\" lang=\"de_DE\">BFK<\/a><\/div><\/div><\/div><div id=\"locations-data_594dc\" style=\"display: none;\">{&quot;locations&quot;:[{&quot;lat&quot;:&quot;44.827898&quot;,&quot;lng&quot;:&quot;6.493564&quot;,&quot;title&quot;:&quot;Le Pilgrimage GRAVEL&quot;,&quot;excerpt&quot;:&quot;&quot;,&quot;permalink&quot;:&quot;https:\\\/\\\/www.paysdesecrins.com\\\/de\\\/fiche\\\/le-pilgrimage-gravel-2\\\/&quot;,&quot;type&quot;:&quot;fete_et_manifestation&quot;,&quot;commune&quot;:&quot;Puy-Saint-Vincent&quot;,&quot;type_commerce&quot;:&quot;&quot;,&quot;image&quot;:&quot;https:\\\/\\\/static.apidae-tourisme.com\\\/filestore\\\/objets-touristiques\\\/images\\\/233\\\/45\\\/17313257-diaporama.jpg&quot;,&quot;image_width&quot;:&quot;350&quot;,&quot;image_height&quot;:&quot;350&quot;,&quot;image_fit&quot;:&quot;cover&quot;},{&quot;lat&quot;:&quot;44.827883&quot;,&quot;lng&quot;:&quot;6.48313&quot;,&quot;title&quot;:&quot;Journ\\u00e9es Europ\\u00e9ennes du Patrimoine: Chapelle Saint Vincent&quot;,&quot;excerpt&quot;:&quot;&quot;,&quot;permalink&quot;:&quot;https:\\\/\\\/www.paysdesecrins.com\\\/de\\\/fiche\\\/journees-europeennes-du-patrimoine-chapelle-saint-vincent-2\\\/&quot;,&quot;type&quot;:&quot;fete_et_manifestation&quot;,&quot;commune&quot;:&quot;Puy-Saint-Vincent&quot;,&quot;type_commerce&quot;:&quot;&quot;,&quot;image&quot;:&quot;https:\\\/\\\/static.apidae-tourisme.com\\\/filestore\\\/objets-touristiques\\\/images\\\/67\\\/36\\\/41624643-diaporama.jpg&quot;,&quot;image_width&quot;:&quot;350&quot;,&quot;image_height&quot;:&quot;350&quot;,&quot;image_fit&quot;:&quot;cover&quot;},{&quot;lat&quot;:&quot;44.782692&quot;,&quot;lng&quot;:&quot;6.555767&quot;,&quot;title&quot;:&quot;Ice Climbing \\u00c9crins&quot;,&quot;excerpt&quot;:&quot;&quot;,&quot;permalink&quot;:&quot;https:\\\/\\\/www.paysdesecrins.com\\\/de\\\/fiche\\\/ice-climbing-ecrins-2\\\/&quot;,&quot;type&quot;:&quot;fete_et_manifestation&quot;,&quot;commune&quot;:&quot;L&#039;Argenti\\u00e8re-la-Bess\\u00e9e&quot;,&quot;type_commerce&quot;:&quot;&quot;,&quot;image&quot;:&quot;https:\\\/\\\/static.apidae-tourisme.com\\\/filestore\\\/objets-touristiques\\\/images\\\/162\\\/114\\\/26112674-diaporama.png&quot;,&quot;image_width&quot;:&quot;350&quot;,&quot;image_height&quot;:&quot;350&quot;,&quot;image_fit&quot;:&quot;cover&quot;},{&quot;lat&quot;:&quot;44.866&quot;,&quot;lng&quot;:&quot;6.485735&quot;,&quot;title&quot;:&quot;Le Testivol de Pelvoux&quot;,&quot;excerpt&quot;:&quot;&quot;,&quot;permalink&quot;:&quot;https:\\\/\\\/www.paysdesecrins.com\\\/de\\\/fiche\\\/le-testivol-de-pelvoux-2\\\/&quot;,&quot;type&quot;:&quot;fete_et_manifestation&quot;,&quot;commune&quot;:&quot;Vallouise-Pelvoux&quot;,&quot;type_commerce&quot;:&quot;&quot;,&quot;image&quot;:&quot;https:\\\/\\\/static.apidae-tourisme.com\\\/filestore\\\/objets-touristiques\\\/images\\\/61\\\/1\\\/28901693-diaporama.jpg&quot;,&quot;image_width&quot;:&quot;350&quot;,&quot;image_height&quot;:&quot;350&quot;,&quot;image_fit&quot;:&quot;cover&quot;},{&quot;lat&quot;:&quot;44.781167&quot;,&quot;lng&quot;:&quot;6.559737&quot;,&quot;title&quot;:&quot;BFK&quot;,&quot;excerpt&quot;:&quot;&quot;,&quot;permalink&quot;:&quot;https:\\\/\\\/www.paysdesecrins.com\\\/de\\\/fiche\\\/bfk-2\\\/&quot;,&quot;type&quot;:&quot;fete_et_manifestation&quot;,&quot;commune&quot;:&quot;L&#039;Argenti\\u00e8re-la-Bess\\u00e9e&quot;,&quot;type_commerce&quot;:&quot;&quot;,&quot;image&quot;:&quot;https:\\\/\\\/static.apidae-tourisme.com\\\/filestore\\\/objets-touristiques\\\/images\\\/248\\\/199\\\/4507640-diaporama.jpg&quot;,&quot;image_width&quot;:&quot;350&quot;,&quot;image_height&quot;:&quot;350&quot;,&quot;image_fit&quot;:&quot;cover&quot;}],&quot;center_lat&quot;:&quot;44.827898&quot;,&quot;center_lng&quot;:&quot;6.493564&quot;}<\/div><\/div><\/div><\/div><\/div>","protected":false},"excerpt":{"rendered":"","protected":false},"author":1,"featured_media":276993,"parent":45183,"menu_order":0,"comment_status":"closed","ping_status":"closed","template":"","meta":{"_thumbnail_id_2":276975,"summer_excerpt":"","season":"","station":"","footnotes":""},"class_list":["post-45120","page","type-page","status-publish","has-post-thumbnail","hentry"],"yoast_head":"<!-- This site is optimized with the Yoast SEO plugin v28.3 - https:\/\/yoast.com\/product\/yoast-seo-wordpress\/ -->\n<title>Wichtige Veranstaltungen im Land der Juwelen - Pays des \u00c9crins - Office de Tourisme<\/title>\n<meta name=\"robots\" content=\"index, follow, max-snippet:-1, max-image-preview:large, max-video-preview:-1\" \/>\n<link rel=\"canonical\" href=\"https:\/\/www.paysdesecrins.com\/de\/wichtige-veranstaltungen-im-pays-des-ecrins\/unterhaltung-und-veranstaltungen\/wichtige-veranstaltungen-im-land-der-juwelen\/\" \/>\n<meta property=\"og:locale\" content=\"de_DE\" \/>\n<meta property=\"og:type\" content=\"article\" \/>\n<meta property=\"og:title\" content=\"Wichtige Veranstaltungen im Land der Juwelen - Pays des \u00c9crins - Office de Tourisme\" \/>\n<meta property=\"og:url\" content=\"https:\/\/www.paysdesecrins.com\/de\/wichtige-veranstaltungen-im-pays-des-ecrins\/unterhaltung-und-veranstaltungen\/wichtige-veranstaltungen-im-land-der-juwelen\/\" \/>\n<meta property=\"og:site_name\" content=\"Pays des \u00c9crins - Office de Tourisme\" \/>\n<meta property=\"article:modified_time\" content=\"2025-07-29T15:23:21+00:00\" \/>\n<meta property=\"og:image\" content=\"https:\/\/www.paysdesecrins.com\/wp-content\/uploads\/2025\/07\/img-0299-1-scaled.jpg\" \/>\n\t<meta property=\"og:image:width\" content=\"1707\" \/>\n\t<meta property=\"og:image:height\" content=\"2560\" \/>\n\t<meta property=\"og:image:type\" content=\"image\/jpeg\" \/>\n<meta name=\"twitter:card\" content=\"summary_large_image\" \/>\n<script type=\"application\/ld+json\" class=\"yoast-schema-graph\">{\"@context\":\"https:\\\/\\\/schema.org\",\"@graph\":[{\"@type\":\"WebPage\",\"@id\":\"https:\\\/\\\/www.paysdesecrins.com\\\/de\\\/wichtige-veranstaltungen-im-pays-des-ecrins\\\/unterhaltung-und-veranstaltungen\\\/wichtige-veranstaltungen-im-land-der-juwelen\\\/\",\"url\":\"https:\\\/\\\/www.paysdesecrins.com\\\/de\\\/wichtige-veranstaltungen-im-pays-des-ecrins\\\/unterhaltung-und-veranstaltungen\\\/wichtige-veranstaltungen-im-land-der-juwelen\\\/\",\"name\":\"Wichtige Veranstaltungen im Land der Juwelen - Pays des \u00c9crins - Office de Tourisme\",\"isPartOf\":{\"@id\":\"https:\\\/\\\/www.paysdesecrins.com\\\/de\\\/#website\"},\"primaryImageOfPage\":{\"@id\":\"https:\\\/\\\/www.paysdesecrins.com\\\/de\\\/wichtige-veranstaltungen-im-pays-des-ecrins\\\/unterhaltung-und-veranstaltungen\\\/wichtige-veranstaltungen-im-land-der-juwelen\\\/#primaryimage\"},\"image\":{\"@id\":\"https:\\\/\\\/www.paysdesecrins.com\\\/de\\\/wichtige-veranstaltungen-im-pays-des-ecrins\\\/unterhaltung-und-veranstaltungen\\\/wichtige-veranstaltungen-im-land-der-juwelen\\\/#primaryimage\"},\"thumbnailUrl\":\"https:\\\/\\\/www.paysdesecrins.com\\\/wp-content\\\/uploads\\\/2026\\\/07\\\/dsc02735-scaled.jpg\",\"datePublished\":\"2025-07-01T14:24:10+00:00\",\"dateModified\":\"2025-07-29T15:23:21+00:00\",\"breadcrumb\":{\"@id\":\"https:\\\/\\\/www.paysdesecrins.com\\\/de\\\/wichtige-veranstaltungen-im-pays-des-ecrins\\\/unterhaltung-und-veranstaltungen\\\/wichtige-veranstaltungen-im-land-der-juwelen\\\/#breadcrumb\"},\"inLanguage\":\"de\",\"potentialAction\":[{\"@type\":\"ReadAction\",\"target\":[\"https:\\\/\\\/www.paysdesecrins.com\\\/de\\\/wichtige-veranstaltungen-im-pays-des-ecrins\\\/unterhaltung-und-veranstaltungen\\\/wichtige-veranstaltungen-im-land-der-juwelen\\\/\"]}]},{\"@type\":\"ImageObject\",\"inLanguage\":\"de\",\"@id\":\"https:\\\/\\\/www.paysdesecrins.com\\\/de\\\/wichtige-veranstaltungen-im-pays-des-ecrins\\\/unterhaltung-und-veranstaltungen\\\/wichtige-veranstaltungen-im-land-der-juwelen\\\/#primaryimage\",\"url\":\"https:\\\/\\\/www.paysdesecrins.com\\\/wp-content\\\/uploads\\\/2026\\\/07\\\/dsc02735-scaled.jpg\",\"contentUrl\":\"https:\\\/\\\/www.paysdesecrins.com\\\/wp-content\\\/uploads\\\/2026\\\/07\\\/dsc02735-scaled.jpg\",\"width\":2560,\"height\":1707},{\"@type\":\"BreadcrumbList\",\"@id\":\"https:\\\/\\\/www.paysdesecrins.com\\\/de\\\/wichtige-veranstaltungen-im-pays-des-ecrins\\\/unterhaltung-und-veranstaltungen\\\/wichtige-veranstaltungen-im-land-der-juwelen\\\/#breadcrumb\",\"itemListElement\":[{\"@type\":\"ListItem\",\"position\":1,\"name\":\"Accueil\",\"item\":\"https:\\\/\\\/www.paysdesecrins.com\\\/de\\\/der-titel-des-hauses\\\/\"},{\"@type\":\"ListItem\",\"position\":2,\"name\":\"Wichtige Veranstaltungen im Pays des Ecrins\",\"item\":\"https:\\\/\\\/www.paysdesecrins.com\\\/de\\\/wichtige-veranstaltungen-im-pays-des-ecrins\\\/\"},{\"@type\":\"ListItem\",\"position\":3,\"name\":\"Unterhaltung und Veranstaltungen\",\"item\":\"https:\\\/\\\/www.paysdesecrins.com\\\/de\\\/wichtige-veranstaltungen-im-pays-des-ecrins\\\/unterhaltung-und-veranstaltungen\\\/\"},{\"@type\":\"ListItem\",\"position\":4,\"name\":\"Wichtige Veranstaltungen im Land der Juwelen\"}]},{\"@type\":\"WebSite\",\"@id\":\"https:\\\/\\\/www.paysdesecrins.com\\\/de\\\/#website\",\"url\":\"https:\\\/\\\/www.paysdesecrins.com\\\/de\\\/\",\"name\":\"Pays des \u00c9crins - Office de Tourisme\",\"description\":\"L&#039;esprit montagne\",\"publisher\":{\"@id\":\"https:\\\/\\\/www.paysdesecrins.com\\\/de\\\/#organization\"},\"potentialAction\":[{\"@type\":\"SearchAction\",\"target\":{\"@type\":\"EntryPoint\",\"urlTemplate\":\"https:\\\/\\\/www.paysdesecrins.com\\\/de\\\/?s={search_term_string}\"},\"query-input\":{\"@type\":\"PropertyValueSpecification\",\"valueRequired\":true,\"valueName\":\"search_term_string\"}}],\"inLanguage\":\"de\"},{\"@type\":\"Organization\",\"@id\":\"https:\\\/\\\/www.paysdesecrins.com\\\/de\\\/#organization\",\"name\":\"Pays des \u00c9crins - Office de Tourisme\",\"url\":\"https:\\\/\\\/www.paysdesecrins.com\\\/de\\\/\",\"logo\":{\"@type\":\"ImageObject\",\"inLanguage\":\"de\",\"@id\":\"https:\\\/\\\/www.paysdesecrins.com\\\/de\\\/#\\\/schema\\\/logo\\\/image\\\/\",\"url\":\"https:\\\/\\\/www.paysdesecrins.com\\\/wp-content\\\/uploads\\\/2025\\\/06\\\/devina-svg-1750845694.svg\",\"contentUrl\":\"https:\\\/\\\/www.paysdesecrins.com\\\/wp-content\\\/uploads\\\/2025\\\/06\\\/devina-svg-1750845694.svg\",\"caption\":\"Pays des \u00c9crins - Office de Tourisme\"},\"image\":{\"@id\":\"https:\\\/\\\/www.paysdesecrins.com\\\/de\\\/#\\\/schema\\\/logo\\\/image\\\/\"}}]}<\/script>\n<!-- \/ Yoast SEO plugin. -->","yoast_head_json":{"title":"Wichtige Veranstaltungen im Land der Juwelen - Pays des \u00c9crins - Office de Tourisme","robots":{"index":"index","follow":"follow","max-snippet":"max-snippet:-1","max-image-preview":"max-image-preview:large","max-video-preview":"max-video-preview:-1"},"canonical":"https:\/\/www.paysdesecrins.com\/de\/wichtige-veranstaltungen-im-pays-des-ecrins\/unterhaltung-und-veranstaltungen\/wichtige-veranstaltungen-im-land-der-juwelen\/","og_locale":"de_DE","og_type":"article","og_title":"Wichtige Veranstaltungen im Land der Juwelen - Pays des \u00c9crins - Office de Tourisme","og_url":"https:\/\/www.paysdesecrins.com\/de\/wichtige-veranstaltungen-im-pays-des-ecrins\/unterhaltung-und-veranstaltungen\/wichtige-veranstaltungen-im-land-der-juwelen\/","og_site_name":"Pays des \u00c9crins - Office de Tourisme","article_modified_time":"2025-07-29T15:23:21+00:00","og_image":[{"width":1707,"height":2560,"url":"https:\/\/www.paysdesecrins.com\/wp-content\/uploads\/2025\/07\/img-0299-1-scaled.jpg","type":"image\/jpeg"}],"twitter_card":"summary_large_image","schema":{"@context":"https:\/\/schema.org","@graph":[{"@type":"WebPage","@id":"https:\/\/www.paysdesecrins.com\/de\/wichtige-veranstaltungen-im-pays-des-ecrins\/unterhaltung-und-veranstaltungen\/wichtige-veranstaltungen-im-land-der-juwelen\/","url":"https:\/\/www.paysdesecrins.com\/de\/wichtige-veranstaltungen-im-pays-des-ecrins\/unterhaltung-und-veranstaltungen\/wichtige-veranstaltungen-im-land-der-juwelen\/","name":"Wichtige Veranstaltungen im Land der Juwelen - Pays des \u00c9crins - Office de Tourisme","isPartOf":{"@id":"https:\/\/www.paysdesecrins.com\/de\/#website"},"primaryImageOfPage":{"@id":"https:\/\/www.paysdesecrins.com\/de\/wichtige-veranstaltungen-im-pays-des-ecrins\/unterhaltung-und-veranstaltungen\/wichtige-veranstaltungen-im-land-der-juwelen\/#primaryimage"},"image":{"@id":"https:\/\/www.paysdesecrins.com\/de\/wichtige-veranstaltungen-im-pays-des-ecrins\/unterhaltung-und-veranstaltungen\/wichtige-veranstaltungen-im-land-der-juwelen\/#primaryimage"},"thumbnailUrl":"https:\/\/www.paysdesecrins.com\/wp-content\/uploads\/2026\/07\/dsc02735-scaled.jpg","datePublished":"2025-07-01T14:24:10+00:00","dateModified":"2025-07-29T15:23:21+00:00","breadcrumb":{"@id":"https:\/\/www.paysdesecrins.com\/de\/wichtige-veranstaltungen-im-pays-des-ecrins\/unterhaltung-und-veranstaltungen\/wichtige-veranstaltungen-im-land-der-juwelen\/#breadcrumb"},"inLanguage":"de","potentialAction":[{"@type":"ReadAction","target":["https:\/\/www.paysdesecrins.com\/de\/wichtige-veranstaltungen-im-pays-des-ecrins\/unterhaltung-und-veranstaltungen\/wichtige-veranstaltungen-im-land-der-juwelen\/"]}]},{"@type":"ImageObject","inLanguage":"de","@id":"https:\/\/www.paysdesecrins.com\/de\/wichtige-veranstaltungen-im-pays-des-ecrins\/unterhaltung-und-veranstaltungen\/wichtige-veranstaltungen-im-land-der-juwelen\/#primaryimage","url":"https:\/\/www.paysdesecrins.com\/wp-content\/uploads\/2026\/07\/dsc02735-scaled.jpg","contentUrl":"https:\/\/www.paysdesecrins.com\/wp-content\/uploads\/2026\/07\/dsc02735-scaled.jpg","width":2560,"height":1707},{"@type":"BreadcrumbList","@id":"https:\/\/www.paysdesecrins.com\/de\/wichtige-veranstaltungen-im-pays-des-ecrins\/unterhaltung-und-veranstaltungen\/wichtige-veranstaltungen-im-land-der-juwelen\/#breadcrumb","itemListElement":[{"@type":"ListItem","position":1,"name":"Accueil","item":"https:\/\/www.paysdesecrins.com\/de\/der-titel-des-hauses\/"},{"@type":"ListItem","position":2,"name":"Wichtige Veranstaltungen im Pays des Ecrins","item":"https:\/\/www.paysdesecrins.com\/de\/wichtige-veranstaltungen-im-pays-des-ecrins\/"},{"@type":"ListItem","position":3,"name":"Unterhaltung und Veranstaltungen","item":"https:\/\/www.paysdesecrins.com\/de\/wichtige-veranstaltungen-im-pays-des-ecrins\/unterhaltung-und-veranstaltungen\/"},{"@type":"ListItem","position":4,"name":"Wichtige Veranstaltungen im Land der Juwelen"}]},{"@type":"WebSite","@id":"https:\/\/www.paysdesecrins.com\/de\/#website","url":"https:\/\/www.paysdesecrins.com\/de\/","name":"Pays des \u00c9crins - Office de Tourisme","description":"L&#039;esprit montagne","publisher":{"@id":"https:\/\/www.paysdesecrins.com\/de\/#organization"},"potentialAction":[{"@type":"SearchAction","target":{"@type":"EntryPoint","urlTemplate":"https:\/\/www.paysdesecrins.com\/de\/?s={search_term_string}"},"query-input":{"@type":"PropertyValueSpecification","valueRequired":true,"valueName":"search_term_string"}}],"inLanguage":"de"},{"@type":"Organization","@id":"https:\/\/www.paysdesecrins.com\/de\/#organization","name":"Pays des \u00c9crins - Office de Tourisme","url":"https:\/\/www.paysdesecrins.com\/de\/","logo":{"@type":"ImageObject","inLanguage":"de","@id":"https:\/\/www.paysdesecrins.com\/de\/#\/schema\/logo\/image\/","url":"https:\/\/www.paysdesecrins.com\/wp-content\/uploads\/2025\/06\/devina-svg-1750845694.svg","contentUrl":"https:\/\/www.paysdesecrins.com\/wp-content\/uploads\/2025\/06\/devina-svg-1750845694.svg","caption":"Pays des \u00c9crins - Office de Tourisme"},"image":{"@id":"https:\/\/www.paysdesecrins.com\/de\/#\/schema\/logo\/image\/"}}]}},"_links":{"self":[{"href":"https:\/\/www.paysdesecrins.com\/de\/wp-json\/wp\/v2\/pages\/45120","targetHints":{"allow":["GET"]}}],"collection":[{"href":"https:\/\/www.paysdesecrins.com\/de\/wp-json\/wp\/v2\/pages"}],"about":[{"href":"https:\/\/www.paysdesecrins.com\/de\/wp-json\/wp\/v2\/types\/page"}],"author":[{"embeddable":true,"href":"https:\/\/www.paysdesecrins.com\/de\/wp-json\/wp\/v2\/users\/1"}],"replies":[{"embeddable":true,"href":"https:\/\/www.paysdesecrins.com\/de\/wp-json\/wp\/v2\/comments?post=45120"}],"version-history":[{"count":0,"href":"https:\/\/www.paysdesecrins.com\/de\/wp-json\/wp\/v2\/pages\/45120\/revisions"}],"up":[{"embeddable":true,"href":"https:\/\/www.paysdesecrins.com\/de\/wp-json\/wp\/v2\/pages\/45183"}],"wp:featuredmedia":[{"embeddable":true,"href":"https:\/\/www.paysdesecrins.com\/de\/wp-json\/wp\/v2\/media\/276993"}],"wp:attachment":[{"href":"https:\/\/www.paysdesecrins.com\/de\/wp-json\/wp\/v2\/media?parent=45120"}],"curies":[{"name":"wp","href":"https:\/\/api.w.org\/{rel}","templated":true}]}}