{"id":45790,"date":"2025-06-25T15:44:52","date_gmt":"2025-06-25T13:44:52","guid":{"rendered":"https:\/\/www.paysdesecrins.com\/mein-resort-mein-dorf\/pelvoux-vallouise-ailefroide\/kulturelle-aktivitaeten-kulturerbe\/"},"modified":"2025-08-11T12:01:59","modified_gmt":"2025-08-11T10:01:59","slug":"kulturelle-aktivitaeten-kulturerbe","status":"publish","type":"page","link":"https:\/\/www.paysdesecrins.com\/de\/mein-resort-mein-dorf\/pelvoux-vallouise-ailefroide\/kulturelle-aktivitaeten-kulturerbe\/","title":{"rendered":"Kulturelle Aktivit\u00e4ten und Kulturerbe in Vallouise-Pelvoux"},"content":{"rendered":"    <div class=\"alignfull wp-block-ws-library-ws-header-interne\">\n\t    <div class=\"header-container\">\n\t        <div class=\"group-media has-image\">\n\t            \t                <img loading=\"lazy\" decoding=\"async\" width=\"1600\" height=\"800\" src=\"https:\/\/www.paysdesecrins.com\/wp-content\/uploads\/2025\/07\/41les-canaux-11-1600x800.jpg\" alt=\"\" class=\"image_large_square wp-image-18111\" \/>\n\t            \t        <\/div>\n\t        <div class=\"group-content\">\n\t            <div class=\"title\">\n\t                <h1>\n\t                    Kulturelle Aktivit\u00e4ten und Kulturerbe\t                    \t                        in Vallouise-Pelvoux\t                    \t                <\/h1>\n\t            <\/div>\n\t        <\/div>\n\t    <\/div>\n\t    \n<div class=\"yoast-breadcrumbs\"><span><span><a href=\"https:\/\/www.paysdesecrins.com\/de\/der-titel-des-hauses\/\">Accueil<\/a><\/span>  <span><a href=\"https:\/\/www.paysdesecrins.com\/de\/ma-station-mon-village\/\">Mein Resort, mein Dorf<\/a><\/span>  <span><a href=\"https:\/\/www.paysdesecrins.com\/de\/mein-resort-mein-dorf\/pelvoux-vallouise-ailefroide\/\">Vallouise-Pelvoux<\/a><\/span>  <span class=\"breadcrumb_last\" aria-current=\"page\">Kulturelle Aktivit\u00e4ten und Kulturerbe in Vallouise-Pelvoux<\/span><\/span><\/div>\n    <\/div>\n    \n<div class=\"wp-block-ws-library-ws-title aligncenter is-style-simple\"><h2><em>Vallouise-Pelvoux<\/em> Alle Aktivit\u00e4ten im Bereich des Kultur- und Kulturerbes<\/h2><\/div>\n\n<p class=\"has-text-align-center\">Entdecken Sie das Kulturerbe und die kulturellen Aktivit\u00e4ten von Vallouise-Pelvoux, von F\u00fchrungen bis hin zu lokalen Musikfestivals. Buchen Sie Ihren Ausflug, um in die lokale Geschichte einzutauchen und im Rhythmus der Traditionen der \u00c9crins zu vibrieren. M\u00f6chten Sie noch weiter gehen? St\u00f6bern Sie auch im Kultur- und Kulturerbeangebot des Pays des \u00c9crins.   <\/p>\n\n<div class=\"wp-block-ws-library-ws-button has-text-align-center\"><a href=\"https:\/\/www.paysdesecrins.com\/de\/ich-waehle\/kulturelle-aktivitaeten-und-kulturelles-erbe\/\" class=\"wp-block-button__link wp-element-button btn\">  Entdecken Sie alle kulturellen Aktivit\u00e4ten des Pays des \u00c9crins<\/a><\/div>\n<div id=\"listing_86643\" data-observer-wishlist data-attributes='listing-avance {\"selectedSelectionIds\":[\"188900\"],\"perPage\":3,\"isPortrait\":false,\"isImageContain\":false,\"showCommune\":true,\"defaultImage\":\"https:\\\/\\\/www.paysdesecrins.com\\\/wp-content\\\/uploads\\\/2025\\\/06\\\/cropped-paysdesecrins.png\",\"selectedFacets\":[],\"showMap\":false,\"sortOrder\":\"random\",\"showType\":false,\"columnsCount\":\"2-3-3\",\"showActiveFacets\":false,\"showGeolocalisation\":false,\"isLimited\":false,\"isPaginated\":false,\"season\":\"\",\"align\":\"wide\"}' class=\"ws-listing wp-block-ws-apidae-library-listing-avance alignwide\" data-map-id=\"map_86643\" data-locations-id=\"locations-data_86643\"><div class=\"facetwp-template\"><div class=\"list-container active\"><p class=\"error ws-apidae-empty-list\">Keine touristischen Attraktionen in Sicht. Vielleicht macht unsere Seite ein kleines Nickerchen&#8230; <\/p><\/div><\/div><\/div>","protected":false},"excerpt":{"rendered":"<p>Entdecken Sie das Kulturerbe und die kulturellen Aktivit\u00e4ten von Vallouise-Pelvoux, von F\u00fchrungen bis hin zu lokalen Musikfestivals. Buchen Sie Ihren [&hellip;]<\/p>\n","protected":false},"author":1,"featured_media":21920,"parent":45187,"menu_order":0,"comment_status":"closed","ping_status":"closed","template":"","meta":{"_thumbnail_id_2":29996,"summer_excerpt":"","season":"","station":"","footnotes":""},"class_list":["post-45790","page","type-page","status-publish","has-post-thumbnail","hentry"],"yoast_head":"<!-- This site is optimized with the Yoast SEO plugin v27.3 - https:\/\/yoast.com\/product\/yoast-seo-wordpress\/ -->\n<title>Kulturelle Aktivit\u00e4ten und Kulturerbe in Vallouise-Pelvoux - Pays des \u00c9crins - Office de Tourisme<\/title>\n<meta name=\"robots\" content=\"index, follow, max-snippet:-1, max-image-preview:large, max-video-preview:-1\" \/>\n<link rel=\"canonical\" href=\"https:\/\/www.paysdesecrins.com\/de\/mein-resort-mein-dorf\/pelvoux-vallouise-ailefroide\/kulturelle-aktivitaeten-kulturerbe\/\" \/>\n<meta property=\"og:locale\" content=\"de_DE\" \/>\n<meta property=\"og:type\" content=\"article\" \/>\n<meta property=\"og:title\" content=\"Kulturelle Aktivit\u00e4ten und Kulturerbe in Vallouise-Pelvoux - Pays des \u00c9crins - Office de Tourisme\" \/>\n<meta property=\"og:description\" content=\"Entdecken Sie das Kulturerbe und die kulturellen Aktivit\u00e4ten von Vallouise-Pelvoux, von F\u00fchrungen bis hin zu lokalen Musikfestivals. Buchen Sie Ihren [&hellip;]\" \/>\n<meta property=\"og:url\" content=\"https:\/\/www.paysdesecrins.com\/de\/mein-resort-mein-dorf\/pelvoux-vallouise-ailefroide\/kulturelle-aktivitaeten-kulturerbe\/\" \/>\n<meta property=\"og:site_name\" content=\"Pays des \u00c9crins - Office de Tourisme\" \/>\n<meta property=\"article:modified_time\" content=\"2025-08-11T10:01:59+00:00\" \/>\n<meta property=\"og:image\" content=\"https:\/\/www.paysdesecrins.com\/wp-content\/uploads\/2025\/07\/4decouverte-activites-culturelles-histoiredelalpinismeambiance-village-ailefroid-2thibautblais-1-scaled.jpg\" \/>\n\t<meta property=\"og:image:width\" content=\"2560\" \/>\n\t<meta property=\"og:image:height\" content=\"1675\" \/>\n\t<meta property=\"og:image:type\" content=\"image\/jpeg\" \/>\n<meta name=\"twitter:card\" content=\"summary_large_image\" \/>\n<script type=\"application\/ld+json\" class=\"yoast-schema-graph\">{\"@context\":\"https:\\\/\\\/schema.org\",\"@graph\":[{\"@type\":\"WebPage\",\"@id\":\"https:\\\/\\\/www.paysdesecrins.com\\\/de\\\/mein-resort-mein-dorf\\\/pelvoux-vallouise-ailefroide\\\/kulturelle-aktivitaeten-kulturerbe\\\/\",\"url\":\"https:\\\/\\\/www.paysdesecrins.com\\\/de\\\/mein-resort-mein-dorf\\\/pelvoux-vallouise-ailefroide\\\/kulturelle-aktivitaeten-kulturerbe\\\/\",\"name\":\"Kulturelle Aktivit\u00e4ten und Kulturerbe in Vallouise-Pelvoux - Pays des \u00c9crins - Office de Tourisme\",\"isPartOf\":{\"@id\":\"https:\\\/\\\/www.paysdesecrins.com\\\/de\\\/#website\"},\"primaryImageOfPage\":{\"@id\":\"https:\\\/\\\/www.paysdesecrins.com\\\/de\\\/mein-resort-mein-dorf\\\/pelvoux-vallouise-ailefroide\\\/kulturelle-aktivitaeten-kulturerbe\\\/#primaryimage\"},\"image\":{\"@id\":\"https:\\\/\\\/www.paysdesecrins.com\\\/de\\\/mein-resort-mein-dorf\\\/pelvoux-vallouise-ailefroide\\\/kulturelle-aktivitaeten-kulturerbe\\\/#primaryimage\"},\"thumbnailUrl\":\"https:\\\/\\\/www.paysdesecrins.com\\\/wp-content\\\/uploads\\\/2025\\\/07\\\/191hiver-villages-vallouise-sous-la-neige-6-scaled.jpg\",\"datePublished\":\"2025-06-25T13:44:52+00:00\",\"dateModified\":\"2025-08-11T10:01:59+00:00\",\"breadcrumb\":{\"@id\":\"https:\\\/\\\/www.paysdesecrins.com\\\/de\\\/mein-resort-mein-dorf\\\/pelvoux-vallouise-ailefroide\\\/kulturelle-aktivitaeten-kulturerbe\\\/#breadcrumb\"},\"inLanguage\":\"de\",\"potentialAction\":[{\"@type\":\"ReadAction\",\"target\":[\"https:\\\/\\\/www.paysdesecrins.com\\\/de\\\/mein-resort-mein-dorf\\\/pelvoux-vallouise-ailefroide\\\/kulturelle-aktivitaeten-kulturerbe\\\/\"]}]},{\"@type\":\"ImageObject\",\"inLanguage\":\"de\",\"@id\":\"https:\\\/\\\/www.paysdesecrins.com\\\/de\\\/mein-resort-mein-dorf\\\/pelvoux-vallouise-ailefroide\\\/kulturelle-aktivitaeten-kulturerbe\\\/#primaryimage\",\"url\":\"https:\\\/\\\/www.paysdesecrins.com\\\/wp-content\\\/uploads\\\/2025\\\/07\\\/191hiver-villages-vallouise-sous-la-neige-6-scaled.jpg\",\"contentUrl\":\"https:\\\/\\\/www.paysdesecrins.com\\\/wp-content\\\/uploads\\\/2025\\\/07\\\/191hiver-villages-vallouise-sous-la-neige-6-scaled.jpg\",\"width\":1707,\"height\":2560},{\"@type\":\"BreadcrumbList\",\"@id\":\"https:\\\/\\\/www.paysdesecrins.com\\\/de\\\/mein-resort-mein-dorf\\\/pelvoux-vallouise-ailefroide\\\/kulturelle-aktivitaeten-kulturerbe\\\/#breadcrumb\",\"itemListElement\":[{\"@type\":\"ListItem\",\"position\":1,\"name\":\"Accueil\",\"item\":\"https:\\\/\\\/www.paysdesecrins.com\\\/de\\\/der-titel-des-hauses\\\/\"},{\"@type\":\"ListItem\",\"position\":2,\"name\":\"Mein Resort, mein Dorf\",\"item\":\"https:\\\/\\\/www.paysdesecrins.com\\\/de\\\/ma-station-mon-village\\\/\"},{\"@type\":\"ListItem\",\"position\":3,\"name\":\"Vallouise-Pelvoux\",\"item\":\"https:\\\/\\\/www.paysdesecrins.com\\\/de\\\/mein-resort-mein-dorf\\\/pelvoux-vallouise-ailefroide\\\/\"},{\"@type\":\"ListItem\",\"position\":4,\"name\":\"Kulturelle Aktivit\u00e4ten und Kulturerbe in Vallouise-Pelvoux\"}]},{\"@type\":\"WebSite\",\"@id\":\"https:\\\/\\\/www.paysdesecrins.com\\\/de\\\/#website\",\"url\":\"https:\\\/\\\/www.paysdesecrins.com\\\/de\\\/\",\"name\":\"Pays des \u00c9crins - Office de Tourisme\",\"description\":\"L&#039;esprit montagne\",\"publisher\":{\"@id\":\"https:\\\/\\\/www.paysdesecrins.com\\\/de\\\/#organization\"},\"potentialAction\":[{\"@type\":\"SearchAction\",\"target\":{\"@type\":\"EntryPoint\",\"urlTemplate\":\"https:\\\/\\\/www.paysdesecrins.com\\\/de\\\/?s={search_term_string}\"},\"query-input\":{\"@type\":\"PropertyValueSpecification\",\"valueRequired\":true,\"valueName\":\"search_term_string\"}}],\"inLanguage\":\"de\"},{\"@type\":\"Organization\",\"@id\":\"https:\\\/\\\/www.paysdesecrins.com\\\/de\\\/#organization\",\"name\":\"Pays des \u00c9crins - Office de Tourisme\",\"url\":\"https:\\\/\\\/www.paysdesecrins.com\\\/de\\\/\",\"logo\":{\"@type\":\"ImageObject\",\"inLanguage\":\"de\",\"@id\":\"https:\\\/\\\/www.paysdesecrins.com\\\/de\\\/#\\\/schema\\\/logo\\\/image\\\/\",\"url\":\"https:\\\/\\\/www.paysdesecrins.com\\\/wp-content\\\/uploads\\\/2025\\\/06\\\/devina-svg-1750845694.svg\",\"contentUrl\":\"https:\\\/\\\/www.paysdesecrins.com\\\/wp-content\\\/uploads\\\/2025\\\/06\\\/devina-svg-1750845694.svg\",\"caption\":\"Pays des \u00c9crins - Office de Tourisme\"},\"image\":{\"@id\":\"https:\\\/\\\/www.paysdesecrins.com\\\/de\\\/#\\\/schema\\\/logo\\\/image\\\/\"}}]}<\/script>\n<!-- \/ Yoast SEO plugin. -->","yoast_head_json":{"title":"Kulturelle Aktivit\u00e4ten und Kulturerbe in Vallouise-Pelvoux - Pays des \u00c9crins - Office de Tourisme","robots":{"index":"index","follow":"follow","max-snippet":"max-snippet:-1","max-image-preview":"max-image-preview:large","max-video-preview":"max-video-preview:-1"},"canonical":"https:\/\/www.paysdesecrins.com\/de\/mein-resort-mein-dorf\/pelvoux-vallouise-ailefroide\/kulturelle-aktivitaeten-kulturerbe\/","og_locale":"de_DE","og_type":"article","og_title":"Kulturelle Aktivit\u00e4ten und Kulturerbe in Vallouise-Pelvoux - Pays des \u00c9crins - Office de Tourisme","og_description":"Entdecken Sie das Kulturerbe und die kulturellen Aktivit\u00e4ten von Vallouise-Pelvoux, von F\u00fchrungen bis hin zu lokalen Musikfestivals. Buchen Sie Ihren [&hellip;]","og_url":"https:\/\/www.paysdesecrins.com\/de\/mein-resort-mein-dorf\/pelvoux-vallouise-ailefroide\/kulturelle-aktivitaeten-kulturerbe\/","og_site_name":"Pays des \u00c9crins - Office de Tourisme","article_modified_time":"2025-08-11T10:01:59+00:00","og_image":[{"width":2560,"height":1675,"url":"https:\/\/www.paysdesecrins.com\/wp-content\/uploads\/2025\/07\/4decouverte-activites-culturelles-histoiredelalpinismeambiance-village-ailefroid-2thibautblais-1-scaled.jpg","type":"image\/jpeg"}],"twitter_card":"summary_large_image","schema":{"@context":"https:\/\/schema.org","@graph":[{"@type":"WebPage","@id":"https:\/\/www.paysdesecrins.com\/de\/mein-resort-mein-dorf\/pelvoux-vallouise-ailefroide\/kulturelle-aktivitaeten-kulturerbe\/","url":"https:\/\/www.paysdesecrins.com\/de\/mein-resort-mein-dorf\/pelvoux-vallouise-ailefroide\/kulturelle-aktivitaeten-kulturerbe\/","name":"Kulturelle Aktivit\u00e4ten und Kulturerbe in Vallouise-Pelvoux - Pays des \u00c9crins - Office de Tourisme","isPartOf":{"@id":"https:\/\/www.paysdesecrins.com\/de\/#website"},"primaryImageOfPage":{"@id":"https:\/\/www.paysdesecrins.com\/de\/mein-resort-mein-dorf\/pelvoux-vallouise-ailefroide\/kulturelle-aktivitaeten-kulturerbe\/#primaryimage"},"image":{"@id":"https:\/\/www.paysdesecrins.com\/de\/mein-resort-mein-dorf\/pelvoux-vallouise-ailefroide\/kulturelle-aktivitaeten-kulturerbe\/#primaryimage"},"thumbnailUrl":"https:\/\/www.paysdesecrins.com\/wp-content\/uploads\/2025\/07\/191hiver-villages-vallouise-sous-la-neige-6-scaled.jpg","datePublished":"2025-06-25T13:44:52+00:00","dateModified":"2025-08-11T10:01:59+00:00","breadcrumb":{"@id":"https:\/\/www.paysdesecrins.com\/de\/mein-resort-mein-dorf\/pelvoux-vallouise-ailefroide\/kulturelle-aktivitaeten-kulturerbe\/#breadcrumb"},"inLanguage":"de","potentialAction":[{"@type":"ReadAction","target":["https:\/\/www.paysdesecrins.com\/de\/mein-resort-mein-dorf\/pelvoux-vallouise-ailefroide\/kulturelle-aktivitaeten-kulturerbe\/"]}]},{"@type":"ImageObject","inLanguage":"de","@id":"https:\/\/www.paysdesecrins.com\/de\/mein-resort-mein-dorf\/pelvoux-vallouise-ailefroide\/kulturelle-aktivitaeten-kulturerbe\/#primaryimage","url":"https:\/\/www.paysdesecrins.com\/wp-content\/uploads\/2025\/07\/191hiver-villages-vallouise-sous-la-neige-6-scaled.jpg","contentUrl":"https:\/\/www.paysdesecrins.com\/wp-content\/uploads\/2025\/07\/191hiver-villages-vallouise-sous-la-neige-6-scaled.jpg","width":1707,"height":2560},{"@type":"BreadcrumbList","@id":"https:\/\/www.paysdesecrins.com\/de\/mein-resort-mein-dorf\/pelvoux-vallouise-ailefroide\/kulturelle-aktivitaeten-kulturerbe\/#breadcrumb","itemListElement":[{"@type":"ListItem","position":1,"name":"Accueil","item":"https:\/\/www.paysdesecrins.com\/de\/der-titel-des-hauses\/"},{"@type":"ListItem","position":2,"name":"Mein Resort, mein Dorf","item":"https:\/\/www.paysdesecrins.com\/de\/ma-station-mon-village\/"},{"@type":"ListItem","position":3,"name":"Vallouise-Pelvoux","item":"https:\/\/www.paysdesecrins.com\/de\/mein-resort-mein-dorf\/pelvoux-vallouise-ailefroide\/"},{"@type":"ListItem","position":4,"name":"Kulturelle Aktivit\u00e4ten und Kulturerbe in Vallouise-Pelvoux"}]},{"@type":"WebSite","@id":"https:\/\/www.paysdesecrins.com\/de\/#website","url":"https:\/\/www.paysdesecrins.com\/de\/","name":"Pays des \u00c9crins - Office de Tourisme","description":"L&#039;esprit montagne","publisher":{"@id":"https:\/\/www.paysdesecrins.com\/de\/#organization"},"potentialAction":[{"@type":"SearchAction","target":{"@type":"EntryPoint","urlTemplate":"https:\/\/www.paysdesecrins.com\/de\/?s={search_term_string}"},"query-input":{"@type":"PropertyValueSpecification","valueRequired":true,"valueName":"search_term_string"}}],"inLanguage":"de"},{"@type":"Organization","@id":"https:\/\/www.paysdesecrins.com\/de\/#organization","name":"Pays des \u00c9crins - Office de Tourisme","url":"https:\/\/www.paysdesecrins.com\/de\/","logo":{"@type":"ImageObject","inLanguage":"de","@id":"https:\/\/www.paysdesecrins.com\/de\/#\/schema\/logo\/image\/","url":"https:\/\/www.paysdesecrins.com\/wp-content\/uploads\/2025\/06\/devina-svg-1750845694.svg","contentUrl":"https:\/\/www.paysdesecrins.com\/wp-content\/uploads\/2025\/06\/devina-svg-1750845694.svg","caption":"Pays des \u00c9crins - Office de Tourisme"},"image":{"@id":"https:\/\/www.paysdesecrins.com\/de\/#\/schema\/logo\/image\/"}}]}},"_links":{"self":[{"href":"https:\/\/www.paysdesecrins.com\/de\/wp-json\/wp\/v2\/pages\/45790","targetHints":{"allow":["GET"]}}],"collection":[{"href":"https:\/\/www.paysdesecrins.com\/de\/wp-json\/wp\/v2\/pages"}],"about":[{"href":"https:\/\/www.paysdesecrins.com\/de\/wp-json\/wp\/v2\/types\/page"}],"author":[{"embeddable":true,"href":"https:\/\/www.paysdesecrins.com\/de\/wp-json\/wp\/v2\/users\/1"}],"replies":[{"embeddable":true,"href":"https:\/\/www.paysdesecrins.com\/de\/wp-json\/wp\/v2\/comments?post=45790"}],"version-history":[{"count":0,"href":"https:\/\/www.paysdesecrins.com\/de\/wp-json\/wp\/v2\/pages\/45790\/revisions"}],"up":[{"embeddable":true,"href":"https:\/\/www.paysdesecrins.com\/de\/wp-json\/wp\/v2\/pages\/45187"}],"wp:featuredmedia":[{"embeddable":true,"href":"https:\/\/www.paysdesecrins.com\/de\/wp-json\/wp\/v2\/media\/21920"}],"wp:attachment":[{"href":"https:\/\/www.paysdesecrins.com\/de\/wp-json\/wp\/v2\/media?parent=45790"}],"curies":[{"name":"wp","href":"https:\/\/api.w.org\/{rel}","templated":true}]}}