{"id":45800,"date":"2025-06-25T15:44:51","date_gmt":"2025-06-25T13:44:51","guid":{"rendered":"https:\/\/www.paysdesecrins.com\/meine-outdoor-aktivitaeten\/fahrrad\/"},"modified":"2025-08-06T17:15:58","modified_gmt":"2025-08-06T15:15:58","slug":"fahrrad","status":"publish","type":"page","link":"https:\/\/www.paysdesecrins.com\/de\/meine-outdoor-aktivitaeten\/fahrrad\/","title":{"rendered":"Fahrrad"},"content":{"rendered":"    <div class=\"alignfull wp-block-ws-library-ws-header-interne\">\n\t    <div class=\"header-container\">\n\t        <div class=\"group-media has-image\">\n\t            \t                <img decoding=\"async\" src=\"https:\/\/www.paysdesecrins.com\/wp-content\/uploads\/2025\/07\/181velo-vtt-dsc04924-1920x800.jpg\" alt=\"\" class=\"image_large_square wp-image-21773\" \/>\n\t            \t        <\/div>\n\t        <div class=\"group-content\">\n\t            <div class=\"title\">\n\t                <h1>\n\t                    Fahrrad\t                    \t                <\/h1>\n\t            <\/div>\n\t        <\/div>\n\t    <\/div>\n\t    \n<div class=\"yoast-breadcrumbs\"><span><span><a href=\"https:\/\/www.paysdesecrins.com\/de\/der-titel-des-hauses\/\">Accueil<\/a><\/span>  <span><a href=\"https:\/\/www.paysdesecrins.com\/de\/meine-outdoor-aktivitaeten\/\">Meine Outdoor-Aktivit\u00e4ten<\/a><\/span>  <span class=\"breadcrumb_last\" aria-current=\"page\">Fahrrad<\/span><\/span><\/div>\n    <\/div>\n    \n<div class=\"wp-block-ws-library-ws-title aligncenter is-style-simple\" data-season=\"allseasons\"><h2><em>Trails und Flow <\/em>Auf dem Weg zu 220 km Freiheit<\/h2><\/div>\n\n<p class=\"has-text-align-center\" data-season=\"allseasons\">Das Pays des \u00c9crins bietet ein ausgedehntes Mountainbike- und E-Mountainbike-Netz von 220 km markierten Wegen, die in 28 f\u00fcr alle zug\u00e4ngliche Strecken unterteilt sind: Von sanften Reliefs bis hin zu nachhaltigeren H\u00e4ngen findet jedes Profil seinen Spielplatz. Entlang der T\u00e4ler und K\u00e4mme offenbart die Vielfalt der Landschaften L\u00e4rchenw\u00e4lder, blumige Almen und Panoramen der Gletscher.   <\/p>\n\n<div class=\"wp-block-ws-library-ws-video\"><div class=\"wrapper\"><div class=\"group-media\">\n<figure class=\"wp-block-embed is-type-video is-provider-youtube wp-block-embed-youtube\"><div class=\"wp-block-embed__wrapper\">\n<iframe loading=\"lazy\" title=\"Le Pays des \u00c9crins \u00e0 v\u00e9lo\" width=\"500\" height=\"281\" src=\"https:\/\/www.youtube.com\/embed\/5uYyw6DtE-U?feature=oembed\" frameborder=\"0\" allow=\"accelerometer; autoplay; clipboard-write; encrypted-media; gyroscope; picture-in-picture; web-share\" referrerpolicy=\"strict-origin-when-cross-origin\" allowfullscreen><\/iframe>\n<\/div><\/figure>\n<\/div><\/div><\/div>\n\n<div class=\"wp-block-ws-library-ws-title aligncenter\" data-season=\"allseasons\"><h2><em>Drei T\u00e4ler,<\/em> drei Atmosph\u00e4ren<\/h2><\/div>\n\n<div class=\"wp-block-ws-library-ws-columns alignwide has-2-columns are-vertically-aligned-center layout-5050\" data-season=\"allseasons\">\n<div class=\"wp-block-ws-library-ws-column\"><div class=\"wrapper\">\n<div class=\"wp-block-ws-library-ws-image\"><div class=\"wrapper\"><div class=\"group-media\"><img decoding=\"async\" src=\"https:\/\/www.paysdesecrins.com\/wp-content\/uploads\/2025\/07\/dsc06732-960x640.jpg\" alt=\"\" class=\"single_image ws-image-29884\"><div class=\"credits\"><\/div><\/div><p class=\"caption\"><\/p><\/div><\/div>\n<\/div><\/div>\n\n\n\n<div class=\"wp-block-ws-library-ws-column\"><div class=\"wrapper\">\n<div class=\"wp-block-ws-library-ws-title\"><h3><em>Singletrails Vallouise-Pelvoux<\/em> und Balkonwege<\/h3><\/div>\n\n\n\n<p class=\"has-text-align-left\">Rund um Vallouise-Pelvoux durchqueren die mit dem FFC-Label gekennzeichneten Routen Gestr\u00fcpp und Schluchten mit H\u00f6henunterschieden von bis zu 900 m. Die Strecken variieren von wenigen Kilometern f\u00fcr den Einstieg bis hin zu l\u00e4ngeren Schleifen f\u00fcr erfahrene Mountainbiker. <\/p>\n\n\n\n<div class=\"wp-block-ws-library-ws-button has-text-align-left\"><a href=\"https:\/\/rando.paysdesecrins.com\/search?practices=2\" class=\"wp-block-button__link wp-element-button btn\">  Alle Mountainbike-Routen<\/a><\/div>\n<\/div><\/div>\n<\/div>\n\n<div class=\"wp-block-ws-library-ws-columns alignfull has-2-columns are-vertically-aligned-center layout-5050 is-style-background\" data-season=\"allseasons\">\n<div class=\"wp-block-ws-library-ws-column\"><div class=\"wrapper\">\n<div class=\"wp-block-ws-library-ws-title\"><h3><em>Puy St. Vincent<\/em> Bikepark und Enduro Mountainbike<\/h3><\/div>\n\n\n\n<p>Auf einer H\u00f6he von 1.600 m bietet der Puy Saint Vincent Bike Park zwei abnehmbare Sessellifte und sieben Pisten f\u00fcr alle Niveaus. Von der gr\u00fcnen, die sich perfekt f\u00fcr Anf\u00e4nger eignet, bis hin zur schwarzen, die den Erfahrensten vorbehalten ist, unterstreichen die Holz- und Wallrides-Module eine gesch\u00fctzte Umgebung, w\u00e4hrend der H\u00f6henunterschied von 900 m w\u00e4hrend der \u00d6ffnungszeiten des Resorts von Juli bis Ende August f\u00fcr anhaltende Abfahrten sorgt. <\/p>\n\n\n\n<div class=\"wp-block-ws-library-ws-button has-text-align-left\"><a href=\"https:\/\/www.puysaintvincent.com\" class=\"wp-block-button__link wp-element-button btn\">  Mehr erfahren +<\/a><\/div>\n<\/div><\/div>\n\n\n\n<div class=\"wp-block-ws-library-ws-column\"><div class=\"wrapper\">\n<div class=\"wp-block-ws-library-ws-image\"><div class=\"wrapper\"><div class=\"group-media\"><img decoding=\"async\" src=\"https:\/\/www.paysdesecrins.com\/wp-content\/uploads\/2025\/07\/18vtt-bike-park-psv-rogiervanrijn-960x640.jpg\" alt=\"\" class=\"single_image ws-image-21859\"><div class=\"credits\">Rogier VANRIJN<\/div><\/div><p class=\"caption\"><\/p><\/div><\/div>\n<\/div><\/div>\n<\/div>\n\n<div class=\"wp-block-ws-library-ws-columns alignwide has-2-columns are-vertically-aligned-center layout-5050\">\n<div class=\"wp-block-ws-library-ws-column\"><div class=\"wrapper\">\n<div class=\"wp-block-ws-library-ws-image\"><div class=\"wrapper\"><div class=\"group-media\"><img decoding=\"async\" src=\"https:\/\/www.paysdesecrins.com\/wp-content\/uploads\/2025\/07\/dsc08235-2-2-960x640.jpg\" alt=\"\" class=\"single_image ws-image-29920\"><div class=\"credits\"><\/div><\/div><p class=\"caption\"><\/p><\/div><\/div>\n<\/div><\/div>\n\n\n\n<div class=\"wp-block-ws-library-ws-column\"><div class=\"wrapper\">\n<div class=\"wp-block-ws-library-ws-title\"><h3><em>Freissini\u00e8res<\/em> , schattige Schleifen und Fl\u00fcsse<\/h3><\/div>\n\n\n\n<p>Die Wanderwege rund um Freissini\u00e8res bieten sechs schattige Schleifen zwischen 6 und 22 km, ideal bei hei\u00dfem Wetter. Diese Routen schl\u00e4ngeln sich entlang von B\u00e4chen, durch W\u00e4lder und Wiesen, mit Ausblicken auf Wasserf\u00e4lle und traditionelle Weiler des Tals. Ihre verspielte Art macht sie zu einem Abenteuerspielplatz f\u00fcr Mountainbiker, die eine ruhige Auszeit suchen.  <\/p>\n\n\n\n<div class=\"wp-block-ws-library-ws-button has-text-align-left\"><a href=\"https:\/\/rando.paysdesecrins.com\/search?practices=2\" class=\"wp-block-button__link wp-element-button btn\">  Alle Mountainbike-Routen<\/a><\/div>\n<\/div><\/div>\n<\/div>\n\n<div class=\"wp-block-ws-library-ws-title aligncenter\" data-season=\"allseasons\"><h3><em><br><\/em><br><em>Die Grand Tour der \u00c9crins<\/em> Roaming \u00fcber gro\u00dfe Entfernungen<\/h3><\/div>\n\n<p class=\"has-text-align-center\" data-season=\"allseasons\">F\u00fcr diejenigen, die das Reisen lieben, ist die Grand Tour des \u00c9crins eine Grande Travers\u00e9e VTT-FFC von fast 388 km in 11 Tagen. Diese anspruchsvolle Route f\u00fchrt um die sieben peripheren T\u00e4ler des Nationalparks herum und wechselt zwischen P\u00e4ssen, wilden T\u00e4lern und Ausblicken auf die Gipfel, die auf mehr als 4.000 m gipfeln. <\/p>\n\n<div class=\"wp-block-ws-library-ws-slider alignwide\"><div class=\"splide\" data-splide=\"{\"type\":\"slide\",\"heightRatio\":\"auto\",\"perPage\":4,\"perMove\":1,\"drag\":true,\"pagination\":0,\"autoplay\":false,\"gap\":\"15px\",\"breakpoints\":{\"450\":{\"perPage\":1},\"768\":{\"perPage\":2},\"992\":{\"perPage\":3},\"1200\":{\"perPage\":4}}}\"><div class=\"splide__track\"><div class=\"splide__list\"><div class=\"splide__slide\"><a href=\"https:\/\/www.paysdesecrins.com\/wp-content\/uploads\/2025\/07\/18vtt-bike-park-psv-rogiervanrijn-scaled.jpg\" data-glightbox=\"true\" class=\"lightbox-trigger\"><img decoding=\"async\" src=\"https:\/\/www.paysdesecrins.com\/wp-content\/uploads\/2025\/07\/18vtt-bike-park-psv-rogiervanrijn-400x400.jpg\" alt=\"\"><\/a><\/div><div class=\"splide__slide\"><a href=\"https:\/\/www.paysdesecrins.com\/wp-content\/uploads\/2025\/07\/18veloderoute-dsc00820-1-400x400.jpg\" data-glightbox=\"true\" class=\"lightbox-trigger\"><img decoding=\"async\" src=\"https:\/\/www.paysdesecrins.com\/wp-content\/uploads\/2025\/07\/18veloderoute-dsc00820-1-400x400.jpg\" alt=\"\"><\/a><\/div><div class=\"splide__slide\"><a href=\"https:\/\/www.paysdesecrins.com\/wp-content\/uploads\/2025\/07\/18veloderoute-dsc00234-400x400.jpg\" data-glightbox=\"true\" class=\"lightbox-trigger\"><img decoding=\"async\" src=\"https:\/\/www.paysdesecrins.com\/wp-content\/uploads\/2025\/07\/18veloderoute-dsc00234-400x400.jpg\" alt=\"\"><\/a><\/div><div class=\"splide__slide\"><a href=\"https:\/\/www.paysdesecrins.com\/wp-content\/uploads\/2025\/07\/18vtt-vtt-geotrek-parcours-17-2jp-scaled.jpg\" data-glightbox=\"true\" class=\"lightbox-trigger\"><img decoding=\"async\" src=\"https:\/\/www.paysdesecrins.com\/wp-content\/uploads\/2025\/07\/18vtt-vtt-geotrek-parcours-17-2jp-400x400.jpg\" alt=\"\"><\/a><\/div><div class=\"splide__slide\"><a href=\"https:\/\/www.paysdesecrins.com\/wp-content\/uploads\/2025\/07\/18microaventureoutdoor-dsc09621-scaled.jpg\" data-glightbox=\"true\" class=\"lightbox-trigger\"><img decoding=\"async\" src=\"https:\/\/www.paysdesecrins.com\/wp-content\/uploads\/2025\/07\/18microaventureoutdoor-dsc09621-400x400.jpg\" alt=\"\"><\/a><\/div><div class=\"splide__slide\"><a href=\"https:\/\/www.paysdesecrins.com\/wp-content\/uploads\/2025\/07\/18microaventureoutdoor-dsc04993-2-scaled.jpg\" data-glightbox=\"true\" class=\"lightbox-trigger\"><img decoding=\"async\" src=\"https:\/\/www.paysdesecrins.com\/wp-content\/uploads\/2025\/07\/18microaventureoutdoor-dsc04993-2-400x400.jpg\" alt=\"\"><\/a><\/div><div class=\"splide__slide\"><a href=\"https:\/\/www.paysdesecrins.com\/wp-content\/uploads\/2025\/07\/181vtt-bike-park-amp-vtt-lac-du-thibautblais-scaled.jpg\" data-glightbox=\"true\" class=\"lightbox-trigger\"><img decoding=\"async\" src=\"https:\/\/www.paysdesecrins.com\/wp-content\/uploads\/2025\/07\/181vtt-bike-park-amp-vtt-lac-du-thibautblais-400x400.jpg\" alt=\"\"><\/a><\/div><\/div><\/div><\/div><\/div>\n\n<div class=\"wp-block-ws-library-ws-title\"><h2><em>Buchen Sie Ihren Ausflug<\/em> Mountainbike-Dienstleister<\/h2><\/div>\n\n<p class=\"has-text-align-center\" data-season=\"winter\">Bereit, sich auf dein Mountainbike oder E-MTB zu schwingen? Planen Sie Ihren n\u00e4chsten Ausflug auf zwei R\u00e4dern mit einem unserer Dienstleister! <\/p>\n<div id=\"listing_04ec6\" data-observer-wishlist data-attributes='listing-avance {\"selectedSelectionIds\":[\"188520\"],\"defaultImage\":\"https:\\\/\\\/www.paysdesecrins.com\\\/wp-content\\\/uploads\\\/2025\\\/06\\\/paysdesecrins.png\",\"showMap\":true,\"isPaginated\":true,\"perPage\":3,\"isPortrait\":false,\"isImageContain\":false,\"showCommune\":true,\"selectedFacets\":[],\"sortOrder\":\"random\",\"showType\":false,\"columnsCount\":\"2-3-3\",\"showActiveFacets\":false,\"showGeolocalisation\":false,\"isLimited\":false,\"season\":\"\",\"align\":\"wide\"}' class=\"ws-listing wp-block-ws-apidae-library-listing-avance alignwide\" data-map-id=\"map_04ec6\" data-locations-id=\"locations-data_04ec6\"><div class=\"listing-header\"><div class=\"toggle-container\"><button class=\"btn toggle-btn toggle-list\" data-target=\"list\">Liste<\/button><button class=\"btn toggle-btn toggle-map\" data-target=\"map\">Landkarte<\/button><button class=\"btn toggle-btn toggle-fulllist\" data-target=\"fulllist\" data-reverse=\"Karte anzeigen\">Karte ausblenden<\/button><\/div><\/div><div class=\"facetwp-template\"><div class=\"list-container active\"><div class=\"list-items\"><div class=\"item\" data-season=\"all-seasons\"><div class=\"card card-apidae card-avance\"><div class=\"group-actions\"><ws-wishlist data-type=\"flag\" data-action=\"add\" data-wish-id=\"5940808\" data-wish-type=\"apidae\"><\/ws-wishlist><\/div><div class=\"group-media\"><div class=\"field-image\"><img decoding=\"async\" src=\"https:\/\/images.weserv.nl\/?url=https:\/\/static.apidae-tourisme.com\/filestore\/objets-touristiques\/images\/92\/20\/13243484-diaporama.jpg&#038;w=350&#038;h=350&#038;fit=cover&#038;output=webp&#038;q=45\" alt=\"Watogla Adventures\"\/><\/div><\/div><div class=\"group-top\"><div class=\"field-book\">Online buchbar<\/div><div class=\"field-commune\">Vallouise-Pelvoux<\/div><ws-apidae-from-price data-apidae-id=\"5940808\" ><\/ws-apidae-from-price><\/div><div class=\"group-content\"><div class=\"field-title\">Watogla Adventures<\/div><\/div><div class=\"field-link\" role=\"group\" aria-label=\"Lien vers le contenu\"><a href=\"https:\/\/www.paysdesecrins.com\/de\/fiche\/watogla-adventures-2\/\" class=\"cardlink\" title=\"Lire plus : Watogla Adventures\" lang=\"de_DE\">Watogla Adventures<\/a><\/div><\/div><\/div><div class=\"item\" data-season=\"all-seasons\"><div class=\"card card-apidae card-avance\"><div class=\"group-actions\"><ws-wishlist data-type=\"flag\" data-action=\"add\" data-wish-id=\"642806\" data-wish-type=\"apidae\"><\/ws-wishlist><\/div><div class=\"group-media\"><div class=\"field-image\"><img decoding=\"async\" src=\"https:\/\/images.weserv.nl\/?url=https:\/\/static.apidae-tourisme.com\/filestore\/objets-touristiques\/images\/160\/205\/2149792-diaporama.jpg&#038;w=350&#038;h=350&#038;fit=cover&#038;output=webp&#038;q=45\" alt=\"Guillaume CHRISTIAN\"\/><\/div><\/div><div class=\"group-top\"><div class=\"field-commune\">L&#039;Argenti\u00e8re-la-Bess\u00e9e<\/div><ws-apidae-from-price data-apidae-id=\"642806\" ><\/ws-apidae-from-price><\/div><div class=\"group-content\"><div class=\"field-title\">Guillaume CHRISTIAN<\/div><\/div><div class=\"field-link\" role=\"group\" aria-label=\"Lien vers le contenu\"><a href=\"https:\/\/www.paysdesecrins.com\/de\/fiche\/guillaume-christian-2\/\" class=\"cardlink\" title=\"Lire plus : Guillaume CHRISTIAN\" lang=\"de_DE\">Guillaume CHRISTIAN<\/a><\/div><\/div><\/div><div class=\"item\" data-season=\"all-seasons\"><div class=\"card card-apidae card-avance\"><div class=\"group-actions\"><ws-wishlist data-type=\"flag\" data-action=\"add\" data-wish-id=\"581835\" data-wish-type=\"apidae\"><\/ws-wishlist><\/div><div class=\"group-media\"><div class=\"field-image\"><img decoding=\"async\" src=\"https:\/\/images.weserv.nl\/?url=https:\/\/static.apidae-tourisme.com\/filestore\/objets-touristiques\/images\/220\/167\/698332-diaporama.jpg&#038;w=350&#038;h=350&#038;fit=cover&#038;output=webp&#038;q=45\" alt=\"Tiki Bike Centre de V\u00e9lo du pays des Ecrins\"\/><\/div><\/div><div class=\"group-top\"><div class=\"field-commune\">Vallouise-Pelvoux<\/div><ws-apidae-from-price data-apidae-id=\"581835\" ><\/ws-apidae-from-price><\/div><div class=\"group-content\"><div class=\"field-title\">Tiki Bike Centre de V\u00e9lo du pays des Ecrins<\/div><\/div><div class=\"field-link\" role=\"group\" aria-label=\"Lien vers le contenu\"><a href=\"https:\/\/www.paysdesecrins.com\/de\/fiche\/tiki-bike-centre-de-velo-du-pays-des-ecrins-2\/\" class=\"cardlink\" title=\"Lire plus : Tiki Bike Centre de V\u00e9lo du pays des Ecrins\" lang=\"de_DE\">Tiki Bike Centre de V\u00e9lo du pays des Ecrins<\/a><\/div><\/div><\/div><div class=\"item\" data-season=\"all-seasons\"><div class=\"card card-apidae card-avance\"><div class=\"group-actions\"><ws-wishlist data-type=\"flag\" data-action=\"add\" data-wish-id=\"643560\" data-wish-type=\"apidae\"><\/ws-wishlist><\/div><div class=\"group-media\"><div class=\"field-image\"><img decoding=\"async\" src=\"https:\/\/images.weserv.nl\/?url=https:\/\/static.apidae-tourisme.com\/filestore\/objets-touristiques\/images\/175\/205\/2149807-diaporama.jpg&#038;w=350&#038;h=350&#038;fit=cover&#038;output=webp&#038;q=45\" alt=\"Alpes Aventure\"\/><\/div><\/div><div class=\"group-top\"><div class=\"field-commune\">L&#039;Argenti\u00e8re-la-Bess\u00e9e<\/div><ws-apidae-from-price data-apidae-id=\"643560\" ><\/ws-apidae-from-price><\/div><div class=\"group-content\"><div class=\"field-title\">Alpes Aventure<\/div><\/div><div class=\"field-link\" role=\"group\" aria-label=\"Lien vers le contenu\"><a href=\"https:\/\/www.paysdesecrins.com\/de\/fiche\/alpes-aventure-2\/\" class=\"cardlink\" title=\"Lire plus : Alpes Aventure\" lang=\"de_DE\">Alpes Aventure<\/a><\/div><\/div><\/div><div class=\"item\" data-season=\"all-seasons\"><div class=\"card card-apidae card-avance\"><div class=\"group-actions\"><ws-wishlist data-type=\"flag\" data-action=\"add\" data-wish-id=\"579660\" data-wish-type=\"apidae\"><\/ws-wishlist><\/div><div class=\"group-media\"><div class=\"field-image\"><img decoding=\"async\" src=\"https:\/\/images.weserv.nl\/?url=https:\/\/static.apidae-tourisme.com\/filestore\/objets-touristiques\/images\/112\/113\/684400-diaporama.jpg&#038;w=350&#038;h=350&#038;fit=cover&#038;output=webp&#038;q=45\" alt=\"VTT &#8220; Vallouise Free Bike&#8220;\"\/><\/div><\/div><div class=\"group-top\"><div class=\"field-commune\">Vallouise-Pelvoux<\/div><ws-apidae-from-price data-apidae-id=\"579660\" ><\/ws-apidae-from-price><\/div><div class=\"group-content\"><div class=\"field-title\">VTT &#8220; Vallouise Free Bike&#8220;<\/div><\/div><div class=\"field-link\" role=\"group\" aria-label=\"Lien vers le contenu\"><a href=\"https:\/\/www.paysdesecrins.com\/de\/fiche\/vtt-vallouise-free-bike-2\/\" class=\"cardlink\" title=\"Lire plus : VTT &#8220; Vallouise Free Bike&#8220;\" lang=\"de_DE\">VTT &#8220; Vallouise Free Bike&#8220;<\/a><\/div><\/div><\/div><div class=\"item\" data-season=\"all-seasons\"><div class=\"card card-apidae card-avance\"><div class=\"group-actions\"><ws-wishlist data-type=\"flag\" data-action=\"add\" data-wish-id=\"7220754\" data-wish-type=\"apidae\"><\/ws-wishlist><\/div><div class=\"group-media\"><div class=\"field-image\"><img decoding=\"async\" src=\"https:\/\/images.weserv.nl\/?url=https:\/\/static.apidae-tourisme.com\/filestore\/objets-touristiques\/images\/112\/205\/28364144-diaporama.jpg&#038;w=350&#038;h=350&#038;fit=cover&#038;output=webp&#038;q=45\" alt=\"Cycl&#8217;eau Aventure\"\/><\/div><\/div><div class=\"group-top\"><div class=\"field-commune\">L&#039;Argenti\u00e8re-la-Bess\u00e9e<\/div><ws-apidae-from-price data-apidae-id=\"7220754\" ><\/ws-apidae-from-price><\/div><div class=\"group-content\"><div class=\"field-title\">Cycl&#8217;eau Aventure<\/div><\/div><div class=\"field-link\" role=\"group\" aria-label=\"Lien vers le contenu\"><a href=\"https:\/\/www.paysdesecrins.com\/de\/fiche\/cycleau-aventure-2\/\" class=\"cardlink\" title=\"Lire plus : Cycl&#8217;eau Aventure\" lang=\"de_DE\">Cycl&#8217;eau Aventure<\/a><\/div><\/div><\/div><div class=\"item\" data-season=\"all-seasons\"><div class=\"card card-apidae card-avance\"><div class=\"group-actions\"><ws-wishlist data-type=\"flag\" data-action=\"add\" data-wish-id=\"704131\" data-wish-type=\"apidae\"><\/ws-wishlist><\/div><div class=\"group-media\"><div class=\"field-image\"><img decoding=\"async\" src=\"https:\/\/images.weserv.nl\/?url=https:\/\/static.apidae-tourisme.com\/filestore\/objets-touristiques\/images\/223\/71\/3622879-diaporama.jpg&#038;w=350&#038;h=350&#038;fit=cover&#038;output=webp&#038;q=45\" alt=\"Fahrradspa\u00df mit \u201eLocalv\u00e9lo\u201c \u2013 Puy Saint Vincent\"\/><\/div><\/div><div class=\"group-top\"><div class=\"field-commune\">Puy-Saint-Vincent<\/div><ws-apidae-from-price data-apidae-id=\"704131\" ><\/ws-apidae-from-price><\/div><div class=\"group-content\"><div class=\"field-title\">Fahrradspa\u00df mit \u201eLocalv\u00e9lo\u201c \u2013 Puy Saint Vincent<\/div><\/div><div class=\"field-link\" role=\"group\" aria-label=\"Lien vers le contenu\"><a href=\"https:\/\/www.paysdesecrins.com\/de\/fiche\/fahrradspas-mit-localvelo-puy-saint-vincent\/\" class=\"cardlink\" title=\"Lire plus : Fahrradspa\u00df mit \u201eLocalv\u00e9lo\u201c \u2013 Puy Saint Vincent\" lang=\"de_DE\">Fahrradspa\u00df mit \u201eLocalv\u00e9lo\u201c \u2013 Puy Saint Vincent<\/a><\/div><\/div><\/div><div id=\"locations-data_04ec6\" style=\"display: none;\">{&quot;locations&quot;:[{&quot;lat&quot;:&quot;44.846532&quot;,&quot;lng&quot;:&quot;6.48816&quot;,&quot;title&quot;:&quot;Watogla Adventures&quot;,&quot;permalink&quot;:&quot;https:\\\/\\\/www.paysdesecrins.com\\\/de\\\/fiche\\\/watogla-adventures-2\\\/&quot;,&quot;type&quot;:&quot;commerce_et_service&quot;,&quot;commune&quot;:&quot;Vallouise-Pelvoux&quot;,&quot;type_commerce&quot;:&quot;&quot;,&quot;image&quot;:&quot;https:\\\/\\\/static.apidae-tourisme.com\\\/filestore\\\/objets-touristiques\\\/images\\\/92\\\/20\\\/13243484-diaporama.jpg&quot;,&quot;image_width&quot;:&quot;350&quot;,&quot;image_height&quot;:&quot;350&quot;,&quot;image_fit&quot;:&quot;cover&quot;},{&quot;lat&quot;:&quot;44.793939&quot;,&quot;lng&quot;:&quot;6.557773&quot;,&quot;title&quot;:&quot;Guillaume CHRISTIAN&quot;,&quot;permalink&quot;:&quot;https:\\\/\\\/www.paysdesecrins.com\\\/de\\\/fiche\\\/guillaume-christian-2\\\/&quot;,&quot;type&quot;:&quot;commerce_et_service&quot;,&quot;commune&quot;:&quot;L&#039;Argenti\\u00e8re-la-Bess\\u00e9e&quot;,&quot;type_commerce&quot;:&quot;&quot;,&quot;image&quot;:&quot;https:\\\/\\\/static.apidae-tourisme.com\\\/filestore\\\/objets-touristiques\\\/images\\\/160\\\/205\\\/2149792-diaporama.jpg&quot;,&quot;image_width&quot;:&quot;350&quot;,&quot;image_height&quot;:&quot;350&quot;,&quot;image_fit&quot;:&quot;cover&quot;},{&quot;lat&quot;:&quot;44.839949&quot;,&quot;lng&quot;:&quot;6.494684&quot;,&quot;title&quot;:&quot;Tiki Bike Centre de V\\u00e9lo du pays des Ecrins&quot;,&quot;permalink&quot;:&quot;https:\\\/\\\/www.paysdesecrins.com\\\/de\\\/fiche\\\/tiki-bike-centre-de-velo-du-pays-des-ecrins-2\\\/&quot;,&quot;type&quot;:&quot;commerce_et_service&quot;,&quot;commune&quot;:&quot;Vallouise-Pelvoux&quot;,&quot;type_commerce&quot;:&quot;&quot;,&quot;image&quot;:&quot;https:\\\/\\\/static.apidae-tourisme.com\\\/filestore\\\/objets-touristiques\\\/images\\\/220\\\/167\\\/698332-diaporama.jpg&quot;,&quot;image_width&quot;:&quot;350&quot;,&quot;image_height&quot;:&quot;350&quot;,&quot;image_fit&quot;:&quot;cover&quot;},{&quot;lat&quot;:&quot;44.793939&quot;,&quot;lng&quot;:&quot;6.557773&quot;,&quot;title&quot;:&quot;Alpes Aventure&quot;,&quot;permalink&quot;:&quot;https:\\\/\\\/www.paysdesecrins.com\\\/de\\\/fiche\\\/alpes-aventure-2\\\/&quot;,&quot;type&quot;:&quot;commerce_et_service&quot;,&quot;commune&quot;:&quot;L&#039;Argenti\\u00e8re-la-Bess\\u00e9e&quot;,&quot;type_commerce&quot;:&quot;&quot;,&quot;image&quot;:&quot;https:\\\/\\\/static.apidae-tourisme.com\\\/filestore\\\/objets-touristiques\\\/images\\\/175\\\/205\\\/2149807-diaporama.jpg&quot;,&quot;image_width&quot;:&quot;350&quot;,&quot;image_height&quot;:&quot;350&quot;,&quot;image_fit&quot;:&quot;cover&quot;},{&quot;lat&quot;:&quot;44.846704&quot;,&quot;lng&quot;:&quot;6.488418&quot;,&quot;title&quot;:&quot;VTT &#8220; Vallouise Free Bike&#8220;&quot;,&quot;permalink&quot;:&quot;https:\\\/\\\/www.paysdesecrins.com\\\/de\\\/fiche\\\/vtt-vallouise-free-bike-2\\\/&quot;,&quot;type&quot;:&quot;commerce_et_service&quot;,&quot;commune&quot;:&quot;Vallouise-Pelvoux&quot;,&quot;type_commerce&quot;:&quot;&quot;,&quot;image&quot;:&quot;https:\\\/\\\/static.apidae-tourisme.com\\\/filestore\\\/objets-touristiques\\\/images\\\/112\\\/113\\\/684400-diaporama.jpg&quot;,&quot;image_width&quot;:&quot;350&quot;,&quot;image_height&quot;:&quot;350&quot;,&quot;image_fit&quot;:&quot;cover&quot;},{&quot;lat&quot;:&quot;44.790347&quot;,&quot;lng&quot;:&quot;6.557874&quot;,&quot;title&quot;:&quot;Cycl&#8217;eau Aventure&quot;,&quot;permalink&quot;:&quot;https:\\\/\\\/www.paysdesecrins.com\\\/de\\\/fiche\\\/cycleau-aventure-2\\\/&quot;,&quot;type&quot;:&quot;commerce_et_service&quot;,&quot;commune&quot;:&quot;L&#039;Argenti\\u00e8re-la-Bess\\u00e9e&quot;,&quot;type_commerce&quot;:&quot;&quot;,&quot;image&quot;:&quot;https:\\\/\\\/static.apidae-tourisme.com\\\/filestore\\\/objets-touristiques\\\/images\\\/112\\\/205\\\/28364144-diaporama.jpg&quot;,&quot;image_width&quot;:&quot;350&quot;,&quot;image_height&quot;:&quot;350&quot;,&quot;image_fit&quot;:&quot;cover&quot;},{&quot;lat&quot;:&quot;44.826953&quot;,&quot;lng&quot;:&quot;6.497147&quot;,&quot;title&quot;:&quot;Fahrradspa\\u00df mit \\u201eLocalv\\u00e9lo\\u201c \\u2013 Puy Saint Vincent&quot;,&quot;permalink&quot;:&quot;https:\\\/\\\/www.paysdesecrins.com\\\/de\\\/fiche\\\/fahrradspas-mit-localvelo-puy-saint-vincent\\\/&quot;,&quot;type&quot;:&quot;commerce_et_service&quot;,&quot;commune&quot;:&quot;Puy-Saint-Vincent&quot;,&quot;type_commerce&quot;:&quot;&quot;,&quot;image&quot;:&quot;https:\\\/\\\/static.apidae-tourisme.com\\\/filestore\\\/objets-touristiques\\\/images\\\/223\\\/71\\\/3622879-diaporama.jpg&quot;,&quot;image_width&quot;:&quot;350&quot;,&quot;image_height&quot;:&quot;350&quot;,&quot;image_fit&quot;:&quot;cover&quot;}],&quot;center_lat&quot;:&quot;44.846532&quot;,&quot;center_lng&quot;:&quot;6.48816&quot;}<\/div><\/div><\/div><\/div><div class=\"map-marker\"><div id=\"map_04ec6\" class=\"map-container\" style=\"width: 100%; height: 450px;\"><\/div><\/div><\/div>\n<div class=\"wp-block-ws-library-ws-share\"><span class=\"share-subtitle\">Hat Ihnen diese Seite gefallen?<\/span><span class=\"share-title\">Teilen Sie es!<\/span><button class=\"ws-share-button wp-element-button\">Diese Seite teilen<\/button><\/div>\n","protected":false},"excerpt":{"rendered":"<p>Das Pays des \u00c9crins bietet ein ausgedehntes Mountainbike- und E-Mountainbike-Netz von 220 km markierten Wegen, die in 28 f\u00fcr alle [&hellip;]<\/p>\n","protected":false},"author":1,"featured_media":42513,"parent":44557,"menu_order":0,"comment_status":"closed","ping_status":"closed","template":"","meta":{"_thumbnail_id_2":0,"summer_excerpt":"","season":"","station":"","footnotes":""},"class_list":["post-45800","page","type-page","status-publish","has-post-thumbnail","hentry"],"yoast_head":"<!-- This site is optimized with the Yoast SEO plugin v27.3 - https:\/\/yoast.com\/product\/yoast-seo-wordpress\/ -->\n<title>Fahrrad - Pays des \u00c9crins - Office de Tourisme<\/title>\n<meta name=\"robots\" content=\"index, follow, max-snippet:-1, max-image-preview:large, max-video-preview:-1\" \/>\n<link rel=\"canonical\" href=\"https:\/\/www.paysdesecrins.com\/de\/meine-outdoor-aktivitaeten\/fahrrad\/\" \/>\n<meta property=\"og:locale\" content=\"de_DE\" \/>\n<meta property=\"og:type\" content=\"article\" \/>\n<meta property=\"og:title\" content=\"Fahrrad - Pays des \u00c9crins - Office de Tourisme\" \/>\n<meta property=\"og:description\" content=\"Das Pays des \u00c9crins bietet ein ausgedehntes Mountainbike- und E-Mountainbike-Netz von 220 km markierten Wegen, die in 28 f\u00fcr alle [&hellip;]\" \/>\n<meta property=\"og:url\" content=\"https:\/\/www.paysdesecrins.com\/de\/meine-outdoor-aktivitaeten\/fahrrad\/\" \/>\n<meta property=\"og:site_name\" content=\"Pays des \u00c9crins - Office de Tourisme\" \/>\n<meta property=\"article:modified_time\" content=\"2025-08-06T15:15:58+00:00\" \/>\n<meta property=\"og:image\" content=\"https:\/\/www.paysdesecrins.com\/wp-content\/uploads\/2025\/07\/dsc03189-scaled.jpg\" \/>\n\t<meta property=\"og:image:width\" content=\"2560\" \/>\n\t<meta property=\"og:image:height\" content=\"1707\" \/>\n\t<meta property=\"og:image:type\" content=\"image\/jpeg\" \/>\n<meta name=\"twitter:card\" content=\"summary_large_image\" \/>\n<meta name=\"twitter:label1\" content=\"Gesch\u00e4tzte Lesezeit\" \/>\n\t<meta name=\"twitter:data1\" content=\"2 Minuten\" \/>\n<script type=\"application\/ld+json\" class=\"yoast-schema-graph\">{\"@context\":\"https:\\\/\\\/schema.org\",\"@graph\":[{\"@type\":\"WebPage\",\"@id\":\"https:\\\/\\\/www.paysdesecrins.com\\\/de\\\/meine-outdoor-aktivitaeten\\\/fahrrad\\\/\",\"url\":\"https:\\\/\\\/www.paysdesecrins.com\\\/de\\\/meine-outdoor-aktivitaeten\\\/fahrrad\\\/\",\"name\":\"Fahrrad - Pays des \u00c9crins - Office de Tourisme\",\"isPartOf\":{\"@id\":\"https:\\\/\\\/www.paysdesecrins.com\\\/de\\\/#website\"},\"primaryImageOfPage\":{\"@id\":\"https:\\\/\\\/www.paysdesecrins.com\\\/de\\\/meine-outdoor-aktivitaeten\\\/fahrrad\\\/#primaryimage\"},\"image\":{\"@id\":\"https:\\\/\\\/www.paysdesecrins.com\\\/de\\\/meine-outdoor-aktivitaeten\\\/fahrrad\\\/#primaryimage\"},\"thumbnailUrl\":\"https:\\\/\\\/www.paysdesecrins.com\\\/wp-content\\\/uploads\\\/2025\\\/07\\\/dsc03189-scaled.jpg\",\"datePublished\":\"2025-06-25T13:44:51+00:00\",\"dateModified\":\"2025-08-06T15:15:58+00:00\",\"breadcrumb\":{\"@id\":\"https:\\\/\\\/www.paysdesecrins.com\\\/de\\\/meine-outdoor-aktivitaeten\\\/fahrrad\\\/#breadcrumb\"},\"inLanguage\":\"de\",\"potentialAction\":[{\"@type\":\"ReadAction\",\"target\":[\"https:\\\/\\\/www.paysdesecrins.com\\\/de\\\/meine-outdoor-aktivitaeten\\\/fahrrad\\\/\"]}]},{\"@type\":\"ImageObject\",\"inLanguage\":\"de\",\"@id\":\"https:\\\/\\\/www.paysdesecrins.com\\\/de\\\/meine-outdoor-aktivitaeten\\\/fahrrad\\\/#primaryimage\",\"url\":\"https:\\\/\\\/www.paysdesecrins.com\\\/wp-content\\\/uploads\\\/2025\\\/07\\\/dsc03189-scaled.jpg\",\"contentUrl\":\"https:\\\/\\\/www.paysdesecrins.com\\\/wp-content\\\/uploads\\\/2025\\\/07\\\/dsc03189-scaled.jpg\",\"width\":2560,\"height\":1707},{\"@type\":\"BreadcrumbList\",\"@id\":\"https:\\\/\\\/www.paysdesecrins.com\\\/de\\\/meine-outdoor-aktivitaeten\\\/fahrrad\\\/#breadcrumb\",\"itemListElement\":[{\"@type\":\"ListItem\",\"position\":1,\"name\":\"Accueil\",\"item\":\"https:\\\/\\\/www.paysdesecrins.com\\\/de\\\/der-titel-des-hauses\\\/\"},{\"@type\":\"ListItem\",\"position\":2,\"name\":\"Meine Outdoor-Aktivit\u00e4ten\",\"item\":\"https:\\\/\\\/www.paysdesecrins.com\\\/de\\\/meine-outdoor-aktivitaeten\\\/\"},{\"@type\":\"ListItem\",\"position\":3,\"name\":\"Fahrrad\"}]},{\"@type\":\"WebSite\",\"@id\":\"https:\\\/\\\/www.paysdesecrins.com\\\/de\\\/#website\",\"url\":\"https:\\\/\\\/www.paysdesecrins.com\\\/de\\\/\",\"name\":\"Pays des \u00c9crins - Office de Tourisme\",\"description\":\"L&#039;esprit montagne\",\"publisher\":{\"@id\":\"https:\\\/\\\/www.paysdesecrins.com\\\/de\\\/#organization\"},\"potentialAction\":[{\"@type\":\"SearchAction\",\"target\":{\"@type\":\"EntryPoint\",\"urlTemplate\":\"https:\\\/\\\/www.paysdesecrins.com\\\/de\\\/?s={search_term_string}\"},\"query-input\":{\"@type\":\"PropertyValueSpecification\",\"valueRequired\":true,\"valueName\":\"search_term_string\"}}],\"inLanguage\":\"de\"},{\"@type\":\"Organization\",\"@id\":\"https:\\\/\\\/www.paysdesecrins.com\\\/de\\\/#organization\",\"name\":\"Pays des \u00c9crins - Office de Tourisme\",\"url\":\"https:\\\/\\\/www.paysdesecrins.com\\\/de\\\/\",\"logo\":{\"@type\":\"ImageObject\",\"inLanguage\":\"de\",\"@id\":\"https:\\\/\\\/www.paysdesecrins.com\\\/de\\\/#\\\/schema\\\/logo\\\/image\\\/\",\"url\":\"https:\\\/\\\/www.paysdesecrins.com\\\/wp-content\\\/uploads\\\/2025\\\/06\\\/devina-svg-1750845694.svg\",\"contentUrl\":\"https:\\\/\\\/www.paysdesecrins.com\\\/wp-content\\\/uploads\\\/2025\\\/06\\\/devina-svg-1750845694.svg\",\"caption\":\"Pays des \u00c9crins - Office de Tourisme\"},\"image\":{\"@id\":\"https:\\\/\\\/www.paysdesecrins.com\\\/de\\\/#\\\/schema\\\/logo\\\/image\\\/\"}}]}<\/script>\n<!-- \/ Yoast SEO plugin. -->","yoast_head_json":{"title":"Fahrrad - Pays des \u00c9crins - Office de Tourisme","robots":{"index":"index","follow":"follow","max-snippet":"max-snippet:-1","max-image-preview":"max-image-preview:large","max-video-preview":"max-video-preview:-1"},"canonical":"https:\/\/www.paysdesecrins.com\/de\/meine-outdoor-aktivitaeten\/fahrrad\/","og_locale":"de_DE","og_type":"article","og_title":"Fahrrad - Pays des \u00c9crins - Office de Tourisme","og_description":"Das Pays des \u00c9crins bietet ein ausgedehntes Mountainbike- und E-Mountainbike-Netz von 220 km markierten Wegen, die in 28 f\u00fcr alle [&hellip;]","og_url":"https:\/\/www.paysdesecrins.com\/de\/meine-outdoor-aktivitaeten\/fahrrad\/","og_site_name":"Pays des \u00c9crins - Office de Tourisme","article_modified_time":"2025-08-06T15:15:58+00:00","og_image":[{"width":2560,"height":1707,"url":"https:\/\/www.paysdesecrins.com\/wp-content\/uploads\/2025\/07\/dsc03189-scaled.jpg","type":"image\/jpeg"}],"twitter_card":"summary_large_image","twitter_misc":{"Gesch\u00e4tzte Lesezeit":"2 Minuten"},"schema":{"@context":"https:\/\/schema.org","@graph":[{"@type":"WebPage","@id":"https:\/\/www.paysdesecrins.com\/de\/meine-outdoor-aktivitaeten\/fahrrad\/","url":"https:\/\/www.paysdesecrins.com\/de\/meine-outdoor-aktivitaeten\/fahrrad\/","name":"Fahrrad - Pays des \u00c9crins - Office de Tourisme","isPartOf":{"@id":"https:\/\/www.paysdesecrins.com\/de\/#website"},"primaryImageOfPage":{"@id":"https:\/\/www.paysdesecrins.com\/de\/meine-outdoor-aktivitaeten\/fahrrad\/#primaryimage"},"image":{"@id":"https:\/\/www.paysdesecrins.com\/de\/meine-outdoor-aktivitaeten\/fahrrad\/#primaryimage"},"thumbnailUrl":"https:\/\/www.paysdesecrins.com\/wp-content\/uploads\/2025\/07\/dsc03189-scaled.jpg","datePublished":"2025-06-25T13:44:51+00:00","dateModified":"2025-08-06T15:15:58+00:00","breadcrumb":{"@id":"https:\/\/www.paysdesecrins.com\/de\/meine-outdoor-aktivitaeten\/fahrrad\/#breadcrumb"},"inLanguage":"de","potentialAction":[{"@type":"ReadAction","target":["https:\/\/www.paysdesecrins.com\/de\/meine-outdoor-aktivitaeten\/fahrrad\/"]}]},{"@type":"ImageObject","inLanguage":"de","@id":"https:\/\/www.paysdesecrins.com\/de\/meine-outdoor-aktivitaeten\/fahrrad\/#primaryimage","url":"https:\/\/www.paysdesecrins.com\/wp-content\/uploads\/2025\/07\/dsc03189-scaled.jpg","contentUrl":"https:\/\/www.paysdesecrins.com\/wp-content\/uploads\/2025\/07\/dsc03189-scaled.jpg","width":2560,"height":1707},{"@type":"BreadcrumbList","@id":"https:\/\/www.paysdesecrins.com\/de\/meine-outdoor-aktivitaeten\/fahrrad\/#breadcrumb","itemListElement":[{"@type":"ListItem","position":1,"name":"Accueil","item":"https:\/\/www.paysdesecrins.com\/de\/der-titel-des-hauses\/"},{"@type":"ListItem","position":2,"name":"Meine Outdoor-Aktivit\u00e4ten","item":"https:\/\/www.paysdesecrins.com\/de\/meine-outdoor-aktivitaeten\/"},{"@type":"ListItem","position":3,"name":"Fahrrad"}]},{"@type":"WebSite","@id":"https:\/\/www.paysdesecrins.com\/de\/#website","url":"https:\/\/www.paysdesecrins.com\/de\/","name":"Pays des \u00c9crins - Office de Tourisme","description":"L&#039;esprit montagne","publisher":{"@id":"https:\/\/www.paysdesecrins.com\/de\/#organization"},"potentialAction":[{"@type":"SearchAction","target":{"@type":"EntryPoint","urlTemplate":"https:\/\/www.paysdesecrins.com\/de\/?s={search_term_string}"},"query-input":{"@type":"PropertyValueSpecification","valueRequired":true,"valueName":"search_term_string"}}],"inLanguage":"de"},{"@type":"Organization","@id":"https:\/\/www.paysdesecrins.com\/de\/#organization","name":"Pays des \u00c9crins - Office de Tourisme","url":"https:\/\/www.paysdesecrins.com\/de\/","logo":{"@type":"ImageObject","inLanguage":"de","@id":"https:\/\/www.paysdesecrins.com\/de\/#\/schema\/logo\/image\/","url":"https:\/\/www.paysdesecrins.com\/wp-content\/uploads\/2025\/06\/devina-svg-1750845694.svg","contentUrl":"https:\/\/www.paysdesecrins.com\/wp-content\/uploads\/2025\/06\/devina-svg-1750845694.svg","caption":"Pays des \u00c9crins - Office de Tourisme"},"image":{"@id":"https:\/\/www.paysdesecrins.com\/de\/#\/schema\/logo\/image\/"}}]}},"_links":{"self":[{"href":"https:\/\/www.paysdesecrins.com\/de\/wp-json\/wp\/v2\/pages\/45800","targetHints":{"allow":["GET"]}}],"collection":[{"href":"https:\/\/www.paysdesecrins.com\/de\/wp-json\/wp\/v2\/pages"}],"about":[{"href":"https:\/\/www.paysdesecrins.com\/de\/wp-json\/wp\/v2\/types\/page"}],"author":[{"embeddable":true,"href":"https:\/\/www.paysdesecrins.com\/de\/wp-json\/wp\/v2\/users\/1"}],"replies":[{"embeddable":true,"href":"https:\/\/www.paysdesecrins.com\/de\/wp-json\/wp\/v2\/comments?post=45800"}],"version-history":[{"count":0,"href":"https:\/\/www.paysdesecrins.com\/de\/wp-json\/wp\/v2\/pages\/45800\/revisions"}],"up":[{"embeddable":true,"href":"https:\/\/www.paysdesecrins.com\/de\/wp-json\/wp\/v2\/pages\/44557"}],"wp:featuredmedia":[{"embeddable":true,"href":"https:\/\/www.paysdesecrins.com\/de\/wp-json\/wp\/v2\/media\/42513"}],"wp:attachment":[{"href":"https:\/\/www.paysdesecrins.com\/de\/wp-json\/wp\/v2\/media?parent=45800"}],"curies":[{"name":"wp","href":"https:\/\/api.w.org\/{rel}","templated":true}]}}