{"id":45843,"date":"2025-07-24T14:02:27","date_gmt":"2025-07-24T12:02:27","guid":{"rendered":"https:\/\/www.paysdesecrins.com\/pre-opening-des-bikeparks-juni\/"},"modified":"2025-08-07T14:51:56","modified_gmt":"2025-08-07T12:51:56","slug":"pre-opening-des-bikeparks-juni","status":"publish","type":"page","link":"https:\/\/www.paysdesecrins.com\/de\/wichtige-veranstaltungen-im-pays-des-ecrins\/pre-opening-des-bikeparks-juni\/","title":{"rendered":"Vorer\u00f6ffnung des Bikeparks \u2013 Juni"},"content":{"rendered":"    <div class=\"alignfull wp-block-ws-library-ws-header-interne\" data-season=\"summer\">\n\t    <div class=\"header-container\">\n\t        <div class=\"group-media has-image\">\n\t            \t                <img loading=\"lazy\" decoding=\"async\" width=\"1920\" height=\"800\" src=\"https:\/\/www.paysdesecrins.com\/wp-content\/uploads\/2025\/07\/dsc08136-1920x800.jpg\" alt=\"\" class=\"image_large_square wp-image-50463\" \/>\n\t            \t        <\/div>\n\t        <div class=\"group-content\">\n\t            <div class=\"title\">\n\t                <h1>\n\t                    Pre-Opening des Bikeparks \u2013\t                    \t                        Juni\t                    \t                <\/h1>\n\t            <\/div>\n\t        <\/div>\n\t    <\/div>\n\t    \n<div class=\"yoast-breadcrumbs\"><span><span><a href=\"https:\/\/www.paysdesecrins.com\/de\/der-titel-des-hauses\/\">Accueil<\/a><\/span>  <span><a href=\"https:\/\/www.paysdesecrins.com\/de\/wichtige-veranstaltungen-im-pays-des-ecrins\/\">Wichtige Veranstaltungen im Pays des Ecrins<\/a><\/span>  <span class=\"breadcrumb_last\" aria-current=\"page\">Vorer\u00f6ffnung des Bikeparks \u2013 Juni<\/span><\/span><\/div>\n    <\/div>\n    \n<div class=\"wp-block-ws-library-ws-title aligncenter is-style-simple\"><h2><em><em><strong>Pre-Opening des<\/strong><\/em><\/em><strong>Puy Saint Vincent<\/strong> Bike Parks<\/h2><\/div>\n\n<p data-season=\"summer\">Anl\u00e4sslich der Vorer\u00f6ffnung des Bikeparks k\u00f6nnen Sie <strong>sich im Juni den<\/strong> Bike-Patrouillen des Bikeparks am Sessellift Bergerie anschlie\u00dfen, um die Trails zu gestalten und ein kostenloses Barbecue zu genie\u00dfen. Anmeldung erforderlich.   <\/p>\n\n<p>Der <strong>Puy-Saint-Vincent Bike Park <\/strong>bietet eine vielf\u00e4ltige Auswahl an Strecken f\u00fcr <strong>Downhill-Mountainbiker<\/strong>, unabh\u00e4ngig von ihrem Niveau. Ob f\u00fcr <strong>Anf\u00e4nger<\/strong> oder <strong>Experten<\/strong>, hier entdecken Sie Programme, die Ihren F\u00e4higkeiten und Ihrem Erkundungswunsch entsprechen. <\/p>\n\n<ul class=\"wp-block-list\">\n<li>Ideal f\u00fcr <strong>Anf\u00e4nger<\/strong> und <strong>Familien<\/strong> ist der<strong> Green Family Trail<\/strong>, der ab 6 Jahren erwandert werden kann. <\/li>\n\n\n\n<li>Die blauen Abfahrten <strong>Easy Going<\/strong> und <strong>Cool Forest<\/strong> sind perfekt, um <strong>Selbstvertrauen<\/strong> <strong>zu gewinnen<\/strong> und die Abfahrten zu <strong>entdecken<\/strong>.<\/li>\n\n\n\n<li><strong>Rote Pisten <\/strong>wie <strong>Flowy Line<\/strong>, <strong>La Trace<\/strong>, <strong>Canada Draille<\/strong> und <strong>La Traversouille <\/strong>stellen mit <strong>technischen<\/strong> Abschnitten und <strong>schnelleren<\/strong> Abfahrten zus\u00e4tzliche <strong>Herausforderungen<\/strong> f\u00fcr erfahrene <strong>Fahrer<\/strong> dar.<\/li>\n\n\n\n<li>Die <strong>schwarze Piste Tamarack<\/strong> ist eine High-Level-Strecke f\u00fcr <strong>Experten<\/strong>, mit <strong>Spr\u00fcngen und Modulen<\/strong>, die <strong>gro\u00dfe technische Meisterschaft<\/strong> erfordern.<strong><\/strong><\/li>\n<\/ul>\n\n<div class=\"wp-block-ws-library-ws-image\"><div class=\"wrapper\"><div class=\"group-media\"><img decoding=\"async\" src=\"https:\/\/www.paysdesecrins.com\/wp-content\/uploads\/2025\/07\/1714986229-1801226839-960x640.jpg\" alt=\"\" class=\"single_image ws-image-50431\"><div class=\"credits\"><\/div><\/div><p class=\"caption\"><\/p><\/div><\/div>\n\n<p>Der <strong>Bikepark <\/strong>bietet eine L\u00e4nge <strong>von 900 Metern H\u00f6henunterschied und 7 Pisten<\/strong> , die f\u00fcr alle Niveaus geeignet sind und mit <strong>zwei 6er-Sesselliften<\/strong> erreichbar sind. Um die Pisten in vollen Z\u00fcgen genie\u00dfen zu k\u00f6nnen, ist es wichtig, die Fahrregeln einzuhalten und <strong>Schutzausr\u00fcstung<\/strong> wie <strong>Helm<\/strong>, <strong>Handschuhe<\/strong>, <strong>Knieschoner<\/strong> und <strong>R\u00fcckenprotektoren zu<\/strong> tragen. <\/p>\n\n<p>Wenn es an Ausr\u00fcstung mangelt, bieten Sportgesch\u00e4fte an den Stationen 1400 und 1600 die M\u00f6glichkeit, Downhill-Bikes und Protektoren zu mieten.<\/p>\n\n<div class=\"wp-block-ws-library-ws-slider alignwide\" data-season=\"summer\"><div class=\"splide\" data-splide=\"{\"type\":\"slide\",\"heightRatio\":\"auto\",\"perPage\":4,\"perMove\":1,\"drag\":true,\"pagination\":0,\"autoplay\":false,\"gap\":\"15px\",\"breakpoints\":{\"450\":{\"perPage\":1},\"768\":{\"perPage\":2},\"992\":{\"perPage\":3},\"1200\":{\"perPage\":4}}}\"><div class=\"splide__track\"><div class=\"splide__list\"><div class=\"splide__slide\"><a href=\"https:\/\/www.paysdesecrins.com\/wp-content\/uploads\/2025\/07\/dsc08048-scaled.jpg\" data-glightbox=\"true\" class=\"lightbox-trigger\"><img decoding=\"async\" src=\"https:\/\/www.paysdesecrins.com\/wp-content\/uploads\/2025\/07\/dsc08048-400x400.jpg\" alt=\"\"><\/a><\/div><div class=\"splide__slide\"><a href=\"https:\/\/www.paysdesecrins.com\/wp-content\/uploads\/2025\/07\/dsc08136-scaled.jpg\" data-glightbox=\"true\" class=\"lightbox-trigger\"><img decoding=\"async\" src=\"https:\/\/www.paysdesecrins.com\/wp-content\/uploads\/2025\/07\/dsc08136-400x400.jpg\" alt=\"\"><\/a><\/div><div class=\"splide__slide\"><a href=\"https:\/\/www.paysdesecrins.com\/wp-content\/uploads\/2025\/07\/dsc08464-scaled.jpg\" data-glightbox=\"true\" class=\"lightbox-trigger\"><img decoding=\"async\" src=\"https:\/\/www.paysdesecrins.com\/wp-content\/uploads\/2025\/07\/dsc08464-400x400.jpg\" alt=\"\"><\/a><\/div><\/div><\/div><\/div><\/div>\n\n<div class=\"wp-block-ws-library-ws-share\"><span class=\"share-subtitle\">Hat Ihnen diese Seite gefallen?<\/span><span class=\"share-title\">Teilen Sie es!<\/span><button class=\"ws-share-button wp-element-button\">Diese Seite teilen<\/button><\/div>\n","protected":false},"excerpt":{"rendered":"<p>Anl\u00e4sslich der Vorer\u00f6ffnung des Bikeparks k\u00f6nnen Sie sich im Juni den Bike-Patrouillen des Bikeparks am Sessellift Bergerie anschlie\u00dfen, um die [&hellip;]<\/p>\n","protected":false},"author":4,"featured_media":50466,"parent":45941,"menu_order":0,"comment_status":"closed","ping_status":"closed","template":"","meta":{"_thumbnail_id_2":0,"summer_excerpt":"","season":"","station":"","footnotes":""},"class_list":["post-45843","page","type-page","status-publish","has-post-thumbnail","hentry"],"yoast_head":"<!-- This site is optimized with the Yoast SEO plugin v27.3 - https:\/\/yoast.com\/product\/yoast-seo-wordpress\/ -->\n<title>Vorer\u00f6ffnung des Bikeparks - Juni - Pays des \u00c9crins - Office de Tourisme<\/title>\n<meta name=\"robots\" content=\"index, follow, max-snippet:-1, max-image-preview:large, max-video-preview:-1\" \/>\n<link rel=\"canonical\" href=\"https:\/\/www.paysdesecrins.com\/de\/wichtige-veranstaltungen-im-pays-des-ecrins\/pre-opening-des-bikeparks-juni\/\" \/>\n<meta property=\"og:locale\" content=\"de_DE\" \/>\n<meta property=\"og:type\" content=\"article\" \/>\n<meta property=\"og:title\" content=\"Vorer\u00f6ffnung des Bikeparks - Juni - Pays des \u00c9crins - Office de Tourisme\" \/>\n<meta property=\"og:description\" content=\"Anl\u00e4sslich der Vorer\u00f6ffnung des Bikeparks k\u00f6nnen Sie sich im Juni den Bike-Patrouillen des Bikeparks am Sessellift Bergerie anschlie\u00dfen, um die [&hellip;]\" \/>\n<meta property=\"og:url\" content=\"https:\/\/www.paysdesecrins.com\/de\/wichtige-veranstaltungen-im-pays-des-ecrins\/pre-opening-des-bikeparks-juni\/\" \/>\n<meta property=\"og:site_name\" content=\"Pays des \u00c9crins - Office de Tourisme\" \/>\n<meta property=\"article:modified_time\" content=\"2025-08-07T12:51:56+00:00\" \/>\n<meta property=\"og:image\" content=\"https:\/\/www.paysdesecrins.com\/wp-content\/uploads\/2025\/07\/dsc08136-scaled.jpg\" \/>\n\t<meta property=\"og:image:width\" content=\"2560\" \/>\n\t<meta property=\"og:image:height\" content=\"1707\" \/>\n\t<meta property=\"og:image:type\" content=\"image\/jpeg\" \/>\n<meta name=\"twitter:card\" content=\"summary_large_image\" \/>\n<meta name=\"twitter:label1\" content=\"Gesch\u00e4tzte Lesezeit\" \/>\n\t<meta name=\"twitter:data1\" content=\"1\u00a0Minute\" \/>\n<script type=\"application\/ld+json\" class=\"yoast-schema-graph\">{\"@context\":\"https:\\\/\\\/schema.org\",\"@graph\":[{\"@type\":\"WebPage\",\"@id\":\"https:\\\/\\\/www.paysdesecrins.com\\\/de\\\/wichtige-veranstaltungen-im-pays-des-ecrins\\\/pre-opening-des-bikeparks-juni\\\/\",\"url\":\"https:\\\/\\\/www.paysdesecrins.com\\\/de\\\/wichtige-veranstaltungen-im-pays-des-ecrins\\\/pre-opening-des-bikeparks-juni\\\/\",\"name\":\"Vorer\u00f6ffnung des Bikeparks - Juni - Pays des \u00c9crins - Office de Tourisme\",\"isPartOf\":{\"@id\":\"https:\\\/\\\/www.paysdesecrins.com\\\/de\\\/#website\"},\"primaryImageOfPage\":{\"@id\":\"https:\\\/\\\/www.paysdesecrins.com\\\/de\\\/wichtige-veranstaltungen-im-pays-des-ecrins\\\/pre-opening-des-bikeparks-juni\\\/#primaryimage\"},\"image\":{\"@id\":\"https:\\\/\\\/www.paysdesecrins.com\\\/de\\\/wichtige-veranstaltungen-im-pays-des-ecrins\\\/pre-opening-des-bikeparks-juni\\\/#primaryimage\"},\"thumbnailUrl\":\"https:\\\/\\\/www.paysdesecrins.com\\\/wp-content\\\/uploads\\\/2025\\\/07\\\/dsc08136-scaled.jpg\",\"datePublished\":\"2025-07-24T12:02:27+00:00\",\"dateModified\":\"2025-08-07T12:51:56+00:00\",\"breadcrumb\":{\"@id\":\"https:\\\/\\\/www.paysdesecrins.com\\\/de\\\/wichtige-veranstaltungen-im-pays-des-ecrins\\\/pre-opening-des-bikeparks-juni\\\/#breadcrumb\"},\"inLanguage\":\"de\",\"potentialAction\":[{\"@type\":\"ReadAction\",\"target\":[\"https:\\\/\\\/www.paysdesecrins.com\\\/de\\\/wichtige-veranstaltungen-im-pays-des-ecrins\\\/pre-opening-des-bikeparks-juni\\\/\"]}]},{\"@type\":\"ImageObject\",\"inLanguage\":\"de\",\"@id\":\"https:\\\/\\\/www.paysdesecrins.com\\\/de\\\/wichtige-veranstaltungen-im-pays-des-ecrins\\\/pre-opening-des-bikeparks-juni\\\/#primaryimage\",\"url\":\"https:\\\/\\\/www.paysdesecrins.com\\\/wp-content\\\/uploads\\\/2025\\\/07\\\/dsc08136-scaled.jpg\",\"contentUrl\":\"https:\\\/\\\/www.paysdesecrins.com\\\/wp-content\\\/uploads\\\/2025\\\/07\\\/dsc08136-scaled.jpg\",\"width\":2560,\"height\":1707},{\"@type\":\"BreadcrumbList\",\"@id\":\"https:\\\/\\\/www.paysdesecrins.com\\\/de\\\/wichtige-veranstaltungen-im-pays-des-ecrins\\\/pre-opening-des-bikeparks-juni\\\/#breadcrumb\",\"itemListElement\":[{\"@type\":\"ListItem\",\"position\":1,\"name\":\"Accueil\",\"item\":\"https:\\\/\\\/www.paysdesecrins.com\\\/de\\\/der-titel-des-hauses\\\/\"},{\"@type\":\"ListItem\",\"position\":2,\"name\":\"Wichtige Veranstaltungen im Pays des Ecrins\",\"item\":\"https:\\\/\\\/www.paysdesecrins.com\\\/de\\\/wichtige-veranstaltungen-im-pays-des-ecrins\\\/\"},{\"@type\":\"ListItem\",\"position\":3,\"name\":\"Vorer\u00f6ffnung des Bikeparks \u2013 Juni\"}]},{\"@type\":\"WebSite\",\"@id\":\"https:\\\/\\\/www.paysdesecrins.com\\\/de\\\/#website\",\"url\":\"https:\\\/\\\/www.paysdesecrins.com\\\/de\\\/\",\"name\":\"Pays des \u00c9crins - Office de Tourisme\",\"description\":\"L&#039;esprit montagne\",\"publisher\":{\"@id\":\"https:\\\/\\\/www.paysdesecrins.com\\\/de\\\/#organization\"},\"potentialAction\":[{\"@type\":\"SearchAction\",\"target\":{\"@type\":\"EntryPoint\",\"urlTemplate\":\"https:\\\/\\\/www.paysdesecrins.com\\\/de\\\/?s={search_term_string}\"},\"query-input\":{\"@type\":\"PropertyValueSpecification\",\"valueRequired\":true,\"valueName\":\"search_term_string\"}}],\"inLanguage\":\"de\"},{\"@type\":\"Organization\",\"@id\":\"https:\\\/\\\/www.paysdesecrins.com\\\/de\\\/#organization\",\"name\":\"Pays des \u00c9crins - Office de Tourisme\",\"url\":\"https:\\\/\\\/www.paysdesecrins.com\\\/de\\\/\",\"logo\":{\"@type\":\"ImageObject\",\"inLanguage\":\"de\",\"@id\":\"https:\\\/\\\/www.paysdesecrins.com\\\/de\\\/#\\\/schema\\\/logo\\\/image\\\/\",\"url\":\"https:\\\/\\\/www.paysdesecrins.com\\\/wp-content\\\/uploads\\\/2025\\\/06\\\/devina-svg-1750845694.svg\",\"contentUrl\":\"https:\\\/\\\/www.paysdesecrins.com\\\/wp-content\\\/uploads\\\/2025\\\/06\\\/devina-svg-1750845694.svg\",\"caption\":\"Pays des \u00c9crins - Office de Tourisme\"},\"image\":{\"@id\":\"https:\\\/\\\/www.paysdesecrins.com\\\/de\\\/#\\\/schema\\\/logo\\\/image\\\/\"}}]}<\/script>\n<!-- \/ Yoast SEO plugin. -->","yoast_head_json":{"title":"Vorer\u00f6ffnung des Bikeparks - Juni - Pays des \u00c9crins - Office de Tourisme","robots":{"index":"index","follow":"follow","max-snippet":"max-snippet:-1","max-image-preview":"max-image-preview:large","max-video-preview":"max-video-preview:-1"},"canonical":"https:\/\/www.paysdesecrins.com\/de\/wichtige-veranstaltungen-im-pays-des-ecrins\/pre-opening-des-bikeparks-juni\/","og_locale":"de_DE","og_type":"article","og_title":"Vorer\u00f6ffnung des Bikeparks - Juni - Pays des \u00c9crins - Office de Tourisme","og_description":"Anl\u00e4sslich der Vorer\u00f6ffnung des Bikeparks k\u00f6nnen Sie sich im Juni den Bike-Patrouillen des Bikeparks am Sessellift Bergerie anschlie\u00dfen, um die [&hellip;]","og_url":"https:\/\/www.paysdesecrins.com\/de\/wichtige-veranstaltungen-im-pays-des-ecrins\/pre-opening-des-bikeparks-juni\/","og_site_name":"Pays des \u00c9crins - Office de Tourisme","article_modified_time":"2025-08-07T12:51:56+00:00","og_image":[{"width":2560,"height":1707,"url":"https:\/\/www.paysdesecrins.com\/wp-content\/uploads\/2025\/07\/dsc08136-scaled.jpg","type":"image\/jpeg"}],"twitter_card":"summary_large_image","twitter_misc":{"Gesch\u00e4tzte Lesezeit":"1\u00a0Minute"},"schema":{"@context":"https:\/\/schema.org","@graph":[{"@type":"WebPage","@id":"https:\/\/www.paysdesecrins.com\/de\/wichtige-veranstaltungen-im-pays-des-ecrins\/pre-opening-des-bikeparks-juni\/","url":"https:\/\/www.paysdesecrins.com\/de\/wichtige-veranstaltungen-im-pays-des-ecrins\/pre-opening-des-bikeparks-juni\/","name":"Vorer\u00f6ffnung des Bikeparks - Juni - Pays des \u00c9crins - Office de Tourisme","isPartOf":{"@id":"https:\/\/www.paysdesecrins.com\/de\/#website"},"primaryImageOfPage":{"@id":"https:\/\/www.paysdesecrins.com\/de\/wichtige-veranstaltungen-im-pays-des-ecrins\/pre-opening-des-bikeparks-juni\/#primaryimage"},"image":{"@id":"https:\/\/www.paysdesecrins.com\/de\/wichtige-veranstaltungen-im-pays-des-ecrins\/pre-opening-des-bikeparks-juni\/#primaryimage"},"thumbnailUrl":"https:\/\/www.paysdesecrins.com\/wp-content\/uploads\/2025\/07\/dsc08136-scaled.jpg","datePublished":"2025-07-24T12:02:27+00:00","dateModified":"2025-08-07T12:51:56+00:00","breadcrumb":{"@id":"https:\/\/www.paysdesecrins.com\/de\/wichtige-veranstaltungen-im-pays-des-ecrins\/pre-opening-des-bikeparks-juni\/#breadcrumb"},"inLanguage":"de","potentialAction":[{"@type":"ReadAction","target":["https:\/\/www.paysdesecrins.com\/de\/wichtige-veranstaltungen-im-pays-des-ecrins\/pre-opening-des-bikeparks-juni\/"]}]},{"@type":"ImageObject","inLanguage":"de","@id":"https:\/\/www.paysdesecrins.com\/de\/wichtige-veranstaltungen-im-pays-des-ecrins\/pre-opening-des-bikeparks-juni\/#primaryimage","url":"https:\/\/www.paysdesecrins.com\/wp-content\/uploads\/2025\/07\/dsc08136-scaled.jpg","contentUrl":"https:\/\/www.paysdesecrins.com\/wp-content\/uploads\/2025\/07\/dsc08136-scaled.jpg","width":2560,"height":1707},{"@type":"BreadcrumbList","@id":"https:\/\/www.paysdesecrins.com\/de\/wichtige-veranstaltungen-im-pays-des-ecrins\/pre-opening-des-bikeparks-juni\/#breadcrumb","itemListElement":[{"@type":"ListItem","position":1,"name":"Accueil","item":"https:\/\/www.paysdesecrins.com\/de\/der-titel-des-hauses\/"},{"@type":"ListItem","position":2,"name":"Wichtige Veranstaltungen im Pays des Ecrins","item":"https:\/\/www.paysdesecrins.com\/de\/wichtige-veranstaltungen-im-pays-des-ecrins\/"},{"@type":"ListItem","position":3,"name":"Vorer\u00f6ffnung des Bikeparks \u2013 Juni"}]},{"@type":"WebSite","@id":"https:\/\/www.paysdesecrins.com\/de\/#website","url":"https:\/\/www.paysdesecrins.com\/de\/","name":"Pays des \u00c9crins - Office de Tourisme","description":"L&#039;esprit montagne","publisher":{"@id":"https:\/\/www.paysdesecrins.com\/de\/#organization"},"potentialAction":[{"@type":"SearchAction","target":{"@type":"EntryPoint","urlTemplate":"https:\/\/www.paysdesecrins.com\/de\/?s={search_term_string}"},"query-input":{"@type":"PropertyValueSpecification","valueRequired":true,"valueName":"search_term_string"}}],"inLanguage":"de"},{"@type":"Organization","@id":"https:\/\/www.paysdesecrins.com\/de\/#organization","name":"Pays des \u00c9crins - Office de Tourisme","url":"https:\/\/www.paysdesecrins.com\/de\/","logo":{"@type":"ImageObject","inLanguage":"de","@id":"https:\/\/www.paysdesecrins.com\/de\/#\/schema\/logo\/image\/","url":"https:\/\/www.paysdesecrins.com\/wp-content\/uploads\/2025\/06\/devina-svg-1750845694.svg","contentUrl":"https:\/\/www.paysdesecrins.com\/wp-content\/uploads\/2025\/06\/devina-svg-1750845694.svg","caption":"Pays des \u00c9crins - Office de Tourisme"},"image":{"@id":"https:\/\/www.paysdesecrins.com\/de\/#\/schema\/logo\/image\/"}}]}},"_links":{"self":[{"href":"https:\/\/www.paysdesecrins.com\/de\/wp-json\/wp\/v2\/pages\/45843","targetHints":{"allow":["GET"]}}],"collection":[{"href":"https:\/\/www.paysdesecrins.com\/de\/wp-json\/wp\/v2\/pages"}],"about":[{"href":"https:\/\/www.paysdesecrins.com\/de\/wp-json\/wp\/v2\/types\/page"}],"author":[{"embeddable":true,"href":"https:\/\/www.paysdesecrins.com\/de\/wp-json\/wp\/v2\/users\/4"}],"replies":[{"embeddable":true,"href":"https:\/\/www.paysdesecrins.com\/de\/wp-json\/wp\/v2\/comments?post=45843"}],"version-history":[{"count":0,"href":"https:\/\/www.paysdesecrins.com\/de\/wp-json\/wp\/v2\/pages\/45843\/revisions"}],"up":[{"embeddable":true,"href":"https:\/\/www.paysdesecrins.com\/de\/wp-json\/wp\/v2\/pages\/45941"}],"wp:featuredmedia":[{"embeddable":true,"href":"https:\/\/www.paysdesecrins.com\/de\/wp-json\/wp\/v2\/media\/50466"}],"wp:attachment":[{"href":"https:\/\/www.paysdesecrins.com\/de\/wp-json\/wp\/v2\/media?parent=45843"}],"curies":[{"name":"wp","href":"https:\/\/api.w.org\/{rel}","templated":true}]}}