{"id":45893,"date":"2025-07-24T12:20:09","date_gmt":"2025-07-24T10:20:09","guid":{"rendered":"https:\/\/www.paysdesecrins.com\/bergsteiger-juni\/"},"modified":"2025-08-07T14:38:55","modified_gmt":"2025-08-07T12:38:55","slug":"bergsteiger-juni","status":"publish","type":"page","link":"https:\/\/www.paysdesecrins.com\/de\/wichtige-veranstaltungen-im-pays-des-ecrins\/bergsteiger-juni\/","title":{"rendered":"Kletterer \u2013 Juni"},"content":{"rendered":"    <div class=\"alignfull wp-block-ws-library-ws-header-interne\" data-season=\"allseasons\">\n\t    <div class=\"header-container\">\n\t        <div class=\"group-media has-image\">\n\t            \t                <img loading=\"lazy\" decoding=\"async\" width=\"1200\" height=\"800\" src=\"https:\/\/www.paysdesecrins.com\/wp-content\/uploads\/2025\/07\/1717160785-1031972194-1200x800.png\" alt=\"\" class=\"image_large_square wp-image-49991\" srcset=\"https:\/\/www.paysdesecrins.com\/wp-content\/uploads\/2025\/07\/1717160785-1031972194-1200x800.png 1200w, https:\/\/www.paysdesecrins.com\/wp-content\/uploads\/2025\/07\/1717160785-1031972194-960x640.png 960w\" sizes=\"auto, (max-width: 1200px) 100vw, 1200px\" \/>\n\t            \t        <\/div>\n\t        <div class=\"group-content\">\n\t            <div class=\"title\">\n\t                <h1>\n\t                    Schlingpflanzen-\t                    \t                        Juni\t                    \t                <\/h1>\n\t            <\/div>\n\t        <\/div>\n\t    <\/div>\n\t    \n<div class=\"yoast-breadcrumbs\"><span><span><a href=\"https:\/\/www.paysdesecrins.com\/de\/der-titel-des-hauses\/\">Accueil<\/a><\/span>  <span><a href=\"https:\/\/www.paysdesecrins.com\/de\/wichtige-veranstaltungen-im-pays-des-ecrins\/\">Wichtige Veranstaltungen im Pays des Ecrins<\/a><\/span>  <span class=\"breadcrumb_last\" aria-current=\"page\">Kletterer \u2013 Juni<\/span><\/span><\/div>\n    <\/div>\n    \n<div class=\"wp-block-ws-library-ws-title aligncenter is-style-simple\"><h2><em><em><strong><\/strong><\/em><strong>Ailefroide-Kletterer<\/strong><\/em><\/h2><\/div>\n\n<p data-season=\"allseasons\">Wir sehen uns im Juni in Ailefroide zum Treffen der <em><strong>Grimpeussen<\/strong><\/em>. Die M\u00f6glichkeit, sich von den unglaublichen Karrieren der gr\u00f6\u00dften Champions inspirieren zu lassen, aber vor allem mit Frauen zu klettern. <\/p>\n\n<p><strong>Auf dem Programm: <\/strong>Klettern, Coaching nach Level, Diskussionen, alles gut gelaunt. <br\/><br\/>Eine feministische Veranstaltung, aber eine, die alle in das Gespr\u00e4ch einbezieht, inspirierende M\u00e4dchen, die man durch ihre Pr\u00e4sentationen, Coachings\/Workshops, Diskussionen und informell den ganzen Tag \u00fcber treffen kann, und Klettern, viel Klettern!<\/p>\n\n<p data-season=\"allseasons\">In Ailefroide wie immer, ein ganzes Wochenende ohne Transport, mit vielen neuen \u00dcberraschungen!  <\/p>\n\n<div class=\"wp-block-ws-library-ws-video\"><div class=\"wrapper\"><div class=\"group-media\">\n<figure class=\"wp-block-embed is-type-video is-provider-youtube wp-block-embed-youtube\"><div class=\"wp-block-embed__wrapper\">\n<iframe loading=\"lazy\" title=\"Grimpeuses Event | Red Chili\" width=\"500\" height=\"281\" src=\"https:\/\/www.youtube.com\/embed\/LiDTzWQx7q4?feature=oembed\" frameborder=\"0\" allow=\"accelerometer; autoplay; clipboard-write; encrypted-media; gyroscope; picture-in-picture; web-share\" referrerpolicy=\"strict-origin-when-cross-origin\" allowfullscreen><\/iframe>\n<\/div><\/figure>\n<\/div><\/div><\/div>\n\n<p>Im Jahr 2024 fand an der mythischen St\u00e4tte des Kletterns und Bergsteigens eine sehr sch\u00f6ne Ausgabe von Grimpeusen statt; Seit vier Jahren profitiert die Veranstaltung, die den Frauen gewidmet ist, von au\u00dfergew\u00f6hnlichen Bedingungen in dieser &#8222;Umgebung&#8220;, die keiner Vorstellung bedarf: eine Vielzahl von Naturfelsen, die f\u00fcr alle Niveaus zug\u00e4nglich sind, ein Campingplatz, der so nah wie m\u00f6glich an den verschiedenen Aktivit\u00e4ten unserer Partner und Sponsoren liegt, ein Wetter, das uns bis jetzt nie im Stich gelassen hat,  Alles unter dem wohlwollenden Blick der Berge.<\/p>\n\n<div class=\"wp-block-ws-library-ws-slider alignwide\" data-season=\"allseasons\"><div class=\"splide\" data-splide=\"{\"type\":\"slide\",\"heightRatio\":\"auto\",\"perPage\":4,\"perMove\":1,\"drag\":true,\"pagination\":0,\"autoplay\":false,\"gap\":\"15px\",\"breakpoints\":{\"450\":{\"perPage\":1},\"768\":{\"perPage\":2},\"992\":{\"perPage\":3},\"1200\":{\"perPage\":4}}}\"><div class=\"splide__track\"><div class=\"splide__list\"><div class=\"splide__slide\"><a href=\"https:\/\/www.paysdesecrins.com\/wp-content\/uploads\/2025\/07\/1717160785-1569524546-400x400.jpg\" data-glightbox=\"true\" class=\"lightbox-trigger\"><img decoding=\"async\" src=\"https:\/\/www.paysdesecrins.com\/wp-content\/uploads\/2025\/07\/1717160785-1569524546-400x400.jpg\" alt=\"\"><\/a><\/div><div class=\"splide__slide\"><a href=\"https:\/\/www.paysdesecrins.com\/wp-content\/uploads\/2025\/07\/1717160785-785287338-400x400.jpg\" data-glightbox=\"true\" class=\"lightbox-trigger\"><img decoding=\"async\" src=\"https:\/\/www.paysdesecrins.com\/wp-content\/uploads\/2025\/07\/1717160785-785287338-400x400.jpg\" alt=\"\"><\/a><\/div><div class=\"splide__slide\"><a href=\"https:\/\/www.paysdesecrins.com\/wp-content\/uploads\/2025\/07\/1717160785-946045108-400x400.jpg\" data-glightbox=\"true\" class=\"lightbox-trigger\"><img decoding=\"async\" src=\"https:\/\/www.paysdesecrins.com\/wp-content\/uploads\/2025\/07\/1717160785-946045108-400x400.jpg\" alt=\"\"><\/a><\/div><div class=\"splide__slide\"><a href=\"https:\/\/www.paysdesecrins.com\/wp-content\/uploads\/2025\/07\/1717160785-1212520830-400x400.jpg\" data-glightbox=\"true\" class=\"lightbox-trigger\"><img decoding=\"async\" src=\"https:\/\/www.paysdesecrins.com\/wp-content\/uploads\/2025\/07\/1717160785-1212520830-400x400.jpg\" alt=\"\"><\/a><\/div><div class=\"splide__slide\"><a href=\"https:\/\/www.paysdesecrins.com\/wp-content\/uploads\/2025\/07\/1717160785-1031972194-400x400.png\" data-glightbox=\"true\" class=\"lightbox-trigger\"><img decoding=\"async\" src=\"https:\/\/www.paysdesecrins.com\/wp-content\/uploads\/2025\/07\/1717160785-1031972194-400x400.png\" alt=\"\"><\/a><\/div><div class=\"splide__slide\"><a href=\"https:\/\/www.paysdesecrins.com\/wp-content\/uploads\/2025\/07\/1717160785-621052287-400x400.jpg\" data-glightbox=\"true\" class=\"lightbox-trigger\"><img decoding=\"async\" src=\"https:\/\/www.paysdesecrins.com\/wp-content\/uploads\/2025\/07\/1717160785-621052287-400x400.jpg\" alt=\"\"><\/a><\/div><\/div><\/div><\/div><\/div>\n\n<div class=\"wp-block-ws-library-ws-share\"><span class=\"share-subtitle\">Hat Ihnen diese Seite gefallen?<\/span><span class=\"share-title\">Teilen Sie es!<\/span><button class=\"ws-share-button wp-element-button\">Diese Seite teilen<\/button><\/div>\n","protected":false},"excerpt":{"rendered":"<p>Wir sehen uns im Juni in Ailefroide zum Treffen der Grimpeussen. Die M\u00f6glichkeit, sich von den unglaublichen Karrieren der gr\u00f6\u00dften [&hellip;]<\/p>\n","protected":false},"author":4,"featured_media":49994,"parent":45941,"menu_order":0,"comment_status":"closed","ping_status":"closed","template":"","meta":{"_thumbnail_id_2":0,"summer_excerpt":"","season":"","station":"","footnotes":""},"class_list":["post-45893","page","type-page","status-publish","has-post-thumbnail","hentry"],"yoast_head":"<!-- This site is optimized with the Yoast SEO plugin v27.3 - https:\/\/yoast.com\/product\/yoast-seo-wordpress\/ -->\n<title>Kletterer - Juni - Pays des \u00c9crins - Office de Tourisme<\/title>\n<meta name=\"robots\" content=\"index, follow, max-snippet:-1, max-image-preview:large, max-video-preview:-1\" \/>\n<link rel=\"canonical\" href=\"https:\/\/www.paysdesecrins.com\/de\/wichtige-veranstaltungen-im-pays-des-ecrins\/bergsteiger-juni\/\" \/>\n<meta property=\"og:locale\" content=\"de_DE\" \/>\n<meta property=\"og:type\" content=\"article\" \/>\n<meta property=\"og:title\" content=\"Kletterer - Juni - Pays des \u00c9crins - Office de Tourisme\" \/>\n<meta property=\"og:description\" content=\"Wir sehen uns im Juni in Ailefroide zum Treffen der Grimpeussen. Die M\u00f6glichkeit, sich von den unglaublichen Karrieren der gr\u00f6\u00dften [&hellip;]\" \/>\n<meta property=\"og:url\" content=\"https:\/\/www.paysdesecrins.com\/de\/wichtige-veranstaltungen-im-pays-des-ecrins\/bergsteiger-juni\/\" \/>\n<meta property=\"og:site_name\" content=\"Pays des \u00c9crins - Office de Tourisme\" \/>\n<meta property=\"article:modified_time\" content=\"2025-08-07T12:38:55+00:00\" \/>\n<meta property=\"og:image\" content=\"https:\/\/www.paysdesecrins.com\/wp-content\/uploads\/2025\/07\/1717160785-1031972194-683x1024.png\" \/>\n\t<meta property=\"og:image:width\" content=\"683\" \/>\n\t<meta property=\"og:image:height\" content=\"1024\" \/>\n\t<meta property=\"og:image:type\" content=\"image\/png\" \/>\n<meta name=\"twitter:card\" content=\"summary_large_image\" \/>\n<meta name=\"twitter:label1\" content=\"Gesch\u00e4tzte Lesezeit\" \/>\n\t<meta name=\"twitter:data1\" content=\"1\u00a0Minute\" \/>\n<script type=\"application\/ld+json\" class=\"yoast-schema-graph\">{\"@context\":\"https:\\\/\\\/schema.org\",\"@graph\":[{\"@type\":\"WebPage\",\"@id\":\"https:\\\/\\\/www.paysdesecrins.com\\\/de\\\/wichtige-veranstaltungen-im-pays-des-ecrins\\\/bergsteiger-juni\\\/\",\"url\":\"https:\\\/\\\/www.paysdesecrins.com\\\/de\\\/wichtige-veranstaltungen-im-pays-des-ecrins\\\/bergsteiger-juni\\\/\",\"name\":\"Kletterer - Juni - Pays des \u00c9crins - Office de Tourisme\",\"isPartOf\":{\"@id\":\"https:\\\/\\\/www.paysdesecrins.com\\\/de\\\/#website\"},\"primaryImageOfPage\":{\"@id\":\"https:\\\/\\\/www.paysdesecrins.com\\\/de\\\/wichtige-veranstaltungen-im-pays-des-ecrins\\\/bergsteiger-juni\\\/#primaryimage\"},\"image\":{\"@id\":\"https:\\\/\\\/www.paysdesecrins.com\\\/de\\\/wichtige-veranstaltungen-im-pays-des-ecrins\\\/bergsteiger-juni\\\/#primaryimage\"},\"thumbnailUrl\":\"https:\\\/\\\/www.paysdesecrins.com\\\/wp-content\\\/uploads\\\/2025\\\/07\\\/1717160785-1031972194.png\",\"datePublished\":\"2025-07-24T10:20:09+00:00\",\"dateModified\":\"2025-08-07T12:38:55+00:00\",\"breadcrumb\":{\"@id\":\"https:\\\/\\\/www.paysdesecrins.com\\\/de\\\/wichtige-veranstaltungen-im-pays-des-ecrins\\\/bergsteiger-juni\\\/#breadcrumb\"},\"inLanguage\":\"de\",\"potentialAction\":[{\"@type\":\"ReadAction\",\"target\":[\"https:\\\/\\\/www.paysdesecrins.com\\\/de\\\/wichtige-veranstaltungen-im-pays-des-ecrins\\\/bergsteiger-juni\\\/\"]}]},{\"@type\":\"ImageObject\",\"inLanguage\":\"de\",\"@id\":\"https:\\\/\\\/www.paysdesecrins.com\\\/de\\\/wichtige-veranstaltungen-im-pays-des-ecrins\\\/bergsteiger-juni\\\/#primaryimage\",\"url\":\"https:\\\/\\\/www.paysdesecrins.com\\\/wp-content\\\/uploads\\\/2025\\\/07\\\/1717160785-1031972194.png\",\"contentUrl\":\"https:\\\/\\\/www.paysdesecrins.com\\\/wp-content\\\/uploads\\\/2025\\\/07\\\/1717160785-1031972194.png\",\"width\":1200,\"height\":1800},{\"@type\":\"BreadcrumbList\",\"@id\":\"https:\\\/\\\/www.paysdesecrins.com\\\/de\\\/wichtige-veranstaltungen-im-pays-des-ecrins\\\/bergsteiger-juni\\\/#breadcrumb\",\"itemListElement\":[{\"@type\":\"ListItem\",\"position\":1,\"name\":\"Accueil\",\"item\":\"https:\\\/\\\/www.paysdesecrins.com\\\/de\\\/der-titel-des-hauses\\\/\"},{\"@type\":\"ListItem\",\"position\":2,\"name\":\"Wichtige Veranstaltungen im Pays des Ecrins\",\"item\":\"https:\\\/\\\/www.paysdesecrins.com\\\/de\\\/wichtige-veranstaltungen-im-pays-des-ecrins\\\/\"},{\"@type\":\"ListItem\",\"position\":3,\"name\":\"Kletterer \u2013 Juni\"}]},{\"@type\":\"WebSite\",\"@id\":\"https:\\\/\\\/www.paysdesecrins.com\\\/de\\\/#website\",\"url\":\"https:\\\/\\\/www.paysdesecrins.com\\\/de\\\/\",\"name\":\"Pays des \u00c9crins - Office de Tourisme\",\"description\":\"L&#039;esprit montagne\",\"publisher\":{\"@id\":\"https:\\\/\\\/www.paysdesecrins.com\\\/de\\\/#organization\"},\"potentialAction\":[{\"@type\":\"SearchAction\",\"target\":{\"@type\":\"EntryPoint\",\"urlTemplate\":\"https:\\\/\\\/www.paysdesecrins.com\\\/de\\\/?s={search_term_string}\"},\"query-input\":{\"@type\":\"PropertyValueSpecification\",\"valueRequired\":true,\"valueName\":\"search_term_string\"}}],\"inLanguage\":\"de\"},{\"@type\":\"Organization\",\"@id\":\"https:\\\/\\\/www.paysdesecrins.com\\\/de\\\/#organization\",\"name\":\"Pays des \u00c9crins - Office de Tourisme\",\"url\":\"https:\\\/\\\/www.paysdesecrins.com\\\/de\\\/\",\"logo\":{\"@type\":\"ImageObject\",\"inLanguage\":\"de\",\"@id\":\"https:\\\/\\\/www.paysdesecrins.com\\\/de\\\/#\\\/schema\\\/logo\\\/image\\\/\",\"url\":\"https:\\\/\\\/www.paysdesecrins.com\\\/wp-content\\\/uploads\\\/2025\\\/06\\\/devina-svg-1750845694.svg\",\"contentUrl\":\"https:\\\/\\\/www.paysdesecrins.com\\\/wp-content\\\/uploads\\\/2025\\\/06\\\/devina-svg-1750845694.svg\",\"caption\":\"Pays des \u00c9crins - Office de Tourisme\"},\"image\":{\"@id\":\"https:\\\/\\\/www.paysdesecrins.com\\\/de\\\/#\\\/schema\\\/logo\\\/image\\\/\"}}]}<\/script>\n<!-- \/ Yoast SEO plugin. -->","yoast_head_json":{"title":"Kletterer - Juni - Pays des \u00c9crins - Office de Tourisme","robots":{"index":"index","follow":"follow","max-snippet":"max-snippet:-1","max-image-preview":"max-image-preview:large","max-video-preview":"max-video-preview:-1"},"canonical":"https:\/\/www.paysdesecrins.com\/de\/wichtige-veranstaltungen-im-pays-des-ecrins\/bergsteiger-juni\/","og_locale":"de_DE","og_type":"article","og_title":"Kletterer - Juni - Pays des \u00c9crins - Office de Tourisme","og_description":"Wir sehen uns im Juni in Ailefroide zum Treffen der Grimpeussen. Die M\u00f6glichkeit, sich von den unglaublichen Karrieren der gr\u00f6\u00dften [&hellip;]","og_url":"https:\/\/www.paysdesecrins.com\/de\/wichtige-veranstaltungen-im-pays-des-ecrins\/bergsteiger-juni\/","og_site_name":"Pays des \u00c9crins - Office de Tourisme","article_modified_time":"2025-08-07T12:38:55+00:00","og_image":[{"width":683,"height":1024,"url":"https:\/\/www.paysdesecrins.com\/wp-content\/uploads\/2025\/07\/1717160785-1031972194-683x1024.png","type":"image\/png"}],"twitter_card":"summary_large_image","twitter_misc":{"Gesch\u00e4tzte Lesezeit":"1\u00a0Minute"},"schema":{"@context":"https:\/\/schema.org","@graph":[{"@type":"WebPage","@id":"https:\/\/www.paysdesecrins.com\/de\/wichtige-veranstaltungen-im-pays-des-ecrins\/bergsteiger-juni\/","url":"https:\/\/www.paysdesecrins.com\/de\/wichtige-veranstaltungen-im-pays-des-ecrins\/bergsteiger-juni\/","name":"Kletterer - Juni - Pays des \u00c9crins - Office de Tourisme","isPartOf":{"@id":"https:\/\/www.paysdesecrins.com\/de\/#website"},"primaryImageOfPage":{"@id":"https:\/\/www.paysdesecrins.com\/de\/wichtige-veranstaltungen-im-pays-des-ecrins\/bergsteiger-juni\/#primaryimage"},"image":{"@id":"https:\/\/www.paysdesecrins.com\/de\/wichtige-veranstaltungen-im-pays-des-ecrins\/bergsteiger-juni\/#primaryimage"},"thumbnailUrl":"https:\/\/www.paysdesecrins.com\/wp-content\/uploads\/2025\/07\/1717160785-1031972194.png","datePublished":"2025-07-24T10:20:09+00:00","dateModified":"2025-08-07T12:38:55+00:00","breadcrumb":{"@id":"https:\/\/www.paysdesecrins.com\/de\/wichtige-veranstaltungen-im-pays-des-ecrins\/bergsteiger-juni\/#breadcrumb"},"inLanguage":"de","potentialAction":[{"@type":"ReadAction","target":["https:\/\/www.paysdesecrins.com\/de\/wichtige-veranstaltungen-im-pays-des-ecrins\/bergsteiger-juni\/"]}]},{"@type":"ImageObject","inLanguage":"de","@id":"https:\/\/www.paysdesecrins.com\/de\/wichtige-veranstaltungen-im-pays-des-ecrins\/bergsteiger-juni\/#primaryimage","url":"https:\/\/www.paysdesecrins.com\/wp-content\/uploads\/2025\/07\/1717160785-1031972194.png","contentUrl":"https:\/\/www.paysdesecrins.com\/wp-content\/uploads\/2025\/07\/1717160785-1031972194.png","width":1200,"height":1800},{"@type":"BreadcrumbList","@id":"https:\/\/www.paysdesecrins.com\/de\/wichtige-veranstaltungen-im-pays-des-ecrins\/bergsteiger-juni\/#breadcrumb","itemListElement":[{"@type":"ListItem","position":1,"name":"Accueil","item":"https:\/\/www.paysdesecrins.com\/de\/der-titel-des-hauses\/"},{"@type":"ListItem","position":2,"name":"Wichtige Veranstaltungen im Pays des Ecrins","item":"https:\/\/www.paysdesecrins.com\/de\/wichtige-veranstaltungen-im-pays-des-ecrins\/"},{"@type":"ListItem","position":3,"name":"Kletterer \u2013 Juni"}]},{"@type":"WebSite","@id":"https:\/\/www.paysdesecrins.com\/de\/#website","url":"https:\/\/www.paysdesecrins.com\/de\/","name":"Pays des \u00c9crins - Office de Tourisme","description":"L&#039;esprit montagne","publisher":{"@id":"https:\/\/www.paysdesecrins.com\/de\/#organization"},"potentialAction":[{"@type":"SearchAction","target":{"@type":"EntryPoint","urlTemplate":"https:\/\/www.paysdesecrins.com\/de\/?s={search_term_string}"},"query-input":{"@type":"PropertyValueSpecification","valueRequired":true,"valueName":"search_term_string"}}],"inLanguage":"de"},{"@type":"Organization","@id":"https:\/\/www.paysdesecrins.com\/de\/#organization","name":"Pays des \u00c9crins - Office de Tourisme","url":"https:\/\/www.paysdesecrins.com\/de\/","logo":{"@type":"ImageObject","inLanguage":"de","@id":"https:\/\/www.paysdesecrins.com\/de\/#\/schema\/logo\/image\/","url":"https:\/\/www.paysdesecrins.com\/wp-content\/uploads\/2025\/06\/devina-svg-1750845694.svg","contentUrl":"https:\/\/www.paysdesecrins.com\/wp-content\/uploads\/2025\/06\/devina-svg-1750845694.svg","caption":"Pays des \u00c9crins - Office de Tourisme"},"image":{"@id":"https:\/\/www.paysdesecrins.com\/de\/#\/schema\/logo\/image\/"}}]}},"_links":{"self":[{"href":"https:\/\/www.paysdesecrins.com\/de\/wp-json\/wp\/v2\/pages\/45893","targetHints":{"allow":["GET"]}}],"collection":[{"href":"https:\/\/www.paysdesecrins.com\/de\/wp-json\/wp\/v2\/pages"}],"about":[{"href":"https:\/\/www.paysdesecrins.com\/de\/wp-json\/wp\/v2\/types\/page"}],"author":[{"embeddable":true,"href":"https:\/\/www.paysdesecrins.com\/de\/wp-json\/wp\/v2\/users\/4"}],"replies":[{"embeddable":true,"href":"https:\/\/www.paysdesecrins.com\/de\/wp-json\/wp\/v2\/comments?post=45893"}],"version-history":[{"count":0,"href":"https:\/\/www.paysdesecrins.com\/de\/wp-json\/wp\/v2\/pages\/45893\/revisions"}],"up":[{"embeddable":true,"href":"https:\/\/www.paysdesecrins.com\/de\/wp-json\/wp\/v2\/pages\/45941"}],"wp:featuredmedia":[{"embeddable":true,"href":"https:\/\/www.paysdesecrins.com\/de\/wp-json\/wp\/v2\/media\/49994"}],"wp:attachment":[{"href":"https:\/\/www.paysdesecrins.com\/de\/wp-json\/wp\/v2\/media?parent=45893"}],"curies":[{"name":"wp","href":"https:\/\/api.w.org\/{rel}","templated":true}]}}