{"id":45952,"date":"2025-07-24T10:05:57","date_gmt":"2025-07-24T08:05:57","guid":{"rendered":"https:\/\/www.paysdesecrins.com\/45952-2\/"},"modified":"2025-07-29T18:52:04","modified_gmt":"2025-07-29T16:52:04","slug":"45952-2","status":"publish","type":"page","link":"https:\/\/www.paysdesecrins.com\/de\/45952-2\/","title":{"rendered":"Geschichte des Bergsteigens"},"content":{"rendered":"    <div class=\"alignfull wp-block-ws-library-ws-header-interne\">\n\t    <div class=\"header-container\">\n\t        <div class=\"group-media has-image\">\n\t            \t                <img loading=\"lazy\" decoding=\"async\" width=\"1920\" height=\"800\" src=\"https:\/\/www.paysdesecrins.com\/wp-content\/uploads\/2025\/07\/81escalade-alpinisme-alpinisme-agneau-noir-par-le-pre-de-mme-carle-20-1920x800.jpg\" alt=\"\" class=\"image_large_square wp-image-20252\" \/>\n\t            \t        <\/div>\n\t        <div class=\"group-content\">\n\t            <div class=\"title\">\n\t                <h1>\n\t                    Geschichte des Bergsteigens  \t                    \t                <\/h1>\n\t            <\/div>\n\t        <\/div>\n\t    <\/div>\n\t    \n<div class=\"yoast-breadcrumbs\"><span><span><a href=\"https:\/\/www.paysdesecrins.com\/de\/der-titel-des-hauses\/\">Accueil<\/a><\/span>  <span class=\"breadcrumb_last\" aria-current=\"page\">Geschichte des Bergsteigens<\/span><\/span><\/div>\n    <\/div>\n    \n<div class=\"wp-block-ws-library-ws-title aligncenter is-style-simple\"><h2><em>Zum Podcast<\/em>Geschichte des <strong>Bergsteigens: von Holzschuhen bis zu Steigeisen<\/strong><\/h2><\/div>\n\n<p class=\"has-text-align-left\">Vor Seilen und Eispickeln waren es die Hirten, die den Weg wiesen und mit Hufen P\u00e4sse und T\u00e4ler \u00fcberquerten, von Heldentaten ganz zu schweigen. Dann, im 18. Jahrhundert, \u00fcbernahmen Wissenschaftler die F\u00fchrung: Geologen, Glaziologen, Botaniker&#8230; Sie zielen nicht auf die Gipfel, sondern beobachten, notieren, kartieren.   <br\/>Der Entdeckergeist ist entfacht.<\/p>\n\n<p>Der wahre Ausl\u00f6ser? 1864. Edward Whymper, ein britischer Bergsteiger, bestieg die Barre des \u00c9crins (4.102 m) mit lokalen F\u00fchrern. Er ver\u00f6ffentlichte seine Geschichte in London: Die \u00c9crins wurden zu einem &#8222;kleinen Himalaya&#8220; f\u00fcr europ\u00e4ische Bergsteiger. Es folgte William Coolidge, der mythische gro\u00dfe Routen nachzeichnete: den Pelvoux, die Grande Ruine, den Coolidge-Korridor&#8230;  <\/p>\n\n<p>Zwischen 1870 und 1914 war es das goldene Zeitalter. Bergsteigen wird zu einer Frage von Leistung und Prestige. Der franz\u00f6sische Alpenverein baute die ersten Schutzh\u00fctten: Glacier Blanc, Temple \u00c9crins, C\u00e9zanne&#8230; Und 1877 fiel die Meije schlie\u00dflich. Dann ist es Zeit f\u00fcr die Amateure: Tr\u00e4umen Sie von einer 3000er? Es ist in Reichweite von Stollenschuhe (und gut trainierten Beinen).    <\/p>\n\n<p>1980er Jahre: Ein neues Leben in Ailefroide, wo Jean-Michel Cambon gro\u00df angelegte Freizeitkletterrouten er\u00f6ffnete, die zug\u00e4nglich, aber anspruchsvoll waren. Heute verbinden die \u00c9crins klassisches Bergsteigen, Sportklettern, Steilhangskifahren und H\u00f6henloipen. Der Geist bleibt derselbe: Abenteuer, Bescheidenheit und Respekt vor den Bergen.  <\/p>\n\n<div class=\"wp-block-ws-library-ws-slider alignwide\"><div class=\"splide\" data-splide=\"{\"type\":\"slide\",\"heightRatio\":\"auto\",\"perPage\":4,\"perMove\":1,\"drag\":true,\"pagination\":0,\"autoplay\":false,\"gap\":\"2px\",\"breakpoints\":{\"450\":{\"perPage\":1},\"768\":{\"perPage\":2},\"992\":{\"perPage\":3},\"1200\":{\"perPage\":4}}}\"><div class=\"splide__track\"><div class=\"splide__list\"><div class=\"splide__slide\"><a href=\"https:\/\/www.paysdesecrins.com\/wp-content\/uploads\/2025\/07\/8escalade-alpinisme-alpinisme-refuge-du-glacier-blanc-et-4-1-scaled.jpg\" data-glightbox=\"true\" class=\"lightbox-trigger\"><img decoding=\"async\" src=\"https:\/\/www.paysdesecrins.com\/wp-content\/uploads\/2025\/07\/8escalade-alpinisme-alpinisme-refuge-du-glacier-blanc-et-4-1-400x400.jpg\" alt=\"\"><\/a><\/div><div class=\"splide__slide\"><a href=\"https:\/\/www.paysdesecrins.com\/wp-content\/uploads\/2025\/07\/8escalade-alpinisme-la-barre-des-e-crins-depui-3thibautblais-scaled.jpg\" data-glightbox=\"true\" class=\"lightbox-trigger\"><img decoding=\"async\" src=\"https:\/\/www.paysdesecrins.com\/wp-content\/uploads\/2025\/07\/8escalade-alpinisme-la-barre-des-e-crins-depui-3thibautblais-400x400.jpg\" alt=\"\"><\/a><\/div><div class=\"splide__slide\"><a href=\"https:\/\/www.paysdesecrins.com\/wp-content\/uploads\/2025\/07\/thibautblais-glacier-blanc-famille-thibaut-blais-46-scaled.jpg\" data-glightbox=\"true\" class=\"lightbox-trigger\"><img decoding=\"async\" src=\"https:\/\/www.paysdesecrins.com\/wp-content\/uploads\/2025\/07\/thibautblais-glacier-blanc-famille-thibaut-blais-46-400x400.jpg\" alt=\"\"><\/a><\/div><div class=\"splide__slide\"><a href=\"https:\/\/www.paysdesecrins.com\/wp-content\/uploads\/2025\/07\/glacier-blanc-famille-thibaut-blais-37-scaled.jpg\" data-glightbox=\"true\" class=\"lightbox-trigger\"><img decoding=\"async\" src=\"https:\/\/www.paysdesecrins.com\/wp-content\/uploads\/2025\/07\/glacier-blanc-famille-thibaut-blais-37-400x400.jpg\" alt=\"\"><\/a><\/div><div class=\"splide__slide\"><a href=\"https:\/\/www.paysdesecrins.com\/wp-content\/uploads\/2025\/07\/thibautblais-glacier-blanc-famille-thibaut-blais-30-1-scaled.jpg\" data-glightbox=\"true\" class=\"lightbox-trigger\"><img decoding=\"async\" src=\"https:\/\/www.paysdesecrins.com\/wp-content\/uploads\/2025\/07\/thibautblais-glacier-blanc-famille-thibaut-blais-30-1-400x400.jpg\" alt=\"\"><\/a><\/div><div class=\"splide__slide\"><a href=\"https:\/\/www.paysdesecrins.com\/wp-content\/uploads\/2025\/07\/8escaladealpinisme-h0a3502-scaled.jpg\" data-glightbox=\"true\" class=\"lightbox-trigger\"><img decoding=\"async\" src=\"https:\/\/www.paysdesecrins.com\/wp-content\/uploads\/2025\/07\/8escaladealpinisme-h0a3502-400x400.jpg\" alt=\"\"><\/a><\/div><\/div><\/div><\/div><\/div>\n\n<hr class=\"wp-block-separator has-alpha-channel-opacity\"\/>\n\n<p><strong>Wo kann man die Geschichte des Bergsteigens in den \u00c9crins wieder erleben?<\/strong><\/p>\n\n<ul class=\"wp-block-list\">\n<li>Ailefroide und Pr\u00e9 de Madame Carle \u2013 Immersive Tour mit Geschichten, Videos und Augmented Reality ( <em>LegendR<\/em> App)<\/li>\n\n\n\n<li>Bibliothek von L&#8217;Argenti\u00e8re-la-Bess\u00e9e \u2013 Original-Notizb\u00fccher von Whymper, alte Geschichten, zeitgen\u00f6ssische Topos<\/li>\n\n\n\n<li>Augmented-Reality-Brillen im Tourismusb\u00fcro erh\u00e4ltlich \u2013 kostenlose App zum Download<\/li>\n\n\n\n<li>Tauchen Sie ein in die Welt des Hochgebirges im Herzen des \u00c9crins-Massivs in den Hautes-Alpes. Es werden verschiedene Themen behandelt, wie z.B. die Kartographie, die Erfahrung eines Hochgebirgsf\u00fchrers, die 1. Besteigung der Barre des \u00c9crins&#8230;   <br\/>Mehrere Redner moderieren diesen Podcast: Claude Albrand, Philippe Bourdeau, Michel Tailland, Jacques Mille, Jean-Marc Barfety.  <br\/>Finden Sie diese Episode ohne weitere Verz\u00f6gerung.<br\/><br\/>Die \u00c9crins sind nicht zu erz\u00e4hlen, sie werden gelebt. Sind Sie an der Reihe, die Leitung zu \u00fcbernehmen? <\/li>\n<\/ul>\n\n<div class=\"wp-block-ws-library-ws-button has-text-align-center is-style-outline\"><a href=\"https:\/\/www.paysdesecrins.com\/sites\/ot-paysdesecrins\/files\/content\/files\/podcast_barre_des_ecrins_otcpe-master_v1_0.mp3\" class=\"wp-block-button__link wp-element-button btn\">  Podcast &#8222;Geschichte des Bergsteigens&#8220;<\/a><\/div>\n\n<div class=\"wp-block-ws-library-ws-share\"><span class=\"share-subtitle\">Hat Ihnen diese Seite gefallen?<\/span><span class=\"share-title\">Teilen Sie es!<\/span><button class=\"ws-share-button wp-element-button\">Diese Seite teilen<\/button><\/div>\n","protected":false},"excerpt":{"rendered":"<p>Vor Seilen und Eispickeln waren es die Hirten, die den Weg wiesen und mit Hufen P\u00e4sse und T\u00e4ler \u00fcberquerten, von [&hellip;]<\/p>\n","protected":false},"author":4,"featured_media":0,"parent":0,"menu_order":0,"comment_status":"closed","ping_status":"closed","template":"","meta":{"_thumbnail_id_2":0,"summer_excerpt":"","season":"","station":"","footnotes":""},"class_list":["post-45952","page","type-page","status-publish","hentry"],"yoast_head":"<!-- This site is optimized with the Yoast SEO plugin v27.3 - https:\/\/yoast.com\/product\/yoast-seo-wordpress\/ -->\n<title>Geschichte des Bergsteigens - Pays des \u00c9crins - Office de Tourisme<\/title>\n<meta name=\"robots\" content=\"index, follow, max-snippet:-1, max-image-preview:large, max-video-preview:-1\" \/>\n<link rel=\"canonical\" href=\"https:\/\/www.paysdesecrins.com\/de\/45952-2\/\" \/>\n<meta property=\"og:locale\" content=\"de_DE\" \/>\n<meta property=\"og:type\" content=\"article\" \/>\n<meta property=\"og:title\" content=\"Geschichte des Bergsteigens - Pays des \u00c9crins - Office de Tourisme\" \/>\n<meta property=\"og:description\" content=\"Vor Seilen und Eispickeln waren es die Hirten, die den Weg wiesen und mit Hufen P\u00e4sse und T\u00e4ler \u00fcberquerten, von [&hellip;]\" \/>\n<meta property=\"og:url\" content=\"https:\/\/www.paysdesecrins.com\/de\/45952-2\/\" \/>\n<meta property=\"og:site_name\" content=\"Pays des \u00c9crins - Office de Tourisme\" \/>\n<meta property=\"article:modified_time\" content=\"2025-07-29T16:52:04+00:00\" \/>\n<meta property=\"og:image\" content=\"https:\/\/www.paysdesecrins.com\/wp-content\/uploads\/2025\/07\/8escalade-alpinisme-alpinisme-refuge-du-glacier-blanc-et-4-1-400x400.jpg\" \/>\n<meta name=\"twitter:card\" content=\"summary_large_image\" \/>\n<meta name=\"twitter:label1\" content=\"Gesch\u00e4tzte Lesezeit\" \/>\n\t<meta name=\"twitter:data1\" content=\"2 Minuten\" \/>\n<script type=\"application\/ld+json\" class=\"yoast-schema-graph\">{\"@context\":\"https:\\\/\\\/schema.org\",\"@graph\":[{\"@type\":\"WebPage\",\"@id\":\"https:\\\/\\\/www.paysdesecrins.com\\\/de\\\/45952-2\\\/\",\"url\":\"https:\\\/\\\/www.paysdesecrins.com\\\/de\\\/45952-2\\\/\",\"name\":\"Geschichte des Bergsteigens - Pays des \u00c9crins - Office de Tourisme\",\"isPartOf\":{\"@id\":\"https:\\\/\\\/www.paysdesecrins.com\\\/de\\\/#website\"},\"primaryImageOfPage\":{\"@id\":\"https:\\\/\\\/www.paysdesecrins.com\\\/de\\\/45952-2\\\/#primaryimage\"},\"image\":{\"@id\":\"https:\\\/\\\/www.paysdesecrins.com\\\/de\\\/45952-2\\\/#primaryimage\"},\"thumbnailUrl\":\"https:\\\/\\\/www.paysdesecrins.com\\\/wp-content\\\/uploads\\\/2025\\\/07\\\/8escalade-alpinisme-alpinisme-refuge-du-glacier-blanc-et-4-1-400x400.jpg\",\"datePublished\":\"2025-07-24T08:05:57+00:00\",\"dateModified\":\"2025-07-29T16:52:04+00:00\",\"breadcrumb\":{\"@id\":\"https:\\\/\\\/www.paysdesecrins.com\\\/de\\\/45952-2\\\/#breadcrumb\"},\"inLanguage\":\"de\",\"potentialAction\":[{\"@type\":\"ReadAction\",\"target\":[\"https:\\\/\\\/www.paysdesecrins.com\\\/de\\\/45952-2\\\/\"]}]},{\"@type\":\"ImageObject\",\"inLanguage\":\"de\",\"@id\":\"https:\\\/\\\/www.paysdesecrins.com\\\/de\\\/45952-2\\\/#primaryimage\",\"url\":\"https:\\\/\\\/www.paysdesecrins.com\\\/wp-content\\\/uploads\\\/2025\\\/07\\\/8escalade-alpinisme-alpinisme-refuge-du-glacier-blanc-et-4-1-400x400.jpg\",\"contentUrl\":\"https:\\\/\\\/www.paysdesecrins.com\\\/wp-content\\\/uploads\\\/2025\\\/07\\\/8escalade-alpinisme-alpinisme-refuge-du-glacier-blanc-et-4-1-400x400.jpg\"},{\"@type\":\"BreadcrumbList\",\"@id\":\"https:\\\/\\\/www.paysdesecrins.com\\\/de\\\/45952-2\\\/#breadcrumb\",\"itemListElement\":[{\"@type\":\"ListItem\",\"position\":1,\"name\":\"Accueil\",\"item\":\"https:\\\/\\\/www.paysdesecrins.com\\\/de\\\/der-titel-des-hauses\\\/\"},{\"@type\":\"ListItem\",\"position\":2,\"name\":\"Geschichte des Bergsteigens\"}]},{\"@type\":\"WebSite\",\"@id\":\"https:\\\/\\\/www.paysdesecrins.com\\\/de\\\/#website\",\"url\":\"https:\\\/\\\/www.paysdesecrins.com\\\/de\\\/\",\"name\":\"Pays des \u00c9crins - Office de Tourisme\",\"description\":\"L&#039;esprit montagne\",\"publisher\":{\"@id\":\"https:\\\/\\\/www.paysdesecrins.com\\\/de\\\/#organization\"},\"potentialAction\":[{\"@type\":\"SearchAction\",\"target\":{\"@type\":\"EntryPoint\",\"urlTemplate\":\"https:\\\/\\\/www.paysdesecrins.com\\\/de\\\/?s={search_term_string}\"},\"query-input\":{\"@type\":\"PropertyValueSpecification\",\"valueRequired\":true,\"valueName\":\"search_term_string\"}}],\"inLanguage\":\"de\"},{\"@type\":\"Organization\",\"@id\":\"https:\\\/\\\/www.paysdesecrins.com\\\/de\\\/#organization\",\"name\":\"Pays des \u00c9crins - Office de Tourisme\",\"url\":\"https:\\\/\\\/www.paysdesecrins.com\\\/de\\\/\",\"logo\":{\"@type\":\"ImageObject\",\"inLanguage\":\"de\",\"@id\":\"https:\\\/\\\/www.paysdesecrins.com\\\/de\\\/#\\\/schema\\\/logo\\\/image\\\/\",\"url\":\"https:\\\/\\\/www.paysdesecrins.com\\\/wp-content\\\/uploads\\\/2025\\\/06\\\/devina-svg-1750845694.svg\",\"contentUrl\":\"https:\\\/\\\/www.paysdesecrins.com\\\/wp-content\\\/uploads\\\/2025\\\/06\\\/devina-svg-1750845694.svg\",\"caption\":\"Pays des \u00c9crins - Office de Tourisme\"},\"image\":{\"@id\":\"https:\\\/\\\/www.paysdesecrins.com\\\/de\\\/#\\\/schema\\\/logo\\\/image\\\/\"}}]}<\/script>\n<!-- \/ Yoast SEO plugin. -->","yoast_head_json":{"title":"Geschichte des Bergsteigens - Pays des \u00c9crins - Office de Tourisme","robots":{"index":"index","follow":"follow","max-snippet":"max-snippet:-1","max-image-preview":"max-image-preview:large","max-video-preview":"max-video-preview:-1"},"canonical":"https:\/\/www.paysdesecrins.com\/de\/45952-2\/","og_locale":"de_DE","og_type":"article","og_title":"Geschichte des Bergsteigens - Pays des \u00c9crins - Office de Tourisme","og_description":"Vor Seilen und Eispickeln waren es die Hirten, die den Weg wiesen und mit Hufen P\u00e4sse und T\u00e4ler \u00fcberquerten, von [&hellip;]","og_url":"https:\/\/www.paysdesecrins.com\/de\/45952-2\/","og_site_name":"Pays des \u00c9crins - Office de Tourisme","article_modified_time":"2025-07-29T16:52:04+00:00","og_image":[{"url":"https:\/\/www.paysdesecrins.com\/wp-content\/uploads\/2025\/07\/8escalade-alpinisme-alpinisme-refuge-du-glacier-blanc-et-4-1-400x400.jpg","type":"","width":"","height":""}],"twitter_card":"summary_large_image","twitter_misc":{"Gesch\u00e4tzte Lesezeit":"2 Minuten"},"schema":{"@context":"https:\/\/schema.org","@graph":[{"@type":"WebPage","@id":"https:\/\/www.paysdesecrins.com\/de\/45952-2\/","url":"https:\/\/www.paysdesecrins.com\/de\/45952-2\/","name":"Geschichte des Bergsteigens - Pays des \u00c9crins - Office de Tourisme","isPartOf":{"@id":"https:\/\/www.paysdesecrins.com\/de\/#website"},"primaryImageOfPage":{"@id":"https:\/\/www.paysdesecrins.com\/de\/45952-2\/#primaryimage"},"image":{"@id":"https:\/\/www.paysdesecrins.com\/de\/45952-2\/#primaryimage"},"thumbnailUrl":"https:\/\/www.paysdesecrins.com\/wp-content\/uploads\/2025\/07\/8escalade-alpinisme-alpinisme-refuge-du-glacier-blanc-et-4-1-400x400.jpg","datePublished":"2025-07-24T08:05:57+00:00","dateModified":"2025-07-29T16:52:04+00:00","breadcrumb":{"@id":"https:\/\/www.paysdesecrins.com\/de\/45952-2\/#breadcrumb"},"inLanguage":"de","potentialAction":[{"@type":"ReadAction","target":["https:\/\/www.paysdesecrins.com\/de\/45952-2\/"]}]},{"@type":"ImageObject","inLanguage":"de","@id":"https:\/\/www.paysdesecrins.com\/de\/45952-2\/#primaryimage","url":"https:\/\/www.paysdesecrins.com\/wp-content\/uploads\/2025\/07\/8escalade-alpinisme-alpinisme-refuge-du-glacier-blanc-et-4-1-400x400.jpg","contentUrl":"https:\/\/www.paysdesecrins.com\/wp-content\/uploads\/2025\/07\/8escalade-alpinisme-alpinisme-refuge-du-glacier-blanc-et-4-1-400x400.jpg"},{"@type":"BreadcrumbList","@id":"https:\/\/www.paysdesecrins.com\/de\/45952-2\/#breadcrumb","itemListElement":[{"@type":"ListItem","position":1,"name":"Accueil","item":"https:\/\/www.paysdesecrins.com\/de\/der-titel-des-hauses\/"},{"@type":"ListItem","position":2,"name":"Geschichte des Bergsteigens"}]},{"@type":"WebSite","@id":"https:\/\/www.paysdesecrins.com\/de\/#website","url":"https:\/\/www.paysdesecrins.com\/de\/","name":"Pays des \u00c9crins - Office de Tourisme","description":"L&#039;esprit montagne","publisher":{"@id":"https:\/\/www.paysdesecrins.com\/de\/#organization"},"potentialAction":[{"@type":"SearchAction","target":{"@type":"EntryPoint","urlTemplate":"https:\/\/www.paysdesecrins.com\/de\/?s={search_term_string}"},"query-input":{"@type":"PropertyValueSpecification","valueRequired":true,"valueName":"search_term_string"}}],"inLanguage":"de"},{"@type":"Organization","@id":"https:\/\/www.paysdesecrins.com\/de\/#organization","name":"Pays des \u00c9crins - Office de Tourisme","url":"https:\/\/www.paysdesecrins.com\/de\/","logo":{"@type":"ImageObject","inLanguage":"de","@id":"https:\/\/www.paysdesecrins.com\/de\/#\/schema\/logo\/image\/","url":"https:\/\/www.paysdesecrins.com\/wp-content\/uploads\/2025\/06\/devina-svg-1750845694.svg","contentUrl":"https:\/\/www.paysdesecrins.com\/wp-content\/uploads\/2025\/06\/devina-svg-1750845694.svg","caption":"Pays des \u00c9crins - Office de Tourisme"},"image":{"@id":"https:\/\/www.paysdesecrins.com\/de\/#\/schema\/logo\/image\/"}}]}},"_links":{"self":[{"href":"https:\/\/www.paysdesecrins.com\/de\/wp-json\/wp\/v2\/pages\/45952","targetHints":{"allow":["GET"]}}],"collection":[{"href":"https:\/\/www.paysdesecrins.com\/de\/wp-json\/wp\/v2\/pages"}],"about":[{"href":"https:\/\/www.paysdesecrins.com\/de\/wp-json\/wp\/v2\/types\/page"}],"author":[{"embeddable":true,"href":"https:\/\/www.paysdesecrins.com\/de\/wp-json\/wp\/v2\/users\/4"}],"replies":[{"embeddable":true,"href":"https:\/\/www.paysdesecrins.com\/de\/wp-json\/wp\/v2\/comments?post=45952"}],"version-history":[{"count":0,"href":"https:\/\/www.paysdesecrins.com\/de\/wp-json\/wp\/v2\/pages\/45952\/revisions"}],"wp:attachment":[{"href":"https:\/\/www.paysdesecrins.com\/de\/wp-json\/wp\/v2\/media?parent=45952"}],"curies":[{"name":"wp","href":"https:\/\/api.w.org\/{rel}","templated":true}]}}