{"id":45961,"date":"2025-07-24T09:43:42","date_gmt":"2025-07-24T07:43:42","guid":{"rendered":"https:\/\/www.paysdesecrins.com\/bergsteigerdoerfer\/"},"modified":"2025-08-07T15:03:58","modified_gmt":"2025-08-07T13:03:58","slug":"bergsteigerdoerfer","status":"publish","type":"page","link":"https:\/\/www.paysdesecrins.com\/de\/bergsteigerdoerfer\/","title":{"rendered":"Bergsteigerd\u00f6rfer"},"content":{"rendered":"    <div class=\"alignfull wp-block-ws-library-ws-header-interne\">\n\t    <div class=\"header-container\">\n\t        <div class=\"group-media has-image\">\n\t            \t                <img loading=\"lazy\" decoding=\"async\" width=\"1920\" height=\"800\" src=\"https:\/\/www.paysdesecrins.com\/wp-content\/uploads\/2025\/07\/ailefroide-1920x800.jpg\" alt=\"\" class=\"image_large_square wp-image-29948\" \/>\n\t            \t        <\/div>\n\t        <div class=\"group-content\">\n\t            <div class=\"title\">\n\t                <h1>\n\t                    Bergsteigerd\u00f6rfer\t                    \t                <\/h1>\n\t            <\/div>\n\t        <\/div>\n\t    <\/div>\n\t    \n<div class=\"yoast-breadcrumbs\"><span><span><a href=\"https:\/\/www.paysdesecrins.com\/de\/der-titel-des-hauses\/\">Accueil<\/a><\/span>  <span class=\"breadcrumb_last\" aria-current=\"page\">Bergsteigerd\u00f6rfer<\/span><\/span><\/div>\n    <\/div>\n    \n<div class=\"wp-block-ws-library-ws-title aligncenter is-style-simple\"><h2><em>Bergsteigerd\u00f6rfer<\/em>Schmuckk\u00e4stchen<\/h2><\/div>\n\n<p class=\"has-text-align-left\">Das Label &#8222;<strong>Bergsteigerd\u00f6rfer<\/strong>&#8222;, das der Gemeinde <strong>Vallouise-Pelvoux<\/strong> verliehen wurde, zielt darauf ab, das Bergsteigen in den \u00c9crins zu f\u00f6rdern und neu zu verzaubern und so die alpinen Traditionen an neue Generationen weiterzugeben und gleichzeitig das Bewusstsein f\u00fcr die Zerbrechlichkeit der nat\u00fcrlichen Umwelt zu sch\u00e4rfen.  <\/p>\n\n<p>Das Bergsteigen ist heute von der <strong>UNESCO als immaterielles Kulturerbe<\/strong> gelistet. Unser Gebiet hat davon profitiert, dank der ber\u00fchmten Gipfel in Vallouise (Barre des \u00c9crins, D\u00f4me des \u00c9crins, Roche Faurio, les Agneaux, Ailefroide orientale&#8230;) und auch dank der sehr starken Pr\u00e4senz der <strong>Geschichte des Bergsteigens<\/strong> auf dem Gebiet des Pays des \u00c9crins.   <\/p>\n\n<p class=\"has-text-align-left\"><strong>Ailefroide<\/strong> ist ein echtes <strong>Basislager<\/strong> zum Klettern und Bergsteigen und wird Sie mit seiner Authentizit\u00e4t, seinem Charme und seiner Ruhe im Herzen der Berge und des Nationalparks \u00c9crins verf\u00fchren.<\/p>\n\n<div class=\"wp-block-ws-library-ws-columns alignwide has-2-columns are-vertically-aligned-center layout-5050 is-style-background\">\n<div class=\"wp-block-ws-library-ws-column\"><div class=\"wrapper\">\n<div class=\"wp-block-ws-library-ws-title\"><h3><em>Das Pays des \u00c9crins,<\/em> ein Land des Bergsteigens<\/h3><\/div>\n\n\n\n<p>Das Pays des \u00c9crins ist traditionell ein<strong> Land der hohen Berge<\/strong> . Das Massiv ist technisch anspruchsvoll und allein die Stufen, die zu den prestigetr\u00e4chtigen Gipfeln f\u00fchren, sind fabelhafte Wanderungen. <strong>Barre des \u00c9crins<\/strong>, <strong>Roche Faurio<\/strong>, <strong>D\u00f4me des \u00c9crins<\/strong>,&#8230; Das Pays des \u00c9crins ist ein <strong>Land des Bergsteigens <\/strong>par excellence&#8230; Weitere Informationen zum <strong>Skitourengehen rund um die H\u00fctten im Fr\u00fchling<\/strong> und <strong>zum Bergsteigen in den \u00c9crins<\/strong> finden Sie unter diesem Link.    <\/p>\n\n\n\n<p>Hier ist es das einzige Massiv in Frankreich, in dem man sich im <strong>Hochgebirge<\/strong> (4.102 m) im Herzen eines <strong>Naturschutzgebiets<\/strong> dank des <strong>Nationalparks \u00c9crins<\/strong> entwickeln kann. Dieser Vorteil garantiert Ihnen, sich in einer Umgebung mit gesch\u00fctzten Landschaften zu entwickeln, in der sich Fauna und Flora in F\u00fclle entwickeln k\u00f6nnen.   <\/p>\n\n\n\n<p>Die <strong>Geschichte des Alpinismus ist gut <\/strong>in der Region verankert, daher der Name &#8222;Land des Bergsteigens&#8220;, der Teil des <a href=\"https:\/\/www.ffcam.fr\/terre-d-alpinisme-ffcam.html\" target=\"_blank\" rel=\"noreferrer noopener\"><strong>FFCAM-Projekts<\/strong><\/a> ist. Ziel ist es, diese Geschichte fortzuf\u00fchren, das Bergsteigen jungen Menschen n\u00e4her zu bringen und so die Bergsteigergemeinschaft wachsen zu lassen. <\/p>\n\n\n\n<p>Hier findest du die 3 Podcasts, die rund um Bergsteigerd\u00f6rfer entstanden sind (ca. 20min) zu verschiedenen Themen:  <\/p>\n\n\n\n<ul class=\"wp-block-list\">\n<li><a href=\"https:\/\/www.slate.fr\/audio\/regarde-en-haut\/tous-au-sommet-1\" target=\"_blank\" rel=\"noreferrer noopener\">Alles an der Spitze<\/a><\/li>\n\n\n\n<li><a href=\"https:\/\/www.slate.fr\/audio\/regarde-en-haut\/villages-en-haut-2\" target=\"_blank\" rel=\"noreferrer noopener\">D\u00f6rfer von oben<\/a><\/li>\n\n\n\n<li><a href=\"https:\/\/www.slate.fr\/audio\/regarde-en-haut\/nature-fragile-3\" target=\"_blank\" rel=\"noreferrer noopener\">Zerbrechliche Natur<\/a><\/li>\n<\/ul>\n\n\n\n<p>Sie k\u00f6nnen auch das Buch &#8222;<a href=\"https:\/\/www.glenat.com\/beaux-livres-montagne\/villages-dalpinisme-des-ecrins-9782344051245\" target=\"_blank\" rel=\"noreferrer noopener\">Villages d&#8217;alpinisme des \u00c9crins&#8220; bei Gl\u00e9nat Editions kaufen.<\/a> Es ist in Buchhandlungen, im Internet und in den H\u00e4usern des Nationalparks \u00c9crins erh\u00e4ltlich.  <\/p>\n<\/div><\/div>\n\n\n\n<div class=\"wp-block-ws-library-ws-column\"><div class=\"wrapper\">\n<div class=\"wp-block-ws-library-ws-image\"><div class=\"wrapper\"><div class=\"group-media\"><img decoding=\"async\" src=\"https:\/\/www.paysdesecrins.com\/wp-content\/uploads\/2025\/07\/2080801582-1679060576.jpg\" alt=\"\" class=\"single_image ws-image-37441\"><div class=\"credits\"><\/div><\/div><p class=\"caption\"><\/p><\/div><\/div>\n<\/div><\/div>\n<\/div>\n\n<div class=\"wp-block-ws-library-ws-slider alignfull\"><div class=\"splide\" data-splide=\"{\"type\":\"slide\",\"heightRatio\":\"auto\",\"perPage\":4,\"perMove\":1,\"drag\":true,\"pagination\":0,\"autoplay\":false,\"gap\":\"15px\",\"breakpoints\":{\"450\":{\"perPage\":1},\"768\":{\"perPage\":2},\"992\":{\"perPage\":3},\"1200\":{\"perPage\":4}}}\"><div class=\"splide__track\"><div class=\"splide__list\"><div class=\"splide__slide\"><a href=\"https:\/\/www.paysdesecrins.com\/wp-content\/uploads\/2025\/07\/1682585568-508967110-400x400.jpg\" data-glightbox=\"true\" class=\"lightbox-trigger\"><img decoding=\"async\" src=\"https:\/\/www.paysdesecrins.com\/wp-content\/uploads\/2025\/07\/1682585568-508967110-400x400.jpg\" alt=\"\"><\/a><\/div><div class=\"splide__slide\"><a href=\"https:\/\/www.paysdesecrins.com\/wp-content\/uploads\/2025\/07\/1682585568-1182817379-400x400.jpg\" data-glightbox=\"true\" class=\"lightbox-trigger\"><img decoding=\"async\" src=\"https:\/\/www.paysdesecrins.com\/wp-content\/uploads\/2025\/07\/1682585568-1182817379-400x400.jpg\" alt=\"\"><\/a><\/div><div class=\"splide__slide\"><a href=\"https:\/\/www.paysdesecrins.com\/wp-content\/uploads\/2025\/07\/1682585684-1253332757-400x400.jpg\" data-glightbox=\"true\" class=\"lightbox-trigger\"><img decoding=\"async\" src=\"https:\/\/www.paysdesecrins.com\/wp-content\/uploads\/2025\/07\/1682585684-1253332757-400x400.jpg\" alt=\"\"><\/a><\/div><div class=\"splide__slide\"><a href=\"https:\/\/www.paysdesecrins.com\/wp-content\/uploads\/2025\/07\/1682585684-549175391-400x400.jpg\" data-glightbox=\"true\" class=\"lightbox-trigger\"><img decoding=\"async\" src=\"https:\/\/www.paysdesecrins.com\/wp-content\/uploads\/2025\/07\/1682585684-549175391-400x400.jpg\" alt=\"\"><\/a><\/div><\/div><\/div><\/div><\/div>\n\n<div class=\"wp-block-ws-library-ws-title\"><h3><em>Bergsteigerschulen<\/em> in den \u00c9crins<\/h3><\/div>\n\n<p>Dank der Arbeit der <strong>Bergf\u00fchrer und des Bergf\u00fchrerb\u00fcros von \u00c9crins<\/strong> wurde auf <strong>Ailefroide<\/strong> ein <strong>Boulderschulgel\u00e4nde<\/strong> markiert und ausgeschildert, ebenso wie der kleine felsige Parcours des <strong>Pic des Aupillous<\/strong>.Diese Sektoren wurden ausgeschildert, um j\u00fcngeren Generationen und Anf\u00e4ngern den Einstieg in das Bergsteigen zu erleichtern. <\/p>\n\n<p>Hier sind die 2 Standorte, die zu diesem Zweck in der Gemeinde Vallouise-Pelvoux im Rahmen dieses Projekts eingerichtet wurden:<\/p>\n\n<ul class=\"wp-block-list\">\n<li>die Boulderstelle <strong>Ailefroide <\/strong>an der Stra\u00dfe, die zur S\u00e9l\u00e9-H\u00fctte f\u00fchrt<\/li>\n\n\n\n<li>der <strong>Kamm des Pic des Aupillous <\/strong>oberhalb der Bans-H\u00fctte im Entraygues-Tal<\/li>\n<\/ul>\n\n<p>Weitere Kletterschulen gibt es in der Umgebung in Champcella, Ailefroide, Saint-Martin-de-Queyri\u00e8res (Rocher Baron), Prelle und Argenti\u00e8re La-Bess\u00e9e.  <\/p>\n\n<p>Diese Orte erm\u00f6glichen es Anf\u00e4ngern, die Techniken des Kletterns zu erlernen, um dann ihr <strong>erstes Bergsteigerrennen<\/strong> zu \u00fcben.<\/p>\n\n<p>Alle Standorte der Kletterschulen in den \u00c9crins finden Sie im Reisef\u00fchrer &#8222;ESCALADE BRIANCON CLIMBS 2022&#8220;.<\/p>\n\n<p>Das &#8222;Topo-Heft Bergsteigerd\u00f6rfer&#8220; k\u00f6nnen Sie unten herunterladen und in Papierform in unseren Tourist-Informationen finden.<\/p>\n\n<div class=\"wp-block-ws-library-ws-documents\">\n<div class=\"wp-block-ws-library-ws-document\"><a href=\"https:\/\/www.paysdesecrins.com\/wp-content\/uploads\/2025\/07\/livret-topo-villages-alpinisme-ok-light.pdf\" target=\"_blank\" rel=\"noopener noreferrer\" class=\"link-document\">Brosch\u00fcre: Topo-Bergsteigerd\u00f6rfer der \u00c9crins<\/a><\/div>\n<\/div>\n\n<div class=\"wp-block-ws-library-ws-slider alignfull\"><div class=\"splide\" data-splide=\"{\"type\":\"slide\",\"heightRatio\":\"auto\",\"perPage\":4,\"perMove\":1,\"drag\":true,\"pagination\":0,\"autoplay\":false,\"gap\":\"15px\",\"breakpoints\":{\"450\":{\"perPage\":1},\"768\":{\"perPage\":2},\"992\":{\"perPage\":3},\"1200\":{\"perPage\":4}}}\"><div class=\"splide__track\"><div class=\"splide__list\"><div class=\"splide__slide\"><a href=\"https:\/\/www.paysdesecrins.com\/wp-content\/uploads\/2025\/07\/1682585568-1830260856-400x400.jpg\" data-glightbox=\"true\" class=\"lightbox-trigger\"><img decoding=\"async\" src=\"https:\/\/www.paysdesecrins.com\/wp-content\/uploads\/2025\/07\/1682585568-1830260856-400x400.jpg\" alt=\"\"><\/a><\/div><div class=\"splide__slide\"><a href=\"https:\/\/www.paysdesecrins.com\/wp-content\/uploads\/2025\/07\/1682585568-1929484564-400x400.jpg\" data-glightbox=\"true\" class=\"lightbox-trigger\"><img decoding=\"async\" src=\"https:\/\/www.paysdesecrins.com\/wp-content\/uploads\/2025\/07\/1682585568-1929484564-400x400.jpg\" alt=\"\"><\/a><\/div><div class=\"splide__slide\"><a href=\"https:\/\/www.paysdesecrins.com\/wp-content\/uploads\/2025\/07\/1682585568-2054800602-400x400.jpg\" data-glightbox=\"true\" class=\"lightbox-trigger\"><img decoding=\"async\" src=\"https:\/\/www.paysdesecrins.com\/wp-content\/uploads\/2025\/07\/1682585568-2054800602-400x400.jpg\" alt=\"\"><\/a><\/div><div class=\"splide__slide\"><a href=\"https:\/\/www.paysdesecrins.com\/wp-content\/uploads\/2025\/07\/k7a9235-1-scaled.jpg\" data-glightbox=\"true\" class=\"lightbox-trigger\"><img decoding=\"async\" src=\"https:\/\/www.paysdesecrins.com\/wp-content\/uploads\/2025\/07\/k7a9235-1-400x400.jpg\" alt=\"\"><\/a><\/div><\/div><\/div><\/div><\/div>\n\n<div class=\"wp-block-ws-library-ws-columns alignwide has-2-columns are-vertically-aligned-center layout-5050 is-style-background\">\n<div class=\"wp-block-ws-library-ws-column\"><div class=\"wrapper\">\n<div class=\"wp-block-ws-library-ws-image\"><div class=\"wrapper\"><div class=\"group-media\"><img decoding=\"async\" src=\"https:\/\/www.paysdesecrins.com\/wp-content\/uploads\/2025\/07\/16sitesdexception-predemadamecarle-refuge-du-glacier-blanc-et-des-ecrins-en-ski-29-960x640.jpg\" alt=\"\" class=\"single_image ws-image-21515\"><div class=\"credits\"><\/div><\/div><p class=\"caption\"><\/p><\/div><\/div>\n<\/div><\/div>\n\n\n\n<div class=\"wp-block-ws-library-ws-column\"><div class=\"wrapper\">\n<div class=\"wp-block-ws-library-ws-title\"><h3><em>Bergsteigen Touren<\/em><\/h3><\/div>\n\n\n\n<p><strong>Die Juwelen<br\/><\/strong>M\u00f6chten Sie <strong>das \u00c9crins-Massiv<\/strong> bei <strong>einer Bergtour<\/strong> entdecken? Willkommen in den <a href=\"https:\/\/www.hautes-alpes.net\/fr\/economie.html\" target=\"_blank\" rel=\"noreferrer noopener\"><strong>Hautes-Alpes<\/strong><\/a>, wir bieten Ihnen an, Sie bei diesem sch\u00f6nen Projekt zu begleiten, indem wir Sie von unserem Wissen \u00fcber das Massiv profitieren lassen, damit Ihr Aufenthalt ein echter Erfolg wird.<br\/>Kontaktieren Sie uns unter <a href=\"mailto:reservation@paysdesecrins.com\" target=\"_blank\" rel=\"noreferrer noopener\">reservation@paysdesecrins.com<\/a> oder unter 06 30 83 37 65 <\/p>\n\n\n\n<p><strong>Bergsteigerrennen in den \u00c9crins<br\/><\/strong>M\u00f6chten Sie <strong>eine Bergsteigertour <\/strong>im <strong>\u00c9crins-Massiv<\/strong> unternehmen? Wenden Sie sich an einen der Partner des Amtes und\/oder konsultieren Sie den All-Inclusive-Aufenthalt, der von unseren Partnern rund um das Bergsteigen angeboten wird.   <\/p>\n<\/div><\/div>\n<\/div>\n\n<div class=\"wp-block-ws-library-ws-video\"><div class=\"wrapper\"><div class=\"group-media\">\n<figure class=\"wp-block-embed is-type-video is-provider-youtube wp-block-embed-youtube\"><div class=\"wp-block-embed__wrapper\">\n<iframe loading=\"lazy\" title=\"Alpinisme au Pays des \u00c9crins\" width=\"500\" height=\"281\" src=\"https:\/\/www.youtube.com\/embed\/njz6V_fjYHU?feature=oembed\" frameborder=\"0\" allow=\"accelerometer; autoplay; clipboard-write; encrypted-media; gyroscope; picture-in-picture; web-share\" referrerpolicy=\"strict-origin-when-cross-origin\" allowfullscreen><\/iframe>\n<\/div><\/figure>\n<\/div><\/div><\/div>\n\n<div class=\"wp-block-ws-library-ws-title\"><h3><em>Rundgang durch die <\/em>Bergsteigerd\u00f6rfer der \u00c9crins<\/h3><\/div>\n\n<p>Ein Massiv und 7 D\u00f6rfer, die es rund um das Bergsteigen zu entdecken gilt. Diese D\u00f6rfer sind echte Basislager, Ausgangspunkte f\u00fcr gro\u00dfe Bergsteigerrennen zu emblematischen Gipfeln. Sie sind Orte der Vorbereitung auf Abenteuer, Spazierg\u00e4nge oder Wanderungen, zu einer der Besonderheiten des Massivs: einem Gipfel, einem Wasserfall oder einem spektakul\u00e4ren Aussichtspunkt. In die Bergsteigerd\u00f6rfer der \u00c9crins zu gehen, ist ein bisschen so, als w\u00fcrde man sich von der Gesellschaft abkoppeln und sich in den Bergen wieder mit der Natur verbinden. Es sind Orte, an denen Geselligkeit und Austausch die Identit\u00e4t und die Traditionen der Berge widerspiegeln    <\/p>\n\n<p>Ausgehend von den <strong>Bergsteigerd\u00f6rfern Vallouise-Pelvoux und Ailefroide<\/strong> k\u00f6nnen Sie mit dem Auto und einer Wanderung zu jedem Ort rund um die <strong>7 Bergsteigerd\u00f6rfer der \u00c9crins<\/strong> fahren.<\/p>\n\n<p>Hier sind die anderen Etappen, die von dem<strong> Label &#8222;Bergsteigerd\u00f6rfer&#8220; <\/strong>profitieren und auf denen Sie herrliche Orte durch Wanderungen entdecken werden, die <strong>f\u00fcr alle zug\u00e4nglich sind,<\/strong> oder durch <strong>Hochgebirgsrennen <\/strong>in Begleitung eines F\u00fchrers:<\/p>\n\n<ul class=\"wp-block-list\">\n<li><strong>Vallouise-Pelvoux und Ailfroide<\/strong> mit dem <strong>Pr\u00e9 de Madame Carle <\/strong>und seiner ber\u00fchmten Legende, dem Glacier Blanc und dem Glacier Noir, den Klettergebieten von Ailefroide;  <\/li>\n\n\n\n<li><strong>Le Casset <\/strong>in der Gemeinde<strong> Le Mon\u00eatier-les-Bains <\/strong>mit dem Ausgangspunkt f\u00fcr<strong> die T\u00e4ler des Grand und des Petit Tabuc, <\/strong>mit einem der Zug\u00e4nge zum<strong> Gipfel des Agneaux, dem See des Regens und dem R\u00e9ou d&#8217;Arsine, dem Klettersteig der Aiguillette du Lauzet und dem Col du Lautaret;<\/strong><\/li>\n\n\n\n<li><strong>Villar d&#8217;Ar\u00e8ne <\/strong>mit dem ber\u00fchmten <strong>Alpengarten des Col du Lautaret und dem Pontet-See; <\/strong> <\/li>\n\n\n\n<li><strong>La Grave mit seinen ber\u00fchmten mythischen Gipfeln, seiner Seilbahn, dem Girose-Gletscher, der Hochebene von Emparis, dem Aussichtspunkt des Chazelet-Observatoriums;  <\/strong><\/li>\n\n\n\n<li><strong>Saint-Christophe-en-Oisans und La B\u00e9rarde; der Pisse-Wasserfall und das Valsenestre-Tal;<\/strong><\/li>\n\n\n\n<li><strong>Le D\u00e9sert-en-Valjouffrey <\/strong>mit dem unumg\u00e4nglichen<strong> &#8222;Hameau du d\u00e9sert&#8220;<\/strong> ;  <\/li>\n\n\n\n<li><strong>La Chapelle-en-Valgaudemar <\/strong>mit<strong> der Gionerbnay-H\u00fctte, dem Wasserfall des Brautschleiers, dem See von Lauzon und den Oulles du diable.<\/strong><br\/><\/li>\n<\/ul>\n\n<div class=\"wp-block-ws-library-ws-slider alignfull\"><div class=\"splide\" data-splide=\"{\"type\":\"slide\",\"heightRatio\":\"auto\",\"perPage\":4,\"perMove\":1,\"drag\":true,\"pagination\":0,\"autoplay\":false,\"gap\":\"15px\",\"breakpoints\":{\"450\":{\"perPage\":1},\"768\":{\"perPage\":2},\"992\":{\"perPage\":3},\"1200\":{\"perPage\":4}}}\"><div class=\"splide__track\"><div class=\"splide__list\"><div class=\"splide__slide\"><a href=\"https:\/\/www.paysdesecrins.com\/wp-content\/uploads\/2025\/07\/1682585568-216337896-400x400.jpg\" data-glightbox=\"true\" class=\"lightbox-trigger\"><img decoding=\"async\" src=\"https:\/\/www.paysdesecrins.com\/wp-content\/uploads\/2025\/07\/1682585568-216337896-400x400.jpg\" alt=\"\"><\/a><\/div><div class=\"splide__slide\"><a href=\"https:\/\/www.paysdesecrins.com\/wp-content\/uploads\/2025\/07\/1682585568-559502705-400x400.jpg\" data-glightbox=\"true\" class=\"lightbox-trigger\"><img decoding=\"async\" src=\"https:\/\/www.paysdesecrins.com\/wp-content\/uploads\/2025\/07\/1682585568-559502705-400x400.jpg\" alt=\"\"><\/a><\/div><div class=\"splide__slide\"><a href=\"https:\/\/www.paysdesecrins.com\/wp-content\/uploads\/2025\/07\/1682585568-1291081519-400x400.jpg\" data-glightbox=\"true\" class=\"lightbox-trigger\"><img decoding=\"async\" src=\"https:\/\/www.paysdesecrins.com\/wp-content\/uploads\/2025\/07\/1682585568-1291081519-400x400.jpg\" alt=\"\"><\/a><\/div><div class=\"splide__slide\"><a href=\"https:\/\/www.paysdesecrins.com\/wp-content\/uploads\/2025\/07\/pre-de-madame-carle-en-ski-11-scaled.jpg\" data-glightbox=\"true\" class=\"lightbox-trigger\"><img decoding=\"async\" src=\"https:\/\/www.paysdesecrins.com\/wp-content\/uploads\/2025\/07\/pre-de-madame-carle-en-ski-11-400x400.jpg\" alt=\"\"><\/a><\/div><\/div><\/div><\/div><\/div>\n\n<p>Entdecken Sie diese <strong>\u00dcberlieferungsorte<\/strong> , an denen die <strong>Kultur des Bergsteigens<\/strong> seit Generationen lebt.<\/p>\n\n<p>Jedes Dorf ist einzigartig und f\u00fcgt sich in seine nat\u00fcrliche Umgebung ein. W\u00e4hrend Sie <strong>umherstreifen,<\/strong> werden Sie von der schlichten Sch\u00f6nheit der Strohd\u00e4cher, L\u00e4rchenverkleidungen, Gew\u00f6lbe, Arkaden, einsamen Keller, alten Tuff- oder Blaukalksteine, Brunnen und Waschh\u00e4user, M\u00fchlen und \u00d6fen begeistert sein. Sie werden die Frische der gepflasterten Stra\u00dfen zu sch\u00e4tzen wissen, die von bescheidenen religi\u00f6sen Geb\u00e4uden unterbrochen werden.    <\/p>\n\n<p>Die Bergsteigerd\u00f6rfer der \u00c9crins, die in den hohen Bergen gepflanzt sind, stehen an vorderster Front der <strong>globalen Erw\u00e4rmung<\/strong> : Gletscherschwinden, Felsrutsche, Erosion, sintflutartige \u00dcberschwemmungen, Ver\u00e4nderungen in der Vegetation&#8230; Vor allem aber sind sie fu\u00dfl\u00e4ufig von einer unglaublichen Artenvielfalt entfernt. Mehr als <strong>4.500 Tier- und Pflanzenarten <\/strong>sind dort verzeichnet wie der Steinbock, die G\u00e4mse, das Alpenschneehuhn, der Bartgeier, einige diskrete und gef\u00e4hrdete Insekten wie die Wildbachheuschrecke, nat\u00fcrlich Nadelb\u00e4ume, die <strong>K\u00f6nigin der Alpen <\/strong>oder 4 Arten von Genepi, darunter der \u00e4u\u00dferst <strong>seltene Gletscher-Genepi.<\/strong>  <\/p>\n\n<div class=\"wp-block-ws-library-ws-button has-text-align-center is-style-outline\"><a href=\"https:\/\/www.paysdesecrins.com\/de\/ich-waehle\/unterhaltung-und-veranstaltungen\/wichtige-veranstaltungen-im-land-der-juwelen\/\" class=\"wp-block-button__link wp-element-button btn\">  Alle Veranstaltungen im Land der Juwelen<\/a><\/div>\n\n<div class=\"wp-block-ws-library-ws-share\"><span class=\"share-subtitle\">Hat Ihnen diese Seite gefallen?<\/span><span class=\"share-title\">Teilen Sie es!<\/span><button class=\"ws-share-button wp-element-button\">Diese Seite teilen<\/button><\/div>\n","protected":false},"excerpt":{"rendered":"<p>Das Label &#8222;Bergsteigerd\u00f6rfer&#8222;, das der Gemeinde Vallouise-Pelvoux verliehen wurde, zielt darauf ab, das Bergsteigen in den \u00c9crins zu f\u00f6rdern und [&hellip;]<\/p>\n","protected":false},"author":4,"featured_media":29994,"parent":0,"menu_order":0,"comment_status":"closed","ping_status":"closed","template":"","meta":{"_thumbnail_id_2":0,"summer_excerpt":"","season":"","station":"","footnotes":""},"class_list":["post-45961","page","type-page","status-publish","has-post-thumbnail","hentry"],"yoast_head":"<!-- This site is optimized with the Yoast SEO plugin v27.3 - https:\/\/yoast.com\/product\/yoast-seo-wordpress\/ -->\n<title>Bergsteigerd\u00f6rfer - Pays des \u00c9crins - Office de Tourisme<\/title>\n<meta name=\"robots\" content=\"index, follow, max-snippet:-1, max-image-preview:large, max-video-preview:-1\" \/>\n<link rel=\"canonical\" href=\"https:\/\/www.paysdesecrins.com\/de\/bergsteigerdoerfer\/\" \/>\n<meta property=\"og:locale\" content=\"de_DE\" \/>\n<meta property=\"og:type\" content=\"article\" \/>\n<meta property=\"og:title\" content=\"Bergsteigerd\u00f6rfer - Pays des \u00c9crins - Office de Tourisme\" \/>\n<meta property=\"og:description\" content=\"Das Label &#8222;Bergsteigerd\u00f6rfer&#8222;, das der Gemeinde Vallouise-Pelvoux verliehen wurde, zielt darauf ab, das Bergsteigen in den \u00c9crins zu f\u00f6rdern und [&hellip;]\" \/>\n<meta property=\"og:url\" content=\"https:\/\/www.paysdesecrins.com\/de\/bergsteigerdoerfer\/\" \/>\n<meta property=\"og:site_name\" content=\"Pays des \u00c9crins - Office de Tourisme\" \/>\n<meta property=\"article:modified_time\" content=\"2025-08-07T13:03:58+00:00\" \/>\n<meta property=\"og:image\" content=\"https:\/\/www.paysdesecrins.com\/wp-content\/uploads\/2025\/07\/vallouise-alpesphotographiescom-72-scaled.jpg\" \/>\n\t<meta property=\"og:image:width\" content=\"2560\" \/>\n\t<meta property=\"og:image:height\" content=\"1708\" \/>\n\t<meta property=\"og:image:type\" content=\"image\/jpeg\" \/>\n<meta name=\"twitter:card\" content=\"summary_large_image\" \/>\n<meta name=\"twitter:label1\" content=\"Gesch\u00e4tzte Lesezeit\" \/>\n\t<meta name=\"twitter:data1\" content=\"6 Minuten\" \/>\n<script type=\"application\/ld+json\" class=\"yoast-schema-graph\">{\"@context\":\"https:\\\/\\\/schema.org\",\"@graph\":[{\"@type\":\"WebPage\",\"@id\":\"https:\\\/\\\/www.paysdesecrins.com\\\/de\\\/bergsteigerdoerfer\\\/\",\"url\":\"https:\\\/\\\/www.paysdesecrins.com\\\/de\\\/bergsteigerdoerfer\\\/\",\"name\":\"Bergsteigerd\u00f6rfer - Pays des \u00c9crins - Office de Tourisme\",\"isPartOf\":{\"@id\":\"https:\\\/\\\/www.paysdesecrins.com\\\/de\\\/#website\"},\"primaryImageOfPage\":{\"@id\":\"https:\\\/\\\/www.paysdesecrins.com\\\/de\\\/bergsteigerdoerfer\\\/#primaryimage\"},\"image\":{\"@id\":\"https:\\\/\\\/www.paysdesecrins.com\\\/de\\\/bergsteigerdoerfer\\\/#primaryimage\"},\"thumbnailUrl\":\"https:\\\/\\\/www.paysdesecrins.com\\\/wp-content\\\/uploads\\\/2025\\\/07\\\/vallouise-alpesphotographiescom-72-scaled.jpg\",\"datePublished\":\"2025-07-24T07:43:42+00:00\",\"dateModified\":\"2025-08-07T13:03:58+00:00\",\"breadcrumb\":{\"@id\":\"https:\\\/\\\/www.paysdesecrins.com\\\/de\\\/bergsteigerdoerfer\\\/#breadcrumb\"},\"inLanguage\":\"de\",\"potentialAction\":[{\"@type\":\"ReadAction\",\"target\":[\"https:\\\/\\\/www.paysdesecrins.com\\\/de\\\/bergsteigerdoerfer\\\/\"]}]},{\"@type\":\"ImageObject\",\"inLanguage\":\"de\",\"@id\":\"https:\\\/\\\/www.paysdesecrins.com\\\/de\\\/bergsteigerdoerfer\\\/#primaryimage\",\"url\":\"https:\\\/\\\/www.paysdesecrins.com\\\/wp-content\\\/uploads\\\/2025\\\/07\\\/vallouise-alpesphotographiescom-72-scaled.jpg\",\"contentUrl\":\"https:\\\/\\\/www.paysdesecrins.com\\\/wp-content\\\/uploads\\\/2025\\\/07\\\/vallouise-alpesphotographiescom-72-scaled.jpg\",\"width\":2560,\"height\":1708,\"caption\":\"Shooting dans le cadre des Villlages d'alpinisme\"},{\"@type\":\"BreadcrumbList\",\"@id\":\"https:\\\/\\\/www.paysdesecrins.com\\\/de\\\/bergsteigerdoerfer\\\/#breadcrumb\",\"itemListElement\":[{\"@type\":\"ListItem\",\"position\":1,\"name\":\"Accueil\",\"item\":\"https:\\\/\\\/www.paysdesecrins.com\\\/de\\\/der-titel-des-hauses\\\/\"},{\"@type\":\"ListItem\",\"position\":2,\"name\":\"Bergsteigerd\u00f6rfer\"}]},{\"@type\":\"WebSite\",\"@id\":\"https:\\\/\\\/www.paysdesecrins.com\\\/de\\\/#website\",\"url\":\"https:\\\/\\\/www.paysdesecrins.com\\\/de\\\/\",\"name\":\"Pays des \u00c9crins - Office de Tourisme\",\"description\":\"L&#039;esprit montagne\",\"publisher\":{\"@id\":\"https:\\\/\\\/www.paysdesecrins.com\\\/de\\\/#organization\"},\"potentialAction\":[{\"@type\":\"SearchAction\",\"target\":{\"@type\":\"EntryPoint\",\"urlTemplate\":\"https:\\\/\\\/www.paysdesecrins.com\\\/de\\\/?s={search_term_string}\"},\"query-input\":{\"@type\":\"PropertyValueSpecification\",\"valueRequired\":true,\"valueName\":\"search_term_string\"}}],\"inLanguage\":\"de\"},{\"@type\":\"Organization\",\"@id\":\"https:\\\/\\\/www.paysdesecrins.com\\\/de\\\/#organization\",\"name\":\"Pays des \u00c9crins - Office de Tourisme\",\"url\":\"https:\\\/\\\/www.paysdesecrins.com\\\/de\\\/\",\"logo\":{\"@type\":\"ImageObject\",\"inLanguage\":\"de\",\"@id\":\"https:\\\/\\\/www.paysdesecrins.com\\\/de\\\/#\\\/schema\\\/logo\\\/image\\\/\",\"url\":\"https:\\\/\\\/www.paysdesecrins.com\\\/wp-content\\\/uploads\\\/2025\\\/06\\\/devina-svg-1750845694.svg\",\"contentUrl\":\"https:\\\/\\\/www.paysdesecrins.com\\\/wp-content\\\/uploads\\\/2025\\\/06\\\/devina-svg-1750845694.svg\",\"caption\":\"Pays des \u00c9crins - Office de Tourisme\"},\"image\":{\"@id\":\"https:\\\/\\\/www.paysdesecrins.com\\\/de\\\/#\\\/schema\\\/logo\\\/image\\\/\"}}]}<\/script>\n<!-- \/ Yoast SEO plugin. -->","yoast_head_json":{"title":"Bergsteigerd\u00f6rfer - Pays des \u00c9crins - Office de Tourisme","robots":{"index":"index","follow":"follow","max-snippet":"max-snippet:-1","max-image-preview":"max-image-preview:large","max-video-preview":"max-video-preview:-1"},"canonical":"https:\/\/www.paysdesecrins.com\/de\/bergsteigerdoerfer\/","og_locale":"de_DE","og_type":"article","og_title":"Bergsteigerd\u00f6rfer - Pays des \u00c9crins - Office de Tourisme","og_description":"Das Label &#8222;Bergsteigerd\u00f6rfer&#8222;, das der Gemeinde Vallouise-Pelvoux verliehen wurde, zielt darauf ab, das Bergsteigen in den \u00c9crins zu f\u00f6rdern und [&hellip;]","og_url":"https:\/\/www.paysdesecrins.com\/de\/bergsteigerdoerfer\/","og_site_name":"Pays des \u00c9crins - Office de Tourisme","article_modified_time":"2025-08-07T13:03:58+00:00","og_image":[{"width":2560,"height":1708,"url":"https:\/\/www.paysdesecrins.com\/wp-content\/uploads\/2025\/07\/vallouise-alpesphotographiescom-72-scaled.jpg","type":"image\/jpeg"}],"twitter_card":"summary_large_image","twitter_misc":{"Gesch\u00e4tzte Lesezeit":"6 Minuten"},"schema":{"@context":"https:\/\/schema.org","@graph":[{"@type":"WebPage","@id":"https:\/\/www.paysdesecrins.com\/de\/bergsteigerdoerfer\/","url":"https:\/\/www.paysdesecrins.com\/de\/bergsteigerdoerfer\/","name":"Bergsteigerd\u00f6rfer - Pays des \u00c9crins - Office de Tourisme","isPartOf":{"@id":"https:\/\/www.paysdesecrins.com\/de\/#website"},"primaryImageOfPage":{"@id":"https:\/\/www.paysdesecrins.com\/de\/bergsteigerdoerfer\/#primaryimage"},"image":{"@id":"https:\/\/www.paysdesecrins.com\/de\/bergsteigerdoerfer\/#primaryimage"},"thumbnailUrl":"https:\/\/www.paysdesecrins.com\/wp-content\/uploads\/2025\/07\/vallouise-alpesphotographiescom-72-scaled.jpg","datePublished":"2025-07-24T07:43:42+00:00","dateModified":"2025-08-07T13:03:58+00:00","breadcrumb":{"@id":"https:\/\/www.paysdesecrins.com\/de\/bergsteigerdoerfer\/#breadcrumb"},"inLanguage":"de","potentialAction":[{"@type":"ReadAction","target":["https:\/\/www.paysdesecrins.com\/de\/bergsteigerdoerfer\/"]}]},{"@type":"ImageObject","inLanguage":"de","@id":"https:\/\/www.paysdesecrins.com\/de\/bergsteigerdoerfer\/#primaryimage","url":"https:\/\/www.paysdesecrins.com\/wp-content\/uploads\/2025\/07\/vallouise-alpesphotographiescom-72-scaled.jpg","contentUrl":"https:\/\/www.paysdesecrins.com\/wp-content\/uploads\/2025\/07\/vallouise-alpesphotographiescom-72-scaled.jpg","width":2560,"height":1708,"caption":"Shooting dans le cadre des Villlages d'alpinisme"},{"@type":"BreadcrumbList","@id":"https:\/\/www.paysdesecrins.com\/de\/bergsteigerdoerfer\/#breadcrumb","itemListElement":[{"@type":"ListItem","position":1,"name":"Accueil","item":"https:\/\/www.paysdesecrins.com\/de\/der-titel-des-hauses\/"},{"@type":"ListItem","position":2,"name":"Bergsteigerd\u00f6rfer"}]},{"@type":"WebSite","@id":"https:\/\/www.paysdesecrins.com\/de\/#website","url":"https:\/\/www.paysdesecrins.com\/de\/","name":"Pays des \u00c9crins - Office de Tourisme","description":"L&#039;esprit montagne","publisher":{"@id":"https:\/\/www.paysdesecrins.com\/de\/#organization"},"potentialAction":[{"@type":"SearchAction","target":{"@type":"EntryPoint","urlTemplate":"https:\/\/www.paysdesecrins.com\/de\/?s={search_term_string}"},"query-input":{"@type":"PropertyValueSpecification","valueRequired":true,"valueName":"search_term_string"}}],"inLanguage":"de"},{"@type":"Organization","@id":"https:\/\/www.paysdesecrins.com\/de\/#organization","name":"Pays des \u00c9crins - Office de Tourisme","url":"https:\/\/www.paysdesecrins.com\/de\/","logo":{"@type":"ImageObject","inLanguage":"de","@id":"https:\/\/www.paysdesecrins.com\/de\/#\/schema\/logo\/image\/","url":"https:\/\/www.paysdesecrins.com\/wp-content\/uploads\/2025\/06\/devina-svg-1750845694.svg","contentUrl":"https:\/\/www.paysdesecrins.com\/wp-content\/uploads\/2025\/06\/devina-svg-1750845694.svg","caption":"Pays des \u00c9crins - Office de Tourisme"},"image":{"@id":"https:\/\/www.paysdesecrins.com\/de\/#\/schema\/logo\/image\/"}}]}},"_links":{"self":[{"href":"https:\/\/www.paysdesecrins.com\/de\/wp-json\/wp\/v2\/pages\/45961","targetHints":{"allow":["GET"]}}],"collection":[{"href":"https:\/\/www.paysdesecrins.com\/de\/wp-json\/wp\/v2\/pages"}],"about":[{"href":"https:\/\/www.paysdesecrins.com\/de\/wp-json\/wp\/v2\/types\/page"}],"author":[{"embeddable":true,"href":"https:\/\/www.paysdesecrins.com\/de\/wp-json\/wp\/v2\/users\/4"}],"replies":[{"embeddable":true,"href":"https:\/\/www.paysdesecrins.com\/de\/wp-json\/wp\/v2\/comments?post=45961"}],"version-history":[{"count":0,"href":"https:\/\/www.paysdesecrins.com\/de\/wp-json\/wp\/v2\/pages\/45961\/revisions"}],"wp:featuredmedia":[{"embeddable":true,"href":"https:\/\/www.paysdesecrins.com\/de\/wp-json\/wp\/v2\/media\/29994"}],"wp:attachment":[{"href":"https:\/\/www.paysdesecrins.com\/de\/wp-json\/wp\/v2\/media?parent=45961"}],"curies":[{"name":"wp","href":"https:\/\/api.w.org\/{rel}","templated":true}]}}