{"id":46024,"date":"2025-07-23T15:20:01","date_gmt":"2025-07-23T13:20:01","guid":{"rendered":"https:\/\/www.paysdesecrins.com\/nordische-aktivitaeten-fuer-die-kleinen\/"},"modified":"2025-11-07T13:26:00","modified_gmt":"2025-11-07T12:26:00","slug":"nordische-aktivitaeten-fuer-die-kleinen","status":"publish","type":"page","link":"https:\/\/www.paysdesecrins.com\/de\/nordische-aktivitaeten-fuer-die-kleinen\/","title":{"rendered":"Das Pays des \u00c9crins mit der Familie"},"content":{"rendered":"    <div class=\"alignfull wp-block-ws-library-ws-header-interne\" data-season=\"summer\">\n\t    <div class=\"header-container\">\n\t        <div class=\"group-media has-image\">\n\t            \t                <img loading=\"lazy\" decoding=\"async\" width=\"1920\" height=\"800\" src=\"https:\/\/www.paysdesecrins.com\/wp-content\/uploads\/2025\/08\/dsc05676-1920x800.jpg\" alt=\"\" class=\"image_large_square wp-image-64496\" \/>\n\t            \t        <\/div>\n\t        <div class=\"group-content\">\n\t            <div class=\"title\">\n\t                <h1>\n\t                    Das Pays des \u00c9crins mit der Familie\t                    \t                <\/h1>\n\t            <\/div>\n\t        <\/div>\n\t    <\/div>\n\t    \n<div class=\"yoast-breadcrumbs\"><span><span><a href=\"https:\/\/www.paysdesecrins.com\/de\/der-titel-des-hauses\/\">Accueil<\/a><\/span>  <span class=\"breadcrumb_last\" aria-current=\"page\">Das Pays des \u00c9crins mit der Familie<\/span><\/span><\/div>\n    <\/div>\n        <div class=\"alignfull wp-block-ws-library-ws-header-interne\" data-season=\"winter\">\n\t    <div class=\"header-container\">\n\t        <div class=\"group-media has-image\">\n\t            \t                <img loading=\"lazy\" decoding=\"async\" width=\"1920\" height=\"800\" src=\"https:\/\/www.paysdesecrins.com\/wp-content\/uploads\/2025\/08\/01-29-25-balade-dans-la-neige-33-1920x800.jpg\" alt=\"\" class=\"image_large_square wp-image-64569\" \/>\n\t            \t        <\/div>\n\t        <div class=\"group-content\">\n\t            <div class=\"title\">\n\t                <h1>\n\t                    Das Pays des \u00c9crins mit der Familie\t                    \t                <\/h1>\n\t            <\/div>\n\t        <\/div>\n\t    <\/div>\n\t    \n<div class=\"yoast-breadcrumbs\"><span><span><a href=\"https:\/\/www.paysdesecrins.com\/de\/der-titel-des-hauses\/\">Accueil<\/a><\/span>  <span class=\"breadcrumb_last\" aria-current=\"page\">Das Pays des \u00c9crins mit der Familie<\/span><\/span><\/div>\n    <\/div>\n    \n<div class=\"wp-block-ws-library-ws-title aligncenter is-style-simple\" data-season=\"allseasons\"><h2><em>Mikro-Abenteuer<\/em>Aktivit\u00e4ten f\u00fcr die ganze Familie im Pays des Ecrins<\/h2><\/div>\n\n<p class=\"has-text-align-center\" data-season=\"summer\">Hier bewegen wir uns alle gemeinsam. Das Pays des \u00c9crins bietet einfache Ideen f\u00fcr jedes Alter, mit lokalen Profis, die bei Bedarf betreut werden. Nachfolgend finden Sie eine <strong>Sommerversion<\/strong> mit Beispielen von Aktivit\u00e4ten und Dienstleistern in der Umgebung.  <\/p>\n\n<p class=\"has-text-align-center\" data-season=\"winter\">Hier bewegen wir uns alle gemeinsam. Das Pays des \u00c9crins bietet einfache Ideen f\u00fcr jedes Alter, mit lokalen Profis, die bei Bedarf betreut werden. Nachfolgend finden Sie eine <strong>Winterversion<\/strong> mit Beispielen f\u00fcr Aktivit\u00e4ten und Dienstleister in der Umgebung.  <\/p>\n\n<div class=\"wp-block-ws-library-ws-columns alignwide has-2-columns are-vertically-aligned-center layout-5050 is-style-background\" data-season=\"summer\">\n<div class=\"wp-block-ws-library-ws-column\"><div class=\"wrapper\">\n<div class=\"wp-block-ws-library-ws-title\"><h3>Geburt &gt; 1 Jahr  <\/h3><\/div>\n\n\n\n<ul class=\"wp-block-list\">\n<li>Meine Eltern gehen mit mir spazieren, sch\u00fctzen mich vor der Sonne, geben mir oft etwas zu trinken!<\/li>\n\n\n\n<li>Ich bleibe in den T\u00e4lern, die H\u00f6he gef\u00e4llt mir noch nicht, es tut mir in den Ohren weh<\/li>\n<\/ul>\n<\/div><\/div>\n\n\n\n<div class=\"wp-block-ws-library-ws-column\"><div class=\"wrapper\">\n<div class=\"wp-block-ws-library-ws-image\" data-season=\"summer\"><div class=\"wrapper\"><div class=\"group-media\"><img decoding=\"async\" src=\"https:\/\/www.paysdesecrins.com\/wp-content\/uploads\/2025\/08\/img-0400-960x640.jpg\" alt=\"\" class=\"single_image ws-image-74368\"><div class=\"credits\"><\/div><\/div><p class=\"caption\"><\/p><\/div><\/div>\n<\/div><\/div>\n<\/div>\n\n<div class=\"wp-block-ws-library-ws-columns alignwide has-2-columns are-vertically-aligned-center layout-5050 is-style-background\" data-season=\"winter\">\n<div class=\"wp-block-ws-library-ws-column\"><div class=\"wrapper\">\n<div class=\"wp-block-ws-library-ws-title\"><h3>Geburt &gt; 1 Jahr  <\/h3><\/div>\n\n\n\n<ul class=\"wp-block-list\">\n<li>Ich lasse mich zu einer Schlitten- oder Pulkafahrt (von 6 Monaten bis 6-7 Jahren) in der nordischen Region Vallouise-Pelvoux-Les Vigneaux mitnehmen. Bequem in meiner Pulka untergebracht, die vom Chalet nordique de Vallouise geliehen wurde, bin ich Mama und Papa, die (fast) Ski fahren, als w\u00e4re nichts passiert!   <\/li>\n\n\n\n<li>Dank des Elternpasses des Resorts Pelvoux-Vallouise + Kleinkind(er) unter 3 Jahren k\u00f6nnen Mama und Papa abwechselnd Ski fahren (zu einem g\u00fcnstigen Preis auf demselben Pass) und sich abwechseln, um sich um mich zu k\u00fcmmern!<\/li>\n<\/ul>\n<\/div><\/div>\n\n\n\n<div class=\"wp-block-ws-library-ws-column\"><div class=\"wrapper\">\n<div class=\"wp-block-ws-library-ws-image\" data-season=\"winter\"><div class=\"wrapper\"><div class=\"group-media\"><img decoding=\"async\" src=\"https:\/\/www.paysdesecrins.com\/wp-content\/uploads\/2025\/08\/img-3309-960x640.jpg\" alt=\"\" class=\"single_image ws-image-61096\"><div class=\"credits\"><\/div><\/div><p class=\"caption\"><\/p><\/div><\/div>\n<\/div><\/div>\n<\/div>\n\n<div class=\"wp-block-ws-library-ws-columns alignwide has-2-columns are-vertically-aligned-center layout-5050 is-style-background\" data-season=\"winter\">\n<div class=\"wp-block-ws-library-ws-column\"><div class=\"wrapper\">\n<div class=\"wp-block-ws-library-ws-image\"><div class=\"wrapper\"><div class=\"group-media\"><img decoding=\"async\" src=\"https:\/\/www.paysdesecrins.com\/wp-content\/uploads\/2025\/08\/img-7265-960x640.jpg\" alt=\"\" class=\"single_image ws-image-74312\"><div class=\"credits\"><\/div><\/div><p class=\"caption\"><\/p><\/div><\/div>\n<\/div><\/div>\n\n\n\n<div class=\"wp-block-ws-library-ws-column\"><div class=\"wrapper\">\n<div class=\"wp-block-ws-library-ws-title\"><h3>Ab 1 Jahr  <\/h3><\/div>\n\n\n\n<ul class=\"wp-block-list\">\n<li data-season=\"winter\">Ich kann mit meinen Br\u00fcdern, Schwestern, Freunden, Freundinnen, die unter 6 Jahre alt sind, in die Spielzeugbibliothek gehen, ein Erwachsener begleitet uns und spielt mit uns! \u2022 Wir haben vergessen, B\u00fccher mitzunehmen! Gl\u00fccklicherweise gibt es eine Bibliothek in L&#8217;Argenti\u00e8re-La Bess\u00e9e, Vallouise und Puy Saint Vincent!   <br\/><\/li>\n<\/ul>\n<\/div><\/div>\n<\/div>\n\n<div class=\"wp-block-ws-library-ws-columns alignwide has-2-columns are-vertically-aligned-center layout-5050 is-style-background\" data-season=\"summer\">\n<div class=\"wp-block-ws-library-ws-column\"><div class=\"wrapper\">\n<div class=\"wp-block-ws-library-ws-image\"><div class=\"wrapper\"><div class=\"group-media\"><img decoding=\"async\" src=\"https:\/\/www.paysdesecrins.com\/wp-content\/uploads\/2025\/08\/dsc09033-2-960x640.jpg\" alt=\"\" class=\"single_image ws-image-63829\"><div class=\"credits\"><\/div><\/div><p class=\"caption\"><\/p><\/div><\/div>\n<\/div><\/div>\n\n\n\n<div class=\"wp-block-ws-library-ws-column\"><div class=\"wrapper\">\n<div class=\"wp-block-ws-library-ws-title\"><h3>Ab 1 Jahr  <\/h3><\/div>\n\n\n\n<ul class=\"wp-block-list\">\n<li>Schwimmen am Lac de la Roche-de-Rame oder in den Schwimmb\u00e4dern des Pays des \u00c9crins!<\/li>\n\n\n\n<li>Ich mache eine Fahrradtour: im Anh\u00e4nger des Elektrofahrrads oder in der Babyschale!<\/li>\n<\/ul>\n<\/div><\/div>\n<\/div>\n\n<div class=\"wp-block-ws-library-ws-columns alignwide has-2-columns are-vertically-aligned-center layout-5050 is-style-background\" data-season=\"summer\">\n<div class=\"wp-block-ws-library-ws-column\"><div class=\"wrapper\">\n<div class=\"wp-block-ws-library-ws-title is-style-simple\"><h3>Ab 2 Jahren  <\/h3><\/div>\n\n\n\n<ul class=\"wp-block-list\">\n<li>Ich werde mich auf den vielen Spielpl\u00e4tzen im Pays des \u00c9crins vergn\u00fcgen<\/li>\n\n\n\n<li>Toll, ich gehe im Juli auf dem Weg hoch zu den Almen zu den Schafen, im August gibt es auch eines!<\/li>\n\n\n\n<li>Ich fahre mit den Skiliften in die H\u00f6he und meine Ohren tun nicht mehr weh!<\/li>\n<\/ul>\n<\/div><\/div>\n\n\n\n<div class=\"wp-block-ws-library-ws-column\"><div class=\"wrapper\">\n<div class=\"wp-block-ws-library-ws-image\"><div class=\"wrapper\"><div class=\"group-media\"><img decoding=\"async\" src=\"https:\/\/www.paysdesecrins.com\/wp-content\/uploads\/2025\/08\/07-19-23-montee-en-alpage-26-960x640.jpg\" alt=\"\" class=\"single_image ws-image-74378\"><div class=\"credits\"><\/div><\/div><p class=\"caption\"><\/p><\/div><\/div>\n<\/div><\/div>\n<\/div>\n\n<div class=\"wp-block-ws-library-ws-columns alignwide has-2-columns are-vertically-aligned-center layout-5050 is-style-background\" data-season=\"winter\">\n<div class=\"wp-block-ws-library-ws-column\"><div class=\"wrapper\">\n<div class=\"wp-block-ws-library-ws-title is-style-simple\"><h3>Ab 2 Jahren  <\/h3><\/div>\n\n\n\n<ul class=\"wp-block-list\">\n<li>Meine Eltern nehmen mich mit auf eine Hundeschlittentaufe (Bahnhof Puy Saint Vincent)  <\/li>\n\n\n\n<li>Ich bin zweieinhalb Jahre alt und entdecke das Gef\u00fchl des Rutschens im Schneegarten! (Bahnhof Puy Saint Vincent) <\/li>\n\n\n\n<li>Es ist noch etwas schwierig, wieder in die Spur zu kommen, ich lasse mich wegziehen&#8230; Und wir haben viel Spa\u00df dabei, mit einem gro\u00dfen Schlitten die Rutsche hinunterzufahren!  <\/li>\n\n\n\n<li>Heute werde ich die Boje entdecken, die von einem Pferd in Vallouise gezogen wird!  <\/li>\n\n\n\n<li>Wir besuchen den Bauernhof des Esels, der in Vallouise sprudelt \u2013 Pelvoux Nachdem ich die entz\u00fcckenden Esel gestreichelt und die Tiere des Bauernhofs entdeckt habe, kann ich ihre Seife in die Form eines Esels schneiden und damit gehen. Es macht Spa\u00df: Kinder m\u00fcssen von einem Erwachsenen begleitet werden. (Workshop von 2 bis 6 Jahren)    <\/li>\n<\/ul>\n<\/div><\/div>\n\n\n\n<div class=\"wp-block-ws-library-ws-column\"><div class=\"wrapper\">\n<div class=\"wp-block-ws-library-ws-image\"><div class=\"wrapper\"><div class=\"group-media\"><img decoding=\"async\" src=\"https:\/\/www.paysdesecrins.com\/wp-content\/uploads\/2025\/08\/02-14-2024-carnaval-23-427x640.jpg\" alt=\"\" class=\"single_image ws-image-74307\"><div class=\"credits\"><\/div><\/div><p class=\"caption\"><\/p><\/div><\/div>\n<\/div><\/div>\n<\/div>\n\n<div class=\"wp-block-ws-library-ws-columns alignwide has-2-columns are-vertically-aligned-center layout-5050 is-style-background\" data-season=\"summer\">\n<div class=\"wp-block-ws-library-ws-column\"><div class=\"wrapper\">\n<div class=\"wp-block-ws-library-ws-image\"><div class=\"wrapper\"><div class=\"group-media\"><img decoding=\"async\" src=\"https:\/\/www.paysdesecrins.com\/wp-content\/uploads\/2025\/07\/8escalade-alpinisme-ecoledescalade-dsc03709-960x640.jpg\" alt=\"\" class=\"single_image ws-image-20322\"><div class=\"credits\"><\/div><\/div><p class=\"caption\"><\/p><\/div><\/div>\n<\/div><\/div>\n\n\n\n<div class=\"wp-block-ws-library-ws-column\"><div class=\"wrapper\">\n<div class=\"wp-block-ws-library-ws-title\"><h3>Ab 3 Jahren  <\/h3><\/div>\n\n\n\n<ul class=\"wp-block-list\">\n<li>Ich mache ein Picknick im La Pousterle, morgen gibt es einen Snack bei Madame Carle&#8217;s Pr\u00e9!<\/li>\n\n\n\n<li>Jetzt mache ich kurze Wanderungen: die Runde der Kan\u00e4le von Puy Saint Vincent<\/li>\n\n\n\n<li>Ich kann puzzeln und den Entdeckungspfad im La Maison du Parc des \u00c9crins machen<\/li>\n\n\n\n<li>Ich gehe w\u00e4hrend der Sommerfestivals zu der Show!<\/li>\n\n\n\n<li>Ein Dorffest ?&#8230; Das Guide Festival ?&#8230; Es gibt sicherlich Animationen f\u00fcr mich!<\/li>\n\n\n\n<li>Sollen wir klettern? Bei mir wird es 3+ beim &#8222;Baby-Klettern&#8220; <br\/><br\/><\/li>\n<\/ul>\n<\/div><\/div>\n<\/div>\n\n<div class=\"wp-block-ws-library-ws-columns alignwide has-2-columns are-vertically-aligned-center layout-5050 is-style-background\" data-season=\"winter\">\n<div class=\"wp-block-ws-library-ws-column\"><div class=\"wrapper\">\n<div class=\"wp-block-ws-library-ws-image\"><div class=\"wrapper\"><div class=\"group-media\"><img decoding=\"async\" src=\"https:\/\/www.paysdesecrins.com\/wp-content\/uploads\/2025\/07\/21autresactivites-mushing-babychiensdetraineaux-rogiervanrijn-960x640.jpg\" alt=\"\" class=\"single_image ws-image-20092\"><div class=\"credits\">Rogier VANRIJN<\/div><\/div><p class=\"caption\"><\/p><\/div><\/div>\n<\/div><\/div>\n\n\n\n<div class=\"wp-block-ws-library-ws-column\"><div class=\"wrapper\">\n<div class=\"wp-block-ws-library-ws-title\"><h3>Ab 3 Jahren  <\/h3><\/div>\n\n\n\n<ul class=\"wp-block-list\">\n<li>Ich liebe Hunde, ich gehe mit dem Baby Schlitten fahren (von 3 bis 7 Jahren) (Skigebiet Pelvoux-Vallouise) \u2022 Ich nehme meinen ersten Abfahrts- und Langlaufunterricht \u2022 Ich besuche das Iglu-Dorf Pelvoo und nehme an den Aktivit\u00e4ten teil! (Bahnhof Pelvoux-Vallouise) \u2022 <br\/><\/li>\n<\/ul>\n<\/div><\/div>\n<\/div>\n\n<div class=\"wp-block-ws-library-ws-columns alignwide has-2-columns are-vertically-aligned-center layout-5050 is-style-background\" data-season=\"summer\">\n<div class=\"wp-block-ws-library-ws-column\"><div class=\"wrapper\">\n<div class=\"wp-block-ws-library-ws-title is-style-simple\"><h3>Ab 4 Jahren  <\/h3><\/div>\n\n\n\n<ul class=\"wp-block-list\">\n<li>Ich gehe mit Alpakas spazieren, sie sind super weich!<\/li>\n\n\n\n<li>Mein erster Klettersteig in den Gorges de la Durance<\/li>\n\n\n\n<li>Ich kann betreute Mountainbike-Touren machen und sie leihen mir ein tolles Fahrrad!<\/li>\n\n\n\n<li>Der Baumkletterpark hat f\u00fcr mich einen Rundkurs geplant!<\/li>\n\n\n\n<li>Papa nimmt mich mit zu einem Einf\u00fchrungs-Meditationsworkshop&#8230; Er sagte, es f\u00fchle sich gut an!<\/li>\n\n\n\n<li>Heute sind es Ponys!<\/li>\n\n\n\n<li>Ich werde versuchen, alle Schatzsuchen im Pays des \u00c9crins zu machen, davon gibt es viele!<\/li>\n\n\n\n<li>Ich kann die Pistenfahrzeuggarage in den Skigebieten besuchen, muss ich mich erst anmelden?  <\/li>\n\n\n\n<li>Heute Abend gehen wir auf den Bauernhof, wir werden Gem\u00fcse oder K\u00e4se kaufen, Honig  <\/li>\n<\/ul>\n<\/div><\/div>\n\n\n\n<div class=\"wp-block-ws-library-ws-column\"><div class=\"wrapper\">\n<div class=\"wp-block-ws-library-ws-image\"><div class=\"wrapper\"><div class=\"group-media\"><img decoding=\"async\" src=\"https:\/\/www.paysdesecrins.com\/wp-content\/uploads\/2025\/08\/07-30-23-fete-des-guides-12-960x640.jpg\" alt=\"\" class=\"single_image ws-image-74373\"><div class=\"credits\"><\/div><\/div><p class=\"caption\"><\/p><\/div><\/div>\n<\/div><\/div>\n<\/div>\n\n<div class=\"wp-block-ws-library-ws-columns alignwide has-2-columns are-vertically-aligned-center layout-5050 is-style-background\" data-season=\"winter\">\n<div class=\"wp-block-ws-library-ws-column\"><div class=\"wrapper\">\n<div class=\"wp-block-ws-library-ws-title is-style-simple\"><h3>Ab 4 Jahren  <\/h3><\/div>\n\n\n\n<ul class=\"wp-block-list\">\n<li>Ich liebe es, mit meinen Eltern in ein Restaurant zu gehen, um die traditionelle Kohlwurst mit Kartoffeln zu essen!<\/li>\n\n\n\n<li>  \u2022 Heute geht es zum Maison du Parc national des \u00c9crins in Vallouise! Es gibt immer eine Ausstellung oder einen Film zu sehen! <\/li>\n\n\n\n<li>  \u2022 Heute Verkostung im Honighaus: F\u00fcr mich wird es Lebkuchen und hei\u00dfe Schokolade und f\u00fcr die Bienen ein liebevoller Gedanke!<\/li>\n<\/ul>\n<\/div><\/div>\n\n\n\n<div class=\"wp-block-ws-library-ws-column\"><div class=\"wrapper\">\n<div class=\"wp-block-ws-library-ws-image\" data-season=\"winter\"><div class=\"wrapper\"><div class=\"group-media\"><img decoding=\"async\" src=\"https:\/\/www.paysdesecrins.com\/wp-content\/uploads\/2025\/08\/07-15-25-maison-du-miel-62-960x640.jpg\" alt=\"\" class=\"single_image ws-image-74302\"><div class=\"credits\"><\/div><\/div><p class=\"caption\"><\/p><\/div><\/div>\n<\/div><\/div>\n<\/div>\n\n<div class=\"wp-block-ws-library-ws-columns alignwide has-2-columns are-vertically-aligned-center layout-5050 is-style-background\" data-season=\"summer\">\n<div class=\"wp-block-ws-library-ws-column\"><div class=\"wrapper\">\n<div class=\"wp-block-ws-library-ws-image\"><div class=\"wrapper\"><div class=\"group-media\"><img decoding=\"async\" src=\"https:\/\/www.paysdesecrins.com\/wp-content\/uploads\/2025\/07\/111microaventureenfants-dsc04908-minedargentshooting-avec-famille-49-2-960x640.jpg\" alt=\"\" class=\"single_image ws-image-20678\"><div class=\"credits\"><\/div><\/div><p class=\"caption\"><\/p><\/div><\/div>\n<\/div><\/div>\n\n\n\n<div class=\"wp-block-ws-library-ws-column\"><div class=\"wrapper\">\n<div class=\"wp-block-ws-library-ws-title\"><h3>Ab 5 Jahren  <\/h3><\/div>\n\n\n\n<ul class=\"wp-block-list\">\n<li>Super, ich kann jetzt das Silberbergwerk und das Bergbaumuseum besuchen!<\/li>\n\n\n\n<li>Ich entdeckte das Maison du Parc national des \u00c9crins, die Ausstellungen, die Filme&#8230;<\/li>\n\n\n\n<li>Ich werde es mit dem Gleitschirmfliegen versuchen&#8230; mit einem Instruktor!<\/li>\n\n\n\n<li>Ich liebe M\u00e4rkte, meine Eltern kaufen mir ein kleines Souvenir oder eine Leckerei!<\/li>\n\n\n\n<li>Ich kann gut schwimmen und habe keine Angst vor Wasser: Ich gehe mit einem Guide Rafting!<br\/><\/li>\n<\/ul>\n<\/div><\/div>\n<\/div>\n\n<div class=\"wp-block-ws-library-ws-columns alignwide has-2-columns are-vertically-aligned-center layout-5050 is-style-background\" data-season=\"winter\">\n<div class=\"wp-block-ws-library-ws-column\"><div class=\"wrapper\">\n<div class=\"wp-block-ws-library-ws-image\"><div class=\"wrapper\"><div class=\"group-media\"><img decoding=\"async\" src=\"https:\/\/www.paysdesecrins.com\/wp-content\/uploads\/2025\/08\/dsc09510-1-960x640.jpg\" alt=\"\" class=\"single_image ws-image-74317\"><div class=\"credits\"><\/div><\/div><p class=\"caption\"><\/p><\/div><\/div>\n<\/div><\/div>\n\n\n\n<div class=\"wp-block-ws-library-ws-column\"><div class=\"wrapper\">\n<div class=\"wp-block-ws-library-ws-title\"><h3>Ab 6 Jahren  <\/h3><\/div>\n\n\n\n<ul class=\"wp-block-list\">\n<li>  Als leidenschaftlicher Astronomiefan beobachte ich das Sternbild Orion von der G\u00eete Le Pas du Loup aus, es scheint, als h\u00e4tte es einen Nebel f\u00fcr ein Knie&#8230;  <\/li>\n\n\n\n<li>  \u2022 Ich kann jetzt Snowboardkurs nehmen!  <\/li>\n\n\n\n<li>\u2022 Mehr als eine Stunde Schlittenfahrt&#8230; Nichts als Downhill, um mit Familie oder Freunden zu tun?! Wow, ich brauche einen Helm und einen Erwachsenen, der mich begleitet! (Skigebiet Puy Saint Vincent) \u2022 Ich bin eine Person mit eingeschr\u00e4nkter Mobilit\u00e4t und m\u00f6chte auf die Piste: Ich werde eine Skischule fragen, sie haben mir sicherlich etwas zu bieten!    <\/li>\n\n\n\n<li>\u2022 Heute kein Skifahren: Ich werde mit Johann\u00e8s, dem T\u00f6pfer von L&#8217;Argenti\u00e8re-La Bess\u00e9e, lernen, wie man eine Sch\u00fcssel dreht!  <\/li>\n\n\n\n<li>  \u2022 Der Miniclub bietet eine gro\u00dfe Auswahl an Aktivit\u00e4ten. Ich habe mich mit meinem 8-j\u00e4hrigen Bruder und meinem Cousin, der schon 11 Jahre alt ist, f\u00fcr eine Trapperfahrt angemeldet!   <\/li>\n\n\n\n<li>  \u2022 Ich habe meine erste Schneeflocke f\u00fcr den ESF, meinen Kristall f\u00fcr den ESI: Ich kann am Laternenabstieg in Pelvoux-Vallouise teilnehmen!  <\/li>\n\n\n\n<li>  \u2022 Morgen werde ich mit Mama und Papa das Skijo\u00ebring in Vallouise entdecken!  <\/li>\n\n\n\n<li data-season=\"winter\">  \u2022 Ich kann jetzt Gleitschirmfliegen gehen! (Bahnhof Pelvoux-Vallouise) im Tandem   <br\/><\/li>\n<\/ul>\n<\/div><\/div>\n<\/div>\n\n<div class=\"wp-block-ws-library-ws-columns alignwide has-2-columns are-vertically-aligned-center layout-5050 is-style-background\" data-season=\"summer\">\n<div class=\"wp-block-ws-library-ws-column\"><div class=\"wrapper\">\n<div class=\"wp-block-ws-library-ws-title is-style-simple\"><h3>Ab 7 Jahren  <\/h3><\/div>\n\n\n\n<ul class=\"wp-block-list\">\n<li>Jetzt bin ich \u00fcber 1,25m gro\u00df und kann den Sessellift alleine nehmen!<\/li>\n\n\n\n<li>Heute Nacht gibt es keine Wolken, ich werde die Sterne beobachten&#8230; Ich tr\u00e4ume davon, Andromeda zu sehen!<\/li>\n\n\n\n<li>Ich w\u00fcrde gerne auf B\u00e4ume klettern, ich liebe es, zu sitzen, ist das m\u00f6glich? Ja, und noch viel mehr! <\/li>\n\n\n\n<li>Ich wandere gerne (400 m H\u00f6henunterschied), vor allem, wenn es ein Ziel f\u00fcr den Spaziergang gibt: einen See, Tiere&#8230; Ein Leckerbissen in einer H\u00fctte?!<\/li>\n\n\n\n<li>Ich kann mit meinen Cousins, Freunden und Freundinnen ein Laserspiel machen!<\/li>\n<\/ul>\n<\/div><\/div>\n\n\n\n<div class=\"wp-block-ws-library-ws-column\"><div class=\"wrapper\">\n<div class=\"wp-block-ws-library-ws-image\" data-season=\"summer\"><div class=\"wrapper\"><div class=\"group-media\"><img decoding=\"async\" src=\"https:\/\/www.paysdesecrins.com\/wp-content\/uploads\/2025\/07\/dsc00047-960x640.jpg\" alt=\"\" class=\"single_image ws-image-29905\"><div class=\"credits\"><\/div><\/div><p class=\"caption\"><\/p><\/div><\/div>\n<\/div><\/div>\n<\/div>\n\n<div class=\"wp-block-ws-library-ws-columns alignwide has-2-columns are-vertically-aligned-center layout-5050 is-style-background\" data-season=\"winter\">\n<div class=\"wp-block-ws-library-ws-column\"><div class=\"wrapper\">\n<div class=\"wp-block-ws-library-ws-image\"><div class=\"wrapper\"><div class=\"group-media\"><img decoding=\"async\" src=\"https:\/\/www.paysdesecrins.com\/wp-content\/uploads\/2025\/08\/img-9727-960x640.jpg\" alt=\"\" class=\"single_image ws-image-74322\"><div class=\"credits\"><\/div><\/div><p class=\"caption\"><\/p><\/div><\/div>\n<\/div><\/div>\n\n\n\n<div class=\"wp-block-ws-library-ws-column\"><div class=\"wrapper\">\n<div class=\"wp-block-ws-library-ws-title\"><h3>Ab 8 Jahren  <\/h3><\/div>\n\n\n\n<ul class=\"wp-block-list\">\n<li>Ich liebe Schlittenhunde, ich gehe im Privatunterricht zum &#8222;Kinderschlitten&#8220;!  <\/li>\n\n\n\n<li>  \u2022 Ich bin 1,25 m gro\u00df, ich kann den Sessellift alleine nehmen.  <\/li>\n\n\n\n<li>  \u2022 Ich habe von &#8222;neuem Rutschen&#8220; geh\u00f6rt: Snooc, Scooter!  <\/li>\n\n\n\n<li>  \u2022 Ich liebe die Natur, ich gehe ins Maison du Parc national des \u00c9crins, ich kann lernen, die Spuren von Tieren im Schnee zu erkennen.  <\/li>\n\n\n\n<li>\u2022 Ich habe Martin Fourcade im Fernsehen gesehen, ich liebe den nordischen Skilauf! Diesen Winter m\u00f6chte ich Biathlon ausprobieren, wir schie\u00dfen mit einem Lasergewehr&#8230; Ich werde meine Eltern bitten, sich mit den Skischulen in Verbindung zu setzen! \u2022    <\/li>\n<\/ul>\n<\/div><\/div>\n<\/div>\n\n<div class=\"wp-block-ws-library-ws-columns alignwide has-2-columns are-vertically-aligned-center layout-5050 is-style-background\" data-season=\"winter\">\n<div class=\"wp-block-ws-library-ws-column\"><div class=\"wrapper\">\n<div class=\"wp-block-ws-library-ws-title is-style-simple\"><h3>Ab 9 Jahren  <\/h3><\/div>\n\n\n\n<ul class=\"wp-block-list\">\n<li>Ich wiege 30 Kilo und habe meinen dritten Skistar \u00fcberschritten: Ich kann Gleitschirmfliegen! (Bahnhof Puy Saint Vincent) \u2022 Gro\u00dfartig! Heute werde ich meine neuen Langlaufski ausprobieren und mit meinen Freunden Skihockey spielen. Au\u00dferdem leiht mir das Nordic Chalet in Vallouise die Ausstattung!     <\/li>\n\n\n\n<li>\u2022 \u2022 Ich bin \u00fcber 1,40 m gro\u00df, ich m\u00f6chte das &#8222;Fat-Bike&#8220; ausprobieren, es ist ein elektrisch unterst\u00fctztes Fahrrad mit gro\u00dfen Reifen, um im Schnee zu fahren! (Bahnhof Puy Saint Vincent) \u2022   <\/li>\n<\/ul>\n<\/div><\/div>\n\n\n\n<div class=\"wp-block-ws-library-ws-column\"><div class=\"wrapper\">\n<div class=\"wp-block-ws-library-ws-image\"><div class=\"wrapper\"><div class=\"group-media\"><img decoding=\"async\" src=\"https:\/\/www.paysdesecrins.com\/wp-content\/uploads\/2025\/08\/img-0784-960x640.jpg\" alt=\"\" class=\"single_image ws-image-74357\"><div class=\"credits\"><\/div><\/div><p class=\"caption\"><\/p><\/div><\/div>\n<\/div><\/div>\n<\/div>\n\n<div class=\"wp-block-ws-library-ws-columns alignwide has-2-columns are-vertically-aligned-center layout-5050 is-style-background\" data-season=\"winter\">\n<div class=\"wp-block-ws-library-ws-column\"><div class=\"wrapper\">\n<div class=\"wp-block-ws-library-ws-image\"><div class=\"wrapper\"><div class=\"group-media\"><img decoding=\"async\" src=\"https:\/\/www.paysdesecrins.com\/wp-content\/uploads\/2025\/08\/freeride-puy-st-vincent-13-960x640.jpg\" alt=\"\" class=\"single_image ws-image-74362\"><div class=\"credits\"><\/div><\/div><p class=\"caption\"><\/p><\/div><\/div>\n<\/div><\/div>\n\n\n\n<div class=\"wp-block-ws-library-ws-column\"><div class=\"wrapper\">\n<div class=\"wp-block-ws-library-ws-title\"><h3>Ab 12 Jahren  <\/h3><\/div>\n\n\n\n<ul class=\"wp-block-list\">\n<li>Laufen gibt mir ein gutes Gef\u00fchl, ich liebe es! Heute Abend werde ich zum ersten Mal eine Nachtfahrt auf dem Schnee machen: Ich nehme meine Stirnlampe mit!   <\/li>\n\n\n\n<li>\u2022 Ich bin ein Experte im Skifahren, die roten Pisten machen mir keine Angst: Ich m\u00f6chte neue Empfindungen entdecken, Snowkiten, Freestyle, Freeride&#8230; Ich wei\u00df nicht, was ich w\u00e4hlen soll: Ich gehe zu den Skischulen, sie k\u00f6nnen mich beraten! \u2022   <\/li>\n<\/ul>\n<\/div><\/div>\n<\/div>\n\n<div class=\"wp-block-ws-library-ws-slider alignwide\" data-season=\"winter\"><div class=\"splide\" data-splide=\"{\"type\":\"slide\",\"heightRatio\":\"auto\",\"perPage\":4,\"perMove\":1,\"drag\":true,\"pagination\":0,\"autoplay\":false,\"gap\":\"15px\",\"breakpoints\":{\"450\":{\"perPage\":1},\"768\":{\"perPage\":2},\"992\":{\"perPage\":3},\"1200\":{\"perPage\":4}}}\"><div class=\"splide__track\"><div class=\"splide__list\"><div class=\"splide__slide\"><a href=\"https:\/\/www.paysdesecrins.com\/wp-content\/uploads\/2025\/07\/bivouac-a-la-cabane-de-faravel-106-scaled.jpg\" data-glightbox=\"true\" class=\"lightbox-trigger\"><img decoding=\"async\" src=\"https:\/\/www.paysdesecrins.com\/wp-content\/uploads\/2025\/07\/bivouac-a-la-cabane-de-faravel-106-400x400.jpg\" alt=\"\"><\/a><\/div><div class=\"splide__slide\"><a href=\"https:\/\/www.paysdesecrins.com\/wp-content\/uploads\/2025\/07\/17ski-rando-bivouac-a-la-cabane-de-faravel-119-scaled.jpg\" data-glightbox=\"true\" class=\"lightbox-trigger\"><img decoding=\"async\" src=\"https:\/\/www.paysdesecrins.com\/wp-content\/uploads\/2025\/07\/17ski-rando-bivouac-a-la-cabane-de-faravel-119-400x400.jpg\" alt=\"\"><\/a><\/div><div class=\"splide__slide\"><a href=\"https:\/\/www.paysdesecrins.com\/wp-content\/uploads\/2025\/07\/bivouac-a-la-cabane-de-faravel-83-scaled.jpg\" data-glightbox=\"true\" class=\"lightbox-trigger\"><img decoding=\"async\" src=\"https:\/\/www.paysdesecrins.com\/wp-content\/uploads\/2025\/07\/bivouac-a-la-cabane-de-faravel-83-400x400.jpg\" alt=\"\"><\/a><\/div><\/div><\/div><\/div><\/div>\n\n<div class=\"wp-block-ws-library-ws-slider alignwide\" data-season=\"summer\"><div class=\"splide\" data-splide=\"{\"type\":\"slide\",\"heightRatio\":\"auto\",\"perPage\":4,\"perMove\":1,\"drag\":true,\"pagination\":0,\"autoplay\":false,\"gap\":\"15px\",\"breakpoints\":{\"450\":{\"perPage\":1},\"768\":{\"perPage\":2},\"992\":{\"perPage\":3},\"1200\":{\"perPage\":4}}}\"><div class=\"splide__track\"><div class=\"splide__list\"><div class=\"splide__slide\"><a href=\"https:\/\/www.paysdesecrins.com\/wp-content\/uploads\/2025\/07\/191villages-oriol-de-queyrieres-saint-martin-de-queyrieres14-2-scaled.jpg\" data-glightbox=\"true\" class=\"lightbox-trigger\"><img decoding=\"async\" src=\"https:\/\/www.paysdesecrins.com\/wp-content\/uploads\/2025\/07\/191villages-oriol-de-queyrieres-saint-martin-de-queyrieres14-2-400x400.jpg\" alt=\"\"><\/a><\/div><div class=\"splide__slide\"><a href=\"https:\/\/www.paysdesecrins.com\/wp-content\/uploads\/2025\/08\/dsc01824-enhanced-nr-1-scaled.jpg\" data-glightbox=\"true\" class=\"lightbox-trigger\"><img decoding=\"async\" src=\"https:\/\/www.paysdesecrins.com\/wp-content\/uploads\/2025\/08\/dsc01824-enhanced-nr-1-400x400.jpg\" alt=\"\"><\/a><\/div><div class=\"splide__slide\"><a href=\"https:\/\/www.paysdesecrins.com\/wp-content\/uploads\/2025\/08\/alpage-du-clot-des-amandiers-depuis-ratie-re3-scaled.jpg\" data-glightbox=\"true\" class=\"lightbox-trigger\"><img decoding=\"async\" src=\"https:\/\/www.paysdesecrins.com\/wp-content\/uploads\/2025\/08\/alpage-du-clot-des-amandiers-depuis-ratie-re3-400x400.jpg\" alt=\"\"><\/a><\/div><\/div><\/div><\/div><\/div>\n\n<div class=\"wp-block-ws-library-ws-share\"><span class=\"share-subtitle\">Hat Ihnen diese Seite gefallen?<\/span><span class=\"share-title\">Teilen Sie es!<\/span><button class=\"ws-share-button wp-element-button\">Diese Seite teilen<\/button><\/div>\n\n<div class=\"wp-block-ws-library-ws-columns alignwide has-2-columns are-vertically-aligned-center layout-5050\">\n<div class=\"wp-block-ws-library-ws-column\"><div class=\"wrapper\">\n<p><\/p>\n<\/div><\/div>\n\n\n\n<div class=\"wp-block-ws-library-ws-column\"><div class=\"wrapper\">\n<p><\/p>\n<\/div><\/div>\n<\/div>\n","protected":false},"excerpt":{"rendered":"<p>Hier bewegen wir uns alle gemeinsam. Das Pays des \u00c9crins bietet einfache Ideen f\u00fcr jedes Alter, mit lokalen Profis, die [&hellip;]<\/p>\n","protected":false},"author":4,"featured_media":64572,"parent":0,"menu_order":0,"comment_status":"closed","ping_status":"closed","template":"","meta":{"_thumbnail_id_2":64520,"summer_excerpt":"","season":"","station":"pelvoux","footnotes":""},"class_list":["post-46024","page","type-page","status-publish","has-post-thumbnail","hentry"],"yoast_head":"<!-- This site is optimized with the Yoast SEO plugin v27.3 - https:\/\/yoast.com\/product\/yoast-seo-wordpress\/ -->\n<title>Das Pays des \u00c9crins mit der Familie - Pays des \u00c9crins - Office de Tourisme<\/title>\n<meta name=\"robots\" content=\"index, follow, max-snippet:-1, max-image-preview:large, max-video-preview:-1\" \/>\n<link rel=\"canonical\" href=\"https:\/\/www.paysdesecrins.com\/de\/nordische-aktivitaeten-fuer-die-kleinen\/\" \/>\n<meta property=\"og:locale\" content=\"de_DE\" \/>\n<meta property=\"og:type\" content=\"article\" \/>\n<meta property=\"og:title\" content=\"Das Pays des \u00c9crins mit der Familie - Pays des \u00c9crins - Office de Tourisme\" \/>\n<meta property=\"og:description\" content=\"Hier bewegen wir uns alle gemeinsam. Das Pays des \u00c9crins bietet einfache Ideen f\u00fcr jedes Alter, mit lokalen Profis, die [&hellip;]\" \/>\n<meta property=\"og:url\" content=\"https:\/\/www.paysdesecrins.com\/de\/nordische-aktivitaeten-fuer-die-kleinen\/\" \/>\n<meta property=\"og:site_name\" content=\"Pays des \u00c9crins - Office de Tourisme\" \/>\n<meta property=\"article:modified_time\" content=\"2025-11-07T12:26:00+00:00\" \/>\n<meta property=\"og:image\" content=\"https:\/\/www.paysdesecrins.com\/wp-content\/uploads\/2025\/08\/01-29-25-balade-dans-la-neige-33-scaled.jpg\" \/>\n\t<meta property=\"og:image:width\" content=\"2560\" \/>\n\t<meta property=\"og:image:height\" content=\"1707\" \/>\n\t<meta property=\"og:image:type\" content=\"image\/jpeg\" \/>\n<meta name=\"twitter:card\" content=\"summary_large_image\" \/>\n<meta name=\"twitter:label1\" content=\"Gesch\u00e4tzte Lesezeit\" \/>\n\t<meta name=\"twitter:data1\" content=\"7 Minuten\" \/>\n<script type=\"application\/ld+json\" class=\"yoast-schema-graph\">{\"@context\":\"https:\\\/\\\/schema.org\",\"@graph\":[{\"@type\":\"WebPage\",\"@id\":\"https:\\\/\\\/www.paysdesecrins.com\\\/de\\\/nordische-aktivitaeten-fuer-die-kleinen\\\/\",\"url\":\"https:\\\/\\\/www.paysdesecrins.com\\\/de\\\/nordische-aktivitaeten-fuer-die-kleinen\\\/\",\"name\":\"Das Pays des \u00c9crins mit der Familie - Pays des \u00c9crins - Office de Tourisme\",\"isPartOf\":{\"@id\":\"https:\\\/\\\/www.paysdesecrins.com\\\/de\\\/#website\"},\"primaryImageOfPage\":{\"@id\":\"https:\\\/\\\/www.paysdesecrins.com\\\/de\\\/nordische-aktivitaeten-fuer-die-kleinen\\\/#primaryimage\"},\"image\":{\"@id\":\"https:\\\/\\\/www.paysdesecrins.com\\\/de\\\/nordische-aktivitaeten-fuer-die-kleinen\\\/#primaryimage\"},\"thumbnailUrl\":\"https:\\\/\\\/www.paysdesecrins.com\\\/wp-content\\\/uploads\\\/2025\\\/08\\\/01-29-25-balade-dans-la-neige-33-scaled.jpg\",\"datePublished\":\"2025-07-23T13:20:01+00:00\",\"dateModified\":\"2025-11-07T12:26:00+00:00\",\"breadcrumb\":{\"@id\":\"https:\\\/\\\/www.paysdesecrins.com\\\/de\\\/nordische-aktivitaeten-fuer-die-kleinen\\\/#breadcrumb\"},\"inLanguage\":\"de\",\"potentialAction\":[{\"@type\":\"ReadAction\",\"target\":[\"https:\\\/\\\/www.paysdesecrins.com\\\/de\\\/nordische-aktivitaeten-fuer-die-kleinen\\\/\"]}]},{\"@type\":\"ImageObject\",\"inLanguage\":\"de\",\"@id\":\"https:\\\/\\\/www.paysdesecrins.com\\\/de\\\/nordische-aktivitaeten-fuer-die-kleinen\\\/#primaryimage\",\"url\":\"https:\\\/\\\/www.paysdesecrins.com\\\/wp-content\\\/uploads\\\/2025\\\/08\\\/01-29-25-balade-dans-la-neige-33-scaled.jpg\",\"contentUrl\":\"https:\\\/\\\/www.paysdesecrins.com\\\/wp-content\\\/uploads\\\/2025\\\/08\\\/01-29-25-balade-dans-la-neige-33-scaled.jpg\",\"width\":2560,\"height\":1707},{\"@type\":\"BreadcrumbList\",\"@id\":\"https:\\\/\\\/www.paysdesecrins.com\\\/de\\\/nordische-aktivitaeten-fuer-die-kleinen\\\/#breadcrumb\",\"itemListElement\":[{\"@type\":\"ListItem\",\"position\":1,\"name\":\"Accueil\",\"item\":\"https:\\\/\\\/www.paysdesecrins.com\\\/de\\\/der-titel-des-hauses\\\/\"},{\"@type\":\"ListItem\",\"position\":2,\"name\":\"Das Pays des \u00c9crins mit der Familie\"}]},{\"@type\":\"WebSite\",\"@id\":\"https:\\\/\\\/www.paysdesecrins.com\\\/de\\\/#website\",\"url\":\"https:\\\/\\\/www.paysdesecrins.com\\\/de\\\/\",\"name\":\"Pays des \u00c9crins - Office de Tourisme\",\"description\":\"L&#039;esprit montagne\",\"publisher\":{\"@id\":\"https:\\\/\\\/www.paysdesecrins.com\\\/de\\\/#organization\"},\"potentialAction\":[{\"@type\":\"SearchAction\",\"target\":{\"@type\":\"EntryPoint\",\"urlTemplate\":\"https:\\\/\\\/www.paysdesecrins.com\\\/de\\\/?s={search_term_string}\"},\"query-input\":{\"@type\":\"PropertyValueSpecification\",\"valueRequired\":true,\"valueName\":\"search_term_string\"}}],\"inLanguage\":\"de\"},{\"@type\":\"Organization\",\"@id\":\"https:\\\/\\\/www.paysdesecrins.com\\\/de\\\/#organization\",\"name\":\"Pays des \u00c9crins - Office de Tourisme\",\"url\":\"https:\\\/\\\/www.paysdesecrins.com\\\/de\\\/\",\"logo\":{\"@type\":\"ImageObject\",\"inLanguage\":\"de\",\"@id\":\"https:\\\/\\\/www.paysdesecrins.com\\\/de\\\/#\\\/schema\\\/logo\\\/image\\\/\",\"url\":\"https:\\\/\\\/www.paysdesecrins.com\\\/wp-content\\\/uploads\\\/2025\\\/06\\\/devina-svg-1750845694.svg\",\"contentUrl\":\"https:\\\/\\\/www.paysdesecrins.com\\\/wp-content\\\/uploads\\\/2025\\\/06\\\/devina-svg-1750845694.svg\",\"caption\":\"Pays des \u00c9crins - Office de Tourisme\"},\"image\":{\"@id\":\"https:\\\/\\\/www.paysdesecrins.com\\\/de\\\/#\\\/schema\\\/logo\\\/image\\\/\"}}]}<\/script>\n<!-- \/ Yoast SEO plugin. -->","yoast_head_json":{"title":"Das Pays des \u00c9crins mit der Familie - Pays des \u00c9crins - Office de Tourisme","robots":{"index":"index","follow":"follow","max-snippet":"max-snippet:-1","max-image-preview":"max-image-preview:large","max-video-preview":"max-video-preview:-1"},"canonical":"https:\/\/www.paysdesecrins.com\/de\/nordische-aktivitaeten-fuer-die-kleinen\/","og_locale":"de_DE","og_type":"article","og_title":"Das Pays des \u00c9crins mit der Familie - Pays des \u00c9crins - Office de Tourisme","og_description":"Hier bewegen wir uns alle gemeinsam. Das Pays des \u00c9crins bietet einfache Ideen f\u00fcr jedes Alter, mit lokalen Profis, die [&hellip;]","og_url":"https:\/\/www.paysdesecrins.com\/de\/nordische-aktivitaeten-fuer-die-kleinen\/","og_site_name":"Pays des \u00c9crins - Office de Tourisme","article_modified_time":"2025-11-07T12:26:00+00:00","og_image":[{"width":2560,"height":1707,"url":"https:\/\/www.paysdesecrins.com\/wp-content\/uploads\/2025\/08\/01-29-25-balade-dans-la-neige-33-scaled.jpg","type":"image\/jpeg"}],"twitter_card":"summary_large_image","twitter_misc":{"Gesch\u00e4tzte Lesezeit":"7 Minuten"},"schema":{"@context":"https:\/\/schema.org","@graph":[{"@type":"WebPage","@id":"https:\/\/www.paysdesecrins.com\/de\/nordische-aktivitaeten-fuer-die-kleinen\/","url":"https:\/\/www.paysdesecrins.com\/de\/nordische-aktivitaeten-fuer-die-kleinen\/","name":"Das Pays des \u00c9crins mit der Familie - Pays des \u00c9crins - Office de Tourisme","isPartOf":{"@id":"https:\/\/www.paysdesecrins.com\/de\/#website"},"primaryImageOfPage":{"@id":"https:\/\/www.paysdesecrins.com\/de\/nordische-aktivitaeten-fuer-die-kleinen\/#primaryimage"},"image":{"@id":"https:\/\/www.paysdesecrins.com\/de\/nordische-aktivitaeten-fuer-die-kleinen\/#primaryimage"},"thumbnailUrl":"https:\/\/www.paysdesecrins.com\/wp-content\/uploads\/2025\/08\/01-29-25-balade-dans-la-neige-33-scaled.jpg","datePublished":"2025-07-23T13:20:01+00:00","dateModified":"2025-11-07T12:26:00+00:00","breadcrumb":{"@id":"https:\/\/www.paysdesecrins.com\/de\/nordische-aktivitaeten-fuer-die-kleinen\/#breadcrumb"},"inLanguage":"de","potentialAction":[{"@type":"ReadAction","target":["https:\/\/www.paysdesecrins.com\/de\/nordische-aktivitaeten-fuer-die-kleinen\/"]}]},{"@type":"ImageObject","inLanguage":"de","@id":"https:\/\/www.paysdesecrins.com\/de\/nordische-aktivitaeten-fuer-die-kleinen\/#primaryimage","url":"https:\/\/www.paysdesecrins.com\/wp-content\/uploads\/2025\/08\/01-29-25-balade-dans-la-neige-33-scaled.jpg","contentUrl":"https:\/\/www.paysdesecrins.com\/wp-content\/uploads\/2025\/08\/01-29-25-balade-dans-la-neige-33-scaled.jpg","width":2560,"height":1707},{"@type":"BreadcrumbList","@id":"https:\/\/www.paysdesecrins.com\/de\/nordische-aktivitaeten-fuer-die-kleinen\/#breadcrumb","itemListElement":[{"@type":"ListItem","position":1,"name":"Accueil","item":"https:\/\/www.paysdesecrins.com\/de\/der-titel-des-hauses\/"},{"@type":"ListItem","position":2,"name":"Das Pays des \u00c9crins mit der Familie"}]},{"@type":"WebSite","@id":"https:\/\/www.paysdesecrins.com\/de\/#website","url":"https:\/\/www.paysdesecrins.com\/de\/","name":"Pays des \u00c9crins - Office de Tourisme","description":"L&#039;esprit montagne","publisher":{"@id":"https:\/\/www.paysdesecrins.com\/de\/#organization"},"potentialAction":[{"@type":"SearchAction","target":{"@type":"EntryPoint","urlTemplate":"https:\/\/www.paysdesecrins.com\/de\/?s={search_term_string}"},"query-input":{"@type":"PropertyValueSpecification","valueRequired":true,"valueName":"search_term_string"}}],"inLanguage":"de"},{"@type":"Organization","@id":"https:\/\/www.paysdesecrins.com\/de\/#organization","name":"Pays des \u00c9crins - Office de Tourisme","url":"https:\/\/www.paysdesecrins.com\/de\/","logo":{"@type":"ImageObject","inLanguage":"de","@id":"https:\/\/www.paysdesecrins.com\/de\/#\/schema\/logo\/image\/","url":"https:\/\/www.paysdesecrins.com\/wp-content\/uploads\/2025\/06\/devina-svg-1750845694.svg","contentUrl":"https:\/\/www.paysdesecrins.com\/wp-content\/uploads\/2025\/06\/devina-svg-1750845694.svg","caption":"Pays des \u00c9crins - Office de Tourisme"},"image":{"@id":"https:\/\/www.paysdesecrins.com\/de\/#\/schema\/logo\/image\/"}}]}},"_links":{"self":[{"href":"https:\/\/www.paysdesecrins.com\/de\/wp-json\/wp\/v2\/pages\/46024","targetHints":{"allow":["GET"]}}],"collection":[{"href":"https:\/\/www.paysdesecrins.com\/de\/wp-json\/wp\/v2\/pages"}],"about":[{"href":"https:\/\/www.paysdesecrins.com\/de\/wp-json\/wp\/v2\/types\/page"}],"author":[{"embeddable":true,"href":"https:\/\/www.paysdesecrins.com\/de\/wp-json\/wp\/v2\/users\/4"}],"replies":[{"embeddable":true,"href":"https:\/\/www.paysdesecrins.com\/de\/wp-json\/wp\/v2\/comments?post=46024"}],"version-history":[{"count":2,"href":"https:\/\/www.paysdesecrins.com\/de\/wp-json\/wp\/v2\/pages\/46024\/revisions"}],"predecessor-version":[{"id":82564,"href":"https:\/\/www.paysdesecrins.com\/de\/wp-json\/wp\/v2\/pages\/46024\/revisions\/82564"}],"wp:featuredmedia":[{"embeddable":true,"href":"https:\/\/www.paysdesecrins.com\/de\/wp-json\/wp\/v2\/media\/64572"}],"wp:attachment":[{"href":"https:\/\/www.paysdesecrins.com\/de\/wp-json\/wp\/v2\/media?parent=46024"}],"curies":[{"name":"wp","href":"https:\/\/api.w.org\/{rel}","templated":true}]}}