{"id":46052,"date":"2025-07-23T15:01:46","date_gmt":"2025-07-23T13:01:46","guid":{"rendered":"https:\/\/www.paysdesecrins.com\/im-mai-koennen-sie-tun-was-sie-wollen\/"},"modified":"2025-08-08T10:08:35","modified_gmt":"2025-08-08T08:08:35","slug":"im-mai-koennen-sie-tun-was-sie-wollen","status":"publish","type":"page","link":"https:\/\/www.paysdesecrins.com\/de\/mein-wunsch\/berg\/im-mai-koennen-sie-tun-was-sie-wollen\/","title":{"rendered":"Im Mai k\u00f6nnen Sie tun, was Sie wollen!"},"content":{"rendered":"    <div class=\"alignfull wp-block-ws-library-ws-header-interne\">\n\t    <div class=\"header-container\">\n\t        <div class=\"group-media has-image\">\n\t            \t                <img loading=\"lazy\" decoding=\"async\" width=\"1920\" height=\"800\" src=\"https:\/\/www.paysdesecrins.com\/wp-content\/uploads\/2025\/07\/19villages-freissinieres-via-ferrata-fressinie-res-2-1920x800.jpg\" alt=\"\" class=\"image_large_square wp-image-21968\" \/>\n\t            \t        <\/div>\n\t        <div class=\"group-content\">\n\t            <div class=\"title\">\n\t                <h1>\n\t                    Im Mai k\u00f6nnen Sie tun, was Sie wollen!\t                    \t                <\/h1>\n\t            <\/div>\n\t        <\/div>\n\t    <\/div>\n\t    \n<div class=\"yoast-breadcrumbs\"><span><span><a href=\"https:\/\/www.paysdesecrins.com\/de\/der-titel-des-hauses\/\">Accueil<\/a><\/span>  <span class=\"breadcrumb_last\" aria-current=\"page\">Im Mai k\u00f6nnen Sie tun, was Sie wollen!<\/span><\/span><\/div>\n    <\/div>\n    \n<div class=\"wp-block-ws-library-ws-title aligncenter is-style-simple\"><h2><em>Mikro-Abenteuer<\/em>Die Nebensaison im Pays des \u00c9crins<\/h2><\/div>\n\n<p class=\"has-text-align-center\">Die Nebensaison ist im <strong>Pays des \u00c9crins<\/strong> in vollem Gange, denn dann bereiten sich die Spieler des Gebiets auf die Sommersaison vor. Der Monat Mai ist f\u00fcr das Fremdenverkehrsamt besonders hektisch. <\/p>\n\n<div class=\"wp-block-ws-library-ws-columns alignwide has-2-columns are-vertically-aligned-center layout-5050 is-style-background\">\n<div class=\"wp-block-ws-library-ws-column\"><div class=\"wrapper\">\n<div class=\"wp-block-ws-library-ws-title\"><h3>Auf der Seite des Tourismusb\u00fcros<\/h3><\/div>\n\n\n\n<p class=\"has-text-align-left\"><strong>Marc<\/strong>, der Community Manager, und <strong>Juliette<\/strong>, die Marketing Managerin, arbeiten ihrerseits hart daran, den Launch der neuen Website vorzubereiten. <strong>Cynthia<\/strong>, Kommunikationsbeauftragte und Pressesprecherin, k\u00fcmmert sich um die letzten \u00c4nderungen an allen zu ver\u00f6ffentlichenden Kommunikationsmedien, w\u00e4hrend <strong>Laur\u00e8ne <\/strong>aus der Verkaufsabteilung<strong> <\/strong>die Mitglieder kontaktiert, um ihre Verf\u00fcgbarkeit vor der Sommersaison zu aktualisieren.<\/p>\n\n\n\n<p>In der Zwischenzeit bleiben <strong>Sophie<\/strong>, die Leiterin der Rezeption, und die Aufenthaltsberaterinnen <strong>Ricarda<\/strong>, <strong>Rapha\u00ebl<\/strong>,<strong> Val\u00e9rie<\/strong>, <strong>Judith<\/strong> und <strong>Francine<\/strong> ihren Posten treu, um Sie in den Informationsb\u00fcros von L&#8217;Argenti\u00e8re,<strong> Vallouise<\/strong>, <strong>Puy Saint Vincent<\/strong> und <strong>Ailefroide<\/strong> willkommen zu hei\u00dfen.<strong><\/strong><\/p>\n\n\n\n<p class=\"has-text-align-left\">Aber der Monat Mai ist auch ein Monat der wohlverdienten Br\u00fccken, eine Beobachtung, die unweigerlich unter das wachsame Auge von <strong>Halima<\/strong>, der Leiterin der Verwaltung und Buchhaltung, ger\u00e4t. Was, wenn diese freie Zeit zu einem pl\u00f6tzlichen Wunsch f\u00fchrt, hinzugehen und zu sehen, ob dort oben noch Schnee liegt? <\/p>\n\n\n\n<p class=\"has-text-align-left\"><strong>Cathy<\/strong>, die Direktorin des Fremdenverkehrsamtes, spricht mit ihrem Vater dar\u00fcber. Mit 75 Jahren ist er immer noch f\u00fcr eine Wanderung zu haben. Und schwupps, Schuhe an, los geht&#8217;s! Machen Sie sich auf den Weg ins<strong> Freissini\u00e8res-Tal<\/strong> : Isoliert vom Rest der Welt ist seine Ruhe, seine Wasserf\u00e4lle und seine absolute Sch\u00f6nheit eine wahre Oase der Ruhe.   <\/p>\n<\/div><\/div>\n\n\n\n<div class=\"wp-block-ws-library-ws-column\"><div class=\"wrapper\">\n<div class=\"wp-block-ws-library-ws-image\"><div class=\"wrapper\"><div class=\"group-media\"><img decoding=\"async\" src=\"https:\/\/www.paysdesecrins.com\/wp-content\/uploads\/2025\/07\/151microaventureclairelac-palluel-et-grand-pinier-15-427x640.jpg\" alt=\"\" class=\"single_image ws-image-21032\"><div class=\"credits\"><\/div><\/div><p class=\"caption\"><\/p><\/div><\/div>\n<\/div><\/div>\n<\/div>\n\n<div class=\"wp-block-ws-library-ws-title aligncenter\"><h3>Ausflug nach Dormillouse<\/h3><\/div>\n\n<p class=\"has-text-align-center\">Nachdem sie auf dem Parkplatz Cascades geparkt sind, nehmen sie den Weg, der nach <strong>Dormillouse<\/strong> hinauff\u00fchrt, und biegen dann vor dem Weiler links in Richtung <strong>Palluel See<\/strong> ab. Je weiter sie voranschreiten, desto mehr friert ihr L\u00e4cheln vor dieser \u00fcppigen Natur. Was die Fauna betrifft: Murmeltiere und G\u00e4msen sind vorhanden. Auf der Seite der Flora: Trolle, Fr\u00fchlings- und Acule-Enziane, ganz zu schweigen von den zarten L\u00e4rchenbl\u00fcten.   <\/p>\n\n<div class=\"wp-block-ws-library-ws-slider alignwide\"><div class=\"splide\" data-splide=\"{\"type\":\"slide\",\"heightRatio\":\"auto\",\"perPage\":4,\"perMove\":1,\"drag\":true,\"pagination\":0,\"autoplay\":false,\"gap\":\"15px\",\"breakpoints\":{\"450\":{\"perPage\":1},\"768\":{\"perPage\":2},\"992\":{\"perPage\":3},\"1200\":{\"perPage\":4}}}\"><div class=\"splide__track\"><div class=\"splide__list\"><div class=\"splide__slide\"><a href=\"https:\/\/www.paysdesecrins.com\/wp-content\/uploads\/2025\/07\/bivouac-a-la-cabane-de-faravel-106-scaled.jpg\" data-glightbox=\"true\" class=\"lightbox-trigger\"><img decoding=\"async\" src=\"https:\/\/www.paysdesecrins.com\/wp-content\/uploads\/2025\/07\/bivouac-a-la-cabane-de-faravel-106-400x400.jpg\" alt=\"\"><\/a><\/div><div class=\"splide__slide\"><a href=\"https:\/\/www.paysdesecrins.com\/wp-content\/uploads\/2025\/07\/17ski-rando-bivouac-a-la-cabane-de-faravel-119-scaled.jpg\" data-glightbox=\"true\" class=\"lightbox-trigger\"><img decoding=\"async\" src=\"https:\/\/www.paysdesecrins.com\/wp-content\/uploads\/2025\/07\/17ski-rando-bivouac-a-la-cabane-de-faravel-119-400x400.jpg\" alt=\"\"><\/a><\/div><div class=\"splide__slide\"><a href=\"https:\/\/www.paysdesecrins.com\/wp-content\/uploads\/2025\/07\/bivouac-a-la-cabane-de-faravel-83-scaled.jpg\" data-glightbox=\"true\" class=\"lightbox-trigger\"><img decoding=\"async\" src=\"https:\/\/www.paysdesecrins.com\/wp-content\/uploads\/2025\/07\/bivouac-a-la-cabane-de-faravel-83-400x400.jpg\" alt=\"\"><\/a><\/div><\/div><\/div><\/div><\/div>\n\n<p class=\"has-text-align-center\">Zu <strong>den Palluel-H\u00fctten<\/strong> geht es gut bergauf, aber schon bald tauchen die Schneefelder auf&#8230; Gl\u00fccklicherweise hatten sie kleine Steigeisen dabei, nur f\u00fcr den Fall. Wenn sie am Ufer des noch schneebedeckten<strong> Palluelsees<\/strong> ankommen, genie\u00dfen sie ein gutes Picknick und bewundern das <strong>Freissini\u00e8res-Tal<\/strong>, bevor sie absteigen. Sie m\u00fcssen noch ein paar Tage warten, um die <strong>Runde um die drei Seen <\/strong>\u2013 <strong>Palluel<\/strong>, <strong>Faravel<\/strong> und <strong>Fangeas<\/strong> \u2013 zu genie\u00dfen, ohne nasse F\u00fc\u00dfe zu bekommen!  <\/p>\n\n<div class=\"wp-block-ws-library-ws-share\"><span class=\"share-subtitle\">Hat Ihnen diese Seite gefallen?<\/span><span class=\"share-title\">Teilen Sie es!<\/span><button class=\"ws-share-button wp-element-button\">Diese Seite teilen<\/button><\/div>\n","protected":false},"excerpt":{"rendered":"<p>Die Nebensaison ist im Pays des \u00c9crins in vollem Gange, denn dann bereiten sich die Spieler des Gebiets auf die [&hellip;]<\/p>\n","protected":false},"author":4,"featured_media":21590,"parent":44578,"menu_order":0,"comment_status":"closed","ping_status":"closed","template":"","meta":{"_thumbnail_id_2":0,"summer_excerpt":"","season":"","station":"","footnotes":""},"class_list":["post-46052","page","type-page","status-publish","has-post-thumbnail","hentry"],"yoast_head":"<!-- This site is optimized with the Yoast SEO plugin v27.3 - https:\/\/yoast.com\/product\/yoast-seo-wordpress\/ -->\n<title>Im Mai k\u00f6nnen Sie tun, was Sie wollen! - Pays des \u00c9crins - Office de Tourisme<\/title>\n<meta name=\"robots\" content=\"index, follow, max-snippet:-1, max-image-preview:large, max-video-preview:-1\" \/>\n<link rel=\"canonical\" href=\"https:\/\/www.paysdesecrins.com\/de\/mein-wunsch\/berg\/im-mai-koennen-sie-tun-was-sie-wollen\/\" \/>\n<meta property=\"og:locale\" content=\"de_DE\" \/>\n<meta property=\"og:type\" content=\"article\" \/>\n<meta property=\"og:title\" content=\"Im Mai k\u00f6nnen Sie tun, was Sie wollen! - Pays des \u00c9crins - Office de Tourisme\" \/>\n<meta property=\"og:description\" content=\"Die Nebensaison ist im Pays des \u00c9crins in vollem Gange, denn dann bereiten sich die Spieler des Gebiets auf die [&hellip;]\" \/>\n<meta property=\"og:url\" content=\"https:\/\/www.paysdesecrins.com\/de\/mein-wunsch\/berg\/im-mai-koennen-sie-tun-was-sie-wollen\/\" \/>\n<meta property=\"og:site_name\" content=\"Pays des \u00c9crins - Office de Tourisme\" \/>\n<meta property=\"article:modified_time\" content=\"2025-08-08T08:08:35+00:00\" \/>\n<meta property=\"og:image\" content=\"https:\/\/www.paysdesecrins.com\/wp-content\/uploads\/2025\/07\/171ski-rando-pre-de-madame-carle-en-ski-23-scaled.jpg\" \/>\n\t<meta property=\"og:image:width\" content=\"2560\" \/>\n\t<meta property=\"og:image:height\" content=\"1707\" \/>\n\t<meta property=\"og:image:type\" content=\"image\/jpeg\" \/>\n<meta name=\"twitter:card\" content=\"summary_large_image\" \/>\n<meta name=\"twitter:label1\" content=\"Gesch\u00e4tzte Lesezeit\" \/>\n\t<meta name=\"twitter:data1\" content=\"2 Minuten\" \/>\n<script type=\"application\/ld+json\" class=\"yoast-schema-graph\">{\"@context\":\"https:\\\/\\\/schema.org\",\"@graph\":[{\"@type\":\"WebPage\",\"@id\":\"https:\\\/\\\/www.paysdesecrins.com\\\/de\\\/mein-wunsch\\\/berg\\\/im-mai-koennen-sie-tun-was-sie-wollen\\\/\",\"url\":\"https:\\\/\\\/www.paysdesecrins.com\\\/de\\\/mein-wunsch\\\/berg\\\/im-mai-koennen-sie-tun-was-sie-wollen\\\/\",\"name\":\"Im Mai k\u00f6nnen Sie tun, was Sie wollen! - Pays des \u00c9crins - Office de Tourisme\",\"isPartOf\":{\"@id\":\"https:\\\/\\\/www.paysdesecrins.com\\\/de\\\/#website\"},\"primaryImageOfPage\":{\"@id\":\"https:\\\/\\\/www.paysdesecrins.com\\\/de\\\/mein-wunsch\\\/berg\\\/im-mai-koennen-sie-tun-was-sie-wollen\\\/#primaryimage\"},\"image\":{\"@id\":\"https:\\\/\\\/www.paysdesecrins.com\\\/de\\\/mein-wunsch\\\/berg\\\/im-mai-koennen-sie-tun-was-sie-wollen\\\/#primaryimage\"},\"thumbnailUrl\":\"https:\\\/\\\/www.paysdesecrins.com\\\/wp-content\\\/uploads\\\/2025\\\/07\\\/171ski-rando-pre-de-madame-carle-en-ski-23-scaled.jpg\",\"datePublished\":\"2025-07-23T13:01:46+00:00\",\"dateModified\":\"2025-08-08T08:08:35+00:00\",\"breadcrumb\":{\"@id\":\"https:\\\/\\\/www.paysdesecrins.com\\\/de\\\/mein-wunsch\\\/berg\\\/im-mai-koennen-sie-tun-was-sie-wollen\\\/#breadcrumb\"},\"inLanguage\":\"de\",\"potentialAction\":[{\"@type\":\"ReadAction\",\"target\":[\"https:\\\/\\\/www.paysdesecrins.com\\\/de\\\/mein-wunsch\\\/berg\\\/im-mai-koennen-sie-tun-was-sie-wollen\\\/\"]}]},{\"@type\":\"ImageObject\",\"inLanguage\":\"de\",\"@id\":\"https:\\\/\\\/www.paysdesecrins.com\\\/de\\\/mein-wunsch\\\/berg\\\/im-mai-koennen-sie-tun-was-sie-wollen\\\/#primaryimage\",\"url\":\"https:\\\/\\\/www.paysdesecrins.com\\\/wp-content\\\/uploads\\\/2025\\\/07\\\/171ski-rando-pre-de-madame-carle-en-ski-23-scaled.jpg\",\"contentUrl\":\"https:\\\/\\\/www.paysdesecrins.com\\\/wp-content\\\/uploads\\\/2025\\\/07\\\/171ski-rando-pre-de-madame-carle-en-ski-23-scaled.jpg\",\"width\":2560,\"height\":1707},{\"@type\":\"BreadcrumbList\",\"@id\":\"https:\\\/\\\/www.paysdesecrins.com\\\/de\\\/mein-wunsch\\\/berg\\\/im-mai-koennen-sie-tun-was-sie-wollen\\\/#breadcrumb\",\"itemListElement\":[{\"@type\":\"ListItem\",\"position\":1,\"name\":\"Accueil\",\"item\":\"https:\\\/\\\/www.paysdesecrins.com\\\/de\\\/der-titel-des-hauses\\\/\"},{\"@type\":\"ListItem\",\"position\":2,\"name\":\"Im Mai k\u00f6nnen Sie tun, was Sie wollen!\"}]},{\"@type\":\"WebSite\",\"@id\":\"https:\\\/\\\/www.paysdesecrins.com\\\/de\\\/#website\",\"url\":\"https:\\\/\\\/www.paysdesecrins.com\\\/de\\\/\",\"name\":\"Pays des \u00c9crins - Office de Tourisme\",\"description\":\"L&#039;esprit montagne\",\"publisher\":{\"@id\":\"https:\\\/\\\/www.paysdesecrins.com\\\/de\\\/#organization\"},\"potentialAction\":[{\"@type\":\"SearchAction\",\"target\":{\"@type\":\"EntryPoint\",\"urlTemplate\":\"https:\\\/\\\/www.paysdesecrins.com\\\/de\\\/?s={search_term_string}\"},\"query-input\":{\"@type\":\"PropertyValueSpecification\",\"valueRequired\":true,\"valueName\":\"search_term_string\"}}],\"inLanguage\":\"de\"},{\"@type\":\"Organization\",\"@id\":\"https:\\\/\\\/www.paysdesecrins.com\\\/de\\\/#organization\",\"name\":\"Pays des \u00c9crins - Office de Tourisme\",\"url\":\"https:\\\/\\\/www.paysdesecrins.com\\\/de\\\/\",\"logo\":{\"@type\":\"ImageObject\",\"inLanguage\":\"de\",\"@id\":\"https:\\\/\\\/www.paysdesecrins.com\\\/de\\\/#\\\/schema\\\/logo\\\/image\\\/\",\"url\":\"https:\\\/\\\/www.paysdesecrins.com\\\/wp-content\\\/uploads\\\/2025\\\/06\\\/devina-svg-1750845694.svg\",\"contentUrl\":\"https:\\\/\\\/www.paysdesecrins.com\\\/wp-content\\\/uploads\\\/2025\\\/06\\\/devina-svg-1750845694.svg\",\"caption\":\"Pays des \u00c9crins - Office de Tourisme\"},\"image\":{\"@id\":\"https:\\\/\\\/www.paysdesecrins.com\\\/de\\\/#\\\/schema\\\/logo\\\/image\\\/\"}}]}<\/script>\n<!-- \/ Yoast SEO plugin. -->","yoast_head_json":{"title":"Im Mai k\u00f6nnen Sie tun, was Sie wollen! - Pays des \u00c9crins - Office de Tourisme","robots":{"index":"index","follow":"follow","max-snippet":"max-snippet:-1","max-image-preview":"max-image-preview:large","max-video-preview":"max-video-preview:-1"},"canonical":"https:\/\/www.paysdesecrins.com\/de\/mein-wunsch\/berg\/im-mai-koennen-sie-tun-was-sie-wollen\/","og_locale":"de_DE","og_type":"article","og_title":"Im Mai k\u00f6nnen Sie tun, was Sie wollen! - Pays des \u00c9crins - Office de Tourisme","og_description":"Die Nebensaison ist im Pays des \u00c9crins in vollem Gange, denn dann bereiten sich die Spieler des Gebiets auf die [&hellip;]","og_url":"https:\/\/www.paysdesecrins.com\/de\/mein-wunsch\/berg\/im-mai-koennen-sie-tun-was-sie-wollen\/","og_site_name":"Pays des \u00c9crins - Office de Tourisme","article_modified_time":"2025-08-08T08:08:35+00:00","og_image":[{"width":2560,"height":1707,"url":"https:\/\/www.paysdesecrins.com\/wp-content\/uploads\/2025\/07\/171ski-rando-pre-de-madame-carle-en-ski-23-scaled.jpg","type":"image\/jpeg"}],"twitter_card":"summary_large_image","twitter_misc":{"Gesch\u00e4tzte Lesezeit":"2 Minuten"},"schema":{"@context":"https:\/\/schema.org","@graph":[{"@type":"WebPage","@id":"https:\/\/www.paysdesecrins.com\/de\/mein-wunsch\/berg\/im-mai-koennen-sie-tun-was-sie-wollen\/","url":"https:\/\/www.paysdesecrins.com\/de\/mein-wunsch\/berg\/im-mai-koennen-sie-tun-was-sie-wollen\/","name":"Im Mai k\u00f6nnen Sie tun, was Sie wollen! - Pays des \u00c9crins - Office de Tourisme","isPartOf":{"@id":"https:\/\/www.paysdesecrins.com\/de\/#website"},"primaryImageOfPage":{"@id":"https:\/\/www.paysdesecrins.com\/de\/mein-wunsch\/berg\/im-mai-koennen-sie-tun-was-sie-wollen\/#primaryimage"},"image":{"@id":"https:\/\/www.paysdesecrins.com\/de\/mein-wunsch\/berg\/im-mai-koennen-sie-tun-was-sie-wollen\/#primaryimage"},"thumbnailUrl":"https:\/\/www.paysdesecrins.com\/wp-content\/uploads\/2025\/07\/171ski-rando-pre-de-madame-carle-en-ski-23-scaled.jpg","datePublished":"2025-07-23T13:01:46+00:00","dateModified":"2025-08-08T08:08:35+00:00","breadcrumb":{"@id":"https:\/\/www.paysdesecrins.com\/de\/mein-wunsch\/berg\/im-mai-koennen-sie-tun-was-sie-wollen\/#breadcrumb"},"inLanguage":"de","potentialAction":[{"@type":"ReadAction","target":["https:\/\/www.paysdesecrins.com\/de\/mein-wunsch\/berg\/im-mai-koennen-sie-tun-was-sie-wollen\/"]}]},{"@type":"ImageObject","inLanguage":"de","@id":"https:\/\/www.paysdesecrins.com\/de\/mein-wunsch\/berg\/im-mai-koennen-sie-tun-was-sie-wollen\/#primaryimage","url":"https:\/\/www.paysdesecrins.com\/wp-content\/uploads\/2025\/07\/171ski-rando-pre-de-madame-carle-en-ski-23-scaled.jpg","contentUrl":"https:\/\/www.paysdesecrins.com\/wp-content\/uploads\/2025\/07\/171ski-rando-pre-de-madame-carle-en-ski-23-scaled.jpg","width":2560,"height":1707},{"@type":"BreadcrumbList","@id":"https:\/\/www.paysdesecrins.com\/de\/mein-wunsch\/berg\/im-mai-koennen-sie-tun-was-sie-wollen\/#breadcrumb","itemListElement":[{"@type":"ListItem","position":1,"name":"Accueil","item":"https:\/\/www.paysdesecrins.com\/de\/der-titel-des-hauses\/"},{"@type":"ListItem","position":2,"name":"Im Mai k\u00f6nnen Sie tun, was Sie wollen!"}]},{"@type":"WebSite","@id":"https:\/\/www.paysdesecrins.com\/de\/#website","url":"https:\/\/www.paysdesecrins.com\/de\/","name":"Pays des \u00c9crins - Office de Tourisme","description":"L&#039;esprit montagne","publisher":{"@id":"https:\/\/www.paysdesecrins.com\/de\/#organization"},"potentialAction":[{"@type":"SearchAction","target":{"@type":"EntryPoint","urlTemplate":"https:\/\/www.paysdesecrins.com\/de\/?s={search_term_string}"},"query-input":{"@type":"PropertyValueSpecification","valueRequired":true,"valueName":"search_term_string"}}],"inLanguage":"de"},{"@type":"Organization","@id":"https:\/\/www.paysdesecrins.com\/de\/#organization","name":"Pays des \u00c9crins - Office de Tourisme","url":"https:\/\/www.paysdesecrins.com\/de\/","logo":{"@type":"ImageObject","inLanguage":"de","@id":"https:\/\/www.paysdesecrins.com\/de\/#\/schema\/logo\/image\/","url":"https:\/\/www.paysdesecrins.com\/wp-content\/uploads\/2025\/06\/devina-svg-1750845694.svg","contentUrl":"https:\/\/www.paysdesecrins.com\/wp-content\/uploads\/2025\/06\/devina-svg-1750845694.svg","caption":"Pays des \u00c9crins - Office de Tourisme"},"image":{"@id":"https:\/\/www.paysdesecrins.com\/de\/#\/schema\/logo\/image\/"}}]}},"_links":{"self":[{"href":"https:\/\/www.paysdesecrins.com\/de\/wp-json\/wp\/v2\/pages\/46052","targetHints":{"allow":["GET"]}}],"collection":[{"href":"https:\/\/www.paysdesecrins.com\/de\/wp-json\/wp\/v2\/pages"}],"about":[{"href":"https:\/\/www.paysdesecrins.com\/de\/wp-json\/wp\/v2\/types\/page"}],"author":[{"embeddable":true,"href":"https:\/\/www.paysdesecrins.com\/de\/wp-json\/wp\/v2\/users\/4"}],"replies":[{"embeddable":true,"href":"https:\/\/www.paysdesecrins.com\/de\/wp-json\/wp\/v2\/comments?post=46052"}],"version-history":[{"count":0,"href":"https:\/\/www.paysdesecrins.com\/de\/wp-json\/wp\/v2\/pages\/46052\/revisions"}],"up":[{"embeddable":true,"href":"https:\/\/www.paysdesecrins.com\/de\/wp-json\/wp\/v2\/pages\/44578"}],"wp:featuredmedia":[{"embeddable":true,"href":"https:\/\/www.paysdesecrins.com\/de\/wp-json\/wp\/v2\/media\/21590"}],"wp:attachment":[{"href":"https:\/\/www.paysdesecrins.com\/de\/wp-json\/wp\/v2\/media?parent=46052"}],"curies":[{"name":"wp","href":"https:\/\/api.w.org\/{rel}","templated":true}]}}