{"id":46064,"date":"2025-07-23T12:23:23","date_gmt":"2025-07-23T10:23:23","guid":{"rendered":"https:\/\/www.paysdesecrins.com\/eine-autofreie-woche\/"},"modified":"2025-08-08T10:07:20","modified_gmt":"2025-08-08T08:07:20","slug":"eine-autofreie-woche","status":"publish","type":"page","link":"https:\/\/www.paysdesecrins.com\/de\/mein-wunsch\/berg\/eine-autofreie-woche\/","title":{"rendered":"Eine autofreie Woche"},"content":{"rendered":"    <div class=\"alignfull wp-block-ws-library-ws-header-interne\" data-season=\"allseasons\">\n\t    <div class=\"header-container\">\n\t        <div class=\"group-media has-image\">\n\t            \t                <img loading=\"lazy\" decoding=\"async\" width=\"1920\" height=\"800\" src=\"https:\/\/www.paysdesecrins.com\/wp-content\/uploads\/2025\/07\/181velo-de-route-dsc01927-2-1920x800.jpg\" alt=\"\" class=\"image_large_square wp-image-21738\" \/>\n\t            \t        <\/div>\n\t        <div class=\"group-content\">\n\t            <div class=\"title\">\n\t                <h1>\n\t                    Eine autofreie Woche\t                    \t                <\/h1>\n\t            <\/div>\n\t        <\/div>\n\t    <\/div>\n\t    \n<div class=\"yoast-breadcrumbs\"><span><span><a href=\"https:\/\/www.paysdesecrins.com\/de\/der-titel-des-hauses\/\">Accueil<\/a><\/span>  <span class=\"breadcrumb_last\" aria-current=\"page\">Eine autofreie Woche<\/span><\/span><\/div>\n    <\/div>\n    \n<div class=\"wp-block-ws-library-ws-title aligncenter is-style-simple\"><h2><em>Mikro-Abenteuer:<\/em> eine Woche ohne Auto<\/h2><\/div>\n\n<p>Haben Sie schon einmal versucht, eine Woche ohne Auto zu \u00fcberleben? In den Bergen sind die Stra\u00dfen kurvenreich, die T\u00e4ler zahlreich, die D\u00f6rfer verstreut und die \u00f6ffentlichen Verkehrsmittel sind rar, was die Einwohner sehr abh\u00e4ngig von ihrem Auto macht. Aber es gibt L\u00f6sungen, um die Auswirkungen unserer Reisen auf die Umwelt um uns herum zu reduzieren.  <\/p>\n\n<div class=\"wp-block-ws-library-ws-columns alignwide has-2-columns are-vertically-aligned-center layout-5050 is-style-background\">\n<div class=\"wp-block-ws-library-ws-column\"><div class=\"wrapper\">\n<div class=\"wp-block-ws-library-ws-title\"><h3>Radfahren<\/h3><\/div>\n\n\n\n<p class=\"has-text-align-left\">Claire, unsere Geotrek-Praktikantin, entdeckte ihre Leidenschaft f\u00fcr das Radfahren, als ihr Fiat Punto auf der Gyronde eine Panne hatte. Seitdem f\u00e4hrt sie jeden Tag mit dem Fahrrad die Route des Traverses entlang, um zur Arbeit zu gelangen. Das Unternehmen reduziert nicht nur seinen CO2-Fu\u00dfabdruck, sondern ist auch in hervorragender Verfassung. Aber sie ist auch nicht unerbittlich: Wenn es regnet, trampt sie oder bildet Fahrgemeinschaften mit ihrer Kollegin Cynthia. Sie lernt die Menschen im Tal kennen und spart Benzin. Heute ist der Fiat Punto repariert, aber Sie finden Claire immer noch auf ihrem Fahrrad entlang der Route des traverses.     <\/p>\n<\/div><\/div>\n\n\n\n<div class=\"wp-block-ws-library-ws-column\"><div class=\"wrapper\">\n<div class=\"wp-block-ws-library-ws-image\"><div class=\"wrapper\"><div class=\"group-media\"><img decoding=\"async\" src=\"https:\/\/www.paysdesecrins.com\/wp-content\/uploads\/2025\/07\/18vtt-veloderoute-dsc03567-2-960x640.jpg\" alt=\"\" class=\"single_image ws-image-21874\"><div class=\"credits\"><\/div><\/div><p class=\"caption\"><\/p><\/div><\/div>\n<\/div><\/div>\n<\/div>\n\n<div class=\"wp-block-ws-library-ws-title\"><h3>Trampen<\/h3><\/div>\n\n<p>Trampen ist eine Institution im Pays des \u00c9crins. Touristen, die anhalten, rufen immer wieder aus &#8222;wir haben noch nie so viele Anhalter gesehen, das muss gut funktionieren?!&#8220;. In der Tat ist Trampen hier eine Lebenseinstellung. Einige Bewohner des Gebiets leben ohne Auto und trampen haupts\u00e4chlich. Neulich traf Claire einen Anhalter, der von Les Vigneaux in die Bretagne fuhr! Einfacher kann das Trampen mit Rezo Pouce nicht sein: Unter dem Motto &#8222;weniger Autos, mehr Nachtigallen&#8220; machen diese organisierten Tramp-Gebiete das Reisen einfacher und einfacher, schonen die Umwelt und bauen soziale Bindungen auf.       <\/p>\n\n<div class=\"wp-block-ws-library-ws-slider alignwide\"><div class=\"splide\" data-splide=\"{\"type\":\"slide\",\"heightRatio\":\"auto\",\"perPage\":4,\"perMove\":1,\"drag\":true,\"pagination\":0,\"autoplay\":false,\"gap\":\"15px\",\"breakpoints\":{\"450\":{\"perPage\":1},\"768\":{\"perPage\":2},\"992\":{\"perPage\":3},\"1200\":{\"perPage\":4}}}\"><div class=\"splide__track\"><div class=\"splide__list\"><div class=\"splide__slide\"><a href=\"https:\/\/www.paysdesecrins.com\/wp-content\/uploads\/2025\/07\/18microaventureoutdoor-dsc09621-scaled.jpg\" data-glightbox=\"true\" class=\"lightbox-trigger\"><img decoding=\"async\" src=\"https:\/\/www.paysdesecrins.com\/wp-content\/uploads\/2025\/07\/18microaventureoutdoor-dsc09621-400x400.jpg\" alt=\"\"><\/a><\/div><div class=\"splide__slide\"><a href=\"https:\/\/www.paysdesecrins.com\/wp-content\/uploads\/2025\/07\/18vtt-veloderoute-dsc03567-2-scaled.jpg\" data-glightbox=\"true\" class=\"lightbox-trigger\"><img decoding=\"async\" src=\"https:\/\/www.paysdesecrins.com\/wp-content\/uploads\/2025\/07\/18vtt-veloderoute-dsc03567-2-400x400.jpg\" alt=\"\"><\/a><\/div><div class=\"splide__slide\"><a href=\"https:\/\/www.paysdesecrins.com\/wp-content\/uploads\/2025\/07\/18vtt-veloderoute-dsc04261-scaled.jpg\" data-glightbox=\"true\" class=\"lightbox-trigger\"><img decoding=\"async\" src=\"https:\/\/www.paysdesecrins.com\/wp-content\/uploads\/2025\/07\/18vtt-veloderoute-dsc04261-400x400.jpg\" alt=\"\"><\/a><\/div><div class=\"splide__slide\"><a href=\"https:\/\/www.paysdesecrins.com\/wp-content\/uploads\/2025\/07\/181vtt-vttvaevtt-itine-rance-bouchier-geo-scaled.jpg\" data-glightbox=\"true\" class=\"lightbox-trigger\"><img decoding=\"async\" src=\"https:\/\/www.paysdesecrins.com\/wp-content\/uploads\/2025\/07\/181vtt-vttvaevtt-itine-rance-bouchier-geo-400x400.jpg\" alt=\"\"><\/a><\/div><div class=\"splide__slide\"><a href=\"https:\/\/www.paysdesecrins.com\/wp-content\/uploads\/2025\/07\/18veloderoute-dsc00234-400x400.jpg\" data-glightbox=\"true\" class=\"lightbox-trigger\"><img decoding=\"async\" src=\"https:\/\/www.paysdesecrins.com\/wp-content\/uploads\/2025\/07\/18veloderoute-dsc00234-400x400.jpg\" alt=\"\"><\/a><\/div><div class=\"splide__slide\"><a href=\"https:\/\/www.paysdesecrins.com\/wp-content\/uploads\/2025\/07\/18veloderoute-dsc00116-400x400.jpg\" data-glightbox=\"true\" class=\"lightbox-trigger\"><img decoding=\"async\" src=\"https:\/\/www.paysdesecrins.com\/wp-content\/uploads\/2025\/07\/18veloderoute-dsc00116-400x400.jpg\" alt=\"\"><\/a><\/div><\/div><\/div><\/div><\/div>\n\n<div class=\"wp-block-ws-library-ws-share\"><span class=\"share-subtitle\">Hat Ihnen diese Seite gefallen?<\/span><span class=\"share-title\">Teilen Sie es!<\/span><button class=\"ws-share-button wp-element-button\">Diese Seite teilen<\/button><\/div>\n","protected":false},"excerpt":{"rendered":"<p>Haben Sie schon einmal versucht, eine Woche ohne Auto zu \u00fcberleben? In den Bergen sind die Stra\u00dfen kurvenreich, die T\u00e4ler [&hellip;]<\/p>\n","protected":false},"author":4,"featured_media":21896,"parent":44578,"menu_order":0,"comment_status":"closed","ping_status":"closed","template":"","meta":{"_thumbnail_id_2":0,"summer_excerpt":"","season":"","station":"","footnotes":""},"class_list":["post-46064","page","type-page","status-publish","has-post-thumbnail","hentry"],"yoast_head":"<!-- This site is optimized with the Yoast SEO plugin v27.3 - https:\/\/yoast.com\/product\/yoast-seo-wordpress\/ -->\n<title>Eine autofreie Woche - Pays des \u00c9crins - Office de Tourisme<\/title>\n<meta name=\"robots\" content=\"index, follow, max-snippet:-1, max-image-preview:large, max-video-preview:-1\" \/>\n<link rel=\"canonical\" href=\"https:\/\/www.paysdesecrins.com\/de\/mein-wunsch\/berg\/eine-autofreie-woche\/\" \/>\n<meta property=\"og:locale\" content=\"de_DE\" \/>\n<meta property=\"og:type\" content=\"article\" \/>\n<meta property=\"og:title\" content=\"Eine autofreie Woche - Pays des \u00c9crins - Office de Tourisme\" \/>\n<meta property=\"og:description\" content=\"Haben Sie schon einmal versucht, eine Woche ohne Auto zu \u00fcberleben? In den Bergen sind die Stra\u00dfen kurvenreich, die T\u00e4ler [&hellip;]\" \/>\n<meta property=\"og:url\" content=\"https:\/\/www.paysdesecrins.com\/de\/mein-wunsch\/berg\/eine-autofreie-woche\/\" \/>\n<meta property=\"og:site_name\" content=\"Pays des \u00c9crins - Office de Tourisme\" \/>\n<meta property=\"article:modified_time\" content=\"2025-08-08T08:07:20+00:00\" \/>\n<meta property=\"og:image\" content=\"https:\/\/www.paysdesecrins.com\/wp-content\/uploads\/2025\/07\/18vtt-vttvae-itine-rance-bouchier-geo-scaled.jpg\" \/>\n\t<meta property=\"og:image:width\" content=\"2560\" \/>\n\t<meta property=\"og:image:height\" content=\"1707\" \/>\n\t<meta property=\"og:image:type\" content=\"image\/jpeg\" \/>\n<meta name=\"twitter:card\" content=\"summary_large_image\" \/>\n<meta name=\"twitter:label1\" content=\"Gesch\u00e4tzte Lesezeit\" \/>\n\t<meta name=\"twitter:data1\" content=\"1\u00a0Minute\" \/>\n<script type=\"application\/ld+json\" class=\"yoast-schema-graph\">{\"@context\":\"https:\\\/\\\/schema.org\",\"@graph\":[{\"@type\":\"WebPage\",\"@id\":\"https:\\\/\\\/www.paysdesecrins.com\\\/de\\\/mein-wunsch\\\/berg\\\/eine-autofreie-woche\\\/\",\"url\":\"https:\\\/\\\/www.paysdesecrins.com\\\/de\\\/mein-wunsch\\\/berg\\\/eine-autofreie-woche\\\/\",\"name\":\"Eine autofreie Woche - Pays des \u00c9crins - Office de Tourisme\",\"isPartOf\":{\"@id\":\"https:\\\/\\\/www.paysdesecrins.com\\\/de\\\/#website\"},\"primaryImageOfPage\":{\"@id\":\"https:\\\/\\\/www.paysdesecrins.com\\\/de\\\/mein-wunsch\\\/berg\\\/eine-autofreie-woche\\\/#primaryimage\"},\"image\":{\"@id\":\"https:\\\/\\\/www.paysdesecrins.com\\\/de\\\/mein-wunsch\\\/berg\\\/eine-autofreie-woche\\\/#primaryimage\"},\"thumbnailUrl\":\"https:\\\/\\\/www.paysdesecrins.com\\\/wp-content\\\/uploads\\\/2025\\\/07\\\/18vtt-vttvae-itine-rance-bouchier-geo-scaled.jpg\",\"datePublished\":\"2025-07-23T10:23:23+00:00\",\"dateModified\":\"2025-08-08T08:07:20+00:00\",\"breadcrumb\":{\"@id\":\"https:\\\/\\\/www.paysdesecrins.com\\\/de\\\/mein-wunsch\\\/berg\\\/eine-autofreie-woche\\\/#breadcrumb\"},\"inLanguage\":\"de\",\"potentialAction\":[{\"@type\":\"ReadAction\",\"target\":[\"https:\\\/\\\/www.paysdesecrins.com\\\/de\\\/mein-wunsch\\\/berg\\\/eine-autofreie-woche\\\/\"]}]},{\"@type\":\"ImageObject\",\"inLanguage\":\"de\",\"@id\":\"https:\\\/\\\/www.paysdesecrins.com\\\/de\\\/mein-wunsch\\\/berg\\\/eine-autofreie-woche\\\/#primaryimage\",\"url\":\"https:\\\/\\\/www.paysdesecrins.com\\\/wp-content\\\/uploads\\\/2025\\\/07\\\/18vtt-vttvae-itine-rance-bouchier-geo-scaled.jpg\",\"contentUrl\":\"https:\\\/\\\/www.paysdesecrins.com\\\/wp-content\\\/uploads\\\/2025\\\/07\\\/18vtt-vttvae-itine-rance-bouchier-geo-scaled.jpg\",\"width\":2560,\"height\":1707},{\"@type\":\"BreadcrumbList\",\"@id\":\"https:\\\/\\\/www.paysdesecrins.com\\\/de\\\/mein-wunsch\\\/berg\\\/eine-autofreie-woche\\\/#breadcrumb\",\"itemListElement\":[{\"@type\":\"ListItem\",\"position\":1,\"name\":\"Accueil\",\"item\":\"https:\\\/\\\/www.paysdesecrins.com\\\/de\\\/der-titel-des-hauses\\\/\"},{\"@type\":\"ListItem\",\"position\":2,\"name\":\"Eine autofreie Woche\"}]},{\"@type\":\"WebSite\",\"@id\":\"https:\\\/\\\/www.paysdesecrins.com\\\/de\\\/#website\",\"url\":\"https:\\\/\\\/www.paysdesecrins.com\\\/de\\\/\",\"name\":\"Pays des \u00c9crins - Office de Tourisme\",\"description\":\"L&#039;esprit montagne\",\"publisher\":{\"@id\":\"https:\\\/\\\/www.paysdesecrins.com\\\/de\\\/#organization\"},\"potentialAction\":[{\"@type\":\"SearchAction\",\"target\":{\"@type\":\"EntryPoint\",\"urlTemplate\":\"https:\\\/\\\/www.paysdesecrins.com\\\/de\\\/?s={search_term_string}\"},\"query-input\":{\"@type\":\"PropertyValueSpecification\",\"valueRequired\":true,\"valueName\":\"search_term_string\"}}],\"inLanguage\":\"de\"},{\"@type\":\"Organization\",\"@id\":\"https:\\\/\\\/www.paysdesecrins.com\\\/de\\\/#organization\",\"name\":\"Pays des \u00c9crins - Office de Tourisme\",\"url\":\"https:\\\/\\\/www.paysdesecrins.com\\\/de\\\/\",\"logo\":{\"@type\":\"ImageObject\",\"inLanguage\":\"de\",\"@id\":\"https:\\\/\\\/www.paysdesecrins.com\\\/de\\\/#\\\/schema\\\/logo\\\/image\\\/\",\"url\":\"https:\\\/\\\/www.paysdesecrins.com\\\/wp-content\\\/uploads\\\/2025\\\/06\\\/devina-svg-1750845694.svg\",\"contentUrl\":\"https:\\\/\\\/www.paysdesecrins.com\\\/wp-content\\\/uploads\\\/2025\\\/06\\\/devina-svg-1750845694.svg\",\"caption\":\"Pays des \u00c9crins - Office de Tourisme\"},\"image\":{\"@id\":\"https:\\\/\\\/www.paysdesecrins.com\\\/de\\\/#\\\/schema\\\/logo\\\/image\\\/\"}}]}<\/script>\n<!-- \/ Yoast SEO plugin. -->","yoast_head_json":{"title":"Eine autofreie Woche - Pays des \u00c9crins - Office de Tourisme","robots":{"index":"index","follow":"follow","max-snippet":"max-snippet:-1","max-image-preview":"max-image-preview:large","max-video-preview":"max-video-preview:-1"},"canonical":"https:\/\/www.paysdesecrins.com\/de\/mein-wunsch\/berg\/eine-autofreie-woche\/","og_locale":"de_DE","og_type":"article","og_title":"Eine autofreie Woche - Pays des \u00c9crins - Office de Tourisme","og_description":"Haben Sie schon einmal versucht, eine Woche ohne Auto zu \u00fcberleben? In den Bergen sind die Stra\u00dfen kurvenreich, die T\u00e4ler [&hellip;]","og_url":"https:\/\/www.paysdesecrins.com\/de\/mein-wunsch\/berg\/eine-autofreie-woche\/","og_site_name":"Pays des \u00c9crins - Office de Tourisme","article_modified_time":"2025-08-08T08:07:20+00:00","og_image":[{"width":2560,"height":1707,"url":"https:\/\/www.paysdesecrins.com\/wp-content\/uploads\/2025\/07\/18vtt-vttvae-itine-rance-bouchier-geo-scaled.jpg","type":"image\/jpeg"}],"twitter_card":"summary_large_image","twitter_misc":{"Gesch\u00e4tzte Lesezeit":"1\u00a0Minute"},"schema":{"@context":"https:\/\/schema.org","@graph":[{"@type":"WebPage","@id":"https:\/\/www.paysdesecrins.com\/de\/mein-wunsch\/berg\/eine-autofreie-woche\/","url":"https:\/\/www.paysdesecrins.com\/de\/mein-wunsch\/berg\/eine-autofreie-woche\/","name":"Eine autofreie Woche - Pays des \u00c9crins - Office de Tourisme","isPartOf":{"@id":"https:\/\/www.paysdesecrins.com\/de\/#website"},"primaryImageOfPage":{"@id":"https:\/\/www.paysdesecrins.com\/de\/mein-wunsch\/berg\/eine-autofreie-woche\/#primaryimage"},"image":{"@id":"https:\/\/www.paysdesecrins.com\/de\/mein-wunsch\/berg\/eine-autofreie-woche\/#primaryimage"},"thumbnailUrl":"https:\/\/www.paysdesecrins.com\/wp-content\/uploads\/2025\/07\/18vtt-vttvae-itine-rance-bouchier-geo-scaled.jpg","datePublished":"2025-07-23T10:23:23+00:00","dateModified":"2025-08-08T08:07:20+00:00","breadcrumb":{"@id":"https:\/\/www.paysdesecrins.com\/de\/mein-wunsch\/berg\/eine-autofreie-woche\/#breadcrumb"},"inLanguage":"de","potentialAction":[{"@type":"ReadAction","target":["https:\/\/www.paysdesecrins.com\/de\/mein-wunsch\/berg\/eine-autofreie-woche\/"]}]},{"@type":"ImageObject","inLanguage":"de","@id":"https:\/\/www.paysdesecrins.com\/de\/mein-wunsch\/berg\/eine-autofreie-woche\/#primaryimage","url":"https:\/\/www.paysdesecrins.com\/wp-content\/uploads\/2025\/07\/18vtt-vttvae-itine-rance-bouchier-geo-scaled.jpg","contentUrl":"https:\/\/www.paysdesecrins.com\/wp-content\/uploads\/2025\/07\/18vtt-vttvae-itine-rance-bouchier-geo-scaled.jpg","width":2560,"height":1707},{"@type":"BreadcrumbList","@id":"https:\/\/www.paysdesecrins.com\/de\/mein-wunsch\/berg\/eine-autofreie-woche\/#breadcrumb","itemListElement":[{"@type":"ListItem","position":1,"name":"Accueil","item":"https:\/\/www.paysdesecrins.com\/de\/der-titel-des-hauses\/"},{"@type":"ListItem","position":2,"name":"Eine autofreie Woche"}]},{"@type":"WebSite","@id":"https:\/\/www.paysdesecrins.com\/de\/#website","url":"https:\/\/www.paysdesecrins.com\/de\/","name":"Pays des \u00c9crins - Office de Tourisme","description":"L&#039;esprit montagne","publisher":{"@id":"https:\/\/www.paysdesecrins.com\/de\/#organization"},"potentialAction":[{"@type":"SearchAction","target":{"@type":"EntryPoint","urlTemplate":"https:\/\/www.paysdesecrins.com\/de\/?s={search_term_string}"},"query-input":{"@type":"PropertyValueSpecification","valueRequired":true,"valueName":"search_term_string"}}],"inLanguage":"de"},{"@type":"Organization","@id":"https:\/\/www.paysdesecrins.com\/de\/#organization","name":"Pays des \u00c9crins - Office de Tourisme","url":"https:\/\/www.paysdesecrins.com\/de\/","logo":{"@type":"ImageObject","inLanguage":"de","@id":"https:\/\/www.paysdesecrins.com\/de\/#\/schema\/logo\/image\/","url":"https:\/\/www.paysdesecrins.com\/wp-content\/uploads\/2025\/06\/devina-svg-1750845694.svg","contentUrl":"https:\/\/www.paysdesecrins.com\/wp-content\/uploads\/2025\/06\/devina-svg-1750845694.svg","caption":"Pays des \u00c9crins - Office de Tourisme"},"image":{"@id":"https:\/\/www.paysdesecrins.com\/de\/#\/schema\/logo\/image\/"}}]}},"_links":{"self":[{"href":"https:\/\/www.paysdesecrins.com\/de\/wp-json\/wp\/v2\/pages\/46064","targetHints":{"allow":["GET"]}}],"collection":[{"href":"https:\/\/www.paysdesecrins.com\/de\/wp-json\/wp\/v2\/pages"}],"about":[{"href":"https:\/\/www.paysdesecrins.com\/de\/wp-json\/wp\/v2\/types\/page"}],"author":[{"embeddable":true,"href":"https:\/\/www.paysdesecrins.com\/de\/wp-json\/wp\/v2\/users\/4"}],"replies":[{"embeddable":true,"href":"https:\/\/www.paysdesecrins.com\/de\/wp-json\/wp\/v2\/comments?post=46064"}],"version-history":[{"count":0,"href":"https:\/\/www.paysdesecrins.com\/de\/wp-json\/wp\/v2\/pages\/46064\/revisions"}],"up":[{"embeddable":true,"href":"https:\/\/www.paysdesecrins.com\/de\/wp-json\/wp\/v2\/pages\/44578"}],"wp:featuredmedia":[{"embeddable":true,"href":"https:\/\/www.paysdesecrins.com\/de\/wp-json\/wp\/v2\/media\/21896"}],"wp:attachment":[{"href":"https:\/\/www.paysdesecrins.com\/de\/wp-json\/wp\/v2\/media?parent=46064"}],"curies":[{"name":"wp","href":"https:\/\/api.w.org\/{rel}","templated":true}]}}