{"id":46099,"date":"2025-07-22T10:07:58","date_gmt":"2025-07-22T08:07:58","guid":{"rendered":"https:\/\/www.paysdesecrins.com\/sehenswuerdigkeiten-die-man-gesehen-haben-muss\/das-entraygues-tal\/"},"modified":"2025-07-30T11:54:07","modified_gmt":"2025-07-30T09:54:07","slug":"das-entraygues-tal","status":"publish","type":"page","link":"https:\/\/www.paysdesecrins.com\/de\/ich-waehle\/sehenswuerdigkeiten-die-man-gesehen-haben-muss\/das-entraygues-tal\/","title":{"rendered":"Das Entraygues-Tal"},"content":{"rendered":"    <div class=\"alignfull wp-block-ws-library-ws-header-interne\">\n\t    <div class=\"header-container\">\n\t        <div class=\"group-media has-image\">\n\t            \t                <img loading=\"lazy\" decoding=\"async\" width=\"1920\" height=\"800\" src=\"https:\/\/www.paysdesecrins.com\/wp-content\/uploads\/2025\/07\/16sitesdexception-entre-les-aygues-refugebans-02-1-1920x800.jpg\" alt=\"\" class=\"image_large_square wp-image-21415\" \/>\n\t            \t        <\/div>\n\t        <div class=\"group-content\">\n\t            <div class=\"title\">\n\t                <h1>\n\t                    Das Entraygues-Tal  \t                    \t                <\/h1>\n\t            <\/div>\n\t        <\/div>\n\t    <\/div>\n\t    \n<div class=\"yoast-breadcrumbs\"><span><span><a href=\"https:\/\/www.paysdesecrins.com\/de\/der-titel-des-hauses\/\">Accueil<\/a><\/span>  <span><a href=\"https:\/\/www.paysdesecrins.com\/de\/ich-waehle\/\">Ich w\u00e4hle<\/a><\/span>  <span><a href=\"https:\/\/www.paysdesecrins.com\/de\/ich-waehle\/sehenswuerdigkeiten-die-man-gesehen-haben-muss\/\">Sehensw\u00fcrdigkeiten, die man gesehen haben muss<\/a><\/span>  <span class=\"breadcrumb_last\" aria-current=\"page\">Das Entraygues-Tal<\/span><\/span><\/div>\n    <\/div>\n    \n<div class=\"wp-block-ws-library-ws-title\"><h2><em>Das Entre-les-Aygues-Tal:<\/em> wilde Natur und alpine Frische<\/h2><\/div>\n\n<p>Willkommen im Entre-les-Aygues-Tal, einem kleinen Juwel des Nationalparks \u00c9crins. Eingebettet zwischen W\u00e4ldern, Almen und Gletschern ist es sowohl ein Erlebnisort als auch eine Oase der Ruhe, ideal zum Wandern, Kraft tanken oder einfach nur Zeit nehmen. <\/p>\n\n<div class=\"wp-block-ws-library-ws-banner alignfull\"><div class=\"wrapper\"><div class=\"group-media\"><img loading=\"lazy\" decoding=\"async\" width=\"1707\" height=\"2560\" src=\"https:\/\/www.paysdesecrins.com\/wp-content\/uploads\/2025\/07\/16sitesdexception-entre-les-aygues-refugebans-26-scaled.jpg\" alt=\"\" class=\"single_image wp-image-21420\" srcset=\"https:\/\/www.paysdesecrins.com\/wp-content\/uploads\/2025\/07\/16sitesdexception-entre-les-aygues-refugebans-26-scaled.jpg 1707w, https:\/\/www.paysdesecrins.com\/wp-content\/uploads\/2025\/07\/16sitesdexception-entre-les-aygues-refugebans-26-200x300.jpg 200w, https:\/\/www.paysdesecrins.com\/wp-content\/uploads\/2025\/07\/16sitesdexception-entre-les-aygues-refugebans-26-683x1024.jpg 683w, https:\/\/www.paysdesecrins.com\/wp-content\/uploads\/2025\/07\/16sitesdexception-entre-les-aygues-refugebans-26-768x1152.jpg 768w, https:\/\/www.paysdesecrins.com\/wp-content\/uploads\/2025\/07\/16sitesdexception-entre-les-aygues-refugebans-26-1024x1536.jpg 1024w, https:\/\/www.paysdesecrins.com\/wp-content\/uploads\/2025\/07\/16sitesdexception-entre-les-aygues-refugebans-26-1365x2048.jpg 1365w, https:\/\/www.paysdesecrins.com\/wp-content\/uploads\/2025\/07\/16sitesdexception-entre-les-aygues-refugebans-26-427x640.jpg 427w, https:\/\/www.paysdesecrins.com\/wp-content\/uploads\/2025\/07\/16sitesdexception-entre-les-aygues-refugebans-26-300x450.jpg 300w, https:\/\/www.paysdesecrins.com\/wp-content\/uploads\/2025\/07\/16sitesdexception-entre-les-aygues-refugebans-26-390x585.jpg 390w\" sizes=\"auto, (max-width: 1707px) 100vw, 1707px\" \/><\/div>\n<div class=\"group-content\"><div class=\"wp-block-ws-library-ws-title\"><h3>Ein Tal im Herzen des GR54<\/h3><\/div><p>Zufahrt von Vallouise, Richtung Villard, dann Puy Aillaud (D504). Seit dem Ende der Stra\u00dfe ziehen Sie Ihre Turnschuhe an, den Rest erledigen Sie zu Fu\u00df.<br>Ausgangspunkt des GR54, das Tal f\u00fchrt zu den sch\u00f6nsten Wanderungen des Massivs: <\/p><ul class=\"wp-block-list\">\n<li>Jas la Croix H\u00fctte (2.430 m), Aussichtspunkt schwebt \u00fcber dem Tal<\/li>\n\n\n\n<li>Bans H\u00fctte, mit Blick auf die Gletscher, f\u00fcr eine Pause oder eine Nacht in der H\u00f6he<\/li>\n<\/ul><p>Nachts in einer H\u00fctte? Perfekt, um Murmeltiere, Izarden und Sonnenaufg\u00e4nge in Stille in einer H\u00f6he von 2.076 m zu beobachten. <\/p><div class=\"wp-block-ws-library-ws-title\"><h3>Erfrischende Pause am Wasser<\/h3><\/div><p>Mit der Familie k\u00f6nnen Sie auch eine entspannende Pause am Fluss genie\u00dfen. Picknick im Schatten, F\u00fc\u00dfe im Wasser oder Forellenangeln f\u00fcr die Geduldigsten.<br>Bonus: Die in den Fels gegrabenen Naturbecken bieten ein wildes, frisches und verj\u00fcngendes Schwimmbad. <br><br>Zwischen schlanken K\u00e4mmen, L\u00e4rchen, Wildwasser und reiner Luft ist Entre-les-Aygues ein einfacher, sch\u00f6ner und zug\u00e4nglicher Berg.<br><br>\ud83d\udcf8 #EntreLesAygues \u2013 Erkunden Sie in Ihrem eigenen Tempo, ohne Filter.<\/p><\/div>\n\n\n\n\n\n\n\n\n\n\n\n\n\n\n\n\n\n\n\n\n<\/div><\/div>\n\n<div class=\"wp-block-ws-library-ws-video\"><div class=\"wrapper\"><div class=\"group-media\">\n<figure class=\"wp-block-embed is-type-video is-provider-youtube wp-block-embed-youtube\"><div class=\"wp-block-embed__wrapper\">\n<iframe loading=\"lazy\" title=\"Randonn\u00e9e en famille au refuge des Bans\" width=\"500\" height=\"281\" src=\"https:\/\/www.youtube.com\/embed\/KRP0_j6vzYw?feature=oembed\" frameborder=\"0\" allow=\"accelerometer; autoplay; clipboard-write; encrypted-media; gyroscope; picture-in-picture; web-share\" referrerpolicy=\"strict-origin-when-cross-origin\" allowfullscreen><\/iframe>\n<\/div><\/figure>\n<\/div><\/div><\/div>\n\n<div class=\"wp-block-ws-library-ws-title\"><h2><em>Das Entre-les-Aygues-Tal<\/em>in Bildern<\/h2><\/div>\n\n<div class=\"wp-block-ws-library-ws-slider alignfull\"><div class=\"splide\" data-splide=\"{\"type\":\"slide\",\"heightRatio\":\"auto\",\"perPage\":4,\"perMove\":1,\"drag\":true,\"pagination\":0,\"autoplay\":false,\"gap\":\"2px\",\"breakpoints\":{\"450\":{\"perPage\":1},\"768\":{\"perPage\":2},\"992\":{\"perPage\":3},\"1200\":{\"perPage\":4}}}\"><div class=\"splide__track\"><div class=\"splide__list\"><div class=\"splide__slide\"><a href=\"https:\/\/www.paysdesecrins.com\/wp-content\/uploads\/2025\/07\/16sitesdexception-entre-les-aygues-dsc00316-scaled.jpg\" data-glightbox=\"true\" class=\"lightbox-trigger\"><img decoding=\"async\" src=\"https:\/\/www.paysdesecrins.com\/wp-content\/uploads\/2025\/07\/16sitesdexception-entre-les-aygues-dsc00316-400x400.jpg\" alt=\"\"><\/a><\/div><div class=\"splide__slide\"><a href=\"https:\/\/www.paysdesecrins.com\/wp-content\/uploads\/2025\/07\/16sitesdexception-entre-les-aygues-dsc01049-scaled.jpg\" data-glightbox=\"true\" class=\"lightbox-trigger\"><img decoding=\"async\" src=\"https:\/\/www.paysdesecrins.com\/wp-content\/uploads\/2025\/07\/16sitesdexception-entre-les-aygues-dsc01049-400x400.jpg\" alt=\"\"><\/a><\/div><div class=\"splide__slide\"><a href=\"https:\/\/www.paysdesecrins.com\/wp-content\/uploads\/2025\/07\/16sitesdexception-entre-les-aygues-dsc00590-1-scaled.jpg\" data-glightbox=\"true\" class=\"lightbox-trigger\"><img decoding=\"async\" src=\"https:\/\/www.paysdesecrins.com\/wp-content\/uploads\/2025\/07\/16sitesdexception-entre-les-aygues-dsc00590-1-400x400.jpg\" alt=\"\"><\/a><\/div><div class=\"splide__slide\"><a href=\"https:\/\/www.paysdesecrins.com\/wp-content\/uploads\/2025\/07\/161entre-les-aygues-refugebans-36-1-scaled.jpg\" data-glightbox=\"true\" class=\"lightbox-trigger\"><img decoding=\"async\" src=\"https:\/\/www.paysdesecrins.com\/wp-content\/uploads\/2025\/07\/161entre-les-aygues-refugebans-36-1-400x400.jpg\" alt=\"\"><\/a><\/div><\/div><\/div><\/div><\/div>\n\n<div class=\"wp-block-ws-library-ws-share\"><span class=\"share-subtitle\">Hat Ihnen diese Seite gefallen?<\/span><span class=\"share-title\">Teilen Sie es!<\/span><button class=\"ws-share-button wp-element-button\">Diese Seite teilen<\/button><\/div>\n","protected":false},"excerpt":{"rendered":"<p>Willkommen im Entre-les-Aygues-Tal, einem kleinen Juwel des Nationalparks \u00c9crins. Eingebettet zwischen W\u00e4ldern, Almen und Gletschern ist es sowohl ein Erlebnisort [&hellip;]<\/p>\n","protected":false},"author":4,"featured_media":21418,"parent":45272,"menu_order":0,"comment_status":"closed","ping_status":"closed","template":"","meta":{"_thumbnail_id_2":0,"summer_excerpt":"","season":"","station":"","footnotes":""},"class_list":["post-46099","page","type-page","status-publish","has-post-thumbnail","hentry"],"yoast_head":"<!-- This site is optimized with the Yoast SEO plugin v27.3 - https:\/\/yoast.com\/product\/yoast-seo-wordpress\/ -->\n<title>Das Entraygues-Tal - Pays des \u00c9crins - Office de Tourisme<\/title>\n<meta name=\"robots\" content=\"index, follow, max-snippet:-1, max-image-preview:large, max-video-preview:-1\" \/>\n<link rel=\"canonical\" href=\"https:\/\/www.paysdesecrins.com\/de\/ich-waehle\/sehenswuerdigkeiten-die-man-gesehen-haben-muss\/das-entraygues-tal\/\" \/>\n<meta property=\"og:locale\" content=\"de_DE\" \/>\n<meta property=\"og:type\" content=\"article\" \/>\n<meta property=\"og:title\" content=\"Das Entraygues-Tal - Pays des \u00c9crins - Office de Tourisme\" \/>\n<meta property=\"og:description\" content=\"Willkommen im Entre-les-Aygues-Tal, einem kleinen Juwel des Nationalparks \u00c9crins. Eingebettet zwischen W\u00e4ldern, Almen und Gletschern ist es sowohl ein Erlebnisort [&hellip;]\" \/>\n<meta property=\"og:url\" content=\"https:\/\/www.paysdesecrins.com\/de\/ich-waehle\/sehenswuerdigkeiten-die-man-gesehen-haben-muss\/das-entraygues-tal\/\" \/>\n<meta property=\"og:site_name\" content=\"Pays des \u00c9crins - Office de Tourisme\" \/>\n<meta property=\"article:modified_time\" content=\"2025-07-30T09:54:07+00:00\" \/>\n<meta property=\"og:image\" content=\"https:\/\/www.paysdesecrins.com\/wp-content\/uploads\/2025\/07\/16sitesdexception-entre-les-aygues-refugebans-02-1-scaled.jpg\" \/>\n\t<meta property=\"og:image:width\" content=\"1707\" \/>\n\t<meta property=\"og:image:height\" content=\"2560\" \/>\n\t<meta property=\"og:image:type\" content=\"image\/jpeg\" \/>\n<meta name=\"twitter:card\" content=\"summary_large_image\" \/>\n<meta name=\"twitter:label1\" content=\"Gesch\u00e4tzte Lesezeit\" \/>\n\t<meta name=\"twitter:data1\" content=\"1\u00a0Minute\" \/>\n<script type=\"application\/ld+json\" class=\"yoast-schema-graph\">{\"@context\":\"https:\\\/\\\/schema.org\",\"@graph\":[{\"@type\":\"WebPage\",\"@id\":\"https:\\\/\\\/www.paysdesecrins.com\\\/de\\\/ich-waehle\\\/sehenswuerdigkeiten-die-man-gesehen-haben-muss\\\/das-entraygues-tal\\\/\",\"url\":\"https:\\\/\\\/www.paysdesecrins.com\\\/de\\\/ich-waehle\\\/sehenswuerdigkeiten-die-man-gesehen-haben-muss\\\/das-entraygues-tal\\\/\",\"name\":\"Das Entraygues-Tal - Pays des \u00c9crins - Office de Tourisme\",\"isPartOf\":{\"@id\":\"https:\\\/\\\/www.paysdesecrins.com\\\/de\\\/#website\"},\"primaryImageOfPage\":{\"@id\":\"https:\\\/\\\/www.paysdesecrins.com\\\/de\\\/ich-waehle\\\/sehenswuerdigkeiten-die-man-gesehen-haben-muss\\\/das-entraygues-tal\\\/#primaryimage\"},\"image\":{\"@id\":\"https:\\\/\\\/www.paysdesecrins.com\\\/de\\\/ich-waehle\\\/sehenswuerdigkeiten-die-man-gesehen-haben-muss\\\/das-entraygues-tal\\\/#primaryimage\"},\"thumbnailUrl\":\"https:\\\/\\\/www.paysdesecrins.com\\\/wp-content\\\/uploads\\\/2025\\\/07\\\/16sitesdexception-entre-les-aygues-refugebans-02-1-scaled.jpg\",\"datePublished\":\"2025-07-22T08:07:58+00:00\",\"dateModified\":\"2025-07-30T09:54:07+00:00\",\"breadcrumb\":{\"@id\":\"https:\\\/\\\/www.paysdesecrins.com\\\/de\\\/ich-waehle\\\/sehenswuerdigkeiten-die-man-gesehen-haben-muss\\\/das-entraygues-tal\\\/#breadcrumb\"},\"inLanguage\":\"de\",\"potentialAction\":[{\"@type\":\"ReadAction\",\"target\":[\"https:\\\/\\\/www.paysdesecrins.com\\\/de\\\/ich-waehle\\\/sehenswuerdigkeiten-die-man-gesehen-haben-muss\\\/das-entraygues-tal\\\/\"]}]},{\"@type\":\"ImageObject\",\"inLanguage\":\"de\",\"@id\":\"https:\\\/\\\/www.paysdesecrins.com\\\/de\\\/ich-waehle\\\/sehenswuerdigkeiten-die-man-gesehen-haben-muss\\\/das-entraygues-tal\\\/#primaryimage\",\"url\":\"https:\\\/\\\/www.paysdesecrins.com\\\/wp-content\\\/uploads\\\/2025\\\/07\\\/16sitesdexception-entre-les-aygues-refugebans-02-1-scaled.jpg\",\"contentUrl\":\"https:\\\/\\\/www.paysdesecrins.com\\\/wp-content\\\/uploads\\\/2025\\\/07\\\/16sitesdexception-entre-les-aygues-refugebans-02-1-scaled.jpg\",\"width\":1707,\"height\":2560},{\"@type\":\"BreadcrumbList\",\"@id\":\"https:\\\/\\\/www.paysdesecrins.com\\\/de\\\/ich-waehle\\\/sehenswuerdigkeiten-die-man-gesehen-haben-muss\\\/das-entraygues-tal\\\/#breadcrumb\",\"itemListElement\":[{\"@type\":\"ListItem\",\"position\":1,\"name\":\"Accueil\",\"item\":\"https:\\\/\\\/www.paysdesecrins.com\\\/de\\\/der-titel-des-hauses\\\/\"},{\"@type\":\"ListItem\",\"position\":2,\"name\":\"Ich w\u00e4hle\",\"item\":\"https:\\\/\\\/www.paysdesecrins.com\\\/de\\\/ich-waehle\\\/\"},{\"@type\":\"ListItem\",\"position\":3,\"name\":\"Sehensw\u00fcrdigkeiten, die man gesehen haben muss\",\"item\":\"https:\\\/\\\/www.paysdesecrins.com\\\/de\\\/ich-waehle\\\/sehenswuerdigkeiten-die-man-gesehen-haben-muss\\\/\"},{\"@type\":\"ListItem\",\"position\":4,\"name\":\"Das Entraygues-Tal\"}]},{\"@type\":\"WebSite\",\"@id\":\"https:\\\/\\\/www.paysdesecrins.com\\\/de\\\/#website\",\"url\":\"https:\\\/\\\/www.paysdesecrins.com\\\/de\\\/\",\"name\":\"Pays des \u00c9crins - Office de Tourisme\",\"description\":\"L&#039;esprit montagne\",\"publisher\":{\"@id\":\"https:\\\/\\\/www.paysdesecrins.com\\\/de\\\/#organization\"},\"potentialAction\":[{\"@type\":\"SearchAction\",\"target\":{\"@type\":\"EntryPoint\",\"urlTemplate\":\"https:\\\/\\\/www.paysdesecrins.com\\\/de\\\/?s={search_term_string}\"},\"query-input\":{\"@type\":\"PropertyValueSpecification\",\"valueRequired\":true,\"valueName\":\"search_term_string\"}}],\"inLanguage\":\"de\"},{\"@type\":\"Organization\",\"@id\":\"https:\\\/\\\/www.paysdesecrins.com\\\/de\\\/#organization\",\"name\":\"Pays des \u00c9crins - Office de Tourisme\",\"url\":\"https:\\\/\\\/www.paysdesecrins.com\\\/de\\\/\",\"logo\":{\"@type\":\"ImageObject\",\"inLanguage\":\"de\",\"@id\":\"https:\\\/\\\/www.paysdesecrins.com\\\/de\\\/#\\\/schema\\\/logo\\\/image\\\/\",\"url\":\"https:\\\/\\\/www.paysdesecrins.com\\\/wp-content\\\/uploads\\\/2025\\\/06\\\/devina-svg-1750845694.svg\",\"contentUrl\":\"https:\\\/\\\/www.paysdesecrins.com\\\/wp-content\\\/uploads\\\/2025\\\/06\\\/devina-svg-1750845694.svg\",\"caption\":\"Pays des \u00c9crins - Office de Tourisme\"},\"image\":{\"@id\":\"https:\\\/\\\/www.paysdesecrins.com\\\/de\\\/#\\\/schema\\\/logo\\\/image\\\/\"}}]}<\/script>\n<!-- \/ Yoast SEO plugin. -->","yoast_head_json":{"title":"Das Entraygues-Tal - Pays des \u00c9crins - Office de Tourisme","robots":{"index":"index","follow":"follow","max-snippet":"max-snippet:-1","max-image-preview":"max-image-preview:large","max-video-preview":"max-video-preview:-1"},"canonical":"https:\/\/www.paysdesecrins.com\/de\/ich-waehle\/sehenswuerdigkeiten-die-man-gesehen-haben-muss\/das-entraygues-tal\/","og_locale":"de_DE","og_type":"article","og_title":"Das Entraygues-Tal - Pays des \u00c9crins - Office de Tourisme","og_description":"Willkommen im Entre-les-Aygues-Tal, einem kleinen Juwel des Nationalparks \u00c9crins. Eingebettet zwischen W\u00e4ldern, Almen und Gletschern ist es sowohl ein Erlebnisort [&hellip;]","og_url":"https:\/\/www.paysdesecrins.com\/de\/ich-waehle\/sehenswuerdigkeiten-die-man-gesehen-haben-muss\/das-entraygues-tal\/","og_site_name":"Pays des \u00c9crins - Office de Tourisme","article_modified_time":"2025-07-30T09:54:07+00:00","og_image":[{"width":1707,"height":2560,"url":"https:\/\/www.paysdesecrins.com\/wp-content\/uploads\/2025\/07\/16sitesdexception-entre-les-aygues-refugebans-02-1-scaled.jpg","type":"image\/jpeg"}],"twitter_card":"summary_large_image","twitter_misc":{"Gesch\u00e4tzte Lesezeit":"1\u00a0Minute"},"schema":{"@context":"https:\/\/schema.org","@graph":[{"@type":"WebPage","@id":"https:\/\/www.paysdesecrins.com\/de\/ich-waehle\/sehenswuerdigkeiten-die-man-gesehen-haben-muss\/das-entraygues-tal\/","url":"https:\/\/www.paysdesecrins.com\/de\/ich-waehle\/sehenswuerdigkeiten-die-man-gesehen-haben-muss\/das-entraygues-tal\/","name":"Das Entraygues-Tal - Pays des \u00c9crins - Office de Tourisme","isPartOf":{"@id":"https:\/\/www.paysdesecrins.com\/de\/#website"},"primaryImageOfPage":{"@id":"https:\/\/www.paysdesecrins.com\/de\/ich-waehle\/sehenswuerdigkeiten-die-man-gesehen-haben-muss\/das-entraygues-tal\/#primaryimage"},"image":{"@id":"https:\/\/www.paysdesecrins.com\/de\/ich-waehle\/sehenswuerdigkeiten-die-man-gesehen-haben-muss\/das-entraygues-tal\/#primaryimage"},"thumbnailUrl":"https:\/\/www.paysdesecrins.com\/wp-content\/uploads\/2025\/07\/16sitesdexception-entre-les-aygues-refugebans-02-1-scaled.jpg","datePublished":"2025-07-22T08:07:58+00:00","dateModified":"2025-07-30T09:54:07+00:00","breadcrumb":{"@id":"https:\/\/www.paysdesecrins.com\/de\/ich-waehle\/sehenswuerdigkeiten-die-man-gesehen-haben-muss\/das-entraygues-tal\/#breadcrumb"},"inLanguage":"de","potentialAction":[{"@type":"ReadAction","target":["https:\/\/www.paysdesecrins.com\/de\/ich-waehle\/sehenswuerdigkeiten-die-man-gesehen-haben-muss\/das-entraygues-tal\/"]}]},{"@type":"ImageObject","inLanguage":"de","@id":"https:\/\/www.paysdesecrins.com\/de\/ich-waehle\/sehenswuerdigkeiten-die-man-gesehen-haben-muss\/das-entraygues-tal\/#primaryimage","url":"https:\/\/www.paysdesecrins.com\/wp-content\/uploads\/2025\/07\/16sitesdexception-entre-les-aygues-refugebans-02-1-scaled.jpg","contentUrl":"https:\/\/www.paysdesecrins.com\/wp-content\/uploads\/2025\/07\/16sitesdexception-entre-les-aygues-refugebans-02-1-scaled.jpg","width":1707,"height":2560},{"@type":"BreadcrumbList","@id":"https:\/\/www.paysdesecrins.com\/de\/ich-waehle\/sehenswuerdigkeiten-die-man-gesehen-haben-muss\/das-entraygues-tal\/#breadcrumb","itemListElement":[{"@type":"ListItem","position":1,"name":"Accueil","item":"https:\/\/www.paysdesecrins.com\/de\/der-titel-des-hauses\/"},{"@type":"ListItem","position":2,"name":"Ich w\u00e4hle","item":"https:\/\/www.paysdesecrins.com\/de\/ich-waehle\/"},{"@type":"ListItem","position":3,"name":"Sehensw\u00fcrdigkeiten, die man gesehen haben muss","item":"https:\/\/www.paysdesecrins.com\/de\/ich-waehle\/sehenswuerdigkeiten-die-man-gesehen-haben-muss\/"},{"@type":"ListItem","position":4,"name":"Das Entraygues-Tal"}]},{"@type":"WebSite","@id":"https:\/\/www.paysdesecrins.com\/de\/#website","url":"https:\/\/www.paysdesecrins.com\/de\/","name":"Pays des \u00c9crins - Office de Tourisme","description":"L&#039;esprit montagne","publisher":{"@id":"https:\/\/www.paysdesecrins.com\/de\/#organization"},"potentialAction":[{"@type":"SearchAction","target":{"@type":"EntryPoint","urlTemplate":"https:\/\/www.paysdesecrins.com\/de\/?s={search_term_string}"},"query-input":{"@type":"PropertyValueSpecification","valueRequired":true,"valueName":"search_term_string"}}],"inLanguage":"de"},{"@type":"Organization","@id":"https:\/\/www.paysdesecrins.com\/de\/#organization","name":"Pays des \u00c9crins - Office de Tourisme","url":"https:\/\/www.paysdesecrins.com\/de\/","logo":{"@type":"ImageObject","inLanguage":"de","@id":"https:\/\/www.paysdesecrins.com\/de\/#\/schema\/logo\/image\/","url":"https:\/\/www.paysdesecrins.com\/wp-content\/uploads\/2025\/06\/devina-svg-1750845694.svg","contentUrl":"https:\/\/www.paysdesecrins.com\/wp-content\/uploads\/2025\/06\/devina-svg-1750845694.svg","caption":"Pays des \u00c9crins - Office de Tourisme"},"image":{"@id":"https:\/\/www.paysdesecrins.com\/de\/#\/schema\/logo\/image\/"}}]}},"_links":{"self":[{"href":"https:\/\/www.paysdesecrins.com\/de\/wp-json\/wp\/v2\/pages\/46099","targetHints":{"allow":["GET"]}}],"collection":[{"href":"https:\/\/www.paysdesecrins.com\/de\/wp-json\/wp\/v2\/pages"}],"about":[{"href":"https:\/\/www.paysdesecrins.com\/de\/wp-json\/wp\/v2\/types\/page"}],"author":[{"embeddable":true,"href":"https:\/\/www.paysdesecrins.com\/de\/wp-json\/wp\/v2\/users\/4"}],"replies":[{"embeddable":true,"href":"https:\/\/www.paysdesecrins.com\/de\/wp-json\/wp\/v2\/comments?post=46099"}],"version-history":[{"count":0,"href":"https:\/\/www.paysdesecrins.com\/de\/wp-json\/wp\/v2\/pages\/46099\/revisions"}],"up":[{"embeddable":true,"href":"https:\/\/www.paysdesecrins.com\/de\/wp-json\/wp\/v2\/pages\/45272"}],"wp:featuredmedia":[{"embeddable":true,"href":"https:\/\/www.paysdesecrins.com\/de\/wp-json\/wp\/v2\/media\/21418"}],"wp:attachment":[{"href":"https:\/\/www.paysdesecrins.com\/de\/wp-json\/wp\/v2\/media?parent=46099"}],"curies":[{"name":"wp","href":"https:\/\/api.w.org\/{rel}","templated":true}]}}