{"id":47420,"date":"2025-07-28T15:55:59","date_gmt":"2025-07-28T13:55:59","guid":{"rendered":"https:\/\/www.paysdesecrins.com\/mein-wunsch\/entdeckung\/familienausflug-zur-banshuette\/"},"modified":"2025-07-29T11:15:38","modified_gmt":"2025-07-29T09:15:38","slug":"familienausflug-zur-banshuette","status":"publish","type":"page","link":"https:\/\/www.paysdesecrins.com\/de\/mein-wunsch\/entdeckung\/familienausflug-zur-banshuette\/","title":{"rendered":"Familienausflug zur Bansh\u00fctte"},"content":{"rendered":"    <div class=\"alignfull wp-block-ws-library-ws-header-interne\" data-season=\"allseasons\">\n\t    <div class=\"header-container\">\n\t        <div class=\"group-media has-image\">\n\t            \t                <img loading=\"lazy\" decoding=\"async\" width=\"1920\" height=\"800\" src=\"https:\/\/www.paysdesecrins.com\/wp-content\/uploads\/2025\/07\/161entre-les-aygues-refugebans-36-1-1920x800.jpg\" alt=\"\" class=\"image_large_square wp-image-21299\" \/>\n\t            \t        <\/div>\n\t        <div class=\"group-content\">\n\t            <div class=\"title\">\n\t                <h1>\n\t                    Familienausflug zur Bansh\u00fctte\t                    \t                <\/h1>\n\t            <\/div>\n\t        <\/div>\n\t    <\/div>\n\t    \n<div class=\"yoast-breadcrumbs\"><span><span><a href=\"https:\/\/www.paysdesecrins.com\/de\/der-titel-des-hauses\/\">Accueil<\/a><\/span>  <span><a href=\"https:\/\/www.paysdesecrins.com\/de\/mein-wunsch\/\">Mein Wunsch,<\/a><\/span>  <span><a href=\"https:\/\/www.paysdesecrins.com\/de\/mein-wunsch\/entdeckung\/\">Mein Wunsch nach Entdeckung<\/a><\/span>  <span class=\"breadcrumb_last\" aria-current=\"page\">Familienausflug zur Bansh\u00fctte<\/span><\/span><\/div>\n    <\/div>\n    \n<div class=\"wp-block-ws-library-ws-title aligncenter\"><h2><em>Die Zuflucht der Banns mit der Familie, <\/em>Vallouise-Pelvoux<\/h2><\/div>\n\n<div class=\"wp-block-ws-library-ws-video\"><div class=\"wrapper\"><div class=\"group-media\">\n<figure class=\"wp-block-embed is-type-video is-provider-youtube wp-block-embed-youtube\"><div class=\"wp-block-embed__wrapper\">\n<iframe loading=\"lazy\" title=\"Un \u00e9t\u00e9 dans le Pays des \u00c9crins - Refuge en famille\" width=\"500\" height=\"281\" src=\"https:\/\/www.youtube.com\/embed\/UH1CCRXhlWw?feature=oembed\" frameborder=\"0\" allow=\"accelerometer; autoplay; clipboard-write; encrypted-media; gyroscope; picture-in-picture; web-share\" referrerpolicy=\"strict-origin-when-cross-origin\" allowfullscreen><\/iframe>\n<\/div><\/figure>\n<\/div><\/div><\/div>\n\n<div class=\"wp-block-ws-library-ws-banner alignfull\"><div class=\"wrapper\"><div class=\"group-media\"><img loading=\"lazy\" decoding=\"async\" width=\"1920\" height=\"480\" src=\"https:\/\/www.paysdesecrins.com\/wp-content\/uploads\/2025\/07\/16sitesdexception-entre-les-aygues-refugebans-26-1920x480.jpg\" alt=\"\" class=\"single_image wp-image-21420\"><\/div>\n<div class=\"group-content\"><div class=\"wp-block-ws-library-ws-title\"><h2>Ein Refugium, das Sie mit der Familie entdecken k\u00f6nnen<\/h2><\/div><p>Ehrlich gesagt, wenn Sie auf der Suche nach einer sch\u00f6nen Wanderung mit Ihrer Familie sind, ist die Wanderung in der Bans-H\u00fctte genau das Richtige. Der Weg ist sch\u00f6n, ohne zu stark zu sein, die Landschaften sind verr\u00fcckt und vor allem hat man diesen kleinen Hauch von Abenteuer, der jeden begeistert.   <\/p><p>Die Kinder lieben es, die Murmeltiere zu entdecken, sie plaudern, sie lachen und wir bewegen uns in unserem eigenen Tempo, ohne Druck. Und dann die Ankunft in der H\u00fctte, mit dem Berg im Hintergrund und einem guten Snack zum Teilen, es ist ein einfacher, aber wirklich wertvoller Moment. <\/p><div class=\"wp-block-ws-library-ws-title\"><h2>Wie kommt man dorthin?<\/h2><\/div><ul class=\"wp-block-list\">\n<li>Anreise zum Tal Entre les Aygues vom Zentrum von Vallouise<\/li>\n\n\n\n<li>Parken Sie Ihr Auto auf dem daf\u00fcr vorgesehenen Parkplatz<\/li>\n\n\n\n<li>Brechen Sie am Ende des Tages gegen 16 Uhr auf, wenn das Wetter gut ist, um in die K\u00fchle zu gehen<\/li>\n\n\n\n<li>Benachrichtigen Sie die Wachen \u00fcber Ihre Ankunft unter 04 92 23 39 48<\/li>\n\n\n\n<li>Planen Sie 3 Stunden Aufstieg ein  <\/li>\n\n\n\n<li>Bringen Sie gute Wanderschuhe, Wasser und etwas zum Schlafen auf der H\u00fctte mit<\/li>\n<\/ul><\/div>\n\n\n\n\n\n\n\n\n\n\n\n\n\n\n\n\n<\/div><\/div>\n\n<div class=\"wp-block-ws-library-ws-share\"><span class=\"share-subtitle\">Hat Ihnen diese Seite gefallen?<\/span><span class=\"share-title\">Teilen Sie es!<\/span><button class=\"ws-share-button wp-element-button\">Diese Seite teilen<\/button><\/div>\n","protected":false},"excerpt":{"rendered":"","protected":false},"author":4,"featured_media":21423,"parent":44566,"menu_order":0,"comment_status":"closed","ping_status":"closed","template":"","meta":{"_thumbnail_id_2":0,"summer_excerpt":"","season":"","station":"","footnotes":""},"class_list":["post-47420","page","type-page","status-publish","has-post-thumbnail","hentry"],"yoast_head":"<!-- This site is optimized with the Yoast SEO plugin v27.3 - https:\/\/yoast.com\/product\/yoast-seo-wordpress\/ -->\n<title>Familienausflug zur Bansh\u00fctte - Pays des \u00c9crins - Office de Tourisme<\/title>\n<meta name=\"robots\" content=\"index, follow, max-snippet:-1, max-image-preview:large, max-video-preview:-1\" \/>\n<link rel=\"canonical\" href=\"https:\/\/www.paysdesecrins.com\/de\/mein-wunsch\/entdeckung\/familienausflug-zur-banshuette\/\" \/>\n<meta property=\"og:locale\" content=\"de_DE\" \/>\n<meta property=\"og:type\" content=\"article\" \/>\n<meta property=\"og:title\" content=\"Familienausflug zur Bansh\u00fctte - Pays des \u00c9crins - Office de Tourisme\" \/>\n<meta property=\"og:url\" content=\"https:\/\/www.paysdesecrins.com\/de\/mein-wunsch\/entdeckung\/familienausflug-zur-banshuette\/\" \/>\n<meta property=\"og:site_name\" content=\"Pays des \u00c9crins - Office de Tourisme\" \/>\n<meta property=\"article:modified_time\" content=\"2025-07-29T09:15:38+00:00\" \/>\n<meta property=\"og:image\" content=\"https:\/\/www.paysdesecrins.com\/wp-content\/uploads\/2025\/07\/16sitesdexception-entre-les-aygues-refugebans-26-scaled.jpg\" \/>\n\t<meta property=\"og:image:width\" content=\"1707\" \/>\n\t<meta property=\"og:image:height\" content=\"2560\" \/>\n\t<meta property=\"og:image:type\" content=\"image\/jpeg\" \/>\n<meta name=\"twitter:card\" content=\"summary_large_image\" \/>\n<meta name=\"twitter:label1\" content=\"Gesch\u00e4tzte Lesezeit\" \/>\n\t<meta name=\"twitter:data1\" content=\"1\u00a0Minute\" \/>\n<script type=\"application\/ld+json\" class=\"yoast-schema-graph\">{\"@context\":\"https:\\\/\\\/schema.org\",\"@graph\":[{\"@type\":\"WebPage\",\"@id\":\"https:\\\/\\\/www.paysdesecrins.com\\\/de\\\/mein-wunsch\\\/entdeckung\\\/familienausflug-zur-banshuette\\\/\",\"url\":\"https:\\\/\\\/www.paysdesecrins.com\\\/de\\\/mein-wunsch\\\/entdeckung\\\/familienausflug-zur-banshuette\\\/\",\"name\":\"Familienausflug zur Bansh\u00fctte - Pays des \u00c9crins - Office de Tourisme\",\"isPartOf\":{\"@id\":\"https:\\\/\\\/www.paysdesecrins.com\\\/de\\\/#website\"},\"primaryImageOfPage\":{\"@id\":\"https:\\\/\\\/www.paysdesecrins.com\\\/de\\\/mein-wunsch\\\/entdeckung\\\/familienausflug-zur-banshuette\\\/#primaryimage\"},\"image\":{\"@id\":\"https:\\\/\\\/www.paysdesecrins.com\\\/de\\\/mein-wunsch\\\/entdeckung\\\/familienausflug-zur-banshuette\\\/#primaryimage\"},\"thumbnailUrl\":\"https:\\\/\\\/www.paysdesecrins.com\\\/wp-content\\\/uploads\\\/2025\\\/07\\\/16sitesdexception-entre-les-aygues-refugebans-26-scaled.jpg\",\"datePublished\":\"2025-07-28T13:55:59+00:00\",\"dateModified\":\"2025-07-29T09:15:38+00:00\",\"breadcrumb\":{\"@id\":\"https:\\\/\\\/www.paysdesecrins.com\\\/de\\\/mein-wunsch\\\/entdeckung\\\/familienausflug-zur-banshuette\\\/#breadcrumb\"},\"inLanguage\":\"de\",\"potentialAction\":[{\"@type\":\"ReadAction\",\"target\":[\"https:\\\/\\\/www.paysdesecrins.com\\\/de\\\/mein-wunsch\\\/entdeckung\\\/familienausflug-zur-banshuette\\\/\"]}]},{\"@type\":\"ImageObject\",\"inLanguage\":\"de\",\"@id\":\"https:\\\/\\\/www.paysdesecrins.com\\\/de\\\/mein-wunsch\\\/entdeckung\\\/familienausflug-zur-banshuette\\\/#primaryimage\",\"url\":\"https:\\\/\\\/www.paysdesecrins.com\\\/wp-content\\\/uploads\\\/2025\\\/07\\\/16sitesdexception-entre-les-aygues-refugebans-26-scaled.jpg\",\"contentUrl\":\"https:\\\/\\\/www.paysdesecrins.com\\\/wp-content\\\/uploads\\\/2025\\\/07\\\/16sitesdexception-entre-les-aygues-refugebans-26-scaled.jpg\",\"width\":1707,\"height\":2560},{\"@type\":\"BreadcrumbList\",\"@id\":\"https:\\\/\\\/www.paysdesecrins.com\\\/de\\\/mein-wunsch\\\/entdeckung\\\/familienausflug-zur-banshuette\\\/#breadcrumb\",\"itemListElement\":[{\"@type\":\"ListItem\",\"position\":1,\"name\":\"Accueil\",\"item\":\"https:\\\/\\\/www.paysdesecrins.com\\\/de\\\/der-titel-des-hauses\\\/\"},{\"@type\":\"ListItem\",\"position\":2,\"name\":\"Mein Wunsch,\",\"item\":\"https:\\\/\\\/www.paysdesecrins.com\\\/de\\\/mein-wunsch\\\/\"},{\"@type\":\"ListItem\",\"position\":3,\"name\":\"Mein Wunsch nach Entdeckung\",\"item\":\"https:\\\/\\\/www.paysdesecrins.com\\\/de\\\/mein-wunsch\\\/entdeckung\\\/\"},{\"@type\":\"ListItem\",\"position\":4,\"name\":\"Familienausflug zur Bansh\u00fctte\"}]},{\"@type\":\"WebSite\",\"@id\":\"https:\\\/\\\/www.paysdesecrins.com\\\/de\\\/#website\",\"url\":\"https:\\\/\\\/www.paysdesecrins.com\\\/de\\\/\",\"name\":\"Pays des \u00c9crins - Office de Tourisme\",\"description\":\"L&#039;esprit montagne\",\"publisher\":{\"@id\":\"https:\\\/\\\/www.paysdesecrins.com\\\/de\\\/#organization\"},\"potentialAction\":[{\"@type\":\"SearchAction\",\"target\":{\"@type\":\"EntryPoint\",\"urlTemplate\":\"https:\\\/\\\/www.paysdesecrins.com\\\/de\\\/?s={search_term_string}\"},\"query-input\":{\"@type\":\"PropertyValueSpecification\",\"valueRequired\":true,\"valueName\":\"search_term_string\"}}],\"inLanguage\":\"de\"},{\"@type\":\"Organization\",\"@id\":\"https:\\\/\\\/www.paysdesecrins.com\\\/de\\\/#organization\",\"name\":\"Pays des \u00c9crins - Office de Tourisme\",\"url\":\"https:\\\/\\\/www.paysdesecrins.com\\\/de\\\/\",\"logo\":{\"@type\":\"ImageObject\",\"inLanguage\":\"de\",\"@id\":\"https:\\\/\\\/www.paysdesecrins.com\\\/de\\\/#\\\/schema\\\/logo\\\/image\\\/\",\"url\":\"https:\\\/\\\/www.paysdesecrins.com\\\/wp-content\\\/uploads\\\/2025\\\/06\\\/devina-svg-1750845694.svg\",\"contentUrl\":\"https:\\\/\\\/www.paysdesecrins.com\\\/wp-content\\\/uploads\\\/2025\\\/06\\\/devina-svg-1750845694.svg\",\"caption\":\"Pays des \u00c9crins - Office de Tourisme\"},\"image\":{\"@id\":\"https:\\\/\\\/www.paysdesecrins.com\\\/de\\\/#\\\/schema\\\/logo\\\/image\\\/\"}}]}<\/script>\n<!-- \/ Yoast SEO plugin. -->","yoast_head_json":{"title":"Familienausflug zur Bansh\u00fctte - Pays des \u00c9crins - Office de Tourisme","robots":{"index":"index","follow":"follow","max-snippet":"max-snippet:-1","max-image-preview":"max-image-preview:large","max-video-preview":"max-video-preview:-1"},"canonical":"https:\/\/www.paysdesecrins.com\/de\/mein-wunsch\/entdeckung\/familienausflug-zur-banshuette\/","og_locale":"de_DE","og_type":"article","og_title":"Familienausflug zur Bansh\u00fctte - Pays des \u00c9crins - Office de Tourisme","og_url":"https:\/\/www.paysdesecrins.com\/de\/mein-wunsch\/entdeckung\/familienausflug-zur-banshuette\/","og_site_name":"Pays des \u00c9crins - Office de Tourisme","article_modified_time":"2025-07-29T09:15:38+00:00","og_image":[{"width":1707,"height":2560,"url":"https:\/\/www.paysdesecrins.com\/wp-content\/uploads\/2025\/07\/16sitesdexception-entre-les-aygues-refugebans-26-scaled.jpg","type":"image\/jpeg"}],"twitter_card":"summary_large_image","twitter_misc":{"Gesch\u00e4tzte Lesezeit":"1\u00a0Minute"},"schema":{"@context":"https:\/\/schema.org","@graph":[{"@type":"WebPage","@id":"https:\/\/www.paysdesecrins.com\/de\/mein-wunsch\/entdeckung\/familienausflug-zur-banshuette\/","url":"https:\/\/www.paysdesecrins.com\/de\/mein-wunsch\/entdeckung\/familienausflug-zur-banshuette\/","name":"Familienausflug zur Bansh\u00fctte - Pays des \u00c9crins - Office de Tourisme","isPartOf":{"@id":"https:\/\/www.paysdesecrins.com\/de\/#website"},"primaryImageOfPage":{"@id":"https:\/\/www.paysdesecrins.com\/de\/mein-wunsch\/entdeckung\/familienausflug-zur-banshuette\/#primaryimage"},"image":{"@id":"https:\/\/www.paysdesecrins.com\/de\/mein-wunsch\/entdeckung\/familienausflug-zur-banshuette\/#primaryimage"},"thumbnailUrl":"https:\/\/www.paysdesecrins.com\/wp-content\/uploads\/2025\/07\/16sitesdexception-entre-les-aygues-refugebans-26-scaled.jpg","datePublished":"2025-07-28T13:55:59+00:00","dateModified":"2025-07-29T09:15:38+00:00","breadcrumb":{"@id":"https:\/\/www.paysdesecrins.com\/de\/mein-wunsch\/entdeckung\/familienausflug-zur-banshuette\/#breadcrumb"},"inLanguage":"de","potentialAction":[{"@type":"ReadAction","target":["https:\/\/www.paysdesecrins.com\/de\/mein-wunsch\/entdeckung\/familienausflug-zur-banshuette\/"]}]},{"@type":"ImageObject","inLanguage":"de","@id":"https:\/\/www.paysdesecrins.com\/de\/mein-wunsch\/entdeckung\/familienausflug-zur-banshuette\/#primaryimage","url":"https:\/\/www.paysdesecrins.com\/wp-content\/uploads\/2025\/07\/16sitesdexception-entre-les-aygues-refugebans-26-scaled.jpg","contentUrl":"https:\/\/www.paysdesecrins.com\/wp-content\/uploads\/2025\/07\/16sitesdexception-entre-les-aygues-refugebans-26-scaled.jpg","width":1707,"height":2560},{"@type":"BreadcrumbList","@id":"https:\/\/www.paysdesecrins.com\/de\/mein-wunsch\/entdeckung\/familienausflug-zur-banshuette\/#breadcrumb","itemListElement":[{"@type":"ListItem","position":1,"name":"Accueil","item":"https:\/\/www.paysdesecrins.com\/de\/der-titel-des-hauses\/"},{"@type":"ListItem","position":2,"name":"Mein Wunsch,","item":"https:\/\/www.paysdesecrins.com\/de\/mein-wunsch\/"},{"@type":"ListItem","position":3,"name":"Mein Wunsch nach Entdeckung","item":"https:\/\/www.paysdesecrins.com\/de\/mein-wunsch\/entdeckung\/"},{"@type":"ListItem","position":4,"name":"Familienausflug zur Bansh\u00fctte"}]},{"@type":"WebSite","@id":"https:\/\/www.paysdesecrins.com\/de\/#website","url":"https:\/\/www.paysdesecrins.com\/de\/","name":"Pays des \u00c9crins - Office de Tourisme","description":"L&#039;esprit montagne","publisher":{"@id":"https:\/\/www.paysdesecrins.com\/de\/#organization"},"potentialAction":[{"@type":"SearchAction","target":{"@type":"EntryPoint","urlTemplate":"https:\/\/www.paysdesecrins.com\/de\/?s={search_term_string}"},"query-input":{"@type":"PropertyValueSpecification","valueRequired":true,"valueName":"search_term_string"}}],"inLanguage":"de"},{"@type":"Organization","@id":"https:\/\/www.paysdesecrins.com\/de\/#organization","name":"Pays des \u00c9crins - Office de Tourisme","url":"https:\/\/www.paysdesecrins.com\/de\/","logo":{"@type":"ImageObject","inLanguage":"de","@id":"https:\/\/www.paysdesecrins.com\/de\/#\/schema\/logo\/image\/","url":"https:\/\/www.paysdesecrins.com\/wp-content\/uploads\/2025\/06\/devina-svg-1750845694.svg","contentUrl":"https:\/\/www.paysdesecrins.com\/wp-content\/uploads\/2025\/06\/devina-svg-1750845694.svg","caption":"Pays des \u00c9crins - Office de Tourisme"},"image":{"@id":"https:\/\/www.paysdesecrins.com\/de\/#\/schema\/logo\/image\/"}}]}},"_links":{"self":[{"href":"https:\/\/www.paysdesecrins.com\/de\/wp-json\/wp\/v2\/pages\/47420","targetHints":{"allow":["GET"]}}],"collection":[{"href":"https:\/\/www.paysdesecrins.com\/de\/wp-json\/wp\/v2\/pages"}],"about":[{"href":"https:\/\/www.paysdesecrins.com\/de\/wp-json\/wp\/v2\/types\/page"}],"author":[{"embeddable":true,"href":"https:\/\/www.paysdesecrins.com\/de\/wp-json\/wp\/v2\/users\/4"}],"replies":[{"embeddable":true,"href":"https:\/\/www.paysdesecrins.com\/de\/wp-json\/wp\/v2\/comments?post=47420"}],"version-history":[{"count":0,"href":"https:\/\/www.paysdesecrins.com\/de\/wp-json\/wp\/v2\/pages\/47420\/revisions"}],"up":[{"embeddable":true,"href":"https:\/\/www.paysdesecrins.com\/de\/wp-json\/wp\/v2\/pages\/44566"}],"wp:featuredmedia":[{"embeddable":true,"href":"https:\/\/www.paysdesecrins.com\/de\/wp-json\/wp\/v2\/media\/21423"}],"wp:attachment":[{"href":"https:\/\/www.paysdesecrins.com\/de\/wp-json\/wp\/v2\/media?parent=47420"}],"curies":[{"name":"wp","href":"https:\/\/api.w.org\/{rel}","templated":true}]}}