{"id":48724,"date":"2025-07-29T10:13:13","date_gmt":"2025-07-29T08:13:13","guid":{"rendered":"https:\/\/www.paysdesecrins.com\/gruppen\/"},"modified":"2025-08-06T11:06:16","modified_gmt":"2025-08-06T09:06:16","slug":"gruppen","status":"publish","type":"page","link":"https:\/\/www.paysdesecrins.com\/de\/gruppen\/","title":{"rendered":"Rezeptionen"},"content":{"rendered":"    <div class=\"alignfull wp-block-ws-library-ws-header-interne\">\n\t    <div class=\"header-container\">\n\t        <div class=\"group-media has-image\">\n\t            \t                <img loading=\"lazy\" decoding=\"async\" width=\"1200\" height=\"800\" src=\"https:\/\/www.paysdesecrins.com\/wp-content\/uploads\/2025\/07\/espace-general-vue-salon-2.jpg\" alt=\"\" class=\"image_large_square wp-image-51453\" srcset=\"https:\/\/www.paysdesecrins.com\/wp-content\/uploads\/2025\/07\/espace-general-vue-salon-2.jpg 1200w, https:\/\/www.paysdesecrins.com\/wp-content\/uploads\/2025\/07\/espace-general-vue-salon-2-300x200.jpg 300w, https:\/\/www.paysdesecrins.com\/wp-content\/uploads\/2025\/07\/espace-general-vue-salon-2-1024x683.jpg 1024w, https:\/\/www.paysdesecrins.com\/wp-content\/uploads\/2025\/07\/espace-general-vue-salon-2-768x512.jpg 768w, https:\/\/www.paysdesecrins.com\/wp-content\/uploads\/2025\/07\/espace-general-vue-salon-2-960x640.jpg 960w\" sizes=\"auto, (max-width: 1200px) 100vw, 1200px\" \/>\n\t            \t        <\/div>\n\t        <div class=\"group-content\">\n\t            <div class=\"title\">\n\t                <h1>\n\t                    Rezeptionen\t                    \t                <\/h1>\n\t            <\/div>\n\t        <\/div>\n\t    <\/div>\n\t    \n<div class=\"yoast-breadcrumbs\"><span><span><a href=\"https:\/\/www.paysdesecrins.com\/de\/der-titel-des-hauses\/\">Accueil<\/a><\/span>  <span class=\"breadcrumb_last\" aria-current=\"page\">Rezeptionen<\/span><\/span><\/div>\n    <\/div>\n    \n<p>Die Fremdenverkehrsb\u00fcros empfangen und beraten Sie das ganze Jahr \u00fcber.<\/p>\n\n<div class=\"wp-block-ws-library-ws-title aligncenter\"><h3>Vallouise  <\/h3><\/div>\n\n<p>Tel. : 04 92 23 36 12<br\/>T\u00e4glich ge\u00f6ffnet \u2013 Bis zum 5. Juli: 9-12:15 Uhr \/ 14-17:30 Uhr<br\/>Vom 5. Juli bis 29. August: 9-12.30 Uhr \/ 13.30-18.30 Uhr<\/p>\n\n<div class=\"wp-block-ws-library-ws-title aligncenter\"><h3><strong>L&#8217;Argenti\u00e8re-la-Bess\u00e9e<\/strong><\/h3><\/div>\n\n<p class=\"has-text-align-left\">Tel. : 04 92 23 03 11<br\/>Montag &gt; Samstag <br\/>Bis 5. Juli: 9:30-12:15 Uhr \/ 14-17:30 Uhr<br\/>Vom 5. Juli bis 12. Juli: 9:30-12:15 Uhr \/ 15:30-19:00 Uhr<br\/>Vom 12. Juli bis 15. August t\u00e4glich ge\u00f6ffnet: 9:30 bis 12:15 Uhr \/ 15:30 bis 19:00 Uhr<br\/>Vom 16. August bis 29. August von Montag &gt; bis Samstag: 9:30-12:15 Uhr \/ 15:30-19:00 Uhr<\/p>\n\n<div class=\"wp-block-ws-library-ws-title aligncenter\"><h3><strong>Puy St. Vincent 1400 m<\/strong><\/h3><\/div>\n\n<p>Tel. : 04 92 23 35 80 <br\/>Bis zum 4. Juli von Montag &gt; bis Freitag: 9-12:15 Uhr \/ 14-17:30 Uhr<br\/>Vom 5. Juli 29. August von Montag &gt; bis Samstag: 9-12.15 Uhr \/ 14-18.30 Uhr<\/p>\n\n<div class=\"wp-block-ws-library-ws-title aligncenter is-style-simple has-color-1-color\"><h3>Saisonale \u00d6ffnung<br>Sommersaison&nbsp;<\/h3><\/div>\n\n<div class=\"wp-block-ws-library-ws-title aligncenter\"><h3><strong>Kalter Knoblauch<\/strong>&nbsp;&nbsp;<\/h3><\/div>\n\n<p>Tel: 04 92 51 29 17 <br\/>Vom 5. Juni bis 13. Juni von Donnerstag &gt; bis Sonntag: 9-12.15 Uhr \/ 14-17.30 Uhr<br\/>Vom 14. Juni bis 28. August \u2013 t\u00e4glich ge\u00f6ffnet: 9-12.15 Uhr \/ 15-18.30 Uhr  <\/p>\n\n<div class=\"wp-block-ws-library-ws-title aligncenter\"><h3><strong>Puy St. Vincent 1600 <\/strong>m<\/h3><\/div>\n\n<p>Tel. : 04 92 46 68 58 <br\/>T\u00e4glich ge\u00f6ffnet \u2013 1. Juli bis 29. August <br\/>Sonntag &gt; Freitag von 9-12.30 Uhr \/ 13.30-18.30 Uhr<br\/>Samstag: 9-12 Uhr \/ 14-18 Uhr<\/p>\n\n<div class=\"wp-block-ws-library-ws-share\"><span class=\"share-subtitle\">Hat Ihnen diese Seite gefallen?<\/span><span class=\"share-title\">Teilen Sie es!<\/span><button class=\"ws-share-button wp-element-button\">Diese Seite teilen<\/button><\/div>\n","protected":false},"excerpt":{"rendered":"<p>Die Fremdenverkehrsb\u00fcros empfangen und beraten Sie das ganze Jahr \u00fcber. Tel. : 04 92 23 36 12T\u00e4glich ge\u00f6ffnet \u2013 Bis [&hellip;]<\/p>\n","protected":false},"author":1,"featured_media":51456,"parent":0,"menu_order":0,"comment_status":"closed","ping_status":"closed","template":"","meta":{"_thumbnail_id_2":0,"summer_excerpt":"","season":"","station":"","footnotes":""},"class_list":["post-48724","page","type-page","status-publish","has-post-thumbnail","hentry"],"yoast_head":"<!-- This site is optimized with the Yoast SEO plugin v27.3 - https:\/\/yoast.com\/product\/yoast-seo-wordpress\/ -->\n<title>Rezeptionen - Pays des \u00c9crins - Office de Tourisme<\/title>\n<meta name=\"robots\" content=\"index, follow, max-snippet:-1, max-image-preview:large, max-video-preview:-1\" \/>\n<link rel=\"canonical\" href=\"https:\/\/www.paysdesecrins.com\/de\/gruppen\/\" \/>\n<meta property=\"og:locale\" content=\"de_DE\" \/>\n<meta property=\"og:type\" content=\"article\" \/>\n<meta property=\"og:title\" content=\"Rezeptionen - Pays des \u00c9crins - Office de Tourisme\" \/>\n<meta property=\"og:description\" content=\"Die Fremdenverkehrsb\u00fcros empfangen und beraten Sie das ganze Jahr \u00fcber. Tel. : 04 92 23 36 12T\u00e4glich ge\u00f6ffnet \u2013 Bis [&hellip;]\" \/>\n<meta property=\"og:url\" content=\"https:\/\/www.paysdesecrins.com\/de\/gruppen\/\" \/>\n<meta property=\"og:site_name\" content=\"Pays des \u00c9crins - Office de Tourisme\" \/>\n<meta property=\"article:modified_time\" content=\"2025-08-06T09:06:16+00:00\" \/>\n<meta property=\"og:image\" content=\"https:\/\/www.paysdesecrins.com\/wp-content\/uploads\/2025\/07\/espace-general-vue-salon-2.jpg\" \/>\n\t<meta property=\"og:image:width\" content=\"1200\" \/>\n\t<meta property=\"og:image:height\" content=\"800\" \/>\n\t<meta property=\"og:image:type\" content=\"image\/jpeg\" \/>\n<meta name=\"twitter:card\" content=\"summary_large_image\" \/>\n<meta name=\"twitter:label1\" content=\"Gesch\u00e4tzte Lesezeit\" \/>\n\t<meta name=\"twitter:data1\" content=\"1\u00a0Minute\" \/>\n<script type=\"application\/ld+json\" class=\"yoast-schema-graph\">{\"@context\":\"https:\\\/\\\/schema.org\",\"@graph\":[{\"@type\":\"WebPage\",\"@id\":\"https:\\\/\\\/www.paysdesecrins.com\\\/de\\\/gruppen\\\/\",\"url\":\"https:\\\/\\\/www.paysdesecrins.com\\\/de\\\/gruppen\\\/\",\"name\":\"Rezeptionen - Pays des \u00c9crins - Office de Tourisme\",\"isPartOf\":{\"@id\":\"https:\\\/\\\/www.paysdesecrins.com\\\/de\\\/#website\"},\"primaryImageOfPage\":{\"@id\":\"https:\\\/\\\/www.paysdesecrins.com\\\/de\\\/gruppen\\\/#primaryimage\"},\"image\":{\"@id\":\"https:\\\/\\\/www.paysdesecrins.com\\\/de\\\/gruppen\\\/#primaryimage\"},\"thumbnailUrl\":\"https:\\\/\\\/www.paysdesecrins.com\\\/wp-content\\\/uploads\\\/2025\\\/07\\\/espace-general-vue-salon-2.jpg\",\"datePublished\":\"2025-07-29T08:13:13+00:00\",\"dateModified\":\"2025-08-06T09:06:16+00:00\",\"breadcrumb\":{\"@id\":\"https:\\\/\\\/www.paysdesecrins.com\\\/de\\\/gruppen\\\/#breadcrumb\"},\"inLanguage\":\"de\",\"potentialAction\":[{\"@type\":\"ReadAction\",\"target\":[\"https:\\\/\\\/www.paysdesecrins.com\\\/de\\\/gruppen\\\/\"]}]},{\"@type\":\"ImageObject\",\"inLanguage\":\"de\",\"@id\":\"https:\\\/\\\/www.paysdesecrins.com\\\/de\\\/gruppen\\\/#primaryimage\",\"url\":\"https:\\\/\\\/www.paysdesecrins.com\\\/wp-content\\\/uploads\\\/2025\\\/07\\\/espace-general-vue-salon-2.jpg\",\"contentUrl\":\"https:\\\/\\\/www.paysdesecrins.com\\\/wp-content\\\/uploads\\\/2025\\\/07\\\/espace-general-vue-salon-2.jpg\",\"width\":1200,\"height\":800},{\"@type\":\"BreadcrumbList\",\"@id\":\"https:\\\/\\\/www.paysdesecrins.com\\\/de\\\/gruppen\\\/#breadcrumb\",\"itemListElement\":[{\"@type\":\"ListItem\",\"position\":1,\"name\":\"Accueil\",\"item\":\"https:\\\/\\\/www.paysdesecrins.com\\\/de\\\/der-titel-des-hauses\\\/\"},{\"@type\":\"ListItem\",\"position\":2,\"name\":\"Rezeptionen\"}]},{\"@type\":\"WebSite\",\"@id\":\"https:\\\/\\\/www.paysdesecrins.com\\\/de\\\/#website\",\"url\":\"https:\\\/\\\/www.paysdesecrins.com\\\/de\\\/\",\"name\":\"Pays des \u00c9crins - Office de Tourisme\",\"description\":\"L&#039;esprit montagne\",\"publisher\":{\"@id\":\"https:\\\/\\\/www.paysdesecrins.com\\\/de\\\/#organization\"},\"potentialAction\":[{\"@type\":\"SearchAction\",\"target\":{\"@type\":\"EntryPoint\",\"urlTemplate\":\"https:\\\/\\\/www.paysdesecrins.com\\\/de\\\/?s={search_term_string}\"},\"query-input\":{\"@type\":\"PropertyValueSpecification\",\"valueRequired\":true,\"valueName\":\"search_term_string\"}}],\"inLanguage\":\"de\"},{\"@type\":\"Organization\",\"@id\":\"https:\\\/\\\/www.paysdesecrins.com\\\/de\\\/#organization\",\"name\":\"Pays des \u00c9crins - Office de Tourisme\",\"url\":\"https:\\\/\\\/www.paysdesecrins.com\\\/de\\\/\",\"logo\":{\"@type\":\"ImageObject\",\"inLanguage\":\"de\",\"@id\":\"https:\\\/\\\/www.paysdesecrins.com\\\/de\\\/#\\\/schema\\\/logo\\\/image\\\/\",\"url\":\"https:\\\/\\\/www.paysdesecrins.com\\\/wp-content\\\/uploads\\\/2025\\\/06\\\/devina-svg-1750845694.svg\",\"contentUrl\":\"https:\\\/\\\/www.paysdesecrins.com\\\/wp-content\\\/uploads\\\/2025\\\/06\\\/devina-svg-1750845694.svg\",\"caption\":\"Pays des \u00c9crins - Office de Tourisme\"},\"image\":{\"@id\":\"https:\\\/\\\/www.paysdesecrins.com\\\/de\\\/#\\\/schema\\\/logo\\\/image\\\/\"}}]}<\/script>\n<!-- \/ Yoast SEO plugin. -->","yoast_head_json":{"title":"Rezeptionen - Pays des \u00c9crins - Office de Tourisme","robots":{"index":"index","follow":"follow","max-snippet":"max-snippet:-1","max-image-preview":"max-image-preview:large","max-video-preview":"max-video-preview:-1"},"canonical":"https:\/\/www.paysdesecrins.com\/de\/gruppen\/","og_locale":"de_DE","og_type":"article","og_title":"Rezeptionen - Pays des \u00c9crins - Office de Tourisme","og_description":"Die Fremdenverkehrsb\u00fcros empfangen und beraten Sie das ganze Jahr \u00fcber. Tel. : 04 92 23 36 12T\u00e4glich ge\u00f6ffnet \u2013 Bis [&hellip;]","og_url":"https:\/\/www.paysdesecrins.com\/de\/gruppen\/","og_site_name":"Pays des \u00c9crins - Office de Tourisme","article_modified_time":"2025-08-06T09:06:16+00:00","og_image":[{"width":1200,"height":800,"url":"https:\/\/www.paysdesecrins.com\/wp-content\/uploads\/2025\/07\/espace-general-vue-salon-2.jpg","type":"image\/jpeg"}],"twitter_card":"summary_large_image","twitter_misc":{"Gesch\u00e4tzte Lesezeit":"1\u00a0Minute"},"schema":{"@context":"https:\/\/schema.org","@graph":[{"@type":"WebPage","@id":"https:\/\/www.paysdesecrins.com\/de\/gruppen\/","url":"https:\/\/www.paysdesecrins.com\/de\/gruppen\/","name":"Rezeptionen - Pays des \u00c9crins - Office de Tourisme","isPartOf":{"@id":"https:\/\/www.paysdesecrins.com\/de\/#website"},"primaryImageOfPage":{"@id":"https:\/\/www.paysdesecrins.com\/de\/gruppen\/#primaryimage"},"image":{"@id":"https:\/\/www.paysdesecrins.com\/de\/gruppen\/#primaryimage"},"thumbnailUrl":"https:\/\/www.paysdesecrins.com\/wp-content\/uploads\/2025\/07\/espace-general-vue-salon-2.jpg","datePublished":"2025-07-29T08:13:13+00:00","dateModified":"2025-08-06T09:06:16+00:00","breadcrumb":{"@id":"https:\/\/www.paysdesecrins.com\/de\/gruppen\/#breadcrumb"},"inLanguage":"de","potentialAction":[{"@type":"ReadAction","target":["https:\/\/www.paysdesecrins.com\/de\/gruppen\/"]}]},{"@type":"ImageObject","inLanguage":"de","@id":"https:\/\/www.paysdesecrins.com\/de\/gruppen\/#primaryimage","url":"https:\/\/www.paysdesecrins.com\/wp-content\/uploads\/2025\/07\/espace-general-vue-salon-2.jpg","contentUrl":"https:\/\/www.paysdesecrins.com\/wp-content\/uploads\/2025\/07\/espace-general-vue-salon-2.jpg","width":1200,"height":800},{"@type":"BreadcrumbList","@id":"https:\/\/www.paysdesecrins.com\/de\/gruppen\/#breadcrumb","itemListElement":[{"@type":"ListItem","position":1,"name":"Accueil","item":"https:\/\/www.paysdesecrins.com\/de\/der-titel-des-hauses\/"},{"@type":"ListItem","position":2,"name":"Rezeptionen"}]},{"@type":"WebSite","@id":"https:\/\/www.paysdesecrins.com\/de\/#website","url":"https:\/\/www.paysdesecrins.com\/de\/","name":"Pays des \u00c9crins - Office de Tourisme","description":"L&#039;esprit montagne","publisher":{"@id":"https:\/\/www.paysdesecrins.com\/de\/#organization"},"potentialAction":[{"@type":"SearchAction","target":{"@type":"EntryPoint","urlTemplate":"https:\/\/www.paysdesecrins.com\/de\/?s={search_term_string}"},"query-input":{"@type":"PropertyValueSpecification","valueRequired":true,"valueName":"search_term_string"}}],"inLanguage":"de"},{"@type":"Organization","@id":"https:\/\/www.paysdesecrins.com\/de\/#organization","name":"Pays des \u00c9crins - Office de Tourisme","url":"https:\/\/www.paysdesecrins.com\/de\/","logo":{"@type":"ImageObject","inLanguage":"de","@id":"https:\/\/www.paysdesecrins.com\/de\/#\/schema\/logo\/image\/","url":"https:\/\/www.paysdesecrins.com\/wp-content\/uploads\/2025\/06\/devina-svg-1750845694.svg","contentUrl":"https:\/\/www.paysdesecrins.com\/wp-content\/uploads\/2025\/06\/devina-svg-1750845694.svg","caption":"Pays des \u00c9crins - Office de Tourisme"},"image":{"@id":"https:\/\/www.paysdesecrins.com\/de\/#\/schema\/logo\/image\/"}}]}},"_links":{"self":[{"href":"https:\/\/www.paysdesecrins.com\/de\/wp-json\/wp\/v2\/pages\/48724","targetHints":{"allow":["GET"]}}],"collection":[{"href":"https:\/\/www.paysdesecrins.com\/de\/wp-json\/wp\/v2\/pages"}],"about":[{"href":"https:\/\/www.paysdesecrins.com\/de\/wp-json\/wp\/v2\/types\/page"}],"author":[{"embeddable":true,"href":"https:\/\/www.paysdesecrins.com\/de\/wp-json\/wp\/v2\/users\/1"}],"replies":[{"embeddable":true,"href":"https:\/\/www.paysdesecrins.com\/de\/wp-json\/wp\/v2\/comments?post=48724"}],"version-history":[{"count":0,"href":"https:\/\/www.paysdesecrins.com\/de\/wp-json\/wp\/v2\/pages\/48724\/revisions"}],"wp:featuredmedia":[{"embeddable":true,"href":"https:\/\/www.paysdesecrins.com\/de\/wp-json\/wp\/v2\/media\/51456"}],"wp:attachment":[{"href":"https:\/\/www.paysdesecrins.com\/de\/wp-json\/wp\/v2\/media?parent=48724"}],"curies":[{"name":"wp","href":"https:\/\/api.w.org\/{rel}","templated":true}]}}