{"id":48843,"date":"2025-07-29T11:11:10","date_gmt":"2025-07-29T09:11:10","guid":{"rendered":"https:\/\/www.paysdesecrins.com\/anfahrt-und-shuttles\/in-situ\/"},"modified":"2025-11-17T10:03:35","modified_gmt":"2025-11-17T09:03:35","slug":"in-situ","status":"publish","type":"page","link":"https:\/\/www.paysdesecrins.com\/de\/ich-waehle\/anfahrt-und-shuttles\/in-situ\/","title":{"rendered":"In situ"},"content":{"rendered":"    <div class=\"alignfull wp-block-ws-library-ws-header-interne\" data-season=\"summer\">\n\t    <div class=\"header-container\">\n\t        <div class=\"group-media has-image\">\n\t            \t                <img loading=\"lazy\" decoding=\"async\" width=\"1920\" height=\"800\" src=\"https:\/\/www.paysdesecrins.com\/wp-content\/uploads\/2025\/07\/ambiance-village-ailefroid-2-1920x800.jpg\" alt=\"\" class=\"image_large_square wp-image-48838\" \/>\n\t            \t        <\/div>\n\t        <div class=\"group-content\">\n\t            <div class=\"title\">\n\t                <h1>\n\t                    In situ\t                    \t                <\/h1>\n\t            <\/div>\n\t        <\/div>\n\t    <\/div>\n\t    \n<div class=\"yoast-breadcrumbs\"><span><span><a href=\"https:\/\/www.paysdesecrins.com\/de\/der-titel-des-hauses\/\">Accueil<\/a><\/span>  <span><a href=\"https:\/\/www.paysdesecrins.com\/de\/ich-waehle\/\">Ich w\u00e4hle<\/a><\/span>  <span><a href=\"https:\/\/www.paysdesecrins.com\/de\/ich-waehle\/anfahrt-und-shuttles\/\">Anfahrt und Transport<\/a><\/span>  <span class=\"breadcrumb_last\" aria-current=\"page\">In situ<\/span><\/span><\/div>\n    <\/div>\n        <div class=\"alignfull wp-block-ws-library-ws-header-interne\" data-season=\"winter\">\n\t    <div class=\"header-container\">\n\t        <div class=\"group-media has-image\">\n\t            \t                <img loading=\"lazy\" decoding=\"async\" width=\"1436\" height=\"800\" src=\"https:\/\/www.paysdesecrins.com\/wp-content\/uploads\/2025\/07\/capture-decran-2025-07-29-a-110556-1436x800.png\" alt=\"\" class=\"image_large_square wp-image-48827\" \/>\n\t            \t        <\/div>\n\t        <div class=\"group-content\">\n\t            <div class=\"title\">\n\t                <h1>\n\t                    In situ\t                    \t                <\/h1>\n\t            <\/div>\n\t        <\/div>\n\t    <\/div>\n\t    \n<div class=\"yoast-breadcrumbs\"><span><span><a href=\"https:\/\/www.paysdesecrins.com\/de\/der-titel-des-hauses\/\">Accueil<\/a><\/span>  <span><a href=\"https:\/\/www.paysdesecrins.com\/de\/ich-waehle\/\">Ich w\u00e4hle<\/a><\/span>  <span><a href=\"https:\/\/www.paysdesecrins.com\/de\/ich-waehle\/anfahrt-und-shuttles\/\">Anfahrt und Transport<\/a><\/span>  <span class=\"breadcrumb_last\" aria-current=\"page\">In situ<\/span><\/span><\/div>\n    <\/div>\n    \n<div class=\"wp-block-ws-library-ws-title aligncenter is-style-simple\"><h2>Finden Sie die vor Ort verf\u00fcgbaren Verkehrsmittel, um zu den verschiedenen Gemeinden des Pays des \u00c9crins zu gelangen<\/h2><\/div>\n\n<div class=\"wp-block-ws-library-ws-image\"><div class=\"wrapper\"><div class=\"group-media\"><img decoding=\"async\" src=\"https:\/\/www.paysdesecrins.com\/wp-content\/uploads\/2025\/08\/plan-acces-pays-des-ecrins-905x640.png\" alt=\"\" class=\"single_image ws-image-91894\"><div class=\"credits\"><\/div><\/div><p class=\"caption\"><\/p><\/div><\/div>\n\n<div class=\"wp-block-ws-library-ws-columns alignwide has-2-columns are-vertically-aligned-center layout-5050 is-style-background\">\n<div class=\"wp-block-ws-library-ws-column\"><div class=\"wrapper\">\n<div class=\"wp-block-ws-library-ws-title\"><h3>Reisen Sie bequem im Pays des \u00c9crins<\/h3><\/div>\n\n\n\n<p>Das Pays des \u00c9crins bietet mehrere Shuttlebusse an, um Ihnen die Reise zwischen den verschiedenen Resorts und D\u00f6rfern in der Umgebung zu erleichtern. Egal, ob Sie im Sommer- oder Winterurlaub sind, diese Transportdienste erm\u00f6glichen es Ihnen, Ihren Aufenthalt in vollen Z\u00fcgen zu genie\u00dfen, ohne sich um das Auto sorgen zu m\u00fcssen.   <strong>Die Shuttle-Fahrpl\u00e4ne werden vor jeder Saison aktualisiert, um sie an die Bed\u00fcrfnisse der Reisenden und die lokalen Bedingungen anzupassen.<\/strong>  Hier sind die verschiedenen verf\u00fcgbaren Shuttles und ihre Eigenschaften.<\/p>\n<\/div><\/div>\n\n\n\n<div class=\"wp-block-ws-library-ws-column\"><div class=\"wrapper\">\n<div class=\"wp-block-ws-library-ws-image\"><div class=\"wrapper\"><div class=\"group-media\"><img decoding=\"async\" src=\"https:\/\/www.paysdesecrins.com\/wp-content\/uploads\/2025\/07\/dsc01656-1-960x640.png\" alt=\"\" class=\"single_image ws-image-48875\"><div class=\"credits\"><\/div><\/div><p class=\"caption\"><\/p><\/div><\/div>\n<\/div><\/div>\n<\/div>\n\n<div class=\"wp-block-ws-library-ws-title\"><h3><em>Der <strong><strong>regelm\u00e4\u00dfige<\/strong><\/strong> Shuttle, <\/em>Das ganze Jahr \u00fcber<\/h3><\/div>\n\n<p><strong>L&#8217;Argenti\u00e8re-La Bess\u00e9e \u2013 Pelvoux-Vallouise<br\/><\/strong>Dieser Shuttle verkehrt sowohl im Sommer als auch im Winter und erm\u00f6glicht es Ihnen, die wichtigsten Sehensw\u00fcrdigkeiten in der Vallouise zu erreichen. Ideal f\u00fcr Wanderer im Sommer und Skifahrer im Winter, verbindet es den Bahnhof Argenti\u00e8re-la-Bess\u00e9e mit den verschiedenen Gemeinden im Tal bis zum Rathaus von Pelvoux-Vallouise, um Ihre Reisen einfach und angenehm zu gestalten.   <strong>Nachfolgend finden Sie die Fahrpl\u00e4ne des regelm\u00e4\u00dfigen Shuttles.<\/strong> <\/p>\n\n<div class=\"wp-block-ws-library-ws-documents\">\n<div class=\"wp-block-ws-library-ws-document\"><a href=\"https:\/\/www.paysdesecrins.com\/wp-content\/uploads\/2025\/07\/20250414100152672.pdf\" target=\"_blank\" rel=\"noopener noreferrer\" class=\"link-document\">Fahrpl\u00e4ne-regul\u00e4rer-shuttle-l&#8217;argenti\u00e8re-la-bess\u00e9e-Vallouise-Pelvoux<\/a><\/div>\n<\/div>\n\n<hr class=\"wp-block-separator has-alpha-channel-opacity\"\/>\n\n<div class=\"wp-block-ws-library-ws-title\"><h3><em><strong>Der<\/strong><\/em><strong><strong><strong>Shuttle zwischen den Resorts \u2013 Sommer<\/strong><\/strong><\/strong><\/h3><\/div>\n\n<p>L&#8217;Argenti\u00e8re-La Bess\u00e9e \u2013 Les Vigneaux \u2013 Vallouise-Pelvoux \u2013 Puy Saint Vincent (1400 \u2013 1600)<br\/>W\u00e4hrend der <strong>Sommersaison<\/strong> stellt der Shuttle zwischen den Resorts eine Verbindung zwischen den Bahnh\u00f6fen Argenti\u00e8re-la Bess\u00e9e, den Gemeinden und den verschiedenen Hochgebirgsgebieten des Pays des \u00c9crins her. Es erm\u00f6glicht Ihnen, alle Gemeinden des Vallouise und unsere beiden Hochgebirgsgebiete (Puy Saint Vincent und Pelvoux-Vallouise) bequem zu erreichen.   <strong>Unten finden Sie den Fahrplan f\u00fcr den Shuttle zwischen den Resorts.<\/strong><\/p>\n\n<div class=\"wp-block-ws-library-ws-documents\">\n<div class=\"wp-block-ws-library-ws-document\"><a href=\"https:\/\/www.paysdesecrins.com\/wp-content\/uploads\/2025\/08\/543-largentiere-psv-ete-2025.pdf\" target=\"_blank\" rel=\"noopener noreferrer\" class=\"link-document\">Shuttle Zou 543 \u2013 L&#8217;Argenti\u00e8re \u2013 Vallouise \u2013 Puy Saint Vincent<\/a><\/div>\n\n\n\n<div class=\"wp-block-ws-library-ws-document\"><a href=\"https:\/\/www.paysdesecrins.com\/wp-content\/uploads\/2025\/07\/ccpe-transport-depliant-a4.pdf\" target=\"_blank\" rel=\"noopener noreferrer\" class=\"link-document\">Estibus-Pays-des-\u00c9crins-Sommer-2025<\/a><\/div>\n\n\n\n<div class=\"wp-block-ws-library-ws-document\"><a href=\"https:\/\/www.paysdesecrins.com\/wp-content\/uploads\/2025\/07\/estibus-entre-aygues.pdf\" target=\"_blank\" rel=\"noopener noreferrer\" class=\"link-document\">Estibus_entre-les-Aygues<\/a><\/div>\n<\/div>\n\n<hr class=\"wp-block-separator has-alpha-channel-opacity\"\/>\n\n<div class=\"wp-block-ws-library-ws-title\"><h3><em><strong><strong>Das Pays des \u00c9crins<\/strong><\/strong><\/em><strong><strong><strong>Mit dem Taxi<\/strong><\/strong><\/strong><\/h3><\/div>\n\n<p>L&#8217;Argenti\u00e8re-La Bess\u00e9e \u2013 Les Vigneaux \u2013 Vallouise-Pelvoux \u2013 Puy Saint Vincent (1400 \u2013 1600)<br\/>Wenn Sie einen pers\u00f6nlicheren Transportservice bevorzugen oder au\u00dferhalb der Shuttle-Zeiten reisen m\u00f6chten, stehen Ihnen im Pays des \u00c9crins mehrere Taxiunternehmen zur Verf\u00fcgung. Sie k\u00f6nnen sich mit ihnen in Verbindung setzen, um Ihre Reise zu arrangieren.   <\/p>\n\n<div class=\"wp-block-ws-library-ws-documents\">\n<div class=\"wp-block-ws-library-ws-document\"><a href=\"https:\/\/www.paysdesecrins.com\/wp-content\/uploads\/2025\/07\/taxis-2025.pdf\" target=\"_blank\" rel=\"noopener noreferrer\" class=\"link-document\">taxis_2025<\/a><\/div>\n<\/div>\n\n<div class=\"wp-block-ws-library-ws-columns alignwide has-2-columns are-vertically-aligned-center layout-5050 is-style-background\">\n<div class=\"wp-block-ws-library-ws-column\"><div class=\"wrapper\">\n<div class=\"wp-block-ws-library-ws-title\"><h3><strong>Das autofreie Pays des \u00c9crins<\/strong><\/h3><\/div>\n\n\n\n<p><strong>Studenten<\/strong> oder<strong> Young Professionals<\/strong> ohne Auto? Sind Sie besorgt, mit <strong>dem geringstm\u00f6glichen CO2-Fu\u00dfabdruck<\/strong> in die Berge zu gehen? Es ist jetzt m\u00f6glich, die sch\u00f6nsten Gipfel der \u00c9crins ohne Auto und mit <strong>umweltbewussten Praktiken<\/strong> zu entdecken! <a href=\"https:\/\/www.paysdesecrins.com\/acces-et-navettes\/le-pays-des-ecrins-sans-voitures-au-depart-de-la-gare-de-largentiere-les-ecrins\/\" target=\"_blank\" rel=\"noreferrer noopener\">Alle Infos hier<\/a>.<br\/>M\u00f6glichkeit des Fahrradverleihs in Argenti\u00e8re la Bess\u00e9e, Vallouise-Pelvoux und Puy Saint Vincent.    <br\/><br\/>Ich handle f\u00fcr den <a href=\"https:\/\/agirpourlatransition.ademe.fr\/particuliers\/bureau\/deplacements\/calculer-emissions-carbone-trajets\" target=\"_blank\" rel=\"noreferrer noopener\">Planeten, indem<\/a> ich hier meinen CO2-Fu\u00dfabdruck berechne und\/oder <a href=\"https:\/\/nosgestesclimat.fr\/\" target=\"_blank\" rel=\"noreferrer noopener\">hier<\/a> ausgleiche.<\/p>\n<\/div><\/div>\n\n\n\n<div class=\"wp-block-ws-library-ws-column\"><div class=\"wrapper\">\n<div class=\"wp-block-ws-library-ws-image\"><div class=\"wrapper\"><div class=\"group-media\"><img decoding=\"async\" src=\"https:\/\/www.paysdesecrins.com\/wp-content\/uploads\/2025\/07\/1596546037-434450263-1-960x640.jpg\" alt=\"\" class=\"single_image ws-image-48772\"><div class=\"credits\"><\/div><\/div><p class=\"caption\"><\/p><\/div><\/div>\n<\/div><\/div>\n<\/div>\n\n<div class=\"wp-block-ws-library-ws-share\"><span class=\"share-subtitle\">Hat Ihnen diese Seite gefallen?<\/span><span class=\"share-title\">Teilen Sie es!<\/span><button class=\"ws-share-button wp-element-button\">Diese Seite teilen<\/button><\/div>\n","protected":false},"excerpt":{"rendered":"<p>L&#8217;Argenti\u00e8re-La Bess\u00e9e \u2013 Pelvoux-VallouiseDieser Shuttle verkehrt sowohl im Sommer als auch im Winter und erm\u00f6glicht es Ihnen, die wichtigsten Sehensw\u00fcrdigkeiten [&hellip;]<\/p>\n","protected":false},"author":9,"featured_media":72626,"parent":45939,"menu_order":0,"comment_status":"closed","ping_status":"closed","template":"","meta":{"_thumbnail_id_2":31260,"summer_excerpt":"","season":"","station":"","footnotes":""},"class_list":["post-48843","page","type-page","status-publish","has-post-thumbnail","hentry"],"yoast_head":"<!-- This site is optimized with the Yoast SEO plugin v27.3 - https:\/\/yoast.com\/product\/yoast-seo-wordpress\/ -->\n<title>In situ - Pays des \u00c9crins - Office de Tourisme<\/title>\n<meta name=\"robots\" content=\"index, follow, max-snippet:-1, max-image-preview:large, max-video-preview:-1\" \/>\n<link rel=\"canonical\" href=\"https:\/\/www.paysdesecrins.com\/de\/ich-waehle\/anfahrt-und-shuttles\/in-situ\/\" \/>\n<meta property=\"og:locale\" content=\"de_DE\" \/>\n<meta property=\"og:type\" content=\"article\" \/>\n<meta property=\"og:title\" content=\"In situ - Pays des \u00c9crins - Office de Tourisme\" \/>\n<meta property=\"og:description\" content=\"L&#8217;Argenti\u00e8re-La Bess\u00e9e \u2013 Pelvoux-VallouiseDieser Shuttle verkehrt sowohl im Sommer als auch im Winter und erm\u00f6glicht es Ihnen, die wichtigsten Sehensw\u00fcrdigkeiten [&hellip;]\" \/>\n<meta property=\"og:url\" content=\"https:\/\/www.paysdesecrins.com\/de\/ich-waehle\/anfahrt-und-shuttles\/in-situ\/\" \/>\n<meta property=\"og:site_name\" content=\"Pays des \u00c9crins - Office de Tourisme\" \/>\n<meta property=\"article:modified_time\" content=\"2025-11-17T09:03:35+00:00\" \/>\n<meta property=\"og:image\" content=\"https:\/\/www.paysdesecrins.com\/wp-content\/uploads\/2025\/08\/aile1.jpg\" \/>\n\t<meta property=\"og:image:width\" content=\"1200\" \/>\n\t<meta property=\"og:image:height\" content=\"899\" \/>\n\t<meta property=\"og:image:type\" content=\"image\/jpeg\" \/>\n<meta name=\"twitter:card\" content=\"summary_large_image\" \/>\n<meta name=\"twitter:label1\" content=\"Gesch\u00e4tzte Lesezeit\" \/>\n\t<meta name=\"twitter:data1\" content=\"2 Minuten\" \/>\n<script type=\"application\/ld+json\" class=\"yoast-schema-graph\">{\"@context\":\"https:\\\/\\\/schema.org\",\"@graph\":[{\"@type\":\"WebPage\",\"@id\":\"https:\\\/\\\/www.paysdesecrins.com\\\/de\\\/ich-waehle\\\/anfahrt-und-shuttles\\\/in-situ\\\/\",\"url\":\"https:\\\/\\\/www.paysdesecrins.com\\\/de\\\/ich-waehle\\\/anfahrt-und-shuttles\\\/in-situ\\\/\",\"name\":\"In situ - Pays des \u00c9crins - Office de Tourisme\",\"isPartOf\":{\"@id\":\"https:\\\/\\\/www.paysdesecrins.com\\\/de\\\/#website\"},\"primaryImageOfPage\":{\"@id\":\"https:\\\/\\\/www.paysdesecrins.com\\\/de\\\/ich-waehle\\\/anfahrt-und-shuttles\\\/in-situ\\\/#primaryimage\"},\"image\":{\"@id\":\"https:\\\/\\\/www.paysdesecrins.com\\\/de\\\/ich-waehle\\\/anfahrt-und-shuttles\\\/in-situ\\\/#primaryimage\"},\"thumbnailUrl\":\"https:\\\/\\\/www.paysdesecrins.com\\\/wp-content\\\/uploads\\\/2025\\\/08\\\/aile1.jpg\",\"datePublished\":\"2025-07-29T09:11:10+00:00\",\"dateModified\":\"2025-11-17T09:03:35+00:00\",\"breadcrumb\":{\"@id\":\"https:\\\/\\\/www.paysdesecrins.com\\\/de\\\/ich-waehle\\\/anfahrt-und-shuttles\\\/in-situ\\\/#breadcrumb\"},\"inLanguage\":\"de\",\"potentialAction\":[{\"@type\":\"ReadAction\",\"target\":[\"https:\\\/\\\/www.paysdesecrins.com\\\/de\\\/ich-waehle\\\/anfahrt-und-shuttles\\\/in-situ\\\/\"]}]},{\"@type\":\"ImageObject\",\"inLanguage\":\"de\",\"@id\":\"https:\\\/\\\/www.paysdesecrins.com\\\/de\\\/ich-waehle\\\/anfahrt-und-shuttles\\\/in-situ\\\/#primaryimage\",\"url\":\"https:\\\/\\\/www.paysdesecrins.com\\\/wp-content\\\/uploads\\\/2025\\\/08\\\/aile1.jpg\",\"contentUrl\":\"https:\\\/\\\/www.paysdesecrins.com\\\/wp-content\\\/uploads\\\/2025\\\/08\\\/aile1.jpg\",\"width\":1200,\"height\":899},{\"@type\":\"BreadcrumbList\",\"@id\":\"https:\\\/\\\/www.paysdesecrins.com\\\/de\\\/ich-waehle\\\/anfahrt-und-shuttles\\\/in-situ\\\/#breadcrumb\",\"itemListElement\":[{\"@type\":\"ListItem\",\"position\":1,\"name\":\"Accueil\",\"item\":\"https:\\\/\\\/www.paysdesecrins.com\\\/de\\\/der-titel-des-hauses\\\/\"},{\"@type\":\"ListItem\",\"position\":2,\"name\":\"Ich w\u00e4hle\",\"item\":\"https:\\\/\\\/www.paysdesecrins.com\\\/de\\\/ich-waehle\\\/\"},{\"@type\":\"ListItem\",\"position\":3,\"name\":\"Anfahrt und Transport\",\"item\":\"https:\\\/\\\/www.paysdesecrins.com\\\/de\\\/ich-waehle\\\/anfahrt-und-shuttles\\\/\"},{\"@type\":\"ListItem\",\"position\":4,\"name\":\"In situ\"}]},{\"@type\":\"WebSite\",\"@id\":\"https:\\\/\\\/www.paysdesecrins.com\\\/de\\\/#website\",\"url\":\"https:\\\/\\\/www.paysdesecrins.com\\\/de\\\/\",\"name\":\"Pays des \u00c9crins - Office de Tourisme\",\"description\":\"L&#039;esprit montagne\",\"publisher\":{\"@id\":\"https:\\\/\\\/www.paysdesecrins.com\\\/de\\\/#organization\"},\"potentialAction\":[{\"@type\":\"SearchAction\",\"target\":{\"@type\":\"EntryPoint\",\"urlTemplate\":\"https:\\\/\\\/www.paysdesecrins.com\\\/de\\\/?s={search_term_string}\"},\"query-input\":{\"@type\":\"PropertyValueSpecification\",\"valueRequired\":true,\"valueName\":\"search_term_string\"}}],\"inLanguage\":\"de\"},{\"@type\":\"Organization\",\"@id\":\"https:\\\/\\\/www.paysdesecrins.com\\\/de\\\/#organization\",\"name\":\"Pays des \u00c9crins - Office de Tourisme\",\"url\":\"https:\\\/\\\/www.paysdesecrins.com\\\/de\\\/\",\"logo\":{\"@type\":\"ImageObject\",\"inLanguage\":\"de\",\"@id\":\"https:\\\/\\\/www.paysdesecrins.com\\\/de\\\/#\\\/schema\\\/logo\\\/image\\\/\",\"url\":\"https:\\\/\\\/www.paysdesecrins.com\\\/wp-content\\\/uploads\\\/2025\\\/06\\\/devina-svg-1750845694.svg\",\"contentUrl\":\"https:\\\/\\\/www.paysdesecrins.com\\\/wp-content\\\/uploads\\\/2025\\\/06\\\/devina-svg-1750845694.svg\",\"caption\":\"Pays des \u00c9crins - Office de Tourisme\"},\"image\":{\"@id\":\"https:\\\/\\\/www.paysdesecrins.com\\\/de\\\/#\\\/schema\\\/logo\\\/image\\\/\"}}]}<\/script>\n<!-- \/ Yoast SEO plugin. -->","yoast_head_json":{"title":"In situ - Pays des \u00c9crins - Office de Tourisme","robots":{"index":"index","follow":"follow","max-snippet":"max-snippet:-1","max-image-preview":"max-image-preview:large","max-video-preview":"max-video-preview:-1"},"canonical":"https:\/\/www.paysdesecrins.com\/de\/ich-waehle\/anfahrt-und-shuttles\/in-situ\/","og_locale":"de_DE","og_type":"article","og_title":"In situ - Pays des \u00c9crins - Office de Tourisme","og_description":"L&#8217;Argenti\u00e8re-La Bess\u00e9e \u2013 Pelvoux-VallouiseDieser Shuttle verkehrt sowohl im Sommer als auch im Winter und erm\u00f6glicht es Ihnen, die wichtigsten Sehensw\u00fcrdigkeiten [&hellip;]","og_url":"https:\/\/www.paysdesecrins.com\/de\/ich-waehle\/anfahrt-und-shuttles\/in-situ\/","og_site_name":"Pays des \u00c9crins - Office de Tourisme","article_modified_time":"2025-11-17T09:03:35+00:00","og_image":[{"width":1200,"height":899,"url":"https:\/\/www.paysdesecrins.com\/wp-content\/uploads\/2025\/08\/aile1.jpg","type":"image\/jpeg"}],"twitter_card":"summary_large_image","twitter_misc":{"Gesch\u00e4tzte Lesezeit":"2 Minuten"},"schema":{"@context":"https:\/\/schema.org","@graph":[{"@type":"WebPage","@id":"https:\/\/www.paysdesecrins.com\/de\/ich-waehle\/anfahrt-und-shuttles\/in-situ\/","url":"https:\/\/www.paysdesecrins.com\/de\/ich-waehle\/anfahrt-und-shuttles\/in-situ\/","name":"In situ - Pays des \u00c9crins - Office de Tourisme","isPartOf":{"@id":"https:\/\/www.paysdesecrins.com\/de\/#website"},"primaryImageOfPage":{"@id":"https:\/\/www.paysdesecrins.com\/de\/ich-waehle\/anfahrt-und-shuttles\/in-situ\/#primaryimage"},"image":{"@id":"https:\/\/www.paysdesecrins.com\/de\/ich-waehle\/anfahrt-und-shuttles\/in-situ\/#primaryimage"},"thumbnailUrl":"https:\/\/www.paysdesecrins.com\/wp-content\/uploads\/2025\/08\/aile1.jpg","datePublished":"2025-07-29T09:11:10+00:00","dateModified":"2025-11-17T09:03:35+00:00","breadcrumb":{"@id":"https:\/\/www.paysdesecrins.com\/de\/ich-waehle\/anfahrt-und-shuttles\/in-situ\/#breadcrumb"},"inLanguage":"de","potentialAction":[{"@type":"ReadAction","target":["https:\/\/www.paysdesecrins.com\/de\/ich-waehle\/anfahrt-und-shuttles\/in-situ\/"]}]},{"@type":"ImageObject","inLanguage":"de","@id":"https:\/\/www.paysdesecrins.com\/de\/ich-waehle\/anfahrt-und-shuttles\/in-situ\/#primaryimage","url":"https:\/\/www.paysdesecrins.com\/wp-content\/uploads\/2025\/08\/aile1.jpg","contentUrl":"https:\/\/www.paysdesecrins.com\/wp-content\/uploads\/2025\/08\/aile1.jpg","width":1200,"height":899},{"@type":"BreadcrumbList","@id":"https:\/\/www.paysdesecrins.com\/de\/ich-waehle\/anfahrt-und-shuttles\/in-situ\/#breadcrumb","itemListElement":[{"@type":"ListItem","position":1,"name":"Accueil","item":"https:\/\/www.paysdesecrins.com\/de\/der-titel-des-hauses\/"},{"@type":"ListItem","position":2,"name":"Ich w\u00e4hle","item":"https:\/\/www.paysdesecrins.com\/de\/ich-waehle\/"},{"@type":"ListItem","position":3,"name":"Anfahrt und Transport","item":"https:\/\/www.paysdesecrins.com\/de\/ich-waehle\/anfahrt-und-shuttles\/"},{"@type":"ListItem","position":4,"name":"In situ"}]},{"@type":"WebSite","@id":"https:\/\/www.paysdesecrins.com\/de\/#website","url":"https:\/\/www.paysdesecrins.com\/de\/","name":"Pays des \u00c9crins - Office de Tourisme","description":"L&#039;esprit montagne","publisher":{"@id":"https:\/\/www.paysdesecrins.com\/de\/#organization"},"potentialAction":[{"@type":"SearchAction","target":{"@type":"EntryPoint","urlTemplate":"https:\/\/www.paysdesecrins.com\/de\/?s={search_term_string}"},"query-input":{"@type":"PropertyValueSpecification","valueRequired":true,"valueName":"search_term_string"}}],"inLanguage":"de"},{"@type":"Organization","@id":"https:\/\/www.paysdesecrins.com\/de\/#organization","name":"Pays des \u00c9crins - Office de Tourisme","url":"https:\/\/www.paysdesecrins.com\/de\/","logo":{"@type":"ImageObject","inLanguage":"de","@id":"https:\/\/www.paysdesecrins.com\/de\/#\/schema\/logo\/image\/","url":"https:\/\/www.paysdesecrins.com\/wp-content\/uploads\/2025\/06\/devina-svg-1750845694.svg","contentUrl":"https:\/\/www.paysdesecrins.com\/wp-content\/uploads\/2025\/06\/devina-svg-1750845694.svg","caption":"Pays des \u00c9crins - Office de Tourisme"},"image":{"@id":"https:\/\/www.paysdesecrins.com\/de\/#\/schema\/logo\/image\/"}}]}},"_links":{"self":[{"href":"https:\/\/www.paysdesecrins.com\/de\/wp-json\/wp\/v2\/pages\/48843","targetHints":{"allow":["GET"]}}],"collection":[{"href":"https:\/\/www.paysdesecrins.com\/de\/wp-json\/wp\/v2\/pages"}],"about":[{"href":"https:\/\/www.paysdesecrins.com\/de\/wp-json\/wp\/v2\/types\/page"}],"author":[{"embeddable":true,"href":"https:\/\/www.paysdesecrins.com\/de\/wp-json\/wp\/v2\/users\/9"}],"replies":[{"embeddable":true,"href":"https:\/\/www.paysdesecrins.com\/de\/wp-json\/wp\/v2\/comments?post=48843"}],"version-history":[{"count":5,"href":"https:\/\/www.paysdesecrins.com\/de\/wp-json\/wp\/v2\/pages\/48843\/revisions"}],"predecessor-version":[{"id":131554,"href":"https:\/\/www.paysdesecrins.com\/de\/wp-json\/wp\/v2\/pages\/48843\/revisions\/131554"}],"up":[{"embeddable":true,"href":"https:\/\/www.paysdesecrins.com\/de\/wp-json\/wp\/v2\/pages\/45939"}],"wp:featuredmedia":[{"embeddable":true,"href":"https:\/\/www.paysdesecrins.com\/de\/wp-json\/wp\/v2\/media\/72626"}],"wp:attachment":[{"href":"https:\/\/www.paysdesecrins.com\/de\/wp-json\/wp\/v2\/media?parent=48843"}],"curies":[{"name":"wp","href":"https:\/\/api.w.org\/{rel}","templated":true}]}}