{"id":50236,"date":"2025-07-30T15:29:14","date_gmt":"2025-07-30T13:29:14","guid":{"rendered":"https:\/\/www.paysdesecrins.com\/geschaefte-und-dienstleistungen\/dienste\/"},"modified":"2025-08-13T18:20:52","modified_gmt":"2025-08-13T16:20:52","slug":"dienste","status":"publish","type":"page","link":"https:\/\/www.paysdesecrins.com\/de\/ich-waehle\/geschaefte-und-dienstleistungen\/dienste\/","title":{"rendered":"Dienste"},"content":{"rendered":"    <div class=\"alignfull wp-block-ws-library-ws-header-interne\">\n\t    <div class=\"header-container\">\n\t        <div class=\"group-media has-image\">\n\t            \t                <img loading=\"lazy\" decoding=\"async\" width=\"810\" height=\"800\" src=\"https:\/\/www.paysdesecrins.com\/wp-content\/uploads\/2025\/07\/image-5-810x800.jpg\" alt=\"\" class=\"image_large_square wp-image-49031\" \/>\n\t            \t        <\/div>\n\t        <div class=\"group-content\">\n\t            <div class=\"title\">\n\t                <h1>\n\t                    Dienste\t                    \t                <\/h1>\n\t            <\/div>\n\t        <\/div>\n\t    <\/div>\n\t    \n<div class=\"yoast-breadcrumbs\"><span><span><a href=\"https:\/\/www.paysdesecrins.com\/de\/der-titel-des-hauses\/\">Accueil<\/a><\/span>  <span><a href=\"https:\/\/www.paysdesecrins.com\/de\/ich-waehle\/\">Ich w\u00e4hle<\/a><\/span>  <span><a href=\"https:\/\/www.paysdesecrins.com\/de\/geschaefte-und-dienstleistungen\/\">Gesch\u00e4fte und Dienstleistungen<\/a><\/span>  <span class=\"breadcrumb_last\" aria-current=\"page\">Dienste<\/span><\/span><\/div>\n    <\/div>\n    \n<div class=\"wp-block-ws-library-ws-title aligncenter\"><h2><em>Machen Sie<\/em> sich das Leben leichter!<\/h2><\/div>\n\n<p>Alles, was Sie brauchen, zur Hand: Post, \u00c4rzte, Apotheke, Garage, Transport oder Kindertagesst\u00e4tte, etc. F\u00fcr weitere praktische Informationen besuchen Sie uns im Fremdenverkehrsamt. <\/p>\n<div id=\"listing_cedfd\" data-observer-wishlist data-attributes='listing-avance {\"selectedSelectionIds\":[\"191696\"],\"defaultImage\":\"\",\"selectedFacets\":[\"commune\",\"types_dtaills\"],\"showMap\":true,\"showGeolocalisation\":true,\"isPaginated\":true,\"perPage\":6,\"align\":\"full\",\"isPortrait\":false,\"isImageContain\":false,\"showCommune\":true,\"sortOrder\":\"random\",\"showType\":false,\"columnsCount\":\"2-3-3\",\"showActiveFacets\":false,\"isLimited\":false,\"season\":\"\"}' class=\"ws-listing wp-block-ws-apidae-library-listing-avance alignfull\" data-map-id=\"map_cedfd\" data-locations-id=\"locations-data_cedfd\"><div class=\"panel-fixe panel-facets\"><div class=\"panel-overlay toggle-facets\"><\/div><div class=\"panel-inner\"><div class=\"panel-header\"><div class=\"panel-title\">Filter<\/div><a href=\"#\" class=\"panel-close toggle-facets\">Schlie\u00dfen<\/a><\/div><div class=\"panel-content\"><div class=\"group-summary\"><div class=\"facetwp-selections\"><\/div><a href=\"#\" class=\"link-reset\">L\u00f6schen<\/a><\/div><div class=\"facetwp-facet facetwp-facet-commune facetwp-type-checkboxes\" data-name=\"commune\" data-type=\"checkboxes\"><\/div><div class=\"facetwp-facet facetwp-facet-types_dtaills facetwp-type-checkboxes\" data-name=\"types_dtaills\" data-type=\"checkboxes\"><\/div><\/div><div class=\"panel-footer\"><div class=\"facet-buttons\"><button type=\"submit\" class=\"btn btn-1 toggle-facets facetwp-count-btn\">Alle anzeigen <span class=\"results-count\"><\/span> Befund<\/button><\/div><\/div><\/div><\/div><div class=\"listing-header\"><div class=\"toggle-container\"><button class=\"btn toggle-btn toggle-list\" data-target=\"list\">Liste<\/button><button class=\"btn toggle-btn toggle-map\" data-target=\"map\">Landkarte<\/button><button class=\"btn toggle-btn toggle-facets\" data-target=\"facets\">Filter<\/button><label class=\"btn toggle-btn toggle-geoloc geoloc-toggle-wrapper has-tooltip\" data-title=\"In meiner N\u00e4he\"><input type=\"checkbox\" id=\"geoloc-toggle\" class=\"geoloc-toggle\" \/><span>In meiner N\u00e4he<\/span><\/label><button class=\"btn toggle-btn toggle-fulllist\" data-target=\"fulllist\" data-reverse=\"Karte anzeigen\">Karte ausblenden<\/button><\/div><\/div><div class=\"facetwp-template\"><div class=\"list-container active\"><div class=\"list-items\"><div class=\"item\" data-season=\"all-seasons\"><div class=\"card card-apidae card-avance\"><div class=\"group-actions\"><ws-wishlist data-type=\"flag\" data-action=\"add\" data-wish-id=\"7159259\" data-wish-type=\"apidae\"><\/ws-wishlist><\/div><div class=\"group-media\"><div class=\"field-image\"><img decoding=\"async\" src=\"https:\/\/images.weserv.nl\/?url=https:\/\/static.apidae-tourisme.com\/filestore\/objets-touristiques\/images\/166\/130\/26706598-diaporama.jpg&#038;w=350&#038;h=350&#038;fit=cover&#038;output=webp&#038;q=45\" alt=\"Hypnoth\u00e9rapeute M\u00e9lanie Courcier\"\/><\/div><\/div><div class=\"group-top\"><div class=\"field-commune\">Saint-Martin-de-Queyri\u00e8res<\/div><ws-apidae-from-price data-apidae-id=\"7159259\" ><\/ws-apidae-from-price><\/div><div class=\"group-content\"><div class=\"field-title\">Hypnoth\u00e9rapeute M\u00e9lanie Courcier<\/div><\/div><div class=\"field-link\" role=\"group\" aria-label=\"Lien vers le contenu\"><a href=\"https:\/\/www.paysdesecrins.com\/de\/fiche\/hypnotherapeute-melanie-courcier-2\/\" class=\"cardlink\" title=\"Lire plus : Hypnoth\u00e9rapeute M\u00e9lanie Courcier\" lang=\"de_DE\">Hypnoth\u00e9rapeute M\u00e9lanie Courcier<\/a><\/div><\/div><\/div><div class=\"item\" data-season=\"all-seasons\"><div class=\"card card-apidae card-avance\"><div class=\"group-actions\"><ws-wishlist data-type=\"flag\" data-action=\"add\" data-wish-id=\"7136908\" data-wish-type=\"apidae\"><\/ws-wishlist><\/div><div class=\"group-media\"><div class=\"field-image\"><img decoding=\"async\" src=\"https:\/\/images.weserv.nl\/?url=https:\/\/static.apidae-tourisme.com\/filestore\/objets-touristiques\/images\/151\/195\/28427159-diaporama.png&#038;w=350&#038;h=350&#038;fit=cover&#038;output=webp&#038;q=45\" alt=\"Docteures Justine Wyts et Chlo\u00e9 LECARPENTIER, m\u00e9decins g\u00e9n\u00e9ralistes\"\/><\/div><\/div><div class=\"group-top\"><div class=\"field-commune\">L&#039;Argenti\u00e8re-la-Bess\u00e9e<\/div><ws-apidae-from-price data-apidae-id=\"7136908\" ><\/ws-apidae-from-price><\/div><div class=\"group-content\"><div class=\"field-title\">Docteures Justine Wyts et Chlo\u00e9 LECARPENTIER, m\u00e9decins g\u00e9n\u00e9ralistes<\/div><\/div><div class=\"field-link\" role=\"group\" aria-label=\"Lien vers le contenu\"><a href=\"https:\/\/www.paysdesecrins.com\/de\/fiche\/docteures-justine-wyts-et-chloe-lecarpentier-medecins-generalistes-2\/\" class=\"cardlink\" title=\"Lire plus : Docteures Justine Wyts et Chlo\u00e9 LECARPENTIER, m\u00e9decins g\u00e9n\u00e9ralistes\" lang=\"de_DE\">Docteures Justine Wyts et Chlo\u00e9 LECARPENTIER, m\u00e9decins g\u00e9n\u00e9ralistes<\/a><\/div><\/div><\/div><div class=\"item\" data-season=\"all-seasons\"><div class=\"card card-apidae card-avance\"><div class=\"group-actions\"><ws-wishlist data-type=\"flag\" data-action=\"add\" data-wish-id=\"589376\" data-wish-type=\"apidae\"><\/ws-wishlist><\/div><div class=\"group-media\"><\/div><div class=\"group-top\"><div class=\"field-commune\">Vallouise-Pelvoux<\/div><ws-apidae-from-price data-apidae-id=\"589376\" ><\/ws-apidae-from-price><\/div><div class=\"group-content\"><div class=\"field-title\">Garage Busatta<\/div><\/div><div class=\"field-link\" role=\"group\" aria-label=\"Lien vers le contenu\"><a href=\"https:\/\/www.paysdesecrins.com\/de\/fiche\/garage-busatta-2\/\" class=\"cardlink\" title=\"Lire plus : Garage Busatta\" lang=\"de_DE\">Garage Busatta<\/a><\/div><\/div><\/div><div class=\"item\" data-season=\"all-seasons\"><div class=\"card card-apidae card-avance\"><div class=\"group-actions\"><ws-wishlist data-type=\"flag\" data-action=\"add\" data-wish-id=\"5875612\" data-wish-type=\"apidae\"><\/ws-wishlist><\/div><div class=\"group-media\"><div class=\"field-image\"><img decoding=\"async\" src=\"https:\/\/images.weserv.nl\/?url=https:\/\/static.apidae-tourisme.com\/filestore\/objets-touristiques\/images\/26\/224\/27385882-diaporama.jpg&#038;w=350&#038;h=350&#038;fit=cover&#038;output=webp&#038;q=45\" alt=\"La casa del lecca\"\/><\/div><\/div><div class=\"group-top\"><div class=\"field-commune\">Puy-Saint-Vincent<\/div><ws-apidae-from-price data-apidae-id=\"5875612\" ><\/ws-apidae-from-price><\/div><div class=\"group-content\"><div class=\"field-title\">La casa del lecca<\/div><\/div><div class=\"field-link\" role=\"group\" aria-label=\"Lien vers le contenu\"><a href=\"https:\/\/www.paysdesecrins.com\/de\/fiche\/la-casa-del-lecca-2\/\" class=\"cardlink\" title=\"Lire plus : La casa del lecca\" lang=\"de_DE\">La casa del lecca<\/a><\/div><\/div><\/div><div class=\"item\" data-season=\"all-seasons\"><div class=\"card card-apidae card-avance\"><div class=\"group-actions\"><ws-wishlist data-type=\"flag\" data-action=\"add\" data-wish-id=\"4921086\" data-wish-type=\"apidae\"><\/ws-wishlist><\/div><div class=\"group-media\"><div class=\"field-image\"><img decoding=\"async\" src=\"https:\/\/images.weserv.nl\/?url=https:\/\/static.apidae-tourisme.com\/filestore\/objets-touristiques\/images\/86\/174\/3649110-diaporama.jpg&#038;w=350&#038;h=350&#038;fit=cover&#038;output=webp&#038;q=45\" alt=\"Borne de recharge pour v\u00e9hicules \u00e9lectriques\"\/><\/div><\/div><div class=\"group-top\"><div class=\"field-commune\">L&#039;Argenti\u00e8re-la-Bess\u00e9e<\/div><ws-apidae-from-price data-apidae-id=\"4921086\" ><\/ws-apidae-from-price><\/div><div class=\"group-content\"><div class=\"field-title\">Borne de recharge pour v\u00e9hicules \u00e9lectriques<\/div><\/div><div class=\"field-link\" role=\"group\" aria-label=\"Lien vers le contenu\"><a href=\"https:\/\/www.paysdesecrins.com\/de\/fiche\/borne-de-recharge-pour-vehicules-electriques-3\/\" class=\"cardlink\" title=\"Lire plus : Borne de recharge pour v\u00e9hicules \u00e9lectriques\" lang=\"de_DE\">Borne de recharge pour v\u00e9hicules \u00e9lectriques<\/a><\/div><\/div><\/div><div class=\"item\" data-season=\"all-seasons\"><div class=\"card card-apidae card-avance\"><div class=\"group-actions\"><ws-wishlist data-type=\"flag\" data-action=\"add\" data-wish-id=\"818625\" data-wish-type=\"apidae\"><\/ws-wishlist><\/div><div class=\"group-media\"><div class=\"field-image\"><img decoding=\"async\" src=\"https:\/\/images.weserv.nl\/?url=https:\/\/static.apidae-tourisme.com\/filestore\/objets-touristiques\/images\/76\/68\/8930380-diaporama.jpg&#038;w=350&#038;h=350&#038;fit=cover&#038;output=webp&#038;q=45\" alt=\"Location de mat\u00e9riel m\u00e9dicale : Matsant\u00e9\"\/><\/div><\/div><div class=\"group-top\"><div class=\"field-commune\">L&#039;Argenti\u00e8re-la-Bess\u00e9e<\/div><ws-apidae-from-price data-apidae-id=\"818625\" ><\/ws-apidae-from-price><\/div><div class=\"group-content\"><div class=\"field-title\">Location de mat\u00e9riel m\u00e9dicale : Matsant\u00e9<\/div><\/div><div class=\"field-link\" role=\"group\" aria-label=\"Lien vers le contenu\"><a href=\"https:\/\/www.paysdesecrins.com\/de\/fiche\/location-de-materiel-medicale-matsante-2\/\" class=\"cardlink\" title=\"Lire plus : Location de mat\u00e9riel m\u00e9dicale : Matsant\u00e9\" lang=\"de_DE\">Location de mat\u00e9riel m\u00e9dicale : Matsant\u00e9<\/a><\/div><\/div><\/div><div class=\"item\" data-season=\"all-seasons\"><div class=\"card card-apidae card-avance\"><div class=\"group-actions\"><ws-wishlist data-type=\"flag\" data-action=\"add\" data-wish-id=\"583843\" data-wish-type=\"apidae\"><\/ws-wishlist><\/div><div class=\"group-media\"><div class=\"field-image\"><img decoding=\"async\" src=\"https:\/\/images.weserv.nl\/?url=https:\/\/static.apidae-tourisme.com\/filestore\/objets-touristiques\/images\/200\/177\/5747144-diaporama.jpg&#038;w=350&#038;h=350&#038;fit=cover&#038;output=webp&#038;q=45\" alt=\"Laverie 1600\"\/><\/div><\/div><div class=\"group-top\"><div class=\"field-commune\">Puy-Saint-Vincent<\/div><ws-apidae-from-price data-apidae-id=\"583843\" ><\/ws-apidae-from-price><\/div><div class=\"group-content\"><div class=\"field-title\">Laverie 1600<\/div><\/div><div class=\"field-link\" role=\"group\" aria-label=\"Lien vers le contenu\"><a href=\"https:\/\/www.paysdesecrins.com\/de\/fiche\/laverie-1600-2\/\" class=\"cardlink\" title=\"Lire plus : Laverie 1600\" lang=\"de_DE\">Laverie 1600<\/a><\/div><\/div><\/div><div class=\"item\" data-season=\"all-seasons\"><div class=\"card card-apidae card-avance\"><div class=\"group-actions\"><ws-wishlist data-type=\"flag\" data-action=\"add\" data-wish-id=\"4908607\" data-wish-type=\"apidae\"><\/ws-wishlist><\/div><div class=\"group-media\"><div class=\"field-image\"><img decoding=\"async\" src=\"https:\/\/images.weserv.nl\/?url=https:\/\/static.apidae-tourisme.com\/filestore\/objets-touristiques\/images\/86\/207\/28430166-diaporama.png&#038;w=350&#038;h=350&#038;fit=cover&#038;output=webp&#038;q=45\" alt=\"Kin\u00e9sith\u00e9rapeute, Ost\u00e9opathe Rippert Isabelle\"\/><\/div><\/div><div class=\"group-top\"><div class=\"field-commune\">L&#039;Argenti\u00e8re-la-Bess\u00e9e<\/div><ws-apidae-from-price data-apidae-id=\"4908607\" ><\/ws-apidae-from-price><\/div><div class=\"group-content\"><div class=\"field-title\">Kin\u00e9sith\u00e9rapeute, Ost\u00e9opathe Rippert Isabelle<\/div><\/div><div class=\"field-link\" role=\"group\" aria-label=\"Lien vers le contenu\"><a href=\"https:\/\/www.paysdesecrins.com\/de\/fiche\/kinesitherapeute-osteopathe-rippert-isabelle-2\/\" class=\"cardlink\" title=\"Lire plus : Kin\u00e9sith\u00e9rapeute, Ost\u00e9opathe Rippert Isabelle\" lang=\"de_DE\">Kin\u00e9sith\u00e9rapeute, Ost\u00e9opathe Rippert Isabelle<\/a><\/div><\/div><\/div><div class=\"item\" data-season=\"all-seasons\"><div class=\"card card-apidae card-avance\"><div class=\"group-actions\"><ws-wishlist data-type=\"flag\" data-action=\"add\" data-wish-id=\"774290\" data-wish-type=\"apidae\"><\/ws-wishlist><\/div><div class=\"group-media\"><div class=\"field-image\"><img decoding=\"async\" src=\"https:\/\/images.weserv.nl\/?url=https:\/\/static.apidae-tourisme.com\/filestore\/objets-touristiques\/images\/121\/240\/1568889-diaporama.jpg&#038;w=350&#038;h=350&#038;fit=cover&#038;output=webp&#038;q=45\" alt=\"Garage Renault SAS BJ Auto\"\/><\/div><\/div><div class=\"group-top\"><div class=\"field-commune\">L&#039;Argenti\u00e8re-la-Bess\u00e9e<\/div><ws-apidae-from-price data-apidae-id=\"774290\" ><\/ws-apidae-from-price><\/div><div class=\"group-content\"><div class=\"field-title\">Garage Renault SAS BJ Auto<\/div><\/div><div class=\"field-link\" role=\"group\" aria-label=\"Lien vers le contenu\"><a href=\"https:\/\/www.paysdesecrins.com\/de\/fiche\/garage-renault-sas-bj-auto-2\/\" class=\"cardlink\" title=\"Lire plus : Garage Renault SAS BJ Auto\" lang=\"de_DE\">Garage Renault SAS BJ Auto<\/a><\/div><\/div><\/div><div class=\"item\" data-season=\"all-seasons\"><div class=\"card card-apidae card-avance\"><div class=\"group-actions\"><ws-wishlist data-type=\"flag\" data-action=\"add\" data-wish-id=\"6374857\" data-wish-type=\"apidae\"><\/ws-wishlist><\/div><div class=\"group-media\"><div class=\"field-image\"><img decoding=\"async\" src=\"https:\/\/images.weserv.nl\/?url=https:\/\/static.apidae-tourisme.com\/filestore\/objets-touristiques\/images\/61\/28\/19274813-diaporama.jpg&#038;w=350&#038;h=350&#038;fit=cover&#038;output=webp&#038;q=45\" alt=\"Perfectroad Taxi Vallouise\"\/><\/div><\/div><div class=\"group-top\"><div class=\"field-commune\">Les Vigneaux<\/div><ws-apidae-from-price data-apidae-id=\"6374857\" ><\/ws-apidae-from-price><\/div><div class=\"group-content\"><div class=\"field-title\">Perfectroad Taxi Vallouise<\/div><\/div><div class=\"field-link\" role=\"group\" aria-label=\"Lien vers le contenu\"><a href=\"https:\/\/www.paysdesecrins.com\/de\/fiche\/perfectroad-taxi-vallouise-2\/\" class=\"cardlink\" title=\"Lire plus : Perfectroad Taxi Vallouise\" lang=\"de_DE\">Perfectroad Taxi Vallouise<\/a><\/div><\/div><\/div><div class=\"item\" data-season=\"all-seasons\"><div class=\"card card-apidae card-avance\"><div class=\"group-actions\"><ws-wishlist data-type=\"flag\" data-action=\"add\" data-wish-id=\"582405\" data-wish-type=\"apidae\"><\/ws-wishlist><\/div><div class=\"group-media\"><div class=\"field-image\"><img decoding=\"async\" src=\"https:\/\/images.weserv.nl\/?url=https:\/\/static.apidae-tourisme.com\/filestore\/objets-touristiques\/images\/1\/210\/28430849-diaporama.png&#038;w=350&#038;h=350&#038;fit=cover&#038;output=webp&#038;q=45\" alt=\"Kin\u00e9sith\u00e9rapeute Jeroen  Snick\"\/><\/div><\/div><div class=\"group-top\"><div class=\"field-commune\">Vallouise-Pelvoux<\/div><ws-apidae-from-price data-apidae-id=\"582405\" ><\/ws-apidae-from-price><\/div><div class=\"group-content\"><div class=\"field-title\">Kin\u00e9sith\u00e9rapeute Jeroen  Snick<\/div><\/div><div class=\"field-link\" role=\"group\" aria-label=\"Lien vers le contenu\"><a href=\"https:\/\/www.paysdesecrins.com\/de\/fiche\/kinesitherapeute-jeroen-snick-2\/\" class=\"cardlink\" title=\"Lire plus : Kin\u00e9sith\u00e9rapeute Jeroen  Snick\" lang=\"de_DE\">Kin\u00e9sith\u00e9rapeute Jeroen  Snick<\/a><\/div><\/div><\/div><div class=\"item\" data-season=\"all-seasons\"><div class=\"card card-apidae card-avance\"><div class=\"group-actions\"><ws-wishlist data-type=\"flag\" data-action=\"add\" data-wish-id=\"652589\" data-wish-type=\"apidae\"><\/ws-wishlist><\/div><div class=\"group-media\"><div class=\"field-image\"><img decoding=\"async\" src=\"https:\/\/images.weserv.nl\/?url=https:\/\/static.apidae-tourisme.com\/filestore\/objets-touristiques\/images\/200\/201\/28428744-diaporama.png&#038;w=350&#038;h=350&#038;fit=cover&#038;output=webp&#038;q=45\" alt=\"Pharmacie de L&#8217;Argenti\u00e8re\"\/><\/div><\/div><div class=\"group-top\"><div class=\"field-commune\">L&#039;Argenti\u00e8re-la-Bess\u00e9e<\/div><ws-apidae-from-price data-apidae-id=\"652589\" ><\/ws-apidae-from-price><\/div><div class=\"group-content\"><div class=\"field-title\">Pharmacie de L&#8217;Argenti\u00e8re<\/div><\/div><div class=\"field-link\" role=\"group\" aria-label=\"Lien vers le contenu\"><a href=\"https:\/\/www.paysdesecrins.com\/de\/fiche\/pharmacie-de-largentiere-2\/\" class=\"cardlink\" title=\"Lire plus : Pharmacie de L&#8217;Argenti\u00e8re\" lang=\"de_DE\">Pharmacie de L&#8217;Argenti\u00e8re<\/a><\/div><\/div><\/div><div class=\"item\" data-season=\"all-seasons\"><div class=\"card card-apidae card-avance\"><div class=\"group-actions\"><ws-wishlist data-type=\"flag\" data-action=\"add\" data-wish-id=\"7178890\" data-wish-type=\"apidae\"><\/ws-wishlist><\/div><div class=\"group-media\"><div class=\"field-image\"><img decoding=\"async\" src=\"https:\/\/images.weserv.nl\/?url=https:\/\/static.apidae-tourisme.com\/filestore\/objets-touristiques\/images\/80\/195\/28427088-diaporama.png&#038;w=350&#038;h=350&#038;fit=cover&#038;output=webp&#038;q=45\" alt=\"Docteur  Anne FLEURY-MATHIEU, m\u00e9decin g\u00e9n\u00e9raliste\"\/><\/div><\/div><div class=\"group-top\"><div class=\"field-commune\">Vallouise-Pelvoux<\/div><ws-apidae-from-price data-apidae-id=\"7178890\" ><\/ws-apidae-from-price><\/div><div class=\"group-content\"><div class=\"field-title\">Docteur  Anne FLEURY-MATHIEU, m\u00e9decin g\u00e9n\u00e9raliste<\/div><\/div><div class=\"field-link\" role=\"group\" aria-label=\"Lien vers le contenu\"><a href=\"https:\/\/www.paysdesecrins.com\/de\/fiche\/docteur-anne-fleury-mathieu-medecin-generaliste-2\/\" class=\"cardlink\" title=\"Lire plus : Docteur  Anne FLEURY-MATHIEU, m\u00e9decin g\u00e9n\u00e9raliste\" lang=\"de_DE\">Docteur  Anne FLEURY-MATHIEU, m\u00e9decin g\u00e9n\u00e9raliste<\/a><\/div><\/div><\/div><div class=\"item\" data-season=\"all-seasons\"><div class=\"card card-apidae card-avance\"><div class=\"group-actions\"><ws-wishlist data-type=\"flag\" data-action=\"add\" data-wish-id=\"6809644\" data-wish-type=\"apidae\"><\/ws-wishlist><\/div><div class=\"group-media\"><div class=\"field-image\"><img decoding=\"async\" src=\"https:\/\/images.weserv.nl\/?url=https:\/\/static.apidae-tourisme.com\/filestore\/objets-touristiques\/images\/182\/202\/28428982-diaporama.png&#038;w=350&#038;h=350&#038;fit=cover&#038;output=webp&#038;q=45\" alt=\"Cabinet param\u00e9dical &#8222;Les \u00c9crins&#8220;\"\/><\/div><\/div><div class=\"group-top\"><div class=\"field-commune\">L&#039;Argenti\u00e8re-la-Bess\u00e9e<\/div><ws-apidae-from-price data-apidae-id=\"6809644\" ><\/ws-apidae-from-price><\/div><div class=\"group-content\"><div class=\"field-title\">Cabinet param\u00e9dical &#8222;Les \u00c9crins&#8220;<\/div><\/div><div class=\"field-link\" role=\"group\" aria-label=\"Lien vers le contenu\"><a href=\"https:\/\/www.paysdesecrins.com\/de\/fiche\/cabinet-paramedical-les-ecrins-2\/\" class=\"cardlink\" title=\"Lire plus : Cabinet param\u00e9dical &#8222;Les \u00c9crins&#8220;\" lang=\"de_DE\">Cabinet param\u00e9dical &#8222;Les \u00c9crins&#8220;<\/a><\/div><\/div><\/div><div class=\"item\" data-season=\"all-seasons\"><div class=\"card card-apidae card-avance\"><div class=\"group-actions\"><ws-wishlist data-type=\"flag\" data-action=\"add\" data-wish-id=\"623401\" data-wish-type=\"apidae\"><\/ws-wishlist><\/div><div class=\"group-media\"><div class=\"field-image\"><img decoding=\"async\" src=\"https:\/\/images.weserv.nl\/?url=https:\/\/static.apidae-tourisme.com\/filestore\/objets-touristiques\/images\/103\/3\/6554471-diaporama.jpg&#038;w=350&#038;h=350&#038;fit=cover&#038;output=webp&#038;q=45\" alt=\"Coeur et Mains : &#8222;Un voyage int\u00e9rieur&#8220;, Massages, ateliers soins\"\/><\/div><\/div><div class=\"group-top\"><div class=\"field-commune\">La Roche-de-Rame<\/div><ws-apidae-from-price data-apidae-id=\"623401\" ><\/ws-apidae-from-price><\/div><div class=\"group-content\"><div class=\"field-title\">Coeur et Mains : &#8222;Un voyage int\u00e9rieur&#8220;, Massages, ateliers soins<\/div><\/div><div class=\"field-link\" role=\"group\" aria-label=\"Lien vers le contenu\"><a href=\"https:\/\/www.paysdesecrins.com\/de\/fiche\/coeur-et-mains-un-voyage-interieur-massages-ateliers-soins-2\/\" class=\"cardlink\" title=\"Lire plus : Coeur et Mains : &#8222;Un voyage int\u00e9rieur&#8220;, Massages, ateliers soins\" lang=\"de_DE\">Coeur et Mains : &#8222;Un voyage int\u00e9rieur&#8220;, Massages, ateliers soins<\/a><\/div><\/div><\/div><div class=\"item\" data-season=\"all-seasons\"><div class=\"card card-apidae card-avance\"><div class=\"group-actions\"><ws-wishlist data-type=\"flag\" data-action=\"add\" data-wish-id=\"7224807\" data-wish-type=\"apidae\"><\/ws-wishlist><\/div><div class=\"group-media\"><div class=\"field-image\"><img decoding=\"async\" src=\"https:\/\/images.weserv.nl\/?url=https:\/\/static.apidae-tourisme.com\/filestore\/objets-touristiques\/images\/162\/208\/28430498-diaporama.png&#038;w=350&#038;h=350&#038;fit=cover&#038;output=webp&#038;q=45\" alt=\"Kin\u00e9sith\u00e9rapeute Loumaye Florent\"\/><\/div><\/div><div class=\"group-top\"><div class=\"field-commune\">L&#039;Argenti\u00e8re-la-Bess\u00e9e<\/div><ws-apidae-from-price data-apidae-id=\"7224807\" ><\/ws-apidae-from-price><\/div><div class=\"group-content\"><div class=\"field-title\">Kin\u00e9sith\u00e9rapeute Loumaye Florent<\/div><\/div><div class=\"field-link\" role=\"group\" aria-label=\"Lien vers le contenu\"><a href=\"https:\/\/www.paysdesecrins.com\/de\/fiche\/kinesitherapeute-loumaye-florent-2\/\" class=\"cardlink\" title=\"Lire plus : Kin\u00e9sith\u00e9rapeute Loumaye Florent\" lang=\"de_DE\">Kin\u00e9sith\u00e9rapeute Loumaye Florent<\/a><\/div><\/div><\/div><div class=\"item\" data-season=\"all-seasons\"><div class=\"card card-apidae card-avance\"><div class=\"group-actions\"><ws-wishlist data-type=\"flag\" data-action=\"add\" data-wish-id=\"7136526\" data-wish-type=\"apidae\"><\/ws-wishlist><\/div><div class=\"group-media\"><div class=\"field-image\"><img decoding=\"async\" src=\"https:\/\/images.weserv.nl\/?url=https:\/\/static.apidae-tourisme.com\/filestore\/objets-touristiques\/images\/4\/64\/26296324-diaporama.jpg&#038;w=350&#038;h=350&#038;fit=cover&#038;output=webp&#038;q=45\" alt=\"Ost\u00e9opathie et hypnose, Emilie JOOS\"\/><\/div><\/div><div class=\"group-top\"><div class=\"field-commune\">Saint-Martin-de-Queyri\u00e8res<\/div><ws-apidae-from-price data-apidae-id=\"7136526\" ><\/ws-apidae-from-price><\/div><div class=\"group-content\"><div class=\"field-title\">Ost\u00e9opathie et hypnose, Emilie JOOS<\/div><\/div><div class=\"field-link\" role=\"group\" aria-label=\"Lien vers le contenu\"><a href=\"https:\/\/www.paysdesecrins.com\/de\/fiche\/osteopathie-et-hypnose-emilie-joos-2\/\" class=\"cardlink\" title=\"Lire plus : Ost\u00e9opathie et hypnose, Emilie JOOS\" lang=\"de_DE\">Ost\u00e9opathie et hypnose, Emilie JOOS<\/a><\/div><\/div><\/div><div class=\"item\" data-season=\"all-seasons\"><div class=\"card card-apidae card-avance\"><div class=\"group-actions\"><ws-wishlist data-type=\"flag\" data-action=\"add\" data-wish-id=\"652866\" data-wish-type=\"apidae\"><\/ws-wishlist><\/div><div class=\"group-media\"><div class=\"field-image\"><img decoding=\"async\" src=\"https:\/\/images.weserv.nl\/?url=https:\/\/static.apidae-tourisme.com\/filestore\/objets-touristiques\/images\/189\/214\/841405-diaporama.jpg&#038;w=350&#038;h=350&#038;fit=cover&#038;output=webp&#038;q=45\" alt=\"Podologue Flore GOBBI\"\/><\/div><\/div><div class=\"group-top\"><div class=\"field-commune\">L&#039;Argenti\u00e8re-la-Bess\u00e9e<\/div><ws-apidae-from-price data-apidae-id=\"652866\" ><\/ws-apidae-from-price><\/div><div class=\"group-content\"><div class=\"field-title\">Podologue Flore GOBBI<\/div><\/div><div class=\"field-link\" role=\"group\" aria-label=\"Lien vers le contenu\"><a href=\"https:\/\/www.paysdesecrins.com\/de\/fiche\/podologue-flore-gobbi-2\/\" class=\"cardlink\" title=\"Lire plus : Podologue Flore GOBBI\" lang=\"de_DE\">Podologue Flore GOBBI<\/a><\/div><\/div><\/div><div class=\"item\" data-season=\"all-seasons\"><div class=\"card card-apidae card-avance\"><div class=\"group-actions\"><ws-wishlist data-type=\"flag\" data-action=\"add\" data-wish-id=\"5085528\" data-wish-type=\"apidae\"><\/ws-wishlist><\/div><div class=\"group-media\"><div class=\"field-image\"><img decoding=\"async\" src=\"https:\/\/images.weserv.nl\/?url=https:\/\/static.apidae-tourisme.com\/filestore\/objets-touristiques\/images\/134\/131\/4883334-diaporama.jpg&#038;w=350&#038;h=350&#038;fit=cover&#038;output=webp&#038;q=45\" alt=\"Caisses Informatique Services\"\/><\/div><\/div><div class=\"group-top\"><div class=\"field-commune\">L&#039;Argenti\u00e8re-la-Bess\u00e9e<\/div><ws-apidae-from-price data-apidae-id=\"5085528\" ><\/ws-apidae-from-price><\/div><div class=\"group-content\"><div class=\"field-title\">Caisses Informatique Services<\/div><\/div><div class=\"field-link\" role=\"group\" aria-label=\"Lien vers le contenu\"><a href=\"https:\/\/www.paysdesecrins.com\/de\/fiche\/caisses-informatique-services-2\/\" class=\"cardlink\" title=\"Lire plus : Caisses Informatique Services\" lang=\"de_DE\">Caisses Informatique Services<\/a><\/div><\/div><\/div><div class=\"item\" data-season=\"all-seasons\"><div class=\"card card-apidae card-avance\"><div class=\"group-actions\"><ws-wishlist data-type=\"flag\" data-action=\"add\" data-wish-id=\"6071929\" data-wish-type=\"apidae\"><\/ws-wishlist><\/div><div class=\"group-media\"><\/div><div class=\"group-top\"><div class=\"field-commune\">L&#039;Argenti\u00e8re-la-Bess\u00e9e<\/div><ws-apidae-from-price data-apidae-id=\"6071929\" ><\/ws-apidae-from-price><\/div><div class=\"group-content\"><div class=\"field-title\">Taxi Souliere Yann<\/div><\/div><div class=\"field-link\" role=\"group\" aria-label=\"Lien vers le contenu\"><a href=\"https:\/\/www.paysdesecrins.com\/de\/fiche\/taxi-souliere-yann-2\/\" class=\"cardlink\" title=\"Lire plus : Taxi Souliere Yann\" lang=\"de_DE\">Taxi Souliere Yann<\/a><\/div><\/div><\/div><div class=\"item\" data-season=\"all-seasons\"><div class=\"card card-apidae card-avance\"><div class=\"group-actions\"><ws-wishlist data-type=\"flag\" data-action=\"add\" data-wish-id=\"628470\" data-wish-type=\"apidae\"><\/ws-wishlist><\/div><div class=\"group-media\"><div class=\"field-image\"><img decoding=\"async\" src=\"https:\/\/images.weserv.nl\/?url=https:\/\/static.apidae-tourisme.com\/filestore\/objets-touristiques\/images\/96\/201\/28428640-diaporama.png&#038;w=350&#038;h=350&#038;fit=cover&#038;output=webp&#038;q=45\" alt=\"Cabinet dentaire : Docteurs Baudry et Sap\u00e9na\"\/><\/div><\/div><div class=\"group-top\"><div class=\"field-commune\">L&#039;Argenti\u00e8re-la-Bess\u00e9e<\/div><ws-apidae-from-price data-apidae-id=\"628470\" ><\/ws-apidae-from-price><\/div><div class=\"group-content\"><div class=\"field-title\">Cabinet dentaire : Docteurs Baudry et Sap\u00e9na<\/div><\/div><div class=\"field-link\" role=\"group\" aria-label=\"Lien vers le contenu\"><a href=\"https:\/\/www.paysdesecrins.com\/de\/fiche\/cabinet-dentaire-docteurs-baudry-et-sapena-2\/\" class=\"cardlink\" title=\"Lire plus : Cabinet dentaire : Docteurs Baudry et Sap\u00e9na\" lang=\"de_DE\">Cabinet dentaire : Docteurs Baudry et Sap\u00e9na<\/a><\/div><\/div><\/div><div class=\"item\" data-season=\"all-seasons\"><div class=\"card card-apidae card-avance\"><div class=\"group-actions\"><ws-wishlist data-type=\"flag\" data-action=\"add\" data-wish-id=\"4912486\" data-wish-type=\"apidae\"><\/ws-wishlist><\/div><div class=\"group-media\"><div class=\"field-image\"><img decoding=\"async\" src=\"https:\/\/images.weserv.nl\/?url=https:\/\/static.apidae-tourisme.com\/filestore\/objets-touristiques\/images\/100\/19\/3609444-diaporama.jpg&#038;w=350&#038;h=350&#038;fit=cover&#038;output=webp&#038;q=45\" alt=\"Borne de recharge pour v\u00e9hicules \u00e9lectriques\"\/><\/div><\/div><div class=\"group-top\"><div class=\"field-commune\">La Roche-de-Rame<\/div><ws-apidae-from-price data-apidae-id=\"4912486\" ><\/ws-apidae-from-price><\/div><div class=\"group-content\"><div class=\"field-title\">Borne de recharge pour v\u00e9hicules \u00e9lectriques<\/div><\/div><div class=\"field-link\" role=\"group\" aria-label=\"Lien vers le contenu\"><a href=\"https:\/\/www.paysdesecrins.com\/de\/fiche\/borne-de-recharge-pour-vehicules-electriques-3\/\" class=\"cardlink\" title=\"Lire plus : Borne de recharge pour v\u00e9hicules \u00e9lectriques\" lang=\"de_DE\">Borne de recharge pour v\u00e9hicules \u00e9lectriques<\/a><\/div><\/div><\/div><div class=\"item\" data-season=\"all-seasons\"><div class=\"card card-apidae card-avance\"><div class=\"group-actions\"><ws-wishlist data-type=\"flag\" data-action=\"add\" data-wish-id=\"652645\" data-wish-type=\"apidae\"><\/ws-wishlist><\/div><div class=\"group-media\"><div class=\"field-image\"><img decoding=\"async\" src=\"https:\/\/images.weserv.nl\/?url=https:\/\/static.apidae-tourisme.com\/filestore\/objets-touristiques\/images\/142\/195\/28427150-diaporama.png&#038;w=350&#038;h=350&#038;fit=cover&#038;output=webp&#038;q=45\" alt=\"Docteur Karine MARTIN, m\u00e9decin g\u00e9n\u00e9raliste\"\/><\/div><\/div><div class=\"group-top\"><div class=\"field-commune\">L&#039;Argenti\u00e8re-la-Bess\u00e9e<\/div><ws-apidae-from-price data-apidae-id=\"652645\" ><\/ws-apidae-from-price><\/div><div class=\"group-content\"><div class=\"field-title\">Docteur Karine MARTIN, m\u00e9decin g\u00e9n\u00e9raliste<\/div><\/div><div class=\"field-link\" role=\"group\" aria-label=\"Lien vers le contenu\"><a href=\"https:\/\/www.paysdesecrins.com\/de\/fiche\/docteur-karine-martin-medecin-generaliste-2\/\" class=\"cardlink\" title=\"Lire plus : Docteur Karine MARTIN, m\u00e9decin g\u00e9n\u00e9raliste\" lang=\"de_DE\">Docteur Karine MARTIN, m\u00e9decin g\u00e9n\u00e9raliste<\/a><\/div><\/div><\/div><div class=\"item\" data-season=\"all-seasons\"><div class=\"card card-apidae card-avance\"><div class=\"group-actions\"><ws-wishlist data-type=\"flag\" data-action=\"add\" data-wish-id=\"6782708\" data-wish-type=\"apidae\"><\/ws-wishlist><\/div><div class=\"group-media\"><div class=\"field-image\"><img decoding=\"async\" src=\"https:\/\/images.weserv.nl\/?url=https:\/\/static.apidae-tourisme.com\/filestore\/objets-touristiques\/images\/149\/195\/28427157-diaporama.png&#038;w=350&#038;h=350&#038;fit=cover&#038;output=webp&#038;q=45\" alt=\"Docteur TIXIER Maelys, m\u00e9decin g\u00e9n\u00e9raliste\"\/><\/div><\/div><div class=\"group-top\"><div class=\"field-commune\">Vallouise-Pelvoux<\/div><ws-apidae-from-price data-apidae-id=\"6782708\" ><\/ws-apidae-from-price><\/div><div class=\"group-content\"><div class=\"field-title\">Docteur TIXIER Maelys, m\u00e9decin g\u00e9n\u00e9raliste<\/div><\/div><div class=\"field-link\" role=\"group\" aria-label=\"Lien vers le contenu\"><a href=\"https:\/\/www.paysdesecrins.com\/de\/fiche\/docteur-tixier-maelys-medecin-generaliste-2\/\" class=\"cardlink\" title=\"Lire plus : Docteur TIXIER Maelys, m\u00e9decin g\u00e9n\u00e9raliste\" lang=\"de_DE\">Docteur TIXIER Maelys, m\u00e9decin g\u00e9n\u00e9raliste<\/a><\/div><\/div><\/div><div class=\"item\" data-season=\"all-seasons\"><div class=\"card card-apidae card-avance\"><div class=\"group-actions\"><ws-wishlist data-type=\"flag\" data-action=\"add\" data-wish-id=\"7205538\" data-wish-type=\"apidae\"><\/ws-wishlist><\/div><div class=\"group-media\"><div class=\"field-image\"><img decoding=\"async\" src=\"https:\/\/images.weserv.nl\/?url=https:\/\/static.apidae-tourisme.com\/filestore\/objets-touristiques\/images\/135\/195\/28427143-diaporama.png&#038;w=350&#038;h=350&#038;fit=cover&#038;output=webp&#038;q=45\" alt=\"Docteur Caroline HOLVECK : m\u00e9decin g\u00e9n\u00e9raliste\"\/><\/div><\/div><div class=\"group-top\"><div class=\"field-commune\">Saint-Martin-de-Queyri\u00e8res<\/div><ws-apidae-from-price data-apidae-id=\"7205538\" ><\/ws-apidae-from-price><\/div><div class=\"group-content\"><div class=\"field-title\">Docteur Caroline HOLVECK : m\u00e9decin g\u00e9n\u00e9raliste<\/div><\/div><div class=\"field-link\" role=\"group\" aria-label=\"Lien vers le contenu\"><a href=\"https:\/\/www.paysdesecrins.com\/de\/fiche\/docteur-caroline-holveck-medecin-generaliste-2\/\" class=\"cardlink\" title=\"Lire plus : Docteur Caroline HOLVECK : m\u00e9decin g\u00e9n\u00e9raliste\" lang=\"de_DE\">Docteur Caroline HOLVECK : m\u00e9decin g\u00e9n\u00e9raliste<\/a><\/div><\/div><\/div><div class=\"item\" data-season=\"all-seasons\"><div class=\"card card-apidae card-avance\"><div class=\"group-actions\"><ws-wishlist data-type=\"flag\" data-action=\"add\" data-wish-id=\"6287021\" data-wish-type=\"apidae\"><\/ws-wishlist><\/div><div class=\"group-media\"><div class=\"field-image\"><img decoding=\"async\" src=\"https:\/\/images.weserv.nl\/?url=https:\/\/static.apidae-tourisme.com\/filestore\/objets-touristiques\/images\/135\/248\/14940295-diaporama.jpg&#038;w=350&#038;h=350&#038;fit=cover&#038;output=webp&#038;q=45\" alt=\"Sandrin&#8217;Net Services\"\/><\/div><\/div><div class=\"group-top\"><div class=\"field-commune\">L&#039;Argenti\u00e8re-la-Bess\u00e9e<\/div><ws-apidae-from-price data-apidae-id=\"6287021\" ><\/ws-apidae-from-price><\/div><div class=\"group-content\"><div class=\"field-title\">Sandrin&#8217;Net Services<\/div><\/div><div class=\"field-link\" role=\"group\" aria-label=\"Lien vers le contenu\"><a href=\"https:\/\/www.paysdesecrins.com\/de\/fiche\/sandrinnet-services-2\/\" class=\"cardlink\" title=\"Lire plus : Sandrin&#8217;Net Services\" lang=\"de_DE\">Sandrin&#8217;Net Services<\/a><\/div><\/div><\/div><div class=\"item\" data-season=\"all-seasons\"><div class=\"card card-apidae card-avance\"><div class=\"group-actions\"><ws-wishlist data-type=\"flag\" data-action=\"add\" data-wish-id=\"626274\" data-wish-type=\"apidae\"><\/ws-wishlist><\/div><div class=\"group-media\"><div class=\"field-image\"><img decoding=\"async\" src=\"https:\/\/images.weserv.nl\/?url=https:\/\/static.apidae-tourisme.com\/filestore\/objets-touristiques\/images\/198\/175\/13742022-diaporama.png&#038;w=350&#038;h=350&#038;fit=cover&#038;output=webp&#038;q=45\" alt=\"Taxi Pelvoux \u00c9crins\"\/><\/div><\/div><div class=\"group-top\"><div class=\"field-commune\">L&#039;Argenti\u00e8re-la-Bess\u00e9e<\/div><ws-apidae-from-price data-apidae-id=\"626274\" ><\/ws-apidae-from-price><\/div><div class=\"group-content\"><div class=\"field-title\">Taxi Pelvoux \u00c9crins<\/div><\/div><div class=\"field-link\" role=\"group\" aria-label=\"Lien vers le contenu\"><a href=\"https:\/\/www.paysdesecrins.com\/de\/fiche\/taxi-pelvoux-ecrins\/\" class=\"cardlink\" title=\"Lire plus : Taxi Pelvoux \u00c9crins\" lang=\"de_DE\">Taxi Pelvoux \u00c9crins<\/a><\/div><\/div><\/div><div class=\"item\" data-season=\"all-seasons\"><div class=\"card card-apidae card-avance\"><div class=\"group-actions\"><ws-wishlist data-type=\"flag\" data-action=\"add\" data-wish-id=\"7157770\" data-wish-type=\"apidae\"><\/ws-wishlist><\/div><div class=\"group-media\"><div class=\"field-image\"><img decoding=\"async\" src=\"https:\/\/images.weserv.nl\/?url=https:\/\/static.apidae-tourisme.com\/filestore\/objets-touristiques\/images\/106\/201\/28428650-diaporama.png&#038;w=350&#038;h=350&#038;fit=cover&#038;output=webp&#038;q=45\" alt=\"Cabinet dentaire Docteur Thomas Ferrante\"\/><\/div><\/div><div class=\"group-top\"><div class=\"field-commune\">Vallouise-Pelvoux<\/div><ws-apidae-from-price data-apidae-id=\"7157770\" ><\/ws-apidae-from-price><\/div><div class=\"group-content\"><div class=\"field-title\">Cabinet dentaire Docteur Thomas Ferrante<\/div><\/div><div class=\"field-link\" role=\"group\" aria-label=\"Lien vers le contenu\"><a href=\"https:\/\/www.paysdesecrins.com\/de\/fiche\/cabinet-dentaire-docteur-thomas-ferrante-2\/\" class=\"cardlink\" title=\"Lire plus : Cabinet dentaire Docteur Thomas Ferrante\" lang=\"de_DE\">Cabinet dentaire Docteur Thomas Ferrante<\/a><\/div><\/div><\/div><div class=\"item\" data-season=\"all-seasons\"><div class=\"card card-apidae card-avance\"><div class=\"group-actions\"><ws-wishlist data-type=\"flag\" data-action=\"add\" data-wish-id=\"623803\" data-wish-type=\"apidae\"><\/ws-wishlist><\/div><div class=\"group-media\"><\/div><div class=\"group-top\"><div class=\"field-commune\">Saint-Martin-de-Queyri\u00e8res<\/div><ws-apidae-from-price data-apidae-id=\"623803\" ><\/ws-apidae-from-price><\/div><div class=\"group-content\"><div class=\"field-title\">Station Service Leclerc<\/div><\/div><div class=\"field-link\" role=\"group\" aria-label=\"Lien vers le contenu\"><a href=\"https:\/\/www.paysdesecrins.com\/de\/fiche\/station-service-leclerc-2\/\" class=\"cardlink\" title=\"Lire plus : Station Service Leclerc\" lang=\"de_DE\">Station Service Leclerc<\/a><\/div><\/div><\/div><div class=\"item\" data-season=\"all-seasons\"><div class=\"card card-apidae card-avance\"><div class=\"group-actions\"><ws-wishlist data-type=\"flag\" data-action=\"add\" data-wish-id=\"627866\" data-wish-type=\"apidae\"><\/ws-wishlist><\/div><div class=\"group-media\"><\/div><div class=\"group-top\"><div class=\"field-commune\">Les Vigneaux<\/div><ws-apidae-from-price data-apidae-id=\"627866\" ><\/ws-apidae-from-price><\/div><div class=\"group-content\"><div class=\"field-title\">Taxi Barn\u00e9oud Vincent<\/div><\/div><div class=\"field-link\" role=\"group\" aria-label=\"Lien vers le contenu\"><a href=\"https:\/\/www.paysdesecrins.com\/de\/fiche\/taxi-barneoud-vincent-2\/\" class=\"cardlink\" title=\"Lire plus : Taxi Barn\u00e9oud Vincent\" lang=\"de_DE\">Taxi Barn\u00e9oud Vincent<\/a><\/div><\/div><\/div><div class=\"item\" data-season=\"all-seasons\"><div class=\"card card-apidae card-avance\"><div class=\"group-actions\"><ws-wishlist data-type=\"flag\" data-action=\"add\" data-wish-id=\"6421896\" data-wish-type=\"apidae\"><\/ws-wishlist><\/div><div class=\"group-media\"><\/div><div class=\"group-top\"><div class=\"field-commune\">Puy-Saint-Vincent<\/div><ws-apidae-from-price data-apidae-id=\"6421896\" ><\/ws-apidae-from-price><\/div><div class=\"group-content\"><div class=\"field-title\">MTAS SERVICES<\/div><\/div><div class=\"field-link\" role=\"group\" aria-label=\"Lien vers le contenu\"><a href=\"https:\/\/www.paysdesecrins.com\/de\/fiche\/mtas-services-2\/\" class=\"cardlink\" title=\"Lire plus : MTAS SERVICES\" lang=\"de_DE\">MTAS SERVICES<\/a><\/div><\/div><\/div><div class=\"item\" data-season=\"all-seasons\"><div class=\"card card-apidae card-avance\"><div class=\"group-actions\"><ws-wishlist data-type=\"flag\" data-action=\"add\" data-wish-id=\"824243\" data-wish-type=\"apidae\"><\/ws-wishlist><\/div><div class=\"group-media\"><div class=\"field-image\"><img decoding=\"async\" src=\"https:\/\/images.weserv.nl\/?url=https:\/\/static.apidae-tourisme.com\/filestore\/objets-touristiques\/images\/40\/191\/1621800-diaporama.jpg&#038;w=350&#038;h=350&#038;fit=cover&#038;output=webp&#038;q=45\" alt=\"Hypnose Ericksonienne\"\/><\/div><\/div><div class=\"group-top\"><div class=\"field-commune\">Vallouise-Pelvoux<\/div><ws-apidae-from-price data-apidae-id=\"824243\" ><\/ws-apidae-from-price><\/div><div class=\"group-content\"><div class=\"field-title\">Hypnose Ericksonienne<\/div><\/div><div class=\"field-link\" role=\"group\" aria-label=\"Lien vers le contenu\"><a href=\"https:\/\/www.paysdesecrins.com\/de\/fiche\/hypnose-ericksonienne-2\/\" class=\"cardlink\" title=\"Lire plus : Hypnose Ericksonienne\" lang=\"de_DE\">Hypnose Ericksonienne<\/a><\/div><\/div><\/div><div class=\"item\" data-season=\"all-seasons\"><div class=\"card card-apidae card-avance\"><div class=\"group-actions\"><ws-wishlist data-type=\"flag\" data-action=\"add\" data-wish-id=\"7158286\" data-wish-type=\"apidae\"><\/ws-wishlist><\/div><div class=\"group-media\"><div class=\"field-image\"><img decoding=\"async\" src=\"https:\/\/images.weserv.nl\/?url=https:\/\/static.apidae-tourisme.com\/filestore\/objets-touristiques\/images\/90\/35\/26682202-diaporama.jpg&#038;w=350&#038;h=350&#038;fit=cover&#038;output=webp&#038;q=45\" alt=\"Caroline Loisel, psychologue\"\/><\/div><\/div><div class=\"group-top\"><div class=\"field-commune\">L&#039;Argenti\u00e8re-la-Bess\u00e9e<\/div><ws-apidae-from-price data-apidae-id=\"7158286\" ><\/ws-apidae-from-price><\/div><div class=\"group-content\"><div class=\"field-title\">Caroline Loisel, psychologue<\/div><\/div><div class=\"field-link\" role=\"group\" aria-label=\"Lien vers le contenu\"><a href=\"https:\/\/www.paysdesecrins.com\/de\/fiche\/caroline-loisel-psychologue-2\/\" class=\"cardlink\" title=\"Lire plus : Caroline Loisel, psychologue\" lang=\"de_DE\">Caroline Loisel, psychologue<\/a><\/div><\/div><\/div><div class=\"item\" data-season=\"all-seasons\"><div class=\"card card-apidae card-avance\"><div class=\"group-actions\"><ws-wishlist data-type=\"flag\" data-action=\"add\" data-wish-id=\"652837\" data-wish-type=\"apidae\"><\/ws-wishlist><\/div><div class=\"group-media\"><div class=\"field-image\"><img decoding=\"async\" src=\"https:\/\/images.weserv.nl\/?url=https:\/\/static.apidae-tourisme.com\/filestore\/objets-touristiques\/images\/113\/207\/28430193-diaporama.png&#038;w=350&#038;h=350&#038;fit=cover&#038;output=webp&#038;q=45\" alt=\"Kin\u00e9sith\u00e9rapeute Violaine Salacroup\"\/><\/div><\/div><div class=\"group-top\"><div class=\"field-commune\">L&#039;Argenti\u00e8re-la-Bess\u00e9e<\/div><ws-apidae-from-price data-apidae-id=\"652837\" ><\/ws-apidae-from-price><\/div><div class=\"group-content\"><div class=\"field-title\">Kin\u00e9sith\u00e9rapeute Violaine Salacroup<\/div><\/div><div class=\"field-link\" role=\"group\" aria-label=\"Lien vers le contenu\"><a href=\"https:\/\/www.paysdesecrins.com\/de\/fiche\/kinesitherapeute-violaine-salacroup-2\/\" class=\"cardlink\" title=\"Lire plus : Kin\u00e9sith\u00e9rapeute Violaine Salacroup\" lang=\"de_DE\">Kin\u00e9sith\u00e9rapeute Violaine Salacroup<\/a><\/div><\/div><\/div><div class=\"item\" data-season=\"all-seasons\"><div class=\"card card-apidae card-avance\"><div class=\"group-actions\"><ws-wishlist data-type=\"flag\" data-action=\"add\" data-wish-id=\"583839\" data-wish-type=\"apidae\"><\/ws-wishlist><\/div><div class=\"group-media\"><div class=\"field-image\"><img decoding=\"async\" src=\"https:\/\/images.weserv.nl\/?url=https:\/\/static.apidae-tourisme.com\/filestore\/objets-touristiques\/images\/225\/177\/5747169-diaporama.jpg&#038;w=350&#038;h=350&#038;fit=cover&#038;output=webp&#038;q=45\" alt=\"Laverie 1400\"\/><\/div><\/div><div class=\"group-top\"><div class=\"field-commune\">Puy-Saint-Vincent<\/div><ws-apidae-from-price data-apidae-id=\"583839\" ><\/ws-apidae-from-price><\/div><div class=\"group-content\"><div class=\"field-title\">Laverie 1400<\/div><\/div><div class=\"field-link\" role=\"group\" aria-label=\"Lien vers le contenu\"><a href=\"https:\/\/www.paysdesecrins.com\/de\/fiche\/laverie-1400-2\/\" class=\"cardlink\" title=\"Lire plus : Laverie 1400\" lang=\"de_DE\">Laverie 1400<\/a><\/div><\/div><\/div><div class=\"item\" data-season=\"all-seasons\"><div class=\"card card-apidae card-avance\"><div class=\"group-actions\"><ws-wishlist data-type=\"flag\" data-action=\"add\" data-wish-id=\"7511949\" data-wish-type=\"apidae\"><\/ws-wishlist><\/div><div class=\"group-media\"><div class=\"field-image\"><img decoding=\"async\" src=\"https:\/\/images.weserv.nl\/?url=https:\/\/static.apidae-tourisme.com\/filestore\/objets-touristiques\/images\/38\/146\/34116134-diaporama.jpg&#038;w=350&#038;h=350&#038;fit=cover&#038;output=webp&#038;q=45\" alt=\"Les Clefs du Service\"\/><\/div><\/div><div class=\"group-top\"><div class=\"field-commune\">Vallouise-Pelvoux<\/div><ws-apidae-from-price data-apidae-id=\"7511949\" ><\/ws-apidae-from-price><\/div><div class=\"group-content\"><div class=\"field-title\">Les Clefs du Service<\/div><\/div><div class=\"field-link\" role=\"group\" aria-label=\"Lien vers le contenu\"><a href=\"https:\/\/www.paysdesecrins.com\/de\/fiche\/les-clefs-du-service-2\/\" class=\"cardlink\" title=\"Lire plus : Les Clefs du Service\" lang=\"de_DE\">Les Clefs du Service<\/a><\/div><\/div><\/div><div class=\"item\" data-season=\"all-seasons\"><div class=\"card card-apidae card-avance\"><div class=\"group-actions\"><ws-wishlist data-type=\"flag\" data-action=\"add\" data-wish-id=\"653829\" data-wish-type=\"apidae\"><\/ws-wishlist><\/div><div class=\"group-media\"><\/div><div class=\"group-top\"><div class=\"field-commune\">L&#039;Argenti\u00e8re-la-Bess\u00e9e<\/div><ws-apidae-from-price data-apidae-id=\"653829\" ><\/ws-apidae-from-price><\/div><div class=\"group-content\"><div class=\"field-title\">Ecole de Musique du Pays des Ecrins<\/div><\/div><div class=\"field-link\" role=\"group\" aria-label=\"Lien vers le contenu\"><a href=\"https:\/\/www.paysdesecrins.com\/de\/fiche\/ecole-de-musique-du-pays-des-ecrins-2\/\" class=\"cardlink\" title=\"Lire plus : Ecole de Musique du Pays des Ecrins\" lang=\"de_DE\">Ecole de Musique du Pays des Ecrins<\/a><\/div><\/div><\/div><div class=\"item\" data-season=\"all-seasons\"><div class=\"card card-apidae card-avance\"><div class=\"group-actions\"><ws-wishlist data-type=\"flag\" data-action=\"add\" data-wish-id=\"4908604\" data-wish-type=\"apidae\"><\/ws-wishlist><\/div><div class=\"group-media\"><div class=\"field-image\"><img decoding=\"async\" src=\"https:\/\/images.weserv.nl\/?url=https:\/\/static.apidae-tourisme.com\/filestore\/objets-touristiques\/images\/102\/207\/28430182-diaporama.png&#038;w=350&#038;h=350&#038;fit=cover&#038;output=webp&#038;q=45\" alt=\"Kin\u00e9sith\u00e9rapeute Rancon Maxime\"\/><\/div><\/div><div class=\"group-top\"><div class=\"field-commune\">L&#039;Argenti\u00e8re-la-Bess\u00e9e<\/div><ws-apidae-from-price data-apidae-id=\"4908604\" ><\/ws-apidae-from-price><\/div><div class=\"group-content\"><div class=\"field-title\">Kin\u00e9sith\u00e9rapeute Rancon Maxime<\/div><\/div><div class=\"field-link\" role=\"group\" aria-label=\"Lien vers le contenu\"><a href=\"https:\/\/www.paysdesecrins.com\/de\/fiche\/kinesitherapeute-rancon-maxime-2\/\" class=\"cardlink\" title=\"Lire plus : Kin\u00e9sith\u00e9rapeute Rancon Maxime\" lang=\"de_DE\">Kin\u00e9sith\u00e9rapeute Rancon Maxime<\/a><\/div><\/div><\/div><div class=\"item\" data-season=\"all-seasons\"><div class=\"card card-apidae card-avance\"><div class=\"group-actions\"><ws-wishlist data-type=\"flag\" data-action=\"add\" data-wish-id=\"4908588\" data-wish-type=\"apidae\"><\/ws-wishlist><\/div><div class=\"group-media\"><div class=\"field-image\"><img decoding=\"async\" src=\"https:\/\/images.weserv.nl\/?url=https:\/\/static.apidae-tourisme.com\/filestore\/objets-touristiques\/images\/228\/9\/3607012-diaporama.jpg&#038;w=350&#038;h=350&#038;fit=cover&#038;output=webp&#038;q=45\" alt=\"Orthophoniste Cayreyre Florence\"\/><\/div><\/div><div class=\"group-top\"><div class=\"field-commune\">L&#039;Argenti\u00e8re-la-Bess\u00e9e<\/div><ws-apidae-from-price data-apidae-id=\"4908588\" ><\/ws-apidae-from-price><\/div><div class=\"group-content\"><div class=\"field-title\">Orthophoniste Cayreyre Florence<\/div><\/div><div class=\"field-link\" role=\"group\" aria-label=\"Lien vers le contenu\"><a href=\"https:\/\/www.paysdesecrins.com\/de\/fiche\/orthophoniste-cayreyre-florence-2\/\" class=\"cardlink\" title=\"Lire plus : Orthophoniste Cayreyre Florence\" lang=\"de_DE\">Orthophoniste Cayreyre Florence<\/a><\/div><\/div><\/div><div class=\"item\" data-season=\"all-seasons\"><div class=\"card card-apidae card-avance\"><div class=\"group-actions\"><ws-wishlist data-type=\"flag\" data-action=\"add\" data-wish-id=\"6809028\" data-wish-type=\"apidae\"><\/ws-wishlist><\/div><div class=\"group-media\"><div class=\"field-image\"><img decoding=\"async\" src=\"https:\/\/images.weserv.nl\/?url=https:\/\/static.apidae-tourisme.com\/filestore\/objets-touristiques\/images\/4\/203\/28429060-diaporama.png&#038;w=350&#038;h=350&#038;fit=cover&#038;output=webp&#038;q=45\" alt=\"Cabinet d&#8217;infirmi\u00e8res ABC Soins\"\/><\/div><\/div><div class=\"group-top\"><div class=\"field-commune\">L&#039;Argenti\u00e8re-la-Bess\u00e9e<\/div><ws-apidae-from-price data-apidae-id=\"6809028\" ><\/ws-apidae-from-price><\/div><div class=\"group-content\"><div class=\"field-title\">Cabinet d&#8217;infirmi\u00e8res ABC Soins<\/div><\/div><div class=\"field-link\" role=\"group\" aria-label=\"Lien vers le contenu\"><a href=\"https:\/\/www.paysdesecrins.com\/de\/fiche\/cabinet-dinfirmieres-abc-soins-2\/\" class=\"cardlink\" title=\"Lire plus : Cabinet d&#8217;infirmi\u00e8res ABC Soins\" lang=\"de_DE\">Cabinet d&#8217;infirmi\u00e8res ABC Soins<\/a><\/div><\/div><\/div><div class=\"item\" data-season=\"all-seasons\"><div class=\"card card-apidae card-avance\"><div class=\"group-actions\"><ws-wishlist data-type=\"flag\" data-action=\"add\" data-wish-id=\"774467\" data-wish-type=\"apidae\"><\/ws-wishlist><\/div><div class=\"group-media\"><\/div><div class=\"group-top\"><div class=\"field-commune\">L&#039;Argenti\u00e8re-la-Bess\u00e9e<\/div><ws-apidae-from-price data-apidae-id=\"774467\" ><\/ws-apidae-from-price><\/div><div class=\"group-content\"><div class=\"field-title\">Garage J\u00e9r\u00e9mie Maillet AVATACAR<\/div><\/div><div class=\"field-link\" role=\"group\" aria-label=\"Lien vers le contenu\"><a href=\"https:\/\/www.paysdesecrins.com\/de\/fiche\/garage-jeremie-maillet-avatacar-2\/\" class=\"cardlink\" title=\"Lire plus : Garage J\u00e9r\u00e9mie Maillet AVATACAR\" lang=\"de_DE\">Garage J\u00e9r\u00e9mie Maillet AVATACAR<\/a><\/div><\/div><\/div><div class=\"item\" data-season=\"all-seasons\"><div class=\"card card-apidae card-avance\"><div class=\"group-actions\"><ws-wishlist data-type=\"flag\" data-action=\"add\" data-wish-id=\"627862\" data-wish-type=\"apidae\"><\/ws-wishlist><\/div><div class=\"group-media\"><\/div><div class=\"group-top\"><div class=\"field-commune\">Vallouise-Pelvoux<\/div><ws-apidae-from-price data-apidae-id=\"627862\" ><\/ws-apidae-from-price><\/div><div class=\"group-content\"><div class=\"field-title\">Garage Auto Service<\/div><\/div><div class=\"field-link\" role=\"group\" aria-label=\"Lien vers le contenu\"><a href=\"https:\/\/www.paysdesecrins.com\/de\/fiche\/garage-auto-service-2\/\" class=\"cardlink\" title=\"Lire plus : Garage Auto Service\" lang=\"de_DE\">Garage Auto Service<\/a><\/div><\/div><\/div><div class=\"item\" data-season=\"all-seasons\"><div class=\"card card-apidae card-avance\"><div class=\"group-actions\"><ws-wishlist data-type=\"flag\" data-action=\"add\" data-wish-id=\"6782697\" data-wish-type=\"apidae\"><\/ws-wishlist><\/div><div class=\"group-media\"><div class=\"field-image\"><img decoding=\"async\" src=\"https:\/\/images.weserv.nl\/?url=https:\/\/static.apidae-tourisme.com\/filestore\/objets-touristiques\/images\/123\/195\/28427131-diaporama.png&#038;w=350&#038;h=350&#038;fit=cover&#038;output=webp&#038;q=45\" alt=\"Docteur  Guillaume BERGER, m\u00e9decin g\u00e9n\u00e9raliste\"\/><\/div><\/div><div class=\"group-top\"><div class=\"field-commune\">Vallouise-Pelvoux<\/div><ws-apidae-from-price data-apidae-id=\"6782697\" ><\/ws-apidae-from-price><\/div><div class=\"group-content\"><div class=\"field-title\">Docteur  Guillaume BERGER, m\u00e9decin g\u00e9n\u00e9raliste<\/div><\/div><div class=\"field-link\" role=\"group\" aria-label=\"Lien vers le contenu\"><a href=\"https:\/\/www.paysdesecrins.com\/de\/fiche\/docteur-guillaume-berger-medecin-generaliste-2\/\" class=\"cardlink\" title=\"Lire plus : Docteur  Guillaume BERGER, m\u00e9decin g\u00e9n\u00e9raliste\" lang=\"de_DE\">Docteur  Guillaume BERGER, m\u00e9decin g\u00e9n\u00e9raliste<\/a><\/div><\/div><\/div><div class=\"item\" data-season=\"all-seasons\"><div class=\"card card-apidae card-avance\"><div class=\"group-actions\"><ws-wishlist data-type=\"flag\" data-action=\"add\" data-wish-id=\"6494054\" data-wish-type=\"apidae\"><\/ws-wishlist><\/div><div class=\"group-media\"><div class=\"field-image\"><img decoding=\"async\" src=\"https:\/\/images.weserv.nl\/?url=https:\/\/static.apidae-tourisme.com\/filestore\/objets-touristiques\/images\/192\/148\/20944064-diaporama.jpg&#038;w=350&#038;h=350&#038;fit=cover&#038;output=webp&#038;q=45\" alt=\"Yourte bien-\u00eatre\"\/><\/div><\/div><div class=\"group-top\"><div class=\"field-commune\">Vallouise-Pelvoux<\/div><ws-apidae-from-price data-apidae-id=\"6494054\" ><\/ws-apidae-from-price><\/div><div class=\"group-content\"><div class=\"field-title\">Yourte bien-\u00eatre<\/div><\/div><div class=\"field-link\" role=\"group\" aria-label=\"Lien vers le contenu\"><a href=\"https:\/\/www.paysdesecrins.com\/de\/fiche\/yourte-bien-etre-3\/\" class=\"cardlink\" title=\"Lire plus : Yourte bien-\u00eatre\" lang=\"de_DE\">Yourte bien-\u00eatre<\/a><\/div><\/div><\/div><div class=\"item\" data-season=\"all-seasons\"><div class=\"card card-apidae card-avance\"><div class=\"group-actions\"><ws-wishlist data-type=\"flag\" data-action=\"add\" data-wish-id=\"581788\" data-wish-type=\"apidae\"><\/ws-wishlist><\/div><div class=\"group-media\"><div class=\"field-image\"><img decoding=\"async\" src=\"https:\/\/images.weserv.nl\/?url=https:\/\/static.apidae-tourisme.com\/filestore\/objets-touristiques\/images\/165\/201\/28428709-diaporama.png&#038;w=350&#038;h=350&#038;fit=cover&#038;output=webp&#038;q=45\" alt=\"Pharmacie de la Vallouise\"\/><\/div><\/div><div class=\"group-top\"><div class=\"field-commune\">Vallouise-Pelvoux<\/div><ws-apidae-from-price data-apidae-id=\"581788\" ><\/ws-apidae-from-price><\/div><div class=\"group-content\"><div class=\"field-title\">Pharmacie de la Vallouise<\/div><\/div><div class=\"field-link\" role=\"group\" aria-label=\"Lien vers le contenu\"><a href=\"https:\/\/www.paysdesecrins.com\/de\/fiche\/pharmacie-de-la-vallouise-2\/\" class=\"cardlink\" title=\"Lire plus : Pharmacie de la Vallouise\" lang=\"de_DE\">Pharmacie de la Vallouise<\/a><\/div><\/div><\/div><div class=\"item\" data-season=\"all-seasons\"><div class=\"card card-apidae card-avance\"><div class=\"group-actions\"><ws-wishlist data-type=\"flag\" data-action=\"add\" data-wish-id=\"6810395\" data-wish-type=\"apidae\"><\/ws-wishlist><\/div><div class=\"group-media\"><\/div><div class=\"group-top\"><div class=\"field-commune\">L&#039;Argenti\u00e8re-la-Bess\u00e9e<\/div><ws-apidae-from-price data-apidae-id=\"6810395\" ><\/ws-apidae-from-price><\/div><div class=\"group-content\"><div class=\"field-title\">Podologue Juliette BONNET<\/div><\/div><div class=\"field-link\" role=\"group\" aria-label=\"Lien vers le contenu\"><a href=\"https:\/\/www.paysdesecrins.com\/de\/fiche\/podologue-juliette-bonnet-2\/\" class=\"cardlink\" title=\"Lire plus : Podologue Juliette BONNET\" lang=\"de_DE\">Podologue Juliette BONNET<\/a><\/div><\/div><\/div><div class=\"item\" data-season=\"all-seasons\"><div class=\"card card-apidae card-avance\"><div class=\"group-actions\"><ws-wishlist data-type=\"flag\" data-action=\"add\" data-wish-id=\"4912466\" data-wish-type=\"apidae\"><\/ws-wishlist><\/div><div class=\"group-media\"><div class=\"field-image\"><img decoding=\"async\" src=\"https:\/\/images.weserv.nl\/?url=https:\/\/static.apidae-tourisme.com\/filestore\/objets-touristiques\/images\/191\/237\/3206591-diaporama.jpg&#038;w=350&#038;h=350&#038;fit=cover&#038;output=webp&#038;q=45\" alt=\"Borne de rechargement pour v\u00e9hicules \u00e9lectriques\"\/><\/div><\/div><div class=\"group-top\"><div class=\"field-commune\">Puy-Saint-Vincent<\/div><ws-apidae-from-price data-apidae-id=\"4912466\" ><\/ws-apidae-from-price><\/div><div class=\"group-content\"><div class=\"field-title\">Borne de rechargement pour v\u00e9hicules \u00e9lectriques<\/div><\/div><div class=\"field-link\" role=\"group\" aria-label=\"Lien vers le contenu\"><a href=\"https:\/\/www.paysdesecrins.com\/de\/fiche\/borne-de-rechargement-pour-vehicules-electriques-2\/\" class=\"cardlink\" title=\"Lire plus : Borne de rechargement pour v\u00e9hicules \u00e9lectriques\" lang=\"de_DE\">Borne de rechargement pour v\u00e9hicules \u00e9lectriques<\/a><\/div><\/div><\/div><div class=\"item\" data-season=\"all-seasons\"><div class=\"card card-apidae card-avance\"><div class=\"group-actions\"><ws-wishlist data-type=\"flag\" data-action=\"add\" data-wish-id=\"582394\" data-wish-type=\"apidae\"><\/ws-wishlist><\/div><div class=\"group-media\"><div class=\"field-image\"><img decoding=\"async\" src=\"https:\/\/images.weserv.nl\/?url=https:\/\/static.apidae-tourisme.com\/filestore\/objets-touristiques\/images\/254\/209\/28430846-diaporama.png&#038;w=350&#038;h=350&#038;fit=cover&#038;output=webp&#038;q=45\" alt=\"Kin\u00e9sith\u00e9rapeutes Ost\u00e9opathes Isabelle Chaffard et St\u00e9phane Moutard\"\/><\/div><\/div><div class=\"group-top\"><div class=\"field-commune\">Vallouise-Pelvoux<\/div><ws-apidae-from-price data-apidae-id=\"582394\" ><\/ws-apidae-from-price><\/div><div class=\"group-content\"><div class=\"field-title\">Kin\u00e9sith\u00e9rapeutes Ost\u00e9opathes Isabelle Chaffard et St\u00e9phane Moutard<\/div><\/div><div class=\"field-link\" role=\"group\" aria-label=\"Lien vers le contenu\"><a href=\"https:\/\/www.paysdesecrins.com\/de\/fiche\/kinesitherapeutes-osteopathes-isabelle-chaffard-et-stephane-moutard-2\/\" class=\"cardlink\" title=\"Lire plus : Kin\u00e9sith\u00e9rapeutes Ost\u00e9opathes Isabelle Chaffard et St\u00e9phane Moutard\" lang=\"de_DE\">Kin\u00e9sith\u00e9rapeutes Ost\u00e9opathes Isabelle Chaffard et St\u00e9phane Moutard<\/a><\/div><\/div><\/div><div class=\"item\" data-season=\"all-seasons\"><div class=\"card card-apidae card-avance\"><div class=\"group-actions\"><ws-wishlist data-type=\"flag\" data-action=\"add\" data-wish-id=\"6655334\" data-wish-type=\"apidae\"><\/ws-wishlist><\/div><div class=\"group-media\"><div class=\"field-image\"><img decoding=\"async\" src=\"https:\/\/images.weserv.nl\/?url=https:\/\/static.apidae-tourisme.com\/filestore\/objets-touristiques\/images\/250\/245\/19002874-diaporama.jpg&#038;w=350&#038;h=350&#038;fit=cover&#038;output=webp&#038;q=45\" alt=\"Monts et Mots\"\/><\/div><\/div><div class=\"group-top\"><div class=\"field-commune\">Vallouise-Pelvoux<\/div><ws-apidae-from-price data-apidae-id=\"6655334\" ><\/ws-apidae-from-price><\/div><div class=\"group-content\"><div class=\"field-title\">Monts et Mots<\/div><\/div><div class=\"field-link\" role=\"group\" aria-label=\"Lien vers le contenu\"><a href=\"https:\/\/www.paysdesecrins.com\/de\/fiche\/monts-et-mots-2\/\" class=\"cardlink\" title=\"Lire plus : Monts et Mots\" lang=\"de_DE\">Monts et Mots<\/a><\/div><\/div><\/div><div class=\"item\" data-season=\"all-seasons\"><div class=\"card card-apidae card-avance\"><div class=\"group-actions\"><ws-wishlist data-type=\"flag\" data-action=\"add\" data-wish-id=\"581784\" data-wish-type=\"apidae\"><\/ws-wishlist><\/div><div class=\"group-media\"><div class=\"field-image\"><img decoding=\"async\" src=\"https:\/\/images.weserv.nl\/?url=https:\/\/static.apidae-tourisme.com\/filestore\/objets-touristiques\/images\/109\/202\/28428909-diaporama.png&#038;w=350&#038;h=350&#038;fit=cover&#038;output=webp&#038;q=45\" alt=\"Cabinet d&#8217;Infirmi\u00e8re Juliette Macfarlane\"\/><\/div><\/div><div class=\"group-top\"><div class=\"field-commune\">Vallouise-Pelvoux<\/div><ws-apidae-from-price data-apidae-id=\"581784\" ><\/ws-apidae-from-price><\/div><div class=\"group-content\"><div class=\"field-title\">Cabinet d&#8217;Infirmi\u00e8re Juliette Macfarlane<\/div><\/div><div class=\"field-link\" role=\"group\" aria-label=\"Lien vers le contenu\"><a href=\"https:\/\/www.paysdesecrins.com\/de\/fiche\/cabinet-dinfirmiere-juliette-macfarlane-2\/\" class=\"cardlink\" title=\"Lire plus : Cabinet d&#8217;Infirmi\u00e8re Juliette Macfarlane\" lang=\"de_DE\">Cabinet d&#8217;Infirmi\u00e8re Juliette Macfarlane<\/a><\/div><\/div><\/div><div class=\"item\" data-season=\"all-seasons\"><div class=\"card card-apidae card-avance\"><div class=\"group-actions\"><ws-wishlist data-type=\"flag\" data-action=\"add\" data-wish-id=\"7224756\" data-wish-type=\"apidae\"><\/ws-wishlist><\/div><div class=\"group-media\"><div class=\"field-image\"><img decoding=\"async\" src=\"https:\/\/images.weserv.nl\/?url=https:\/\/static.apidae-tourisme.com\/filestore\/objets-touristiques\/images\/213\/207\/28430293-diaporama.png&#038;w=350&#038;h=350&#038;fit=cover&#038;output=webp&#038;q=45\" alt=\"Kin\u00e9sith\u00e9rapeute  Ost\u00e9opathe Dupr\u00e9s Carole\"\/><\/div><\/div><div class=\"group-top\"><div class=\"field-commune\">L&#039;Argenti\u00e8re-la-Bess\u00e9e<\/div><ws-apidae-from-price data-apidae-id=\"7224756\" ><\/ws-apidae-from-price><\/div><div class=\"group-content\"><div class=\"field-title\">Kin\u00e9sith\u00e9rapeute  Ost\u00e9opathe Dupr\u00e9s Carole<\/div><\/div><div class=\"field-link\" role=\"group\" aria-label=\"Lien vers le contenu\"><a href=\"https:\/\/www.paysdesecrins.com\/de\/fiche\/kinesitherapeute-osteopathe-dupres-carole-2\/\" class=\"cardlink\" title=\"Lire plus : Kin\u00e9sith\u00e9rapeute  Ost\u00e9opathe Dupr\u00e9s Carole\" lang=\"de_DE\">Kin\u00e9sith\u00e9rapeute  Ost\u00e9opathe Dupr\u00e9s Carole<\/a><\/div><\/div><\/div><div class=\"item\" data-season=\"all-seasons\"><div class=\"card card-apidae card-avance\"><div class=\"group-actions\"><ws-wishlist data-type=\"flag\" data-action=\"add\" data-wish-id=\"902341\" data-wish-type=\"apidae\"><\/ws-wishlist><\/div><div class=\"group-media\"><div class=\"field-image\"><img decoding=\"async\" src=\"https:\/\/images.weserv.nl\/?url=https:\/\/static.apidae-tourisme.com\/filestore\/objets-touristiques\/images\/80\/119\/1865552-diaporama.jpg&#038;w=350&#038;h=350&#038;fit=cover&#038;output=webp&#038;q=45\" alt=\"AB Pneus Services\"\/><\/div><\/div><div class=\"group-top\"><div class=\"field-commune\">L&#039;Argenti\u00e8re-la-Bess\u00e9e<\/div><ws-apidae-from-price data-apidae-id=\"902341\" ><\/ws-apidae-from-price><\/div><div class=\"group-content\"><div class=\"field-title\">AB Pneus Services<\/div><\/div><div class=\"field-link\" role=\"group\" aria-label=\"Lien vers le contenu\"><a href=\"https:\/\/www.paysdesecrins.com\/de\/fiche\/ab-pneus-services-2\/\" class=\"cardlink\" title=\"Lire plus : AB Pneus Services\" lang=\"de_DE\">AB Pneus Services<\/a><\/div><\/div><\/div><div class=\"item\" data-season=\"all-seasons\"><div class=\"card card-apidae card-avance\"><div class=\"group-actions\"><ws-wishlist data-type=\"flag\" data-action=\"add\" data-wish-id=\"621699\" data-wish-type=\"apidae\"><\/ws-wishlist><\/div><div class=\"group-media\"><\/div><div class=\"group-top\"><div class=\"field-commune\">La Roche-de-Rame<\/div><ws-apidae-from-price data-apidae-id=\"621699\" ><\/ws-apidae-from-price><\/div><div class=\"group-content\"><div class=\"field-title\">Taxi Albrand Flo Taxi<\/div><\/div><div class=\"field-link\" role=\"group\" aria-label=\"Lien vers le contenu\"><a href=\"https:\/\/www.paysdesecrins.com\/de\/fiche\/taxi-albrand-flo-taxi-2\/\" class=\"cardlink\" title=\"Lire plus : Taxi Albrand Flo Taxi\" lang=\"de_DE\">Taxi Albrand Flo Taxi<\/a><\/div><\/div><\/div><div class=\"item\" data-season=\"all-seasons\"><div class=\"card card-apidae card-avance\"><div class=\"group-actions\"><ws-wishlist data-type=\"flag\" data-action=\"add\" data-wish-id=\"7224792\" data-wish-type=\"apidae\"><\/ws-wishlist><\/div><div class=\"group-media\"><div class=\"field-image\"><img decoding=\"async\" src=\"https:\/\/images.weserv.nl\/?url=https:\/\/static.apidae-tourisme.com\/filestore\/objets-touristiques\/images\/119\/208\/28430455-diaporama.png&#038;w=350&#038;h=350&#038;fit=cover&#038;output=webp&#038;q=45\" alt=\"Kin\u00e9sith\u00e9rapeute Massard Fabienne\"\/><\/div><\/div><div class=\"group-top\"><div class=\"field-commune\">L&#039;Argenti\u00e8re-la-Bess\u00e9e<\/div><ws-apidae-from-price data-apidae-id=\"7224792\" ><\/ws-apidae-from-price><\/div><div class=\"group-content\"><div class=\"field-title\">Kin\u00e9sith\u00e9rapeute Massard Fabienne<\/div><\/div><div class=\"field-link\" role=\"group\" aria-label=\"Lien vers le contenu\"><a href=\"https:\/\/www.paysdesecrins.com\/de\/fiche\/kinesitherapeute-massard-fabienne-2\/\" class=\"cardlink\" title=\"Lire plus : Kin\u00e9sith\u00e9rapeute Massard Fabienne\" lang=\"de_DE\">Kin\u00e9sith\u00e9rapeute Massard Fabienne<\/a><\/div><\/div><\/div><div class=\"item\" data-season=\"all-seasons\"><div class=\"card card-apidae card-avance\"><div class=\"group-actions\"><ws-wishlist data-type=\"flag\" data-action=\"add\" data-wish-id=\"5778333\" data-wish-type=\"apidae\"><\/ws-wishlist><\/div><div class=\"group-media\"><div class=\"field-image\"><img decoding=\"async\" src=\"https:\/\/images.weserv.nl\/?url=https:\/\/static.apidae-tourisme.com\/filestore\/objets-touristiques\/images\/185\/8\/13437113-diaporama.jpg&#038;w=350&#038;h=350&#038;fit=cover&#038;output=webp&#038;q=45\" alt=\"Aura d&#8217;Or :  Magn\u00e9tiseur, Masseur bien-\u00eatre\"\/><\/div><\/div><div class=\"group-top\"><div class=\"field-commune\">L&#039;Argenti\u00e8re-la-Bess\u00e9e<\/div><ws-apidae-from-price data-apidae-id=\"5778333\" ><\/ws-apidae-from-price><\/div><div class=\"group-content\"><div class=\"field-title\">Aura d&#8217;Or :  Magn\u00e9tiseur, Masseur bien-\u00eatre<\/div><\/div><div class=\"field-link\" role=\"group\" aria-label=\"Lien vers le contenu\"><a href=\"https:\/\/www.paysdesecrins.com\/de\/fiche\/aura-dor-magnetiseur-masseur-bien-etre-2\/\" class=\"cardlink\" title=\"Lire plus : Aura d&#8217;Or :  Magn\u00e9tiseur, Masseur bien-\u00eatre\" lang=\"de_DE\">Aura d&#8217;Or :  Magn\u00e9tiseur, Masseur bien-\u00eatre<\/a><\/div><\/div><\/div><div class=\"item\" data-season=\"all-seasons\"><div class=\"card card-apidae card-avance\"><div class=\"group-actions\"><ws-wishlist data-type=\"flag\" data-action=\"add\" data-wish-id=\"632302\" data-wish-type=\"apidae\"><\/ws-wishlist><\/div><div class=\"group-media\"><\/div><div class=\"group-top\"><div class=\"field-commune\">Les Vigneaux<\/div><ws-apidae-from-price data-apidae-id=\"632302\" ><\/ws-apidae-from-price><\/div><div class=\"group-content\"><div class=\"field-title\">Renault  Garage Giraud<\/div><\/div><div class=\"field-link\" role=\"group\" aria-label=\"Lien vers le contenu\"><a href=\"https:\/\/www.paysdesecrins.com\/de\/fiche\/renault-garage-giraud-2\/\" class=\"cardlink\" title=\"Lire plus : Renault  Garage Giraud\" lang=\"de_DE\">Renault  Garage Giraud<\/a><\/div><\/div><\/div><div class=\"item\" data-season=\"all-seasons\"><div class=\"card card-apidae card-avance\"><div class=\"group-actions\"><ws-wishlist data-type=\"flag\" data-action=\"add\" data-wish-id=\"5132804\" data-wish-type=\"apidae\"><\/ws-wishlist><\/div><div class=\"group-media\"><\/div><div class=\"group-top\"><div class=\"field-commune\">La Roche-de-Rame<\/div><ws-apidae-from-price data-apidae-id=\"5132804\" ><\/ws-apidae-from-price><\/div><div class=\"group-content\"><div class=\"field-title\">SOS TAXI 05<\/div><\/div><div class=\"field-link\" role=\"group\" aria-label=\"Lien vers le contenu\"><a href=\"https:\/\/www.paysdesecrins.com\/de\/fiche\/sos-taxi-05-2\/\" class=\"cardlink\" title=\"Lire plus : SOS TAXI 05\" lang=\"de_DE\">SOS TAXI 05<\/a><\/div><\/div><\/div><div id=\"locations-data_cedfd\" style=\"display: none;\">{&quot;locations&quot;:[{&quot;lat&quot;:&quot;44.839048&quot;,&quot;lng&quot;:&quot;6.585642&quot;,&quot;title&quot;:&quot;Hypnoth\\u00e9rapeute M\\u00e9lanie Courcier&quot;,&quot;permalink&quot;:&quot;https:\\\/\\\/www.paysdesecrins.com\\\/de\\\/fiche\\\/hypnotherapeute-melanie-courcier-2\\\/&quot;,&quot;type&quot;:&quot;commerce_et_service&quot;,&quot;commune&quot;:&quot;Saint-Martin-de-Queyri\\u00e8res&quot;,&quot;type_commerce&quot;:&quot;&quot;,&quot;image&quot;:&quot;https:\\\/\\\/static.apidae-tourisme.com\\\/filestore\\\/objets-touristiques\\\/images\\\/166\\\/130\\\/26706598-diaporama.jpg&quot;,&quot;image_width&quot;:&quot;350&quot;,&quot;image_height&quot;:&quot;350&quot;,&quot;image_fit&quot;:&quot;cover&quot;},{&quot;lat&quot;:&quot;44.797757&quot;,&quot;lng&quot;:&quot;6.557767&quot;,&quot;title&quot;:&quot;Docteures Justine Wyts et Chlo\\u00e9 LECARPENTIER, m\\u00e9decins g\\u00e9n\\u00e9ralistes&quot;,&quot;permalink&quot;:&quot;https:\\\/\\\/www.paysdesecrins.com\\\/de\\\/fiche\\\/docteures-justine-wyts-et-chloe-lecarpentier-medecins-generalistes-2\\\/&quot;,&quot;type&quot;:&quot;commerce_et_service&quot;,&quot;commune&quot;:&quot;L&#039;Argenti\\u00e8re-la-Bess\\u00e9e&quot;,&quot;type_commerce&quot;:&quot;&quot;,&quot;image&quot;:&quot;https:\\\/\\\/static.apidae-tourisme.com\\\/filestore\\\/objets-touristiques\\\/images\\\/151\\\/195\\\/28427159-diaporama.png&quot;,&quot;image_width&quot;:&quot;350&quot;,&quot;image_height&quot;:&quot;350&quot;,&quot;image_fit&quot;:&quot;cover&quot;},{&quot;lat&quot;:&quot;44.851244&quot;,&quot;lng&quot;:&quot;6.490946&quot;,&quot;title&quot;:&quot;Garage Busatta&quot;,&quot;permalink&quot;:&quot;https:\\\/\\\/www.paysdesecrins.com\\\/de\\\/fiche\\\/garage-busatta-2\\\/&quot;,&quot;type&quot;:&quot;commerce_et_service&quot;,&quot;commune&quot;:&quot;Vallouise-Pelvoux&quot;,&quot;type_commerce&quot;:&quot;&quot;,&quot;image&quot;:&quot;&quot;,&quot;image_width&quot;:&quot;350&quot;,&quot;image_height&quot;:&quot;350&quot;,&quot;image_fit&quot;:&quot;cover&quot;},{&quot;lat&quot;:&quot;44.819142&quot;,&quot;lng&quot;:&quot;6.48642&quot;,&quot;title&quot;:&quot;La casa del lecca&quot;,&quot;permalink&quot;:&quot;https:\\\/\\\/www.paysdesecrins.com\\\/de\\\/fiche\\\/la-casa-del-lecca-2\\\/&quot;,&quot;type&quot;:&quot;commerce_et_service&quot;,&quot;commune&quot;:&quot;Puy-Saint-Vincent&quot;,&quot;type_commerce&quot;:&quot;&quot;,&quot;image&quot;:&quot;https:\\\/\\\/static.apidae-tourisme.com\\\/filestore\\\/objets-touristiques\\\/images\\\/26\\\/224\\\/27385882-diaporama.jpg&quot;,&quot;image_width&quot;:&quot;350&quot;,&quot;image_height&quot;:&quot;350&quot;,&quot;image_fit&quot;:&quot;cover&quot;},{&quot;lat&quot;:&quot;44.792675&quot;,&quot;lng&quot;:&quot;6.558816&quot;,&quot;title&quot;:&quot;Borne de recharge pour v\\u00e9hicules \\u00e9lectriques&quot;,&quot;permalink&quot;:&quot;https:\\\/\\\/www.paysdesecrins.com\\\/de\\\/fiche\\\/borne-de-recharge-pour-vehicules-electriques-3\\\/&quot;,&quot;type&quot;:&quot;commerce_et_service&quot;,&quot;commune&quot;:&quot;L&#039;Argenti\\u00e8re-la-Bess\\u00e9e&quot;,&quot;type_commerce&quot;:&quot;&quot;,&quot;image&quot;:&quot;https:\\\/\\\/static.apidae-tourisme.com\\\/filestore\\\/objets-touristiques\\\/images\\\/86\\\/174\\\/3649110-diaporama.jpg&quot;,&quot;image_width&quot;:&quot;350&quot;,&quot;image_height&quot;:&quot;350&quot;,&quot;image_fit&quot;:&quot;cover&quot;},{&quot;lat&quot;:&quot;44.796171&quot;,&quot;lng&quot;:&quot;6.558906&quot;,&quot;title&quot;:&quot;Location de mat\\u00e9riel m\\u00e9dicale : Matsant\\u00e9&quot;,&quot;permalink&quot;:&quot;https:\\\/\\\/www.paysdesecrins.com\\\/de\\\/fiche\\\/location-de-materiel-medicale-matsante-2\\\/&quot;,&quot;type&quot;:&quot;commerce_et_service&quot;,&quot;commune&quot;:&quot;L&#039;Argenti\\u00e8re-la-Bess\\u00e9e&quot;,&quot;type_commerce&quot;:&quot;&quot;,&quot;image&quot;:&quot;https:\\\/\\\/static.apidae-tourisme.com\\\/filestore\\\/objets-touristiques\\\/images\\\/76\\\/68\\\/8930380-diaporama.jpg&quot;,&quot;image_width&quot;:&quot;350&quot;,&quot;image_height&quot;:&quot;350&quot;,&quot;image_fit&quot;:&quot;cover&quot;},{&quot;lat&quot;:&quot;44.81888&quot;,&quot;lng&quot;:&quot;6.486907&quot;,&quot;title&quot;:&quot;Laverie 1600&quot;,&quot;permalink&quot;:&quot;https:\\\/\\\/www.paysdesecrins.com\\\/de\\\/fiche\\\/laverie-1600-2\\\/&quot;,&quot;type&quot;:&quot;commerce_et_service&quot;,&quot;commune&quot;:&quot;Puy-Saint-Vincent&quot;,&quot;type_commerce&quot;:&quot;&quot;,&quot;image&quot;:&quot;https:\\\/\\\/static.apidae-tourisme.com\\\/filestore\\\/objets-touristiques\\\/images\\\/200\\\/177\\\/5747144-diaporama.jpg&quot;,&quot;image_width&quot;:&quot;350&quot;,&quot;image_height&quot;:&quot;350&quot;,&quot;image_fit&quot;:&quot;cover&quot;},{&quot;lat&quot;:&quot;44.792591&quot;,&quot;lng&quot;:&quot;6.558325&quot;,&quot;title&quot;:&quot;Kin\\u00e9sith\\u00e9rapeute, Ost\\u00e9opathe Rippert Isabelle&quot;,&quot;permalink&quot;:&quot;https:\\\/\\\/www.paysdesecrins.com\\\/de\\\/fiche\\\/kinesitherapeute-osteopathe-rippert-isabelle-2\\\/&quot;,&quot;type&quot;:&quot;commerce_et_service&quot;,&quot;commune&quot;:&quot;L&#039;Argenti\\u00e8re-la-Bess\\u00e9e&quot;,&quot;type_commerce&quot;:&quot;&quot;,&quot;image&quot;:&quot;https:\\\/\\\/static.apidae-tourisme.com\\\/filestore\\\/objets-touristiques\\\/images\\\/86\\\/207\\\/28430166-diaporama.png&quot;,&quot;image_width&quot;:&quot;350&quot;,&quot;image_height&quot;:&quot;350&quot;,&quot;image_fit&quot;:&quot;cover&quot;},{&quot;lat&quot;:&quot;44.792437&quot;,&quot;lng&quot;:&quot;6.559876&quot;,&quot;title&quot;:&quot;Garage Renault SAS BJ Auto&quot;,&quot;permalink&quot;:&quot;https:\\\/\\\/www.paysdesecrins.com\\\/de\\\/fiche\\\/garage-renault-sas-bj-auto-2\\\/&quot;,&quot;type&quot;:&quot;commerce_et_service&quot;,&quot;commune&quot;:&quot;L&#039;Argenti\\u00e8re-la-Bess\\u00e9e&quot;,&quot;type_commerce&quot;:&quot;&quot;,&quot;image&quot;:&quot;https:\\\/\\\/static.apidae-tourisme.com\\\/filestore\\\/objets-touristiques\\\/images\\\/121\\\/240\\\/1568889-diaporama.jpg&quot;,&quot;image_width&quot;:&quot;350&quot;,&quot;image_height&quot;:&quot;350&quot;,&quot;image_fit&quot;:&quot;cover&quot;},{&quot;lat&quot;:&quot;44.822832&quot;,&quot;lng&quot;:&quot;6.541937&quot;,&quot;title&quot;:&quot;Perfectroad Taxi Vallouise&quot;,&quot;permalink&quot;:&quot;https:\\\/\\\/www.paysdesecrins.com\\\/de\\\/fiche\\\/perfectroad-taxi-vallouise-2\\\/&quot;,&quot;type&quot;:&quot;commerce_et_service&quot;,&quot;commune&quot;:&quot;Les Vigneaux&quot;,&quot;type_commerce&quot;:&quot;&quot;,&quot;image&quot;:&quot;https:\\\/\\\/static.apidae-tourisme.com\\\/filestore\\\/objets-touristiques\\\/images\\\/61\\\/28\\\/19274813-diaporama.jpg&quot;,&quot;image_width&quot;:&quot;350&quot;,&quot;image_height&quot;:&quot;350&quot;,&quot;image_fit&quot;:&quot;cover&quot;},{&quot;lat&quot;:&quot;44.839463&quot;,&quot;lng&quot;:&quot;6.49668&quot;,&quot;title&quot;:&quot;Kin\\u00e9sith\\u00e9rapeute Jeroen  Snick&quot;,&quot;permalink&quot;:&quot;https:\\\/\\\/www.paysdesecrins.com\\\/de\\\/fiche\\\/kinesitherapeute-jeroen-snick-2\\\/&quot;,&quot;type&quot;:&quot;commerce_et_service&quot;,&quot;commune&quot;:&quot;Vallouise-Pelvoux&quot;,&quot;type_commerce&quot;:&quot;&quot;,&quot;image&quot;:&quot;https:\\\/\\\/static.apidae-tourisme.com\\\/filestore\\\/objets-touristiques\\\/images\\\/1\\\/210\\\/28430849-diaporama.png&quot;,&quot;image_width&quot;:&quot;350&quot;,&quot;image_height&quot;:&quot;350&quot;,&quot;image_fit&quot;:&quot;cover&quot;},{&quot;lat&quot;:&quot;44.797114&quot;,&quot;lng&quot;:&quot;6.558732&quot;,&quot;title&quot;:&quot;Pharmacie de L&#8217;Argenti\\u00e8re&quot;,&quot;permalink&quot;:&quot;https:\\\/\\\/www.paysdesecrins.com\\\/de\\\/fiche\\\/pharmacie-de-largentiere-2\\\/&quot;,&quot;type&quot;:&quot;commerce_et_service&quot;,&quot;commune&quot;:&quot;L&#039;Argenti\\u00e8re-la-Bess\\u00e9e&quot;,&quot;type_commerce&quot;:&quot;&quot;,&quot;image&quot;:&quot;https:\\\/\\\/static.apidae-tourisme.com\\\/filestore\\\/objets-touristiques\\\/images\\\/200\\\/201\\\/28428744-diaporama.png&quot;,&quot;image_width&quot;:&quot;350&quot;,&quot;image_height&quot;:&quot;350&quot;,&quot;image_fit&quot;:&quot;cover&quot;},{&quot;lat&quot;:&quot;44.840856&quot;,&quot;lng&quot;:&quot;6.494709&quot;,&quot;title&quot;:&quot;Docteur  Anne FLEURY-MATHIEU, m\\u00e9decin g\\u00e9n\\u00e9raliste&quot;,&quot;permalink&quot;:&quot;https:\\\/\\\/www.paysdesecrins.com\\\/de\\\/fiche\\\/docteur-anne-fleury-mathieu-medecin-generaliste-2\\\/&quot;,&quot;type&quot;:&quot;commerce_et_service&quot;,&quot;commune&quot;:&quot;Vallouise-Pelvoux&quot;,&quot;type_commerce&quot;:&quot;&quot;,&quot;image&quot;:&quot;https:\\\/\\\/static.apidae-tourisme.com\\\/filestore\\\/objets-touristiques\\\/images\\\/80\\\/195\\\/28427088-diaporama.png&quot;,&quot;image_width&quot;:&quot;350&quot;,&quot;image_height&quot;:&quot;350&quot;,&quot;image_fit&quot;:&quot;cover&quot;},{&quot;lat&quot;:&quot;44.797774&quot;,&quot;lng&quot;:&quot;6.557765&quot;,&quot;title&quot;:&quot;Cabinet param\\u00e9dical &#8222;Les \\u00c9crins&#8220;&quot;,&quot;permalink&quot;:&quot;https:\\\/\\\/www.paysdesecrins.com\\\/de\\\/fiche\\\/cabinet-paramedical-les-ecrins-2\\\/&quot;,&quot;type&quot;:&quot;commerce_et_service&quot;,&quot;commune&quot;:&quot;L&#039;Argenti\\u00e8re-la-Bess\\u00e9e&quot;,&quot;type_commerce&quot;:&quot;&quot;,&quot;image&quot;:&quot;https:\\\/\\\/static.apidae-tourisme.com\\\/filestore\\\/objets-touristiques\\\/images\\\/182\\\/202\\\/28428982-diaporama.png&quot;,&quot;image_width&quot;:&quot;350&quot;,&quot;image_height&quot;:&quot;350&quot;,&quot;image_fit&quot;:&quot;cover&quot;},{&quot;lat&quot;:&quot;44.760961&quot;,&quot;lng&quot;:&quot;6.574024&quot;,&quot;title&quot;:&quot;Coeur et Mains : &#8222;Un voyage int\\u00e9rieur&#8220;, Massages, ateliers soins&quot;,&quot;permalink&quot;:&quot;https:\\\/\\\/www.paysdesecrins.com\\\/de\\\/fiche\\\/coeur-et-mains-un-voyage-interieur-massages-ateliers-soins-2\\\/&quot;,&quot;type&quot;:&quot;commerce_et_service&quot;,&quot;commune&quot;:&quot;La Roche-de-Rame&quot;,&quot;type_commerce&quot;:&quot;&quot;,&quot;image&quot;:&quot;https:\\\/\\\/static.apidae-tourisme.com\\\/filestore\\\/objets-touristiques\\\/images\\\/103\\\/3\\\/6554471-diaporama.jpg&quot;,&quot;image_width&quot;:&quot;350&quot;,&quot;image_height&quot;:&quot;350&quot;,&quot;image_fit&quot;:&quot;cover&quot;},{&quot;lat&quot;:&quot;44.796096&quot;,&quot;lng&quot;:&quot;6.55876&quot;,&quot;title&quot;:&quot;Kin\\u00e9sith\\u00e9rapeute Loumaye Florent&quot;,&quot;permalink&quot;:&quot;https:\\\/\\\/www.paysdesecrins.com\\\/de\\\/fiche\\\/kinesitherapeute-loumaye-florent-2\\\/&quot;,&quot;type&quot;:&quot;commerce_et_service&quot;,&quot;commune&quot;:&quot;L&#039;Argenti\\u00e8re-la-Bess\\u00e9e&quot;,&quot;type_commerce&quot;:&quot;&quot;,&quot;image&quot;:&quot;https:\\\/\\\/static.apidae-tourisme.com\\\/filestore\\\/objets-touristiques\\\/images\\\/162\\\/208\\\/28430498-diaporama.png&quot;,&quot;image_width&quot;:&quot;350&quot;,&quot;image_height&quot;:&quot;350&quot;,&quot;image_fit&quot;:&quot;cover&quot;},{&quot;lat&quot;:&quot;44.839056&quot;,&quot;lng&quot;:&quot;6.585651&quot;,&quot;title&quot;:&quot;Ost\\u00e9opathie et hypnose, Emilie JOOS&quot;,&quot;permalink&quot;:&quot;https:\\\/\\\/www.paysdesecrins.com\\\/de\\\/fiche\\\/osteopathie-et-hypnose-emilie-joos-2\\\/&quot;,&quot;type&quot;:&quot;commerce_et_service&quot;,&quot;commune&quot;:&quot;Saint-Martin-de-Queyri\\u00e8res&quot;,&quot;type_commerce&quot;:&quot;&quot;,&quot;image&quot;:&quot;https:\\\/\\\/static.apidae-tourisme.com\\\/filestore\\\/objets-touristiques\\\/images\\\/4\\\/64\\\/26296324-diaporama.jpg&quot;,&quot;image_width&quot;:&quot;350&quot;,&quot;image_height&quot;:&quot;350&quot;,&quot;image_fit&quot;:&quot;cover&quot;},{&quot;lat&quot;:&quot;44.797682&quot;,&quot;lng&quot;:&quot;6.558524&quot;,&quot;title&quot;:&quot;Podologue Flore GOBBI&quot;,&quot;permalink&quot;:&quot;https:\\\/\\\/www.paysdesecrins.com\\\/de\\\/fiche\\\/podologue-flore-gobbi-2\\\/&quot;,&quot;type&quot;:&quot;commerce_et_service&quot;,&quot;commune&quot;:&quot;L&#039;Argenti\\u00e8re-la-Bess\\u00e9e&quot;,&quot;type_commerce&quot;:&quot;&quot;,&quot;image&quot;:&quot;https:\\\/\\\/static.apidae-tourisme.com\\\/filestore\\\/objets-touristiques\\\/images\\\/189\\\/214\\\/841405-diaporama.jpg&quot;,&quot;image_width&quot;:&quot;350&quot;,&quot;image_height&quot;:&quot;350&quot;,&quot;image_fit&quot;:&quot;cover&quot;},{&quot;lat&quot;:&quot;44.790856&quot;,&quot;lng&quot;:&quot;6.557247&quot;,&quot;title&quot;:&quot;Taxi Souliere Yann&quot;,&quot;permalink&quot;:&quot;https:\\\/\\\/www.paysdesecrins.com\\\/de\\\/fiche\\\/taxi-souliere-yann-2\\\/&quot;,&quot;type&quot;:&quot;commerce_et_service&quot;,&quot;commune&quot;:&quot;L&#039;Argenti\\u00e8re-la-Bess\\u00e9e&quot;,&quot;type_commerce&quot;:&quot;&quot;,&quot;image&quot;:&quot;&quot;,&quot;image_width&quot;:&quot;350&quot;,&quot;image_height&quot;:&quot;350&quot;,&quot;image_fit&quot;:&quot;cover&quot;},{&quot;lat&quot;:&quot;44.794786&quot;,&quot;lng&quot;:&quot;6.557456&quot;,&quot;title&quot;:&quot;Cabinet dentaire : Docteurs Baudry et Sap\\u00e9na&quot;,&quot;permalink&quot;:&quot;https:\\\/\\\/www.paysdesecrins.com\\\/de\\\/fiche\\\/cabinet-dentaire-docteurs-baudry-et-sapena-2\\\/&quot;,&quot;type&quot;:&quot;commerce_et_service&quot;,&quot;commune&quot;:&quot;L&#039;Argenti\\u00e8re-la-Bess\\u00e9e&quot;,&quot;type_commerce&quot;:&quot;&quot;,&quot;image&quot;:&quot;https:\\\/\\\/static.apidae-tourisme.com\\\/filestore\\\/objets-touristiques\\\/images\\\/96\\\/201\\\/28428640-diaporama.png&quot;,&quot;image_width&quot;:&quot;350&quot;,&quot;image_height&quot;:&quot;350&quot;,&quot;image_fit&quot;:&quot;cover&quot;},{&quot;lat&quot;:&quot;44.750652&quot;,&quot;lng&quot;:&quot;6.580165&quot;,&quot;title&quot;:&quot;Borne de recharge pour v\\u00e9hicules \\u00e9lectriques&quot;,&quot;permalink&quot;:&quot;https:\\\/\\\/www.paysdesecrins.com\\\/de\\\/fiche\\\/borne-de-recharge-pour-vehicules-electriques-3\\\/&quot;,&quot;type&quot;:&quot;commerce_et_service&quot;,&quot;commune&quot;:&quot;La Roche-de-Rame&quot;,&quot;type_commerce&quot;:&quot;&quot;,&quot;image&quot;:&quot;https:\\\/\\\/static.apidae-tourisme.com\\\/filestore\\\/objets-touristiques\\\/images\\\/100\\\/19\\\/3609444-diaporama.jpg&quot;,&quot;image_width&quot;:&quot;350&quot;,&quot;image_height&quot;:&quot;350&quot;,&quot;image_fit&quot;:&quot;cover&quot;},{&quot;lat&quot;:&quot;44.797195&quot;,&quot;lng&quot;:&quot;6.558793&quot;,&quot;title&quot;:&quot;Docteur Karine MARTIN, m\\u00e9decin g\\u00e9n\\u00e9raliste&quot;,&quot;permalink&quot;:&quot;https:\\\/\\\/www.paysdesecrins.com\\\/de\\\/fiche\\\/docteur-karine-martin-medecin-generaliste-2\\\/&quot;,&quot;type&quot;:&quot;commerce_et_service&quot;,&quot;commune&quot;:&quot;L&#039;Argenti\\u00e8re-la-Bess\\u00e9e&quot;,&quot;type_commerce&quot;:&quot;&quot;,&quot;image&quot;:&quot;https:\\\/\\\/static.apidae-tourisme.com\\\/filestore\\\/objets-touristiques\\\/images\\\/142\\\/195\\\/28427150-diaporama.png&quot;,&quot;image_width&quot;:&quot;350&quot;,&quot;image_height&quot;:&quot;350&quot;,&quot;image_fit&quot;:&quot;cover&quot;},{&quot;lat&quot;:&quot;44.846908&quot;,&quot;lng&quot;:&quot;6.49004&quot;,&quot;title&quot;:&quot;Docteur TIXIER Maelys, m\\u00e9decin g\\u00e9n\\u00e9raliste&quot;,&quot;permalink&quot;:&quot;https:\\\/\\\/www.paysdesecrins.com\\\/de\\\/fiche\\\/docteur-tixier-maelys-medecin-generaliste-2\\\/&quot;,&quot;type&quot;:&quot;commerce_et_service&quot;,&quot;commune&quot;:&quot;Vallouise-Pelvoux&quot;,&quot;type_commerce&quot;:&quot;&quot;,&quot;image&quot;:&quot;https:\\\/\\\/static.apidae-tourisme.com\\\/filestore\\\/objets-touristiques\\\/images\\\/149\\\/195\\\/28427157-diaporama.png&quot;,&quot;image_width&quot;:&quot;350&quot;,&quot;image_height&quot;:&quot;350&quot;,&quot;image_fit&quot;:&quot;cover&quot;},{&quot;lat&quot;:&quot;44.839474&quot;,&quot;lng&quot;:&quot;6.585599&quot;,&quot;title&quot;:&quot;Docteur Caroline HOLVECK : m\\u00e9decin g\\u00e9n\\u00e9raliste&quot;,&quot;permalink&quot;:&quot;https:\\\/\\\/www.paysdesecrins.com\\\/de\\\/fiche\\\/docteur-caroline-holveck-medecin-generaliste-2\\\/&quot;,&quot;type&quot;:&quot;commerce_et_service&quot;,&quot;commune&quot;:&quot;Saint-Martin-de-Queyri\\u00e8res&quot;,&quot;type_commerce&quot;:&quot;&quot;,&quot;image&quot;:&quot;https:\\\/\\\/static.apidae-tourisme.com\\\/filestore\\\/objets-touristiques\\\/images\\\/135\\\/195\\\/28427143-diaporama.png&quot;,&quot;image_width&quot;:&quot;350&quot;,&quot;image_height&quot;:&quot;350&quot;,&quot;image_fit&quot;:&quot;cover&quot;},{&quot;lat&quot;:&quot;44.782079&quot;,&quot;lng&quot;:&quot;6.556694&quot;,&quot;title&quot;:&quot;Sandrin&#8217;Net Services&quot;,&quot;permalink&quot;:&quot;https:\\\/\\\/www.paysdesecrins.com\\\/de\\\/fiche\\\/sandrinnet-services-2\\\/&quot;,&quot;type&quot;:&quot;commerce_et_service&quot;,&quot;commune&quot;:&quot;L&#039;Argenti\\u00e8re-la-Bess\\u00e9e&quot;,&quot;type_commerce&quot;:&quot;&quot;,&quot;image&quot;:&quot;https:\\\/\\\/static.apidae-tourisme.com\\\/filestore\\\/objets-touristiques\\\/images\\\/135\\\/248\\\/14940295-diaporama.jpg&quot;,&quot;image_width&quot;:&quot;350&quot;,&quot;image_height&quot;:&quot;350&quot;,&quot;image_fit&quot;:&quot;cover&quot;},{&quot;lat&quot;:&quot;44.844392&quot;,&quot;lng&quot;:&quot;6.486015&quot;,&quot;title&quot;:&quot;Taxi Pelvoux \\u00c9crins&quot;,&quot;permalink&quot;:&quot;https:\\\/\\\/www.paysdesecrins.com\\\/de\\\/fiche\\\/taxi-pelvoux-ecrins\\\/&quot;,&quot;type&quot;:&quot;commerce_et_service&quot;,&quot;commune&quot;:&quot;L&#039;Argenti\\u00e8re-la-Bess\\u00e9e&quot;,&quot;type_commerce&quot;:&quot;&quot;,&quot;image&quot;:&quot;https:\\\/\\\/static.apidae-tourisme.com\\\/filestore\\\/objets-touristiques\\\/images\\\/198\\\/175\\\/13742022-diaporama.png&quot;,&quot;image_width&quot;:&quot;350&quot;,&quot;image_height&quot;:&quot;350&quot;,&quot;image_fit&quot;:&quot;cover&quot;},{&quot;lat&quot;:&quot;44.840853&quot;,&quot;lng&quot;:&quot;6.49468&quot;,&quot;title&quot;:&quot;Cabinet dentaire Docteur Thomas Ferrante&quot;,&quot;permalink&quot;:&quot;https:\\\/\\\/www.paysdesecrins.com\\\/de\\\/fiche\\\/cabinet-dentaire-docteur-thomas-ferrante-2\\\/&quot;,&quot;type&quot;:&quot;commerce_et_service&quot;,&quot;commune&quot;:&quot;Vallouise-Pelvoux&quot;,&quot;type_commerce&quot;:&quot;&quot;,&quot;image&quot;:&quot;https:\\\/\\\/static.apidae-tourisme.com\\\/filestore\\\/objets-touristiques\\\/images\\\/106\\\/201\\\/28428650-diaporama.png&quot;,&quot;image_width&quot;:&quot;350&quot;,&quot;image_height&quot;:&quot;350&quot;,&quot;image_fit&quot;:&quot;cover&quot;},{&quot;lat&quot;:&quot;44.863408&quot;,&quot;lng&quot;:&quot;6.597475&quot;,&quot;title&quot;:&quot;Station Service Leclerc&quot;,&quot;permalink&quot;:&quot;https:\\\/\\\/www.paysdesecrins.com\\\/de\\\/fiche\\\/station-service-leclerc-2\\\/&quot;,&quot;type&quot;:&quot;commerce_et_service&quot;,&quot;commune&quot;:&quot;Saint-Martin-de-Queyri\\u00e8res&quot;,&quot;type_commerce&quot;:&quot;&quot;,&quot;image&quot;:&quot;&quot;,&quot;image_width&quot;:&quot;350&quot;,&quot;image_height&quot;:&quot;350&quot;,&quot;image_fit&quot;:&quot;cover&quot;},{&quot;lat&quot;:&quot;44.823422&quot;,&quot;lng&quot;:&quot;6.541893&quot;,&quot;title&quot;:&quot;Taxi Barn\\u00e9oud Vincent&quot;,&quot;permalink&quot;:&quot;https:\\\/\\\/www.paysdesecrins.com\\\/de\\\/fiche\\\/taxi-barneoud-vincent-2\\\/&quot;,&quot;type&quot;:&quot;commerce_et_service&quot;,&quot;commune&quot;:&quot;Les Vigneaux&quot;,&quot;type_commerce&quot;:&quot;&quot;,&quot;image&quot;:&quot;&quot;,&quot;image_width&quot;:&quot;350&quot;,&quot;image_height&quot;:&quot;350&quot;,&quot;image_fit&quot;:&quot;cover&quot;},{&quot;lat&quot;:&quot;44.841257&quot;,&quot;lng&quot;:&quot;6.494555&quot;,&quot;title&quot;:&quot;Hypnose Ericksonienne&quot;,&quot;permalink&quot;:&quot;https:\\\/\\\/www.paysdesecrins.com\\\/de\\\/fiche\\\/hypnose-ericksonienne-2\\\/&quot;,&quot;type&quot;:&quot;commerce_et_service&quot;,&quot;commune&quot;:&quot;Vallouise-Pelvoux&quot;,&quot;type_commerce&quot;:&quot;&quot;,&quot;image&quot;:&quot;https:\\\/\\\/static.apidae-tourisme.com\\\/filestore\\\/objets-touristiques\\\/images\\\/40\\\/191\\\/1621800-diaporama.jpg&quot;,&quot;image_width&quot;:&quot;350&quot;,&quot;image_height&quot;:&quot;350&quot;,&quot;image_fit&quot;:&quot;cover&quot;},{&quot;lat&quot;:&quot;44.797327&quot;,&quot;lng&quot;:&quot;6.558868&quot;,&quot;title&quot;:&quot;Caroline Loisel, psychologue&quot;,&quot;permalink&quot;:&quot;https:\\\/\\\/www.paysdesecrins.com\\\/de\\\/fiche\\\/caroline-loisel-psychologue-2\\\/&quot;,&quot;type&quot;:&quot;commerce_et_service&quot;,&quot;commune&quot;:&quot;L&#039;Argenti\\u00e8re-la-Bess\\u00e9e&quot;,&quot;type_commerce&quot;:&quot;&quot;,&quot;image&quot;:&quot;https:\\\/\\\/static.apidae-tourisme.com\\\/filestore\\\/objets-touristiques\\\/images\\\/90\\\/35\\\/26682202-diaporama.jpg&quot;,&quot;image_width&quot;:&quot;350&quot;,&quot;image_height&quot;:&quot;350&quot;,&quot;image_fit&quot;:&quot;cover&quot;},{&quot;lat&quot;:&quot;44.797317&quot;,&quot;lng&quot;:&quot;6.558878&quot;,&quot;title&quot;:&quot;Kin\\u00e9sith\\u00e9rapeute Violaine Salacroup&quot;,&quot;permalink&quot;:&quot;https:\\\/\\\/www.paysdesecrins.com\\\/de\\\/fiche\\\/kinesitherapeute-violaine-salacroup-2\\\/&quot;,&quot;type&quot;:&quot;commerce_et_service&quot;,&quot;commune&quot;:&quot;L&#039;Argenti\\u00e8re-la-Bess\\u00e9e&quot;,&quot;type_commerce&quot;:&quot;&quot;,&quot;image&quot;:&quot;https:\\\/\\\/static.apidae-tourisme.com\\\/filestore\\\/objets-touristiques\\\/images\\\/113\\\/207\\\/28430193-diaporama.png&quot;,&quot;image_width&quot;:&quot;350&quot;,&quot;image_height&quot;:&quot;350&quot;,&quot;image_fit&quot;:&quot;cover&quot;},{&quot;lat&quot;:&quot;44.824724&quot;,&quot;lng&quot;:&quot;6.500537&quot;,&quot;title&quot;:&quot;Laverie 1400&quot;,&quot;permalink&quot;:&quot;https:\\\/\\\/www.paysdesecrins.com\\\/de\\\/fiche\\\/laverie-1400-2\\\/&quot;,&quot;type&quot;:&quot;commerce_et_service&quot;,&quot;commune&quot;:&quot;Puy-Saint-Vincent&quot;,&quot;type_commerce&quot;:&quot;&quot;,&quot;image&quot;:&quot;https:\\\/\\\/static.apidae-tourisme.com\\\/filestore\\\/objets-touristiques\\\/images\\\/225\\\/177\\\/5747169-diaporama.jpg&quot;,&quot;image_width&quot;:&quot;350&quot;,&quot;image_height&quot;:&quot;350&quot;,&quot;image_fit&quot;:&quot;cover&quot;},{&quot;lat&quot;:&quot;44.789453&quot;,&quot;lng&quot;:&quot;6.559089&quot;,&quot;title&quot;:&quot;Ecole de Musique du Pays des Ecrins&quot;,&quot;permalink&quot;:&quot;https:\\\/\\\/www.paysdesecrins.com\\\/de\\\/fiche\\\/ecole-de-musique-du-pays-des-ecrins-2\\\/&quot;,&quot;type&quot;:&quot;commerce_et_service&quot;,&quot;commune&quot;:&quot;L&#039;Argenti\\u00e8re-la-Bess\\u00e9e&quot;,&quot;type_commerce&quot;:&quot;&quot;,&quot;image&quot;:&quot;&quot;,&quot;image_width&quot;:&quot;350&quot;,&quot;image_height&quot;:&quot;350&quot;,&quot;image_fit&quot;:&quot;cover&quot;},{&quot;lat&quot;:&quot;44.797212&quot;,&quot;lng&quot;:&quot;6.558734&quot;,&quot;title&quot;:&quot;Cabinet d&#8217;infirmi\\u00e8res ABC Soins&quot;,&quot;permalink&quot;:&quot;https:\\\/\\\/www.paysdesecrins.com\\\/de\\\/fiche\\\/cabinet-dinfirmieres-abc-soins-2\\\/&quot;,&quot;type&quot;:&quot;commerce_et_service&quot;,&quot;commune&quot;:&quot;L&#039;Argenti\\u00e8re-la-Bess\\u00e9e&quot;,&quot;type_commerce&quot;:&quot;&quot;,&quot;image&quot;:&quot;https:\\\/\\\/static.apidae-tourisme.com\\\/filestore\\\/objets-touristiques\\\/images\\\/4\\\/203\\\/28429060-diaporama.png&quot;,&quot;image_width&quot;:&quot;350&quot;,&quot;image_height&quot;:&quot;350&quot;,&quot;image_fit&quot;:&quot;cover&quot;},{&quot;lat&quot;:&quot;44.790084&quot;,&quot;lng&quot;:&quot;6.557741&quot;,&quot;title&quot;:&quot;Garage J\\u00e9r\\u00e9mie Maillet AVATACAR&quot;,&quot;permalink&quot;:&quot;https:\\\/\\\/www.paysdesecrins.com\\\/de\\\/fiche\\\/garage-jeremie-maillet-avatacar-2\\\/&quot;,&quot;type&quot;:&quot;commerce_et_service&quot;,&quot;commune&quot;:&quot;L&#039;Argenti\\u00e8re-la-Bess\\u00e9e&quot;,&quot;type_commerce&quot;:&quot;&quot;,&quot;image&quot;:&quot;&quot;,&quot;image_width&quot;:&quot;350&quot;,&quot;image_height&quot;:&quot;350&quot;,&quot;image_fit&quot;:&quot;cover&quot;},{&quot;lat&quot;:&quot;44.834432&quot;,&quot;lng&quot;:&quot;6.505283&quot;,&quot;title&quot;:&quot;Garage Auto Service&quot;,&quot;permalink&quot;:&quot;https:\\\/\\\/www.paysdesecrins.com\\\/de\\\/fiche\\\/garage-auto-service-2\\\/&quot;,&quot;type&quot;:&quot;commerce_et_service&quot;,&quot;commune&quot;:&quot;Vallouise-Pelvoux&quot;,&quot;type_commerce&quot;:&quot;&quot;,&quot;image&quot;:&quot;&quot;,&quot;image_width&quot;:&quot;350&quot;,&quot;image_height&quot;:&quot;350&quot;,&quot;image_fit&quot;:&quot;cover&quot;},{&quot;lat&quot;:&quot;44.841034&quot;,&quot;lng&quot;:&quot;6.494782&quot;,&quot;title&quot;:&quot;Docteur  Guillaume BERGER, m\\u00e9decin g\\u00e9n\\u00e9raliste&quot;,&quot;permalink&quot;:&quot;https:\\\/\\\/www.paysdesecrins.com\\\/de\\\/fiche\\\/docteur-guillaume-berger-medecin-generaliste-2\\\/&quot;,&quot;type&quot;:&quot;commerce_et_service&quot;,&quot;commune&quot;:&quot;Vallouise-Pelvoux&quot;,&quot;type_commerce&quot;:&quot;&quot;,&quot;image&quot;:&quot;https:\\\/\\\/static.apidae-tourisme.com\\\/filestore\\\/objets-touristiques\\\/images\\\/123\\\/195\\\/28427131-diaporama.png&quot;,&quot;image_width&quot;:&quot;350&quot;,&quot;image_height&quot;:&quot;350&quot;,&quot;image_fit&quot;:&quot;cover&quot;},{&quot;lat&quot;:&quot;44.871268&quot;,&quot;lng&quot;:&quot;6.48638&quot;,&quot;title&quot;:&quot;Yourte bien-\\u00eatre&quot;,&quot;permalink&quot;:&quot;https:\\\/\\\/www.paysdesecrins.com\\\/de\\\/fiche\\\/yourte-bien-etre-3\\\/&quot;,&quot;type&quot;:&quot;commerce_et_service&quot;,&quot;commune&quot;:&quot;Vallouise-Pelvoux&quot;,&quot;type_commerce&quot;:&quot;&quot;,&quot;image&quot;:&quot;https:\\\/\\\/static.apidae-tourisme.com\\\/filestore\\\/objets-touristiques\\\/images\\\/192\\\/148\\\/20944064-diaporama.jpg&quot;,&quot;image_width&quot;:&quot;350&quot;,&quot;image_height&quot;:&quot;350&quot;,&quot;image_fit&quot;:&quot;cover&quot;},{&quot;lat&quot;:&quot;44.797682&quot;,&quot;lng&quot;:&quot;6.558524&quot;,&quot;title&quot;:&quot;Podologue Juliette BONNET&quot;,&quot;permalink&quot;:&quot;https:\\\/\\\/www.paysdesecrins.com\\\/de\\\/fiche\\\/podologue-juliette-bonnet-2\\\/&quot;,&quot;type&quot;:&quot;commerce_et_service&quot;,&quot;commune&quot;:&quot;L&#039;Argenti\\u00e8re-la-Bess\\u00e9e&quot;,&quot;type_commerce&quot;:&quot;&quot;,&quot;image&quot;:&quot;&quot;,&quot;image_width&quot;:&quot;350&quot;,&quot;image_height&quot;:&quot;350&quot;,&quot;image_fit&quot;:&quot;cover&quot;},{&quot;lat&quot;:&quot;44.82493&quot;,&quot;lng&quot;:&quot;6.498289&quot;,&quot;title&quot;:&quot;Borne de rechargement pour v\\u00e9hicules \\u00e9lectriques&quot;,&quot;permalink&quot;:&quot;https:\\\/\\\/www.paysdesecrins.com\\\/de\\\/fiche\\\/borne-de-rechargement-pour-vehicules-electriques-2\\\/&quot;,&quot;type&quot;:&quot;commerce_et_service&quot;,&quot;commune&quot;:&quot;Puy-Saint-Vincent&quot;,&quot;type_commerce&quot;:&quot;&quot;,&quot;image&quot;:&quot;https:\\\/\\\/static.apidae-tourisme.com\\\/filestore\\\/objets-touristiques\\\/images\\\/191\\\/237\\\/3206591-diaporama.jpg&quot;,&quot;image_width&quot;:&quot;350&quot;,&quot;image_height&quot;:&quot;350&quot;,&quot;image_fit&quot;:&quot;cover&quot;},{&quot;lat&quot;:&quot;44.840983&quot;,&quot;lng&quot;:&quot;6.494812&quot;,&quot;title&quot;:&quot;Kin\\u00e9sith\\u00e9rapeutes Ost\\u00e9opathes Isabelle Chaffard et St\\u00e9phane Moutard&quot;,&quot;permalink&quot;:&quot;https:\\\/\\\/www.paysdesecrins.com\\\/de\\\/fiche\\\/kinesitherapeutes-osteopathes-isabelle-chaffard-et-stephane-moutard-2\\\/&quot;,&quot;type&quot;:&quot;commerce_et_service&quot;,&quot;commune&quot;:&quot;Vallouise-Pelvoux&quot;,&quot;type_commerce&quot;:&quot;&quot;,&quot;image&quot;:&quot;https:\\\/\\\/static.apidae-tourisme.com\\\/filestore\\\/objets-touristiques\\\/images\\\/254\\\/209\\\/28430846-diaporama.png&quot;,&quot;image_width&quot;:&quot;350&quot;,&quot;image_height&quot;:&quot;350&quot;,&quot;image_fit&quot;:&quot;cover&quot;},{&quot;lat&quot;:&quot;44.84364&quot;,&quot;lng&quot;:&quot;6.489312&quot;,&quot;title&quot;:&quot;Cabinet d&#8217;Infirmi\\u00e8re Juliette Macfarlane&quot;,&quot;permalink&quot;:&quot;https:\\\/\\\/www.paysdesecrins.com\\\/de\\\/fiche\\\/cabinet-dinfirmiere-juliette-macfarlane-2\\\/&quot;,&quot;type&quot;:&quot;commerce_et_service&quot;,&quot;commune&quot;:&quot;Vallouise-Pelvoux&quot;,&quot;type_commerce&quot;:&quot;&quot;,&quot;image&quot;:&quot;https:\\\/\\\/static.apidae-tourisme.com\\\/filestore\\\/objets-touristiques\\\/images\\\/109\\\/202\\\/28428909-diaporama.png&quot;,&quot;image_width&quot;:&quot;350&quot;,&quot;image_height&quot;:&quot;350&quot;,&quot;image_fit&quot;:&quot;cover&quot;},{&quot;lat&quot;:&quot;44.797292&quot;,&quot;lng&quot;:&quot;6.558884&quot;,&quot;title&quot;:&quot;Kin\\u00e9sith\\u00e9rapeute  Ost\\u00e9opathe Dupr\\u00e9s Carole&quot;,&quot;permalink&quot;:&quot;https:\\\/\\\/www.paysdesecrins.com\\\/de\\\/fiche\\\/kinesitherapeute-osteopathe-dupres-carole-2\\\/&quot;,&quot;type&quot;:&quot;commerce_et_service&quot;,&quot;commune&quot;:&quot;L&#039;Argenti\\u00e8re-la-Bess\\u00e9e&quot;,&quot;type_commerce&quot;:&quot;&quot;,&quot;image&quot;:&quot;https:\\\/\\\/static.apidae-tourisme.com\\\/filestore\\\/objets-touristiques\\\/images\\\/213\\\/207\\\/28430293-diaporama.png&quot;,&quot;image_width&quot;:&quot;350&quot;,&quot;image_height&quot;:&quot;350&quot;,&quot;image_fit&quot;:&quot;cover&quot;},{&quot;lat&quot;:&quot;44.790042&quot;,&quot;lng&quot;:&quot;6.558916&quot;,&quot;title&quot;:&quot;AB Pneus Services&quot;,&quot;permalink&quot;:&quot;https:\\\/\\\/www.paysdesecrins.com\\\/de\\\/fiche\\\/ab-pneus-services-2\\\/&quot;,&quot;type&quot;:&quot;commerce_et_service&quot;,&quot;commune&quot;:&quot;L&#039;Argenti\\u00e8re-la-Bess\\u00e9e&quot;,&quot;type_commerce&quot;:&quot;&quot;,&quot;image&quot;:&quot;https:\\\/\\\/static.apidae-tourisme.com\\\/filestore\\\/objets-touristiques\\\/images\\\/80\\\/119\\\/1865552-diaporama.jpg&quot;,&quot;image_width&quot;:&quot;350&quot;,&quot;image_height&quot;:&quot;350&quot;,&quot;image_fit&quot;:&quot;cover&quot;},{&quot;lat&quot;:&quot;44.760747&quot;,&quot;lng&quot;:&quot;6.573423&quot;,&quot;title&quot;:&quot;Taxi Albrand Flo Taxi&quot;,&quot;permalink&quot;:&quot;https:\\\/\\\/www.paysdesecrins.com\\\/de\\\/fiche\\\/taxi-albrand-flo-taxi-2\\\/&quot;,&quot;type&quot;:&quot;commerce_et_service&quot;,&quot;commune&quot;:&quot;La Roche-de-Rame&quot;,&quot;type_commerce&quot;:&quot;&quot;,&quot;image&quot;:&quot;&quot;,&quot;image_width&quot;:&quot;350&quot;,&quot;image_height&quot;:&quot;350&quot;,&quot;image_fit&quot;:&quot;cover&quot;},{&quot;lat&quot;:&quot;44.797787&quot;,&quot;lng&quot;:&quot;6.55796&quot;,&quot;title&quot;:&quot;Kin\\u00e9sith\\u00e9rapeute Massard Fabienne&quot;,&quot;permalink&quot;:&quot;https:\\\/\\\/www.paysdesecrins.com\\\/de\\\/fiche\\\/kinesitherapeute-massard-fabienne-2\\\/&quot;,&quot;type&quot;:&quot;commerce_et_service&quot;,&quot;commune&quot;:&quot;L&#039;Argenti\\u00e8re-la-Bess\\u00e9e&quot;,&quot;type_commerce&quot;:&quot;&quot;,&quot;image&quot;:&quot;https:\\\/\\\/static.apidae-tourisme.com\\\/filestore\\\/objets-touristiques\\\/images\\\/119\\\/208\\\/28430455-diaporama.png&quot;,&quot;image_width&quot;:&quot;350&quot;,&quot;image_height&quot;:&quot;350&quot;,&quot;image_fit&quot;:&quot;cover&quot;},{&quot;lat&quot;:&quot;44.822878&quot;,&quot;lng&quot;:&quot;6.538716&quot;,&quot;title&quot;:&quot;Renault  Garage Giraud&quot;,&quot;permalink&quot;:&quot;https:\\\/\\\/www.paysdesecrins.com\\\/de\\\/fiche\\\/renault-garage-giraud-2\\\/&quot;,&quot;type&quot;:&quot;commerce_et_service&quot;,&quot;commune&quot;:&quot;Les Vigneaux&quot;,&quot;type_commerce&quot;:&quot;&quot;,&quot;image&quot;:&quot;&quot;,&quot;image_width&quot;:&quot;350&quot;,&quot;image_height&quot;:&quot;350&quot;,&quot;image_fit&quot;:&quot;cover&quot;},{&quot;lat&quot;:&quot;44.76076&quot;,&quot;lng&quot;:&quot;6.571518&quot;,&quot;title&quot;:&quot;SOS TAXI 05&quot;,&quot;permalink&quot;:&quot;https:\\\/\\\/www.paysdesecrins.com\\\/de\\\/fiche\\\/sos-taxi-05-2\\\/&quot;,&quot;type&quot;:&quot;commerce_et_service&quot;,&quot;commune&quot;:&quot;La Roche-de-Rame&quot;,&quot;type_commerce&quot;:&quot;&quot;,&quot;image&quot;:&quot;&quot;,&quot;image_width&quot;:&quot;350&quot;,&quot;image_height&quot;:&quot;350&quot;,&quot;image_fit&quot;:&quot;cover&quot;}],&quot;center_lat&quot;:&quot;44.839048&quot;,&quot;center_lng&quot;:&quot;6.585642&quot;}<\/div><\/div><\/div><\/div><div class=\"map-marker\"><div id=\"map_cedfd\" class=\"map-container\" style=\"width: 100%; height: 450px;\"><\/div><\/div><\/div>\n<div class=\"wp-block-ws-library-ws-share\"><span class=\"share-subtitle\">Hat Ihnen diese Seite gefallen?<\/span><span class=\"share-title\">Teilen Sie es!<\/span><button class=\"ws-share-button wp-element-button\">Diese Seite teilen<\/button><\/div>\n","protected":false},"excerpt":{"rendered":"<p>Alles, was Sie brauchen, zur Hand: Post, \u00c4rzte, Apotheke, Garage, Transport oder Kindertagesst\u00e4tte, etc. F\u00fcr weitere praktische Informationen besuchen Sie [&hellip;]<\/p>\n","protected":false},"author":4,"featured_media":49034,"parent":45270,"menu_order":0,"comment_status":"closed","ping_status":"closed","template":"","meta":{"_thumbnail_id_2":0,"summer_excerpt":"","season":"","station":"","footnotes":""},"class_list":["post-50236","page","type-page","status-publish","has-post-thumbnail","hentry"],"yoast_head":"<!-- This site is optimized with the Yoast SEO plugin v27.3 - https:\/\/yoast.com\/product\/yoast-seo-wordpress\/ -->\n<title>Dienste - Pays des \u00c9crins - Office de Tourisme<\/title>\n<meta name=\"robots\" content=\"index, follow, max-snippet:-1, max-image-preview:large, max-video-preview:-1\" \/>\n<link rel=\"canonical\" href=\"https:\/\/www.paysdesecrins.com\/de\/ich-waehle\/geschaefte-und-dienstleistungen\/dienste\/\" \/>\n<meta property=\"og:locale\" content=\"de_DE\" \/>\n<meta property=\"og:type\" content=\"article\" \/>\n<meta property=\"og:title\" content=\"Dienste - Pays des \u00c9crins - Office de Tourisme\" \/>\n<meta property=\"og:description\" content=\"Alles, was Sie brauchen, zur Hand: Post, \u00c4rzte, Apotheke, Garage, Transport oder Kindertagesst\u00e4tte, etc. F\u00fcr weitere praktische Informationen besuchen Sie [&hellip;]\" \/>\n<meta property=\"og:url\" content=\"https:\/\/www.paysdesecrins.com\/de\/ich-waehle\/geschaefte-und-dienstleistungen\/dienste\/\" \/>\n<meta property=\"og:site_name\" content=\"Pays des \u00c9crins - Office de Tourisme\" \/>\n<meta property=\"article:modified_time\" content=\"2025-08-13T16:20:52+00:00\" \/>\n<meta property=\"og:image\" content=\"https:\/\/www.paysdesecrins.com\/wp-content\/uploads\/2025\/07\/image-5.jpg\" \/>\n\t<meta property=\"og:image:width\" content=\"810\" \/>\n\t<meta property=\"og:image:height\" content=\"1080\" \/>\n\t<meta property=\"og:image:type\" content=\"image\/jpeg\" \/>\n<meta name=\"twitter:card\" content=\"summary_large_image\" \/>\n<script type=\"application\/ld+json\" class=\"yoast-schema-graph\">{\"@context\":\"https:\\\/\\\/schema.org\",\"@graph\":[{\"@type\":\"WebPage\",\"@id\":\"https:\\\/\\\/www.paysdesecrins.com\\\/de\\\/ich-waehle\\\/geschaefte-und-dienstleistungen\\\/dienste\\\/\",\"url\":\"https:\\\/\\\/www.paysdesecrins.com\\\/de\\\/ich-waehle\\\/geschaefte-und-dienstleistungen\\\/dienste\\\/\",\"name\":\"Dienste - Pays des \u00c9crins - Office de Tourisme\",\"isPartOf\":{\"@id\":\"https:\\\/\\\/www.paysdesecrins.com\\\/de\\\/#website\"},\"primaryImageOfPage\":{\"@id\":\"https:\\\/\\\/www.paysdesecrins.com\\\/de\\\/ich-waehle\\\/geschaefte-und-dienstleistungen\\\/dienste\\\/#primaryimage\"},\"image\":{\"@id\":\"https:\\\/\\\/www.paysdesecrins.com\\\/de\\\/ich-waehle\\\/geschaefte-und-dienstleistungen\\\/dienste\\\/#primaryimage\"},\"thumbnailUrl\":\"https:\\\/\\\/www.paysdesecrins.com\\\/wp-content\\\/uploads\\\/2025\\\/07\\\/image-5.jpg\",\"datePublished\":\"2025-07-30T13:29:14+00:00\",\"dateModified\":\"2025-08-13T16:20:52+00:00\",\"breadcrumb\":{\"@id\":\"https:\\\/\\\/www.paysdesecrins.com\\\/de\\\/ich-waehle\\\/geschaefte-und-dienstleistungen\\\/dienste\\\/#breadcrumb\"},\"inLanguage\":\"de\",\"potentialAction\":[{\"@type\":\"ReadAction\",\"target\":[\"https:\\\/\\\/www.paysdesecrins.com\\\/de\\\/ich-waehle\\\/geschaefte-und-dienstleistungen\\\/dienste\\\/\"]}]},{\"@type\":\"ImageObject\",\"inLanguage\":\"de\",\"@id\":\"https:\\\/\\\/www.paysdesecrins.com\\\/de\\\/ich-waehle\\\/geschaefte-und-dienstleistungen\\\/dienste\\\/#primaryimage\",\"url\":\"https:\\\/\\\/www.paysdesecrins.com\\\/wp-content\\\/uploads\\\/2025\\\/07\\\/image-5.jpg\",\"contentUrl\":\"https:\\\/\\\/www.paysdesecrins.com\\\/wp-content\\\/uploads\\\/2025\\\/07\\\/image-5.jpg\",\"width\":810,\"height\":1080},{\"@type\":\"BreadcrumbList\",\"@id\":\"https:\\\/\\\/www.paysdesecrins.com\\\/de\\\/ich-waehle\\\/geschaefte-und-dienstleistungen\\\/dienste\\\/#breadcrumb\",\"itemListElement\":[{\"@type\":\"ListItem\",\"position\":1,\"name\":\"Accueil\",\"item\":\"https:\\\/\\\/www.paysdesecrins.com\\\/de\\\/der-titel-des-hauses\\\/\"},{\"@type\":\"ListItem\",\"position\":2,\"name\":\"Ich w\u00e4hle\",\"item\":\"https:\\\/\\\/www.paysdesecrins.com\\\/de\\\/ich-waehle\\\/\"},{\"@type\":\"ListItem\",\"position\":3,\"name\":\"Gesch\u00e4fte und Dienstleistungen\",\"item\":\"https:\\\/\\\/www.paysdesecrins.com\\\/de\\\/geschaefte-und-dienstleistungen\\\/\"},{\"@type\":\"ListItem\",\"position\":4,\"name\":\"Dienste\"}]},{\"@type\":\"WebSite\",\"@id\":\"https:\\\/\\\/www.paysdesecrins.com\\\/de\\\/#website\",\"url\":\"https:\\\/\\\/www.paysdesecrins.com\\\/de\\\/\",\"name\":\"Pays des \u00c9crins - Office de Tourisme\",\"description\":\"L&#039;esprit montagne\",\"publisher\":{\"@id\":\"https:\\\/\\\/www.paysdesecrins.com\\\/de\\\/#organization\"},\"potentialAction\":[{\"@type\":\"SearchAction\",\"target\":{\"@type\":\"EntryPoint\",\"urlTemplate\":\"https:\\\/\\\/www.paysdesecrins.com\\\/de\\\/?s={search_term_string}\"},\"query-input\":{\"@type\":\"PropertyValueSpecification\",\"valueRequired\":true,\"valueName\":\"search_term_string\"}}],\"inLanguage\":\"de\"},{\"@type\":\"Organization\",\"@id\":\"https:\\\/\\\/www.paysdesecrins.com\\\/de\\\/#organization\",\"name\":\"Pays des \u00c9crins - Office de Tourisme\",\"url\":\"https:\\\/\\\/www.paysdesecrins.com\\\/de\\\/\",\"logo\":{\"@type\":\"ImageObject\",\"inLanguage\":\"de\",\"@id\":\"https:\\\/\\\/www.paysdesecrins.com\\\/de\\\/#\\\/schema\\\/logo\\\/image\\\/\",\"url\":\"https:\\\/\\\/www.paysdesecrins.com\\\/wp-content\\\/uploads\\\/2025\\\/06\\\/devina-svg-1750845694.svg\",\"contentUrl\":\"https:\\\/\\\/www.paysdesecrins.com\\\/wp-content\\\/uploads\\\/2025\\\/06\\\/devina-svg-1750845694.svg\",\"caption\":\"Pays des \u00c9crins - Office de Tourisme\"},\"image\":{\"@id\":\"https:\\\/\\\/www.paysdesecrins.com\\\/de\\\/#\\\/schema\\\/logo\\\/image\\\/\"}}]}<\/script>\n<!-- \/ Yoast SEO plugin. -->","yoast_head_json":{"title":"Dienste - Pays des \u00c9crins - Office de Tourisme","robots":{"index":"index","follow":"follow","max-snippet":"max-snippet:-1","max-image-preview":"max-image-preview:large","max-video-preview":"max-video-preview:-1"},"canonical":"https:\/\/www.paysdesecrins.com\/de\/ich-waehle\/geschaefte-und-dienstleistungen\/dienste\/","og_locale":"de_DE","og_type":"article","og_title":"Dienste - Pays des \u00c9crins - Office de Tourisme","og_description":"Alles, was Sie brauchen, zur Hand: Post, \u00c4rzte, Apotheke, Garage, Transport oder Kindertagesst\u00e4tte, etc. F\u00fcr weitere praktische Informationen besuchen Sie [&hellip;]","og_url":"https:\/\/www.paysdesecrins.com\/de\/ich-waehle\/geschaefte-und-dienstleistungen\/dienste\/","og_site_name":"Pays des \u00c9crins - Office de Tourisme","article_modified_time":"2025-08-13T16:20:52+00:00","og_image":[{"width":810,"height":1080,"url":"https:\/\/www.paysdesecrins.com\/wp-content\/uploads\/2025\/07\/image-5.jpg","type":"image\/jpeg"}],"twitter_card":"summary_large_image","schema":{"@context":"https:\/\/schema.org","@graph":[{"@type":"WebPage","@id":"https:\/\/www.paysdesecrins.com\/de\/ich-waehle\/geschaefte-und-dienstleistungen\/dienste\/","url":"https:\/\/www.paysdesecrins.com\/de\/ich-waehle\/geschaefte-und-dienstleistungen\/dienste\/","name":"Dienste - Pays des \u00c9crins - Office de Tourisme","isPartOf":{"@id":"https:\/\/www.paysdesecrins.com\/de\/#website"},"primaryImageOfPage":{"@id":"https:\/\/www.paysdesecrins.com\/de\/ich-waehle\/geschaefte-und-dienstleistungen\/dienste\/#primaryimage"},"image":{"@id":"https:\/\/www.paysdesecrins.com\/de\/ich-waehle\/geschaefte-und-dienstleistungen\/dienste\/#primaryimage"},"thumbnailUrl":"https:\/\/www.paysdesecrins.com\/wp-content\/uploads\/2025\/07\/image-5.jpg","datePublished":"2025-07-30T13:29:14+00:00","dateModified":"2025-08-13T16:20:52+00:00","breadcrumb":{"@id":"https:\/\/www.paysdesecrins.com\/de\/ich-waehle\/geschaefte-und-dienstleistungen\/dienste\/#breadcrumb"},"inLanguage":"de","potentialAction":[{"@type":"ReadAction","target":["https:\/\/www.paysdesecrins.com\/de\/ich-waehle\/geschaefte-und-dienstleistungen\/dienste\/"]}]},{"@type":"ImageObject","inLanguage":"de","@id":"https:\/\/www.paysdesecrins.com\/de\/ich-waehle\/geschaefte-und-dienstleistungen\/dienste\/#primaryimage","url":"https:\/\/www.paysdesecrins.com\/wp-content\/uploads\/2025\/07\/image-5.jpg","contentUrl":"https:\/\/www.paysdesecrins.com\/wp-content\/uploads\/2025\/07\/image-5.jpg","width":810,"height":1080},{"@type":"BreadcrumbList","@id":"https:\/\/www.paysdesecrins.com\/de\/ich-waehle\/geschaefte-und-dienstleistungen\/dienste\/#breadcrumb","itemListElement":[{"@type":"ListItem","position":1,"name":"Accueil","item":"https:\/\/www.paysdesecrins.com\/de\/der-titel-des-hauses\/"},{"@type":"ListItem","position":2,"name":"Ich w\u00e4hle","item":"https:\/\/www.paysdesecrins.com\/de\/ich-waehle\/"},{"@type":"ListItem","position":3,"name":"Gesch\u00e4fte und Dienstleistungen","item":"https:\/\/www.paysdesecrins.com\/de\/geschaefte-und-dienstleistungen\/"},{"@type":"ListItem","position":4,"name":"Dienste"}]},{"@type":"WebSite","@id":"https:\/\/www.paysdesecrins.com\/de\/#website","url":"https:\/\/www.paysdesecrins.com\/de\/","name":"Pays des \u00c9crins - Office de Tourisme","description":"L&#039;esprit montagne","publisher":{"@id":"https:\/\/www.paysdesecrins.com\/de\/#organization"},"potentialAction":[{"@type":"SearchAction","target":{"@type":"EntryPoint","urlTemplate":"https:\/\/www.paysdesecrins.com\/de\/?s={search_term_string}"},"query-input":{"@type":"PropertyValueSpecification","valueRequired":true,"valueName":"search_term_string"}}],"inLanguage":"de"},{"@type":"Organization","@id":"https:\/\/www.paysdesecrins.com\/de\/#organization","name":"Pays des \u00c9crins - Office de Tourisme","url":"https:\/\/www.paysdesecrins.com\/de\/","logo":{"@type":"ImageObject","inLanguage":"de","@id":"https:\/\/www.paysdesecrins.com\/de\/#\/schema\/logo\/image\/","url":"https:\/\/www.paysdesecrins.com\/wp-content\/uploads\/2025\/06\/devina-svg-1750845694.svg","contentUrl":"https:\/\/www.paysdesecrins.com\/wp-content\/uploads\/2025\/06\/devina-svg-1750845694.svg","caption":"Pays des \u00c9crins - Office de Tourisme"},"image":{"@id":"https:\/\/www.paysdesecrins.com\/de\/#\/schema\/logo\/image\/"}}]}},"_links":{"self":[{"href":"https:\/\/www.paysdesecrins.com\/de\/wp-json\/wp\/v2\/pages\/50236","targetHints":{"allow":["GET"]}}],"collection":[{"href":"https:\/\/www.paysdesecrins.com\/de\/wp-json\/wp\/v2\/pages"}],"about":[{"href":"https:\/\/www.paysdesecrins.com\/de\/wp-json\/wp\/v2\/types\/page"}],"author":[{"embeddable":true,"href":"https:\/\/www.paysdesecrins.com\/de\/wp-json\/wp\/v2\/users\/4"}],"replies":[{"embeddable":true,"href":"https:\/\/www.paysdesecrins.com\/de\/wp-json\/wp\/v2\/comments?post=50236"}],"version-history":[{"count":2,"href":"https:\/\/www.paysdesecrins.com\/de\/wp-json\/wp\/v2\/pages\/50236\/revisions"}],"predecessor-version":[{"id":95619,"href":"https:\/\/www.paysdesecrins.com\/de\/wp-json\/wp\/v2\/pages\/50236\/revisions\/95619"}],"up":[{"embeddable":true,"href":"https:\/\/www.paysdesecrins.com\/de\/wp-json\/wp\/v2\/pages\/45270"}],"wp:featuredmedia":[{"embeddable":true,"href":"https:\/\/www.paysdesecrins.com\/de\/wp-json\/wp\/v2\/media\/49034"}],"wp:attachment":[{"href":"https:\/\/www.paysdesecrins.com\/de\/wp-json\/wp\/v2\/media?parent=50236"}],"curies":[{"name":"wp","href":"https:\/\/api.w.org\/{rel}","templated":true}]}}