{"id":51180,"date":"2025-07-31T09:15:31","date_gmt":"2025-07-31T07:15:31","guid":{"rendered":"https:\/\/www.paysdesecrins.com\/wichtige-veranstaltungen-im-pays-des-ecrins\/festival-autour-de-brassens-juli\/"},"modified":"2025-08-20T15:58:48","modified_gmt":"2025-08-20T13:58:48","slug":"festival-autour-de-brassens-juli","status":"publish","type":"page","link":"https:\/\/www.paysdesecrins.com\/de\/wichtige-veranstaltungen-im-pays-des-ecrins\/festival-autour-de-brassens-juli\/","title":{"rendered":"Festival Autour de Brassens \u2013 Juli"},"content":{"rendered":"    <div class=\"alignfull wp-block-ws-library-ws-header-interne\" data-season=\"summer\">\n\t    <div class=\"header-container\">\n\t        <div class=\"group-media has-image\">\n\t            \t                <img loading=\"lazy\" decoding=\"async\" width=\"1920\" height=\"800\" src=\"https:\/\/www.paysdesecrins.com\/wp-content\/uploads\/2025\/07\/07-20-24-festival-brassens-1920x800.jpg\" alt=\"\" class=\"image_large_square wp-image-51174\" \/>\n\t            \t        <\/div>\n\t        <div class=\"group-content\">\n\t            <div class=\"title\">\n\t                <h1>\n\t                    Festival Autour de Brassens \u2013\t                    \t                        Juli\t                    \t                <\/h1>\n\t            <\/div>\n\t        <\/div>\n\t    <\/div>\n\t    \n<div class=\"yoast-breadcrumbs\"><span><span><a href=\"https:\/\/www.paysdesecrins.com\/de\/der-titel-des-hauses\/\">Accueil<\/a><\/span>  <span><a href=\"https:\/\/www.paysdesecrins.com\/de\/wichtige-veranstaltungen-im-pays-des-ecrins\/\">Wichtige Veranstaltungen im Pays des Ecrins<\/a><\/span>  <span class=\"breadcrumb_last\" aria-current=\"page\">Festival Autour de Brassens \u2013 Juli<\/span><\/span><\/div>\n    <\/div>\n    \n<div class=\"wp-block-ws-library-ws-title aligncenter is-style-simple\"><h2><em><em><strong>Festival<\/strong><\/em><\/em><strong>rund um Brassens<\/strong><\/h2><\/div>\n\n<p data-season=\"summer\">Das <strong>Festival Autour de Brassens <\/strong>in l&#8217;Argenti\u00e8re-La-Bess\u00e9e ist ein j\u00e4hrliches Festival, das dem <strong>musikalischen <\/strong>und <strong>poetischen Erbe von Georges Brassens<\/strong> und anderen franz\u00f6sischen Chansonniers des<strong> zwanzigsten Jahrhunderts<\/strong> <strong>Tribut<\/strong> zollt. In diesem Jahr findet die 19. Ausgabe statt, die mit Leidenschaft von <strong>Maurice<\/strong> und <strong>H\u00e9l\u00e8ne Bonnardel <\/strong>und ihrem Team vom Verein <strong>Autour de Brassens<\/strong> organisiert wird.  <\/p>\n\n<p data-season=\"summer\">Durch die Zusammenf\u00fchrung von <strong>Brassens-Bewunderern<\/strong> und <strong>Liebhabern der franz\u00f6sischen<\/strong> <strong>Musik<\/strong> leistet die Veranstaltung einen Beitrag zur <strong>Bereicherung des lokalen<\/strong><strong> <\/strong>kulturellen Lebens und zur<strong>St\u00e4rkung der Gemeinschaftsbande.<\/strong> <strong><\/strong><\/p>\n\n<p>Jeden Abend um 20.30 Uhr empf\u00e4ngt das <strong>Kulturzentrum <\/strong>von L&#8217;Argenti\u00e8re-la-Bess\u00e9e <strong>leidenschaftliche K\u00fcnstler<\/strong>, die <strong>Brassens<\/strong> und anderen Pers\u00f6nlichkeiten des <strong>franz\u00f6sischen Gesangs<\/strong> Tribut zollen.<strong> <\/strong> Seit seiner <strong>Gr\u00fcndung im Jahr 2007<\/strong> ist es dem Festival gelungen, das Publikum dank eines sorgf\u00e4ltig ausgew\u00e4hlten Programms und energiegeladener Darbietungen zu verf\u00fchren. <\/p>\n\n<p>Es war ein <strong>Messingfest in Vaison-la-Romaine <\/strong>, das die <strong>Bonnardels<\/strong> zu dieser Veranstaltung inspirierte. Dank ihrer Bereitschaft und ihrem Netzwerk an Kontakten gelingt es ihnen, <strong>talentierte K\u00fcnstler<\/strong> zu finden, auch \u00fcber ihre Region hinaus. <\/p>\n\n<div class=\"wp-block-ws-library-ws-slider alignwide\" data-season=\"summer\"><div class=\"splide\" data-splide=\"{\"type\":\"slide\",\"heightRatio\":\"auto\",\"perPage\":4,\"perMove\":1,\"drag\":true,\"pagination\":0,\"autoplay\":false,\"gap\":\"15px\",\"breakpoints\":{\"450\":{\"perPage\":1},\"768\":{\"perPage\":2},\"992\":{\"perPage\":3},\"1200\":{\"perPage\":4}}}\"><div class=\"splide__track\"><div class=\"splide__list\"><div class=\"splide__slide\"><a href=\"https:\/\/www.paysdesecrins.com\/wp-content\/uploads\/2025\/07\/07-29-23-festival-brassens-6-scaled.jpg\" data-glightbox=\"true\" class=\"lightbox-trigger\"><img decoding=\"async\" src=\"https:\/\/www.paysdesecrins.com\/wp-content\/uploads\/2025\/07\/07-29-23-festival-brassens-6-scaled.jpg\" alt=\"\"><\/a><\/div><div class=\"splide__slide\"><a href=\"https:\/\/www.paysdesecrins.com\/wp-content\/uploads\/2025\/07\/07-29-23-festival-brassens-40-scaled.jpg\" data-glightbox=\"true\" class=\"lightbox-trigger\"><img decoding=\"async\" src=\"https:\/\/www.paysdesecrins.com\/wp-content\/uploads\/2025\/07\/07-29-23-festival-brassens-40-scaled.jpg\" alt=\"\"><\/a><\/div><div class=\"splide__slide\"><a href=\"https:\/\/www.paysdesecrins.com\/wp-content\/uploads\/2025\/07\/1714988602-1395906300.jpg\" data-glightbox=\"true\" class=\"lightbox-trigger\"><img decoding=\"async\" src=\"https:\/\/www.paysdesecrins.com\/wp-content\/uploads\/2025\/07\/1714988602-1395906300.jpg\" alt=\"\"><\/a><\/div><div class=\"splide__slide\"><a href=\"https:\/\/www.paysdesecrins.com\/wp-content\/uploads\/2025\/07\/img-0586-scaled.jpg\" data-glightbox=\"true\" class=\"lightbox-trigger\"><img decoding=\"async\" src=\"https:\/\/www.paysdesecrins.com\/wp-content\/uploads\/2025\/07\/img-0586-scaled.jpg\" alt=\"\"><\/a><\/div><div class=\"splide__slide\"><a href=\"https:\/\/www.paysdesecrins.com\/wp-content\/uploads\/2025\/07\/img-0631-scaled.jpg\" data-glightbox=\"true\" class=\"lightbox-trigger\"><img decoding=\"async\" src=\"https:\/\/www.paysdesecrins.com\/wp-content\/uploads\/2025\/07\/img-0631-scaled.jpg\" alt=\"\"><\/a><\/div><div class=\"splide__slide\"><a href=\"https:\/\/www.paysdesecrins.com\/wp-content\/uploads\/2025\/07\/07-20-24-festival-brassens-32-scaled.jpg\" data-glightbox=\"true\" class=\"lightbox-trigger\"><img decoding=\"async\" src=\"https:\/\/www.paysdesecrins.com\/wp-content\/uploads\/2025\/07\/07-20-24-festival-brassens-32-scaled.jpg\" alt=\"\"><\/a><\/div><\/div><\/div><\/div><\/div>\n\n<div class=\"wp-block-ws-library-ws-share\"><span class=\"share-subtitle\">Hat Ihnen diese Seite gefallen?<\/span><span class=\"share-title\">Teilen Sie es!<\/span><button class=\"ws-share-button wp-element-button\">Diese Seite teilen<\/button><\/div>\n","protected":false},"excerpt":{"rendered":"<p>Das Festival Autour de Brassens in l&#8217;Argenti\u00e8re-La-Bess\u00e9e ist ein j\u00e4hrliches Festival, das dem musikalischen und poetischen Erbe von Georges Brassens [&hellip;]<\/p>\n","protected":false},"author":4,"featured_media":51177,"parent":45941,"menu_order":0,"comment_status":"closed","ping_status":"closed","template":"","meta":{"_thumbnail_id_2":0,"summer_excerpt":"","season":"","station":"","footnotes":""},"class_list":["post-51180","page","type-page","status-publish","has-post-thumbnail","hentry"],"yoast_head":"<!-- This site is optimized with the Yoast SEO plugin v27.3 - https:\/\/yoast.com\/product\/yoast-seo-wordpress\/ -->\n<title>Festival Autour de Brassens - Juli - Pays des \u00c9crins - Office de Tourisme<\/title>\n<meta name=\"robots\" content=\"index, follow, max-snippet:-1, max-image-preview:large, max-video-preview:-1\" \/>\n<link rel=\"canonical\" href=\"https:\/\/www.paysdesecrins.com\/de\/wichtige-veranstaltungen-im-pays-des-ecrins\/festival-autour-de-brassens-juli\/\" \/>\n<meta property=\"og:locale\" content=\"de_DE\" \/>\n<meta property=\"og:type\" content=\"article\" \/>\n<meta property=\"og:title\" content=\"Festival Autour de Brassens - Juli - Pays des \u00c9crins - Office de Tourisme\" \/>\n<meta property=\"og:description\" content=\"Das Festival Autour de Brassens in l&#8217;Argenti\u00e8re-La-Bess\u00e9e ist ein j\u00e4hrliches Festival, das dem musikalischen und poetischen Erbe von Georges Brassens [&hellip;]\" \/>\n<meta property=\"og:url\" content=\"https:\/\/www.paysdesecrins.com\/de\/wichtige-veranstaltungen-im-pays-des-ecrins\/festival-autour-de-brassens-juli\/\" \/>\n<meta property=\"og:site_name\" content=\"Pays des \u00c9crins - Office de Tourisme\" \/>\n<meta property=\"article:modified_time\" content=\"2025-08-20T13:58:48+00:00\" \/>\n<meta property=\"og:image\" content=\"https:\/\/www.paysdesecrins.com\/wp-content\/uploads\/2025\/07\/07-20-24-festival-brassens-scaled.jpg\" \/>\n\t<meta property=\"og:image:width\" content=\"2560\" \/>\n\t<meta property=\"og:image:height\" content=\"1707\" \/>\n\t<meta property=\"og:image:type\" content=\"image\/jpeg\" \/>\n<meta name=\"twitter:card\" content=\"summary_large_image\" \/>\n<meta name=\"twitter:label1\" content=\"Gesch\u00e4tzte Lesezeit\" \/>\n\t<meta name=\"twitter:data1\" content=\"1\u00a0Minute\" \/>\n<script type=\"application\/ld+json\" class=\"yoast-schema-graph\">{\"@context\":\"https:\\\/\\\/schema.org\",\"@graph\":[{\"@type\":\"WebPage\",\"@id\":\"https:\\\/\\\/www.paysdesecrins.com\\\/de\\\/wichtige-veranstaltungen-im-pays-des-ecrins\\\/festival-autour-de-brassens-juli\\\/\",\"url\":\"https:\\\/\\\/www.paysdesecrins.com\\\/de\\\/wichtige-veranstaltungen-im-pays-des-ecrins\\\/festival-autour-de-brassens-juli\\\/\",\"name\":\"Festival Autour de Brassens - Juli - Pays des \u00c9crins - Office de Tourisme\",\"isPartOf\":{\"@id\":\"https:\\\/\\\/www.paysdesecrins.com\\\/de\\\/#website\"},\"primaryImageOfPage\":{\"@id\":\"https:\\\/\\\/www.paysdesecrins.com\\\/de\\\/wichtige-veranstaltungen-im-pays-des-ecrins\\\/festival-autour-de-brassens-juli\\\/#primaryimage\"},\"image\":{\"@id\":\"https:\\\/\\\/www.paysdesecrins.com\\\/de\\\/wichtige-veranstaltungen-im-pays-des-ecrins\\\/festival-autour-de-brassens-juli\\\/#primaryimage\"},\"thumbnailUrl\":\"https:\\\/\\\/www.paysdesecrins.com\\\/wp-content\\\/uploads\\\/2025\\\/07\\\/07-20-24-festival-brassens-scaled.jpg\",\"datePublished\":\"2025-07-31T07:15:31+00:00\",\"dateModified\":\"2025-08-20T13:58:48+00:00\",\"breadcrumb\":{\"@id\":\"https:\\\/\\\/www.paysdesecrins.com\\\/de\\\/wichtige-veranstaltungen-im-pays-des-ecrins\\\/festival-autour-de-brassens-juli\\\/#breadcrumb\"},\"inLanguage\":\"de\",\"potentialAction\":[{\"@type\":\"ReadAction\",\"target\":[\"https:\\\/\\\/www.paysdesecrins.com\\\/de\\\/wichtige-veranstaltungen-im-pays-des-ecrins\\\/festival-autour-de-brassens-juli\\\/\"]}]},{\"@type\":\"ImageObject\",\"inLanguage\":\"de\",\"@id\":\"https:\\\/\\\/www.paysdesecrins.com\\\/de\\\/wichtige-veranstaltungen-im-pays-des-ecrins\\\/festival-autour-de-brassens-juli\\\/#primaryimage\",\"url\":\"https:\\\/\\\/www.paysdesecrins.com\\\/wp-content\\\/uploads\\\/2025\\\/07\\\/07-20-24-festival-brassens-scaled.jpg\",\"contentUrl\":\"https:\\\/\\\/www.paysdesecrins.com\\\/wp-content\\\/uploads\\\/2025\\\/07\\\/07-20-24-festival-brassens-scaled.jpg\",\"width\":2560,\"height\":1707},{\"@type\":\"BreadcrumbList\",\"@id\":\"https:\\\/\\\/www.paysdesecrins.com\\\/de\\\/wichtige-veranstaltungen-im-pays-des-ecrins\\\/festival-autour-de-brassens-juli\\\/#breadcrumb\",\"itemListElement\":[{\"@type\":\"ListItem\",\"position\":1,\"name\":\"Accueil\",\"item\":\"https:\\\/\\\/www.paysdesecrins.com\\\/de\\\/der-titel-des-hauses\\\/\"},{\"@type\":\"ListItem\",\"position\":2,\"name\":\"Wichtige Veranstaltungen im Pays des Ecrins\",\"item\":\"https:\\\/\\\/www.paysdesecrins.com\\\/de\\\/wichtige-veranstaltungen-im-pays-des-ecrins\\\/\"},{\"@type\":\"ListItem\",\"position\":3,\"name\":\"Festival Autour de Brassens \u2013 Juli\"}]},{\"@type\":\"WebSite\",\"@id\":\"https:\\\/\\\/www.paysdesecrins.com\\\/de\\\/#website\",\"url\":\"https:\\\/\\\/www.paysdesecrins.com\\\/de\\\/\",\"name\":\"Pays des \u00c9crins - Office de Tourisme\",\"description\":\"L&#039;esprit montagne\",\"publisher\":{\"@id\":\"https:\\\/\\\/www.paysdesecrins.com\\\/de\\\/#organization\"},\"potentialAction\":[{\"@type\":\"SearchAction\",\"target\":{\"@type\":\"EntryPoint\",\"urlTemplate\":\"https:\\\/\\\/www.paysdesecrins.com\\\/de\\\/?s={search_term_string}\"},\"query-input\":{\"@type\":\"PropertyValueSpecification\",\"valueRequired\":true,\"valueName\":\"search_term_string\"}}],\"inLanguage\":\"de\"},{\"@type\":\"Organization\",\"@id\":\"https:\\\/\\\/www.paysdesecrins.com\\\/de\\\/#organization\",\"name\":\"Pays des \u00c9crins - Office de Tourisme\",\"url\":\"https:\\\/\\\/www.paysdesecrins.com\\\/de\\\/\",\"logo\":{\"@type\":\"ImageObject\",\"inLanguage\":\"de\",\"@id\":\"https:\\\/\\\/www.paysdesecrins.com\\\/de\\\/#\\\/schema\\\/logo\\\/image\\\/\",\"url\":\"https:\\\/\\\/www.paysdesecrins.com\\\/wp-content\\\/uploads\\\/2025\\\/06\\\/devina-svg-1750845694.svg\",\"contentUrl\":\"https:\\\/\\\/www.paysdesecrins.com\\\/wp-content\\\/uploads\\\/2025\\\/06\\\/devina-svg-1750845694.svg\",\"caption\":\"Pays des \u00c9crins - Office de Tourisme\"},\"image\":{\"@id\":\"https:\\\/\\\/www.paysdesecrins.com\\\/de\\\/#\\\/schema\\\/logo\\\/image\\\/\"}}]}<\/script>\n<!-- \/ Yoast SEO plugin. -->","yoast_head_json":{"title":"Festival Autour de Brassens - Juli - Pays des \u00c9crins - Office de Tourisme","robots":{"index":"index","follow":"follow","max-snippet":"max-snippet:-1","max-image-preview":"max-image-preview:large","max-video-preview":"max-video-preview:-1"},"canonical":"https:\/\/www.paysdesecrins.com\/de\/wichtige-veranstaltungen-im-pays-des-ecrins\/festival-autour-de-brassens-juli\/","og_locale":"de_DE","og_type":"article","og_title":"Festival Autour de Brassens - Juli - Pays des \u00c9crins - Office de Tourisme","og_description":"Das Festival Autour de Brassens in l&#8217;Argenti\u00e8re-La-Bess\u00e9e ist ein j\u00e4hrliches Festival, das dem musikalischen und poetischen Erbe von Georges Brassens [&hellip;]","og_url":"https:\/\/www.paysdesecrins.com\/de\/wichtige-veranstaltungen-im-pays-des-ecrins\/festival-autour-de-brassens-juli\/","og_site_name":"Pays des \u00c9crins - Office de Tourisme","article_modified_time":"2025-08-20T13:58:48+00:00","og_image":[{"width":2560,"height":1707,"url":"https:\/\/www.paysdesecrins.com\/wp-content\/uploads\/2025\/07\/07-20-24-festival-brassens-scaled.jpg","type":"image\/jpeg"}],"twitter_card":"summary_large_image","twitter_misc":{"Gesch\u00e4tzte Lesezeit":"1\u00a0Minute"},"schema":{"@context":"https:\/\/schema.org","@graph":[{"@type":"WebPage","@id":"https:\/\/www.paysdesecrins.com\/de\/wichtige-veranstaltungen-im-pays-des-ecrins\/festival-autour-de-brassens-juli\/","url":"https:\/\/www.paysdesecrins.com\/de\/wichtige-veranstaltungen-im-pays-des-ecrins\/festival-autour-de-brassens-juli\/","name":"Festival Autour de Brassens - Juli - Pays des \u00c9crins - Office de Tourisme","isPartOf":{"@id":"https:\/\/www.paysdesecrins.com\/de\/#website"},"primaryImageOfPage":{"@id":"https:\/\/www.paysdesecrins.com\/de\/wichtige-veranstaltungen-im-pays-des-ecrins\/festival-autour-de-brassens-juli\/#primaryimage"},"image":{"@id":"https:\/\/www.paysdesecrins.com\/de\/wichtige-veranstaltungen-im-pays-des-ecrins\/festival-autour-de-brassens-juli\/#primaryimage"},"thumbnailUrl":"https:\/\/www.paysdesecrins.com\/wp-content\/uploads\/2025\/07\/07-20-24-festival-brassens-scaled.jpg","datePublished":"2025-07-31T07:15:31+00:00","dateModified":"2025-08-20T13:58:48+00:00","breadcrumb":{"@id":"https:\/\/www.paysdesecrins.com\/de\/wichtige-veranstaltungen-im-pays-des-ecrins\/festival-autour-de-brassens-juli\/#breadcrumb"},"inLanguage":"de","potentialAction":[{"@type":"ReadAction","target":["https:\/\/www.paysdesecrins.com\/de\/wichtige-veranstaltungen-im-pays-des-ecrins\/festival-autour-de-brassens-juli\/"]}]},{"@type":"ImageObject","inLanguage":"de","@id":"https:\/\/www.paysdesecrins.com\/de\/wichtige-veranstaltungen-im-pays-des-ecrins\/festival-autour-de-brassens-juli\/#primaryimage","url":"https:\/\/www.paysdesecrins.com\/wp-content\/uploads\/2025\/07\/07-20-24-festival-brassens-scaled.jpg","contentUrl":"https:\/\/www.paysdesecrins.com\/wp-content\/uploads\/2025\/07\/07-20-24-festival-brassens-scaled.jpg","width":2560,"height":1707},{"@type":"BreadcrumbList","@id":"https:\/\/www.paysdesecrins.com\/de\/wichtige-veranstaltungen-im-pays-des-ecrins\/festival-autour-de-brassens-juli\/#breadcrumb","itemListElement":[{"@type":"ListItem","position":1,"name":"Accueil","item":"https:\/\/www.paysdesecrins.com\/de\/der-titel-des-hauses\/"},{"@type":"ListItem","position":2,"name":"Wichtige Veranstaltungen im Pays des Ecrins","item":"https:\/\/www.paysdesecrins.com\/de\/wichtige-veranstaltungen-im-pays-des-ecrins\/"},{"@type":"ListItem","position":3,"name":"Festival Autour de Brassens \u2013 Juli"}]},{"@type":"WebSite","@id":"https:\/\/www.paysdesecrins.com\/de\/#website","url":"https:\/\/www.paysdesecrins.com\/de\/","name":"Pays des \u00c9crins - Office de Tourisme","description":"L&#039;esprit montagne","publisher":{"@id":"https:\/\/www.paysdesecrins.com\/de\/#organization"},"potentialAction":[{"@type":"SearchAction","target":{"@type":"EntryPoint","urlTemplate":"https:\/\/www.paysdesecrins.com\/de\/?s={search_term_string}"},"query-input":{"@type":"PropertyValueSpecification","valueRequired":true,"valueName":"search_term_string"}}],"inLanguage":"de"},{"@type":"Organization","@id":"https:\/\/www.paysdesecrins.com\/de\/#organization","name":"Pays des \u00c9crins - Office de Tourisme","url":"https:\/\/www.paysdesecrins.com\/de\/","logo":{"@type":"ImageObject","inLanguage":"de","@id":"https:\/\/www.paysdesecrins.com\/de\/#\/schema\/logo\/image\/","url":"https:\/\/www.paysdesecrins.com\/wp-content\/uploads\/2025\/06\/devina-svg-1750845694.svg","contentUrl":"https:\/\/www.paysdesecrins.com\/wp-content\/uploads\/2025\/06\/devina-svg-1750845694.svg","caption":"Pays des \u00c9crins - Office de Tourisme"},"image":{"@id":"https:\/\/www.paysdesecrins.com\/de\/#\/schema\/logo\/image\/"}}]}},"_links":{"self":[{"href":"https:\/\/www.paysdesecrins.com\/de\/wp-json\/wp\/v2\/pages\/51180","targetHints":{"allow":["GET"]}}],"collection":[{"href":"https:\/\/www.paysdesecrins.com\/de\/wp-json\/wp\/v2\/pages"}],"about":[{"href":"https:\/\/www.paysdesecrins.com\/de\/wp-json\/wp\/v2\/types\/page"}],"author":[{"embeddable":true,"href":"https:\/\/www.paysdesecrins.com\/de\/wp-json\/wp\/v2\/users\/4"}],"replies":[{"embeddable":true,"href":"https:\/\/www.paysdesecrins.com\/de\/wp-json\/wp\/v2\/comments?post=51180"}],"version-history":[{"count":2,"href":"https:\/\/www.paysdesecrins.com\/de\/wp-json\/wp\/v2\/pages\/51180\/revisions"}],"predecessor-version":[{"id":103582,"href":"https:\/\/www.paysdesecrins.com\/de\/wp-json\/wp\/v2\/pages\/51180\/revisions\/103582"}],"up":[{"embeddable":true,"href":"https:\/\/www.paysdesecrins.com\/de\/wp-json\/wp\/v2\/pages\/45941"}],"wp:featuredmedia":[{"embeddable":true,"href":"https:\/\/www.paysdesecrins.com\/de\/wp-json\/wp\/v2\/media\/51177"}],"wp:attachment":[{"href":"https:\/\/www.paysdesecrins.com\/de\/wp-json\/wp\/v2\/media?parent=51180"}],"curies":[{"name":"wp","href":"https:\/\/api.w.org\/{rel}","templated":true}]}}