{"id":61554,"date":"2025-08-01T15:24:43","date_gmt":"2025-08-01T13:24:43","guid":{"rendered":"https:\/\/www.paysdesecrins.com\/pressebereich\/blogger-und-das-pays-des-ecrins\/"},"modified":"2025-08-20T15:55:40","modified_gmt":"2025-08-20T13:55:40","slug":"blogger-und-das-pays-des-ecrins","status":"publish","type":"page","link":"https:\/\/www.paysdesecrins.com\/de\/pressebereich\/blogger-und-das-pays-des-ecrins\/","title":{"rendered":"Blogger und das Pays des \u00c9crins"},"content":{"rendered":"    <div class=\"alignfull wp-block-ws-library-ws-header-interne\" data-season=\"winter\">\n\t    <div class=\"header-container\">\n\t        <div class=\"group-media has-image\">\n\t            \t                <img loading=\"lazy\" decoding=\"async\" width=\"1200\" height=\"800\" src=\"https:\/\/www.paysdesecrins.com\/wp-content\/uploads\/2025\/08\/blog1-1200x800.jpg\" alt=\"\" class=\"image_large_square wp-image-61548\" srcset=\"https:\/\/www.paysdesecrins.com\/wp-content\/uploads\/2025\/08\/blog1-1200x800.jpg 1200w, https:\/\/www.paysdesecrins.com\/wp-content\/uploads\/2025\/08\/blog1-960x640.jpg 960w\" sizes=\"auto, (max-width: 1200px) 100vw, 1200px\" \/>\n\t            \t        <\/div>\n\t        <div class=\"group-content\">\n\t            <div class=\"title\">\n\t                <h1>\n\t                    Blogger und das Pays des \u00c9crins\t                    \t                <\/h1>\n\t            <\/div>\n\t        <\/div>\n\t    <\/div>\n\t    \n<div class=\"yoast-breadcrumbs\"><span><span><a href=\"https:\/\/www.paysdesecrins.com\/de\/der-titel-des-hauses\/\">Accueil<\/a><\/span>  <span><a href=\"https:\/\/www.paysdesecrins.com\/de\/pressebereich\/\">Pressebereich<\/a><\/span>  <span class=\"breadcrumb_last\" aria-current=\"page\">Blogger und das Pays des \u00c9crins<\/span><\/span><\/div>\n    <\/div>\n        <div class=\"alignfull wp-block-ws-library-ws-header-interne\" data-season=\"summer\">\n\t    <div class=\"header-container\">\n\t        <div class=\"group-media has-image\">\n\t            \t                <img loading=\"lazy\" decoding=\"async\" width=\"1200\" height=\"800\" src=\"https:\/\/www.paysdesecrins.com\/wp-content\/uploads\/2025\/08\/blog3.jpg\" alt=\"\" class=\"image_large_square wp-image-61571\" srcset=\"https:\/\/www.paysdesecrins.com\/wp-content\/uploads\/2025\/08\/blog3.jpg 1200w, https:\/\/www.paysdesecrins.com\/wp-content\/uploads\/2025\/08\/blog3-300x200.jpg 300w, https:\/\/www.paysdesecrins.com\/wp-content\/uploads\/2025\/08\/blog3-1024x683.jpg 1024w, https:\/\/www.paysdesecrins.com\/wp-content\/uploads\/2025\/08\/blog3-768x512.jpg 768w, https:\/\/www.paysdesecrins.com\/wp-content\/uploads\/2025\/08\/blog3-960x640.jpg 960w\" sizes=\"auto, (max-width: 1200px) 100vw, 1200px\" \/>\n\t            \t        <\/div>\n\t        <div class=\"group-content\">\n\t            <div class=\"title\">\n\t                <h1>\n\t                    Blogger und das Pays des \u00c9crins\t                    \t                <\/h1>\n\t            <\/div>\n\t        <\/div>\n\t    <\/div>\n\t    \n<div class=\"yoast-breadcrumbs\"><span><span><a href=\"https:\/\/www.paysdesecrins.com\/de\/der-titel-des-hauses\/\">Accueil<\/a><\/span>  <span><a href=\"https:\/\/www.paysdesecrins.com\/de\/pressebereich\/\">Pressebereich<\/a><\/span>  <span class=\"breadcrumb_last\" aria-current=\"page\">Blogger und das Pays des \u00c9crins<\/span><\/span><\/div>\n    <\/div>\n    \n<p class=\"has-text-align-center\">Hier finden Sie die <strong>Artikel<\/strong> der <strong>Influencer,<\/strong> die die Chance hatten, dieses wundersch\u00f6ne <strong>Gebiet<\/strong> des Pays des \u00c9crins zu <strong>entdecken<\/strong><br\/><\/p>\n\n<div class=\"wp-block-ws-library-ws-title aligncenter\" data-season=\"allseasons\"><h2><em>DAS LAND DER JUWELEN<\/em>Im Sommer<\/h2><\/div>\n\n<ul class=\"wp-block-list\">\n<li>&#8220; <a href=\"http:\/\/www.lefigaro.fr\/voyages\/2018\/07\/03\/30003-20180703ARTFIG00092-quatre-raisons-de-decouvrir-le-pays-des-ecrins-cet-ete.php\" target=\"_blank\" rel=\"noreferrer noopener\">Pays des \u00c9crins: Vier Gr\u00fcnde, diesen Sommer dorthin zu reisen<\/a> &#8222;, von Annie Barbaccia auf der Website &#8222;lefigaro.fr&#8220;<\/li>\n\n\n\n<li>&#8220; <a href=\"http:\/\/www.hellocoton.fr\/randonnee-au-pays-des-ecrins-la-haut-le-glacier-blanc-24611030\" target=\"_blank\" rel=\"noreferrer noopener\">Wandern im Pays des \u00c9crins: dort oben, der wei\u00dfe Gletscher<\/a> &#8222;, auf dem Blog &#8222;Un pied dans les nuages&#8220;<\/li>\n\n\n\n<li>&#8220; <a href=\"https:\/\/lesglobeblogueurs.com\/pays-des-ecrins\/\" target=\"_blank\" rel=\"noreferrer noopener\">Im Land der \u00c9crins, wenn das Wasser die Reise leitet!<\/a> &#8222;, aus dem Blog &#8222;Les Globeblogueurs&#8220;<\/li>\n\n\n\n<li>&#8220; <a href=\"http:\/\/venez-visiter.blogspot.fr\/2015\/08\/autour-de-vallouise-le-refuge-des-bans.html\" target=\"_blank\" rel=\"noreferrer noopener\">Wanderung zur Banser Schutzh\u00fctte<\/a> &#8220; auf dem Blog &#8222;komm zu Besuch&#8220;<\/li>\n\n\n\n<li>&#8220; <a href=\"https:\/\/www.solcito.fr\/2015\/08\/massif-des-ecrins-il-va-y-avoir-du-sport\/\" target=\"_blank\" rel=\"noreferrer noopener\">Massif des \u00c9crins, there will be sport!&#8220; <\/a>vom Blogger des Blogs &#8222;Solcito&#8220;<\/li>\n\n\n\n<li>&#8220; <a href=\"http:\/\/sylviedamagnez.canalblog.com\/\" target=\"_blank\" rel=\"noreferrer noopener\">Ungew\u00f6hnliche Hautes-Alpes&#8220;,<\/a> von Sylvie Damagnez in ihrem Blog, der einen gro\u00dfen Ort im Pays des \u00c9crins verl\u00e4sst<\/li>\n\n\n\n<li>&#8220; <a href=\"http:\/\/oopartir.com\/france\/pays-ecrins-alpes-rando-alpinisme-trail-vtt,1-4032.htm\" target=\"_blank\" rel=\"noreferrer noopener\">Das Pays des \u00c9crins oder die Berge am Wasser<\/a> &#8220; OOPartir.com, das Online-Reisemagazin<\/li>\n\n\n\n<li>&#8222;<a href=\"https:\/\/ventsetvoyages.fr\/tour-de-loisans-et-des-ecrins-gr54\/\" target=\"_blank\" rel=\"noreferrer noopener\">Die Tour von Oisans und die \u00c9crins (GR54) in 9 Tagen&#8220; Winde und Reisen<\/a><\/li>\n\n\n\n<li>&#8220; <a href=\"http:\/\/www.nicolasrottiers.com\/alpes-ete-2018\/\" target=\"_blank\" rel=\"noreferrer noopener\">Alpen, Sommer 2018<\/a> &#8220; Nicolas Rottiers<\/li>\n\n\n\n<li>&#8220; <a href=\"https:\/\/alpinemag.fr\/de-la-vallouise-au-valgaudemar-les-ecrins-par-les-hauts-cols\/\" target=\"_blank\" rel=\"noreferrer noopener\">Vom Vallouise zum Valgaudemar: Die \u00c9crins an den hohen P\u00e4ssen<\/a> &#8220; von Ulysse Lefebvre auf alpinemag<\/li>\n\n\n\n<li>&#8220; <a href=\"http:\/\/danielfoucart.over-blog.com\/2019\/12\/au-pays-des-ecrins-dans-les-hautes-alpes-le-sport-de-montagne-est-un-bijou.html?fbclid=IwAR3h1T19-FxcUISXOKJEKGGwwwZLcwpStk9tFaW80HcdTvOBKuwpx-_HsAk\" target=\"_blank\" rel=\"noreferrer noopener\">Im Pays des \u00c9crins, in den Hautes-Alpes, ist der Bergsport ein Juwel <\/a>&#8220; von Daniel Foucart<\/li>\n\n\n\n<li>\u00ab <a href=\"https:\/\/www.grimper.com\/site-escalade-vallouise\" target=\"_blank\" rel=\"noreferrer noopener\">Vallouise \u2013 Klippe der Schlucht<\/a><a href=\"http:\/\/danielfoucart.over-blog.com\/2019\/12\/au-pays-des-ecrins-dans-les-hautes-alpes-le-sport-de-montagne-est-un-bijou.html?fbclid=IwAR3h1T19-FxcUISXOKJEKGGwwwZLcwpStk9tFaW80HcdTvOBKuwpx-_HsAk\" target=\"_blank\" rel=\"noreferrer noopener\"> <\/a>\u00bb Aufstieg<\/li>\n\n\n\n<li>&#8220; <a href=\"https:\/\/www.tripinwild.fr\/pays-des-ecrins\/\" target=\"_blank\" rel=\"noreferrer noopener\">4 Tage im Herzen der Alpen, im Pays des \u00c9crins<\/a> &#8220; und &#8220; <a href=\"https:\/\/www.tripinwild.fr\/ascension-du-pic-du-glacier-d-arsine\/\" target=\"_blank\" rel=\"noreferrer noopener\">Bergsteigen: Der wei\u00dfe Gletscher und die Besteigung des Pic du Glacier d&#8217;Arsine<\/a>&#8220; von <a href=\"https:\/\/www.tripinwild.fr\/\" target=\"_blank\" rel=\"noreferrer noopener\">Trip In Wild<\/a><\/li>\n\n\n\n<li>&#8220; <a href=\"https:\/\/cloetclem.fr\/visiter-le-parc-national-des-ecrins-une-semaine-au-coeur-du-massif\/\" target=\"_blank\" rel=\"noreferrer noopener\">Zu Besuch im Nationalpark \u00c9crins: eine Woche im Herzen des Massivs<\/a> &#8220; von Clo und Clem<\/li>\n<\/ul>\n\n<div class=\"wp-block-ws-library-ws-title aligncenter\" data-season=\"allseasons\"><h2><em>DAS LAND DER JUWELEN<\/em>Im Winter<\/h2><\/div>\n\n<ul class=\"wp-block-list\">\n<li>\u00ab <a href=\"https:\/\/www.thisexpansiveadventure.com\/blog\/france\/best-holidays-in-winter-pays-des-ecrins-and-the-french-hautes-alpes\/\" target=\"_blank\" rel=\"noreferrer noopener\">Die besten Ferien im Winter: Entdecken Sie das Pays des \u00c9crins und die franz\u00f6sischen Hautes-Alpes<\/a> \u00bb von Thisexpansiveadventure<\/li>\n\n\n\n<li>&#8222;<a href=\"https:\/\/www.tripinwild.fr\/pays-des-ecrins-hiver\/\" target=\"_blank\" rel=\"noreferrer noopener\">Entdecken Sie das Pays des \u00c9crins im Winter<\/a> &#8220; von Trip in Wild<\/li>\n\n\n\n<li>&#8220; <a href=\"https:\/\/www.femmeactuelle.fr\/voyage\/destination-voyage\/glamping-5-experiences-insolites-a-faire-a-la-montagne-2071619\" target=\"_blank\" rel=\"noreferrer noopener\">Glamping: 5 ungew\u00f6hnliche Erlebnisse in den Bergen<\/a> &#8220; von &#8222;Femme Actuelle&#8220;<\/li>\n\n\n\n<li>&#8222;<a href=\"https:\/\/www.femmeactuelle.fr\/voyage\/destination-voyage\/10-stations-de-ski-ou-passer-noel-2071512\" target=\"_blank\" rel=\"noreferrer noopener\">10 Skigebiete, in denen man Weihnachten<\/a><a href=\"https:\/\/homactu.com\/archives\/102806\" target=\"_blank\" rel=\"noreferrer noopener\"> verbringen kann&#8220; von &#8222;<\/a><a href=\"https:\/\/homactu.com\/archives\/102806\" target=\"_blank\" rel=\"noreferrer noopener\">Femme Actuelle<\/a><a href=\"https:\/\/homactu.com\/archives\/102806\" target=\"_blank\" rel=\"noreferrer noopener\">&#8222;<\/a><\/li>\n\n\n\n<li>&#8222;<a href=\"http:\/\/www.greenlatitudes.fr\/pays-des-ecrins-petites-stations-de-ski\/\" target=\"_blank\" rel=\"noreferrer noopener\">Schnee anders im Pays des \u00c9crins<\/a><a href=\"https:\/\/homactu.com\/archives\/102806\" target=\"_blank\" rel=\"noreferrer noopener\">&#8220; von \u00c9lodie Rothan auf dem Blog &#8222;<\/a><a href=\"https:\/\/homactu.com\/archives\/102806\" target=\"_blank\" rel=\"noreferrer noopener\">Grenn Latitudes&#8220;<\/a><\/li>\n\n\n\n<li>&#8220; <a href=\"https:\/\/homactu.com\/archives\/102927\" target=\"_blank\" rel=\"noreferrer noopener\">Pelvoux-Vallouise, ein sehr famili\u00e4rer Ort&#8220;<\/a> auf dem Blog &#8222;Homeactu&#8220;<\/li>\n\n\n\n<li>&#8220; <a href=\"http:\/\/www.virginiebichet.org\/2018\/01\/puy-saint-vincent.html\" target=\"_blank\" rel=\"noreferrer noopener\">Puy Saint Vincent Reisetagebuch<\/a> &#8220; auf dem Blog &#8222;Virginie B&#8220;<\/li>\n\n\n\n<li>&#8220; <a href=\"https:\/\/faistoilabelle.com\/2018\/01\/29\/pourquoi-jai-aime-skier-a-pelvoux-vallouise\/\" target=\"_blank\" rel=\"noreferrer noopener\">Warum ich in Pelvoux-Vallouise gerne Ski gefahren bin?&#8220;<\/a> auf dem Blog &#8222;Fais-toi la Belle&#8220;<\/li>\n\n\n\n<li>&#8220; <a href=\"https:\/\/www.lonelyplanet.fr\/article\/5-facons-de-decouvrir-le-pays-des-ecrins\" target=\"_blank\" rel=\"noreferrer noopener\">5 Wege, das Pays des \u00c9crins zu entdecken<\/a> &#8220; von \u00c9lodie Rothan &#8222;Lonely Planet&#8220;  <\/li>\n\n\n\n<li>&#8220; <a href=\"http:\/\/www.trace-ta-route.com\/week-end-ecrins-3-activites-originales-hiver\/\" target=\"_blank\" rel=\"noreferrer noopener\">Wochenende in den \u00c9crins: 3 originelle Aktivit\u00e4ten im Winter<\/a> &#8220; aus dem Blog &#8222;Trace ta route&#8220;<\/li>\n\n\n\n<li>&#8220; <a href=\"https:\/\/www.solcito.fr\/2018\/02\/activites-pays-ecrins-hiver\/\" target=\"_blank\" rel=\"noreferrer noopener\">6 (ausgezeichnete) Gr\u00fcnde, um im Winter ins Pays des \u00c9crins zu reisen <\/a>&#8220; aus dem Blog &#8222;Solcito&#8220;<\/li>\n\n\n\n<li>&#8220; <a href=\"https:\/\/www.reverdailleurs.com\/france\/pays-des-ecrins-hautes-alpes\" target=\"_blank\" rel=\"noreferrer noopener\">10 gute Gr\u00fcnde, ins Pays des \u00c9crins zu fliegen<\/a> &#8220; aus dem Blog &#8222;R\u00eaver d&#8217;ailleurs&#8220;<\/li>\n\n\n\n<li>&#8220; <a href=\"https:\/\/www.lejouretlanuit.net\/tourisme\/voyage-au-pays-des-ecrins\/\" target=\"_blank\" rel=\"noreferrer noopener\">Reise in die Pays des \u00c9crins<\/a> &#8220; aus dem Blog &#8222;Le jour et la nuit&#8220;<\/li>\n\n\n\n<li>&#8220; <a href=\"http:\/\/www.vacances-vertes.net\/articles\/loisirs\/sorties\/igloo-pelvoo-un-festival-original-dans-les-hautes-alpes-244.html\" target=\"_blank\" rel=\"noreferrer noopener\">Iglu Pelvoo, ein originelles Fest in den Hautes-Alpes&#8220;<\/a> aus dem Blog &#8222;Vacances vertes&#8220;<\/li>\n\n\n\n<li>&#8220; <a href=\"https:\/\/www.voyagesetenfants.com\/idee-sejour-ski-pays-ecrins-hautes-alpes\/\" target=\"_blank\" rel=\"noreferrer noopener\">Skiurlaub im Pays des \u00c9crins mit der Familie<\/a>&#8220; aus dem Blog &#8222;Voyages et enfants&#8220;<\/li>\n\n\n\n<li>&#8220; <a href=\"http:\/\/www.voyagesetenfants.com\/activites-originales-et-familiales-a-pelvoux-hautes-alpes-baby-traineau-et-igloo-pelvoo\/\" target=\"_blank\" rel=\"noreferrer noopener\">Originelle und famili\u00e4re Aktivit\u00e4ten in Pelvoux<\/a> &#8220; aus dem Blog &#8222;Voyages et enfants&#8220;<\/li>\n\n\n\n<li>&#8222;<a href=\"http:\/\/www.travelski.com\/blog\/village-igloo-pelvoux%E2%80%90vallouise\" target=\"_blank\" rel=\"noreferrer noopener\"> Das Iglu-Dorf des Dorfes Pelvoux-Vallouise<\/a> &#8220; von \u00c9milie aus dem Blog &#8222;Travel Ski&#8220;<\/li>\n\n\n\n<li>&#8220; <a href=\"http:\/\/www.voyagesetenfants.com\/vacances-au-ski-pas-cher-en-famille-nos-astuces\/\" target=\"_blank\" rel=\"noreferrer noopener\">G\u00fcnstiger Skiurlaub mit der Familie: unsere Tipps<\/a> &#8220; aus dem Blog &#8222;Voyages et enfants&#8220;<\/li>\n\n\n\n<li>&#8220; <a href=\"http:\/\/www.inspiration-mag.com\/posts\/si-tu-sais-skier-a-pelvoux-tu-skies-partout\" target=\"_blank\" rel=\"noreferrer noopener\">Wenn du wei\u00dft, wie man in Pelvoux Ski f\u00e4hrt, wei\u00dft du, wie man \u00fcberall Ski f\u00e4hrt <\/a>&#8220; von der Website &#8222;By le Mag&#8220;<\/li>\n\n\n\n<li>&#8220; <a href=\"https:\/\/www.margauxlifestyle.fr\/puy-saint-vincent-alpes-du-sud\/\" target=\"_blank\" rel=\"noreferrer noopener\">Puy Saint Vincent, ein wundersch\u00f6ner Ferienort in den S\u00fcdalpen<\/a> &#8222;, auf dem Blog Margauxlifestyle<\/li>\n\n\n\n<li>&#8220; <a href=\"https:\/\/www.estrepublicain.fr\/le-mag\/2019\/03\/03\/entre-la-glace-et-les-etoiles?fbclid=IwAR1HEveMJL0ioNvVRiEPpjzNrlyojeMRq3q2jHf7CcmQY8yYPxDuWBt6tRI#0_4\" target=\"_blank\" rel=\"noreferrer noopener\">Die Pisten mit den Stars des Pays des \u00c9crins<\/a> &#8222;, L&#8217;Est R\u00e9publicain<\/li>\n\n\n\n<li>&#8220; <a href=\"http:\/\/blog.wikicampers.fr\/le-ski-les-hautes-alpes-en-camping-car\/\" target=\"_blank\" rel=\"noreferrer noopener\">Skifahren &amp; die Hautes-Alpes im Wohnmobil<\/a> &#8222;, Wikicampers  <\/li>\n<\/ul>\n\n<div class=\"wp-block-ws-library-ws-slider alignfull\" data-season=\"summer\"><div class=\"splide\" data-splide=\"{\"type\":\"slide\",\"heightRatio\":\"auto\",\"perPage\":4,\"perMove\":1,\"drag\":true,\"pagination\":0,\"autoplay\":false,\"gap\":\"15px\",\"breakpoints\":{\"450\":{\"perPage\":1},\"768\":{\"perPage\":2},\"992\":{\"perPage\":3},\"1200\":{\"perPage\":4}}}\"><div class=\"splide__track\"><div class=\"splide__list\"><div class=\"splide__slide\"><a href=\"https:\/\/www.paysdesecrins.com\/wp-content\/uploads\/2025\/08\/blog2.jpg\" data-glightbox=\"true\" class=\"lightbox-trigger\"><img decoding=\"async\" src=\"https:\/\/www.paysdesecrins.com\/wp-content\/uploads\/2025\/08\/blog2.jpg\" alt=\"\"><\/a><\/div><div class=\"splide__slide\"><a href=\"https:\/\/www.paysdesecrins.com\/wp-content\/uploads\/2025\/08\/blog3.jpg\" data-glightbox=\"true\" class=\"lightbox-trigger\"><img decoding=\"async\" src=\"https:\/\/www.paysdesecrins.com\/wp-content\/uploads\/2025\/08\/blog3.jpg\" alt=\"\"><\/a><\/div><div class=\"splide__slide\"><a href=\"https:\/\/www.paysdesecrins.com\/wp-content\/uploads\/2025\/08\/blog5.jpg\" data-glightbox=\"true\" class=\"lightbox-trigger\"><img decoding=\"async\" src=\"https:\/\/www.paysdesecrins.com\/wp-content\/uploads\/2025\/08\/blog5.jpg\" alt=\"\"><\/a><\/div><\/div><\/div><\/div><\/div>\n\n<div class=\"wp-block-ws-library-ws-share\"><span class=\"share-subtitle\">Hat Ihnen diese Seite gefallen?<\/span><span class=\"share-title\">Teilen Sie es!<\/span><button class=\"ws-share-button wp-element-button\">Diese Seite teilen<\/button><\/div>\n","protected":false},"excerpt":{"rendered":"<p>Hier finden Sie die Artikel der Influencer, die die Chance hatten, dieses wundersch\u00f6ne Gebiet des Pays des \u00c9crins zu entdecken<\/p>\n","protected":false},"author":9,"featured_media":61551,"parent":45558,"menu_order":0,"comment_status":"closed","ping_status":"closed","template":"","meta":{"_thumbnail_id_2":0,"summer_excerpt":"","season":"","station":"","footnotes":""},"class_list":["post-61554","page","type-page","status-publish","has-post-thumbnail","hentry"],"yoast_head":"<!-- This site is optimized with the Yoast SEO plugin v27.3 - https:\/\/yoast.com\/product\/yoast-seo-wordpress\/ -->\n<title>Blogger und das Pays des \u00c9crins - Pays des \u00c9crins - Office de Tourisme<\/title>\n<meta name=\"robots\" content=\"index, follow, max-snippet:-1, max-image-preview:large, max-video-preview:-1\" \/>\n<link rel=\"canonical\" href=\"https:\/\/www.paysdesecrins.com\/de\/pressebereich\/blogger-und-das-pays-des-ecrins\/\" \/>\n<meta property=\"og:locale\" content=\"de_DE\" \/>\n<meta property=\"og:type\" content=\"article\" \/>\n<meta property=\"og:title\" content=\"Blogger und das Pays des \u00c9crins - Pays des \u00c9crins - Office de Tourisme\" \/>\n<meta property=\"og:description\" content=\"Hier finden Sie die Artikel der Influencer, die die Chance hatten, dieses wundersch\u00f6ne Gebiet des Pays des \u00c9crins zu entdecken\" \/>\n<meta property=\"og:url\" content=\"https:\/\/www.paysdesecrins.com\/de\/pressebereich\/blogger-und-das-pays-des-ecrins\/\" \/>\n<meta property=\"og:site_name\" content=\"Pays des \u00c9crins - Office de Tourisme\" \/>\n<meta property=\"article:modified_time\" content=\"2025-08-20T13:55:40+00:00\" \/>\n<meta property=\"og:image\" content=\"https:\/\/www.paysdesecrins.com\/wp-content\/uploads\/2025\/08\/blog1.jpg\" \/>\n\t<meta property=\"og:image:width\" content=\"1200\" \/>\n\t<meta property=\"og:image:height\" content=\"900\" \/>\n\t<meta property=\"og:image:type\" content=\"image\/jpeg\" \/>\n<meta name=\"twitter:card\" content=\"summary_large_image\" \/>\n<meta name=\"twitter:label1\" content=\"Gesch\u00e4tzte Lesezeit\" \/>\n\t<meta name=\"twitter:data1\" content=\"3 Minuten\" \/>\n<script type=\"application\/ld+json\" class=\"yoast-schema-graph\">{\"@context\":\"https:\\\/\\\/schema.org\",\"@graph\":[{\"@type\":\"WebPage\",\"@id\":\"https:\\\/\\\/www.paysdesecrins.com\\\/de\\\/pressebereich\\\/blogger-und-das-pays-des-ecrins\\\/\",\"url\":\"https:\\\/\\\/www.paysdesecrins.com\\\/de\\\/pressebereich\\\/blogger-und-das-pays-des-ecrins\\\/\",\"name\":\"Blogger und das Pays des \u00c9crins - Pays des \u00c9crins - Office de Tourisme\",\"isPartOf\":{\"@id\":\"https:\\\/\\\/www.paysdesecrins.com\\\/de\\\/#website\"},\"primaryImageOfPage\":{\"@id\":\"https:\\\/\\\/www.paysdesecrins.com\\\/de\\\/pressebereich\\\/blogger-und-das-pays-des-ecrins\\\/#primaryimage\"},\"image\":{\"@id\":\"https:\\\/\\\/www.paysdesecrins.com\\\/de\\\/pressebereich\\\/blogger-und-das-pays-des-ecrins\\\/#primaryimage\"},\"thumbnailUrl\":\"https:\\\/\\\/www.paysdesecrins.com\\\/wp-content\\\/uploads\\\/2025\\\/08\\\/blog1.jpg\",\"datePublished\":\"2025-08-01T13:24:43+00:00\",\"dateModified\":\"2025-08-20T13:55:40+00:00\",\"breadcrumb\":{\"@id\":\"https:\\\/\\\/www.paysdesecrins.com\\\/de\\\/pressebereich\\\/blogger-und-das-pays-des-ecrins\\\/#breadcrumb\"},\"inLanguage\":\"de\",\"potentialAction\":[{\"@type\":\"ReadAction\",\"target\":[\"https:\\\/\\\/www.paysdesecrins.com\\\/de\\\/pressebereich\\\/blogger-und-das-pays-des-ecrins\\\/\"]}]},{\"@type\":\"ImageObject\",\"inLanguage\":\"de\",\"@id\":\"https:\\\/\\\/www.paysdesecrins.com\\\/de\\\/pressebereich\\\/blogger-und-das-pays-des-ecrins\\\/#primaryimage\",\"url\":\"https:\\\/\\\/www.paysdesecrins.com\\\/wp-content\\\/uploads\\\/2025\\\/08\\\/blog1.jpg\",\"contentUrl\":\"https:\\\/\\\/www.paysdesecrins.com\\\/wp-content\\\/uploads\\\/2025\\\/08\\\/blog1.jpg\",\"width\":1200,\"height\":900},{\"@type\":\"BreadcrumbList\",\"@id\":\"https:\\\/\\\/www.paysdesecrins.com\\\/de\\\/pressebereich\\\/blogger-und-das-pays-des-ecrins\\\/#breadcrumb\",\"itemListElement\":[{\"@type\":\"ListItem\",\"position\":1,\"name\":\"Accueil\",\"item\":\"https:\\\/\\\/www.paysdesecrins.com\\\/de\\\/der-titel-des-hauses\\\/\"},{\"@type\":\"ListItem\",\"position\":2,\"name\":\"Pressebereich\",\"item\":\"https:\\\/\\\/www.paysdesecrins.com\\\/de\\\/pressebereich\\\/\"},{\"@type\":\"ListItem\",\"position\":3,\"name\":\"Blogger und das Pays des \u00c9crins\"}]},{\"@type\":\"WebSite\",\"@id\":\"https:\\\/\\\/www.paysdesecrins.com\\\/de\\\/#website\",\"url\":\"https:\\\/\\\/www.paysdesecrins.com\\\/de\\\/\",\"name\":\"Pays des \u00c9crins - Office de Tourisme\",\"description\":\"L&#039;esprit montagne\",\"publisher\":{\"@id\":\"https:\\\/\\\/www.paysdesecrins.com\\\/de\\\/#organization\"},\"potentialAction\":[{\"@type\":\"SearchAction\",\"target\":{\"@type\":\"EntryPoint\",\"urlTemplate\":\"https:\\\/\\\/www.paysdesecrins.com\\\/de\\\/?s={search_term_string}\"},\"query-input\":{\"@type\":\"PropertyValueSpecification\",\"valueRequired\":true,\"valueName\":\"search_term_string\"}}],\"inLanguage\":\"de\"},{\"@type\":\"Organization\",\"@id\":\"https:\\\/\\\/www.paysdesecrins.com\\\/de\\\/#organization\",\"name\":\"Pays des \u00c9crins - Office de Tourisme\",\"url\":\"https:\\\/\\\/www.paysdesecrins.com\\\/de\\\/\",\"logo\":{\"@type\":\"ImageObject\",\"inLanguage\":\"de\",\"@id\":\"https:\\\/\\\/www.paysdesecrins.com\\\/de\\\/#\\\/schema\\\/logo\\\/image\\\/\",\"url\":\"https:\\\/\\\/www.paysdesecrins.com\\\/wp-content\\\/uploads\\\/2025\\\/06\\\/devina-svg-1750845694.svg\",\"contentUrl\":\"https:\\\/\\\/www.paysdesecrins.com\\\/wp-content\\\/uploads\\\/2025\\\/06\\\/devina-svg-1750845694.svg\",\"caption\":\"Pays des \u00c9crins - Office de Tourisme\"},\"image\":{\"@id\":\"https:\\\/\\\/www.paysdesecrins.com\\\/de\\\/#\\\/schema\\\/logo\\\/image\\\/\"}}]}<\/script>\n<!-- \/ Yoast SEO plugin. -->","yoast_head_json":{"title":"Blogger und das Pays des \u00c9crins - Pays des \u00c9crins - Office de Tourisme","robots":{"index":"index","follow":"follow","max-snippet":"max-snippet:-1","max-image-preview":"max-image-preview:large","max-video-preview":"max-video-preview:-1"},"canonical":"https:\/\/www.paysdesecrins.com\/de\/pressebereich\/blogger-und-das-pays-des-ecrins\/","og_locale":"de_DE","og_type":"article","og_title":"Blogger und das Pays des \u00c9crins - Pays des \u00c9crins - Office de Tourisme","og_description":"Hier finden Sie die Artikel der Influencer, die die Chance hatten, dieses wundersch\u00f6ne Gebiet des Pays des \u00c9crins zu entdecken","og_url":"https:\/\/www.paysdesecrins.com\/de\/pressebereich\/blogger-und-das-pays-des-ecrins\/","og_site_name":"Pays des \u00c9crins - Office de Tourisme","article_modified_time":"2025-08-20T13:55:40+00:00","og_image":[{"width":1200,"height":900,"url":"https:\/\/www.paysdesecrins.com\/wp-content\/uploads\/2025\/08\/blog1.jpg","type":"image\/jpeg"}],"twitter_card":"summary_large_image","twitter_misc":{"Gesch\u00e4tzte Lesezeit":"3 Minuten"},"schema":{"@context":"https:\/\/schema.org","@graph":[{"@type":"WebPage","@id":"https:\/\/www.paysdesecrins.com\/de\/pressebereich\/blogger-und-das-pays-des-ecrins\/","url":"https:\/\/www.paysdesecrins.com\/de\/pressebereich\/blogger-und-das-pays-des-ecrins\/","name":"Blogger und das Pays des \u00c9crins - Pays des \u00c9crins - Office de Tourisme","isPartOf":{"@id":"https:\/\/www.paysdesecrins.com\/de\/#website"},"primaryImageOfPage":{"@id":"https:\/\/www.paysdesecrins.com\/de\/pressebereich\/blogger-und-das-pays-des-ecrins\/#primaryimage"},"image":{"@id":"https:\/\/www.paysdesecrins.com\/de\/pressebereich\/blogger-und-das-pays-des-ecrins\/#primaryimage"},"thumbnailUrl":"https:\/\/www.paysdesecrins.com\/wp-content\/uploads\/2025\/08\/blog1.jpg","datePublished":"2025-08-01T13:24:43+00:00","dateModified":"2025-08-20T13:55:40+00:00","breadcrumb":{"@id":"https:\/\/www.paysdesecrins.com\/de\/pressebereich\/blogger-und-das-pays-des-ecrins\/#breadcrumb"},"inLanguage":"de","potentialAction":[{"@type":"ReadAction","target":["https:\/\/www.paysdesecrins.com\/de\/pressebereich\/blogger-und-das-pays-des-ecrins\/"]}]},{"@type":"ImageObject","inLanguage":"de","@id":"https:\/\/www.paysdesecrins.com\/de\/pressebereich\/blogger-und-das-pays-des-ecrins\/#primaryimage","url":"https:\/\/www.paysdesecrins.com\/wp-content\/uploads\/2025\/08\/blog1.jpg","contentUrl":"https:\/\/www.paysdesecrins.com\/wp-content\/uploads\/2025\/08\/blog1.jpg","width":1200,"height":900},{"@type":"BreadcrumbList","@id":"https:\/\/www.paysdesecrins.com\/de\/pressebereich\/blogger-und-das-pays-des-ecrins\/#breadcrumb","itemListElement":[{"@type":"ListItem","position":1,"name":"Accueil","item":"https:\/\/www.paysdesecrins.com\/de\/der-titel-des-hauses\/"},{"@type":"ListItem","position":2,"name":"Pressebereich","item":"https:\/\/www.paysdesecrins.com\/de\/pressebereich\/"},{"@type":"ListItem","position":3,"name":"Blogger und das Pays des \u00c9crins"}]},{"@type":"WebSite","@id":"https:\/\/www.paysdesecrins.com\/de\/#website","url":"https:\/\/www.paysdesecrins.com\/de\/","name":"Pays des \u00c9crins - Office de Tourisme","description":"L&#039;esprit montagne","publisher":{"@id":"https:\/\/www.paysdesecrins.com\/de\/#organization"},"potentialAction":[{"@type":"SearchAction","target":{"@type":"EntryPoint","urlTemplate":"https:\/\/www.paysdesecrins.com\/de\/?s={search_term_string}"},"query-input":{"@type":"PropertyValueSpecification","valueRequired":true,"valueName":"search_term_string"}}],"inLanguage":"de"},{"@type":"Organization","@id":"https:\/\/www.paysdesecrins.com\/de\/#organization","name":"Pays des \u00c9crins - Office de Tourisme","url":"https:\/\/www.paysdesecrins.com\/de\/","logo":{"@type":"ImageObject","inLanguage":"de","@id":"https:\/\/www.paysdesecrins.com\/de\/#\/schema\/logo\/image\/","url":"https:\/\/www.paysdesecrins.com\/wp-content\/uploads\/2025\/06\/devina-svg-1750845694.svg","contentUrl":"https:\/\/www.paysdesecrins.com\/wp-content\/uploads\/2025\/06\/devina-svg-1750845694.svg","caption":"Pays des \u00c9crins - Office de Tourisme"},"image":{"@id":"https:\/\/www.paysdesecrins.com\/de\/#\/schema\/logo\/image\/"}}]}},"_links":{"self":[{"href":"https:\/\/www.paysdesecrins.com\/de\/wp-json\/wp\/v2\/pages\/61554","targetHints":{"allow":["GET"]}}],"collection":[{"href":"https:\/\/www.paysdesecrins.com\/de\/wp-json\/wp\/v2\/pages"}],"about":[{"href":"https:\/\/www.paysdesecrins.com\/de\/wp-json\/wp\/v2\/types\/page"}],"author":[{"embeddable":true,"href":"https:\/\/www.paysdesecrins.com\/de\/wp-json\/wp\/v2\/users\/9"}],"replies":[{"embeddable":true,"href":"https:\/\/www.paysdesecrins.com\/de\/wp-json\/wp\/v2\/comments?post=61554"}],"version-history":[{"count":2,"href":"https:\/\/www.paysdesecrins.com\/de\/wp-json\/wp\/v2\/pages\/61554\/revisions"}],"predecessor-version":[{"id":103543,"href":"https:\/\/www.paysdesecrins.com\/de\/wp-json\/wp\/v2\/pages\/61554\/revisions\/103543"}],"up":[{"embeddable":true,"href":"https:\/\/www.paysdesecrins.com\/de\/wp-json\/wp\/v2\/pages\/45558"}],"wp:featuredmedia":[{"embeddable":true,"href":"https:\/\/www.paysdesecrins.com\/de\/wp-json\/wp\/v2\/media\/61551"}],"wp:attachment":[{"href":"https:\/\/www.paysdesecrins.com\/de\/wp-json\/wp\/v2\/media?parent=61554"}],"curies":[{"name":"wp","href":"https:\/\/api.w.org\/{rel}","templated":true}]}}