{"id":64734,"date":"2025-08-05T15:22:10","date_gmt":"2025-08-05T13:22:10","guid":{"rendered":"https:\/\/www.paysdesecrins.com\/klettersteige-baumklettern-und-baumklettern\/"},"modified":"2025-08-13T18:12:38","modified_gmt":"2025-08-13T16:12:38","slug":"klettersteige-baumklettern-und-baumklettern","status":"publish","type":"page","link":"https:\/\/www.paysdesecrins.com\/de\/meine-outdoor-aktivitaeten\/klettersteige-baumklettern-und-baumklettern\/","title":{"rendered":"Klettersteige, Baumklettern und Baumklettern"},"content":{"rendered":"    <div class=\"alignfull wp-block-ws-library-ws-header-interne\">\n\t    <div class=\"header-container\">\n\t        <div class=\"group-media has-image\">\n\t            \t                <img loading=\"lazy\" decoding=\"async\" width=\"1920\" height=\"800\" src=\"https:\/\/www.paysdesecrins.com\/wp-content\/uploads\/2025\/08\/local-velo-2024-072-1920x800.jpg\" alt=\"\" class=\"image_large_square wp-image-64737\" \/>\n\t            \t        <\/div>\n\t        <div class=\"group-content\">\n\t            <div class=\"title\">\n\t                <h1>\n\t                    Klettersteige, Baumklettern und Baumklettern\t                    \t                <\/h1>\n\t            <\/div>\n\t        <\/div>\n\t    <\/div>\n\t    \n<div class=\"yoast-breadcrumbs\"><span><span><a href=\"https:\/\/www.paysdesecrins.com\/de\/der-titel-des-hauses\/\">Accueil<\/a><\/span>  <span><a href=\"https:\/\/www.paysdesecrins.com\/de\/meine-outdoor-aktivitaeten\/\">Meine Outdoor-Aktivit\u00e4ten<\/a><\/span>  <span class=\"breadcrumb_last\" aria-current=\"page\">Klettersteige, Baumklettern und Baumklettern<\/span><\/span><\/div>\n    <\/div>\n    \n<div class=\"wp-block-ws-library-ws-title aligncenter is-style-simple\"><h2><em>Voller Empfindungen <\/em>Ausgesetzt<\/h2><\/div>\n\n<p class=\"has-text-align-center\">Egal, ob es darum geht, Schluchten mit einem Klettersteig zu durchqueren, sich auf den Seilrutschen eines Baumkletterparcours zu st\u00fcrzen oder einen Moment in den B\u00e4umen zu genie\u00dfen, diese Aktivit\u00e4ten haben den gleichen roten Faden: einen sicheren Gurt, die Herausforderung der Vertikalit\u00e4t und die Verbundenheit mit der Natur. Im Pays des \u00c9crins k\u00f6nnen Sie zwischen Passagen in der Luft an den Felsen, Seilrutschen und H\u00e4ngebr\u00fccken im Wald wechseln, w\u00e4hrend Sie Ihr Gleichgewicht, Ihr Selbstvertrauen und Ihren Abenteuerhunger entwickeln. <\/p>\n\n<div class=\"wp-block-ws-library-ws-tabs alignfull\"><ul class=\"tabs-titles\"><li class=\"tab-title is-active\" data-tab-index=\"0\">VIA FERRATA<\/li><li class=\"tab-title\" data-tab-index=\"1\">TYROLIENNE<\/li><li class=\"tab-title\" data-tab-index=\"2\">ACCROBRANCHE<\/li><li class=\"tab-title\" data-tab-index=\"3\">GRIMPE D&#8217;ARBRES<\/li><\/ul><div class=\"tabs-list\">\n<div class=\"wp-block-ws-library-ws-tab\" style=\"display:none\"><p class=\"tab-title\">VIA FERRATA<\/p><div class=\"tab-content\">\n<div class=\"wp-block-ws-library-ws-title aligncenter\"><h3><em>Klettersteige<\/em> , ein vertikales Abenteuer f\u00fcr alle<\/h3><\/div>\n\n\n\n<p class=\"has-text-align-center\">M\u00f6chten Sie die Empfindungen des Kletterns schmecken, ohne ein Bergsteiger zu sein? Der Klettersteig bietet Ihnen einen ausgestatteten Zugang zu den Felsw\u00e4nden, mit Seilen, Sprossen und H\u00e4ngebr\u00fccken, die Ihnen beim Klettern helfen, unabh\u00e4ngig von Ihrem Niveau. Es ist eine gro\u00dfartige M\u00f6glichkeit, die Landschaft zu genie\u00dfen und gleichzeitig \u00fcber sich hinauszuwachsen.  <\/p>\n\n\n\n<div class=\"wp-block-ws-library-ws-video\"><div class=\"wrapper\"><div class=\"group-media\">\n<figure class=\"wp-block-embed aligncenter is-type-video is-provider-youtube wp-block-embed-youtube\"><div class=\"wp-block-embed__wrapper\">\n<iframe loading=\"lazy\" title=\"Via ferratas et tyrolienne gorges de la durance\" width=\"500\" height=\"281\" src=\"https:\/\/www.youtube.com\/embed\/QxW_uAkf-CY?feature=oembed\" frameborder=\"0\" allow=\"accelerometer; autoplay; clipboard-write; encrypted-media; gyroscope; picture-in-picture; web-share\" referrerpolicy=\"strict-origin-when-cross-origin\" allowfullscreen><\/iframe>\n<\/div><\/figure>\n<\/div><\/div><\/div>\n\n\n\n<div class=\"wp-block-ws-library-ws-columns alignwide has-2-columns are-vertically-aligned-center layout-6040 is-style-background\">\n<div class=\"wp-block-ws-library-ws-column\"><div class=\"wrapper\">\n<div class=\"wp-block-ws-library-ws-title\"><h3>Wie funktioniert das?<\/h3><\/div>\n\n\n\n<p>Der Klettersteig ist die perfekte Balance zwischen Wandern und Klettern, zug\u00e4nglich f\u00fcr 7-8 Jahre (in Begleitung). Mit einem Gurt, zwei Schl\u00fcsselb\u00e4ndern und einem Helm kommen Sie in Ihrem eigenen Tempo voran, an W\u00e4nden, die f\u00fcr alle Niveaus geeignet sind. M\u00f6chten Sie Spa\u00df haben? Leere? Panoramen? Das ist es. Die Ausr\u00fcstung kann in den \u00f6rtlichen Gesch\u00e4ften gemietet werden, oder eine Betreuung mit einem lokalen F\u00fchrer m\u00f6glich.      <\/p>\n\n\n\n<div class=\"wp-block-ws-library-ws-button has-text-align-left\"><a href=\"https:\/\/app-v4.avizi.fr\/fichiers\/preview\/687f7f7436773\/39494-3836\" class=\"wp-block-button__link wp-element-button btn\" target=\"_blank\">  St\u00f6bern Sie im Klettersteigf\u00fchrer f\u00fcr die Hochalpen<\/a><\/div>\n<\/div><\/div>\n\n\n\n<div class=\"wp-block-ws-library-ws-column\"><div class=\"wrapper\">\n<div class=\"wp-block-ws-library-ws-image\"><div class=\"wrapper\"><div class=\"group-media\"><img decoding=\"async\" src=\"https:\/\/www.paysdesecrins.com\/wp-content\/uploads\/2025\/07\/81via-ferrata-thibautblais-via-ferrata-gorges-de-la-duranve-babyescalade-960x640.jpg\" alt=\"\" class=\"single_image ws-image-20282\"><div class=\"credits\">Thibaut BLAIS<\/div><\/div><p class=\"caption\"><\/p><\/div><\/div>\n<\/div><\/div>\n<\/div>\n\n\n\n<div class=\"wp-block-ws-library-ws-title\"><h3>Wo kann man klettern?<\/h3><\/div>\n\n\n\n<ul class=\"wp-block-list\">\n<li>Gorges de la Durance \u2013 <em>L&#8217;Argenti\u00e8re-la-Bess\u00e9e \/ Les Vigneaux<\/em> : 4 Parcours, 5 Stege, 2 Seilrutschen, f\u00fcr garantierte Empfindungen. Kostenpflichtiger Zugang \u00fcber <a href=\"\/?p=68986\">Roc Aventure<\/a>. <\/li>\n\n\n\n<li>Via de l&#8217;Horloge \u2013 <em>L&#8217;Argenti\u00e8re-la-Bess\u00e9e<\/em> : ideal f\u00fcr Anf\u00e4nger (Kinder willkommen).<\/li>\n\n\n\n<li>Grande Falaise \u2013 <em>Freissini\u00e8res<\/em> : mineralische Atmosph\u00e4re, spektakul\u00e4re Aussichten, Naturbonus.<\/li>\n\n\n\n<li>Gorges d&#8217;Ailefroide \u2013 <em>Pelvoux<\/em> : schattiger Platz, Wildbach, drei Stege, sehr gut zug\u00e4nglich.<\/li>\n\n\n\n<li>Combe de Narreyroux \u2013 <em>Puy Saint Vincent<\/em> : familienfreundlich, idyllisch, am Ufer eines Wildbaches.<\/li>\n\n\n\n<li>Tournoux \u2013 <em>Puy Saint Vincent<\/em> : spa\u00dfige, luftige, originelle Abfahrt.<\/li>\n\n\n\n<li>Le Colombier \/ La Balme \u2013 <em>Les Vigneaux<\/em> : zwei Optionen, leicht oder sportlich, mit atemberaubender Aussicht.<\/li>\n<\/ul>\n\n\n\n<div class=\"wp-block-ws-library-ws-columns alignwide has-2-columns are-vertically-aligned-center layout-4060\">\n<div class=\"wp-block-ws-library-ws-column\"><div class=\"wrapper\">\n<div class=\"wp-block-ws-library-ws-image\"><div class=\"wrapper\"><div class=\"group-media\"><img decoding=\"async\" src=\"https:\/\/www.paysdesecrins.com\/wp-content\/uploads\/2025\/07\/8escalade-alpinisme-viaferrata-dsc00905-2-960x640.jpg\" alt=\"\" class=\"single_image ws-image-20382\"><div class=\"credits\"><\/div><\/div><p class=\"caption\"><\/p><\/div><\/div>\n<\/div><\/div>\n\n\n\n<div class=\"wp-block-ws-library-ws-column\"><div class=\"wrapper\">\n<div class=\"wp-block-ws-library-ws-title\"><h3>Tipps f\u00fcr den Leitfaden<\/h3><\/div>\n\n\n\n<p>Bevor Sie beginnen, \u00fcberpr\u00fcfen Sie immer den Zustand Ihres Schl\u00fcsselbandes und Ihres Helms und passen Sie dann Ihr Tempo an das der Gruppe an: Es ist besser, sich regelm\u00e4\u00dfig vorw\u00e4rts zu bewegen, als sich zu zwingen und m\u00fcde zu werden. Halten Sie immer drei Ankerpunkte bereit, nutzen Sie die Sicherungen, um eine Verschnaufpause einzulegen und die Landschaft zu bewundern: Sicherheit erfordert Wachsamkeit, aber das Abenteuer beginnt mit dem Staunen. Zu guter Letzt sollten Sie die Exposition ber\u00fccksichtigen: Ein Klettersteig in S\u00fcdlage kann sehr sonnig sein, vergessen Sie also nicht Sonnencreme, Sonnenbrille und Wasservorrat.  <\/p>\n<\/div><\/div>\n<\/div>\n\n\n\n<div class=\"wp-block-ws-library-ws-title\"><h2><em>Ben\u00f6tigen Sie Ausr\u00fcstung?<\/em>  Mieten Sie hier Ihre Ausr\u00fcstung!<\/h2><\/div>\n\n\n<div id=\"listing_1cafd\" data-observer-wishlist data-attributes='listing-avance {\"selectedSelectionIds\":[\"191442\"],\"isLimited\":true,\"isPaginated\":true,\"perPage\":3,\"isPortrait\":false,\"isImageContain\":false,\"showCommune\":true,\"defaultImage\":\"https:\\\/\\\/www.paysdesecrins.com\\\/wp-content\\\/uploads\\\/2025\\\/06\\\/cropped-paysdesecrins.png\",\"selectedFacets\":[],\"showMap\":false,\"sortOrder\":\"random\",\"showType\":false,\"columnsCount\":\"2-3-3\",\"showActiveFacets\":false,\"showGeolocalisation\":false,\"season\":\"\",\"align\":\"wide\"}' class=\"ws-listing wp-block-ws-apidae-library-listing-avance alignwide\" data-map-id=\"map_1cafd\" data-locations-id=\"locations-data_1cafd\"><div class=\"facetwp-template\"><div class=\"list-container active\"><div class=\"list-items\"><div class=\"item\" data-season=\"all-seasons\"><div class=\"card card-apidae card-avance\"><div class=\"group-actions\"><ws-wishlist data-type=\"flag\" data-action=\"add\" data-wish-id=\"582746\" data-wish-type=\"apidae\"><\/ws-wishlist><\/div><div class=\"group-media\"><div class=\"field-image\"><img decoding=\"async\" src=\"https:\/\/images.weserv.nl\/?url=https:\/\/static.apidae-tourisme.com\/filestore\/objets-touristiques\/images\/167\/224\/20635815-diaporama.jpg&#038;w=350&#038;h=350&#038;fit=cover&#038;output=webp&#038;q=45\" alt=\"Snow Valley \u2013 Intersport \u2013 1600\"\/><\/div><\/div><div class=\"group-top\"><div class=\"field-commune\">Puy-Saint-Vincent<\/div><ws-apidae-from-price data-apidae-id=\"582746\" ><\/ws-apidae-from-price><\/div><div class=\"group-content\"><div class=\"field-title\">Snow Valley \u2013 Intersport \u2013 1600<\/div><\/div><div class=\"field-link\" role=\"group\" aria-label=\"Lien vers le contenu\"><a href=\"https:\/\/www.paysdesecrins.com\/de\/fiche\/snow-valley-intersport-1600-2\/\" class=\"cardlink\" title=\"Lire plus : Snow Valley \u2013 Intersport \u2013 1600\" lang=\"de_DE\">Snow Valley \u2013 Intersport \u2013 1600<\/a><\/div><\/div><\/div><div class=\"item\" data-season=\"all-seasons\"><div class=\"card card-apidae card-avance\"><div class=\"group-actions\"><ws-wishlist data-type=\"flag\" data-action=\"add\" data-wish-id=\"582713\" data-wish-type=\"apidae\"><\/ws-wishlist><\/div><div class=\"group-media\"><div class=\"field-image\"><img decoding=\"async\" src=\"https:\/\/images.weserv.nl\/?url=https:\/\/static.apidae-tourisme.com\/filestore\/objets-touristiques\/images\/45\/10\/23267885-diaporama.jpg&#038;w=350&#038;h=350&#038;fit=cover&#038;output=webp&#038;q=45\" alt=\"ATOUSKIGLISS \u2013 1600\"\/><\/div><\/div><div class=\"group-top\"><div class=\"field-commune\">Puy-Saint-Vincent<\/div><ws-apidae-from-price data-apidae-id=\"582713\" ><\/ws-apidae-from-price><\/div><div class=\"group-content\"><div class=\"field-title\">ATOUSKIGLISS \u2013 1600<\/div><\/div><div class=\"field-link\" role=\"group\" aria-label=\"Lien vers le contenu\"><a href=\"https:\/\/www.paysdesecrins.com\/de\/fiche\/atouskigliss-1600-2\/\" class=\"cardlink\" title=\"Lire plus : ATOUSKIGLISS \u2013 1600\" lang=\"de_DE\">ATOUSKIGLISS \u2013 1600<\/a><\/div><\/div><\/div><div class=\"item\" data-season=\"all-seasons\"><div class=\"card card-apidae card-avance\"><div class=\"group-actions\"><ws-wishlist data-type=\"flag\" data-action=\"add\" data-wish-id=\"582764\" data-wish-type=\"apidae\"><\/ws-wishlist><\/div><div class=\"group-media\"><div class=\"field-image\"><img decoding=\"async\" src=\"https:\/\/images.weserv.nl\/?url=https:\/\/static.apidae-tourisme.com\/filestore\/objets-touristiques\/images\/51\/246\/14939699-diaporama.jpg&#038;w=350&#038;h=350&#038;fit=cover&#038;output=webp&#038;q=45\" alt=\"Snowride La Voile \u2013 Skiset\"\/><\/div><\/div><div class=\"group-top\"><div class=\"field-commune\">Puy-Saint-Vincent<\/div><ws-apidae-from-price data-apidae-id=\"582764\" ><\/ws-apidae-from-price><\/div><div class=\"group-content\"><div class=\"field-title\">Snowride La Voile \u2013 Skiset<\/div><\/div><div class=\"field-link\" role=\"group\" aria-label=\"Lien vers le contenu\"><a href=\"https:\/\/www.paysdesecrins.com\/de\/fiche\/snowride-la-voile-skiset-2\/\" class=\"cardlink\" title=\"Lire plus : Snowride La Voile \u2013 Skiset\" lang=\"de_DE\">Snowride La Voile \u2013 Skiset<\/a><\/div><\/div><\/div><div id=\"locations-data_1cafd\" style=\"display: none;\">{&quot;locations&quot;:[{&quot;lat&quot;:&quot;44.818974&quot;,&quot;lng&quot;:&quot;6.485987&quot;,&quot;title&quot;:&quot;Snow Valley \\u2013 Intersport \\u2013 1600&quot;,&quot;permalink&quot;:&quot;https:\\\/\\\/www.paysdesecrins.com\\\/de\\\/fiche\\\/snow-valley-intersport-1600-2\\\/&quot;,&quot;type&quot;:&quot;commerce_et_service&quot;,&quot;commune&quot;:&quot;Puy-Saint-Vincent&quot;,&quot;type_commerce&quot;:&quot;&quot;,&quot;image&quot;:&quot;https:\\\/\\\/static.apidae-tourisme.com\\\/filestore\\\/objets-touristiques\\\/images\\\/167\\\/224\\\/20635815-diaporama.jpg&quot;,&quot;image_width&quot;:&quot;350&quot;,&quot;image_height&quot;:&quot;350&quot;,&quot;image_fit&quot;:&quot;cover&quot;},{&quot;lat&quot;:&quot;44.818914&quot;,&quot;lng&quot;:&quot;6.486288&quot;,&quot;title&quot;:&quot;ATOUSKIGLISS \\u2013 1600&quot;,&quot;permalink&quot;:&quot;https:\\\/\\\/www.paysdesecrins.com\\\/de\\\/fiche\\\/atouskigliss-1600-2\\\/&quot;,&quot;type&quot;:&quot;commerce_et_service&quot;,&quot;commune&quot;:&quot;Puy-Saint-Vincent&quot;,&quot;type_commerce&quot;:&quot;&quot;,&quot;image&quot;:&quot;https:\\\/\\\/static.apidae-tourisme.com\\\/filestore\\\/objets-touristiques\\\/images\\\/45\\\/10\\\/23267885-diaporama.jpg&quot;,&quot;image_width&quot;:&quot;350&quot;,&quot;image_height&quot;:&quot;350&quot;,&quot;image_fit&quot;:&quot;cover&quot;},{&quot;lat&quot;:&quot;44.818811&quot;,&quot;lng&quot;:&quot;6.486744&quot;,&quot;title&quot;:&quot;Snowride La Voile \\u2013 Skiset&quot;,&quot;permalink&quot;:&quot;https:\\\/\\\/www.paysdesecrins.com\\\/de\\\/fiche\\\/snowride-la-voile-skiset-2\\\/&quot;,&quot;type&quot;:&quot;commerce_et_service&quot;,&quot;commune&quot;:&quot;Puy-Saint-Vincent&quot;,&quot;type_commerce&quot;:&quot;&quot;,&quot;image&quot;:&quot;https:\\\/\\\/static.apidae-tourisme.com\\\/filestore\\\/objets-touristiques\\\/images\\\/51\\\/246\\\/14939699-diaporama.jpg&quot;,&quot;image_width&quot;:&quot;350&quot;,&quot;image_height&quot;:&quot;350&quot;,&quot;image_fit&quot;:&quot;cover&quot;}],&quot;center_lat&quot;:&quot;44.818974&quot;,&quot;center_lng&quot;:&quot;6.485987&quot;}<\/div><\/div><div class=\"ws-apidae-pager\" data-type=\"pager\"><div class=\"custom-pager\"><a class=\"facetwp-page first active\" data-page=\"1\" href=\"\/de\/wp-json\/wp\/v2\/pages\/64734?paged_1cafd=1#listing_1cafd\">1<\/a><a class=\"facetwp-page \" data-page=\"2\" href=\"\/de\/wp-json\/wp\/v2\/pages\/64734?paged_1cafd=2#listing_1cafd\">2<\/a><span class=\"facetwp-separator\">\u2026<\/span><a class=\"facetwp-page \" data-page=\"7\" href=\"\/de\/wp-json\/wp\/v2\/pages\/64734?paged_1cafd=7#listing_1cafd\">7<\/a><a class=\"facetwp-page next\" data-page=\"2\" href=\"\/de\/wp-json\/wp\/v2\/pages\/64734?paged_1cafd=2#listing_1cafd\">\u203a<\/a><\/div><\/div><\/div><\/div><\/div><\/div><\/div>\n\n\n\n<div class=\"wp-block-ws-library-ws-tab\" style=\"display:none\"><p class=\"tab-title\">TYROLIENNE<\/p><div class=\"tab-content\">\n<div class=\"wp-block-ws-library-ws-title aligncenter is-style-default\"><h3><em>Roc Aventure <\/em>Seilrutsche der Gorges de la Durance<\/h3><\/div>\n<\/div><\/div>\n\n\n\n<div class=\"wp-block-ws-library-ws-tab\" style=\"display:none\"><p class=\"tab-title\">ACCROBRANCHE<\/p><div class=\"tab-content\">\n<div class=\"wp-block-ws-library-ws-title aligncenter\"><h3><em>Baumklettern,<\/em> Abenteuerparcours im Wald<\/h3><\/div>\n\n\n\n<p class=\"has-text-align-center\">Sind Sie auf der Suche nach einem lustigen Spaziergang in der H\u00f6he, ohne den Boden zu ber\u00fchren? Die Baumkletterparcours im Wald kombinieren Affenbr\u00fccken, Seilrutschen und Netze, um Ihr Gleichgewicht in einer nat\u00fcrlichen Umgebung zu testen. Sie sind f\u00fcr Familien geeignet und k\u00f6nnen ab einem Alter von 4 Jahren praktiziert werden.  <\/p>\n\n\n\n<div class=\"wp-block-ws-library-ws-columns alignwide has-2-columns are-vertically-aligned-center layout-6040 is-style-background\">\n<div class=\"wp-block-ws-library-ws-column\"><div class=\"wrapper\">\n<div class=\"wp-block-ws-library-ws-title\"><h3>Wie funktioniert das?<\/h3><\/div>\n\n\n\n<p>Baumklettern ist ein Adrenalinschub in den B\u00e4umen, f\u00fcr Jung und Alt. Wenn Sie den Gurt festgeschnallt haben, befestigen Sie Ihr Verbindungsmittel an einem durchgehenden Kabel und st\u00fcrzen sich auf Stege, Seilrutschen oder Netze. Jeder Parcours ist nummeriert, um Vertrauen aufzubauen, von gr\u00fcn (leicht) bis schwarz (Herausforderung). Ausr\u00fcstung wird vor Ort zur Verf\u00fcgung gestellt, Betreuung in der Hochsaison m\u00f6glich.   <\/p>\n<\/div><\/div>\n\n\n\n<div class=\"wp-block-ws-library-ws-column\"><div class=\"wrapper\">\n<div class=\"wp-block-ws-library-ws-image\"><div class=\"wrapper\"><div class=\"group-media\"><img decoding=\"async\" src=\"https:\/\/www.paysdesecrins.com\/wp-content\/uploads\/2025\/08\/dsc05469-960x640.jpg\" alt=\"\" class=\"single_image ws-image-64754\"><div class=\"credits\"><\/div><\/div><p class=\"caption\"><\/p><\/div><\/div>\n<\/div><\/div>\n<\/div>\n\n\n\n<div class=\"wp-block-ws-library-ws-title\"><h3>Wo kann man klettern?<\/h3><\/div>\n\n\n\n<ul class=\"wp-block-list\">\n<li><strong>For\u00eat Sensations (Puy Saint Vincent):<\/strong> 12 Parcours mit einer H\u00f6he von bis zu 40 m, mehr als 100 Workshops und Seilrutschen mit Blick auf das \u00c9crins-Massiv.<\/li>\n\n\n\n<li><strong>Accrobranche Pays des \u00c9crins (Freissini\u00e8res):<\/strong> ge\u00f6ffnet vom 1. Juli bis 31. August (10\u201317 Uhr) und nach Reservierung an Wochenenden au\u00dferhalb der Saison, vier Rundwege von gr\u00fcn bis schwarz am Fluss.<\/li>\n<\/ul>\n\n\n\n<div class=\"wp-block-ws-library-ws-columns alignwide has-2-columns are-vertically-aligned-center layout-4060\">\n<div class=\"wp-block-ws-library-ws-column\"><div class=\"wrapper\">\n<div class=\"wp-block-ws-library-ws-image\"><div class=\"wrapper\"><div class=\"group-media\"><img decoding=\"async\" src=\"https:\/\/www.paysdesecrins.com\/wp-content\/uploads\/2025\/08\/dsc04968-960x640.jpg\" alt=\"\" class=\"single_image ws-image-64749\"><div class=\"credits\"><\/div><\/div><p class=\"caption\"><\/p><\/div><\/div>\n<\/div><\/div>\n\n\n\n<div class=\"wp-block-ws-library-ws-column\"><div class=\"wrapper\">\n<div class=\"wp-block-ws-library-ws-title\"><h3>Tipps f\u00fcr den Leitfaden<\/h3><\/div>\n\n\n\n<p>\u00dcberpr\u00fcfen Sie die Passform Ihres Gurtzeugs, beginnen Sie mit dem gr\u00fcnen Parcours und machen Sie in Ihrem eigenen Tempo Fortschritte: Jeder Workshop ist so konzipiert, dass er Spa\u00df macht und nicht stressig ist.<\/p>\n<\/div><\/div>\n<\/div>\n<\/div><\/div>\n\n\n\n<div class=\"wp-block-ws-library-ws-tab\" style=\"display:none\"><p class=\"tab-title\">GRIMPE D&#8217;ARBRES<\/p><div class=\"tab-content\">\n<div class=\"wp-block-ws-library-ws-title aligncenter\"><h3><em>Baumklettern<\/em>f\u00fcr Ihr schwebendes Abenteuer<\/h3><\/div>\n\n\n\n<p class=\"has-text-align-center\">M\u00f6chten Sie h\u00f6her klettern als Ihre einfachen Schritte? In den \u00c9crins ist das Baumklettern in einer Vielzahl von technischen und unterhaltsamen \u00dcbungen m\u00f6glich, um das Kronendach sicher zu erklimmen und einen neuen Blickwinkel auf den Wald zu genie\u00dfen. Das Baumklettern bietet Ihnen einen eher technischen Zugang zum Wald: Es geht nicht nur darum, in den \u00c4sten zu spielen, sondern darum, selbstst\u00e4ndig und sicher klettern zu lernen.  <\/p>\n\n\n\n<div class=\"wp-block-ws-library-ws-columns alignwide has-2-columns are-vertically-aligned-center layout-6040 is-style-background\">\n<div class=\"wp-block-ws-library-ws-column\"><div class=\"wrapper\">\n<div class=\"wp-block-ws-library-ws-title\"><h3>Wie funktioniert das?<\/h3><\/div>\n\n\n\n<p>Nachdem Sie Ihren Gurt angelegt und Ihren Helm angepasst haben, installieren Sie ein selbstsicherndes System (Prusik oder Seilklemme) an einem Seil, das in der H\u00f6he verankert ist. Durch den Wechsel zwischen Seilklemmung und Handl\u00e4ufen kommst du Meter f\u00fcr Meter voran, selbstst\u00e4ndig oder in Begleitung. Je nach gew\u00e4hltem Erlebnis k\u00f6nnen Plattformen, H\u00e4ngematten oder h\u00e4ngende Strukturen f\u00fcr Lesemomente, Aperitifs oder sogar \u00dcbernachtungen in den B\u00e4umen aufgestellt werden.  <\/p>\n<\/div><\/div>\n\n\n\n<div class=\"wp-block-ws-library-ws-column\"><div class=\"wrapper\">\n<div class=\"wp-block-ws-library-ws-image\"><div class=\"wrapper\"><div class=\"group-media\"><img decoding=\"async\" src=\"https:\/\/www.paysdesecrins.com\/wp-content\/uploads\/2025\/08\/grimpe-arbres-mona-24-960x640.jpg\" alt=\"\" class=\"single_image ws-image-64759\"><div class=\"credits\"><\/div><\/div><p class=\"caption\"><\/p><\/div><\/div>\n<\/div><\/div>\n<\/div>\n\n\n\n<div class=\"wp-block-ws-library-ws-title\"><h3>Wo kann man klettern?<\/h3><\/div>\n\n\n\n<ul class=\"wp-block-list\">\n<li><strong>Ang\u00e8le Le Masson<\/strong> : Die staatlich gepr\u00fcfte Instruktorin mit Sitz in Vallouise bietet Kurse ab 8 Jahren an, um das Klettern am Seil, die Prusik-Techniken und das Sichern von Blockaden rund um die Argenti\u00e8re-Vallouise zu meistern. <a href=\"\/?p=67134\">Buchen Sie jetzt Ihren Ausflug! <\/a> <\/li>\n\n\n\n<li><strong>Les Arborigens<\/strong> : In Ailefroide k\u00f6nnen Sie drei originelle Erlebnisse in den bis zu 12 m hohen L\u00e4rchen genie\u00dfen: h\u00e4ngende Bibliothek, Aperitifs und Biwaks. Nur mit Reservierung.   <a href=\"\/?p=67089\">Buchen Sie jetzt Ihre Session!<\/a><\/li>\n<\/ul>\n\n\n\n<div class=\"wp-block-ws-library-ws-columns alignwide has-2-columns are-vertically-aligned-center layout-4060\">\n<div class=\"wp-block-ws-library-ws-column\"><div class=\"wrapper\">\n<div class=\"wp-block-ws-library-ws-image\"><div class=\"wrapper\"><div class=\"group-media\"><img decoding=\"async\" src=\"https:\/\/www.paysdesecrins.com\/wp-content\/uploads\/2025\/08\/grimpe-arbres-mona-05-960x640.jpg\" alt=\"\" class=\"single_image ws-image-64764\"><div class=\"credits\"><\/div><\/div><p class=\"caption\"><\/p><\/div><\/div>\n<\/div><\/div>\n\n\n\n<div class=\"wp-block-ws-library-ws-column\"><div class=\"wrapper\">\n<div class=\"wp-block-ws-library-ws-title\"><h3>Tipps f\u00fcr den Leitfaden<\/h3><\/div>\n\n\n\n<p>Testen Sie vor der Montage immer die Festigkeit jedes Ankers und stellen Sie sicher, dass Ihr Gurt fest sitzt. Gehen Sie in aller Ruhe voran und nutzen Sie jeden Stopp, um den Wald von oben zu bewundern.   <\/p>\n<\/div><\/div>\n<\/div>\n<\/div><\/div>\n<\/div><\/div>\n\n<p class=\"has-text-align-center\">Auf der Suche nach einem gro\u00dfartigen Nervenkitzel, der sich leicht in Ihr Wohnzimmer integrieren l\u00e4sst? In L&#8217;Argenti\u00e8re-La Bess\u00e9e bietet Roc Aventure zwei riesige Seilrutschen an, die die Schluchten der Durance durchqueren: 500 m Seill\u00e4nge, etwa 200 m \u00fcber dem Fluss, und eine Panorama-Rundtour zu einem spektakul\u00e4ren Naturschauplatz vor den Toren des Nationalparks \u00c9crins. Ideal, um das Tal zu entdecken&#8230; von oben gesehen.  <\/p>\n\n<div class=\"wp-block-ws-library-ws-video\"><div class=\"wrapper\"><div class=\"group-media\">\n<figure class=\"wp-block-embed is-type-video is-provider-youtube wp-block-embed-youtube\"><div class=\"wp-block-embed__wrapper\">\n<iframe loading=\"lazy\" title=\"Tyroliennes Gorges de la durance\" width=\"500\" height=\"281\" src=\"https:\/\/www.youtube.com\/embed\/Mk53wwAC_sU?feature=oembed\" frameborder=\"0\" allow=\"accelerometer; autoplay; clipboard-write; encrypted-media; gyroscope; picture-in-picture; web-share\" referrerpolicy=\"strict-origin-when-cross-origin\" allowfullscreen><\/iframe>\n<\/div><\/figure>\n<\/div><\/div><\/div>\n\n<div class=\"wp-block-ws-library-ws-title aligncenter\"><h2>Was ist das konkret?<\/h2><\/div>\n\n<p class=\"has-text-align-center\">Nach einer Sicherheitseinweisung r\u00fcstet Sie das Team aus (Gurt, Flaschenzug, Helm) und begleitet Sie bis zum Start. Der Flug wird <strong>\u00fcberwacht<\/strong> und bei der Ankunft automatisch abgebremst, dann geht es mit der zweiten Linie wieder los, um zum Ausgangspunkt zur\u00fcckzukehren: einfach, fl\u00fcssig und sehr fotokompatibel. Reservierung dringend empfohlen (oft erforderlich).  <\/p>\n\n<div class=\"wp-block-ws-library-ws-columns alignwide has-2-columns are-vertically-aligned-center layout-5050 is-style-background\">\n<div class=\"wp-block-ws-library-ws-column\"><div class=\"wrapper\">\n<div class=\"wp-block-ws-library-ws-title aligncenter\"><h2>F\u00fcr wen?<\/h2><\/div>\n\n\n\n<p class=\"has-text-align-center\">Das Gel\u00e4nde der Gorges de la Durance ist f\u00fcr alle Pers\u00f6nlichkeiten geeignet: Es gibt <strong>4 progressive Klettersteige<\/strong> (ab 4 Jahren) und <strong>2 riesige Seilrutschen<\/strong> f\u00fcr die \u00c4lteren \u2013 genug, um einen Familienausflug oder einen halben Tag zu machen. Die Zugangsbedingungen (Alter\/Gewicht) f\u00fcr die Seilrutsche werden zum Zeitpunkt der Buchung angegeben. <\/p>\n<\/div><\/div>\n\n\n\n<div class=\"wp-block-ws-library-ws-column\"><div class=\"wrapper\">\n<div class=\"wp-block-ws-library-ws-title aligncenter\"><h2>Warum hier?<\/h2><\/div>\n\n\n\n<p class=\"has-text-align-center\">Denn Sie fliegen \u00fcber einen echten Alpencanyon, mit freiem Blick auf das Tal und die Gipfel, und Sie k\u00f6nnen einen Einf\u00fchrungsklettersteig und die Seilrutsche am selben halben Tag machen. Die &#8222;Kombo&#8220; funktioniert sehr gut, um die Vertikale sanft zu entdecken und sich dann einen unvergesslichen Flug zu bieten. <\/p>\n<\/div><\/div>\n<\/div>\n\n<div class=\"wp-block-ws-library-ws-columns alignwide has-2-columns are-vertically-aligned-center layout-5050\">\n<div class=\"wp-block-ws-library-ws-column\"><div class=\"wrapper\">\n<div class=\"wp-block-ws-library-ws-title\"><h2>Praktische Informationen<\/h2><\/div>\n\n\n\n<ul class=\"wp-block-list\">\n<li><strong>Lage<\/strong> : Gorges de la Durance, L&#8217;Argenti\u00e8re-La Bess\u00e9e (Route des Vaudois \/ Sektor Pont Gamonet).<\/li>\n\n\n\n<li><strong>Format<\/strong> : 2 Seilrutschen \u00e0 <strong>500 m<\/strong> , ca. <strong>200 m<\/strong> \u00fcber der Durance, <strong>Hin- und R\u00fcckfahrt<\/strong>.<\/li>\n\n\n\n<li><strong>Aufsicht und Sicherheit<\/strong> : vor Ort ausgestattet; <strong>Automatisches Bremsen<\/strong> bei der Ankunft.<\/li>\n\n\n\n<li><strong>Saison &amp; Wetter<\/strong> : Je nach Zeitraum und Bedingungen ge\u00f6ffnet \u2013 \u00fcberpr\u00fcfen Sie bei der Buchung den Online-Kalender.  <\/li>\n\n\n\n<li><strong>Kontakt<\/strong> : Roc Aventure, L&#8217;Argenti\u00e8re-La Bess\u00e9e \u2022 <strong>06 07 28 24 50<\/strong><\/li>\n<\/ul>\n\n\n\n<p>Tipp: Wenn Sie mit Ihrer Familie kommen, beginnen Sie mit einem <strong>gr\u00fcnen Klettersteig<\/strong> und fahren Sie dann mit der Seilrutsche weiter. Die Kleinsten kommen am Fels voran, w\u00e4hrend sich die Jugendlichen\/Erwachsenen auf den Riesenlinien vergn\u00fcgen.<\/p>\n<\/div><\/div>\n\n\n\n<div class=\"wp-block-ws-library-ws-column\"><div class=\"wrapper\">\n<div class=\"wp-block-ws-library-ws-image\"><div class=\"wrapper\"><div class=\"group-media\"><img decoding=\"async\" src=\"https:\/\/www.paysdesecrins.com\/wp-content\/uploads\/2025\/08\/local-velo-2024-087-427x640.jpg\" alt=\"\" class=\"single_image ws-image-75136\"><div class=\"credits\"><\/div><\/div><p class=\"caption\"><\/p><\/div><\/div>\n<\/div><\/div>\n<\/div>\n\n<div class=\"wp-block-ws-library-ws-share\"><span class=\"share-subtitle\">Hat Ihnen diese Seite gefallen?<\/span><span class=\"share-title\">Teilen Sie es!<\/span><button class=\"ws-share-button wp-element-button\">Diese Seite teilen<\/button><\/div>\n","protected":false},"excerpt":{"rendered":"<p>Egal, ob es darum geht, Schluchten mit einem Klettersteig zu durchqueren, sich auf den Seilrutschen eines Baumkletterparcours zu st\u00fcrzen oder [&hellip;]<\/p>\n","protected":false},"author":4,"featured_media":64740,"parent":44557,"menu_order":0,"comment_status":"closed","ping_status":"closed","template":"","meta":{"_thumbnail_id_2":0,"summer_excerpt":"","season":"","station":"","footnotes":""},"class_list":["post-64734","page","type-page","status-publish","has-post-thumbnail","hentry"],"yoast_head":"<!-- This site is optimized with the Yoast SEO plugin v27.3 - https:\/\/yoast.com\/product\/yoast-seo-wordpress\/ -->\n<title>Klettersteige, Baumklettern und Baumklettern - Pays des \u00c9crins - Office de Tourisme<\/title>\n<meta name=\"robots\" content=\"index, follow, max-snippet:-1, max-image-preview:large, max-video-preview:-1\" \/>\n<link rel=\"canonical\" href=\"https:\/\/www.paysdesecrins.com\/de\/meine-outdoor-aktivitaeten\/klettersteige-baumklettern-und-baumklettern\/\" \/>\n<meta property=\"og:locale\" content=\"de_DE\" \/>\n<meta property=\"og:type\" content=\"article\" \/>\n<meta property=\"og:title\" content=\"Klettersteige, Baumklettern und Baumklettern - Pays des \u00c9crins - Office de Tourisme\" \/>\n<meta property=\"og:description\" content=\"Egal, ob es darum geht, Schluchten mit einem Klettersteig zu durchqueren, sich auf den Seilrutschen eines Baumkletterparcours zu st\u00fcrzen oder [&hellip;]\" \/>\n<meta property=\"og:url\" content=\"https:\/\/www.paysdesecrins.com\/de\/meine-outdoor-aktivitaeten\/klettersteige-baumklettern-und-baumklettern\/\" \/>\n<meta property=\"og:site_name\" content=\"Pays des \u00c9crins - Office de Tourisme\" \/>\n<meta property=\"article:modified_time\" content=\"2025-08-13T16:12:38+00:00\" \/>\n<meta property=\"og:image\" content=\"https:\/\/www.paysdesecrins.com\/wp-content\/uploads\/2025\/08\/local-velo-2024-072-scaled.jpg\" \/>\n\t<meta property=\"og:image:width\" content=\"2560\" \/>\n\t<meta property=\"og:image:height\" content=\"1707\" \/>\n\t<meta property=\"og:image:type\" content=\"image\/jpeg\" \/>\n<meta name=\"twitter:card\" content=\"summary_large_image\" \/>\n<meta name=\"twitter:label1\" content=\"Gesch\u00e4tzte Lesezeit\" \/>\n\t<meta name=\"twitter:data1\" content=\"7 Minuten\" \/>\n<script type=\"application\/ld+json\" class=\"yoast-schema-graph\">{\"@context\":\"https:\\\/\\\/schema.org\",\"@graph\":[{\"@type\":\"WebPage\",\"@id\":\"https:\\\/\\\/www.paysdesecrins.com\\\/de\\\/meine-outdoor-aktivitaeten\\\/klettersteige-baumklettern-und-baumklettern\\\/\",\"url\":\"https:\\\/\\\/www.paysdesecrins.com\\\/de\\\/meine-outdoor-aktivitaeten\\\/klettersteige-baumklettern-und-baumklettern\\\/\",\"name\":\"Klettersteige, Baumklettern und Baumklettern - Pays des \u00c9crins - Office de Tourisme\",\"isPartOf\":{\"@id\":\"https:\\\/\\\/www.paysdesecrins.com\\\/de\\\/#website\"},\"primaryImageOfPage\":{\"@id\":\"https:\\\/\\\/www.paysdesecrins.com\\\/de\\\/meine-outdoor-aktivitaeten\\\/klettersteige-baumklettern-und-baumklettern\\\/#primaryimage\"},\"image\":{\"@id\":\"https:\\\/\\\/www.paysdesecrins.com\\\/de\\\/meine-outdoor-aktivitaeten\\\/klettersteige-baumklettern-und-baumklettern\\\/#primaryimage\"},\"thumbnailUrl\":\"https:\\\/\\\/www.paysdesecrins.com\\\/wp-content\\\/uploads\\\/2025\\\/08\\\/local-velo-2024-072-scaled.jpg\",\"datePublished\":\"2025-08-05T13:22:10+00:00\",\"dateModified\":\"2025-08-13T16:12:38+00:00\",\"breadcrumb\":{\"@id\":\"https:\\\/\\\/www.paysdesecrins.com\\\/de\\\/meine-outdoor-aktivitaeten\\\/klettersteige-baumklettern-und-baumklettern\\\/#breadcrumb\"},\"inLanguage\":\"de\",\"potentialAction\":[{\"@type\":\"ReadAction\",\"target\":[\"https:\\\/\\\/www.paysdesecrins.com\\\/de\\\/meine-outdoor-aktivitaeten\\\/klettersteige-baumklettern-und-baumklettern\\\/\"]}]},{\"@type\":\"ImageObject\",\"inLanguage\":\"de\",\"@id\":\"https:\\\/\\\/www.paysdesecrins.com\\\/de\\\/meine-outdoor-aktivitaeten\\\/klettersteige-baumklettern-und-baumklettern\\\/#primaryimage\",\"url\":\"https:\\\/\\\/www.paysdesecrins.com\\\/wp-content\\\/uploads\\\/2025\\\/08\\\/local-velo-2024-072-scaled.jpg\",\"contentUrl\":\"https:\\\/\\\/www.paysdesecrins.com\\\/wp-content\\\/uploads\\\/2025\\\/08\\\/local-velo-2024-072-scaled.jpg\",\"width\":2560,\"height\":1707},{\"@type\":\"BreadcrumbList\",\"@id\":\"https:\\\/\\\/www.paysdesecrins.com\\\/de\\\/meine-outdoor-aktivitaeten\\\/klettersteige-baumklettern-und-baumklettern\\\/#breadcrumb\",\"itemListElement\":[{\"@type\":\"ListItem\",\"position\":1,\"name\":\"Accueil\",\"item\":\"https:\\\/\\\/www.paysdesecrins.com\\\/de\\\/der-titel-des-hauses\\\/\"},{\"@type\":\"ListItem\",\"position\":2,\"name\":\"Meine Outdoor-Aktivit\u00e4ten\",\"item\":\"https:\\\/\\\/www.paysdesecrins.com\\\/de\\\/meine-outdoor-aktivitaeten\\\/\"},{\"@type\":\"ListItem\",\"position\":3,\"name\":\"Klettersteige, Baumklettern und Baumklettern\"}]},{\"@type\":\"WebSite\",\"@id\":\"https:\\\/\\\/www.paysdesecrins.com\\\/de\\\/#website\",\"url\":\"https:\\\/\\\/www.paysdesecrins.com\\\/de\\\/\",\"name\":\"Pays des \u00c9crins - Office de Tourisme\",\"description\":\"L&#039;esprit montagne\",\"publisher\":{\"@id\":\"https:\\\/\\\/www.paysdesecrins.com\\\/de\\\/#organization\"},\"potentialAction\":[{\"@type\":\"SearchAction\",\"target\":{\"@type\":\"EntryPoint\",\"urlTemplate\":\"https:\\\/\\\/www.paysdesecrins.com\\\/de\\\/?s={search_term_string}\"},\"query-input\":{\"@type\":\"PropertyValueSpecification\",\"valueRequired\":true,\"valueName\":\"search_term_string\"}}],\"inLanguage\":\"de\"},{\"@type\":\"Organization\",\"@id\":\"https:\\\/\\\/www.paysdesecrins.com\\\/de\\\/#organization\",\"name\":\"Pays des \u00c9crins - Office de Tourisme\",\"url\":\"https:\\\/\\\/www.paysdesecrins.com\\\/de\\\/\",\"logo\":{\"@type\":\"ImageObject\",\"inLanguage\":\"de\",\"@id\":\"https:\\\/\\\/www.paysdesecrins.com\\\/de\\\/#\\\/schema\\\/logo\\\/image\\\/\",\"url\":\"https:\\\/\\\/www.paysdesecrins.com\\\/wp-content\\\/uploads\\\/2025\\\/06\\\/devina-svg-1750845694.svg\",\"contentUrl\":\"https:\\\/\\\/www.paysdesecrins.com\\\/wp-content\\\/uploads\\\/2025\\\/06\\\/devina-svg-1750845694.svg\",\"caption\":\"Pays des \u00c9crins - Office de Tourisme\"},\"image\":{\"@id\":\"https:\\\/\\\/www.paysdesecrins.com\\\/de\\\/#\\\/schema\\\/logo\\\/image\\\/\"}}]}<\/script>\n<!-- \/ Yoast SEO plugin. -->","yoast_head_json":{"title":"Klettersteige, Baumklettern und Baumklettern - Pays des \u00c9crins - Office de Tourisme","robots":{"index":"index","follow":"follow","max-snippet":"max-snippet:-1","max-image-preview":"max-image-preview:large","max-video-preview":"max-video-preview:-1"},"canonical":"https:\/\/www.paysdesecrins.com\/de\/meine-outdoor-aktivitaeten\/klettersteige-baumklettern-und-baumklettern\/","og_locale":"de_DE","og_type":"article","og_title":"Klettersteige, Baumklettern und Baumklettern - Pays des \u00c9crins - Office de Tourisme","og_description":"Egal, ob es darum geht, Schluchten mit einem Klettersteig zu durchqueren, sich auf den Seilrutschen eines Baumkletterparcours zu st\u00fcrzen oder [&hellip;]","og_url":"https:\/\/www.paysdesecrins.com\/de\/meine-outdoor-aktivitaeten\/klettersteige-baumklettern-und-baumklettern\/","og_site_name":"Pays des \u00c9crins - Office de Tourisme","article_modified_time":"2025-08-13T16:12:38+00:00","og_image":[{"width":2560,"height":1707,"url":"https:\/\/www.paysdesecrins.com\/wp-content\/uploads\/2025\/08\/local-velo-2024-072-scaled.jpg","type":"image\/jpeg"}],"twitter_card":"summary_large_image","twitter_misc":{"Gesch\u00e4tzte Lesezeit":"7 Minuten"},"schema":{"@context":"https:\/\/schema.org","@graph":[{"@type":"WebPage","@id":"https:\/\/www.paysdesecrins.com\/de\/meine-outdoor-aktivitaeten\/klettersteige-baumklettern-und-baumklettern\/","url":"https:\/\/www.paysdesecrins.com\/de\/meine-outdoor-aktivitaeten\/klettersteige-baumklettern-und-baumklettern\/","name":"Klettersteige, Baumklettern und Baumklettern - Pays des \u00c9crins - Office de Tourisme","isPartOf":{"@id":"https:\/\/www.paysdesecrins.com\/de\/#website"},"primaryImageOfPage":{"@id":"https:\/\/www.paysdesecrins.com\/de\/meine-outdoor-aktivitaeten\/klettersteige-baumklettern-und-baumklettern\/#primaryimage"},"image":{"@id":"https:\/\/www.paysdesecrins.com\/de\/meine-outdoor-aktivitaeten\/klettersteige-baumklettern-und-baumklettern\/#primaryimage"},"thumbnailUrl":"https:\/\/www.paysdesecrins.com\/wp-content\/uploads\/2025\/08\/local-velo-2024-072-scaled.jpg","datePublished":"2025-08-05T13:22:10+00:00","dateModified":"2025-08-13T16:12:38+00:00","breadcrumb":{"@id":"https:\/\/www.paysdesecrins.com\/de\/meine-outdoor-aktivitaeten\/klettersteige-baumklettern-und-baumklettern\/#breadcrumb"},"inLanguage":"de","potentialAction":[{"@type":"ReadAction","target":["https:\/\/www.paysdesecrins.com\/de\/meine-outdoor-aktivitaeten\/klettersteige-baumklettern-und-baumklettern\/"]}]},{"@type":"ImageObject","inLanguage":"de","@id":"https:\/\/www.paysdesecrins.com\/de\/meine-outdoor-aktivitaeten\/klettersteige-baumklettern-und-baumklettern\/#primaryimage","url":"https:\/\/www.paysdesecrins.com\/wp-content\/uploads\/2025\/08\/local-velo-2024-072-scaled.jpg","contentUrl":"https:\/\/www.paysdesecrins.com\/wp-content\/uploads\/2025\/08\/local-velo-2024-072-scaled.jpg","width":2560,"height":1707},{"@type":"BreadcrumbList","@id":"https:\/\/www.paysdesecrins.com\/de\/meine-outdoor-aktivitaeten\/klettersteige-baumklettern-und-baumklettern\/#breadcrumb","itemListElement":[{"@type":"ListItem","position":1,"name":"Accueil","item":"https:\/\/www.paysdesecrins.com\/de\/der-titel-des-hauses\/"},{"@type":"ListItem","position":2,"name":"Meine Outdoor-Aktivit\u00e4ten","item":"https:\/\/www.paysdesecrins.com\/de\/meine-outdoor-aktivitaeten\/"},{"@type":"ListItem","position":3,"name":"Klettersteige, Baumklettern und Baumklettern"}]},{"@type":"WebSite","@id":"https:\/\/www.paysdesecrins.com\/de\/#website","url":"https:\/\/www.paysdesecrins.com\/de\/","name":"Pays des \u00c9crins - Office de Tourisme","description":"L&#039;esprit montagne","publisher":{"@id":"https:\/\/www.paysdesecrins.com\/de\/#organization"},"potentialAction":[{"@type":"SearchAction","target":{"@type":"EntryPoint","urlTemplate":"https:\/\/www.paysdesecrins.com\/de\/?s={search_term_string}"},"query-input":{"@type":"PropertyValueSpecification","valueRequired":true,"valueName":"search_term_string"}}],"inLanguage":"de"},{"@type":"Organization","@id":"https:\/\/www.paysdesecrins.com\/de\/#organization","name":"Pays des \u00c9crins - Office de Tourisme","url":"https:\/\/www.paysdesecrins.com\/de\/","logo":{"@type":"ImageObject","inLanguage":"de","@id":"https:\/\/www.paysdesecrins.com\/de\/#\/schema\/logo\/image\/","url":"https:\/\/www.paysdesecrins.com\/wp-content\/uploads\/2025\/06\/devina-svg-1750845694.svg","contentUrl":"https:\/\/www.paysdesecrins.com\/wp-content\/uploads\/2025\/06\/devina-svg-1750845694.svg","caption":"Pays des \u00c9crins - Office de Tourisme"},"image":{"@id":"https:\/\/www.paysdesecrins.com\/de\/#\/schema\/logo\/image\/"}}]}},"_links":{"self":[{"href":"https:\/\/www.paysdesecrins.com\/de\/wp-json\/wp\/v2\/pages\/64734","targetHints":{"allow":["GET"]}}],"collection":[{"href":"https:\/\/www.paysdesecrins.com\/de\/wp-json\/wp\/v2\/pages"}],"about":[{"href":"https:\/\/www.paysdesecrins.com\/de\/wp-json\/wp\/v2\/types\/page"}],"author":[{"embeddable":true,"href":"https:\/\/www.paysdesecrins.com\/de\/wp-json\/wp\/v2\/users\/4"}],"replies":[{"embeddable":true,"href":"https:\/\/www.paysdesecrins.com\/de\/wp-json\/wp\/v2\/comments?post=64734"}],"version-history":[{"count":2,"href":"https:\/\/www.paysdesecrins.com\/de\/wp-json\/wp\/v2\/pages\/64734\/revisions"}],"predecessor-version":[{"id":95438,"href":"https:\/\/www.paysdesecrins.com\/de\/wp-json\/wp\/v2\/pages\/64734\/revisions\/95438"}],"up":[{"embeddable":true,"href":"https:\/\/www.paysdesecrins.com\/de\/wp-json\/wp\/v2\/pages\/44557"}],"wp:featuredmedia":[{"embeddable":true,"href":"https:\/\/www.paysdesecrins.com\/de\/wp-json\/wp\/v2\/media\/64740"}],"wp:attachment":[{"href":"https:\/\/www.paysdesecrins.com\/de\/wp-json\/wp\/v2\/media?parent=64734"}],"curies":[{"name":"wp","href":"https:\/\/api.w.org\/{rel}","templated":true}]}}