{"id":72547,"date":"2025-08-08T10:10:51","date_gmt":"2025-08-08T08:10:51","guid":{"rendered":"https:\/\/www.paysdesecrins.com\/nah\/"},"modified":"2025-08-22T10:38:54","modified_gmt":"2025-08-22T08:38:54","slug":"nah","status":"publish","type":"page","link":"https:\/\/www.paysdesecrins.com\/de\/mein-wunsch\/entdeckung\/nah\/","title":{"rendered":"Nah"},"content":{"rendered":"    <div class=\"alignfull wp-block-ws-library-ws-header-interne\" data-season=\"summer\">\n\t    <div class=\"header-container\">\n\t        <div class=\"group-media has-image\">\n\t            \t                <img decoding=\"async\" src=\"https:\/\/www.paysdesecrins.com\/wp-content\/uploads\/2025\/08\/dsc04847-1920x800.jpg\" alt=\"\" class=\"image_large_square wp-image-72646\" \/>\n\t            \t        <\/div>\n\t        <div class=\"group-content\">\n\t            <div class=\"title\">\n\t                <h1>\n\t                    Nah\t                    \t                <\/h1>\n\t            <\/div>\n\t        <\/div>\n\t    <\/div>\n\t    \n<div class=\"yoast-breadcrumbs\"><span><span><a href=\"https:\/\/www.paysdesecrins.com\/de\/der-titel-des-hauses\/\">Accueil<\/a><\/span>  <span><a href=\"https:\/\/www.paysdesecrins.com\/de\/mein-wunsch\/\">Mein Wunsch,<\/a><\/span>  <span><a href=\"https:\/\/www.paysdesecrins.com\/de\/mein-wunsch\/entdeckung\/\">Mein Wunsch nach Entdeckung<\/a><\/span>  <span class=\"breadcrumb_last\" aria-current=\"page\">Nah<\/span><\/span><\/div>\n    <\/div>\n        <div class=\"alignfull wp-block-ws-library-ws-header-interne\" data-season=\"winter\">\n\t    <div class=\"header-container\">\n\t        <div class=\"group-media has-image\">\n\t            \t                <img loading=\"lazy\" decoding=\"async\" width=\"1920\" height=\"800\" src=\"https:\/\/www.paysdesecrins.com\/wp-content\/uploads\/2025\/08\/dsc04087-1920x800.jpg\" alt=\"\" class=\"image_large_square wp-image-72662\" \/>\n\t            \t        <\/div>\n\t        <div class=\"group-content\">\n\t            <div class=\"title\">\n\t                <h1>\n\t                    Nah\t                    \t                <\/h1>\n\t            <\/div>\n\t        <\/div>\n\t    <\/div>\n\t    \n<div class=\"yoast-breadcrumbs\"><span><span><a href=\"https:\/\/www.paysdesecrins.com\/de\/der-titel-des-hauses\/\">Accueil<\/a><\/span>  <span><a href=\"https:\/\/www.paysdesecrins.com\/de\/mein-wunsch\/\">Mein Wunsch,<\/a><\/span>  <span><a href=\"https:\/\/www.paysdesecrins.com\/de\/mein-wunsch\/entdeckung\/\">Mein Wunsch nach Entdeckung<\/a><\/span>  <span class=\"breadcrumb_last\" aria-current=\"page\">Nah<\/span><\/span><\/div>\n    <\/div>\n    \n<div class=\"wp-block-ws-library-ws-title aligncenter is-style-simple\"><h2><em>Ihr Kurzurlaub <\/em>Nur einen Steinwurf von den \u00c9crins entfernt<\/h2><\/div>\n\n<p class=\"has-text-align-center\" data-season=\"winter\">M\u00f6chten Sie die Freuden w\u00e4hrend Ihres Aufenthalts im Pays des \u00c9crins variieren? Weniger als eine Stunde entfernt gibt es andere T\u00e4ler, die Ihre Bergw\u00fcnsche perfekt erg\u00e4nzen: gro\u00dfe Fl\u00e4chen, hei\u00dfe B\u00e4der, D\u00f6rfer mit Charakter und h\u00fcbsche nordische Ausfl\u00fcge. <\/p>\n\n<p class=\"has-text-align-center\" data-season=\"summer\">Vom Pays des \u00c9crins aus k\u00f6nnen Sie die Tagesausfl\u00fcge vervielfachen: Schwimmen, Radfahren, Kulturerbe, M\u00e4rkte&#8230; Hier sind die Ziele in der N\u00e4he, die Sie entdecken k\u00f6nnen, wenn die Gipfel gr\u00fcn werden.<\/p>\n\n<div class=\"wp-block-ws-library-ws-columns alignwide has-2-columns are-vertically-aligned-center layout-5050 is-style-background\" data-season=\"winter\">\n<div class=\"wp-block-ws-library-ws-column\"><div class=\"wrapper\">\n<div class=\"wp-block-ws-library-ws-title\" data-season=\"winter\"><h2>Der Brian\u00e7onnais<\/h2><\/div>\n\n\n\n<p>Rund um Brian\u00e7on und Serre Chevalier gibt es gro\u00dfartige Skim\u00f6glichkeiten (80 Pisten, 60 Lifte) und Skifahren f\u00fcr alle Niveaus. Nach dem Tag begeben Sie sich zu den Grands Bains du Mon\u00eatier, um sich im warmen Wasser zu erholen, und spazieren Sie dann durch die Festungsstadt, die aufgrund ihrer Vauban-Festungen zum Weltkulturerbe geh\u00f6rt.   <\/p>\n\n\n\n<div class=\"wp-block-ws-library-ws-button has-text-align-left\"><a href=\"https:\/\/www.serre-chevalier.com\" class=\"wp-block-button__link wp-element-button btn\">  Mehr erfahren +<\/a><\/div>\n<\/div><\/div>\n\n\n\n<div class=\"wp-block-ws-library-ws-column\"><div class=\"wrapper\">\n<div class=\"wp-block-ws-library-ws-image\"><div class=\"wrapper\"><div class=\"group-media\"><img decoding=\"async\" src=\"https:\/\/www.paysdesecrins.com\/wp-content\/uploads\/2025\/08\/dsc04087-960x640.jpg\" alt=\"\" class=\"single_image ws-image-72662\"><div class=\"credits\"><\/div><\/div><p class=\"caption\"><\/p><\/div><\/div>\n<\/div><\/div>\n<\/div>\n\n<div class=\"wp-block-ws-library-ws-columns alignwide has-2-columns are-vertically-aligned-center layout-5050 is-style-background\" data-season=\"summer\">\n<div class=\"wp-block-ws-library-ws-column\"><div class=\"wrapper\">\n<div class=\"wp-block-ws-library-ws-title\"><h2>Der Brian\u00e7onnais<\/h2><\/div>\n\n\n\n<p>Mythische Bergp\u00e4sse mit dem Fahrrad, Klettersteige, gro\u00dfe Kletterfelsen und historische Stra\u00dfen: Das Brian\u00e7onnais erf\u00fcllt alle Kriterien f\u00fcr einen aktiven Sommer. Die Stadtmauern und Werke von Vauban verleihen dem Besuch einen zus\u00e4tzlichen Charakter. <\/p>\n\n\n\n<div class=\"wp-block-ws-library-ws-button has-text-align-left\"><a href=\"https:\/\/www.serre-chevalier.com\" class=\"wp-block-button__link wp-element-button btn\">  Mehr erfahren +<\/a><\/div>\n<\/div><\/div>\n\n\n\n<div class=\"wp-block-ws-library-ws-column\"><div class=\"wrapper\">\n<div class=\"wp-block-ws-library-ws-image\"><div class=\"wrapper\"><div class=\"group-media\"><img decoding=\"async\" src=\"https:\/\/www.paysdesecrins.com\/wp-content\/uploads\/2025\/08\/dsc04860-960x640.jpg\" alt=\"\" class=\"single_image ws-image-72672\"><div class=\"credits\"><\/div><\/div><p class=\"caption\"><\/p><\/div><\/div>\n<\/div><\/div>\n<\/div>\n\n<div class=\"wp-block-ws-library-ws-columns alignwide has-2-columns are-vertically-aligned-center layout-5050\" data-season=\"winter\">\n<div class=\"wp-block-ws-library-ws-column\"><div class=\"wrapper\">\n<div class=\"wp-block-ws-library-ws-image\"><div class=\"wrapper\"><div class=\"group-media\"><img decoding=\"async\" src=\"https:\/\/www.paysdesecrins.com\/wp-content\/uploads\/2025\/08\/nsplsh-7236544c524459344c6c30mv2-d-5616-3744-s-4-2jpg.avif\" alt=\"\" class=\"single_image ws-image-72702\"><div class=\"credits\"><\/div><\/div><p class=\"caption\"><\/p><\/div><\/div>\n<\/div><\/div>\n\n\n\n<div class=\"wp-block-ws-library-ws-column\"><div class=\"wrapper\">\n<div class=\"wp-block-ws-library-ws-title\"><h2>Die Queyras<\/h2><\/div>\n\n\n\n<p>Mit seiner nat\u00fcrlichen Atmosph\u00e4re und Bergd\u00f6rfern, kleinen Familienresorts und einem gro\u00dfen nordischen Gebiet (ca. 200 km Langlaufloipen): Die Queyras ist ein ideales Terrain zum Langlaufen, Schneeschuhwandern und Skitourengehen. Die Abschnitte Molines\u2013Saint-V\u00e9ran, Ceillac, Arvieux oder Abri\u00e8s-Ristolas bieten vielf\u00e4ltige Profile, weit weg von den Menschenmassen. <\/p>\n\n\n\n<div class=\"wp-block-ws-library-ws-button has-text-align-left\"><a href=\"https:\/\/lequeyras.com\" class=\"wp-block-button__link wp-element-button btn\">  Mehr erfahren +<\/a><\/div>\n<\/div><\/div>\n<\/div>\n\n<div class=\"wp-block-ws-library-ws-columns alignwide has-2-columns are-vertically-aligned-center layout-5050\" data-season=\"summer\">\n<div class=\"wp-block-ws-library-ws-column\"><div class=\"wrapper\">\n<div class=\"wp-block-ws-library-ws-image\"><div class=\"wrapper\"><div class=\"group-media\"><img decoding=\"async\" src=\"https:\/\/www.paysdesecrins.com\/wp-content\/uploads\/2025\/08\/20160524-dsc09806-960x640.jpg\" alt=\"\" class=\"single_image ws-image-72697\"><div class=\"credits\"><\/div><\/div><p class=\"caption\"><\/p><\/div><\/div>\n<\/div><\/div>\n\n\n\n<div class=\"wp-block-ws-library-ws-column\"><div class=\"wrapper\">\n<div class=\"wp-block-ws-library-ws-title\"><h2>Die Queyras<\/h2><\/div>\n\n\n\n<p>Eine tolle Sommerwanderung: Hochgebirgsseen, Almen, D\u00f6rfer mit Charakter und Handwerk. Die Tour du Queyras (GR 58) und die Abschnitte Molines\u2013Saint-V\u00e9ran, Ceillac oder Abri\u00e8s bieten Strecken aller Schwierigkeitsgrade und sehr offene Panoramen. <\/p>\n\n\n\n<div class=\"wp-block-ws-library-ws-button has-text-align-left\"><a href=\"https:\/\/lequeyras.com\" class=\"wp-block-button__link wp-element-button btn\">  Mehr erfahren +<\/a><\/div>\n<\/div><\/div>\n<\/div>\n\n<div class=\"wp-block-ws-library-ws-columns alignwide has-2-columns are-vertically-aligned-center layout-5050 is-style-background\" data-season=\"winter\">\n<div class=\"wp-block-ws-library-ws-column\"><div class=\"wrapper\">\n<div class=\"wp-block-ws-library-ws-title\"><h2>Das Embrunais<\/h2><\/div>\n\n\n\n<p>Machen Sie sich auf den Weg nach Serre-Pon\u00e7on f\u00fcr ein sonniges Intermezzo: Winterwanderungen rund um den Embrun-See, Ausblicke auf den See und ein &#8222;sanfteres&#8220; Programm zwischen zwei Tagen in der H\u00f6he. In der Umgebung von Embrun konzentrieren sich Dienstleistungen und Aktivit\u00e4ten, die f\u00fcr Familien geeignet sind. <\/p>\n\n\n\n<div class=\"wp-block-ws-library-ws-button has-text-align-left\"><a href=\"https:\/\/www.serreponcon.com\" class=\"wp-block-button__link wp-element-button btn\">  Mehr erfahren +<\/a><\/div>\n<\/div><\/div>\n\n\n\n<div class=\"wp-block-ws-library-ws-column\"><div class=\"wrapper\">\n<div class=\"wp-block-ws-library-ws-image\"><div class=\"wrapper\"><div class=\"group-media\"><img decoding=\"async\" src=\"https:\/\/www.paysdesecrins.com\/wp-content\/uploads\/2025\/08\/051223110026-remi-morel-ot-serre-poncon-1600x900-1-960x640.jpg\" alt=\"\" class=\"single_image ws-image-72677\"><div class=\"credits\"><\/div><\/div><p class=\"caption\"><\/p><\/div><\/div>\n<\/div><\/div>\n<\/div>\n\n<div class=\"wp-block-ws-library-ws-columns alignwide has-2-columns are-vertically-aligned-center layout-5050 is-style-background\" data-season=\"summer\">\n<div class=\"wp-block-ws-library-ws-column\"><div class=\"wrapper\">\n<div class=\"wp-block-ws-library-ws-title\"><h2>Das Embrunais<\/h2><\/div>\n\n\n\n<p>Auf der Seite von Serre-Pon\u00e7on gibt es Platz zum Schwimmen und f\u00fcr Wassersport: Paddeln, Segeln, Kajakfahren&#8230; Der See von Embrun und die Str\u00e4nde des Sees konzentrieren sich auf nautische St\u00fctzpunkte und \u00fcberwachte Bereiche, wobei die Altstadt von Embrun f\u00fcr den Besuch mit Sandalen erreichbar ist.  <\/p>\n\n\n\n<div class=\"wp-block-ws-library-ws-button has-text-align-left\"><a href=\"https:\/\/www.serreponcon.com\" class=\"wp-block-button__link wp-element-button btn\">  Mehr erfahren +<\/a><\/div>\n<\/div><\/div>\n\n\n\n<div class=\"wp-block-ws-library-ws-column\"><div class=\"wrapper\">\n<div class=\"wp-block-ws-library-ws-image\"><div class=\"wrapper\"><div class=\"group-media\"><img decoding=\"async\" src=\"https:\/\/www.paysdesecrins.com\/wp-content\/uploads\/2025\/08\/dsc07681-960x640.jpg\" alt=\"\" class=\"single_image ws-image-72682\"><div class=\"credits\"><\/div><\/div><p class=\"caption\"><\/p><\/div><\/div>\n<\/div><\/div>\n<\/div>\n\n<div class=\"wp-block-ws-library-ws-columns alignwide has-2-columns are-vertically-aligned-center layout-5050\" data-season=\"winter\">\n<div class=\"wp-block-ws-library-ws-column\"><div class=\"wrapper\">\n<div class=\"wp-block-ws-library-ws-image\"><div class=\"wrapper\"><div class=\"group-media\"><img decoding=\"async\" src=\"https:\/\/www.paysdesecrins.com\/wp-content\/uploads\/2025\/08\/422-montgenvre1290-960x640.jpg\" alt=\"\" class=\"single_image ws-image-72652\"><div class=\"credits\">SONY DSC<\/div><\/div><p class=\"caption\"><\/p><\/div><\/div>\n<\/div><\/div>\n\n\n\n<div class=\"wp-block-ws-library-ws-column\"><div class=\"wrapper\">\n<div class=\"wp-block-ws-library-ws-title\"><h2>Italien und Montgen\u00e8vre<\/h2><\/div>\n\n\n\n<p>An der Grenze bietet Montgen\u00e8vre Zugang zu den breiten H\u00e4ngen der franz\u00f6sisch-italienischen Dom\u00e4ne, die mit der Vialattea (in Richtung Clavi\u00e8re, Sestriere&#8230;) verbunden sind. Ein Tag Skifahren und Pasta ist nur wenige Meter entfernt, mit dem Charme der piemontesischen D\u00f6rfer auf der anderen Seite. <\/p>\n\n\n\n<div class=\"wp-block-ws-library-ws-button has-text-align-left\"><a href=\"https:\/\/montgenevre.com\" class=\"wp-block-button__link wp-element-button btn\">  Mehr erfahren +<\/a><\/div>\n<\/div><\/div>\n<\/div>\n\n<div class=\"wp-block-ws-library-ws-columns alignwide has-2-columns are-vertically-aligned-center layout-5050\" data-season=\"summer\">\n<div class=\"wp-block-ws-library-ws-column\"><div class=\"wrapper\">\n<div class=\"wp-block-ws-library-ws-image\"><div class=\"wrapper\"><div class=\"group-media\"><img decoding=\"async\" src=\"https:\/\/www.paysdesecrins.com\/wp-content\/uploads\/2025\/08\/dji-0104-960x640.jpg\" alt=\"\" class=\"single_image ws-image-72657\"><div class=\"credits\">Vorgabe<\/div><\/div><p class=\"caption\"><\/p><\/div><\/div>\n<\/div><\/div>\n\n\n\n<div class=\"wp-block-ws-library-ws-column\"><div class=\"wrapper\">\n<div class=\"wp-block-ws-library-ws-title\"><h2>Italien und Montgen\u00e8vre<\/h2><\/div>\n\n\n\n<p>Der Sommer in Montgen\u00e8vre besteht aus Mountainbiken im Bikepark, Wandern und lustigen Aktivit\u00e4ten f\u00fcr alle. Bonusbonus: Sie k\u00f6nnen die Grenze mit dem Fahrrad oder zu Fu\u00df \u00fcberqueren, um in Italien einen Kaffee zu trinken, Clavi\u00e8re ist gleich gegen\u00fcber.   <\/p>\n\n\n\n<div class=\"wp-block-ws-library-ws-button has-text-align-left\"><a href=\"https:\/\/montgenevre.com\" class=\"wp-block-button__link wp-element-button btn\">  Mehr erfahren +<\/a><\/div>\n<\/div><\/div>\n<\/div>\n\n<div class=\"wp-block-ws-library-ws-columns alignwide has-2-columns are-vertically-aligned-center layout-5050 is-style-background\" data-season=\"winter\">\n<div class=\"wp-block-ws-library-ws-column\"><div class=\"wrapper\">\n<div class=\"wp-block-ws-library-ws-title\"><h2>Le Champsaur\u2013Valgaudemar<\/h2><\/div>\n\n\n\n<p>Besuchen Sie die \u00fcberschaubaren Resorts (Ancelle, Chaillol, Saint-L\u00e9ger-les-M\u00e9l\u00e8zes, Laye, Serre-Eyraud, Orci\u00e8res) und die wundersch\u00f6nen nordischen Routen des Tals. Langlaufen, Schneeschuhwandern, Hundeschlittenfahren, f\u00fcr die Motivierten Eisklettern oder betreutes Wandern. Der Champsaur-Valgaudemar besteht aus mehr Spuren im Schnee als Minuten in der Warteschlange.    <\/p>\n\n\n\n<div class=\"wp-block-ws-library-ws-button has-text-align-left\"><a href=\"https:\/\/www.champsaur-valgaudemar.com\" class=\"wp-block-button__link wp-element-button btn\">  Mehr erfahren +<\/a><\/div>\n<\/div><\/div>\n\n\n\n<div class=\"wp-block-ws-library-ws-column\"><div class=\"wrapper\">\n<div class=\"wp-block-ws-library-ws-image\"><div class=\"wrapper\"><div class=\"group-media\"><img decoding=\"async\" src=\"https:\/\/www.paysdesecrins.com\/wp-content\/uploads\/2025\/08\/gt-la-chapelle-en-valgaudemar-hiver-9-1920x960-1-960x640.webp\" alt=\"\" class=\"single_image ws-image-105035\"><div class=\"credits\"><\/div><\/div><p class=\"caption\"><\/p><\/div><\/div>\n<\/div><\/div>\n<\/div>\n\n<div class=\"wp-block-ws-library-ws-columns alignwide has-2-columns are-vertically-aligned-center layout-5050 is-style-background\" data-season=\"summer\">\n<div class=\"wp-block-ws-library-ws-column\"><div class=\"wrapper\">\n<div class=\"wp-block-ws-library-ws-title\"><h2>Le Champsaur\u2013Valgaudemar<\/h2><\/div>\n\n\n\n<p>Der Champsaur-Valgaudemar vereint Wiesen und direkten Zugang zum Hochgebirge. Im Sommer folgen wir der Route des Cascades bis zum Gioberney, wir steigen zum Lauzon-See (2.000 m\u2248 hinauf), um die Aussicht zu bewundern, dann gehen wir wieder hinunter, um die Tourtons zu probieren, eine Spezialit\u00e4t des Territoriums. Ein zug\u00e4ngliches Gebiet mit wirklich tollen Landschaften.  <\/p>\n\n\n\n<div class=\"wp-block-ws-library-ws-button has-text-align-left\"><a href=\"https:\/\/www.champsaur-valgaudemar.com\" class=\"wp-block-button__link wp-element-button btn\">  Mehr erfahren +<\/a><\/div>\n<\/div><\/div>\n\n\n\n<div class=\"wp-block-ws-library-ws-column\"><div class=\"wrapper\">\n<div class=\"wp-block-ws-library-ws-image\"><div class=\"wrapper\"><div class=\"group-media\"><img decoding=\"async\" src=\"https:\/\/www.paysdesecrins.com\/wp-content\/uploads\/2025\/08\/gg-petarel-bd-12-1920x960-1-960x640.jpg\" alt=\"\" class=\"single_image ws-image-105030\"><div class=\"credits\"><\/div><\/div><p class=\"caption\"><\/p><\/div><\/div>\n<\/div><\/div>\n<\/div>\n\n<div class=\"wp-block-ws-library-ws-columns alignwide has-2-columns are-vertically-aligned-center layout-5050 is-style-default\" data-season=\"winter\">\n<div class=\"wp-block-ws-library-ws-column\"><div class=\"wrapper\">\n<div class=\"wp-block-ws-library-ws-image\"><div class=\"wrapper\"><div class=\"group-media\"><img decoding=\"async\" src=\"https:\/\/www.paysdesecrins.com\/wp-content\/uploads\/2025\/08\/gap-tallard-960x630.jpg\" alt=\"\" class=\"single_image ws-image-72692\"><div class=\"credits\">Hautes-Alpes, 05, ville de Gap, capitale du d\u00e9partement des Hautes-Alpes.\/\/ Hautes-Alpes, 05, Gap ist eine Gemeinde im S\u00fcdosten Frankreichs, die Hauptstadt des D\u00e9partements Hautes-Alpes<\/div><\/div><p class=\"caption\"><\/p><\/div><\/div>\n<\/div><\/div>\n\n\n\n<div class=\"wp-block-ws-library-ws-column\"><div class=\"wrapper\">\n<div class=\"wp-block-ws-library-ws-title\"><h2>L\u00fccke<\/h2><\/div>\n\n\n\n<p>Auf der Suche nach einer Auszeit in der Stadt und nordischen Aktivit\u00e4ten? Auf nach Gap: Bummeln, Museen und Restaurants, dann Langlaufen auf dem Bayard-Plateau (ca. 50 km Pisten), nur einen Steinwurf von der Stadt entfernt. Unterwegs bietet die Domaine de Charance auch im Winter einen sch\u00f6nen Blick auf das Tal.  <\/p>\n\n\n\n<div class=\"wp-block-ws-library-ws-button has-text-align-left\"><a href=\"https:\/\/www.terresdegap.fr\" class=\"wp-block-button__link wp-element-button btn\">  Mehr erfahren +<\/a><\/div>\n<\/div><\/div>\n<\/div>\n\n<div class=\"wp-block-ws-library-ws-columns alignwide has-2-columns are-vertically-aligned-center layout-5050 is-style-default\" data-season=\"summer\">\n<div class=\"wp-block-ws-library-ws-column\"><div class=\"wrapper\">\n<div class=\"wp-block-ws-library-ws-image\"><div class=\"wrapper\"><div class=\"group-media\"><img decoding=\"async\" src=\"https:\/\/www.paysdesecrins.com\/wp-content\/uploads\/2025\/08\/gap-vue-den-haut-cropped-960x640.jpg\" alt=\"\" class=\"single_image ws-image-72687\"><div class=\"credits\"><\/div><\/div><p class=\"caption\"><\/p><\/div><\/div>\n<\/div><\/div>\n\n\n\n<div class=\"wp-block-ws-library-ws-column\"><div class=\"wrapper\">\n<div class=\"wp-block-ws-library-ws-title\"><h2>L\u00fccke<\/h2><\/div>\n\n\n\n<p>Gr\u00fcne und lebendige Stadt: Parks, Museen, Terrassen und Veranstaltungen pr\u00e4gen die Saison. In der N\u00e4he k\u00f6nnen Sie die Domaine de Charance (Sitz des Nationalparks \u00c9crins) und ihre Panoramawege sowie die Hochebene von Bayard (Golf im Sommer) an der frischen Luft schnappen, ohne weit weg zu gehen.   <\/p>\n\n\n\n<div class=\"wp-block-ws-library-ws-button has-text-align-left\"><a href=\"https:\/\/www.terresdegap.fr\" class=\"wp-block-button__link wp-element-button btn\">  Mehr erfahren +<\/a><\/div>\n<\/div><\/div>\n<\/div>\n\n<div class=\"wp-block-ws-library-ws-share\"><span class=\"share-subtitle\">Hat Ihnen diese Seite gefallen?<\/span><span class=\"share-title\">Teilen Sie es!<\/span><button class=\"ws-share-button wp-element-button\">Diese Seite teilen<\/button><\/div>\n","protected":false},"excerpt":{"rendered":"<p>M\u00f6chten Sie die Freuden w\u00e4hrend Ihres Aufenthalts im Pays des \u00c9crins variieren? Weniger als eine Stunde entfernt gibt es andere [&hellip;]<\/p>\n","protected":false},"author":4,"featured_media":72705,"parent":44566,"menu_order":0,"comment_status":"closed","ping_status":"closed","template":"","meta":{"_thumbnail_id_2":72672,"summer_excerpt":"","season":"","station":"","footnotes":""},"class_list":["post-72547","page","type-page","status-publish","has-post-thumbnail","hentry"],"yoast_head":"<!-- This site is optimized with the Yoast SEO plugin v27.3 - https:\/\/yoast.com\/product\/yoast-seo-wordpress\/ -->\n<title>Nah - Pays des \u00c9crins - Office de Tourisme<\/title>\n<meta name=\"robots\" content=\"index, follow, max-snippet:-1, max-image-preview:large, max-video-preview:-1\" \/>\n<link rel=\"canonical\" href=\"https:\/\/www.paysdesecrins.com\/de\/mein-wunsch\/entdeckung\/nah\/\" \/>\n<meta property=\"og:locale\" content=\"de_DE\" \/>\n<meta property=\"og:type\" content=\"article\" \/>\n<meta property=\"og:title\" content=\"Nah - Pays des \u00c9crins - Office de Tourisme\" \/>\n<meta property=\"og:description\" content=\"M\u00f6chten Sie die Freuden w\u00e4hrend Ihres Aufenthalts im Pays des \u00c9crins variieren? Weniger als eine Stunde entfernt gibt es andere [&hellip;]\" \/>\n<meta property=\"og:url\" content=\"https:\/\/www.paysdesecrins.com\/de\/mein-wunsch\/entdeckung\/nah\/\" \/>\n<meta property=\"og:site_name\" content=\"Pays des \u00c9crins - Office de Tourisme\" \/>\n<meta property=\"article:modified_time\" content=\"2025-08-22T08:38:54+00:00\" \/>\n<meta name=\"twitter:card\" content=\"summary_large_image\" \/>\n<meta name=\"twitter:label1\" content=\"Gesch\u00e4tzte Lesezeit\" \/>\n\t<meta name=\"twitter:data1\" content=\"4 Minuten\" \/>\n<script type=\"application\/ld+json\" class=\"yoast-schema-graph\">{\"@context\":\"https:\\\/\\\/schema.org\",\"@graph\":[{\"@type\":\"WebPage\",\"@id\":\"https:\\\/\\\/www.paysdesecrins.com\\\/de\\\/mein-wunsch\\\/entdeckung\\\/nah\\\/\",\"url\":\"https:\\\/\\\/www.paysdesecrins.com\\\/de\\\/mein-wunsch\\\/entdeckung\\\/nah\\\/\",\"name\":\"Nah - Pays des \u00c9crins - Office de Tourisme\",\"isPartOf\":{\"@id\":\"https:\\\/\\\/www.paysdesecrins.com\\\/de\\\/#website\"},\"primaryImageOfPage\":{\"@id\":\"https:\\\/\\\/www.paysdesecrins.com\\\/de\\\/mein-wunsch\\\/entdeckung\\\/nah\\\/#primaryimage\"},\"image\":{\"@id\":\"https:\\\/\\\/www.paysdesecrins.com\\\/de\\\/mein-wunsch\\\/entdeckung\\\/nah\\\/#primaryimage\"},\"thumbnailUrl\":\"https:\\\/\\\/www.paysdesecrins.com\\\/wp-content\\\/uploads\\\/2025\\\/08\\\/nsplsh-7236544c524459344c6c30mv2-d-5616-3744-s-4-2jpg.avif\",\"datePublished\":\"2025-08-08T08:10:51+00:00\",\"dateModified\":\"2025-08-22T08:38:54+00:00\",\"breadcrumb\":{\"@id\":\"https:\\\/\\\/www.paysdesecrins.com\\\/de\\\/mein-wunsch\\\/entdeckung\\\/nah\\\/#breadcrumb\"},\"inLanguage\":\"de\",\"potentialAction\":[{\"@type\":\"ReadAction\",\"target\":[\"https:\\\/\\\/www.paysdesecrins.com\\\/de\\\/mein-wunsch\\\/entdeckung\\\/nah\\\/\"]}]},{\"@type\":\"ImageObject\",\"inLanguage\":\"de\",\"@id\":\"https:\\\/\\\/www.paysdesecrins.com\\\/de\\\/mein-wunsch\\\/entdeckung\\\/nah\\\/#primaryimage\",\"url\":\"https:\\\/\\\/www.paysdesecrins.com\\\/wp-content\\\/uploads\\\/2025\\\/08\\\/nsplsh-7236544c524459344c6c30mv2-d-5616-3744-s-4-2jpg.avif\",\"contentUrl\":\"https:\\\/\\\/www.paysdesecrins.com\\\/wp-content\\\/uploads\\\/2025\\\/08\\\/nsplsh-7236544c524459344c6c30mv2-d-5616-3744-s-4-2jpg.avif\",\"width\":568,\"height\":378},{\"@type\":\"BreadcrumbList\",\"@id\":\"https:\\\/\\\/www.paysdesecrins.com\\\/de\\\/mein-wunsch\\\/entdeckung\\\/nah\\\/#breadcrumb\",\"itemListElement\":[{\"@type\":\"ListItem\",\"position\":1,\"name\":\"Accueil\",\"item\":\"https:\\\/\\\/www.paysdesecrins.com\\\/de\\\/der-titel-des-hauses\\\/\"},{\"@type\":\"ListItem\",\"position\":2,\"name\":\"Mein Wunsch,\",\"item\":\"https:\\\/\\\/www.paysdesecrins.com\\\/de\\\/mein-wunsch\\\/\"},{\"@type\":\"ListItem\",\"position\":3,\"name\":\"Mein Wunsch nach Entdeckung\",\"item\":\"https:\\\/\\\/www.paysdesecrins.com\\\/de\\\/mein-wunsch\\\/entdeckung\\\/\"},{\"@type\":\"ListItem\",\"position\":4,\"name\":\"Nah\"}]},{\"@type\":\"WebSite\",\"@id\":\"https:\\\/\\\/www.paysdesecrins.com\\\/de\\\/#website\",\"url\":\"https:\\\/\\\/www.paysdesecrins.com\\\/de\\\/\",\"name\":\"Pays des \u00c9crins - Office de Tourisme\",\"description\":\"L&#039;esprit montagne\",\"publisher\":{\"@id\":\"https:\\\/\\\/www.paysdesecrins.com\\\/de\\\/#organization\"},\"potentialAction\":[{\"@type\":\"SearchAction\",\"target\":{\"@type\":\"EntryPoint\",\"urlTemplate\":\"https:\\\/\\\/www.paysdesecrins.com\\\/de\\\/?s={search_term_string}\"},\"query-input\":{\"@type\":\"PropertyValueSpecification\",\"valueRequired\":true,\"valueName\":\"search_term_string\"}}],\"inLanguage\":\"de\"},{\"@type\":\"Organization\",\"@id\":\"https:\\\/\\\/www.paysdesecrins.com\\\/de\\\/#organization\",\"name\":\"Pays des \u00c9crins - Office de Tourisme\",\"url\":\"https:\\\/\\\/www.paysdesecrins.com\\\/de\\\/\",\"logo\":{\"@type\":\"ImageObject\",\"inLanguage\":\"de\",\"@id\":\"https:\\\/\\\/www.paysdesecrins.com\\\/de\\\/#\\\/schema\\\/logo\\\/image\\\/\",\"url\":\"https:\\\/\\\/www.paysdesecrins.com\\\/wp-content\\\/uploads\\\/2025\\\/06\\\/devina-svg-1750845694.svg\",\"contentUrl\":\"https:\\\/\\\/www.paysdesecrins.com\\\/wp-content\\\/uploads\\\/2025\\\/06\\\/devina-svg-1750845694.svg\",\"caption\":\"Pays des \u00c9crins - Office de Tourisme\"},\"image\":{\"@id\":\"https:\\\/\\\/www.paysdesecrins.com\\\/de\\\/#\\\/schema\\\/logo\\\/image\\\/\"}}]}<\/script>\n<!-- \/ Yoast SEO plugin. -->","yoast_head_json":{"title":"Nah - Pays des \u00c9crins - Office de Tourisme","robots":{"index":"index","follow":"follow","max-snippet":"max-snippet:-1","max-image-preview":"max-image-preview:large","max-video-preview":"max-video-preview:-1"},"canonical":"https:\/\/www.paysdesecrins.com\/de\/mein-wunsch\/entdeckung\/nah\/","og_locale":"de_DE","og_type":"article","og_title":"Nah - Pays des \u00c9crins - Office de Tourisme","og_description":"M\u00f6chten Sie die Freuden w\u00e4hrend Ihres Aufenthalts im Pays des \u00c9crins variieren? Weniger als eine Stunde entfernt gibt es andere [&hellip;]","og_url":"https:\/\/www.paysdesecrins.com\/de\/mein-wunsch\/entdeckung\/nah\/","og_site_name":"Pays des \u00c9crins - Office de Tourisme","article_modified_time":"2025-08-22T08:38:54+00:00","twitter_card":"summary_large_image","twitter_misc":{"Gesch\u00e4tzte Lesezeit":"4 Minuten"},"schema":{"@context":"https:\/\/schema.org","@graph":[{"@type":"WebPage","@id":"https:\/\/www.paysdesecrins.com\/de\/mein-wunsch\/entdeckung\/nah\/","url":"https:\/\/www.paysdesecrins.com\/de\/mein-wunsch\/entdeckung\/nah\/","name":"Nah - Pays des \u00c9crins - Office de Tourisme","isPartOf":{"@id":"https:\/\/www.paysdesecrins.com\/de\/#website"},"primaryImageOfPage":{"@id":"https:\/\/www.paysdesecrins.com\/de\/mein-wunsch\/entdeckung\/nah\/#primaryimage"},"image":{"@id":"https:\/\/www.paysdesecrins.com\/de\/mein-wunsch\/entdeckung\/nah\/#primaryimage"},"thumbnailUrl":"https:\/\/www.paysdesecrins.com\/wp-content\/uploads\/2025\/08\/nsplsh-7236544c524459344c6c30mv2-d-5616-3744-s-4-2jpg.avif","datePublished":"2025-08-08T08:10:51+00:00","dateModified":"2025-08-22T08:38:54+00:00","breadcrumb":{"@id":"https:\/\/www.paysdesecrins.com\/de\/mein-wunsch\/entdeckung\/nah\/#breadcrumb"},"inLanguage":"de","potentialAction":[{"@type":"ReadAction","target":["https:\/\/www.paysdesecrins.com\/de\/mein-wunsch\/entdeckung\/nah\/"]}]},{"@type":"ImageObject","inLanguage":"de","@id":"https:\/\/www.paysdesecrins.com\/de\/mein-wunsch\/entdeckung\/nah\/#primaryimage","url":"https:\/\/www.paysdesecrins.com\/wp-content\/uploads\/2025\/08\/nsplsh-7236544c524459344c6c30mv2-d-5616-3744-s-4-2jpg.avif","contentUrl":"https:\/\/www.paysdesecrins.com\/wp-content\/uploads\/2025\/08\/nsplsh-7236544c524459344c6c30mv2-d-5616-3744-s-4-2jpg.avif","width":568,"height":378},{"@type":"BreadcrumbList","@id":"https:\/\/www.paysdesecrins.com\/de\/mein-wunsch\/entdeckung\/nah\/#breadcrumb","itemListElement":[{"@type":"ListItem","position":1,"name":"Accueil","item":"https:\/\/www.paysdesecrins.com\/de\/der-titel-des-hauses\/"},{"@type":"ListItem","position":2,"name":"Mein Wunsch,","item":"https:\/\/www.paysdesecrins.com\/de\/mein-wunsch\/"},{"@type":"ListItem","position":3,"name":"Mein Wunsch nach Entdeckung","item":"https:\/\/www.paysdesecrins.com\/de\/mein-wunsch\/entdeckung\/"},{"@type":"ListItem","position":4,"name":"Nah"}]},{"@type":"WebSite","@id":"https:\/\/www.paysdesecrins.com\/de\/#website","url":"https:\/\/www.paysdesecrins.com\/de\/","name":"Pays des \u00c9crins - Office de Tourisme","description":"L&#039;esprit montagne","publisher":{"@id":"https:\/\/www.paysdesecrins.com\/de\/#organization"},"potentialAction":[{"@type":"SearchAction","target":{"@type":"EntryPoint","urlTemplate":"https:\/\/www.paysdesecrins.com\/de\/?s={search_term_string}"},"query-input":{"@type":"PropertyValueSpecification","valueRequired":true,"valueName":"search_term_string"}}],"inLanguage":"de"},{"@type":"Organization","@id":"https:\/\/www.paysdesecrins.com\/de\/#organization","name":"Pays des \u00c9crins - Office de Tourisme","url":"https:\/\/www.paysdesecrins.com\/de\/","logo":{"@type":"ImageObject","inLanguage":"de","@id":"https:\/\/www.paysdesecrins.com\/de\/#\/schema\/logo\/image\/","url":"https:\/\/www.paysdesecrins.com\/wp-content\/uploads\/2025\/06\/devina-svg-1750845694.svg","contentUrl":"https:\/\/www.paysdesecrins.com\/wp-content\/uploads\/2025\/06\/devina-svg-1750845694.svg","caption":"Pays des \u00c9crins - Office de Tourisme"},"image":{"@id":"https:\/\/www.paysdesecrins.com\/de\/#\/schema\/logo\/image\/"}}]}},"_links":{"self":[{"href":"https:\/\/www.paysdesecrins.com\/de\/wp-json\/wp\/v2\/pages\/72547","targetHints":{"allow":["GET"]}}],"collection":[{"href":"https:\/\/www.paysdesecrins.com\/de\/wp-json\/wp\/v2\/pages"}],"about":[{"href":"https:\/\/www.paysdesecrins.com\/de\/wp-json\/wp\/v2\/types\/page"}],"author":[{"embeddable":true,"href":"https:\/\/www.paysdesecrins.com\/de\/wp-json\/wp\/v2\/users\/4"}],"replies":[{"embeddable":true,"href":"https:\/\/www.paysdesecrins.com\/de\/wp-json\/wp\/v2\/comments?post=72547"}],"version-history":[{"count":2,"href":"https:\/\/www.paysdesecrins.com\/de\/wp-json\/wp\/v2\/pages\/72547\/revisions"}],"predecessor-version":[{"id":105046,"href":"https:\/\/www.paysdesecrins.com\/de\/wp-json\/wp\/v2\/pages\/72547\/revisions\/105046"}],"up":[{"embeddable":true,"href":"https:\/\/www.paysdesecrins.com\/de\/wp-json\/wp\/v2\/pages\/44566"}],"wp:featuredmedia":[{"embeddable":true,"href":"https:\/\/www.paysdesecrins.com\/de\/wp-json\/wp\/v2\/media\/72705"}],"wp:attachment":[{"href":"https:\/\/www.paysdesecrins.com\/de\/wp-json\/wp\/v2\/media?parent=72547"}],"curies":[{"name":"wp","href":"https:\/\/api.w.org\/{rel}","templated":true}]}}