{"id":44266,"date":"2025-07-25T16:04:05","date_gmt":"2025-07-25T14:04:05","guid":{"rendered":"https:\/\/www.paysdesecrins.com\/stays\/"},"modified":"2026-04-10T14:32:42","modified_gmt":"2026-04-10T12:32:42","slug":"stays","status":"publish","type":"page","link":"https:\/\/www.paysdesecrins.com\/en\/stays\/","title":{"rendered":"All our stays"},"content":{"rendered":"    <div class=\"alignfull wp-block-ws-library-ws-header-interne\" data-season=\"summer\">\n\t    <div class=\"header-container\">\n\t        <div class=\"group-media has-image\">\n\t            \t                <img loading=\"lazy\" decoding=\"async\" width=\"1920\" height=\"800\" src=\"https:\/\/www.paysdesecrins.com\/wp-content\/uploads\/2025\/07\/dsc01515-1920x800.jpg\" alt=\"\" class=\"image_large_square wp-image-29835\" \/>\n\t            \t        <\/div>\n\t        <div class=\"group-content\">\n\t            <div class=\"title\">\n\t                <h1>\n\t                    Stays\t                    \t                <\/h1>\n\t            <\/div>\n\t        <\/div>\n\t    <\/div>\n\t    \n<div class=\"yoast-breadcrumbs\"><span><span><a href=\"https:\/\/www.paysdesecrins.com\/en\/the-title-of-the-home\/\">Home<\/a><\/span>  <span class=\"breadcrumb_last\" aria-current=\"page\">All our stays<\/span><\/span><\/div>\n    <\/div>\n        <div class=\"alignfull wp-block-ws-library-ws-header-interne\" data-season=\"winter\">\n\t    <div class=\"header-container\">\n\t        <div class=\"group-media has-image\">\n\t            \t                <img loading=\"lazy\" decoding=\"async\" width=\"1200\" height=\"800\" src=\"https:\/\/www.paysdesecrins.com\/wp-content\/uploads\/2025\/08\/aile1-1200x800.jpg\" alt=\"\" class=\"image_large_square wp-image-72623\" srcset=\"https:\/\/www.paysdesecrins.com\/wp-content\/uploads\/2025\/08\/aile1-1200x800.jpg 1200w, https:\/\/www.paysdesecrins.com\/wp-content\/uploads\/2025\/08\/aile1-960x640.jpg 960w\" sizes=\"auto, (max-width: 1200px) 100vw, 1200px\" \/>\n\t            \t        <\/div>\n\t        <div class=\"group-content\">\n\t            <div class=\"title\">\n\t                <h1>\n\t                    All our stays\t                    \t                <\/h1>\n\t            <\/div>\n\t        <\/div>\n\t    <\/div>\n\t    \n<div class=\"yoast-breadcrumbs\"><span><span><a href=\"https:\/\/www.paysdesecrins.com\/en\/the-title-of-the-home\/\">Home<\/a><\/span>  <span class=\"breadcrumb_last\" aria-current=\"page\">All our stays<\/span><\/span><\/div>\n    <\/div>\n    \n<p class=\"has-text-align-center\">See all the holidays we offer below and contact us at <a href=\"mailto:reservation@paysdesecrins.com\">reservation@paysdesecrins.com<\/a> for a quote.<\/p>\n<div class=\"align wp-block-ws-library-ws-list-content\" data-season=\"summer\"><div class=\"list-items splide\" data-splide=\"{&quot;type&quot;:&quot;loop&quot;,&quot;heightRatio&quot;:&quot;auto&quot;,&quot;perPage&quot;:3,&quot;perMove&quot;:1,&quot;drag&quot;:true,&quot;arrows&quot;:true,&quot;pagination&quot;:0,&quot;autoplay&quot;:false,&quot;gap&quot;:&quot;15px&quot;,&quot;breakpoints&quot;:{&quot;1200&quot;:{&quot;perPage&quot;:3},&quot;992&quot;:{&quot;perPage&quot;:2},&quot;768&quot;:{&quot;destroy&quot;:true}}}\"><div class=\"splide__track\"><div class=\"splide__list\"><div class=\"splide__slide\"><div class=\"item\" data-season=\"\"><div class=\"card  card-page\"><div class=\"group-media\"><div class=\"field-image\"><img loading=\"lazy\" decoding=\"async\" width=\"300\" height=\"450\" src=\"https:\/\/www.paysdesecrins.com\/wp-content\/uploads\/2025\/08\/tour-de-la-te-te-de-gaulent-21-300x450.jpg\" class=\"vivaldi-thumb summer\" alt=\"\" data-season=\"summer\" srcset=\"https:\/\/www.paysdesecrins.com\/wp-content\/uploads\/2025\/08\/tour-de-la-te-te-de-gaulent-21-300x450.jpg 300w, https:\/\/www.paysdesecrins.com\/wp-content\/uploads\/2025\/08\/tour-de-la-te-te-de-gaulent-21-200x300.jpg 200w, https:\/\/www.paysdesecrins.com\/wp-content\/uploads\/2025\/08\/tour-de-la-te-te-de-gaulent-21-683x1024.jpg 683w, https:\/\/www.paysdesecrins.com\/wp-content\/uploads\/2025\/08\/tour-de-la-te-te-de-gaulent-21-768x1152.jpg 768w, https:\/\/www.paysdesecrins.com\/wp-content\/uploads\/2025\/08\/tour-de-la-te-te-de-gaulent-21-1024x1536.jpg 1024w, https:\/\/www.paysdesecrins.com\/wp-content\/uploads\/2025\/08\/tour-de-la-te-te-de-gaulent-21-1366x2048.jpg 1366w, https:\/\/www.paysdesecrins.com\/wp-content\/uploads\/2025\/08\/tour-de-la-te-te-de-gaulent-21-427x640.jpg 427w, https:\/\/www.paysdesecrins.com\/wp-content\/uploads\/2025\/08\/tour-de-la-te-te-de-gaulent-21-390x585.jpg 390w, https:\/\/www.paysdesecrins.com\/wp-content\/uploads\/2025\/08\/tour-de-la-te-te-de-gaulent-21-scaled.jpg 1707w\" sizes=\"auto, (max-width: 300px) 100vw, 300px\" \/><\/div><\/div><div class=\"group-content\"><div class=\"field-title\">Self-guided stays<\/div><\/div><div class=\"field-link\" role=\"group\" aria-label=\"Lien vers le contenu\"><a href=\"https:\/\/www.paysdesecrins.com\/en\/stays\/stays-3\/\" class=\"cardlink\" title=\"Lire plus : Self-guided stays\" lang=\"en_US\">Self-guided stays<\/a><\/div><\/div><\/div><\/div><div class=\"splide__slide\"><div class=\"item\" data-season=\"\"><div class=\"card  card-page\"><div class=\"group-media\"><div class=\"field-image\"><img loading=\"lazy\" decoding=\"async\" width=\"300\" height=\"450\" src=\"https:\/\/www.paysdesecrins.com\/wp-content\/uploads\/2025\/08\/photos-kinaphoto-psv-journe-e-2-2025-hd14-300x450.jpg\" class=\"winter wp-post-image\" alt=\"\" data-season=\"winter\" srcset=\"https:\/\/www.paysdesecrins.com\/wp-content\/uploads\/2025\/08\/photos-kinaphoto-psv-journe-e-2-2025-hd14-300x450.jpg 300w, https:\/\/www.paysdesecrins.com\/wp-content\/uploads\/2025\/08\/photos-kinaphoto-psv-journe-e-2-2025-hd14-390x585.jpg 390w\" sizes=\"auto, (max-width: 300px) 100vw, 300px\" \/><img loading=\"lazy\" decoding=\"async\" width=\"300\" height=\"450\" src=\"https:\/\/www.paysdesecrins.com\/wp-content\/uploads\/2025\/07\/13parcnational-ailefroide-rogiervanrijn-dsc02931-2-300x450.jpg\" class=\"vivaldi-thumb summer\" alt=\"\" data-season=\"summer\" srcset=\"https:\/\/www.paysdesecrins.com\/wp-content\/uploads\/2025\/07\/13parcnational-ailefroide-rogiervanrijn-dsc02931-2-300x450.jpg 300w, https:\/\/www.paysdesecrins.com\/wp-content\/uploads\/2025\/07\/13parcnational-ailefroide-rogiervanrijn-dsc02931-2-390x585.jpg 390w\" sizes=\"auto, (max-width: 300px) 100vw, 300px\" \/><\/div><\/div><div class=\"group-content\"><div class=\"field-title\">Supervised stays<\/div><\/div><div class=\"field-link\" role=\"group\" aria-label=\"Lien vers le contenu\"><a href=\"https:\/\/www.paysdesecrins.com\/en\/stays\/supervised-stays\/\" class=\"cardlink\" title=\"Lire plus : Supervised stays\" lang=\"en_US\">Supervised stays<\/a><\/div><\/div><\/div><\/div><div class=\"splide__slide\"><div class=\"item\" data-season=\"\"><div class=\"card  card-page\"><div class=\"group-media\"><div class=\"field-image\"><img loading=\"lazy\" decoding=\"async\" width=\"300\" height=\"450\" src=\"https:\/\/www.paysdesecrins.com\/wp-content\/uploads\/2025\/07\/l-automne-et-ses-couleurs-flamboyantes-deutsch-1608201002-1-300x450.jpg\" class=\"winter all-seasons wp-post-image\" alt=\"\" data-season=\"all-seasons\" \/><\/div><\/div><div class=\"group-content\"><div class=\"field-title\">S\u00e9jours automne<\/div><\/div><div class=\"field-link\" role=\"group\" aria-label=\"Lien vers le contenu\"><a href=\"https:\/\/www.paysdesecrins.com\/sejours\/sejours-automne\/\" class=\"cardlink\" title=\"Lire plus : S\u00e9jours automne\" lang=\"en_US\">S\u00e9jours automne<\/a><\/div><\/div><\/div><\/div><div class=\"splide__slide\"><div class=\"item\" data-season=\"\"><div class=\"card  card-page\"><div class=\"group-media\"><div class=\"field-image\"><img loading=\"lazy\" decoding=\"async\" width=\"300\" height=\"450\" src=\"https:\/\/www.paysdesecrins.com\/wp-content\/uploads\/2026\/01\/photos-kinaphoto-psv-journe-e-2-2025-hd41-300x450.jpg\" class=\"winter wp-post-image\" alt=\"\" data-season=\"winter\" srcset=\"https:\/\/www.paysdesecrins.com\/wp-content\/uploads\/2026\/01\/photos-kinaphoto-psv-journe-e-2-2025-hd41-300x450.jpg 300w, https:\/\/www.paysdesecrins.com\/wp-content\/uploads\/2026\/01\/photos-kinaphoto-psv-journe-e-2-2025-hd41-390x585.jpg 390w\" sizes=\"auto, (max-width: 300px) 100vw, 300px\" \/><img loading=\"lazy\" decoding=\"async\" width=\"300\" height=\"450\" src=\"https:\/\/www.paysdesecrins.com\/wp-content\/uploads\/2025\/08\/alpage-du-clot-des-amandiers-depuis-ratie-re132-300x450.jpg\" class=\"vivaldi-thumb summer\" alt=\"\" data-season=\"summer\" srcset=\"https:\/\/www.paysdesecrins.com\/wp-content\/uploads\/2025\/08\/alpage-du-clot-des-amandiers-depuis-ratie-re132-300x450.jpg 300w, https:\/\/www.paysdesecrins.com\/wp-content\/uploads\/2025\/08\/alpage-du-clot-des-amandiers-depuis-ratie-re132-390x585.jpg 390w\" sizes=\"auto, (max-width: 300px) 100vw, 300px\" \/><\/div><\/div><div class=\"group-content\"><div class=\"field-title\">CLUBS SPORTIFS ET COMIT\u00c9S D&#039;ENTREPRISE<\/div><\/div><div class=\"field-link\" role=\"group\" aria-label=\"Lien vers le contenu\"><a href=\"https:\/\/www.paysdesecrins.com\/club-sportifs-et-comites-dentreprise\/\" class=\"cardlink\" title=\"Lire plus : CLUBS SPORTIFS ET COMIT\u00c9S D&#039;ENTREPRISE\" lang=\"en_US\">CLUBS SPORTIFS ET COMIT\u00c9S D&#039;ENTREPRISE<\/a><\/div><\/div><\/div><\/div><\/div><\/div><\/div><\/div><div class=\"align wp-block-ws-library-ws-list-content\" data-season=\"winter\"><div class=\"list-items splide\" data-splide=\"{&quot;type&quot;:&quot;loop&quot;,&quot;heightRatio&quot;:&quot;auto&quot;,&quot;perPage&quot;:3,&quot;perMove&quot;:1,&quot;drag&quot;:true,&quot;arrows&quot;:true,&quot;pagination&quot;:0,&quot;autoplay&quot;:false,&quot;gap&quot;:&quot;15px&quot;,&quot;breakpoints&quot;:{&quot;1200&quot;:{&quot;perPage&quot;:3},&quot;992&quot;:{&quot;perPage&quot;:2},&quot;768&quot;:{&quot;destroy&quot;:true}}}\"><div class=\"splide__track\"><div class=\"splide__list\"><div class=\"splide__slide\"><div class=\"item\" data-season=\"\"><div class=\"card  card-page\"><div class=\"group-media\"><div class=\"field-image\"><img loading=\"lazy\" decoding=\"async\" width=\"300\" height=\"450\" src=\"https:\/\/www.paysdesecrins.com\/wp-content\/uploads\/2025\/07\/l-automne-et-ses-couleurs-flamboyantes-deutsch-1608201002-1-300x450.jpg\" class=\"winter all-seasons wp-post-image\" alt=\"\" data-season=\"all-seasons\" \/><\/div><\/div><div class=\"group-content\"><div class=\"field-title\">S\u00e9jours automne<\/div><\/div><div class=\"field-link\" role=\"group\" aria-label=\"Lien vers le contenu\"><a href=\"https:\/\/www.paysdesecrins.com\/sejours\/sejours-automne\/\" class=\"cardlink\" title=\"Lire plus : S\u00e9jours automne\" lang=\"en_US\">S\u00e9jours automne<\/a><\/div><\/div><\/div><\/div><div class=\"splide__slide\"><div class=\"item\" data-season=\"\"><div class=\"card  card-page\"><div class=\"group-media\"><div class=\"field-image\"><img loading=\"lazy\" decoding=\"async\" width=\"300\" height=\"450\" src=\"https:\/\/www.paysdesecrins.com\/wp-content\/uploads\/2026\/03\/20160306-dsc01371-300x450.jpg\" class=\"winter all-seasons wp-post-image\" alt=\"\" data-season=\"all-seasons\" srcset=\"https:\/\/www.paysdesecrins.com\/wp-content\/uploads\/2026\/03\/20160306-dsc01371-300x450.jpg 300w, https:\/\/www.paysdesecrins.com\/wp-content\/uploads\/2026\/03\/20160306-dsc01371-390x585.jpg 390w\" sizes=\"auto, (max-width: 300px) 100vw, 300px\" \/><\/div><\/div><div class=\"group-content\"><div class=\"field-title\">S\u00e9jours hiver<\/div><\/div><div class=\"field-link\" role=\"group\" aria-label=\"Lien vers le contenu\"><a href=\"https:\/\/www.paysdesecrins.com\/sejours\/sejours-hiver\/\" class=\"cardlink\" title=\"Lire plus : S\u00e9jours hiver\" lang=\"en_US\">S\u00e9jours hiver<\/a><\/div><\/div><\/div><\/div><div class=\"splide__slide\"><div class=\"item\" data-season=\"\"><div class=\"card  card-page\"><div class=\"group-media\"><div class=\"field-image\"><img loading=\"lazy\" decoding=\"async\" width=\"300\" height=\"450\" src=\"https:\/\/www.paysdesecrins.com\/wp-content\/uploads\/2026\/01\/photos-kinaphoto-psv-journe-e-2-2025-hd41-300x450.jpg\" class=\"winter wp-post-image\" alt=\"\" data-season=\"winter\" srcset=\"https:\/\/www.paysdesecrins.com\/wp-content\/uploads\/2026\/01\/photos-kinaphoto-psv-journe-e-2-2025-hd41-300x450.jpg 300w, https:\/\/www.paysdesecrins.com\/wp-content\/uploads\/2026\/01\/photos-kinaphoto-psv-journe-e-2-2025-hd41-390x585.jpg 390w\" sizes=\"auto, (max-width: 300px) 100vw, 300px\" \/><img loading=\"lazy\" decoding=\"async\" width=\"300\" height=\"450\" src=\"https:\/\/www.paysdesecrins.com\/wp-content\/uploads\/2025\/08\/alpage-du-clot-des-amandiers-depuis-ratie-re132-300x450.jpg\" class=\"vivaldi-thumb summer\" alt=\"\" data-season=\"summer\" srcset=\"https:\/\/www.paysdesecrins.com\/wp-content\/uploads\/2025\/08\/alpage-du-clot-des-amandiers-depuis-ratie-re132-300x450.jpg 300w, https:\/\/www.paysdesecrins.com\/wp-content\/uploads\/2025\/08\/alpage-du-clot-des-amandiers-depuis-ratie-re132-390x585.jpg 390w\" sizes=\"auto, (max-width: 300px) 100vw, 300px\" \/><\/div><\/div><div class=\"group-content\"><div class=\"field-title\">CLUBS SPORTIFS ET COMIT\u00c9S D&#039;ENTREPRISE<\/div><\/div><div class=\"field-link\" role=\"group\" aria-label=\"Lien vers le contenu\"><a href=\"https:\/\/www.paysdesecrins.com\/club-sportifs-et-comites-dentreprise\/\" class=\"cardlink\" title=\"Lire plus : CLUBS SPORTIFS ET COMIT\u00c9S D&#039;ENTREPRISE\" lang=\"en_US\">CLUBS SPORTIFS ET COMIT\u00c9S D&#039;ENTREPRISE<\/a><\/div><\/div><\/div><\/div><\/div><\/div><\/div><\/div>\n<div class=\"wp-block-ws-library-ws-title aligncenter is-style-simple\"><h2><em>See<\/em> all our stays <em>below<\/em> <\/h2><\/div>\n\n<p>Use the &#8220;filters&#8221; option below left to refine your search for <strong>all-inclusive holidays in the \u00c9crins<\/strong>.<\/p>\n<div id=\"listing_e898e\" data-observer-wishlist data-attributes='listing-avance {\"selectedSelectionIds\":[\"204545\"],\"selectedFacets\":[\"dates\",\"type_activite\",\"commune\",\"types_dtaills\",\"activits_sportives\"],\"showMap\":true,\"isPortrait\":false,\"isImageContain\":false,\"showCommune\":true,\"defaultImage\":\"https:\\\/\\\/www.paysdesecrins.com\\\/wp-content\\\/uploads\\\/2025\\\/06\\\/cropped-paysdesecrins.png\",\"sortOrder\":\"random\",\"showType\":false,\"columnsCount\":\"2-3-3\",\"showActiveFacets\":false,\"showGeolocalisation\":false,\"isLimited\":false,\"isPaginated\":false,\"perPage\":12,\"season\":\"\",\"align\":\"wide\"}' class=\"ws-listing wp-block-ws-apidae-library-listing-avance alignwide\" data-map-id=\"map_e898e\" data-locations-id=\"locations-data_e898e\"><div class=\"panel-fixe panel-facets\"><div class=\"panel-overlay toggle-facets\"><\/div><div class=\"panel-inner\"><div class=\"panel-header\"><div class=\"panel-title\">Filters<\/div><a href=\"#\" class=\"panel-close toggle-facets\">Close<\/a><\/div><div class=\"panel-content\"><div class=\"group-summary\"><div class=\"facetwp-selections\"><\/div><a href=\"#\" class=\"link-reset\">Delete<\/a><\/div><div class=\"facetwp-facet facetwp-facet-dates facetwp-type-date_range\" data-name=\"dates\" data-type=\"date_range\"><\/div><div class=\"facetwp-facet facetwp-facet-type_activite facetwp-type-checkboxes\" data-name=\"type_activite\" data-type=\"checkboxes\"><\/div><div class=\"facetwp-facet facetwp-facet-commune facetwp-type-checkboxes\" data-name=\"commune\" data-type=\"checkboxes\"><\/div><div class=\"facetwp-facet facetwp-facet-types_dtaills facetwp-type-checkboxes\" data-name=\"types_dtaills\" data-type=\"checkboxes\"><\/div><div class=\"facetwp-facet facetwp-facet-activits_sportives facetwp-type-checkboxes\" data-name=\"activits_sportives\" data-type=\"checkboxes\"><\/div><\/div><div class=\"panel-footer\"><div class=\"facet-buttons\"><button type=\"submit\" class=\"btn btn-1 toggle-facets facetwp-count-btn\">See all <span class=\"results-count\"><\/span> results<\/button><\/div><\/div><\/div><\/div><div class=\"listing-header\"><div class=\"toggle-container\"><button class=\"btn toggle-btn toggle-list\" data-target=\"list\">List<\/button><button class=\"btn toggle-btn toggle-map\" data-target=\"map\">Map<\/button><button class=\"btn toggle-btn toggle-facets\" data-target=\"facets\">Filters<\/button><button class=\"btn toggle-btn toggle-fulllist\" data-target=\"fulllist\" data-reverse=\"Show map\">Hide the map<\/button><\/div><\/div><div class=\"facetwp-template\"><div class=\"list-container active\"><div class=\"list-items\"><div class=\"item\" data-season=\"all-seasons\"><div class=\"card card-apidae card-avance\"><div class=\"group-actions\"><ws-wishlist data-type=\"flag\" data-action=\"add\" data-wish-id=\"7721871\" data-wish-type=\"apidae\"><\/ws-wishlist><\/div><div class=\"group-media\"><div class=\"field-image\"><img decoding=\"async\" src=\"https:\/\/images.weserv.nl\/?url=https:\/\/static.apidae-tourisme.com\/filestore\/objets-touristiques\/images\/49\/26\/40901169-diaporama.png&#038;w=350&#038;h=350&#038;fit=cover&#038;output=webp&#038;q=45\" alt=\"Tour des refuges en Vallouise (4-5 jours) &#8211; en libert\u00e9\"\/><\/div><\/div><div class=\"group-top\"><div class=\"field-commune\">Vallouise-Pelvoux<\/div><ws-apidae-from-price data-apidae-id=\"7721871\" ><\/ws-apidae-from-price><\/div><div class=\"group-content\"><div class=\"field-title\">Tour des refuges en Vallouise (4-5 jours) &#8211; en libert\u00e9<\/div><\/div><div class=\"field-link\" role=\"group\" aria-label=\"Lien vers le contenu\"><a href=\"https:\/\/www.paysdesecrins.com\/en\/fiche\/tour-des-refuges-en-vallouise-4-5-jours-en-liberte-3\/\" class=\"cardlink\" title=\"Lire plus : Tour des refuges en Vallouise (4-5 jours) &#8211; en libert\u00e9\" lang=\"en_US\">Tour des refuges en Vallouise (4-5 jours) &#8211; en libert\u00e9<\/a><\/div><\/div><\/div><div class=\"item\" data-season=\"all-seasons\"><div class=\"card card-apidae card-avance\"><div class=\"group-actions\"><ws-wishlist data-type=\"flag\" data-action=\"add\" data-wish-id=\"7748482\" data-wish-type=\"apidae\"><\/ws-wishlist><\/div><div class=\"group-media\"><div class=\"field-image\"><img decoding=\"async\" src=\"https:\/\/images.weserv.nl\/?url=https:\/\/static.apidae-tourisme.com\/filestore\/objets-touristiques\/images\/160\/71\/40847264-diaporama.png&#038;w=350&#038;h=350&#038;fit=cover&#038;output=webp&#038;q=45\" alt=\"Du train au Glacier Blanc (3-4 jours) en libert\u00e9\"\/><\/div><\/div><div class=\"group-top\"><div class=\"field-commune\">L&#039;Argenti\u00e8re-la-Bess\u00e9e<\/div><ws-apidae-from-price data-apidae-id=\"7748482\" ><\/ws-apidae-from-price><\/div><div class=\"group-content\"><div class=\"field-title\">Du train au Glacier Blanc (3-4 jours) en libert\u00e9<\/div><\/div><div class=\"field-link\" role=\"group\" aria-label=\"Lien vers le contenu\"><a href=\"https:\/\/www.paysdesecrins.com\/en\/fiche\/du-train-au-glacier-blanc-3-4-jours-en-liberte-3\/\" class=\"cardlink\" title=\"Lire plus : Du train au Glacier Blanc (3-4 jours) en libert\u00e9\" lang=\"en_US\">Du train au Glacier Blanc (3-4 jours) en libert\u00e9<\/a><\/div><\/div><\/div><div class=\"item\" data-season=\"all-seasons\"><div class=\"card card-apidae card-avance\"><div class=\"group-actions\"><ws-wishlist data-type=\"flag\" data-action=\"add\" data-wish-id=\"7713507\" data-wish-type=\"apidae\"><\/ws-wishlist><\/div><div class=\"group-media\"><div class=\"field-image\"><img decoding=\"async\" src=\"https:\/\/images.weserv.nl\/?url=https:\/\/static.apidae-tourisme.com\/filestore\/objets-touristiques\/images\/230\/25\/40901094-diaporama.png&#038;w=350&#038;h=350&#038;fit=cover&#038;output=webp&#038;q=45\" alt=\"Grandes voies  &#8211; perfectionnement (5 jours) avec Alpes Aventure\"\/><\/div><\/div><div class=\"group-top\"><div class=\"field-commune\">Vallouise-Pelvoux<\/div><ws-apidae-from-price data-apidae-id=\"7713507\" ><\/ws-apidae-from-price><\/div><div class=\"group-content\"><div class=\"field-title\">Grandes voies  &#8211; perfectionnement (5 jours) avec Alpes Aventure<\/div><\/div><div class=\"field-link\" role=\"group\" aria-label=\"Lien vers le contenu\"><a href=\"https:\/\/www.paysdesecrins.com\/en\/fiche\/grandes-voies-perfectionnement-5-jours-avec-alpes-aventure-3\/\" class=\"cardlink\" title=\"Lire plus : Grandes voies  &#8211; perfectionnement (5 jours) avec Alpes Aventure\" lang=\"en_US\">Grandes voies  &#8211; perfectionnement (5 jours) avec Alpes Aventure<\/a><\/div><\/div><\/div><div class=\"item\" data-season=\"all-seasons\"><div class=\"card card-apidae card-avance\"><div class=\"group-actions\"><ws-wishlist data-type=\"flag\" data-action=\"add\" data-wish-id=\"7748400\" data-wish-type=\"apidae\"><\/ws-wishlist><\/div><div class=\"group-media\"><div class=\"field-image\"><img decoding=\"async\" src=\"https:\/\/images.weserv.nl\/?url=https:\/\/static.apidae-tourisme.com\/filestore\/objets-touristiques\/images\/99\/205\/40488291-diaporama.png&#038;w=350&#038;h=350&#038;fit=cover&#038;output=webp&#038;q=45\" alt=\"Tour des Ecrins &#8211; GR54 (11 jours)\"\/><\/div><\/div><div class=\"group-top\"><div class=\"field-commune\">Vallouise-Pelvoux<\/div><ws-apidae-from-price data-apidae-id=\"7748400\" ><\/ws-apidae-from-price><\/div><div class=\"group-content\"><div class=\"field-title\">Tour des Ecrins &#8211; GR54 (11 jours)<\/div><\/div><div class=\"field-link\" role=\"group\" aria-label=\"Lien vers le contenu\"><a href=\"https:\/\/www.paysdesecrins.com\/en\/fiche\/tour-des-ecrins-gr54-11-jours-3\/\" class=\"cardlink\" title=\"Lire plus : Tour des Ecrins &#8211; GR54 (11 jours)\" lang=\"en_US\">Tour des Ecrins &#8211; GR54 (11 jours)<\/a><\/div><\/div><\/div><div class=\"item\" data-season=\"all-seasons\"><div class=\"card card-apidae card-avance\"><div class=\"group-actions\"><ws-wishlist data-type=\"flag\" data-action=\"add\" data-wish-id=\"7717279\" data-wish-type=\"apidae\"><\/ws-wishlist><\/div><div class=\"group-media\"><div class=\"field-image\"><img decoding=\"async\" src=\"https:\/\/images.weserv.nl\/?url=https:\/\/static.apidae-tourisme.com\/filestore\/objets-touristiques\/images\/65\/208\/40489025-diaporama.png&#038;w=350&#038;h=350&#038;fit=cover&#038;output=webp&#038;q=45\" alt=\"Camp Base Vertical : Multi activit\u00e9 verticales dans les \u00c9crins (8 jours) avec Watogla\"\/><\/div><\/div><div class=\"group-top\"><div class=\"field-commune\">Vallouise-Pelvoux<\/div><ws-apidae-from-price data-apidae-id=\"7717279\" ><\/ws-apidae-from-price><\/div><div class=\"group-content\"><div class=\"field-title\">Camp Base Vertical : Multi activit\u00e9 verticales dans les \u00c9crins (8 jours) avec Watogla<\/div><\/div><div class=\"field-link\" role=\"group\" aria-label=\"Lien vers le contenu\"><a href=\"https:\/\/www.paysdesecrins.com\/en\/fiche\/camp-base-vertical-multi-activite-verticales-dans-les-ecrins-8-jours-avec-watogla-3\/\" class=\"cardlink\" title=\"Lire plus : Camp Base Vertical : Multi activit\u00e9 verticales dans les \u00c9crins (8 jours) avec Watogla\" lang=\"en_US\">Camp Base Vertical : Multi activit\u00e9 verticales dans les \u00c9crins (8 jours) avec Watogla<\/a><\/div><\/div><\/div><div class=\"item\" data-season=\"all-seasons\"><div class=\"card card-apidae card-avance\"><div class=\"group-actions\"><ws-wishlist data-type=\"flag\" data-action=\"add\" data-wish-id=\"7734235\" data-wish-type=\"apidae\"><\/ws-wishlist><\/div><div class=\"group-media\"><div class=\"field-image\"><img decoding=\"async\" src=\"https:\/\/images.weserv.nl\/?url=https:\/\/static.apidae-tourisme.com\/filestore\/objets-touristiques\/images\/64\/206\/40488512-diaporama.png&#038;w=350&#038;h=350&#038;fit=cover&#038;output=webp&#038;q=45\" alt=\"Tour du Grand Pinier (2 jours) en libert\u00e9\"\/><\/div><\/div><div class=\"group-top\"><div class=\"field-commune\">Freissini\u00e8res<\/div><ws-apidae-from-price data-apidae-id=\"7734235\" ><\/ws-apidae-from-price><\/div><div class=\"group-content\"><div class=\"field-title\">Tour du Grand Pinier (2 jours) en libert\u00e9<\/div><\/div><div class=\"field-link\" role=\"group\" aria-label=\"Lien vers le contenu\"><a href=\"https:\/\/www.paysdesecrins.com\/en\/fiche\/tour-du-grand-pinier-2-jours-en-liberte-3\/\" class=\"cardlink\" title=\"Lire plus : Tour du Grand Pinier (2 jours) en libert\u00e9\" lang=\"en_US\">Tour du Grand Pinier (2 jours) en libert\u00e9<\/a><\/div><\/div><\/div><div class=\"item\" data-season=\"all-seasons\"><div class=\"card card-apidae card-avance\"><div class=\"group-actions\"><ws-wishlist data-type=\"flag\" data-action=\"add\" data-wish-id=\"6822416\" data-wish-type=\"apidae\"><\/ws-wishlist><\/div><div class=\"group-media\"><div class=\"field-image\"><img decoding=\"async\" src=\"https:\/\/images.weserv.nl\/?url=https:\/\/static.apidae-tourisme.com\/filestore\/objets-touristiques\/images\/198\/208\/40489158-diaporama.png&#038;w=350&#038;h=350&#038;fit=cover&#038;output=webp&#038;q=45\" alt=\"Camp Base Famille Et\u00e9 : Multi activit\u00e9 dans les \u00c9crins (8 jours) avec Watogla\"\/><\/div><\/div><div class=\"group-top\"><div class=\"field-commune\">Vallouise-Pelvoux<\/div><ws-apidae-from-price data-apidae-id=\"6822416\" ><\/ws-apidae-from-price><\/div><div class=\"group-content\"><div class=\"field-title\">Camp Base Famille Et\u00e9 : Multi activit\u00e9 dans les \u00c9crins (8 jours) avec Watogla<\/div><\/div><div class=\"field-link\" role=\"group\" aria-label=\"Lien vers le contenu\"><a href=\"https:\/\/www.paysdesecrins.com\/en\/fiche\/camp-base-famille-ete-multi-activite-dans-les-ecrins-8-jours-avec-watogla-3\/\" class=\"cardlink\" title=\"Lire plus : Camp Base Famille Et\u00e9 : Multi activit\u00e9 dans les \u00c9crins (8 jours) avec Watogla\" lang=\"en_US\">Camp Base Famille Et\u00e9 : Multi activit\u00e9 dans les \u00c9crins (8 jours) avec Watogla<\/a><\/div><\/div><\/div><div class=\"item\" data-season=\"all-seasons\"><div class=\"card card-apidae card-avance\"><div class=\"group-actions\"><ws-wishlist data-type=\"flag\" data-action=\"add\" data-wish-id=\"7713284\" data-wish-type=\"apidae\"><\/ws-wishlist><\/div><div class=\"group-media\"><div class=\"field-image\"><img decoding=\"async\" src=\"https:\/\/images.weserv.nl\/?url=https:\/\/static.apidae-tourisme.com\/filestore\/objets-touristiques\/images\/66\/202\/40487490-diaporama.png&#038;w=350&#038;h=350&#038;fit=cover&#038;output=webp&#038;q=45\" alt=\"Trail &amp; yoga (3 jours) encadr\u00e9\"\/><\/div><\/div><div class=\"group-top\"><div class=\"field-commune\">Vallouise-Pelvoux<\/div><ws-apidae-from-price data-apidae-id=\"7713284\" ><\/ws-apidae-from-price><\/div><div class=\"group-content\"><div class=\"field-title\">Trail &amp; yoga (3 jours) encadr\u00e9<\/div><\/div><div class=\"field-link\" role=\"group\" aria-label=\"Lien vers le contenu\"><a href=\"https:\/\/www.paysdesecrins.com\/en\/fiche\/trail-yoga-3-jours-encadre-3\/\" class=\"cardlink\" title=\"Lire plus : Trail &amp; yoga (3 jours) encadr\u00e9\" lang=\"en_US\">Trail &amp; yoga (3 jours) encadr\u00e9<\/a><\/div><\/div><\/div><div class=\"item\" data-season=\"all-seasons\"><div class=\"card card-apidae card-avance\"><div class=\"group-actions\"><ws-wishlist data-type=\"flag\" data-action=\"add\" data-wish-id=\"7703117\" data-wish-type=\"apidae\"><\/ws-wishlist><\/div><div class=\"group-media\"><div class=\"field-image\"><img decoding=\"async\" src=\"https:\/\/images.weserv.nl\/?url=https:\/\/static.apidae-tourisme.com\/filestore\/objets-touristiques\/images\/65\/26\/40901185-diaporama.png&#038;w=350&#038;h=350&#038;fit=cover&#038;output=webp&#038;q=45\" alt=\"Week-end ornithologie (3 jours) avec SENTONA\"\/><\/div><\/div><div class=\"group-top\"><div class=\"field-commune\">Freissini\u00e8res<\/div><ws-apidae-from-price data-apidae-id=\"7703117\" ><\/ws-apidae-from-price><\/div><div class=\"group-content\"><div class=\"field-title\">Week-end ornithologie (3 jours) avec SENTONA<\/div><\/div><div class=\"field-link\" role=\"group\" aria-label=\"Lien vers le contenu\"><a href=\"https:\/\/www.paysdesecrins.com\/en\/fiche\/week-end-ornithologie-3-jours-avec-sentona-3\/\" class=\"cardlink\" title=\"Lire plus : Week-end ornithologie (3 jours) avec SENTONA\" lang=\"en_US\">Week-end ornithologie (3 jours) avec SENTONA<\/a><\/div><\/div><\/div><div class=\"item\" data-season=\"all-seasons\"><div class=\"card card-apidae card-avance\"><div class=\"group-actions\"><ws-wishlist data-type=\"flag\" data-action=\"add\" data-wish-id=\"7701730\" data-wish-type=\"apidae\"><\/ws-wishlist><\/div><div class=\"group-media\"><div class=\"field-image\"><img decoding=\"async\" src=\"https:\/\/images.weserv.nl\/?url=https:\/\/static.apidae-tourisme.com\/filestore\/objets-touristiques\/images\/4\/26\/40901124-diaporama.png&#038;w=350&#038;h=350&#038;fit=cover&#038;output=webp&#038;q=45\" alt=\"Mes premi\u00e8res &#8220;Grandes Voies&#8221; &#8211; Ailefroide &#8211; Stage Escalade (6 jours) avec Alpes Aventure\"\/><\/div><\/div><div class=\"group-top\"><div class=\"field-commune\">Vallouise-Pelvoux<\/div><ws-apidae-from-price data-apidae-id=\"7701730\" ><\/ws-apidae-from-price><\/div><div class=\"group-content\"><div class=\"field-title\">Mes premi\u00e8res &#8220;Grandes Voies&#8221; &#8211; Ailefroide &#8211; Stage Escalade (6 jours) avec Alpes Aventure<\/div><\/div><div class=\"field-link\" role=\"group\" aria-label=\"Lien vers le contenu\"><a href=\"https:\/\/www.paysdesecrins.com\/en\/fiche\/mes-premieres-grandes-voies-ailefroide-stage-escalade-6-jours-avec-alpes-aventure-3\/\" class=\"cardlink\" title=\"Lire plus : Mes premi\u00e8res &#8220;Grandes Voies&#8221; &#8211; Ailefroide &#8211; Stage Escalade (6 jours) avec Alpes Aventure\" lang=\"en_US\">Mes premi\u00e8res &#8220;Grandes Voies&#8221; &#8211; Ailefroide &#8211; Stage Escalade (6 jours) avec Alpes Aventure<\/a><\/div><\/div><\/div><div class=\"item\" data-season=\"all-seasons\"><div class=\"card card-apidae card-avance\"><div class=\"group-actions\"><ws-wishlist data-type=\"flag\" data-action=\"add\" data-wish-id=\"7319260\" data-wish-type=\"apidae\"><\/ws-wishlist><\/div><div class=\"group-media\"><div class=\"field-image\"><img decoding=\"async\" src=\"https:\/\/images.weserv.nl\/?url=https:\/\/static.apidae-tourisme.com\/filestore\/objets-touristiques\/images\/34\/26\/40901154-diaporama.png&#038;w=350&#038;h=350&#038;fit=cover&#038;output=webp&#038;q=45\" alt=\"Stage d&#8217;alpinisme: Pr\u00e9paration au Mt Blanc autour du Pelvoux (2 jours) avec Roc Ecrins\"\/><\/div><\/div><div class=\"group-top\"><div class=\"field-commune\">Vallouise-Pelvoux<\/div><ws-apidae-from-price data-apidae-id=\"7319260\" ><\/ws-apidae-from-price><\/div><div class=\"group-content\"><div class=\"field-title\">Stage d&#8217;alpinisme: Pr\u00e9paration au Mt Blanc autour du Pelvoux (2 jours) avec Roc Ecrins<\/div><\/div><div class=\"field-link\" role=\"group\" aria-label=\"Lien vers le contenu\"><a href=\"https:\/\/www.paysdesecrins.com\/en\/fiche\/stage-dalpinisme-preparation-au-mt-blanc-autour-du-pelvoux-2-jours-avec-roc-ecrins-3\/\" class=\"cardlink\" title=\"Lire plus : Stage d&#8217;alpinisme: Pr\u00e9paration au Mt Blanc autour du Pelvoux (2 jours) avec Roc Ecrins\" lang=\"en_US\">Stage d&#8217;alpinisme: Pr\u00e9paration au Mt Blanc autour du Pelvoux (2 jours) avec Roc Ecrins<\/a><\/div><\/div><\/div><div class=\"item\" data-season=\"all-seasons\"><div class=\"card card-apidae card-avance\"><div class=\"group-actions\"><ws-wishlist data-type=\"flag\" data-action=\"add\" data-wish-id=\"7741221\" data-wish-type=\"apidae\"><\/ws-wishlist><\/div><div class=\"group-media\"><div class=\"field-image\"><img decoding=\"async\" src=\"https:\/\/images.weserv.nl\/?url=https:\/\/static.apidae-tourisme.com\/filestore\/objets-touristiques\/images\/12\/26\/40901132-diaporama.png&#038;w=350&#038;h=350&#038;fit=cover&#038;output=webp&#038;q=45\" alt=\"Trek Ecrins Sauvage &#8211; Dormillouse &#8211; Parc national des Ecrins (8 jours) par Alpes Aventures\"\/><\/div><\/div><div class=\"group-top\"><div class=\"field-commune\">L&#039;Argenti\u00e8re-la-Bess\u00e9e<\/div><ws-apidae-from-price data-apidae-id=\"7741221\" ><\/ws-apidae-from-price><\/div><div class=\"group-content\"><div class=\"field-title\">Trek Ecrins Sauvage &#8211; Dormillouse &#8211; Parc national des Ecrins (8 jours) par Alpes Aventures<\/div><\/div><div class=\"field-link\" role=\"group\" aria-label=\"Lien vers le contenu\"><a href=\"https:\/\/www.paysdesecrins.com\/en\/fiche\/trek-ecrins-sauvage-dormillouse-parc-national-des-ecrins-8-jours-par-alpes-aventures-3\/\" class=\"cardlink\" title=\"Lire plus : Trek Ecrins Sauvage &#8211; Dormillouse &#8211; Parc national des Ecrins (8 jours) par Alpes Aventures\" lang=\"en_US\">Trek Ecrins Sauvage &#8211; Dormillouse &#8211; Parc national des Ecrins (8 jours) par Alpes Aventures<\/a><\/div><\/div><\/div><div class=\"item\" data-season=\"all-seasons\"><div class=\"card card-apidae card-avance\"><div class=\"group-actions\"><ws-wishlist data-type=\"flag\" data-action=\"add\" data-wish-id=\"7705393\" data-wish-type=\"apidae\"><\/ws-wishlist><\/div><div class=\"group-media\"><div class=\"field-image\"><img decoding=\"async\" src=\"https:\/\/images.weserv.nl\/?url=https:\/\/static.apidae-tourisme.com\/filestore\/objets-touristiques\/images\/103\/203\/40487783-diaporama.png&#038;w=350&#038;h=350&#038;fit=cover&#038;output=webp&#038;q=45\" alt=\"Trail &amp; Yoga (4 jours) encadr\u00e9\"\/><\/div><\/div><div class=\"group-top\"><div class=\"field-commune\">Vallouise-Pelvoux<\/div><ws-apidae-from-price data-apidae-id=\"7705393\" ><\/ws-apidae-from-price><\/div><div class=\"group-content\"><div class=\"field-title\">Trail &amp; Yoga (4 jours) encadr\u00e9<\/div><\/div><div class=\"field-link\" role=\"group\" aria-label=\"Lien vers le contenu\"><a href=\"https:\/\/www.paysdesecrins.com\/en\/fiche\/trail-yoga-4-jours-encadre-3\/\" class=\"cardlink\" title=\"Lire plus : Trail &amp; Yoga (4 jours) encadr\u00e9\" lang=\"en_US\">Trail &amp; Yoga (4 jours) encadr\u00e9<\/a><\/div><\/div><\/div><div class=\"item\" data-season=\"all-seasons\"><div class=\"card card-apidae card-avance\"><div class=\"group-actions\"><ws-wishlist data-type=\"flag\" data-action=\"add\" data-wish-id=\"7734824\" data-wish-type=\"apidae\"><\/ws-wishlist><\/div><div class=\"group-media\"><div class=\"field-image\"><img decoding=\"async\" src=\"https:\/\/images.weserv.nl\/?url=https:\/\/static.apidae-tourisme.com\/filestore\/objets-touristiques\/images\/81\/205\/40488273-diaporama.png&#038;w=350&#038;h=350&#038;fit=cover&#038;output=webp&#038;q=45\" alt=\"Trail itin\u00e9rant: le super noir (3 jours) en libert\u00e9\"\/><\/div><\/div><div class=\"group-top\"><div class=\"field-commune\">Saint-Martin-de-Queyri\u00e8res<\/div><ws-apidae-from-price data-apidae-id=\"7734824\" ><\/ws-apidae-from-price><\/div><div class=\"group-content\"><div class=\"field-title\">Trail itin\u00e9rant: le super noir (3 jours) en libert\u00e9<\/div><\/div><div class=\"field-link\" role=\"group\" aria-label=\"Lien vers le contenu\"><a href=\"https:\/\/www.paysdesecrins.com\/en\/fiche\/trail-itinerant-le-super-noir-3-jours-en-liberte-3\/\" class=\"cardlink\" title=\"Lire plus : Trail itin\u00e9rant: le super noir (3 jours) en libert\u00e9\" lang=\"en_US\">Trail itin\u00e9rant: le super noir (3 jours) en libert\u00e9<\/a><\/div><\/div><\/div><div class=\"item\" data-season=\"all-seasons\"><div class=\"card card-apidae card-avance\"><div class=\"group-actions\"><ws-wishlist data-type=\"flag\" data-action=\"add\" data-wish-id=\"5850415\" data-wish-type=\"apidae\"><\/ws-wishlist><\/div><div class=\"group-media\"><div class=\"field-image\"><img decoding=\"async\" src=\"https:\/\/images.weserv.nl\/?url=https:\/\/static.apidae-tourisme.com\/filestore\/objets-touristiques\/images\/56\/26\/40901176-diaporama.png&#038;w=350&#038;h=350&#038;fit=cover&#038;output=webp&#038;q=45\" alt=\"Tour du Pays des \u00c9crins  (3-7 jours) en libert\u00e9\"\/><\/div><\/div><div class=\"group-top\"><div class=\"field-commune\">Vallouise-Pelvoux<\/div><ws-apidae-from-price data-apidae-id=\"5850415\" ><\/ws-apidae-from-price><\/div><div class=\"group-content\"><div class=\"field-title\">Tour du Pays des \u00c9crins  (3-7 jours) en libert\u00e9<\/div><\/div><div class=\"field-link\" role=\"group\" aria-label=\"Lien vers le contenu\"><a href=\"https:\/\/www.paysdesecrins.com\/en\/fiche\/tour-du-pays-des-ecrins-3-7-jours-en-liberte-3\/\" class=\"cardlink\" title=\"Lire plus : Tour du Pays des \u00c9crins  (3-7 jours) en libert\u00e9\" lang=\"en_US\">Tour du Pays des \u00c9crins  (3-7 jours) en libert\u00e9<\/a><\/div><\/div><\/div><div class=\"item\" data-season=\"all-seasons\"><div class=\"card card-apidae card-avance\"><div class=\"group-actions\"><ws-wishlist data-type=\"flag\" data-action=\"add\" data-wish-id=\"7738148\" data-wish-type=\"apidae\"><\/ws-wishlist><\/div><div class=\"group-media\"><div class=\"field-image\"><img decoding=\"async\" src=\"https:\/\/images.weserv.nl\/?url=https:\/\/static.apidae-tourisme.com\/filestore\/objets-touristiques\/images\/209\/25\/40901073-diaporama.png&#038;w=350&#038;h=350&#038;fit=cover&#038;output=webp&#038;q=45\" alt=\"Trek scientifique: suivi des fronts glaciaires (5 jours) avec Watogla\"\/><\/div><\/div><div class=\"group-top\"><div class=\"field-commune\">Ailefroide<\/div><ws-apidae-from-price data-apidae-id=\"7738148\" ><\/ws-apidae-from-price><\/div><div class=\"group-content\"><div class=\"field-title\">Trek scientifique: suivi des fronts glaciaires (5 jours) avec Watogla<\/div><\/div><div class=\"field-link\" role=\"group\" aria-label=\"Lien vers le contenu\"><a href=\"https:\/\/www.paysdesecrins.com\/en\/fiche\/trek-scientifique-suivi-des-fronts-glaciaires-5-jours-avec-watogla-3\/\" class=\"cardlink\" title=\"Lire plus : Trek scientifique: suivi des fronts glaciaires (5 jours) avec Watogla\" lang=\"en_US\">Trek scientifique: suivi des fronts glaciaires (5 jours) avec Watogla<\/a><\/div><\/div><\/div><div class=\"item\" data-season=\"all-seasons\"><div class=\"card card-apidae card-avance\"><div class=\"group-actions\"><ws-wishlist data-type=\"flag\" data-action=\"add\" data-wish-id=\"7741130\" data-wish-type=\"apidae\"><\/ws-wishlist><\/div><div class=\"group-media\"><div class=\"field-image\"><img decoding=\"async\" src=\"https:\/\/images.weserv.nl\/?url=https:\/\/static.apidae-tourisme.com\/filestore\/objets-touristiques\/images\/55\/22\/40441399-diaporama.png&#038;w=350&#038;h=350&#038;fit=cover&#038;output=webp&#038;q=45\" alt=\"Week-end Sylvoth\u00e9rapie Arc&amp;Ciel (2 jours)\"\/><\/div><\/div><div class=\"group-top\"><div class=\"field-commune\">Vallouise-Pelvoux<\/div><ws-apidae-from-price data-apidae-id=\"7741130\" ><\/ws-apidae-from-price><\/div><div class=\"group-content\"><div class=\"field-title\">Week-end Sylvoth\u00e9rapie Arc&amp;Ciel (2 jours)<\/div><\/div><div class=\"field-link\" role=\"group\" aria-label=\"Lien vers le contenu\"><a href=\"https:\/\/www.paysdesecrins.com\/en\/fiche\/week-end-sylvotherapie-arcciel-2-jours-3\/\" class=\"cardlink\" title=\"Lire plus : Week-end Sylvoth\u00e9rapie Arc&amp;Ciel (2 jours)\" lang=\"en_US\">Week-end Sylvoth\u00e9rapie Arc&amp;Ciel (2 jours)<\/a><\/div><\/div><\/div><div class=\"item\" data-season=\"all-seasons\"><div class=\"card card-apidae card-avance\"><div class=\"group-actions\"><ws-wishlist data-type=\"flag\" data-action=\"add\" data-wish-id=\"6139981\" data-wish-type=\"apidae\"><\/ws-wishlist><\/div><div class=\"group-media\"><div class=\"field-image\"><img decoding=\"async\" src=\"https:\/\/images.weserv.nl\/?url=https:\/\/static.apidae-tourisme.com\/filestore\/objets-touristiques\/images\/19\/26\/40901139-diaporama.png&#038;w=350&#038;h=350&#038;fit=cover&#038;output=webp&#038;q=45\" alt=\"Initiation alpinisme &#8211; Le pic du glacier d&#8217;Arsine (2 jours) avec ROC ECRINS\"\/><\/div><\/div><div class=\"group-top\"><div class=\"field-commune\">L&#039;Argenti\u00e8re-la-Bess\u00e9e<\/div><ws-apidae-from-price data-apidae-id=\"6139981\" ><\/ws-apidae-from-price><\/div><div class=\"group-content\"><div class=\"field-title\">Initiation alpinisme &#8211; Le pic du glacier d&#8217;Arsine (2 jours) avec ROC ECRINS<\/div><\/div><div class=\"field-link\" role=\"group\" aria-label=\"Lien vers le contenu\"><a href=\"https:\/\/www.paysdesecrins.com\/en\/fiche\/initiation-alpinisme-le-pic-du-glacier-darsine-2-jours-avec-roc-ecrins-3\/\" class=\"cardlink\" title=\"Lire plus : Initiation alpinisme &#8211; Le pic du glacier d&#8217;Arsine (2 jours) avec ROC ECRINS\" lang=\"en_US\">Initiation alpinisme &#8211; Le pic du glacier d&#8217;Arsine (2 jours) avec ROC ECRINS<\/a><\/div><\/div><\/div><div class=\"item\" data-season=\"all-seasons\"><div class=\"card card-apidae card-avance\"><div class=\"group-actions\"><ws-wishlist data-type=\"flag\" data-action=\"add\" data-wish-id=\"7739075\" data-wish-type=\"apidae\"><\/ws-wishlist><\/div><div class=\"group-media\"><div class=\"field-image\"><img decoding=\"async\" src=\"https:\/\/images.weserv.nl\/?url=https:\/\/static.apidae-tourisme.com\/filestore\/objets-touristiques\/images\/190\/203\/40487870-diaporama.png&#038;w=350&#038;h=350&#038;fit=cover&#038;output=webp&#038;q=45\" alt=\"Stage vers l&#8217;autonomie en Packraft (3 jours) avec EAURIGINE\"\/><\/div><\/div><div class=\"group-top\"><div class=\"field-commune\">Vallouise-Pelvoux<\/div><ws-apidae-from-price data-apidae-id=\"7739075\" ><\/ws-apidae-from-price><\/div><div class=\"group-content\"><div class=\"field-title\">Stage vers l&#8217;autonomie en Packraft (3 jours) avec EAURIGINE<\/div><\/div><div class=\"field-link\" role=\"group\" aria-label=\"Lien vers le contenu\"><a href=\"https:\/\/www.paysdesecrins.com\/en\/fiche\/stage-vers-lautonomie-en-packraft-3-jours-avec-eaurigine-3\/\" class=\"cardlink\" title=\"Lire plus : Stage vers l&#8217;autonomie en Packraft (3 jours) avec EAURIGINE\" lang=\"en_US\">Stage vers l&#8217;autonomie en Packraft (3 jours) avec EAURIGINE<\/a><\/div><\/div><\/div><div id=\"locations-data_e898e\" style=\"display: none;\">{&quot;locations&quot;:[{&quot;lat&quot;:&quot;44.846537&quot;,&quot;lng&quot;:&quot;6.488258&quot;,&quot;title&quot;:&quot;Tour des refuges en Vallouise (4-5 jours) &#8211; en libert\\u00e9&quot;,&quot;permalink&quot;:&quot;https:\\\/\\\/www.paysdesecrins.com\\\/en\\\/fiche\\\/tour-des-refuges-en-vallouise-4-5-jours-en-liberte-3\\\/&quot;,&quot;type&quot;:&quot;sejour_package&quot;,&quot;commune&quot;:&quot;Vallouise-Pelvoux&quot;,&quot;type_commerce&quot;:&quot;&quot;,&quot;image&quot;:&quot;https:\\\/\\\/static.apidae-tourisme.com\\\/filestore\\\/objets-touristiques\\\/images\\\/49\\\/26\\\/40901169-diaporama.png&quot;,&quot;image_width&quot;:&quot;350&quot;,&quot;image_height&quot;:&quot;350&quot;,&quot;image_fit&quot;:&quot;cover&quot;},{&quot;lat&quot;:&quot;44.790972&quot;,&quot;lng&quot;:&quot;6.556482&quot;,&quot;title&quot;:&quot;Du train au Glacier Blanc (3-4 jours) en libert\\u00e9&quot;,&quot;permalink&quot;:&quot;https:\\\/\\\/www.paysdesecrins.com\\\/en\\\/fiche\\\/du-train-au-glacier-blanc-3-4-jours-en-liberte-3\\\/&quot;,&quot;type&quot;:&quot;sejour_package&quot;,&quot;commune&quot;:&quot;L&#039;Argenti\\u00e8re-la-Bess\\u00e9e&quot;,&quot;type_commerce&quot;:&quot;&quot;,&quot;image&quot;:&quot;https:\\\/\\\/static.apidae-tourisme.com\\\/filestore\\\/objets-touristiques\\\/images\\\/160\\\/71\\\/40847264-diaporama.png&quot;,&quot;image_width&quot;:&quot;350&quot;,&quot;image_height&quot;:&quot;350&quot;,&quot;image_fit&quot;:&quot;cover&quot;},{&quot;lat&quot;:&quot;44.888714&quot;,&quot;lng&quot;:&quot;6.446141&quot;,&quot;title&quot;:&quot;Grandes voies  &#8211; perfectionnement (5 jours) avec Alpes Aventure&quot;,&quot;permalink&quot;:&quot;https:\\\/\\\/www.paysdesecrins.com\\\/en\\\/fiche\\\/grandes-voies-perfectionnement-5-jours-avec-alpes-aventure-3\\\/&quot;,&quot;type&quot;:&quot;sejour_package&quot;,&quot;commune&quot;:&quot;Vallouise-Pelvoux&quot;,&quot;type_commerce&quot;:&quot;&quot;,&quot;image&quot;:&quot;https:\\\/\\\/static.apidae-tourisme.com\\\/filestore\\\/objets-touristiques\\\/images\\\/230\\\/25\\\/40901094-diaporama.png&quot;,&quot;image_width&quot;:&quot;350&quot;,&quot;image_height&quot;:&quot;350&quot;,&quot;image_fit&quot;:&quot;cover&quot;},{&quot;lat&quot;:&quot;44.846178&quot;,&quot;lng&quot;:&quot;6.488452&quot;,&quot;title&quot;:&quot;Tour des Ecrins &#8211; GR54 (11 jours)&quot;,&quot;permalink&quot;:&quot;https:\\\/\\\/www.paysdesecrins.com\\\/en\\\/fiche\\\/tour-des-ecrins-gr54-11-jours-3\\\/&quot;,&quot;type&quot;:&quot;sejour_package&quot;,&quot;commune&quot;:&quot;Vallouise-Pelvoux&quot;,&quot;type_commerce&quot;:&quot;&quot;,&quot;image&quot;:&quot;https:\\\/\\\/static.apidae-tourisme.com\\\/filestore\\\/objets-touristiques\\\/images\\\/99\\\/205\\\/40488291-diaporama.png&quot;,&quot;image_width&quot;:&quot;350&quot;,&quot;image_height&quot;:&quot;350&quot;,&quot;image_fit&quot;:&quot;cover&quot;},{&quot;lat&quot;:&quot;44.846704&quot;,&quot;lng&quot;:&quot;6.488418&quot;,&quot;title&quot;:&quot;Camp Base Vertical : Multi activit\\u00e9 verticales dans les \\u00c9crins (8 jours) avec Watogla&quot;,&quot;permalink&quot;:&quot;https:\\\/\\\/www.paysdesecrins.com\\\/en\\\/fiche\\\/camp-base-vertical-multi-activite-verticales-dans-les-ecrins-8-jours-avec-watogla-3\\\/&quot;,&quot;type&quot;:&quot;sejour_package&quot;,&quot;commune&quot;:&quot;Vallouise-Pelvoux&quot;,&quot;type_commerce&quot;:&quot;&quot;,&quot;image&quot;:&quot;https:\\\/\\\/static.apidae-tourisme.com\\\/filestore\\\/objets-touristiques\\\/images\\\/65\\\/208\\\/40489025-diaporama.png&quot;,&quot;image_width&quot;:&quot;350&quot;,&quot;image_height&quot;:&quot;350&quot;,&quot;image_fit&quot;:&quot;cover&quot;},{&quot;lat&quot;:&quot;44.733708&quot;,&quot;lng&quot;:&quot;6.450476&quot;,&quot;title&quot;:&quot;Tour du Grand Pinier (2 jours) en libert\\u00e9&quot;,&quot;permalink&quot;:&quot;https:\\\/\\\/www.paysdesecrins.com\\\/en\\\/fiche\\\/tour-du-grand-pinier-2-jours-en-liberte-3\\\/&quot;,&quot;type&quot;:&quot;sejour_package&quot;,&quot;commune&quot;:&quot;Freissini\\u00e8res&quot;,&quot;type_commerce&quot;:&quot;&quot;,&quot;image&quot;:&quot;https:\\\/\\\/static.apidae-tourisme.com\\\/filestore\\\/objets-touristiques\\\/images\\\/64\\\/206\\\/40488512-diaporama.png&quot;,&quot;image_width&quot;:&quot;350&quot;,&quot;image_height&quot;:&quot;350&quot;,&quot;image_fit&quot;:&quot;cover&quot;},{&quot;lat&quot;:&quot;44.846704&quot;,&quot;lng&quot;:&quot;6.488418&quot;,&quot;title&quot;:&quot;Camp Base Famille Et\\u00e9 : Multi activit\\u00e9 dans les \\u00c9crins (8 jours) avec Watogla&quot;,&quot;permalink&quot;:&quot;https:\\\/\\\/www.paysdesecrins.com\\\/en\\\/fiche\\\/camp-base-famille-ete-multi-activite-dans-les-ecrins-8-jours-avec-watogla-3\\\/&quot;,&quot;type&quot;:&quot;sejour_package&quot;,&quot;commune&quot;:&quot;Vallouise-Pelvoux&quot;,&quot;type_commerce&quot;:&quot;&quot;,&quot;image&quot;:&quot;https:\\\/\\\/static.apidae-tourisme.com\\\/filestore\\\/objets-touristiques\\\/images\\\/198\\\/208\\\/40489158-diaporama.png&quot;,&quot;image_width&quot;:&quot;350&quot;,&quot;image_height&quot;:&quot;350&quot;,&quot;image_fit&quot;:&quot;cover&quot;},{&quot;lat&quot;:&quot;44.860706&quot;,&quot;lng&quot;:&quot;6.492053&quot;,&quot;title&quot;:&quot;Trail &amp; yoga (3 jours) encadr\\u00e9&quot;,&quot;permalink&quot;:&quot;https:\\\/\\\/www.paysdesecrins.com\\\/en\\\/fiche\\\/trail-yoga-3-jours-encadre-3\\\/&quot;,&quot;type&quot;:&quot;sejour_package&quot;,&quot;commune&quot;:&quot;Vallouise-Pelvoux&quot;,&quot;type_commerce&quot;:&quot;&quot;,&quot;image&quot;:&quot;https:\\\/\\\/static.apidae-tourisme.com\\\/filestore\\\/objets-touristiques\\\/images\\\/66\\\/202\\\/40487490-diaporama.png&quot;,&quot;image_width&quot;:&quot;350&quot;,&quot;image_height&quot;:&quot;350&quot;,&quot;image_fit&quot;:&quot;cover&quot;},{&quot;lat&quot;:&quot;44.753553&quot;,&quot;lng&quot;:&quot;6.540994&quot;,&quot;title&quot;:&quot;Week-end ornithologie (3 jours) avec SENTONA&quot;,&quot;permalink&quot;:&quot;https:\\\/\\\/www.paysdesecrins.com\\\/en\\\/fiche\\\/week-end-ornithologie-3-jours-avec-sentona-3\\\/&quot;,&quot;type&quot;:&quot;sejour_package&quot;,&quot;commune&quot;:&quot;Freissini\\u00e8res&quot;,&quot;type_commerce&quot;:&quot;&quot;,&quot;image&quot;:&quot;https:\\\/\\\/static.apidae-tourisme.com\\\/filestore\\\/objets-touristiques\\\/images\\\/65\\\/26\\\/40901185-diaporama.png&quot;,&quot;image_width&quot;:&quot;350&quot;,&quot;image_height&quot;:&quot;350&quot;,&quot;image_fit&quot;:&quot;cover&quot;},{&quot;lat&quot;:&quot;44.888714&quot;,&quot;lng&quot;:&quot;6.446141&quot;,&quot;title&quot;:&quot;Mes premi\\u00e8res &#8220;Grandes Voies&#8221; &#8211; Ailefroide &#8211; Stage Escalade (6 jours) avec Alpes Aventure&quot;,&quot;permalink&quot;:&quot;https:\\\/\\\/www.paysdesecrins.com\\\/en\\\/fiche\\\/mes-premieres-grandes-voies-ailefroide-stage-escalade-6-jours-avec-alpes-aventure-3\\\/&quot;,&quot;type&quot;:&quot;sejour_package&quot;,&quot;commune&quot;:&quot;Vallouise-Pelvoux&quot;,&quot;type_commerce&quot;:&quot;&quot;,&quot;image&quot;:&quot;https:\\\/\\\/static.apidae-tourisme.com\\\/filestore\\\/objets-touristiques\\\/images\\\/4\\\/26\\\/40901124-diaporama.png&quot;,&quot;image_width&quot;:&quot;350&quot;,&quot;image_height&quot;:&quot;350&quot;,&quot;image_fit&quot;:&quot;cover&quot;},{&quot;lat&quot;:&quot;44.888714&quot;,&quot;lng&quot;:&quot;6.446141&quot;,&quot;title&quot;:&quot;Stage d&#8217;alpinisme: Pr\\u00e9paration au Mt Blanc autour du Pelvoux (2 jours) avec Roc Ecrins&quot;,&quot;permalink&quot;:&quot;https:\\\/\\\/www.paysdesecrins.com\\\/en\\\/fiche\\\/stage-dalpinisme-preparation-au-mt-blanc-autour-du-pelvoux-2-jours-avec-roc-ecrins-3\\\/&quot;,&quot;type&quot;:&quot;sejour_package&quot;,&quot;commune&quot;:&quot;Vallouise-Pelvoux&quot;,&quot;type_commerce&quot;:&quot;&quot;,&quot;image&quot;:&quot;https:\\\/\\\/static.apidae-tourisme.com\\\/filestore\\\/objets-touristiques\\\/images\\\/34\\\/26\\\/40901154-diaporama.png&quot;,&quot;image_width&quot;:&quot;350&quot;,&quot;image_height&quot;:&quot;350&quot;,&quot;image_fit&quot;:&quot;cover&quot;},{&quot;lat&quot;:&quot;44.788831&quot;,&quot;lng&quot;:&quot;6.556005&quot;,&quot;title&quot;:&quot;Trek Ecrins Sauvage &#8211; Dormillouse &#8211; Parc national des Ecrins (8 jours) par Alpes Aventures&quot;,&quot;permalink&quot;:&quot;https:\\\/\\\/www.paysdesecrins.com\\\/en\\\/fiche\\\/trek-ecrins-sauvage-dormillouse-parc-national-des-ecrins-8-jours-par-alpes-aventures-3\\\/&quot;,&quot;type&quot;:&quot;sejour_package&quot;,&quot;commune&quot;:&quot;L&#039;Argenti\\u00e8re-la-Bess\\u00e9e&quot;,&quot;type_commerce&quot;:&quot;&quot;,&quot;image&quot;:&quot;https:\\\/\\\/static.apidae-tourisme.com\\\/filestore\\\/objets-touristiques\\\/images\\\/12\\\/26\\\/40901132-diaporama.png&quot;,&quot;image_width&quot;:&quot;350&quot;,&quot;image_height&quot;:&quot;350&quot;,&quot;image_fit&quot;:&quot;cover&quot;},{&quot;lat&quot;:&quot;44.860706&quot;,&quot;lng&quot;:&quot;6.492053&quot;,&quot;title&quot;:&quot;Trail &amp; Yoga (4 jours) encadr\\u00e9&quot;,&quot;permalink&quot;:&quot;https:\\\/\\\/www.paysdesecrins.com\\\/en\\\/fiche\\\/trail-yoga-4-jours-encadre-3\\\/&quot;,&quot;type&quot;:&quot;sejour_package&quot;,&quot;commune&quot;:&quot;Vallouise-Pelvoux&quot;,&quot;type_commerce&quot;:&quot;&quot;,&quot;image&quot;:&quot;https:\\\/\\\/static.apidae-tourisme.com\\\/filestore\\\/objets-touristiques\\\/images\\\/103\\\/203\\\/40487783-diaporama.png&quot;,&quot;image_width&quot;:&quot;350&quot;,&quot;image_height&quot;:&quot;350&quot;,&quot;image_fit&quot;:&quot;cover&quot;},{&quot;lat&quot;:&quot;44.857104&quot;,&quot;lng&quot;:&quot;6.590159&quot;,&quot;title&quot;:&quot;Trail itin\\u00e9rant: le super noir (3 jours) en libert\\u00e9&quot;,&quot;permalink&quot;:&quot;https:\\\/\\\/www.paysdesecrins.com\\\/en\\\/fiche\\\/trail-itinerant-le-super-noir-3-jours-en-liberte-3\\\/&quot;,&quot;type&quot;:&quot;sejour_package&quot;,&quot;commune&quot;:&quot;Saint-Martin-de-Queyri\\u00e8res&quot;,&quot;type_commerce&quot;:&quot;&quot;,&quot;image&quot;:&quot;https:\\\/\\\/static.apidae-tourisme.com\\\/filestore\\\/objets-touristiques\\\/images\\\/81\\\/205\\\/40488273-diaporama.png&quot;,&quot;image_width&quot;:&quot;350&quot;,&quot;image_height&quot;:&quot;350&quot;,&quot;image_fit&quot;:&quot;cover&quot;},{&quot;lat&quot;:&quot;44.845192&quot;,&quot;lng&quot;:&quot;6.489597&quot;,&quot;title&quot;:&quot;Tour du Pays des \\u00c9crins  (3-7 jours) en libert\\u00e9&quot;,&quot;permalink&quot;:&quot;https:\\\/\\\/www.paysdesecrins.com\\\/en\\\/fiche\\\/tour-du-pays-des-ecrins-3-7-jours-en-liberte-3\\\/&quot;,&quot;type&quot;:&quot;sejour_package&quot;,&quot;commune&quot;:&quot;Vallouise-Pelvoux&quot;,&quot;type_commerce&quot;:&quot;&quot;,&quot;image&quot;:&quot;https:\\\/\\\/static.apidae-tourisme.com\\\/filestore\\\/objets-touristiques\\\/images\\\/56\\\/26\\\/40901176-diaporama.png&quot;,&quot;image_width&quot;:&quot;350&quot;,&quot;image_height&quot;:&quot;350&quot;,&quot;image_fit&quot;:&quot;cover&quot;},{&quot;lat&quot;:&quot;44.790746&quot;,&quot;lng&quot;:&quot;6.557602&quot;,&quot;title&quot;:&quot;Trek scientifique: suivi des fronts glaciaires (5 jours) avec Watogla&quot;,&quot;permalink&quot;:&quot;https:\\\/\\\/www.paysdesecrins.com\\\/en\\\/fiche\\\/trek-scientifique-suivi-des-fronts-glaciaires-5-jours-avec-watogla-3\\\/&quot;,&quot;type&quot;:&quot;sejour_package&quot;,&quot;commune&quot;:&quot;Ailefroide&quot;,&quot;type_commerce&quot;:&quot;&quot;,&quot;image&quot;:&quot;https:\\\/\\\/static.apidae-tourisme.com\\\/filestore\\\/objets-touristiques\\\/images\\\/209\\\/25\\\/40901073-diaporama.png&quot;,&quot;image_width&quot;:&quot;350&quot;,&quot;image_height&quot;:&quot;350&quot;,&quot;image_fit&quot;:&quot;cover&quot;},{&quot;lat&quot;:&quot;44.828733&quot;,&quot;lng&quot;:&quot;6.482465&quot;,&quot;title&quot;:&quot;Week-end Sylvoth\\u00e9rapie Arc&amp;Ciel (2 jours)&quot;,&quot;permalink&quot;:&quot;https:\\\/\\\/www.paysdesecrins.com\\\/en\\\/fiche\\\/week-end-sylvotherapie-arcciel-2-jours-3\\\/&quot;,&quot;type&quot;:&quot;sejour_package&quot;,&quot;commune&quot;:&quot;Vallouise-Pelvoux&quot;,&quot;type_commerce&quot;:&quot;&quot;,&quot;image&quot;:&quot;https:\\\/\\\/static.apidae-tourisme.com\\\/filestore\\\/objets-touristiques\\\/images\\\/55\\\/22\\\/40441399-diaporama.png&quot;,&quot;image_width&quot;:&quot;350&quot;,&quot;image_height&quot;:&quot;350&quot;,&quot;image_fit&quot;:&quot;cover&quot;},{&quot;lat&quot;:&quot;44.789592&quot;,&quot;lng&quot;:&quot;6.55871&quot;,&quot;title&quot;:&quot;Initiation alpinisme &#8211; Le pic du glacier d&#8217;Arsine (2 jours) avec ROC ECRINS&quot;,&quot;permalink&quot;:&quot;https:\\\/\\\/www.paysdesecrins.com\\\/en\\\/fiche\\\/initiation-alpinisme-le-pic-du-glacier-darsine-2-jours-avec-roc-ecrins-3\\\/&quot;,&quot;type&quot;:&quot;sejour_package&quot;,&quot;commune&quot;:&quot;L&#039;Argenti\\u00e8re-la-Bess\\u00e9e&quot;,&quot;type_commerce&quot;:&quot;&quot;,&quot;image&quot;:&quot;https:\\\/\\\/static.apidae-tourisme.com\\\/filestore\\\/objets-touristiques\\\/images\\\/19\\\/26\\\/40901139-diaporama.png&quot;,&quot;image_width&quot;:&quot;350&quot;,&quot;image_height&quot;:&quot;350&quot;,&quot;image_fit&quot;:&quot;cover&quot;},{&quot;lat&quot;:&quot;44.825439&quot;,&quot;lng&quot;:&quot;6.489365&quot;,&quot;title&quot;:&quot;Stage vers l&#8217;autonomie en Packraft (3 jours) avec EAURIGINE&quot;,&quot;permalink&quot;:&quot;https:\\\/\\\/www.paysdesecrins.com\\\/en\\\/fiche\\\/stage-vers-lautonomie-en-packraft-3-jours-avec-eaurigine-3\\\/&quot;,&quot;type&quot;:&quot;sejour_package&quot;,&quot;commune&quot;:&quot;Vallouise-Pelvoux&quot;,&quot;type_commerce&quot;:&quot;&quot;,&quot;image&quot;:&quot;https:\\\/\\\/static.apidae-tourisme.com\\\/filestore\\\/objets-touristiques\\\/images\\\/190\\\/203\\\/40487870-diaporama.png&quot;,&quot;image_width&quot;:&quot;350&quot;,&quot;image_height&quot;:&quot;350&quot;,&quot;image_fit&quot;:&quot;cover&quot;}],&quot;center_lat&quot;:&quot;44.846537&quot;,&quot;center_lng&quot;:&quot;6.488258&quot;}<\/div><\/div><\/div><\/div><div class=\"map-marker\"><div id=\"map_e898e\" class=\"map-container\" style=\"width: 100%; height: 450px;\"><\/div><\/div><\/div>\n<div style=\"height:100px\" aria-hidden=\"true\" class=\"wp-block-spacer\"><\/div>\n\n<script id=\"script-detecteur-impact-co2\" src=\"https:\/\/impactco2.fr\/scripts\/detection.js\" data-search=\"?theme=default&#038;language=fr\"><\/script>\n\n<div class=\"wp-block-ws-library-ws-share\"><span class=\"share-subtitle\">Did you like this page?<\/span><span class=\"share-title\">Share it!<\/span><button class=\"ws-share-button wp-element-button\">Share this page<\/button><\/div>\n","protected":false},"excerpt":{"rendered":"<p>See all the holidays we offer below and contact us at reservation@paysdesecrins.com for a quote. Use the &#8220;filters&#8221; option below [&hellip;]<\/p>\n","protected":false},"author":1,"featured_media":71661,"parent":0,"menu_order":0,"comment_status":"closed","ping_status":"closed","template":"","meta":{"_thumbnail_id_2":29835,"summer_excerpt":"","season":"","station":"","footnotes":""},"class_list":["post-44266","page","type-page","status-publish","has-post-thumbnail","hentry"],"yoast_head":"<!-- This site is optimized with the Yoast SEO plugin v27.3 - https:\/\/yoast.com\/product\/yoast-seo-wordpress\/ -->\n<title>All our stays - Pays des \u00c9crins - Office de Tourisme<\/title>\n<meta name=\"robots\" content=\"index, follow, max-snippet:-1, max-image-preview:large, max-video-preview:-1\" \/>\n<link rel=\"canonical\" href=\"https:\/\/www.paysdesecrins.com\/en\/stays\/\" \/>\n<meta property=\"og:locale\" content=\"en_US\" \/>\n<meta property=\"og:type\" content=\"article\" \/>\n<meta property=\"og:title\" content=\"All our stays - Pays des \u00c9crins - Office de Tourisme\" \/>\n<meta property=\"og:description\" content=\"See all the holidays we offer below and contact us at reservation@paysdesecrins.com for a quote. Use the &#8220;filters&#8221; option below [&hellip;]\" \/>\n<meta property=\"og:url\" content=\"https:\/\/www.paysdesecrins.com\/en\/stays\/\" \/>\n<meta property=\"og:site_name\" content=\"Pays des \u00c9crins - Office de Tourisme\" \/>\n<meta property=\"article:modified_time\" content=\"2026-04-10T12:32:42+00:00\" \/>\n<meta property=\"og:image\" content=\"https:\/\/www.paysdesecrins.com\/wp-content\/uploads\/2025\/08\/photos-kinaphoto-pelvoux-journe-e-1-2025-hd66-scaled.jpg\" \/>\n\t<meta property=\"og:image:width\" content=\"2560\" \/>\n\t<meta property=\"og:image:height\" content=\"1706\" \/>\n\t<meta property=\"og:image:type\" content=\"image\/jpeg\" \/>\n<meta name=\"twitter:card\" content=\"summary_large_image\" \/>\n<script type=\"application\/ld+json\" class=\"yoast-schema-graph\">{\"@context\":\"https:\\\/\\\/schema.org\",\"@graph\":[{\"@type\":\"WebPage\",\"@id\":\"https:\\\/\\\/www.paysdesecrins.com\\\/en\\\/stays\\\/\",\"url\":\"https:\\\/\\\/www.paysdesecrins.com\\\/en\\\/stays\\\/\",\"name\":\"All our stays - Pays des \u00c9crins - Office de Tourisme\",\"isPartOf\":{\"@id\":\"https:\\\/\\\/www.paysdesecrins.com\\\/en\\\/#website\"},\"primaryImageOfPage\":{\"@id\":\"https:\\\/\\\/www.paysdesecrins.com\\\/en\\\/stays\\\/#primaryimage\"},\"image\":{\"@id\":\"https:\\\/\\\/www.paysdesecrins.com\\\/en\\\/stays\\\/#primaryimage\"},\"thumbnailUrl\":\"https:\\\/\\\/www.paysdesecrins.com\\\/wp-content\\\/uploads\\\/2025\\\/08\\\/photos-kinaphoto-pelvoux-journe-e-1-2025-hd66-scaled.jpg\",\"datePublished\":\"2025-07-25T14:04:05+00:00\",\"dateModified\":\"2026-04-10T12:32:42+00:00\",\"breadcrumb\":{\"@id\":\"https:\\\/\\\/www.paysdesecrins.com\\\/en\\\/stays\\\/#breadcrumb\"},\"inLanguage\":\"en-US\",\"potentialAction\":[{\"@type\":\"ReadAction\",\"target\":[\"https:\\\/\\\/www.paysdesecrins.com\\\/en\\\/stays\\\/\"]}]},{\"@type\":\"ImageObject\",\"inLanguage\":\"en-US\",\"@id\":\"https:\\\/\\\/www.paysdesecrins.com\\\/en\\\/stays\\\/#primaryimage\",\"url\":\"https:\\\/\\\/www.paysdesecrins.com\\\/wp-content\\\/uploads\\\/2025\\\/08\\\/photos-kinaphoto-pelvoux-journe-e-1-2025-hd66-scaled.jpg\",\"contentUrl\":\"https:\\\/\\\/www.paysdesecrins.com\\\/wp-content\\\/uploads\\\/2025\\\/08\\\/photos-kinaphoto-pelvoux-journe-e-1-2025-hd66-scaled.jpg\",\"width\":2560,\"height\":1706},{\"@type\":\"BreadcrumbList\",\"@id\":\"https:\\\/\\\/www.paysdesecrins.com\\\/en\\\/stays\\\/#breadcrumb\",\"itemListElement\":[{\"@type\":\"ListItem\",\"position\":1,\"name\":\"Home\",\"item\":\"https:\\\/\\\/www.paysdesecrins.com\\\/en\\\/the-title-of-the-home\\\/\"},{\"@type\":\"ListItem\",\"position\":2,\"name\":\"All our stays\"}]},{\"@type\":\"WebSite\",\"@id\":\"https:\\\/\\\/www.paysdesecrins.com\\\/en\\\/#website\",\"url\":\"https:\\\/\\\/www.paysdesecrins.com\\\/en\\\/\",\"name\":\"Pays des \u00c9crins - Office de Tourisme\",\"description\":\"L&#039;esprit montagne\",\"publisher\":{\"@id\":\"https:\\\/\\\/www.paysdesecrins.com\\\/en\\\/#organization\"},\"potentialAction\":[{\"@type\":\"SearchAction\",\"target\":{\"@type\":\"EntryPoint\",\"urlTemplate\":\"https:\\\/\\\/www.paysdesecrins.com\\\/en\\\/?s={search_term_string}\"},\"query-input\":{\"@type\":\"PropertyValueSpecification\",\"valueRequired\":true,\"valueName\":\"search_term_string\"}}],\"inLanguage\":\"en-US\"},{\"@type\":\"Organization\",\"@id\":\"https:\\\/\\\/www.paysdesecrins.com\\\/en\\\/#organization\",\"name\":\"Pays des \u00c9crins - Office de Tourisme\",\"url\":\"https:\\\/\\\/www.paysdesecrins.com\\\/en\\\/\",\"logo\":{\"@type\":\"ImageObject\",\"inLanguage\":\"en-US\",\"@id\":\"https:\\\/\\\/www.paysdesecrins.com\\\/en\\\/#\\\/schema\\\/logo\\\/image\\\/\",\"url\":\"https:\\\/\\\/www.paysdesecrins.com\\\/wp-content\\\/uploads\\\/2025\\\/06\\\/devina-svg-1750845694.svg\",\"contentUrl\":\"https:\\\/\\\/www.paysdesecrins.com\\\/wp-content\\\/uploads\\\/2025\\\/06\\\/devina-svg-1750845694.svg\",\"caption\":\"Pays des \u00c9crins - Office de Tourisme\"},\"image\":{\"@id\":\"https:\\\/\\\/www.paysdesecrins.com\\\/en\\\/#\\\/schema\\\/logo\\\/image\\\/\"}}]}<\/script>\n<!-- \/ Yoast SEO plugin. -->","yoast_head_json":{"title":"All our stays - Pays des \u00c9crins - Office de Tourisme","robots":{"index":"index","follow":"follow","max-snippet":"max-snippet:-1","max-image-preview":"max-image-preview:large","max-video-preview":"max-video-preview:-1"},"canonical":"https:\/\/www.paysdesecrins.com\/en\/stays\/","og_locale":"en_US","og_type":"article","og_title":"All our stays - Pays des \u00c9crins - Office de Tourisme","og_description":"See all the holidays we offer below and contact us at reservation@paysdesecrins.com for a quote. Use the &#8220;filters&#8221; option below [&hellip;]","og_url":"https:\/\/www.paysdesecrins.com\/en\/stays\/","og_site_name":"Pays des \u00c9crins - Office de Tourisme","article_modified_time":"2026-04-10T12:32:42+00:00","og_image":[{"width":2560,"height":1706,"url":"https:\/\/www.paysdesecrins.com\/wp-content\/uploads\/2025\/08\/photos-kinaphoto-pelvoux-journe-e-1-2025-hd66-scaled.jpg","type":"image\/jpeg"}],"twitter_card":"summary_large_image","schema":{"@context":"https:\/\/schema.org","@graph":[{"@type":"WebPage","@id":"https:\/\/www.paysdesecrins.com\/en\/stays\/","url":"https:\/\/www.paysdesecrins.com\/en\/stays\/","name":"All our stays - Pays des \u00c9crins - Office de Tourisme","isPartOf":{"@id":"https:\/\/www.paysdesecrins.com\/en\/#website"},"primaryImageOfPage":{"@id":"https:\/\/www.paysdesecrins.com\/en\/stays\/#primaryimage"},"image":{"@id":"https:\/\/www.paysdesecrins.com\/en\/stays\/#primaryimage"},"thumbnailUrl":"https:\/\/www.paysdesecrins.com\/wp-content\/uploads\/2025\/08\/photos-kinaphoto-pelvoux-journe-e-1-2025-hd66-scaled.jpg","datePublished":"2025-07-25T14:04:05+00:00","dateModified":"2026-04-10T12:32:42+00:00","breadcrumb":{"@id":"https:\/\/www.paysdesecrins.com\/en\/stays\/#breadcrumb"},"inLanguage":"en-US","potentialAction":[{"@type":"ReadAction","target":["https:\/\/www.paysdesecrins.com\/en\/stays\/"]}]},{"@type":"ImageObject","inLanguage":"en-US","@id":"https:\/\/www.paysdesecrins.com\/en\/stays\/#primaryimage","url":"https:\/\/www.paysdesecrins.com\/wp-content\/uploads\/2025\/08\/photos-kinaphoto-pelvoux-journe-e-1-2025-hd66-scaled.jpg","contentUrl":"https:\/\/www.paysdesecrins.com\/wp-content\/uploads\/2025\/08\/photos-kinaphoto-pelvoux-journe-e-1-2025-hd66-scaled.jpg","width":2560,"height":1706},{"@type":"BreadcrumbList","@id":"https:\/\/www.paysdesecrins.com\/en\/stays\/#breadcrumb","itemListElement":[{"@type":"ListItem","position":1,"name":"Home","item":"https:\/\/www.paysdesecrins.com\/en\/the-title-of-the-home\/"},{"@type":"ListItem","position":2,"name":"All our stays"}]},{"@type":"WebSite","@id":"https:\/\/www.paysdesecrins.com\/en\/#website","url":"https:\/\/www.paysdesecrins.com\/en\/","name":"Pays des \u00c9crins - Office de Tourisme","description":"L&#039;esprit montagne","publisher":{"@id":"https:\/\/www.paysdesecrins.com\/en\/#organization"},"potentialAction":[{"@type":"SearchAction","target":{"@type":"EntryPoint","urlTemplate":"https:\/\/www.paysdesecrins.com\/en\/?s={search_term_string}"},"query-input":{"@type":"PropertyValueSpecification","valueRequired":true,"valueName":"search_term_string"}}],"inLanguage":"en-US"},{"@type":"Organization","@id":"https:\/\/www.paysdesecrins.com\/en\/#organization","name":"Pays des \u00c9crins - Office de Tourisme","url":"https:\/\/www.paysdesecrins.com\/en\/","logo":{"@type":"ImageObject","inLanguage":"en-US","@id":"https:\/\/www.paysdesecrins.com\/en\/#\/schema\/logo\/image\/","url":"https:\/\/www.paysdesecrins.com\/wp-content\/uploads\/2025\/06\/devina-svg-1750845694.svg","contentUrl":"https:\/\/www.paysdesecrins.com\/wp-content\/uploads\/2025\/06\/devina-svg-1750845694.svg","caption":"Pays des \u00c9crins - Office de Tourisme"},"image":{"@id":"https:\/\/www.paysdesecrins.com\/en\/#\/schema\/logo\/image\/"}}]}},"_links":{"self":[{"href":"https:\/\/www.paysdesecrins.com\/en\/wp-json\/wp\/v2\/pages\/44266","targetHints":{"allow":["GET"]}}],"collection":[{"href":"https:\/\/www.paysdesecrins.com\/en\/wp-json\/wp\/v2\/pages"}],"about":[{"href":"https:\/\/www.paysdesecrins.com\/en\/wp-json\/wp\/v2\/types\/page"}],"author":[{"embeddable":true,"href":"https:\/\/www.paysdesecrins.com\/en\/wp-json\/wp\/v2\/users\/1"}],"replies":[{"embeddable":true,"href":"https:\/\/www.paysdesecrins.com\/en\/wp-json\/wp\/v2\/comments?post=44266"}],"version-history":[{"count":2,"href":"https:\/\/www.paysdesecrins.com\/en\/wp-json\/wp\/v2\/pages\/44266\/revisions"}],"predecessor-version":[{"id":234998,"href":"https:\/\/www.paysdesecrins.com\/en\/wp-json\/wp\/v2\/pages\/44266\/revisions\/234998"}],"wp:featuredmedia":[{"embeddable":true,"href":"https:\/\/www.paysdesecrins.com\/en\/wp-json\/wp\/v2\/media\/71661"}],"wp:attachment":[{"href":"https:\/\/www.paysdesecrins.com\/en\/wp-json\/wp\/v2\/media?parent=44266"}],"curies":[{"name":"wp","href":"https:\/\/api.w.org\/{rel}","templated":true}]}}