{"id":44310,"date":"2025-07-25T11:13:53","date_gmt":"2025-07-25T09:13:53","guid":{"rendered":"https:\/\/www.paysdesecrins.com\/hiking-and-bivouac-in-freissinieres\/"},"modified":"2025-08-18T15:31:54","modified_gmt":"2025-08-18T13:31:54","slug":"hiking-and-bivouac-in-freissinieres","status":"publish","type":"page","link":"https:\/\/www.paysdesecrins.com\/en\/my-desire-to\/mountain\/hiking-and-bivouac-in-freissinieres\/","title":{"rendered":"Hiking and Bivouac in Freissini\u00e8res"},"content":{"rendered":"    <div class=\"alignfull wp-block-ws-library-ws-header-interne\">\n\t    <div class=\"header-container\">\n\t        <div class=\"group-media has-image\">\n\t            \t                <img loading=\"lazy\" decoding=\"async\" width=\"1920\" height=\"800\" src=\"https:\/\/www.paysdesecrins.com\/wp-content\/uploads\/2025\/07\/bivouac-au-lac-faravel-et-boucle-des-3-lacs-13-1920x800.jpg\" alt=\"\" class=\"image_large_square wp-image-42187\" \/>\n\t            \t        <\/div>\n\t        <div class=\"group-content\">\n\t            <div class=\"title\">\n\t                <h1>\n\t                    Hiking and Bivouac in Freissini\u00e8res\t                    \t                <\/h1>\n\t            <\/div>\n\t        <\/div>\n\t    <\/div>\n\t    \n<div class=\"yoast-breadcrumbs\"><span><span><a href=\"https:\/\/www.paysdesecrins.com\/en\/the-title-of-the-home\/\">Home<\/a><\/span>  <span><a href=\"https:\/\/www.paysdesecrins.com\/en\/my-desire-to\/\">My desire to<\/a><\/span>  <span><a href=\"https:\/\/www.paysdesecrins.com\/en\/my-desire-to\/mountain\/\">My desire for the mountains<\/a><\/span>  <span class=\"breadcrumb_last\" aria-current=\"page\">Hiking and Bivouac in Freissini\u00e8res<\/span><\/span><\/div>\n    <\/div>\n    \n<div class=\"wp-block-ws-library-ws-title aligncenter is-style-simple\"><h2><em>Micro-adventure<\/em><strong>Reconnecting on the shores of the lake&#8230;<\/strong><\/h2><\/div>\n\n<p class=\"has-text-align-center\"><strong>What if you took the time to reconnect?  <\/strong><\/p>\n\n<p>It is at <strong>an altitude of 1990 m, in the heart of the \u00c9crins National Park<\/strong> that your <strong>adventure<\/strong> begins, with <strong>Lake Fangeas<\/strong> for a short <strong>refreshing break<\/strong> before reaching <strong>Lake Faravel<\/strong>, an <strong>ideal point of view for sunrises. <\/strong> <\/p>\n\n<p>During your ascent, you will be able to meet the <strong>different waterways<\/strong>, accompanied by <strong>sumptuous waterfalls<\/strong> that run along the route to reach the lake.  <\/p>\n\n<p class=\"has-text-align-center\">You will have to <strong>open your eyes<\/strong> so as not to miss <strong>the little gems<\/strong> that the <strong>surrounding nature<\/strong> offers.  <\/p>\n\n<div class=\"wp-block-ws-library-ws-slider alignwide\"><div class=\"splide\" data-splide=\"{\"type\":\"slide\",\"heightRatio\":\"auto\",\"perPage\":4,\"perMove\":1,\"drag\":true,\"pagination\":0,\"autoplay\":false,\"gap\":\"15px\",\"breakpoints\":{\"450\":{\"perPage\":1},\"768\":{\"perPage\":2},\"992\":{\"perPage\":3},\"1200\":{\"perPage\":4}}}\"><div class=\"splide__track\"><div class=\"splide__list\"><div class=\"splide__slide\"><a href=\"https:\/\/www.paysdesecrins.com\/wp-content\/uploads\/2025\/08\/bivouac-au-lac-fangeas13-scaled.jpg\" data-glightbox=\"true\" class=\"lightbox-trigger\"><img decoding=\"async\" src=\"https:\/\/www.paysdesecrins.com\/wp-content\/uploads\/2025\/08\/bivouac-au-lac-fangeas13-400x400.jpg\" alt=\"\"><\/a><\/div><div class=\"splide__slide\"><a href=\"https:\/\/www.paysdesecrins.com\/wp-content\/uploads\/2025\/08\/dsc04709-scaled.jpg\" data-glightbox=\"true\" class=\"lightbox-trigger\"><img decoding=\"async\" src=\"https:\/\/www.paysdesecrins.com\/wp-content\/uploads\/2025\/08\/dsc04709-400x400.jpg\" alt=\"\"><\/a><\/div><div class=\"splide__slide\"><a href=\"https:\/\/www.paysdesecrins.com\/wp-content\/uploads\/2025\/08\/dsc04448-scaled.jpg\" data-glightbox=\"true\" class=\"lightbox-trigger\"><img decoding=\"async\" src=\"https:\/\/www.paysdesecrins.com\/wp-content\/uploads\/2025\/08\/dsc04448-400x400.jpg\" alt=\"\"><\/a><\/div><div class=\"splide__slide\"><a href=\"https:\/\/www.paysdesecrins.com\/wp-content\/uploads\/2025\/08\/bivouac-au-lac-fangeas29-scaled.jpg\" data-glightbox=\"true\" class=\"lightbox-trigger\"><img decoding=\"async\" src=\"https:\/\/www.paysdesecrins.com\/wp-content\/uploads\/2025\/08\/bivouac-au-lac-fangeas29-400x400.jpg\" alt=\"\"><\/a><\/div><\/div><\/div><\/div><\/div>\n\n<div class=\"wp-block-ws-library-ws-columns alignwide has-2-columns are-vertically-aligned-center layout-5050 is-style-background\">\n<div class=\"wp-block-ws-library-ws-column\"><div class=\"wrapper\">\n<div class=\"wp-block-ws-library-ws-title\"><h3>ONCE UPON A TIME UNDER THE MILKY WAY&#8230;<\/h3><\/div>\n\n\n\n<p class=\"has-text-align-center\">Once you get to the top, you will be able to feel <strong>that feeling of fulfillment<\/strong>.  <\/p>\n\n\n\n<p>While enjoying the <strong>majestic sunset<\/strong>, it&#8217;s time to <strong>set up your tent<\/strong>, before night falls. A hot meal in your stomach, all you have to do is wrap <strong>yourself up in your sleeping bag, it&#8217;s<\/strong> time to fall into the arms of Morpheus.   <\/p>\n\n\n\n<p class=\"has-text-align-center\">A <strong>unique experience<\/strong>, which you will share for a night, with yourself, <strong>in the heart of the \u00c9crins National Park<\/strong>.<\/p>\n<\/div><\/div>\n\n\n\n<div class=\"wp-block-ws-library-ws-column\"><div class=\"wrapper\">\n<div class=\"wp-block-ws-library-ws-image\"><div class=\"wrapper\"><div class=\"group-media\"><img decoding=\"async\" src=\"https:\/\/www.paysdesecrins.com\/wp-content\/uploads\/2025\/07\/bivouac-au-lac-faravel-et-boucle-des-3-lacs-1-3-960x640.jpg\" alt=\"\" class=\"single_image ws-image-42202\"><div class=\"credits\"><\/div><\/div><p class=\"caption\"><\/p><\/div><\/div>\n<\/div><\/div>\n<\/div>\n\n<div class=\"wp-block-ws-library-ws-slider alignwide\"><div class=\"splide\" data-splide=\"{\"type\":\"slide\",\"heightRatio\":\"auto\",\"perPage\":4,\"perMove\":1,\"drag\":true,\"pagination\":0,\"autoplay\":false,\"gap\":\"15px\",\"breakpoints\":{\"450\":{\"perPage\":1},\"768\":{\"perPage\":2},\"992\":{\"perPage\":3},\"1200\":{\"perPage\":4}}}\"><div class=\"splide__track\"><div class=\"splide__list\"><div class=\"splide__slide\"><a href=\"https:\/\/www.paysdesecrins.com\/wp-content\/uploads\/2025\/07\/16sitesdexception-lacs-randonnee-rogiervanrijn-lac-fangeas-dsc05046-scaled.jpg\" data-glightbox=\"true\" class=\"lightbox-trigger\"><img decoding=\"async\" src=\"https:\/\/www.paysdesecrins.com\/wp-content\/uploads\/2025\/07\/16sitesdexception-lacs-randonnee-rogiervanrijn-lac-fangeas-dsc05046-400x400.jpg\" alt=\"\"><\/a><\/div><div class=\"splide__slide\"><a href=\"https:\/\/www.paysdesecrins.com\/wp-content\/uploads\/2025\/08\/dsc05178-enhanced-nr-scaled.jpg\" data-glightbox=\"true\" class=\"lightbox-trigger\"><img decoding=\"async\" src=\"https:\/\/www.paysdesecrins.com\/wp-content\/uploads\/2025\/08\/dsc05178-enhanced-nr-400x400.jpg\" alt=\"\"><\/a><\/div><div class=\"splide__slide\"><a href=\"https:\/\/www.paysdesecrins.com\/wp-content\/uploads\/2025\/08\/dsc04386-scaled.jpg\" data-glightbox=\"true\" class=\"lightbox-trigger\"><img decoding=\"async\" src=\"https:\/\/www.paysdesecrins.com\/wp-content\/uploads\/2025\/08\/dsc04386-400x400.jpg\" alt=\"\"><\/a><\/div><div class=\"splide__slide\"><a href=\"https:\/\/www.paysdesecrins.com\/wp-content\/uploads\/2025\/07\/151rando-famille-rogiervanrijn-lac-fangeas-dsc04230-scaled.jpg\" data-glightbox=\"true\" class=\"lightbox-trigger\"><img decoding=\"async\" src=\"https:\/\/www.paysdesecrins.com\/wp-content\/uploads\/2025\/07\/151rando-famille-rogiervanrijn-lac-fangeas-dsc04230-400x400.jpg\" alt=\"\"><\/a><\/div><\/div><\/div><\/div><\/div>\n\n<div class=\"wp-block-ws-library-ws-title aligncenter\"><h3><strong>THE SHADOW PUPPETS OF THE JEWEL CASES&#8230;<\/strong><\/h3><\/div>\n\n<p class=\"has-text-align-center\"><strong>Between dog and wolf<\/strong>, the stars are still perceptible. <strong>Nature is calm<\/strong>. Only a few moments left before <strong>sunrise<\/strong>, the beginning of this <strong>magnificent show<\/strong> that will be offered to you.   <\/p>\n\n<p class=\"has-text-align-center\">When the <strong>first rays<\/strong> appear,<strong> the sky turns indigo<\/strong>. It is <strong>a delicate mixture<\/strong> of orange, pink, and blue, which will make the stars disappear in the sky one by one. After that, it&#8217;s only a matter of seconds before <strong>the world fully wakes up.<\/strong>   <\/p>\n\n<div class=\"wp-block-ws-library-ws-video\"><div class=\"wrapper\"><div class=\"group-media\">\n<figure class=\"wp-block-embed is-type-video is-provider-youtube wp-block-embed-youtube\"><div class=\"wp-block-embed__wrapper\">\n<iframe loading=\"lazy\" title=\"Randonn\u00e9e bivouac \u00e0 Freissini\u00e8res\" width=\"500\" height=\"281\" src=\"https:\/\/www.youtube.com\/embed\/4I38I2ITLWs?feature=oembed\" frameborder=\"0\" allow=\"accelerometer; autoplay; clipboard-write; encrypted-media; gyroscope; picture-in-picture; web-share\" referrerpolicy=\"strict-origin-when-cross-origin\" allowfullscreen><\/iframe>\n<\/div><\/figure>\n<\/div><\/div><\/div>\n\n<div class=\"wp-block-ws-library-ws-share\"><span class=\"share-subtitle\">Did you like this page?<\/span><span class=\"share-title\">Share it!<\/span><button class=\"ws-share-button wp-element-button\">Share this page<\/button><\/div>\n","protected":false},"excerpt":{"rendered":"<p>What if you took the time to reconnect? It is at an altitude of 1990 m, in the heart of [&hellip;]<\/p>\n","protected":false},"author":9,"featured_media":42194,"parent":44577,"menu_order":0,"comment_status":"closed","ping_status":"closed","template":"","meta":{"_thumbnail_id_2":0,"summer_excerpt":"","season":"","station":"","footnotes":""},"class_list":["post-44310","page","type-page","status-publish","has-post-thumbnail","hentry"],"yoast_head":"<!-- This site is optimized with the Yoast SEO plugin v27.3 - https:\/\/yoast.com\/product\/yoast-seo-wordpress\/ -->\n<title>Hiking and Bivouac in Freissini\u00e8res - Pays des \u00c9crins - Office de Tourisme<\/title>\n<meta name=\"robots\" content=\"index, follow, max-snippet:-1, max-image-preview:large, max-video-preview:-1\" \/>\n<link rel=\"canonical\" href=\"https:\/\/www.paysdesecrins.com\/en\/my-desire-to\/mountain\/hiking-and-bivouac-in-freissinieres\/\" \/>\n<meta property=\"og:locale\" content=\"en_US\" \/>\n<meta property=\"og:type\" content=\"article\" \/>\n<meta property=\"og:title\" content=\"Hiking and Bivouac in Freissini\u00e8res - Pays des \u00c9crins - Office de Tourisme\" \/>\n<meta property=\"og:description\" content=\"What if you took the time to reconnect? It is at an altitude of 1990 m, in the heart of [&hellip;]\" \/>\n<meta property=\"og:url\" content=\"https:\/\/www.paysdesecrins.com\/en\/my-desire-to\/mountain\/hiking-and-bivouac-in-freissinieres\/\" \/>\n<meta property=\"og:site_name\" content=\"Pays des \u00c9crins - Office de Tourisme\" \/>\n<meta property=\"article:modified_time\" content=\"2025-08-18T13:31:54+00:00\" \/>\n<meta property=\"og:image\" content=\"https:\/\/www.paysdesecrins.com\/wp-content\/uploads\/2025\/07\/bivouac-au-lac-faravel-et-boucle-des-3-lacs-13-1-scaled.jpg\" \/>\n\t<meta property=\"og:image:width\" content=\"2560\" \/>\n\t<meta property=\"og:image:height\" content=\"1707\" \/>\n\t<meta property=\"og:image:type\" content=\"image\/jpeg\" \/>\n<meta name=\"twitter:card\" content=\"summary_large_image\" \/>\n<meta name=\"twitter:label1\" content=\"Est. reading time\" \/>\n\t<meta name=\"twitter:data1\" content=\"1 minute\" \/>\n<script type=\"application\/ld+json\" class=\"yoast-schema-graph\">{\"@context\":\"https:\\\/\\\/schema.org\",\"@graph\":[{\"@type\":\"WebPage\",\"@id\":\"https:\\\/\\\/www.paysdesecrins.com\\\/en\\\/my-desire-to\\\/mountain\\\/hiking-and-bivouac-in-freissinieres\\\/\",\"url\":\"https:\\\/\\\/www.paysdesecrins.com\\\/en\\\/my-desire-to\\\/mountain\\\/hiking-and-bivouac-in-freissinieres\\\/\",\"name\":\"Hiking and Bivouac in Freissini\u00e8res - Pays des \u00c9crins - Office de Tourisme\",\"isPartOf\":{\"@id\":\"https:\\\/\\\/www.paysdesecrins.com\\\/en\\\/#website\"},\"primaryImageOfPage\":{\"@id\":\"https:\\\/\\\/www.paysdesecrins.com\\\/en\\\/my-desire-to\\\/mountain\\\/hiking-and-bivouac-in-freissinieres\\\/#primaryimage\"},\"image\":{\"@id\":\"https:\\\/\\\/www.paysdesecrins.com\\\/en\\\/my-desire-to\\\/mountain\\\/hiking-and-bivouac-in-freissinieres\\\/#primaryimage\"},\"thumbnailUrl\":\"https:\\\/\\\/www.paysdesecrins.com\\\/wp-content\\\/uploads\\\/2025\\\/07\\\/bivouac-au-lac-faravel-et-boucle-des-3-lacs-13-1-scaled.jpg\",\"datePublished\":\"2025-07-25T09:13:53+00:00\",\"dateModified\":\"2025-08-18T13:31:54+00:00\",\"breadcrumb\":{\"@id\":\"https:\\\/\\\/www.paysdesecrins.com\\\/en\\\/my-desire-to\\\/mountain\\\/hiking-and-bivouac-in-freissinieres\\\/#breadcrumb\"},\"inLanguage\":\"en-US\",\"potentialAction\":[{\"@type\":\"ReadAction\",\"target\":[\"https:\\\/\\\/www.paysdesecrins.com\\\/en\\\/my-desire-to\\\/mountain\\\/hiking-and-bivouac-in-freissinieres\\\/\"]}]},{\"@type\":\"ImageObject\",\"inLanguage\":\"en-US\",\"@id\":\"https:\\\/\\\/www.paysdesecrins.com\\\/en\\\/my-desire-to\\\/mountain\\\/hiking-and-bivouac-in-freissinieres\\\/#primaryimage\",\"url\":\"https:\\\/\\\/www.paysdesecrins.com\\\/wp-content\\\/uploads\\\/2025\\\/07\\\/bivouac-au-lac-faravel-et-boucle-des-3-lacs-13-1-scaled.jpg\",\"contentUrl\":\"https:\\\/\\\/www.paysdesecrins.com\\\/wp-content\\\/uploads\\\/2025\\\/07\\\/bivouac-au-lac-faravel-et-boucle-des-3-lacs-13-1-scaled.jpg\",\"width\":2560,\"height\":1707},{\"@type\":\"BreadcrumbList\",\"@id\":\"https:\\\/\\\/www.paysdesecrins.com\\\/en\\\/my-desire-to\\\/mountain\\\/hiking-and-bivouac-in-freissinieres\\\/#breadcrumb\",\"itemListElement\":[{\"@type\":\"ListItem\",\"position\":1,\"name\":\"Home\",\"item\":\"https:\\\/\\\/www.paysdesecrins.com\\\/en\\\/the-title-of-the-home\\\/\"},{\"@type\":\"ListItem\",\"position\":2,\"name\":\"My desire to\",\"item\":\"https:\\\/\\\/www.paysdesecrins.com\\\/en\\\/my-desire-to\\\/\"},{\"@type\":\"ListItem\",\"position\":3,\"name\":\"My desire for the mountains\",\"item\":\"https:\\\/\\\/www.paysdesecrins.com\\\/en\\\/my-desire-to\\\/mountain\\\/\"},{\"@type\":\"ListItem\",\"position\":4,\"name\":\"Hiking and Bivouac in Freissini\u00e8res\"}]},{\"@type\":\"WebSite\",\"@id\":\"https:\\\/\\\/www.paysdesecrins.com\\\/en\\\/#website\",\"url\":\"https:\\\/\\\/www.paysdesecrins.com\\\/en\\\/\",\"name\":\"Pays des \u00c9crins - Office de Tourisme\",\"description\":\"L&#039;esprit montagne\",\"publisher\":{\"@id\":\"https:\\\/\\\/www.paysdesecrins.com\\\/en\\\/#organization\"},\"potentialAction\":[{\"@type\":\"SearchAction\",\"target\":{\"@type\":\"EntryPoint\",\"urlTemplate\":\"https:\\\/\\\/www.paysdesecrins.com\\\/en\\\/?s={search_term_string}\"},\"query-input\":{\"@type\":\"PropertyValueSpecification\",\"valueRequired\":true,\"valueName\":\"search_term_string\"}}],\"inLanguage\":\"en-US\"},{\"@type\":\"Organization\",\"@id\":\"https:\\\/\\\/www.paysdesecrins.com\\\/en\\\/#organization\",\"name\":\"Pays des \u00c9crins - Office de Tourisme\",\"url\":\"https:\\\/\\\/www.paysdesecrins.com\\\/en\\\/\",\"logo\":{\"@type\":\"ImageObject\",\"inLanguage\":\"en-US\",\"@id\":\"https:\\\/\\\/www.paysdesecrins.com\\\/en\\\/#\\\/schema\\\/logo\\\/image\\\/\",\"url\":\"https:\\\/\\\/www.paysdesecrins.com\\\/wp-content\\\/uploads\\\/2025\\\/06\\\/devina-svg-1750845694.svg\",\"contentUrl\":\"https:\\\/\\\/www.paysdesecrins.com\\\/wp-content\\\/uploads\\\/2025\\\/06\\\/devina-svg-1750845694.svg\",\"caption\":\"Pays des \u00c9crins - Office de Tourisme\"},\"image\":{\"@id\":\"https:\\\/\\\/www.paysdesecrins.com\\\/en\\\/#\\\/schema\\\/logo\\\/image\\\/\"}}]}<\/script>\n<!-- \/ Yoast SEO plugin. -->","yoast_head_json":{"title":"Hiking and Bivouac in Freissini\u00e8res - Pays des \u00c9crins - Office de Tourisme","robots":{"index":"index","follow":"follow","max-snippet":"max-snippet:-1","max-image-preview":"max-image-preview:large","max-video-preview":"max-video-preview:-1"},"canonical":"https:\/\/www.paysdesecrins.com\/en\/my-desire-to\/mountain\/hiking-and-bivouac-in-freissinieres\/","og_locale":"en_US","og_type":"article","og_title":"Hiking and Bivouac in Freissini\u00e8res - Pays des \u00c9crins - Office de Tourisme","og_description":"What if you took the time to reconnect? It is at an altitude of 1990 m, in the heart of [&hellip;]","og_url":"https:\/\/www.paysdesecrins.com\/en\/my-desire-to\/mountain\/hiking-and-bivouac-in-freissinieres\/","og_site_name":"Pays des \u00c9crins - Office de Tourisme","article_modified_time":"2025-08-18T13:31:54+00:00","og_image":[{"width":2560,"height":1707,"url":"https:\/\/www.paysdesecrins.com\/wp-content\/uploads\/2025\/07\/bivouac-au-lac-faravel-et-boucle-des-3-lacs-13-1-scaled.jpg","type":"image\/jpeg"}],"twitter_card":"summary_large_image","twitter_misc":{"Est. reading time":"1 minute"},"schema":{"@context":"https:\/\/schema.org","@graph":[{"@type":"WebPage","@id":"https:\/\/www.paysdesecrins.com\/en\/my-desire-to\/mountain\/hiking-and-bivouac-in-freissinieres\/","url":"https:\/\/www.paysdesecrins.com\/en\/my-desire-to\/mountain\/hiking-and-bivouac-in-freissinieres\/","name":"Hiking and Bivouac in Freissini\u00e8res - Pays des \u00c9crins - Office de Tourisme","isPartOf":{"@id":"https:\/\/www.paysdesecrins.com\/en\/#website"},"primaryImageOfPage":{"@id":"https:\/\/www.paysdesecrins.com\/en\/my-desire-to\/mountain\/hiking-and-bivouac-in-freissinieres\/#primaryimage"},"image":{"@id":"https:\/\/www.paysdesecrins.com\/en\/my-desire-to\/mountain\/hiking-and-bivouac-in-freissinieres\/#primaryimage"},"thumbnailUrl":"https:\/\/www.paysdesecrins.com\/wp-content\/uploads\/2025\/07\/bivouac-au-lac-faravel-et-boucle-des-3-lacs-13-1-scaled.jpg","datePublished":"2025-07-25T09:13:53+00:00","dateModified":"2025-08-18T13:31:54+00:00","breadcrumb":{"@id":"https:\/\/www.paysdesecrins.com\/en\/my-desire-to\/mountain\/hiking-and-bivouac-in-freissinieres\/#breadcrumb"},"inLanguage":"en-US","potentialAction":[{"@type":"ReadAction","target":["https:\/\/www.paysdesecrins.com\/en\/my-desire-to\/mountain\/hiking-and-bivouac-in-freissinieres\/"]}]},{"@type":"ImageObject","inLanguage":"en-US","@id":"https:\/\/www.paysdesecrins.com\/en\/my-desire-to\/mountain\/hiking-and-bivouac-in-freissinieres\/#primaryimage","url":"https:\/\/www.paysdesecrins.com\/wp-content\/uploads\/2025\/07\/bivouac-au-lac-faravel-et-boucle-des-3-lacs-13-1-scaled.jpg","contentUrl":"https:\/\/www.paysdesecrins.com\/wp-content\/uploads\/2025\/07\/bivouac-au-lac-faravel-et-boucle-des-3-lacs-13-1-scaled.jpg","width":2560,"height":1707},{"@type":"BreadcrumbList","@id":"https:\/\/www.paysdesecrins.com\/en\/my-desire-to\/mountain\/hiking-and-bivouac-in-freissinieres\/#breadcrumb","itemListElement":[{"@type":"ListItem","position":1,"name":"Home","item":"https:\/\/www.paysdesecrins.com\/en\/the-title-of-the-home\/"},{"@type":"ListItem","position":2,"name":"My desire to","item":"https:\/\/www.paysdesecrins.com\/en\/my-desire-to\/"},{"@type":"ListItem","position":3,"name":"My desire for the mountains","item":"https:\/\/www.paysdesecrins.com\/en\/my-desire-to\/mountain\/"},{"@type":"ListItem","position":4,"name":"Hiking and Bivouac in Freissini\u00e8res"}]},{"@type":"WebSite","@id":"https:\/\/www.paysdesecrins.com\/en\/#website","url":"https:\/\/www.paysdesecrins.com\/en\/","name":"Pays des \u00c9crins - Office de Tourisme","description":"L&#039;esprit montagne","publisher":{"@id":"https:\/\/www.paysdesecrins.com\/en\/#organization"},"potentialAction":[{"@type":"SearchAction","target":{"@type":"EntryPoint","urlTemplate":"https:\/\/www.paysdesecrins.com\/en\/?s={search_term_string}"},"query-input":{"@type":"PropertyValueSpecification","valueRequired":true,"valueName":"search_term_string"}}],"inLanguage":"en-US"},{"@type":"Organization","@id":"https:\/\/www.paysdesecrins.com\/en\/#organization","name":"Pays des \u00c9crins - Office de Tourisme","url":"https:\/\/www.paysdesecrins.com\/en\/","logo":{"@type":"ImageObject","inLanguage":"en-US","@id":"https:\/\/www.paysdesecrins.com\/en\/#\/schema\/logo\/image\/","url":"https:\/\/www.paysdesecrins.com\/wp-content\/uploads\/2025\/06\/devina-svg-1750845694.svg","contentUrl":"https:\/\/www.paysdesecrins.com\/wp-content\/uploads\/2025\/06\/devina-svg-1750845694.svg","caption":"Pays des \u00c9crins - Office de Tourisme"},"image":{"@id":"https:\/\/www.paysdesecrins.com\/en\/#\/schema\/logo\/image\/"}}]}},"_links":{"self":[{"href":"https:\/\/www.paysdesecrins.com\/en\/wp-json\/wp\/v2\/pages\/44310","targetHints":{"allow":["GET"]}}],"collection":[{"href":"https:\/\/www.paysdesecrins.com\/en\/wp-json\/wp\/v2\/pages"}],"about":[{"href":"https:\/\/www.paysdesecrins.com\/en\/wp-json\/wp\/v2\/types\/page"}],"author":[{"embeddable":true,"href":"https:\/\/www.paysdesecrins.com\/en\/wp-json\/wp\/v2\/users\/9"}],"replies":[{"embeddable":true,"href":"https:\/\/www.paysdesecrins.com\/en\/wp-json\/wp\/v2\/comments?post=44310"}],"version-history":[{"count":2,"href":"https:\/\/www.paysdesecrins.com\/en\/wp-json\/wp\/v2\/pages\/44310\/revisions"}],"predecessor-version":[{"id":102541,"href":"https:\/\/www.paysdesecrins.com\/en\/wp-json\/wp\/v2\/pages\/44310\/revisions\/102541"}],"up":[{"embeddable":true,"href":"https:\/\/www.paysdesecrins.com\/en\/wp-json\/wp\/v2\/pages\/44577"}],"wp:featuredmedia":[{"embeddable":true,"href":"https:\/\/www.paysdesecrins.com\/en\/wp-json\/wp\/v2\/media\/42194"}],"wp:attachment":[{"href":"https:\/\/www.paysdesecrins.com\/en\/wp-json\/wp\/v2\/media?parent=44310"}],"curies":[{"name":"wp","href":"https:\/\/api.w.org\/{rel}","templated":true}]}}