{"id":44330,"date":"2025-07-25T10:31:22","date_gmt":"2025-07-25T08:31:22","guid":{"rendered":"https:\/\/www.paysdesecrins.com\/discovering-mont-pelvoux\/"},"modified":"2025-08-01T10:35:45","modified_gmt":"2025-08-01T08:35:45","slug":"discovering-mont-pelvoux","status":"publish","type":"page","link":"https:\/\/www.paysdesecrins.com\/en\/my-desire-to\/mountain\/discovering-mont-pelvoux\/","title":{"rendered":"Discovering Mont Pelvoux"},"content":{"rendered":"    <div class=\"alignfull wp-block-ws-library-ws-header-interne\">\n\t    <div class=\"header-container\">\n\t        <div class=\"group-media has-image\">\n\t            \t                <img loading=\"lazy\" decoding=\"async\" width=\"1200\" height=\"800\" src=\"https:\/\/www.paysdesecrins.com\/wp-content\/uploads\/2025\/07\/1683901465-1268055648-1-1200x800.jpg\" alt=\"\" class=\"image_large_square wp-image-42584\" srcset=\"https:\/\/www.paysdesecrins.com\/wp-content\/uploads\/2025\/07\/1683901465-1268055648-1-1200x800.jpg 1200w, https:\/\/www.paysdesecrins.com\/wp-content\/uploads\/2025\/07\/1683901465-1268055648-1-960x640.jpg 960w\" sizes=\"auto, (max-width: 1200px) 100vw, 1200px\" \/>\n\t            \t        <\/div>\n\t        <div class=\"group-content\">\n\t            <div class=\"title\">\n\t                <h1>\n\t                    Discovering Mont Pelvoux\t                    \t                <\/h1>\n\t            <\/div>\n\t        <\/div>\n\t    <\/div>\n\t    \n<div class=\"yoast-breadcrumbs\"><span><span><a href=\"https:\/\/www.paysdesecrins.com\/en\/the-title-of-the-home\/\">Home<\/a><\/span>  <span><a href=\"https:\/\/www.paysdesecrins.com\/en\/my-desire-to\/\">My desire to<\/a><\/span>  <span><a href=\"https:\/\/www.paysdesecrins.com\/en\/my-desire-to\/mountain\/\">My desire for the mountains<\/a><\/span>  <span class=\"breadcrumb_last\" aria-current=\"page\">Discovering Mont Pelvoux<\/span><\/span><\/div>\n    <\/div>\n    \n<div class=\"wp-block-ws-library-ws-title aligncenter is-style-simple\"><h2><em>Micro-adventure<\/em>The story of an epic story between friends<\/h2><\/div>\n\n<p class=\"has-text-align-center\">We are in <strong>Vallouise<\/strong> for four months, so it was unthinkable to leave without having rubbed shoulders with the most mythical peaks of the valley, on skis or on foot. The <strong>\u00c9crins massif<\/strong> is full of superb races, desirable peaks and beautiful sharp ridges. After <strong>Roche Faurio<\/strong>, the <strong>D\u00f4me des \u00c9crins<\/strong> and the crossing of the <strong>D\u00f4mes de Mon\u00eatier<\/strong> for the day, we then set off to attack <strong>Mont Pelvoux<\/strong>, culminating at 3943 m above sea level.  <\/p>\n\n<p class=\"has-text-align-center\">What could be better than sharing this summit with two friends, Fred and Julie, who came especially to discover the area. After a day of warm-up &#8211; crossing the D\u00f4mes de Mon\u00eatier for the day, from the Pr\u00e9 de Madame Carle to <strong>the Eychauda valley<\/strong> &#8211; we took the road towards <strong>Ailefroide<\/strong>. <\/p>\n\n<div class=\"wp-block-ws-library-ws-columns alignwide has-2-columns are-vertically-aligned-center layout-5050 is-style-background\">\n<div class=\"wp-block-ws-library-ws-column\"><div class=\"wrapper\">\n<div class=\"wp-block-ws-library-ws-title\"><h3>Head for the Pelvoux refuge&nbsp;<\/h3><\/div>\n\n\n\n<p class=\"has-text-align-center\">For this first day, we have to reach the <strong>Pelvoux refuge<\/strong> located on a rocky promontory at an altitude of 2704 m. From here we have a breathtaking view <strong>of the S\u00e9l\u00e9 valley<\/strong> and the <strong>Agulier ridge<\/strong>. When we arrived at the refuge, we saw in the distance its neighbour, the S\u00e9l\u00e9 refuge, which allowed access to other mythical peaks in the area, such as the<strong> Pointe du S\u00e9l\u00e9<\/strong> or the <strong>Ailefroide Orientale<\/strong>.  <\/p>\n\n\n\n<p class=\"has-text-align-center\">After the 1200 m of elevation gain and the 8 km to be covered to reach the refuge, we are &#8220;delighted&#8221; to spend the evening at 7 degrees, with all the possible thicknesses that we have managed to carry. Yes, it is not yet guarded, we will have to wait until the beginning of June to enjoy the warm welcome of the guards. A little snow in the kitchen for noodles and tea, that&#8217;s something to warm us up. Fortunately, good jokes keep you warm. 8:00 p.m., obligation to go to bed, tomorrow morning&#8217;s wake-up call scheduled for 2:45 a.m., I should say tonight, is not going to be easy.    <\/p>\n<\/div><\/div>\n\n\n\n<div class=\"wp-block-ws-library-ws-column\"><div class=\"wrapper\">\n<div class=\"wp-block-ws-library-ws-image\"><div class=\"wrapper\"><div class=\"group-media\"><img decoding=\"async\" src=\"https:\/\/www.paysdesecrins.com\/wp-content\/uploads\/2025\/07\/1683900470-1977675599-853x640.jpg\" alt=\"\" class=\"single_image ws-image-42030\"><div class=\"credits\"><\/div><\/div><p class=\"caption\"><\/p><\/div><\/div>\n<\/div><\/div>\n<\/div>\n\n<div class=\"wp-block-ws-library-ws-title aligncenter\"><h3>Departure 3:30 am&#8230;&nbsp;<\/h3><\/div>\n\n<p class=\"has-text-align-center\">&#8230; crampons on our feet, headlamps on, everyone roped up to their partner, we are on our way to the summit. The stars and the moon light up the sky and the reliefs, even at night, can be distinguished. We are moving at a good pace, even with this snow still very present in the middle of May: thanks to the refrost of the night for cooperating! Once we have set foot on the<strong> Bosse de Sialouze<\/strong>, we go up the glacier of the same name to the entrance of the famous Coolidge couloir. At this time, I find that going up this couloir is a great way to get to the top. In summer, when it is too much in ice and for more safety, most of the rope teams take the Red Rocks route.     <\/p>\n\n<p class=\"has-text-align-center\">Anyway, although the climb up the couloir requires special attention and a good crampon, I couldn&#8217;t help but admire the sunrise that was unfolding at my back. That morning, the pink and orange hues revealed the grandeur and verticality of these rock faces, still largely covered with snow, while accentuating by contrast, the lightness and finesse of the mist and clouds. <\/p>\n\n<div class=\"wp-block-ws-library-ws-slider alignwide\"><div class=\"splide\" data-splide=\"{\"type\":\"slide\",\"heightRatio\":\"auto\",\"perPage\":4,\"perMove\":1,\"drag\":true,\"pagination\":0,\"autoplay\":false,\"gap\":\"2px\",\"breakpoints\":{\"450\":{\"perPage\":1},\"768\":{\"perPage\":2},\"992\":{\"perPage\":3},\"1200\":{\"perPage\":4}}}\"><div class=\"splide__track\"><div class=\"splide__list\"><div class=\"splide__slide\"><a href=\"https:\/\/www.paysdesecrins.com\/wp-content\/uploads\/2025\/07\/1683901006-1465567740-400x400.jpg\" data-glightbox=\"true\" class=\"lightbox-trigger\"><img decoding=\"async\" src=\"https:\/\/www.paysdesecrins.com\/wp-content\/uploads\/2025\/07\/1683901006-1465567740-400x400.jpg\" alt=\"\"><\/a><\/div><div class=\"splide__slide\"><a href=\"https:\/\/www.paysdesecrins.com\/wp-content\/uploads\/2025\/07\/1683901006-1726694431-400x400.jpg\" data-glightbox=\"true\" class=\"lightbox-trigger\"><img decoding=\"async\" src=\"https:\/\/www.paysdesecrins.com\/wp-content\/uploads\/2025\/07\/1683901006-1726694431-400x400.jpg\" alt=\"\"><\/a><\/div><div class=\"splide__slide\"><a href=\"https:\/\/www.paysdesecrins.com\/wp-content\/uploads\/2025\/07\/1683901006-2122765305-400x400.jpg\" data-glightbox=\"true\" class=\"lightbox-trigger\"><img decoding=\"async\" src=\"https:\/\/www.paysdesecrins.com\/wp-content\/uploads\/2025\/07\/1683901006-2122765305-400x400.jpg\" alt=\"\"><\/a><\/div><div class=\"splide__slide\"><a href=\"https:\/\/www.paysdesecrins.com\/wp-content\/uploads\/2025\/07\/1683901465-176722264-400x400.jpg\" data-glightbox=\"true\" class=\"lightbox-trigger\"><img decoding=\"async\" src=\"https:\/\/www.paysdesecrins.com\/wp-content\/uploads\/2025\/07\/1683901465-176722264-400x400.jpg\" alt=\"\"><\/a><\/div><\/div><\/div><\/div><\/div>\n\n<div class=\"wp-block-ws-library-ws-columns alignwide has-2-columns are-vertically-aligned-center layout-5050 is-style-background\">\n<div class=\"wp-block-ws-library-ws-column\"><div class=\"wrapper\">\n<div class=\"wp-block-ws-library-ws-title\"><h3>Mont Pelvoux in the early morning<\/h3><\/div>\n\n\n\n<p class=\"has-text-align-center\">Making the track in the corridor is a pleasure, I don&#8217;t feel any fatigue. At the end of it, a new panorama appears from Pointe Puiseux. A few more meters to the rocky peak and that&#8217;s it, we&#8217;re there! Above the clouds, we enjoy the sun of this early morning and the view of the <strong>Glacier des Violettes<\/strong>, the <strong>Glacier Noir<\/strong>, the Pic Cooldige, the <strong>Barre des \u00c9crins<\/strong> and all the peaks in the area. The four of us are gathered at the top, we enjoy the moment, suspended in time.    <\/p>\n<\/div><\/div>\n\n\n\n<div class=\"wp-block-ws-library-ws-column\"><div class=\"wrapper\">\n<div class=\"wp-block-ws-library-ws-image\"><div class=\"wrapper\"><div class=\"group-media\"><img decoding=\"async\" src=\"https:\/\/www.paysdesecrins.com\/wp-content\/uploads\/2025\/07\/1683902040-1550715631-480x640.jpg\" alt=\"\" class=\"single_image ws-image-42075\"><div class=\"credits\"><\/div><\/div><p class=\"caption\"><\/p><\/div><\/div>\n<\/div><\/div>\n<\/div>\n\n<div class=\"wp-block-ws-library-ws-title aligncenter\"><h3>Time for the descent&#8230;<\/h3><\/div>\n\n<p class=\"has-text-align-center\">&#8230; by the same route as the ascent for safety reasons: going through the Glacier des Violettes was risky, because the belays located on it to carry out the rappels, could potentially be covered with snow at this time of year.<\/p>\n\n<p>How long this descent is compared to the climb in the night&#8230; 2h30 later, we are back at the refuge, where we take a short lunch break. All we have to do is reach the car park located in Ailefroide. During these two days, we only met chamois, happy to find the mildness of spring, and their comrades the marmots, guardians of the mountain.  <\/p>\n\n<p class=\"has-text-align-center\">I think that&#8217;s why I like to be in the mountains, for the solitude and the surpassing of myself! In any case, it is very tired, but happy with these two beautiful days spent together, that we end the weekend.   <\/p>\n\n<div class=\"wp-block-ws-library-ws-slider alignwide\"><div class=\"splide\" data-splide=\"{\"type\":\"slide\",\"heightRatio\":\"auto\",\"perPage\":4,\"perMove\":1,\"drag\":true,\"pagination\":0,\"autoplay\":false,\"gap\":\"2px\",\"breakpoints\":{\"450\":{\"perPage\":1},\"768\":{\"perPage\":2},\"992\":{\"perPage\":3},\"1200\":{\"perPage\":4}}}\"><div class=\"splide__track\"><div class=\"splide__list\"><div class=\"splide__slide\"><a href=\"https:\/\/www.paysdesecrins.com\/wp-content\/uploads\/2025\/07\/1683902361-197356823-400x400.jpg\" data-glightbox=\"true\" class=\"lightbox-trigger\"><img decoding=\"async\" src=\"https:\/\/www.paysdesecrins.com\/wp-content\/uploads\/2025\/07\/1683902361-197356823-400x400.jpg\" alt=\"\"><\/a><\/div><div class=\"splide__slide\"><a href=\"https:\/\/www.paysdesecrins.com\/wp-content\/uploads\/2025\/07\/1683902361-288093232-400x400.jpg\" data-glightbox=\"true\" class=\"lightbox-trigger\"><img decoding=\"async\" src=\"https:\/\/www.paysdesecrins.com\/wp-content\/uploads\/2025\/07\/1683902361-288093232-400x400.jpg\" alt=\"\"><\/a><\/div><div class=\"splide__slide\"><a href=\"https:\/\/www.paysdesecrins.com\/wp-content\/uploads\/2025\/07\/1683902361-642795080-400x400.jpg\" data-glightbox=\"true\" class=\"lightbox-trigger\"><img decoding=\"async\" src=\"https:\/\/www.paysdesecrins.com\/wp-content\/uploads\/2025\/07\/1683902361-642795080-400x400.jpg\" alt=\"\"><\/a><\/div><\/div><\/div><\/div><\/div>\n\n<p><em>Margaux Claude, GEOTREK Intern<\/em><\/p>\n\n<div class=\"wp-block-ws-library-ws-share\"><span class=\"share-subtitle\">Did you like this page?<\/span><span class=\"share-title\">Share it!<\/span><button class=\"ws-share-button wp-element-button\">Share this page<\/button><\/div>\n","protected":false},"excerpt":{"rendered":"<p>We are in Vallouise for four months, so it was unthinkable to leave without having rubbed shoulders with the most [&hellip;]<\/p>\n","protected":false},"author":9,"featured_media":42037,"parent":44577,"menu_order":0,"comment_status":"closed","ping_status":"closed","template":"","meta":{"_thumbnail_id_2":0,"summer_excerpt":"","season":"","station":"","footnotes":""},"class_list":["post-44330","page","type-page","status-publish","has-post-thumbnail","hentry"],"yoast_head":"<!-- This site is optimized with the Yoast SEO plugin v27.3 - https:\/\/yoast.com\/product\/yoast-seo-wordpress\/ -->\n<title>Discovering Mont Pelvoux - Pays des \u00c9crins - Office de Tourisme<\/title>\n<meta name=\"robots\" content=\"index, follow, max-snippet:-1, max-image-preview:large, max-video-preview:-1\" \/>\n<link rel=\"canonical\" href=\"https:\/\/www.paysdesecrins.com\/en\/my-desire-to\/mountain\/discovering-mont-pelvoux\/\" \/>\n<meta property=\"og:locale\" content=\"en_US\" \/>\n<meta property=\"og:type\" content=\"article\" \/>\n<meta property=\"og:title\" content=\"Discovering Mont Pelvoux - Pays des \u00c9crins - Office de Tourisme\" \/>\n<meta property=\"og:description\" content=\"We are in Vallouise for four months, so it was unthinkable to leave without having rubbed shoulders with the most [&hellip;]\" \/>\n<meta property=\"og:url\" content=\"https:\/\/www.paysdesecrins.com\/en\/my-desire-to\/mountain\/discovering-mont-pelvoux\/\" \/>\n<meta property=\"og:site_name\" content=\"Pays des \u00c9crins - Office de Tourisme\" \/>\n<meta property=\"article:modified_time\" content=\"2025-08-01T08:35:45+00:00\" \/>\n<meta property=\"og:image\" content=\"https:\/\/www.paysdesecrins.com\/wp-content\/uploads\/2025\/07\/et-si-nous-allions-rencontrer-le-mont-pelvoux-1683900006.jpg\" \/>\n\t<meta property=\"og:image:width\" content=\"1920\" \/>\n\t<meta property=\"og:image:height\" content=\"480\" \/>\n\t<meta property=\"og:image:type\" content=\"image\/jpeg\" \/>\n<meta name=\"twitter:card\" content=\"summary_large_image\" \/>\n<meta name=\"twitter:label1\" content=\"Est. reading time\" \/>\n\t<meta name=\"twitter:data1\" content=\"4 minutes\" \/>\n<script type=\"application\/ld+json\" class=\"yoast-schema-graph\">{\"@context\":\"https:\\\/\\\/schema.org\",\"@graph\":[{\"@type\":\"WebPage\",\"@id\":\"https:\\\/\\\/www.paysdesecrins.com\\\/en\\\/my-desire-to\\\/mountain\\\/discovering-mont-pelvoux\\\/\",\"url\":\"https:\\\/\\\/www.paysdesecrins.com\\\/en\\\/my-desire-to\\\/mountain\\\/discovering-mont-pelvoux\\\/\",\"name\":\"Discovering Mont Pelvoux - Pays des \u00c9crins - Office de Tourisme\",\"isPartOf\":{\"@id\":\"https:\\\/\\\/www.paysdesecrins.com\\\/en\\\/#website\"},\"primaryImageOfPage\":{\"@id\":\"https:\\\/\\\/www.paysdesecrins.com\\\/en\\\/my-desire-to\\\/mountain\\\/discovering-mont-pelvoux\\\/#primaryimage\"},\"image\":{\"@id\":\"https:\\\/\\\/www.paysdesecrins.com\\\/en\\\/my-desire-to\\\/mountain\\\/discovering-mont-pelvoux\\\/#primaryimage\"},\"thumbnailUrl\":\"https:\\\/\\\/www.paysdesecrins.com\\\/wp-content\\\/uploads\\\/2025\\\/07\\\/et-si-nous-allions-rencontrer-le-mont-pelvoux-1683900006.jpg\",\"datePublished\":\"2025-07-25T08:31:22+00:00\",\"dateModified\":\"2025-08-01T08:35:45+00:00\",\"breadcrumb\":{\"@id\":\"https:\\\/\\\/www.paysdesecrins.com\\\/en\\\/my-desire-to\\\/mountain\\\/discovering-mont-pelvoux\\\/#breadcrumb\"},\"inLanguage\":\"en-US\",\"potentialAction\":[{\"@type\":\"ReadAction\",\"target\":[\"https:\\\/\\\/www.paysdesecrins.com\\\/en\\\/my-desire-to\\\/mountain\\\/discovering-mont-pelvoux\\\/\"]}]},{\"@type\":\"ImageObject\",\"inLanguage\":\"en-US\",\"@id\":\"https:\\\/\\\/www.paysdesecrins.com\\\/en\\\/my-desire-to\\\/mountain\\\/discovering-mont-pelvoux\\\/#primaryimage\",\"url\":\"https:\\\/\\\/www.paysdesecrins.com\\\/wp-content\\\/uploads\\\/2025\\\/07\\\/et-si-nous-allions-rencontrer-le-mont-pelvoux-1683900006.jpg\",\"contentUrl\":\"https:\\\/\\\/www.paysdesecrins.com\\\/wp-content\\\/uploads\\\/2025\\\/07\\\/et-si-nous-allions-rencontrer-le-mont-pelvoux-1683900006.jpg\",\"width\":1920,\"height\":480},{\"@type\":\"BreadcrumbList\",\"@id\":\"https:\\\/\\\/www.paysdesecrins.com\\\/en\\\/my-desire-to\\\/mountain\\\/discovering-mont-pelvoux\\\/#breadcrumb\",\"itemListElement\":[{\"@type\":\"ListItem\",\"position\":1,\"name\":\"Home\",\"item\":\"https:\\\/\\\/www.paysdesecrins.com\\\/en\\\/the-title-of-the-home\\\/\"},{\"@type\":\"ListItem\",\"position\":2,\"name\":\"My desire to\",\"item\":\"https:\\\/\\\/www.paysdesecrins.com\\\/en\\\/my-desire-to\\\/\"},{\"@type\":\"ListItem\",\"position\":3,\"name\":\"My desire for the mountains\",\"item\":\"https:\\\/\\\/www.paysdesecrins.com\\\/en\\\/my-desire-to\\\/mountain\\\/\"},{\"@type\":\"ListItem\",\"position\":4,\"name\":\"Discovering Mont Pelvoux\"}]},{\"@type\":\"WebSite\",\"@id\":\"https:\\\/\\\/www.paysdesecrins.com\\\/en\\\/#website\",\"url\":\"https:\\\/\\\/www.paysdesecrins.com\\\/en\\\/\",\"name\":\"Pays des \u00c9crins - Office de Tourisme\",\"description\":\"L&#039;esprit montagne\",\"publisher\":{\"@id\":\"https:\\\/\\\/www.paysdesecrins.com\\\/en\\\/#organization\"},\"potentialAction\":[{\"@type\":\"SearchAction\",\"target\":{\"@type\":\"EntryPoint\",\"urlTemplate\":\"https:\\\/\\\/www.paysdesecrins.com\\\/en\\\/?s={search_term_string}\"},\"query-input\":{\"@type\":\"PropertyValueSpecification\",\"valueRequired\":true,\"valueName\":\"search_term_string\"}}],\"inLanguage\":\"en-US\"},{\"@type\":\"Organization\",\"@id\":\"https:\\\/\\\/www.paysdesecrins.com\\\/en\\\/#organization\",\"name\":\"Pays des \u00c9crins - Office de Tourisme\",\"url\":\"https:\\\/\\\/www.paysdesecrins.com\\\/en\\\/\",\"logo\":{\"@type\":\"ImageObject\",\"inLanguage\":\"en-US\",\"@id\":\"https:\\\/\\\/www.paysdesecrins.com\\\/en\\\/#\\\/schema\\\/logo\\\/image\\\/\",\"url\":\"https:\\\/\\\/www.paysdesecrins.com\\\/wp-content\\\/uploads\\\/2025\\\/06\\\/devina-svg-1750845694.svg\",\"contentUrl\":\"https:\\\/\\\/www.paysdesecrins.com\\\/wp-content\\\/uploads\\\/2025\\\/06\\\/devina-svg-1750845694.svg\",\"caption\":\"Pays des \u00c9crins - Office de Tourisme\"},\"image\":{\"@id\":\"https:\\\/\\\/www.paysdesecrins.com\\\/en\\\/#\\\/schema\\\/logo\\\/image\\\/\"}}]}<\/script>\n<!-- \/ Yoast SEO plugin. -->","yoast_head_json":{"title":"Discovering Mont Pelvoux - Pays des \u00c9crins - Office de Tourisme","robots":{"index":"index","follow":"follow","max-snippet":"max-snippet:-1","max-image-preview":"max-image-preview:large","max-video-preview":"max-video-preview:-1"},"canonical":"https:\/\/www.paysdesecrins.com\/en\/my-desire-to\/mountain\/discovering-mont-pelvoux\/","og_locale":"en_US","og_type":"article","og_title":"Discovering Mont Pelvoux - Pays des \u00c9crins - Office de Tourisme","og_description":"We are in Vallouise for four months, so it was unthinkable to leave without having rubbed shoulders with the most [&hellip;]","og_url":"https:\/\/www.paysdesecrins.com\/en\/my-desire-to\/mountain\/discovering-mont-pelvoux\/","og_site_name":"Pays des \u00c9crins - Office de Tourisme","article_modified_time":"2025-08-01T08:35:45+00:00","og_image":[{"width":1920,"height":480,"url":"https:\/\/www.paysdesecrins.com\/wp-content\/uploads\/2025\/07\/et-si-nous-allions-rencontrer-le-mont-pelvoux-1683900006.jpg","type":"image\/jpeg"}],"twitter_card":"summary_large_image","twitter_misc":{"Est. reading time":"4 minutes"},"schema":{"@context":"https:\/\/schema.org","@graph":[{"@type":"WebPage","@id":"https:\/\/www.paysdesecrins.com\/en\/my-desire-to\/mountain\/discovering-mont-pelvoux\/","url":"https:\/\/www.paysdesecrins.com\/en\/my-desire-to\/mountain\/discovering-mont-pelvoux\/","name":"Discovering Mont Pelvoux - Pays des \u00c9crins - Office de Tourisme","isPartOf":{"@id":"https:\/\/www.paysdesecrins.com\/en\/#website"},"primaryImageOfPage":{"@id":"https:\/\/www.paysdesecrins.com\/en\/my-desire-to\/mountain\/discovering-mont-pelvoux\/#primaryimage"},"image":{"@id":"https:\/\/www.paysdesecrins.com\/en\/my-desire-to\/mountain\/discovering-mont-pelvoux\/#primaryimage"},"thumbnailUrl":"https:\/\/www.paysdesecrins.com\/wp-content\/uploads\/2025\/07\/et-si-nous-allions-rencontrer-le-mont-pelvoux-1683900006.jpg","datePublished":"2025-07-25T08:31:22+00:00","dateModified":"2025-08-01T08:35:45+00:00","breadcrumb":{"@id":"https:\/\/www.paysdesecrins.com\/en\/my-desire-to\/mountain\/discovering-mont-pelvoux\/#breadcrumb"},"inLanguage":"en-US","potentialAction":[{"@type":"ReadAction","target":["https:\/\/www.paysdesecrins.com\/en\/my-desire-to\/mountain\/discovering-mont-pelvoux\/"]}]},{"@type":"ImageObject","inLanguage":"en-US","@id":"https:\/\/www.paysdesecrins.com\/en\/my-desire-to\/mountain\/discovering-mont-pelvoux\/#primaryimage","url":"https:\/\/www.paysdesecrins.com\/wp-content\/uploads\/2025\/07\/et-si-nous-allions-rencontrer-le-mont-pelvoux-1683900006.jpg","contentUrl":"https:\/\/www.paysdesecrins.com\/wp-content\/uploads\/2025\/07\/et-si-nous-allions-rencontrer-le-mont-pelvoux-1683900006.jpg","width":1920,"height":480},{"@type":"BreadcrumbList","@id":"https:\/\/www.paysdesecrins.com\/en\/my-desire-to\/mountain\/discovering-mont-pelvoux\/#breadcrumb","itemListElement":[{"@type":"ListItem","position":1,"name":"Home","item":"https:\/\/www.paysdesecrins.com\/en\/the-title-of-the-home\/"},{"@type":"ListItem","position":2,"name":"My desire to","item":"https:\/\/www.paysdesecrins.com\/en\/my-desire-to\/"},{"@type":"ListItem","position":3,"name":"My desire for the mountains","item":"https:\/\/www.paysdesecrins.com\/en\/my-desire-to\/mountain\/"},{"@type":"ListItem","position":4,"name":"Discovering Mont Pelvoux"}]},{"@type":"WebSite","@id":"https:\/\/www.paysdesecrins.com\/en\/#website","url":"https:\/\/www.paysdesecrins.com\/en\/","name":"Pays des \u00c9crins - Office de Tourisme","description":"L&#039;esprit montagne","publisher":{"@id":"https:\/\/www.paysdesecrins.com\/en\/#organization"},"potentialAction":[{"@type":"SearchAction","target":{"@type":"EntryPoint","urlTemplate":"https:\/\/www.paysdesecrins.com\/en\/?s={search_term_string}"},"query-input":{"@type":"PropertyValueSpecification","valueRequired":true,"valueName":"search_term_string"}}],"inLanguage":"en-US"},{"@type":"Organization","@id":"https:\/\/www.paysdesecrins.com\/en\/#organization","name":"Pays des \u00c9crins - Office de Tourisme","url":"https:\/\/www.paysdesecrins.com\/en\/","logo":{"@type":"ImageObject","inLanguage":"en-US","@id":"https:\/\/www.paysdesecrins.com\/en\/#\/schema\/logo\/image\/","url":"https:\/\/www.paysdesecrins.com\/wp-content\/uploads\/2025\/06\/devina-svg-1750845694.svg","contentUrl":"https:\/\/www.paysdesecrins.com\/wp-content\/uploads\/2025\/06\/devina-svg-1750845694.svg","caption":"Pays des \u00c9crins - Office de Tourisme"},"image":{"@id":"https:\/\/www.paysdesecrins.com\/en\/#\/schema\/logo\/image\/"}}]}},"_links":{"self":[{"href":"https:\/\/www.paysdesecrins.com\/en\/wp-json\/wp\/v2\/pages\/44330","targetHints":{"allow":["GET"]}}],"collection":[{"href":"https:\/\/www.paysdesecrins.com\/en\/wp-json\/wp\/v2\/pages"}],"about":[{"href":"https:\/\/www.paysdesecrins.com\/en\/wp-json\/wp\/v2\/types\/page"}],"author":[{"embeddable":true,"href":"https:\/\/www.paysdesecrins.com\/en\/wp-json\/wp\/v2\/users\/9"}],"replies":[{"embeddable":true,"href":"https:\/\/www.paysdesecrins.com\/en\/wp-json\/wp\/v2\/comments?post=44330"}],"version-history":[{"count":0,"href":"https:\/\/www.paysdesecrins.com\/en\/wp-json\/wp\/v2\/pages\/44330\/revisions"}],"up":[{"embeddable":true,"href":"https:\/\/www.paysdesecrins.com\/en\/wp-json\/wp\/v2\/pages\/44577"}],"wp:featuredmedia":[{"embeddable":true,"href":"https:\/\/www.paysdesecrins.com\/en\/wp-json\/wp\/v2\/media\/42037"}],"wp:attachment":[{"href":"https:\/\/www.paysdesecrins.com\/en\/wp-json\/wp\/v2\/media?parent=44330"}],"curies":[{"name":"wp","href":"https:\/\/api.w.org\/{rel}","templated":true}]}}