{"id":44562,"date":"2025-06-25T15:44:50","date_gmt":"2025-06-25T13:44:50","guid":{"rendered":"https:\/\/www.paysdesecrins.com\/my-outdoor-activities\/ski\/"},"modified":"2025-08-06T10:43:13","modified_gmt":"2025-08-06T08:43:13","slug":"ski","status":"publish","type":"page","link":"https:\/\/www.paysdesecrins.com\/en\/my-outdoor-activities\/ski\/","title":{"rendered":"Ski"},"content":{"rendered":"    <div class=\"alignfull wp-block-ws-library-ws-header-interne\">\n\t    <div class=\"header-container\">\n\t        <div class=\"group-media has-image\">\n\t            \t                <img decoding=\"async\" src=\"https:\/\/www.paysdesecrins.com\/wp-content\/uploads\/2025\/07\/171ski-photos-kinaphoto-psv-journe-e-7-2025-hd3-1920x800.jpg\" alt=\"\" class=\"image_large_square wp-image-21577\" \/>\n\t            \t        <\/div>\n\t        <div class=\"group-content\">\n\t            <div class=\"title\">\n\t                <h1>\n\t                    Ski\t                    \t                <\/h1>\n\t            <\/div>\n\t        <\/div>\n\t    <\/div>\n\t    \n<div class=\"yoast-breadcrumbs\"><span><span><a href=\"https:\/\/www.paysdesecrins.com\/en\/the-title-of-the-home\/\">Home<\/a><\/span>  <span><a href=\"https:\/\/www.paysdesecrins.com\/en\/my-outdoor-activities\/\">My outdoor activities<\/a><\/span>  <span class=\"breadcrumb_last\" aria-current=\"page\">Ski<\/span><\/span><\/div>\n    <\/div>\n    \n<div class=\"wp-block-ws-library-ws-title aligncenter is-style-simple\"><h2><em>Two valleys<\/em>Three ways to slide<\/h2><\/div>\n\n<p class=\"has-text-align-center\">In the Pays des \u00c9crins, the snow lends itself to all desires: on the slopes, Puy Saint-Vincent and Pelvoux-Vallouise offer slopes with grandiose panoramas and authentic atmospheres in the heart of the larches. For Nordic skiing enthusiasts, three cross-country ski areas await you: the slopes of Puy Saint Vincent to the Plateau des T\u00eates, the peaceful loops of the Freissini\u00e8res valley and the varied routes around Vallouise. Finally, lovers of freedom and effort will find their happiness in ski touring, linking passes, couloirs and ridges to discover the territory in a different way.  <\/p>\n\n<div class=\"wp-block-ws-library-ws-tabs alignfull\"><ul class=\"tabs-titles\"><li class=\"tab-title is-active\" data-tab-index=\"0\">SKI ALPIN<\/li><li class=\"tab-title\" data-tab-index=\"1\">SKI NORDIQUE<\/li><li class=\"tab-title\" data-tab-index=\"2\">SKI DE RANDO<\/li><\/ul><div class=\"tabs-list\">\n<div class=\"wp-block-ws-library-ws-tab\" style=\"display:none\"><p class=\"tab-title\">SKI ALPIN<\/p><div class=\"tab-content\">\n<div class=\"wp-block-ws-library-ws-title aligncenter\"><h2><em>2 100% pleasure nature resorts<\/em><\/h2><\/div>\n\n\n\n<p class=\"has-text-align-center\">Want to ski without breaking the bank or queuing? Welcome to the Pays des \u00c9crins, between Puy Saint Vincent and Pelvoux-Vallouise. Two complementary, family-friendly, accessible resorts&#8230; and damn snowy.  <\/p>\n\n\n\n<div class=\"wp-block-ws-library-ws-video\"><div class=\"wrapper\"><div class=\"group-media\">\n<figure class=\"wp-block-embed is-type-video is-provider-youtube wp-block-embed-youtube\"><div class=\"wp-block-embed__wrapper\">\n<iframe loading=\"lazy\" title=\"Ski alpin - Puy Saint Vincent\" width=\"500\" height=\"281\" src=\"https:\/\/www.youtube.com\/embed\/v7SGi6eeI6g?feature=oembed\" frameborder=\"0\" allow=\"accelerometer; autoplay; clipboard-write; encrypted-media; gyroscope; picture-in-picture; web-share\" referrerpolicy=\"strict-origin-when-cross-origin\" allowfullscreen><\/iframe>\n<\/div><\/figure>\n<\/div><\/div><\/div>\n\n\n\n<div style=\"height:100px\" aria-hidden=\"true\" class=\"wp-block-spacer\"><\/div>\n\n\n\n<div class=\"wp-block-ws-library-ws-title aligncenter\"><h3><em>The station of <\/em>Puy Saint Vincent<\/h3><\/div>\n\n\n\n<p class=\"has-text-align-center\">Between 1,400 and 2,750 m above sea level, 75 km of slopes, 12 lifts and a well-deserved reputation: protected from the winds, top snow cover until April. Want to have fun? Slopes for all levels, snowpark, boardercross, covered beginner&#8217;s carpet&#8230; And the view? XXL on the peaks of Pelvoux, Vallouise and Fournel.    Here, teenagers enjoy themselves, parents breathe, and everyone skis at their own pace.<\/p>\n\n\n\n<p class=\"has-text-align-center\"><em>&#8220;Varied area, cool atmosphere, decent prices. We breathe far from the big resorts.&#8221;<\/em><\/p>\n\n\n\n<div class=\"wp-block-ws-library-ws-button has-text-align-center is-style-outline\"><a href=\"https:\/\/www.paysdesecrins.com\/en\/my-resort-my-village\/puy-saint-vincent\/\" class=\"wp-block-button__link wp-element-button btn color-color-1\">  Discover the resort<\/a><\/div>\n\n\n\n<div style=\"height:25px\" aria-hidden=\"true\" class=\"wp-block-spacer\"><\/div>\n\n\n\n<div class=\"wp-block-ws-library-ws-slider alignwide\"><div class=\"splide\" data-splide=\"{\"type\":\"slide\",\"heightRatio\":\"auto\",\"perPage\":4,\"perMove\":1,\"drag\":true,\"pagination\":0,\"autoplay\":false,\"gap\":\"15px\",\"breakpoints\":{\"450\":{\"perPage\":1},\"768\":{\"perPage\":2},\"992\":{\"perPage\":3},\"1200\":{\"perPage\":4}}}\"><div class=\"splide__track\"><div class=\"splide__list\"><div class=\"splide__slide\"><a href=\"https:\/\/www.paysdesecrins.com\/wp-content\/uploads\/2025\/07\/puy-saint-vincent-ski-2901-5-scaled-e1753169170775.jpg\" data-glightbox=\"true\" class=\"lightbox-trigger\"><img decoding=\"async\" src=\"https:\/\/www.paysdesecrins.com\/wp-content\/uploads\/2025\/07\/puy-saint-vincent-ski-2901-5-scaled-e1753169170775.jpg\" alt=\"\"><\/a><\/div><div class=\"splide__slide\"><a href=\"https:\/\/www.paysdesecrins.com\/wp-content\/uploads\/2025\/07\/17ski-alpin-psv-photos-kinaphoto-psv-journee-2-2025-hd4-scaled.jpg\" data-glightbox=\"true\" class=\"lightbox-trigger\"><img decoding=\"async\" src=\"https:\/\/www.paysdesecrins.com\/wp-content\/uploads\/2025\/07\/17ski-alpin-psv-photos-kinaphoto-psv-journee-2-2025-hd4-400x400.jpg\" alt=\"\"><\/a><\/div><div class=\"splide__slide\"><a href=\"https:\/\/www.paysdesecrins.com\/wp-content\/uploads\/2025\/07\/171ski-alpin-psv-photos-kinaphoto-psv-journee-2-2025-hd49-scaled.jpg\" data-glightbox=\"true\" class=\"lightbox-trigger\"><img decoding=\"async\" src=\"https:\/\/www.paysdesecrins.com\/wp-content\/uploads\/2025\/07\/171ski-alpin-psv-photos-kinaphoto-psv-journee-2-2025-hd49-400x400.jpg\" alt=\"\"><\/a><\/div><div class=\"splide__slide\"><a href=\"https:\/\/www.paysdesecrins.com\/wp-content\/uploads\/2025\/07\/17ski-rogiervanrijn-stationdepuysaintvincent-scaled.jpg\" data-glightbox=\"true\" class=\"lightbox-trigger\"><img decoding=\"async\" src=\"https:\/\/www.paysdesecrins.com\/wp-content\/uploads\/2025\/07\/17ski-rogiervanrijn-stationdepuysaintvincent-400x400.jpg\" alt=\"\"><\/a><\/div><div class=\"splide__slide\"><a href=\"https:\/\/www.paysdesecrins.com\/wp-content\/uploads\/2025\/07\/171ski-photos-kinaphoto-psv-journe-e-7-2025-hd2-scaled.jpg\" data-glightbox=\"true\" class=\"lightbox-trigger\"><img decoding=\"async\" src=\"https:\/\/www.paysdesecrins.com\/wp-content\/uploads\/2025\/07\/171ski-photos-kinaphoto-psv-journe-e-7-2025-hd2-400x400.jpg\" alt=\"\"><\/a><\/div><div class=\"splide__slide\"><a href=\"https:\/\/www.paysdesecrins.com\/wp-content\/uploads\/2025\/07\/171ski-photos-kinaphoto-psv-journe-e-7-2025-hd3-scaled.jpg\" data-glightbox=\"true\" class=\"lightbox-trigger\"><img decoding=\"async\" src=\"https:\/\/www.paysdesecrins.com\/wp-content\/uploads\/2025\/07\/171ski-photos-kinaphoto-psv-journe-e-7-2025-hd3-scaled.jpg\" alt=\"\"><\/a><\/div><\/div><\/div><\/div><\/div>\n\n\n\n<div style=\"height:100px\" aria-hidden=\"true\" class=\"wp-block-spacer\"><\/div>\n\n\n\n<div class=\"wp-block-ws-library-ws-title aligncenter\"><h3><em>The station of<\/em> Pelvoux-Vallouise<\/h3><\/div>\n\n\n\n<p class=\"has-text-align-center\">Small resort, great moments. Just a stone&#8217;s throw from Vallouise, Pelvoux offers 25 km of slopes from 1,250 to 2,300 m, larches, calm, an ultra-practical snow front, a free baby-lift and a good dose of authenticity. Here, you can ski, hike (towards La Blanche), enjoy the terraces&#8230; and we extend the day at night.  <\/p>\n\n\n\n<p class=\"has-text-align-center\"><em>&#8220;Great for kids. Few people, great beginners&#8217; area, sublime setting.&#8221;<\/em><\/p>\n\n\n\n<div class=\"wp-block-ws-library-ws-button has-text-align-center is-style-outline\"><a href=\"https:\/\/www.paysdesecrins.com\/en\/my-resort-my-village\/pelvoux-vallouise-ailefroide\/\" class=\"wp-block-button__link wp-element-button btn\">  Discover the resort<\/a><\/div>\n\n\n\n<div style=\"height:25px\" aria-hidden=\"true\" class=\"wp-block-spacer\"><\/div>\n\n\n\n<div class=\"wp-block-ws-library-ws-slider alignwide\"><div class=\"splide\" data-splide=\"{\"type\":\"slide\",\"heightRatio\":\"auto\",\"perPage\":4,\"perMove\":1,\"drag\":true,\"pagination\":0,\"autoplay\":false,\"gap\":\"15px\",\"breakpoints\":{\"450\":{\"perPage\":1},\"768\":{\"perPage\":2},\"992\":{\"perPage\":3},\"1200\":{\"perPage\":4}}}\"><div class=\"splide__track\"><div class=\"splide__list\"><div class=\"splide__slide\"><a href=\"https:\/\/www.paysdesecrins.com\/wp-content\/uploads\/2025\/07\/17ski-photos-kinaphoto-pelvoux-journe-e-1-2025-hd26-scaled.jpg\" data-glightbox=\"true\" class=\"lightbox-trigger\"><img decoding=\"async\" src=\"https:\/\/www.paysdesecrins.com\/wp-content\/uploads\/2025\/07\/17ski-photos-kinaphoto-pelvoux-journe-e-1-2025-hd26-400x400.jpg\" alt=\"\"><\/a><\/div><div class=\"splide__slide\"><a href=\"https:\/\/www.paysdesecrins.com\/wp-content\/uploads\/2025\/07\/17ski-photos-kinaphoto-pelvoux-journe-e-4-2025-hd11-scaled.jpg\" data-glightbox=\"true\" class=\"lightbox-trigger\"><img decoding=\"async\" src=\"https:\/\/www.paysdesecrins.com\/wp-content\/uploads\/2025\/07\/17ski-photos-kinaphoto-pelvoux-journe-e-4-2025-hd11-400x400.jpg\" alt=\"\"><\/a><\/div><div class=\"splide__slide\"><a href=\"https:\/\/www.paysdesecrins.com\/wp-content\/uploads\/2025\/07\/171ski-alpinphotos-kinaphoto-pelvoux-journee-1-2025-hd19-scaled.jpg\" data-glightbox=\"true\" class=\"lightbox-trigger\"><img decoding=\"async\" src=\"https:\/\/www.paysdesecrins.com\/wp-content\/uploads\/2025\/07\/171ski-alpinphotos-kinaphoto-pelvoux-journee-1-2025-hd19-400x400.jpg\" alt=\"\"><\/a><\/div><div class=\"splide__slide\"><a href=\"https:\/\/www.paysdesecrins.com\/wp-content\/uploads\/2025\/07\/17ski-photos-kinaphoto-pelvoux-journe-e-4-2025-hd5-scaled.jpg\" data-glightbox=\"true\" class=\"lightbox-trigger\"><img decoding=\"async\" src=\"https:\/\/www.paysdesecrins.com\/wp-content\/uploads\/2025\/07\/17ski-photos-kinaphoto-pelvoux-journe-e-4-2025-hd5-400x400.jpg\" alt=\"\"><\/a><\/div><div class=\"splide__slide\"><a href=\"https:\/\/www.paysdesecrins.com\/wp-content\/uploads\/2025\/07\/17ski-photos-kinaphoto-pelvoux-journe-e-5-2025-hd22-scaled.jpg\" data-glightbox=\"true\" class=\"lightbox-trigger\"><img decoding=\"async\" src=\"https:\/\/www.paysdesecrins.com\/wp-content\/uploads\/2025\/07\/17ski-photos-kinaphoto-pelvoux-journe-e-5-2025-hd22-400x400.jpg\" alt=\"\"><\/a><\/div><\/div><\/div><\/div><\/div>\n\n\n\n<div style=\"height:35px\" aria-hidden=\"true\" class=\"wp-block-spacer\"><\/div>\n\n\n\n<div class=\"wp-block-ws-library-ws-columns alignwide has-2-columns are-vertically-aligned-center layout-5050\">\n<div class=\"wp-block-ws-library-ws-column\"><div class=\"wrapper\">\n<div class=\"wp-block-ws-library-ws-title\"><h2><em>Why choose<\/em> the Pays des \u00c9crins?<\/h2><\/div>\n\n\n\n<ul class=\"wp-block-list\">\n<li>Resort-village atmosphere, far from the bling<\/li>\n\n\n\n<li>Affordable rates, natural snow, easy access<\/li>\n\n\n\n<li>Everything on site: ski schools, rentals, shops<\/li>\n<\/ul>\n<\/div><\/div>\n\n\n\n<div class=\"wp-block-ws-library-ws-column\"><div class=\"wrapper\">\n<div class=\"wp-block-ws-library-ws-image\"><div class=\"wrapper\"><div class=\"group-media\"><img decoding=\"async\" src=\"https:\/\/www.paysdesecrins.com\/wp-content\/uploads\/2025\/07\/rogiervanrijn-puysaintvincent-dsc00524-960x640.jpg\" alt=\"\" class=\"single_image ws-image-30034\"><div class=\"credits\">Rogier VANRIJN<\/div><\/div><p class=\"caption\"><\/p><\/div><\/div>\n<\/div><\/div>\n<\/div>\n<\/div><\/div>\n\n\n\n<div class=\"wp-block-ws-library-ws-tab\" style=\"display:none\"><p class=\"tab-title\">SKI NORDIQUE<\/p><div class=\"tab-content\">\n<div class=\"wp-block-ws-library-ws-title aligncenter\"><h2><em>70 km to <\/em>breathe deeply<\/h2><\/div>\n\n\n\n<p class=\"has-text-align-center\">Looking for silence, gentle effort and snowy landscapes away from the crowds? The Pays des \u00c9crins is more than 70 km of cross-country ski trails to practice skating or alternatively, depending on your mood (and your thighs).   <br\/>Three stations, three atmospheres, one thing in common: space, calm, and a breath of fresh air.<br\/><\/p>\n\n\n\n<div class=\"wp-block-ws-library-ws-video\"><div class=\"wrapper\"><div class=\"group-media\">\n<figure class=\"wp-block-embed is-type-video is-provider-youtube wp-block-embed-youtube\"><div class=\"wp-block-embed__wrapper\">\n<iframe loading=\"lazy\" title=\"Ski nordique - Pays des \u00c9crins\" width=\"500\" height=\"281\" src=\"https:\/\/www.youtube.com\/embed\/LCxVlk5v5FY?feature=oembed\" frameborder=\"0\" allow=\"accelerometer; autoplay; clipboard-write; encrypted-media; gyroscope; picture-in-picture; web-share\" referrerpolicy=\"strict-origin-when-cross-origin\" allowfullscreen><\/iframe>\n<\/div><\/figure>\n<\/div><\/div><\/div>\n\n\n\n<div style=\"height:100px\" aria-hidden=\"true\" class=\"wp-block-spacer\"><\/div>\n\n\n\n<div class=\"wp-block-ws-library-ws-title aligncenter\"><h2>Nordic areas<\/h2><\/div>\n\n\n\n<div class=\"wp-block-ws-library-ws-columns alignwide has-2-columns are-vertically-aligned-center layout-5050 is-style-background\">\n<div class=\"wp-block-ws-library-ws-column\"><div class=\"wrapper\">\n<div class=\"wp-block-ws-library-ws-title\"><h2>Puy Saint Vincent<\/h2><\/div>\n\n\n\n<p><em>Panorama and good difference in altitude<\/em><\/p>\n\n\n\n<p>At an altitude of 1,650 m, 28 km of groomed slopes every day. We start &#8220;quietly&#8221; with the Villaret loop, then we climb (with a little chairlift) to the Pousterle and the Tour des T\u00eates.   <br\/>Up there, a breathtaking view of the Durance, the Vallouise and the \u00c9crins. Ideal for isolating yourself in beauty&#8230; and heat the legs. <\/p>\n\n\n\n<div class=\"wp-block-ws-library-ws-button has-text-align-left\"><a href=\"https:\/\/www.paysdesecrins.com\/en\/my-resort-my-village\/puy-saint-vincent\/nordic-area-of-puy-saint-vincent\/\" class=\"wp-block-button__link wp-element-button btn\">  Learn more +<\/a><\/div>\n<\/div><\/div>\n\n\n\n<div class=\"wp-block-ws-library-ws-column\"><div class=\"wrapper\">\n<div class=\"wp-block-ws-library-ws-image\"><div class=\"wrapper\"><div class=\"group-media\"><img decoding=\"async\" src=\"https:\/\/www.paysdesecrins.com\/wp-content\/uploads\/2025\/07\/171skidefond-ski-de-fond-puysaintvincent-plateau-pousterl-thibautblais-960x640.jpg\" alt=\"\" class=\"single_image ws-image-21618\"><div class=\"credits\">Thibaut BLAIS<\/div><\/div><p class=\"caption\"><\/p><\/div><\/div>\n<\/div><\/div>\n<\/div>\n\n\n\n<div class=\"wp-block-ws-library-ws-columns alignwide has-2-columns are-vertically-aligned-center layout-5050 is-style-default\">\n<div class=\"wp-block-ws-library-ws-column\"><div class=\"wrapper\">\n<div class=\"wp-block-ws-library-ws-image\"><div class=\"wrapper\"><div class=\"group-media\"><img decoding=\"async\" src=\"https:\/\/www.paysdesecrins.com\/wp-content\/uploads\/2025\/07\/171skidefond-dsc07634.jpg\" alt=\"\" class=\"single_image ws-image-21608\"><div class=\"credits\"><\/div><\/div><p class=\"caption\"><\/p><\/div><\/div>\n<\/div><\/div>\n\n\n\n<div class=\"wp-block-ws-library-ws-column\"><div class=\"wrapper\">\n<div class=\"wp-block-ws-library-ws-title\"><h2>Vallouise-pelvoux<\/h2><\/div>\n\n\n\n<p><em>Easy, fun, family-friendly<\/em><br\/><br\/>22 km of slopes between villages, valleys and larches.  <br\/>Here, the terrain is gentle, perfect for beginners, progress or &#8220;quiet&#8221; warm-up. A free loop to test the sensations, trails accessible to all and a gentle link between the villages. To be done alone or with a tribe.  <\/p>\n\n\n\n<div class=\"wp-block-ws-library-ws-button has-text-align-left\"><a href=\"https:\/\/www.paysdesecrins.com\/ma-station-mon-village\/pelvoux-vallouise-ailefroide\/domaine-nordique-de-vallouise\/\" class=\"wp-block-button__link wp-element-button btn\"> En savoir +<\/a><\/div>\n<\/div><\/div>\n<\/div>\n\n\n\n<div class=\"wp-block-ws-library-ws-columns alignwide has-2-columns are-vertically-aligned-center layout-5050 is-style-background\">\n<div class=\"wp-block-ws-library-ws-column\"><div class=\"wrapper\">\n<div class=\"wp-block-ws-library-ws-title\"><h2>Freissini\u00e8res<\/h2><\/div>\n\n\n\n<p><em>Raw nature and varied circuits<\/em>, <br\/><em>Wild and authentic atmosphere<\/em><\/p>\n\n\n\n<p>20 km of trails between Ubac forests and clearings, with routes ranging from the free discovery loop to very technical routes. It&#8217;s the place to reconnect with the mountains, far from everything, close to yourself (and a few squirrels). <\/p>\n\n\n\n<div class=\"wp-block-ws-library-ws-button has-text-align-left\"><a href=\"https:\/\/www.paysdesecrins.com\/en\/my-resort-my-village\/freissinieres-dormillouse\/\" class=\"wp-block-button__link wp-element-button btn\">  Read more +<\/a><\/div>\n<\/div><\/div>\n\n\n\n<div class=\"wp-block-ws-library-ws-column\"><div class=\"wrapper\">\n<div class=\"wp-block-ws-library-ws-image\"><div class=\"wrapper\"><div class=\"group-media\"><img decoding=\"async\" src=\"https:\/\/www.paysdesecrins.com\/wp-content\/uploads\/2025\/07\/17skidefond-dsc01059-960x640.jpg\" alt=\"\" class=\"single_image ws-image-21718\"><div class=\"credits\"><\/div><\/div><p class=\"caption\"><\/p><\/div><\/div>\n<\/div><\/div>\n<\/div>\n<\/div><\/div>\n\n\n\n<div class=\"wp-block-ws-library-ws-tab\" style=\"display:none\"><p class=\"tab-title\">SKI DE RANDO<\/p><div class=\"tab-content\">\n<div class=\"wp-block-ws-library-ws-title aligncenter\"><h2>The bellE breakaway<\/h2><\/div>\n\n\n\n<p class=\"has-text-align-center\">Want to leave the crowds behind and draw your own line? The Pays des \u00c9crins is the ideal playground for ski touring in the Alps: larches, ridges, D+ \u00e0 la carte&#8230; and a real mountain spirit.<br\/>Two resorts \u2013 Pelvoux-Vallouise and Puy Saint Vincent \u2013 put you in orbit, without any headaches. <\/p>\n\n\n\n<div class=\"wp-block-ws-library-ws-video\"><div class=\"wrapper\"><div class=\"group-media\">\n<figure class=\"wp-block-embed is-type-video is-provider-youtube wp-block-embed-youtube\"><div class=\"wp-block-embed__wrapper\">\n<iframe loading=\"lazy\" title=\"Une journ\u00e9e de ski de randonn\u00e9e \u00e0 La Blanche, Pelvoux-Vallouise | Aventures en montagne\" width=\"500\" height=\"281\" src=\"https:\/\/www.youtube.com\/embed\/TnGWjS6d1c8?feature=oembed\" frameborder=\"0\" allow=\"accelerometer; autoplay; clipboard-write; encrypted-media; gyroscope; picture-in-picture; web-share\" referrerpolicy=\"strict-origin-when-cross-origin\" allowfullscreen><\/iframe>\n<\/div><\/figure>\n<\/div><\/div><\/div>\n\n\n\n<div style=\"height:35px\" aria-hidden=\"true\" class=\"wp-block-spacer\"><\/div>\n\n\n\n<div class=\"wp-block-ws-library-ws-title aligncenter\"><h2><em>Our must-haves<\/em> 7 hiking ideas<\/h2><\/div>\n\n\n\n<ul class=\"wp-block-list\">\n<li><strong>Sentier des Lutins (Vallouise \u2192 Puy, 4.3 km, easy, 1h\u20131h30)<\/strong><br\/>A fun walk in the forest, accessible to all, punctuated by little elves and views of the valley. Departure near the Pont de G\u00e9rendoine. Slightly uphill loop through undergrowth and clearings, with explanatory panels and rest areas. Ideal for a family warm-up.   <\/li>\n\n\n\n<li><strong>Pr\u00e9 Rouge + Rocher Noir ridge (Puy Saint-Vincent, 600\u20131,000 m elevation gain, medium to committed, variable 3h\u20136h)<\/strong><br\/>A demanding high-altitude course to work on the difference in altitude with wide panoramas of the \u00c9crins. Climb from the Puy Saint-Vincent sector towards Pr\u00e9 Rouge, then extend to the Cr\u00eate du Rocher Noir. Terrain often used for ski touring and summer hiking; sometimes steep portions, good physical condition recommended.  <\/li>\n\n\n\n<li><strong>Les T\u00eates (Puy Saint-Vincent, ~450 m elevation gain, easy, 2h\u20133h)<\/strong><br\/>Short and panoramic ascent, perfect for half a day. Departure from the Pousterle plateau. Well-marked trail to Les T\u00eates (approx. 2,044 m) with 360\u00b0 views of the valley and surrounding peaks. Loop possible; It is best to follow the recommended direction to avoid steep climbs at the end of the route.   <\/li>\n\n\n\n<li><strong>T\u00eate des Raisins (Freissini\u00e8res, ~1,240 m elevation gain, fairly difficult, 4h30\u20136h round trip)<\/strong><br\/>Demanding grand ascent with vast views of the valley and peaks. Departure from the outskirts of Freissini\u00e8res (Testa Moute valley or equivalent access). Sustained climb with sections sometimes off trail and tricky orientation. Requires good stamina and experience. Summit at 2,655 m with extensive panorama; Possibility of take-off for paragliding depending on conditions.    <\/li>\n\n\n\n<li><strong>La Blanche (Pelvoux \/ Vallouise-Pelvoux, ~700 m elevation gain, medium, full day)<\/strong><br\/>Mountain route accessible by hiking or ski touring, with beautiful views from the ridge. Departure from the summit of the Cr\u00eate chairlift. We follow the ridge towards La Blanche (2,953 m), avoiding certain forks. Return possible by the lifts or descent. In winter, reliable outing with generally stable conditions.    <\/li>\n\n\n\n<li><strong>Peyre-Eyraute \/ Pic de Peyre Eyraute (Saint-Martin-de-Queyri\u00e8res, ~1,700 m elevation gain, difficult to very difficult, 5h\u20137h)<\/strong><br\/>Long and steep alpine hike, with sometimes technical passages and wide views. Access via the nearby valleys, climb to the Pic de Peyre Eyraute (2,903 m) via routes such as the Cr\u00eate de Serre Chapelle. Steep elevation, aerial portions and sustained effort. Reserved for experienced hikers.   <\/li>\n\n\n\n<li><strong>Pas des Aupillous (Vallouise, ~1,950 m elevation gain, very difficult \/ high mountains, long run)<\/strong><br\/>A major alpine crossing, technical and committed, in a very wild setting. Often approached from the Bans refuge, this crossing crosses the Pas des Aupillous in the Cirque des Bans. High mountain passage involving rocks, altitude and orientation; Requirement of alpine experience and suitable equipment. Marked alpine atmosphere, framed by peaks such as the Pic des Aupillous.   <\/li>\n<\/ul>\n\n\n\n<div class=\"wp-block-ws-library-ws-columns alignwide has-2-columns are-vertically-aligned-center layout-6040 is-style-default\">\n<div class=\"wp-block-ws-library-ws-column\"><div class=\"wrapper\">\n<div class=\"wp-block-ws-library-ws-title\"><h3>Pelvoux-Vallouise<\/h3><\/div>\n\n\n\n<p><em>The good deal with the hiking ticket<\/em><\/p>\n\n\n\n<p>Perfect for lovers of beautiful climbs. Thanks to the ski touring ticket, you can take two chairlifts and start your outing at 2,300 m. Head for La Blanche (2,953 m) via the Croix du Chastellet: a signposted, alpine and spectacular route. The estate closes at 4:30 p.m. for grooming. Always go equipped: avalanche transceiver, shovel, probe&#8230; What if you are a beginner? A guide is mandatory!     <\/p>\n<\/div><\/div>\n\n\n\n<div class=\"wp-block-ws-library-ws-column\"><div class=\"wrapper\">\n<div class=\"wp-block-ws-library-ws-image\"><div class=\"wrapper\"><div class=\"group-media\"><img decoding=\"async\" src=\"https:\/\/www.paysdesecrins.com\/wp-content\/uploads\/2025\/07\/17ski-rando-lablanche-pelvouxthibaultpoinas-xh2f0073-raf-dxo-deepprime-scaled.jpg\" alt=\"\" class=\"single_image ws-image-21688\"><div class=\"credits\">Thibault POINAS<\/div><\/div><p class=\"caption\"><\/p><\/div><\/div>\n<\/div><\/div>\n<\/div>\n\n\n\n<div class=\"wp-block-ws-library-ws-columns alignwide has-2-columns are-vertically-aligned-center layout-4060 is-style-background\">\n<div class=\"wp-block-ws-library-ws-column\"><div class=\"wrapper\">\n<div class=\"wp-block-ws-library-ws-image\"><div class=\"wrapper\"><div class=\"group-media\"><img decoding=\"async\" src=\"https:\/\/www.paysdesecrins.com\/wp-content\/uploads\/2025\/07\/dsc09308-960x640.jpg\" alt=\"\" class=\"single_image ws-image-30091\"><div class=\"credits\"><\/div><\/div><p class=\"caption\"><\/p><\/div><\/div>\n<\/div><\/div>\n\n\n\n<div class=\"wp-block-ws-library-ws-column\"><div class=\"wrapper\">\n<div class=\"wp-block-ws-library-ws-title\"><h3>Puy Saint Vincent<\/h3><\/div>\n\n\n\n<p><em>Quiet or invigorating, it&#8217;s up to you<\/em><br\/><br\/>Want to try it? The Pr\u00e9 Rouge circuit is ideal to start: 600 to 1,000 m of D+ on a regular climb, in the woods. More playful? Try Les T\u00eates: 450 m of vertical drop, larch atmosphere and view of the Pelvoux. Snow is often excellent, marked terrain, and a relaxed atmosphere guaranteed.    <\/p>\n<\/div><\/div>\n<\/div>\n\n\n\n<div class=\"wp-block-ws-library-ws-title aligncenter\"><h2><em>Some ideas<\/em> for outings<\/h2><\/div>\n\n\n<div class=\"alignwide wp-block-ws-library-ws-list-content\"><div class=\"list-items splide\" data-splide=\"{&quot;type&quot;:&quot;loop&quot;,&quot;heightRatio&quot;:&quot;auto&quot;,&quot;perPage&quot;:3,&quot;perMove&quot;:1,&quot;drag&quot;:true,&quot;arrows&quot;:true,&quot;pagination&quot;:0,&quot;autoplay&quot;:false,&quot;gap&quot;:&quot;15px&quot;,&quot;breakpoints&quot;:{&quot;1200&quot;:{&quot;perPage&quot;:3},&quot;992&quot;:{&quot;perPage&quot;:2},&quot;768&quot;:{&quot;destroy&quot;:true}}}\"><div class=\"splide__track\"><div class=\"splide__list\"><div class=\"splide__slide\"><div class=\"item\" data-season=\"\"><div class=\"card  card-page\"><div class=\"group-media\"><div class=\"field-image\"><img loading=\"lazy\" decoding=\"async\" width=\"300\" height=\"450\" src=\"https:\/\/www.paysdesecrins.com\/wp-content\/uploads\/2025\/07\/171ski-rando-bivouac-a-la-cabane-de-faravel-61-300x450.jpg\" class=\"winter all-seasons wp-post-image\" alt=\"\" data-season=\"all-seasons\" srcset=\"https:\/\/www.paysdesecrins.com\/wp-content\/uploads\/2025\/07\/171ski-rando-bivouac-a-la-cabane-de-faravel-61-300x450.jpg 300w, https:\/\/www.paysdesecrins.com\/wp-content\/uploads\/2025\/07\/171ski-rando-bivouac-a-la-cabane-de-faravel-61-390x585.jpg 390w\" sizes=\"auto, (max-width: 300px) 100vw, 300px\" \/><\/div><\/div><div class=\"group-content\"><div class=\"field-title\">A night under the stars of Dormillouse<\/div><\/div><div class=\"field-link\" role=\"group\" aria-label=\"Lien vers le contenu\"><a href=\"https:\/\/www.paysdesecrins.com\/en\/a-night-under-the-stars-of-dormillouse\/\" class=\"cardlink\" title=\"Lire plus : A night under the stars of Dormillouse\" lang=\"en_US\">A night under the stars of Dormillouse<\/a><\/div><\/div><\/div><\/div><div class=\"splide__slide\"><div class=\"item\" data-season=\"\"><div class=\"card  card-page\"><div class=\"group-media\"><div class=\"field-image\"><img loading=\"lazy\" decoding=\"async\" width=\"300\" height=\"450\" src=\"https:\/\/www.paysdesecrins.com\/wp-content\/uploads\/2025\/07\/1681827665-84422455-1-300x450.jpg\" class=\"winter all-seasons wp-post-image\" alt=\"\" data-season=\"all-seasons\" srcset=\"https:\/\/www.paysdesecrins.com\/wp-content\/uploads\/2025\/07\/1681827665-84422455-1-300x450.jpg 300w, https:\/\/www.paysdesecrins.com\/wp-content\/uploads\/2025\/07\/1681827665-84422455-1-390x585.jpg 390w\" sizes=\"auto, (max-width: 300px) 100vw, 300px\" \/><\/div><\/div><div class=\"group-content\"><div class=\"field-title\">D\u00f4me des \u00c9crins and Roche Faurio on ski touring!<\/div><\/div><div class=\"field-link\" role=\"group\" aria-label=\"Lien vers le contenu\"><a href=\"https:\/\/www.paysdesecrins.com\/en\/my-desire-to\/mountain\/dome-des-ecrins-and-roche-faurio-on-ski-touring\/\" class=\"cardlink\" title=\"Lire plus : D\u00f4me des \u00c9crins and Roche Faurio on ski touring!\" lang=\"en_US\">D\u00f4me des \u00c9crins and Roche Faurio on ski touring!<\/a><\/div><\/div><\/div><\/div><div class=\"splide__slide\"><div class=\"item\" data-season=\"\"><div class=\"card  card-page\"><div class=\"group-media\"><div class=\"field-image\"><img loading=\"lazy\" decoding=\"async\" width=\"300\" height=\"450\" src=\"https:\/\/www.paysdesecrins.com\/wp-content\/uploads\/2025\/07\/171ski-rando-pre-de-madame-carle-en-ski-23-300x450.jpg\" class=\"winter all-seasons wp-post-image\" alt=\"\" data-season=\"all-seasons\" srcset=\"https:\/\/www.paysdesecrins.com\/wp-content\/uploads\/2025\/07\/171ski-rando-pre-de-madame-carle-en-ski-23-300x450.jpg 300w, https:\/\/www.paysdesecrins.com\/wp-content\/uploads\/2025\/07\/171ski-rando-pre-de-madame-carle-en-ski-23-390x585.jpg 390w\" sizes=\"auto, (max-width: 300px) 100vw, 300px\" \/><\/div><\/div><div class=\"group-content\"><div class=\"field-title\">In May, do as you please!<\/div><\/div><div class=\"field-link\" role=\"group\" aria-label=\"Lien vers le contenu\"><a href=\"https:\/\/www.paysdesecrins.com\/en\/my-desire-to\/mountain\/in-may-do-as-you-please\/\" class=\"cardlink\" title=\"Lire plus : In May, do as you please!\" lang=\"en_US\">In May, do as you please!<\/a><\/div><\/div><\/div><\/div><\/div><\/div><\/div><\/div><\/div><\/div>\n<\/div><\/div>\n\n<div class=\"wp-block-ws-library-ws-title\"><h2><em>Our selection<\/em> of activitiesSki  <\/h2><\/div>\n<div id=\"listing_7808c\" data-observer-wishlist data-attributes='listing-avance {\"selectedSelectionIds\":[\"188507\"],\"selectedFacets\":[\"commune\"],\"showMap\":true,\"isPaginated\":true,\"perPage\":3,\"isPortrait\":false,\"isImageContain\":false,\"showCommune\":true,\"defaultImage\":\"https:\\\/\\\/www.paysdesecrins.com\\\/wp-content\\\/uploads\\\/2025\\\/06\\\/cropped-paysdesecrins.png\",\"sortOrder\":\"random\",\"showType\":false,\"columnsCount\":\"2-3-3\",\"showActiveFacets\":false,\"showGeolocalisation\":false,\"isLimited\":false,\"season\":\"\",\"align\":\"wide\"}' class=\"ws-listing wp-block-ws-apidae-library-listing-avance alignwide\" data-map-id=\"map_7808c\" data-locations-id=\"locations-data_7808c\"><div class=\"panel-fixe panel-facets\"><div class=\"panel-overlay toggle-facets\"><\/div><div class=\"panel-inner\"><div class=\"panel-header\"><div class=\"panel-title\">Filters<\/div><a href=\"#\" class=\"panel-close toggle-facets\">Close<\/a><\/div><div class=\"panel-content\"><div class=\"group-summary\"><div class=\"facetwp-selections\"><\/div><a href=\"#\" class=\"link-reset\">Delete<\/a><\/div><div class=\"facetwp-facet facetwp-facet-commune facetwp-type-checkboxes\" data-name=\"commune\" data-type=\"checkboxes\"><\/div><\/div><div class=\"panel-footer\"><div class=\"facet-buttons\"><button type=\"submit\" class=\"btn btn-1 toggle-facets facetwp-count-btn\">See all <span class=\"results-count\"><\/span> results<\/button><\/div><\/div><\/div><\/div><div class=\"listing-header\"><div class=\"toggle-container\"><button class=\"btn toggle-btn toggle-list\" data-target=\"list\">List<\/button><button class=\"btn toggle-btn toggle-map\" data-target=\"map\">Map<\/button><button class=\"btn toggle-btn toggle-facets\" data-target=\"facets\">Filters<\/button><button class=\"btn toggle-btn toggle-fulllist\" data-target=\"fulllist\" data-reverse=\"Show map\">Hide the map<\/button><\/div><\/div><div class=\"facetwp-template\"><div class=\"list-container active\"><div class=\"list-items\"><div class=\"item\" data-season=\"all-seasons\"><div class=\"card card-apidae card-avance\"><div class=\"group-actions\"><ws-wishlist data-type=\"flag\" data-action=\"add\" data-wish-id=\"4628180\" data-wish-type=\"apidae\"><\/ws-wishlist><\/div><div class=\"group-media\"><div class=\"field-image\"><img decoding=\"async\" src=\"https:\/\/images.weserv.nl\/?url=https:\/\/static.apidae-tourisme.com\/filestore\/objets-touristiques\/images\/203\/55\/9648075-diaporama.jpg&#038;w=350&#038;h=350&#038;fit=cover&#038;output=webp&#038;q=45\" alt=\"Ice fall\"\/><\/div><\/div><div class=\"group-top\"><div class=\"field-commune\">L&#039;Argenti\u00e8re-la-Bess\u00e9e<\/div><ws-apidae-from-price data-apidae-id=\"4628180\" ><\/ws-apidae-from-price><\/div><div class=\"group-content\"><div class=\"field-title\">Ice fall<\/div><\/div><div class=\"field-link\" role=\"group\" aria-label=\"Lien vers le contenu\"><a href=\"https:\/\/www.paysdesecrins.com\/en\/fiche\/ice-fall-3\/\" class=\"cardlink\" title=\"Lire plus : Ice fall\" lang=\"en_US\">Ice fall<\/a><\/div><\/div><\/div><div class=\"item\" data-season=\"all-seasons\"><div class=\"card card-apidae card-avance\"><div class=\"group-actions\"><ws-wishlist data-type=\"flag\" data-action=\"add\" data-wish-id=\"580536\" data-wish-type=\"apidae\"><\/ws-wishlist><\/div><div class=\"group-media\"><div class=\"field-image\"><img decoding=\"async\" src=\"https:\/\/images.weserv.nl\/?url=https:\/\/static.apidae-tourisme.com\/filestore\/objets-touristiques\/images\/155\/236\/7138459-diaporama.jpg&#038;w=350&#038;h=350&#038;fit=cover&#038;output=webp&#038;q=45\" alt=\"\u00c9cole du Ski Fran\u00e7ais \u00e0 Pelvoux\"\/><\/div><\/div><div class=\"group-top\"><div class=\"field-commune\">Vallouise-Pelvoux<\/div><ws-apidae-from-price data-apidae-id=\"580536\" ><\/ws-apidae-from-price><\/div><div class=\"group-content\"><div class=\"field-title\">\u00c9cole du Ski Fran\u00e7ais \u00e0 Pelvoux<\/div><\/div><div class=\"field-link\" role=\"group\" aria-label=\"Lien vers le contenu\"><a href=\"https:\/\/www.paysdesecrins.com\/en\/fiche\/ecole-du-ski-francais-a-pelvoux-3\/\" class=\"cardlink\" title=\"Lire plus : \u00c9cole du Ski Fran\u00e7ais \u00e0 Pelvoux\" lang=\"en_US\">\u00c9cole du Ski Fran\u00e7ais \u00e0 Pelvoux<\/a><\/div><\/div><\/div><div class=\"item\" data-season=\"all-seasons\"><div class=\"card card-apidae card-avance\"><div class=\"group-actions\"><ws-wishlist data-type=\"flag\" data-action=\"add\" data-wish-id=\"5410923\" data-wish-type=\"apidae\"><\/ws-wishlist><\/div><div class=\"group-media\"><div class=\"field-image\"><img decoding=\"async\" src=\"https:\/\/images.weserv.nl\/?url=https:\/\/static.apidae-tourisme.com\/filestore\/objets-touristiques\/images\/83\/202\/8964691-diaporama.png&#038;w=350&#038;h=350&#038;fit=cover&#038;output=webp&#038;q=45\" alt=\"Nordique Attitude\"\/><\/div><\/div><div class=\"group-top\"><div class=\"field-commune\">Vallouise-Pelvoux<\/div><ws-apidae-from-price data-apidae-id=\"5410923\" ><\/ws-apidae-from-price><\/div><div class=\"group-content\"><div class=\"field-title\">Nordique Attitude<\/div><\/div><div class=\"field-link\" role=\"group\" aria-label=\"Lien vers le contenu\"><a href=\"https:\/\/www.paysdesecrins.com\/en\/fiche\/nordique-attitude-2\/\" class=\"cardlink\" title=\"Lire plus : Nordique Attitude\" lang=\"en_US\">Nordique Attitude<\/a><\/div><\/div><\/div><div class=\"item\" data-season=\"all-seasons\"><div class=\"card card-apidae card-avance\"><div class=\"group-actions\"><ws-wishlist data-type=\"flag\" data-action=\"add\" data-wish-id=\"642806\" data-wish-type=\"apidae\"><\/ws-wishlist><\/div><div class=\"group-media\"><div class=\"field-image\"><img decoding=\"async\" src=\"https:\/\/images.weserv.nl\/?url=https:\/\/static.apidae-tourisme.com\/filestore\/objets-touristiques\/images\/160\/205\/2149792-diaporama.jpg&#038;w=350&#038;h=350&#038;fit=cover&#038;output=webp&#038;q=45\" alt=\"Guillaume CHRISTIAN\"\/><\/div><\/div><div class=\"group-top\"><div class=\"field-commune\">L&#039;Argenti\u00e8re-la-Bess\u00e9e<\/div><ws-apidae-from-price data-apidae-id=\"642806\" ><\/ws-apidae-from-price><\/div><div class=\"group-content\"><div class=\"field-title\">Guillaume CHRISTIAN<\/div><\/div><div class=\"field-link\" role=\"group\" aria-label=\"Lien vers le contenu\"><a href=\"https:\/\/www.paysdesecrins.com\/en\/fiche\/guillaume-christian-3\/\" class=\"cardlink\" title=\"Lire plus : Guillaume CHRISTIAN\" lang=\"en_US\">Guillaume CHRISTIAN<\/a><\/div><\/div><\/div><div class=\"item\" data-season=\"all-seasons\"><div class=\"card card-apidae card-avance\"><div class=\"group-actions\"><ws-wishlist data-type=\"flag\" data-action=\"add\" data-wish-id=\"568914\" data-wish-type=\"apidae\"><\/ws-wishlist><\/div><div class=\"group-media\"><div class=\"field-image\"><img decoding=\"async\" src=\"https:\/\/images.weserv.nl\/?url=https:\/\/static.apidae-tourisme.com\/filestore\/objets-touristiques\/images\/141\/236\/7138445-diaporama.jpg&#038;w=350&#038;h=350&#038;fit=cover&#038;output=webp&#038;q=45\" alt=\"\u00c9cole du Ski Fran\u00e7ais\"\/><\/div><\/div><div class=\"group-top\"><div class=\"field-commune\">Puy-Saint-Vincent<\/div><ws-apidae-from-price data-apidae-id=\"568914\" ><\/ws-apidae-from-price><\/div><div class=\"group-content\"><div class=\"field-title\">\u00c9cole du Ski Fran\u00e7ais<\/div><\/div><div class=\"field-link\" role=\"group\" aria-label=\"Lien vers le contenu\"><a href=\"https:\/\/www.paysdesecrins.com\/en\/fiche\/ecole-du-ski-francais\/\" class=\"cardlink\" title=\"Lire plus : \u00c9cole du Ski Fran\u00e7ais\" lang=\"en_US\">\u00c9cole du Ski Fran\u00e7ais<\/a><\/div><\/div><\/div><div class=\"item\" data-season=\"all-seasons\"><div class=\"card card-apidae card-avance\"><div class=\"group-actions\"><ws-wishlist data-type=\"flag\" data-action=\"add\" data-wish-id=\"5874638\" data-wish-type=\"apidae\"><\/ws-wishlist><\/div><div class=\"group-media\"><div class=\"field-image\"><img decoding=\"async\" src=\"https:\/\/images.weserv.nl\/?url=https:\/\/static.apidae-tourisme.com\/filestore\/objets-touristiques\/images\/242\/194\/10339058-diaporama.jpg&#038;w=350&#038;h=350&#038;fit=cover&#038;output=webp&#038;q=45\" alt=\"Alpineo\"\/><\/div><\/div><div class=\"group-top\"><div class=\"field-book\">Bookable online<\/div><div class=\"field-commune\">L&#039;Argenti\u00e8re-la-Bess\u00e9e<\/div><ws-apidae-from-price data-apidae-id=\"5874638\" ><\/ws-apidae-from-price><\/div><div class=\"group-content\"><div class=\"field-title\">Alpineo<\/div><\/div><div class=\"field-link\" role=\"group\" aria-label=\"Lien vers le contenu\"><a href=\"https:\/\/www.paysdesecrins.com\/en\/fiche\/alpineo-3\/\" class=\"cardlink\" title=\"Lire plus : Alpineo\" lang=\"en_US\">Alpineo<\/a><\/div><\/div><\/div><div class=\"item\" data-season=\"all-seasons\"><div class=\"card card-apidae card-avance\"><div class=\"group-actions\"><ws-wishlist data-type=\"flag\" data-action=\"add\" data-wish-id=\"669942\" data-wish-type=\"apidae\"><\/ws-wishlist><\/div><div class=\"group-media\"><div class=\"field-image\"><img decoding=\"async\" src=\"https:\/\/images.weserv.nl\/?url=https:\/\/static.apidae-tourisme.com\/filestore\/objets-touristiques\/images\/101\/11\/3083109-diaporama.jpg&#038;w=350&#038;h=350&#038;fit=cover&#038;output=webp&#038;q=45\" alt=\"&#8220;Nordic en Vallouise&#8221;\"\/><\/div><\/div><div class=\"group-top\"><div class=\"field-commune\">Vallouise-Pelvoux<\/div><ws-apidae-from-price data-apidae-id=\"669942\" ><\/ws-apidae-from-price><\/div><div class=\"group-content\"><div class=\"field-title\">&#8220;Nordic en Vallouise&#8221;<\/div><\/div><div class=\"field-link\" role=\"group\" aria-label=\"Lien vers le contenu\"><a href=\"https:\/\/www.paysdesecrins.com\/en\/fiche\/nordic-en-vallouise-3\/\" class=\"cardlink\" title=\"Lire plus : &#8220;Nordic en Vallouise&#8221;\" lang=\"en_US\">&#8220;Nordic en Vallouise&#8221;<\/a><\/div><\/div><\/div><div class=\"item\" data-season=\"all-seasons\"><div class=\"card card-apidae card-avance\"><div class=\"group-actions\"><ws-wishlist data-type=\"flag\" data-action=\"add\" data-wish-id=\"654089\" data-wish-type=\"apidae\"><\/ws-wishlist><\/div><div class=\"group-media\"><div class=\"field-image\"><img decoding=\"async\" src=\"https:\/\/images.weserv.nl\/?url=https:\/\/static.apidae-tourisme.com\/filestore\/objets-touristiques\/images\/190\/218\/32955070-diaporama.jpg&#038;w=350&#038;h=350&#038;fit=cover&#038;output=webp&#038;q=45\" alt=\"S\u00e9bastien Foissac\"\/><\/div><\/div><div class=\"group-top\"><div class=\"field-commune\">L&#039;Argenti\u00e8re-la-Bess\u00e9e<\/div><ws-apidae-from-price data-apidae-id=\"654089\" ><\/ws-apidae-from-price><\/div><div class=\"group-content\"><div class=\"field-title\">S\u00e9bastien Foissac<\/div><\/div><div class=\"field-link\" role=\"group\" aria-label=\"Lien vers le contenu\"><a href=\"https:\/\/www.paysdesecrins.com\/en\/fiche\/sebastien-foissac-3\/\" class=\"cardlink\" title=\"Lire plus : S\u00e9bastien Foissac\" lang=\"en_US\">S\u00e9bastien Foissac<\/a><\/div><\/div><\/div><div class=\"item\" data-season=\"all-seasons\"><div class=\"card card-apidae card-avance\"><div class=\"group-actions\"><ws-wishlist data-type=\"flag\" data-action=\"add\" data-wish-id=\"621959\" data-wish-type=\"apidae\"><\/ws-wishlist><\/div><div class=\"group-media\"><div class=\"field-image\"><img decoding=\"async\" src=\"https:\/\/images.weserv.nl\/?url=https:\/\/static.apidae-tourisme.com\/filestore\/objets-touristiques\/images\/88\/178\/8893016-diaporama.jpg&#038;w=350&#038;h=350&#038;fit=cover&#038;output=webp&#038;q=45\" alt=\"Roc \u00c9crins\"\/><\/div><\/div><div class=\"group-top\"><div class=\"field-book\">Bookable online<\/div><div class=\"field-commune\">L&#039;Argenti\u00e8re-la-Bess\u00e9e<\/div><ws-apidae-from-price data-apidae-id=\"621959\" ><\/ws-apidae-from-price><\/div><div class=\"group-content\"><div class=\"field-title\">Roc \u00c9crins<\/div><\/div><div class=\"field-link\" role=\"group\" aria-label=\"Lien vers le contenu\"><a href=\"https:\/\/www.paysdesecrins.com\/en\/fiche\/roc-ecrins-2\/\" class=\"cardlink\" title=\"Lire plus : Roc \u00c9crins\" lang=\"en_US\">Roc \u00c9crins<\/a><\/div><\/div><\/div><div class=\"item\" data-season=\"all-seasons\"><div class=\"card card-apidae card-avance\"><div class=\"group-actions\"><ws-wishlist data-type=\"flag\" data-action=\"add\" data-wish-id=\"626986\" data-wish-type=\"apidae\"><\/ws-wishlist><\/div><div class=\"group-media\"><div class=\"field-image\"><img decoding=\"async\" src=\"https:\/\/images.weserv.nl\/?url=https:\/\/static.apidae-tourisme.com\/filestore\/objets-touristiques\/images\/82\/247\/784210-diaporama.jpg&#038;w=350&#038;h=350&#038;fit=cover&#038;output=webp&#038;q=45\" alt=\"S\u00e9bastien Constant\"\/><\/div><\/div><div class=\"group-top\"><div class=\"field-commune\">L&#039;Argenti\u00e8re-la-Bess\u00e9e<\/div><ws-apidae-from-price data-apidae-id=\"626986\" ><\/ws-apidae-from-price><\/div><div class=\"group-content\"><div class=\"field-title\">S\u00e9bastien Constant<\/div><\/div><div class=\"field-link\" role=\"group\" aria-label=\"Lien vers le contenu\"><a href=\"https:\/\/www.paysdesecrins.com\/en\/fiche\/sebastien-constant-3\/\" class=\"cardlink\" title=\"Lire plus : S\u00e9bastien Constant\" lang=\"en_US\">S\u00e9bastien Constant<\/a><\/div><\/div><\/div><div class=\"item\" data-season=\"all-seasons\"><div class=\"card card-apidae card-avance\"><div class=\"group-actions\"><ws-wishlist data-type=\"flag\" data-action=\"add\" data-wish-id=\"7633464\" data-wish-type=\"apidae\"><\/ws-wishlist><\/div><div class=\"group-media\"><div class=\"field-image\"><img decoding=\"async\" src=\"https:\/\/images.weserv.nl\/?url=https:\/\/static.apidae-tourisme.com\/filestore\/objets-touristiques\/images\/27\/201\/36948251-diaporama.png&#038;w=350&#038;h=350&#038;fit=cover&#038;output=webp&#038;q=45\" alt=\"Ecole de ski nature\"\/><\/div><\/div><div class=\"group-top\"><div class=\"field-commune\">Puy-Saint-Vincent<\/div><ws-apidae-from-price data-apidae-id=\"7633464\" ><\/ws-apidae-from-price><\/div><div class=\"group-content\"><div class=\"field-title\">Ecole de ski nature<\/div><\/div><div class=\"field-link\" role=\"group\" aria-label=\"Lien vers le contenu\"><a href=\"https:\/\/www.paysdesecrins.com\/en\/fiche\/ecole-de-ski-nature-3\/\" class=\"cardlink\" title=\"Lire plus : Ecole de ski nature\" lang=\"en_US\">Ecole de ski nature<\/a><\/div><\/div><\/div><div class=\"item\" data-season=\"all-seasons\"><div class=\"card card-apidae card-avance\"><div class=\"group-actions\"><ws-wishlist data-type=\"flag\" data-action=\"add\" data-wish-id=\"568898\" data-wish-type=\"apidae\"><\/ws-wishlist><\/div><div class=\"group-media\"><div class=\"field-image\"><img decoding=\"async\" src=\"https:\/\/images.weserv.nl\/?url=https:\/\/static.apidae-tourisme.com\/filestore\/objets-touristiques\/images\/46\/235\/19852078-diaporama.jpg&#038;w=350&#038;h=350&#038;fit=cover&#038;output=webp&#038;q=45\" alt=\"Ecole de Ski Internationale\"\/><\/div><\/div><div class=\"group-top\"><div class=\"field-commune\">Puy-Saint-Vincent<\/div><ws-apidae-from-price data-apidae-id=\"568898\" ><\/ws-apidae-from-price><\/div><div class=\"group-content\"><div class=\"field-title\">Ecole de Ski Internationale<\/div><\/div><div class=\"field-link\" role=\"group\" aria-label=\"Lien vers le contenu\"><a href=\"https:\/\/www.paysdesecrins.com\/en\/fiche\/ecole-de-ski-internationale\/\" class=\"cardlink\" title=\"Lire plus : Ecole de Ski Internationale\" lang=\"en_US\">Ecole de Ski Internationale<\/a><\/div><\/div><\/div><div class=\"item\" data-season=\"all-seasons\"><div class=\"card card-apidae card-avance\"><div class=\"group-actions\"><ws-wishlist data-type=\"flag\" data-action=\"add\" data-wish-id=\"581348\" data-wish-type=\"apidae\"><\/ws-wishlist><\/div><div class=\"group-media\"><div class=\"field-image\"><img decoding=\"async\" src=\"https:\/\/images.weserv.nl\/?url=https:\/\/static.apidae-tourisme.com\/filestore\/objets-touristiques\/images\/173\/124\/687277-diaporama.jpg&#038;w=350&#038;h=350&#038;fit=cover&#038;output=webp&#038;q=45\" alt=\"Bureau des guides (mountain guides)\"\/><\/div><\/div><div class=\"group-top\"><div class=\"field-commune\">Vallouise-Pelvoux<\/div><ws-apidae-from-price data-apidae-id=\"581348\" ><\/ws-apidae-from-price><\/div><div class=\"group-content\"><div class=\"field-title\">Bureau des guides (mountain guides)<\/div><\/div><div class=\"field-link\" role=\"group\" aria-label=\"Lien vers le contenu\"><a href=\"https:\/\/www.paysdesecrins.com\/en\/fiche\/bureau-des-guides-mountain-guides\/\" class=\"cardlink\" title=\"Lire plus : Bureau des guides (mountain guides)\" lang=\"en_US\">Bureau des guides (mountain guides)<\/a><\/div><\/div><\/div><div class=\"item\" data-season=\"all-seasons\"><div class=\"card card-apidae card-avance\"><div class=\"group-actions\"><ws-wishlist data-type=\"flag\" data-action=\"add\" data-wish-id=\"643560\" data-wish-type=\"apidae\"><\/ws-wishlist><\/div><div class=\"group-media\"><div class=\"field-image\"><img decoding=\"async\" src=\"https:\/\/images.weserv.nl\/?url=https:\/\/static.apidae-tourisme.com\/filestore\/objets-touristiques\/images\/175\/205\/2149807-diaporama.jpg&#038;w=350&#038;h=350&#038;fit=cover&#038;output=webp&#038;q=45\" alt=\"Alpes Aventure\"\/><\/div><\/div><div class=\"group-top\"><div class=\"field-commune\">L&#039;Argenti\u00e8re-la-Bess\u00e9e<\/div><ws-apidae-from-price data-apidae-id=\"643560\" ><\/ws-apidae-from-price><\/div><div class=\"group-content\"><div class=\"field-title\">Alpes Aventure<\/div><\/div><div class=\"field-link\" role=\"group\" aria-label=\"Lien vers le contenu\"><a href=\"https:\/\/www.paysdesecrins.com\/en\/fiche\/alpes-aventure-3\/\" class=\"cardlink\" title=\"Lire plus : Alpes Aventure\" lang=\"en_US\">Alpes Aventure<\/a><\/div><\/div><\/div><div class=\"item\" data-season=\"all-seasons\"><div class=\"card card-apidae card-avance\"><div class=\"group-actions\"><ws-wishlist data-type=\"flag\" data-action=\"add\" data-wish-id=\"5047226\" data-wish-type=\"apidae\"><\/ws-wishlist><\/div><div class=\"group-media\"><div class=\"field-image\"><img decoding=\"async\" src=\"https:\/\/images.weserv.nl\/?url=https:\/\/static.apidae-tourisme.com\/filestore\/objets-touristiques\/images\/134\/7\/30082950-diaporama.jpg&#038;w=350&#038;h=350&#038;fit=cover&#038;output=webp&#038;q=45\" alt=\"Mathieu Gaillard Guide de Haute Montagne\"\/><\/div><\/div><div class=\"group-top\"><div class=\"field-commune\">L&#039;Argenti\u00e8re-la-Bess\u00e9e<\/div><ws-apidae-from-price data-apidae-id=\"5047226\" ><\/ws-apidae-from-price><\/div><div class=\"group-content\"><div class=\"field-title\">Mathieu Gaillard Guide de Haute Montagne<\/div><\/div><div class=\"field-link\" role=\"group\" aria-label=\"Lien vers le contenu\"><a href=\"https:\/\/www.paysdesecrins.com\/en\/fiche\/mathieu-gaillard-guide-de-haute-montagne-3\/\" class=\"cardlink\" title=\"Lire plus : Mathieu Gaillard Guide de Haute Montagne\" lang=\"en_US\">Mathieu Gaillard Guide de Haute Montagne<\/a><\/div><\/div><\/div><div class=\"item\" data-season=\"all-seasons\"><div class=\"card card-apidae card-avance\"><div class=\"group-actions\"><ws-wishlist data-type=\"flag\" data-action=\"add\" data-wish-id=\"6656188\" data-wish-type=\"apidae\"><\/ws-wishlist><\/div><div class=\"group-media\"><div class=\"field-image\"><img decoding=\"async\" src=\"https:\/\/images.weserv.nl\/?url=https:\/\/static.apidae-tourisme.com\/filestore\/objets-touristiques\/images\/10\/76\/20466698-diaporama.jpg&#038;w=350&#038;h=350&#038;fit=cover&#038;output=webp&#038;q=45\" alt=\"Alpinisme, escalade et randonn\u00e9e avec Terralpina\"\/><\/div><\/div><div class=\"group-top\"><div class=\"field-commune\">Les Vigneaux<\/div><ws-apidae-from-price data-apidae-id=\"6656188\" ><\/ws-apidae-from-price><\/div><div class=\"group-content\"><div class=\"field-title\">Alpinisme, escalade et randonn\u00e9e avec Terralpina<\/div><\/div><div class=\"field-link\" role=\"group\" aria-label=\"Lien vers le contenu\"><a href=\"https:\/\/www.paysdesecrins.com\/en\/fiche\/alpinisme-escalade-et-randonnee-avec-terralpina-3\/\" class=\"cardlink\" title=\"Lire plus : Alpinisme, escalade et randonn\u00e9e avec Terralpina\" lang=\"en_US\">Alpinisme, escalade et randonn\u00e9e avec Terralpina<\/a><\/div><\/div><\/div><div id=\"locations-data_7808c\" style=\"display: none;\">{&quot;locations&quot;:[{&quot;lat&quot;:&quot;44.838914&quot;,&quot;lng&quot;:&quot;6.488633&quot;,&quot;title&quot;:&quot;Ice fall&quot;,&quot;permalink&quot;:&quot;https:\\\/\\\/www.paysdesecrins.com\\\/en\\\/fiche\\\/ice-fall-3\\\/&quot;,&quot;type&quot;:&quot;commerce_et_service&quot;,&quot;commune&quot;:&quot;L&#039;Argenti\\u00e8re-la-Bess\\u00e9e&quot;,&quot;type_commerce&quot;:&quot;&quot;,&quot;image&quot;:&quot;https:\\\/\\\/static.apidae-tourisme.com\\\/filestore\\\/objets-touristiques\\\/images\\\/203\\\/55\\\/9648075-diaporama.jpg&quot;,&quot;image_width&quot;:&quot;350&quot;,&quot;image_height&quot;:&quot;350&quot;,&quot;image_fit&quot;:&quot;cover&quot;},{&quot;lat&quot;:&quot;44.86615&quot;,&quot;lng&quot;:&quot;6.486139&quot;,&quot;title&quot;:&quot;\\u00c9cole du Ski Fran\\u00e7ais \\u00e0 Pelvoux&quot;,&quot;permalink&quot;:&quot;https:\\\/\\\/www.paysdesecrins.com\\\/en\\\/fiche\\\/ecole-du-ski-francais-a-pelvoux-3\\\/&quot;,&quot;type&quot;:&quot;commerce_et_service&quot;,&quot;commune&quot;:&quot;Vallouise-Pelvoux&quot;,&quot;type_commerce&quot;:&quot;&quot;,&quot;image&quot;:&quot;https:\\\/\\\/static.apidae-tourisme.com\\\/filestore\\\/objets-touristiques\\\/images\\\/155\\\/236\\\/7138459-diaporama.jpg&quot;,&quot;image_width&quot;:&quot;350&quot;,&quot;image_height&quot;:&quot;350&quot;,&quot;image_fit&quot;:&quot;cover&quot;},{&quot;lat&quot;:&quot;44.793939&quot;,&quot;lng&quot;:&quot;6.557773&quot;,&quot;title&quot;:&quot;Guillaume CHRISTIAN&quot;,&quot;permalink&quot;:&quot;https:\\\/\\\/www.paysdesecrins.com\\\/en\\\/fiche\\\/guillaume-christian-3\\\/&quot;,&quot;type&quot;:&quot;commerce_et_service&quot;,&quot;commune&quot;:&quot;L&#039;Argenti\\u00e8re-la-Bess\\u00e9e&quot;,&quot;type_commerce&quot;:&quot;&quot;,&quot;image&quot;:&quot;https:\\\/\\\/static.apidae-tourisme.com\\\/filestore\\\/objets-touristiques\\\/images\\\/160\\\/205\\\/2149792-diaporama.jpg&quot;,&quot;image_width&quot;:&quot;350&quot;,&quot;image_height&quot;:&quot;350&quot;,&quot;image_fit&quot;:&quot;cover&quot;},{&quot;lat&quot;:&quot;44.818548&quot;,&quot;lng&quot;:&quot;6.486267&quot;,&quot;title&quot;:&quot;\\u00c9cole du Ski Fran\\u00e7ais&quot;,&quot;permalink&quot;:&quot;https:\\\/\\\/www.paysdesecrins.com\\\/en\\\/fiche\\\/ecole-du-ski-francais\\\/&quot;,&quot;type&quot;:&quot;commerce_et_service&quot;,&quot;commune&quot;:&quot;Puy-Saint-Vincent&quot;,&quot;type_commerce&quot;:&quot;&quot;,&quot;image&quot;:&quot;https:\\\/\\\/static.apidae-tourisme.com\\\/filestore\\\/objets-touristiques\\\/images\\\/141\\\/236\\\/7138445-diaporama.jpg&quot;,&quot;image_width&quot;:&quot;350&quot;,&quot;image_height&quot;:&quot;350&quot;,&quot;image_fit&quot;:&quot;cover&quot;},{&quot;lat&quot;:&quot;44.838914&quot;,&quot;lng&quot;:&quot;6.488633&quot;,&quot;title&quot;:&quot;Alpineo&quot;,&quot;permalink&quot;:&quot;https:\\\/\\\/www.paysdesecrins.com\\\/en\\\/fiche\\\/alpineo-3\\\/&quot;,&quot;type&quot;:&quot;commerce_et_service&quot;,&quot;commune&quot;:&quot;L&#039;Argenti\\u00e8re-la-Bess\\u00e9e&quot;,&quot;type_commerce&quot;:&quot;&quot;,&quot;image&quot;:&quot;https:\\\/\\\/static.apidae-tourisme.com\\\/filestore\\\/objets-touristiques\\\/images\\\/242\\\/194\\\/10339058-diaporama.jpg&quot;,&quot;image_width&quot;:&quot;350&quot;,&quot;image_height&quot;:&quot;350&quot;,&quot;image_fit&quot;:&quot;cover&quot;},{&quot;lat&quot;:&quot;44.839402&quot;,&quot;lng&quot;:&quot;6.492194&quot;,&quot;title&quot;:&quot;&#8220;Nordic en Vallouise&#8221;&quot;,&quot;permalink&quot;:&quot;https:\\\/\\\/www.paysdesecrins.com\\\/en\\\/fiche\\\/nordic-en-vallouise-3\\\/&quot;,&quot;type&quot;:&quot;commerce_et_service&quot;,&quot;commune&quot;:&quot;Vallouise-Pelvoux&quot;,&quot;type_commerce&quot;:&quot;&quot;,&quot;image&quot;:&quot;https:\\\/\\\/static.apidae-tourisme.com\\\/filestore\\\/objets-touristiques\\\/images\\\/101\\\/11\\\/3083109-diaporama.jpg&quot;,&quot;image_width&quot;:&quot;350&quot;,&quot;image_height&quot;:&quot;350&quot;,&quot;image_fit&quot;:&quot;cover&quot;},{&quot;lat&quot;:&quot;44.789117&quot;,&quot;lng&quot;:&quot;6.547291&quot;,&quot;title&quot;:&quot;S\\u00e9bastien Foissac&quot;,&quot;permalink&quot;:&quot;https:\\\/\\\/www.paysdesecrins.com\\\/en\\\/fiche\\\/sebastien-foissac-3\\\/&quot;,&quot;type&quot;:&quot;commerce_et_service&quot;,&quot;commune&quot;:&quot;L&#039;Argenti\\u00e8re-la-Bess\\u00e9e&quot;,&quot;type_commerce&quot;:&quot;&quot;,&quot;image&quot;:&quot;https:\\\/\\\/static.apidae-tourisme.com\\\/filestore\\\/objets-touristiques\\\/images\\\/190\\\/218\\\/32955070-diaporama.jpg&quot;,&quot;image_width&quot;:&quot;350&quot;,&quot;image_height&quot;:&quot;350&quot;,&quot;image_fit&quot;:&quot;cover&quot;},{&quot;lat&quot;:&quot;44.78946&quot;,&quot;lng&quot;:&quot;6.558928&quot;,&quot;title&quot;:&quot;Roc \\u00c9crins&quot;,&quot;permalink&quot;:&quot;https:\\\/\\\/www.paysdesecrins.com\\\/en\\\/fiche\\\/roc-ecrins-2\\\/&quot;,&quot;type&quot;:&quot;commerce_et_service&quot;,&quot;commune&quot;:&quot;L&#039;Argenti\\u00e8re-la-Bess\\u00e9e&quot;,&quot;type_commerce&quot;:&quot;&quot;,&quot;image&quot;:&quot;https:\\\/\\\/static.apidae-tourisme.com\\\/filestore\\\/objets-touristiques\\\/images\\\/88\\\/178\\\/8893016-diaporama.jpg&quot;,&quot;image_width&quot;:&quot;350&quot;,&quot;image_height&quot;:&quot;350&quot;,&quot;image_fit&quot;:&quot;cover&quot;},{&quot;lat&quot;:&quot;44.780433&quot;,&quot;lng&quot;:&quot;6.553736&quot;,&quot;title&quot;:&quot;S\\u00e9bastien Constant&quot;,&quot;permalink&quot;:&quot;https:\\\/\\\/www.paysdesecrins.com\\\/en\\\/fiche\\\/sebastien-constant-3\\\/&quot;,&quot;type&quot;:&quot;commerce_et_service&quot;,&quot;commune&quot;:&quot;L&#039;Argenti\\u00e8re-la-Bess\\u00e9e&quot;,&quot;type_commerce&quot;:&quot;&quot;,&quot;image&quot;:&quot;https:\\\/\\\/static.apidae-tourisme.com\\\/filestore\\\/objets-touristiques\\\/images\\\/82\\\/247\\\/784210-diaporama.jpg&quot;,&quot;image_width&quot;:&quot;350&quot;,&quot;image_height&quot;:&quot;350&quot;,&quot;image_fit&quot;:&quot;cover&quot;},{&quot;lat&quot;:&quot;44.818245&quot;,&quot;lng&quot;:&quot;6.486048&quot;,&quot;title&quot;:&quot;Ecole de ski nature&quot;,&quot;permalink&quot;:&quot;https:\\\/\\\/www.paysdesecrins.com\\\/en\\\/fiche\\\/ecole-de-ski-nature-3\\\/&quot;,&quot;type&quot;:&quot;commerce_et_service&quot;,&quot;commune&quot;:&quot;Puy-Saint-Vincent&quot;,&quot;type_commerce&quot;:&quot;&quot;,&quot;image&quot;:&quot;https:\\\/\\\/static.apidae-tourisme.com\\\/filestore\\\/objets-touristiques\\\/images\\\/27\\\/201\\\/36948251-diaporama.png&quot;,&quot;image_width&quot;:&quot;350&quot;,&quot;image_height&quot;:&quot;350&quot;,&quot;image_fit&quot;:&quot;cover&quot;},{&quot;lat&quot;:&quot;44.818868&quot;,&quot;lng&quot;:&quot;6.486664&quot;,&quot;title&quot;:&quot;Ecole de Ski Internationale&quot;,&quot;permalink&quot;:&quot;https:\\\/\\\/www.paysdesecrins.com\\\/en\\\/fiche\\\/ecole-de-ski-internationale\\\/&quot;,&quot;type&quot;:&quot;commerce_et_service&quot;,&quot;commune&quot;:&quot;Puy-Saint-Vincent&quot;,&quot;type_commerce&quot;:&quot;&quot;,&quot;image&quot;:&quot;https:\\\/\\\/static.apidae-tourisme.com\\\/filestore\\\/objets-touristiques\\\/images\\\/46\\\/235\\\/19852078-diaporama.jpg&quot;,&quot;image_width&quot;:&quot;350&quot;,&quot;image_height&quot;:&quot;350&quot;,&quot;image_fit&quot;:&quot;cover&quot;},{&quot;lat&quot;:&quot;44.83928&quot;,&quot;lng&quot;:&quot;6.497067&quot;,&quot;title&quot;:&quot;Bureau des guides (mountain guides)&quot;,&quot;permalink&quot;:&quot;https:\\\/\\\/www.paysdesecrins.com\\\/en\\\/fiche\\\/bureau-des-guides-mountain-guides\\\/&quot;,&quot;type&quot;:&quot;commerce_et_service&quot;,&quot;commune&quot;:&quot;Vallouise-Pelvoux&quot;,&quot;type_commerce&quot;:&quot;&quot;,&quot;image&quot;:&quot;https:\\\/\\\/static.apidae-tourisme.com\\\/filestore\\\/objets-touristiques\\\/images\\\/173\\\/124\\\/687277-diaporama.jpg&quot;,&quot;image_width&quot;:&quot;350&quot;,&quot;image_height&quot;:&quot;350&quot;,&quot;image_fit&quot;:&quot;cover&quot;},{&quot;lat&quot;:&quot;44.793939&quot;,&quot;lng&quot;:&quot;6.557773&quot;,&quot;title&quot;:&quot;Alpes Aventure&quot;,&quot;permalink&quot;:&quot;https:\\\/\\\/www.paysdesecrins.com\\\/en\\\/fiche\\\/alpes-aventure-3\\\/&quot;,&quot;type&quot;:&quot;commerce_et_service&quot;,&quot;commune&quot;:&quot;L&#039;Argenti\\u00e8re-la-Bess\\u00e9e&quot;,&quot;type_commerce&quot;:&quot;&quot;,&quot;image&quot;:&quot;https:\\\/\\\/static.apidae-tourisme.com\\\/filestore\\\/objets-touristiques\\\/images\\\/175\\\/205\\\/2149807-diaporama.jpg&quot;,&quot;image_width&quot;:&quot;350&quot;,&quot;image_height&quot;:&quot;350&quot;,&quot;image_fit&quot;:&quot;cover&quot;},{&quot;lat&quot;:&quot;44.793386&quot;,&quot;lng&quot;:&quot;6.559281&quot;,&quot;title&quot;:&quot;Mathieu Gaillard Guide de Haute Montagne&quot;,&quot;permalink&quot;:&quot;https:\\\/\\\/www.paysdesecrins.com\\\/en\\\/fiche\\\/mathieu-gaillard-guide-de-haute-montagne-3\\\/&quot;,&quot;type&quot;:&quot;commerce_et_service&quot;,&quot;commune&quot;:&quot;L&#039;Argenti\\u00e8re-la-Bess\\u00e9e&quot;,&quot;type_commerce&quot;:&quot;&quot;,&quot;image&quot;:&quot;https:\\\/\\\/static.apidae-tourisme.com\\\/filestore\\\/objets-touristiques\\\/images\\\/134\\\/7\\\/30082950-diaporama.jpg&quot;,&quot;image_width&quot;:&quot;350&quot;,&quot;image_height&quot;:&quot;350&quot;,&quot;image_fit&quot;:&quot;cover&quot;}],&quot;center_lat&quot;:&quot;44.838914&quot;,&quot;center_lng&quot;:&quot;6.488633&quot;}<\/div><\/div><\/div><\/div><div class=\"map-marker\"><div id=\"map_7808c\" class=\"map-container\" style=\"width: 100%; height: 450px;\"><\/div><\/div><\/div>\n<div class=\"wp-block-ws-library-ws-share\"><span class=\"share-subtitle\">Did you like this page?<\/span><span class=\"share-title\">Share it!<\/span><button class=\"ws-share-button wp-element-button\">Share this page<\/button><\/div>\n","protected":false},"excerpt":{"rendered":"<p>In the Pays des \u00c9crins, the snow lends itself to all desires: on the slopes, Puy Saint-Vincent and Pelvoux-Vallouise offer [&hellip;]<\/p>\n","protected":false},"author":1,"featured_media":42397,"parent":44556,"menu_order":0,"comment_status":"closed","ping_status":"closed","template":"","meta":{"_thumbnail_id_2":0,"summer_excerpt":"","season":"","station":"","footnotes":""},"class_list":["post-44562","page","type-page","status-publish","has-post-thumbnail","hentry"],"yoast_head":"<!-- This site is optimized with the Yoast SEO plugin v27.3 - https:\/\/yoast.com\/product\/yoast-seo-wordpress\/ -->\n<title>Ski - Pays des \u00c9crins - Office de Tourisme<\/title>\n<meta name=\"robots\" content=\"index, follow, max-snippet:-1, max-image-preview:large, max-video-preview:-1\" \/>\n<link rel=\"canonical\" href=\"https:\/\/www.paysdesecrins.com\/en\/my-outdoor-activities\/ski\/\" \/>\n<meta property=\"og:locale\" content=\"en_US\" \/>\n<meta property=\"og:type\" content=\"article\" \/>\n<meta property=\"og:title\" content=\"Ski - Pays des \u00c9crins - Office de Tourisme\" \/>\n<meta property=\"og:description\" content=\"In the Pays des \u00c9crins, the snow lends itself to all desires: on the slopes, Puy Saint-Vincent and Pelvoux-Vallouise offer [&hellip;]\" \/>\n<meta property=\"og:url\" content=\"https:\/\/www.paysdesecrins.com\/en\/my-outdoor-activities\/ski\/\" \/>\n<meta property=\"og:site_name\" content=\"Pays des \u00c9crins - Office de Tourisme\" \/>\n<meta property=\"article:modified_time\" content=\"2025-08-06T08:43:13+00:00\" \/>\n<meta property=\"og:image\" content=\"https:\/\/www.paysdesecrins.com\/wp-content\/uploads\/2025\/07\/photos-kinaphoto-psv-journe-e-7-2025-hd44-1-scaled.jpg\" \/>\n\t<meta property=\"og:image:width\" content=\"2560\" \/>\n\t<meta property=\"og:image:height\" content=\"1706\" \/>\n\t<meta property=\"og:image:type\" content=\"image\/jpeg\" \/>\n<meta name=\"twitter:card\" content=\"summary_large_image\" \/>\n<meta name=\"twitter:label1\" content=\"Est. reading time\" \/>\n\t<meta name=\"twitter:data1\" content=\"6 minutes\" \/>\n<script type=\"application\/ld+json\" class=\"yoast-schema-graph\">{\"@context\":\"https:\\\/\\\/schema.org\",\"@graph\":[{\"@type\":\"WebPage\",\"@id\":\"https:\\\/\\\/www.paysdesecrins.com\\\/en\\\/my-outdoor-activities\\\/ski\\\/\",\"url\":\"https:\\\/\\\/www.paysdesecrins.com\\\/en\\\/my-outdoor-activities\\\/ski\\\/\",\"name\":\"Ski - Pays des \u00c9crins - Office de Tourisme\",\"isPartOf\":{\"@id\":\"https:\\\/\\\/www.paysdesecrins.com\\\/en\\\/#website\"},\"primaryImageOfPage\":{\"@id\":\"https:\\\/\\\/www.paysdesecrins.com\\\/en\\\/my-outdoor-activities\\\/ski\\\/#primaryimage\"},\"image\":{\"@id\":\"https:\\\/\\\/www.paysdesecrins.com\\\/en\\\/my-outdoor-activities\\\/ski\\\/#primaryimage\"},\"thumbnailUrl\":\"https:\\\/\\\/www.paysdesecrins.com\\\/wp-content\\\/uploads\\\/2025\\\/07\\\/photos-kinaphoto-psv-journe-e-7-2025-hd44-1-scaled.jpg\",\"datePublished\":\"2025-06-25T13:44:50+00:00\",\"dateModified\":\"2025-08-06T08:43:13+00:00\",\"breadcrumb\":{\"@id\":\"https:\\\/\\\/www.paysdesecrins.com\\\/en\\\/my-outdoor-activities\\\/ski\\\/#breadcrumb\"},\"inLanguage\":\"en-US\",\"potentialAction\":[{\"@type\":\"ReadAction\",\"target\":[\"https:\\\/\\\/www.paysdesecrins.com\\\/en\\\/my-outdoor-activities\\\/ski\\\/\"]}]},{\"@type\":\"ImageObject\",\"inLanguage\":\"en-US\",\"@id\":\"https:\\\/\\\/www.paysdesecrins.com\\\/en\\\/my-outdoor-activities\\\/ski\\\/#primaryimage\",\"url\":\"https:\\\/\\\/www.paysdesecrins.com\\\/wp-content\\\/uploads\\\/2025\\\/07\\\/photos-kinaphoto-psv-journe-e-7-2025-hd44-1-scaled.jpg\",\"contentUrl\":\"https:\\\/\\\/www.paysdesecrins.com\\\/wp-content\\\/uploads\\\/2025\\\/07\\\/photos-kinaphoto-psv-journe-e-7-2025-hd44-1-scaled.jpg\",\"width\":2560,\"height\":1706},{\"@type\":\"BreadcrumbList\",\"@id\":\"https:\\\/\\\/www.paysdesecrins.com\\\/en\\\/my-outdoor-activities\\\/ski\\\/#breadcrumb\",\"itemListElement\":[{\"@type\":\"ListItem\",\"position\":1,\"name\":\"Home\",\"item\":\"https:\\\/\\\/www.paysdesecrins.com\\\/en\\\/the-title-of-the-home\\\/\"},{\"@type\":\"ListItem\",\"position\":2,\"name\":\"My outdoor activities\",\"item\":\"https:\\\/\\\/www.paysdesecrins.com\\\/en\\\/my-outdoor-activities\\\/\"},{\"@type\":\"ListItem\",\"position\":3,\"name\":\"Ski\"}]},{\"@type\":\"WebSite\",\"@id\":\"https:\\\/\\\/www.paysdesecrins.com\\\/en\\\/#website\",\"url\":\"https:\\\/\\\/www.paysdesecrins.com\\\/en\\\/\",\"name\":\"Pays des \u00c9crins - Office de Tourisme\",\"description\":\"L&#039;esprit montagne\",\"publisher\":{\"@id\":\"https:\\\/\\\/www.paysdesecrins.com\\\/en\\\/#organization\"},\"potentialAction\":[{\"@type\":\"SearchAction\",\"target\":{\"@type\":\"EntryPoint\",\"urlTemplate\":\"https:\\\/\\\/www.paysdesecrins.com\\\/en\\\/?s={search_term_string}\"},\"query-input\":{\"@type\":\"PropertyValueSpecification\",\"valueRequired\":true,\"valueName\":\"search_term_string\"}}],\"inLanguage\":\"en-US\"},{\"@type\":\"Organization\",\"@id\":\"https:\\\/\\\/www.paysdesecrins.com\\\/en\\\/#organization\",\"name\":\"Pays des \u00c9crins - Office de Tourisme\",\"url\":\"https:\\\/\\\/www.paysdesecrins.com\\\/en\\\/\",\"logo\":{\"@type\":\"ImageObject\",\"inLanguage\":\"en-US\",\"@id\":\"https:\\\/\\\/www.paysdesecrins.com\\\/en\\\/#\\\/schema\\\/logo\\\/image\\\/\",\"url\":\"https:\\\/\\\/www.paysdesecrins.com\\\/wp-content\\\/uploads\\\/2025\\\/06\\\/devina-svg-1750845694.svg\",\"contentUrl\":\"https:\\\/\\\/www.paysdesecrins.com\\\/wp-content\\\/uploads\\\/2025\\\/06\\\/devina-svg-1750845694.svg\",\"caption\":\"Pays des \u00c9crins - Office de Tourisme\"},\"image\":{\"@id\":\"https:\\\/\\\/www.paysdesecrins.com\\\/en\\\/#\\\/schema\\\/logo\\\/image\\\/\"}}]}<\/script>\n<!-- \/ Yoast SEO plugin. -->","yoast_head_json":{"title":"Ski - Pays des \u00c9crins - Office de Tourisme","robots":{"index":"index","follow":"follow","max-snippet":"max-snippet:-1","max-image-preview":"max-image-preview:large","max-video-preview":"max-video-preview:-1"},"canonical":"https:\/\/www.paysdesecrins.com\/en\/my-outdoor-activities\/ski\/","og_locale":"en_US","og_type":"article","og_title":"Ski - Pays des \u00c9crins - Office de Tourisme","og_description":"In the Pays des \u00c9crins, the snow lends itself to all desires: on the slopes, Puy Saint-Vincent and Pelvoux-Vallouise offer [&hellip;]","og_url":"https:\/\/www.paysdesecrins.com\/en\/my-outdoor-activities\/ski\/","og_site_name":"Pays des \u00c9crins - Office de Tourisme","article_modified_time":"2025-08-06T08:43:13+00:00","og_image":[{"width":2560,"height":1706,"url":"https:\/\/www.paysdesecrins.com\/wp-content\/uploads\/2025\/07\/photos-kinaphoto-psv-journe-e-7-2025-hd44-1-scaled.jpg","type":"image\/jpeg"}],"twitter_card":"summary_large_image","twitter_misc":{"Est. reading time":"6 minutes"},"schema":{"@context":"https:\/\/schema.org","@graph":[{"@type":"WebPage","@id":"https:\/\/www.paysdesecrins.com\/en\/my-outdoor-activities\/ski\/","url":"https:\/\/www.paysdesecrins.com\/en\/my-outdoor-activities\/ski\/","name":"Ski - Pays des \u00c9crins - Office de Tourisme","isPartOf":{"@id":"https:\/\/www.paysdesecrins.com\/en\/#website"},"primaryImageOfPage":{"@id":"https:\/\/www.paysdesecrins.com\/en\/my-outdoor-activities\/ski\/#primaryimage"},"image":{"@id":"https:\/\/www.paysdesecrins.com\/en\/my-outdoor-activities\/ski\/#primaryimage"},"thumbnailUrl":"https:\/\/www.paysdesecrins.com\/wp-content\/uploads\/2025\/07\/photos-kinaphoto-psv-journe-e-7-2025-hd44-1-scaled.jpg","datePublished":"2025-06-25T13:44:50+00:00","dateModified":"2025-08-06T08:43:13+00:00","breadcrumb":{"@id":"https:\/\/www.paysdesecrins.com\/en\/my-outdoor-activities\/ski\/#breadcrumb"},"inLanguage":"en-US","potentialAction":[{"@type":"ReadAction","target":["https:\/\/www.paysdesecrins.com\/en\/my-outdoor-activities\/ski\/"]}]},{"@type":"ImageObject","inLanguage":"en-US","@id":"https:\/\/www.paysdesecrins.com\/en\/my-outdoor-activities\/ski\/#primaryimage","url":"https:\/\/www.paysdesecrins.com\/wp-content\/uploads\/2025\/07\/photos-kinaphoto-psv-journe-e-7-2025-hd44-1-scaled.jpg","contentUrl":"https:\/\/www.paysdesecrins.com\/wp-content\/uploads\/2025\/07\/photos-kinaphoto-psv-journe-e-7-2025-hd44-1-scaled.jpg","width":2560,"height":1706},{"@type":"BreadcrumbList","@id":"https:\/\/www.paysdesecrins.com\/en\/my-outdoor-activities\/ski\/#breadcrumb","itemListElement":[{"@type":"ListItem","position":1,"name":"Home","item":"https:\/\/www.paysdesecrins.com\/en\/the-title-of-the-home\/"},{"@type":"ListItem","position":2,"name":"My outdoor activities","item":"https:\/\/www.paysdesecrins.com\/en\/my-outdoor-activities\/"},{"@type":"ListItem","position":3,"name":"Ski"}]},{"@type":"WebSite","@id":"https:\/\/www.paysdesecrins.com\/en\/#website","url":"https:\/\/www.paysdesecrins.com\/en\/","name":"Pays des \u00c9crins - Office de Tourisme","description":"L&#039;esprit montagne","publisher":{"@id":"https:\/\/www.paysdesecrins.com\/en\/#organization"},"potentialAction":[{"@type":"SearchAction","target":{"@type":"EntryPoint","urlTemplate":"https:\/\/www.paysdesecrins.com\/en\/?s={search_term_string}"},"query-input":{"@type":"PropertyValueSpecification","valueRequired":true,"valueName":"search_term_string"}}],"inLanguage":"en-US"},{"@type":"Organization","@id":"https:\/\/www.paysdesecrins.com\/en\/#organization","name":"Pays des \u00c9crins - Office de Tourisme","url":"https:\/\/www.paysdesecrins.com\/en\/","logo":{"@type":"ImageObject","inLanguage":"en-US","@id":"https:\/\/www.paysdesecrins.com\/en\/#\/schema\/logo\/image\/","url":"https:\/\/www.paysdesecrins.com\/wp-content\/uploads\/2025\/06\/devina-svg-1750845694.svg","contentUrl":"https:\/\/www.paysdesecrins.com\/wp-content\/uploads\/2025\/06\/devina-svg-1750845694.svg","caption":"Pays des \u00c9crins - Office de Tourisme"},"image":{"@id":"https:\/\/www.paysdesecrins.com\/en\/#\/schema\/logo\/image\/"}}]}},"_links":{"self":[{"href":"https:\/\/www.paysdesecrins.com\/en\/wp-json\/wp\/v2\/pages\/44562","targetHints":{"allow":["GET"]}}],"collection":[{"href":"https:\/\/www.paysdesecrins.com\/en\/wp-json\/wp\/v2\/pages"}],"about":[{"href":"https:\/\/www.paysdesecrins.com\/en\/wp-json\/wp\/v2\/types\/page"}],"author":[{"embeddable":true,"href":"https:\/\/www.paysdesecrins.com\/en\/wp-json\/wp\/v2\/users\/1"}],"replies":[{"embeddable":true,"href":"https:\/\/www.paysdesecrins.com\/en\/wp-json\/wp\/v2\/comments?post=44562"}],"version-history":[{"count":0,"href":"https:\/\/www.paysdesecrins.com\/en\/wp-json\/wp\/v2\/pages\/44562\/revisions"}],"up":[{"embeddable":true,"href":"https:\/\/www.paysdesecrins.com\/en\/wp-json\/wp\/v2\/pages\/44556"}],"wp:featuredmedia":[{"embeddable":true,"href":"https:\/\/www.paysdesecrins.com\/en\/wp-json\/wp\/v2\/media\/42397"}],"wp:attachment":[{"href":"https:\/\/www.paysdesecrins.com\/en\/wp-json\/wp\/v2\/media?parent=44562"}],"curies":[{"name":"wp","href":"https:\/\/api.w.org\/{rel}","templated":true}]}}