{"id":45036,"date":"2025-06-25T15:44:51","date_gmt":"2025-06-25T13:44:51","guid":{"rendered":"https:\/\/www.paysdesecrins.com\/my-resort-my-village\/puy-saint-vincent\/"},"modified":"2025-08-13T15:10:26","modified_gmt":"2025-08-13T13:10:26","slug":"puy-saint-vincent","status":"publish","type":"page","link":"https:\/\/www.paysdesecrins.com\/en\/my-resort-my-village\/puy-saint-vincent\/","title":{"rendered":"Puy-Saint-Vincent"},"content":{"rendered":"    <div class=\"alignfull wp-block-ws-library-ws-header-interne\" data-season=\"winter\">\n\t    <div class=\"header-container\">\n\t        <div class=\"group-media has-image\">\n\t            \t                <img loading=\"lazy\" decoding=\"async\" width=\"1920\" height=\"800\" src=\"https:\/\/www.paysdesecrins.com\/wp-content\/uploads\/2025\/07\/puy-saint-vincent-ski-2901-11-1920x800.jpg\" alt=\"\" class=\"image_large_square wp-image-29755\" \/>\n\t            \t        <\/div>\n\t        <div class=\"group-content\">\n\t            <div class=\"title\">\n\t                <h1>\n\t                    Puy-Saint-Vincent\t                    \t                <\/h1>\n\t            <\/div>\n\t        <\/div>\n\t    <\/div>\n\t    \n<div class=\"yoast-breadcrumbs\"><span><span><a href=\"https:\/\/www.paysdesecrins.com\/en\/the-title-of-the-home\/\">Home<\/a><\/span>  <span><a href=\"https:\/\/www.paysdesecrins.com\/en\/ma-station-mon-village\/\">My resort, my village<\/a><\/span>  <span class=\"breadcrumb_last\" aria-current=\"page\">Puy-Saint-Vincent<\/span><\/span><\/div>\n    <\/div>\n        <div class=\"alignfull wp-block-ws-library-ws-header-interne\" data-season=\"summer\">\n\t    <div class=\"header-container\">\n\t        <div class=\"group-media has-image\">\n\t            \t                <img loading=\"lazy\" decoding=\"async\" width=\"1920\" height=\"800\" src=\"https:\/\/www.paysdesecrins.com\/wp-content\/uploads\/2025\/07\/19villages-psv-tete24-04-1920x800.jpg\" alt=\"\" class=\"image_large_square wp-image-22016\" \/>\n\t            \t        <\/div>\n\t        <div class=\"group-content\">\n\t            <div class=\"title\">\n\t                <h1>\n\t                    Puy-Saint-Vincent\t                    \t                <\/h1>\n\t            <\/div>\n\t        <\/div>\n\t    <\/div>\n\t    \n<div class=\"yoast-breadcrumbs\"><span><span><a href=\"https:\/\/www.paysdesecrins.com\/en\/the-title-of-the-home\/\">Home<\/a><\/span>  <span><a href=\"https:\/\/www.paysdesecrins.com\/en\/ma-station-mon-village\/\">My resort, my village<\/a><\/span>  <span class=\"breadcrumb_last\" aria-current=\"page\">Puy-Saint-Vincent<\/span><\/span><\/div>\n    <\/div>\n    \n<div class=\"wp-block-ws-library-ws-list-pictos alignwide\" data-season=\"winter\">\n<div class=\"wp-block-ws-library-ws-text-icon ws-text-icon\"><div class=\"group-media\"><div class=\"field-image\"><img decoding=\"async\" src=\"https:\/\/www.paysdesecrins.com\/wp-content\/uploads\/2025\/07\/meteo-1.svg\" alt=\"\" class=\"wp-image-48629 size-90x90\"><\/div><\/div><div class=\"group-content\"><p class=\"field-description\">Weather forecast<\/p><\/div><a href=\"https:\/\/www.paysdesecrins.com\/en\/weather-puy-saint-vincent\/\" class=\"cardlink\" target=\"_blank\">See more<\/a><\/div>\n\n\n\n<div class=\"wp-block-ws-library-ws-text-icon ws-text-icon\"><div class=\"group-media\"><div class=\"field-image\"><img decoding=\"async\" src=\"https:\/\/www.paysdesecrins.com\/wp-content\/uploads\/2025\/07\/webcam-1.svg\" alt=\"\" class=\"wp-image-48654 size-90x90\"><\/div><\/div><div class=\"group-content\"><p class=\"field-description\">Webcam<\/p><\/div><a href=\"https:\/\/www.paysdesecrins.com\/en\/webcams-puy-saint-vincent\/\" class=\"cardlink\">See more<\/a><\/div>\n\n\n\n<div class=\"wp-block-ws-library-ws-text-icon ws-text-icon\"><div class=\"group-media\"><div class=\"field-image\"><img decoding=\"async\" src=\"https:\/\/www.paysdesecrins.com\/wp-content\/uploads\/2025\/07\/infosneige.svg\" alt=\"\" class=\"wp-image-48634 size-90x90\"><\/div><\/div><div class=\"group-content\"><p class=\"field-description\">Snow news<\/p><\/div><a href=\"https:\/\/bulletin.lumiplan.pro\/displayAll.php?station=puy-saint-vincent&amp;region=alpes&amp;pays=france&amp;lang=fr\" class=\"cardlink\">See more<\/a><\/div>\n\n\n\n<div class=\"wp-block-ws-library-ws-text-icon ws-text-icon\"><div class=\"group-media\"><div class=\"field-image\"><img decoding=\"async\" src=\"https:\/\/www.paysdesecrins.com\/wp-content\/uploads\/2025\/07\/infosroute.svg\" alt=\"\" class=\"wp-image-48639 size-90x90\"><\/div><\/div><div class=\"group-content\"><p class=\"field-description\">Route information<\/p><\/div><a href=\"https:\/\/www.paysdesecrins.com\/acces-et-navettes\/route-bus\/\" class=\"cardlink\">See more<\/a><\/div>\n\n\n\n<div class=\"wp-block-ws-library-ws-text-icon ws-text-icon\"><div class=\"group-media\"><div class=\"field-image\"><img decoding=\"async\" src=\"https:\/\/www.paysdesecrins.com\/wp-content\/uploads\/2025\/07\/carte.svg\" alt=\"\" class=\"wp-image-48644 size-90x90\"><\/div><\/div><div class=\"group-content\"><p class=\"field-description\">PISTE MAP<\/p><\/div><a href=\"https:\/\/lumiplay.link\/interactive-map\/Puy-Saint-Vincent\/fr?uuid=0\" class=\"cardlink\">See more<\/a><\/div>\n\n\n\n<div class=\"wp-block-ws-library-ws-text-icon ws-text-icon\"><div class=\"group-media\"><div class=\"field-image\"><img decoding=\"async\" src=\"https:\/\/www.paysdesecrins.com\/wp-content\/uploads\/2025\/07\/ski-1.svg\" alt=\"\" class=\"wp-image-48649 size-90x90\"><\/div><\/div><div class=\"group-content\"><p class=\"field-description\">Cross-country skiing plan<\/p><\/div><a href=\"https:\/\/puystvincent.appsenso.eu\/fr\/plan-des-pistes-fond\" class=\"cardlink\">See more<\/a><\/div>\n\n\n\n<div class=\"wp-block-ws-library-ws-text-icon ws-text-icon\"><div class=\"group-media\"><div class=\"field-image\"><img decoding=\"async\" src=\"https:\/\/www.paysdesecrins.com\/wp-content\/uploads\/2025\/07\/ski.svg\" alt=\"\" class=\"wp-image-26794 size-90x90\"><\/div><\/div><div class=\"group-content\"><p class=\"field-description\">Ski passes<\/p><\/div><a href=\"https:\/\/www.puysaintvincent.com\/forfait-ski\" class=\"cardlink\">See more<\/a><\/div>\n<\/div>\n\n<div class=\"wp-block-ws-library-ws-list-pictos alignwide\" data-season=\"summer\">\n<div class=\"wp-block-ws-library-ws-text-icon ws-text-icon\"><div class=\"group-media\"><div class=\"field-image\"><img decoding=\"async\" src=\"https:\/\/www.paysdesecrins.com\/wp-content\/uploads\/2025\/07\/webcam-1.svg\" alt=\"\" class=\"wp-image-48654 size-90x90\"><\/div><\/div><div class=\"group-content\"><p class=\"field-description\">Webcam<\/p><\/div><a href=\"https:\/\/www.paysdesecrins.com\/en\/webcams-puy-saint-vincent\/\" class=\"cardlink\">See more<\/a><\/div>\n\n\n\n<div class=\"wp-block-ws-library-ws-text-icon ws-text-icon\"><div class=\"group-media\"><div class=\"field-image\"><img decoding=\"async\" src=\"https:\/\/www.paysdesecrins.com\/wp-content\/uploads\/2025\/07\/infosroute.svg\" alt=\"\" class=\"wp-image-48639 size-90x90\"><\/div><\/div><div class=\"group-content\"><p class=\"field-description\">Route information<\/p><\/div><a href=\"https:\/\/www.paysdesecrins.com\/acces-et-navettes\/route-bus\/\" class=\"cardlink\">See more<\/a><\/div>\n\n\n\n<div class=\"wp-block-ws-library-ws-text-icon ws-text-icon\"><div class=\"group-media\"><div class=\"field-image\"><img decoding=\"async\" src=\"https:\/\/www.paysdesecrins.com\/wp-content\/uploads\/2025\/07\/map.svg\" alt=\"\" class=\"wp-image-26809 size-90x90\"><\/div><\/div><div class=\"group-content\"><p class=\"field-description\">MTB MAP<\/p><\/div><a href=\"https:\/\/www.puysaintvincent.bike\/sites\/default\/files\/images\/psvpanneauplandespistesvttsitewebt2024.jpg\" class=\"cardlink\">See more<\/a><\/div>\n\n\n\n<div class=\"wp-block-ws-library-ws-text-icon ws-text-icon\"><div class=\"group-media\"><div class=\"field-image\"><img decoding=\"async\" src=\"https:\/\/www.paysdesecrins.com\/wp-content\/uploads\/2025\/07\/ski.svg\" alt=\"\" class=\"wp-image-26794 size-90x90\"><\/div><\/div><div class=\"group-content\"><p class=\"field-description\">Mountain bike packages<\/p><\/div><a href=\"https:\/\/www.puysaintvincent.com\/voir-activites-puy-saint-vincent?type_activite=66\" class=\"cardlink\">See more<\/a><\/div>\n<\/div>\n\n<div class=\"wp-block-ws-library-ws-title aligncenter is-style-simple has-color-2-color\"><h2><em>A family resort<\/em> Facing the peaks of the \u00c9crins<\/h2><\/div>\n\n<p class=\"has-text-align-center\" data-season=\"summer\">Perched between 1,400 and 2,700 m, the <strong>resort of Puy Saint Vincent<\/strong> is made up of three hamlets (Le Puy, Les Alberts and Les Pr\u00e9s) which offer <strong>a wide range of outdoor activities<\/strong> in summer. Thrill seekers can enjoy the <strong>bike park<\/strong>, <strong>via ferrata<\/strong> or <strong>tree climbing<\/strong>, while others take the hiking trails to admire panoramas of the Durance valley and the peaks of the \u00c9crins. For moments of relaxation, the swimming pool, the cinema and the multi-activity complex <em><strong>Le Panoramic<\/strong><\/em> guarantee all the comfort of a family resort, combining adventure and conviviality in a preserved natural setting.  <\/p>\n\n<p class=\"has-text-align-center\" data-season=\"winter\">Perched in the heart of the \u00c9crins, Puy Saint Vincent extends from 1,400 to 2,700 m above sea level in a <strong>preserved and family environment<\/strong>. A resort on a human scale, it offers all the <strong>essential services<\/strong> \u2014 warm accommodation, local shops, alpine restaurants and entertainment \u2014 for <strong>comfortable and authentic<\/strong> winter stays. For moments of relaxation, the cinema and the multi-activity complex <em><strong>Le Panoramic<\/strong><\/em> guarantee all the comfort of a family resort, combining adventure and conviviality with a breathtaking view of the Vallouise and the emblematic peaks of the \u00c9crins.  <\/p>\n\n<div class=\"wp-block-ws-library-ws-button has-text-align-center is-style-outline\"><a href=\"https:\/\/www.paysdesecrins.com\/en\/i-choose\/access-and-shuttles\/\" class=\"wp-block-button__link wp-element-button btn\">  Access and shuttles<\/a><\/div>\n\n<div style=\"height:20px\" aria-hidden=\"true\" class=\"wp-block-spacer\"><\/div>\n\n<div class=\"wp-block-ws-library-ws-title aligncenter is-style-default has-color-2-color\"><h2><em>I want to<\/em> Find out<\/h2><\/div>\n<div class=\"alignwide wp-block-ws-library-ws-list-childs\"><div class=\"child-pages-list list-items list-2-3-4\"><div class=\"item\" data-season=\"all-seasons\"><div class=\"card card-child\"><div class=\"group-media\"><div class=\"field-image\"><img decoding=\"async\" width=\"400\" height=\"400\" src=\"https:\/\/www.paysdesecrins.com\/wp-content\/uploads\/2025\/09\/cdm-ski-alpi-day-2-16-400x400.jpg\" class=\"winter wp-post-image\" alt=\"\" loading=\"lazy\" data-season=\"winter\" srcset=\"https:\/\/www.paysdesecrins.com\/wp-content\/uploads\/2025\/09\/cdm-ski-alpi-day-2-16-400x400.jpg 400w, https:\/\/www.paysdesecrins.com\/wp-content\/uploads\/2025\/09\/cdm-ski-alpi-day-2-16-150x150.jpg 150w, https:\/\/www.paysdesecrins.com\/wp-content\/uploads\/2025\/09\/cdm-ski-alpi-day-2-16-600x600.jpg 600w, https:\/\/www.paysdesecrins.com\/wp-content\/uploads\/2025\/09\/cdm-ski-alpi-day-2-16-300x300.jpg 300w, https:\/\/www.paysdesecrins.com\/wp-content\/uploads\/2025\/09\/cdm-ski-alpi-day-2-16-570x570.jpg 570w, https:\/\/www.paysdesecrins.com\/wp-content\/uploads\/2025\/09\/cdm-ski-alpi-day-2-16-480x480.jpg 480w\" sizes=\"auto, (max-width: 400px) 100vw, 400px\" \/><img loading=\"lazy\" decoding=\"async\" width=\"400\" height=\"400\" src=\"https:\/\/www.paysdesecrins.com\/wp-content\/uploads\/2025\/07\/dsc03588-400x400.jpg\" class=\"vivaldi-thumb summer\" alt=\"\" data-season=\"summer\" srcset=\"https:\/\/www.paysdesecrins.com\/wp-content\/uploads\/2025\/07\/dsc03588-400x400.jpg 400w, https:\/\/www.paysdesecrins.com\/wp-content\/uploads\/2025\/07\/dsc03588-150x150.jpg 150w, https:\/\/www.paysdesecrins.com\/wp-content\/uploads\/2025\/07\/dsc03588-600x600.jpg 600w, https:\/\/www.paysdesecrins.com\/wp-content\/uploads\/2025\/07\/dsc03588-300x300.jpg 300w, https:\/\/www.paysdesecrins.com\/wp-content\/uploads\/2025\/07\/dsc03588-570x570.jpg 570w, https:\/\/www.paysdesecrins.com\/wp-content\/uploads\/2025\/07\/dsc03588-scaled-480x480.jpg 480w\" sizes=\"auto, (max-width: 400px) 100vw, 400px\" \/><\/div><\/div><div class=\"group-content\"><span class=\"field-title\">Events in Puy Saint Vincent<\/span><\/div><div class=\"field-link\"><a href=\"https:\/\/www.paysdesecrins.com\/en\/my-resort-my-village\/puy-saint-vincent\/events\/\" class=\"cardlink\">Voir plus<\/a><\/div><\/div><\/div><div class=\"item\" data-season=\"all-seasons\"><div class=\"card card-child\"><div class=\"group-media\"><div class=\"field-image\"><img decoding=\"async\" width=\"400\" height=\"400\" src=\"https:\/\/www.paysdesecrins.com\/wp-content\/uploads\/2025\/07\/07-15-25-maison-du-miel-33-400x400.jpg\" class=\"winter all-seasons wp-post-image\" alt=\"\" loading=\"lazy\" data-season=\"all-seasons\" srcset=\"https:\/\/www.paysdesecrins.com\/wp-content\/uploads\/2025\/07\/07-15-25-maison-du-miel-33-400x400.jpg 400w, https:\/\/www.paysdesecrins.com\/wp-content\/uploads\/2025\/07\/07-15-25-maison-du-miel-33-150x150.jpg 150w, https:\/\/www.paysdesecrins.com\/wp-content\/uploads\/2025\/07\/07-15-25-maison-du-miel-33-600x600.jpg 600w, https:\/\/www.paysdesecrins.com\/wp-content\/uploads\/2025\/07\/07-15-25-maison-du-miel-33-300x300.jpg 300w, https:\/\/www.paysdesecrins.com\/wp-content\/uploads\/2025\/07\/07-15-25-maison-du-miel-33-570x570.jpg 570w\" sizes=\"auto, (max-width: 400px) 100vw, 400px\" \/><\/div><\/div><div class=\"group-content\"><span class=\"field-title\">Equipment and shops in Puy Saint Vincent<\/span><\/div><div class=\"field-link\"><a href=\"https:\/\/www.paysdesecrins.com\/en\/my-resort-my-village\/puy-saint-vincent\/equipment-and-shops\/\" class=\"cardlink\">Voir plus<\/a><\/div><\/div><\/div><div class=\"item\" data-season=\"all-seasons\"><div class=\"card card-child\"><div class=\"group-media\"><div class=\"field-image\"><img decoding=\"async\" width=\"400\" height=\"400\" src=\"https:\/\/www.paysdesecrins.com\/wp-content\/uploads\/2025\/08\/freeride-puy-st-vincent-13-400x400.jpg\" class=\"winter wp-post-image\" alt=\"\" loading=\"lazy\" data-season=\"winter\" srcset=\"https:\/\/www.paysdesecrins.com\/wp-content\/uploads\/2025\/08\/freeride-puy-st-vincent-13-400x400.jpg 400w, https:\/\/www.paysdesecrins.com\/wp-content\/uploads\/2025\/08\/freeride-puy-st-vincent-13-150x150.jpg 150w, https:\/\/www.paysdesecrins.com\/wp-content\/uploads\/2025\/08\/freeride-puy-st-vincent-13-600x600.jpg 600w, https:\/\/www.paysdesecrins.com\/wp-content\/uploads\/2025\/08\/freeride-puy-st-vincent-13-300x300.jpg 300w, https:\/\/www.paysdesecrins.com\/wp-content\/uploads\/2025\/08\/freeride-puy-st-vincent-13-570x570.jpg 570w\" sizes=\"auto, (max-width: 400px) 100vw, 400px\" \/><img loading=\"lazy\" decoding=\"async\" width=\"400\" height=\"400\" src=\"https:\/\/www.paysdesecrins.com\/wp-content\/uploads\/2025\/08\/dsc04846-400x400.jpg\" class=\"vivaldi-thumb summer\" alt=\"\" data-season=\"summer\" srcset=\"https:\/\/www.paysdesecrins.com\/wp-content\/uploads\/2025\/08\/dsc04846-400x400.jpg 400w, https:\/\/www.paysdesecrins.com\/wp-content\/uploads\/2025\/08\/dsc04846-150x150.jpg 150w, https:\/\/www.paysdesecrins.com\/wp-content\/uploads\/2025\/08\/dsc04846-600x600.jpg 600w, https:\/\/www.paysdesecrins.com\/wp-content\/uploads\/2025\/08\/dsc04846-300x300.jpg 300w, https:\/\/www.paysdesecrins.com\/wp-content\/uploads\/2025\/08\/dsc04846-570x570.jpg 570w, https:\/\/www.paysdesecrins.com\/wp-content\/uploads\/2025\/08\/dsc04846-scaled-480x480.jpg 480w\" sizes=\"auto, (max-width: 400px) 100vw, 400px\" \/><\/div><\/div><div class=\"group-content\"><span class=\"field-title\">Activities in Puy Saint Vincent<\/span><\/div><div class=\"field-link\"><a href=\"https:\/\/www.paysdesecrins.com\/en\/my-resort-my-village\/puy-saint-vincent\/activities-3\/\" class=\"cardlink\">Voir plus<\/a><\/div><\/div><\/div><div class=\"item\" data-season=\"all-seasons\"><div class=\"card card-child\"><div class=\"group-media\"><div class=\"field-image\"><img decoding=\"async\" width=\"400\" height=\"400\" src=\"https:\/\/www.paysdesecrins.com\/wp-content\/uploads\/2025\/07\/img-2008-400x400.jpg\" class=\"winter all-seasons wp-post-image\" alt=\"\" loading=\"lazy\" data-season=\"all-seasons\" srcset=\"https:\/\/www.paysdesecrins.com\/wp-content\/uploads\/2025\/07\/img-2008-400x400.jpg 400w, https:\/\/www.paysdesecrins.com\/wp-content\/uploads\/2025\/07\/img-2008-150x150.jpg 150w, https:\/\/www.paysdesecrins.com\/wp-content\/uploads\/2025\/07\/img-2008-600x600.jpg 600w, https:\/\/www.paysdesecrins.com\/wp-content\/uploads\/2025\/07\/img-2008-300x300.jpg 300w, https:\/\/www.paysdesecrins.com\/wp-content\/uploads\/2025\/07\/img-2008-570x570.jpg 570w\" sizes=\"auto, (max-width: 400px) 100vw, 400px\" \/><\/div><\/div><div class=\"group-content\"><span class=\"field-title\">Entertainment in Puy Saint Vincent<\/span><\/div><div class=\"field-link\"><a href=\"https:\/\/www.paysdesecrins.com\/en\/my-resort-my-village\/puy-saint-vincent\/animations\/\" class=\"cardlink\">Voir plus<\/a><\/div><\/div><\/div><div class=\"item\" data-season=\"all-seasons\"><div class=\"card card-child\"><div class=\"group-media\"><div class=\"field-image\"><img decoding=\"async\" width=\"400\" height=\"400\" src=\"https:\/\/www.paysdesecrins.com\/wp-content\/uploads\/2025\/07\/img-0739-400x400.jpg\" class=\"winter all-seasons wp-post-image\" alt=\"\" loading=\"lazy\" data-season=\"all-seasons\" srcset=\"https:\/\/www.paysdesecrins.com\/wp-content\/uploads\/2025\/07\/img-0739-400x400.jpg 400w, https:\/\/www.paysdesecrins.com\/wp-content\/uploads\/2025\/07\/img-0739-150x150.jpg 150w, https:\/\/www.paysdesecrins.com\/wp-content\/uploads\/2025\/07\/img-0739-600x600.jpg 600w, https:\/\/www.paysdesecrins.com\/wp-content\/uploads\/2025\/07\/img-0739-300x300.jpg 300w, https:\/\/www.paysdesecrins.com\/wp-content\/uploads\/2025\/07\/img-0739-570x570.jpg 570w\" sizes=\"auto, (max-width: 400px) 100vw, 400px\" \/><\/div><\/div><div class=\"group-content\"><span class=\"field-title\">Cultural and heritage activities in Puy Saint Vincent<\/span><\/div><div class=\"field-link\"><a href=\"https:\/\/www.paysdesecrins.com\/en\/my-resort-my-village\/puy-saint-vincent\/cultural-activities-and-heritage\/\" class=\"cardlink\">Voir plus<\/a><\/div><\/div><\/div><div class=\"item\" data-season=\"all-seasons\"><div class=\"card card-child\"><div class=\"group-media\"><div class=\"field-image\"><img decoding=\"async\" width=\"400\" height=\"400\" src=\"https:\/\/www.paysdesecrins.com\/wp-content\/uploads\/2025\/07\/img-0136-400x400.jpg\" class=\"winter all-seasons wp-post-image\" alt=\"\" loading=\"lazy\" data-season=\"all-seasons\" srcset=\"https:\/\/www.paysdesecrins.com\/wp-content\/uploads\/2025\/07\/img-0136-400x400.jpg 400w, https:\/\/www.paysdesecrins.com\/wp-content\/uploads\/2025\/07\/img-0136-150x150.jpg 150w, https:\/\/www.paysdesecrins.com\/wp-content\/uploads\/2025\/07\/img-0136-600x600.jpg 600w, https:\/\/www.paysdesecrins.com\/wp-content\/uploads\/2025\/07\/img-0136-300x300.jpg 300w, https:\/\/www.paysdesecrins.com\/wp-content\/uploads\/2025\/07\/img-0136-570x570.jpg 570w\" sizes=\"auto, (max-width: 400px) 100vw, 400px\" \/><\/div><\/div><div class=\"group-content\"><span class=\"field-title\">Restaurants in Puy Saint Vincent<\/span><\/div><div class=\"field-link\"><a href=\"https:\/\/www.paysdesecrins.com\/en\/my-resort-my-village\/puy-saint-vincent\/restaurants\/\" class=\"cardlink\">Voir plus<\/a><\/div><\/div><\/div><div class=\"item\" data-season=\"all-seasons\"><div class=\"card card-child\"><div class=\"group-media\"><div class=\"field-image\"><img decoding=\"async\" width=\"400\" height=\"400\" src=\"https:\/\/www.paysdesecrins.com\/wp-content\/uploads\/2025\/07\/dsc00169-400x400.jpg\" class=\"winter all-seasons wp-post-image\" alt=\"\" loading=\"lazy\" data-season=\"all-seasons\" srcset=\"https:\/\/www.paysdesecrins.com\/wp-content\/uploads\/2025\/07\/dsc00169-400x400.jpg 400w, https:\/\/www.paysdesecrins.com\/wp-content\/uploads\/2025\/07\/dsc00169-150x150.jpg 150w, https:\/\/www.paysdesecrins.com\/wp-content\/uploads\/2025\/07\/dsc00169-600x600.jpg 600w, https:\/\/www.paysdesecrins.com\/wp-content\/uploads\/2025\/07\/dsc00169-300x300.jpg 300w, https:\/\/www.paysdesecrins.com\/wp-content\/uploads\/2025\/07\/dsc00169-570x570.jpg 570w\" sizes=\"auto, (max-width: 400px) 100vw, 400px\" \/><\/div><\/div><div class=\"group-content\"><span class=\"field-title\">Nordic area of Puy Saint Vincent<\/span><\/div><div class=\"field-link\"><a href=\"https:\/\/www.paysdesecrins.com\/en\/my-resort-my-village\/puy-saint-vincent\/nordic-area-of-puy-saint-vincent\/\" class=\"cardlink\">Voir plus<\/a><\/div><\/div><\/div><div class=\"item\" data-season=\"all-seasons\"><div class=\"card card-child\"><div class=\"group-media\"><div class=\"field-image\"><img decoding=\"async\" width=\"400\" height=\"400\" src=\"https:\/\/www.paysdesecrins.com\/wp-content\/uploads\/2025\/08\/premie-res-neiges-puy-saint-vincent-31-400x400.jpg\" class=\"winter wp-post-image\" alt=\"\" loading=\"lazy\" data-season=\"winter\" srcset=\"https:\/\/www.paysdesecrins.com\/wp-content\/uploads\/2025\/08\/premie-res-neiges-puy-saint-vincent-31-400x400.jpg 400w, https:\/\/www.paysdesecrins.com\/wp-content\/uploads\/2025\/08\/premie-res-neiges-puy-saint-vincent-31-150x150.jpg 150w, https:\/\/www.paysdesecrins.com\/wp-content\/uploads\/2025\/08\/premie-res-neiges-puy-saint-vincent-31-600x600.jpg 600w, https:\/\/www.paysdesecrins.com\/wp-content\/uploads\/2025\/08\/premie-res-neiges-puy-saint-vincent-31-300x300.jpg 300w, https:\/\/www.paysdesecrins.com\/wp-content\/uploads\/2025\/08\/premie-res-neiges-puy-saint-vincent-31-570x570.jpg 570w\" sizes=\"auto, (max-width: 400px) 100vw, 400px\" \/><img loading=\"lazy\" decoding=\"async\" width=\"400\" height=\"400\" src=\"https:\/\/www.paysdesecrins.com\/wp-content\/uploads\/2025\/07\/ambiance-au-vallon-de-narreyroux-13-400x400.jpg\" class=\"vivaldi-thumb summer\" alt=\"\" data-season=\"summer\" srcset=\"https:\/\/www.paysdesecrins.com\/wp-content\/uploads\/2025\/07\/ambiance-au-vallon-de-narreyroux-13-400x400.jpg 400w, https:\/\/www.paysdesecrins.com\/wp-content\/uploads\/2025\/07\/ambiance-au-vallon-de-narreyroux-13-150x150.jpg 150w, https:\/\/www.paysdesecrins.com\/wp-content\/uploads\/2025\/07\/ambiance-au-vallon-de-narreyroux-13-600x600.jpg 600w, https:\/\/www.paysdesecrins.com\/wp-content\/uploads\/2025\/07\/ambiance-au-vallon-de-narreyroux-13-300x300.jpg 300w, https:\/\/www.paysdesecrins.com\/wp-content\/uploads\/2025\/07\/ambiance-au-vallon-de-narreyroux-13-570x570.jpg 570w, https:\/\/www.paysdesecrins.com\/wp-content\/uploads\/2025\/07\/ambiance-au-vallon-de-narreyroux-13-scaled-480x480.jpg 480w\" sizes=\"auto, (max-width: 400px) 100vw, 400px\" \/><\/div><\/div><div class=\"group-content\"><span class=\"field-title\">All accommodations in Puy Saint Vincent<\/span><\/div><div class=\"field-link\"><a href=\"https:\/\/www.paysdesecrins.com\/en\/my-resort-my-village\/puy-saint-vincent\/all-accommodations-3\/\" class=\"cardlink\">Voir plus<\/a><\/div><\/div><\/div><\/div><\/div>\n<div style=\"height:60px\" aria-hidden=\"true\" class=\"wp-block-spacer\"><\/div>\n\n<div class=\"wp-block-ws-library-ws-title aligncenter\" data-season=\"summer\"><h2><em>Discover the<\/em> Bike Park<\/h2><\/div>\n\n<div class=\"wp-block-ws-library-ws-title aligncenter\" data-season=\"winter\"><h2><em>Discover the<\/em> Ski resort<\/h2><\/div>\n\n<p class=\"has-text-align-center\" data-season=\"winter\">The Puy Saint Vincent alpine ski area has <strong>35 slopes<\/strong> totalling <strong>75 km of descents<\/strong>, served by <strong>11 modern ski lifts<\/strong> . From the green slopes accessible to beginner skiers to the most technical black ones, including a <strong>snowpark<\/strong> and <strong>a boardercross<\/strong>, there is something for everyone. With more than half of the area located above 2,000 m above sea level and benefiting from a northern exposure on the edge of the \u00c9crins massif, the resort ensures <strong>quality snow from December to April<\/strong>. In addition, there are 25 km of groomed Nordic trails, ideal for cross-country skiing and activities such as dog sledding and fatbiking, all punctuated by views of the Durance valley, Mont Pelvoux and the Glacier Blanc.   <\/p>\n\n<p class=\"has-text-align-center\" data-season=\"summer\">The <strong>Puy Saint Vincent Bike-park<\/strong> extends over nearly <strong>900 m of vertical drop<\/strong> and consists of <strong>seven trails<\/strong> served by <strong>two 6-seater detachable chairlifts<\/strong> suitable for mountain biking, thus offering quick and safe access to the summit. You will find a green run (&#8220;Family Trail&#8221;) ideal for beginners from 6 years old, two blue (&#8220;Easy Going&#8221; and &#8220;Cool Forest&#8221;) to gain confidence, as well as four red (&#8220;Flowy Line&#8221;, &#8220;La Trace&#8221;, &#8220;Canada Draille&#8221; and &#8220;La Traversouille&#8221;) and a black (&#8220;La Tamarack&#8221;) designed by more experienced riders. Open from Saturday 16 July to Sunday 31 August, from 9:15 am to 4:30 pm, the Bike Park offers a natural setting where every rider will find what he or she is looking for.  <\/p>\n\n<div class=\"wp-block-ws-library-ws-button has-text-align-center is-style-outline\"><a href=\"https:\/\/www.puysaintvincent.com\" class=\"wp-block-button__link wp-element-button btn\">  Read more +<\/a><\/div>\n\n<div class=\"wp-block-ws-library-ws-banner alignfull\" data-season=\"summer\"><div class=\"wrapper\"><div class=\"group-media\"><img loading=\"lazy\" decoding=\"async\" width=\"2560\" height=\"1707\" src=\"https:\/\/www.paysdesecrins.com\/wp-content\/uploads\/2025\/07\/181velo-vtt-dsc04924-scaled.jpg\" alt=\"\" class=\"single_image wp-image-21773\" srcset=\"https:\/\/www.paysdesecrins.com\/wp-content\/uploads\/2025\/07\/181velo-vtt-dsc04924-scaled.jpg 2560w, https:\/\/www.paysdesecrins.com\/wp-content\/uploads\/2025\/07\/181velo-vtt-dsc04924-scaled-300x200.jpg 300w, https:\/\/www.paysdesecrins.com\/wp-content\/uploads\/2025\/07\/181velo-vtt-dsc04924-scaled-1024x683.jpg 1024w, https:\/\/www.paysdesecrins.com\/wp-content\/uploads\/2025\/07\/181velo-vtt-dsc04924-scaled-768x512.jpg 768w, https:\/\/www.paysdesecrins.com\/wp-content\/uploads\/2025\/07\/181velo-vtt-dsc04924-scaled-1536x1024.jpg 1536w, https:\/\/www.paysdesecrins.com\/wp-content\/uploads\/2025\/07\/181velo-vtt-dsc04924-scaled-2048x1366.jpg 2048w, https:\/\/www.paysdesecrins.com\/wp-content\/uploads\/2025\/07\/181velo-vtt-dsc04924-scaled-960x640.jpg 960w\" sizes=\"auto, (max-width: 2560px) 100vw, 2560px\" \/><\/div>\n<div class=\"group-content\"><div class=\"wp-block-ws-library-ws-title\"><h2>Opening period of the Bike Park<\/h2><\/div><p>This summer, enjoy the Bike Park from Saturday 5 July to Sunday 31 August, from 9:15 am to 4:30 pm.<\/p><\/div>\n\n\n\n\n<\/div><\/div>\n\n<div class=\"wp-block-ws-library-ws-banner alignfull\" data-season=\"winter\"><div class=\"wrapper\"><div class=\"group-media\"><img loading=\"lazy\" decoding=\"async\" width=\"2560\" height=\"1300\" src=\"https:\/\/www.paysdesecrins.com\/wp-content\/uploads\/2025\/07\/puy-saint-vincent-ski-2901-5-scaled-e1753169170775.jpg\" alt=\"\" class=\"single_image wp-image-29750\" srcset=\"https:\/\/www.paysdesecrins.com\/wp-content\/uploads\/2025\/07\/puy-saint-vincent-ski-2901-5-scaled-e1753169170775.jpg 2560w, https:\/\/www.paysdesecrins.com\/wp-content\/uploads\/2025\/07\/puy-saint-vincent-ski-2901-5-scaled-e1753169170775-300x152.jpg 300w, https:\/\/www.paysdesecrins.com\/wp-content\/uploads\/2025\/07\/puy-saint-vincent-ski-2901-5-scaled-e1753169170775-1024x520.jpg 1024w, https:\/\/www.paysdesecrins.com\/wp-content\/uploads\/2025\/07\/puy-saint-vincent-ski-2901-5-scaled-e1753169170775-768x390.jpg 768w, https:\/\/www.paysdesecrins.com\/wp-content\/uploads\/2025\/07\/puy-saint-vincent-ski-2901-5-scaled-e1753169170775-1536x780.jpg 1536w, https:\/\/www.paysdesecrins.com\/wp-content\/uploads\/2025\/07\/puy-saint-vincent-ski-2901-5-scaled-e1753169170775-2048x1040.jpg 2048w, https:\/\/www.paysdesecrins.com\/wp-content\/uploads\/2025\/07\/puy-saint-vincent-ski-2901-5-scaled-e1753169170775-960x488.jpg 960w\" sizes=\"auto, (max-width: 2560px) 100vw, 2560px\" \/><div class=\"credits\">Marc Grivaux<\/div><\/div>\n<div class=\"group-content\"><div class=\"wp-block-ws-library-ws-title\"><h2>Opening period of the resort<\/h2><\/div><p>This winter, enjoy the slopes of Puy Saint Vincent from Saturday 13 December 2025 to Sunday 6 April 2026.<\/p><\/div>\n\n\n\n\n<\/div><\/div>\n\n<div class=\"wp-block-group alignfull group-espritoutdoor has-global-padding is-layout-constrained wp-block-group-is-layout-constrained\">\n<div class=\"wp-block-group alignwide is-layout-flow wp-block-group-is-layout-flow\">\n<div class=\"wp-block-ws-library-ws-title has-color-1-color\"><h2><em>Experiences<\/em><br>For all styles<\/h2><\/div>\n\n\n\n<p class=\"has-text-align-left\" data-season=\"summer\">In Puy Saint Vincent, savour the mountains and give free rein to your desires: thrills on the bike-park and mountain bike trails or panoramic hikes accessible from the ski lifts, each day is punctuated by adventure and the euphoria of the great outdoors.<\/p>\n\n\n\n<p class=\"has-text-align-left\" data-season=\"winter\">In Puy Saint Vincent, soak up the winter atmosphere and give free rein to your desires: enjoy the ski slopes of the resort, explore the forests on snowshoes or go cross-country skiing to the Plateau des T\u00eates. It&#8217;s up to you to choose how you enjoy the mountains! <\/p>\n\n\n<div class=\"alignwide wp-block-ws-library-ws-list-content\" data-season=\"winter\"><div class=\"list-items splide\" data-splide=\"{&quot;type&quot;:&quot;loop&quot;,&quot;heightRatio&quot;:&quot;auto&quot;,&quot;perPage&quot;:3,&quot;perMove&quot;:1,&quot;drag&quot;:true,&quot;arrows&quot;:true,&quot;pagination&quot;:0,&quot;autoplay&quot;:false,&quot;gap&quot;:&quot;15px&quot;,&quot;breakpoints&quot;:{&quot;1200&quot;:{&quot;perPage&quot;:3},&quot;992&quot;:{&quot;perPage&quot;:2},&quot;768&quot;:{&quot;destroy&quot;:true}}}\"><div class=\"splide__track\"><div class=\"splide__list\"><div class=\"splide__slide\"><div class=\"item\" data-season=\"\"><div class=\"card  card-page\"><div class=\"group-media\"><div class=\"field-image\"><img loading=\"lazy\" decoding=\"async\" width=\"300\" height=\"450\" src=\"https:\/\/www.paysdesecrins.com\/wp-content\/uploads\/2025\/07\/12-29-24-mushing-addict-84-300x450.jpg\" class=\"winter all-seasons wp-post-image\" alt=\"\" data-season=\"all-seasons\" srcset=\"https:\/\/www.paysdesecrins.com\/wp-content\/uploads\/2025\/07\/12-29-24-mushing-addict-84-300x450.jpg 300w, https:\/\/www.paysdesecrins.com\/wp-content\/uploads\/2025\/07\/12-29-24-mushing-addict-84-390x585.jpg 390w\" sizes=\"auto, (max-width: 300px) 100vw, 300px\" \/><\/div><\/div><div class=\"group-content\"><div class=\"field-title\">Dog sledding<\/div><\/div><div class=\"field-link\" role=\"group\" aria-label=\"Lien vers le contenu\"><a href=\"https:\/\/www.paysdesecrins.com\/en\/my-outdoor-activities\/dog-sledding\/\" class=\"cardlink\" title=\"Lire plus : Dog sledding\" lang=\"en_US\">Dog sledding<\/a><\/div><\/div><\/div><\/div><div class=\"splide__slide\"><div class=\"item\" data-season=\"\"><div class=\"card  card-page\"><div class=\"group-media\"><div class=\"field-image\"><img loading=\"lazy\" decoding=\"async\" width=\"300\" height=\"450\" src=\"https:\/\/www.paysdesecrins.com\/wp-content\/uploads\/2025\/07\/img-0784-300x450.jpg\" class=\"winter all-seasons wp-post-image\" alt=\"\" data-season=\"all-seasons\" srcset=\"https:\/\/www.paysdesecrins.com\/wp-content\/uploads\/2025\/07\/img-0784-300x450.jpg 300w, https:\/\/www.paysdesecrins.com\/wp-content\/uploads\/2025\/07\/img-0784-390x585.jpg 390w\" sizes=\"auto, (max-width: 300px) 100vw, 300px\" \/><\/div><\/div><div class=\"group-content\"><div class=\"field-title\">Fatbike<\/div><\/div><div class=\"field-link\" role=\"group\" aria-label=\"Lien vers le contenu\"><a href=\"https:\/\/www.paysdesecrins.com\/en\/my-outdoor-activities\/fatbike\/\" class=\"cardlink\" title=\"Lire plus : Fatbike\" lang=\"en_US\">Fatbike<\/a><\/div><\/div><\/div><\/div><div class=\"splide__slide\"><div class=\"item\" data-season=\"\"><div class=\"card  card-page\"><div class=\"group-media\"><div class=\"field-image\"><img loading=\"lazy\" decoding=\"async\" width=\"300\" height=\"450\" src=\"https:\/\/www.paysdesecrins.com\/wp-content\/uploads\/2025\/08\/itine-rance-en-raquettes-23-300x450.jpg\" class=\"winter all-seasons wp-post-image\" alt=\"\" data-season=\"all-seasons\" srcset=\"https:\/\/www.paysdesecrins.com\/wp-content\/uploads\/2025\/08\/itine-rance-en-raquettes-23-300x450.jpg 300w, https:\/\/www.paysdesecrins.com\/wp-content\/uploads\/2025\/08\/itine-rance-en-raquettes-23-390x585.jpg 390w\" sizes=\"auto, (max-width: 300px) 100vw, 300px\" \/><\/div><\/div><div class=\"group-content\"><div class=\"field-title\">Are you excited about a polar adventure?<\/div><\/div><div class=\"field-link\" role=\"group\" aria-label=\"Lien vers le contenu\"><a href=\"https:\/\/www.paysdesecrins.com\/en\/are-you-excited-about-a-polar-adventure\/\" class=\"cardlink\" title=\"Lire plus : Are you excited about a polar adventure?\" lang=\"en_US\">Are you excited about a polar adventure?<\/a><\/div><\/div><\/div><\/div><\/div><\/div><\/div><\/div>\n\n<div class=\"alignwide wp-block-ws-library-ws-list-content\" data-season=\"summer\"><div class=\"list-items splide\" data-splide=\"{&quot;type&quot;:&quot;loop&quot;,&quot;heightRatio&quot;:&quot;auto&quot;,&quot;perPage&quot;:3,&quot;perMove&quot;:1,&quot;drag&quot;:true,&quot;arrows&quot;:true,&quot;pagination&quot;:0,&quot;autoplay&quot;:false,&quot;gap&quot;:&quot;15px&quot;,&quot;breakpoints&quot;:{&quot;1200&quot;:{&quot;perPage&quot;:3},&quot;992&quot;:{&quot;perPage&quot;:2},&quot;768&quot;:{&quot;destroy&quot;:true}}}\"><div class=\"splide__track\"><div class=\"splide__list\"><div class=\"splide__slide\"><div class=\"item\" data-season=\"\"><div class=\"card  card-page\"><div class=\"group-media\"><div class=\"field-image\"><img loading=\"lazy\" decoding=\"async\" width=\"300\" height=\"450\" src=\"https:\/\/www.paysdesecrins.com\/wp-content\/uploads\/2025\/08\/narreyroux-en-raquettes-40-300x450.jpg\" class=\"winter wp-post-image\" alt=\"\" data-season=\"winter\" srcset=\"https:\/\/www.paysdesecrins.com\/wp-content\/uploads\/2025\/08\/narreyroux-en-raquettes-40-300x450.jpg 300w, https:\/\/www.paysdesecrins.com\/wp-content\/uploads\/2025\/08\/narreyroux-en-raquettes-40-390x585.jpg 390w\" sizes=\"auto, (max-width: 300px) 100vw, 300px\" \/><img loading=\"lazy\" decoding=\"async\" width=\"300\" height=\"450\" src=\"https:\/\/www.paysdesecrins.com\/wp-content\/uploads\/2025\/07\/dsc01900-300x450.jpg\" class=\"vivaldi-thumb summer\" alt=\"\" data-season=\"summer\" srcset=\"https:\/\/www.paysdesecrins.com\/wp-content\/uploads\/2025\/07\/dsc01900-300x450.jpg 300w, https:\/\/www.paysdesecrins.com\/wp-content\/uploads\/2025\/07\/dsc01900-390x585.jpg 390w\" sizes=\"auto, (max-width: 300px) 100vw, 300px\" \/><\/div><\/div><div class=\"group-content\"><div class=\"field-title\">Narreyroux<\/div><\/div><div class=\"field-link\" role=\"group\" aria-label=\"Lien vers le contenu\"><a href=\"https:\/\/www.paysdesecrins.com\/en\/i-choose\/must-see-sites\/narreyroux\/\" class=\"cardlink\" title=\"Lire plus : Narreyroux\" lang=\"en_US\">Narreyroux<\/a><\/div><\/div><\/div><\/div><div class=\"splide__slide\"><div class=\"item\" data-season=\"\"><div class=\"card  card-page\"><div class=\"group-media\"><div class=\"field-image\"><img loading=\"lazy\" decoding=\"async\" width=\"300\" height=\"200\" src=\"https:\/\/www.paysdesecrins.com\/wp-content\/uploads\/2025\/06\/bivouac-au-tuckett-65.jpg\" class=\"winter all-seasons wp-post-image\" alt=\"\" data-season=\"all-seasons\" srcset=\"https:\/\/www.paysdesecrins.com\/wp-content\/uploads\/2025\/06\/bivouac-au-tuckett-65.jpg 1600w, https:\/\/www.paysdesecrins.com\/wp-content\/uploads\/2025\/06\/bivouac-au-tuckett-65-300x200.jpg 300w, https:\/\/www.paysdesecrins.com\/wp-content\/uploads\/2025\/06\/bivouac-au-tuckett-65-1024x683.jpg 1024w, https:\/\/www.paysdesecrins.com\/wp-content\/uploads\/2025\/06\/bivouac-au-tuckett-65-768x512.jpg 768w, https:\/\/www.paysdesecrins.com\/wp-content\/uploads\/2025\/06\/bivouac-au-tuckett-65-1536x1024.jpg 1536w, https:\/\/www.paysdesecrins.com\/wp-content\/uploads\/2025\/06\/bivouac-au-tuckett-65-960x640.jpg 960w\" sizes=\"auto, (max-width: 300px) 100vw, 300px\" \/><\/div><\/div><div class=\"group-content\"><div class=\"field-title\">High-altitude lakes<\/div><\/div><div class=\"field-link\" role=\"group\" aria-label=\"Lien vers le contenu\"><a href=\"https:\/\/www.paysdesecrins.com\/en\/i-choose\/must-see-sites\/high-altitude-lakes\/\" class=\"cardlink\" title=\"Lire plus : High-altitude lakes\" lang=\"en_US\">High-altitude lakes<\/a><\/div><\/div><\/div><\/div><div class=\"splide__slide\"><div class=\"item\" data-season=\"\"><div class=\"card  card-page\"><div class=\"group-media\"><div class=\"field-image\"><img loading=\"lazy\" decoding=\"async\" width=\"300\" height=\"450\" src=\"https:\/\/www.paysdesecrins.com\/wp-content\/uploads\/2025\/07\/21autresactivites-cascade-de-glacecascade-de-glace-pelvoux-9thibautblais-300x450.jpg\" class=\"winter wp-post-image\" alt=\"\" data-season=\"winter\" srcset=\"https:\/\/www.paysdesecrins.com\/wp-content\/uploads\/2025\/07\/21autresactivites-cascade-de-glacecascade-de-glace-pelvoux-9thibautblais-300x450.jpg 300w, https:\/\/www.paysdesecrins.com\/wp-content\/uploads\/2025\/07\/21autresactivites-cascade-de-glacecascade-de-glace-pelvoux-9thibautblais-390x585.jpg 390w\" sizes=\"auto, (max-width: 300px) 100vw, 300px\" \/><img loading=\"lazy\" decoding=\"async\" width=\"300\" height=\"450\" src=\"https:\/\/www.paysdesecrins.com\/wp-content\/uploads\/2025\/07\/16sitesdexception-chardonsbleuschardon24-14-300x450.jpg\" class=\"vivaldi-thumb summer\" alt=\"\" data-season=\"summer\" srcset=\"https:\/\/www.paysdesecrins.com\/wp-content\/uploads\/2025\/07\/16sitesdexception-chardonsbleuschardon24-14-300x450.jpg 300w, https:\/\/www.paysdesecrins.com\/wp-content\/uploads\/2025\/07\/16sitesdexception-chardonsbleuschardon24-14-200x300.jpg 200w, https:\/\/www.paysdesecrins.com\/wp-content\/uploads\/2025\/07\/16sitesdexception-chardonsbleuschardon24-14-683x1024.jpg 683w, https:\/\/www.paysdesecrins.com\/wp-content\/uploads\/2025\/07\/16sitesdexception-chardonsbleuschardon24-14-768x1152.jpg 768w, https:\/\/www.paysdesecrins.com\/wp-content\/uploads\/2025\/07\/16sitesdexception-chardonsbleuschardon24-14-1024x1536.jpg 1024w, https:\/\/www.paysdesecrins.com\/wp-content\/uploads\/2025\/07\/16sitesdexception-chardonsbleuschardon24-14-1365x2048.jpg 1365w, https:\/\/www.paysdesecrins.com\/wp-content\/uploads\/2025\/07\/16sitesdexception-chardonsbleuschardon24-14-427x640.jpg 427w, https:\/\/www.paysdesecrins.com\/wp-content\/uploads\/2025\/07\/16sitesdexception-chardonsbleuschardon24-14-390x585.jpg 390w, https:\/\/www.paysdesecrins.com\/wp-content\/uploads\/2025\/07\/16sitesdexception-chardonsbleuschardon24-14-scaled.jpg 1707w\" sizes=\"auto, (max-width: 300px) 100vw, 300px\" \/><\/div><\/div><div class=\"group-content\"><div class=\"field-title\">Vallon du Fournel<\/div><\/div><div class=\"field-link\" role=\"group\" aria-label=\"Lien vers le contenu\"><a href=\"https:\/\/www.paysdesecrins.com\/en\/i-choose\/must-see-sites\/vallon-du-fournel\/\" class=\"cardlink\" title=\"Lire plus : Vallon du Fournel\" lang=\"en_US\">Vallon du Fournel<\/a><\/div><\/div><\/div><\/div><div class=\"splide__slide\"><div class=\"item\" data-season=\"\"><div class=\"card  card-page\"><div class=\"group-media\"><div class=\"field-image\"><img loading=\"lazy\" decoding=\"async\" width=\"300\" height=\"450\" src=\"https:\/\/www.paysdesecrins.com\/wp-content\/uploads\/2025\/07\/9inclusion-1-300x450.jpg\" class=\"winter all-seasons wp-post-image\" alt=\"\" data-season=\"all-seasons\" srcset=\"https:\/\/www.paysdesecrins.com\/wp-content\/uploads\/2025\/07\/9inclusion-1-300x450.jpg 300w, https:\/\/www.paysdesecrins.com\/wp-content\/uploads\/2025\/07\/9inclusion-1-390x585.jpg 390w\" sizes=\"auto, (max-width: 300px) 100vw, 300px\" \/><\/div><\/div><div class=\"group-content\"><div class=\"field-title\">A bike ride like no other<\/div><\/div><div class=\"field-link\" role=\"group\" aria-label=\"Lien vers le contenu\"><a href=\"https:\/\/www.paysdesecrins.com\/en\/my-desire-to\/mountain\/a-bike-ride-like-no-other\/\" class=\"cardlink\" title=\"Lire plus : A bike ride like no other\" lang=\"en_US\">A bike ride like no other<\/a><\/div><\/div><\/div><\/div><\/div><\/div><\/div><\/div>\n\n\n<div class=\"wp-block-ws-library-ws-button has-text-align-center is-style-outline\"><a href=\"https:\/\/www.paysdesecrins.com\/en\/63851-2\/\" class=\"wp-block-button__link wp-element-button btn\">  All experiences<\/a><\/div>\n<\/div>\n<\/div>\n\n<div class=\"wp-block-ws-library-ws-columns alignwide has-2-columns are-vertically-aligned-center layout-5050 is-style-background\" data-season=\"winter\">\n<div class=\"wp-block-ws-library-ws-column\"><div class=\"wrapper\">\n<div class=\"wp-block-ws-library-ws-title\"><h2><em>Puy Saint Vincent <\/em>Nordic area<\/h2><\/div>\n\n\n\n<p>The Puy Saint Vincent Nordic area stretches over almost 25 km of cross-country ski trails and offers around 30 km of marked routes for snowshoeing and ski touring, offering routes suitable for both beginners and more experienced skiers.  <\/p>\n\n\n\n<p>Located around the Nordic chalet in the Pr\u00e9s sector (1,400 m), it is accessible directly on foot or via the Pr\u00e9s chairlift from the resort, and is open from 9 a.m. to 5 p.m. every day of the winter season.  <\/p>\n\n\n\n<p>The trails, which are regularly maintained, have a variety of profiles \u2014 discovery loops in the forest, more sustained climbs to the surrounding panoramas \u2014 and benefit from the follow-up of federal instructors for personalized advice.  <\/p>\n\n\n\n<p>For another experience, you can also taste the joys of <strong>mountain biking on snow<\/strong>, with bikes with oversized tires riding on the same groomed routes.<\/p>\n\n\n\n<div class=\"wp-block-ws-library-ws-button has-text-align-left\"><a href=\"https:\/\/www.paysdesecrins.com\/en\/my-resort-my-village\/puy-saint-vincent\/nordic-area-of-puy-saint-vincent\/\" class=\"wp-block-button__link wp-element-button btn\">  Learn more +<\/a><\/div>\n<\/div><\/div>\n\n\n\n<div class=\"wp-block-ws-library-ws-column\"><div class=\"wrapper\">\n<div class=\"wp-block-ws-library-ws-image\"><div class=\"wrapper\"><div class=\"group-media\"><img decoding=\"async\" src=\"https:\/\/www.paysdesecrins.com\/wp-content\/uploads\/2025\/07\/dsc00169-960x640.jpg\" alt=\"\" class=\"single_image ws-image-50503\"><div class=\"credits\"><\/div><\/div><p class=\"caption\"><\/p><\/div><\/div>\n<\/div><\/div>\n<\/div>\n\n<div class=\"wp-block-ws-library-ws-columns alignwide has-2-columns are-vertically-aligned-center layout-5050 is-style-default\" data-season=\"summer\">\n<div class=\"wp-block-ws-library-ws-column\"><div class=\"wrapper\">\n<div class=\"wp-block-ws-library-ws-title\"><h2>Panoramic <em>multi-activity complex <\/em><\/h2><\/div>\n\n\n\n<p>The Panoramic Complex, inaugurated in July 2024 at the entrance to Station 1,600, is divided into four levels dedicated to leisure, sport, culture and entertainment. Accessible via a footbridge from the snow front, it offers: <\/p>\n\n\n\n<ul class=\"wp-block-list\">\n<li><strong>Panoramic ice rink<\/strong> with a view of the Vallouise valley, open to all ages,<\/li>\n\n\n\n<li>Modern <strong>bowling alley<\/strong> with 4 lanes equipped with ramps and gutters for children,<\/li>\n\n\n\n<li><strong>Bouldering wall<\/strong> , suitable for beginners as well as experienced climbers,<\/li>\n\n\n\n<li>270-seat <strong>performance hall<\/strong>, designed for optimal acoustics during concerts or screenings,<\/li>\n\n\n\n<li><strong>Games area<\/strong> with billiards, table football and arcade machines to vary the pleasures.<\/li>\n<\/ul>\n\n\n\n<p>Open all year round, Le Panoramic offers a fun and friendly interlude for young and old, ideal as a complement to outdoor activities  <\/p>\n\n\n\n<div class=\"wp-block-ws-library-ws-button has-text-align-left is-style-outline\"><a href=\"https:\/\/complexepanoramic.fr\" class=\"wp-block-button__link wp-element-button btn\">  Read more +<\/a><\/div>\n<\/div><\/div>\n\n\n\n<div class=\"wp-block-ws-library-ws-column\"><div class=\"wrapper\">\n<div class=\"wp-block-ws-library-ws-image\"><div class=\"wrapper\"><div class=\"group-media\"><img decoding=\"async\" src=\"https:\/\/www.paysdesecrins.com\/wp-content\/uploads\/2025\/07\/dsc05453-960x640.jpg\" alt=\"\" class=\"single_image ws-image-42490\"><div class=\"credits\"><\/div><\/div><p class=\"caption\"><\/p><\/div><\/div>\n<\/div><\/div>\n<\/div>\n\n<div style=\"height:60px\" aria-hidden=\"true\" class=\"wp-block-spacer\"><\/div>\n\n<div class=\"wp-block-ws-library-ws-columns alignwide has-2-columns are-vertically-aligned-center layout-5050 is-style-background\" data-season=\"summer\">\n<div class=\"wp-block-ws-library-ws-column\"><div class=\"wrapper\">\n<div class=\"wp-block-ws-library-ws-image\" data-season=\"summer\"><div class=\"wrapper\"><div class=\"group-media\"><img decoding=\"async\" src=\"https:\/\/www.paysdesecrins.com\/wp-content\/uploads\/2025\/07\/col-de-la-pousterle-7-960x640.jpg\" alt=\"\" class=\"single_image ws-image-42603\"><div class=\"credits\"><\/div><\/div><p class=\"caption\"><\/p><\/div><\/div>\n<\/div><\/div>\n\n\n\n<div class=\"wp-block-ws-library-ws-column\"><div class=\"wrapper\">\n<div class=\"wp-block-ws-library-ws-title\" data-season=\"summer\"><h3>The + of Puy-Saint-Vincent<\/h3><\/div>\n\n\n\n<ul class=\"wp-block-list\">\n<li>A complete and accessible <strong>Bike Park<\/strong><\/li>\n\n\n\n<li>An extensive network of<strong> <\/strong>hiking <strong>trails <\/strong><\/li>\n\n\n\n<li>Varied outdoor <strong>activities <\/strong><\/li>\n\n\n\n<li>A beautiful <strong>leisure<\/strong> facility<\/li>\n\n\n\n<li>A friendly and family <strong>atmosphere<\/strong><\/li>\n\n\n\n<li>An ideal starting point to discover the <strong>\u00c9crins National Park<\/strong><\/li>\n<\/ul>\n<\/div><\/div>\n<\/div>\n\n<div class=\"wp-block-ws-library-ws-columns alignwide has-2-columns are-vertically-aligned-center layout-5050 is-style-default\" data-season=\"winter\">\n<div class=\"wp-block-ws-library-ws-column\"><div class=\"wrapper\">\n<div class=\"wp-block-ws-library-ws-image\"><div class=\"wrapper\"><div class=\"group-media\"><img decoding=\"async\" src=\"https:\/\/www.paysdesecrins.com\/wp-content\/uploads\/2025\/07\/dsc05453-960x640.jpg\" alt=\"\" class=\"single_image ws-image-42490\"><div class=\"credits\"><\/div><\/div><p class=\"caption\"><\/p><\/div><\/div>\n<\/div><\/div>\n\n\n\n<div class=\"wp-block-ws-library-ws-column\"><div class=\"wrapper\">\n<div class=\"wp-block-ws-library-ws-title\"><h2>Panoramic <em>multi-activity complex <\/em><\/h2><\/div>\n\n\n\n<p>The Panoramic Complex, inaugurated in July 2024 at the entrance to Station 1,600, is divided into four levels dedicated to leisure, sport, culture and entertainment. Accessible via a footbridge from the snow front, it offers: <\/p>\n\n\n\n<ul class=\"wp-block-list\">\n<li><strong>Panoramic ice rink<\/strong> with a view of the Vallouise valley, open to all ages,<\/li>\n\n\n\n<li>Modern <strong>bowling alley<\/strong> with 4 lanes equipped with ramps and gutters for children,<\/li>\n\n\n\n<li><strong>Bouldering wall<\/strong> , suitable for beginners as well as experienced climbers,<\/li>\n\n\n\n<li>270-seat <strong>performance hall<\/strong>, designed for optimal acoustics during concerts or screenings,<\/li>\n\n\n\n<li><strong>Games area<\/strong> with billiards, table football and arcade machines to vary the pleasures.<\/li>\n<\/ul>\n\n\n\n<p>Open all year round, Le Panoramic offers a fun and friendly interlude for young and old, ideal as a complement to outdoor activities  <\/p>\n<\/div><\/div>\n<\/div>\n\n<div style=\"height:60px\" aria-hidden=\"true\" class=\"wp-block-spacer\"><\/div>\n\n<div class=\"wp-block-ws-library-ws-columns alignwide has-2-columns are-vertically-aligned-center layout-5050 is-style-background\" data-season=\"winter\">\n<div class=\"wp-block-ws-library-ws-column\"><div class=\"wrapper\">\n<div class=\"wp-block-ws-library-ws-image\" data-season=\"winter\"><div class=\"wrapper\"><div class=\"group-media\"><img decoding=\"async\" src=\"https:\/\/www.paysdesecrins.com\/wp-content\/uploads\/2025\/07\/17ski-rogiervanrijn-stationdepuysaintvincent-960x640.jpg\" alt=\"\" class=\"single_image ws-image-21628\"><div class=\"credits\">Rogier VANRIJN<\/div><\/div><p class=\"caption\"><\/p><\/div><\/div>\n<\/div><\/div>\n\n\n\n<div class=\"wp-block-ws-library-ws-column\"><div class=\"wrapper\">\n<div class=\"wp-block-ws-library-ws-title\" data-season=\"winter\"><h3>The + of Puy-Saint-Vincent<\/h3><\/div>\n\n\n\n<ul class=\"wp-block-list\">\n<li>Reliable snow cover thanks to its altitude<\/li>\n\n\n\n<li>A varied and progressive ski area<\/li>\n\n\n\n<li>Three elevation levels for easy accessibility<\/li>\n\n\n\n<li>A friendly and family atmosphere<\/li>\n\n\n\n<li>A multitude of activities in summer and winter<\/li>\n\n\n\n<li>Galaxy pass and extended access to the resorts of Serre-Chevalier, Montgen\u00e8vre, Les 2 Alpes, L&#8217;Alpe d&#8217;huez, Sestriere and Pelvoux-Vallousie<\/li>\n\n\n\n<li>Close to the \u00c9crins National Park<\/li>\n<\/ul>\n<\/div><\/div>\n<\/div>\n\n<div style=\"height:60px\" aria-hidden=\"true\" class=\"wp-block-spacer\"><\/div>\n\n<div class=\"wp-block-group alignfull group-home-festif has-global-padding is-layout-constrained wp-block-group-is-layout-constrained\">\n<div class=\"wp-block-ws-library-ws-title aligncenter is-style-default has-color-3-color\"><h3><em>The festive spirit,<\/em> the animations and events<\/h3><\/div>\n\n\n<div class=\"alignwide wp-block-ws-apidae-library-ws-apidae-temps-forts\"><div class=\"simple-template\"><div class=\"wrapper\"><div class=\"content-left\"><div class=\"list-items\"><div class=\"item\" data-season=\"all-seasons\"><div class=\"card card-apidae card-temps-forts\"><div class=\"group-actions\"><ws-wishlist data-type=\"flag\" data-action=\"add\" data-wish-id=\"7659951\" data-wish-type=\"apidae\"><\/ws-wishlist><\/div><div class=\"group-media\"><div class=\"field-image\"><img decoding=\"async\" src=\"https:\/\/images.weserv.nl\/?url=https:\/\/static.apidae-tourisme.com\/filestore\/objets-touristiques\/images\/142\/156\/37657742-diaporama.jpg&#038;w=650&#038;h=650&#038;fit=cover&#038;output=webp&#038;q=45\" alt=\"Exposition de peintures &#8220;La mer dans tous ses \u00e9tats&#8221;\"\/><\/div><\/div><div class=\"group-top\"><div class=\"field-commune\">Puy-Saint-Vincent<\/div><ws-apidae-from-price data-apidae-id=\"7659951\" ><\/ws-apidae-from-price><div class=\"group-dates\"><div class=\"field-dates\">From 30 <span class=\"month\">April<\/span> to 29 <span class=\"month\">June<\/span><\/div><\/div><\/div><div class=\"group-content\"><div class=\"field-title\">Exposition de peintures &#8220;La mer dans tous ses \u00e9tats&#8221;<\/div><\/div><div class=\"field-link\" role=\"group\" aria-label=\"Lien vers le contenu\"><a href=\"https:\/\/www.paysdesecrins.com\/en\/fiche\/exposition-de-peintures-la-mer-dans-tous-ses-etats-3\/\" class=\"cardlink\" title=\"Lire plus : Exposition de peintures &#8220;La mer dans tous ses \u00e9tats&#8221;\" lang=\"en_US\">Exposition de peintures &#8220;La mer dans tous ses \u00e9tats&#8221;<\/a><\/div><\/div><\/div><\/div><\/div><div class=\"content-right\"><div class=\"list-items\"><div class=\"item\" data-season=\"all-seasons\"><div class=\"card card-apidae card-temps-forts\"><div class=\"group-actions\"><ws-wishlist data-type=\"flag\" data-action=\"add\" data-wish-id=\"7661724\" data-wish-type=\"apidae\"><\/ws-wishlist><\/div><div class=\"group-media\"><div class=\"field-image\"><img decoding=\"async\" src=\"https:\/\/images.weserv.nl\/?url=https:\/\/static.apidae-tourisme.com\/filestore\/objets-touristiques\/images\/9\/197\/37537033-diaporama.jpg&#038;w=650&#038;h=650&#038;fit=cover&#038;output=webp&#038;q=45\" alt=\"Soir\u00e9e d&#8217;\u00e9coute partag\u00e9e N\u00b05 &#8220;Ma m\u00e8re l&#8217;Oye&#8221; de Ravel\"\/><\/div><\/div><div class=\"group-top\"><div class=\"field-commune\">Puy-Saint-Vincent<\/div><ws-apidae-from-price data-apidae-id=\"7661724\" ><\/ws-apidae-from-price><div class=\"group-dates\"><div class=\"field-dates\">23 <span class=\"month\">May<\/span><\/div><\/div><\/div><div class=\"group-content\"><div class=\"field-title\">Soir\u00e9e d&#8217;\u00e9coute partag\u00e9e N\u00b05 &#8220;Ma m\u00e8re l&#8217;Oye&#8221; de Ravel<\/div><\/div><div class=\"field-link\" role=\"group\" aria-label=\"Lien vers le contenu\"><a href=\"https:\/\/www.paysdesecrins.com\/en\/fiche\/soiree-decoute-partagee-n5-ma-mere-loye-de-ravel-3\/\" class=\"cardlink\" title=\"Lire plus : Soir\u00e9e d&#8217;\u00e9coute partag\u00e9e N\u00b05 &#8220;Ma m\u00e8re l&#8217;Oye&#8221; de Ravel\" lang=\"en_US\">Soir\u00e9e d&#8217;\u00e9coute partag\u00e9e N\u00b05 &#8220;Ma m\u00e8re l&#8217;Oye&#8221; de Ravel<\/a><\/div><\/div><\/div><div class=\"item\" data-season=\"all-seasons\"><div class=\"card card-apidae card-temps-forts\"><div class=\"group-actions\"><ws-wishlist data-type=\"flag\" data-action=\"add\" data-wish-id=\"7661808\" data-wish-type=\"apidae\"><\/ws-wishlist><\/div><div class=\"group-media\"><div class=\"field-image\"><img decoding=\"async\" src=\"https:\/\/images.weserv.nl\/?url=https:\/\/static.apidae-tourisme.com\/filestore\/objets-touristiques\/images\/40\/198\/37537320-diaporama.jpg&#038;w=650&#038;h=650&#038;fit=cover&#038;output=webp&#038;q=45\" alt=\"Soir\u00e9e d&#8217;\u00e9coute partage\u00e9 N\u00b06 &#8220;Schostakovitch&#8221;, le 8\u00e8me quatuor\"\/><\/div><\/div><div class=\"group-top\"><div class=\"field-commune\">Puy-Saint-Vincent<\/div><ws-apidae-from-price data-apidae-id=\"7661808\" ><\/ws-apidae-from-price><div class=\"group-dates\"><div class=\"field-dates\">20 <span class=\"month\">June<\/span><\/div><\/div><\/div><div class=\"group-content\"><div class=\"field-title\">Soir\u00e9e d&#8217;\u00e9coute partage\u00e9 N\u00b06 &#8220;Schostakovitch&#8221;, le 8\u00e8me quatuor<\/div><\/div><div class=\"field-link\" role=\"group\" aria-label=\"Lien vers le contenu\"><a href=\"https:\/\/www.paysdesecrins.com\/en\/fiche\/soiree-decoute-partagee-n6-schostakovitch-le-8eme-quatuor-3\/\" class=\"cardlink\" title=\"Lire plus : Soir\u00e9e d&#8217;\u00e9coute partage\u00e9 N\u00b06 &#8220;Schostakovitch&#8221;, le 8\u00e8me quatuor\" lang=\"en_US\">Soir\u00e9e d&#8217;\u00e9coute partage\u00e9 N\u00b06 &#8220;Schostakovitch&#8221;, le 8\u00e8me quatuor<\/a><\/div><\/div><\/div><div class=\"item\" data-season=\"all-seasons\"><div class=\"card card-apidae card-temps-forts\"><div class=\"group-actions\"><ws-wishlist data-type=\"flag\" data-action=\"add\" data-wish-id=\"7751349\" data-wish-type=\"apidae\"><\/ws-wishlist><\/div><div class=\"group-media\"><div class=\"field-image\"><img decoding=\"async\" src=\"https:\/\/images.weserv.nl\/?url=https:\/\/static.apidae-tourisme.com\/filestore\/objets-touristiques\/images\/187\/66\/40714939-diaporama.jpg&#038;w=650&#038;h=650&#038;fit=cover&#038;output=webp&#038;q=45\" alt=\"FESTIVAL MUSIQUES EN ECRINS &#8211; Concert : Pascal Amoyel, une le\u00e7on de Piano avec Chopin\"\/><\/div><\/div><div class=\"group-top\"><div class=\"field-commune\">Puy-Saint-Vincent<\/div><ws-apidae-from-price data-apidae-id=\"7751349\" ><\/ws-apidae-from-price><div class=\"group-dates\"><div class=\"field-dates\">3 <span class=\"month\">August<\/span><\/div><\/div><\/div><div class=\"group-content\"><div class=\"field-title\">FESTIVAL MUSIQUES EN ECRINS &#8211; Concert : Pascal Amoyel, une le\u00e7on de Piano avec Chopin<\/div><\/div><div class=\"field-link\" role=\"group\" aria-label=\"Lien vers le contenu\"><a href=\"https:\/\/www.paysdesecrins.com\/en\/fiche\/festival-musiques-en-ecrins-concert-pascal-amoyel-une-lecon-de-piano-avec-chopin-3\/\" class=\"cardlink\" title=\"Lire plus : FESTIVAL MUSIQUES EN ECRINS &#8211; Concert : Pascal Amoyel, une le\u00e7on de Piano avec Chopin\" lang=\"en_US\">FESTIVAL MUSIQUES EN ECRINS &#8211; Concert : Pascal Amoyel, une le\u00e7on de Piano avec Chopin<\/a><\/div><\/div><\/div><div class=\"item\" data-season=\"all-seasons\"><div class=\"card card-apidae card-temps-forts\"><div class=\"group-actions\"><ws-wishlist data-type=\"flag\" data-action=\"add\" data-wish-id=\"5808379\" data-wish-type=\"apidae\"><\/ws-wishlist><\/div><div class=\"group-media\"><div class=\"field-image\"><img decoding=\"async\" src=\"https:\/\/images.weserv.nl\/?url=https:\/\/static.apidae-tourisme.com\/filestore\/objets-touristiques\/images\/42\/216\/41015338-diaporama.jpg&#038;w=650&#038;h=650&#038;fit=cover&#038;output=webp&#038;q=45\" alt=\"FESTIVAL DE JAZZ\"\/><\/div><\/div><div class=\"group-top\"><div class=\"field-commune\">Puy-Saint-Vincent<\/div><ws-apidae-from-price data-apidae-id=\"5808379\" ><\/ws-apidae-from-price><div class=\"group-dates\"><div class=\"field-dates\">From 3 to 7 <span class=\"month\">August<\/span><\/div><\/div><\/div><div class=\"group-content\"><div class=\"field-title\">FESTIVAL DE JAZZ<\/div><\/div><div class=\"field-link\" role=\"group\" aria-label=\"Lien vers le contenu\"><a href=\"https:\/\/www.paysdesecrins.com\/en\/fiche\/festival-de-jazz-3\/\" class=\"cardlink\" title=\"Lire plus : FESTIVAL DE JAZZ\" lang=\"en_US\">FESTIVAL DE JAZZ<\/a><\/div><\/div><\/div><\/div><\/div><\/div><\/div><div class=\"group-content\">\n\n<div class=\"wp-block-ws-library-ws-button has-text-align-left\"><a href=\"https:\/\/www.paysdesecrins.com\/en\/all-events-for-puy-saint-vincent\/\" class=\"wp-block-button__link wp-element-button btn\">  All highlights<\/a><\/div>\n\n\n\n<div class=\"wp-block-ws-library-ws-button has-text-align-left\"><a href=\"https:\/\/www.paysdesecrins.com\/en\/all-activities-in-puy-saint-vincent\/\" class=\"wp-block-button__link wp-element-button btn\">  All the agenda<\/a><\/div>\n\n<\/div><\/div><\/div><\/div>\n\n<div style=\"height:60px\" aria-hidden=\"true\" class=\"wp-block-spacer\"><\/div>\n\n<div class=\"wp-block-ws-library-ws-title aligncenter is-style-default has-color-2-color\" data-season=\"winter\"><h2><span style=\"color: rgb(230, 1, 126); font-family: Helvetica, \"Trebuchet MS\", Helvetica, sans-serif; font-size: 0.6em; font-weight: 700; letter-spacing: -0.1px;\">In Puy-Saint-Vincent, meeting with the snow<\/span><br>The proof in pictures<\/h2><\/div>\n\n<div class=\"wp-block-ws-library-ws-title aligncenter is-style-default has-color-2-color\" data-season=\"summer\"><h3><br><em>Puy-Saint-Vincent, land of outdoor sports<\/em><br>The proof in pictures<\/h3><\/div>\n\n<div class=\"wp-block-ws-library-ws-slider alignwide\" data-season=\"winter\"><div class=\"splide\" data-splide=\"{\"type\":\"slide\",\"heightRatio\":\"auto\",\"perPage\":4,\"perMove\":1,\"drag\":true,\"pagination\":0,\"autoplay\":false,\"gap\":\"15px\",\"breakpoints\":{\"450\":{\"perPage\":1},\"768\":{\"perPage\":2},\"992\":{\"perPage\":3},\"1200\":{\"perPage\":4}}}\"><div class=\"splide__track\"><div class=\"splide__list\"><div class=\"splide__slide\"><a href=\"https:\/\/www.paysdesecrins.com\/wp-content\/uploads\/2025\/07\/17ski-rogiervanrijn-stationdepuysaintvincent-scaled.jpg\" data-glightbox=\"true\" class=\"lightbox-trigger\"><img decoding=\"async\" src=\"https:\/\/www.paysdesecrins.com\/wp-content\/uploads\/2025\/07\/17ski-rogiervanrijn-stationdepuysaintvincent-400x400.jpg\" alt=\"\"><\/a><\/div><div class=\"splide__slide\"><a href=\"https:\/\/www.paysdesecrins.com\/wp-content\/uploads\/2025\/07\/17ski-rogiervanrijn-puysaintvincent-dsc08796-scaled.jpg\" data-glightbox=\"true\" class=\"lightbox-trigger\"><img decoding=\"async\" src=\"https:\/\/www.paysdesecrins.com\/wp-content\/uploads\/2025\/07\/17ski-rogiervanrijn-puysaintvincent-dsc08796-400x400.jpg\" alt=\"\"><\/a><\/div><div class=\"splide__slide\"><a href=\"https:\/\/www.paysdesecrins.com\/wp-content\/uploads\/2025\/07\/21autresactivites-fatbike-puy-st-vincent-pou-1-scaled.jpg\" data-glightbox=\"true\" class=\"lightbox-trigger\"><img decoding=\"async\" src=\"https:\/\/www.paysdesecrins.com\/wp-content\/uploads\/2025\/07\/21autresactivites-fatbike-puy-st-vincent-pou-1-scaled.jpg\" alt=\"\"><\/a><\/div><div class=\"splide__slide\"><a href=\"https:\/\/www.paysdesecrins.com\/wp-content\/uploads\/2025\/07\/2autresactivites-fatbike-puy-st-vincent-pou-1-2-scaled.jpg\" data-glightbox=\"true\" class=\"lightbox-trigger\"><img decoding=\"async\" src=\"https:\/\/www.paysdesecrins.com\/wp-content\/uploads\/2025\/07\/2autresactivites-fatbike-puy-st-vincent-pou-1-2-400x400.jpg\" alt=\"\"><\/a><\/div><div class=\"splide__slide\"><a href=\"https:\/\/www.paysdesecrins.com\/wp-content\/uploads\/2025\/07\/171ski-rogiervanrijn-puysaintvincent-dsc08459-scaled.jpg\" data-glightbox=\"true\" class=\"lightbox-trigger\"><img decoding=\"async\" src=\"https:\/\/www.paysdesecrins.com\/wp-content\/uploads\/2025\/07\/171ski-rogiervanrijn-puysaintvincent-dsc08459-400x400.jpg\" alt=\"\"><\/a><\/div><div class=\"splide__slide\"><a href=\"https:\/\/www.paysdesecrins.com\/wp-content\/uploads\/2025\/07\/141partageactivites-groupe-apartagerenfamillefatbike-puy-st-vincent-pou-scaled.jpg\" data-glightbox=\"true\" class=\"lightbox-trigger\"><img decoding=\"async\" src=\"https:\/\/www.paysdesecrins.com\/wp-content\/uploads\/2025\/07\/141partageactivites-groupe-apartagerenfamillefatbike-puy-st-vincent-pou-400x400.jpg\" alt=\"\"><\/a><\/div><\/div><\/div><\/div><\/div>\n\n<div class=\"wp-block-ws-library-ws-slider alignwide\" data-season=\"summer\"><div class=\"splide\" data-splide=\"{\"type\":\"slide\",\"heightRatio\":\"auto\",\"perPage\":4,\"perMove\":1,\"drag\":true,\"pagination\":0,\"autoplay\":false,\"gap\":\"15px\",\"breakpoints\":{\"450\":{\"perPage\":1},\"768\":{\"perPage\":2},\"992\":{\"perPage\":3},\"1200\":{\"perPage\":4}}}\"><div class=\"splide__track\"><div class=\"splide__list\"><div class=\"splide__slide\"><a href=\"https:\/\/www.paysdesecrins.com\/wp-content\/uploads\/2025\/07\/181vtt-bike-park-amp-vtt-lac-du-thibautblais-scaled.jpg\" data-glightbox=\"true\" class=\"lightbox-trigger\"><img decoding=\"async\" src=\"https:\/\/www.paysdesecrins.com\/wp-content\/uploads\/2025\/07\/181vtt-bike-park-amp-vtt-lac-du-thibautblais-400x400.jpg\" alt=\"\"><\/a><\/div><div class=\"splide__slide\"><a href=\"https:\/\/www.paysdesecrins.com\/wp-content\/uploads\/2025\/07\/181velo-vtt-dsc04924-scaled.jpg\" data-glightbox=\"true\" class=\"lightbox-trigger\"><img decoding=\"async\" src=\"https:\/\/www.paysdesecrins.com\/wp-content\/uploads\/2025\/07\/181velo-vtt-dsc04924-scaled.jpg\" alt=\"\"><\/a><\/div><div class=\"splide__slide\"><a href=\"https:\/\/www.paysdesecrins.com\/wp-content\/uploads\/2025\/07\/181velo-scaled.jpg\" data-glightbox=\"true\" class=\"lightbox-trigger\"><img decoding=\"async\" src=\"https:\/\/www.paysdesecrins.com\/wp-content\/uploads\/2025\/07\/181velo-400x400.jpg\" alt=\"\"><\/a><\/div><div class=\"splide__slide\"><a href=\"https:\/\/www.paysdesecrins.com\/wp-content\/uploads\/2025\/07\/dsc05453-scaled.jpg\" data-glightbox=\"true\" class=\"lightbox-trigger\"><img decoding=\"async\" src=\"https:\/\/www.paysdesecrins.com\/wp-content\/uploads\/2025\/07\/dsc05453-400x400.jpg\" alt=\"\"><\/a><\/div><div class=\"splide__slide\"><a href=\"https:\/\/www.paysdesecrins.com\/wp-content\/uploads\/2025\/07\/18vtt-bike-parkdsc08590-scaled.jpg\" data-glightbox=\"true\" class=\"lightbox-trigger\"><img decoding=\"async\" src=\"https:\/\/www.paysdesecrins.com\/wp-content\/uploads\/2025\/07\/18vtt-bike-parkdsc08590-400x400.jpg\" alt=\"\"><\/a><\/div><div class=\"splide__slide\"><a href=\"https:\/\/www.paysdesecrins.com\/wp-content\/uploads\/2025\/07\/18vtt-bike-parkdsc08500-scaled.jpg\" data-glightbox=\"true\" class=\"lightbox-trigger\"><img decoding=\"async\" src=\"https:\/\/www.paysdesecrins.com\/wp-content\/uploads\/2025\/07\/18vtt-bike-parkdsc08500-400x400.jpg\" alt=\"\"><\/a><\/div><div class=\"splide__slide\"><a href=\"https:\/\/www.paysdesecrins.com\/wp-content\/uploads\/2025\/07\/18vtt-bike-park-psv-rogiervanrijn-scaled.jpg\" data-glightbox=\"true\" class=\"lightbox-trigger\"><img decoding=\"async\" src=\"https:\/\/www.paysdesecrins.com\/wp-content\/uploads\/2025\/07\/18vtt-bike-park-psv-rogiervanrijn-400x400.jpg\" alt=\"\"><\/a><\/div><div class=\"splide__slide\"><a href=\"https:\/\/www.paysdesecrins.com\/wp-content\/uploads\/2025\/07\/181vtt-bike-park-jordansarrou-psv-rogiervanrijn-scaled.jpg\" data-glightbox=\"true\" class=\"lightbox-trigger\"><img decoding=\"async\" src=\"https:\/\/www.paysdesecrins.com\/wp-content\/uploads\/2025\/07\/181vtt-bike-park-jordansarrou-psv-rogiervanrijn-400x400.jpg\" alt=\"\"><\/a><\/div><\/div><\/div><\/div><\/div>\n\n<div class=\"wp-block-ws-library-ws-title aligncenter\"><h2><em>We take care of everything,<\/em> you enjoy<\/h2><\/div>\n\n<p class=\"has-text-align-center\">Discover our all-inclusive stays and let us organize your mountain immersion: accommodation, guided activities, and local experiences are gathered for you. Choose your formula, from a rejuvenating weekend to a week of adventure, and take full advantage of the landscapes, the know-how and the conviviality without worrying about anything. <\/p>\n<div class=\"alignwide wp-block-ws-library-ws-list-content\"><div class=\"list-items\"><div class=\"item\" data-season=\"all-seasons\"><div class=\"card  card-page\"><div class=\"group-media\"><div class=\"field-image\"><img loading=\"lazy\" decoding=\"async\" width=\"300\" height=\"450\" src=\"https:\/\/www.paysdesecrins.com\/wp-content\/uploads\/2025\/08\/photos-kinaphoto-pelvoux-journe-e-1-2025-hd66-300x450.jpg\" class=\"winter wp-post-image\" alt=\"\" data-season=\"winter\" srcset=\"https:\/\/www.paysdesecrins.com\/wp-content\/uploads\/2025\/08\/photos-kinaphoto-pelvoux-journe-e-1-2025-hd66-300x450.jpg 300w, https:\/\/www.paysdesecrins.com\/wp-content\/uploads\/2025\/08\/photos-kinaphoto-pelvoux-journe-e-1-2025-hd66-390x585.jpg 390w\" sizes=\"auto, (max-width: 300px) 100vw, 300px\" \/><img loading=\"lazy\" decoding=\"async\" width=\"300\" height=\"450\" src=\"https:\/\/www.paysdesecrins.com\/wp-content\/uploads\/2025\/07\/dsc01515-300x450.jpg\" class=\"vivaldi-thumb summer\" alt=\"\" data-season=\"summer\" srcset=\"https:\/\/www.paysdesecrins.com\/wp-content\/uploads\/2025\/07\/dsc01515-300x450.jpg 300w, https:\/\/www.paysdesecrins.com\/wp-content\/uploads\/2025\/07\/dsc01515-390x585.jpg 390w\" sizes=\"auto, (max-width: 300px) 100vw, 300px\" \/><\/div><\/div><div class=\"group-content\"><div class=\"field-title\">Stays<\/div><\/div><div class=\"field-link\" role=\"group\" aria-label=\"Lien vers le contenu\"><a href=\"https:\/\/www.paysdesecrins.com\/en\/stays\/\" class=\"cardlink\" title=\"Lire plus : Stays\" lang=\"en_US\">Stays<\/a><\/div><\/div><\/div><\/div><\/div>\n<div class=\"wp-block-ws-library-ws-button has-text-align-center\"><a href=\"https:\/\/www.paysdesecrins.com\/en\/stays\/#\/categories\" class=\"wp-block-button__link wp-element-button btn\">  Discover all-inclusive stays<\/a><\/div>\n\n<div style=\"height:60px\" aria-hidden=\"true\" class=\"wp-block-spacer\"><\/div>\n\n<div class=\"wp-block-ws-library-ws-share\"><span class=\"share-subtitle\">Did you like this page?<\/span><span class=\"share-title\">Share it!<\/span><button class=\"ws-share-button wp-element-button\">Share this page<\/button><\/div>\n","protected":false},"excerpt":{"rendered":"<p>Perched between 1,400 and 2,700 m, the resort of Puy Saint Vincent is made up of three hamlets (Le Puy, [&hellip;]<\/p>\n","protected":false},"author":1,"featured_media":22018,"parent":44508,"menu_order":0,"comment_status":"closed","ping_status":"closed","template":"","meta":{"_thumbnail_id_2":0,"summer_excerpt":"","season":"","station":"psv","footnotes":""},"class_list":["post-45036","page","type-page","status-publish","has-post-thumbnail","hentry"],"yoast_head":"<!-- This site is optimized with the Yoast SEO plugin v27.3 - https:\/\/yoast.com\/product\/yoast-seo-wordpress\/ -->\n<title>Puy-Saint-Vincent - Pays des \u00c9crins - Office de Tourisme<\/title>\n<meta name=\"robots\" content=\"index, follow, max-snippet:-1, max-image-preview:large, max-video-preview:-1\" \/>\n<link rel=\"canonical\" href=\"https:\/\/www.paysdesecrins.com\/en\/my-resort-my-village\/puy-saint-vincent\/\" \/>\n<meta property=\"og:locale\" content=\"en_US\" \/>\n<meta property=\"og:type\" content=\"article\" \/>\n<meta property=\"og:title\" content=\"Puy-Saint-Vincent - Pays des \u00c9crins - Office de Tourisme\" \/>\n<meta property=\"og:description\" content=\"Perched between 1,400 and 2,700 m, the resort of Puy Saint Vincent is made up of three hamlets (Le Puy, [&hellip;]\" \/>\n<meta property=\"og:url\" content=\"https:\/\/www.paysdesecrins.com\/en\/my-resort-my-village\/puy-saint-vincent\/\" \/>\n<meta property=\"og:site_name\" content=\"Pays des \u00c9crins - Office de Tourisme\" \/>\n<meta property=\"article:modified_time\" content=\"2025-08-13T13:10:26+00:00\" \/>\n<meta property=\"og:image\" content=\"https:\/\/www.paysdesecrins.com\/wp-content\/uploads\/2025\/07\/19villages-psv-tete24-04-scaled.jpg\" \/>\n\t<meta property=\"og:image:width\" content=\"2560\" \/>\n\t<meta property=\"og:image:height\" content=\"1707\" \/>\n\t<meta property=\"og:image:type\" content=\"image\/jpeg\" \/>\n<meta name=\"twitter:card\" content=\"summary_large_image\" \/>\n<meta name=\"twitter:label1\" content=\"Est. reading time\" \/>\n\t<meta name=\"twitter:data1\" content=\"6 minutes\" \/>\n<script type=\"application\/ld+json\" class=\"yoast-schema-graph\">{\"@context\":\"https:\\\/\\\/schema.org\",\"@graph\":[{\"@type\":\"WebPage\",\"@id\":\"https:\\\/\\\/www.paysdesecrins.com\\\/en\\\/my-resort-my-village\\\/puy-saint-vincent\\\/\",\"url\":\"https:\\\/\\\/www.paysdesecrins.com\\\/en\\\/my-resort-my-village\\\/puy-saint-vincent\\\/\",\"name\":\"Puy-Saint-Vincent - Pays des \u00c9crins - Office de Tourisme\",\"isPartOf\":{\"@id\":\"https:\\\/\\\/www.paysdesecrins.com\\\/en\\\/#website\"},\"primaryImageOfPage\":{\"@id\":\"https:\\\/\\\/www.paysdesecrins.com\\\/en\\\/my-resort-my-village\\\/puy-saint-vincent\\\/#primaryimage\"},\"image\":{\"@id\":\"https:\\\/\\\/www.paysdesecrins.com\\\/en\\\/my-resort-my-village\\\/puy-saint-vincent\\\/#primaryimage\"},\"thumbnailUrl\":\"https:\\\/\\\/www.paysdesecrins.com\\\/wp-content\\\/uploads\\\/2025\\\/07\\\/19villages-psv-tete24-04-scaled.jpg\",\"datePublished\":\"2025-06-25T13:44:51+00:00\",\"dateModified\":\"2025-08-13T13:10:26+00:00\",\"breadcrumb\":{\"@id\":\"https:\\\/\\\/www.paysdesecrins.com\\\/en\\\/my-resort-my-village\\\/puy-saint-vincent\\\/#breadcrumb\"},\"inLanguage\":\"en-US\",\"potentialAction\":[{\"@type\":\"ReadAction\",\"target\":[\"https:\\\/\\\/www.paysdesecrins.com\\\/en\\\/my-resort-my-village\\\/puy-saint-vincent\\\/\"]}]},{\"@type\":\"ImageObject\",\"inLanguage\":\"en-US\",\"@id\":\"https:\\\/\\\/www.paysdesecrins.com\\\/en\\\/my-resort-my-village\\\/puy-saint-vincent\\\/#primaryimage\",\"url\":\"https:\\\/\\\/www.paysdesecrins.com\\\/wp-content\\\/uploads\\\/2025\\\/07\\\/19villages-psv-tete24-04-scaled.jpg\",\"contentUrl\":\"https:\\\/\\\/www.paysdesecrins.com\\\/wp-content\\\/uploads\\\/2025\\\/07\\\/19villages-psv-tete24-04-scaled.jpg\",\"width\":2560,\"height\":1707},{\"@type\":\"BreadcrumbList\",\"@id\":\"https:\\\/\\\/www.paysdesecrins.com\\\/en\\\/my-resort-my-village\\\/puy-saint-vincent\\\/#breadcrumb\",\"itemListElement\":[{\"@type\":\"ListItem\",\"position\":1,\"name\":\"Home\",\"item\":\"https:\\\/\\\/www.paysdesecrins.com\\\/en\\\/the-title-of-the-home\\\/\"},{\"@type\":\"ListItem\",\"position\":2,\"name\":\"My resort, my village\",\"item\":\"https:\\\/\\\/www.paysdesecrins.com\\\/en\\\/ma-station-mon-village\\\/\"},{\"@type\":\"ListItem\",\"position\":3,\"name\":\"Puy-Saint-Vincent\"}]},{\"@type\":\"WebSite\",\"@id\":\"https:\\\/\\\/www.paysdesecrins.com\\\/en\\\/#website\",\"url\":\"https:\\\/\\\/www.paysdesecrins.com\\\/en\\\/\",\"name\":\"Pays des \u00c9crins - Office de Tourisme\",\"description\":\"L&#039;esprit montagne\",\"publisher\":{\"@id\":\"https:\\\/\\\/www.paysdesecrins.com\\\/en\\\/#organization\"},\"potentialAction\":[{\"@type\":\"SearchAction\",\"target\":{\"@type\":\"EntryPoint\",\"urlTemplate\":\"https:\\\/\\\/www.paysdesecrins.com\\\/en\\\/?s={search_term_string}\"},\"query-input\":{\"@type\":\"PropertyValueSpecification\",\"valueRequired\":true,\"valueName\":\"search_term_string\"}}],\"inLanguage\":\"en-US\"},{\"@type\":\"Organization\",\"@id\":\"https:\\\/\\\/www.paysdesecrins.com\\\/en\\\/#organization\",\"name\":\"Pays des \u00c9crins - Office de Tourisme\",\"url\":\"https:\\\/\\\/www.paysdesecrins.com\\\/en\\\/\",\"logo\":{\"@type\":\"ImageObject\",\"inLanguage\":\"en-US\",\"@id\":\"https:\\\/\\\/www.paysdesecrins.com\\\/en\\\/#\\\/schema\\\/logo\\\/image\\\/\",\"url\":\"https:\\\/\\\/www.paysdesecrins.com\\\/wp-content\\\/uploads\\\/2025\\\/06\\\/devina-svg-1750845694.svg\",\"contentUrl\":\"https:\\\/\\\/www.paysdesecrins.com\\\/wp-content\\\/uploads\\\/2025\\\/06\\\/devina-svg-1750845694.svg\",\"caption\":\"Pays des \u00c9crins - Office de Tourisme\"},\"image\":{\"@id\":\"https:\\\/\\\/www.paysdesecrins.com\\\/en\\\/#\\\/schema\\\/logo\\\/image\\\/\"}}]}<\/script>\n<!-- \/ Yoast SEO plugin. -->","yoast_head_json":{"title":"Puy-Saint-Vincent - Pays des \u00c9crins - Office de Tourisme","robots":{"index":"index","follow":"follow","max-snippet":"max-snippet:-1","max-image-preview":"max-image-preview:large","max-video-preview":"max-video-preview:-1"},"canonical":"https:\/\/www.paysdesecrins.com\/en\/my-resort-my-village\/puy-saint-vincent\/","og_locale":"en_US","og_type":"article","og_title":"Puy-Saint-Vincent - Pays des \u00c9crins - Office de Tourisme","og_description":"Perched between 1,400 and 2,700 m, the resort of Puy Saint Vincent is made up of three hamlets (Le Puy, [&hellip;]","og_url":"https:\/\/www.paysdesecrins.com\/en\/my-resort-my-village\/puy-saint-vincent\/","og_site_name":"Pays des \u00c9crins - Office de Tourisme","article_modified_time":"2025-08-13T13:10:26+00:00","og_image":[{"width":2560,"height":1707,"url":"https:\/\/www.paysdesecrins.com\/wp-content\/uploads\/2025\/07\/19villages-psv-tete24-04-scaled.jpg","type":"image\/jpeg"}],"twitter_card":"summary_large_image","twitter_misc":{"Est. reading time":"6 minutes"},"schema":{"@context":"https:\/\/schema.org","@graph":[{"@type":"WebPage","@id":"https:\/\/www.paysdesecrins.com\/en\/my-resort-my-village\/puy-saint-vincent\/","url":"https:\/\/www.paysdesecrins.com\/en\/my-resort-my-village\/puy-saint-vincent\/","name":"Puy-Saint-Vincent - Pays des \u00c9crins - Office de Tourisme","isPartOf":{"@id":"https:\/\/www.paysdesecrins.com\/en\/#website"},"primaryImageOfPage":{"@id":"https:\/\/www.paysdesecrins.com\/en\/my-resort-my-village\/puy-saint-vincent\/#primaryimage"},"image":{"@id":"https:\/\/www.paysdesecrins.com\/en\/my-resort-my-village\/puy-saint-vincent\/#primaryimage"},"thumbnailUrl":"https:\/\/www.paysdesecrins.com\/wp-content\/uploads\/2025\/07\/19villages-psv-tete24-04-scaled.jpg","datePublished":"2025-06-25T13:44:51+00:00","dateModified":"2025-08-13T13:10:26+00:00","breadcrumb":{"@id":"https:\/\/www.paysdesecrins.com\/en\/my-resort-my-village\/puy-saint-vincent\/#breadcrumb"},"inLanguage":"en-US","potentialAction":[{"@type":"ReadAction","target":["https:\/\/www.paysdesecrins.com\/en\/my-resort-my-village\/puy-saint-vincent\/"]}]},{"@type":"ImageObject","inLanguage":"en-US","@id":"https:\/\/www.paysdesecrins.com\/en\/my-resort-my-village\/puy-saint-vincent\/#primaryimage","url":"https:\/\/www.paysdesecrins.com\/wp-content\/uploads\/2025\/07\/19villages-psv-tete24-04-scaled.jpg","contentUrl":"https:\/\/www.paysdesecrins.com\/wp-content\/uploads\/2025\/07\/19villages-psv-tete24-04-scaled.jpg","width":2560,"height":1707},{"@type":"BreadcrumbList","@id":"https:\/\/www.paysdesecrins.com\/en\/my-resort-my-village\/puy-saint-vincent\/#breadcrumb","itemListElement":[{"@type":"ListItem","position":1,"name":"Home","item":"https:\/\/www.paysdesecrins.com\/en\/the-title-of-the-home\/"},{"@type":"ListItem","position":2,"name":"My resort, my village","item":"https:\/\/www.paysdesecrins.com\/en\/ma-station-mon-village\/"},{"@type":"ListItem","position":3,"name":"Puy-Saint-Vincent"}]},{"@type":"WebSite","@id":"https:\/\/www.paysdesecrins.com\/en\/#website","url":"https:\/\/www.paysdesecrins.com\/en\/","name":"Pays des \u00c9crins - Office de Tourisme","description":"L&#039;esprit montagne","publisher":{"@id":"https:\/\/www.paysdesecrins.com\/en\/#organization"},"potentialAction":[{"@type":"SearchAction","target":{"@type":"EntryPoint","urlTemplate":"https:\/\/www.paysdesecrins.com\/en\/?s={search_term_string}"},"query-input":{"@type":"PropertyValueSpecification","valueRequired":true,"valueName":"search_term_string"}}],"inLanguage":"en-US"},{"@type":"Organization","@id":"https:\/\/www.paysdesecrins.com\/en\/#organization","name":"Pays des \u00c9crins - Office de Tourisme","url":"https:\/\/www.paysdesecrins.com\/en\/","logo":{"@type":"ImageObject","inLanguage":"en-US","@id":"https:\/\/www.paysdesecrins.com\/en\/#\/schema\/logo\/image\/","url":"https:\/\/www.paysdesecrins.com\/wp-content\/uploads\/2025\/06\/devina-svg-1750845694.svg","contentUrl":"https:\/\/www.paysdesecrins.com\/wp-content\/uploads\/2025\/06\/devina-svg-1750845694.svg","caption":"Pays des \u00c9crins - Office de Tourisme"},"image":{"@id":"https:\/\/www.paysdesecrins.com\/en\/#\/schema\/logo\/image\/"}}]}},"_links":{"self":[{"href":"https:\/\/www.paysdesecrins.com\/en\/wp-json\/wp\/v2\/pages\/45036","targetHints":{"allow":["GET"]}}],"collection":[{"href":"https:\/\/www.paysdesecrins.com\/en\/wp-json\/wp\/v2\/pages"}],"about":[{"href":"https:\/\/www.paysdesecrins.com\/en\/wp-json\/wp\/v2\/types\/page"}],"author":[{"embeddable":true,"href":"https:\/\/www.paysdesecrins.com\/en\/wp-json\/wp\/v2\/users\/1"}],"replies":[{"embeddable":true,"href":"https:\/\/www.paysdesecrins.com\/en\/wp-json\/wp\/v2\/comments?post=45036"}],"version-history":[{"count":2,"href":"https:\/\/www.paysdesecrins.com\/en\/wp-json\/wp\/v2\/pages\/45036\/revisions"}],"predecessor-version":[{"id":93455,"href":"https:\/\/www.paysdesecrins.com\/en\/wp-json\/wp\/v2\/pages\/45036\/revisions\/93455"}],"up":[{"embeddable":true,"href":"https:\/\/www.paysdesecrins.com\/en\/wp-json\/wp\/v2\/pages\/44508"}],"wp:featuredmedia":[{"embeddable":true,"href":"https:\/\/www.paysdesecrins.com\/en\/wp-json\/wp\/v2\/media\/22018"}],"wp:attachment":[{"href":"https:\/\/www.paysdesecrins.com\/en\/wp-json\/wp\/v2\/media?parent=45036"}],"curies":[{"name":"wp","href":"https:\/\/api.w.org\/{rel}","templated":true}]}}