{"id":45121,"date":"2025-07-01T16:24:10","date_gmt":"2025-07-01T14:24:10","guid":{"rendered":"https:\/\/www.paysdesecrins.com\/major-events-in-the-land-of-jewels\/"},"modified":"2025-07-29T17:23:22","modified_gmt":"2025-07-29T15:23:22","slug":"major-events-in-the-land-of-jewels","status":"publish","type":"page","link":"https:\/\/www.paysdesecrins.com\/en\/major-events-in-the-pays-des-ecrins\/entertainment-and-events\/major-events-in-the-land-of-jewels\/","title":{"rendered":"Major events in the land of jewels"},"content":{"rendered":"    <div class=\"alignfull wp-block-ws-library-ws-header-interne\" data-season=\"winter\">\n\t    <div class=\"header-container\">\n\t        <div class=\"group-media has-image\">\n\t            \t                <img loading=\"lazy\" decoding=\"async\" width=\"1920\" height=\"800\" src=\"https:\/\/www.paysdesecrins.com\/wp-content\/uploads\/2025\/07\/dsc08497-1920x800.jpg\" alt=\"\" class=\"image_large_square wp-image-31411\" \/>\n\t            \t        <\/div>\n\t        <div class=\"group-content\">\n\t            <div class=\"title\">\n\t                <h1>\n\t                    Major events in the Pays des Ecrins\t                    \t                <\/h1>\n\t            <\/div>\n\t        <\/div>\n\t    <\/div>\n\t    \n<div class=\"yoast-breadcrumbs\"><span><span><a href=\"https:\/\/www.paysdesecrins.com\/en\/the-title-of-the-home\/\">Home<\/a><\/span>  <span><a href=\"https:\/\/www.paysdesecrins.com\/en\/major-events-in-the-pays-des-ecrins\/\">Major events in the Pays des Ecrins<\/a><\/span>  <span><a href=\"https:\/\/www.paysdesecrins.com\/en\/major-events-in-the-pays-des-ecrins\/entertainment-and-events\/\">Entertainment and events<\/a><\/span>  <span class=\"breadcrumb_last\" aria-current=\"page\">Major events in the land of jewels<\/span><\/span><\/div>\n    <\/div>\n        <div class=\"alignfull wp-block-ws-library-ws-header-interne\" data-season=\"summer\">\n\t    <div class=\"header-container\">\n\t        <div class=\"group-media has-image\">\n\t            \t                <img loading=\"lazy\" decoding=\"async\" width=\"1920\" height=\"800\" src=\"https:\/\/www.paysdesecrins.com\/wp-content\/uploads\/2025\/07\/img-0299-1-1920x800.jpg\" alt=\"\" class=\"image_large_square wp-image-31436\" \/>\n\t            \t        <\/div>\n\t        <div class=\"group-content\">\n\t            <div class=\"title\">\n\t                <h1>\n\t                    Major events in the land of jewels\t                    \t                <\/h1>\n\t            <\/div>\n\t        <\/div>\n\t    <\/div>\n\t    \n<div class=\"yoast-breadcrumbs\"><span><span><a href=\"https:\/\/www.paysdesecrins.com\/en\/the-title-of-the-home\/\">Home<\/a><\/span>  <span><a href=\"https:\/\/www.paysdesecrins.com\/en\/major-events-in-the-pays-des-ecrins\/\">Major events in the Pays des Ecrins<\/a><\/span>  <span><a href=\"https:\/\/www.paysdesecrins.com\/en\/major-events-in-the-pays-des-ecrins\/entertainment-and-events\/\">Entertainment and events<\/a><\/span>  <span class=\"breadcrumb_last\" aria-current=\"page\">Major events in the land of jewels<\/span><\/span><\/div>\n    <\/div>\n    \n<div class=\"wp-block-ws-library-ws-title aligncenter\"><h2><em>The festive spirit<\/em> <br>of the Pays des \u00c9crins<\/h2><\/div>\n\n<div class=\"wp-block-ws-library-ws-video\"><div class=\"wrapper\"><div class=\"group-media\">\n<figure class=\"wp-block-embed is-type-video is-provider-youtube wp-block-embed-youtube\" data-season=\"winter\"><div class=\"wp-block-embed__wrapper\">\n<iframe loading=\"lazy\" title=\"Des f\u00eates de fin d&#039;ann\u00e9e f\u00e9eriques au Pays des Ecrins \u2728\ud83d\udcab\" width=\"500\" height=\"281\" src=\"https:\/\/www.youtube.com\/embed\/hZaJomuncpg?feature=oembed\" frameborder=\"0\" allow=\"accelerometer; autoplay; clipboard-write; encrypted-media; gyroscope; picture-in-picture; web-share\" referrerpolicy=\"strict-origin-when-cross-origin\" allowfullscreen><\/iframe>\n<\/div><\/figure>\n<\/div><\/div><\/div>\n<div id=\"listing_594dc\" data-observer-wishlist data-attributes='listing-agenda {\"selectedSelectionIds\":[\"191010\"],\"showCommune\":true,\"defaultImage\":\"https:\\\/\\\/www.paysdesecrins.com\\\/wp-content\\\/uploads\\\/2025\\\/06\\\/paysdesecrins.png\",\"selectedFacets\":[\"dates\",\"commune\"],\"isPaginated\":true,\"perPage\":15,\"season\":\"allseasons\",\"isPortrait\":false,\"isImageContain\":false,\"showDescription\":false,\"showImage\":true,\"showType\":false,\"columnsCount\":\"2-3-3\",\"showActiveFacets\":false,\"isLimited\":false,\"showDateSearch\":false,\"showMap\":false,\"showGeolocalisation\":false,\"durationFilterEnabled\":false,\"durationFilterMode\":\"all\",\"durationThreshold\":30,\"align\":\"wide\"}' class=\"ws-listing wp-block-ws-apidae-library-listing-agenda alignwide\" data-map-id=\"map_594dc\" data-locations-id=\"locations-data_594dc\" data-season=\"allseasons\"><div class=\"panel-fixe panel-facets\"><div class=\"panel-overlay toggle-facets\"><\/div><div class=\"panel-inner\"><div class=\"panel-header\"><div class=\"panel-title\">Filters<\/div><a href=\"#\" class=\"panel-close toggle-facets\">Close<\/a><\/div><div class=\"panel-content\"><div class=\"group-summary\"><div class=\"facetwp-selections\"><\/div><a href=\"#\" class=\"link-reset\">Delete<\/a><\/div><div class=\"facetwp-facet facetwp-facet-dates facetwp-type-date_range\" data-name=\"dates\" data-type=\"date_range\"><\/div><div class=\"facetwp-facet facetwp-facet-commune facetwp-type-checkboxes\" data-name=\"commune\" data-type=\"checkboxes\"><\/div><\/div><div class=\"panel-footer\"><div class=\"facet-buttons\"><button type=\"submit\" class=\"btn btn-1 toggle-facets facetwp-count-btn\">See all <span class=\"results-count\"><\/span> results<\/button><\/div><\/div><\/div><\/div><div class=\"listing-header\"><div class=\"toggle-container\"><button class=\"btn toggle-btn toggle-facets\" data-target=\"facets\">Filters<\/button><\/div><\/div><div class=\"facetwp-template\"><div class=\"list-container active\"><div class=\"list-items\"><div class=\"item\" data-season=\"all-seasons\"><div class=\"card card-apidae card-agenda\"><div class=\"group-actions\"><ws-wishlist data-type=\"flag\" data-action=\"add\" data-wish-id=\"6506318\" data-wish-type=\"apidae\"><\/ws-wishlist><\/div><div class=\"group-media\"><div class=\"field-image\"><img decoding=\"async\" src=\"https:\/\/images.weserv.nl\/?url=https:\/\/static.apidae-tourisme.com\/filestore\/objets-touristiques\/images\/233\/45\/17313257-diaporama.jpg&#038;w=350&#038;h=350&#038;fit=cover&#038;output=webp&#038;q=45\" alt=\"Le Pilgrimage GRAVEL\"\/><\/div><\/div><div class=\"group-top\"><div class=\"field-commune\">Puy-Saint-Vincent<\/div><ws-apidae-from-price data-apidae-id=\"6506318\" ><\/ws-apidae-from-price><div class=\"group-dates\" role=\"group\" aria-label=\"Event dates\"><div class=\"field-dates ws-apidae-date-coming\" role=\"group\" aria-label=\"Opening date\"><time datetime=\"2026-09-06\" lang=\"en\">On <span class=\"day\">06<\/span><span class=\"month\"> sep.<\/span><\/time><\/div><div class=\"field-moredates ws-apidae-moredates\" role=\"group\" aria-label=\"Upcoming dates\"><div class=\"moredates\"><div class=\"inner-wrapper\"><span class=\"moredates-label\">Upcoming dates :<\/span><ul class=\"moredates-list\"><li><time datetime=\"2026-09-07\" lang=\"en\">On <span class=\"day\">07<\/span><span class=\"month\"> september<\/span><\/time><\/li><li><time datetime=\"2026-09-08\" lang=\"en\">On <span class=\"day\">08<\/span><span class=\"month\"> september<\/span><\/time><\/li><li><time datetime=\"2026-09-09\" lang=\"en\">On <span class=\"day\">09<\/span><span class=\"month\"> september<\/span><\/time><\/li><li><time datetime=\"2026-09-10\" lang=\"en\">On <span class=\"day\">10<\/span><span class=\"month\"> september<\/span><\/time><\/li><\/ul><\/div><\/div><\/div><\/div><\/div><div class=\"group-content\"><div class=\"field-title\">Le Pilgrimage GRAVEL<\/div><\/div><div class=\"field-link\" role=\"group\" aria-label=\"Lien vers le contenu\"><a href=\"https:\/\/www.paysdesecrins.com\/en\/fiche\/le-pilgrimage-gravel-3\/\" class=\"cardlink\" title=\"Lire plus : Le Pilgrimage GRAVEL\" lang=\"en_US\">Le Pilgrimage GRAVEL<\/a><\/div><\/div><\/div><div class=\"item\" data-season=\"all-seasons\"><div class=\"card card-apidae card-agenda\"><div class=\"group-actions\"><ws-wishlist data-type=\"flag\" data-action=\"add\" data-wish-id=\"5442327\" data-wish-type=\"apidae\"><\/ws-wishlist><\/div><div class=\"group-media\"><div class=\"field-image\"><img decoding=\"async\" src=\"https:\/\/images.weserv.nl\/?url=https:\/\/static.apidae-tourisme.com\/filestore\/objets-touristiques\/images\/172\/233\/42002860-diaporama.jpg&#038;w=350&#038;h=350&#038;fit=cover&#038;output=webp&#038;q=45\" alt=\"Comp\u00e9tition de Marche et Vol en parapente, La Traverciel AirDesign\"\/><\/div><\/div><div class=\"group-top\"><div class=\"field-commune\">Vallouise-Pelvoux<\/div><ws-apidae-from-price data-apidae-id=\"5442327\" ><\/ws-apidae-from-price><div class=\"group-dates\"><div class=\"field-dates\">From <span class=\"day\">11<\/span><span class=\"month\"> sep.<\/span> to <span class=\"day\">13<\/span><span class=\"month\"> sep.<\/span><\/div><\/div><\/div><div class=\"group-content\"><div class=\"field-title\">Comp\u00e9tition de Marche et Vol en parapente, La Traverciel AirDesign<\/div><\/div><div class=\"field-link\" role=\"group\" aria-label=\"Lien vers le contenu\"><a href=\"https:\/\/www.paysdesecrins.com\/en\/fiche\/competition-de-marche-et-vol-en-parapente-la-traverciel-airdesign-3\/\" class=\"cardlink\" title=\"Lire plus : Comp\u00e9tition de Marche et Vol en parapente, La Traverciel AirDesign\" lang=\"en_US\">Comp\u00e9tition de Marche et Vol en parapente, La Traverciel AirDesign<\/a><\/div><\/div><\/div><div class=\"item\" data-season=\"all-seasons\"><div class=\"card card-apidae card-agenda\"><div class=\"group-actions\"><ws-wishlist data-type=\"flag\" data-action=\"add\" data-wish-id=\"7852170\" data-wish-type=\"apidae\"><\/ws-wishlist><\/div><div class=\"group-media\"><div class=\"field-image\"><img decoding=\"async\" src=\"https:\/\/images.weserv.nl\/?url=https:\/\/static.apidae-tourisme.com\/filestore\/objets-touristiques\/images\/67\/36\/41624643-diaporama.jpg&#038;w=350&#038;h=350&#038;fit=cover&#038;output=webp&#038;q=45\" alt=\"Journ\u00e9es Europ\u00e9ennes du Patrimoine: Chapelle Saint Vincent\"\/><\/div><\/div><div class=\"group-top\"><div class=\"field-commune\">Puy-Saint-Vincent<\/div><ws-apidae-from-price data-apidae-id=\"7852170\" ><\/ws-apidae-from-price><div class=\"group-dates\"><div class=\"field-dates\">From <span class=\"day\">19<\/span><span class=\"month\"> sep.<\/span> at <span class=\"hour\">14h30<\/span> to <span class=\"day\">20<\/span><span class=\"month\"> sep.<\/span> at <span class=\"hour\">17h30<\/span><\/div><\/div><\/div><div class=\"group-content\"><div class=\"field-title\">Journ\u00e9es Europ\u00e9ennes du Patrimoine: Chapelle Saint Vincent<\/div><\/div><div class=\"field-link\" role=\"group\" aria-label=\"Lien vers le contenu\"><a href=\"https:\/\/www.paysdesecrins.com\/en\/fiche\/journees-europeennes-du-patrimoine-chapelle-saint-vincent-3\/\" class=\"cardlink\" title=\"Lire plus : Journ\u00e9es Europ\u00e9ennes du Patrimoine: Chapelle Saint Vincent\" lang=\"en_US\">Journ\u00e9es Europ\u00e9ennes du Patrimoine: Chapelle Saint Vincent<\/a><\/div><\/div><\/div><div class=\"item\" data-season=\"all-seasons\"><div class=\"card card-apidae card-agenda\"><div class=\"group-actions\"><ws-wishlist data-type=\"flag\" data-action=\"add\" data-wish-id=\"5352691\" data-wish-type=\"apidae\"><\/ws-wishlist><\/div><div class=\"group-media\"><div class=\"field-image\"><img decoding=\"async\" src=\"https:\/\/images.weserv.nl\/?url=https:\/\/static.apidae-tourisme.com\/filestore\/objets-touristiques\/images\/162\/114\/26112674-diaporama.png&#038;w=350&#038;h=350&#038;fit=cover&#038;output=webp&#038;q=45\" alt=\"Ice Climbing \u00c9crins\"\/><\/div><\/div><div class=\"group-top\"><div class=\"field-commune\">L&#039;Argenti\u00e8re-la-Bess\u00e9e<\/div><ws-apidae-from-price data-apidae-id=\"5352691\" ><\/ws-apidae-from-price><div class=\"group-dates\"><div class=\"field-dates\">From <span class=\"day\">21<\/span><span class=\"month\"> jan.<\/span> to <span class=\"day\">24<\/span><span class=\"month\"> jan.<\/span><\/div><\/div><\/div><div class=\"group-content\"><div class=\"field-title\">Ice Climbing \u00c9crins<\/div><\/div><div class=\"field-link\" role=\"group\" aria-label=\"Lien vers le contenu\"><a href=\"https:\/\/www.paysdesecrins.com\/en\/fiche\/ice-climbing-ecrins-3\/\" class=\"cardlink\" title=\"Lire plus : Ice Climbing \u00c9crins\" lang=\"en_US\">Ice Climbing \u00c9crins<\/a><\/div><\/div><\/div><div class=\"item\" data-season=\"all-seasons\"><div class=\"card card-apidae card-agenda\"><div class=\"group-actions\"><ws-wishlist data-type=\"flag\" data-action=\"add\" data-wish-id=\"7208818\" data-wish-type=\"apidae\"><\/ws-wishlist><\/div><div class=\"group-media\"><div class=\"field-image\"><img decoding=\"async\" src=\"https:\/\/images.weserv.nl\/?url=https:\/\/static.apidae-tourisme.com\/filestore\/objets-touristiques\/images\/61\/1\/28901693-diaporama.jpg&#038;w=350&#038;h=350&#038;fit=cover&#038;output=webp&#038;q=45\" alt=\"Le Testivol de Pelvoux\"\/><\/div><\/div><div class=\"group-top\"><div class=\"field-commune\">Vallouise-Pelvoux<\/div><ws-apidae-from-price data-apidae-id=\"7208818\" ><\/ws-apidae-from-price><div class=\"group-dates\"><div class=\"field-dates\">From <span class=\"day\">06<\/span><span class=\"month\"> mar.<\/span> at <span class=\"hour\">8h30<\/span> to <span class=\"day\">07<\/span><span class=\"month\"> mar.<\/span> at <span class=\"hour\">16h30<\/span><\/div><\/div><\/div><div class=\"group-content\"><div class=\"field-title\">Le Testivol de Pelvoux<\/div><\/div><div class=\"field-link\" role=\"group\" aria-label=\"Lien vers le contenu\"><a href=\"https:\/\/www.paysdesecrins.com\/en\/fiche\/le-testivol-de-pelvoux-3\/\" class=\"cardlink\" title=\"Lire plus : Le Testivol de Pelvoux\" lang=\"en_US\">Le Testivol de Pelvoux<\/a><\/div><\/div><\/div><div class=\"item\" data-season=\"all-seasons\"><div class=\"card card-apidae card-agenda\"><div class=\"group-actions\"><ws-wishlist data-type=\"flag\" data-action=\"add\" data-wish-id=\"787985\" data-wish-type=\"apidae\"><\/ws-wishlist><\/div><div class=\"group-media\"><div class=\"field-image\"><img decoding=\"async\" src=\"https:\/\/images.weserv.nl\/?url=https:\/\/static.apidae-tourisme.com\/filestore\/objets-touristiques\/images\/248\/199\/4507640-diaporama.jpg&#038;w=350&#038;h=350&#038;fit=cover&#038;output=webp&#038;q=45\" alt=\"BFK\"\/><\/div><\/div><div class=\"group-top\"><div class=\"field-commune\">L&#039;Argenti\u00e8re-la-Bess\u00e9e<\/div><ws-apidae-from-price data-apidae-id=\"787985\" ><\/ws-apidae-from-price><div class=\"group-dates\" role=\"group\" aria-label=\"Event dates\"><div class=\"field-dates ws-apidae-date-coming\" role=\"group\" aria-label=\"Opening date\"><time datetime=\"2027-05-14\" lang=\"en\">On <span class=\"day\">14<\/span><span class=\"month\"> may<\/span><\/time><\/div><div class=\"field-moredates ws-apidae-moredates\" role=\"group\" aria-label=\"Upcoming dates\"><div class=\"moredates\"><div class=\"inner-wrapper\"><span class=\"moredates-label\">Upcoming dates :<\/span><ul class=\"moredates-list\"><li><time datetime=\"2027-05-15\" lang=\"en\">On <span class=\"day\">15<\/span><span class=\"month\"> may<\/span><\/time><\/li><li><time datetime=\"2027-05-16\" lang=\"en\">On <span class=\"day\">16<\/span><span class=\"month\"> may<\/span><\/time><\/li><\/ul><\/div><\/div><\/div><\/div><\/div><div class=\"group-content\"><div class=\"field-title\">BFK<\/div><\/div><div class=\"field-link\" role=\"group\" aria-label=\"Lien vers le contenu\"><a href=\"https:\/\/www.paysdesecrins.com\/en\/fiche\/bfk-3\/\" class=\"cardlink\" title=\"Lire plus : BFK\" lang=\"en_US\">BFK<\/a><\/div><\/div><\/div><div id=\"locations-data_594dc\" style=\"display: none;\">{&quot;locations&quot;:[{&quot;lat&quot;:&quot;44.827898&quot;,&quot;lng&quot;:&quot;6.493564&quot;,&quot;title&quot;:&quot;Le Pilgrimage GRAVEL&quot;,&quot;excerpt&quot;:&quot;&quot;,&quot;permalink&quot;:&quot;https:\\\/\\\/www.paysdesecrins.com\\\/en\\\/fiche\\\/le-pilgrimage-gravel-3\\\/&quot;,&quot;type&quot;:&quot;fete_et_manifestation&quot;,&quot;commune&quot;:&quot;Puy-Saint-Vincent&quot;,&quot;type_commerce&quot;:&quot;&quot;,&quot;image&quot;:&quot;https:\\\/\\\/static.apidae-tourisme.com\\\/filestore\\\/objets-touristiques\\\/images\\\/233\\\/45\\\/17313257-diaporama.jpg&quot;,&quot;image_width&quot;:&quot;350&quot;,&quot;image_height&quot;:&quot;350&quot;,&quot;image_fit&quot;:&quot;cover&quot;},{&quot;lat&quot;:&quot;44.827883&quot;,&quot;lng&quot;:&quot;6.48313&quot;,&quot;title&quot;:&quot;Journ\\u00e9es Europ\\u00e9ennes du Patrimoine: Chapelle Saint Vincent&quot;,&quot;excerpt&quot;:&quot;&quot;,&quot;permalink&quot;:&quot;https:\\\/\\\/www.paysdesecrins.com\\\/en\\\/fiche\\\/journees-europeennes-du-patrimoine-chapelle-saint-vincent-3\\\/&quot;,&quot;type&quot;:&quot;fete_et_manifestation&quot;,&quot;commune&quot;:&quot;Puy-Saint-Vincent&quot;,&quot;type_commerce&quot;:&quot;&quot;,&quot;image&quot;:&quot;https:\\\/\\\/static.apidae-tourisme.com\\\/filestore\\\/objets-touristiques\\\/images\\\/67\\\/36\\\/41624643-diaporama.jpg&quot;,&quot;image_width&quot;:&quot;350&quot;,&quot;image_height&quot;:&quot;350&quot;,&quot;image_fit&quot;:&quot;cover&quot;},{&quot;lat&quot;:&quot;44.782692&quot;,&quot;lng&quot;:&quot;6.555767&quot;,&quot;title&quot;:&quot;Ice Climbing \\u00c9crins&quot;,&quot;excerpt&quot;:&quot;&quot;,&quot;permalink&quot;:&quot;https:\\\/\\\/www.paysdesecrins.com\\\/en\\\/fiche\\\/ice-climbing-ecrins-3\\\/&quot;,&quot;type&quot;:&quot;fete_et_manifestation&quot;,&quot;commune&quot;:&quot;L&#039;Argenti\\u00e8re-la-Bess\\u00e9e&quot;,&quot;type_commerce&quot;:&quot;&quot;,&quot;image&quot;:&quot;https:\\\/\\\/static.apidae-tourisme.com\\\/filestore\\\/objets-touristiques\\\/images\\\/162\\\/114\\\/26112674-diaporama.png&quot;,&quot;image_width&quot;:&quot;350&quot;,&quot;image_height&quot;:&quot;350&quot;,&quot;image_fit&quot;:&quot;cover&quot;},{&quot;lat&quot;:&quot;44.866&quot;,&quot;lng&quot;:&quot;6.485735&quot;,&quot;title&quot;:&quot;Le Testivol de Pelvoux&quot;,&quot;excerpt&quot;:&quot;&quot;,&quot;permalink&quot;:&quot;https:\\\/\\\/www.paysdesecrins.com\\\/en\\\/fiche\\\/le-testivol-de-pelvoux-3\\\/&quot;,&quot;type&quot;:&quot;fete_et_manifestation&quot;,&quot;commune&quot;:&quot;Vallouise-Pelvoux&quot;,&quot;type_commerce&quot;:&quot;&quot;,&quot;image&quot;:&quot;https:\\\/\\\/static.apidae-tourisme.com\\\/filestore\\\/objets-touristiques\\\/images\\\/61\\\/1\\\/28901693-diaporama.jpg&quot;,&quot;image_width&quot;:&quot;350&quot;,&quot;image_height&quot;:&quot;350&quot;,&quot;image_fit&quot;:&quot;cover&quot;},{&quot;lat&quot;:&quot;44.781167&quot;,&quot;lng&quot;:&quot;6.559737&quot;,&quot;title&quot;:&quot;BFK&quot;,&quot;excerpt&quot;:&quot;&quot;,&quot;permalink&quot;:&quot;https:\\\/\\\/www.paysdesecrins.com\\\/en\\\/fiche\\\/bfk-3\\\/&quot;,&quot;type&quot;:&quot;fete_et_manifestation&quot;,&quot;commune&quot;:&quot;L&#039;Argenti\\u00e8re-la-Bess\\u00e9e&quot;,&quot;type_commerce&quot;:&quot;&quot;,&quot;image&quot;:&quot;https:\\\/\\\/static.apidae-tourisme.com\\\/filestore\\\/objets-touristiques\\\/images\\\/248\\\/199\\\/4507640-diaporama.jpg&quot;,&quot;image_width&quot;:&quot;350&quot;,&quot;image_height&quot;:&quot;350&quot;,&quot;image_fit&quot;:&quot;cover&quot;}],&quot;center_lat&quot;:&quot;44.827898&quot;,&quot;center_lng&quot;:&quot;6.493564&quot;}<\/div><\/div><\/div><\/div><\/div>","protected":false},"excerpt":{"rendered":"","protected":false},"author":1,"featured_media":276994,"parent":45184,"menu_order":0,"comment_status":"closed","ping_status":"closed","template":"","meta":{"_thumbnail_id_2":276975,"summer_excerpt":"","season":"","station":"","footnotes":""},"class_list":["post-45121","page","type-page","status-publish","has-post-thumbnail","hentry"],"yoast_head":"<!-- This site is optimized with the Yoast SEO plugin v28.3 - https:\/\/yoast.com\/product\/yoast-seo-wordpress\/ -->\n<title>Major events in the land of jewels - Pays des \u00c9crins - Office de Tourisme<\/title>\n<meta name=\"robots\" content=\"index, follow, max-snippet:-1, max-image-preview:large, max-video-preview:-1\" \/>\n<link rel=\"canonical\" href=\"https:\/\/www.paysdesecrins.com\/en\/major-events-in-the-pays-des-ecrins\/entertainment-and-events\/major-events-in-the-land-of-jewels\/\" \/>\n<meta property=\"og:locale\" content=\"en_US\" \/>\n<meta property=\"og:type\" content=\"article\" \/>\n<meta property=\"og:title\" content=\"Major events in the land of jewels - Pays des \u00c9crins - Office de Tourisme\" \/>\n<meta property=\"og:url\" content=\"https:\/\/www.paysdesecrins.com\/en\/major-events-in-the-pays-des-ecrins\/entertainment-and-events\/major-events-in-the-land-of-jewels\/\" \/>\n<meta property=\"og:site_name\" content=\"Pays des \u00c9crins - Office de Tourisme\" \/>\n<meta property=\"article:modified_time\" content=\"2025-07-29T15:23:22+00:00\" \/>\n<meta property=\"og:image\" content=\"https:\/\/www.paysdesecrins.com\/wp-content\/uploads\/2025\/07\/img-0299-1-scaled.jpg\" \/>\n\t<meta property=\"og:image:width\" content=\"1707\" \/>\n\t<meta property=\"og:image:height\" content=\"2560\" \/>\n\t<meta property=\"og:image:type\" content=\"image\/jpeg\" \/>\n<meta name=\"twitter:card\" content=\"summary_large_image\" \/>\n<script type=\"application\/ld+json\" class=\"yoast-schema-graph\">{\"@context\":\"https:\\\/\\\/schema.org\",\"@graph\":[{\"@type\":\"WebPage\",\"@id\":\"https:\\\/\\\/www.paysdesecrins.com\\\/en\\\/major-events-in-the-pays-des-ecrins\\\/entertainment-and-events\\\/major-events-in-the-land-of-jewels\\\/\",\"url\":\"https:\\\/\\\/www.paysdesecrins.com\\\/en\\\/major-events-in-the-pays-des-ecrins\\\/entertainment-and-events\\\/major-events-in-the-land-of-jewels\\\/\",\"name\":\"Major events in the land of jewels - Pays des \u00c9crins - Office de Tourisme\",\"isPartOf\":{\"@id\":\"https:\\\/\\\/www.paysdesecrins.com\\\/en\\\/#website\"},\"primaryImageOfPage\":{\"@id\":\"https:\\\/\\\/www.paysdesecrins.com\\\/en\\\/major-events-in-the-pays-des-ecrins\\\/entertainment-and-events\\\/major-events-in-the-land-of-jewels\\\/#primaryimage\"},\"image\":{\"@id\":\"https:\\\/\\\/www.paysdesecrins.com\\\/en\\\/major-events-in-the-pays-des-ecrins\\\/entertainment-and-events\\\/major-events-in-the-land-of-jewels\\\/#primaryimage\"},\"thumbnailUrl\":\"https:\\\/\\\/www.paysdesecrins.com\\\/wp-content\\\/uploads\\\/2026\\\/07\\\/dsc02735-scaled.jpg\",\"datePublished\":\"2025-07-01T14:24:10+00:00\",\"dateModified\":\"2025-07-29T15:23:22+00:00\",\"breadcrumb\":{\"@id\":\"https:\\\/\\\/www.paysdesecrins.com\\\/en\\\/major-events-in-the-pays-des-ecrins\\\/entertainment-and-events\\\/major-events-in-the-land-of-jewels\\\/#breadcrumb\"},\"inLanguage\":\"en-US\",\"potentialAction\":[{\"@type\":\"ReadAction\",\"target\":[\"https:\\\/\\\/www.paysdesecrins.com\\\/en\\\/major-events-in-the-pays-des-ecrins\\\/entertainment-and-events\\\/major-events-in-the-land-of-jewels\\\/\"]}]},{\"@type\":\"ImageObject\",\"inLanguage\":\"en-US\",\"@id\":\"https:\\\/\\\/www.paysdesecrins.com\\\/en\\\/major-events-in-the-pays-des-ecrins\\\/entertainment-and-events\\\/major-events-in-the-land-of-jewels\\\/#primaryimage\",\"url\":\"https:\\\/\\\/www.paysdesecrins.com\\\/wp-content\\\/uploads\\\/2026\\\/07\\\/dsc02735-scaled.jpg\",\"contentUrl\":\"https:\\\/\\\/www.paysdesecrins.com\\\/wp-content\\\/uploads\\\/2026\\\/07\\\/dsc02735-scaled.jpg\",\"width\":2560,\"height\":1707},{\"@type\":\"BreadcrumbList\",\"@id\":\"https:\\\/\\\/www.paysdesecrins.com\\\/en\\\/major-events-in-the-pays-des-ecrins\\\/entertainment-and-events\\\/major-events-in-the-land-of-jewels\\\/#breadcrumb\",\"itemListElement\":[{\"@type\":\"ListItem\",\"position\":1,\"name\":\"Home\",\"item\":\"https:\\\/\\\/www.paysdesecrins.com\\\/en\\\/the-title-of-the-home\\\/\"},{\"@type\":\"ListItem\",\"position\":2,\"name\":\"Major events in the Pays des Ecrins\",\"item\":\"https:\\\/\\\/www.paysdesecrins.com\\\/en\\\/major-events-in-the-pays-des-ecrins\\\/\"},{\"@type\":\"ListItem\",\"position\":3,\"name\":\"Entertainment and events\",\"item\":\"https:\\\/\\\/www.paysdesecrins.com\\\/en\\\/major-events-in-the-pays-des-ecrins\\\/entertainment-and-events\\\/\"},{\"@type\":\"ListItem\",\"position\":4,\"name\":\"Major events in the land of jewels\"}]},{\"@type\":\"WebSite\",\"@id\":\"https:\\\/\\\/www.paysdesecrins.com\\\/en\\\/#website\",\"url\":\"https:\\\/\\\/www.paysdesecrins.com\\\/en\\\/\",\"name\":\"Pays des \u00c9crins - Office de Tourisme\",\"description\":\"L&#039;esprit montagne\",\"publisher\":{\"@id\":\"https:\\\/\\\/www.paysdesecrins.com\\\/en\\\/#organization\"},\"potentialAction\":[{\"@type\":\"SearchAction\",\"target\":{\"@type\":\"EntryPoint\",\"urlTemplate\":\"https:\\\/\\\/www.paysdesecrins.com\\\/en\\\/?s={search_term_string}\"},\"query-input\":{\"@type\":\"PropertyValueSpecification\",\"valueRequired\":true,\"valueName\":\"search_term_string\"}}],\"inLanguage\":\"en-US\"},{\"@type\":\"Organization\",\"@id\":\"https:\\\/\\\/www.paysdesecrins.com\\\/en\\\/#organization\",\"name\":\"Pays des \u00c9crins - Office de Tourisme\",\"url\":\"https:\\\/\\\/www.paysdesecrins.com\\\/en\\\/\",\"logo\":{\"@type\":\"ImageObject\",\"inLanguage\":\"en-US\",\"@id\":\"https:\\\/\\\/www.paysdesecrins.com\\\/en\\\/#\\\/schema\\\/logo\\\/image\\\/\",\"url\":\"https:\\\/\\\/www.paysdesecrins.com\\\/wp-content\\\/uploads\\\/2025\\\/06\\\/devina-svg-1750845694.svg\",\"contentUrl\":\"https:\\\/\\\/www.paysdesecrins.com\\\/wp-content\\\/uploads\\\/2025\\\/06\\\/devina-svg-1750845694.svg\",\"caption\":\"Pays des \u00c9crins - Office de Tourisme\"},\"image\":{\"@id\":\"https:\\\/\\\/www.paysdesecrins.com\\\/en\\\/#\\\/schema\\\/logo\\\/image\\\/\"}}]}<\/script>\n<!-- \/ Yoast SEO plugin. -->","yoast_head_json":{"title":"Major events in the land of jewels - Pays des \u00c9crins - Office de Tourisme","robots":{"index":"index","follow":"follow","max-snippet":"max-snippet:-1","max-image-preview":"max-image-preview:large","max-video-preview":"max-video-preview:-1"},"canonical":"https:\/\/www.paysdesecrins.com\/en\/major-events-in-the-pays-des-ecrins\/entertainment-and-events\/major-events-in-the-land-of-jewels\/","og_locale":"en_US","og_type":"article","og_title":"Major events in the land of jewels - Pays des \u00c9crins - Office de Tourisme","og_url":"https:\/\/www.paysdesecrins.com\/en\/major-events-in-the-pays-des-ecrins\/entertainment-and-events\/major-events-in-the-land-of-jewels\/","og_site_name":"Pays des \u00c9crins - Office de Tourisme","article_modified_time":"2025-07-29T15:23:22+00:00","og_image":[{"width":1707,"height":2560,"url":"https:\/\/www.paysdesecrins.com\/wp-content\/uploads\/2025\/07\/img-0299-1-scaled.jpg","type":"image\/jpeg"}],"twitter_card":"summary_large_image","schema":{"@context":"https:\/\/schema.org","@graph":[{"@type":"WebPage","@id":"https:\/\/www.paysdesecrins.com\/en\/major-events-in-the-pays-des-ecrins\/entertainment-and-events\/major-events-in-the-land-of-jewels\/","url":"https:\/\/www.paysdesecrins.com\/en\/major-events-in-the-pays-des-ecrins\/entertainment-and-events\/major-events-in-the-land-of-jewels\/","name":"Major events in the land of jewels - Pays des \u00c9crins - Office de Tourisme","isPartOf":{"@id":"https:\/\/www.paysdesecrins.com\/en\/#website"},"primaryImageOfPage":{"@id":"https:\/\/www.paysdesecrins.com\/en\/major-events-in-the-pays-des-ecrins\/entertainment-and-events\/major-events-in-the-land-of-jewels\/#primaryimage"},"image":{"@id":"https:\/\/www.paysdesecrins.com\/en\/major-events-in-the-pays-des-ecrins\/entertainment-and-events\/major-events-in-the-land-of-jewels\/#primaryimage"},"thumbnailUrl":"https:\/\/www.paysdesecrins.com\/wp-content\/uploads\/2026\/07\/dsc02735-scaled.jpg","datePublished":"2025-07-01T14:24:10+00:00","dateModified":"2025-07-29T15:23:22+00:00","breadcrumb":{"@id":"https:\/\/www.paysdesecrins.com\/en\/major-events-in-the-pays-des-ecrins\/entertainment-and-events\/major-events-in-the-land-of-jewels\/#breadcrumb"},"inLanguage":"en-US","potentialAction":[{"@type":"ReadAction","target":["https:\/\/www.paysdesecrins.com\/en\/major-events-in-the-pays-des-ecrins\/entertainment-and-events\/major-events-in-the-land-of-jewels\/"]}]},{"@type":"ImageObject","inLanguage":"en-US","@id":"https:\/\/www.paysdesecrins.com\/en\/major-events-in-the-pays-des-ecrins\/entertainment-and-events\/major-events-in-the-land-of-jewels\/#primaryimage","url":"https:\/\/www.paysdesecrins.com\/wp-content\/uploads\/2026\/07\/dsc02735-scaled.jpg","contentUrl":"https:\/\/www.paysdesecrins.com\/wp-content\/uploads\/2026\/07\/dsc02735-scaled.jpg","width":2560,"height":1707},{"@type":"BreadcrumbList","@id":"https:\/\/www.paysdesecrins.com\/en\/major-events-in-the-pays-des-ecrins\/entertainment-and-events\/major-events-in-the-land-of-jewels\/#breadcrumb","itemListElement":[{"@type":"ListItem","position":1,"name":"Home","item":"https:\/\/www.paysdesecrins.com\/en\/the-title-of-the-home\/"},{"@type":"ListItem","position":2,"name":"Major events in the Pays des Ecrins","item":"https:\/\/www.paysdesecrins.com\/en\/major-events-in-the-pays-des-ecrins\/"},{"@type":"ListItem","position":3,"name":"Entertainment and events","item":"https:\/\/www.paysdesecrins.com\/en\/major-events-in-the-pays-des-ecrins\/entertainment-and-events\/"},{"@type":"ListItem","position":4,"name":"Major events in the land of jewels"}]},{"@type":"WebSite","@id":"https:\/\/www.paysdesecrins.com\/en\/#website","url":"https:\/\/www.paysdesecrins.com\/en\/","name":"Pays des \u00c9crins - Office de Tourisme","description":"L&#039;esprit montagne","publisher":{"@id":"https:\/\/www.paysdesecrins.com\/en\/#organization"},"potentialAction":[{"@type":"SearchAction","target":{"@type":"EntryPoint","urlTemplate":"https:\/\/www.paysdesecrins.com\/en\/?s={search_term_string}"},"query-input":{"@type":"PropertyValueSpecification","valueRequired":true,"valueName":"search_term_string"}}],"inLanguage":"en-US"},{"@type":"Organization","@id":"https:\/\/www.paysdesecrins.com\/en\/#organization","name":"Pays des \u00c9crins - Office de Tourisme","url":"https:\/\/www.paysdesecrins.com\/en\/","logo":{"@type":"ImageObject","inLanguage":"en-US","@id":"https:\/\/www.paysdesecrins.com\/en\/#\/schema\/logo\/image\/","url":"https:\/\/www.paysdesecrins.com\/wp-content\/uploads\/2025\/06\/devina-svg-1750845694.svg","contentUrl":"https:\/\/www.paysdesecrins.com\/wp-content\/uploads\/2025\/06\/devina-svg-1750845694.svg","caption":"Pays des \u00c9crins - Office de Tourisme"},"image":{"@id":"https:\/\/www.paysdesecrins.com\/en\/#\/schema\/logo\/image\/"}}]}},"_links":{"self":[{"href":"https:\/\/www.paysdesecrins.com\/en\/wp-json\/wp\/v2\/pages\/45121","targetHints":{"allow":["GET"]}}],"collection":[{"href":"https:\/\/www.paysdesecrins.com\/en\/wp-json\/wp\/v2\/pages"}],"about":[{"href":"https:\/\/www.paysdesecrins.com\/en\/wp-json\/wp\/v2\/types\/page"}],"author":[{"embeddable":true,"href":"https:\/\/www.paysdesecrins.com\/en\/wp-json\/wp\/v2\/users\/1"}],"replies":[{"embeddable":true,"href":"https:\/\/www.paysdesecrins.com\/en\/wp-json\/wp\/v2\/comments?post=45121"}],"version-history":[{"count":0,"href":"https:\/\/www.paysdesecrins.com\/en\/wp-json\/wp\/v2\/pages\/45121\/revisions"}],"up":[{"embeddable":true,"href":"https:\/\/www.paysdesecrins.com\/en\/wp-json\/wp\/v2\/pages\/45184"}],"wp:featuredmedia":[{"embeddable":true,"href":"https:\/\/www.paysdesecrins.com\/en\/wp-json\/wp\/v2\/media\/276994"}],"wp:attachment":[{"href":"https:\/\/www.paysdesecrins.com\/en\/wp-json\/wp\/v2\/media?parent=45121"}],"curies":[{"name":"wp","href":"https:\/\/api.w.org\/{rel}","templated":true}]}}