{"id":45147,"date":"2025-07-24T11:40:41","date_gmt":"2025-07-24T09:40:41","guid":{"rendered":"https:\/\/www.paysdesecrins.com\/events-in-the-pays-des-ecrins\/"},"modified":"2025-08-14T09:38:04","modified_gmt":"2025-08-14T07:38:04","slug":"events-in-the-pays-des-ecrins","status":"publish","type":"page","link":"https:\/\/www.paysdesecrins.com\/en\/major-events-in-the-pays-des-ecrins\/entertainment-and-events\/events-in-the-pays-des-ecrins\/","title":{"rendered":"Activities in the Pays des \u00c9crins"},"content":{"rendered":"    <div class=\"alignfull wp-block-ws-library-ws-header-interne\" data-season=\"summer\">\n\t    <div class=\"header-container\">\n\t        <div class=\"group-media has-image\">\n\t            \t                <img loading=\"lazy\" decoding=\"async\" width=\"1920\" height=\"800\" src=\"https:\/\/www.paysdesecrins.com\/wp-content\/uploads\/2025\/07\/07-29-24-musique-en-ecrins-47-1920x800.jpg\" alt=\"\" class=\"image_large_square wp-image-31351\" \/>\n\t            \t        <\/div>\n\t        <div class=\"group-content\">\n\t            <div class=\"title\">\n\t                <h1>\n\t                    EVENTS IN THE PAYS DES \u00c9CRINS\t                    \t                <\/h1>\n\t            <\/div>\n\t        <\/div>\n\t    <\/div>\n\t    \n<div class=\"yoast-breadcrumbs\"><span><span><a href=\"https:\/\/www.paysdesecrins.com\/en\/the-title-of-the-home\/\">Home<\/a><\/span>  <span><a href=\"https:\/\/www.paysdesecrins.com\/en\/major-events-in-the-pays-des-ecrins\/\">Major events in the Pays des Ecrins<\/a><\/span>  <span><a href=\"https:\/\/www.paysdesecrins.com\/en\/major-events-in-the-pays-des-ecrins\/entertainment-and-events\/\">Entertainment and events<\/a><\/span>  <span class=\"breadcrumb_last\" aria-current=\"page\">Activities in the Pays des \u00c9crins<\/span><\/span><\/div>\n    <\/div>\n        <div class=\"alignfull wp-block-ws-library-ws-header-interne\" data-season=\"winter\">\n\t    <div class=\"header-container\">\n\t        <div class=\"group-media has-image\">\n\t            \t                <img loading=\"lazy\" decoding=\"async\" width=\"1920\" height=\"800\" src=\"https:\/\/www.paysdesecrins.com\/wp-content\/uploads\/2025\/07\/img-3985-1920x800.jpg\" alt=\"\" class=\"image_large_square wp-image-31401\" \/>\n\t            \t        <\/div>\n\t        <div class=\"group-content\">\n\t            <div class=\"title\">\n\t                <h1>\n\t                    EVENTS IN THE PAYS DES \u00c9CRINS\t                    \t                <\/h1>\n\t            <\/div>\n\t        <\/div>\n\t    <\/div>\n\t    \n<div class=\"yoast-breadcrumbs\"><span><span><a href=\"https:\/\/www.paysdesecrins.com\/en\/the-title-of-the-home\/\">Home<\/a><\/span>  <span><a href=\"https:\/\/www.paysdesecrins.com\/en\/major-events-in-the-pays-des-ecrins\/\">Major events in the Pays des Ecrins<\/a><\/span>  <span><a href=\"https:\/\/www.paysdesecrins.com\/en\/major-events-in-the-pays-des-ecrins\/entertainment-and-events\/\">Entertainment and events<\/a><\/span>  <span class=\"breadcrumb_last\" aria-current=\"page\">Activities in the Pays des \u00c9crins<\/span><\/span><\/div>\n    <\/div>\n    \n<div class=\"wp-block-ws-library-ws-title aligncenter\"><h2><em>Get<\/em> your fill of entertainment!<\/h2><\/div>\n<div id=\"listing_287b5\" data-observer-wishlist data-attributes='listing-agenda {\"selectedSelectionIds\":[\"188327\"],\"selectedFacets\":[\"commune\",\"dates\"],\"isPaginated\":true,\"perPage\":30,\"isPortrait\":false,\"isImageContain\":false,\"showCommune\":true,\"showDescription\":false,\"showImage\":true,\"defaultImage\":\"https:\\\/\\\/www.paysdesecrins.com\\\/wp-content\\\/uploads\\\/2025\\\/06\\\/cropped-paysdesecrins.png\",\"showType\":false,\"columnsCount\":\"2-3-3\",\"showActiveFacets\":false,\"isLimited\":false,\"showDateSearch\":false,\"showMap\":false,\"showGeolocalisation\":false,\"durationFilterEnabled\":false,\"durationFilterMode\":\"all\",\"durationThreshold\":30,\"season\":\"\",\"align\":\"wide\"}' class=\"ws-listing wp-block-ws-apidae-library-listing-agenda alignwide\" data-map-id=\"map_287b5\" data-locations-id=\"locations-data_287b5\"><div class=\"panel-fixe panel-facets\"><div class=\"panel-overlay toggle-facets\"><\/div><div class=\"panel-inner\"><div class=\"panel-header\"><div class=\"panel-title\">Filters<\/div><a href=\"#\" class=\"panel-close toggle-facets\">Close<\/a><\/div><div class=\"panel-content\"><div class=\"group-summary\"><div class=\"facetwp-selections\"><\/div><a href=\"#\" class=\"link-reset\">Delete<\/a><\/div><div class=\"facetwp-facet facetwp-facet-commune facetwp-type-checkboxes\" data-name=\"commune\" data-type=\"checkboxes\"><\/div><div class=\"facetwp-facet facetwp-facet-dates facetwp-type-date_range\" data-name=\"dates\" data-type=\"date_range\"><\/div><\/div><div class=\"panel-footer\"><div class=\"facet-buttons\"><button type=\"submit\" class=\"btn btn-1 toggle-facets facetwp-count-btn\">See all <span class=\"results-count\"><\/span> results<\/button><\/div><\/div><\/div><\/div><div class=\"listing-header\"><div class=\"toggle-container\"><button class=\"btn toggle-btn toggle-facets\" data-target=\"facets\">Filters<\/button><\/div><\/div><div class=\"facetwp-template\"><div class=\"list-container active\"><div class=\"list-items\"><div class=\"item\" data-season=\"all-seasons\"><div class=\"card card-apidae card-agenda\"><div class=\"group-actions\"><ws-wishlist data-type=\"flag\" data-action=\"add\" data-wish-id=\"6202480\" data-wish-type=\"apidae\"><\/ws-wishlist><\/div><div class=\"group-media\"><div class=\"field-image\"><img decoding=\"async\" src=\"https:\/\/images.weserv.nl\/?url=https:\/\/static.apidae-tourisme.com\/filestore\/objets-touristiques\/images\/208\/70\/13846224-diaporama.jpg&#038;w=350&#038;h=350&#038;fit=cover&#038;output=webp&#038;q=45\" alt=\"Parcours num\u00e9rique en r\u00e9alit\u00e9 augment\u00e9e : Le myst\u00e8re de l\u2019\u00e9glise des Vigneaux\"\/><\/div><\/div><div class=\"group-top\"><div class=\"field-commune\">Les Vigneaux<\/div><ws-apidae-from-price data-apidae-id=\"6202480\" ><\/ws-apidae-from-price><div class=\"group-dates\" role=\"group\" aria-label=\"Event dates\"><div class=\"field-dates ws-apidae-date-coming\" role=\"group\" aria-label=\"Opening date\"><time datetime=\"2026-09-05\" lang=\"en\">On <span class=\"day\">05<\/span><span class=\"month\"> sep.<\/span><\/time><\/div><div class=\"field-moredates ws-apidae-moredates\" role=\"group\" aria-label=\"Upcoming dates\"><div class=\"moredates\"><div class=\"inner-wrapper\"><span class=\"moredates-label\">Upcoming dates :<\/span><ul class=\"moredates-list\"><li><time datetime=\"2026-09-06\" lang=\"en\">On <span class=\"day\">06<\/span><span class=\"month\"> september<\/span><\/time><\/li><li><time datetime=\"2026-09-07\" lang=\"en\">On <span class=\"day\">07<\/span><span class=\"month\"> september<\/span><\/time><\/li><li><time datetime=\"2026-09-08\" lang=\"en\">On <span class=\"day\">08<\/span><span class=\"month\"> september<\/span><\/time><\/li><li><time datetime=\"2026-09-09\" lang=\"en\">On <span class=\"day\">09<\/span><span class=\"month\"> september<\/span><\/time><\/li><li class=\"moredates-more\">and other dates\u2026<\/li><\/ul><\/div><\/div><\/div><\/div><\/div><div class=\"group-content\"><div class=\"field-title\">Parcours num\u00e9rique en r\u00e9alit\u00e9 augment\u00e9e : Le myst\u00e8re de l\u2019\u00e9glise des Vigneaux<\/div><\/div><div class=\"field-link\" role=\"group\" aria-label=\"Lien vers le contenu\"><a href=\"https:\/\/www.paysdesecrins.com\/en\/fiche\/parcours-numerique-en-realite-augmentee-le-mystere-de-leglise-des-vigneaux-3\/\" class=\"cardlink\" title=\"Lire plus : Parcours num\u00e9rique en r\u00e9alit\u00e9 augment\u00e9e : Le myst\u00e8re de l\u2019\u00e9glise des Vigneaux\" lang=\"en_US\">Parcours num\u00e9rique en r\u00e9alit\u00e9 augment\u00e9e : Le myst\u00e8re de l\u2019\u00e9glise des Vigneaux<\/a><\/div><\/div><\/div><div class=\"item\" data-season=\"all-seasons\"><div class=\"card card-apidae card-agenda\"><div class=\"group-actions\"><ws-wishlist data-type=\"flag\" data-action=\"add\" data-wish-id=\"6202530\" data-wish-type=\"apidae\"><\/ws-wishlist><\/div><div class=\"group-media\"><div class=\"field-image\"><img decoding=\"async\" src=\"https:\/\/images.weserv.nl\/?url=https:\/\/static.apidae-tourisme.com\/filestore\/objets-touristiques\/images\/221\/195\/13616093-diaporama.jpg&#038;w=350&#038;h=350&#038;fit=cover&#038;output=webp&#038;q=45\" alt=\"Parcours en r\u00e9alit\u00e9 augment\u00e9e :  Tomber de &#8220;eau&#8221;, championnat du monde de descente de conduites forc\u00e9es\"\/><\/div><\/div><div class=\"group-top\"><div class=\"field-commune\">L&#039;Argenti\u00e8re-la-Bess\u00e9e<\/div><ws-apidae-from-price data-apidae-id=\"6202530\" ><\/ws-apidae-from-price><div class=\"group-dates\" role=\"group\" aria-label=\"Event dates\"><div class=\"field-dates ws-apidae-date-coming\" role=\"group\" aria-label=\"Opening date\"><time datetime=\"2026-09-05\" lang=\"en\">On <span class=\"day\">05<\/span><span class=\"month\"> sep.<\/span><\/time><\/div><div class=\"field-moredates ws-apidae-moredates\" role=\"group\" aria-label=\"Upcoming dates\"><div class=\"moredates\"><div class=\"inner-wrapper\"><span class=\"moredates-label\">Upcoming dates :<\/span><ul class=\"moredates-list\"><li><time datetime=\"2026-09-06\" lang=\"en\">On <span class=\"day\">06<\/span><span class=\"month\"> september<\/span><\/time><\/li><li><time datetime=\"2026-09-07\" lang=\"en\">On <span class=\"day\">07<\/span><span class=\"month\"> september<\/span><\/time><\/li><li><time datetime=\"2026-09-08\" lang=\"en\">On <span class=\"day\">08<\/span><span class=\"month\"> september<\/span><\/time><\/li><li><time datetime=\"2026-09-09\" lang=\"en\">On <span class=\"day\">09<\/span><span class=\"month\"> september<\/span><\/time><\/li><li class=\"moredates-more\">and other dates\u2026<\/li><\/ul><\/div><\/div><\/div><\/div><\/div><div class=\"group-content\"><div class=\"field-title\">Parcours en r\u00e9alit\u00e9 augment\u00e9e :  Tomber de &#8220;eau&#8221;, championnat du monde de descente de conduites forc\u00e9es<\/div><\/div><div class=\"field-link\" role=\"group\" aria-label=\"Lien vers le contenu\"><a href=\"https:\/\/www.paysdesecrins.com\/en\/fiche\/parcours-en-realite-augmentee-tomber-de-eau-championnat-du-monde-de-descente-de-conduites-forcees-3\/\" class=\"cardlink\" title=\"Lire plus : Parcours en r\u00e9alit\u00e9 augment\u00e9e :  Tomber de &#8220;eau&#8221;, championnat du monde de descente de conduites forc\u00e9es\" lang=\"en_US\">Parcours en r\u00e9alit\u00e9 augment\u00e9e :  Tomber de &#8220;eau&#8221;, championnat du monde de descente de conduites forc\u00e9es<\/a><\/div><\/div><\/div><div class=\"item\" data-season=\"all-seasons\"><div class=\"card card-apidae card-agenda\"><div class=\"group-actions\"><ws-wishlist data-type=\"flag\" data-action=\"add\" data-wish-id=\"6964212\" data-wish-type=\"apidae\"><\/ws-wishlist><\/div><div class=\"group-media\"><div class=\"field-image\"><img decoding=\"async\" src=\"https:\/\/images.weserv.nl\/?url=https:\/\/static.apidae-tourisme.com\/filestore\/objets-touristiques\/images\/51\/210\/23319091-diaporama.jpg&#038;w=350&#038;h=350&#038;fit=cover&#038;output=webp&#038;q=45\" alt=\"Nouveau parcours ludique &#8220;Histoire de l&#8217;alpinisme&#8221;\"\/><\/div><\/div><div class=\"group-top\"><div class=\"field-commune\">Vallouise-Pelvoux<\/div><ws-apidae-from-price data-apidae-id=\"6964212\" ><\/ws-apidae-from-price><div class=\"group-dates\" role=\"group\" aria-label=\"Event dates\"><div class=\"field-dates ws-apidae-date-coming\" role=\"group\" aria-label=\"Opening date\"><time datetime=\"2026-09-05\" lang=\"en\">On <span class=\"day\">05<\/span><span class=\"month\"> sep.<\/span><\/time><\/div><div class=\"field-moredates ws-apidae-moredates\" role=\"group\" aria-label=\"Upcoming dates\"><div class=\"moredates\"><div class=\"inner-wrapper\"><span class=\"moredates-label\">Upcoming dates :<\/span><ul class=\"moredates-list\"><li><time datetime=\"2026-09-06\" lang=\"en\">On <span class=\"day\">06<\/span><span class=\"month\"> september<\/span><\/time><\/li><li><time datetime=\"2026-09-07\" lang=\"en\">On <span class=\"day\">07<\/span><span class=\"month\"> september<\/span><\/time><\/li><li><time datetime=\"2026-09-08\" lang=\"en\">On <span class=\"day\">08<\/span><span class=\"month\"> september<\/span><\/time><\/li><li><time datetime=\"2026-09-09\" lang=\"en\">On <span class=\"day\">09<\/span><span class=\"month\"> september<\/span><\/time><\/li><li class=\"moredates-more\">and other dates\u2026<\/li><\/ul><\/div><\/div><\/div><\/div><\/div><div class=\"group-content\"><div class=\"field-title\">Nouveau parcours ludique &#8220;Histoire de l&#8217;alpinisme&#8221;<\/div><\/div><div class=\"field-link\" role=\"group\" aria-label=\"Lien vers le contenu\"><a href=\"https:\/\/www.paysdesecrins.com\/en\/fiche\/nouveau-parcours-ludique-histoire-de-lalpinisme-3\/\" class=\"cardlink\" title=\"Lire plus : Nouveau parcours ludique &#8220;Histoire de l&#8217;alpinisme&#8221;\" lang=\"en_US\">Nouveau parcours ludique &#8220;Histoire de l&#8217;alpinisme&#8221;<\/a><\/div><\/div><\/div><div class=\"item\" data-season=\"all-seasons\"><div class=\"card card-apidae card-agenda\"><div class=\"group-actions\"><ws-wishlist data-type=\"flag\" data-action=\"add\" data-wish-id=\"7827280\" data-wish-type=\"apidae\"><\/ws-wishlist><\/div><div class=\"group-media\"><div class=\"field-image\"><img decoding=\"async\" src=\"https:\/\/images.weserv.nl\/?url=https:\/\/static.apidae-tourisme.com\/filestore\/objets-touristiques\/images\/227\/94\/41377507-diaporama.jpg&#038;w=350&#038;h=350&#038;fit=cover&#038;output=webp&#038;q=45\" alt=\"Arboretum &#8211; De l&#8217;arbre au bois\"\/><\/div><\/div><div class=\"group-top\"><div class=\"field-commune\">Freissini\u00e8res<\/div><ws-apidae-from-price data-apidae-id=\"7827280\" ><\/ws-apidae-from-price><div class=\"group-dates\"><div class=\"field-dates\">From <span class=\"day\">25<\/span><span class=\"month\"> may<\/span> at <span class=\"hour\">7h<\/span> to <span class=\"day\">30<\/span><span class=\"month\"> nov.<\/span> at <span class=\"hour\">21h<\/span><\/div><\/div><\/div><div class=\"group-content\"><div class=\"field-title\">Arboretum &#8211; De l&#8217;arbre au bois<\/div><\/div><div class=\"field-link\" role=\"group\" aria-label=\"Lien vers le contenu\"><a href=\"https:\/\/www.paysdesecrins.com\/en\/fiche\/arboretum-de-larbre-au-bois-3\/\" class=\"cardlink\" title=\"Lire plus : Arboretum &#8211; De l&#8217;arbre au bois\" lang=\"en_US\">Arboretum &#8211; De l&#8217;arbre au bois<\/a><\/div><\/div><\/div><div class=\"item\" data-season=\"all-seasons\"><div class=\"card card-apidae card-agenda\"><div class=\"group-actions\"><ws-wishlist data-type=\"flag\" data-action=\"add\" data-wish-id=\"7846363\" data-wish-type=\"apidae\"><\/ws-wishlist><\/div><div class=\"group-media\"><div class=\"field-image\"><img decoding=\"async\" src=\"https:\/\/images.weserv.nl\/?url=https:\/\/static.apidae-tourisme.com\/filestore\/objets-touristiques\/images\/207\/129\/41583055-diaporama.jpg&#038;w=350&#038;h=350&#038;fit=cover&#038;output=webp&#038;q=45\" alt=\"Alpvengers Rando\"\/><\/div><\/div><div class=\"group-top\"><div class=\"field-commune\">Vallouise-Pelvoux<\/div><ws-apidae-from-price data-apidae-id=\"7846363\" ><\/ws-apidae-from-price><div class=\"group-dates\"><div class=\"field-dates\">From <span class=\"day\">12<\/span><span class=\"month\"> jun.<\/span> to <span class=\"day\">15<\/span><span class=\"month\"> oct.<\/span><\/div><\/div><\/div><div class=\"group-content\"><div class=\"field-title\">Alpvengers Rando<\/div><\/div><div class=\"field-link\" role=\"group\" aria-label=\"Lien vers le contenu\"><a href=\"https:\/\/www.paysdesecrins.com\/en\/fiche\/alpvengers-rando-3\/\" class=\"cardlink\" title=\"Lire plus : Alpvengers Rando\" lang=\"en_US\">Alpvengers Rando<\/a><\/div><\/div><\/div><div class=\"item\" data-season=\"all-seasons\"><div class=\"card card-apidae card-agenda\"><div class=\"group-actions\"><ws-wishlist data-type=\"flag\" data-action=\"add\" data-wish-id=\"7846577\" data-wish-type=\"apidae\"><\/ws-wishlist><\/div><div class=\"group-media\"><div class=\"field-image\"><img decoding=\"async\" src=\"https:\/\/images.weserv.nl\/?url=https:\/\/www.paysdesecrins.com\/wp-content\/uploads\/2025\/06\/cropped-paysdesecrins.png&#038;w=350&#038;h=350&#038;fit=cover&#038;output=webp&#038;q=45\" alt=\"Alpvengers Trail\"\/><\/div><\/div><div class=\"group-top\"><div class=\"field-commune\">Vallouise-Pelvoux<\/div><ws-apidae-from-price data-apidae-id=\"7846577\" ><\/ws-apidae-from-price><div class=\"group-dates\"><div class=\"field-dates\">From <span class=\"day\">30<\/span><span class=\"month\"> may<\/span> to <span class=\"day\">15<\/span><span class=\"month\"> oct.<\/span><\/div><\/div><\/div><div class=\"group-content\"><div class=\"field-title\">Alpvengers Trail<\/div><\/div><div class=\"field-link\" role=\"group\" aria-label=\"Lien vers le contenu\"><a href=\"https:\/\/www.paysdesecrins.com\/en\/fiche\/alpvengers-trail-3\/\" class=\"cardlink\" title=\"Lire plus : Alpvengers Trail\" lang=\"en_US\">Alpvengers Trail<\/a><\/div><\/div><\/div><div class=\"item\" data-season=\"all-seasons\"><div class=\"card card-apidae card-agenda\"><div class=\"group-actions\"><ws-wishlist data-type=\"flag\" data-action=\"add\" data-wish-id=\"7846734\" data-wish-type=\"apidae\"><\/ws-wishlist><\/div><div class=\"group-media\"><div class=\"field-image\"><img decoding=\"async\" src=\"https:\/\/images.weserv.nl\/?url=https:\/\/static.apidae-tourisme.com\/filestore\/objets-touristiques\/images\/81\/129\/41582929-diaporama.jpg&#038;w=350&#038;h=350&#038;fit=cover&#038;output=webp&#038;q=45\" alt=\"Alpvengers VTT\/VAE\"\/><\/div><\/div><div class=\"group-top\"><div class=\"field-commune\">Vallouise-Pelvoux<\/div><ws-apidae-from-price data-apidae-id=\"7846734\" ><\/ws-apidae-from-price><div class=\"group-dates\"><div class=\"field-dates\">From <span class=\"day\">23<\/span><span class=\"month\"> may<\/span> to <span class=\"day\">15<\/span><span class=\"month\"> oct.<\/span><\/div><\/div><\/div><div class=\"group-content\"><div class=\"field-title\">Alpvengers VTT\/VAE<\/div><\/div><div class=\"field-link\" role=\"group\" aria-label=\"Lien vers le contenu\"><a href=\"https:\/\/www.paysdesecrins.com\/en\/fiche\/alpvengers-vtt-vae-3\/\" class=\"cardlink\" title=\"Lire plus : Alpvengers VTT\/VAE\" lang=\"en_US\">Alpvengers VTT\/VAE<\/a><\/div><\/div><\/div><div class=\"item\" data-season=\"all-seasons\"><div class=\"card card-apidae card-agenda\"><div class=\"group-actions\"><ws-wishlist data-type=\"flag\" data-action=\"add\" data-wish-id=\"7119624\" data-wish-type=\"apidae\"><\/ws-wishlist><\/div><div class=\"group-media\"><div class=\"field-image\"><img decoding=\"async\" src=\"https:\/\/images.weserv.nl\/?url=https:\/\/static.apidae-tourisme.com\/filestore\/objets-touristiques\/images\/99\/232\/41609315-diaporama.jpg&#038;w=350&#038;h=350&#038;fit=cover&#038;output=webp&#038;q=45\" alt=\"Le sentier des Trolls\"\/><\/div><\/div><div class=\"group-top\"><div class=\"field-commune\">Puy-Saint-Vincent<\/div><ws-apidae-from-price data-apidae-id=\"7119624\" ><\/ws-apidae-from-price><div class=\"group-dates\"><div class=\"field-dates\">From <span class=\"day\">07<\/span><span class=\"month\"> may<\/span> to <span class=\"day\">30<\/span><span class=\"month\"> nov.<\/span><\/div><\/div><\/div><div class=\"group-content\"><div class=\"field-title\">Le sentier des Trolls<\/div><\/div><div class=\"field-link\" role=\"group\" aria-label=\"Lien vers le contenu\"><a href=\"https:\/\/www.paysdesecrins.com\/en\/fiche\/le-sentier-des-trolls-3\/\" class=\"cardlink\" title=\"Lire plus : Le sentier des Trolls\" lang=\"en_US\">Le sentier des Trolls<\/a><\/div><\/div><\/div><div class=\"item\" data-season=\"all-seasons\"><div class=\"card card-apidae card-agenda\"><div class=\"group-actions\"><ws-wishlist data-type=\"flag\" data-action=\"add\" data-wish-id=\"7123935\" data-wish-type=\"apidae\"><\/ws-wishlist><\/div><div class=\"group-media\"><div class=\"field-image\"><img decoding=\"async\" src=\"https:\/\/images.weserv.nl\/?url=https:\/\/static.apidae-tourisme.com\/filestore\/objets-touristiques\/images\/124\/169\/41134460-diaporama.jpg&#038;w=350&#038;h=350&#038;fit=cover&#038;output=webp&#038;q=45\" alt=\"Le sentier des lutins\"\/><\/div><\/div><div class=\"group-top\"><div class=\"field-commune\">Vallouise-Pelvoux<\/div><ws-apidae-from-price data-apidae-id=\"7123935\" ><\/ws-apidae-from-price><div class=\"group-dates\" role=\"group\" aria-label=\"Event dates\"><div class=\"field-dates ws-apidae-date-coming\" role=\"group\" aria-label=\"Opening date\"><time datetime=\"2026-09-05\" lang=\"en\">On <span class=\"day\">05<\/span><span class=\"month\"> sep.<\/span><\/time><\/div><div class=\"field-moredates ws-apidae-moredates\" role=\"group\" aria-label=\"Upcoming dates\"><div class=\"moredates\"><div class=\"inner-wrapper\"><span class=\"moredates-label\">Upcoming dates :<\/span><ul class=\"moredates-list\"><li><time datetime=\"2026-09-06\" lang=\"en\">On <span class=\"day\">06<\/span><span class=\"month\"> september<\/span><\/time><\/li><li><time datetime=\"2026-09-07\" lang=\"en\">On <span class=\"day\">07<\/span><span class=\"month\"> september<\/span><\/time><\/li><li><time datetime=\"2026-09-08\" lang=\"en\">On <span class=\"day\">08<\/span><span class=\"month\"> september<\/span><\/time><\/li><li><time datetime=\"2026-09-09\" lang=\"en\">On <span class=\"day\">09<\/span><span class=\"month\"> september<\/span><\/time><\/li><li class=\"moredates-more\">and other dates\u2026<\/li><\/ul><\/div><\/div><\/div><\/div><\/div><div class=\"group-content\"><div class=\"field-title\">Le sentier des lutins<\/div><\/div><div class=\"field-link\" role=\"group\" aria-label=\"Lien vers le contenu\"><a href=\"https:\/\/www.paysdesecrins.com\/en\/fiche\/le-sentier-des-lutins-3\/\" class=\"cardlink\" title=\"Lire plus : Le sentier des lutins\" lang=\"en_US\">Le sentier des lutins<\/a><\/div><\/div><\/div><div class=\"item\" data-season=\"all-seasons\"><div class=\"card card-apidae card-agenda\"><div class=\"group-actions\"><ws-wishlist data-type=\"flag\" data-action=\"add\" data-wish-id=\"7119575\" data-wish-type=\"apidae\"><\/ws-wishlist><\/div><div class=\"group-media\"><div class=\"field-image\"><img decoding=\"async\" src=\"https:\/\/images.weserv.nl\/?url=https:\/\/static.apidae-tourisme.com\/filestore\/objets-touristiques\/images\/225\/238\/32304865-diaporama.jpg&#038;w=350&#038;h=350&#038;fit=cover&#038;output=webp&#038;q=45\" alt=\"Le sentier des g\u00e9ants\"\/><\/div><\/div><div class=\"group-top\"><div class=\"field-commune\">Puy-Saint-Vincent<\/div><ws-apidae-from-price data-apidae-id=\"7119575\" ><\/ws-apidae-from-price><div class=\"group-dates\" role=\"group\" aria-label=\"Event dates\"><div class=\"field-dates ws-apidae-date-coming\" role=\"group\" aria-label=\"Opening date\"><time datetime=\"2026-09-05\" lang=\"en\">On <span class=\"day\">05<\/span><span class=\"month\"> sep.<\/span><\/time><\/div><div class=\"field-moredates ws-apidae-moredates\" role=\"group\" aria-label=\"Upcoming dates\"><div class=\"moredates\"><div class=\"inner-wrapper\"><span class=\"moredates-label\">Upcoming dates :<\/span><ul class=\"moredates-list\"><li><time datetime=\"2026-09-06\" lang=\"en\">On <span class=\"day\">06<\/span><span class=\"month\"> september<\/span><\/time><\/li><li><time datetime=\"2026-09-07\" lang=\"en\">On <span class=\"day\">07<\/span><span class=\"month\"> september<\/span><\/time><\/li><li><time datetime=\"2026-09-08\" lang=\"en\">On <span class=\"day\">08<\/span><span class=\"month\"> september<\/span><\/time><\/li><li><time datetime=\"2026-09-09\" lang=\"en\">On <span class=\"day\">09<\/span><span class=\"month\"> september<\/span><\/time><\/li><li class=\"moredates-more\">and other dates\u2026<\/li><\/ul><\/div><\/div><\/div><\/div><\/div><div class=\"group-content\"><div class=\"field-title\">Le sentier des g\u00e9ants<\/div><\/div><div class=\"field-link\" role=\"group\" aria-label=\"Lien vers le contenu\"><a href=\"https:\/\/www.paysdesecrins.com\/en\/fiche\/le-sentier-des-geants-3\/\" class=\"cardlink\" title=\"Lire plus : Le sentier des g\u00e9ants\" lang=\"en_US\">Le sentier des g\u00e9ants<\/a><\/div><\/div><\/div><div class=\"item\" data-season=\"all-seasons\"><div class=\"card card-apidae card-agenda\"><div class=\"group-actions\"><ws-wishlist data-type=\"flag\" data-action=\"add\" data-wish-id=\"7888448\" data-wish-type=\"apidae\"><\/ws-wishlist><\/div><div class=\"group-media\"><div class=\"field-image\"><img decoding=\"async\" src=\"https:\/\/images.weserv.nl\/?url=https:\/\/static.apidae-tourisme.com\/filestore\/objets-touristiques\/images\/223\/242\/41874143-diaporama.jpg&#038;w=350&#038;h=350&#038;fit=cover&#038;output=webp&#038;q=45\" alt=\"Exposition du pr\u00e9 de Mme Carle\"\/><\/div><\/div><div class=\"group-top\"><div class=\"field-commune\">Vallouise-Pelvoux<\/div><ws-apidae-from-price data-apidae-id=\"7888448\" ><\/ws-apidae-from-price><div class=\"group-dates\"><div class=\"field-dates\">From <span class=\"day\">24<\/span><span class=\"month\"> jun.<\/span> to <span class=\"day\">10<\/span><span class=\"month\"> sep.<\/span><\/div><\/div><\/div><div class=\"group-content\"><div class=\"field-title\">Exposition du pr\u00e9 de Mme Carle<\/div><\/div><div class=\"field-link\" role=\"group\" aria-label=\"Lien vers le contenu\"><a href=\"https:\/\/www.paysdesecrins.com\/en\/fiche\/exposition-du-pre-de-mme-carle-3\/\" class=\"cardlink\" title=\"Lire plus : Exposition du pr\u00e9 de Mme Carle\" lang=\"en_US\">Exposition du pr\u00e9 de Mme Carle<\/a><\/div><\/div><\/div><div class=\"item\" data-season=\"all-seasons\"><div class=\"card card-apidae card-agenda\"><div class=\"group-actions\"><ws-wishlist data-type=\"flag\" data-action=\"add\" data-wish-id=\"7888425\" data-wish-type=\"apidae\"><\/ws-wishlist><\/div><div class=\"group-media\"><div class=\"field-image\"><img decoding=\"async\" src=\"https:\/\/images.weserv.nl\/?url=https:\/\/static.apidae-tourisme.com\/filestore\/objets-touristiques\/images\/131\/242\/41874051-diaporama.jpg&#038;w=350&#038;h=350&#038;fit=cover&#038;output=webp&#038;q=45\" alt=\"Exposition : Les patrimoines de la Vallouise\"\/><\/div><\/div><div class=\"group-top\"><div class=\"field-commune\">Vallouise-Pelvoux<\/div><ws-apidae-from-price data-apidae-id=\"7888425\" ><\/ws-apidae-from-price><div class=\"group-dates\"><div class=\"field-dates\">From <span class=\"day\">01<\/span><span class=\"month\"> jan.<\/span> to <span class=\"day\">31<\/span><span class=\"month\"> dec.<\/span><\/div><\/div><\/div><div class=\"group-content\"><div class=\"field-title\">Exposition : Les patrimoines de la Vallouise<\/div><\/div><div class=\"field-link\" role=\"group\" aria-label=\"Lien vers le contenu\"><a href=\"https:\/\/www.paysdesecrins.com\/en\/fiche\/exposition-les-patrimoines-de-la-vallouise-3\/\" class=\"cardlink\" title=\"Lire plus : Exposition : Les patrimoines de la Vallouise\" lang=\"en_US\">Exposition : Les patrimoines de la Vallouise<\/a><\/div><\/div><\/div><div class=\"item\" data-season=\"all-seasons\"><div class=\"card card-apidae card-agenda\"><div class=\"group-actions\"><ws-wishlist data-type=\"flag\" data-action=\"add\" data-wish-id=\"7888426\" data-wish-type=\"apidae\"><\/ws-wishlist><\/div><div class=\"group-media\"><div class=\"field-image\"><img decoding=\"async\" src=\"https:\/\/images.weserv.nl\/?url=https:\/\/static.apidae-tourisme.com\/filestore\/objets-touristiques\/images\/135\/242\/41874055-diaporama.jpg&#038;w=350&#038;h=350&#038;fit=cover&#038;output=webp&#038;q=45\" alt=\"Exposition : &#8220;Lumi\u00e8res en Ecrins&#8221;\"\/><\/div><\/div><div class=\"group-top\"><div class=\"field-commune\">Vallouise-Pelvoux<\/div><ws-apidae-from-price data-apidae-id=\"7888426\" ><\/ws-apidae-from-price><div class=\"group-dates\"><div class=\"field-dates\">From <span class=\"day\">01<\/span><span class=\"month\"> nov.<\/span> to <span class=\"day\">30<\/span><span class=\"month\"> sep.<\/span><\/div><\/div><\/div><div class=\"group-content\"><div class=\"field-title\">Exposition : &#8220;Lumi\u00e8res en Ecrins&#8221;<\/div><\/div><div class=\"field-link\" role=\"group\" aria-label=\"Lien vers le contenu\"><a href=\"https:\/\/www.paysdesecrins.com\/en\/fiche\/exposition-lumieres-en-ecrins-3\/\" class=\"cardlink\" title=\"Lire plus : Exposition : &#8220;Lumi\u00e8res en Ecrins&#8221;\" lang=\"en_US\">Exposition : &#8220;Lumi\u00e8res en Ecrins&#8221;<\/a><\/div><\/div><\/div><div class=\"item\" data-season=\"all-seasons\"><div class=\"card card-apidae card-agenda\"><div class=\"group-actions\"><ws-wishlist data-type=\"flag\" data-action=\"add\" data-wish-id=\"6503049\" data-wish-type=\"apidae\"><\/ws-wishlist><\/div><div class=\"group-media\"><div class=\"field-image\"><img decoding=\"async\" src=\"https:\/\/images.weserv.nl\/?url=https:\/\/static.apidae-tourisme.com\/filestore\/objets-touristiques\/images\/54\/101\/17982774-diaporama.jpg&#038;w=350&#038;h=350&#038;fit=cover&#038;output=webp&#038;q=45\" alt=\"Ouverture de la route des Espagnols r\u00e9serv\u00e9e aux mobilit\u00e9s douces\"\/><\/div><\/div><div class=\"group-top\"><div class=\"field-commune\">L&#039;Argenti\u00e8re-la-Bess\u00e9e<\/div><ws-apidae-from-price data-apidae-id=\"6503049\" ><\/ws-apidae-from-price><div class=\"group-dates\" role=\"group\" aria-label=\"Event dates\"><div class=\"field-dates ws-apidae-date-coming\" role=\"group\" aria-label=\"Opening date\"><time datetime=\"2026-09-06\" lang=\"en\">On <span class=\"day\">06<\/span><span class=\"month\"> sep.<\/span> from <span class=\"hour\">9h<\/span> to <span class=\"hour\">12h<\/span><\/time><\/div><div class=\"field-moredates ws-apidae-moredates\" role=\"group\" aria-label=\"Upcoming dates\"><div class=\"moredates\"><div class=\"inner-wrapper\"><span class=\"moredates-label\">Upcoming dates :<\/span><ul class=\"moredates-list\"><li><time datetime=\"2026-09-13\" lang=\"en\">On <span class=\"day\">13<\/span><span class=\"month\"> september<\/span> from <span class=\"hour\">9h<\/span> to <span class=\"hour\">12h<\/span><\/time><\/li><\/ul><\/div><\/div><\/div><\/div><\/div><div class=\"group-content\"><div class=\"field-title\">Ouverture de la route des Espagnols r\u00e9serv\u00e9e aux mobilit\u00e9s douces<\/div><\/div><div class=\"field-link\" role=\"group\" aria-label=\"Lien vers le contenu\"><a href=\"https:\/\/www.paysdesecrins.com\/en\/fiche\/ouverture-de-la-route-des-espagnols-reservee-aux-mobilites-douces-3\/\" class=\"cardlink\" title=\"Lire plus : Ouverture de la route des Espagnols r\u00e9serv\u00e9e aux mobilit\u00e9s douces\" lang=\"en_US\">Ouverture de la route des Espagnols r\u00e9serv\u00e9e aux mobilit\u00e9s douces<\/a><\/div><\/div><\/div><div class=\"item\" data-season=\"all-seasons\"><div class=\"card card-apidae card-agenda\"><div class=\"group-actions\"><ws-wishlist data-type=\"flag\" data-action=\"add\" data-wish-id=\"6215971\" data-wish-type=\"apidae\"><\/ws-wishlist><\/div><div class=\"group-media\"><div class=\"field-image\"><img decoding=\"async\" src=\"https:\/\/images.weserv.nl\/?url=https:\/\/static.apidae-tourisme.com\/filestore\/objets-touristiques\/images\/197\/91\/41638853-diaporama.jpg&#038;w=350&#038;h=350&#038;fit=cover&#038;output=webp&#038;q=45\" alt=\"Exposition de l&#8217;Atelier d&#8217;Artistes de Travers&#8217;Arts: Nous Aimons Bouger\"\/><\/div><\/div><div class=\"group-top\"><div class=\"field-commune\">Puy-Saint-Vincent<\/div><ws-apidae-from-price data-apidae-id=\"6215971\" ><\/ws-apidae-from-price><div class=\"group-dates\" role=\"group\" aria-label=\"Event dates\"><div class=\"field-dates ws-apidae-date-coming\" role=\"group\" aria-label=\"Opening date\"><time datetime=\"2026-09-07\" lang=\"en\">On <span class=\"day\">07<\/span><span class=\"month\"> sep.<\/span><\/time><\/div><div class=\"field-moredates ws-apidae-moredates\" role=\"group\" aria-label=\"Upcoming dates\"><div class=\"moredates\"><div class=\"inner-wrapper\"><span class=\"moredates-label\">Upcoming dates :<\/span><ul class=\"moredates-list\"><li><time datetime=\"2026-09-10\" lang=\"en\">On <span class=\"day\">10<\/span><span class=\"month\"> september<\/span><\/time><\/li><li><time datetime=\"2026-09-11\" lang=\"en\">On <span class=\"day\">11<\/span><span class=\"month\"> september<\/span><\/time><\/li><li><time datetime=\"2026-09-14\" lang=\"en\">On <span class=\"day\">14<\/span><span class=\"month\"> september<\/span><\/time><\/li><li><time datetime=\"2026-09-17\" lang=\"en\">On <span class=\"day\">17<\/span><span class=\"month\"> september<\/span><\/time><\/li><li class=\"moredates-more\">and other dates\u2026<\/li><\/ul><\/div><\/div><\/div><\/div><\/div><div class=\"group-content\"><div class=\"field-title\">Exposition de l&#8217;Atelier d&#8217;Artistes de Travers&#8217;Arts: Nous Aimons Bouger<\/div><\/div><div class=\"field-link\" role=\"group\" aria-label=\"Lien vers le contenu\"><a href=\"https:\/\/www.paysdesecrins.com\/en\/fiche\/exposition-de-latelier-dartistes-de-traversarts-nous-aimons-bouger-3\/\" class=\"cardlink\" title=\"Lire plus : Exposition de l&#8217;Atelier d&#8217;Artistes de Travers&#8217;Arts: Nous Aimons Bouger\" lang=\"en_US\">Exposition de l&#8217;Atelier d&#8217;Artistes de Travers&#8217;Arts: Nous Aimons Bouger<\/a><\/div><\/div><\/div><div class=\"item\" data-season=\"all-seasons\"><div class=\"card card-apidae card-agenda\"><div class=\"group-actions\"><ws-wishlist data-type=\"flag\" data-action=\"add\" data-wish-id=\"581981\" data-wish-type=\"apidae\"><\/ws-wishlist><\/div><div class=\"group-media\"><div class=\"field-image\"><img decoding=\"async\" src=\"https:\/\/images.weserv.nl\/?url=https:\/\/static.apidae-tourisme.com\/filestore\/objets-touristiques\/images\/239\/54\/4011759-diaporama.jpg&#038;w=350&#038;h=350&#038;fit=cover&#038;output=webp&#038;q=45\" alt=\"Vallouise Market\"\/><\/div><\/div><div class=\"group-top\"><div class=\"field-commune\">Vallouise-Pelvoux<\/div><ws-apidae-from-price data-apidae-id=\"581981\" ><\/ws-apidae-from-price><div class=\"group-dates\" role=\"group\" aria-label=\"Event dates\"><div class=\"field-dates ws-apidae-date-coming\" role=\"group\" aria-label=\"Opening date\"><time datetime=\"2026-09-10\" lang=\"en\">On <span class=\"day\">10<\/span><span class=\"month\"> sep.<\/span> from <span class=\"hour\">8h<\/span> to <span class=\"hour\">13h<\/span><\/time><\/div><div class=\"field-moredates ws-apidae-moredates\" role=\"group\" aria-label=\"Upcoming dates\"><div class=\"moredates\"><div class=\"inner-wrapper\"><span class=\"moredates-label\">Upcoming dates :<\/span><ul class=\"moredates-list\"><li><time datetime=\"2026-09-17\" lang=\"en\">On <span class=\"day\">17<\/span><span class=\"month\"> september<\/span> from <span class=\"hour\">8h<\/span> to <span class=\"hour\">13h<\/span><\/time><\/li><li><time datetime=\"2026-09-24\" lang=\"en\">On <span class=\"day\">24<\/span><span class=\"month\"> september<\/span> from <span class=\"hour\">8h<\/span> to <span class=\"hour\">13h<\/span><\/time><\/li><li><time datetime=\"2026-10-01\" lang=\"en\">On <span class=\"day\">01<\/span><span class=\"month\"> october<\/span> from <span class=\"hour\">8h<\/span> to <span class=\"hour\">13h<\/span><\/time><\/li><li><time datetime=\"2026-10-08\" lang=\"en\">On <span class=\"day\">08<\/span><span class=\"month\"> october<\/span> from <span class=\"hour\">8h<\/span> to <span class=\"hour\">13h<\/span><\/time><\/li><li class=\"moredates-more\">and other dates\u2026<\/li><\/ul><\/div><\/div><\/div><\/div><\/div><div class=\"group-content\"><div class=\"field-title\">Vallouise Market<\/div><\/div><div class=\"field-link\" role=\"group\" aria-label=\"Lien vers le contenu\"><a href=\"https:\/\/www.paysdesecrins.com\/en\/fiche\/vallouise-market\/\" class=\"cardlink\" title=\"Lire plus : Vallouise Market\" lang=\"en_US\">Vallouise Market<\/a><\/div><\/div><\/div><div class=\"item\" data-season=\"all-seasons\"><div class=\"card card-apidae card-agenda\"><div class=\"group-actions\"><ws-wishlist data-type=\"flag\" data-action=\"add\" data-wish-id=\"7595442\" data-wish-type=\"apidae\"><\/ws-wishlist><\/div><div class=\"group-media\"><div class=\"field-image\"><img decoding=\"async\" src=\"https:\/\/images.weserv.nl\/?url=https:\/\/static.apidae-tourisme.com\/filestore\/objets-touristiques\/images\/82\/223\/41606994-diaporama.jpg&#038;w=350&#038;h=350&#038;fit=cover&#038;output=webp&#038;q=45\" alt=\"Atelier : Le cercle des alchimistes cueilleurs\"\/><\/div><\/div><div class=\"group-top\"><div class=\"field-commune\">Freissini\u00e8res<\/div><ws-apidae-from-price data-apidae-id=\"7595442\" ><\/ws-apidae-from-price><div class=\"group-dates\" role=\"group\" aria-label=\"Event dates\"><div class=\"field-dates ws-apidae-date-coming\" role=\"group\" aria-label=\"Opening date\"><time datetime=\"2026-09-10\" lang=\"en\">On <span class=\"day\">10<\/span><span class=\"month\"> sep.<\/span> from <span class=\"hour\">10h<\/span> to <span class=\"hour\">13h<\/span><\/time><\/div><div class=\"field-moredates ws-apidae-moredates\" role=\"group\" aria-label=\"Upcoming dates\"><div class=\"moredates\"><div class=\"inner-wrapper\"><span class=\"moredates-label\">Upcoming dates :<\/span><ul class=\"moredates-list\"><li><time datetime=\"2026-09-17\" lang=\"en\">On <span class=\"day\">17<\/span><span class=\"month\"> september<\/span> from <span class=\"hour\">10h<\/span> to <span class=\"hour\">13h<\/span><\/time><\/li><li><time datetime=\"2026-09-24\" lang=\"en\">On <span class=\"day\">24<\/span><span class=\"month\"> september<\/span> from <span class=\"hour\">10h<\/span> to <span class=\"hour\">13h<\/span><\/time><\/li><\/ul><\/div><\/div><\/div><\/div><\/div><div class=\"group-content\"><div class=\"field-title\">Atelier : Le cercle des alchimistes cueilleurs<\/div><\/div><div class=\"field-link\" role=\"group\" aria-label=\"Lien vers le contenu\"><a href=\"https:\/\/www.paysdesecrins.com\/en\/fiche\/atelier-le-cercle-des-alchimistes-cueilleurs-3\/\" class=\"cardlink\" title=\"Lire plus : Atelier : Le cercle des alchimistes cueilleurs\" lang=\"en_US\">Atelier : Le cercle des alchimistes cueilleurs<\/a><\/div><\/div><\/div><div class=\"item\" data-season=\"all-seasons\"><div class=\"card card-apidae card-agenda\"><div class=\"group-actions\"><ws-wishlist data-type=\"flag\" data-action=\"add\" data-wish-id=\"587878\" data-wish-type=\"apidae\"><\/ws-wishlist><\/div><div class=\"group-media\"><div class=\"field-image\"><img decoding=\"async\" src=\"https:\/\/images.weserv.nl\/?url=https:\/\/static.apidae-tourisme.com\/filestore\/objets-touristiques\/images\/177\/66\/803505-diaporama.jpg&#038;w=350&#038;h=350&#038;fit=cover&#038;output=webp&#038;q=45\" alt=\"March\u00e9 \u00e0 l&#8217;Argenti\u00e8re\"\/><\/div><\/div><div class=\"group-top\"><div class=\"field-commune\">L&#039;Argenti\u00e8re-la-Bess\u00e9e<\/div><ws-apidae-from-price data-apidae-id=\"587878\" ><\/ws-apidae-from-price><div class=\"group-dates\" role=\"group\" aria-label=\"Event dates\"><div class=\"field-dates ws-apidae-date-coming\" role=\"group\" aria-label=\"Opening date\"><time datetime=\"2026-09-11\" lang=\"en\">On <span class=\"day\">11<\/span><span class=\"month\"> sep.<\/span><\/time><\/div><div class=\"field-moredates ws-apidae-moredates\" role=\"group\" aria-label=\"Upcoming dates\"><div class=\"moredates\"><div class=\"inner-wrapper\"><span class=\"moredates-label\">Upcoming dates :<\/span><ul class=\"moredates-list\"><li><time datetime=\"2026-09-18\" lang=\"en\">On <span class=\"day\">18<\/span><span class=\"month\"> september<\/span><\/time><\/li><li><time datetime=\"2026-09-25\" lang=\"en\">On <span class=\"day\">25<\/span><span class=\"month\"> september<\/span><\/time><\/li><li><time datetime=\"2026-10-02\" lang=\"en\">On <span class=\"day\">02<\/span><span class=\"month\"> october<\/span><\/time><\/li><li><time datetime=\"2026-10-09\" lang=\"en\">On <span class=\"day\">09<\/span><span class=\"month\"> october<\/span><\/time><\/li><li class=\"moredates-more\">and other dates\u2026<\/li><\/ul><\/div><\/div><\/div><\/div><\/div><div class=\"group-content\"><div class=\"field-title\">March\u00e9 \u00e0 l&#8217;Argenti\u00e8re<\/div><\/div><div class=\"field-link\" role=\"group\" aria-label=\"Lien vers le contenu\"><a href=\"https:\/\/www.paysdesecrins.com\/en\/fiche\/marche-a-largentiere-3\/\" class=\"cardlink\" title=\"Lire plus : March\u00e9 \u00e0 l&#8217;Argenti\u00e8re\" lang=\"en_US\">March\u00e9 \u00e0 l&#8217;Argenti\u00e8re<\/a><\/div><\/div><\/div><div class=\"item\" data-season=\"all-seasons\"><div class=\"card card-apidae card-agenda\"><div class=\"group-actions\"><ws-wishlist data-type=\"flag\" data-action=\"add\" data-wish-id=\"7917192\" data-wish-type=\"apidae\"><\/ws-wishlist><\/div><div class=\"group-media\"><div class=\"field-image\"><img decoding=\"async\" src=\"https:\/\/images.weserv.nl\/?url=https:\/\/static.apidae-tourisme.com\/filestore\/objets-touristiques\/images\/195\/189\/42319299-diaporama.jpg&#038;w=350&#038;h=350&#038;fit=cover&#038;output=webp&#038;q=45\" alt=\"La Rose des Vents, a travel festival 2026\"\/><\/div><\/div><div class=\"group-top\"><div class=\"field-commune\">L&#039;Argenti\u00e8re-la-Bess\u00e9e<\/div><ws-apidae-from-price data-apidae-id=\"7917192\" ><\/ws-apidae-from-price><div class=\"group-dates\"><div class=\"field-dates\">From <span class=\"day\">11<\/span><span class=\"month\"> sep.<\/span> at <span class=\"hour\">10h<\/span> to <span class=\"day\">13<\/span><span class=\"month\"> sep.<\/span> at <span class=\"hour\">22h<\/span><\/div><\/div><\/div><div class=\"group-content\"><div class=\"field-title\">La Rose des Vents, a travel festival 2026<\/div><\/div><div class=\"field-link\" role=\"group\" aria-label=\"Lien vers le contenu\"><a href=\"https:\/\/www.paysdesecrins.com\/en\/fiche\/la-rose-des-vents-a-travel-festival-2026\/\" class=\"cardlink\" title=\"Lire plus : La Rose des Vents, a travel festival 2026\" lang=\"en_US\">La Rose des Vents, a travel festival 2026<\/a><\/div><\/div><\/div><div class=\"item\" data-season=\"all-seasons\"><div class=\"card card-apidae card-agenda\"><div class=\"group-actions\"><ws-wishlist data-type=\"flag\" data-action=\"add\" data-wish-id=\"7849590\" data-wish-type=\"apidae\"><\/ws-wishlist><\/div><div class=\"group-media\"><div class=\"field-image\"><img decoding=\"async\" src=\"https:\/\/images.weserv.nl\/?url=https:\/\/static.apidae-tourisme.com\/filestore\/objets-touristiques\/images\/12\/245\/41612556-diaporama.jpg&#038;w=350&#038;h=350&#038;fit=cover&#038;output=webp&#038;q=45\" alt=\"Stage Travers&#8217;Arts : &#8220;Sur le Motif&#8221;\"\/><\/div><\/div><div class=\"group-top\"><div class=\"field-commune\">Puy-Saint-Vincent<\/div><ws-apidae-from-price data-apidae-id=\"7849590\" ><\/ws-apidae-from-price><div class=\"group-dates\"><div class=\"field-dates\">From <span class=\"day\">14<\/span><span class=\"month\"> sep.<\/span> to <span class=\"day\">19<\/span><span class=\"month\"> sep.<\/span><\/div><\/div><\/div><div class=\"group-content\"><div class=\"field-title\">Stage Travers&#8217;Arts : &#8220;Sur le Motif&#8221;<\/div><\/div><div class=\"field-link\" role=\"group\" aria-label=\"Lien vers le contenu\"><a href=\"https:\/\/www.paysdesecrins.com\/en\/fiche\/stage-traversarts-sur-le-motif-3\/\" class=\"cardlink\" title=\"Lire plus : Stage Travers&#8217;Arts : &#8220;Sur le Motif&#8221;\" lang=\"en_US\">Stage Travers&#8217;Arts : &#8220;Sur le Motif&#8221;<\/a><\/div><\/div><\/div><div class=\"item\" data-season=\"all-seasons\"><div class=\"card card-apidae card-agenda\"><div class=\"group-actions\"><ws-wishlist data-type=\"flag\" data-action=\"add\" data-wish-id=\"7327322\" data-wish-type=\"apidae\"><\/ws-wishlist><\/div><div class=\"group-media\"><div class=\"field-image\"><img decoding=\"async\" src=\"https:\/\/images.weserv.nl\/?url=https:\/\/static.apidae-tourisme.com\/filestore\/objets-touristiques\/images\/243\/98\/30761715-diaporama.jpg&#038;w=350&#038;h=350&#038;fit=cover&#038;output=webp&#038;q=45\" alt=\"Visite guid\u00e9e loufoque de Vallouise.\"\/><\/div><\/div><div class=\"group-top\"><div class=\"field-commune\">Vallouise-Pelvoux<\/div><ws-apidae-from-price data-apidae-id=\"7327322\" ><\/ws-apidae-from-price><div class=\"group-dates\" role=\"group\" aria-label=\"Event dates\"><div class=\"field-dates ws-apidae-date-coming\" role=\"group\" aria-label=\"Opening date\"><time datetime=\"2026-09-19\" lang=\"en\">On <span class=\"day\">19<\/span><span class=\"month\"> sep.<\/span> from <span class=\"hour\">11h<\/span> to <span class=\"hour\">12h<\/span><\/time><\/div><\/div><\/div><div class=\"group-content\"><div class=\"field-title\">Visite guid\u00e9e loufoque de Vallouise.<\/div><\/div><div class=\"field-link\" role=\"group\" aria-label=\"Lien vers le contenu\"><a href=\"https:\/\/www.paysdesecrins.com\/en\/fiche\/visite-guidee-loufoque-de-vallouise-4\/\" class=\"cardlink\" title=\"Lire plus : Visite guid\u00e9e loufoque de Vallouise.\" lang=\"en_US\">Visite guid\u00e9e loufoque de Vallouise.<\/a><\/div><\/div><\/div><div class=\"item\" data-season=\"all-seasons\"><div class=\"card card-apidae card-agenda\"><div class=\"group-actions\"><ws-wishlist data-type=\"flag\" data-action=\"add\" data-wish-id=\"7966778\" data-wish-type=\"apidae\"><\/ws-wishlist><\/div><div class=\"group-media\"><div class=\"field-image\"><img decoding=\"async\" src=\"https:\/\/images.weserv.nl\/?url=https:\/\/static.apidae-tourisme.com\/filestore\/objets-touristiques\/images\/190\/137\/42568126-diaporama.jpg&#038;w=350&#038;h=350&#038;fit=cover&#038;output=webp&#038;q=45\" alt=\"Festival Latino &amp; tango\"\/><\/div><\/div><div class=\"group-top\"><div class=\"field-commune\">L&#039;Argenti\u00e8re-la-Bess\u00e9e<\/div><ws-apidae-from-price data-apidae-id=\"7966778\" ><\/ws-apidae-from-price><div class=\"group-dates\"><div class=\"field-dates\">From <span class=\"day\">02<\/span><span class=\"month\"> oct.<\/span> to <span class=\"day\">04<\/span><span class=\"month\"> oct.<\/span><\/div><\/div><\/div><div class=\"group-content\"><div class=\"field-title\">Festival Latino &amp; tango<\/div><\/div><div class=\"field-link\" role=\"group\" aria-label=\"Lien vers le contenu\"><a href=\"https:\/\/www.paysdesecrins.com\/en\/fiche\/festival-latino-tango-3\/\" class=\"cardlink\" title=\"Lire plus : Festival Latino &amp; tango\" lang=\"en_US\">Festival Latino &amp; tango<\/a><\/div><\/div><\/div><div class=\"item\" data-season=\"all-seasons\"><div class=\"card card-apidae card-agenda\"><div class=\"group-actions\"><ws-wishlist data-type=\"flag\" data-action=\"add\" data-wish-id=\"7977261\" data-wish-type=\"apidae\"><\/ws-wishlist><\/div><div class=\"group-media\"><div class=\"field-image\"><img decoding=\"async\" src=\"https:\/\/images.weserv.nl\/?url=https:\/\/static.apidae-tourisme.com\/filestore\/objets-touristiques\/images\/134\/121\/42563974-diaporama.png&#038;w=350&#038;h=350&#038;fit=cover&#038;output=webp&#038;q=45\" alt=\"Spectacle : La femme \u00e9pluch\u00e9e, ou comment je suis devenue d\u00e9esse\"\/><\/div><\/div><div class=\"group-top\"><div class=\"field-commune\">L&#039;Argenti\u00e8re-la-Bess\u00e9e<\/div><ws-apidae-from-price data-apidae-id=\"7977261\" ><\/ws-apidae-from-price><div class=\"group-dates\" role=\"group\" aria-label=\"Event dates\"><div class=\"field-dates ws-apidae-date-coming\" role=\"group\" aria-label=\"Opening date\"><time datetime=\"2026-10-07\" lang=\"en\">On <span class=\"day\">07<\/span><span class=\"month\"> oct.<\/span> from <span class=\"hour\">18h30<\/span> to <span class=\"hour\">20h30<\/span><\/time><\/div><\/div><\/div><div class=\"group-content\"><div class=\"field-title\">Spectacle : La femme \u00e9pluch\u00e9e, ou comment je suis devenue d\u00e9esse<\/div><\/div><div class=\"field-link\" role=\"group\" aria-label=\"Lien vers le contenu\"><a href=\"https:\/\/www.paysdesecrins.com\/en\/fiche\/spectacle-la-femme-epluchee-ou-comment-je-suis-devenue-deesse-3\/\" class=\"cardlink\" title=\"Lire plus : Spectacle : La femme \u00e9pluch\u00e9e, ou comment je suis devenue d\u00e9esse\" lang=\"en_US\">Spectacle : La femme \u00e9pluch\u00e9e, ou comment je suis devenue d\u00e9esse<\/a><\/div><\/div><\/div><div class=\"item\" data-season=\"all-seasons\"><div class=\"card card-apidae card-agenda\"><div class=\"group-actions\"><ws-wishlist data-type=\"flag\" data-action=\"add\" data-wish-id=\"7595435\" data-wish-type=\"apidae\"><\/ws-wishlist><\/div><div class=\"group-media\"><div class=\"field-image\"><img decoding=\"async\" src=\"https:\/\/images.weserv.nl\/?url=https:\/\/static.apidae-tourisme.com\/filestore\/objets-touristiques\/images\/66\/214\/35968578-diaporama.jpg&#038;w=350&#038;h=350&#038;fit=cover&#038;output=webp&#038;q=45\" alt=\"L&#8217;\u00e9cole des druides\"\/><\/div><\/div><div class=\"group-top\"><div class=\"field-commune\">Freissini\u00e8res<\/div><ws-apidae-from-price data-apidae-id=\"7595435\" ><\/ws-apidae-from-price><div class=\"group-dates\" role=\"group\" aria-label=\"Event dates\"><div class=\"field-dates ws-apidae-date-coming\" role=\"group\" aria-label=\"Opening date\"><time datetime=\"2026-10-21\" lang=\"en\">On <span class=\"day\">21<\/span><span class=\"month\"> oct.<\/span> from <span class=\"hour\">10h<\/span> to <span class=\"hour\">12h30<\/span><\/time><\/div><div class=\"field-moredates ws-apidae-moredates\" role=\"group\" aria-label=\"Upcoming dates\"><div class=\"moredates\"><div class=\"inner-wrapper\"><span class=\"moredates-label\">Upcoming dates :<\/span><ul class=\"moredates-list\"><li><time datetime=\"2026-10-28\" lang=\"en\">On <span class=\"day\">28<\/span><span class=\"month\"> october<\/span> from <span class=\"hour\">10h<\/span> to <span class=\"hour\">12h30<\/span><\/time><\/li><\/ul><\/div><\/div><\/div><\/div><\/div><div class=\"group-content\"><div class=\"field-title\">L&#8217;\u00e9cole des druides<\/div><\/div><div class=\"field-link\" role=\"group\" aria-label=\"Lien vers le contenu\"><a href=\"https:\/\/www.paysdesecrins.com\/en\/fiche\/lecole-des-druides-3\/\" class=\"cardlink\" title=\"Lire plus : L&#8217;\u00e9cole des druides\" lang=\"en_US\">L&#8217;\u00e9cole des druides<\/a><\/div><\/div><\/div><div class=\"item\" data-season=\"all-seasons\"><div class=\"card card-apidae card-agenda\"><div class=\"group-actions\"><ws-wishlist data-type=\"flag\" data-action=\"add\" data-wish-id=\"5692946\" data-wish-type=\"apidae\"><\/ws-wishlist><\/div><div class=\"group-media\"><div class=\"field-image\"><img decoding=\"async\" src=\"https:\/\/images.weserv.nl\/?url=https:\/\/static.apidae-tourisme.com\/filestore\/objets-touristiques\/images\/58\/67\/12272442-diaporama.jpg&#038;w=350&#038;h=350&#038;fit=cover&#038;output=webp&#038;q=45\" alt=\"Randonn\u00e9e en libert\u00e9 sur le promontoire de Vallouise\"\/><\/div><\/div><div class=\"group-top\"><div class=\"field-commune\">Vallouise-Pelvoux<\/div><ws-apidae-from-price data-apidae-id=\"5692946\" ><\/ws-apidae-from-price><div class=\"group-dates\" role=\"group\" aria-label=\"Event dates\"><div class=\"field-dates ws-apidae-date-coming\" role=\"group\" aria-label=\"Opening date\"><time datetime=\"2026-12-12\" lang=\"en\">On <span class=\"day\">12<\/span><span class=\"month\"> dec.<\/span><\/time><\/div><div class=\"field-moredates ws-apidae-moredates\" role=\"group\" aria-label=\"Upcoming dates\"><div class=\"moredates\"><div class=\"inner-wrapper\"><span class=\"moredates-label\">Upcoming dates :<\/span><ul class=\"moredates-list\"><li><time datetime=\"2026-12-13\" lang=\"en\">On <span class=\"day\">13<\/span><span class=\"month\"> december<\/span><\/time><\/li><li><time datetime=\"2026-12-19\" lang=\"en\">On <span class=\"day\">19<\/span><span class=\"month\"> december<\/span><\/time><\/li><li><time datetime=\"2026-12-20\" lang=\"en\">On <span class=\"day\">20<\/span><span class=\"month\"> december<\/span><\/time><\/li><li><time datetime=\"2026-12-26\" lang=\"en\">On <span class=\"day\">26<\/span><span class=\"month\"> december<\/span><\/time><\/li><li class=\"moredates-more\">and other dates\u2026<\/li><\/ul><\/div><\/div><\/div><\/div><\/div><div class=\"group-content\"><div class=\"field-title\">Randonn\u00e9e en libert\u00e9 sur le promontoire de Vallouise<\/div><\/div><div class=\"field-link\" role=\"group\" aria-label=\"Lien vers le contenu\"><a href=\"https:\/\/www.paysdesecrins.com\/en\/fiche\/randonnee-en-liberte-sur-le-promontoire-de-vallouise-3\/\" class=\"cardlink\" title=\"Lire plus : Randonn\u00e9e en libert\u00e9 sur le promontoire de Vallouise\" lang=\"en_US\">Randonn\u00e9e en libert\u00e9 sur le promontoire de Vallouise<\/a><\/div><\/div><\/div><div class=\"item\" data-season=\"all-seasons\"><div class=\"card card-apidae card-agenda\"><div class=\"group-actions\"><ws-wishlist data-type=\"flag\" data-action=\"add\" data-wish-id=\"6667536\" data-wish-type=\"apidae\"><\/ws-wishlist><\/div><div class=\"group-media\"><div class=\"field-image\"><img decoding=\"async\" src=\"https:\/\/images.weserv.nl\/?url=https:\/\/static.apidae-tourisme.com\/filestore\/objets-touristiques\/images\/206\/231\/33155022-diaporama.jpg&#038;w=350&#038;h=350&#038;fit=cover&#038;output=webp&#038;q=45\" alt=\"Foul\u00e9es givr\u00e9es\"\/><\/div><\/div><div class=\"group-top\"><div class=\"field-commune\">L&#039;Argenti\u00e8re-la-Bess\u00e9e<\/div><ws-apidae-from-price data-apidae-id=\"6667536\" ><\/ws-apidae-from-price><div class=\"group-dates\" role=\"group\" aria-label=\"Event dates\"><div class=\"field-dates ws-apidae-date-coming\" role=\"group\" aria-label=\"Opening date\"><time datetime=\"2026-12-28\" lang=\"en\">On <span class=\"day\">28<\/span><span class=\"month\"> dec.<\/span> at <span class=\"hour\">18h30<\/span><\/time><\/div><\/div><\/div><div class=\"group-content\"><div class=\"field-title\">Foul\u00e9es givr\u00e9es<\/div><\/div><div class=\"field-link\" role=\"group\" aria-label=\"Lien vers le contenu\"><a href=\"https:\/\/www.paysdesecrins.com\/en\/fiche\/foulees-givrees-3\/\" class=\"cardlink\" title=\"Lire plus : Foul\u00e9es givr\u00e9es\" lang=\"en_US\">Foul\u00e9es givr\u00e9es<\/a><\/div><\/div><\/div><div id=\"locations-data_287b5\" style=\"display: none;\">{&quot;locations&quot;:[{&quot;lat&quot;:&quot;44.824708&quot;,&quot;lng&quot;:&quot;6.541909&quot;,&quot;title&quot;:&quot;Parcours num\\u00e9rique en r\\u00e9alit\\u00e9 augment\\u00e9e : Le myst\\u00e8re de l\\u2019\\u00e9glise des Vigneaux&quot;,&quot;excerpt&quot;:&quot;&quot;,&quot;permalink&quot;:&quot;https:\\\/\\\/www.paysdesecrins.com\\\/en\\\/fiche\\\/parcours-numerique-en-realite-augmentee-le-mystere-de-leglise-des-vigneaux-3\\\/&quot;,&quot;type&quot;:&quot;fete_et_manifestation&quot;,&quot;commune&quot;:&quot;Les Vigneaux&quot;,&quot;type_commerce&quot;:&quot;&quot;,&quot;image&quot;:&quot;https:\\\/\\\/static.apidae-tourisme.com\\\/filestore\\\/objets-touristiques\\\/images\\\/208\\\/70\\\/13846224-diaporama.jpg&quot;,&quot;image_width&quot;:&quot;350&quot;,&quot;image_height&quot;:&quot;350&quot;,&quot;image_fit&quot;:&quot;cover&quot;},{&quot;lat&quot;:&quot;44.88869&quot;,&quot;lng&quot;:&quot;6.446259&quot;,&quot;title&quot;:&quot;Nouveau parcours ludique &#8220;Histoire de l&#8217;alpinisme&#8221;&quot;,&quot;excerpt&quot;:&quot;&quot;,&quot;permalink&quot;:&quot;https:\\\/\\\/www.paysdesecrins.com\\\/en\\\/fiche\\\/nouveau-parcours-ludique-histoire-de-lalpinisme-3\\\/&quot;,&quot;type&quot;:&quot;fete_et_manifestation&quot;,&quot;commune&quot;:&quot;Vallouise-Pelvoux&quot;,&quot;type_commerce&quot;:&quot;&quot;,&quot;image&quot;:&quot;https:\\\/\\\/static.apidae-tourisme.com\\\/filestore\\\/objets-touristiques\\\/images\\\/51\\\/210\\\/23319091-diaporama.jpg&quot;,&quot;image_width&quot;:&quot;350&quot;,&quot;image_height&quot;:&quot;350&quot;,&quot;image_fit&quot;:&quot;cover&quot;},{&quot;lat&quot;:&quot;44.84633&quot;,&quot;lng&quot;:&quot;6.488495&quot;,&quot;title&quot;:&quot;Alpvengers Rando&quot;,&quot;excerpt&quot;:&quot;&quot;,&quot;permalink&quot;:&quot;https:\\\/\\\/www.paysdesecrins.com\\\/en\\\/fiche\\\/alpvengers-rando-3\\\/&quot;,&quot;type&quot;:&quot;fete_et_manifestation&quot;,&quot;commune&quot;:&quot;Vallouise-Pelvoux&quot;,&quot;type_commerce&quot;:&quot;&quot;,&quot;image&quot;:&quot;https:\\\/\\\/static.apidae-tourisme.com\\\/filestore\\\/objets-touristiques\\\/images\\\/207\\\/129\\\/41583055-diaporama.jpg&quot;,&quot;image_width&quot;:&quot;350&quot;,&quot;image_height&quot;:&quot;350&quot;,&quot;image_fit&quot;:&quot;cover&quot;},{&quot;lat&quot;:&quot;44.84636&quot;,&quot;lng&quot;:&quot;6.488495&quot;,&quot;title&quot;:&quot;Alpvengers Trail&quot;,&quot;excerpt&quot;:&quot;&quot;,&quot;permalink&quot;:&quot;https:\\\/\\\/www.paysdesecrins.com\\\/en\\\/fiche\\\/alpvengers-trail-3\\\/&quot;,&quot;type&quot;:&quot;fete_et_manifestation&quot;,&quot;commune&quot;:&quot;Vallouise-Pelvoux&quot;,&quot;type_commerce&quot;:&quot;&quot;,&quot;image&quot;:&quot;https:\\\/\\\/www.paysdesecrins.com\\\/wp-content\\\/uploads\\\/2025\\\/06\\\/cropped-paysdesecrins.png&quot;,&quot;image_width&quot;:&quot;350&quot;,&quot;image_height&quot;:&quot;350&quot;,&quot;image_fit&quot;:&quot;cover&quot;},{&quot;lat&quot;:&quot;44.84633&quot;,&quot;lng&quot;:&quot;6.488495&quot;,&quot;title&quot;:&quot;Alpvengers VTT\\\/VAE&quot;,&quot;excerpt&quot;:&quot;&quot;,&quot;permalink&quot;:&quot;https:\\\/\\\/www.paysdesecrins.com\\\/en\\\/fiche\\\/alpvengers-vtt-vae-3\\\/&quot;,&quot;type&quot;:&quot;fete_et_manifestation&quot;,&quot;commune&quot;:&quot;Vallouise-Pelvoux&quot;,&quot;type_commerce&quot;:&quot;&quot;,&quot;image&quot;:&quot;https:\\\/\\\/static.apidae-tourisme.com\\\/filestore\\\/objets-touristiques\\\/images\\\/81\\\/129\\\/41582929-diaporama.jpg&quot;,&quot;image_width&quot;:&quot;350&quot;,&quot;image_height&quot;:&quot;350&quot;,&quot;image_fit&quot;:&quot;cover&quot;},{&quot;lat&quot;:&quot;44.827773&quot;,&quot;lng&quot;:&quot;6.496539&quot;,&quot;title&quot;:&quot;Le sentier des Trolls&quot;,&quot;excerpt&quot;:&quot;&quot;,&quot;permalink&quot;:&quot;https:\\\/\\\/www.paysdesecrins.com\\\/en\\\/fiche\\\/le-sentier-des-trolls-3\\\/&quot;,&quot;type&quot;:&quot;fete_et_manifestation&quot;,&quot;commune&quot;:&quot;Puy-Saint-Vincent&quot;,&quot;type_commerce&quot;:&quot;&quot;,&quot;image&quot;:&quot;https:\\\/\\\/static.apidae-tourisme.com\\\/filestore\\\/objets-touristiques\\\/images\\\/99\\\/232\\\/41609315-diaporama.jpg&quot;,&quot;image_width&quot;:&quot;350&quot;,&quot;image_height&quot;:&quot;350&quot;,&quot;image_fit&quot;:&quot;cover&quot;},{&quot;lat&quot;:&quot;44.839636&quot;,&quot;lng&quot;:&quot;6.485527&quot;,&quot;title&quot;:&quot;Le sentier des lutins&quot;,&quot;excerpt&quot;:&quot;&quot;,&quot;permalink&quot;:&quot;https:\\\/\\\/www.paysdesecrins.com\\\/en\\\/fiche\\\/le-sentier-des-lutins-3\\\/&quot;,&quot;type&quot;:&quot;fete_et_manifestation&quot;,&quot;commune&quot;:&quot;Vallouise-Pelvoux&quot;,&quot;type_commerce&quot;:&quot;&quot;,&quot;image&quot;:&quot;https:\\\/\\\/static.apidae-tourisme.com\\\/filestore\\\/objets-touristiques\\\/images\\\/124\\\/169\\\/41134460-diaporama.jpg&quot;,&quot;image_width&quot;:&quot;350&quot;,&quot;image_height&quot;:&quot;350&quot;,&quot;image_fit&quot;:&quot;cover&quot;},{&quot;lat&quot;:&quot;44.803478&quot;,&quot;lng&quot;:&quot;6.476836&quot;,&quot;title&quot;:&quot;Le sentier des g\\u00e9ants&quot;,&quot;excerpt&quot;:&quot;&quot;,&quot;permalink&quot;:&quot;https:\\\/\\\/www.paysdesecrins.com\\\/en\\\/fiche\\\/le-sentier-des-geants-3\\\/&quot;,&quot;type&quot;:&quot;fete_et_manifestation&quot;,&quot;commune&quot;:&quot;Puy-Saint-Vincent&quot;,&quot;type_commerce&quot;:&quot;&quot;,&quot;image&quot;:&quot;https:\\\/\\\/static.apidae-tourisme.com\\\/filestore\\\/objets-touristiques\\\/images\\\/225\\\/238\\\/32304865-diaporama.jpg&quot;,&quot;image_width&quot;:&quot;350&quot;,&quot;image_height&quot;:&quot;350&quot;,&quot;image_fit&quot;:&quot;cover&quot;},{&quot;lat&quot;:&quot;44.9181&quot;,&quot;lng&quot;:&quot;6.4158465&quot;,&quot;title&quot;:&quot;Exposition du pr\\u00e9 de Mme Carle&quot;,&quot;excerpt&quot;:&quot;&quot;,&quot;permalink&quot;:&quot;https:\\\/\\\/www.paysdesecrins.com\\\/en\\\/fiche\\\/exposition-du-pre-de-mme-carle-3\\\/&quot;,&quot;type&quot;:&quot;fete_et_manifestation&quot;,&quot;commune&quot;:&quot;Vallouise-Pelvoux&quot;,&quot;type_commerce&quot;:&quot;&quot;,&quot;image&quot;:&quot;https:\\\/\\\/static.apidae-tourisme.com\\\/filestore\\\/objets-touristiques\\\/images\\\/223\\\/242\\\/41874143-diaporama.jpg&quot;,&quot;image_width&quot;:&quot;350&quot;,&quot;image_height&quot;:&quot;350&quot;,&quot;image_fit&quot;:&quot;cover&quot;},{&quot;lat&quot;:&quot;44.83929&quot;,&quot;lng&quot;:&quot;6.493169&quot;,&quot;title&quot;:&quot;Exposition : Les patrimoines de la Vallouise&quot;,&quot;excerpt&quot;:&quot;&quot;,&quot;permalink&quot;:&quot;https:\\\/\\\/www.paysdesecrins.com\\\/en\\\/fiche\\\/exposition-les-patrimoines-de-la-vallouise-3\\\/&quot;,&quot;type&quot;:&quot;fete_et_manifestation&quot;,&quot;commune&quot;:&quot;Vallouise-Pelvoux&quot;,&quot;type_commerce&quot;:&quot;&quot;,&quot;image&quot;:&quot;https:\\\/\\\/static.apidae-tourisme.com\\\/filestore\\\/objets-touristiques\\\/images\\\/131\\\/242\\\/41874051-diaporama.jpg&quot;,&quot;image_width&quot;:&quot;350&quot;,&quot;image_height&quot;:&quot;350&quot;,&quot;image_fit&quot;:&quot;cover&quot;},{&quot;lat&quot;:&quot;44.83929&quot;,&quot;lng&quot;:&quot;6.493169&quot;,&quot;title&quot;:&quot;Exposition : &#8220;Lumi\\u00e8res en Ecrins&#8221;&quot;,&quot;excerpt&quot;:&quot;&quot;,&quot;permalink&quot;:&quot;https:\\\/\\\/www.paysdesecrins.com\\\/en\\\/fiche\\\/exposition-lumieres-en-ecrins-3\\\/&quot;,&quot;type&quot;:&quot;fete_et_manifestation&quot;,&quot;commune&quot;:&quot;Vallouise-Pelvoux&quot;,&quot;type_commerce&quot;:&quot;&quot;,&quot;image&quot;:&quot;https:\\\/\\\/static.apidae-tourisme.com\\\/filestore\\\/objets-touristiques\\\/images\\\/135\\\/242\\\/41874055-diaporama.jpg&quot;,&quot;image_width&quot;:&quot;350&quot;,&quot;image_height&quot;:&quot;350&quot;,&quot;image_fit&quot;:&quot;cover&quot;},{&quot;lat&quot;:&quot;44.770483&quot;,&quot;lng&quot;:&quot;6.558395&quot;,&quot;title&quot;:&quot;Ouverture de la route des Espagnols r\\u00e9serv\\u00e9e aux mobilit\\u00e9s douces&quot;,&quot;excerpt&quot;:&quot;&quot;,&quot;permalink&quot;:&quot;https:\\\/\\\/www.paysdesecrins.com\\\/en\\\/fiche\\\/ouverture-de-la-route-des-espagnols-reservee-aux-mobilites-douces-3\\\/&quot;,&quot;type&quot;:&quot;fete_et_manifestation&quot;,&quot;commune&quot;:&quot;L&#039;Argenti\\u00e8re-la-Bess\\u00e9e&quot;,&quot;type_commerce&quot;:&quot;&quot;,&quot;image&quot;:&quot;https:\\\/\\\/static.apidae-tourisme.com\\\/filestore\\\/objets-touristiques\\\/images\\\/54\\\/101\\\/17982774-diaporama.jpg&quot;,&quot;image_width&quot;:&quot;350&quot;,&quot;image_height&quot;:&quot;350&quot;,&quot;image_fit&quot;:&quot;cover&quot;},{&quot;lat&quot;:&quot;44.831039&quot;,&quot;lng&quot;:&quot;6.485425&quot;,&quot;title&quot;:&quot;Exposition de l&#8217;Atelier d&#8217;Artistes de Travers&#8217;Arts: Nous Aimons Bouger&quot;,&quot;excerpt&quot;:&quot;&quot;,&quot;permalink&quot;:&quot;https:\\\/\\\/www.paysdesecrins.com\\\/en\\\/fiche\\\/exposition-de-latelier-dartistes-de-traversarts-nous-aimons-bouger-3\\\/&quot;,&quot;type&quot;:&quot;fete_et_manifestation&quot;,&quot;commune&quot;:&quot;Puy-Saint-Vincent&quot;,&quot;type_commerce&quot;:&quot;&quot;,&quot;image&quot;:&quot;https:\\\/\\\/static.apidae-tourisme.com\\\/filestore\\\/objets-touristiques\\\/images\\\/197\\\/91\\\/41638853-diaporama.jpg&quot;,&quot;image_width&quot;:&quot;350&quot;,&quot;image_height&quot;:&quot;350&quot;,&quot;image_fit&quot;:&quot;cover&quot;},{&quot;lat&quot;:&quot;44.846185&quot;,&quot;lng&quot;:&quot;6.487587&quot;,&quot;title&quot;:&quot;Vallouise Market&quot;,&quot;excerpt&quot;:&quot;&quot;,&quot;permalink&quot;:&quot;https:\\\/\\\/www.paysdesecrins.com\\\/en\\\/fiche\\\/vallouise-market\\\/&quot;,&quot;type&quot;:&quot;fete_et_manifestation&quot;,&quot;commune&quot;:&quot;Vallouise-Pelvoux&quot;,&quot;type_commerce&quot;:&quot;&quot;,&quot;image&quot;:&quot;https:\\\/\\\/static.apidae-tourisme.com\\\/filestore\\\/objets-touristiques\\\/images\\\/239\\\/54\\\/4011759-diaporama.jpg&quot;,&quot;image_width&quot;:&quot;350&quot;,&quot;image_height&quot;:&quot;350&quot;,&quot;image_fit&quot;:&quot;cover&quot;},{&quot;lat&quot;:&quot;44.738559&quot;,&quot;lng&quot;:&quot;6.56387&quot;,&quot;title&quot;:&quot;Atelier : Le cercle des alchimistes cueilleurs&quot;,&quot;excerpt&quot;:&quot;&quot;,&quot;permalink&quot;:&quot;https:\\\/\\\/www.paysdesecrins.com\\\/en\\\/fiche\\\/atelier-le-cercle-des-alchimistes-cueilleurs-3\\\/&quot;,&quot;type&quot;:&quot;fete_et_manifestation&quot;,&quot;commune&quot;:&quot;Freissini\\u00e8res&quot;,&quot;type_commerce&quot;:&quot;&quot;,&quot;image&quot;:&quot;https:\\\/\\\/static.apidae-tourisme.com\\\/filestore\\\/objets-touristiques\\\/images\\\/82\\\/223\\\/41606994-diaporama.jpg&quot;,&quot;image_width&quot;:&quot;350&quot;,&quot;image_height&quot;:&quot;350&quot;,&quot;image_fit&quot;:&quot;cover&quot;},{&quot;lat&quot;:&quot;44.792957&quot;,&quot;lng&quot;:&quot;6.5592&quot;,&quot;title&quot;:&quot;March\\u00e9 \\u00e0 l&#8217;Argenti\\u00e8re&quot;,&quot;excerpt&quot;:&quot;&quot;,&quot;permalink&quot;:&quot;https:\\\/\\\/www.paysdesecrins.com\\\/en\\\/fiche\\\/marche-a-largentiere-3\\\/&quot;,&quot;type&quot;:&quot;fete_et_manifestation&quot;,&quot;commune&quot;:&quot;L&#039;Argenti\\u00e8re-la-Bess\\u00e9e&quot;,&quot;type_commerce&quot;:&quot;&quot;,&quot;image&quot;:&quot;https:\\\/\\\/static.apidae-tourisme.com\\\/filestore\\\/objets-touristiques\\\/images\\\/177\\\/66\\\/803505-diaporama.jpg&quot;,&quot;image_width&quot;:&quot;350&quot;,&quot;image_height&quot;:&quot;350&quot;,&quot;image_fit&quot;:&quot;cover&quot;},{&quot;lat&quot;:&quot;44.785447&quot;,&quot;lng&quot;:&quot;6.553664&quot;,&quot;title&quot;:&quot;La Rose des Vents, a travel festival 2026&quot;,&quot;excerpt&quot;:&quot;&quot;,&quot;permalink&quot;:&quot;https:\\\/\\\/www.paysdesecrins.com\\\/en\\\/fiche\\\/la-rose-des-vents-a-travel-festival-2026\\\/&quot;,&quot;type&quot;:&quot;fete_et_manifestation&quot;,&quot;commune&quot;:&quot;L&#039;Argenti\\u00e8re-la-Bess\\u00e9e&quot;,&quot;type_commerce&quot;:&quot;&quot;,&quot;image&quot;:&quot;https:\\\/\\\/static.apidae-tourisme.com\\\/filestore\\\/objets-touristiques\\\/images\\\/195\\\/189\\\/42319299-diaporama.jpg&quot;,&quot;image_width&quot;:&quot;350&quot;,&quot;image_height&quot;:&quot;350&quot;,&quot;image_fit&quot;:&quot;cover&quot;},{&quot;lat&quot;:&quot;44.825029&quot;,&quot;lng&quot;:&quot;6.500806&quot;,&quot;title&quot;:&quot;Stage Travers&#8217;Arts : &#8220;Sur le Motif&#8221;&quot;,&quot;excerpt&quot;:&quot;&quot;,&quot;permalink&quot;:&quot;https:\\\/\\\/www.paysdesecrins.com\\\/en\\\/fiche\\\/stage-traversarts-sur-le-motif-3\\\/&quot;,&quot;type&quot;:&quot;fete_et_manifestation&quot;,&quot;commune&quot;:&quot;Puy-Saint-Vincent&quot;,&quot;type_commerce&quot;:&quot;&quot;,&quot;image&quot;:&quot;https:\\\/\\\/static.apidae-tourisme.com\\\/filestore\\\/objets-touristiques\\\/images\\\/12\\\/245\\\/41612556-diaporama.jpg&quot;,&quot;image_width&quot;:&quot;350&quot;,&quot;image_height&quot;:&quot;350&quot;,&quot;image_fit&quot;:&quot;cover&quot;},{&quot;lat&quot;:&quot;44.846704&quot;,&quot;lng&quot;:&quot;6.488418&quot;,&quot;title&quot;:&quot;Visite guid\\u00e9e loufoque de Vallouise.&quot;,&quot;excerpt&quot;:&quot;&quot;,&quot;permalink&quot;:&quot;https:\\\/\\\/www.paysdesecrins.com\\\/en\\\/fiche\\\/visite-guidee-loufoque-de-vallouise-4\\\/&quot;,&quot;type&quot;:&quot;fete_et_manifestation&quot;,&quot;commune&quot;:&quot;Vallouise-Pelvoux&quot;,&quot;type_commerce&quot;:&quot;&quot;,&quot;image&quot;:&quot;https:\\\/\\\/static.apidae-tourisme.com\\\/filestore\\\/objets-touristiques\\\/images\\\/243\\\/98\\\/30761715-diaporama.jpg&quot;,&quot;image_width&quot;:&quot;350&quot;,&quot;image_height&quot;:&quot;350&quot;,&quot;image_fit&quot;:&quot;cover&quot;},{&quot;lat&quot;:&quot;44.793105&quot;,&quot;lng&quot;:&quot;6.559306&quot;,&quot;title&quot;:&quot;Festival Latino &amp; tango&quot;,&quot;excerpt&quot;:&quot;&quot;,&quot;permalink&quot;:&quot;https:\\\/\\\/www.paysdesecrins.com\\\/en\\\/fiche\\\/festival-latino-tango-3\\\/&quot;,&quot;type&quot;:&quot;fete_et_manifestation&quot;,&quot;commune&quot;:&quot;L&#039;Argenti\\u00e8re-la-Bess\\u00e9e&quot;,&quot;type_commerce&quot;:&quot;&quot;,&quot;image&quot;:&quot;https:\\\/\\\/static.apidae-tourisme.com\\\/filestore\\\/objets-touristiques\\\/images\\\/190\\\/137\\\/42568126-diaporama.jpg&quot;,&quot;image_width&quot;:&quot;350&quot;,&quot;image_height&quot;:&quot;350&quot;,&quot;image_fit&quot;:&quot;cover&quot;},{&quot;lat&quot;:&quot;44.793105&quot;,&quot;lng&quot;:&quot;6.559306&quot;,&quot;title&quot;:&quot;Spectacle : La femme \\u00e9pluch\\u00e9e, ou comment je suis devenue d\\u00e9esse&quot;,&quot;excerpt&quot;:&quot;&quot;,&quot;permalink&quot;:&quot;https:\\\/\\\/www.paysdesecrins.com\\\/en\\\/fiche\\\/spectacle-la-femme-epluchee-ou-comment-je-suis-devenue-deesse-3\\\/&quot;,&quot;type&quot;:&quot;fete_et_manifestation&quot;,&quot;commune&quot;:&quot;L&#039;Argenti\\u00e8re-la-Bess\\u00e9e&quot;,&quot;type_commerce&quot;:&quot;&quot;,&quot;image&quot;:&quot;https:\\\/\\\/static.apidae-tourisme.com\\\/filestore\\\/objets-touristiques\\\/images\\\/134\\\/121\\\/42563974-diaporama.png&quot;,&quot;image_width&quot;:&quot;350&quot;,&quot;image_height&quot;:&quot;350&quot;,&quot;image_fit&quot;:&quot;cover&quot;},{&quot;lat&quot;:&quot;44.738467&quot;,&quot;lng&quot;:&quot;6.564455&quot;,&quot;title&quot;:&quot;L&#8217;\\u00e9cole des druides&quot;,&quot;excerpt&quot;:&quot;&quot;,&quot;permalink&quot;:&quot;https:\\\/\\\/www.paysdesecrins.com\\\/en\\\/fiche\\\/lecole-des-druides-3\\\/&quot;,&quot;type&quot;:&quot;fete_et_manifestation&quot;,&quot;commune&quot;:&quot;Freissini\\u00e8res&quot;,&quot;type_commerce&quot;:&quot;&quot;,&quot;image&quot;:&quot;https:\\\/\\\/static.apidae-tourisme.com\\\/filestore\\\/objets-touristiques\\\/images\\\/66\\\/214\\\/35968578-diaporama.jpg&quot;,&quot;image_width&quot;:&quot;350&quot;,&quot;image_height&quot;:&quot;350&quot;,&quot;image_fit&quot;:&quot;cover&quot;},{&quot;lat&quot;:&quot;44.838932&quot;,&quot;lng&quot;:&quot;6.492244&quot;,&quot;title&quot;:&quot;Randonn\\u00e9e en libert\\u00e9 sur le promontoire de Vallouise&quot;,&quot;excerpt&quot;:&quot;&quot;,&quot;permalink&quot;:&quot;https:\\\/\\\/www.paysdesecrins.com\\\/en\\\/fiche\\\/randonnee-en-liberte-sur-le-promontoire-de-vallouise-3\\\/&quot;,&quot;type&quot;:&quot;fete_et_manifestation&quot;,&quot;commune&quot;:&quot;Vallouise-Pelvoux&quot;,&quot;type_commerce&quot;:&quot;&quot;,&quot;image&quot;:&quot;https:\\\/\\\/static.apidae-tourisme.com\\\/filestore\\\/objets-touristiques\\\/images\\\/58\\\/67\\\/12272442-diaporama.jpg&quot;,&quot;image_width&quot;:&quot;350&quot;,&quot;image_height&quot;:&quot;350&quot;,&quot;image_fit&quot;:&quot;cover&quot;},{&quot;lat&quot;:&quot;44.794652&quot;,&quot;lng&quot;:&quot;6.559238&quot;,&quot;title&quot;:&quot;Foul\\u00e9es givr\\u00e9es&quot;,&quot;excerpt&quot;:&quot;&quot;,&quot;permalink&quot;:&quot;https:\\\/\\\/www.paysdesecrins.com\\\/en\\\/fiche\\\/foulees-givrees-3\\\/&quot;,&quot;type&quot;:&quot;fete_et_manifestation&quot;,&quot;commune&quot;:&quot;L&#039;Argenti\\u00e8re-la-Bess\\u00e9e&quot;,&quot;type_commerce&quot;:&quot;&quot;,&quot;image&quot;:&quot;https:\\\/\\\/static.apidae-tourisme.com\\\/filestore\\\/objets-touristiques\\\/images\\\/206\\\/231\\\/33155022-diaporama.jpg&quot;,&quot;image_width&quot;:&quot;350&quot;,&quot;image_height&quot;:&quot;350&quot;,&quot;image_fit&quot;:&quot;cover&quot;}],&quot;center_lat&quot;:&quot;44.824708&quot;,&quot;center_lng&quot;:&quot;6.541909&quot;}<\/div><\/div><\/div><\/div><\/div>\n<div class=\"wp-block-ws-library-ws-share\"><span class=\"share-subtitle\">Did you like this page?<\/span><span class=\"share-title\">Share it!<\/span><button class=\"ws-share-button wp-element-button\">Share this page<\/button><\/div>\n","protected":false},"excerpt":{"rendered":"","protected":false},"author":4,"featured_media":277005,"parent":45184,"menu_order":0,"comment_status":"closed","ping_status":"closed","template":"","meta":{"_thumbnail_id_2":0,"summer_excerpt":"","season":"","station":"","footnotes":""},"class_list":["post-45147","page","type-page","status-publish","has-post-thumbnail","hentry"],"yoast_head":"<!-- This site is optimized with the Yoast SEO plugin v28.3 - https:\/\/yoast.com\/product\/yoast-seo-wordpress\/ -->\n<title>Activities in the Pays des \u00c9crins - Pays des \u00c9crins - Office de Tourisme<\/title>\n<meta name=\"robots\" content=\"index, follow, max-snippet:-1, max-image-preview:large, max-video-preview:-1\" \/>\n<link rel=\"canonical\" href=\"https:\/\/www.paysdesecrins.com\/en\/major-events-in-the-pays-des-ecrins\/entertainment-and-events\/events-in-the-pays-des-ecrins\/\" \/>\n<meta property=\"og:locale\" content=\"en_US\" \/>\n<meta property=\"og:type\" content=\"article\" \/>\n<meta property=\"og:title\" content=\"Activities in the Pays des \u00c9crins - Pays des \u00c9crins - Office de Tourisme\" \/>\n<meta property=\"og:url\" content=\"https:\/\/www.paysdesecrins.com\/en\/major-events-in-the-pays-des-ecrins\/entertainment-and-events\/events-in-the-pays-des-ecrins\/\" \/>\n<meta property=\"og:site_name\" content=\"Pays des \u00c9crins - Office de Tourisme\" \/>\n<meta property=\"article:modified_time\" content=\"2025-08-14T07:38:04+00:00\" \/>\n<meta property=\"og:image\" content=\"https:\/\/www.paysdesecrins.com\/wp-content\/uploads\/2025\/07\/img-3985-scaled.jpg\" \/>\n\t<meta property=\"og:image:width\" content=\"2560\" \/>\n\t<meta property=\"og:image:height\" content=\"1707\" \/>\n\t<meta property=\"og:image:type\" content=\"image\/jpeg\" \/>\n<meta name=\"twitter:card\" content=\"summary_large_image\" \/>\n<script type=\"application\/ld+json\" class=\"yoast-schema-graph\">{\"@context\":\"https:\\\/\\\/schema.org\",\"@graph\":[{\"@type\":\"WebPage\",\"@id\":\"https:\\\/\\\/www.paysdesecrins.com\\\/en\\\/major-events-in-the-pays-des-ecrins\\\/entertainment-and-events\\\/events-in-the-pays-des-ecrins\\\/\",\"url\":\"https:\\\/\\\/www.paysdesecrins.com\\\/en\\\/major-events-in-the-pays-des-ecrins\\\/entertainment-and-events\\\/events-in-the-pays-des-ecrins\\\/\",\"name\":\"Activities in the Pays des \u00c9crins - Pays des \u00c9crins - Office de Tourisme\",\"isPartOf\":{\"@id\":\"https:\\\/\\\/www.paysdesecrins.com\\\/en\\\/#website\"},\"primaryImageOfPage\":{\"@id\":\"https:\\\/\\\/www.paysdesecrins.com\\\/en\\\/major-events-in-the-pays-des-ecrins\\\/entertainment-and-events\\\/events-in-the-pays-des-ecrins\\\/#primaryimage\"},\"image\":{\"@id\":\"https:\\\/\\\/www.paysdesecrins.com\\\/en\\\/major-events-in-the-pays-des-ecrins\\\/entertainment-and-events\\\/events-in-the-pays-des-ecrins\\\/#primaryimage\"},\"thumbnailUrl\":\"https:\\\/\\\/www.paysdesecrins.com\\\/wp-content\\\/uploads\\\/2026\\\/07\\\/07-25-23-festival-de-contes-37-scaled.jpg\",\"datePublished\":\"2025-07-24T09:40:41+00:00\",\"dateModified\":\"2025-08-14T07:38:04+00:00\",\"breadcrumb\":{\"@id\":\"https:\\\/\\\/www.paysdesecrins.com\\\/en\\\/major-events-in-the-pays-des-ecrins\\\/entertainment-and-events\\\/events-in-the-pays-des-ecrins\\\/#breadcrumb\"},\"inLanguage\":\"en-US\",\"potentialAction\":[{\"@type\":\"ReadAction\",\"target\":[\"https:\\\/\\\/www.paysdesecrins.com\\\/en\\\/major-events-in-the-pays-des-ecrins\\\/entertainment-and-events\\\/events-in-the-pays-des-ecrins\\\/\"]}]},{\"@type\":\"ImageObject\",\"inLanguage\":\"en-US\",\"@id\":\"https:\\\/\\\/www.paysdesecrins.com\\\/en\\\/major-events-in-the-pays-des-ecrins\\\/entertainment-and-events\\\/events-in-the-pays-des-ecrins\\\/#primaryimage\",\"url\":\"https:\\\/\\\/www.paysdesecrins.com\\\/wp-content\\\/uploads\\\/2026\\\/07\\\/07-25-23-festival-de-contes-37-scaled.jpg\",\"contentUrl\":\"https:\\\/\\\/www.paysdesecrins.com\\\/wp-content\\\/uploads\\\/2026\\\/07\\\/07-25-23-festival-de-contes-37-scaled.jpg\",\"width\":2560,\"height\":1707},{\"@type\":\"BreadcrumbList\",\"@id\":\"https:\\\/\\\/www.paysdesecrins.com\\\/en\\\/major-events-in-the-pays-des-ecrins\\\/entertainment-and-events\\\/events-in-the-pays-des-ecrins\\\/#breadcrumb\",\"itemListElement\":[{\"@type\":\"ListItem\",\"position\":1,\"name\":\"Home\",\"item\":\"https:\\\/\\\/www.paysdesecrins.com\\\/en\\\/the-title-of-the-home\\\/\"},{\"@type\":\"ListItem\",\"position\":2,\"name\":\"Major events in the Pays des Ecrins\",\"item\":\"https:\\\/\\\/www.paysdesecrins.com\\\/en\\\/major-events-in-the-pays-des-ecrins\\\/\"},{\"@type\":\"ListItem\",\"position\":3,\"name\":\"Entertainment and events\",\"item\":\"https:\\\/\\\/www.paysdesecrins.com\\\/en\\\/major-events-in-the-pays-des-ecrins\\\/entertainment-and-events\\\/\"},{\"@type\":\"ListItem\",\"position\":4,\"name\":\"Activities in the Pays des \u00c9crins\"}]},{\"@type\":\"WebSite\",\"@id\":\"https:\\\/\\\/www.paysdesecrins.com\\\/en\\\/#website\",\"url\":\"https:\\\/\\\/www.paysdesecrins.com\\\/en\\\/\",\"name\":\"Pays des \u00c9crins - Office de Tourisme\",\"description\":\"L&#039;esprit montagne\",\"publisher\":{\"@id\":\"https:\\\/\\\/www.paysdesecrins.com\\\/en\\\/#organization\"},\"potentialAction\":[{\"@type\":\"SearchAction\",\"target\":{\"@type\":\"EntryPoint\",\"urlTemplate\":\"https:\\\/\\\/www.paysdesecrins.com\\\/en\\\/?s={search_term_string}\"},\"query-input\":{\"@type\":\"PropertyValueSpecification\",\"valueRequired\":true,\"valueName\":\"search_term_string\"}}],\"inLanguage\":\"en-US\"},{\"@type\":\"Organization\",\"@id\":\"https:\\\/\\\/www.paysdesecrins.com\\\/en\\\/#organization\",\"name\":\"Pays des \u00c9crins - Office de Tourisme\",\"url\":\"https:\\\/\\\/www.paysdesecrins.com\\\/en\\\/\",\"logo\":{\"@type\":\"ImageObject\",\"inLanguage\":\"en-US\",\"@id\":\"https:\\\/\\\/www.paysdesecrins.com\\\/en\\\/#\\\/schema\\\/logo\\\/image\\\/\",\"url\":\"https:\\\/\\\/www.paysdesecrins.com\\\/wp-content\\\/uploads\\\/2025\\\/06\\\/devina-svg-1750845694.svg\",\"contentUrl\":\"https:\\\/\\\/www.paysdesecrins.com\\\/wp-content\\\/uploads\\\/2025\\\/06\\\/devina-svg-1750845694.svg\",\"caption\":\"Pays des \u00c9crins - Office de Tourisme\"},\"image\":{\"@id\":\"https:\\\/\\\/www.paysdesecrins.com\\\/en\\\/#\\\/schema\\\/logo\\\/image\\\/\"}}]}<\/script>\n<!-- \/ Yoast SEO plugin. -->","yoast_head_json":{"title":"Activities in the Pays des \u00c9crins - Pays des \u00c9crins - Office de Tourisme","robots":{"index":"index","follow":"follow","max-snippet":"max-snippet:-1","max-image-preview":"max-image-preview:large","max-video-preview":"max-video-preview:-1"},"canonical":"https:\/\/www.paysdesecrins.com\/en\/major-events-in-the-pays-des-ecrins\/entertainment-and-events\/events-in-the-pays-des-ecrins\/","og_locale":"en_US","og_type":"article","og_title":"Activities in the Pays des \u00c9crins - Pays des \u00c9crins - Office de Tourisme","og_url":"https:\/\/www.paysdesecrins.com\/en\/major-events-in-the-pays-des-ecrins\/entertainment-and-events\/events-in-the-pays-des-ecrins\/","og_site_name":"Pays des \u00c9crins - Office de Tourisme","article_modified_time":"2025-08-14T07:38:04+00:00","og_image":[{"width":2560,"height":1707,"url":"https:\/\/www.paysdesecrins.com\/wp-content\/uploads\/2025\/07\/img-3985-scaled.jpg","type":"image\/jpeg"}],"twitter_card":"summary_large_image","schema":{"@context":"https:\/\/schema.org","@graph":[{"@type":"WebPage","@id":"https:\/\/www.paysdesecrins.com\/en\/major-events-in-the-pays-des-ecrins\/entertainment-and-events\/events-in-the-pays-des-ecrins\/","url":"https:\/\/www.paysdesecrins.com\/en\/major-events-in-the-pays-des-ecrins\/entertainment-and-events\/events-in-the-pays-des-ecrins\/","name":"Activities in the Pays des \u00c9crins - Pays des \u00c9crins - Office de Tourisme","isPartOf":{"@id":"https:\/\/www.paysdesecrins.com\/en\/#website"},"primaryImageOfPage":{"@id":"https:\/\/www.paysdesecrins.com\/en\/major-events-in-the-pays-des-ecrins\/entertainment-and-events\/events-in-the-pays-des-ecrins\/#primaryimage"},"image":{"@id":"https:\/\/www.paysdesecrins.com\/en\/major-events-in-the-pays-des-ecrins\/entertainment-and-events\/events-in-the-pays-des-ecrins\/#primaryimage"},"thumbnailUrl":"https:\/\/www.paysdesecrins.com\/wp-content\/uploads\/2026\/07\/07-25-23-festival-de-contes-37-scaled.jpg","datePublished":"2025-07-24T09:40:41+00:00","dateModified":"2025-08-14T07:38:04+00:00","breadcrumb":{"@id":"https:\/\/www.paysdesecrins.com\/en\/major-events-in-the-pays-des-ecrins\/entertainment-and-events\/events-in-the-pays-des-ecrins\/#breadcrumb"},"inLanguage":"en-US","potentialAction":[{"@type":"ReadAction","target":["https:\/\/www.paysdesecrins.com\/en\/major-events-in-the-pays-des-ecrins\/entertainment-and-events\/events-in-the-pays-des-ecrins\/"]}]},{"@type":"ImageObject","inLanguage":"en-US","@id":"https:\/\/www.paysdesecrins.com\/en\/major-events-in-the-pays-des-ecrins\/entertainment-and-events\/events-in-the-pays-des-ecrins\/#primaryimage","url":"https:\/\/www.paysdesecrins.com\/wp-content\/uploads\/2026\/07\/07-25-23-festival-de-contes-37-scaled.jpg","contentUrl":"https:\/\/www.paysdesecrins.com\/wp-content\/uploads\/2026\/07\/07-25-23-festival-de-contes-37-scaled.jpg","width":2560,"height":1707},{"@type":"BreadcrumbList","@id":"https:\/\/www.paysdesecrins.com\/en\/major-events-in-the-pays-des-ecrins\/entertainment-and-events\/events-in-the-pays-des-ecrins\/#breadcrumb","itemListElement":[{"@type":"ListItem","position":1,"name":"Home","item":"https:\/\/www.paysdesecrins.com\/en\/the-title-of-the-home\/"},{"@type":"ListItem","position":2,"name":"Major events in the Pays des Ecrins","item":"https:\/\/www.paysdesecrins.com\/en\/major-events-in-the-pays-des-ecrins\/"},{"@type":"ListItem","position":3,"name":"Entertainment and events","item":"https:\/\/www.paysdesecrins.com\/en\/major-events-in-the-pays-des-ecrins\/entertainment-and-events\/"},{"@type":"ListItem","position":4,"name":"Activities in the Pays des \u00c9crins"}]},{"@type":"WebSite","@id":"https:\/\/www.paysdesecrins.com\/en\/#website","url":"https:\/\/www.paysdesecrins.com\/en\/","name":"Pays des \u00c9crins - Office de Tourisme","description":"L&#039;esprit montagne","publisher":{"@id":"https:\/\/www.paysdesecrins.com\/en\/#organization"},"potentialAction":[{"@type":"SearchAction","target":{"@type":"EntryPoint","urlTemplate":"https:\/\/www.paysdesecrins.com\/en\/?s={search_term_string}"},"query-input":{"@type":"PropertyValueSpecification","valueRequired":true,"valueName":"search_term_string"}}],"inLanguage":"en-US"},{"@type":"Organization","@id":"https:\/\/www.paysdesecrins.com\/en\/#organization","name":"Pays des \u00c9crins - Office de Tourisme","url":"https:\/\/www.paysdesecrins.com\/en\/","logo":{"@type":"ImageObject","inLanguage":"en-US","@id":"https:\/\/www.paysdesecrins.com\/en\/#\/schema\/logo\/image\/","url":"https:\/\/www.paysdesecrins.com\/wp-content\/uploads\/2025\/06\/devina-svg-1750845694.svg","contentUrl":"https:\/\/www.paysdesecrins.com\/wp-content\/uploads\/2025\/06\/devina-svg-1750845694.svg","caption":"Pays des \u00c9crins - Office de Tourisme"},"image":{"@id":"https:\/\/www.paysdesecrins.com\/en\/#\/schema\/logo\/image\/"}}]}},"_links":{"self":[{"href":"https:\/\/www.paysdesecrins.com\/en\/wp-json\/wp\/v2\/pages\/45147","targetHints":{"allow":["GET"]}}],"collection":[{"href":"https:\/\/www.paysdesecrins.com\/en\/wp-json\/wp\/v2\/pages"}],"about":[{"href":"https:\/\/www.paysdesecrins.com\/en\/wp-json\/wp\/v2\/types\/page"}],"author":[{"embeddable":true,"href":"https:\/\/www.paysdesecrins.com\/en\/wp-json\/wp\/v2\/users\/4"}],"replies":[{"embeddable":true,"href":"https:\/\/www.paysdesecrins.com\/en\/wp-json\/wp\/v2\/comments?post=45147"}],"version-history":[{"count":1,"href":"https:\/\/www.paysdesecrins.com\/en\/wp-json\/wp\/v2\/pages\/45147\/revisions"}],"predecessor-version":[{"id":99900,"href":"https:\/\/www.paysdesecrins.com\/en\/wp-json\/wp\/v2\/pages\/45147\/revisions\/99900"}],"up":[{"embeddable":true,"href":"https:\/\/www.paysdesecrins.com\/en\/wp-json\/wp\/v2\/pages\/45184"}],"wp:featuredmedia":[{"embeddable":true,"href":"https:\/\/www.paysdesecrins.com\/en\/wp-json\/wp\/v2\/media\/277005"}],"wp:attachment":[{"href":"https:\/\/www.paysdesecrins.com\/en\/wp-json\/wp\/v2\/media?parent=45147"}],"curies":[{"name":"wp","href":"https:\/\/api.w.org\/{rel}","templated":true}]}}