{"id":45153,"date":"2025-06-25T15:44:53","date_gmt":"2025-06-25T13:44:53","guid":{"rendered":"https:\/\/www.paysdesecrins.com\/my-resort-my-village\/freissinieres-dormillouse\/"},"modified":"2025-08-13T15:12:45","modified_gmt":"2025-08-13T13:12:45","slug":"freissinieres-dormillouse","status":"publish","type":"page","link":"https:\/\/www.paysdesecrins.com\/en\/my-resort-my-village\/freissinieres-dormillouse\/","title":{"rendered":"Freissini\u00e8res"},"content":{"rendered":"    <div class=\"alignfull wp-block-ws-library-ws-header-interne\" data-season=\"summer\">\n\t    <div class=\"header-container\">\n\t        <div class=\"group-media has-image\">\n\t            \t                <img decoding=\"async\" src=\"https:\/\/www.paysdesecrins.com\/wp-content\/uploads\/2025\/07\/vallon-de-chichin-1920x800.jpg\" alt=\"\" class=\"image_large_square wp-image-48601\" \/>\n\t            \t        <\/div>\n\t        <div class=\"group-content\">\n\t            <div class=\"title\">\n\t                <h1>\n\t                    Freissini\u00e8res\t                    \t                <\/h1>\n\t            <\/div>\n\t        <\/div>\n\t    <\/div>\n\t    \n<div class=\"yoast-breadcrumbs\"><span><span><a href=\"https:\/\/www.paysdesecrins.com\/en\/the-title-of-the-home\/\">Home<\/a><\/span>  <span><a href=\"https:\/\/www.paysdesecrins.com\/en\/ma-station-mon-village\/\">My resort, my village<\/a><\/span>  <span class=\"breadcrumb_last\" aria-current=\"page\">Freissini\u00e8res<\/span><\/span><\/div>\n    <\/div>\n        <div class=\"alignfull wp-block-ws-library-ws-header-interne\" data-season=\"winter\">\n\t    <div class=\"header-container\">\n\t        <div class=\"group-media has-image\">\n\t            \t                <img decoding=\"async\" src=\"https:\/\/www.paysdesecrins.com\/wp-content\/uploads\/2025\/07\/paysages-et-ski-autour-de-dormillouse-6-1920x800.jpg\" alt=\"\" class=\"image_large_square wp-image-48606\" \/>\n\t            \t        <\/div>\n\t        <div class=\"group-content\">\n\t            <div class=\"title\">\n\t                <h1>\n\t                    Freissini\u00e8res\t                    \t                <\/h1>\n\t            <\/div>\n\t        <\/div>\n\t    <\/div>\n\t    \n<div class=\"yoast-breadcrumbs\"><span><span><a href=\"https:\/\/www.paysdesecrins.com\/en\/the-title-of-the-home\/\">Home<\/a><\/span>  <span><a href=\"https:\/\/www.paysdesecrins.com\/en\/ma-station-mon-village\/\">My resort, my village<\/a><\/span>  <span class=\"breadcrumb_last\" aria-current=\"page\">Freissini\u00e8res<\/span><\/span><\/div>\n    <\/div>\n    \n<div class=\"wp-block-ws-library-ws-list-pictos\">\n<div class=\"wp-block-ws-library-ws-text-icon ws-text-icon\"><div class=\"group-content\"><p class=\"field-description\"><\/p><\/div><\/div>\n<\/div>\n\n<div class=\"wp-block-ws-library-ws-title aligncenter is-style-simple\"><h2><em>An authentic valley<\/em>In the heart of the National Park<\/h2><\/div>\n\n<p class=\"has-text-align-center\">Freissini\u00e8res stretches over 20 km of suspended valley along the Biaysse, between 1,180 m and 1,780 m above sea level, protected by a belt of ridges culminating at 3,200 m. Composed of 13 hamlets, the commune offers in all seasons a preserved setting conducive to hiking, the discovery of numerous waterfalls and Nordic skiing. Perched at 1,800 m, Dormillouse \u2014 accessible after a 45-minute walk \u2014 is the most isolated year-round village in France.  <\/p>\n\n<div class=\"wp-block-ws-library-ws-button has-text-align-center is-style-outline\"><a href=\"https:\/\/www.paysdesecrins.com\/en\/i-choose\/access-and-shuttles\/\" class=\"wp-block-button__link wp-element-button btn\">  Access and shuttles<\/a><\/div>\n\n<div style=\"height:20px\" aria-hidden=\"true\" class=\"wp-block-spacer\"><\/div>\n\n<div class=\"wp-block-ws-library-ws-title aligncenter is-style-simple\"><h2>I want to discover<\/h2><\/div>\n<div class=\"alignwide wp-block-ws-library-ws-list-childs\"><div class=\"child-pages-list list-items list-2-3-4\"><div class=\"item\" data-season=\"all-seasons\"><div class=\"card card-child\"><div class=\"group-media\"><div class=\"field-image\"><img decoding=\"async\" width=\"400\" height=\"400\" src=\"https:\/\/www.paysdesecrins.com\/wp-content\/uploads\/2025\/07\/21cascade-de-glacerogiervanrijn-400x400.jpg\" class=\"winter wp-post-image\" alt=\"\" loading=\"lazy\" data-season=\"winter\" srcset=\"https:\/\/www.paysdesecrins.com\/wp-content\/uploads\/2025\/07\/21cascade-de-glacerogiervanrijn-400x400.jpg 400w, https:\/\/www.paysdesecrins.com\/wp-content\/uploads\/2025\/07\/21cascade-de-glacerogiervanrijn-150x150.jpg 150w, https:\/\/www.paysdesecrins.com\/wp-content\/uploads\/2025\/07\/21cascade-de-glacerogiervanrijn-600x600.jpg 600w, https:\/\/www.paysdesecrins.com\/wp-content\/uploads\/2025\/07\/21cascade-de-glacerogiervanrijn-300x300.jpg 300w, https:\/\/www.paysdesecrins.com\/wp-content\/uploads\/2025\/07\/21cascade-de-glacerogiervanrijn-570x570.jpg 570w\" sizes=\"auto, (max-width: 400px) 100vw, 400px\" \/><img loading=\"lazy\" decoding=\"async\" width=\"400\" height=\"400\" src=\"https:\/\/www.paysdesecrins.com\/wp-content\/uploads\/2025\/07\/bivouac-au-lac-faravel-et-boucle-des-3-lacs-13-1-400x400.jpg\" class=\"vivaldi-thumb summer\" alt=\"\" data-season=\"summer\" srcset=\"https:\/\/www.paysdesecrins.com\/wp-content\/uploads\/2025\/07\/bivouac-au-lac-faravel-et-boucle-des-3-lacs-13-1-400x400.jpg 400w, https:\/\/www.paysdesecrins.com\/wp-content\/uploads\/2025\/07\/bivouac-au-lac-faravel-et-boucle-des-3-lacs-13-1-150x150.jpg 150w, https:\/\/www.paysdesecrins.com\/wp-content\/uploads\/2025\/07\/bivouac-au-lac-faravel-et-boucle-des-3-lacs-13-1-600x600.jpg 600w, https:\/\/www.paysdesecrins.com\/wp-content\/uploads\/2025\/07\/bivouac-au-lac-faravel-et-boucle-des-3-lacs-13-1-300x300.jpg 300w, https:\/\/www.paysdesecrins.com\/wp-content\/uploads\/2025\/07\/bivouac-au-lac-faravel-et-boucle-des-3-lacs-13-1-570x570.jpg 570w, https:\/\/www.paysdesecrins.com\/wp-content\/uploads\/2025\/07\/bivouac-au-lac-faravel-et-boucle-des-3-lacs-13-1-scaled-480x480.jpg 480w\" sizes=\"auto, (max-width: 400px) 100vw, 400px\" \/><\/div><\/div><div class=\"group-content\"><span class=\"field-title\">Outdoor activities in Freissini\u00e8res<\/span><\/div><div class=\"field-link\"><a href=\"https:\/\/www.paysdesecrins.com\/en\/my-resort-my-village\/freissinieres-dormillouse\/activities\/\" class=\"cardlink\">Voir plus<\/a><\/div><\/div><\/div><div class=\"item\" data-season=\"all-seasons\"><div class=\"card card-child\"><div class=\"group-media\"><div class=\"field-image\"><img decoding=\"async\" width=\"400\" height=\"400\" src=\"https:\/\/www.paysdesecrins.com\/wp-content\/uploads\/2025\/07\/02-14-2024-refuge-oncle-emile-83-400x400.jpg\" class=\"winter all-seasons wp-post-image\" alt=\"\" loading=\"lazy\" data-season=\"all-seasons\" srcset=\"https:\/\/www.paysdesecrins.com\/wp-content\/uploads\/2025\/07\/02-14-2024-refuge-oncle-emile-83-400x400.jpg 400w, https:\/\/www.paysdesecrins.com\/wp-content\/uploads\/2025\/07\/02-14-2024-refuge-oncle-emile-83-150x150.jpg 150w, https:\/\/www.paysdesecrins.com\/wp-content\/uploads\/2025\/07\/02-14-2024-refuge-oncle-emile-83-600x600.jpg 600w, https:\/\/www.paysdesecrins.com\/wp-content\/uploads\/2025\/07\/02-14-2024-refuge-oncle-emile-83-300x300.jpg 300w, https:\/\/www.paysdesecrins.com\/wp-content\/uploads\/2025\/07\/02-14-2024-refuge-oncle-emile-83-570x570.jpg 570w\" sizes=\"auto, (max-width: 400px) 100vw, 400px\" \/><\/div><\/div><div class=\"group-content\"><span class=\"field-title\">Accommodations in Freissini\u00e8res<\/span><\/div><div class=\"field-link\"><a href=\"https:\/\/www.paysdesecrins.com\/en\/my-resort-my-village\/freissinieres-dormillouse\/all-accommodations\/\" class=\"cardlink\">Voir plus<\/a><\/div><\/div><\/div><div class=\"item\" data-season=\"all-seasons\"><div class=\"card card-child\"><div class=\"group-media\"><div class=\"field-image is-default\"><img decoding=\"async\" src=\"https:\/\/www.paysdesecrins.com\/wp-content\/uploads\/2025\/06\/cropped-paysdesecrins-300x300.png\" alt=\"Pays des \u00c9crins - Office de Tourisme\" style=\"filter: grayscale(100%);\" loading=\"lazy\" \/><\/div><\/div><div class=\"group-content\"><span class=\"field-title\">Services (post offices, doctors, daycares, etc.)<\/span><\/div><div class=\"field-link\"><a href=\"https:\/\/www.paysdesecrins.com\/en\/my-resort-my-village\/freissinieres-dormillouse\/services-post-offices-doctors-daycares-etc\/\" class=\"cardlink\">Voir plus<\/a><\/div><\/div><\/div><div class=\"item\" data-season=\"all-seasons\"><div class=\"card card-child\"><div class=\"group-media\"><div class=\"field-image\"><img decoding=\"async\" width=\"400\" height=\"400\" src=\"https:\/\/www.paysdesecrins.com\/wp-content\/uploads\/2025\/07\/08-07-24-mets-et-spiritueux-50-400x400.jpg\" class=\"winter all-seasons wp-post-image\" alt=\"\" loading=\"lazy\" data-season=\"all-seasons\" srcset=\"https:\/\/www.paysdesecrins.com\/wp-content\/uploads\/2025\/07\/08-07-24-mets-et-spiritueux-50-400x400.jpg 400w, https:\/\/www.paysdesecrins.com\/wp-content\/uploads\/2025\/07\/08-07-24-mets-et-spiritueux-50-150x150.jpg 150w, https:\/\/www.paysdesecrins.com\/wp-content\/uploads\/2025\/07\/08-07-24-mets-et-spiritueux-50-600x600.jpg 600w, https:\/\/www.paysdesecrins.com\/wp-content\/uploads\/2025\/07\/08-07-24-mets-et-spiritueux-50-300x300.jpg 300w, https:\/\/www.paysdesecrins.com\/wp-content\/uploads\/2025\/07\/08-07-24-mets-et-spiritueux-50-570x570.jpg 570w\" sizes=\"auto, (max-width: 400px) 100vw, 400px\" \/><\/div><\/div><div class=\"group-content\"><span class=\"field-title\">Equipment and shops in Freissini\u00e8res<\/span><\/div><div class=\"field-link\"><a href=\"https:\/\/www.paysdesecrins.com\/en\/my-resort-my-village\/freissinieres-dormillouse\/equipment-shops-shops-shops\/\" class=\"cardlink\">Voir plus<\/a><\/div><\/div><\/div><div class=\"item\" data-season=\"all-seasons\"><div class=\"card card-child\"><div class=\"group-media\"><div class=\"field-image\"><img decoding=\"async\" width=\"400\" height=\"400\" src=\"https:\/\/www.paysdesecrins.com\/wp-content\/uploads\/2025\/07\/07-07-24-fete-du-pain-65-400x400.jpg\" class=\"winter all-seasons wp-post-image\" alt=\"\" loading=\"lazy\" data-season=\"all-seasons\" srcset=\"https:\/\/www.paysdesecrins.com\/wp-content\/uploads\/2025\/07\/07-07-24-fete-du-pain-65-400x400.jpg 400w, https:\/\/www.paysdesecrins.com\/wp-content\/uploads\/2025\/07\/07-07-24-fete-du-pain-65-150x150.jpg 150w, https:\/\/www.paysdesecrins.com\/wp-content\/uploads\/2025\/07\/07-07-24-fete-du-pain-65-600x600.jpg 600w, https:\/\/www.paysdesecrins.com\/wp-content\/uploads\/2025\/07\/07-07-24-fete-du-pain-65-300x300.jpg 300w, https:\/\/www.paysdesecrins.com\/wp-content\/uploads\/2025\/07\/07-07-24-fete-du-pain-65-570x570.jpg 570w\" sizes=\"auto, (max-width: 400px) 100vw, 400px\" \/><\/div><\/div><div class=\"group-content\"><span class=\"field-title\">Event in Freissini\u00e8res<\/span><\/div><div class=\"field-link\"><a href=\"https:\/\/www.paysdesecrins.com\/en\/my-resort-my-village\/freissinieres-dormillouse\/event\/\" class=\"cardlink\">Voir plus<\/a><\/div><\/div><\/div><div class=\"item\" data-season=\"all-seasons\"><div class=\"card card-child\"><div class=\"group-media\"><div class=\"field-image\"><img decoding=\"async\" width=\"400\" height=\"400\" src=\"https:\/\/www.paysdesecrins.com\/wp-content\/uploads\/2025\/07\/image-2-400x400.png\" class=\"winter wp-post-image\" alt=\"\" loading=\"lazy\" data-season=\"winter\" srcset=\"https:\/\/www.paysdesecrins.com\/wp-content\/uploads\/2025\/07\/image-2-400x400.png 400w, https:\/\/www.paysdesecrins.com\/wp-content\/uploads\/2025\/07\/image-2-150x150.png 150w, https:\/\/www.paysdesecrins.com\/wp-content\/uploads\/2025\/07\/image-2-600x600.png 600w, https:\/\/www.paysdesecrins.com\/wp-content\/uploads\/2025\/07\/image-2-480x480.png 480w\" sizes=\"auto, (max-width: 400px) 100vw, 400px\" \/><img loading=\"lazy\" decoding=\"async\" width=\"400\" height=\"400\" src=\"https:\/\/www.paysdesecrins.com\/wp-content\/uploads\/2025\/07\/19villages-lesvigneauximg-1654-400x400.jpg\" class=\"vivaldi-thumb summer\" alt=\"\" data-season=\"summer\" srcset=\"https:\/\/www.paysdesecrins.com\/wp-content\/uploads\/2025\/07\/19villages-lesvigneauximg-1654-400x400.jpg 400w, https:\/\/www.paysdesecrins.com\/wp-content\/uploads\/2025\/07\/19villages-lesvigneauximg-1654-150x150.jpg 150w, https:\/\/www.paysdesecrins.com\/wp-content\/uploads\/2025\/07\/19villages-lesvigneauximg-1654-600x600.jpg 600w, https:\/\/www.paysdesecrins.com\/wp-content\/uploads\/2025\/07\/19villages-lesvigneauximg-1654-300x300.jpg 300w, https:\/\/www.paysdesecrins.com\/wp-content\/uploads\/2025\/07\/19villages-lesvigneauximg-1654-570x570.jpg 570w, https:\/\/www.paysdesecrins.com\/wp-content\/uploads\/2025\/07\/19villages-lesvigneauximg-1654-scaled-480x480.jpg 480w\" sizes=\"auto, (max-width: 400px) 100vw, 400px\" \/><\/div><\/div><div class=\"group-content\"><span class=\"field-title\">Activities in Freissini\u00e8res<\/span><\/div><div class=\"field-link\"><a href=\"https:\/\/www.paysdesecrins.com\/en\/my-resort-my-village\/freissinieres-dormillouse\/animation\/\" class=\"cardlink\">Voir plus<\/a><\/div><\/div><\/div><div class=\"item\" data-season=\"all-seasons\"><div class=\"card card-child\"><div class=\"group-media\"><div class=\"field-image\"><img decoding=\"async\" width=\"400\" height=\"400\" src=\"https:\/\/www.paysdesecrins.com\/wp-content\/uploads\/2025\/07\/paysages-et-ski-autour-de-dormillouse-6-400x400.jpg\" class=\"winter wp-post-image\" alt=\"\" loading=\"lazy\" data-season=\"winter\" srcset=\"https:\/\/www.paysdesecrins.com\/wp-content\/uploads\/2025\/07\/paysages-et-ski-autour-de-dormillouse-6-400x400.jpg 400w, https:\/\/www.paysdesecrins.com\/wp-content\/uploads\/2025\/07\/paysages-et-ski-autour-de-dormillouse-6-150x150.jpg 150w, https:\/\/www.paysdesecrins.com\/wp-content\/uploads\/2025\/07\/paysages-et-ski-autour-de-dormillouse-6-600x600.jpg 600w, https:\/\/www.paysdesecrins.com\/wp-content\/uploads\/2025\/07\/paysages-et-ski-autour-de-dormillouse-6-300x300.jpg 300w, https:\/\/www.paysdesecrins.com\/wp-content\/uploads\/2025\/07\/paysages-et-ski-autour-de-dormillouse-6-570x570.jpg 570w\" sizes=\"auto, (max-width: 400px) 100vw, 400px\" \/><img loading=\"lazy\" decoding=\"async\" width=\"400\" height=\"400\" src=\"https:\/\/www.paysdesecrins.com\/wp-content\/uploads\/2025\/07\/16sitesdexception-dormillouse-dormillouse-15-400x400.jpg\" class=\"vivaldi-thumb summer\" alt=\"\" data-season=\"summer\" srcset=\"https:\/\/www.paysdesecrins.com\/wp-content\/uploads\/2025\/07\/16sitesdexception-dormillouse-dormillouse-15-400x400.jpg 400w, https:\/\/www.paysdesecrins.com\/wp-content\/uploads\/2025\/07\/16sitesdexception-dormillouse-dormillouse-15-150x150.jpg 150w, https:\/\/www.paysdesecrins.com\/wp-content\/uploads\/2025\/07\/16sitesdexception-dormillouse-dormillouse-15-600x600.jpg 600w, https:\/\/www.paysdesecrins.com\/wp-content\/uploads\/2025\/07\/16sitesdexception-dormillouse-dormillouse-15-300x300.jpg 300w, https:\/\/www.paysdesecrins.com\/wp-content\/uploads\/2025\/07\/16sitesdexception-dormillouse-dormillouse-15-570x570.jpg 570w, https:\/\/www.paysdesecrins.com\/wp-content\/uploads\/2025\/07\/16sitesdexception-dormillouse-dormillouse-15-scaled-480x480.jpg 480w\" sizes=\"auto, (max-width: 400px) 100vw, 400px\" \/><\/div><\/div><div class=\"group-content\"><span class=\"field-title\">Cultural activities and heritage in Freissini\u00e8res<\/span><\/div><div class=\"field-link\"><a href=\"https:\/\/www.paysdesecrins.com\/en\/my-resort-my-village\/freissinieres-dormillouse\/cultural-activities-heritage\/\" class=\"cardlink\">Voir plus<\/a><\/div><\/div><\/div><div class=\"item\" data-season=\"all-seasons\"><div class=\"card card-child\"><div class=\"group-media\"><div class=\"field-image\"><img decoding=\"async\" width=\"400\" height=\"400\" src=\"https:\/\/www.paysdesecrins.com\/wp-content\/uploads\/2025\/07\/08-07-24-mets-et-spiritueux-41-400x400.jpg\" class=\"winter all-seasons wp-post-image\" alt=\"\" loading=\"lazy\" data-season=\"all-seasons\" srcset=\"https:\/\/www.paysdesecrins.com\/wp-content\/uploads\/2025\/07\/08-07-24-mets-et-spiritueux-41-400x400.jpg 400w, https:\/\/www.paysdesecrins.com\/wp-content\/uploads\/2025\/07\/08-07-24-mets-et-spiritueux-41-150x150.jpg 150w, https:\/\/www.paysdesecrins.com\/wp-content\/uploads\/2025\/07\/08-07-24-mets-et-spiritueux-41-600x600.jpg 600w, https:\/\/www.paysdesecrins.com\/wp-content\/uploads\/2025\/07\/08-07-24-mets-et-spiritueux-41-300x300.jpg 300w, https:\/\/www.paysdesecrins.com\/wp-content\/uploads\/2025\/07\/08-07-24-mets-et-spiritueux-41-570x570.jpg 570w\" sizes=\"auto, (max-width: 400px) 100vw, 400px\" \/><\/div><\/div><div class=\"group-content\"><span class=\"field-title\">Restaurants in Freissini\u00e8res<\/span><\/div><div class=\"field-link\"><a href=\"https:\/\/www.paysdesecrins.com\/en\/my-resort-my-village\/freissinieres-dormillouse\/restaurants\/\" class=\"cardlink\">Voir plus<\/a><\/div><\/div><\/div><\/div><\/div>\n<div style=\"height:20px\" aria-hidden=\"true\" class=\"wp-block-spacer\"><\/div>\n\n<div class=\"wp-block-ws-library-ws-title aligncenter\"><h2>Dormillouse<\/h2><\/div>\n\n<p class=\"has-text-align-center\">Dormillouse is a timeless hamlet perched at <strong>about 1,700 m<\/strong>, the only permanently inhabited place <strong>in the heart of the \u00c9crins National Park<\/strong>. It can only be reached on foot by a path (allow an hour of ascent from the Cascades car park in summer), which makes it <strong>an intimate and preserved refuge<\/strong>. Its traditional architecture, adapted to the slope and avalanches, testifies to an ancestral know-how of installation in the high mountains; there is also a <strong>history<\/strong> marked by the resistance of the Waldensians and the commitment of Pastor F\u00e9lix Neff in the nineteenth century, who preached there and contributed to community life. Dormillouse is home to <strong>two emblematic refuges<\/strong> \u2013 the <strong>Refuge de l&#8217;Oncle \u00c9mile<\/strong> (at 1,727 m) and the <strong>Refuge de l&#8217;\u00c9cole<\/strong> \u2013 which allow you to extend the immersion, and serves as the <strong>starting point for the famous loop of lakes Faravel and Palluel<\/strong> offering panoramas of the mountain pastures and the valley. This silent sanctuary combines heritage, raw nature and authentic hospitality.    <\/p>\n\n<div class=\"wp-block-ws-library-ws-button has-text-align-center\"><a href=\"https:\/\/www.paysdesecrins.com\/sites-incontournables\/dormillouse\/\" class=\"wp-block-button__link wp-element-button btn\">  Discover dormillouse<\/a><\/div>\n\n<div class=\"wp-block-ws-library-ws-banner alignfull\" data-season=\"summer\"><div class=\"wrapper\"><div class=\"group-media\"><img loading=\"lazy\" decoding=\"async\" width=\"1600\" height=\"480\" src=\"https:\/\/www.paysdesecrins.com\/wp-content\/uploads\/2025\/08\/couleurs-d-automne-a-dormillouse-14-1600x480.jpg\" alt=\"\" class=\"single_image wp-image-67897\"><\/div><\/div><\/div>\n\n<div class=\"wp-block-ws-library-ws-banner alignfull\" data-season=\"winter\"><div class=\"wrapper\"><div class=\"group-media\"><img loading=\"lazy\" decoding=\"async\" width=\"1600\" height=\"480\" src=\"https:\/\/www.paysdesecrins.com\/wp-content\/uploads\/2025\/08\/paysages-et-ski-autour-de-dormillouse-57-1600x480.jpg\" alt=\"\" class=\"single_image wp-image-67902\"><\/div><\/div><\/div>\n\n<div style=\"height:20px\" aria-hidden=\"true\" class=\"wp-block-spacer\"><\/div>\n\n<div class=\"wp-block-group alignfull group-espritoutdoor has-global-padding is-layout-constrained wp-block-group-is-layout-constrained\">\n<div class=\"wp-block-group alignwide is-layout-flow wp-block-group-is-layout-flow\">\n<div class=\"wp-block-ws-library-ws-title\"><h3><em>Experiences<\/em> <br>for all styles<\/h3><\/div>\n\n\n\n<p>In Freissini\u00e8res, fill up on adventure: discover the high-altitude lakes and set up your bivouac under the stars, spend an authentic night in an alpine hut by candlelight, explore the valley by bike or share fun moments with your family on trails marked out with nature workshops and heritage discoveries.<\/p>\n\n\n<div class=\"alignwide wp-block-ws-library-ws-list-content\" data-season=\"summer\"><div class=\"list-items\"><div class=\"item\" data-season=\"all-seasons\"><div class=\"card  card-page\"><div class=\"group-media\"><div class=\"field-image\"><img loading=\"lazy\" decoding=\"async\" width=\"300\" height=\"450\" src=\"https:\/\/www.paysdesecrins.com\/wp-content\/uploads\/2025\/07\/paysages-et-ski-autour-de-dormillouse-81-1-300x450.jpg\" class=\"winter wp-post-image\" alt=\"\" data-season=\"winter\" srcset=\"https:\/\/www.paysdesecrins.com\/wp-content\/uploads\/2025\/07\/paysages-et-ski-autour-de-dormillouse-81-1-300x450.jpg 300w, https:\/\/www.paysdesecrins.com\/wp-content\/uploads\/2025\/07\/paysages-et-ski-autour-de-dormillouse-81-1-390x585.jpg 390w\" sizes=\"auto, (max-width: 300px) 100vw, 300px\" \/><img loading=\"lazy\" decoding=\"async\" width=\"300\" height=\"450\" src=\"https:\/\/www.paysdesecrins.com\/wp-content\/uploads\/2025\/07\/img-5651-300x450.jpg\" class=\"vivaldi-thumb summer\" alt=\"\" data-season=\"summer\" srcset=\"https:\/\/www.paysdesecrins.com\/wp-content\/uploads\/2025\/07\/img-5651-300x450.jpg 300w, https:\/\/www.paysdesecrins.com\/wp-content\/uploads\/2025\/07\/img-5651-390x585.jpg 390w\" sizes=\"auto, (max-width: 300px) 100vw, 300px\" \/><\/div><\/div><div class=\"group-content\"><div class=\"field-title\">Dormillouse<\/div><\/div><div class=\"field-link\" role=\"group\" aria-label=\"Lien vers le contenu\"><a href=\"https:\/\/www.paysdesecrins.com\/en\/i-choose\/must-see-sites\/dormillouse\/\" class=\"cardlink\" title=\"Lire plus : Dormillouse\" lang=\"en_US\">Dormillouse<\/a><\/div><\/div><\/div><div class=\"item\" data-season=\"all-seasons\"><div class=\"card  card-page\"><div class=\"group-media\"><div class=\"field-image\"><img loading=\"lazy\" decoding=\"async\" width=\"300\" height=\"450\" src=\"https:\/\/www.paysdesecrins.com\/wp-content\/uploads\/2025\/07\/bivouac-au-lac-faravel-et-boucle-des-3-lacs-13-1-300x450.jpg\" class=\"winter all-seasons wp-post-image\" alt=\"\" data-season=\"all-seasons\" srcset=\"https:\/\/www.paysdesecrins.com\/wp-content\/uploads\/2025\/07\/bivouac-au-lac-faravel-et-boucle-des-3-lacs-13-1-300x450.jpg 300w, https:\/\/www.paysdesecrins.com\/wp-content\/uploads\/2025\/07\/bivouac-au-lac-faravel-et-boucle-des-3-lacs-13-1-390x585.jpg 390w\" sizes=\"auto, (max-width: 300px) 100vw, 300px\" \/><\/div><\/div><div class=\"group-content\"><div class=\"field-title\">Hiking and Bivouac in Freissini\u00e8res<\/div><\/div><div class=\"field-link\" role=\"group\" aria-label=\"Lien vers le contenu\"><a href=\"https:\/\/www.paysdesecrins.com\/en\/my-desire-to\/mountain\/hiking-and-bivouac-in-freissinieres\/\" class=\"cardlink\" title=\"Lire plus : Hiking and Bivouac in Freissini\u00e8res\" lang=\"en_US\">Hiking and Bivouac in Freissini\u00e8res<\/a><\/div><\/div><\/div><div class=\"item\" data-season=\"all-seasons\"><div class=\"card  card-page\"><div class=\"group-media\"><div class=\"field-image\"><img loading=\"lazy\" decoding=\"async\" width=\"300\" height=\"450\" src=\"https:\/\/www.paysdesecrins.com\/wp-content\/uploads\/2025\/07\/dsc05066-300x450.webp\" class=\"winter all-seasons wp-post-image\" alt=\"\" data-season=\"all-seasons\" srcset=\"https:\/\/www.paysdesecrins.com\/wp-content\/uploads\/2025\/07\/dsc05066-300x450.webp 300w, https:\/\/www.paysdesecrins.com\/wp-content\/uploads\/2025\/07\/dsc05066-390x585.webp 390w\" sizes=\"auto, (max-width: 300px) 100vw, 300px\" \/><\/div><\/div><div class=\"group-content\"><div class=\"field-title\">Family adventure in the \u00c9crins<\/div><\/div><div class=\"field-link\" role=\"group\" aria-label=\"Lien vers le contenu\"><a href=\"https:\/\/www.paysdesecrins.com\/en\/my-desire-to\/discovery\/family-adventure-in-the-jewels\/\" class=\"cardlink\" title=\"Lire plus : Family adventure in the \u00c9crins\" lang=\"en_US\">Family adventure in the \u00c9crins<\/a><\/div><\/div><\/div><div class=\"item\" data-season=\"all-seasons\"><div class=\"card  card-page\"><div class=\"group-media\"><div class=\"field-image\"><img loading=\"lazy\" decoding=\"async\" width=\"300\" height=\"450\" src=\"https:\/\/www.paysdesecrins.com\/wp-content\/uploads\/2025\/07\/171ski-rando-pre-de-madame-carle-en-ski-23-300x450.jpg\" class=\"winter all-seasons wp-post-image\" alt=\"\" data-season=\"all-seasons\" srcset=\"https:\/\/www.paysdesecrins.com\/wp-content\/uploads\/2025\/07\/171ski-rando-pre-de-madame-carle-en-ski-23-300x450.jpg 300w, https:\/\/www.paysdesecrins.com\/wp-content\/uploads\/2025\/07\/171ski-rando-pre-de-madame-carle-en-ski-23-390x585.jpg 390w\" sizes=\"auto, (max-width: 300px) 100vw, 300px\" \/><\/div><\/div><div class=\"group-content\"><div class=\"field-title\">In May, do as you please!<\/div><\/div><div class=\"field-link\" role=\"group\" aria-label=\"Lien vers le contenu\"><a href=\"https:\/\/www.paysdesecrins.com\/en\/my-desire-to\/mountain\/in-may-do-as-you-please\/\" class=\"cardlink\" title=\"Lire plus : In May, do as you please!\" lang=\"en_US\">In May, do as you please!<\/a><\/div><\/div><\/div><\/div><\/div>\n\n<div class=\"alignwide wp-block-ws-library-ws-list-content\" data-season=\"winter\"><div class=\"list-items\"><div class=\"item\" data-season=\"all-seasons\"><div class=\"card  card-page\"><div class=\"group-media\"><div class=\"field-image\"><img loading=\"lazy\" decoding=\"async\" width=\"300\" height=\"450\" src=\"https:\/\/www.paysdesecrins.com\/wp-content\/uploads\/2025\/07\/171ski-rando-bivouac-a-la-cabane-de-faravel-61-300x450.jpg\" class=\"winter all-seasons wp-post-image\" alt=\"\" data-season=\"all-seasons\" srcset=\"https:\/\/www.paysdesecrins.com\/wp-content\/uploads\/2025\/07\/171ski-rando-bivouac-a-la-cabane-de-faravel-61-300x450.jpg 300w, https:\/\/www.paysdesecrins.com\/wp-content\/uploads\/2025\/07\/171ski-rando-bivouac-a-la-cabane-de-faravel-61-390x585.jpg 390w\" sizes=\"auto, (max-width: 300px) 100vw, 300px\" \/><\/div><\/div><div class=\"group-content\"><div class=\"field-title\">A night under the stars of Dormillouse<\/div><\/div><div class=\"field-link\" role=\"group\" aria-label=\"Lien vers le contenu\"><a href=\"https:\/\/www.paysdesecrins.com\/en\/a-night-under-the-stars-of-dormillouse\/\" class=\"cardlink\" title=\"Lire plus : A night under the stars of Dormillouse\" lang=\"en_US\">A night under the stars of Dormillouse<\/a><\/div><\/div><\/div><div class=\"item\" data-season=\"all-seasons\"><div class=\"card  card-page\"><div class=\"group-media\"><div class=\"field-image\"><img loading=\"lazy\" decoding=\"async\" width=\"300\" height=\"450\" src=\"https:\/\/www.paysdesecrins.com\/wp-content\/uploads\/2025\/07\/bivouac-a-la-cabane-de-faravel-106-300x450.jpg\" class=\"winter all-seasons wp-post-image\" alt=\"\" data-season=\"all-seasons\" srcset=\"https:\/\/www.paysdesecrins.com\/wp-content\/uploads\/2025\/07\/bivouac-a-la-cabane-de-faravel-106-300x450.jpg 300w, https:\/\/www.paysdesecrins.com\/wp-content\/uploads\/2025\/07\/bivouac-a-la-cabane-de-faravel-106-390x585.jpg 390w\" sizes=\"auto, (max-width: 300px) 100vw, 300px\" \/><\/div><\/div><div class=\"group-content\"><div class=\"field-title\">A timeless night with friends<\/div><\/div><div class=\"field-link\" role=\"group\" aria-label=\"Lien vers le contenu\"><a href=\"https:\/\/www.paysdesecrins.com\/en\/my-desire-to\/mountain\/a-night-out-of-time\/\" class=\"cardlink\" title=\"Lire plus : A timeless night with friends\" lang=\"en_US\">A timeless night with friends<\/a><\/div><\/div><\/div><\/div><\/div>\n\n\n<div class=\"wp-block-ws-library-ws-button has-text-align-center\"><a href=\"https:\/\/www.paysdesecrins.com\/en\/63851-2\/\" class=\"wp-block-button__link wp-element-button btn\">  All experiences<\/a><\/div>\n<\/div>\n<\/div>\n\n<div class=\"wp-block-ws-library-ws-columns alignfull has-2-columns are-vertically-aligned-center layout-5050 is-style-background\" data-season=\"winter\">\n<div class=\"wp-block-ws-library-ws-column\"><div class=\"wrapper\">\n<div class=\"wp-block-ws-library-ws-title is-style-default\"><h2><em>Nordic area of<\/em> Freissini\u00e8res<\/h2><\/div>\n\n\n\n<p class=\"has-text-align-left\">The Nordic site of Freissini\u00e8res welcomes you all winter long to enjoy the joys of skiing, skiing on vast plains and in a large forest of character along the Biaysse, where nature and tranquility meet. This site has more than 20km of slopes, all levels. <\/p>\n\n\n\n<ul class=\"wp-block-list\">\n<li><strong>Discovery and warm-up loop<\/strong> : flat and wide routes on the great plains, perfect for initiation or to work on the technique in classic.<\/li>\n\n\n\n<li><strong>Intermediate routes<\/strong> : slightly hilly sections that alternate between forest passages and open sections, ideal for varying the effort without being too demanding.<\/li>\n\n\n\n<li><strong>Long rides<\/strong> : Possibility of linking several loops to reach the 15\u201320 km of skiing, taking advantage of the quiet setting and the overall soft profile of the area, which makes it a popular terrain for endurance and skating.<\/li>\n<\/ul>\n\n\n\n<p>Grooming is generally carried out on Tuesday and Friday evenings to guarantee a quality of track, and the condition of the slopes can be consulted in real time via the resources of the Nordic area.<\/p>\n\n\n\n<p>The site operates with a voluntary participation system: passes are sold at the Nordic hut (adult day \u20ac7, child \u20ac5) and allow access to the entire maintained network.<\/p>\n\n\n\n<div class=\"wp-block-ws-library-ws-title is-style-simple\"><h3>Contact<\/h3><\/div>\n\n\n\n<p class=\"has-text-align-left\">Phone : 06 67 14 78 75<br\/>Mail: <a>cascade@freissinieres.fr<\/a><br\/>Site: cascade.freissinieres.fr <\/p>\n<\/div><\/div>\n\n\n\n<div class=\"wp-block-ws-library-ws-column\"><div class=\"wrapper\">\n<div class=\"wp-block-ws-library-ws-image\"><div class=\"wrapper\"><div class=\"group-media\"><img decoding=\"async\" src=\"https:\/\/www.paysdesecrins.com\/wp-content\/uploads\/2025\/07\/paysages-et-ski-autour-de-dormillouse-73-960x640.jpg\" alt=\"\" class=\"single_image ws-image-30421\"><div class=\"credits\"><\/div><\/div><p class=\"caption\"><\/p><\/div><\/div>\n<\/div><\/div>\n<\/div>\n\n<div style=\"height:51px\" aria-hidden=\"true\" class=\"wp-block-spacer\"><\/div>\n\n<div class=\"wp-block-ws-library-ws-title aligncenter\" data-season=\"winter\"><h2>Ice climbing<\/h2><\/div>\n\n<p class=\"has-text-align-center\" data-season=\"winter\">In Freissini\u00e8res stands the famous <strong>ice climbing<\/strong>, an artificial tower of 18 meters covered with ice where you can learn or progress in ice climbing and dry-tooling, supervised by guides or independently for experienced practitioners (relay equipped, equipment required, insurance recommended). It operates in winter, generally from December to March depending on the snow conditions, and offers introductory sessions in the evening (Tuesdays and Fridays) with prices around \u20ac50 for adults and \u20ac40 for juniors; Access can be free if accompanied by a guide in certain configurations. The approach is from the car park in front of the Town Hall, and it is strongly recommended to book or be accompanied for safety reasons.  <\/p>\n\n<div class=\"wp-block-ws-library-ws-button has-text-align-center\" data-season=\"winter\"><a href=\"https:\/\/cascade.freissinieres.fr\" class=\"wp-block-button__link wp-element-button btn\">  Learn more +<\/a><\/div>\n\n<div class=\"wp-block-ws-library-ws-image\" data-season=\"winter\"><div class=\"wrapper\"><div class=\"group-media\"><img decoding=\"async\" src=\"https:\/\/www.paysdesecrins.com\/wp-content\/uploads\/2025\/07\/2autresactivites-cascadedeglacerogiervanrijndsc01982-2-960x640.jpg\" alt=\"\" class=\"single_image ws-image-20152\"><div class=\"credits\">Rogier VANRIJN<\/div><\/div><p class=\"caption\"><\/p><\/div><\/div>\n\n<div style=\"height:51px\" aria-hidden=\"true\" class=\"wp-block-spacer\"><\/div>\n\n<div class=\"wp-block-ws-library-ws-columns alignfull has-2-columns are-vertically-aligned-center layout-5050 is-style-background\" data-season=\"winter\">\n<div class=\"wp-block-ws-library-ws-column\"><div class=\"wrapper\">\n<div class=\"wp-block-ws-library-ws-image\"><div class=\"wrapper\"><div class=\"group-media\"><img decoding=\"async\" src=\"https:\/\/www.paysdesecrins.com\/wp-content\/uploads\/2025\/07\/17ski-rando-paysages-et-ski-autour-de-dormillouse-6-960x640.jpg\" alt=\"\" class=\"single_image ws-image-21693\"><div class=\"credits\"><\/div><\/div><p class=\"caption\"><\/p><\/div><\/div>\n<\/div><\/div>\n\n\n\n<div class=\"wp-block-ws-library-ws-column\"><div class=\"wrapper\">\n<div class=\"wp-block-ws-library-ws-title\"><h2>The + of Freissini\u00e8res<\/h2><\/div>\n\n\n\n<ul class=\"wp-block-list\">\n<li><strong>Intimate and well-maintained Nordic area<\/strong> : loops on plains and glades, classic and skating trails, with regular grooming and a condition that can be consulted.<\/li>\n\n\n\n<li><strong>Wide variety of profiles<\/strong> : discovery, intermediate and long courses allowing initiation, endurance or contemplative gliding in a calm environment.<\/li>\n\n\n\n<li><strong>Ice climbing \/ ice climbing<\/strong> : artificial tower and natural sites renowned for learning or training in ice climbing, supervision possible, original experience.<\/li>\n\n\n\n<li><strong>&#8220;Far North&#8221; atmosphere with dog sledding<\/strong> (in the nearby valley and nearby) and complementary winter adventure activities.<\/li>\n\n\n\n<li><strong>Cross-country skiing, snowshoeing and pedestrian walks coexist<\/strong> in the same space with adapted markings and mutual respect for users.<\/li>\n\n\n\n<li><strong>Winter access to Dormillouse by snowshoe<\/strong> <strong>and ski touring <\/strong>: ascent of about 1 hour 30 minutes, breathtaking landscape and an incomparable nature experience (avalanche zones, guide recommended).<\/li>\n\n\n\n<li><strong>Winter panoramas of the valley and the snow-capped peaks<\/strong> : a natural setting that accentuates the feeling of isolation and immersion.<\/li>\n<\/ul>\n<\/div><\/div>\n<\/div>\n\n<div class=\"wp-block-ws-library-ws-columns alignfull has-2-columns are-vertically-aligned-center layout-5050 is-style-background\" data-season=\"summer\">\n<div class=\"wp-block-ws-library-ws-column\"><div class=\"wrapper\">\n<div class=\"wp-block-ws-library-ws-image\"><div class=\"wrapper\"><div class=\"group-media\"><img decoding=\"async\" src=\"https:\/\/www.paysdesecrins.com\/wp-content\/uploads\/2025\/07\/151rando-famille-dsc04908dsc05038-1-960x640.jpg\" alt=\"\" class=\"single_image ws-image-21052\"><div class=\"credits\"><\/div><\/div><p class=\"caption\"><\/p><\/div><\/div>\n<\/div><\/div>\n\n\n\n<div class=\"wp-block-ws-library-ws-column\"><div class=\"wrapper\">\n<div class=\"wp-block-ws-library-ws-title\"><h2>The + of Freissini\u00e8res<\/h2><\/div>\n\n\n\n<ul class=\"wp-block-list\">\n<li><strong>Unspoilt and wild setting<\/strong> : sheltered valley, larch forest, panoramas of the \u00c9crins ridges, very natural atmosphere far from the mass flows.<\/li>\n\n\n\n<li><strong>A network of varied hikes<\/strong> : easy loops (e.g. &#8220;Balade de Monsieur&#8221;), more challenging routes such as the grand tour of Freissini\u00e8res \/ Randoland, circuits to Dormillouse or the Palluel and Faravel lakes.<\/li>\n\n\n\n<li><strong>Access to Dormillouse on foot<\/strong> : unique perched hamlet of the \u00c9crins National Park, accessible in ~1 hour walk, offering a heritage and landscape immersion.  <\/li>\n\n\n\n<li><strong>Thematic trails and discovery of the territory<\/strong> : possibility of combining nature, history and fauna\/flora thanks to the Randoland routes and educational loops.<\/li>\n\n\n\n<li><strong>Tranquility and low attendance<\/strong> : ideal for those looking for escape, calm and a real breath of fresh air in the mountains.  <\/li>\n\n\n\n<li><strong>Proximity to small authentic alpine villages<\/strong> : human setting with hamlets spread out along the Biaysse, local welcome.<\/li>\n<\/ul>\n<\/div><\/div>\n<\/div>\n\n<div style=\"height:51px\" aria-hidden=\"true\" class=\"wp-block-spacer\"><\/div>\n\n<div class=\"wp-block-group alignfull group-home-festif has-global-padding is-layout-constrained wp-block-group-is-layout-constrained\">\n<div class=\"wp-block-ws-library-ws-title aligncenter has-color-3-color\"><h2><em>Stock up <\/em><br>entertainment<\/h2><\/div>\n\n\n<div class=\"alignwide wp-block-ws-apidae-library-ws-apidae-temps-forts\"><div class=\"simple-template\"><div class=\"wrapper\"><div class=\"content-left\"><div class=\"list-items\"><div class=\"item\" data-season=\"all-seasons\"><div class=\"card card-apidae card-temps-forts\"><div class=\"group-actions\"><ws-wishlist data-type=\"flag\" data-action=\"add\" data-wish-id=\"5823310\" data-wish-type=\"apidae\"><\/ws-wishlist><\/div><div class=\"group-media\"><div class=\"field-image\"><img decoding=\"async\" src=\"https:\/\/images.weserv.nl\/?url=https:\/\/static.apidae-tourisme.com\/filestore\/objets-touristiques\/images\/45\/188\/9944109-diaporama.jpg&#038;w=650&#038;h=650&#038;fit=cover&#038;output=webp&#038;q=45\" alt=\"F\u00eate du pain\"\/><\/div><\/div><div class=\"group-top\"><div class=\"field-commune\">Freissini\u00e8res<\/div><ws-apidae-from-price data-apidae-id=\"5823310\" ><\/ws-apidae-from-price><div class=\"group-dates\"><div class=\"field-dates\">From 3 to 5 <span class=\"month\">July<\/span><\/div><\/div><\/div><div class=\"group-content\"><div class=\"field-title\">F\u00eate du pain<\/div><\/div><div class=\"field-link\" role=\"group\" aria-label=\"Lien vers le contenu\"><a href=\"https:\/\/www.paysdesecrins.com\/en\/fiche\/fete-du-pain-2\/\" class=\"cardlink\" title=\"Lire plus : F\u00eate du pain\" lang=\"en_US\">F\u00eate du pain<\/a><\/div><\/div><\/div><\/div><\/div><div class=\"content-right\"><div class=\"list-items\"><div class=\"item\" data-season=\"all-seasons\"><div class=\"card card-apidae card-temps-forts\"><div class=\"group-actions\"><ws-wishlist data-type=\"flag\" data-action=\"add\" data-wish-id=\"7809856\" data-wish-type=\"apidae\"><\/ws-wishlist><\/div><div class=\"group-media\"><div class=\"field-image\"><img decoding=\"async\" src=\"https:\/\/images.weserv.nl\/?url=https:\/\/static.apidae-tourisme.com\/filestore\/objets-touristiques\/images\/88\/11\/41093976-diaporama.jpg&#038;w=650&#038;h=650&#038;fit=cover&#038;output=webp&#038;q=45\" alt=\"F\u00eate de la Sainte Marie Madeleine\"\/><\/div><\/div><div class=\"group-top\"><div class=\"field-commune\">Freissini\u00e8res<\/div><ws-apidae-from-price data-apidae-id=\"7809856\" ><\/ws-apidae-from-price><div class=\"group-dates\"><div class=\"field-dates\">From 17 to 19 <span class=\"month\">July<\/span><\/div><\/div><\/div><div class=\"group-content\"><div class=\"field-title\">F\u00eate de la Sainte Marie Madeleine<\/div><\/div><div class=\"field-link\" role=\"group\" aria-label=\"Lien vers le contenu\"><a href=\"https:\/\/www.paysdesecrins.com\/en\/fiche\/fete-de-la-sainte-marie-madeleine-3\/\" class=\"cardlink\" title=\"Lire plus : F\u00eate de la Sainte Marie Madeleine\" lang=\"en_US\">F\u00eate de la Sainte Marie Madeleine<\/a><\/div><\/div><\/div><div class=\"item\" data-season=\"all-seasons\"><div class=\"card card-apidae card-temps-forts\"><div class=\"group-actions\"><ws-wishlist data-type=\"flag\" data-action=\"add\" data-wish-id=\"7726877\" data-wish-type=\"apidae\"><\/ws-wishlist><\/div><div class=\"group-media\"><div class=\"field-image\"><img decoding=\"async\" src=\"https:\/\/images.weserv.nl\/?url=https:\/\/static.apidae-tourisme.com\/filestore\/objets-touristiques\/images\/146\/122\/39025298-diaporama.jpg&#038;w=650&#038;h=650&#038;fit=cover&#038;output=webp&#038;q=45\" alt=\"Repr\u00e9sentation th\u00e9\u00e2trale &#8220;Bartim\u00e9e un cri dans la houle&#8221;\"\/><\/div><\/div><div class=\"group-top\"><div class=\"field-commune\">Freissini\u00e8res<\/div><ws-apidae-from-price data-apidae-id=\"7726877\" ><\/ws-apidae-from-price><div class=\"group-dates\"><div class=\"field-dates\">2 <span class=\"month\">August<\/span><\/div><\/div><\/div><div class=\"group-content\"><div class=\"field-title\">Repr\u00e9sentation th\u00e9\u00e2trale &#8220;Bartim\u00e9e un cri dans la houle&#8221;<\/div><\/div><div class=\"field-link\" role=\"group\" aria-label=\"Lien vers le contenu\"><a href=\"https:\/\/www.paysdesecrins.com\/en\/fiche\/representation-theatrale-bartimee-un-cri-dans-la-houle-3\/\" class=\"cardlink\" title=\"Lire plus : Repr\u00e9sentation th\u00e9\u00e2trale &#8220;Bartim\u00e9e un cri dans la houle&#8221;\" lang=\"en_US\">Repr\u00e9sentation th\u00e9\u00e2trale &#8220;Bartim\u00e9e un cri dans la houle&#8221;<\/a><\/div><\/div><\/div><\/div><\/div><\/div><\/div><div class=\"group-content\">\n\n<div class=\"wp-block-ws-library-ws-button has-text-align-left\"><a href=\"https:\/\/www.paysdesecrins.com\/en\/i-choose\/entertainment-and-events\/major-events-in-the-land-of-jewels\/\" class=\"wp-block-button__link wp-element-button btn\">  All highlights<\/a><\/div>\n\n\n\n<div class=\"wp-block-ws-library-ws-button has-text-align-left\"><a href=\"https:\/\/www.paysdesecrins.com\/en\/i-choose\/entertainment-and-events\/events-in-the-pays-des-ecrins\/\" class=\"wp-block-button__link wp-element-button btn\">  All the agenda<\/a><\/div>\n\n<\/div><\/div><\/div><\/div>\n\n<div style=\"height:51px\" aria-hidden=\"true\" class=\"wp-block-spacer\"><\/div>\n\n<div class=\"wp-block-ws-library-ws-title aligncenter\" data-season=\"winter\"><h3><em>In Freissini\u00e8res Dormillouse, meet with the snow!<\/em><br>  The proof in pictures<\/h3><\/div>\n\n<div class=\"wp-block-ws-library-ws-slider alignwide\" data-season=\"winter\"><div class=\"splide\" data-splide=\"{\"type\":\"slide\",\"heightRatio\":\"auto\",\"perPage\":4,\"perMove\":1,\"drag\":true,\"pagination\":0,\"autoplay\":false,\"gap\":\"15px\",\"breakpoints\":{\"450\":{\"perPage\":1},\"768\":{\"perPage\":2},\"992\":{\"perPage\":3},\"1200\":{\"perPage\":4}}}\"><div class=\"splide__track\"><div class=\"splide__list\"><div class=\"splide__slide\"><a href=\"https:\/\/www.paysdesecrins.com\/wp-content\/uploads\/2025\/07\/paysages-et-ski-autour-de-dormillouse-79-scaled.jpg\" data-glightbox=\"true\" class=\"lightbox-trigger\"><img decoding=\"async\" src=\"https:\/\/www.paysdesecrins.com\/wp-content\/uploads\/2025\/07\/paysages-et-ski-autour-de-dormillouse-79-400x400.jpg\" alt=\"\"><\/a><\/div><div class=\"splide__slide\"><a href=\"https:\/\/www.paysdesecrins.com\/wp-content\/uploads\/2025\/07\/paysages-et-ski-autour-de-dormillouse-78-scaled.jpg\" data-glightbox=\"true\" class=\"lightbox-trigger\"><img decoding=\"async\" src=\"https:\/\/www.paysdesecrins.com\/wp-content\/uploads\/2025\/07\/paysages-et-ski-autour-de-dormillouse-78-400x400.jpg\" alt=\"\"><\/a><\/div><div class=\"splide__slide\"><a href=\"https:\/\/www.paysdesecrins.com\/wp-content\/uploads\/2025\/07\/paysages-et-ski-autour-de-dormillouse-73-scaled.jpg\" data-glightbox=\"true\" class=\"lightbox-trigger\"><img decoding=\"async\" src=\"https:\/\/www.paysdesecrins.com\/wp-content\/uploads\/2025\/07\/paysages-et-ski-autour-de-dormillouse-73-400x400.jpg\" alt=\"\"><\/a><\/div><div class=\"splide__slide\"><a href=\"https:\/\/www.paysdesecrins.com\/wp-content\/uploads\/2025\/07\/paysages-et-ski-autour-de-dormillouse-9-scaled.jpg\" data-glightbox=\"true\" class=\"lightbox-trigger\"><img decoding=\"async\" src=\"https:\/\/www.paysdesecrins.com\/wp-content\/uploads\/2025\/07\/paysages-et-ski-autour-de-dormillouse-9-400x400.jpg\" alt=\"\"><\/a><\/div><div class=\"splide__slide\"><a href=\"https:\/\/www.paysdesecrins.com\/wp-content\/uploads\/2025\/07\/17ski-rando-paysages-et-ski-autour-de-dormillouse-6-scaled.jpg\" data-glightbox=\"true\" class=\"lightbox-trigger\"><img decoding=\"async\" src=\"https:\/\/www.paysdesecrins.com\/wp-content\/uploads\/2025\/07\/17ski-rando-paysages-et-ski-autour-de-dormillouse-6-400x400.jpg\" alt=\"\"><\/a><\/div><\/div><\/div><\/div><\/div>\n\n<div class=\"wp-block-ws-library-ws-title aligncenter\" data-season=\"summer\"><h3><em>An authentic and preserved setting<\/em><br> The proof in pictures<\/h3><\/div>\n\n<div class=\"wp-block-ws-library-ws-slider alignwide\" data-season=\"summer\"><div class=\"splide\" data-splide=\"{\"type\":\"slide\",\"heightRatio\":\"auto\",\"perPage\":4,\"perMove\":1,\"drag\":true,\"pagination\":0,\"autoplay\":false,\"gap\":\"15px\",\"breakpoints\":{\"450\":{\"perPage\":1},\"768\":{\"perPage\":2},\"992\":{\"perPage\":3},\"1200\":{\"perPage\":4}}}\"><div class=\"splide__track\"><div class=\"splide__list\"><div class=\"splide__slide\"><a href=\"https:\/\/www.paysdesecrins.com\/wp-content\/uploads\/2025\/07\/16sitesdexception-dormillouse-dormillouse-15-scaled.jpg\" data-glightbox=\"true\" class=\"lightbox-trigger\"><img decoding=\"async\" src=\"https:\/\/www.paysdesecrins.com\/wp-content\/uploads\/2025\/07\/16sitesdexception-dormillouse-dormillouse-15-400x400.jpg\" alt=\"\"><\/a><\/div><div class=\"splide__slide\"><a href=\"https:\/\/www.paysdesecrins.com\/wp-content\/uploads\/2025\/07\/16sitesdexception-lacs-randonnee-rogiervanrijn-lac-fangeas-dsc05046-scaled.jpg\" data-glightbox=\"true\" class=\"lightbox-trigger\"><img decoding=\"async\" src=\"https:\/\/www.paysdesecrins.com\/wp-content\/uploads\/2025\/07\/16sitesdexception-lacs-randonnee-rogiervanrijn-lac-fangeas-dsc05046-400x400.jpg\" alt=\"\"><\/a><\/div><div class=\"splide__slide\"><a href=\"https:\/\/www.paysdesecrins.com\/wp-content\/uploads\/2025\/07\/161dormillouse-bivouac-au-lac-faravel-et-boucle-des-3-lacs-62-scaled.jpg\" data-glightbox=\"true\" class=\"lightbox-trigger\"><img decoding=\"async\" src=\"https:\/\/www.paysdesecrins.com\/wp-content\/uploads\/2025\/07\/161dormillouse-bivouac-au-lac-faravel-et-boucle-des-3-lacs-62-400x400.jpg\" alt=\"\"><\/a><\/div><div class=\"splide__slide\"><a href=\"https:\/\/www.paysdesecrins.com\/wp-content\/uploads\/2025\/07\/glacier-noir-randonnee-thibaut-blais-27-grande-1-400x400.jpeg\" data-glightbox=\"true\" class=\"lightbox-trigger\"><img decoding=\"async\" src=\"https:\/\/www.paysdesecrins.com\/wp-content\/uploads\/2025\/07\/glacier-noir-randonnee-thibaut-blais-27-grande-1-400x400.jpeg\" alt=\"\"><\/a><\/div><\/div><\/div><\/div><\/div>\n\n<div class=\"wp-block-ws-library-ws-title aligncenter\"><h2><em>We take care of everything,<\/em> you enjoy<\/h2><\/div>\n\n<p class=\"has-text-align-center\">Discover our all-inclusive stays and let us organize your mountain immersion: accommodation, guided activities, and local experiences are gathered for you. Choose your formula, from a rejuvenating weekend to a week of adventure, and take full advantage of the landscapes, the know-how and the conviviality without worrying about anything. <\/p>\n<div class=\"alignwide wp-block-ws-library-ws-list-content\"><div class=\"list-items\"><div class=\"item\" data-season=\"all-seasons\"><div class=\"card  card-page\"><div class=\"group-media\"><div class=\"field-image\"><img loading=\"lazy\" decoding=\"async\" width=\"300\" height=\"450\" src=\"https:\/\/www.paysdesecrins.com\/wp-content\/uploads\/2025\/08\/photos-kinaphoto-pelvoux-journe-e-1-2025-hd66-300x450.jpg\" class=\"winter wp-post-image\" alt=\"\" data-season=\"winter\" srcset=\"https:\/\/www.paysdesecrins.com\/wp-content\/uploads\/2025\/08\/photos-kinaphoto-pelvoux-journe-e-1-2025-hd66-300x450.jpg 300w, https:\/\/www.paysdesecrins.com\/wp-content\/uploads\/2025\/08\/photos-kinaphoto-pelvoux-journe-e-1-2025-hd66-390x585.jpg 390w\" sizes=\"auto, (max-width: 300px) 100vw, 300px\" \/><img loading=\"lazy\" decoding=\"async\" width=\"300\" height=\"450\" src=\"https:\/\/www.paysdesecrins.com\/wp-content\/uploads\/2025\/07\/dsc01515-300x450.jpg\" class=\"vivaldi-thumb summer\" alt=\"\" data-season=\"summer\" srcset=\"https:\/\/www.paysdesecrins.com\/wp-content\/uploads\/2025\/07\/dsc01515-300x450.jpg 300w, https:\/\/www.paysdesecrins.com\/wp-content\/uploads\/2025\/07\/dsc01515-390x585.jpg 390w\" sizes=\"auto, (max-width: 300px) 100vw, 300px\" \/><\/div><\/div><div class=\"group-content\"><div class=\"field-title\">Stays<\/div><\/div><div class=\"field-link\" role=\"group\" aria-label=\"Lien vers le contenu\"><a href=\"https:\/\/www.paysdesecrins.com\/en\/stays\/\" class=\"cardlink\" title=\"Lire plus : Stays\" lang=\"en_US\">Stays<\/a><\/div><\/div><\/div><\/div><\/div>\n<div class=\"wp-block-ws-library-ws-button has-text-align-center\"><a href=\"https:\/\/www.paysdesecrins.com\/en\/stays\/#\/categories\" class=\"wp-block-button__link wp-element-button btn\">  Discover all-inclusive stays<\/a><\/div>\n\n<div style=\"height:100px\" aria-hidden=\"true\" class=\"wp-block-spacer\"><\/div>\n\n<div class=\"wp-block-ws-library-ws-share\"><span class=\"share-subtitle\">Did you like this page?<\/span><span class=\"share-title\">Share it!<\/span><button class=\"ws-share-button wp-element-button\">Share this page<\/button><\/div>\n","protected":false},"excerpt":{"rendered":"<p>Freissini\u00e8res stretches over 20 km of suspended valley along the Biaysse, between 1,180 m and 1,780 m above sea level, [&hellip;]<\/p>\n","protected":false},"author":1,"featured_media":65563,"parent":44508,"menu_order":0,"comment_status":"closed","ping_status":"closed","template":"","meta":{"_thumbnail_id_2":0,"summer_excerpt":"","season":"","station":"freiss","footnotes":""},"class_list":["post-45153","page","type-page","status-publish","has-post-thumbnail","hentry"],"yoast_head":"<!-- This site is optimized with the Yoast SEO plugin v27.3 - https:\/\/yoast.com\/product\/yoast-seo-wordpress\/ -->\n<title>Freissini\u00e8res - Pays des \u00c9crins - Office de Tourisme<\/title>\n<meta name=\"robots\" content=\"index, follow, max-snippet:-1, max-image-preview:large, max-video-preview:-1\" \/>\n<link rel=\"canonical\" href=\"https:\/\/www.paysdesecrins.com\/en\/my-resort-my-village\/freissinieres-dormillouse\/\" \/>\n<meta property=\"og:locale\" content=\"en_US\" \/>\n<meta property=\"og:type\" content=\"article\" \/>\n<meta property=\"og:title\" content=\"Freissini\u00e8res - Pays des \u00c9crins - Office de Tourisme\" \/>\n<meta property=\"og:description\" content=\"Freissini\u00e8res stretches over 20 km of suspended valley along the Biaysse, between 1,180 m and 1,780 m above sea level, [&hellip;]\" \/>\n<meta property=\"og:url\" content=\"https:\/\/www.paysdesecrins.com\/en\/my-resort-my-village\/freissinieres-dormillouse\/\" \/>\n<meta property=\"og:site_name\" content=\"Pays des \u00c9crins - Office de Tourisme\" \/>\n<meta property=\"article:modified_time\" content=\"2025-08-13T13:12:45+00:00\" \/>\n<meta property=\"og:image\" content=\"https:\/\/www.paysdesecrins.com\/wp-content\/uploads\/2025\/08\/dsc00229-1-scaled.jpg\" \/>\n\t<meta property=\"og:image:width\" content=\"2560\" \/>\n\t<meta property=\"og:image:height\" content=\"1707\" \/>\n\t<meta property=\"og:image:type\" content=\"image\/jpeg\" \/>\n<meta name=\"twitter:card\" content=\"summary_large_image\" \/>\n<meta name=\"twitter:label1\" content=\"Est. reading time\" \/>\n\t<meta name=\"twitter:data1\" content=\"5 minutes\" \/>\n<script type=\"application\/ld+json\" class=\"yoast-schema-graph\">{\"@context\":\"https:\\\/\\\/schema.org\",\"@graph\":[{\"@type\":\"WebPage\",\"@id\":\"https:\\\/\\\/www.paysdesecrins.com\\\/en\\\/my-resort-my-village\\\/freissinieres-dormillouse\\\/\",\"url\":\"https:\\\/\\\/www.paysdesecrins.com\\\/en\\\/my-resort-my-village\\\/freissinieres-dormillouse\\\/\",\"name\":\"Freissini\u00e8res - Pays des \u00c9crins - Office de Tourisme\",\"isPartOf\":{\"@id\":\"https:\\\/\\\/www.paysdesecrins.com\\\/en\\\/#website\"},\"primaryImageOfPage\":{\"@id\":\"https:\\\/\\\/www.paysdesecrins.com\\\/en\\\/my-resort-my-village\\\/freissinieres-dormillouse\\\/#primaryimage\"},\"image\":{\"@id\":\"https:\\\/\\\/www.paysdesecrins.com\\\/en\\\/my-resort-my-village\\\/freissinieres-dormillouse\\\/#primaryimage\"},\"thumbnailUrl\":\"https:\\\/\\\/www.paysdesecrins.com\\\/wp-content\\\/uploads\\\/2025\\\/08\\\/dsc00229-1-scaled.jpg\",\"datePublished\":\"2025-06-25T13:44:53+00:00\",\"dateModified\":\"2025-08-13T13:12:45+00:00\",\"breadcrumb\":{\"@id\":\"https:\\\/\\\/www.paysdesecrins.com\\\/en\\\/my-resort-my-village\\\/freissinieres-dormillouse\\\/#breadcrumb\"},\"inLanguage\":\"en-US\",\"potentialAction\":[{\"@type\":\"ReadAction\",\"target\":[\"https:\\\/\\\/www.paysdesecrins.com\\\/en\\\/my-resort-my-village\\\/freissinieres-dormillouse\\\/\"]}]},{\"@type\":\"ImageObject\",\"inLanguage\":\"en-US\",\"@id\":\"https:\\\/\\\/www.paysdesecrins.com\\\/en\\\/my-resort-my-village\\\/freissinieres-dormillouse\\\/#primaryimage\",\"url\":\"https:\\\/\\\/www.paysdesecrins.com\\\/wp-content\\\/uploads\\\/2025\\\/08\\\/dsc00229-1-scaled.jpg\",\"contentUrl\":\"https:\\\/\\\/www.paysdesecrins.com\\\/wp-content\\\/uploads\\\/2025\\\/08\\\/dsc00229-1-scaled.jpg\",\"width\":2560,\"height\":1707},{\"@type\":\"BreadcrumbList\",\"@id\":\"https:\\\/\\\/www.paysdesecrins.com\\\/en\\\/my-resort-my-village\\\/freissinieres-dormillouse\\\/#breadcrumb\",\"itemListElement\":[{\"@type\":\"ListItem\",\"position\":1,\"name\":\"Home\",\"item\":\"https:\\\/\\\/www.paysdesecrins.com\\\/en\\\/the-title-of-the-home\\\/\"},{\"@type\":\"ListItem\",\"position\":2,\"name\":\"My resort, my village\",\"item\":\"https:\\\/\\\/www.paysdesecrins.com\\\/en\\\/ma-station-mon-village\\\/\"},{\"@type\":\"ListItem\",\"position\":3,\"name\":\"Freissini\u00e8res\"}]},{\"@type\":\"WebSite\",\"@id\":\"https:\\\/\\\/www.paysdesecrins.com\\\/en\\\/#website\",\"url\":\"https:\\\/\\\/www.paysdesecrins.com\\\/en\\\/\",\"name\":\"Pays des \u00c9crins - Office de Tourisme\",\"description\":\"L&#039;esprit montagne\",\"publisher\":{\"@id\":\"https:\\\/\\\/www.paysdesecrins.com\\\/en\\\/#organization\"},\"potentialAction\":[{\"@type\":\"SearchAction\",\"target\":{\"@type\":\"EntryPoint\",\"urlTemplate\":\"https:\\\/\\\/www.paysdesecrins.com\\\/en\\\/?s={search_term_string}\"},\"query-input\":{\"@type\":\"PropertyValueSpecification\",\"valueRequired\":true,\"valueName\":\"search_term_string\"}}],\"inLanguage\":\"en-US\"},{\"@type\":\"Organization\",\"@id\":\"https:\\\/\\\/www.paysdesecrins.com\\\/en\\\/#organization\",\"name\":\"Pays des \u00c9crins - Office de Tourisme\",\"url\":\"https:\\\/\\\/www.paysdesecrins.com\\\/en\\\/\",\"logo\":{\"@type\":\"ImageObject\",\"inLanguage\":\"en-US\",\"@id\":\"https:\\\/\\\/www.paysdesecrins.com\\\/en\\\/#\\\/schema\\\/logo\\\/image\\\/\",\"url\":\"https:\\\/\\\/www.paysdesecrins.com\\\/wp-content\\\/uploads\\\/2025\\\/06\\\/devina-svg-1750845694.svg\",\"contentUrl\":\"https:\\\/\\\/www.paysdesecrins.com\\\/wp-content\\\/uploads\\\/2025\\\/06\\\/devina-svg-1750845694.svg\",\"caption\":\"Pays des \u00c9crins - Office de Tourisme\"},\"image\":{\"@id\":\"https:\\\/\\\/www.paysdesecrins.com\\\/en\\\/#\\\/schema\\\/logo\\\/image\\\/\"}}]}<\/script>\n<!-- \/ Yoast SEO plugin. -->","yoast_head_json":{"title":"Freissini\u00e8res - Pays des \u00c9crins - Office de Tourisme","robots":{"index":"index","follow":"follow","max-snippet":"max-snippet:-1","max-image-preview":"max-image-preview:large","max-video-preview":"max-video-preview:-1"},"canonical":"https:\/\/www.paysdesecrins.com\/en\/my-resort-my-village\/freissinieres-dormillouse\/","og_locale":"en_US","og_type":"article","og_title":"Freissini\u00e8res - Pays des \u00c9crins - Office de Tourisme","og_description":"Freissini\u00e8res stretches over 20 km of suspended valley along the Biaysse, between 1,180 m and 1,780 m above sea level, [&hellip;]","og_url":"https:\/\/www.paysdesecrins.com\/en\/my-resort-my-village\/freissinieres-dormillouse\/","og_site_name":"Pays des \u00c9crins - Office de Tourisme","article_modified_time":"2025-08-13T13:12:45+00:00","og_image":[{"width":2560,"height":1707,"url":"https:\/\/www.paysdesecrins.com\/wp-content\/uploads\/2025\/08\/dsc00229-1-scaled.jpg","type":"image\/jpeg"}],"twitter_card":"summary_large_image","twitter_misc":{"Est. reading time":"5 minutes"},"schema":{"@context":"https:\/\/schema.org","@graph":[{"@type":"WebPage","@id":"https:\/\/www.paysdesecrins.com\/en\/my-resort-my-village\/freissinieres-dormillouse\/","url":"https:\/\/www.paysdesecrins.com\/en\/my-resort-my-village\/freissinieres-dormillouse\/","name":"Freissini\u00e8res - Pays des \u00c9crins - Office de Tourisme","isPartOf":{"@id":"https:\/\/www.paysdesecrins.com\/en\/#website"},"primaryImageOfPage":{"@id":"https:\/\/www.paysdesecrins.com\/en\/my-resort-my-village\/freissinieres-dormillouse\/#primaryimage"},"image":{"@id":"https:\/\/www.paysdesecrins.com\/en\/my-resort-my-village\/freissinieres-dormillouse\/#primaryimage"},"thumbnailUrl":"https:\/\/www.paysdesecrins.com\/wp-content\/uploads\/2025\/08\/dsc00229-1-scaled.jpg","datePublished":"2025-06-25T13:44:53+00:00","dateModified":"2025-08-13T13:12:45+00:00","breadcrumb":{"@id":"https:\/\/www.paysdesecrins.com\/en\/my-resort-my-village\/freissinieres-dormillouse\/#breadcrumb"},"inLanguage":"en-US","potentialAction":[{"@type":"ReadAction","target":["https:\/\/www.paysdesecrins.com\/en\/my-resort-my-village\/freissinieres-dormillouse\/"]}]},{"@type":"ImageObject","inLanguage":"en-US","@id":"https:\/\/www.paysdesecrins.com\/en\/my-resort-my-village\/freissinieres-dormillouse\/#primaryimage","url":"https:\/\/www.paysdesecrins.com\/wp-content\/uploads\/2025\/08\/dsc00229-1-scaled.jpg","contentUrl":"https:\/\/www.paysdesecrins.com\/wp-content\/uploads\/2025\/08\/dsc00229-1-scaled.jpg","width":2560,"height":1707},{"@type":"BreadcrumbList","@id":"https:\/\/www.paysdesecrins.com\/en\/my-resort-my-village\/freissinieres-dormillouse\/#breadcrumb","itemListElement":[{"@type":"ListItem","position":1,"name":"Home","item":"https:\/\/www.paysdesecrins.com\/en\/the-title-of-the-home\/"},{"@type":"ListItem","position":2,"name":"My resort, my village","item":"https:\/\/www.paysdesecrins.com\/en\/ma-station-mon-village\/"},{"@type":"ListItem","position":3,"name":"Freissini\u00e8res"}]},{"@type":"WebSite","@id":"https:\/\/www.paysdesecrins.com\/en\/#website","url":"https:\/\/www.paysdesecrins.com\/en\/","name":"Pays des \u00c9crins - Office de Tourisme","description":"L&#039;esprit montagne","publisher":{"@id":"https:\/\/www.paysdesecrins.com\/en\/#organization"},"potentialAction":[{"@type":"SearchAction","target":{"@type":"EntryPoint","urlTemplate":"https:\/\/www.paysdesecrins.com\/en\/?s={search_term_string}"},"query-input":{"@type":"PropertyValueSpecification","valueRequired":true,"valueName":"search_term_string"}}],"inLanguage":"en-US"},{"@type":"Organization","@id":"https:\/\/www.paysdesecrins.com\/en\/#organization","name":"Pays des \u00c9crins - Office de Tourisme","url":"https:\/\/www.paysdesecrins.com\/en\/","logo":{"@type":"ImageObject","inLanguage":"en-US","@id":"https:\/\/www.paysdesecrins.com\/en\/#\/schema\/logo\/image\/","url":"https:\/\/www.paysdesecrins.com\/wp-content\/uploads\/2025\/06\/devina-svg-1750845694.svg","contentUrl":"https:\/\/www.paysdesecrins.com\/wp-content\/uploads\/2025\/06\/devina-svg-1750845694.svg","caption":"Pays des \u00c9crins - Office de Tourisme"},"image":{"@id":"https:\/\/www.paysdesecrins.com\/en\/#\/schema\/logo\/image\/"}}]}},"_links":{"self":[{"href":"https:\/\/www.paysdesecrins.com\/en\/wp-json\/wp\/v2\/pages\/45153","targetHints":{"allow":["GET"]}}],"collection":[{"href":"https:\/\/www.paysdesecrins.com\/en\/wp-json\/wp\/v2\/pages"}],"about":[{"href":"https:\/\/www.paysdesecrins.com\/en\/wp-json\/wp\/v2\/types\/page"}],"author":[{"embeddable":true,"href":"https:\/\/www.paysdesecrins.com\/en\/wp-json\/wp\/v2\/users\/1"}],"replies":[{"embeddable":true,"href":"https:\/\/www.paysdesecrins.com\/en\/wp-json\/wp\/v2\/comments?post=45153"}],"version-history":[{"count":2,"href":"https:\/\/www.paysdesecrins.com\/en\/wp-json\/wp\/v2\/pages\/45153\/revisions"}],"predecessor-version":[{"id":93484,"href":"https:\/\/www.paysdesecrins.com\/en\/wp-json\/wp\/v2\/pages\/45153\/revisions\/93484"}],"up":[{"embeddable":true,"href":"https:\/\/www.paysdesecrins.com\/en\/wp-json\/wp\/v2\/pages\/44508"}],"wp:featuredmedia":[{"embeddable":true,"href":"https:\/\/www.paysdesecrins.com\/en\/wp-json\/wp\/v2\/media\/65563"}],"wp:attachment":[{"href":"https:\/\/www.paysdesecrins.com\/en\/wp-json\/wp\/v2\/media?parent=45153"}],"curies":[{"name":"wp","href":"https:\/\/api.w.org\/{rel}","templated":true}]}}