{"id":45193,"date":"2025-06-25T15:44:52","date_gmt":"2025-06-25T13:44:52","guid":{"rendered":"https:\/\/www.paysdesecrins.com\/my-resort-my-village\/pelvoux-vallouise-ailefroide\/"},"modified":"2025-08-13T15:12:42","modified_gmt":"2025-08-13T13:12:42","slug":"pelvoux-vallouise-ailefroide","status":"publish","type":"page","link":"https:\/\/www.paysdesecrins.com\/en\/my-resort-my-village\/pelvoux-vallouise-ailefroide\/","title":{"rendered":"Vallouise-Pelvoux"},"content":{"rendered":"    <div class=\"alignfull wp-block-ws-library-ws-header-interne\" data-season=\"summer\">\n\t    <div class=\"header-container\">\n\t        <div class=\"group-media has-image\">\n\t            \t                <img loading=\"lazy\" decoding=\"async\" width=\"1920\" height=\"800\" src=\"https:\/\/www.paysdesecrins.com\/wp-content\/uploads\/2025\/07\/lever-de-soleil-sur-la-cre-te-du-bel-serre-entre-la-blanche-et-la-rouya-14-1920x800.jpg\" alt=\"\" class=\"image_large_square wp-image-45004\" \/>\n\t            \t        <\/div>\n\t        <div class=\"group-content\">\n\t            <div class=\"title\">\n\t                <h1>\n\t                    Vallouise-Pelvoux\t                    \t                <\/h1>\n\t            <\/div>\n\t        <\/div>\n\t    <\/div>\n\t    \n<div class=\"yoast-breadcrumbs\"><span><span><a href=\"https:\/\/www.paysdesecrins.com\/en\/the-title-of-the-home\/\">Home<\/a><\/span>  <span><a href=\"https:\/\/www.paysdesecrins.com\/en\/ma-station-mon-village\/\">My resort, my village<\/a><\/span>  <span class=\"breadcrumb_last\" aria-current=\"page\">Vallouise-Pelvoux<\/span><\/span><\/div>\n    <\/div>\n        <div class=\"alignfull wp-block-ws-library-ws-header-interne\" data-season=\"winter\">\n\t    <div class=\"header-container\">\n\t        <div class=\"group-media has-image\">\n\t            \t                <img loading=\"lazy\" decoding=\"async\" width=\"1920\" height=\"800\" src=\"https:\/\/www.paysdesecrins.com\/wp-content\/uploads\/2025\/07\/bivouac-a-su-sommet-de-la-blanche-5-1920x800.jpg\" alt=\"\" class=\"image_large_square wp-image-44994\" \/>\n\t            \t        <\/div>\n\t        <div class=\"group-content\">\n\t            <div class=\"title\">\n\t                <h1>\n\t                    Vallouise-pelvoux\t                    \t                <\/h1>\n\t            <\/div>\n\t        <\/div>\n\t    <\/div>\n\t    \n<div class=\"yoast-breadcrumbs\"><span><span><a href=\"https:\/\/www.paysdesecrins.com\/en\/the-title-of-the-home\/\">Home<\/a><\/span>  <span><a href=\"https:\/\/www.paysdesecrins.com\/en\/ma-station-mon-village\/\">My resort, my village<\/a><\/span>  <span class=\"breadcrumb_last\" aria-current=\"page\">Vallouise-Pelvoux<\/span><\/span><\/div>\n    <\/div>\n    \n<div class=\"wp-block-ws-library-ws-list-pictos\" data-season=\"summer\">\n<div class=\"wp-block-ws-library-ws-text-icon ws-text-icon\"><div class=\"group-media\"><div class=\"field-image\"><img decoding=\"async\" src=\"https:\/\/www.paysdesecrins.com\/wp-content\/uploads\/2025\/07\/webcam.svg\" alt=\"\" class=\"wp-image-26804 size-90x90\"><\/div><\/div><div class=\"group-content\"><p class=\"field-description\">Webcam<\/p><\/div><a href=\"https:\/\/www.paysdesecrins.com\/en\/60791-2\/\" class=\"cardlink\">See more<\/a><\/div>\n\n\n\n<div class=\"wp-block-ws-library-ws-text-icon ws-text-icon\"><div class=\"group-media\"><div class=\"field-image\"><img decoding=\"async\" src=\"https:\/\/www.paysdesecrins.com\/wp-content\/uploads\/2025\/07\/meteo.svg\" alt=\"\" class=\"wp-image-26817 size-90x90\"><\/div><\/div><div class=\"group-content\"><p class=\"field-description\">Weather forecast<\/p><\/div><a href=\"https:\/\/www.paysdesecrins.com\/en\/weather-vallouise-pelvoux\/\" class=\"cardlink\">See more<\/a><\/div>\n\n\n\n<div class=\"wp-block-ws-library-ws-text-icon ws-text-icon\"><div class=\"group-media\"><div class=\"field-image\"><img decoding=\"async\" src=\"https:\/\/www.paysdesecrins.com\/wp-content\/uploads\/2025\/07\/ski.svg\" alt=\"\" class=\"wp-image-26794 size-90x90\"><\/div><\/div><div class=\"group-content\"><p class=\"field-description\">Lift passes<br>Mechanical<\/p><\/div><a href=\"https:\/\/ski-pelvoux.axess.shop\/fr\/Products\/Tickets\/\" class=\"cardlink\" target=\"_blank\">See more<\/a><\/div>\n\n\n\n<div class=\"wp-block-ws-library-ws-text-icon ws-text-icon\"><div class=\"group-media\"><div class=\"field-image\"><img decoding=\"async\" src=\"https:\/\/www.paysdesecrins.com\/wp-content\/uploads\/2025\/07\/map.svg\" alt=\"\" class=\"wp-image-26809 size-90x90\"><\/div><\/div><div class=\"group-content\"><p class=\"field-description\">Map of the HIKES<br>AND activities<\/p><\/div><a href=\"https:\/\/app-v4.avizi.fr\/fichiers\/preview\/687f5d3568cfa\/39473-3839\" class=\"cardlink\" target=\"_blank\">See more<\/a><\/div>\n<\/div>\n\n<div class=\"wp-block-ws-library-ws-list-pictos\" data-season=\"winter\">\n<div class=\"wp-block-ws-library-ws-text-icon ws-text-icon\"><div class=\"group-media\"><div class=\"field-image\"><img decoding=\"async\" src=\"https:\/\/www.paysdesecrins.com\/wp-content\/uploads\/2025\/07\/webcam.svg\" alt=\"\" class=\"wp-image-26804 size-90x90\"><\/div><\/div><div class=\"group-content\"><p class=\"field-description\">Webcam<\/p><\/div><a href=\"https:\/\/www.paysdesecrins.com\/en\/60791-2\/\" class=\"cardlink\">See more<\/a><\/div>\n\n\n\n<div class=\"wp-block-ws-library-ws-text-icon ws-text-icon\"><div class=\"group-media\"><div class=\"field-image\"><img decoding=\"async\" src=\"https:\/\/www.paysdesecrins.com\/wp-content\/uploads\/2025\/07\/meteo.svg\" alt=\"\" class=\"wp-image-26817 size-90x90\"><\/div><\/div><div class=\"group-content\"><p class=\"field-description\">Weather forecast<\/p><\/div><a href=\"https:\/\/www.paysdesecrins.com\/en\/weather-vallouise-pelvoux\/\" class=\"cardlink\">See more<\/a><\/div>\n\n\n\n<div class=\"wp-block-ws-library-ws-text-icon ws-text-icon\"><div class=\"group-media\"><div class=\"field-image\"><img decoding=\"async\" src=\"https:\/\/www.paysdesecrins.com\/wp-content\/uploads\/2025\/07\/ski.svg\" alt=\"\" class=\"wp-image-26794 size-90x90\"><\/div><\/div><div class=\"group-content\"><p class=\"field-description\">Lift passes<br>Mechanical<\/p><\/div><a href=\"https:\/\/ski-pelvoux.axess.shop\/fr\/Products\/Tickets\/\" class=\"cardlink\" target=\"_blank\">See more<\/a><\/div>\n\n\n\n<div class=\"wp-block-ws-library-ws-text-icon ws-text-icon\"><div class=\"group-media\"><div class=\"field-image\"><img decoding=\"async\" src=\"https:\/\/www.paysdesecrins.com\/wp-content\/uploads\/2025\/07\/map.svg\" alt=\"\" class=\"wp-image-26809 size-90x90\"><\/div><\/div><div class=\"group-content\"><p class=\"field-description\">TRAIL MAP<\/p><\/div><a href=\"https:\/\/www.ski-pelvoux.com\/wp-content\/uploads\/2024\/12\/pelvoux-vallouise-2024-plan-pistes-a4-web-compresse.pdf\" class=\"cardlink\" target=\"_blank\">See more<\/a><\/div>\n<\/div>\n\n<div class=\"wp-block-ws-library-ws-title aligncenter is-style-simple\" data-season=\"summer\"><h2><em>The playground of <\/em>Mountain enthusiasts  <\/h2><\/div>\n\n<div class=\"wp-block-ws-library-ws-title aligncenter is-style-simple\" data-season=\"winter\"><h2><em>The playground of <\/em>Mountain enthusiasts  <\/h2><\/div>\n\n<p class=\"has-text-align-center\" data-season=\"summer\">Located at an altitude of 1,250 m, the village resort of Pelvoux-Vallouise includes the hamlets of Pelvoux, Vallouise and Ailefroide, labelled &#8220;Mountaineering Village&#8221; in the heart of the \u00c9crins National Park. In summer, sports enthusiasts and families will find what they are looking for between panoramic walks to the Glacier Blanc, via ferrata, mountain bike rides, paragliding flights or rafting. Mountaineering enthusiasts can set off from Ailefroide on the classic glacial and rocky routes, accompanied by the guides of the \u00c9crins. At the foot of thousand-year-old peaks and glaciers, the atmosphere is warm and authentic, inviting you to discover the local heritage and recharge your batteries in the middle of nature.   <\/p>\n\n<p class=\"has-text-align-center\" data-season=\"winter\">Located between 1,250 and 2,300 m above sea level, Vallouise-Pelvoux offers 25 km of marked slopes served by seven ski lifts, suitable for skiers of all levels. Ski touring enthusiasts can take the Pr\u00e9ron chairlift to join the route to La Blanche (2,953 m), with its 1,138 m of vertical drop downhill. In winter, the Vallouise-Pelvoux take-off site remains accessible by chairlift, offering paragliders a direct flight over the Vallouise with a unique panorama of the peaks of the \u00c9crins. Between the peaks of the \u00c9crins and the friendly village atmosphere, Vallouise-pelvoux is distinguished by its simple and authentic spirit.   <\/p>\n\n<div class=\"wp-block-group is-content-justification-center is-nowrap is-layout-flex wp-container-core-group-is-layout-23441af8 wp-block-group-is-layout-flex\">\n<div class=\"wp-block-ws-library-ws-button has-text-align-center\"><a href=\"https:\/\/www.ski-pelvoux.com\" class=\"wp-block-button__link wp-element-button btn\">  Resort website<\/a><\/div>\n\n\n\n<div class=\"wp-block-ws-library-ws-button has-text-align-center is-style-outline\"><a href=\"https:\/\/www.paysdesecrins.com\/en\/i-choose\/access-and-shuttles\/\" class=\"wp-block-button__link wp-element-button btn\">  Access and shuttles<\/a><\/div>\n<\/div>\n\n<div style=\"height:20px\" aria-hidden=\"true\" class=\"wp-block-spacer\"><\/div>\n\n<div class=\"wp-block-ws-library-ws-title aligncenter is-style-simple\"><h3><em>I want to<\/em> Find out<\/h3><\/div>\n<div class=\"alignwide wp-block-ws-library-ws-list-childs\" data-season=\"allseasons\"><div class=\"child-pages-list list-items list-2-3-4\"><div class=\"item\" data-season=\"all-seasons\"><div class=\"card card-child\"><div class=\"group-media\"><div class=\"field-image\"><img decoding=\"async\" width=\"400\" height=\"400\" src=\"https:\/\/www.paysdesecrins.com\/wp-content\/uploads\/2025\/07\/dsc00189-400x400.jpg\" class=\"winter wp-post-image\" alt=\"\" loading=\"lazy\" data-season=\"winter\" srcset=\"https:\/\/www.paysdesecrins.com\/wp-content\/uploads\/2025\/07\/dsc00189-400x400.jpg 400w, https:\/\/www.paysdesecrins.com\/wp-content\/uploads\/2025\/07\/dsc00189-150x150.jpg 150w, https:\/\/www.paysdesecrins.com\/wp-content\/uploads\/2025\/07\/dsc00189-600x600.jpg 600w, https:\/\/www.paysdesecrins.com\/wp-content\/uploads\/2025\/07\/dsc00189-300x300.jpg 300w, https:\/\/www.paysdesecrins.com\/wp-content\/uploads\/2025\/07\/dsc00189-570x570.jpg 570w\" sizes=\"auto, (max-width: 400px) 100vw, 400px\" \/><img loading=\"lazy\" decoding=\"async\" width=\"400\" height=\"400\" src=\"https:\/\/www.paysdesecrins.com\/wp-content\/uploads\/2025\/07\/51rafting-eauxvives-rafting-dsc09298-scaled-400x400.jpg\" class=\"vivaldi-thumb summer\" alt=\"\" data-season=\"summer\" srcset=\"https:\/\/www.paysdesecrins.com\/wp-content\/uploads\/2025\/07\/51rafting-eauxvives-rafting-dsc09298-scaled-400x400.jpg 400w, https:\/\/www.paysdesecrins.com\/wp-content\/uploads\/2025\/07\/51rafting-eauxvives-rafting-dsc09298-scaled-150x150.jpg 150w, https:\/\/www.paysdesecrins.com\/wp-content\/uploads\/2025\/07\/51rafting-eauxvives-rafting-dsc09298-scaled-600x600.jpg 600w, https:\/\/www.paysdesecrins.com\/wp-content\/uploads\/2025\/07\/51rafting-eauxvives-rafting-dsc09298-scaled-300x300.jpg 300w, https:\/\/www.paysdesecrins.com\/wp-content\/uploads\/2025\/07\/51rafting-eauxvives-rafting-dsc09298-scaled-570x570.jpg 570w, https:\/\/www.paysdesecrins.com\/wp-content\/uploads\/2025\/07\/51rafting-eauxvives-rafting-dsc09298-scaled-480x480.jpg 480w\" sizes=\"auto, (max-width: 400px) 100vw, 400px\" \/><\/div><\/div><div class=\"group-content\"><span class=\"field-title\">Activities in Vallouise-Pelvoux<\/span><\/div><div class=\"field-link\"><a href=\"https:\/\/www.paysdesecrins.com\/en\/my-resort-my-village\/pelvoux-vallouise-ailefroide\/activities-2\/\" class=\"cardlink\">Voir plus<\/a><\/div><\/div><\/div><div class=\"item\" data-season=\"all-seasons\"><div class=\"card card-child\"><div class=\"group-media\"><div class=\"field-image\"><img decoding=\"async\" width=\"400\" height=\"400\" src=\"https:\/\/www.paysdesecrins.com\/wp-content\/uploads\/2025\/11\/dsc06314-400x400.jpg\" class=\"winter all-seasons wp-post-image\" alt=\"\" loading=\"lazy\" data-season=\"all-seasons\" srcset=\"https:\/\/www.paysdesecrins.com\/wp-content\/uploads\/2025\/11\/dsc06314-400x400.jpg 400w, https:\/\/www.paysdesecrins.com\/wp-content\/uploads\/2025\/11\/dsc06314-150x150.jpg 150w, https:\/\/www.paysdesecrins.com\/wp-content\/uploads\/2025\/11\/dsc06314-600x600.jpg 600w, https:\/\/www.paysdesecrins.com\/wp-content\/uploads\/2025\/11\/dsc06314-300x300.jpg 300w, https:\/\/www.paysdesecrins.com\/wp-content\/uploads\/2025\/11\/dsc06314-570x570.jpg 570w, https:\/\/www.paysdesecrins.com\/wp-content\/uploads\/2025\/11\/dsc06314-480x480.jpg 480w\" sizes=\"auto, (max-width: 400px) 100vw, 400px\" \/><\/div><\/div><div class=\"group-content\"><span class=\"field-title\">Vallouise Nordic area<\/span><\/div><div class=\"field-link\"><a href=\"https:\/\/www.paysdesecrins.com\/en\/my-resort-my-village\/pelvoux-vallouise-ailefroide\/vallouise-nordic-area\/\" class=\"cardlink\">Voir plus<\/a><\/div><\/div><\/div><div class=\"item\" data-season=\"all-seasons\"><div class=\"card card-child\"><div class=\"group-media\"><div class=\"field-image\"><img decoding=\"async\" width=\"400\" height=\"400\" src=\"https:\/\/www.paysdesecrins.com\/wp-content\/uploads\/2025\/07\/cdm-ski-alpi-1-1-400x400.jpg\" class=\"winter wp-post-image\" alt=\"\" loading=\"lazy\" data-season=\"winter\" srcset=\"https:\/\/www.paysdesecrins.com\/wp-content\/uploads\/2025\/07\/cdm-ski-alpi-1-1-400x400.jpg 400w, https:\/\/www.paysdesecrins.com\/wp-content\/uploads\/2025\/07\/cdm-ski-alpi-1-1-150x150.jpg 150w, https:\/\/www.paysdesecrins.com\/wp-content\/uploads\/2025\/07\/cdm-ski-alpi-1-1-600x600.jpg 600w, https:\/\/www.paysdesecrins.com\/wp-content\/uploads\/2025\/07\/cdm-ski-alpi-1-1-300x300.jpg 300w, https:\/\/www.paysdesecrins.com\/wp-content\/uploads\/2025\/07\/cdm-ski-alpi-1-1-570x570.jpg 570w\" sizes=\"auto, (max-width: 400px) 100vw, 400px\" \/><img loading=\"lazy\" decoding=\"async\" width=\"400\" height=\"400\" src=\"https:\/\/www.paysdesecrins.com\/wp-content\/uploads\/2025\/07\/img-6208-2-400x400.jpg\" class=\"vivaldi-thumb summer\" alt=\"\" data-season=\"summer\" srcset=\"https:\/\/www.paysdesecrins.com\/wp-content\/uploads\/2025\/07\/img-6208-2-400x400.jpg 400w, https:\/\/www.paysdesecrins.com\/wp-content\/uploads\/2025\/07\/img-6208-2-150x150.jpg 150w, https:\/\/www.paysdesecrins.com\/wp-content\/uploads\/2025\/07\/img-6208-2-600x600.jpg 600w, https:\/\/www.paysdesecrins.com\/wp-content\/uploads\/2025\/07\/img-6208-2-300x300.jpg 300w, https:\/\/www.paysdesecrins.com\/wp-content\/uploads\/2025\/07\/img-6208-2-570x570.jpg 570w, https:\/\/www.paysdesecrins.com\/wp-content\/uploads\/2025\/07\/img-6208-2-scaled-480x480.jpg 480w\" sizes=\"auto, (max-width: 400px) 100vw, 400px\" \/><\/div><\/div><div class=\"group-content\"><span class=\"field-title\">All properties in Vallouise-Pelvoux<\/span><\/div><div class=\"field-link\"><a href=\"https:\/\/www.paysdesecrins.com\/en\/my-resort-my-village\/pelvoux-vallouise-ailefroide\/all-accommodations-2\/\" class=\"cardlink\">Voir plus<\/a><\/div><\/div><\/div><div class=\"item\" data-season=\"all-seasons\"><div class=\"card card-child\"><div class=\"group-media\"><div class=\"field-image\"><img decoding=\"async\" width=\"400\" height=\"400\" src=\"https:\/\/www.paysdesecrins.com\/wp-content\/uploads\/2025\/08\/paysages-et-ski-autour-de-dormillouse-7-400x400.jpg\" class=\"winter wp-post-image\" alt=\"\" loading=\"lazy\" data-season=\"winter\" srcset=\"https:\/\/www.paysdesecrins.com\/wp-content\/uploads\/2025\/08\/paysages-et-ski-autour-de-dormillouse-7-400x400.jpg 400w, https:\/\/www.paysdesecrins.com\/wp-content\/uploads\/2025\/08\/paysages-et-ski-autour-de-dormillouse-7-150x150.jpg 150w, https:\/\/www.paysdesecrins.com\/wp-content\/uploads\/2025\/08\/paysages-et-ski-autour-de-dormillouse-7-600x600.jpg 600w, https:\/\/www.paysdesecrins.com\/wp-content\/uploads\/2025\/08\/paysages-et-ski-autour-de-dormillouse-7-300x300.jpg 300w, https:\/\/www.paysdesecrins.com\/wp-content\/uploads\/2025\/08\/paysages-et-ski-autour-de-dormillouse-7-570x570.jpg 570w\" sizes=\"auto, (max-width: 400px) 100vw, 400px\" \/><img loading=\"lazy\" decoding=\"async\" width=\"400\" height=\"400\" src=\"https:\/\/www.paysdesecrins.com\/wp-content\/uploads\/2025\/07\/h0a1330-400x400.jpg\" class=\"vivaldi-thumb summer\" alt=\"\" data-season=\"summer\" srcset=\"https:\/\/www.paysdesecrins.com\/wp-content\/uploads\/2025\/07\/h0a1330-400x400.jpg 400w, https:\/\/www.paysdesecrins.com\/wp-content\/uploads\/2025\/07\/h0a1330-150x150.jpg 150w, https:\/\/www.paysdesecrins.com\/wp-content\/uploads\/2025\/07\/h0a1330-600x600.jpg 600w, https:\/\/www.paysdesecrins.com\/wp-content\/uploads\/2025\/07\/h0a1330-300x300.jpg 300w, https:\/\/www.paysdesecrins.com\/wp-content\/uploads\/2025\/07\/h0a1330-570x570.jpg 570w, https:\/\/www.paysdesecrins.com\/wp-content\/uploads\/2025\/07\/h0a1330-scaled-480x480.jpg 480w\" sizes=\"auto, (max-width: 400px) 100vw, 400px\" \/><\/div><\/div><div class=\"group-content\"><span class=\"field-title\">Services in Vallouise-Pelvoux<\/span><\/div><div class=\"field-link\"><a href=\"https:\/\/www.paysdesecrins.com\/en\/my-resort-my-village\/pelvoux-vallouise-ailefroide\/services-post-offices-doctors-daycares-etc\/\" class=\"cardlink\">Voir plus<\/a><\/div><\/div><\/div><div class=\"item\" data-season=\"all-seasons\"><div class=\"card card-child\"><div class=\"group-media\"><div class=\"field-image\"><img decoding=\"async\" width=\"400\" height=\"400\" src=\"https:\/\/www.paysdesecrins.com\/wp-content\/uploads\/2025\/07\/dsc03991-1-400x400.jpg\" class=\"winter wp-post-image\" alt=\"\" loading=\"lazy\" data-season=\"winter\" srcset=\"https:\/\/www.paysdesecrins.com\/wp-content\/uploads\/2025\/07\/dsc03991-1-400x400.jpg 400w, https:\/\/www.paysdesecrins.com\/wp-content\/uploads\/2025\/07\/dsc03991-1-150x150.jpg 150w, https:\/\/www.paysdesecrins.com\/wp-content\/uploads\/2025\/07\/dsc03991-1-600x600.jpg 600w, https:\/\/www.paysdesecrins.com\/wp-content\/uploads\/2025\/07\/dsc03991-1-300x300.jpg 300w, https:\/\/www.paysdesecrins.com\/wp-content\/uploads\/2025\/07\/dsc03991-1-570x570.jpg 570w\" sizes=\"auto, (max-width: 400px) 100vw, 400px\" \/><img loading=\"lazy\" decoding=\"async\" width=\"400\" height=\"400\" src=\"https:\/\/www.paysdesecrins.com\/wp-content\/uploads\/2025\/07\/07-29-24-musique-en-ecrins-47-400x400.jpg\" class=\"vivaldi-thumb summer\" alt=\"\" data-season=\"summer\" srcset=\"https:\/\/www.paysdesecrins.com\/wp-content\/uploads\/2025\/07\/07-29-24-musique-en-ecrins-47-400x400.jpg 400w, https:\/\/www.paysdesecrins.com\/wp-content\/uploads\/2025\/07\/07-29-24-musique-en-ecrins-47-150x150.jpg 150w, https:\/\/www.paysdesecrins.com\/wp-content\/uploads\/2025\/07\/07-29-24-musique-en-ecrins-47-600x600.jpg 600w, https:\/\/www.paysdesecrins.com\/wp-content\/uploads\/2025\/07\/07-29-24-musique-en-ecrins-47-300x300.jpg 300w, https:\/\/www.paysdesecrins.com\/wp-content\/uploads\/2025\/07\/07-29-24-musique-en-ecrins-47-570x570.jpg 570w, https:\/\/www.paysdesecrins.com\/wp-content\/uploads\/2025\/07\/07-29-24-musique-en-ecrins-47-scaled-480x480.jpg 480w\" sizes=\"auto, (max-width: 400px) 100vw, 400px\" \/><\/div><\/div><div class=\"group-content\"><span class=\"field-title\">Events in Vallouise-Pelvoux<\/span><\/div><div class=\"field-link\"><a href=\"https:\/\/www.paysdesecrins.com\/en\/my-resort-my-village\/pelvoux-vallouise-ailefroide\/event\/\" class=\"cardlink\">Voir plus<\/a><\/div><\/div><\/div><div class=\"item\" data-season=\"all-seasons\"><div class=\"card card-child\"><div class=\"group-media\"><div class=\"field-image\"><img decoding=\"async\" width=\"400\" height=\"400\" src=\"https:\/\/www.paysdesecrins.com\/wp-content\/uploads\/2025\/07\/img-2982-400x400.jpg\" class=\"winter wp-post-image\" alt=\"\" loading=\"lazy\" data-season=\"winter\" srcset=\"https:\/\/www.paysdesecrins.com\/wp-content\/uploads\/2025\/07\/img-2982-400x400.jpg 400w, https:\/\/www.paysdesecrins.com\/wp-content\/uploads\/2025\/07\/img-2982-150x150.jpg 150w, https:\/\/www.paysdesecrins.com\/wp-content\/uploads\/2025\/07\/img-2982-600x600.jpg 600w, https:\/\/www.paysdesecrins.com\/wp-content\/uploads\/2025\/07\/img-2982-300x300.jpg 300w, https:\/\/www.paysdesecrins.com\/wp-content\/uploads\/2025\/07\/img-2982-570x570.jpg 570w\" sizes=\"auto, (max-width: 400px) 100vw, 400px\" \/><img loading=\"lazy\" decoding=\"async\" width=\"400\" height=\"400\" src=\"https:\/\/www.paysdesecrins.com\/wp-content\/uploads\/2025\/07\/07-08-24-thats-my-girls-36-400x400.jpg\" class=\"vivaldi-thumb summer\" alt=\"\" data-season=\"summer\" srcset=\"https:\/\/www.paysdesecrins.com\/wp-content\/uploads\/2025\/07\/07-08-24-thats-my-girls-36-400x400.jpg 400w, https:\/\/www.paysdesecrins.com\/wp-content\/uploads\/2025\/07\/07-08-24-thats-my-girls-36-150x150.jpg 150w, https:\/\/www.paysdesecrins.com\/wp-content\/uploads\/2025\/07\/07-08-24-thats-my-girls-36-600x600.jpg 600w, https:\/\/www.paysdesecrins.com\/wp-content\/uploads\/2025\/07\/07-08-24-thats-my-girls-36-300x300.jpg 300w, https:\/\/www.paysdesecrins.com\/wp-content\/uploads\/2025\/07\/07-08-24-thats-my-girls-36-570x570.jpg 570w, https:\/\/www.paysdesecrins.com\/wp-content\/uploads\/2025\/07\/07-08-24-thats-my-girls-36-scaled-480x480.jpg 480w\" sizes=\"auto, (max-width: 400px) 100vw, 400px\" \/><\/div><\/div><div class=\"group-content\"><span class=\"field-title\">Activities in Vallouise-Pelvoux<\/span><\/div><div class=\"field-link\"><a href=\"https:\/\/www.paysdesecrins.com\/en\/my-resort-my-village\/pelvoux-vallouise-ailefroide\/animation\/\" class=\"cardlink\">Voir plus<\/a><\/div><\/div><\/div><div class=\"item\" data-season=\"all-seasons\"><div class=\"card card-child\"><div class=\"group-media\"><div class=\"field-image\"><img decoding=\"async\" width=\"400\" height=\"400\" src=\"https:\/\/www.paysdesecrins.com\/wp-content\/uploads\/2025\/08\/freeride-puy-st-vincent-13-400x400.jpg\" class=\"winter wp-post-image\" alt=\"\" loading=\"lazy\" data-season=\"winter\" srcset=\"https:\/\/www.paysdesecrins.com\/wp-content\/uploads\/2025\/08\/freeride-puy-st-vincent-13-400x400.jpg 400w, https:\/\/www.paysdesecrins.com\/wp-content\/uploads\/2025\/08\/freeride-puy-st-vincent-13-150x150.jpg 150w, https:\/\/www.paysdesecrins.com\/wp-content\/uploads\/2025\/08\/freeride-puy-st-vincent-13-600x600.jpg 600w, https:\/\/www.paysdesecrins.com\/wp-content\/uploads\/2025\/08\/freeride-puy-st-vincent-13-300x300.jpg 300w, https:\/\/www.paysdesecrins.com\/wp-content\/uploads\/2025\/08\/freeride-puy-st-vincent-13-570x570.jpg 570w\" sizes=\"auto, (max-width: 400px) 100vw, 400px\" \/><img loading=\"lazy\" decoding=\"async\" width=\"400\" height=\"400\" src=\"https:\/\/www.paysdesecrins.com\/wp-content\/uploads\/2025\/07\/1712931269-1464380290-400x400.jpg\" class=\"vivaldi-thumb summer\" alt=\"\" data-season=\"summer\" srcset=\"https:\/\/www.paysdesecrins.com\/wp-content\/uploads\/2025\/07\/1712931269-1464380290-400x400.jpg 400w, https:\/\/www.paysdesecrins.com\/wp-content\/uploads\/2025\/07\/1712931269-1464380290-150x150.jpg 150w, https:\/\/www.paysdesecrins.com\/wp-content\/uploads\/2025\/07\/1712931269-1464380290-600x600.jpg 600w, https:\/\/www.paysdesecrins.com\/wp-content\/uploads\/2025\/07\/1712931269-1464380290-300x300.jpg 300w, https:\/\/www.paysdesecrins.com\/wp-content\/uploads\/2025\/07\/1712931269-1464380290-570x570.jpg 570w, https:\/\/www.paysdesecrins.com\/wp-content\/uploads\/2025\/07\/1712931269-1464380290-480x480.jpg 480w\" sizes=\"auto, (max-width: 400px) 100vw, 400px\" \/><\/div><\/div><div class=\"group-content\"><span class=\"field-title\">Equipment and rental in Vallouise-Pelvoux<\/span><\/div><div class=\"field-link\"><a href=\"https:\/\/www.paysdesecrins.com\/en\/my-resort-my-village\/pelvoux-vallouise-ailefroide\/equipment-shops-shops-shops\/\" class=\"cardlink\">Voir plus<\/a><\/div><\/div><\/div><div class=\"item\" data-season=\"all-seasons\"><div class=\"card card-child\"><div class=\"group-media\"><div class=\"field-image\"><img decoding=\"async\" width=\"400\" height=\"400\" src=\"https:\/\/www.paysdesecrins.com\/wp-content\/uploads\/2025\/07\/191hiver-villages-vallouise-sous-la-neige-6-400x400.jpg\" class=\"winter wp-post-image\" alt=\"\" loading=\"lazy\" data-season=\"winter\" srcset=\"https:\/\/www.paysdesecrins.com\/wp-content\/uploads\/2025\/07\/191hiver-villages-vallouise-sous-la-neige-6-400x400.jpg 400w, https:\/\/www.paysdesecrins.com\/wp-content\/uploads\/2025\/07\/191hiver-villages-vallouise-sous-la-neige-6-150x150.jpg 150w, https:\/\/www.paysdesecrins.com\/wp-content\/uploads\/2025\/07\/191hiver-villages-vallouise-sous-la-neige-6-600x600.jpg 600w, https:\/\/www.paysdesecrins.com\/wp-content\/uploads\/2025\/07\/191hiver-villages-vallouise-sous-la-neige-6-300x300.jpg 300w, https:\/\/www.paysdesecrins.com\/wp-content\/uploads\/2025\/07\/191hiver-villages-vallouise-sous-la-neige-6-570x570.jpg 570w\" sizes=\"auto, (max-width: 400px) 100vw, 400px\" \/><img loading=\"lazy\" decoding=\"async\" width=\"400\" height=\"400\" src=\"https:\/\/www.paysdesecrins.com\/wp-content\/uploads\/2025\/07\/vallouise-alpesphotographiescom-100-400x400.jpg\" class=\"vivaldi-thumb summer\" alt=\"\" data-season=\"summer\" srcset=\"https:\/\/www.paysdesecrins.com\/wp-content\/uploads\/2025\/07\/vallouise-alpesphotographiescom-100-400x400.jpg 400w, https:\/\/www.paysdesecrins.com\/wp-content\/uploads\/2025\/07\/vallouise-alpesphotographiescom-100-150x150.jpg 150w, https:\/\/www.paysdesecrins.com\/wp-content\/uploads\/2025\/07\/vallouise-alpesphotographiescom-100-600x600.jpg 600w, https:\/\/www.paysdesecrins.com\/wp-content\/uploads\/2025\/07\/vallouise-alpesphotographiescom-100-300x300.jpg 300w, https:\/\/www.paysdesecrins.com\/wp-content\/uploads\/2025\/07\/vallouise-alpesphotographiescom-100-570x570.jpg 570w, https:\/\/www.paysdesecrins.com\/wp-content\/uploads\/2025\/07\/vallouise-alpesphotographiescom-100-scaled-480x480.jpg 480w\" sizes=\"auto, (max-width: 400px) 100vw, 400px\" \/><\/div><\/div><div class=\"group-content\"><span class=\"field-title\">Cultural activities and heritage in Vallouise-Pelvoux<\/span><\/div><div class=\"field-link\"><a href=\"https:\/\/www.paysdesecrins.com\/en\/my-resort-my-village\/pelvoux-vallouise-ailefroide\/cultural-activities-heritage\/\" class=\"cardlink\">Voir plus<\/a><\/div><\/div><\/div><div class=\"item\" data-season=\"all-seasons\"><div class=\"card card-child\"><div class=\"group-media\"><div class=\"field-image\"><img decoding=\"async\" width=\"400\" height=\"400\" src=\"https:\/\/www.paysdesecrins.com\/wp-content\/uploads\/2025\/07\/03-08-25-ailechaude-76-400x400.jpg\" class=\"winter all-seasons wp-post-image\" alt=\"\" loading=\"lazy\" data-season=\"all-seasons\" srcset=\"https:\/\/www.paysdesecrins.com\/wp-content\/uploads\/2025\/07\/03-08-25-ailechaude-76-400x400.jpg 400w, https:\/\/www.paysdesecrins.com\/wp-content\/uploads\/2025\/07\/03-08-25-ailechaude-76-150x150.jpg 150w, https:\/\/www.paysdesecrins.com\/wp-content\/uploads\/2025\/07\/03-08-25-ailechaude-76-600x600.jpg 600w, https:\/\/www.paysdesecrins.com\/wp-content\/uploads\/2025\/07\/03-08-25-ailechaude-76-300x300.jpg 300w, https:\/\/www.paysdesecrins.com\/wp-content\/uploads\/2025\/07\/03-08-25-ailechaude-76-570x570.jpg 570w\" sizes=\"auto, (max-width: 400px) 100vw, 400px\" \/><\/div><\/div><div class=\"group-content\"><span class=\"field-title\">All Vallouise-Pelvoux and Ailefroide Restaurants<\/span><\/div><div class=\"field-link\"><a href=\"https:\/\/www.paysdesecrins.com\/en\/my-resort-my-village\/pelvoux-vallouise-ailefroide\/restaurants\/\" class=\"cardlink\">Voir plus<\/a><\/div><\/div><\/div><\/div><\/div>\n<div style=\"height:60px\" aria-hidden=\"true\" class=\"wp-block-spacer\"><\/div>\n\n<div class=\"wp-block-ws-library-ws-title aligncenter is-style-default has-color-3-color\" data-season=\"winter\"><h3><em>The station of <\/em>Pelvoux-Vallouise<\/h3><\/div>\n\n<div class=\"wp-block-ws-library-ws-title aligncenter is-style-default has-color-3-color\" data-season=\"summer\"><h3><em>The altitude range of<\/em>Pelvoux-Vallouise<\/h3><\/div>\n\n<p class=\"has-text-align-center\" data-season=\"summer\">Located on the edge <strong>of the \u00c9crins National Park<\/strong>, the Pelvoux-Vallouise high-altitude area rises to 2,300 m and offers more than <strong>30 km of marked trails<\/strong>, from family walks to more sporty routes to glacial lakes and viewpoints. At the top of the resort, a <strong>take-off area<\/strong> welcomes autonomous paragliders or tandem paragliders for flights over the Vallouise and the mythical peaks of the \u00c9crins. On the access side, hiking packages allow access to the hiking routes and other<strong> packages dedicated to paragliding<\/strong> allow several ascents per day. Finally, a swimming pool at the foot of the slopes invites you to relax after the effort, in a friendly village setting.   <\/p>\n\n<p class=\"has-text-align-center\" data-season=\"winter\">Pelvoux-Vallouise is a human-sized, <strong>family-friendly<\/strong> resort where skiing and other mountain activities rub shoulders with the same slopes.<strong> Located in the<strong> \u00c9crins National Park<\/strong>, it offers you an unusual setting rising up to <strong>2,300 m above sea level<\/strong>, with 7 ski lifts (1 rope lift, 4 ski lifts, 2 4-seater chairlifts) and 18 slopes (2 green, 9 blue, 5 red, 2 black) for <strong>25 km of skiing<\/strong>. Whether you are a beginner or an experienced skier, you will find slopes at your level. <strong>Ski touring<\/strong> enthusiasts can opt for a dedicated ski pass and join the marked route to La Blanche, while <strong>35 km of Nordic trails<\/strong> await cross-country skiing enthusiasts in the valley. To vary the pleasures, opt for <strong>dog sledding<\/strong> or <strong>Snooc<\/strong>. Once a week, the illuminated track allows you to extend the day with<strong> night sessions<\/strong>. Finally, a <strong>mountain restaurant <\/strong>and a <strong>panoramic picnic area<\/strong> offer a welcome break on this estate where authenticity and nature remain the key words.<\/strong>      <\/p>\n\n<div class=\"wp-block-ws-library-ws-button has-text-align-center\"><a href=\"https:\/\/www.ski-pelvoux.com\" class=\"wp-block-button__link wp-element-button btn\">  Book my package<\/a><\/div>\n\n<div class=\"wp-block-ws-library-ws-banner alignwide\" data-season=\"winter\"><div class=\"wrapper\"><div class=\"group-media\"><img loading=\"lazy\" decoding=\"async\" width=\"1920\" height=\"480\" src=\"https:\/\/www.paysdesecrins.com\/wp-content\/uploads\/2025\/07\/171ski-alpin-psv-photos-kinaphoto-psv-journee-2-2025-hd49-1920x480.jpg\" alt=\"\" class=\"single_image wp-image-21561\"><\/div>\n<div class=\"group-content\"><div class=\"wp-block-ws-library-ws-title\"><h2>Opening period<\/h2><\/div><p>This winter the resort will be open from <strong>Sunday 21 December 2025<\/strong>.<\/p><\/div>\n\n\n\n\n<\/div><\/div>\n\n<div class=\"wp-block-ws-library-ws-banner alignwide\" data-season=\"summer\"><div class=\"wrapper\"><div class=\"group-media\"><img loading=\"lazy\" decoding=\"async\" width=\"2560\" height=\"1707\" src=\"https:\/\/www.paysdesecrins.com\/wp-content\/uploads\/2025\/07\/du-lac-de-puy-aillaud-au-be-lvede-re-des-trois-refuges-13-scaled.jpg\" alt=\"\" class=\"single_image wp-image-45038\" srcset=\"https:\/\/www.paysdesecrins.com\/wp-content\/uploads\/2025\/07\/du-lac-de-puy-aillaud-au-be-lvede-re-des-trois-refuges-13-scaled.jpg 2560w, https:\/\/www.paysdesecrins.com\/wp-content\/uploads\/2025\/07\/du-lac-de-puy-aillaud-au-be-lvede-re-des-trois-refuges-13-scaled-300x200.jpg 300w, https:\/\/www.paysdesecrins.com\/wp-content\/uploads\/2025\/07\/du-lac-de-puy-aillaud-au-be-lvede-re-des-trois-refuges-13-scaled-1024x683.jpg 1024w, https:\/\/www.paysdesecrins.com\/wp-content\/uploads\/2025\/07\/du-lac-de-puy-aillaud-au-be-lvede-re-des-trois-refuges-13-scaled-768x512.jpg 768w, https:\/\/www.paysdesecrins.com\/wp-content\/uploads\/2025\/07\/du-lac-de-puy-aillaud-au-be-lvede-re-des-trois-refuges-13-scaled-1536x1024.jpg 1536w, https:\/\/www.paysdesecrins.com\/wp-content\/uploads\/2025\/07\/du-lac-de-puy-aillaud-au-be-lvede-re-des-trois-refuges-13-scaled-2048x1366.jpg 2048w, https:\/\/www.paysdesecrins.com\/wp-content\/uploads\/2025\/07\/du-lac-de-puy-aillaud-au-be-lvede-re-des-trois-refuges-13-scaled-960x640.jpg 960w\" sizes=\"auto, (max-width: 2560px) 100vw, 2560px\" \/><\/div>\n<div class=\"group-content\"><div class=\"wp-block-ws-library-ws-title\"><h2>Opening period<\/h2><\/div><p class=\"has-text-align-left\">This summer, the high-altitude area will be open from <strong>Saturday 8 July to Sunday 29 August 2025<\/strong>.<\/p><\/div>\n\n\n\n\n<\/div><\/div>\n\n<div class=\"wp-block-group alignfull group-espritoutdoor has-global-padding is-layout-constrained wp-block-group-is-layout-constrained\">\n<div class=\"wp-block-group alignwide has-global-padding is-layout-constrained wp-block-group-is-layout-constrained\">\n<div class=\"wp-block-ws-library-ws-title\"><h3><em>Experiences<\/em> <br>for all styles<\/h3><\/div>\n\n\n\n<p class=\"has-text-align-left\" data-season=\"summer\">In Pelvoux-Vallouise, give free rein to your desires: go on a family hike to the high altitude lakes, gain altitude on the emblematic routes of the \u00c9crins or take off in a paraglider to fly over the glaciers. Those curious about nature can venture to the Entre-les-Aygues area and observe the wildlife, while thrill-seekers can try their hand at via ferrata or climbing on the cliffs and boulders of Ailefroide. Everyone will find the experience that suits them to fully enjoy the summer in the mountains!  <\/p>\n\n\n\n<p data-season=\"winter\">In Pelvoux-Vallouise, give free rein to your desires: enjoy the ski slopes, put on your skins and go ski touring or try other types of skiing such as Snooc. Thrill seekers can explore the valley by dog sledding or enjoy a new point of view by paragliding. Between effort, discovery and conviviality, everyone will find their adventure to fully enjoy winter in the mountains!  <\/p>\n\n\n<div class=\"alignwide wp-block-ws-library-ws-list-content\" data-season=\"summer\"><div class=\"list-items splide\" data-splide=\"{&quot;type&quot;:&quot;loop&quot;,&quot;heightRatio&quot;:&quot;auto&quot;,&quot;perPage&quot;:3,&quot;perMove&quot;:1,&quot;drag&quot;:true,&quot;arrows&quot;:true,&quot;pagination&quot;:0,&quot;autoplay&quot;:false,&quot;gap&quot;:&quot;15px&quot;,&quot;breakpoints&quot;:{&quot;1200&quot;:{&quot;perPage&quot;:3},&quot;992&quot;:{&quot;perPage&quot;:2},&quot;768&quot;:{&quot;destroy&quot;:true}}}\"><div class=\"splide__track\"><div class=\"splide__list\"><div class=\"splide__slide\"><div class=\"item\" data-season=\"\"><div class=\"card  card-page\"><div class=\"group-media\"><div class=\"field-image\"><img loading=\"lazy\" decoding=\"async\" width=\"300\" height=\"450\" src=\"https:\/\/www.paysdesecrins.com\/wp-content\/uploads\/2025\/07\/171ski-rando-pre-de-madame-carle-en-ski-23-300x450.jpg\" class=\"winter all-seasons wp-post-image\" alt=\"\" data-season=\"all-seasons\" srcset=\"https:\/\/www.paysdesecrins.com\/wp-content\/uploads\/2025\/07\/171ski-rando-pre-de-madame-carle-en-ski-23-300x450.jpg 300w, https:\/\/www.paysdesecrins.com\/wp-content\/uploads\/2025\/07\/171ski-rando-pre-de-madame-carle-en-ski-23-390x585.jpg 390w\" sizes=\"auto, (max-width: 300px) 100vw, 300px\" \/><\/div><\/div><div class=\"group-content\"><div class=\"field-title\">In May, do as you please!<\/div><\/div><div class=\"field-link\" role=\"group\" aria-label=\"Lien vers le contenu\"><a href=\"https:\/\/www.paysdesecrins.com\/en\/my-desire-to\/mountain\/in-may-do-as-you-please\/\" class=\"cardlink\" title=\"Lire plus : In May, do as you please!\" lang=\"en_US\">In May, do as you please!<\/a><\/div><\/div><\/div><\/div><div class=\"splide__slide\"><div class=\"item\" data-season=\"\"><div class=\"card  card-page\"><div class=\"group-media\"><div class=\"field-image\"><img loading=\"lazy\" decoding=\"async\" width=\"300\" height=\"450\" src=\"https:\/\/www.paysdesecrins.com\/wp-content\/uploads\/2025\/07\/ailefroide-ailechaude-80-300x450.jpg\" class=\"winter wp-post-image\" alt=\"\" data-season=\"winter\" srcset=\"https:\/\/www.paysdesecrins.com\/wp-content\/uploads\/2025\/07\/ailefroide-ailechaude-80-300x450.jpg 300w, https:\/\/www.paysdesecrins.com\/wp-content\/uploads\/2025\/07\/ailefroide-ailechaude-80-200x300.jpg 200w, https:\/\/www.paysdesecrins.com\/wp-content\/uploads\/2025\/07\/ailefroide-ailechaude-80-683x1024.jpg 683w, https:\/\/www.paysdesecrins.com\/wp-content\/uploads\/2025\/07\/ailefroide-ailechaude-80-768x1151.jpg 768w, https:\/\/www.paysdesecrins.com\/wp-content\/uploads\/2025\/07\/ailefroide-ailechaude-80-1025x1536.jpg 1025w, https:\/\/www.paysdesecrins.com\/wp-content\/uploads\/2025\/07\/ailefroide-ailechaude-80-1366x2048.jpg 1366w, https:\/\/www.paysdesecrins.com\/wp-content\/uploads\/2025\/07\/ailefroide-ailechaude-80-427x640.jpg 427w, https:\/\/www.paysdesecrins.com\/wp-content\/uploads\/2025\/07\/ailefroide-ailechaude-80-390x585.jpg 390w, https:\/\/www.paysdesecrins.com\/wp-content\/uploads\/2025\/07\/ailefroide-ailechaude-80-scaled.jpg 1708w\" sizes=\"auto, (max-width: 300px) 100vw, 300px\" \/><img loading=\"lazy\" decoding=\"async\" width=\"300\" height=\"450\" src=\"https:\/\/www.paysdesecrins.com\/wp-content\/uploads\/2025\/07\/ailefroide-300x450.jpg\" class=\"vivaldi-thumb summer\" alt=\"\" data-season=\"summer\" srcset=\"https:\/\/www.paysdesecrins.com\/wp-content\/uploads\/2025\/07\/ailefroide-300x450.jpg 300w, https:\/\/www.paysdesecrins.com\/wp-content\/uploads\/2025\/07\/ailefroide-390x585.jpg 390w\" sizes=\"auto, (max-width: 300px) 100vw, 300px\" \/><\/div><\/div><div class=\"group-content\"><div class=\"field-title\">Ailefroide <strong>&#8211; Ecrins National Park<\/strong><\/div><\/div><div class=\"field-link\" role=\"group\" aria-label=\"Lien vers le contenu\"><a href=\"https:\/\/www.paysdesecrins.com\/en\/i-choose\/must-see-sites\/cold-garlic-ecrins-national-park\/\" class=\"cardlink\" title=\"Lire plus : Ailefroide - Ecrins National Park\" lang=\"en_US\">Ailefroide &#8211; Ecrins National Park<\/a><\/div><\/div><\/div><\/div><div class=\"splide__slide\"><div class=\"item\" data-season=\"\"><div class=\"card  card-page\"><div class=\"group-media\"><div class=\"field-image\"><img loading=\"lazy\" decoding=\"async\" width=\"300\" height=\"450\" src=\"https:\/\/www.paysdesecrins.com\/wp-content\/uploads\/2025\/07\/bivouac-pic-du-glacier-d-a-5-300x450.jpg\" class=\"winter all-seasons wp-post-image\" alt=\"\" data-season=\"all-seasons\" srcset=\"https:\/\/www.paysdesecrins.com\/wp-content\/uploads\/2025\/07\/bivouac-pic-du-glacier-d-a-5-300x450.jpg 300w, https:\/\/www.paysdesecrins.com\/wp-content\/uploads\/2025\/07\/bivouac-pic-du-glacier-d-a-5-390x585.jpg 390w\" sizes=\"auto, (max-width: 300px) 100vw, 300px\" \/><\/div><\/div><div class=\"group-content\"><div class=\"field-title\">3 girls on the rise of Roche Faurio!<\/div><\/div><div class=\"field-link\" role=\"group\" aria-label=\"Lien vers le contenu\"><a href=\"https:\/\/www.paysdesecrins.com\/en\/my-desire-to\/mountain\/3-girls-on-the-rise-of-roche-faurio\/\" class=\"cardlink\" title=\"Lire plus : 3 girls on the rise of Roche Faurio!\" lang=\"en_US\">3 girls on the rise of Roche Faurio!<\/a><\/div><\/div><\/div><\/div><div class=\"splide__slide\"><div class=\"item\" data-season=\"\"><div class=\"card  card-page\"><div class=\"group-media\"><div class=\"field-image\"><img loading=\"lazy\" decoding=\"async\" width=\"300\" height=\"450\" src=\"https:\/\/www.paysdesecrins.com\/wp-content\/uploads\/2025\/07\/161sitesdexception-glacierblanc-bivouac-pic-du-glacier-d-a-2-300x450.jpg\" class=\"winter all-seasons wp-post-image\" alt=\"\" data-season=\"all-seasons\" srcset=\"https:\/\/www.paysdesecrins.com\/wp-content\/uploads\/2025\/07\/161sitesdexception-glacierblanc-bivouac-pic-du-glacier-d-a-2-300x450.jpg 300w, https:\/\/www.paysdesecrins.com\/wp-content\/uploads\/2025\/07\/161sitesdexception-glacierblanc-bivouac-pic-du-glacier-d-a-2-390x585.jpg 390w\" sizes=\"auto, (max-width: 300px) 100vw, 300px\" \/><\/div><\/div><div class=\"group-content\"><div class=\"field-title\">White Glacier<\/div><\/div><div class=\"field-link\" role=\"group\" aria-label=\"Lien vers le contenu\"><a href=\"https:\/\/www.paysdesecrins.com\/en\/i-choose\/must-see-sites\/white-glacier\/\" class=\"cardlink\" title=\"Lire plus : White Glacier\" lang=\"en_US\">White Glacier<\/a><\/div><\/div><\/div><\/div><div class=\"splide__slide\"><div class=\"item\" data-season=\"\"><div class=\"card  card-page\"><div class=\"group-media\"><div class=\"field-image\"><img loading=\"lazy\" decoding=\"async\" width=\"300\" height=\"450\" src=\"https:\/\/www.paysdesecrins.com\/wp-content\/uploads\/2025\/07\/1674817584-1084275632-1-300x450.jpg\" class=\"winter all-seasons wp-post-image\" alt=\"\" data-season=\"all-seasons\" srcset=\"https:\/\/www.paysdesecrins.com\/wp-content\/uploads\/2025\/07\/1674817584-1084275632-1-300x450.jpg 300w, https:\/\/www.paysdesecrins.com\/wp-content\/uploads\/2025\/07\/1674817584-1084275632-1-390x585.jpg 390w\" sizes=\"auto, (max-width: 300px) 100vw, 300px\" \/><\/div><\/div><div class=\"group-content\"><div class=\"field-title\">Discovery of a night in a refuge<\/div><\/div><div class=\"field-link\" role=\"group\" aria-label=\"Lien vers le contenu\"><a href=\"https:\/\/www.paysdesecrins.com\/en\/my-desire-to\/mountain\/discovery-of-a-night-in-a-refuge\/\" class=\"cardlink\" title=\"Lire plus : Discovery of a night in a refuge\" lang=\"en_US\">Discovery of a night in a refuge<\/a><\/div><\/div><\/div><\/div><div class=\"splide__slide\"><div class=\"item\" data-season=\"\"><div class=\"card  card-page\"><div class=\"group-media\"><div class=\"field-image\"><img loading=\"lazy\" decoding=\"async\" width=\"300\" height=\"450\" src=\"https:\/\/www.paysdesecrins.com\/wp-content\/uploads\/2025\/07\/dsc05066-300x450.webp\" class=\"winter all-seasons wp-post-image\" alt=\"\" data-season=\"all-seasons\" srcset=\"https:\/\/www.paysdesecrins.com\/wp-content\/uploads\/2025\/07\/dsc05066-300x450.webp 300w, https:\/\/www.paysdesecrins.com\/wp-content\/uploads\/2025\/07\/dsc05066-390x585.webp 390w\" sizes=\"auto, (max-width: 300px) 100vw, 300px\" \/><\/div><\/div><div class=\"group-content\"><div class=\"field-title\">Family adventure in the \u00c9crins<\/div><\/div><div class=\"field-link\" role=\"group\" aria-label=\"Lien vers le contenu\"><a href=\"https:\/\/www.paysdesecrins.com\/en\/my-desire-to\/discovery\/family-adventure-in-the-jewels\/\" class=\"cardlink\" title=\"Lire plus : Family adventure in the \u00c9crins\" lang=\"en_US\">Family adventure in the \u00c9crins<\/a><\/div><\/div><\/div><\/div><div class=\"splide__slide\"><div class=\"item\" data-season=\"\"><div class=\"card  card-page\"><div class=\"group-media\"><div class=\"field-image\"><img loading=\"lazy\" decoding=\"async\" width=\"300\" height=\"450\" src=\"https:\/\/www.paysdesecrins.com\/wp-content\/uploads\/2025\/07\/18vtt-vttvae-itine-rance-bouchier-geo-300x450.jpg\" class=\"winter all-seasons wp-post-image\" alt=\"\" data-season=\"all-seasons\" srcset=\"https:\/\/www.paysdesecrins.com\/wp-content\/uploads\/2025\/07\/18vtt-vttvae-itine-rance-bouchier-geo-300x450.jpg 300w, https:\/\/www.paysdesecrins.com\/wp-content\/uploads\/2025\/07\/18vtt-vttvae-itine-rance-bouchier-geo-390x585.jpg 390w\" sizes=\"auto, (max-width: 300px) 100vw, 300px\" \/><\/div><\/div><div class=\"group-content\"><div class=\"field-title\">A car-free week<\/div><\/div><div class=\"field-link\" role=\"group\" aria-label=\"Lien vers le contenu\"><a href=\"https:\/\/www.paysdesecrins.com\/en\/my-desire-to\/mountain\/a-car-free-week\/\" class=\"cardlink\" title=\"Lire plus : A car-free week\" lang=\"en_US\">A car-free week<\/a><\/div><\/div><\/div><\/div><div class=\"splide__slide\"><div class=\"item\" data-season=\"\"><div class=\"card  card-page\"><div class=\"group-media\"><div class=\"field-image\"><img loading=\"lazy\" decoding=\"async\" width=\"300\" height=\"450\" src=\"https:\/\/www.paysdesecrins.com\/wp-content\/uploads\/2025\/08\/01-29-25-balade-dans-la-neige-33-300x450.jpg\" class=\"winter wp-post-image\" alt=\"\" data-season=\"winter\" srcset=\"https:\/\/www.paysdesecrins.com\/wp-content\/uploads\/2025\/08\/01-29-25-balade-dans-la-neige-33-300x450.jpg 300w, https:\/\/www.paysdesecrins.com\/wp-content\/uploads\/2025\/08\/01-29-25-balade-dans-la-neige-33-390x585.jpg 390w\" sizes=\"auto, (max-width: 300px) 100vw, 300px\" \/><img loading=\"lazy\" decoding=\"async\" width=\"300\" height=\"450\" src=\"https:\/\/www.paysdesecrins.com\/wp-content\/uploads\/2025\/08\/dsc08691-300x450.jpg\" class=\"vivaldi-thumb summer\" alt=\"\" data-season=\"summer\" srcset=\"https:\/\/www.paysdesecrins.com\/wp-content\/uploads\/2025\/08\/dsc08691-300x450.jpg 300w, https:\/\/www.paysdesecrins.com\/wp-content\/uploads\/2025\/08\/dsc08691-200x300.jpg 200w, https:\/\/www.paysdesecrins.com\/wp-content\/uploads\/2025\/08\/dsc08691-683x1024.jpg 683w, https:\/\/www.paysdesecrins.com\/wp-content\/uploads\/2025\/08\/dsc08691-768x1152.jpg 768w, https:\/\/www.paysdesecrins.com\/wp-content\/uploads\/2025\/08\/dsc08691-1024x1536.jpg 1024w, https:\/\/www.paysdesecrins.com\/wp-content\/uploads\/2025\/08\/dsc08691-1365x2048.jpg 1365w, https:\/\/www.paysdesecrins.com\/wp-content\/uploads\/2025\/08\/dsc08691-427x640.jpg 427w, https:\/\/www.paysdesecrins.com\/wp-content\/uploads\/2025\/08\/dsc08691-390x585.jpg 390w, https:\/\/www.paysdesecrins.com\/wp-content\/uploads\/2025\/08\/dsc08691-scaled.jpg 1707w\" sizes=\"auto, (max-width: 300px) 100vw, 300px\" \/><\/div><\/div><div class=\"group-content\"><div class=\"field-title\">The Pays des \u00c9crins with the family<\/div><\/div><div class=\"field-link\" role=\"group\" aria-label=\"Lien vers le contenu\"><a href=\"https:\/\/www.paysdesecrins.com\/en\/nordic-activities-for-the-little-ones\/\" class=\"cardlink\" title=\"Lire plus : The Pays des \u00c9crins with the family\" lang=\"en_US\">The Pays des \u00c9crins with the family<\/a><\/div><\/div><\/div><\/div><\/div><\/div><\/div><\/div>\n\n<div class=\"alignwide wp-block-ws-library-ws-list-content\" data-season=\"winter\"><div class=\"list-items\"><div class=\"item\" data-season=\"all-seasons\"><div class=\"card  card-page\"><div class=\"group-media\"><div class=\"field-image\"><img loading=\"lazy\" decoding=\"async\" width=\"300\" height=\"450\" src=\"https:\/\/www.paysdesecrins.com\/wp-content\/uploads\/2025\/07\/vallouise-alpesphotographiescom-72-300x450.jpg\" class=\"winter all-seasons wp-post-image\" alt=\"\" data-season=\"all-seasons\" srcset=\"https:\/\/www.paysdesecrins.com\/wp-content\/uploads\/2025\/07\/vallouise-alpesphotographiescom-72-300x450.jpg 300w, https:\/\/www.paysdesecrins.com\/wp-content\/uploads\/2025\/07\/vallouise-alpesphotographiescom-72-390x585.jpg 390w\" sizes=\"auto, (max-width: 300px) 100vw, 300px\" \/><\/div><\/div><div class=\"group-content\"><div class=\"field-title\">Mountaineering villages<\/div><\/div><div class=\"field-link\" role=\"group\" aria-label=\"Lien vers le contenu\"><a href=\"https:\/\/www.paysdesecrins.com\/en\/mountaineering-villages\/\" class=\"cardlink\" title=\"Lire plus : Mountaineering villages\" lang=\"en_US\">Mountaineering villages<\/a><\/div><\/div><\/div><div class=\"item\" data-season=\"all-seasons\"><div class=\"card  card-page\"><div class=\"group-media\"><div class=\"field-image\"><img loading=\"lazy\" decoding=\"async\" width=\"300\" height=\"450\" src=\"https:\/\/www.paysdesecrins.com\/wp-content\/uploads\/2025\/07\/12-29-24-mushing-addict-84-300x450.jpg\" class=\"winter all-seasons wp-post-image\" alt=\"\" data-season=\"all-seasons\" srcset=\"https:\/\/www.paysdesecrins.com\/wp-content\/uploads\/2025\/07\/12-29-24-mushing-addict-84-300x450.jpg 300w, https:\/\/www.paysdesecrins.com\/wp-content\/uploads\/2025\/07\/12-29-24-mushing-addict-84-390x585.jpg 390w\" sizes=\"auto, (max-width: 300px) 100vw, 300px\" \/><\/div><\/div><div class=\"group-content\"><div class=\"field-title\">Dog sledding<\/div><\/div><div class=\"field-link\" role=\"group\" aria-label=\"Lien vers le contenu\"><a href=\"https:\/\/www.paysdesecrins.com\/en\/my-outdoor-activities\/dog-sledding\/\" class=\"cardlink\" title=\"Lire plus : Dog sledding\" lang=\"en_US\">Dog sledding<\/a><\/div><\/div><\/div><\/div><\/div>\n\n\n<div class=\"wp-block-ws-library-ws-button has-text-align-center\"><a href=\"https:\/\/www.paysdesecrins.com\/en\/63851-2\/\" class=\"wp-block-button__link wp-element-button btn\">  All experiences<\/a><\/div>\n<\/div>\n\n\n\n<div style=\"height:40px\" aria-hidden=\"true\" class=\"wp-block-spacer\"><\/div>\n\n\n\n<div class=\"wp-block-ws-library-ws-title aligncenter\"><h2><em>Ailefroide, land of<\/em>climbing and mountaineering<\/h2><\/div>\n\n\n\n<p class=\"has-text-align-center\">Ailefroide is an emblematic hamlet at the foot of Mont Pelvoux, the last village in the Vallouise valley and gateway to major mountaineering races in the \u00c9crins massif. Its name, &#8220;Alpe froide&#8221;, reminds us that the sun is more discreet in winter, but it is especially in summer that the site vibrates: a mecca for climbing (historic multi-pitch routes and mountain trails) and mountaineering, it houses the guides&#8217; office created in 1957 and serves as a starting point for the Pelvoux refuges,  du S\u00e9l\u00e9 or the Pr\u00e9 de Madame Carle. There are also accessible hiking loops, offering panoramas between larches and granite walls, making it an essential base for those who want to explore the surrounding peaks and glaciers.    <\/p>\n\n\n\n<div class=\"wp-block-ws-library-ws-button has-text-align-center is-style-outline\"><a href=\"https:\/\/www.paysdesecrins.com\/sites-incontournables\/ailefroide-parc-national-des-ecrins\/\" class=\"wp-block-button__link wp-element-button btn\">  Read more +<\/a><\/div>\n<\/div>\n\n<div class=\"wp-block-ws-library-ws-columns alignfull has-2-columns are-vertically-aligned-center layout-5050 is-style-background\" data-season=\"winter\">\n<div class=\"wp-block-ws-library-ws-column\"><div class=\"wrapper\">\n<div class=\"wp-block-ws-library-ws-title\"><h2>Vallouise Nordic area<\/h2><\/div>\n\n\n\n<p>Located between 1,085 m and 1,300 m above sea level, the Nordic en <strong>Vallouise<\/strong> ski area offers <strong>35 km of groomed trails daily<\/strong> for classic cross-country skiing and skating, spread over four sectors (La Vallouise, L&#8217;Onde, Pelvoux and Les Vigneaux) offering long regular routes in the heart of the Onde valley and facing the peaks of the Pelvoux. Accessible from the Maison du Parc National des \u00c9crins, this site also includes snowshoeing routes, a biathlon area and a fun circuit for children, all in an exceptional natural setting. <\/p>\n\n\n\n<div class=\"wp-block-ws-library-ws-button has-text-align-left\"><a href=\"https:\/\/www.paysdesecrins.com\/en\/my-resort-my-village\/pelvoux-vallouise-ailefroide\/vallouise-nordic-area\/\" class=\"wp-block-button__link wp-element-button btn\">  Read more +<\/a><\/div>\n<\/div><\/div>\n\n\n\n<div class=\"wp-block-ws-library-ws-column\"><div class=\"wrapper\">\n<div class=\"wp-block-ws-library-ws-image\"><div class=\"wrapper\"><div class=\"group-media\"><img decoding=\"async\" src=\"https:\/\/www.paysdesecrins.com\/wp-content\/uploads\/2025\/07\/dsc01950-960x640.jpg\" alt=\"\" class=\"single_image ws-image-45172\"><div class=\"credits\"><\/div><\/div><p class=\"caption\"><\/p><\/div><\/div>\n<\/div><\/div>\n<\/div>\n\n<div class=\"wp-block-ws-library-ws-columns alignwide has-2-columns are-vertically-aligned-center layout-5050 is-style-default\" data-season=\"winter\">\n<div class=\"wp-block-ws-library-ws-column\"><div class=\"wrapper\">\n<div class=\"wp-block-ws-library-ws-image\"><div class=\"wrapper\"><div class=\"group-media\"><img decoding=\"async\" src=\"https:\/\/www.paysdesecrins.com\/wp-content\/uploads\/2025\/07\/bivouac-a-su-sommet-de-la-blanche-5-960x640.jpg\" alt=\"\" class=\"single_image ws-image-44994\"><div class=\"credits\"><\/div><\/div><p class=\"caption\"><\/p><\/div><\/div>\n<\/div><\/div>\n\n\n\n<div class=\"wp-block-ws-library-ws-column\"><div class=\"wrapper\">\n<div class=\"wp-block-ws-library-ws-title\"><h3>The + of Vallouise-pelvoux<\/h3><\/div>\n\n\n\n<ul class=\"wp-block-list\">\n<li>Human-sized area with 7 ski lifts and 18 slopes for 25 km of skiing<\/li>\n\n\n\n<li>Exceptional panorama of the Vallouise from 2,300 m<\/li>\n\n\n\n<li>Dedicated ski touring pass with access to La Blanche<\/li>\n\n\n\n<li>Mountain restaurant and panoramic picnic area<\/li>\n\n\n\n<li>Nordic network of 35 km of cross-country ski trails accessible from the resort<\/li>\n\n\n\n<li>Dog sledding and Snooc to discover the snow in a different way<\/li>\n\n\n\n<li>Illuminated night track to extend the descents after sunset<\/li>\n<\/ul>\n<\/div><\/div>\n<\/div>\n\n<div class=\"wp-block-ws-library-ws-columns alignwide has-2-columns are-vertically-aligned-center layout-5050 is-style-background\" data-season=\"summer\">\n<div class=\"wp-block-ws-library-ws-column\"><div class=\"wrapper\">\n<div class=\"wp-block-ws-library-ws-image\"><div class=\"wrapper\"><div class=\"group-media\"><img decoding=\"async\" src=\"https:\/\/www.paysdesecrins.com\/wp-content\/uploads\/2025\/07\/du-lac-de-puy-aillaud-au-be-lvede-re-des-trois-refuges-13-scaled.jpg\" alt=\"\" class=\"single_image ws-image-45038\"><div class=\"credits\"><\/div><\/div><p class=\"caption\"><\/p><\/div><\/div>\n<\/div><\/div>\n\n\n\n<div class=\"wp-block-ws-library-ws-column\"><div class=\"wrapper\">\n<div class=\"wp-block-ws-library-ws-title\"><h3>The + of Vallouise-pelvoux<\/h3><\/div>\n\n\n\n<ul class=\"wp-block-list\">\n<li>Marked trails on more than 30 km of routes, from family walks to circuits to high-altitude lakes<\/li>\n\n\n\n<li>Paragliding take-off site at the top of the Cr\u00eate chairlift with dedicated passes for several flights per day<\/li>\n\n\n\n<li>Municipal swimming pool at the foot of the slopes for a refreshing break<\/li>\n\n\n\n<li>Quick access to Ailefroide for a variety of sensations<\/li>\n\n\n\n<li>Rafting and kayaking at the foot of the resort for whitewater enthusiasts<\/li>\n\n\n\n<li>Playgrounds and summer entertainment for families<\/li>\n<\/ul>\n<\/div><\/div>\n<\/div>\n\n<div style=\"height:100px\" aria-hidden=\"true\" class=\"wp-block-spacer\"><\/div>\n\n<div class=\"wp-block-group alignfull group-home-festif has-global-padding is-layout-constrained wp-block-group-is-layout-constrained\">\n<div class=\"wp-block-ws-library-ws-title aligncenter has-color-3-color\"><h3><em>The festive spirit of <\/em>entertainment and events<\/h3><\/div>\n\n\n<div class=\"alignwide wp-block-ws-apidae-library-ws-apidae-temps-forts\"><div class=\"simple-template\"><div class=\"wrapper\"><div class=\"content-left\"><div class=\"list-items\"><div class=\"item\" data-season=\"all-seasons\"><div class=\"card card-apidae card-temps-forts\"><div class=\"group-actions\"><ws-wishlist data-type=\"flag\" data-action=\"add\" data-wish-id=\"6061083\" data-wish-type=\"apidae\"><\/ws-wishlist><\/div><div class=\"group-media\"><div class=\"field-image\"><img decoding=\"async\" src=\"https:\/\/images.weserv.nl\/?url=https:\/\/static.apidae-tourisme.com\/filestore\/objets-touristiques\/images\/96\/184\/12892256-diaporama.jpg&#038;w=650&#038;h=650&#038;fit=cover&#038;output=webp&#038;q=45\" alt=\"Vente de muguet\"\/><\/div><\/div><div class=\"group-top\"><div class=\"field-commune\">Vallouise-Pelvoux<\/div><ws-apidae-from-price data-apidae-id=\"6061083\" ><\/ws-apidae-from-price><div class=\"group-dates\"><div class=\"field-dates\">1 <span class=\"month\">May<\/span><\/div><\/div><\/div><div class=\"group-content\"><div class=\"field-title\">Vente de muguet<\/div><\/div><div class=\"field-link\" role=\"group\" aria-label=\"Lien vers le contenu\"><a href=\"https:\/\/www.paysdesecrins.com\/en\/fiche\/vente-de-muguet-3\/\" class=\"cardlink\" title=\"Lire plus : Vente de muguet\" lang=\"en_US\">Vente de muguet<\/a><\/div><\/div><\/div><\/div><\/div><div class=\"content-right\"><div class=\"list-items\"><div class=\"item\" data-season=\"all-seasons\"><div class=\"card card-apidae card-temps-forts\"><div class=\"group-actions\"><ws-wishlist data-type=\"flag\" data-action=\"add\" data-wish-id=\"7781907\" data-wish-type=\"apidae\"><\/ws-wishlist><\/div><div class=\"group-media\"><div class=\"field-image\"><img decoding=\"async\" src=\"https:\/\/images.weserv.nl\/?url=https:\/\/static.apidae-tourisme.com\/filestore\/objets-touristiques\/images\/58\/220\/40492090-diaporama.png&#038;w=650&#038;h=650&#038;fit=cover&#038;output=webp&#038;q=45\" alt=\"Exposition &#8220;Les mouvements de la Terre&#8221;\"\/><\/div><\/div><div class=\"group-top\"><div class=\"field-commune\">Vallouise-Pelvoux<\/div><ws-apidae-from-price data-apidae-id=\"7781907\" ><\/ws-apidae-from-price><div class=\"group-dates\"><div class=\"field-dates\">From 1 to 27 <span class=\"month\">May<\/span><\/div><\/div><\/div><div class=\"group-content\"><div class=\"field-title\">Exposition &#8220;Les mouvements de la Terre&#8221;<\/div><\/div><div class=\"field-link\" role=\"group\" aria-label=\"Lien vers le contenu\"><a href=\"https:\/\/www.paysdesecrins.com\/en\/fiche\/exposition-les-mouvements-de-la-terre-3\/\" class=\"cardlink\" title=\"Lire plus : Exposition &#8220;Les mouvements de la Terre&#8221;\" lang=\"en_US\">Exposition &#8220;Les mouvements de la Terre&#8221;<\/a><\/div><\/div><\/div><div class=\"item\" data-season=\"all-seasons\"><div class=\"card card-apidae card-temps-forts\"><div class=\"group-actions\"><ws-wishlist data-type=\"flag\" data-action=\"add\" data-wish-id=\"7602920\" data-wish-type=\"apidae\"><\/ws-wishlist><\/div><div class=\"group-media\"><div class=\"field-image\"><img decoding=\"async\" src=\"https:\/\/images.weserv.nl\/?url=https:\/\/static.apidae-tourisme.com\/filestore\/objets-touristiques\/images\/251\/35\/38282235-diaporama.jpg&#038;w=650&#038;h=650&#038;fit=cover&#038;output=webp&#038;q=45\" alt=\"Exposition : &#8220;Lumi\u00e8res en Ecrins&#8221;\"\/><\/div><\/div><div class=\"group-top\"><div class=\"field-commune\">Vallouise-Pelvoux<\/div><ws-apidae-from-price data-apidae-id=\"7602920\" ><\/ws-apidae-from-price><div class=\"group-dates\"><div class=\"field-dates\">From 1 <span class=\"month\">May<\/span> to 30 <span class=\"month\">September<\/span><\/div><\/div><\/div><div class=\"group-content\"><div class=\"field-title\">Exposition : &#8220;Lumi\u00e8res en Ecrins&#8221;<\/div><\/div><div class=\"field-link\" role=\"group\" aria-label=\"Lien vers le contenu\"><a href=\"https:\/\/www.paysdesecrins.com\/en\/fiche\/exposition-lumieres-en-ecrins-3\/\" class=\"cardlink\" title=\"Lire plus : Exposition : &#8220;Lumi\u00e8res en Ecrins&#8221;\" lang=\"en_US\">Exposition : &#8220;Lumi\u00e8res en Ecrins&#8221;<\/a><\/div><\/div><\/div><div class=\"item\" data-season=\"all-seasons\"><div class=\"card card-apidae card-temps-forts\"><div class=\"group-actions\"><ws-wishlist data-type=\"flag\" data-action=\"add\" data-wish-id=\"7590492\" data-wish-type=\"apidae\"><\/ws-wishlist><\/div><div class=\"group-media\"><div class=\"field-image\"><img decoding=\"async\" src=\"https:\/\/images.weserv.nl\/?url=https:\/\/static.apidae-tourisme.com\/filestore\/objets-touristiques\/images\/231\/35\/38282215-diaporama.jpg&#038;w=650&#038;h=650&#038;fit=cover&#038;output=webp&#038;q=45\" alt=\"Exposition : Les patrimoines de la Vallouise\"\/><\/div><\/div><div class=\"group-top\"><div class=\"field-commune\">Vallouise-Pelvoux<\/div><ws-apidae-from-price data-apidae-id=\"7590492\" ><\/ws-apidae-from-price><div class=\"group-dates\"><div class=\"field-dates\">From 1 <span class=\"month\">May<\/span> to 15 <span class=\"month\">November<\/span><\/div><\/div><\/div><div class=\"group-content\"><div class=\"field-title\">Exposition : Les patrimoines de la Vallouise<\/div><\/div><div class=\"field-link\" role=\"group\" aria-label=\"Lien vers le contenu\"><a href=\"https:\/\/www.paysdesecrins.com\/en\/fiche\/exposition-les-patrimoines-de-la-vallouise-3\/\" class=\"cardlink\" title=\"Lire plus : Exposition : Les patrimoines de la Vallouise\" lang=\"en_US\">Exposition : Les patrimoines de la Vallouise<\/a><\/div><\/div><\/div><div class=\"item\" data-season=\"all-seasons\"><div class=\"card card-apidae card-temps-forts\"><div class=\"group-actions\"><ws-wishlist data-type=\"flag\" data-action=\"add\" data-wish-id=\"581981\" data-wish-type=\"apidae\"><\/ws-wishlist><\/div><div class=\"group-media\"><div class=\"field-image\"><img decoding=\"async\" src=\"https:\/\/images.weserv.nl\/?url=https:\/\/static.apidae-tourisme.com\/filestore\/objets-touristiques\/images\/239\/54\/4011759-diaporama.jpg&#038;w=650&#038;h=650&#038;fit=cover&#038;output=webp&#038;q=45\" alt=\"Vallouise Market\"\/><\/div><\/div><div class=\"group-top\"><div class=\"field-commune\">Vallouise-Pelvoux<\/div><ws-apidae-from-price data-apidae-id=\"581981\" ><\/ws-apidae-from-price><div class=\"group-dates\"><div class=\"field-dates\">From 7 <span class=\"month\">May<\/span> to 27 <span class=\"month\">April<\/span> 2028<\/div><\/div><\/div><div class=\"group-content\"><div class=\"field-title\">Vallouise Market<\/div><\/div><div class=\"field-link\" role=\"group\" aria-label=\"Lien vers le contenu\"><a href=\"https:\/\/www.paysdesecrins.com\/en\/fiche\/vallouise-market\/\" class=\"cardlink\" title=\"Lire plus : Vallouise Market\" lang=\"en_US\">Vallouise Market<\/a><\/div><\/div><\/div><\/div><\/div><\/div><\/div><div class=\"group-content\">\n\n<div class=\"wp-block-ws-library-ws-button has-text-align-left is-style-default\"><a href=\"https:\/\/www.paysdesecrins.com\/en\/all-events-in-vallouise-pelvoux\/\" class=\"wp-block-button__link wp-element-button btn\">  All the highlights of Vallouise-Pelvoux<\/a><\/div>\n\n\n\n<div class=\"wp-block-ws-library-ws-button has-text-align-left is-style-default\"><a href=\"https:\/\/www.paysdesecrins.com\/en\/all-activities-in-vallouise-pelvoux\/\" class=\"wp-block-button__link wp-element-button btn\">  All the agenda of Vallouise-Pelvoux<\/a><\/div>\n\n<\/div><\/div><\/div><\/div>\n\n<div style=\"height:72px\" aria-hidden=\"true\" class=\"wp-block-spacer\"><\/div>\n\n<div class=\"wp-block-ws-library-ws-title aligncenter\" data-season=\"winter\"><h3><em>In Vallouise-Pelvoux meeting with the snow, <\/em><br>The proof in pictures<\/h3><\/div>\n\n<div class=\"wp-block-ws-library-ws-title aligncenter\" data-season=\"summer\"><h3><em>A land of outdoor sports <\/em><br>The proof in pictures<\/h3><\/div>\n\n<div class=\"wp-block-ws-library-ws-slider alignwide\" data-season=\"winter\"><div class=\"splide\" data-splide=\"{\"type\":\"slide\",\"heightRatio\":\"auto\",\"perPage\":4,\"perMove\":1,\"drag\":true,\"pagination\":0,\"autoplay\":false,\"gap\":\"15px\",\"breakpoints\":{\"450\":{\"perPage\":1},\"768\":{\"perPage\":2},\"992\":{\"perPage\":3},\"1200\":{\"perPage\":4}}}\"><div class=\"splide__track\"><div class=\"splide__list\"><div class=\"splide__slide\"><a href=\"https:\/\/www.paysdesecrins.com\/wp-content\/uploads\/2025\/07\/ski-de-randonne-e-et-paysages-combe-du-riou-pre-de-mme-carle-ailefroide-mont-pelvoux-15-scaled.jpg\" data-glightbox=\"true\" class=\"lightbox-trigger\"><img decoding=\"async\" src=\"https:\/\/www.paysdesecrins.com\/wp-content\/uploads\/2025\/07\/ski-de-randonne-e-et-paysages-combe-du-riou-pre-de-mme-carle-ailefroide-mont-pelvoux-15-400x400.jpg\" alt=\"\"><\/a><\/div><div class=\"splide__slide\"><a href=\"https:\/\/www.paysdesecrins.com\/wp-content\/uploads\/2025\/06\/photos-kinaphoto-pelvoux-journee-1-2025-hd2-scaled.jpg\" data-glightbox=\"true\" class=\"lightbox-trigger\"><img decoding=\"async\" src=\"https:\/\/www.paysdesecrins.com\/wp-content\/uploads\/2025\/06\/photos-kinaphoto-pelvoux-journee-1-2025-hd2-scaled.jpg\" alt=\"\"><\/a><\/div><div class=\"splide__slide\"><a href=\"https:\/\/www.paysdesecrins.com\/wp-content\/uploads\/2025\/07\/pelvoux-vallouise-selon-tony-lamiche-1716469024-400x400.jpg\" data-glightbox=\"true\" class=\"lightbox-trigger\"><img decoding=\"async\" src=\"https:\/\/www.paysdesecrins.com\/wp-content\/uploads\/2025\/07\/pelvoux-vallouise-selon-tony-lamiche-1716469024-400x400.jpg\" alt=\"\"><\/a><\/div><div class=\"splide__slide\"><a href=\"https:\/\/www.paysdesecrins.com\/wp-content\/uploads\/2025\/07\/17ski-alpin-psv-photos-kinaphoto-psv-journee-2-2025-hd4-scaled.jpg\" data-glightbox=\"true\" class=\"lightbox-trigger\"><img decoding=\"async\" src=\"https:\/\/www.paysdesecrins.com\/wp-content\/uploads\/2025\/07\/17ski-alpin-psv-photos-kinaphoto-psv-journee-2-2025-hd4-400x400.jpg\" alt=\"\"><\/a><\/div><\/div><\/div><\/div><\/div>\n\n<div class=\"wp-block-ws-library-ws-slider alignwide\" data-season=\"summer\"><div class=\"splide\" data-splide=\"{\"type\":\"slide\",\"heightRatio\":\"auto\",\"perPage\":4,\"perMove\":1,\"drag\":true,\"pagination\":0,\"autoplay\":false,\"gap\":\"15px\",\"breakpoints\":{\"450\":{\"perPage\":1},\"768\":{\"perPage\":2},\"992\":{\"perPage\":3},\"1200\":{\"perPage\":4}}}\"><div class=\"splide__track\"><div class=\"splide__list\"><div class=\"splide__slide\"><a href=\"https:\/\/www.paysdesecrins.com\/wp-content\/uploads\/2025\/07\/du-lac-de-puy-aillaud-au-be-lvede-re-des-trois-refuges-13-scaled.jpg\" data-glightbox=\"true\" class=\"lightbox-trigger\"><img decoding=\"async\" src=\"https:\/\/www.paysdesecrins.com\/wp-content\/uploads\/2025\/07\/du-lac-de-puy-aillaud-au-be-lvede-re-des-trois-refuges-13-scaled.jpg\" alt=\"\"><\/a><\/div><div class=\"splide__slide\"><a href=\"https:\/\/www.paysdesecrins.com\/wp-content\/uploads\/2025\/07\/lever-de-soleil-sur-la-cre-te-du-bel-serre-entre-la-blanche-et-la-rouya-14-scaled.jpg\" data-glightbox=\"true\" class=\"lightbox-trigger\"><img decoding=\"async\" src=\"https:\/\/www.paysdesecrins.com\/wp-content\/uploads\/2025\/07\/lever-de-soleil-sur-la-cre-te-du-bel-serre-entre-la-blanche-et-la-rouya-14-400x400.jpg\" alt=\"\"><\/a><\/div><div class=\"splide__slide\"><a href=\"https:\/\/www.paysdesecrins.com\/wp-content\/uploads\/2025\/07\/15randonnee-randonne-e-glacier-noir-12-scaled.jpg\" data-glightbox=\"true\" class=\"lightbox-trigger\"><img decoding=\"async\" src=\"https:\/\/www.paysdesecrins.com\/wp-content\/uploads\/2025\/07\/15randonnee-randonne-e-glacier-noir-12-scaled.jpg\" alt=\"\"><\/a><\/div><div class=\"splide__slide\"><a href=\"https:\/\/www.paysdesecrins.com\/wp-content\/uploads\/2025\/07\/151microaventureclairelac-palluel-et-grand-pinier-48-scaled.jpg\" data-glightbox=\"true\" class=\"lightbox-trigger\"><img decoding=\"async\" src=\"https:\/\/www.paysdesecrins.com\/wp-content\/uploads\/2025\/07\/151microaventureclairelac-palluel-et-grand-pinier-48-400x400.jpg\" alt=\"\"><\/a><\/div><\/div><\/div><\/div><\/div>\n\n<div style=\"height:72px\" aria-hidden=\"true\" class=\"wp-block-spacer\"><\/div>\n\n<div class=\"wp-block-ws-library-ws-title aligncenter\"><h2><em>We take care of everything,<\/em> you enjoy<\/h2><\/div>\n\n<p class=\"has-text-align-center\">Discover our all-inclusive stays and let us organize your mountain immersion: accommodation, guided activities, and local experiences are gathered for you. Choose your formula, from a rejuvenating weekend to a week of adventure, and take full advantage of the landscapes, the know-how and the conviviality without worrying about anything. <\/p>\n<div class=\"alignwide wp-block-ws-library-ws-list-content\"><div class=\"list-items\"><div class=\"item\" data-season=\"all-seasons\"><div class=\"card  card-page\"><div class=\"group-media\"><div class=\"field-image\"><img loading=\"lazy\" decoding=\"async\" width=\"300\" height=\"450\" src=\"https:\/\/www.paysdesecrins.com\/wp-content\/uploads\/2025\/08\/photos-kinaphoto-pelvoux-journe-e-1-2025-hd66-300x450.jpg\" class=\"winter wp-post-image\" alt=\"\" data-season=\"winter\" srcset=\"https:\/\/www.paysdesecrins.com\/wp-content\/uploads\/2025\/08\/photos-kinaphoto-pelvoux-journe-e-1-2025-hd66-300x450.jpg 300w, https:\/\/www.paysdesecrins.com\/wp-content\/uploads\/2025\/08\/photos-kinaphoto-pelvoux-journe-e-1-2025-hd66-390x585.jpg 390w\" sizes=\"auto, (max-width: 300px) 100vw, 300px\" \/><img loading=\"lazy\" decoding=\"async\" width=\"300\" height=\"450\" src=\"https:\/\/www.paysdesecrins.com\/wp-content\/uploads\/2025\/07\/dsc01515-300x450.jpg\" class=\"vivaldi-thumb summer\" alt=\"\" data-season=\"summer\" srcset=\"https:\/\/www.paysdesecrins.com\/wp-content\/uploads\/2025\/07\/dsc01515-300x450.jpg 300w, https:\/\/www.paysdesecrins.com\/wp-content\/uploads\/2025\/07\/dsc01515-390x585.jpg 390w\" sizes=\"auto, (max-width: 300px) 100vw, 300px\" \/><\/div><\/div><div class=\"group-content\"><div class=\"field-title\">Stays<\/div><\/div><div class=\"field-link\" role=\"group\" aria-label=\"Lien vers le contenu\"><a href=\"https:\/\/www.paysdesecrins.com\/en\/stays\/\" class=\"cardlink\" title=\"Lire plus : Stays\" lang=\"en_US\">Stays<\/a><\/div><\/div><\/div><\/div><\/div>\n<div class=\"wp-block-ws-library-ws-button has-text-align-center\"><a href=\"https:\/\/www.paysdesecrins.com\/en\/stays\/#\/categories\" class=\"wp-block-button__link wp-element-button btn\">  Discover all-inclusive stays<\/a><\/div>\n\n<div style=\"height:72px\" aria-hidden=\"true\" class=\"wp-block-spacer\"><\/div>\n\n<div class=\"wp-block-ws-library-ws-share\"><span class=\"share-subtitle\">Did you like this page?<\/span><span class=\"share-title\">Share it!<\/span><button class=\"ws-share-button wp-element-button\">Share this page<\/button><\/div>\n","protected":false},"excerpt":{"rendered":"<p>Located at an altitude of 1,250 m, the village resort of Pelvoux-Vallouise includes the hamlets of Pelvoux, Vallouise and Ailefroide, [&hellip;]<\/p>\n","protected":false},"author":1,"featured_media":65678,"parent":44508,"menu_order":0,"comment_status":"closed","ping_status":"closed","template":"","meta":{"_thumbnail_id_2":0,"summer_excerpt":"","season":"","station":"pelvoux","footnotes":""},"class_list":["post-45193","page","type-page","status-publish","has-post-thumbnail","hentry"],"yoast_head":"<!-- This site is optimized with the Yoast SEO plugin v27.3 - https:\/\/yoast.com\/product\/yoast-seo-wordpress\/ -->\n<title>Vallouise-Pelvoux - Pays des \u00c9crins - Office de Tourisme<\/title>\n<meta name=\"robots\" content=\"index, follow, max-snippet:-1, max-image-preview:large, max-video-preview:-1\" \/>\n<link rel=\"canonical\" href=\"https:\/\/www.paysdesecrins.com\/en\/my-resort-my-village\/pelvoux-vallouise-ailefroide\/\" \/>\n<meta property=\"og:locale\" content=\"en_US\" \/>\n<meta property=\"og:type\" content=\"article\" \/>\n<meta property=\"og:title\" content=\"Vallouise-Pelvoux - Pays des \u00c9crins - Office de Tourisme\" \/>\n<meta property=\"og:description\" content=\"Located at an altitude of 1,250 m, the village resort of Pelvoux-Vallouise includes the hamlets of Pelvoux, Vallouise and Ailefroide, [&hellip;]\" \/>\n<meta property=\"og:url\" content=\"https:\/\/www.paysdesecrins.com\/en\/my-resort-my-village\/pelvoux-vallouise-ailefroide\/\" \/>\n<meta property=\"og:site_name\" content=\"Pays des \u00c9crins - Office de Tourisme\" \/>\n<meta property=\"article:modified_time\" content=\"2025-08-13T13:12:42+00:00\" \/>\n<meta property=\"og:image\" content=\"https:\/\/www.paysdesecrins.com\/wp-content\/uploads\/2025\/08\/paysages-depuis-la-monte-e-de-la-croix-de-la-salcette-2-scaled.jpg\" \/>\n\t<meta property=\"og:image:width\" content=\"2560\" \/>\n\t<meta property=\"og:image:height\" content=\"1975\" \/>\n\t<meta property=\"og:image:type\" content=\"image\/jpeg\" \/>\n<meta name=\"twitter:card\" content=\"summary_large_image\" \/>\n<meta name=\"twitter:label1\" content=\"Est. reading time\" \/>\n\t<meta name=\"twitter:data1\" content=\"6 minutes\" \/>\n<script type=\"application\/ld+json\" class=\"yoast-schema-graph\">{\"@context\":\"https:\\\/\\\/schema.org\",\"@graph\":[{\"@type\":\"WebPage\",\"@id\":\"https:\\\/\\\/www.paysdesecrins.com\\\/en\\\/my-resort-my-village\\\/pelvoux-vallouise-ailefroide\\\/\",\"url\":\"https:\\\/\\\/www.paysdesecrins.com\\\/en\\\/my-resort-my-village\\\/pelvoux-vallouise-ailefroide\\\/\",\"name\":\"Vallouise-Pelvoux - Pays des \u00c9crins - Office de Tourisme\",\"isPartOf\":{\"@id\":\"https:\\\/\\\/www.paysdesecrins.com\\\/en\\\/#website\"},\"primaryImageOfPage\":{\"@id\":\"https:\\\/\\\/www.paysdesecrins.com\\\/en\\\/my-resort-my-village\\\/pelvoux-vallouise-ailefroide\\\/#primaryimage\"},\"image\":{\"@id\":\"https:\\\/\\\/www.paysdesecrins.com\\\/en\\\/my-resort-my-village\\\/pelvoux-vallouise-ailefroide\\\/#primaryimage\"},\"thumbnailUrl\":\"https:\\\/\\\/www.paysdesecrins.com\\\/wp-content\\\/uploads\\\/2025\\\/08\\\/paysages-depuis-la-monte-e-de-la-croix-de-la-salcette-2-scaled.jpg\",\"datePublished\":\"2025-06-25T13:44:52+00:00\",\"dateModified\":\"2025-08-13T13:12:42+00:00\",\"breadcrumb\":{\"@id\":\"https:\\\/\\\/www.paysdesecrins.com\\\/en\\\/my-resort-my-village\\\/pelvoux-vallouise-ailefroide\\\/#breadcrumb\"},\"inLanguage\":\"en-US\",\"potentialAction\":[{\"@type\":\"ReadAction\",\"target\":[\"https:\\\/\\\/www.paysdesecrins.com\\\/en\\\/my-resort-my-village\\\/pelvoux-vallouise-ailefroide\\\/\"]}]},{\"@type\":\"ImageObject\",\"inLanguage\":\"en-US\",\"@id\":\"https:\\\/\\\/www.paysdesecrins.com\\\/en\\\/my-resort-my-village\\\/pelvoux-vallouise-ailefroide\\\/#primaryimage\",\"url\":\"https:\\\/\\\/www.paysdesecrins.com\\\/wp-content\\\/uploads\\\/2025\\\/08\\\/paysages-depuis-la-monte-e-de-la-croix-de-la-salcette-2-scaled.jpg\",\"contentUrl\":\"https:\\\/\\\/www.paysdesecrins.com\\\/wp-content\\\/uploads\\\/2025\\\/08\\\/paysages-depuis-la-monte-e-de-la-croix-de-la-salcette-2-scaled.jpg\",\"width\":2560,\"height\":1975},{\"@type\":\"BreadcrumbList\",\"@id\":\"https:\\\/\\\/www.paysdesecrins.com\\\/en\\\/my-resort-my-village\\\/pelvoux-vallouise-ailefroide\\\/#breadcrumb\",\"itemListElement\":[{\"@type\":\"ListItem\",\"position\":1,\"name\":\"Home\",\"item\":\"https:\\\/\\\/www.paysdesecrins.com\\\/en\\\/the-title-of-the-home\\\/\"},{\"@type\":\"ListItem\",\"position\":2,\"name\":\"My resort, my village\",\"item\":\"https:\\\/\\\/www.paysdesecrins.com\\\/en\\\/ma-station-mon-village\\\/\"},{\"@type\":\"ListItem\",\"position\":3,\"name\":\"Vallouise-Pelvoux\"}]},{\"@type\":\"WebSite\",\"@id\":\"https:\\\/\\\/www.paysdesecrins.com\\\/en\\\/#website\",\"url\":\"https:\\\/\\\/www.paysdesecrins.com\\\/en\\\/\",\"name\":\"Pays des \u00c9crins - Office de Tourisme\",\"description\":\"L&#039;esprit montagne\",\"publisher\":{\"@id\":\"https:\\\/\\\/www.paysdesecrins.com\\\/en\\\/#organization\"},\"potentialAction\":[{\"@type\":\"SearchAction\",\"target\":{\"@type\":\"EntryPoint\",\"urlTemplate\":\"https:\\\/\\\/www.paysdesecrins.com\\\/en\\\/?s={search_term_string}\"},\"query-input\":{\"@type\":\"PropertyValueSpecification\",\"valueRequired\":true,\"valueName\":\"search_term_string\"}}],\"inLanguage\":\"en-US\"},{\"@type\":\"Organization\",\"@id\":\"https:\\\/\\\/www.paysdesecrins.com\\\/en\\\/#organization\",\"name\":\"Pays des \u00c9crins - Office de Tourisme\",\"url\":\"https:\\\/\\\/www.paysdesecrins.com\\\/en\\\/\",\"logo\":{\"@type\":\"ImageObject\",\"inLanguage\":\"en-US\",\"@id\":\"https:\\\/\\\/www.paysdesecrins.com\\\/en\\\/#\\\/schema\\\/logo\\\/image\\\/\",\"url\":\"https:\\\/\\\/www.paysdesecrins.com\\\/wp-content\\\/uploads\\\/2025\\\/06\\\/devina-svg-1750845694.svg\",\"contentUrl\":\"https:\\\/\\\/www.paysdesecrins.com\\\/wp-content\\\/uploads\\\/2025\\\/06\\\/devina-svg-1750845694.svg\",\"caption\":\"Pays des \u00c9crins - Office de Tourisme\"},\"image\":{\"@id\":\"https:\\\/\\\/www.paysdesecrins.com\\\/en\\\/#\\\/schema\\\/logo\\\/image\\\/\"}}]}<\/script>\n<!-- \/ Yoast SEO plugin. -->","yoast_head_json":{"title":"Vallouise-Pelvoux - Pays des \u00c9crins - Office de Tourisme","robots":{"index":"index","follow":"follow","max-snippet":"max-snippet:-1","max-image-preview":"max-image-preview:large","max-video-preview":"max-video-preview:-1"},"canonical":"https:\/\/www.paysdesecrins.com\/en\/my-resort-my-village\/pelvoux-vallouise-ailefroide\/","og_locale":"en_US","og_type":"article","og_title":"Vallouise-Pelvoux - Pays des \u00c9crins - Office de Tourisme","og_description":"Located at an altitude of 1,250 m, the village resort of Pelvoux-Vallouise includes the hamlets of Pelvoux, Vallouise and Ailefroide, [&hellip;]","og_url":"https:\/\/www.paysdesecrins.com\/en\/my-resort-my-village\/pelvoux-vallouise-ailefroide\/","og_site_name":"Pays des \u00c9crins - Office de Tourisme","article_modified_time":"2025-08-13T13:12:42+00:00","og_image":[{"width":2560,"height":1975,"url":"https:\/\/www.paysdesecrins.com\/wp-content\/uploads\/2025\/08\/paysages-depuis-la-monte-e-de-la-croix-de-la-salcette-2-scaled.jpg","type":"image\/jpeg"}],"twitter_card":"summary_large_image","twitter_misc":{"Est. reading time":"6 minutes"},"schema":{"@context":"https:\/\/schema.org","@graph":[{"@type":"WebPage","@id":"https:\/\/www.paysdesecrins.com\/en\/my-resort-my-village\/pelvoux-vallouise-ailefroide\/","url":"https:\/\/www.paysdesecrins.com\/en\/my-resort-my-village\/pelvoux-vallouise-ailefroide\/","name":"Vallouise-Pelvoux - Pays des \u00c9crins - Office de Tourisme","isPartOf":{"@id":"https:\/\/www.paysdesecrins.com\/en\/#website"},"primaryImageOfPage":{"@id":"https:\/\/www.paysdesecrins.com\/en\/my-resort-my-village\/pelvoux-vallouise-ailefroide\/#primaryimage"},"image":{"@id":"https:\/\/www.paysdesecrins.com\/en\/my-resort-my-village\/pelvoux-vallouise-ailefroide\/#primaryimage"},"thumbnailUrl":"https:\/\/www.paysdesecrins.com\/wp-content\/uploads\/2025\/08\/paysages-depuis-la-monte-e-de-la-croix-de-la-salcette-2-scaled.jpg","datePublished":"2025-06-25T13:44:52+00:00","dateModified":"2025-08-13T13:12:42+00:00","breadcrumb":{"@id":"https:\/\/www.paysdesecrins.com\/en\/my-resort-my-village\/pelvoux-vallouise-ailefroide\/#breadcrumb"},"inLanguage":"en-US","potentialAction":[{"@type":"ReadAction","target":["https:\/\/www.paysdesecrins.com\/en\/my-resort-my-village\/pelvoux-vallouise-ailefroide\/"]}]},{"@type":"ImageObject","inLanguage":"en-US","@id":"https:\/\/www.paysdesecrins.com\/en\/my-resort-my-village\/pelvoux-vallouise-ailefroide\/#primaryimage","url":"https:\/\/www.paysdesecrins.com\/wp-content\/uploads\/2025\/08\/paysages-depuis-la-monte-e-de-la-croix-de-la-salcette-2-scaled.jpg","contentUrl":"https:\/\/www.paysdesecrins.com\/wp-content\/uploads\/2025\/08\/paysages-depuis-la-monte-e-de-la-croix-de-la-salcette-2-scaled.jpg","width":2560,"height":1975},{"@type":"BreadcrumbList","@id":"https:\/\/www.paysdesecrins.com\/en\/my-resort-my-village\/pelvoux-vallouise-ailefroide\/#breadcrumb","itemListElement":[{"@type":"ListItem","position":1,"name":"Home","item":"https:\/\/www.paysdesecrins.com\/en\/the-title-of-the-home\/"},{"@type":"ListItem","position":2,"name":"My resort, my village","item":"https:\/\/www.paysdesecrins.com\/en\/ma-station-mon-village\/"},{"@type":"ListItem","position":3,"name":"Vallouise-Pelvoux"}]},{"@type":"WebSite","@id":"https:\/\/www.paysdesecrins.com\/en\/#website","url":"https:\/\/www.paysdesecrins.com\/en\/","name":"Pays des \u00c9crins - Office de Tourisme","description":"L&#039;esprit montagne","publisher":{"@id":"https:\/\/www.paysdesecrins.com\/en\/#organization"},"potentialAction":[{"@type":"SearchAction","target":{"@type":"EntryPoint","urlTemplate":"https:\/\/www.paysdesecrins.com\/en\/?s={search_term_string}"},"query-input":{"@type":"PropertyValueSpecification","valueRequired":true,"valueName":"search_term_string"}}],"inLanguage":"en-US"},{"@type":"Organization","@id":"https:\/\/www.paysdesecrins.com\/en\/#organization","name":"Pays des \u00c9crins - Office de Tourisme","url":"https:\/\/www.paysdesecrins.com\/en\/","logo":{"@type":"ImageObject","inLanguage":"en-US","@id":"https:\/\/www.paysdesecrins.com\/en\/#\/schema\/logo\/image\/","url":"https:\/\/www.paysdesecrins.com\/wp-content\/uploads\/2025\/06\/devina-svg-1750845694.svg","contentUrl":"https:\/\/www.paysdesecrins.com\/wp-content\/uploads\/2025\/06\/devina-svg-1750845694.svg","caption":"Pays des \u00c9crins - Office de Tourisme"},"image":{"@id":"https:\/\/www.paysdesecrins.com\/en\/#\/schema\/logo\/image\/"}}]}},"_links":{"self":[{"href":"https:\/\/www.paysdesecrins.com\/en\/wp-json\/wp\/v2\/pages\/45193","targetHints":{"allow":["GET"]}}],"collection":[{"href":"https:\/\/www.paysdesecrins.com\/en\/wp-json\/wp\/v2\/pages"}],"about":[{"href":"https:\/\/www.paysdesecrins.com\/en\/wp-json\/wp\/v2\/types\/page"}],"author":[{"embeddable":true,"href":"https:\/\/www.paysdesecrins.com\/en\/wp-json\/wp\/v2\/users\/1"}],"replies":[{"embeddable":true,"href":"https:\/\/www.paysdesecrins.com\/en\/wp-json\/wp\/v2\/comments?post=45193"}],"version-history":[{"count":2,"href":"https:\/\/www.paysdesecrins.com\/en\/wp-json\/wp\/v2\/pages\/45193\/revisions"}],"predecessor-version":[{"id":93482,"href":"https:\/\/www.paysdesecrins.com\/en\/wp-json\/wp\/v2\/pages\/45193\/revisions\/93482"}],"up":[{"embeddable":true,"href":"https:\/\/www.paysdesecrins.com\/en\/wp-json\/wp\/v2\/pages\/44508"}],"wp:featuredmedia":[{"embeddable":true,"href":"https:\/\/www.paysdesecrins.com\/en\/wp-json\/wp\/v2\/media\/65678"}],"wp:attachment":[{"href":"https:\/\/www.paysdesecrins.com\/en\/wp-json\/wp\/v2\/media?parent=45193"}],"curies":[{"name":"wp","href":"https:\/\/api.w.org\/{rel}","templated":true}]}}