{"id":45627,"date":"2025-06-25T15:44:57","date_gmt":"2025-06-25T13:44:57","guid":{"rendered":"https:\/\/www.paysdesecrins.com\/my-resort-my-village\/champcella\/"},"modified":"2025-08-13T18:19:28","modified_gmt":"2025-08-13T16:19:28","slug":"champcella","status":"publish","type":"page","link":"https:\/\/www.paysdesecrins.com\/en\/my-resort-my-village\/champcella\/","title":{"rendered":"Champcella"},"content":{"rendered":"    <div class=\"alignfull wp-block-ws-library-ws-header-interne\" data-season=\"summer\">\n\t    <div class=\"header-container\">\n\t        <div class=\"group-media has-image\">\n\t            \t                <img loading=\"lazy\" decoding=\"async\" width=\"1920\" height=\"800\" src=\"https:\/\/www.paysdesecrins.com\/wp-content\/uploads\/2025\/07\/191villages-freissinieres109329-hd-1920x800.jpg\" alt=\"\" class=\"image_large_square wp-image-21927\" \/>\n\t            \t        <\/div>\n\t        <div class=\"group-content\">\n\t            <div class=\"title\">\n\t                <h1>\n\t                    Champcella\t                    \t                <\/h1>\n\t            <\/div>\n\t        <\/div>\n\t    <\/div>\n\t    \n<div class=\"yoast-breadcrumbs\"><span><span><a href=\"https:\/\/www.paysdesecrins.com\/en\/the-title-of-the-home\/\">Home<\/a><\/span>  <span><a href=\"https:\/\/www.paysdesecrins.com\/en\/ma-station-mon-village\/\">My resort, my village<\/a><\/span>  <span class=\"breadcrumb_last\" aria-current=\"page\">Champcella<\/span><\/span><\/div>\n    <\/div>\n        <div class=\"alignfull wp-block-ws-library-ws-header-interne\" data-season=\"winter\">\n\t    <div class=\"header-container\">\n\t        <div class=\"group-media has-image\">\n\t            \t                <img decoding=\"async\" src=\"https:\/\/www.paysdesecrins.com\/wp-content\/uploads\/2025\/07\/cabane-de-clot-st-jean-et-lever-de-soleil-58-1920x800.jpg\" alt=\"\" class=\"image_large_square wp-image-49236\" \/>\n\t            \t        <\/div>\n\t        <div class=\"group-content\">\n\t            <div class=\"title\">\n\t                <h1>\n\t                    Champcella\t                    \t                <\/h1>\n\t            <\/div>\n\t        <\/div>\n\t    <\/div>\n\t    \n<div class=\"yoast-breadcrumbs\"><span><span><a href=\"https:\/\/www.paysdesecrins.com\/en\/the-title-of-the-home\/\">Home<\/a><\/span>  <span><a href=\"https:\/\/www.paysdesecrins.com\/en\/ma-station-mon-village\/\">My resort, my village<\/a><\/span>  <span class=\"breadcrumb_last\" aria-current=\"page\">Champcella<\/span><\/span><\/div>\n    <\/div>\n    \n<div class=\"wp-block-ws-library-ws-title aligncenter is-style-simple\"><h2><em>Champcella<\/em> Between Roman remains and rural traditions<\/h2><\/div>\n\n<p class=\"has-text-align-center\">Champcella, perched on the balconies of the right bank of the Durance, is the link between the Durance valley and that of Freissini\u00e8res. Shared in hamlets, it combines architectural heritage (ovens, fountains, stone houses, Saint-Laurent-de-Rame chapel) and ancient traces with the site of Rama, a stop on the Roman road <em>Via Cottia per Alpem<\/em>. The town church, the Gallo-Roman remains and the stepped landscape \u2014 from the bottom of the valley to the mountain pastures of Tramouillon and Val-Haute \u2014 give this territory a marked identity, bathed in generous sunshine and a southern climatic influence.  <\/p>\n\n<div class=\"wp-block-ws-library-ws-button has-text-align-center is-style-outline\"><a href=\"https:\/\/www.paysdesecrins.com\/en\/i-choose\/access-and-shuttles\/\" class=\"wp-block-button__link wp-element-button btn\">  Access and shuttles<\/a><\/div>\n\n<div style=\"height:60px\" aria-hidden=\"true\" class=\"wp-block-spacer\"><\/div>\n\n<div class=\"wp-block-ws-library-ws-columns alignfull has-2-columns are-vertically-aligned-center layout-5050 is-style-background\" data-season=\"summer\">\n<div class=\"wp-block-ws-library-ws-column\"><div class=\"wrapper\">\n<div class=\"wp-block-ws-library-ws-image\" data-season=\"summer\"><div class=\"wrapper\"><div class=\"group-media\"><img decoding=\"async\" src=\"https:\/\/www.paysdesecrins.com\/wp-content\/uploads\/2025\/07\/191villages-freissinieres109329-hd-960x640.jpg\" alt=\"\" class=\"single_image ws-image-21927\"><div class=\"credits\"><\/div><\/div><p class=\"caption\">Grand tour of the \u00c9crins GR54 tour of the Pays des \u00c9crins Freissini\u00e8res the trail of the Gouffre de Gourfouran<\/p><\/div><\/div>\n<\/div><\/div>\n\n\n\n<div class=\"wp-block-ws-library-ws-column\"><div class=\"wrapper\">\n<div class=\"wp-block-ws-library-ws-title\"><h2><em>On the side of the <\/em>Outdoor activities<\/h2><\/div>\n\n\n\n<p>Champcella is also a starting point for hiking, trail running and mountain biking, with routes that climb up to the T\u00eate de Vautisse (3,156 m) or wind along the surrounding ridges. Climbing enthusiasts find local routes, and the proximity of the Durance opens up to white water sports. In winter, Nordic skis, ski touring and snowshoeing are quickly accessible from the nearby Freissini\u00e8res valley. The Rama lake, a former quarry, completes the offer with easy nature breaks.   <\/p>\n<\/div><\/div>\n<\/div>\n\n<div class=\"wp-block-ws-library-ws-columns alignfull has-2-columns are-vertically-aligned-center layout-5050 is-style-background\" data-season=\"winter\">\n<div class=\"wp-block-ws-library-ws-column\"><div class=\"wrapper\">\n<div class=\"wp-block-ws-library-ws-image\"><div class=\"wrapper\"><div class=\"group-media\"><img decoding=\"async\" src=\"https:\/\/www.paysdesecrins.com\/wp-content\/uploads\/2025\/08\/cabane-de-clot-st-jean-et-lever-de-soleil-29-960x640.jpg\" alt=\"\" class=\"single_image ws-image-61591\"><div class=\"credits\"><\/div><\/div><p class=\"caption\"><\/p><\/div><\/div>\n<\/div><\/div>\n\n\n\n<div class=\"wp-block-ws-library-ws-column\"><div class=\"wrapper\">\n<div class=\"wp-block-ws-library-ws-title\"><h2><em>On the side of the <\/em>Outdoor activities<\/h2><\/div>\n\n\n\n<p>In winter, Champcella serves as a convenient starting point for exploring the Pays des \u00c9crins: the <strong>Freissini\u00e8res<\/strong> area (open from mid-December to mid-March) offers more than 15 km of <strong>cross-country ski<\/strong> trails and <strong>snowshoe loops<\/strong> in a quiet and sunny atmosphere. <strong>Ski touring<\/strong> enthusiasts can set off from Champcella to the <strong>Col de Tramouillon<\/strong> or the <strong>T\u00eate de Vautisse<\/strong> via classic routes (always keeping an eye on the conditions and avalanche risks). You can also vary the outings with snowshoe walks to the neighbouring hamlets or rely on local structures for supervised experiences, such as discovering Nordic skiing with the family.  <\/p>\n<\/div><\/div>\n<\/div>\n\n<div class=\"wp-block-ws-library-ws-title aligncenter\"><h2>Rich and authentic <em>adventures and heritage<\/em><\/h2><\/div>\n<div class=\"alignwide wp-block-ws-library-ws-list-content\" data-season=\"summer\"><div class=\"list-items splide\" data-splide=\"{&quot;type&quot;:&quot;loop&quot;,&quot;heightRatio&quot;:&quot;auto&quot;,&quot;perPage&quot;:3,&quot;perMove&quot;:1,&quot;drag&quot;:true,&quot;arrows&quot;:true,&quot;pagination&quot;:0,&quot;autoplay&quot;:false,&quot;gap&quot;:&quot;15px&quot;,&quot;breakpoints&quot;:{&quot;1200&quot;:{&quot;perPage&quot;:3},&quot;992&quot;:{&quot;perPage&quot;:2},&quot;768&quot;:{&quot;destroy&quot;:true}}}\"><div class=\"splide__track\"><div class=\"splide__list\"><div class=\"splide__slide\"><div class=\"item\" data-season=\"\"><div class=\"card  card-page\"><div class=\"group-media\"><div class=\"field-image\"><img loading=\"lazy\" decoding=\"async\" width=\"300\" height=\"200\" src=\"https:\/\/www.paysdesecrins.com\/wp-content\/uploads\/2025\/06\/bivouac-au-tuckett-65.jpg\" class=\"winter all-seasons wp-post-image\" alt=\"\" data-season=\"all-seasons\" srcset=\"https:\/\/www.paysdesecrins.com\/wp-content\/uploads\/2025\/06\/bivouac-au-tuckett-65.jpg 1600w, https:\/\/www.paysdesecrins.com\/wp-content\/uploads\/2025\/06\/bivouac-au-tuckett-65-300x200.jpg 300w, https:\/\/www.paysdesecrins.com\/wp-content\/uploads\/2025\/06\/bivouac-au-tuckett-65-1024x683.jpg 1024w, https:\/\/www.paysdesecrins.com\/wp-content\/uploads\/2025\/06\/bivouac-au-tuckett-65-768x512.jpg 768w, https:\/\/www.paysdesecrins.com\/wp-content\/uploads\/2025\/06\/bivouac-au-tuckett-65-1536x1024.jpg 1536w, https:\/\/www.paysdesecrins.com\/wp-content\/uploads\/2025\/06\/bivouac-au-tuckett-65-960x640.jpg 960w\" sizes=\"auto, (max-width: 300px) 100vw, 300px\" \/><\/div><\/div><div class=\"group-content\"><div class=\"field-title\">High-altitude lakes<\/div><\/div><div class=\"field-link\" role=\"group\" aria-label=\"Lien vers le contenu\"><a href=\"https:\/\/www.paysdesecrins.com\/en\/i-choose\/must-see-sites\/high-altitude-lakes\/\" class=\"cardlink\" title=\"Lire plus : High-altitude lakes\" lang=\"en_US\">High-altitude lakes<\/a><\/div><\/div><\/div><\/div><div class=\"splide__slide\"><div class=\"item\" data-season=\"\"><div class=\"card  card-page\"><div class=\"group-media\"><div class=\"field-image\"><img loading=\"lazy\" decoding=\"async\" width=\"300\" height=\"450\" src=\"https:\/\/www.paysdesecrins.com\/wp-content\/uploads\/2025\/07\/bivouac-au-lac-faravel-et-boucle-des-3-lacs-13-1-300x450.jpg\" class=\"winter all-seasons wp-post-image\" alt=\"\" data-season=\"all-seasons\" srcset=\"https:\/\/www.paysdesecrins.com\/wp-content\/uploads\/2025\/07\/bivouac-au-lac-faravel-et-boucle-des-3-lacs-13-1-300x450.jpg 300w, https:\/\/www.paysdesecrins.com\/wp-content\/uploads\/2025\/07\/bivouac-au-lac-faravel-et-boucle-des-3-lacs-13-1-390x585.jpg 390w\" sizes=\"auto, (max-width: 300px) 100vw, 300px\" \/><\/div><\/div><div class=\"group-content\"><div class=\"field-title\">Hiking and Bivouac in Freissini\u00e8res<\/div><\/div><div class=\"field-link\" role=\"group\" aria-label=\"Lien vers le contenu\"><a href=\"https:\/\/www.paysdesecrins.com\/en\/my-desire-to\/mountain\/hiking-and-bivouac-in-freissinieres\/\" class=\"cardlink\" title=\"Lire plus : Hiking and Bivouac in Freissini\u00e8res\" lang=\"en_US\">Hiking and Bivouac in Freissini\u00e8res<\/a><\/div><\/div><\/div><\/div><div class=\"splide__slide\"><div class=\"item\" data-season=\"\"><div class=\"card  card-page\"><div class=\"group-media\"><div class=\"field-image\"><img loading=\"lazy\" decoding=\"async\" width=\"300\" height=\"450\" src=\"https:\/\/www.paysdesecrins.com\/wp-content\/uploads\/2025\/07\/19villages-vallouise-h0a4671thibautblais-300x450.jpg\" class=\"winter wp-post-image\" alt=\"\" data-season=\"winter\" srcset=\"https:\/\/www.paysdesecrins.com\/wp-content\/uploads\/2025\/07\/19villages-vallouise-h0a4671thibautblais-300x450.jpg 300w, https:\/\/www.paysdesecrins.com\/wp-content\/uploads\/2025\/07\/19villages-vallouise-h0a4671thibautblais-390x585.jpg 390w\" sizes=\"auto, (max-width: 300px) 100vw, 300px\" \/><img loading=\"lazy\" decoding=\"async\" width=\"300\" height=\"450\" src=\"https:\/\/www.paysdesecrins.com\/wp-content\/uploads\/2025\/08\/argentiere-la-bessee-11-scaled-300x450.jpg\" class=\"vivaldi-thumb summer\" alt=\"\" data-season=\"summer\" srcset=\"https:\/\/www.paysdesecrins.com\/wp-content\/uploads\/2025\/08\/argentiere-la-bessee-11-scaled-300x450.jpg 300w, https:\/\/www.paysdesecrins.com\/wp-content\/uploads\/2025\/08\/argentiere-la-bessee-11-scaled-200x300.jpg 200w, https:\/\/www.paysdesecrins.com\/wp-content\/uploads\/2025\/08\/argentiere-la-bessee-11-scaled-683x1024.jpg 683w, https:\/\/www.paysdesecrins.com\/wp-content\/uploads\/2025\/08\/argentiere-la-bessee-11-scaled-768x1152.jpg 768w, https:\/\/www.paysdesecrins.com\/wp-content\/uploads\/2025\/08\/argentiere-la-bessee-11-scaled-1024x1536.jpg 1024w, https:\/\/www.paysdesecrins.com\/wp-content\/uploads\/2025\/08\/argentiere-la-bessee-11-scaled-1366x2048.jpg 1366w, https:\/\/www.paysdesecrins.com\/wp-content\/uploads\/2025\/08\/argentiere-la-bessee-11-scaled-427x640.jpg 427w, https:\/\/www.paysdesecrins.com\/wp-content\/uploads\/2025\/08\/argentiere-la-bessee-11-scaled-390x585.jpg 390w, https:\/\/www.paysdesecrins.com\/wp-content\/uploads\/2025\/08\/argentiere-la-bessee-11-scaled.jpg 1707w\" sizes=\"auto, (max-width: 300px) 100vw, 300px\" \/><\/div><\/div><div class=\"group-content\"><div class=\"field-title\">Churches and chapels<\/div><\/div><div class=\"field-link\" role=\"group\" aria-label=\"Lien vers le contenu\"><a href=\"https:\/\/www.paysdesecrins.com\/en\/my-desire-to\/discovery\/churches-and-chapels\/\" class=\"cardlink\" title=\"Lire plus : Churches and chapels\" lang=\"en_US\">Churches and chapels<\/a><\/div><\/div><\/div><\/div><div class=\"splide__slide\"><div class=\"item\" data-season=\"\"><div class=\"card  card-page\"><div class=\"group-media\"><div class=\"field-image\"><img loading=\"lazy\" decoding=\"async\" width=\"300\" height=\"450\" src=\"https:\/\/www.paysdesecrins.com\/wp-content\/uploads\/2025\/07\/1653302467-1032754390-300x450.jpg\" class=\"winter all-seasons wp-post-image\" alt=\"\" data-season=\"all-seasons\" srcset=\"https:\/\/www.paysdesecrins.com\/wp-content\/uploads\/2025\/07\/1653302467-1032754390-300x450.jpg 300w, https:\/\/www.paysdesecrins.com\/wp-content\/uploads\/2025\/07\/1653302467-1032754390-390x585.jpg 390w\" sizes=\"auto, (max-width: 300px) 100vw, 300px\" \/><\/div><\/div><div class=\"group-content\"><div class=\"field-title\">The Waldensians <strong>of the Pays des \u00c9crins<\/strong><\/div><\/div><div class=\"field-link\" role=\"group\" aria-label=\"Lien vers le contenu\"><a href=\"https:\/\/www.paysdesecrins.com\/en\/my-desire-to\/discovery\/the-waldensians-of-the-pays-des-ecrins\/\" class=\"cardlink\" title=\"Lire plus : The Waldensians of the Pays des \u00c9crins\" lang=\"en_US\">The Waldensians of the Pays des \u00c9crins<\/a><\/div><\/div><\/div><\/div><div class=\"splide__slide\"><div class=\"item\" data-season=\"\"><div class=\"card  card-page\"><div class=\"group-media\"><div class=\"field-image\"><img loading=\"lazy\" decoding=\"async\" width=\"300\" height=\"450\" src=\"https:\/\/www.paysdesecrins.com\/wp-content\/uploads\/2025\/07\/1615543221-1675546391-300x450.jpg\" class=\"winter all-seasons wp-post-image\" alt=\"\" data-season=\"all-seasons\" srcset=\"https:\/\/www.paysdesecrins.com\/wp-content\/uploads\/2025\/07\/1615543221-1675546391-300x450.jpg 300w, https:\/\/www.paysdesecrins.com\/wp-content\/uploads\/2025\/07\/1615543221-1675546391-390x585.jpg 390w\" sizes=\"auto, (max-width: 300px) 100vw, 300px\" \/><\/div><\/div><div class=\"group-content\"><div class=\"field-title\">The History Workshop<\/div><\/div><div class=\"field-link\" role=\"group\" aria-label=\"Lien vers le contenu\"><a href=\"https:\/\/www.paysdesecrins.com\/en\/my-desire-to\/discovery\/history-workshop\/\" class=\"cardlink\" title=\"Lire plus : The History Workshop\" lang=\"en_US\">The History Workshop<\/a><\/div><\/div><\/div><\/div><div class=\"splide__slide\"><div class=\"item\" data-season=\"\"><div class=\"card  card-page\"><div class=\"group-media\"><div class=\"field-image\"><img loading=\"lazy\" decoding=\"async\" width=\"300\" height=\"450\" src=\"https:\/\/www.paysdesecrins.com\/wp-content\/uploads\/2025\/08\/argentiere-la-bessee-44-300x450.jpg\" class=\"winter all-seasons wp-post-image\" alt=\"\" data-season=\"all-seasons\" srcset=\"https:\/\/www.paysdesecrins.com\/wp-content\/uploads\/2025\/08\/argentiere-la-bessee-44-300x450.jpg 300w, https:\/\/www.paysdesecrins.com\/wp-content\/uploads\/2025\/08\/argentiere-la-bessee-44-390x585.jpg 390w\" sizes=\"auto, (max-width: 300px) 100vw, 300px\" \/><\/div><\/div><div class=\"group-content\"><div class=\"field-title\">Libraries <strong>of the Pays des \u00c9crins<\/strong><\/div><\/div><div class=\"field-link\" role=\"group\" aria-label=\"Lien vers le contenu\"><a href=\"https:\/\/www.paysdesecrins.com\/en\/my-desire-to\/discovery\/the-libraries-of-the-pays-des-ecrins\/\" class=\"cardlink\" title=\"Lire plus : Libraries of the Pays des \u00c9crins\" lang=\"en_US\">Libraries of the Pays des \u00c9crins<\/a><\/div><\/div><\/div><\/div><\/div><\/div><\/div><\/div><div class=\"alignwide wp-block-ws-library-ws-list-content\" data-season=\"winter\"><div class=\"list-items splide\" data-splide=\"{&quot;type&quot;:&quot;loop&quot;,&quot;heightRatio&quot;:&quot;auto&quot;,&quot;perPage&quot;:3,&quot;perMove&quot;:1,&quot;drag&quot;:true,&quot;arrows&quot;:true,&quot;pagination&quot;:0,&quot;autoplay&quot;:false,&quot;gap&quot;:&quot;15px&quot;,&quot;breakpoints&quot;:{&quot;1200&quot;:{&quot;perPage&quot;:3},&quot;992&quot;:{&quot;perPage&quot;:2},&quot;768&quot;:{&quot;destroy&quot;:true}}}\"><div class=\"splide__track\"><div class=\"splide__list\"><div class=\"splide__slide\"><div class=\"item\" data-season=\"\"><div class=\"card  card-page\"><div class=\"group-media\"><div class=\"field-image\"><img loading=\"lazy\" decoding=\"async\" width=\"300\" height=\"450\" src=\"https:\/\/www.paysdesecrins.com\/wp-content\/uploads\/2025\/07\/171ski-rando-bivouac-a-la-cabane-de-faravel-61-300x450.jpg\" class=\"winter all-seasons wp-post-image\" alt=\"\" data-season=\"all-seasons\" srcset=\"https:\/\/www.paysdesecrins.com\/wp-content\/uploads\/2025\/07\/171ski-rando-bivouac-a-la-cabane-de-faravel-61-300x450.jpg 300w, https:\/\/www.paysdesecrins.com\/wp-content\/uploads\/2025\/07\/171ski-rando-bivouac-a-la-cabane-de-faravel-61-390x585.jpg 390w\" sizes=\"auto, (max-width: 300px) 100vw, 300px\" \/><\/div><\/div><div class=\"group-content\"><div class=\"field-title\">A night under the stars of Dormillouse<\/div><\/div><div class=\"field-link\" role=\"group\" aria-label=\"Lien vers le contenu\"><a href=\"https:\/\/www.paysdesecrins.com\/en\/a-night-under-the-stars-of-dormillouse\/\" class=\"cardlink\" title=\"Lire plus : A night under the stars of Dormillouse\" lang=\"en_US\">A night under the stars of Dormillouse<\/a><\/div><\/div><\/div><\/div><div class=\"splide__slide\"><div class=\"item\" data-season=\"\"><div class=\"card  card-page\"><div class=\"group-media\"><div class=\"field-image\"><img loading=\"lazy\" decoding=\"async\" width=\"300\" height=\"450\" src=\"https:\/\/www.paysdesecrins.com\/wp-content\/uploads\/2025\/07\/1674817584-1084275632-1-300x450.jpg\" class=\"winter all-seasons wp-post-image\" alt=\"\" data-season=\"all-seasons\" srcset=\"https:\/\/www.paysdesecrins.com\/wp-content\/uploads\/2025\/07\/1674817584-1084275632-1-300x450.jpg 300w, https:\/\/www.paysdesecrins.com\/wp-content\/uploads\/2025\/07\/1674817584-1084275632-1-390x585.jpg 390w\" sizes=\"auto, (max-width: 300px) 100vw, 300px\" \/><\/div><\/div><div class=\"group-content\"><div class=\"field-title\">Discovery of a night in a refuge<\/div><\/div><div class=\"field-link\" role=\"group\" aria-label=\"Lien vers le contenu\"><a href=\"https:\/\/www.paysdesecrins.com\/en\/my-desire-to\/mountain\/discovery-of-a-night-in-a-refuge\/\" class=\"cardlink\" title=\"Lire plus : Discovery of a night in a refuge\" lang=\"en_US\">Discovery of a night in a refuge<\/a><\/div><\/div><\/div><\/div><div class=\"splide__slide\"><div class=\"item\" data-season=\"\"><div class=\"card  card-page\"><div class=\"group-media\"><div class=\"field-image\"><img loading=\"lazy\" decoding=\"async\" width=\"300\" height=\"450\" src=\"https:\/\/www.paysdesecrins.com\/wp-content\/uploads\/2025\/07\/bivouac-a-la-cabane-de-faravel-106-300x450.jpg\" class=\"winter all-seasons wp-post-image\" alt=\"\" data-season=\"all-seasons\" srcset=\"https:\/\/www.paysdesecrins.com\/wp-content\/uploads\/2025\/07\/bivouac-a-la-cabane-de-faravel-106-300x450.jpg 300w, https:\/\/www.paysdesecrins.com\/wp-content\/uploads\/2025\/07\/bivouac-a-la-cabane-de-faravel-106-390x585.jpg 390w\" sizes=\"auto, (max-width: 300px) 100vw, 300px\" \/><\/div><\/div><div class=\"group-content\"><div class=\"field-title\">A timeless night with friends<\/div><\/div><div class=\"field-link\" role=\"group\" aria-label=\"Lien vers le contenu\"><a href=\"https:\/\/www.paysdesecrins.com\/en\/my-desire-to\/mountain\/a-night-out-of-time\/\" class=\"cardlink\" title=\"Lire plus : A timeless night with friends\" lang=\"en_US\">A timeless night with friends<\/a><\/div><\/div><\/div><\/div><div class=\"splide__slide\"><div class=\"item\" data-season=\"\"><div class=\"card  card-page\"><div class=\"group-media\"><div class=\"field-image\"><img loading=\"lazy\" decoding=\"async\" width=\"300\" height=\"450\" src=\"https:\/\/www.paysdesecrins.com\/wp-content\/uploads\/2025\/07\/19villages-vallouise-h0a4671thibautblais-300x450.jpg\" class=\"winter wp-post-image\" alt=\"\" data-season=\"winter\" srcset=\"https:\/\/www.paysdesecrins.com\/wp-content\/uploads\/2025\/07\/19villages-vallouise-h0a4671thibautblais-300x450.jpg 300w, https:\/\/www.paysdesecrins.com\/wp-content\/uploads\/2025\/07\/19villages-vallouise-h0a4671thibautblais-390x585.jpg 390w\" sizes=\"auto, (max-width: 300px) 100vw, 300px\" \/><img loading=\"lazy\" decoding=\"async\" width=\"300\" height=\"450\" src=\"https:\/\/www.paysdesecrins.com\/wp-content\/uploads\/2025\/08\/argentiere-la-bessee-11-scaled-300x450.jpg\" class=\"vivaldi-thumb summer\" alt=\"\" data-season=\"summer\" srcset=\"https:\/\/www.paysdesecrins.com\/wp-content\/uploads\/2025\/08\/argentiere-la-bessee-11-scaled-300x450.jpg 300w, https:\/\/www.paysdesecrins.com\/wp-content\/uploads\/2025\/08\/argentiere-la-bessee-11-scaled-200x300.jpg 200w, https:\/\/www.paysdesecrins.com\/wp-content\/uploads\/2025\/08\/argentiere-la-bessee-11-scaled-683x1024.jpg 683w, https:\/\/www.paysdesecrins.com\/wp-content\/uploads\/2025\/08\/argentiere-la-bessee-11-scaled-768x1152.jpg 768w, https:\/\/www.paysdesecrins.com\/wp-content\/uploads\/2025\/08\/argentiere-la-bessee-11-scaled-1024x1536.jpg 1024w, https:\/\/www.paysdesecrins.com\/wp-content\/uploads\/2025\/08\/argentiere-la-bessee-11-scaled-1366x2048.jpg 1366w, https:\/\/www.paysdesecrins.com\/wp-content\/uploads\/2025\/08\/argentiere-la-bessee-11-scaled-427x640.jpg 427w, https:\/\/www.paysdesecrins.com\/wp-content\/uploads\/2025\/08\/argentiere-la-bessee-11-scaled-390x585.jpg 390w, https:\/\/www.paysdesecrins.com\/wp-content\/uploads\/2025\/08\/argentiere-la-bessee-11-scaled.jpg 1707w\" sizes=\"auto, (max-width: 300px) 100vw, 300px\" \/><\/div><\/div><div class=\"group-content\"><div class=\"field-title\">Churches and chapels<\/div><\/div><div class=\"field-link\" role=\"group\" aria-label=\"Lien vers le contenu\"><a href=\"https:\/\/www.paysdesecrins.com\/en\/my-desire-to\/discovery\/churches-and-chapels\/\" class=\"cardlink\" title=\"Lire plus : Churches and chapels\" lang=\"en_US\">Churches and chapels<\/a><\/div><\/div><\/div><\/div><div class=\"splide__slide\"><div class=\"item\" data-season=\"\"><div class=\"card  card-page\"><div class=\"group-media\"><div class=\"field-image\"><img loading=\"lazy\" decoding=\"async\" width=\"300\" height=\"450\" src=\"https:\/\/www.paysdesecrins.com\/wp-content\/uploads\/2025\/08\/argentiere-la-bessee-44-300x450.jpg\" class=\"winter all-seasons wp-post-image\" alt=\"\" data-season=\"all-seasons\" srcset=\"https:\/\/www.paysdesecrins.com\/wp-content\/uploads\/2025\/08\/argentiere-la-bessee-44-300x450.jpg 300w, https:\/\/www.paysdesecrins.com\/wp-content\/uploads\/2025\/08\/argentiere-la-bessee-44-390x585.jpg 390w\" sizes=\"auto, (max-width: 300px) 100vw, 300px\" \/><\/div><\/div><div class=\"group-content\"><div class=\"field-title\">Libraries <strong>of the Pays des \u00c9crins<\/strong><\/div><\/div><div class=\"field-link\" role=\"group\" aria-label=\"Lien vers le contenu\"><a href=\"https:\/\/www.paysdesecrins.com\/en\/my-desire-to\/discovery\/the-libraries-of-the-pays-des-ecrins\/\" class=\"cardlink\" title=\"Lire plus : Libraries of the Pays des \u00c9crins\" lang=\"en_US\">Libraries of the Pays des \u00c9crins<\/a><\/div><\/div><\/div><\/div><\/div><\/div><\/div><\/div>\n<div class=\"wp-block-ws-library-ws-button has-text-align-center\"><a href=\"https:\/\/www.paysdesecrins.com\/en\/63851-2\/\" class=\"wp-block-button__link wp-element-button btn\">  All experiences<\/a><\/div>\n\n<div style=\"height:60px\" aria-hidden=\"true\" class=\"wp-block-spacer\"><\/div>\n\n<div class=\"wp-block-ws-library-ws-title\"><h2><em>Animations and events<\/em> that punctuate your seasons<\/h2><\/div>\n\n<div class=\"wp-block-ws-library-ws-banner alignwide\"><div class=\"wrapper\"><div class=\"group-media\"><img loading=\"lazy\" decoding=\"async\" width=\"1920\" height=\"480\" src=\"https:\/\/www.paysdesecrins.com\/wp-content\/uploads\/2025\/07\/07-25-23-festival-de-contes-37-1920x480.jpg\" alt=\"\" class=\"single_image wp-image-31346\"><\/div>\n<div class=\"group-content\"><p class=\"has-text-align-center\">The calendar of activities and events changes with the seasons, check them regularly for updates.<\/p><\/div>\n<\/div><\/div>\n\n<div class=\"wp-block-ws-library-ws-tabs alignfull\"><ul class=\"tabs-titles\"><li class=\"tab-title is-active\" data-tab-index=\"0\">ANIMATIONS<\/li><li class=\"tab-title\" data-tab-index=\"1\">ACTIVIT\u00c9S<\/li><\/ul><div class=\"tabs-list\">\n<div class=\"wp-block-ws-library-ws-tab\" style=\"display:none\"><p class=\"tab-title\">ANIMATIONS<\/p><div class=\"tab-content\"><div id=\"listing_8555f\" data-observer-wishlist data-attributes='listing-avance {\"selectedSelectionIds\":[\"189187\"],\"isLimited\":true,\"perPage\":3,\"isPortrait\":false,\"isImageContain\":false,\"showCommune\":true,\"defaultImage\":\"https:\\\/\\\/www.paysdesecrins.com\\\/wp-content\\\/uploads\\\/2025\\\/06\\\/cropped-paysdesecrins.png\",\"selectedFacets\":[],\"showMap\":false,\"sortOrder\":\"random\",\"showType\":false,\"columnsCount\":\"2-3-3\",\"showActiveFacets\":false,\"showGeolocalisation\":false,\"isPaginated\":false,\"season\":\"\",\"align\":\"wide\"}' class=\"ws-listing wp-block-ws-apidae-library-listing-avance alignwide\" data-map-id=\"map_8555f\" data-locations-id=\"locations-data_8555f\"><div class=\"facetwp-template\"><div class=\"list-container active\"><p class=\"error ws-apidae-empty-list\">No tourist attractions in sight. Perhaps our site is taking a little nap\u2026<\/p><\/div><\/div><\/div>\n\n\n<div class=\"wp-block-ws-library-ws-button has-text-align-center is-style-outline\"><a href=\"https:\/\/www.paysdesecrins.com\/en\/i-choose\/entertainment-and-events\/\" class=\"wp-block-button__link wp-element-button btn\">  All the activities<\/a><\/div>\n<\/div><\/div>\n\n\n\n<div class=\"wp-block-ws-library-ws-tab\" style=\"display:none\"><p class=\"tab-title\">ACTIVIT\u00c9S<\/p><div class=\"tab-content\"><div id=\"listing_c6a1c\" data-observer-wishlist data-attributes='listing-avance {\"selectedSelectionIds\":[\"191787\"],\"defaultImage\":\"https:\\\/\\\/www.paysdesecrins.com\\\/wp-content\\\/uploads\\\/2025\\\/06\\\/paysdesecrins.png\",\"isLimited\":true,\"perPage\":3,\"isPortrait\":false,\"isImageContain\":false,\"showCommune\":true,\"selectedFacets\":[],\"showMap\":false,\"sortOrder\":\"random\",\"showType\":false,\"columnsCount\":\"2-3-3\",\"showActiveFacets\":false,\"showGeolocalisation\":false,\"isPaginated\":false,\"season\":\"\",\"align\":\"wide\"}' class=\"ws-listing wp-block-ws-apidae-library-listing-avance alignwide\" data-map-id=\"map_c6a1c\" data-locations-id=\"locations-data_c6a1c\"><div class=\"facetwp-template\"><div class=\"list-container active\"><div class=\"list-items\"><div class=\"item\" data-season=\"all-seasons\"><div class=\"card card-apidae card-avance\"><div class=\"group-actions\"><ws-wishlist data-type=\"flag\" data-action=\"add\" data-wish-id=\"619922\" data-wish-type=\"apidae\"><\/ws-wishlist><\/div><div class=\"group-media\"><div class=\"field-image\"><img decoding=\"async\" src=\"https:\/\/images.weserv.nl\/?url=https:\/\/static.apidae-tourisme.com\/filestore\/objets-touristiques\/images\/121\/184\/768121-diaporama.png&#038;w=350&#038;h=350&#038;fit=cover&#038;output=webp&#038;q=45\" alt=\"BONNEAU Pierre\"\/><\/div><\/div><div class=\"group-top\"><div class=\"field-commune\">Champcella<\/div><ws-apidae-from-price data-apidae-id=\"619922\" ><\/ws-apidae-from-price><\/div><div class=\"group-content\"><div class=\"field-title\">BONNEAU Pierre<\/div><\/div><div class=\"field-link\" role=\"group\" aria-label=\"Lien vers le contenu\"><a href=\"https:\/\/www.paysdesecrins.com\/en\/fiche\/bonneau-pierre\/\" class=\"cardlink\" title=\"Lire plus : BONNEAU Pierre\" lang=\"en_US\">BONNEAU Pierre<\/a><\/div><\/div><\/div><div class=\"item\" data-season=\"all-seasons\"><div class=\"card card-apidae card-avance\"><div class=\"group-actions\"><ws-wishlist data-type=\"flag\" data-action=\"add\" data-wish-id=\"5138785\" data-wish-type=\"apidae\"><\/ws-wishlist><\/div><div class=\"group-media\"><div class=\"field-image\"><img decoding=\"async\" src=\"https:\/\/images.weserv.nl\/?url=https:\/\/static.apidae-tourisme.com\/filestore\/objets-touristiques\/images\/221\/54\/22755037-diaporama.jpg&#038;w=350&#038;h=350&#038;fit=cover&#038;output=webp&#038;q=45\" alt=\"Marche nordique avec \u00c9lodie Larive\"\/><\/div><\/div><div class=\"group-top\"><div class=\"field-book\">Bookable online<\/div><div class=\"field-commune\">L&#039;Argenti\u00e8re-la-Bess\u00e9e<\/div><ws-apidae-from-price data-apidae-id=\"5138785\" ><\/ws-apidae-from-price><\/div><div class=\"group-content\"><div class=\"field-title\">Marche nordique avec \u00c9lodie Larive<\/div><\/div><div class=\"field-link\" role=\"group\" aria-label=\"Lien vers le contenu\"><a href=\"https:\/\/www.paysdesecrins.com\/en\/fiche\/marche-nordique-avec-elodie-larive-2\/\" class=\"cardlink\" title=\"Lire plus : Marche nordique avec \u00c9lodie Larive\" lang=\"en_US\">Marche nordique avec \u00c9lodie Larive<\/a><\/div><\/div><\/div><div class=\"item\" data-season=\"all-seasons\"><div class=\"card card-apidae card-avance\"><div class=\"group-actions\"><ws-wishlist data-type=\"flag\" data-action=\"add\" data-wish-id=\"6977432\" data-wish-type=\"apidae\"><\/ws-wishlist><\/div><div class=\"group-media\"><div class=\"field-image\"><img decoding=\"async\" src=\"https:\/\/images.weserv.nl\/?url=https:\/\/static.apidae-tourisme.com\/filestore\/objets-touristiques\/images\/127\/104\/23554175-diaporama.jpg&#038;w=350&#038;h=350&#038;fit=cover&#038;output=webp&#038;q=45\" alt=\"Verticalit\u00e9 05\"\/><\/div><\/div><div class=\"group-top\"><div class=\"field-book\">Bookable online<\/div><div class=\"field-commune\">Champcella<\/div><ws-apidae-from-price data-apidae-id=\"6977432\" ><\/ws-apidae-from-price><\/div><div class=\"group-content\"><div class=\"field-title\">Verticalit\u00e9 05<\/div><\/div><div class=\"field-link\" role=\"group\" aria-label=\"Lien vers le contenu\"><a href=\"https:\/\/www.paysdesecrins.com\/en\/fiche\/verticalite-05-3\/\" class=\"cardlink\" title=\"Lire plus : Verticalit\u00e9 05\" lang=\"en_US\">Verticalit\u00e9 05<\/a><\/div><\/div><\/div><div id=\"locations-data_c6a1c\" style=\"display: none;\">{&quot;locations&quot;:[{&quot;lat&quot;:&quot;44.746207&quot;,&quot;lng&quot;:&quot;6.5027&quot;,&quot;title&quot;:&quot;BONNEAU Pierre&quot;,&quot;permalink&quot;:&quot;https:\\\/\\\/www.paysdesecrins.com\\\/en\\\/fiche\\\/bonneau-pierre\\\/&quot;,&quot;type&quot;:&quot;commerce_et_service&quot;,&quot;commune&quot;:&quot;Champcella&quot;,&quot;type_commerce&quot;:&quot;&quot;,&quot;image&quot;:&quot;https:\\\/\\\/static.apidae-tourisme.com\\\/filestore\\\/objets-touristiques\\\/images\\\/121\\\/184\\\/768121-diaporama.png&quot;,&quot;image_width&quot;:&quot;350&quot;,&quot;image_height&quot;:&quot;350&quot;,&quot;image_fit&quot;:&quot;cover&quot;},{&quot;lat&quot;:&quot;44.818439&quot;,&quot;lng&quot;:&quot;6.487274&quot;,&quot;title&quot;:&quot;Marche nordique avec \\u00c9lodie Larive&quot;,&quot;permalink&quot;:&quot;https:\\\/\\\/www.paysdesecrins.com\\\/en\\\/fiche\\\/marche-nordique-avec-elodie-larive-2\\\/&quot;,&quot;type&quot;:&quot;commerce_et_service&quot;,&quot;commune&quot;:&quot;L&#039;Argenti\\u00e8re-la-Bess\\u00e9e&quot;,&quot;type_commerce&quot;:&quot;&quot;,&quot;image&quot;:&quot;https:\\\/\\\/static.apidae-tourisme.com\\\/filestore\\\/objets-touristiques\\\/images\\\/221\\\/54\\\/22755037-diaporama.jpg&quot;,&quot;image_width&quot;:&quot;350&quot;,&quot;image_height&quot;:&quot;350&quot;,&quot;image_fit&quot;:&quot;cover&quot;},{&quot;lat&quot;:&quot;44.738148&quot;,&quot;lng&quot;:&quot;6.558722&quot;,&quot;title&quot;:&quot;Verticalit\\u00e9 05&quot;,&quot;permalink&quot;:&quot;https:\\\/\\\/www.paysdesecrins.com\\\/en\\\/fiche\\\/verticalite-05-3\\\/&quot;,&quot;type&quot;:&quot;commerce_et_service&quot;,&quot;commune&quot;:&quot;Champcella&quot;,&quot;type_commerce&quot;:&quot;&quot;,&quot;image&quot;:&quot;https:\\\/\\\/static.apidae-tourisme.com\\\/filestore\\\/objets-touristiques\\\/images\\\/127\\\/104\\\/23554175-diaporama.jpg&quot;,&quot;image_width&quot;:&quot;350&quot;,&quot;image_height&quot;:&quot;350&quot;,&quot;image_fit&quot;:&quot;cover&quot;}],&quot;center_lat&quot;:&quot;44.746207&quot;,&quot;center_lng&quot;:&quot;6.5027&quot;}<\/div><\/div><\/div><\/div><\/div>\n\n\n<div class=\"wp-block-ws-library-ws-button has-text-align-center is-style-outline\"><a href=\"https:\/\/www.paysdesecrins.com\/en\/i-choose\/activities-and-materials\/activities\/\" class=\"wp-block-button__link wp-element-button btn\">  All activity providers<\/a><\/div>\n<\/div><\/div>\n<\/div><\/div>\n\n<div style=\"height:60px\" aria-hidden=\"true\" class=\"wp-block-spacer\"><\/div>\n\n<div class=\"wp-block-ws-library-ws-title\"><h2><em>Everything you need <\/em>DURING YOUR STAY<\/h2><\/div>\n\n<div class=\"wp-block-ws-library-ws-tabs alignfull\"><ul class=\"tabs-titles\"><li class=\"tab-title is-active\" data-tab-index=\"0\">RESTAURANTS<\/li><li class=\"tab-title\" data-tab-index=\"1\">H\u00c9BERGEMENTS<\/li><\/ul><div class=\"tabs-list\">\n<div class=\"wp-block-ws-library-ws-tab\" style=\"display:none\"><p class=\"tab-title\">RESTAURANTS<\/p><div class=\"tab-content\"><div id=\"listing_9f543\" data-observer-wishlist data-attributes='listing-avance {\"selectedSelectionIds\":[\"191476\"],\"defaultImage\":\"https:\\\/\\\/www.paysdesecrins.com\\\/wp-content\\\/uploads\\\/2025\\\/06\\\/paysdesecrins.png\",\"isLimited\":true,\"perPage\":3,\"isPortrait\":false,\"isImageContain\":false,\"showCommune\":true,\"selectedFacets\":[],\"showMap\":false,\"sortOrder\":\"random\",\"showType\":false,\"columnsCount\":\"2-3-3\",\"showActiveFacets\":false,\"showGeolocalisation\":false,\"isPaginated\":false,\"season\":\"\",\"align\":\"wide\"}' class=\"ws-listing wp-block-ws-apidae-library-listing-avance alignwide\" data-map-id=\"map_9f543\" data-locations-id=\"locations-data_9f543\"><div class=\"facetwp-template\"><div class=\"list-container active\"><div class=\"list-items\"><div class=\"item\" data-season=\"all-seasons\"><div class=\"card card-apidae card-avance\"><div class=\"group-actions\"><ws-wishlist data-type=\"flag\" data-action=\"add\" data-wish-id=\"622210\" data-wish-type=\"apidae\"><\/ws-wishlist><\/div><div class=\"group-media\"><div class=\"field-image\"><img decoding=\"async\" src=\"https:\/\/images.weserv.nl\/?url=https:\/\/static.apidae-tourisme.com\/filestore\/objets-touristiques\/images\/150\/217\/776598-diaporama.jpg&#038;w=350&#038;h=350&#038;fit=cover&#038;output=webp&#038;q=45\" alt=\"Auberge La Dormilhosa\"\/><\/div><\/div><div class=\"group-top\"><div class=\"field-commune\">Champcella<\/div><ws-apidae-from-price data-apidae-id=\"622210\" ><\/ws-apidae-from-price><\/div><div class=\"group-content\"><div class=\"field-title\">Auberge La Dormilhosa<\/div><\/div><div class=\"field-link\" role=\"group\" aria-label=\"Lien vers le contenu\"><a href=\"https:\/\/www.paysdesecrins.com\/en\/fiche\/auberge-la-dormilhosa-3\/\" class=\"cardlink\" title=\"Lire plus : Auberge La Dormilhosa\" lang=\"en_US\">Auberge La Dormilhosa<\/a><\/div><\/div><\/div><div class=\"item\" data-season=\"all-seasons\"><div class=\"card card-apidae card-avance\"><div class=\"group-actions\"><ws-wishlist data-type=\"flag\" data-action=\"add\" data-wish-id=\"622191\" data-wish-type=\"apidae\"><\/ws-wishlist><\/div><div class=\"group-media\"><div class=\"field-image\"><img decoding=\"async\" src=\"https:\/\/images.weserv.nl\/?url=https:\/\/www.paysdesecrins.com\/wp-content\/uploads\/2025\/06\/paysdesecrins.png&#038;w=350&#038;h=350&#038;fit=cover&#038;output=webp&#038;q=45\" alt=\"La Bergerie\"\/><\/div><\/div><div class=\"group-top\"><div class=\"field-commune\">Champcella<\/div><ws-apidae-from-price data-apidae-id=\"622191\" ><\/ws-apidae-from-price><\/div><div class=\"group-content\"><div class=\"field-title\">La Bergerie<\/div><\/div><div class=\"field-link\" role=\"group\" aria-label=\"Lien vers le contenu\"><a href=\"https:\/\/www.paysdesecrins.com\/en\/fiche\/la-bergerie-4\/\" class=\"cardlink\" title=\"Lire plus : La Bergerie\" lang=\"en_US\">La Bergerie<\/a><\/div><\/div><\/div><div id=\"locations-data_9f543\" style=\"display: none;\">{&quot;locations&quot;:[{&quot;lat&quot;:&quot;44.738051&quot;,&quot;lng&quot;:&quot;6.566883&quot;,&quot;title&quot;:&quot;Auberge La Dormilhosa&quot;,&quot;permalink&quot;:&quot;https:\\\/\\\/www.paysdesecrins.com\\\/en\\\/fiche\\\/auberge-la-dormilhosa-3\\\/&quot;,&quot;type&quot;:&quot;restauration&quot;,&quot;commune&quot;:&quot;Champcella&quot;,&quot;type_commerce&quot;:&quot;&quot;,&quot;image&quot;:&quot;https:\\\/\\\/static.apidae-tourisme.com\\\/filestore\\\/objets-touristiques\\\/images\\\/150\\\/217\\\/776598-diaporama.jpg&quot;,&quot;image_width&quot;:&quot;350&quot;,&quot;image_height&quot;:&quot;350&quot;,&quot;image_fit&quot;:&quot;cover&quot;},{&quot;lat&quot;:&quot;44.723688&quot;,&quot;lng&quot;:&quot;6.571937&quot;,&quot;title&quot;:&quot;La Bergerie&quot;,&quot;permalink&quot;:&quot;https:\\\/\\\/www.paysdesecrins.com\\\/en\\\/fiche\\\/la-bergerie-4\\\/&quot;,&quot;type&quot;:&quot;restauration&quot;,&quot;commune&quot;:&quot;Champcella&quot;,&quot;type_commerce&quot;:&quot;&quot;,&quot;image&quot;:&quot;https:\\\/\\\/www.paysdesecrins.com\\\/wp-content\\\/uploads\\\/2025\\\/06\\\/paysdesecrins.png&quot;,&quot;image_width&quot;:&quot;350&quot;,&quot;image_height&quot;:&quot;350&quot;,&quot;image_fit&quot;:&quot;cover&quot;}],&quot;center_lat&quot;:&quot;44.738051&quot;,&quot;center_lng&quot;:&quot;6.566883&quot;}<\/div><\/div><\/div><\/div><\/div>\n\n\n<div class=\"wp-block-ws-library-ws-button has-text-align-center is-style-outline\"><a href=\"https:\/\/www.paysdesecrins.com\/en\/i-choose\/accommodation-and-restaurants\/restaurants\/\" class=\"wp-block-button__link wp-element-button btn\">  ALL RESTAURANTS<\/a><\/div>\n<\/div><\/div>\n\n\n\n<div class=\"wp-block-ws-library-ws-tab\" style=\"display:none\"><p class=\"tab-title\">H\u00c9BERGEMENTS<\/p><div class=\"tab-content\"><div id=\"listing_40905\" data-observer-wishlist data-attributes='listing-avance {\"selectedSelectionIds\":[\"188892\"],\"defaultImage\":\"https:\\\/\\\/www.paysdesecrins.com\\\/wp-content\\\/uploads\\\/2025\\\/06\\\/paysdesecrins.png\",\"isLimited\":true,\"perPage\":3,\"isPortrait\":false,\"isImageContain\":false,\"showCommune\":true,\"selectedFacets\":[],\"showMap\":false,\"sortOrder\":\"random\",\"showType\":false,\"columnsCount\":\"2-3-3\",\"showActiveFacets\":false,\"showGeolocalisation\":false,\"isPaginated\":false,\"season\":\"\",\"align\":\"wide\"}' class=\"ws-listing wp-block-ws-apidae-library-listing-avance alignwide\" data-map-id=\"map_40905\" data-locations-id=\"locations-data_40905\"><div class=\"facetwp-template\"><div class=\"list-container active\"><div class=\"list-items\"><div class=\"item\" data-season=\"all-seasons\"><div class=\"card card-apidae card-avance\"><div class=\"group-actions\"><ws-wishlist data-type=\"flag\" data-action=\"add\" data-wish-id=\"5058055\" data-wish-type=\"apidae\"><\/ws-wishlist><\/div><div class=\"group-media\"><div class=\"field-image\"><img decoding=\"async\" src=\"https:\/\/images.weserv.nl\/?url=https:\/\/www.paysdesecrins.com\/wp-content\/uploads\/2025\/06\/paysdesecrins.png&#038;w=350&#038;h=350&#038;fit=cover&#038;output=webp&#038;q=45\" alt=\"Marcien B\u00e9n\u00e9dicte\"\/><\/div><\/div><div class=\"group-top\"><div class=\"field-commune\">Champcella<\/div><ws-apidae-from-price data-apidae-id=\"5058055\" ><\/ws-apidae-from-price><\/div><div class=\"group-content\"><div class=\"field-title\">Marcien B\u00e9n\u00e9dicte<\/div><\/div><div class=\"field-link\" role=\"group\" aria-label=\"Lien vers le contenu\"><a href=\"https:\/\/www.paysdesecrins.com\/en\/fiche\/marcien-benedicte-3\/\" class=\"cardlink\" title=\"Lire plus : Marcien B\u00e9n\u00e9dicte\" lang=\"en_US\">Marcien B\u00e9n\u00e9dicte<\/a><\/div><\/div><\/div><div class=\"item\" data-season=\"all-seasons\"><div class=\"card card-apidae card-avance\"><div class=\"group-actions\"><ws-wishlist data-type=\"flag\" data-action=\"add\" data-wish-id=\"5058253\" data-wish-type=\"apidae\"><\/ws-wishlist><\/div><div class=\"group-media\"><div class=\"field-image\"><img decoding=\"async\" src=\"https:\/\/images.weserv.nl\/?url=https:\/\/static.apidae-tourisme.com\/filestore\/objets-touristiques\/images\/252\/10\/6687484-diaporama.jpg&#038;w=350&#038;h=350&#038;fit=cover&#038;output=webp&#038;q=45\" alt=\"Condemine Lionel Chalet &#8220;Le Mazot&#8221;\"\/><\/div><\/div><div class=\"group-top\"><div class=\"field-commune\">Champcella<\/div><ws-apidae-from-price data-apidae-id=\"5058253\" ><\/ws-apidae-from-price><\/div><div class=\"group-content\"><div class=\"field-title\">Condemine Lionel Chalet &#8220;Le Mazot&#8221;<\/div><\/div><div class=\"field-link\" role=\"group\" aria-label=\"Lien vers le contenu\"><a href=\"https:\/\/www.paysdesecrins.com\/en\/fiche\/condemine-lionel-chalet-le-mazot-3\/\" class=\"cardlink\" title=\"Lire plus : Condemine Lionel Chalet &#8220;Le Mazot&#8221;\" lang=\"en_US\">Condemine Lionel Chalet &#8220;Le Mazot&#8221;<\/a><\/div><\/div><\/div><div class=\"item\" data-season=\"all-seasons\"><div class=\"card card-apidae card-avance\"><div class=\"group-actions\"><ws-wishlist data-type=\"flag\" data-action=\"add\" data-wish-id=\"6051963\" data-wish-type=\"apidae\"><\/ws-wishlist><\/div><div class=\"group-media\"><div class=\"field-image\"><img decoding=\"async\" src=\"https:\/\/images.weserv.nl\/?url=https:\/\/static.apidae-tourisme.com\/filestore\/objets-touristiques\/images\/191\/51\/16659391-diaporama.jpg&#038;w=350&#038;h=350&#038;fit=cover&#038;output=webp&#038;q=45\" alt=\"Agn\u00e8s Brard &#8220;Le Jas des Rousses&#8221;\"\/><\/div><\/div><div class=\"group-top\"><div class=\"field-book\">Bookable online<\/div><div class=\"field-commune\">Champcella<\/div><ws-apidae-from-price data-apidae-id=\"6051963\" ><\/ws-apidae-from-price><\/div><div class=\"group-content\"><div class=\"field-title\">Agn\u00e8s Brard &#8220;Le Jas des Rousses&#8221;<\/div><\/div><div class=\"field-link\" role=\"group\" aria-label=\"Lien vers le contenu\"><a href=\"https:\/\/www.paysdesecrins.com\/en\/fiche\/agnes-brard-le-jas-des-rousses-3\/\" class=\"cardlink\" title=\"Lire plus : Agn\u00e8s Brard &#8220;Le Jas des Rousses&#8221;\" lang=\"en_US\">Agn\u00e8s Brard &#8220;Le Jas des Rousses&#8221;<\/a><\/div><\/div><\/div><div id=\"locations-data_40905\" style=\"display: none;\">{&quot;locations&quot;:[{&quot;lat&quot;:&quot;44.731182&quot;,&quot;lng&quot;:&quot;6.567162&quot;,&quot;title&quot;:&quot;Marcien B\\u00e9n\\u00e9dicte&quot;,&quot;permalink&quot;:&quot;https:\\\/\\\/www.paysdesecrins.com\\\/en\\\/fiche\\\/marcien-benedicte-3\\\/&quot;,&quot;type&quot;:&quot;hebergement_locatif&quot;,&quot;commune&quot;:&quot;Champcella&quot;,&quot;type_commerce&quot;:&quot;&quot;,&quot;image&quot;:&quot;https:\\\/\\\/www.paysdesecrins.com\\\/wp-content\\\/uploads\\\/2025\\\/06\\\/paysdesecrins.png&quot;,&quot;image_width&quot;:&quot;350&quot;,&quot;image_height&quot;:&quot;350&quot;,&quot;image_fit&quot;:&quot;cover&quot;},{&quot;lat&quot;:&quot;44.736015&quot;,&quot;lng&quot;:&quot;6.561367&quot;,&quot;title&quot;:&quot;Condemine Lionel Chalet &#8220;Le Mazot&#8221;&quot;,&quot;permalink&quot;:&quot;https:\\\/\\\/www.paysdesecrins.com\\\/en\\\/fiche\\\/condemine-lionel-chalet-le-mazot-3\\\/&quot;,&quot;type&quot;:&quot;hebergement_locatif&quot;,&quot;commune&quot;:&quot;Champcella&quot;,&quot;type_commerce&quot;:&quot;&quot;,&quot;image&quot;:&quot;https:\\\/\\\/static.apidae-tourisme.com\\\/filestore\\\/objets-touristiques\\\/images\\\/252\\\/10\\\/6687484-diaporama.jpg&quot;,&quot;image_width&quot;:&quot;350&quot;,&quot;image_height&quot;:&quot;350&quot;,&quot;image_fit&quot;:&quot;cover&quot;},{&quot;lat&quot;:&quot;44.736952&quot;,&quot;lng&quot;:&quot;6.557725&quot;,&quot;title&quot;:&quot;Agn\\u00e8s Brard &#8220;Le Jas des Rousses&#8221;&quot;,&quot;permalink&quot;:&quot;https:\\\/\\\/www.paysdesecrins.com\\\/en\\\/fiche\\\/agnes-brard-le-jas-des-rousses-3\\\/&quot;,&quot;type&quot;:&quot;hebergement_locatif&quot;,&quot;commune&quot;:&quot;Champcella&quot;,&quot;type_commerce&quot;:&quot;&quot;,&quot;image&quot;:&quot;https:\\\/\\\/static.apidae-tourisme.com\\\/filestore\\\/objets-touristiques\\\/images\\\/191\\\/51\\\/16659391-diaporama.jpg&quot;,&quot;image_width&quot;:&quot;350&quot;,&quot;image_height&quot;:&quot;350&quot;,&quot;image_fit&quot;:&quot;cover&quot;}],&quot;center_lat&quot;:&quot;44.731182&quot;,&quot;center_lng&quot;:&quot;6.567162&quot;}<\/div><\/div><\/div><\/div><\/div>\n\n\n<div class=\"wp-block-ws-library-ws-button has-text-align-center is-style-outline\"><a href=\"https:\/\/www.paysdesecrins.com\/en\/i-choose\/accommodation-and-restaurants\/accommodation\/\" class=\"wp-block-button__link wp-element-button btn\">  ALL ACCOMMODATIONS<\/a><\/div>\n<\/div><\/div>\n<\/div><\/div>\n\n<div style=\"height:60px\" aria-hidden=\"true\" class=\"wp-block-spacer\"><\/div>\n\n<div class=\"wp-block-ws-library-ws-title aligncenter\"><h2><em>A panoramic village<\/em> , the proof in pictures<\/h2><\/div>\n\n<div class=\"wp-block-ws-library-ws-slider alignwide\" data-season=\"summer\"><div class=\"splide\" data-splide=\"{\"type\":\"slide\",\"heightRatio\":\"auto\",\"perPage\":4,\"perMove\":1,\"drag\":true,\"pagination\":0,\"autoplay\":false,\"gap\":\"15px\",\"breakpoints\":{\"450\":{\"perPage\":1},\"768\":{\"perPage\":2},\"992\":{\"perPage\":3},\"1200\":{\"perPage\":4}}}\"><div class=\"splide__track\"><div class=\"splide__list\"><div class=\"splide__slide\"><a href=\"https:\/\/www.paysdesecrins.com\/wp-content\/uploads\/2025\/07\/dsc08235-2-2-scaled.jpg\" data-glightbox=\"true\" class=\"lightbox-trigger\"><img decoding=\"async\" src=\"https:\/\/www.paysdesecrins.com\/wp-content\/uploads\/2025\/07\/dsc08235-2-2-400x400.jpg\" alt=\"\"><\/a><\/div><div class=\"splide__slide\"><a href=\"https:\/\/www.paysdesecrins.com\/wp-content\/uploads\/2025\/07\/13parcnational-ailefroide-rogiervanrijn-dsc02931-2-1-scaled.jpg\" data-glightbox=\"true\" class=\"lightbox-trigger\"><img decoding=\"async\" src=\"https:\/\/www.paysdesecrins.com\/wp-content\/uploads\/2025\/07\/13parcnational-ailefroide-rogiervanrijn-dsc02931-2-1-400x400.jpg\" alt=\"\"><\/a><\/div><div class=\"splide__slide\"><a href=\"https:\/\/www.paysdesecrins.com\/wp-content\/uploads\/2025\/07\/dsc08310-scaled.jpg\" data-glightbox=\"true\" class=\"lightbox-trigger\"><img decoding=\"async\" src=\"https:\/\/www.paysdesecrins.com\/wp-content\/uploads\/2025\/07\/dsc08310-400x400.jpg\" alt=\"\"><\/a><\/div><div class=\"splide__slide\"><a href=\"https:\/\/www.paysdesecrins.com\/wp-content\/uploads\/2025\/07\/dsc08235-2-1-scaled.jpg\" data-glightbox=\"true\" class=\"lightbox-trigger\"><img decoding=\"async\" src=\"https:\/\/www.paysdesecrins.com\/wp-content\/uploads\/2025\/07\/dsc08235-2-1-400x400.jpg\" alt=\"\"><\/a><\/div><div class=\"splide__slide\"><a href=\"https:\/\/www.paysdesecrins.com\/wp-content\/uploads\/2025\/07\/dsc08235-2-scaled.jpg\" data-glightbox=\"true\" class=\"lightbox-trigger\"><img decoding=\"async\" src=\"https:\/\/www.paysdesecrins.com\/wp-content\/uploads\/2025\/07\/dsc08235-2-400x400.jpg\" alt=\"\"><\/a><\/div><div class=\"splide__slide\"><a href=\"https:\/\/www.paysdesecrins.com\/wp-content\/uploads\/2025\/07\/dsc06732-scaled.jpg\" data-glightbox=\"true\" class=\"lightbox-trigger\"><img decoding=\"async\" src=\"https:\/\/www.paysdesecrins.com\/wp-content\/uploads\/2025\/07\/dsc06732-400x400.jpg\" alt=\"\"><\/a><\/div><\/div><\/div><\/div><\/div>\n\n<div class=\"wp-block-ws-library-ws-slider alignwide\" data-season=\"winter\"><div class=\"splide\" data-splide=\"{\"type\":\"slide\",\"heightRatio\":\"auto\",\"perPage\":4,\"perMove\":1,\"drag\":true,\"pagination\":0,\"autoplay\":false,\"gap\":\"15px\",\"breakpoints\":{\"450\":{\"perPage\":1},\"768\":{\"perPage\":2},\"992\":{\"perPage\":3},\"1200\":{\"perPage\":4}}}\"><div class=\"splide__track\"><div class=\"splide__list\"><div class=\"splide__slide\"><a href=\"https:\/\/www.paysdesecrins.com\/wp-content\/uploads\/2025\/08\/cabane-de-clot-st-jean-et-lever-de-soleil-8-scaled.jpg\" data-glightbox=\"true\" class=\"lightbox-trigger\"><img decoding=\"async\" src=\"https:\/\/www.paysdesecrins.com\/wp-content\/uploads\/2025\/08\/cabane-de-clot-st-jean-et-lever-de-soleil-8-400x400.jpg\" alt=\"\"><\/a><\/div><div class=\"splide__slide\"><a href=\"https:\/\/www.paysdesecrins.com\/wp-content\/uploads\/2025\/08\/cabane-de-clot-st-jean-et-lever-de-soleil-14-scaled.jpg\" data-glightbox=\"true\" class=\"lightbox-trigger\"><img decoding=\"async\" src=\"https:\/\/www.paysdesecrins.com\/wp-content\/uploads\/2025\/08\/cabane-de-clot-st-jean-et-lever-de-soleil-14-400x400.jpg\" alt=\"\"><\/a><\/div><div class=\"splide__slide\"><a href=\"https:\/\/www.paysdesecrins.com\/wp-content\/uploads\/2025\/08\/cabane-de-clot-st-jean-et-lever-de-soleil-29-1-scaled.jpg\" data-glightbox=\"true\" class=\"lightbox-trigger\"><img decoding=\"async\" src=\"https:\/\/www.paysdesecrins.com\/wp-content\/uploads\/2025\/08\/cabane-de-clot-st-jean-et-lever-de-soleil-29-1-400x400.jpg\" alt=\"\"><\/a><\/div><div class=\"splide__slide\"><a href=\"https:\/\/www.paysdesecrins.com\/wp-content\/uploads\/2025\/08\/cabane-de-clot-st-jean-et-lever-de-soleil-47-scaled.jpg\" data-glightbox=\"true\" class=\"lightbox-trigger\"><img decoding=\"async\" src=\"https:\/\/www.paysdesecrins.com\/wp-content\/uploads\/2025\/08\/cabane-de-clot-st-jean-et-lever-de-soleil-47-400x400.jpg\" alt=\"\"><\/a><\/div><div class=\"splide__slide\"><a href=\"https:\/\/www.paysdesecrins.com\/wp-content\/uploads\/2025\/08\/cabane-de-clot-st-jean-et-lever-de-soleil-61-scaled.jpg\" data-glightbox=\"true\" class=\"lightbox-trigger\"><img decoding=\"async\" src=\"https:\/\/www.paysdesecrins.com\/wp-content\/uploads\/2025\/08\/cabane-de-clot-st-jean-et-lever-de-soleil-61-400x400.jpg\" alt=\"\"><\/a><\/div><\/div><\/div><\/div><\/div>\n\n<div class=\"wp-block-ws-library-ws-title aligncenter\"><h2><em>We take care of everything,<\/em> you enjoy<\/h2><\/div>\n\n<p class=\"has-text-align-center\">Discover our all-inclusive stays and let us organize your mountain immersion: accommodation, guided activities, and local experiences are gathered for you. Choose your formula, from a rejuvenating weekend to a week of adventure, and take full advantage of the landscapes, the know-how and the conviviality without worrying about anything. <\/p>\n<div class=\"alignwide wp-block-ws-library-ws-list-content\"><div class=\"list-items\"><div class=\"item\" data-season=\"all-seasons\"><div class=\"card  card-page\"><div class=\"group-media\"><div class=\"field-image\"><img loading=\"lazy\" decoding=\"async\" width=\"300\" height=\"450\" src=\"https:\/\/www.paysdesecrins.com\/wp-content\/uploads\/2025\/08\/photos-kinaphoto-pelvoux-journe-e-1-2025-hd66-300x450.jpg\" class=\"winter wp-post-image\" alt=\"\" data-season=\"winter\" srcset=\"https:\/\/www.paysdesecrins.com\/wp-content\/uploads\/2025\/08\/photos-kinaphoto-pelvoux-journe-e-1-2025-hd66-300x450.jpg 300w, https:\/\/www.paysdesecrins.com\/wp-content\/uploads\/2025\/08\/photos-kinaphoto-pelvoux-journe-e-1-2025-hd66-390x585.jpg 390w\" sizes=\"auto, (max-width: 300px) 100vw, 300px\" \/><img loading=\"lazy\" decoding=\"async\" width=\"300\" height=\"450\" src=\"https:\/\/www.paysdesecrins.com\/wp-content\/uploads\/2025\/07\/dsc01515-300x450.jpg\" class=\"vivaldi-thumb summer\" alt=\"\" data-season=\"summer\" srcset=\"https:\/\/www.paysdesecrins.com\/wp-content\/uploads\/2025\/07\/dsc01515-300x450.jpg 300w, https:\/\/www.paysdesecrins.com\/wp-content\/uploads\/2025\/07\/dsc01515-390x585.jpg 390w\" sizes=\"auto, (max-width: 300px) 100vw, 300px\" \/><\/div><\/div><div class=\"group-content\"><div class=\"field-title\">Stays<\/div><\/div><div class=\"field-link\" role=\"group\" aria-label=\"Lien vers le contenu\"><a href=\"https:\/\/www.paysdesecrins.com\/en\/stays\/\" class=\"cardlink\" title=\"Lire plus : Stays\" lang=\"en_US\">Stays<\/a><\/div><\/div><\/div><\/div><\/div>\n<div class=\"wp-block-ws-library-ws-button has-text-align-center\"><a href=\"https:\/\/www.paysdesecrins.com\/en\/stays\/#\/categories\" class=\"wp-block-button__link wp-element-button btn\">  Discover all-inclusive stays<\/a><\/div>\n\n<div style=\"height:60px\" aria-hidden=\"true\" class=\"wp-block-spacer\"><\/div>\n\n<div class=\"wp-block-ws-library-ws-share\"><span class=\"share-subtitle\">Did you like this page?<\/span><span class=\"share-title\">Share it!<\/span><button class=\"ws-share-button wp-element-button\">Share this page<\/button><\/div>\n","protected":false},"excerpt":{"rendered":"<p>Champcella, perched on the balconies of the right bank of the Durance, is the link between the Durance valley and [&hellip;]<\/p>\n","protected":false},"author":1,"featured_media":65442,"parent":44508,"menu_order":0,"comment_status":"closed","ping_status":"closed","template":"","meta":{"_thumbnail_id_2":0,"summer_excerpt":"","season":"","station":"","footnotes":""},"class_list":["post-45627","page","type-page","status-publish","has-post-thumbnail","hentry"],"yoast_head":"<!-- This site is optimized with the Yoast SEO plugin v27.3 - https:\/\/yoast.com\/product\/yoast-seo-wordpress\/ -->\n<title>Champcella - Pays des \u00c9crins - Office de Tourisme<\/title>\n<meta name=\"robots\" content=\"index, follow, max-snippet:-1, max-image-preview:large, max-video-preview:-1\" \/>\n<link rel=\"canonical\" href=\"https:\/\/www.paysdesecrins.com\/en\/my-resort-my-village\/champcella\/\" \/>\n<meta property=\"og:locale\" content=\"en_US\" \/>\n<meta property=\"og:type\" content=\"article\" \/>\n<meta property=\"og:title\" content=\"Champcella - Pays des \u00c9crins - Office de Tourisme\" \/>\n<meta property=\"og:description\" content=\"Champcella, perched on the balconies of the right bank of the Durance, is the link between the Durance valley and [&hellip;]\" \/>\n<meta property=\"og:url\" content=\"https:\/\/www.paysdesecrins.com\/en\/my-resort-my-village\/champcella\/\" \/>\n<meta property=\"og:site_name\" content=\"Pays des \u00c9crins - Office de Tourisme\" \/>\n<meta property=\"article:modified_time\" content=\"2025-08-13T16:19:28+00:00\" \/>\n<meta property=\"og:image\" content=\"https:\/\/www.paysdesecrins.com\/wp-content\/uploads\/2025\/08\/126-cascade-tramillion7173-scaled.jpg\" \/>\n\t<meta property=\"og:image:width\" content=\"2560\" \/>\n\t<meta property=\"og:image:height\" content=\"1707\" \/>\n\t<meta property=\"og:image:type\" content=\"image\/jpeg\" \/>\n<meta name=\"twitter:card\" content=\"summary_large_image\" \/>\n<meta name=\"twitter:label1\" content=\"Est. reading time\" \/>\n\t<meta name=\"twitter:data1\" content=\"2 minutes\" \/>\n<script type=\"application\/ld+json\" class=\"yoast-schema-graph\">{\"@context\":\"https:\\\/\\\/schema.org\",\"@graph\":[{\"@type\":\"WebPage\",\"@id\":\"https:\\\/\\\/www.paysdesecrins.com\\\/en\\\/my-resort-my-village\\\/champcella\\\/\",\"url\":\"https:\\\/\\\/www.paysdesecrins.com\\\/en\\\/my-resort-my-village\\\/champcella\\\/\",\"name\":\"Champcella - Pays des \u00c9crins - Office de Tourisme\",\"isPartOf\":{\"@id\":\"https:\\\/\\\/www.paysdesecrins.com\\\/en\\\/#website\"},\"primaryImageOfPage\":{\"@id\":\"https:\\\/\\\/www.paysdesecrins.com\\\/en\\\/my-resort-my-village\\\/champcella\\\/#primaryimage\"},\"image\":{\"@id\":\"https:\\\/\\\/www.paysdesecrins.com\\\/en\\\/my-resort-my-village\\\/champcella\\\/#primaryimage\"},\"thumbnailUrl\":\"https:\\\/\\\/www.paysdesecrins.com\\\/wp-content\\\/uploads\\\/2025\\\/08\\\/126-cascade-tramillion7173-scaled.jpg\",\"datePublished\":\"2025-06-25T13:44:57+00:00\",\"dateModified\":\"2025-08-13T16:19:28+00:00\",\"breadcrumb\":{\"@id\":\"https:\\\/\\\/www.paysdesecrins.com\\\/en\\\/my-resort-my-village\\\/champcella\\\/#breadcrumb\"},\"inLanguage\":\"en-US\",\"potentialAction\":[{\"@type\":\"ReadAction\",\"target\":[\"https:\\\/\\\/www.paysdesecrins.com\\\/en\\\/my-resort-my-village\\\/champcella\\\/\"]}]},{\"@type\":\"ImageObject\",\"inLanguage\":\"en-US\",\"@id\":\"https:\\\/\\\/www.paysdesecrins.com\\\/en\\\/my-resort-my-village\\\/champcella\\\/#primaryimage\",\"url\":\"https:\\\/\\\/www.paysdesecrins.com\\\/wp-content\\\/uploads\\\/2025\\\/08\\\/126-cascade-tramillion7173-scaled.jpg\",\"contentUrl\":\"https:\\\/\\\/www.paysdesecrins.com\\\/wp-content\\\/uploads\\\/2025\\\/08\\\/126-cascade-tramillion7173-scaled.jpg\",\"width\":2560,\"height\":1707,\"caption\":\"SONY DSC\"},{\"@type\":\"BreadcrumbList\",\"@id\":\"https:\\\/\\\/www.paysdesecrins.com\\\/en\\\/my-resort-my-village\\\/champcella\\\/#breadcrumb\",\"itemListElement\":[{\"@type\":\"ListItem\",\"position\":1,\"name\":\"Home\",\"item\":\"https:\\\/\\\/www.paysdesecrins.com\\\/en\\\/the-title-of-the-home\\\/\"},{\"@type\":\"ListItem\",\"position\":2,\"name\":\"My resort, my village\",\"item\":\"https:\\\/\\\/www.paysdesecrins.com\\\/en\\\/ma-station-mon-village\\\/\"},{\"@type\":\"ListItem\",\"position\":3,\"name\":\"Champcella\"}]},{\"@type\":\"WebSite\",\"@id\":\"https:\\\/\\\/www.paysdesecrins.com\\\/en\\\/#website\",\"url\":\"https:\\\/\\\/www.paysdesecrins.com\\\/en\\\/\",\"name\":\"Pays des \u00c9crins - Office de Tourisme\",\"description\":\"L&#039;esprit montagne\",\"publisher\":{\"@id\":\"https:\\\/\\\/www.paysdesecrins.com\\\/en\\\/#organization\"},\"potentialAction\":[{\"@type\":\"SearchAction\",\"target\":{\"@type\":\"EntryPoint\",\"urlTemplate\":\"https:\\\/\\\/www.paysdesecrins.com\\\/en\\\/?s={search_term_string}\"},\"query-input\":{\"@type\":\"PropertyValueSpecification\",\"valueRequired\":true,\"valueName\":\"search_term_string\"}}],\"inLanguage\":\"en-US\"},{\"@type\":\"Organization\",\"@id\":\"https:\\\/\\\/www.paysdesecrins.com\\\/en\\\/#organization\",\"name\":\"Pays des \u00c9crins - Office de Tourisme\",\"url\":\"https:\\\/\\\/www.paysdesecrins.com\\\/en\\\/\",\"logo\":{\"@type\":\"ImageObject\",\"inLanguage\":\"en-US\",\"@id\":\"https:\\\/\\\/www.paysdesecrins.com\\\/en\\\/#\\\/schema\\\/logo\\\/image\\\/\",\"url\":\"https:\\\/\\\/www.paysdesecrins.com\\\/wp-content\\\/uploads\\\/2025\\\/06\\\/devina-svg-1750845694.svg\",\"contentUrl\":\"https:\\\/\\\/www.paysdesecrins.com\\\/wp-content\\\/uploads\\\/2025\\\/06\\\/devina-svg-1750845694.svg\",\"caption\":\"Pays des \u00c9crins - Office de Tourisme\"},\"image\":{\"@id\":\"https:\\\/\\\/www.paysdesecrins.com\\\/en\\\/#\\\/schema\\\/logo\\\/image\\\/\"}}]}<\/script>\n<!-- \/ Yoast SEO plugin. -->","yoast_head_json":{"title":"Champcella - Pays des \u00c9crins - Office de Tourisme","robots":{"index":"index","follow":"follow","max-snippet":"max-snippet:-1","max-image-preview":"max-image-preview:large","max-video-preview":"max-video-preview:-1"},"canonical":"https:\/\/www.paysdesecrins.com\/en\/my-resort-my-village\/champcella\/","og_locale":"en_US","og_type":"article","og_title":"Champcella - Pays des \u00c9crins - Office de Tourisme","og_description":"Champcella, perched on the balconies of the right bank of the Durance, is the link between the Durance valley and [&hellip;]","og_url":"https:\/\/www.paysdesecrins.com\/en\/my-resort-my-village\/champcella\/","og_site_name":"Pays des \u00c9crins - Office de Tourisme","article_modified_time":"2025-08-13T16:19:28+00:00","og_image":[{"width":2560,"height":1707,"url":"https:\/\/www.paysdesecrins.com\/wp-content\/uploads\/2025\/08\/126-cascade-tramillion7173-scaled.jpg","type":"image\/jpeg"}],"twitter_card":"summary_large_image","twitter_misc":{"Est. reading time":"2 minutes"},"schema":{"@context":"https:\/\/schema.org","@graph":[{"@type":"WebPage","@id":"https:\/\/www.paysdesecrins.com\/en\/my-resort-my-village\/champcella\/","url":"https:\/\/www.paysdesecrins.com\/en\/my-resort-my-village\/champcella\/","name":"Champcella - Pays des \u00c9crins - Office de Tourisme","isPartOf":{"@id":"https:\/\/www.paysdesecrins.com\/en\/#website"},"primaryImageOfPage":{"@id":"https:\/\/www.paysdesecrins.com\/en\/my-resort-my-village\/champcella\/#primaryimage"},"image":{"@id":"https:\/\/www.paysdesecrins.com\/en\/my-resort-my-village\/champcella\/#primaryimage"},"thumbnailUrl":"https:\/\/www.paysdesecrins.com\/wp-content\/uploads\/2025\/08\/126-cascade-tramillion7173-scaled.jpg","datePublished":"2025-06-25T13:44:57+00:00","dateModified":"2025-08-13T16:19:28+00:00","breadcrumb":{"@id":"https:\/\/www.paysdesecrins.com\/en\/my-resort-my-village\/champcella\/#breadcrumb"},"inLanguage":"en-US","potentialAction":[{"@type":"ReadAction","target":["https:\/\/www.paysdesecrins.com\/en\/my-resort-my-village\/champcella\/"]}]},{"@type":"ImageObject","inLanguage":"en-US","@id":"https:\/\/www.paysdesecrins.com\/en\/my-resort-my-village\/champcella\/#primaryimage","url":"https:\/\/www.paysdesecrins.com\/wp-content\/uploads\/2025\/08\/126-cascade-tramillion7173-scaled.jpg","contentUrl":"https:\/\/www.paysdesecrins.com\/wp-content\/uploads\/2025\/08\/126-cascade-tramillion7173-scaled.jpg","width":2560,"height":1707,"caption":"SONY DSC"},{"@type":"BreadcrumbList","@id":"https:\/\/www.paysdesecrins.com\/en\/my-resort-my-village\/champcella\/#breadcrumb","itemListElement":[{"@type":"ListItem","position":1,"name":"Home","item":"https:\/\/www.paysdesecrins.com\/en\/the-title-of-the-home\/"},{"@type":"ListItem","position":2,"name":"My resort, my village","item":"https:\/\/www.paysdesecrins.com\/en\/ma-station-mon-village\/"},{"@type":"ListItem","position":3,"name":"Champcella"}]},{"@type":"WebSite","@id":"https:\/\/www.paysdesecrins.com\/en\/#website","url":"https:\/\/www.paysdesecrins.com\/en\/","name":"Pays des \u00c9crins - Office de Tourisme","description":"L&#039;esprit montagne","publisher":{"@id":"https:\/\/www.paysdesecrins.com\/en\/#organization"},"potentialAction":[{"@type":"SearchAction","target":{"@type":"EntryPoint","urlTemplate":"https:\/\/www.paysdesecrins.com\/en\/?s={search_term_string}"},"query-input":{"@type":"PropertyValueSpecification","valueRequired":true,"valueName":"search_term_string"}}],"inLanguage":"en-US"},{"@type":"Organization","@id":"https:\/\/www.paysdesecrins.com\/en\/#organization","name":"Pays des \u00c9crins - Office de Tourisme","url":"https:\/\/www.paysdesecrins.com\/en\/","logo":{"@type":"ImageObject","inLanguage":"en-US","@id":"https:\/\/www.paysdesecrins.com\/en\/#\/schema\/logo\/image\/","url":"https:\/\/www.paysdesecrins.com\/wp-content\/uploads\/2025\/06\/devina-svg-1750845694.svg","contentUrl":"https:\/\/www.paysdesecrins.com\/wp-content\/uploads\/2025\/06\/devina-svg-1750845694.svg","caption":"Pays des \u00c9crins - Office de Tourisme"},"image":{"@id":"https:\/\/www.paysdesecrins.com\/en\/#\/schema\/logo\/image\/"}}]}},"_links":{"self":[{"href":"https:\/\/www.paysdesecrins.com\/en\/wp-json\/wp\/v2\/pages\/45627","targetHints":{"allow":["GET"]}}],"collection":[{"href":"https:\/\/www.paysdesecrins.com\/en\/wp-json\/wp\/v2\/pages"}],"about":[{"href":"https:\/\/www.paysdesecrins.com\/en\/wp-json\/wp\/v2\/types\/page"}],"author":[{"embeddable":true,"href":"https:\/\/www.paysdesecrins.com\/en\/wp-json\/wp\/v2\/users\/1"}],"replies":[{"embeddable":true,"href":"https:\/\/www.paysdesecrins.com\/en\/wp-json\/wp\/v2\/comments?post=45627"}],"version-history":[{"count":2,"href":"https:\/\/www.paysdesecrins.com\/en\/wp-json\/wp\/v2\/pages\/45627\/revisions"}],"predecessor-version":[{"id":95608,"href":"https:\/\/www.paysdesecrins.com\/en\/wp-json\/wp\/v2\/pages\/45627\/revisions\/95608"}],"up":[{"embeddable":true,"href":"https:\/\/www.paysdesecrins.com\/en\/wp-json\/wp\/v2\/pages\/44508"}],"wp:featuredmedia":[{"embeddable":true,"href":"https:\/\/www.paysdesecrins.com\/en\/wp-json\/wp\/v2\/media\/65442"}],"wp:attachment":[{"href":"https:\/\/www.paysdesecrins.com\/en\/wp-json\/wp\/v2\/media?parent=45627"}],"curies":[{"name":"wp","href":"https:\/\/api.w.org\/{rel}","templated":true}]}}