{"id":45960,"date":"2025-07-24T09:43:42","date_gmt":"2025-07-24T07:43:42","guid":{"rendered":"https:\/\/www.paysdesecrins.com\/mountaineering-villages\/"},"modified":"2025-08-07T15:03:58","modified_gmt":"2025-08-07T13:03:58","slug":"mountaineering-villages","status":"publish","type":"page","link":"https:\/\/www.paysdesecrins.com\/en\/mountaineering-villages\/","title":{"rendered":"Mountaineering villages"},"content":{"rendered":"    <div class=\"alignfull wp-block-ws-library-ws-header-interne\">\n\t    <div class=\"header-container\">\n\t        <div class=\"group-media has-image\">\n\t            \t                <img loading=\"lazy\" decoding=\"async\" width=\"1920\" height=\"800\" src=\"https:\/\/www.paysdesecrins.com\/wp-content\/uploads\/2025\/07\/ailefroide-1920x800.jpg\" alt=\"\" class=\"image_large_square wp-image-29948\" \/>\n\t            \t        <\/div>\n\t        <div class=\"group-content\">\n\t            <div class=\"title\">\n\t                <h1>\n\t                    Mountaineering villages\t                    \t                <\/h1>\n\t            <\/div>\n\t        <\/div>\n\t    <\/div>\n\t    \n<div class=\"yoast-breadcrumbs\"><span><span><a href=\"https:\/\/www.paysdesecrins.com\/en\/the-title-of-the-home\/\">Home<\/a><\/span>  <span class=\"breadcrumb_last\" aria-current=\"page\">Mountaineering villages<\/span><\/span><\/div>\n    <\/div>\n    \n<div class=\"wp-block-ws-library-ws-title aligncenter is-style-simple\"><h2><em>Mountaineering villages<\/em>Jewel boxes<\/h2><\/div>\n\n<p class=\"has-text-align-left\">The &#8220;<strong>Mountaineering Villages<\/strong>&#8221; label awarded to the municipality of <strong>Vallouise-Pelvoux<\/strong> aims to promote and re-enchant mountaineering in the \u00c9crins and thus to pass on Alpine traditions to new generations while raising awareness of the fragility of the natural environment.  <\/p>\n\n<p>Mountaineering is now listed as an <strong>intangible cultural heritage by UNESCO<\/strong>. Our territory has benefited from it thanks to the famous peaks located in Vallouise (Barre des \u00c9crins, D\u00f4me des \u00c9crins, Roche Faurio, les Agneaux, the Ailefroide orientale&#8230;) and also thanks to the very strong presence of the <strong>history of mountaineering<\/strong> on the territory of the Pays des \u00c9crins.   <\/p>\n\n<p class=\"has-text-align-left\">A real <strong>base camp<\/strong> for climbing and mountaineering, <strong>Ailefroide<\/strong> will seduce you with its authenticity, charm and tranquility in the heart of the mountains and the \u00c9crins National Park.<\/p>\n\n<div class=\"wp-block-ws-library-ws-columns alignwide has-2-columns are-vertically-aligned-center layout-5050 is-style-background\">\n<div class=\"wp-block-ws-library-ws-column\"><div class=\"wrapper\">\n<div class=\"wp-block-ws-library-ws-title\"><h3><em>The Pays des \u00c9crins,<\/em> a land of mountaineering<\/h3><\/div>\n\n\n\n<p>The Pays des \u00c9crins is a<strong> land of high mountains<\/strong> by tradition. The massif is technical and the steps approaching the prestigious peaks alone constitute fabulous hikes. <strong>Barre des \u00c9crins<\/strong>, <strong>Roche Faurio<\/strong>, <strong>D\u00f4me des \u00c9crins<\/strong>,&#8230; the Pays des \u00c9crins is a <strong>land of mountaineering <\/strong>par excellence&#8230; Find more information on <strong>ski touring around the refuges in the spring<\/strong> and <strong>mountaineering in the \u00c9crins<\/strong> on this link.    <\/p>\n\n\n\n<p>Here, it is the only massif in France where you can evolve in the <strong>high mountains<\/strong> (4,102 m) in the heart of a <strong>preserved area<\/strong> thanks to the <strong>\u00c9crins National Park<\/strong>. This advantage guarantees you to evolve in an environment with preserved landscapes and in which fauna and flora can develop in abundance.   <\/p>\n\n\n\n<p>The <strong>history of alpinism is well anchored <\/strong>in the territory, hence the name &#8220;land of mountaineering&#8221; which is part of the <a href=\"https:\/\/www.ffcam.fr\/terre-d-alpinisme-ffcam.html\" target=\"_blank\" rel=\"noreferrer noopener\"><strong>FFCAM<\/strong><\/a> project. The objective is to perpetuate this history, to make mountaineering known to young people and thus to grow the mountaineering community. <\/p>\n\n\n\n<p>Find the 3 podcasts that have been created around mountaineering villages (about 20min) on various themes:  <\/p>\n\n\n\n<ul class=\"wp-block-list\">\n<li><a href=\"https:\/\/www.slate.fr\/audio\/regarde-en-haut\/tous-au-sommet-1\" target=\"_blank\" rel=\"noreferrer noopener\">All at the top<\/a><\/li>\n\n\n\n<li><a href=\"https:\/\/www.slate.fr\/audio\/regarde-en-haut\/villages-en-haut-2\" target=\"_blank\" rel=\"noreferrer noopener\">Villages from above<\/a><\/li>\n\n\n\n<li><a href=\"https:\/\/www.slate.fr\/audio\/regarde-en-haut\/nature-fragile-3\" target=\"_blank\" rel=\"noreferrer noopener\">Fragile nature<\/a><\/li>\n<\/ul>\n\n\n\n<p>You can also buy the book &#8220;<a href=\"https:\/\/www.glenat.com\/beaux-livres-montagne\/villages-dalpinisme-des-ecrins-9782344051245\" target=\"_blank\" rel=\"noreferrer noopener\">Villages d&#8217;alpinisme des \u00c9crins&#8221; from Gl\u00e9nat editions.<\/a> It is available for purchase in bookshops, on the internet and in the houses of the \u00c9crins National Park.  <\/p>\n<\/div><\/div>\n\n\n\n<div class=\"wp-block-ws-library-ws-column\"><div class=\"wrapper\">\n<div class=\"wp-block-ws-library-ws-image\"><div class=\"wrapper\"><div class=\"group-media\"><img decoding=\"async\" src=\"https:\/\/www.paysdesecrins.com\/wp-content\/uploads\/2025\/07\/2080801582-1679060576.jpg\" alt=\"\" class=\"single_image ws-image-37441\"><div class=\"credits\"><\/div><\/div><p class=\"caption\"><\/p><\/div><\/div>\n<\/div><\/div>\n<\/div>\n\n<div class=\"wp-block-ws-library-ws-slider alignfull\"><div class=\"splide\" data-splide=\"{\"type\":\"slide\",\"heightRatio\":\"auto\",\"perPage\":4,\"perMove\":1,\"drag\":true,\"pagination\":0,\"autoplay\":false,\"gap\":\"15px\",\"breakpoints\":{\"450\":{\"perPage\":1},\"768\":{\"perPage\":2},\"992\":{\"perPage\":3},\"1200\":{\"perPage\":4}}}\"><div class=\"splide__track\"><div class=\"splide__list\"><div class=\"splide__slide\"><a href=\"https:\/\/www.paysdesecrins.com\/wp-content\/uploads\/2025\/07\/1682585568-508967110-400x400.jpg\" data-glightbox=\"true\" class=\"lightbox-trigger\"><img decoding=\"async\" src=\"https:\/\/www.paysdesecrins.com\/wp-content\/uploads\/2025\/07\/1682585568-508967110-400x400.jpg\" alt=\"\"><\/a><\/div><div class=\"splide__slide\"><a href=\"https:\/\/www.paysdesecrins.com\/wp-content\/uploads\/2025\/07\/1682585568-1182817379-400x400.jpg\" data-glightbox=\"true\" class=\"lightbox-trigger\"><img decoding=\"async\" src=\"https:\/\/www.paysdesecrins.com\/wp-content\/uploads\/2025\/07\/1682585568-1182817379-400x400.jpg\" alt=\"\"><\/a><\/div><div class=\"splide__slide\"><a href=\"https:\/\/www.paysdesecrins.com\/wp-content\/uploads\/2025\/07\/1682585684-1253332757-400x400.jpg\" data-glightbox=\"true\" class=\"lightbox-trigger\"><img decoding=\"async\" src=\"https:\/\/www.paysdesecrins.com\/wp-content\/uploads\/2025\/07\/1682585684-1253332757-400x400.jpg\" alt=\"\"><\/a><\/div><div class=\"splide__slide\"><a href=\"https:\/\/www.paysdesecrins.com\/wp-content\/uploads\/2025\/07\/1682585684-549175391-400x400.jpg\" data-glightbox=\"true\" class=\"lightbox-trigger\"><img decoding=\"async\" src=\"https:\/\/www.paysdesecrins.com\/wp-content\/uploads\/2025\/07\/1682585684-549175391-400x400.jpg\" alt=\"\"><\/a><\/div><\/div><\/div><\/div><\/div>\n\n<div class=\"wp-block-ws-library-ws-title\"><h3><em>Mountaineering Schools<\/em> in the \u00c9crins<\/h3><\/div>\n\n<p>Thanks to the work of the <strong>\u00c9crins guides and guides&#8217; office<\/strong>, a <strong>bouldering school site<\/strong> has been marked and signposted on <strong>Ailefroide<\/strong> as well as the small rocky course of the <strong>Pic des Aupillous ridge <\/strong>.These sectors have been signposted to allow younger generations and beginners to access mountaineering more easily.  <\/p>\n\n<p>Here are the 2 sites set up for this purpose in the municipality of Vallouise-Pelvoux as part of this project:<\/p>\n\n<ul class=\"wp-block-list\">\n<li>the <strong>Ailefroide <\/strong>bouldering site on the road leading to the S\u00e9l\u00e9 refuge<\/li>\n\n\n\n<li>the <strong>Pic des Aupillous ridge <\/strong>above the Bans refuge in the Entraygues valley<\/li>\n<\/ul>\n\n<p>Other climbing schools are also available in the area in Champcella, Ailefroide, Saint-Martin-de-Queyri\u00e8res (Rocher Baron), Prelle and Argenti\u00e8re La-Bess\u00e9e.  <\/p>\n\n<p>These sites allow beginners to learn the techniques of climbing to then be able to practice their <strong>first mountaineering race<\/strong>.<\/p>\n\n<p>You can find all the climbing school sites in the \u00c9crins on the &#8220;ESCALADE BRIANCON CLIMBS 2022&#8221; guidebook.<\/p>\n\n<p>You can download the &#8220;Topo booklet mountaineering villages&#8221; below and find it in paper version in our tourist information offices.<\/p>\n\n<div class=\"wp-block-ws-library-ws-documents\">\n<div class=\"wp-block-ws-library-ws-document\"><a href=\"https:\/\/www.paysdesecrins.com\/wp-content\/uploads\/2025\/07\/livret-topo-villages-alpinisme-ok-light.pdf\" target=\"_blank\" rel=\"noopener noreferrer\" class=\"link-document\">Booklet: Topo mountaineering villages of the \u00c9crins<\/a><\/div>\n<\/div>\n\n<div class=\"wp-block-ws-library-ws-slider alignfull\"><div class=\"splide\" data-splide=\"{\"type\":\"slide\",\"heightRatio\":\"auto\",\"perPage\":4,\"perMove\":1,\"drag\":true,\"pagination\":0,\"autoplay\":false,\"gap\":\"15px\",\"breakpoints\":{\"450\":{\"perPage\":1},\"768\":{\"perPage\":2},\"992\":{\"perPage\":3},\"1200\":{\"perPage\":4}}}\"><div class=\"splide__track\"><div class=\"splide__list\"><div class=\"splide__slide\"><a href=\"https:\/\/www.paysdesecrins.com\/wp-content\/uploads\/2025\/07\/1682585568-1830260856-400x400.jpg\" data-glightbox=\"true\" class=\"lightbox-trigger\"><img decoding=\"async\" src=\"https:\/\/www.paysdesecrins.com\/wp-content\/uploads\/2025\/07\/1682585568-1830260856-400x400.jpg\" alt=\"\"><\/a><\/div><div class=\"splide__slide\"><a href=\"https:\/\/www.paysdesecrins.com\/wp-content\/uploads\/2025\/07\/1682585568-1929484564-400x400.jpg\" data-glightbox=\"true\" class=\"lightbox-trigger\"><img decoding=\"async\" src=\"https:\/\/www.paysdesecrins.com\/wp-content\/uploads\/2025\/07\/1682585568-1929484564-400x400.jpg\" alt=\"\"><\/a><\/div><div class=\"splide__slide\"><a href=\"https:\/\/www.paysdesecrins.com\/wp-content\/uploads\/2025\/07\/1682585568-2054800602-400x400.jpg\" data-glightbox=\"true\" class=\"lightbox-trigger\"><img decoding=\"async\" src=\"https:\/\/www.paysdesecrins.com\/wp-content\/uploads\/2025\/07\/1682585568-2054800602-400x400.jpg\" alt=\"\"><\/a><\/div><div class=\"splide__slide\"><a href=\"https:\/\/www.paysdesecrins.com\/wp-content\/uploads\/2025\/07\/k7a9235-1-scaled.jpg\" data-glightbox=\"true\" class=\"lightbox-trigger\"><img decoding=\"async\" src=\"https:\/\/www.paysdesecrins.com\/wp-content\/uploads\/2025\/07\/k7a9235-1-400x400.jpg\" alt=\"\"><\/a><\/div><\/div><\/div><\/div><\/div>\n\n<div class=\"wp-block-ws-library-ws-columns alignwide has-2-columns are-vertically-aligned-center layout-5050 is-style-background\">\n<div class=\"wp-block-ws-library-ws-column\"><div class=\"wrapper\">\n<div class=\"wp-block-ws-library-ws-image\"><div class=\"wrapper\"><div class=\"group-media\"><img decoding=\"async\" src=\"https:\/\/www.paysdesecrins.com\/wp-content\/uploads\/2025\/07\/16sitesdexception-predemadamecarle-refuge-du-glacier-blanc-et-des-ecrins-en-ski-29-960x640.jpg\" alt=\"\" class=\"single_image ws-image-21515\"><div class=\"credits\"><\/div><\/div><p class=\"caption\"><\/p><\/div><\/div>\n<\/div><\/div>\n\n\n\n<div class=\"wp-block-ws-library-ws-column\"><div class=\"wrapper\">\n<div class=\"wp-block-ws-library-ws-title\"><h3><em>Mountaineering Touring<\/em><\/h3><\/div>\n\n\n\n<p><strong>The Jewels<br\/><\/strong>Would you like to <strong>discover the \u00c9crins massif<\/strong> via <strong>a mountaineering tour<\/strong>? Welcome to the <a href=\"https:\/\/www.hautes-alpes.net\/fr\/economie.html\" target=\"_blank\" rel=\"noreferrer noopener\"><strong>Hautes-Alpes<\/strong><\/a>, we offer to accompany you in this beautiful project by making you benefit from our knowledge of the massif so that your stay is a real success.<br\/>Contact us on <a href=\"mailto:reservation@paysdesecrins.com\" target=\"_blank\" rel=\"noreferrer noopener\">reservation@paysdesecrins.com<\/a> or on 06 30 83 37 65 <\/p>\n\n\n\n<p><strong>Mountaineering races in the \u00c9crins<br\/><\/strong>Would you like <strong>to go on a mountaineering trip <\/strong>in the <strong>\u00c9crins massif<\/strong>? Contact one of the Office&#8217;s partners and\/or consult the all-inclusive stay offered by our partners around mountaineering.   <\/p>\n<\/div><\/div>\n<\/div>\n\n<div class=\"wp-block-ws-library-ws-video\"><div class=\"wrapper\"><div class=\"group-media\">\n<figure class=\"wp-block-embed is-type-video is-provider-youtube wp-block-embed-youtube\"><div class=\"wp-block-embed__wrapper\">\n<iframe loading=\"lazy\" title=\"Alpinisme au Pays des \u00c9crins\" width=\"500\" height=\"281\" src=\"https:\/\/www.youtube.com\/embed\/njz6V_fjYHU?feature=oembed\" frameborder=\"0\" allow=\"accelerometer; autoplay; clipboard-write; encrypted-media; gyroscope; picture-in-picture; web-share\" referrerpolicy=\"strict-origin-when-cross-origin\" allowfullscreen><\/iframe>\n<\/div><\/figure>\n<\/div><\/div><\/div>\n\n<div class=\"wp-block-ws-library-ws-title\"><h3><em>Tour around the <\/em>Mountaineering villages of the \u00c9crins<\/h3><\/div>\n\n<p>A massif and 7 villages to discover around mountaineering. These villages are real base camps, starting points for great mountaineering races to emblematic peaks. They are places of preparation for adventure, walking or hiking, towards one of the particularities of the massif: a summit, a waterfall or a spectacular viewpoint. Going to the mountaineering villages of the \u00c9crins is a bit like disconnecting from society and reconnecting with nature in the mountains. These are places in which conviviality and sharing are the reflection of mountain identity and traditions    <\/p>\n\n<p>Starting from the <strong>mountaineering village of Vallouise-Pelvoux and Ailefroide<\/strong>, you can take a car and hike tour to each site, around the <strong>7 mountaineering villages of the \u00c9crins<\/strong>.<\/p>\n\n<p>Here are the other stages that benefit from the<strong> &#8220;Mountaineering Villages&#8221; label <\/strong>and on which you will discover magnificent places through <strong>hikes accessible to all<\/strong> or through <strong>high mountain races <\/strong>accompanied by a guide:<\/p>\n\n<ul class=\"wp-block-list\">\n<li><strong>Vallouise-Pelvoux and Ailfroide<\/strong> with the <strong>Pr\u00e9 de Madame Carle <\/strong>and its famous legend, the Glacier Blanc and the Glacier Noir, the climbing sites of Ailefroide;  <\/li>\n\n\n\n<li><strong>Le Casset <\/strong>in the commune of<strong> Le Mon\u00eatier-les-Bains <\/strong>with the departure for<strong> the valleys of the Grand and Petit Tabuc, <\/strong>with one of the accesses to<strong> the summit of the Agneaux, the lake of the shower and the R\u00e9ou d&#8217;Arsine, the via-ferrata of the Aiguillette du Lauzet and the Col du Lautaret;<\/strong><\/li>\n\n\n\n<li><strong>Villar d&#8217;Ar\u00e8ne <\/strong>with the famous <strong>Alpine Garden of the Col du Lautaret and the Pontet lake; <\/strong> <\/li>\n\n\n\n<li><strong>La Grave with its famous mythical peaks, its cable car, the Girose glacier, the Emparis plateau, the perch of the Chazelet observatory;  <\/strong><\/li>\n\n\n\n<li><strong>Saint-Christophe-en-Oisans and La B\u00e9rarde; the Pisse waterfall and the Valsenestre valley;<\/strong><\/li>\n\n\n\n<li><strong>Le D\u00e9sert-en-Valjouffrey <\/strong>with the unmissable<strong> &#8220;Hameau du d\u00e9sert&#8221;<\/strong> ;  <\/li>\n\n\n\n<li><strong>La Chapelle-en-Valgaudemar <\/strong>with<strong> the Gionerbnay refuge, the waterfall of the veil of the bride, the lake of Lauzon and the Oulles du diable.<\/strong><br\/><\/li>\n<\/ul>\n\n<div class=\"wp-block-ws-library-ws-slider alignfull\"><div class=\"splide\" data-splide=\"{\"type\":\"slide\",\"heightRatio\":\"auto\",\"perPage\":4,\"perMove\":1,\"drag\":true,\"pagination\":0,\"autoplay\":false,\"gap\":\"15px\",\"breakpoints\":{\"450\":{\"perPage\":1},\"768\":{\"perPage\":2},\"992\":{\"perPage\":3},\"1200\":{\"perPage\":4}}}\"><div class=\"splide__track\"><div class=\"splide__list\"><div class=\"splide__slide\"><a href=\"https:\/\/www.paysdesecrins.com\/wp-content\/uploads\/2025\/07\/1682585568-216337896-400x400.jpg\" data-glightbox=\"true\" class=\"lightbox-trigger\"><img decoding=\"async\" src=\"https:\/\/www.paysdesecrins.com\/wp-content\/uploads\/2025\/07\/1682585568-216337896-400x400.jpg\" alt=\"\"><\/a><\/div><div class=\"splide__slide\"><a href=\"https:\/\/www.paysdesecrins.com\/wp-content\/uploads\/2025\/07\/1682585568-559502705-400x400.jpg\" data-glightbox=\"true\" class=\"lightbox-trigger\"><img decoding=\"async\" src=\"https:\/\/www.paysdesecrins.com\/wp-content\/uploads\/2025\/07\/1682585568-559502705-400x400.jpg\" alt=\"\"><\/a><\/div><div class=\"splide__slide\"><a href=\"https:\/\/www.paysdesecrins.com\/wp-content\/uploads\/2025\/07\/1682585568-1291081519-400x400.jpg\" data-glightbox=\"true\" class=\"lightbox-trigger\"><img decoding=\"async\" src=\"https:\/\/www.paysdesecrins.com\/wp-content\/uploads\/2025\/07\/1682585568-1291081519-400x400.jpg\" alt=\"\"><\/a><\/div><div class=\"splide__slide\"><a href=\"https:\/\/www.paysdesecrins.com\/wp-content\/uploads\/2025\/07\/pre-de-madame-carle-en-ski-11-scaled.jpg\" data-glightbox=\"true\" class=\"lightbox-trigger\"><img decoding=\"async\" src=\"https:\/\/www.paysdesecrins.com\/wp-content\/uploads\/2025\/07\/pre-de-madame-carle-en-ski-11-400x400.jpg\" alt=\"\"><\/a><\/div><\/div><\/div><\/div><\/div>\n\n<p>Discover these <strong>places of transmission<\/strong> in which the <strong>culture of mountaineering<\/strong> has lived for generations.<\/p>\n\n<p>Each village is unique and composes with its natural environment. As you <strong>roam,<\/strong> you will be amazed by the simple beauty of thatched roofs, larch cladding, vaults, arcades, isolated cellars, old cut tuff or blue limestone stones, fountains and washhouses, mills and ovens. You will appreciate the freshness of the cobbled streets punctuated by modest religious buildings.    <\/p>\n\n<p>Planted in the high mountains, the mountaineering villages of the \u00c9crins are on the front line of <strong>global warming<\/strong> : retreating glaciers, rock slides, erosion, torrential floods, change in vegetation&#8230; Above all, they are within walking distance of an incredible bio-diversity. More than <strong>4,500 animal and plant species <\/strong>are recorded there such as the ibex, the chamois, the rock ptarmigan, the bearded vulture, some discreet and endangered insects such as the torrent locust, of course conifers, the <strong>queen of the Alps <\/strong>or 4 species of genepi including the extremely rare <strong>glacier genepi.<\/strong>  <\/p>\n\n<div class=\"wp-block-ws-library-ws-button has-text-align-center is-style-outline\"><a href=\"https:\/\/www.paysdesecrins.com\/en\/i-choose\/entertainment-and-events\/major-events-in-the-land-of-jewels\/\" class=\"wp-block-button__link wp-element-button btn\">  All the events of the land of jewels<\/a><\/div>\n\n<div class=\"wp-block-ws-library-ws-share\"><span class=\"share-subtitle\">Did you like this page?<\/span><span class=\"share-title\">Share it!<\/span><button class=\"ws-share-button wp-element-button\">Share this page<\/button><\/div>\n","protected":false},"excerpt":{"rendered":"<p>The &#8220;Mountaineering Villages&#8221; label awarded to the municipality of Vallouise-Pelvoux aims to promote and re-enchant mountaineering in the \u00c9crins and [&hellip;]<\/p>\n","protected":false},"author":4,"featured_media":29993,"parent":0,"menu_order":0,"comment_status":"closed","ping_status":"closed","template":"","meta":{"_thumbnail_id_2":0,"summer_excerpt":"","season":"","station":"","footnotes":""},"class_list":["post-45960","page","type-page","status-publish","has-post-thumbnail","hentry"],"yoast_head":"<!-- This site is optimized with the Yoast SEO plugin v27.3 - https:\/\/yoast.com\/product\/yoast-seo-wordpress\/ -->\n<title>Mountaineering villages - Pays des \u00c9crins - Office de Tourisme<\/title>\n<meta name=\"robots\" content=\"index, follow, max-snippet:-1, max-image-preview:large, max-video-preview:-1\" \/>\n<link rel=\"canonical\" href=\"https:\/\/www.paysdesecrins.com\/en\/mountaineering-villages\/\" \/>\n<meta property=\"og:locale\" content=\"en_US\" \/>\n<meta property=\"og:type\" content=\"article\" \/>\n<meta property=\"og:title\" content=\"Mountaineering villages - Pays des \u00c9crins - Office de Tourisme\" \/>\n<meta property=\"og:description\" content=\"The &#8220;Mountaineering Villages&#8221; label awarded to the municipality of Vallouise-Pelvoux aims to promote and re-enchant mountaineering in the \u00c9crins and [&hellip;]\" \/>\n<meta property=\"og:url\" content=\"https:\/\/www.paysdesecrins.com\/en\/mountaineering-villages\/\" \/>\n<meta property=\"og:site_name\" content=\"Pays des \u00c9crins - Office de Tourisme\" \/>\n<meta property=\"article:modified_time\" content=\"2025-08-07T13:03:58+00:00\" \/>\n<meta property=\"og:image\" content=\"https:\/\/www.paysdesecrins.com\/wp-content\/uploads\/2025\/07\/vallouise-alpesphotographiescom-72-scaled.jpg\" \/>\n\t<meta property=\"og:image:width\" content=\"2560\" \/>\n\t<meta property=\"og:image:height\" content=\"1708\" \/>\n\t<meta property=\"og:image:type\" content=\"image\/jpeg\" \/>\n<meta name=\"twitter:card\" content=\"summary_large_image\" \/>\n<meta name=\"twitter:label1\" content=\"Est. reading time\" \/>\n\t<meta name=\"twitter:data1\" content=\"6 minutes\" \/>\n<script type=\"application\/ld+json\" class=\"yoast-schema-graph\">{\"@context\":\"https:\\\/\\\/schema.org\",\"@graph\":[{\"@type\":\"WebPage\",\"@id\":\"https:\\\/\\\/www.paysdesecrins.com\\\/en\\\/mountaineering-villages\\\/\",\"url\":\"https:\\\/\\\/www.paysdesecrins.com\\\/en\\\/mountaineering-villages\\\/\",\"name\":\"Mountaineering villages - Pays des \u00c9crins - Office de Tourisme\",\"isPartOf\":{\"@id\":\"https:\\\/\\\/www.paysdesecrins.com\\\/en\\\/#website\"},\"primaryImageOfPage\":{\"@id\":\"https:\\\/\\\/www.paysdesecrins.com\\\/en\\\/mountaineering-villages\\\/#primaryimage\"},\"image\":{\"@id\":\"https:\\\/\\\/www.paysdesecrins.com\\\/en\\\/mountaineering-villages\\\/#primaryimage\"},\"thumbnailUrl\":\"https:\\\/\\\/www.paysdesecrins.com\\\/wp-content\\\/uploads\\\/2025\\\/07\\\/vallouise-alpesphotographiescom-72-scaled.jpg\",\"datePublished\":\"2025-07-24T07:43:42+00:00\",\"dateModified\":\"2025-08-07T13:03:58+00:00\",\"breadcrumb\":{\"@id\":\"https:\\\/\\\/www.paysdesecrins.com\\\/en\\\/mountaineering-villages\\\/#breadcrumb\"},\"inLanguage\":\"en-US\",\"potentialAction\":[{\"@type\":\"ReadAction\",\"target\":[\"https:\\\/\\\/www.paysdesecrins.com\\\/en\\\/mountaineering-villages\\\/\"]}]},{\"@type\":\"ImageObject\",\"inLanguage\":\"en-US\",\"@id\":\"https:\\\/\\\/www.paysdesecrins.com\\\/en\\\/mountaineering-villages\\\/#primaryimage\",\"url\":\"https:\\\/\\\/www.paysdesecrins.com\\\/wp-content\\\/uploads\\\/2025\\\/07\\\/vallouise-alpesphotographiescom-72-scaled.jpg\",\"contentUrl\":\"https:\\\/\\\/www.paysdesecrins.com\\\/wp-content\\\/uploads\\\/2025\\\/07\\\/vallouise-alpesphotographiescom-72-scaled.jpg\",\"width\":2560,\"height\":1708,\"caption\":\"Shooting dans le cadre des Villlages d'alpinisme\"},{\"@type\":\"BreadcrumbList\",\"@id\":\"https:\\\/\\\/www.paysdesecrins.com\\\/en\\\/mountaineering-villages\\\/#breadcrumb\",\"itemListElement\":[{\"@type\":\"ListItem\",\"position\":1,\"name\":\"Home\",\"item\":\"https:\\\/\\\/www.paysdesecrins.com\\\/en\\\/the-title-of-the-home\\\/\"},{\"@type\":\"ListItem\",\"position\":2,\"name\":\"Mountaineering villages\"}]},{\"@type\":\"WebSite\",\"@id\":\"https:\\\/\\\/www.paysdesecrins.com\\\/en\\\/#website\",\"url\":\"https:\\\/\\\/www.paysdesecrins.com\\\/en\\\/\",\"name\":\"Pays des \u00c9crins - Office de Tourisme\",\"description\":\"L&#039;esprit montagne\",\"publisher\":{\"@id\":\"https:\\\/\\\/www.paysdesecrins.com\\\/en\\\/#organization\"},\"potentialAction\":[{\"@type\":\"SearchAction\",\"target\":{\"@type\":\"EntryPoint\",\"urlTemplate\":\"https:\\\/\\\/www.paysdesecrins.com\\\/en\\\/?s={search_term_string}\"},\"query-input\":{\"@type\":\"PropertyValueSpecification\",\"valueRequired\":true,\"valueName\":\"search_term_string\"}}],\"inLanguage\":\"en-US\"},{\"@type\":\"Organization\",\"@id\":\"https:\\\/\\\/www.paysdesecrins.com\\\/en\\\/#organization\",\"name\":\"Pays des \u00c9crins - Office de Tourisme\",\"url\":\"https:\\\/\\\/www.paysdesecrins.com\\\/en\\\/\",\"logo\":{\"@type\":\"ImageObject\",\"inLanguage\":\"en-US\",\"@id\":\"https:\\\/\\\/www.paysdesecrins.com\\\/en\\\/#\\\/schema\\\/logo\\\/image\\\/\",\"url\":\"https:\\\/\\\/www.paysdesecrins.com\\\/wp-content\\\/uploads\\\/2025\\\/06\\\/devina-svg-1750845694.svg\",\"contentUrl\":\"https:\\\/\\\/www.paysdesecrins.com\\\/wp-content\\\/uploads\\\/2025\\\/06\\\/devina-svg-1750845694.svg\",\"caption\":\"Pays des \u00c9crins - Office de Tourisme\"},\"image\":{\"@id\":\"https:\\\/\\\/www.paysdesecrins.com\\\/en\\\/#\\\/schema\\\/logo\\\/image\\\/\"}}]}<\/script>\n<!-- \/ Yoast SEO plugin. -->","yoast_head_json":{"title":"Mountaineering villages - Pays des \u00c9crins - Office de Tourisme","robots":{"index":"index","follow":"follow","max-snippet":"max-snippet:-1","max-image-preview":"max-image-preview:large","max-video-preview":"max-video-preview:-1"},"canonical":"https:\/\/www.paysdesecrins.com\/en\/mountaineering-villages\/","og_locale":"en_US","og_type":"article","og_title":"Mountaineering villages - Pays des \u00c9crins - Office de Tourisme","og_description":"The &#8220;Mountaineering Villages&#8221; label awarded to the municipality of Vallouise-Pelvoux aims to promote and re-enchant mountaineering in the \u00c9crins and [&hellip;]","og_url":"https:\/\/www.paysdesecrins.com\/en\/mountaineering-villages\/","og_site_name":"Pays des \u00c9crins - Office de Tourisme","article_modified_time":"2025-08-07T13:03:58+00:00","og_image":[{"width":2560,"height":1708,"url":"https:\/\/www.paysdesecrins.com\/wp-content\/uploads\/2025\/07\/vallouise-alpesphotographiescom-72-scaled.jpg","type":"image\/jpeg"}],"twitter_card":"summary_large_image","twitter_misc":{"Est. reading time":"6 minutes"},"schema":{"@context":"https:\/\/schema.org","@graph":[{"@type":"WebPage","@id":"https:\/\/www.paysdesecrins.com\/en\/mountaineering-villages\/","url":"https:\/\/www.paysdesecrins.com\/en\/mountaineering-villages\/","name":"Mountaineering villages - Pays des \u00c9crins - Office de Tourisme","isPartOf":{"@id":"https:\/\/www.paysdesecrins.com\/en\/#website"},"primaryImageOfPage":{"@id":"https:\/\/www.paysdesecrins.com\/en\/mountaineering-villages\/#primaryimage"},"image":{"@id":"https:\/\/www.paysdesecrins.com\/en\/mountaineering-villages\/#primaryimage"},"thumbnailUrl":"https:\/\/www.paysdesecrins.com\/wp-content\/uploads\/2025\/07\/vallouise-alpesphotographiescom-72-scaled.jpg","datePublished":"2025-07-24T07:43:42+00:00","dateModified":"2025-08-07T13:03:58+00:00","breadcrumb":{"@id":"https:\/\/www.paysdesecrins.com\/en\/mountaineering-villages\/#breadcrumb"},"inLanguage":"en-US","potentialAction":[{"@type":"ReadAction","target":["https:\/\/www.paysdesecrins.com\/en\/mountaineering-villages\/"]}]},{"@type":"ImageObject","inLanguage":"en-US","@id":"https:\/\/www.paysdesecrins.com\/en\/mountaineering-villages\/#primaryimage","url":"https:\/\/www.paysdesecrins.com\/wp-content\/uploads\/2025\/07\/vallouise-alpesphotographiescom-72-scaled.jpg","contentUrl":"https:\/\/www.paysdesecrins.com\/wp-content\/uploads\/2025\/07\/vallouise-alpesphotographiescom-72-scaled.jpg","width":2560,"height":1708,"caption":"Shooting dans le cadre des Villlages d'alpinisme"},{"@type":"BreadcrumbList","@id":"https:\/\/www.paysdesecrins.com\/en\/mountaineering-villages\/#breadcrumb","itemListElement":[{"@type":"ListItem","position":1,"name":"Home","item":"https:\/\/www.paysdesecrins.com\/en\/the-title-of-the-home\/"},{"@type":"ListItem","position":2,"name":"Mountaineering villages"}]},{"@type":"WebSite","@id":"https:\/\/www.paysdesecrins.com\/en\/#website","url":"https:\/\/www.paysdesecrins.com\/en\/","name":"Pays des \u00c9crins - Office de Tourisme","description":"L&#039;esprit montagne","publisher":{"@id":"https:\/\/www.paysdesecrins.com\/en\/#organization"},"potentialAction":[{"@type":"SearchAction","target":{"@type":"EntryPoint","urlTemplate":"https:\/\/www.paysdesecrins.com\/en\/?s={search_term_string}"},"query-input":{"@type":"PropertyValueSpecification","valueRequired":true,"valueName":"search_term_string"}}],"inLanguage":"en-US"},{"@type":"Organization","@id":"https:\/\/www.paysdesecrins.com\/en\/#organization","name":"Pays des \u00c9crins - Office de Tourisme","url":"https:\/\/www.paysdesecrins.com\/en\/","logo":{"@type":"ImageObject","inLanguage":"en-US","@id":"https:\/\/www.paysdesecrins.com\/en\/#\/schema\/logo\/image\/","url":"https:\/\/www.paysdesecrins.com\/wp-content\/uploads\/2025\/06\/devina-svg-1750845694.svg","contentUrl":"https:\/\/www.paysdesecrins.com\/wp-content\/uploads\/2025\/06\/devina-svg-1750845694.svg","caption":"Pays des \u00c9crins - Office de Tourisme"},"image":{"@id":"https:\/\/www.paysdesecrins.com\/en\/#\/schema\/logo\/image\/"}}]}},"_links":{"self":[{"href":"https:\/\/www.paysdesecrins.com\/en\/wp-json\/wp\/v2\/pages\/45960","targetHints":{"allow":["GET"]}}],"collection":[{"href":"https:\/\/www.paysdesecrins.com\/en\/wp-json\/wp\/v2\/pages"}],"about":[{"href":"https:\/\/www.paysdesecrins.com\/en\/wp-json\/wp\/v2\/types\/page"}],"author":[{"embeddable":true,"href":"https:\/\/www.paysdesecrins.com\/en\/wp-json\/wp\/v2\/users\/4"}],"replies":[{"embeddable":true,"href":"https:\/\/www.paysdesecrins.com\/en\/wp-json\/wp\/v2\/comments?post=45960"}],"version-history":[{"count":0,"href":"https:\/\/www.paysdesecrins.com\/en\/wp-json\/wp\/v2\/pages\/45960\/revisions"}],"wp:featuredmedia":[{"embeddable":true,"href":"https:\/\/www.paysdesecrins.com\/en\/wp-json\/wp\/v2\/media\/29993"}],"wp:attachment":[{"href":"https:\/\/www.paysdesecrins.com\/en\/wp-json\/wp\/v2\/media?parent=45960"}],"curies":[{"name":"wp","href":"https:\/\/api.w.org\/{rel}","templated":true}]}}