{"id":46023,"date":"2025-07-23T15:20:01","date_gmt":"2025-07-23T13:20:01","guid":{"rendered":"https:\/\/www.paysdesecrins.com\/nordic-activities-for-the-little-ones\/"},"modified":"2025-11-07T13:26:00","modified_gmt":"2025-11-07T12:26:00","slug":"nordic-activities-for-the-little-ones","status":"publish","type":"page","link":"https:\/\/www.paysdesecrins.com\/en\/nordic-activities-for-the-little-ones\/","title":{"rendered":"The Pays des \u00c9crins with the family"},"content":{"rendered":"    <div class=\"alignfull wp-block-ws-library-ws-header-interne\" data-season=\"summer\">\n\t    <div class=\"header-container\">\n\t        <div class=\"group-media has-image\">\n\t            \t                <img loading=\"lazy\" decoding=\"async\" width=\"1920\" height=\"800\" src=\"https:\/\/www.paysdesecrins.com\/wp-content\/uploads\/2025\/08\/dsc05676-1920x800.jpg\" alt=\"\" class=\"image_large_square wp-image-64496\" \/>\n\t            \t        <\/div>\n\t        <div class=\"group-content\">\n\t            <div class=\"title\">\n\t                <h1>\n\t                    The Pays des \u00c9crins with the family\t                    \t                <\/h1>\n\t            <\/div>\n\t        <\/div>\n\t    <\/div>\n\t    \n<div class=\"yoast-breadcrumbs\"><span><span><a href=\"https:\/\/www.paysdesecrins.com\/en\/the-title-of-the-home\/\">Home<\/a><\/span>  <span class=\"breadcrumb_last\" aria-current=\"page\">The Pays des \u00c9crins with the family<\/span><\/span><\/div>\n    <\/div>\n        <div class=\"alignfull wp-block-ws-library-ws-header-interne\" data-season=\"winter\">\n\t    <div class=\"header-container\">\n\t        <div class=\"group-media has-image\">\n\t            \t                <img loading=\"lazy\" decoding=\"async\" width=\"1920\" height=\"800\" src=\"https:\/\/www.paysdesecrins.com\/wp-content\/uploads\/2025\/08\/01-29-25-balade-dans-la-neige-33-1920x800.jpg\" alt=\"\" class=\"image_large_square wp-image-64569\" \/>\n\t            \t        <\/div>\n\t        <div class=\"group-content\">\n\t            <div class=\"title\">\n\t                <h1>\n\t                    The Pays des \u00c9crins with the family\t                    \t                <\/h1>\n\t            <\/div>\n\t        <\/div>\n\t    <\/div>\n\t    \n<div class=\"yoast-breadcrumbs\"><span><span><a href=\"https:\/\/www.paysdesecrins.com\/en\/the-title-of-the-home\/\">Home<\/a><\/span>  <span class=\"breadcrumb_last\" aria-current=\"page\">The Pays des \u00c9crins with the family<\/span><\/span><\/div>\n    <\/div>\n    \n<div class=\"wp-block-ws-library-ws-title aligncenter is-style-simple\" data-season=\"allseasons\"><h2><em>Micro-adventure<\/em>Family activities in the Pays des Ecrins<\/h2><\/div>\n\n<p class=\"has-text-align-center\" data-season=\"summer\">Here, we all move together. The Pays des \u00c9crins offers simple ideas adapted to each age, with local pros to supervise when necessary. Below, a <strong>summer<\/strong> version with examples of activities and service providers in the area.  <\/p>\n\n<p class=\"has-text-align-center\" data-season=\"winter\">Here, we all move together. The Pays des \u00c9crins offers simple ideas adapted to each age, with local pros to supervise when necessary. Below, a <strong>winter<\/strong> version with examples of activities and service providers in the area.  <\/p>\n\n<div class=\"wp-block-ws-library-ws-columns alignwide has-2-columns are-vertically-aligned-center layout-5050 is-style-background\" data-season=\"summer\">\n<div class=\"wp-block-ws-library-ws-column\"><div class=\"wrapper\">\n<div class=\"wp-block-ws-library-ws-title\"><h3>Birth &gt; 1 year  <\/h3><\/div>\n\n\n\n<ul class=\"wp-block-list\">\n<li>My parents take me for walks, protect me from the sun, give me a drink often!<\/li>\n\n\n\n<li>I stay in the valleys, I don&#8217;t like the altitude yet, it hurts my ears<\/li>\n<\/ul>\n<\/div><\/div>\n\n\n\n<div class=\"wp-block-ws-library-ws-column\"><div class=\"wrapper\">\n<div class=\"wp-block-ws-library-ws-image\" data-season=\"summer\"><div class=\"wrapper\"><div class=\"group-media\"><img decoding=\"async\" src=\"https:\/\/www.paysdesecrins.com\/wp-content\/uploads\/2025\/08\/img-0400-960x640.jpg\" alt=\"\" class=\"single_image ws-image-74368\"><div class=\"credits\"><\/div><\/div><p class=\"caption\"><\/p><\/div><\/div>\n<\/div><\/div>\n<\/div>\n\n<div class=\"wp-block-ws-library-ws-columns alignwide has-2-columns are-vertically-aligned-center layout-5050 is-style-background\" data-season=\"winter\">\n<div class=\"wp-block-ws-library-ws-column\"><div class=\"wrapper\">\n<div class=\"wp-block-ws-library-ws-title\"><h3>Birth &gt; 1 year  <\/h3><\/div>\n\n\n\n<ul class=\"wp-block-list\">\n<li>I let myself be taken for a sledge or pulka ride (from 6 months to 6-7 years old) in the Nordic area of Vallouise-Pelvoux-Les Vigneaux. Comfortably installed in my pulka, lent by the Chalet nordique de Vallouise, I am Mom and Dad who ski (almost) as if nothing had happened!   <\/li>\n\n\n\n<li>Thanks to the Pelvoux-Vallouise resort parents&#8217; pass + young child(ren) under 3 years old, Mom and Dad will be able to ski alternately (at a low price on the same pass) and take turns to look after me!<\/li>\n<\/ul>\n<\/div><\/div>\n\n\n\n<div class=\"wp-block-ws-library-ws-column\"><div class=\"wrapper\">\n<div class=\"wp-block-ws-library-ws-image\" data-season=\"winter\"><div class=\"wrapper\"><div class=\"group-media\"><img decoding=\"async\" src=\"https:\/\/www.paysdesecrins.com\/wp-content\/uploads\/2025\/08\/img-3309-960x640.jpg\" alt=\"\" class=\"single_image ws-image-61096\"><div class=\"credits\"><\/div><\/div><p class=\"caption\"><\/p><\/div><\/div>\n<\/div><\/div>\n<\/div>\n\n<div class=\"wp-block-ws-library-ws-columns alignwide has-2-columns are-vertically-aligned-center layout-5050 is-style-background\" data-season=\"winter\">\n<div class=\"wp-block-ws-library-ws-column\"><div class=\"wrapper\">\n<div class=\"wp-block-ws-library-ws-image\"><div class=\"wrapper\"><div class=\"group-media\"><img decoding=\"async\" src=\"https:\/\/www.paysdesecrins.com\/wp-content\/uploads\/2025\/08\/img-7265-960x640.jpg\" alt=\"\" class=\"single_image ws-image-74312\"><div class=\"credits\"><\/div><\/div><p class=\"caption\"><\/p><\/div><\/div>\n<\/div><\/div>\n\n\n\n<div class=\"wp-block-ws-library-ws-column\"><div class=\"wrapper\">\n<div class=\"wp-block-ws-library-ws-title\"><h3>From 1 year old  <\/h3><\/div>\n\n\n\n<ul class=\"wp-block-list\">\n<li data-season=\"winter\">I can go to the toy library with my brothers, sisters, friends, girlfriends who are under 6 years old, an adult accompanies us and plays with us! \u2022 We forgot to take books! Luckily, there is a library in L&#8217;Argenti\u00e8re-La Bess\u00e9e, Vallouise and Puy Saint Vincent!   <br\/><\/li>\n<\/ul>\n<\/div><\/div>\n<\/div>\n\n<div class=\"wp-block-ws-library-ws-columns alignwide has-2-columns are-vertically-aligned-center layout-5050 is-style-background\" data-season=\"summer\">\n<div class=\"wp-block-ws-library-ws-column\"><div class=\"wrapper\">\n<div class=\"wp-block-ws-library-ws-image\"><div class=\"wrapper\"><div class=\"group-media\"><img decoding=\"async\" src=\"https:\/\/www.paysdesecrins.com\/wp-content\/uploads\/2025\/08\/dsc09033-2-960x640.jpg\" alt=\"\" class=\"single_image ws-image-63829\"><div class=\"credits\"><\/div><\/div><p class=\"caption\"><\/p><\/div><\/div>\n<\/div><\/div>\n\n\n\n<div class=\"wp-block-ws-library-ws-column\"><div class=\"wrapper\">\n<div class=\"wp-block-ws-library-ws-title\"><h3>From 1 year old  <\/h3><\/div>\n\n\n\n<ul class=\"wp-block-list\">\n<li>Swimming at the Lac de la Roche-de-Rame or in the swimming pools of the Pays des \u00c9crins!<\/li>\n\n\n\n<li>I go for a bike ride: in the trailer of the electric bike, or in the baby seat!<\/li>\n<\/ul>\n<\/div><\/div>\n<\/div>\n\n<div class=\"wp-block-ws-library-ws-columns alignwide has-2-columns are-vertically-aligned-center layout-5050 is-style-background\" data-season=\"summer\">\n<div class=\"wp-block-ws-library-ws-column\"><div class=\"wrapper\">\n<div class=\"wp-block-ws-library-ws-title is-style-simple\"><h3>From 2 years old  <\/h3><\/div>\n\n\n\n<ul class=\"wp-block-list\">\n<li>I&#8217;m going to have fun on the many playgrounds in the Pays des \u00c9crins<\/li>\n\n\n\n<li>Great, I go to see the sheep on the way up to the mountain pastures in July, there is one in August too!<\/li>\n\n\n\n<li>I go up in altitude with the ski lifts and my ears no longer hurt!<\/li>\n<\/ul>\n<\/div><\/div>\n\n\n\n<div class=\"wp-block-ws-library-ws-column\"><div class=\"wrapper\">\n<div class=\"wp-block-ws-library-ws-image\"><div class=\"wrapper\"><div class=\"group-media\"><img decoding=\"async\" src=\"https:\/\/www.paysdesecrins.com\/wp-content\/uploads\/2025\/08\/07-19-23-montee-en-alpage-26-960x640.jpg\" alt=\"\" class=\"single_image ws-image-74378\"><div class=\"credits\"><\/div><\/div><p class=\"caption\"><\/p><\/div><\/div>\n<\/div><\/div>\n<\/div>\n\n<div class=\"wp-block-ws-library-ws-columns alignwide has-2-columns are-vertically-aligned-center layout-5050 is-style-background\" data-season=\"winter\">\n<div class=\"wp-block-ws-library-ws-column\"><div class=\"wrapper\">\n<div class=\"wp-block-ws-library-ws-title is-style-simple\"><h3>From 2 years old  <\/h3><\/div>\n\n\n\n<ul class=\"wp-block-list\">\n<li>My parents take me on a dog sled baptism with them (Puy Saint Vincent station)  <\/li>\n\n\n\n<li>I&#8217;m 2 and a half years old and I&#8217;m discovering the sensations of sliding in the snow garden! (Puy Saint Vincent station) <\/li>\n\n\n\n<li>Getting back on track is still a bit difficult, I let myself be pulled away&#8230; and we have a lot of fun going down a toboggan with a big one!  <\/li>\n\n\n\n<li>Today, I&#8217;m going to discover the buoy pulled by a horse in Vallouise!  <\/li>\n\n\n\n<li>We go to visit the farm of the Donkey who bubbles in Vallouise &#8211; Pelvoux After petting the adorable donkeys and discovering the farm animals, I can cut their soap into the shape of a donkey, and leave with it. It&#8217;s fun Children must be accompanied by an adult. (workshop from 2 to 6 years old)    <\/li>\n<\/ul>\n<\/div><\/div>\n\n\n\n<div class=\"wp-block-ws-library-ws-column\"><div class=\"wrapper\">\n<div class=\"wp-block-ws-library-ws-image\"><div class=\"wrapper\"><div class=\"group-media\"><img decoding=\"async\" src=\"https:\/\/www.paysdesecrins.com\/wp-content\/uploads\/2025\/08\/02-14-2024-carnaval-23-427x640.jpg\" alt=\"\" class=\"single_image ws-image-74307\"><div class=\"credits\"><\/div><\/div><p class=\"caption\"><\/p><\/div><\/div>\n<\/div><\/div>\n<\/div>\n\n<div class=\"wp-block-ws-library-ws-columns alignwide has-2-columns are-vertically-aligned-center layout-5050 is-style-background\" data-season=\"summer\">\n<div class=\"wp-block-ws-library-ws-column\"><div class=\"wrapper\">\n<div class=\"wp-block-ws-library-ws-image\"><div class=\"wrapper\"><div class=\"group-media\"><img decoding=\"async\" src=\"https:\/\/www.paysdesecrins.com\/wp-content\/uploads\/2025\/07\/8escalade-alpinisme-ecoledescalade-dsc03709-960x640.jpg\" alt=\"\" class=\"single_image ws-image-20322\"><div class=\"credits\"><\/div><\/div><p class=\"caption\"><\/p><\/div><\/div>\n<\/div><\/div>\n\n\n\n<div class=\"wp-block-ws-library-ws-column\"><div class=\"wrapper\">\n<div class=\"wp-block-ws-library-ws-title\"><h3>From 3 years old  <\/h3><\/div>\n\n\n\n<ul class=\"wp-block-list\">\n<li>I&#8217;m going on a picnic at La Pousterle, tomorrow it&#8217;s a snack at Madame Carle&#8217;s Pr\u00e9!<\/li>\n\n\n\n<li>Now I do short hikes: the circuit of the canals of Puy Saint Vincent<\/li>\n\n\n\n<li>I can do puzzles and the discovery trail at La Maison du Parc des \u00c9crins<\/li>\n\n\n\n<li>I go to the show during the summer festivals!<\/li>\n\n\n\n<li>A village festival ?&#8230; The Guide Festival ?&#8230; There are surely animations for me!<\/li>\n\n\n\n<li>Shall we climb? For me it will be 3+ at &#8220;Baby-climbing&#8221; <br\/><br\/><\/li>\n<\/ul>\n<\/div><\/div>\n<\/div>\n\n<div class=\"wp-block-ws-library-ws-columns alignwide has-2-columns are-vertically-aligned-center layout-5050 is-style-background\" data-season=\"winter\">\n<div class=\"wp-block-ws-library-ws-column\"><div class=\"wrapper\">\n<div class=\"wp-block-ws-library-ws-image\"><div class=\"wrapper\"><div class=\"group-media\"><img decoding=\"async\" src=\"https:\/\/www.paysdesecrins.com\/wp-content\/uploads\/2025\/07\/21autresactivites-mushing-babychiensdetraineaux-rogiervanrijn-960x640.jpg\" alt=\"\" class=\"single_image ws-image-20092\"><div class=\"credits\">Rogier VANRIJN<\/div><\/div><p class=\"caption\"><\/p><\/div><\/div>\n<\/div><\/div>\n\n\n\n<div class=\"wp-block-ws-library-ws-column\"><div class=\"wrapper\">\n<div class=\"wp-block-ws-library-ws-title\"><h3>From 3 years old  <\/h3><\/div>\n\n\n\n<ul class=\"wp-block-list\">\n<li>I love dogs, I go baby sledding (from 3 to 7 years old) (Pelvoux-Vallouise resort) \u2022 I take my first downhill and cross-country skiing lessons \u2022 I visit the Igloo Pelvoo village and I participate in the activities! (Pelvoux-Vallouise station) \u2022 <br\/><\/li>\n<\/ul>\n<\/div><\/div>\n<\/div>\n\n<div class=\"wp-block-ws-library-ws-columns alignwide has-2-columns are-vertically-aligned-center layout-5050 is-style-background\" data-season=\"summer\">\n<div class=\"wp-block-ws-library-ws-column\"><div class=\"wrapper\">\n<div class=\"wp-block-ws-library-ws-title is-style-simple\"><h3>From 4 years old  <\/h3><\/div>\n\n\n\n<ul class=\"wp-block-list\">\n<li>I go for a walk with alpacas, they are super soft!<\/li>\n\n\n\n<li>My first Via Ferrata in the Gorges de la Durance<\/li>\n\n\n\n<li>I can go on supervised mountain bike rides and they lend me a great bike!<\/li>\n\n\n\n<li>The Tree Climbing Park has planned a circuit for me!<\/li>\n\n\n\n<li>Dad takes me to an introductory meditation workshop&#8230; He said it felt good!<\/li>\n\n\n\n<li>Today, it&#8217;s ponies!<\/li>\n\n\n\n<li>I&#8217;m going to try to do all the treasure hunts in the Pays des \u00c9crins, there are plenty of them!<\/li>\n\n\n\n<li>I can visit the snow groomers&#8217; garage in the resorts, do I have to register first?  <\/li>\n\n\n\n<li>Tonight, we&#8217;re going to the farm, we&#8217;re going to buy vegetables or cheese, honey  <\/li>\n<\/ul>\n<\/div><\/div>\n\n\n\n<div class=\"wp-block-ws-library-ws-column\"><div class=\"wrapper\">\n<div class=\"wp-block-ws-library-ws-image\"><div class=\"wrapper\"><div class=\"group-media\"><img decoding=\"async\" src=\"https:\/\/www.paysdesecrins.com\/wp-content\/uploads\/2025\/08\/07-30-23-fete-des-guides-12-960x640.jpg\" alt=\"\" class=\"single_image ws-image-74373\"><div class=\"credits\"><\/div><\/div><p class=\"caption\"><\/p><\/div><\/div>\n<\/div><\/div>\n<\/div>\n\n<div class=\"wp-block-ws-library-ws-columns alignwide has-2-columns are-vertically-aligned-center layout-5050 is-style-background\" data-season=\"winter\">\n<div class=\"wp-block-ws-library-ws-column\"><div class=\"wrapper\">\n<div class=\"wp-block-ws-library-ws-title is-style-simple\"><h3>From 4 years old  <\/h3><\/div>\n\n\n\n<ul class=\"wp-block-list\">\n<li>I love going to a restaurant to eat the traditional cabbage sausage with potatoes with my parents!<\/li>\n\n\n\n<li>  \u2022 Today, we&#8217;re going to the Maison du Parc national des \u00c9crins in Vallouise! There&#8217;s always an exhibition or a film to see! <\/li>\n\n\n\n<li>  \u2022 Today, taste at the honey house: it will be gingerbread and hot chocolate for me and an affectionate thought for the bees!<\/li>\n<\/ul>\n<\/div><\/div>\n\n\n\n<div class=\"wp-block-ws-library-ws-column\"><div class=\"wrapper\">\n<div class=\"wp-block-ws-library-ws-image\" data-season=\"winter\"><div class=\"wrapper\"><div class=\"group-media\"><img decoding=\"async\" src=\"https:\/\/www.paysdesecrins.com\/wp-content\/uploads\/2025\/08\/07-15-25-maison-du-miel-62-960x640.jpg\" alt=\"\" class=\"single_image ws-image-74302\"><div class=\"credits\"><\/div><\/div><p class=\"caption\"><\/p><\/div><\/div>\n<\/div><\/div>\n<\/div>\n\n<div class=\"wp-block-ws-library-ws-columns alignwide has-2-columns are-vertically-aligned-center layout-5050 is-style-background\" data-season=\"summer\">\n<div class=\"wp-block-ws-library-ws-column\"><div class=\"wrapper\">\n<div class=\"wp-block-ws-library-ws-image\"><div class=\"wrapper\"><div class=\"group-media\"><img decoding=\"async\" src=\"https:\/\/www.paysdesecrins.com\/wp-content\/uploads\/2025\/07\/111microaventureenfants-dsc04908-minedargentshooting-avec-famille-49-2-960x640.jpg\" alt=\"\" class=\"single_image ws-image-20678\"><div class=\"credits\"><\/div><\/div><p class=\"caption\"><\/p><\/div><\/div>\n<\/div><\/div>\n\n\n\n<div class=\"wp-block-ws-library-ws-column\"><div class=\"wrapper\">\n<div class=\"wp-block-ws-library-ws-title\"><h3>From 5 years old  <\/h3><\/div>\n\n\n\n<ul class=\"wp-block-list\">\n<li>Great, I can now visit the Silver Mine and the Mining Museum!<\/li>\n\n\n\n<li>I discovered the Maison du Parc national des \u00c9crins, the exhibitions, the films&#8230;<\/li>\n\n\n\n<li>I&#8217;m going to try paragliding&#8230; with an instructor!<\/li>\n\n\n\n<li>I love markets, my parents will buy me a little souvenir or a treat!<\/li>\n\n\n\n<li>I can swim well and I&#8217;m not afraid of water: I&#8217;m going rafting with a guide!<br\/><\/li>\n<\/ul>\n<\/div><\/div>\n<\/div>\n\n<div class=\"wp-block-ws-library-ws-columns alignwide has-2-columns are-vertically-aligned-center layout-5050 is-style-background\" data-season=\"winter\">\n<div class=\"wp-block-ws-library-ws-column\"><div class=\"wrapper\">\n<div class=\"wp-block-ws-library-ws-image\"><div class=\"wrapper\"><div class=\"group-media\"><img decoding=\"async\" src=\"https:\/\/www.paysdesecrins.com\/wp-content\/uploads\/2025\/08\/dsc09510-1-960x640.jpg\" alt=\"\" class=\"single_image ws-image-74317\"><div class=\"credits\"><\/div><\/div><p class=\"caption\"><\/p><\/div><\/div>\n<\/div><\/div>\n\n\n\n<div class=\"wp-block-ws-library-ws-column\"><div class=\"wrapper\">\n<div class=\"wp-block-ws-library-ws-title\"><h3>From 6 years old  <\/h3><\/div>\n\n\n\n<ul class=\"wp-block-list\">\n<li>  Passionate about astronomy, I go to observe the constellation of Orion from the Le Pas du Loup g\u00eete, it seems that it has a nebula for a knee&#8230;  <\/li>\n\n\n\n<li>  \u2022 I can take snowboard lessons now!  <\/li>\n\n\n\n<li>\u2022 More than an hour of sledging&#8230; nothing but downhill, to do with family or friends?! Wow, I need a helmet and an adult to accompany me! (Puy Saint Vincent resort) \u2022 I am a person with reduced mobility and I would like to hit the slopes: I will ask a ski school, they surely have something to offer me!    <\/li>\n\n\n\n<li>\u2022 Today, no skiing: I&#8217;m going to learn how to turn a bowl with Johann\u00e8s, the potter from L&#8217;Argenti\u00e8re-La Bess\u00e9e!  <\/li>\n\n\n\n<li>  \u2022 The Mini-club offers a wide range of activities. I signed up for a trapper ride with my 8-year-old brother and my cousin who is already 11 years old!   <\/li>\n\n\n\n<li>  \u2022 I have my first snowflake for the ESF, my crystal for the ESI: I can take part in the lantern descent in Pelvoux-Vallouise!  <\/li>\n\n\n\n<li>  \u2022 Tomorrow, I&#8217;m going to discover ski jo\u00ebring in Vallouise with Mom and Dad!  <\/li>\n\n\n\n<li data-season=\"winter\">  \u2022 I can now go paragliding! (Pelvoux-Vallouise station) in a tandem   <br\/><\/li>\n<\/ul>\n<\/div><\/div>\n<\/div>\n\n<div class=\"wp-block-ws-library-ws-columns alignwide has-2-columns are-vertically-aligned-center layout-5050 is-style-background\" data-season=\"summer\">\n<div class=\"wp-block-ws-library-ws-column\"><div class=\"wrapper\">\n<div class=\"wp-block-ws-library-ws-title is-style-simple\"><h3>From 7 years old  <\/h3><\/div>\n\n\n\n<ul class=\"wp-block-list\">\n<li>Now I&#8217;m over 1.25m tall and can take the chairlift on my own!<\/li>\n\n\n\n<li>Tonight, there are no clouds, I&#8217;m going to observe the stars&#8230; I dream of seeing Andromeda!<\/li>\n\n\n\n<li>I would like to climb trees, I love being perched, is it possible? Yes, and much more! <\/li>\n\n\n\n<li>I like hiking (400 m of vertical drop) especially if there is an objective to the walk: a lake, animals&#8230; A treat in a refuge?!<\/li>\n\n\n\n<li>I can do a laser game with my cousins, friends and girlfriends!<\/li>\n<\/ul>\n<\/div><\/div>\n\n\n\n<div class=\"wp-block-ws-library-ws-column\"><div class=\"wrapper\">\n<div class=\"wp-block-ws-library-ws-image\" data-season=\"summer\"><div class=\"wrapper\"><div class=\"group-media\"><img decoding=\"async\" src=\"https:\/\/www.paysdesecrins.com\/wp-content\/uploads\/2025\/07\/dsc00047-960x640.jpg\" alt=\"\" class=\"single_image ws-image-29905\"><div class=\"credits\"><\/div><\/div><p class=\"caption\"><\/p><\/div><\/div>\n<\/div><\/div>\n<\/div>\n\n<div class=\"wp-block-ws-library-ws-columns alignwide has-2-columns are-vertically-aligned-center layout-5050 is-style-background\" data-season=\"winter\">\n<div class=\"wp-block-ws-library-ws-column\"><div class=\"wrapper\">\n<div class=\"wp-block-ws-library-ws-image\"><div class=\"wrapper\"><div class=\"group-media\"><img decoding=\"async\" src=\"https:\/\/www.paysdesecrins.com\/wp-content\/uploads\/2025\/08\/img-9727-960x640.jpg\" alt=\"\" class=\"single_image ws-image-74322\"><div class=\"credits\"><\/div><\/div><p class=\"caption\"><\/p><\/div><\/div>\n<\/div><\/div>\n\n\n\n<div class=\"wp-block-ws-library-ws-column\"><div class=\"wrapper\">\n<div class=\"wp-block-ws-library-ws-title\"><h3>From 8 years old  <\/h3><\/div>\n\n\n\n<ul class=\"wp-block-list\">\n<li>I love sled dogs, I go to the &#8220;kid-sled&#8221; in private lessons!  <\/li>\n\n\n\n<li>  \u2022 I am 1.25 m tall, I can take the chairlift alone.  <\/li>\n\n\n\n<li>  \u2022 I&#8217;ve heard about &#8220;new sliding&#8221;: snooc, scooter!  <\/li>\n\n\n\n<li>  \u2022 I love nature, I go to the Maison du Parc national des \u00c9crins, I can learn to recognize the tracks of animals in the snow.  <\/li>\n\n\n\n<li>\u2022 I saw Martin Fourcade on TV, I love Nordic skiing! This winter, I&#8217;d like to try biathlon, we shoot with a laser rifle&#8230; I&#8217;m going to ask my parents to contact the ski schools! \u2022    <\/li>\n<\/ul>\n<\/div><\/div>\n<\/div>\n\n<div class=\"wp-block-ws-library-ws-columns alignwide has-2-columns are-vertically-aligned-center layout-5050 is-style-background\" data-season=\"winter\">\n<div class=\"wp-block-ws-library-ws-column\"><div class=\"wrapper\">\n<div class=\"wp-block-ws-library-ws-title is-style-simple\"><h3>From 9 years old  <\/h3><\/div>\n\n\n\n<ul class=\"wp-block-list\">\n<li>I weigh 30 kilos and I have passed my third ski star: I can paraglide! (Puy Saint Vincent station) \u2022 Great! Today, I&#8217;m going to try my new cross-country skis and try ski hockey with my friends. In addition, the Nordic chalet in Vallouise lends me the equipment!     <\/li>\n\n\n\n<li>\u2022 \u2022 I am over 1.40 m tall, I would like to try the &#8220;fat-bike&#8221;, it&#8217;s an electrically assisted bike with big tires to ride in the snow! (Puy Saint Vincent station) \u2022   <\/li>\n<\/ul>\n<\/div><\/div>\n\n\n\n<div class=\"wp-block-ws-library-ws-column\"><div class=\"wrapper\">\n<div class=\"wp-block-ws-library-ws-image\"><div class=\"wrapper\"><div class=\"group-media\"><img decoding=\"async\" src=\"https:\/\/www.paysdesecrins.com\/wp-content\/uploads\/2025\/08\/img-0784-960x640.jpg\" alt=\"\" class=\"single_image ws-image-74357\"><div class=\"credits\"><\/div><\/div><p class=\"caption\"><\/p><\/div><\/div>\n<\/div><\/div>\n<\/div>\n\n<div class=\"wp-block-ws-library-ws-columns alignwide has-2-columns are-vertically-aligned-center layout-5050 is-style-background\" data-season=\"winter\">\n<div class=\"wp-block-ws-library-ws-column\"><div class=\"wrapper\">\n<div class=\"wp-block-ws-library-ws-image\"><div class=\"wrapper\"><div class=\"group-media\"><img decoding=\"async\" src=\"https:\/\/www.paysdesecrins.com\/wp-content\/uploads\/2025\/08\/freeride-puy-st-vincent-13-960x640.jpg\" alt=\"\" class=\"single_image ws-image-74362\"><div class=\"credits\"><\/div><\/div><p class=\"caption\"><\/p><\/div><\/div>\n<\/div><\/div>\n\n\n\n<div class=\"wp-block-ws-library-ws-column\"><div class=\"wrapper\">\n<div class=\"wp-block-ws-library-ws-title\"><h3>From 12 years old  <\/h3><\/div>\n\n\n\n<ul class=\"wp-block-list\">\n<li>Running makes me feel good, I love it! Tonight, I&#8217;m going to do a night ride on the snow for the first time: I take my headlamp!   <\/li>\n\n\n\n<li>\u2022 I am an expert at skiing, the red slopes don&#8217;t scare me: I want to discover new sensations, snowkiting, freestyle, freeride&#8230; I don&#8217;t know what to choose: I&#8217;m going to see the ski schools, they&#8217;ll be able to advise me! \u2022   <\/li>\n<\/ul>\n<\/div><\/div>\n<\/div>\n\n<div class=\"wp-block-ws-library-ws-slider alignwide\" data-season=\"winter\"><div class=\"splide\" data-splide=\"{\"type\":\"slide\",\"heightRatio\":\"auto\",\"perPage\":4,\"perMove\":1,\"drag\":true,\"pagination\":0,\"autoplay\":false,\"gap\":\"15px\",\"breakpoints\":{\"450\":{\"perPage\":1},\"768\":{\"perPage\":2},\"992\":{\"perPage\":3},\"1200\":{\"perPage\":4}}}\"><div class=\"splide__track\"><div class=\"splide__list\"><div class=\"splide__slide\"><a href=\"https:\/\/www.paysdesecrins.com\/wp-content\/uploads\/2025\/07\/bivouac-a-la-cabane-de-faravel-106-scaled.jpg\" data-glightbox=\"true\" class=\"lightbox-trigger\"><img decoding=\"async\" src=\"https:\/\/www.paysdesecrins.com\/wp-content\/uploads\/2025\/07\/bivouac-a-la-cabane-de-faravel-106-400x400.jpg\" alt=\"\"><\/a><\/div><div class=\"splide__slide\"><a href=\"https:\/\/www.paysdesecrins.com\/wp-content\/uploads\/2025\/07\/17ski-rando-bivouac-a-la-cabane-de-faravel-119-scaled.jpg\" data-glightbox=\"true\" class=\"lightbox-trigger\"><img decoding=\"async\" src=\"https:\/\/www.paysdesecrins.com\/wp-content\/uploads\/2025\/07\/17ski-rando-bivouac-a-la-cabane-de-faravel-119-400x400.jpg\" alt=\"\"><\/a><\/div><div class=\"splide__slide\"><a href=\"https:\/\/www.paysdesecrins.com\/wp-content\/uploads\/2025\/07\/bivouac-a-la-cabane-de-faravel-83-scaled.jpg\" data-glightbox=\"true\" class=\"lightbox-trigger\"><img decoding=\"async\" src=\"https:\/\/www.paysdesecrins.com\/wp-content\/uploads\/2025\/07\/bivouac-a-la-cabane-de-faravel-83-400x400.jpg\" alt=\"\"><\/a><\/div><\/div><\/div><\/div><\/div>\n\n<div class=\"wp-block-ws-library-ws-slider alignwide\" data-season=\"summer\"><div class=\"splide\" data-splide=\"{\"type\":\"slide\",\"heightRatio\":\"auto\",\"perPage\":4,\"perMove\":1,\"drag\":true,\"pagination\":0,\"autoplay\":false,\"gap\":\"15px\",\"breakpoints\":{\"450\":{\"perPage\":1},\"768\":{\"perPage\":2},\"992\":{\"perPage\":3},\"1200\":{\"perPage\":4}}}\"><div class=\"splide__track\"><div class=\"splide__list\"><div class=\"splide__slide\"><a href=\"https:\/\/www.paysdesecrins.com\/wp-content\/uploads\/2025\/07\/191villages-oriol-de-queyrieres-saint-martin-de-queyrieres14-2-scaled.jpg\" data-glightbox=\"true\" class=\"lightbox-trigger\"><img decoding=\"async\" src=\"https:\/\/www.paysdesecrins.com\/wp-content\/uploads\/2025\/07\/191villages-oriol-de-queyrieres-saint-martin-de-queyrieres14-2-400x400.jpg\" alt=\"\"><\/a><\/div><div class=\"splide__slide\"><a href=\"https:\/\/www.paysdesecrins.com\/wp-content\/uploads\/2025\/08\/dsc01824-enhanced-nr-1-scaled.jpg\" data-glightbox=\"true\" class=\"lightbox-trigger\"><img decoding=\"async\" src=\"https:\/\/www.paysdesecrins.com\/wp-content\/uploads\/2025\/08\/dsc01824-enhanced-nr-1-400x400.jpg\" alt=\"\"><\/a><\/div><div class=\"splide__slide\"><a href=\"https:\/\/www.paysdesecrins.com\/wp-content\/uploads\/2025\/08\/alpage-du-clot-des-amandiers-depuis-ratie-re3-scaled.jpg\" data-glightbox=\"true\" class=\"lightbox-trigger\"><img decoding=\"async\" src=\"https:\/\/www.paysdesecrins.com\/wp-content\/uploads\/2025\/08\/alpage-du-clot-des-amandiers-depuis-ratie-re3-400x400.jpg\" alt=\"\"><\/a><\/div><\/div><\/div><\/div><\/div>\n\n<div class=\"wp-block-ws-library-ws-share\"><span class=\"share-subtitle\">Did you like this page?<\/span><span class=\"share-title\">Share it!<\/span><button class=\"ws-share-button wp-element-button\">Share this page<\/button><\/div>\n\n<div class=\"wp-block-ws-library-ws-columns alignwide has-2-columns are-vertically-aligned-center layout-5050\">\n<div class=\"wp-block-ws-library-ws-column\"><div class=\"wrapper\">\n<p><\/p>\n<\/div><\/div>\n\n\n\n<div class=\"wp-block-ws-library-ws-column\"><div class=\"wrapper\">\n<p><\/p>\n<\/div><\/div>\n<\/div>\n","protected":false},"excerpt":{"rendered":"<p>Here, we all move together. The Pays des \u00c9crins offers simple ideas adapted to each age, with local pros to [&hellip;]<\/p>\n","protected":false},"author":4,"featured_media":64571,"parent":0,"menu_order":0,"comment_status":"closed","ping_status":"closed","template":"","meta":{"_thumbnail_id_2":64520,"summer_excerpt":"","season":"","station":"pelvoux","footnotes":""},"class_list":["post-46023","page","type-page","status-publish","has-post-thumbnail","hentry"],"yoast_head":"<!-- This site is optimized with the Yoast SEO plugin v27.3 - https:\/\/yoast.com\/product\/yoast-seo-wordpress\/ -->\n<title>The Pays des \u00c9crins with the family - Pays des \u00c9crins - Office de Tourisme<\/title>\n<meta name=\"robots\" content=\"index, follow, max-snippet:-1, max-image-preview:large, max-video-preview:-1\" \/>\n<link rel=\"canonical\" href=\"https:\/\/www.paysdesecrins.com\/en\/nordic-activities-for-the-little-ones\/\" \/>\n<meta property=\"og:locale\" content=\"en_US\" \/>\n<meta property=\"og:type\" content=\"article\" \/>\n<meta property=\"og:title\" content=\"The Pays des \u00c9crins with the family - Pays des \u00c9crins - Office de Tourisme\" \/>\n<meta property=\"og:description\" content=\"Here, we all move together. The Pays des \u00c9crins offers simple ideas adapted to each age, with local pros to [&hellip;]\" \/>\n<meta property=\"og:url\" content=\"https:\/\/www.paysdesecrins.com\/en\/nordic-activities-for-the-little-ones\/\" \/>\n<meta property=\"og:site_name\" content=\"Pays des \u00c9crins - Office de Tourisme\" \/>\n<meta property=\"article:modified_time\" content=\"2025-11-07T12:26:00+00:00\" \/>\n<meta property=\"og:image\" content=\"https:\/\/www.paysdesecrins.com\/wp-content\/uploads\/2025\/08\/01-29-25-balade-dans-la-neige-33-scaled.jpg\" \/>\n\t<meta property=\"og:image:width\" content=\"2560\" \/>\n\t<meta property=\"og:image:height\" content=\"1707\" \/>\n\t<meta property=\"og:image:type\" content=\"image\/jpeg\" \/>\n<meta name=\"twitter:card\" content=\"summary_large_image\" \/>\n<meta name=\"twitter:label1\" content=\"Est. reading time\" \/>\n\t<meta name=\"twitter:data1\" content=\"7 minutes\" \/>\n<script type=\"application\/ld+json\" class=\"yoast-schema-graph\">{\"@context\":\"https:\\\/\\\/schema.org\",\"@graph\":[{\"@type\":\"WebPage\",\"@id\":\"https:\\\/\\\/www.paysdesecrins.com\\\/en\\\/nordic-activities-for-the-little-ones\\\/\",\"url\":\"https:\\\/\\\/www.paysdesecrins.com\\\/en\\\/nordic-activities-for-the-little-ones\\\/\",\"name\":\"The Pays des \u00c9crins with the family - Pays des \u00c9crins - Office de Tourisme\",\"isPartOf\":{\"@id\":\"https:\\\/\\\/www.paysdesecrins.com\\\/en\\\/#website\"},\"primaryImageOfPage\":{\"@id\":\"https:\\\/\\\/www.paysdesecrins.com\\\/en\\\/nordic-activities-for-the-little-ones\\\/#primaryimage\"},\"image\":{\"@id\":\"https:\\\/\\\/www.paysdesecrins.com\\\/en\\\/nordic-activities-for-the-little-ones\\\/#primaryimage\"},\"thumbnailUrl\":\"https:\\\/\\\/www.paysdesecrins.com\\\/wp-content\\\/uploads\\\/2025\\\/08\\\/01-29-25-balade-dans-la-neige-33-scaled.jpg\",\"datePublished\":\"2025-07-23T13:20:01+00:00\",\"dateModified\":\"2025-11-07T12:26:00+00:00\",\"breadcrumb\":{\"@id\":\"https:\\\/\\\/www.paysdesecrins.com\\\/en\\\/nordic-activities-for-the-little-ones\\\/#breadcrumb\"},\"inLanguage\":\"en-US\",\"potentialAction\":[{\"@type\":\"ReadAction\",\"target\":[\"https:\\\/\\\/www.paysdesecrins.com\\\/en\\\/nordic-activities-for-the-little-ones\\\/\"]}]},{\"@type\":\"ImageObject\",\"inLanguage\":\"en-US\",\"@id\":\"https:\\\/\\\/www.paysdesecrins.com\\\/en\\\/nordic-activities-for-the-little-ones\\\/#primaryimage\",\"url\":\"https:\\\/\\\/www.paysdesecrins.com\\\/wp-content\\\/uploads\\\/2025\\\/08\\\/01-29-25-balade-dans-la-neige-33-scaled.jpg\",\"contentUrl\":\"https:\\\/\\\/www.paysdesecrins.com\\\/wp-content\\\/uploads\\\/2025\\\/08\\\/01-29-25-balade-dans-la-neige-33-scaled.jpg\",\"width\":2560,\"height\":1707},{\"@type\":\"BreadcrumbList\",\"@id\":\"https:\\\/\\\/www.paysdesecrins.com\\\/en\\\/nordic-activities-for-the-little-ones\\\/#breadcrumb\",\"itemListElement\":[{\"@type\":\"ListItem\",\"position\":1,\"name\":\"Home\",\"item\":\"https:\\\/\\\/www.paysdesecrins.com\\\/en\\\/the-title-of-the-home\\\/\"},{\"@type\":\"ListItem\",\"position\":2,\"name\":\"The Pays des \u00c9crins with the family\"}]},{\"@type\":\"WebSite\",\"@id\":\"https:\\\/\\\/www.paysdesecrins.com\\\/en\\\/#website\",\"url\":\"https:\\\/\\\/www.paysdesecrins.com\\\/en\\\/\",\"name\":\"Pays des \u00c9crins - Office de Tourisme\",\"description\":\"L&#039;esprit montagne\",\"publisher\":{\"@id\":\"https:\\\/\\\/www.paysdesecrins.com\\\/en\\\/#organization\"},\"potentialAction\":[{\"@type\":\"SearchAction\",\"target\":{\"@type\":\"EntryPoint\",\"urlTemplate\":\"https:\\\/\\\/www.paysdesecrins.com\\\/en\\\/?s={search_term_string}\"},\"query-input\":{\"@type\":\"PropertyValueSpecification\",\"valueRequired\":true,\"valueName\":\"search_term_string\"}}],\"inLanguage\":\"en-US\"},{\"@type\":\"Organization\",\"@id\":\"https:\\\/\\\/www.paysdesecrins.com\\\/en\\\/#organization\",\"name\":\"Pays des \u00c9crins - Office de Tourisme\",\"url\":\"https:\\\/\\\/www.paysdesecrins.com\\\/en\\\/\",\"logo\":{\"@type\":\"ImageObject\",\"inLanguage\":\"en-US\",\"@id\":\"https:\\\/\\\/www.paysdesecrins.com\\\/en\\\/#\\\/schema\\\/logo\\\/image\\\/\",\"url\":\"https:\\\/\\\/www.paysdesecrins.com\\\/wp-content\\\/uploads\\\/2025\\\/06\\\/devina-svg-1750845694.svg\",\"contentUrl\":\"https:\\\/\\\/www.paysdesecrins.com\\\/wp-content\\\/uploads\\\/2025\\\/06\\\/devina-svg-1750845694.svg\",\"caption\":\"Pays des \u00c9crins - Office de Tourisme\"},\"image\":{\"@id\":\"https:\\\/\\\/www.paysdesecrins.com\\\/en\\\/#\\\/schema\\\/logo\\\/image\\\/\"}}]}<\/script>\n<!-- \/ Yoast SEO plugin. -->","yoast_head_json":{"title":"The Pays des \u00c9crins with the family - Pays des \u00c9crins - Office de Tourisme","robots":{"index":"index","follow":"follow","max-snippet":"max-snippet:-1","max-image-preview":"max-image-preview:large","max-video-preview":"max-video-preview:-1"},"canonical":"https:\/\/www.paysdesecrins.com\/en\/nordic-activities-for-the-little-ones\/","og_locale":"en_US","og_type":"article","og_title":"The Pays des \u00c9crins with the family - Pays des \u00c9crins - Office de Tourisme","og_description":"Here, we all move together. The Pays des \u00c9crins offers simple ideas adapted to each age, with local pros to [&hellip;]","og_url":"https:\/\/www.paysdesecrins.com\/en\/nordic-activities-for-the-little-ones\/","og_site_name":"Pays des \u00c9crins - Office de Tourisme","article_modified_time":"2025-11-07T12:26:00+00:00","og_image":[{"width":2560,"height":1707,"url":"https:\/\/www.paysdesecrins.com\/wp-content\/uploads\/2025\/08\/01-29-25-balade-dans-la-neige-33-scaled.jpg","type":"image\/jpeg"}],"twitter_card":"summary_large_image","twitter_misc":{"Est. reading time":"7 minutes"},"schema":{"@context":"https:\/\/schema.org","@graph":[{"@type":"WebPage","@id":"https:\/\/www.paysdesecrins.com\/en\/nordic-activities-for-the-little-ones\/","url":"https:\/\/www.paysdesecrins.com\/en\/nordic-activities-for-the-little-ones\/","name":"The Pays des \u00c9crins with the family - Pays des \u00c9crins - Office de Tourisme","isPartOf":{"@id":"https:\/\/www.paysdesecrins.com\/en\/#website"},"primaryImageOfPage":{"@id":"https:\/\/www.paysdesecrins.com\/en\/nordic-activities-for-the-little-ones\/#primaryimage"},"image":{"@id":"https:\/\/www.paysdesecrins.com\/en\/nordic-activities-for-the-little-ones\/#primaryimage"},"thumbnailUrl":"https:\/\/www.paysdesecrins.com\/wp-content\/uploads\/2025\/08\/01-29-25-balade-dans-la-neige-33-scaled.jpg","datePublished":"2025-07-23T13:20:01+00:00","dateModified":"2025-11-07T12:26:00+00:00","breadcrumb":{"@id":"https:\/\/www.paysdesecrins.com\/en\/nordic-activities-for-the-little-ones\/#breadcrumb"},"inLanguage":"en-US","potentialAction":[{"@type":"ReadAction","target":["https:\/\/www.paysdesecrins.com\/en\/nordic-activities-for-the-little-ones\/"]}]},{"@type":"ImageObject","inLanguage":"en-US","@id":"https:\/\/www.paysdesecrins.com\/en\/nordic-activities-for-the-little-ones\/#primaryimage","url":"https:\/\/www.paysdesecrins.com\/wp-content\/uploads\/2025\/08\/01-29-25-balade-dans-la-neige-33-scaled.jpg","contentUrl":"https:\/\/www.paysdesecrins.com\/wp-content\/uploads\/2025\/08\/01-29-25-balade-dans-la-neige-33-scaled.jpg","width":2560,"height":1707},{"@type":"BreadcrumbList","@id":"https:\/\/www.paysdesecrins.com\/en\/nordic-activities-for-the-little-ones\/#breadcrumb","itemListElement":[{"@type":"ListItem","position":1,"name":"Home","item":"https:\/\/www.paysdesecrins.com\/en\/the-title-of-the-home\/"},{"@type":"ListItem","position":2,"name":"The Pays des \u00c9crins with the family"}]},{"@type":"WebSite","@id":"https:\/\/www.paysdesecrins.com\/en\/#website","url":"https:\/\/www.paysdesecrins.com\/en\/","name":"Pays des \u00c9crins - Office de Tourisme","description":"L&#039;esprit montagne","publisher":{"@id":"https:\/\/www.paysdesecrins.com\/en\/#organization"},"potentialAction":[{"@type":"SearchAction","target":{"@type":"EntryPoint","urlTemplate":"https:\/\/www.paysdesecrins.com\/en\/?s={search_term_string}"},"query-input":{"@type":"PropertyValueSpecification","valueRequired":true,"valueName":"search_term_string"}}],"inLanguage":"en-US"},{"@type":"Organization","@id":"https:\/\/www.paysdesecrins.com\/en\/#organization","name":"Pays des \u00c9crins - Office de Tourisme","url":"https:\/\/www.paysdesecrins.com\/en\/","logo":{"@type":"ImageObject","inLanguage":"en-US","@id":"https:\/\/www.paysdesecrins.com\/en\/#\/schema\/logo\/image\/","url":"https:\/\/www.paysdesecrins.com\/wp-content\/uploads\/2025\/06\/devina-svg-1750845694.svg","contentUrl":"https:\/\/www.paysdesecrins.com\/wp-content\/uploads\/2025\/06\/devina-svg-1750845694.svg","caption":"Pays des \u00c9crins - Office de Tourisme"},"image":{"@id":"https:\/\/www.paysdesecrins.com\/en\/#\/schema\/logo\/image\/"}}]}},"_links":{"self":[{"href":"https:\/\/www.paysdesecrins.com\/en\/wp-json\/wp\/v2\/pages\/46023","targetHints":{"allow":["GET"]}}],"collection":[{"href":"https:\/\/www.paysdesecrins.com\/en\/wp-json\/wp\/v2\/pages"}],"about":[{"href":"https:\/\/www.paysdesecrins.com\/en\/wp-json\/wp\/v2\/types\/page"}],"author":[{"embeddable":true,"href":"https:\/\/www.paysdesecrins.com\/en\/wp-json\/wp\/v2\/users\/4"}],"replies":[{"embeddable":true,"href":"https:\/\/www.paysdesecrins.com\/en\/wp-json\/wp\/v2\/comments?post=46023"}],"version-history":[{"count":2,"href":"https:\/\/www.paysdesecrins.com\/en\/wp-json\/wp\/v2\/pages\/46023\/revisions"}],"predecessor-version":[{"id":82566,"href":"https:\/\/www.paysdesecrins.com\/en\/wp-json\/wp\/v2\/pages\/46023\/revisions\/82566"}],"wp:featuredmedia":[{"embeddable":true,"href":"https:\/\/www.paysdesecrins.com\/en\/wp-json\/wp\/v2\/media\/64571"}],"wp:attachment":[{"href":"https:\/\/www.paysdesecrins.com\/en\/wp-json\/wp\/v2\/media?parent=46023"}],"curies":[{"name":"wp","href":"https:\/\/api.w.org\/{rel}","templated":true}]}}