{"id":47430,"date":"2025-07-28T16:35:15","date_gmt":"2025-07-28T14:35:15","guid":{"rendered":"https:\/\/www.paysdesecrins.com\/access-and-shuttles\/the-car-free-pays-des-ecrins-departing-from-the-argentiere-les-ecrins-train-station\/"},"modified":"2025-08-07T15:06:43","modified_gmt":"2025-08-07T13:06:43","slug":"the-car-free-pays-des-ecrins-departing-from-the-argentiere-les-ecrins-train-station","status":"publish","type":"page","link":"https:\/\/www.paysdesecrins.com\/en\/i-choose\/access-and-shuttles\/the-car-free-pays-des-ecrins-departing-from-the-argentiere-les-ecrins-train-station\/","title":{"rendered":"The car-free Pays des \u00c9crins, departing from Argenti\u00e8re les \u00c9crins station"},"content":{"rendered":"    <div class=\"alignfull wp-block-ws-library-ws-header-interne\">\n\t    <div class=\"header-container\">\n\t        <div class=\"group-media has-image\">\n\t            \t                <img loading=\"lazy\" decoding=\"async\" width=\"1920\" height=\"800\" src=\"https:\/\/www.paysdesecrins.com\/wp-content\/uploads\/2025\/07\/bivouac-et-trail-cre-te-de-rougnoux-133-1-1-1920x800.jpg\" alt=\"\" class=\"image_large_square wp-image-48669\" \/>\n\t            \t        <\/div>\n\t        <div class=\"group-content\">\n\t            <div class=\"title\">\n\t                <h1>\n\t                    The car-free Pays des \u00c9crins, departing from Argenti\u00e8re les \u00c9crins station\t                    \t                <\/h1>\n\t            <\/div>\n\t        <\/div>\n\t    <\/div>\n\t    \n<div class=\"yoast-breadcrumbs\"><span><span><a href=\"https:\/\/www.paysdesecrins.com\/en\/the-title-of-the-home\/\">Home<\/a><\/span>  <span><a href=\"https:\/\/www.paysdesecrins.com\/en\/i-choose\/\">I choose<\/a><\/span>  <span><a href=\"https:\/\/www.paysdesecrins.com\/en\/i-choose\/access-and-shuttles\/\">Access and transport<\/a><\/span>  <span class=\"breadcrumb_last\" aria-current=\"page\">The car-free Pays des \u00c9crins, departing from Argenti\u00e8re les \u00c9crins station<\/span><\/span><\/div>\n    <\/div>\n    \n<div class=\"wp-block-ws-library-ws-title aligncenter is-style-simple\"><h2>How to get to the Pays des \u00c9crins without a car?<\/h2><\/div>\n\n<p class=\"has-text-align-center\"><strong>Students<\/strong> or<strong> young professionals<\/strong> without a car? Are you concerned about going to the mountains with <strong>the lowest possible carbon footprint<\/strong> ? Discovering the most beautiful peaks of the \u00c9crins without a car, with <strong>eco-responsible practices<\/strong>, is now possible!  <\/p>\n\n<p>Gateway to the <strong>Pays des \u00c9crins<\/strong>, the town of Argenti\u00e8re-la-Bess\u00e9e is served by <strong>trains <\/strong>from <strong>Valence<\/strong>, <strong>Marseille, Paris, <\/strong>or <strong>Gap<\/strong>, or <strong>Grenoble <\/strong>(shuttle from Grenoble to Brian\u00e7on then train from Brian\u00e7on to Argenti\u00e8re). It is also possible to reach the Pays des \u00c9crins by <strong>TGV<\/strong>, via <strong>Oulx<\/strong> station. Finally, for <strong>night train<\/strong> enthusiasts, one of the last night trains in France runs regularly between <strong>Paris <\/strong>and <strong>Brian\u00e7on<\/strong>, stopping at L&#8217;Argenti\u00e8re.  <\/p>\n\n<div class=\"wp-block-ws-library-ws-columns alignwide has-2-columns are-vertically-aligned-center layout-5050 is-style-background\">\n<div class=\"wp-block-ws-library-ws-column\"><div class=\"wrapper\">\n<div class=\"wp-block-ws-library-ws-title\"><h3><strong>Getting around the area with ease<\/strong><\/h3><\/div>\n\n\n\n<p class=\"has-text-align-left\">From there, <strong>shuttles take you <\/strong>to La<strong> Vallouise<\/strong>, the resort of<strong> Puy-Saint-Vincent<\/strong> and the hamlet of <strong>Ailefroide<\/strong>. Throughout the summer, these shuttles leave at<strong> 7:20 am<\/strong>, <strong>9:05 am<\/strong>, <strong>2:50 pm<\/strong> and <strong>7 pm<\/strong>. Find these shuttles on this link.    <\/p>\n\n\n\n<p>You also have the possibility to rent electrically assisted bicycles for the duration of your stay, by contacting our activity provider 60-40.<\/p>\n\n\n\n<p>You will also find places to recharge your electric bike batteries.  <\/p>\n\n\n\n<p>For lovers of <strong>alternative transport<\/strong>, many <strong>carpools <\/strong>are available throughout the country, especially from Grenoble.<\/p>\n<\/div><\/div>\n\n\n\n<div class=\"wp-block-ws-library-ws-column\"><div class=\"wrapper\">\n<div class=\"wp-block-ws-library-ws-image\"><div class=\"wrapper\"><div class=\"group-media\"><img decoding=\"async\" src=\"https:\/\/www.paysdesecrins.com\/wp-content\/uploads\/2025\/07\/1596546037-1771779768-952x640.jpg\" alt=\"\" class=\"single_image ws-image-47134\"><div class=\"credits\"><\/div><\/div><p class=\"caption\"><\/p><\/div><\/div>\n<\/div><\/div>\n<\/div>\n\n<div class=\"wp-block-ws-library-ws-title\"><h3><em>Which activities<\/em>are accessible without cars?<\/h3><\/div>\n\n<p class=\"has-text-align-left\">Many <strong>hikes<\/strong>, for <strong>the day <\/strong>or for <strong>itinerancy<\/strong>, are <strong>starting from<\/strong> L&#8217;Argenti\u00e8re, for all <strong>levels <\/strong>and all <strong>practices<\/strong>.<\/p>\n\n<p>For lovers of <strong>hiking over several days,<\/strong> the Pays des \u00c9crins has prepared three special itineraries, in <strong>3<\/strong>, <strong>6 <\/strong>and <strong>7 <\/strong>days that you can start in L&#8217;Argenti\u00e8re:<\/p>\n\n<ul class=\"wp-block-list\">\n<li><a href=\"https:\/\/rando.paysdesecrins.com\/a-pied\/tour-du-pays-des-ecrins-en-3-jours\/\" target=\"_blank\" rel=\"noreferrer noopener\">The tour of the Pays des \u00c9crins in 3 days <\/a>(departing from the station)<\/li>\n\n\n\n<li><a href=\"https:\/\/rando.paysdesecrins.com\/a-pied\/tour-du-pays-des-ecrins-en-6-jours\/\" target=\"_blank\" rel=\"noreferrer noopener\">The tour of the Pays des \u00c9crins in 6 days <\/a>(departing from the station)<\/li>\n\n\n\n<li><a href=\"https:\/\/rando.paysdesecrins.com\/a-pied\/tour-du-pays-des-ecrins-en-7-jours\/\" target=\"_blank\" rel=\"noreferrer noopener\">The tour of the Pays des \u00c9crins in 7 days <\/a>(from the station)<\/li>\n\n\n\n<li><a href=\"https:\/\/rando.paysdesecrins.com\/vtt\/traversee-du-pays-des-ecrins-en-vtt\/\" target=\"_blank\" rel=\"noreferrer noopener\">Crossing the Pays des \u00c9crins by mountain bike <\/a>(departing from Brian\u00e7on station)<\/li>\n<\/ul>\n\n<p>It is also possible to join the <a href=\"https:\/\/rando.paysdesecrins.com\/a-pied\/gr54-tour-de-loisans-et-des-ecrins-depuis-largentiere-la-bessee\/\" target=\"_blank\" rel=\"noreferrer noopener\">GR54 from L&#8217;Argenti\u00e8re<\/a>, to <strong>discover the whole of the \u00c9crins massif<\/strong>, on this superb hike that takes <strong>about ten days<\/strong>.<\/p>\n\n<p>If you want to <strong>warm <\/strong>up before going on a longer hike, or if you are only here for a few days, take advantage of these <strong>short hikes that<\/strong> are easily accessible from L&#8217;Argenti\u00e8re, still without a car:<\/p>\n\n<ul class=\"wp-block-list\">\n<li><a href=\"https:\/\/rando.paysdesecrins.com\/a-pied\/le-sentier-des-mineurs\/\" target=\"_blank\" rel=\"noreferrer noopener\">The Miners&#8217; Trail<\/a> (3h30, 384m of elevation, from the station)<\/li>\n\n\n\n<li><a href=\"https:\/\/rando.paysdesecrins.com\/a-pied\/sentier-thematique-balade-du-circuit-industriel\/\" target=\"_blank\" rel=\"noreferrer noopener\">Walk of the Industrial Circuit<\/a> (1h30, departure from the tourist office, 5 minutes from the station)<\/li>\n\n\n\n<li><a href=\"https:\/\/rando.paysdesecrins.com\/a-pied\/randoland-largentiere-la-bessee\/\" target=\"_blank\" rel=\"noreferrer noopener\">Randoland L&#8217;Argenti\u00e8re<\/a> (2 hours, departure from the Chapelle Saint Jean, 5 minutes from the station)<\/li>\n\n\n\n<li><a href=\"https:\/\/rando.paysdesecrins.com\/a-pied\/la-voie-verte-de-largentiere-la-bessee\/\" target=\"_blank\" rel=\"noreferrer noopener\">The Argenti\u00e8re greenway<\/a> (1 hour, departure from the tourist office, 5 minutes from the station)<\/li>\n\n\n\n<li><a href=\"https:\/\/rando.paysdesecrins.com\/trek\/973179-Parcours-n17---Les-Chardons-Bleus\" target=\"_blank\" rel=\"noreferrer noopener\">Les Chardons Bleus<\/a> (mountain biking, 3h30, 675m of elevation, starting from the kiosk, 5 minutes from the station)<\/li>\n\n\n\n<li><a href=\"https:\/\/rando.paysdesecrins.com\/trek\/972259-Parcours-n16---Le-Tour-des-Tetes\" target=\"_blank\" rel=\"noreferrer noopener\">The Tour des T\u00eates<\/a> (mountain biking, 3h15, 871m of elevation, starting from the kiosk, 5 minutes from the station)<\/li>\n\n\n\n<li><a href=\"https:\/\/rando.paysdesecrins.com\/trek\/970522-Parcours-n18---Les-Eyssuches\" target=\"_blank\" rel=\"noreferrer noopener\">Les Eyssuches<\/a> (mountain biking, 1h45, 287m of elevation, starting from the kiosk, 5 minutes from the station)<\/li>\n\n\n\n<li><a href=\"https:\/\/rando.paysdesecrins.com\/trail\/kilometre-vertical-de-largentiere-la-bessee\/\" target=\"_blank\" rel=\"noreferrer noopener\">Vertical Kilometer of Argenti\u00e8re<\/a> (Trail, 1h30, 1054m of elevation, starting from the Turbine roundabout, 5 minutes from the station)<\/li>\n\n\n\n<li><a href=\"https:\/\/rando.paysdesecrins.com\/trail\/les-tetes-par-la-pignee-parcours-trail-n23\/\" target=\"_blank\" rel=\"noreferrer noopener\">Les T\u00eates par la Pign\u00e9e<\/a> (Trail, 5 hours, 1084m of elevation gain from the Turbine roundabout, 5 minutes from the station)<\/li>\n\n\n\n<li><a href=\"https:\/\/rando.paysdesecrins.com\/trail\/autour-des-mines-parcours-trail-n22\/\" target=\"_blank\" rel=\"noreferrer noopener\">Around the Mines<\/a> (Trail, 3h, 425m of elevation, starting from the Turbine roundabout, 5 minutes from the station)<\/li>\n<\/ul>\n\n<div class=\"wp-block-ws-library-ws-slider alignwide\"><div class=\"splide\" data-splide=\"{\"type\":\"slide\",\"heightRatio\":\"auto\",\"perPage\":4,\"perMove\":1,\"drag\":true,\"pagination\":0,\"autoplay\":false,\"gap\":\"15px\",\"breakpoints\":{\"450\":{\"perPage\":1},\"768\":{\"perPage\":2},\"992\":{\"perPage\":3},\"1200\":{\"perPage\":4}}}\"><div class=\"splide__track\"><div class=\"splide__list\"><div class=\"splide__slide\"><a href=\"https:\/\/www.paysdesecrins.com\/wp-content\/uploads\/2025\/07\/1596546330-1499666308-400x400.jpg\" data-glightbox=\"true\" class=\"lightbox-trigger\"><img decoding=\"async\" src=\"https:\/\/www.paysdesecrins.com\/wp-content\/uploads\/2025\/07\/1596546330-1499666308-400x400.jpg\" alt=\"\"><\/a><\/div><div class=\"splide__slide\"><a href=\"https:\/\/www.paysdesecrins.com\/wp-content\/uploads\/2025\/07\/1596547019-1518864867-400x400.jpg\" data-glightbox=\"true\" class=\"lightbox-trigger\"><img decoding=\"async\" src=\"https:\/\/www.paysdesecrins.com\/wp-content\/uploads\/2025\/07\/1596547019-1518864867-400x400.jpg\" alt=\"\"><\/a><\/div><div class=\"splide__slide\"><a href=\"https:\/\/www.paysdesecrins.com\/wp-content\/uploads\/2025\/07\/1596546330-507823710-400x400.jpg\" data-glightbox=\"true\" class=\"lightbox-trigger\"><img decoding=\"async\" src=\"https:\/\/www.paysdesecrins.com\/wp-content\/uploads\/2025\/07\/1596546330-507823710-400x400.jpg\" alt=\"\"><\/a><\/div><\/div><\/div><\/div><\/div>\n\n<div class=\"wp-block-ws-library-ws-share\"><span class=\"share-subtitle\">Did you like this page?<\/span><span class=\"share-title\">Share it!<\/span><button class=\"ws-share-button wp-element-button\">Share this page<\/button><\/div>\n","protected":false},"excerpt":{"rendered":"<p>Students or young professionals without a car? Are you concerned about going to the mountains with the lowest possible carbon [&hellip;]<\/p>\n","protected":false},"author":9,"featured_media":48671,"parent":45938,"menu_order":0,"comment_status":"closed","ping_status":"closed","template":"","meta":{"_thumbnail_id_2":0,"summer_excerpt":"","season":"","station":"","footnotes":""},"class_list":["post-47430","page","type-page","status-publish","has-post-thumbnail","hentry"],"yoast_head":"<!-- This site is optimized with the Yoast SEO plugin v27.3 - https:\/\/yoast.com\/product\/yoast-seo-wordpress\/ -->\n<title>The car-free Pays des \u00c9crins, departing from Argenti\u00e8re les \u00c9crins station - Pays des \u00c9crins - Office de Tourisme<\/title>\n<meta name=\"robots\" content=\"index, follow, max-snippet:-1, max-image-preview:large, max-video-preview:-1\" \/>\n<link rel=\"canonical\" href=\"https:\/\/www.paysdesecrins.com\/en\/i-choose\/access-and-shuttles\/the-car-free-pays-des-ecrins-departing-from-the-argentiere-les-ecrins-train-station\/\" \/>\n<meta property=\"og:locale\" content=\"en_US\" \/>\n<meta property=\"og:type\" content=\"article\" \/>\n<meta property=\"og:title\" content=\"The car-free Pays des \u00c9crins, departing from Argenti\u00e8re les \u00c9crins station - Pays des \u00c9crins - Office de Tourisme\" \/>\n<meta property=\"og:description\" content=\"Students or young professionals without a car? Are you concerned about going to the mountains with the lowest possible carbon [&hellip;]\" \/>\n<meta property=\"og:url\" content=\"https:\/\/www.paysdesecrins.com\/en\/i-choose\/access-and-shuttles\/the-car-free-pays-des-ecrins-departing-from-the-argentiere-les-ecrins-train-station\/\" \/>\n<meta property=\"og:site_name\" content=\"Pays des \u00c9crins - Office de Tourisme\" \/>\n<meta property=\"article:modified_time\" content=\"2025-08-07T13:06:43+00:00\" \/>\n<meta property=\"og:image\" content=\"https:\/\/www.paysdesecrins.com\/wp-content\/uploads\/2025\/07\/bivouac-et-trail-cre-te-de-rougnoux-133-1-1-scaled.jpg\" \/>\n\t<meta property=\"og:image:width\" content=\"2560\" \/>\n\t<meta property=\"og:image:height\" content=\"1707\" \/>\n\t<meta property=\"og:image:type\" content=\"image\/jpeg\" \/>\n<meta name=\"twitter:card\" content=\"summary_large_image\" \/>\n<meta name=\"twitter:label1\" content=\"Est. reading time\" \/>\n\t<meta name=\"twitter:data1\" content=\"3 minutes\" \/>\n<script type=\"application\/ld+json\" class=\"yoast-schema-graph\">{\"@context\":\"https:\\\/\\\/schema.org\",\"@graph\":[{\"@type\":\"WebPage\",\"@id\":\"https:\\\/\\\/www.paysdesecrins.com\\\/en\\\/i-choose\\\/access-and-shuttles\\\/the-car-free-pays-des-ecrins-departing-from-the-argentiere-les-ecrins-train-station\\\/\",\"url\":\"https:\\\/\\\/www.paysdesecrins.com\\\/en\\\/i-choose\\\/access-and-shuttles\\\/the-car-free-pays-des-ecrins-departing-from-the-argentiere-les-ecrins-train-station\\\/\",\"name\":\"The car-free Pays des \u00c9crins, departing from Argenti\u00e8re les \u00c9crins station - Pays des \u00c9crins - Office de Tourisme\",\"isPartOf\":{\"@id\":\"https:\\\/\\\/www.paysdesecrins.com\\\/en\\\/#website\"},\"primaryImageOfPage\":{\"@id\":\"https:\\\/\\\/www.paysdesecrins.com\\\/en\\\/i-choose\\\/access-and-shuttles\\\/the-car-free-pays-des-ecrins-departing-from-the-argentiere-les-ecrins-train-station\\\/#primaryimage\"},\"image\":{\"@id\":\"https:\\\/\\\/www.paysdesecrins.com\\\/en\\\/i-choose\\\/access-and-shuttles\\\/the-car-free-pays-des-ecrins-departing-from-the-argentiere-les-ecrins-train-station\\\/#primaryimage\"},\"thumbnailUrl\":\"https:\\\/\\\/www.paysdesecrins.com\\\/wp-content\\\/uploads\\\/2025\\\/07\\\/bivouac-et-trail-cre-te-de-rougnoux-133-1-1-scaled.jpg\",\"datePublished\":\"2025-07-28T14:35:15+00:00\",\"dateModified\":\"2025-08-07T13:06:43+00:00\",\"breadcrumb\":{\"@id\":\"https:\\\/\\\/www.paysdesecrins.com\\\/en\\\/i-choose\\\/access-and-shuttles\\\/the-car-free-pays-des-ecrins-departing-from-the-argentiere-les-ecrins-train-station\\\/#breadcrumb\"},\"inLanguage\":\"en-US\",\"potentialAction\":[{\"@type\":\"ReadAction\",\"target\":[\"https:\\\/\\\/www.paysdesecrins.com\\\/en\\\/i-choose\\\/access-and-shuttles\\\/the-car-free-pays-des-ecrins-departing-from-the-argentiere-les-ecrins-train-station\\\/\"]}]},{\"@type\":\"ImageObject\",\"inLanguage\":\"en-US\",\"@id\":\"https:\\\/\\\/www.paysdesecrins.com\\\/en\\\/i-choose\\\/access-and-shuttles\\\/the-car-free-pays-des-ecrins-departing-from-the-argentiere-les-ecrins-train-station\\\/#primaryimage\",\"url\":\"https:\\\/\\\/www.paysdesecrins.com\\\/wp-content\\\/uploads\\\/2025\\\/07\\\/bivouac-et-trail-cre-te-de-rougnoux-133-1-1-scaled.jpg\",\"contentUrl\":\"https:\\\/\\\/www.paysdesecrins.com\\\/wp-content\\\/uploads\\\/2025\\\/07\\\/bivouac-et-trail-cre-te-de-rougnoux-133-1-1-scaled.jpg\",\"width\":2560,\"height\":1707},{\"@type\":\"BreadcrumbList\",\"@id\":\"https:\\\/\\\/www.paysdesecrins.com\\\/en\\\/i-choose\\\/access-and-shuttles\\\/the-car-free-pays-des-ecrins-departing-from-the-argentiere-les-ecrins-train-station\\\/#breadcrumb\",\"itemListElement\":[{\"@type\":\"ListItem\",\"position\":1,\"name\":\"Home\",\"item\":\"https:\\\/\\\/www.paysdesecrins.com\\\/en\\\/the-title-of-the-home\\\/\"},{\"@type\":\"ListItem\",\"position\":2,\"name\":\"I choose\",\"item\":\"https:\\\/\\\/www.paysdesecrins.com\\\/en\\\/i-choose\\\/\"},{\"@type\":\"ListItem\",\"position\":3,\"name\":\"Access and transport\",\"item\":\"https:\\\/\\\/www.paysdesecrins.com\\\/en\\\/i-choose\\\/access-and-shuttles\\\/\"},{\"@type\":\"ListItem\",\"position\":4,\"name\":\"The car-free Pays des \u00c9crins, departing from Argenti\u00e8re les \u00c9crins station\"}]},{\"@type\":\"WebSite\",\"@id\":\"https:\\\/\\\/www.paysdesecrins.com\\\/en\\\/#website\",\"url\":\"https:\\\/\\\/www.paysdesecrins.com\\\/en\\\/\",\"name\":\"Pays des \u00c9crins - Office de Tourisme\",\"description\":\"L&#039;esprit montagne\",\"publisher\":{\"@id\":\"https:\\\/\\\/www.paysdesecrins.com\\\/en\\\/#organization\"},\"potentialAction\":[{\"@type\":\"SearchAction\",\"target\":{\"@type\":\"EntryPoint\",\"urlTemplate\":\"https:\\\/\\\/www.paysdesecrins.com\\\/en\\\/?s={search_term_string}\"},\"query-input\":{\"@type\":\"PropertyValueSpecification\",\"valueRequired\":true,\"valueName\":\"search_term_string\"}}],\"inLanguage\":\"en-US\"},{\"@type\":\"Organization\",\"@id\":\"https:\\\/\\\/www.paysdesecrins.com\\\/en\\\/#organization\",\"name\":\"Pays des \u00c9crins - Office de Tourisme\",\"url\":\"https:\\\/\\\/www.paysdesecrins.com\\\/en\\\/\",\"logo\":{\"@type\":\"ImageObject\",\"inLanguage\":\"en-US\",\"@id\":\"https:\\\/\\\/www.paysdesecrins.com\\\/en\\\/#\\\/schema\\\/logo\\\/image\\\/\",\"url\":\"https:\\\/\\\/www.paysdesecrins.com\\\/wp-content\\\/uploads\\\/2025\\\/06\\\/devina-svg-1750845694.svg\",\"contentUrl\":\"https:\\\/\\\/www.paysdesecrins.com\\\/wp-content\\\/uploads\\\/2025\\\/06\\\/devina-svg-1750845694.svg\",\"caption\":\"Pays des \u00c9crins - Office de Tourisme\"},\"image\":{\"@id\":\"https:\\\/\\\/www.paysdesecrins.com\\\/en\\\/#\\\/schema\\\/logo\\\/image\\\/\"}}]}<\/script>\n<!-- \/ Yoast SEO plugin. -->","yoast_head_json":{"title":"The car-free Pays des \u00c9crins, departing from Argenti\u00e8re les \u00c9crins station - Pays des \u00c9crins - Office de Tourisme","robots":{"index":"index","follow":"follow","max-snippet":"max-snippet:-1","max-image-preview":"max-image-preview:large","max-video-preview":"max-video-preview:-1"},"canonical":"https:\/\/www.paysdesecrins.com\/en\/i-choose\/access-and-shuttles\/the-car-free-pays-des-ecrins-departing-from-the-argentiere-les-ecrins-train-station\/","og_locale":"en_US","og_type":"article","og_title":"The car-free Pays des \u00c9crins, departing from Argenti\u00e8re les \u00c9crins station - Pays des \u00c9crins - Office de Tourisme","og_description":"Students or young professionals without a car? Are you concerned about going to the mountains with the lowest possible carbon [&hellip;]","og_url":"https:\/\/www.paysdesecrins.com\/en\/i-choose\/access-and-shuttles\/the-car-free-pays-des-ecrins-departing-from-the-argentiere-les-ecrins-train-station\/","og_site_name":"Pays des \u00c9crins - Office de Tourisme","article_modified_time":"2025-08-07T13:06:43+00:00","og_image":[{"width":2560,"height":1707,"url":"https:\/\/www.paysdesecrins.com\/wp-content\/uploads\/2025\/07\/bivouac-et-trail-cre-te-de-rougnoux-133-1-1-scaled.jpg","type":"image\/jpeg"}],"twitter_card":"summary_large_image","twitter_misc":{"Est. reading time":"3 minutes"},"schema":{"@context":"https:\/\/schema.org","@graph":[{"@type":"WebPage","@id":"https:\/\/www.paysdesecrins.com\/en\/i-choose\/access-and-shuttles\/the-car-free-pays-des-ecrins-departing-from-the-argentiere-les-ecrins-train-station\/","url":"https:\/\/www.paysdesecrins.com\/en\/i-choose\/access-and-shuttles\/the-car-free-pays-des-ecrins-departing-from-the-argentiere-les-ecrins-train-station\/","name":"The car-free Pays des \u00c9crins, departing from Argenti\u00e8re les \u00c9crins station - Pays des \u00c9crins - Office de Tourisme","isPartOf":{"@id":"https:\/\/www.paysdesecrins.com\/en\/#website"},"primaryImageOfPage":{"@id":"https:\/\/www.paysdesecrins.com\/en\/i-choose\/access-and-shuttles\/the-car-free-pays-des-ecrins-departing-from-the-argentiere-les-ecrins-train-station\/#primaryimage"},"image":{"@id":"https:\/\/www.paysdesecrins.com\/en\/i-choose\/access-and-shuttles\/the-car-free-pays-des-ecrins-departing-from-the-argentiere-les-ecrins-train-station\/#primaryimage"},"thumbnailUrl":"https:\/\/www.paysdesecrins.com\/wp-content\/uploads\/2025\/07\/bivouac-et-trail-cre-te-de-rougnoux-133-1-1-scaled.jpg","datePublished":"2025-07-28T14:35:15+00:00","dateModified":"2025-08-07T13:06:43+00:00","breadcrumb":{"@id":"https:\/\/www.paysdesecrins.com\/en\/i-choose\/access-and-shuttles\/the-car-free-pays-des-ecrins-departing-from-the-argentiere-les-ecrins-train-station\/#breadcrumb"},"inLanguage":"en-US","potentialAction":[{"@type":"ReadAction","target":["https:\/\/www.paysdesecrins.com\/en\/i-choose\/access-and-shuttles\/the-car-free-pays-des-ecrins-departing-from-the-argentiere-les-ecrins-train-station\/"]}]},{"@type":"ImageObject","inLanguage":"en-US","@id":"https:\/\/www.paysdesecrins.com\/en\/i-choose\/access-and-shuttles\/the-car-free-pays-des-ecrins-departing-from-the-argentiere-les-ecrins-train-station\/#primaryimage","url":"https:\/\/www.paysdesecrins.com\/wp-content\/uploads\/2025\/07\/bivouac-et-trail-cre-te-de-rougnoux-133-1-1-scaled.jpg","contentUrl":"https:\/\/www.paysdesecrins.com\/wp-content\/uploads\/2025\/07\/bivouac-et-trail-cre-te-de-rougnoux-133-1-1-scaled.jpg","width":2560,"height":1707},{"@type":"BreadcrumbList","@id":"https:\/\/www.paysdesecrins.com\/en\/i-choose\/access-and-shuttles\/the-car-free-pays-des-ecrins-departing-from-the-argentiere-les-ecrins-train-station\/#breadcrumb","itemListElement":[{"@type":"ListItem","position":1,"name":"Home","item":"https:\/\/www.paysdesecrins.com\/en\/the-title-of-the-home\/"},{"@type":"ListItem","position":2,"name":"I choose","item":"https:\/\/www.paysdesecrins.com\/en\/i-choose\/"},{"@type":"ListItem","position":3,"name":"Access and transport","item":"https:\/\/www.paysdesecrins.com\/en\/i-choose\/access-and-shuttles\/"},{"@type":"ListItem","position":4,"name":"The car-free Pays des \u00c9crins, departing from Argenti\u00e8re les \u00c9crins station"}]},{"@type":"WebSite","@id":"https:\/\/www.paysdesecrins.com\/en\/#website","url":"https:\/\/www.paysdesecrins.com\/en\/","name":"Pays des \u00c9crins - Office de Tourisme","description":"L&#039;esprit montagne","publisher":{"@id":"https:\/\/www.paysdesecrins.com\/en\/#organization"},"potentialAction":[{"@type":"SearchAction","target":{"@type":"EntryPoint","urlTemplate":"https:\/\/www.paysdesecrins.com\/en\/?s={search_term_string}"},"query-input":{"@type":"PropertyValueSpecification","valueRequired":true,"valueName":"search_term_string"}}],"inLanguage":"en-US"},{"@type":"Organization","@id":"https:\/\/www.paysdesecrins.com\/en\/#organization","name":"Pays des \u00c9crins - Office de Tourisme","url":"https:\/\/www.paysdesecrins.com\/en\/","logo":{"@type":"ImageObject","inLanguage":"en-US","@id":"https:\/\/www.paysdesecrins.com\/en\/#\/schema\/logo\/image\/","url":"https:\/\/www.paysdesecrins.com\/wp-content\/uploads\/2025\/06\/devina-svg-1750845694.svg","contentUrl":"https:\/\/www.paysdesecrins.com\/wp-content\/uploads\/2025\/06\/devina-svg-1750845694.svg","caption":"Pays des \u00c9crins - Office de Tourisme"},"image":{"@id":"https:\/\/www.paysdesecrins.com\/en\/#\/schema\/logo\/image\/"}}]}},"_links":{"self":[{"href":"https:\/\/www.paysdesecrins.com\/en\/wp-json\/wp\/v2\/pages\/47430","targetHints":{"allow":["GET"]}}],"collection":[{"href":"https:\/\/www.paysdesecrins.com\/en\/wp-json\/wp\/v2\/pages"}],"about":[{"href":"https:\/\/www.paysdesecrins.com\/en\/wp-json\/wp\/v2\/types\/page"}],"author":[{"embeddable":true,"href":"https:\/\/www.paysdesecrins.com\/en\/wp-json\/wp\/v2\/users\/9"}],"replies":[{"embeddable":true,"href":"https:\/\/www.paysdesecrins.com\/en\/wp-json\/wp\/v2\/comments?post=47430"}],"version-history":[{"count":0,"href":"https:\/\/www.paysdesecrins.com\/en\/wp-json\/wp\/v2\/pages\/47430\/revisions"}],"up":[{"embeddable":true,"href":"https:\/\/www.paysdesecrins.com\/en\/wp-json\/wp\/v2\/pages\/45938"}],"wp:featuredmedia":[{"embeddable":true,"href":"https:\/\/www.paysdesecrins.com\/en\/wp-json\/wp\/v2\/media\/48671"}],"wp:attachment":[{"href":"https:\/\/www.paysdesecrins.com\/en\/wp-json\/wp\/v2\/media?parent=47430"}],"curies":[{"name":"wp","href":"https:\/\/api.w.org\/{rel}","templated":true}]}}