{"id":48844,"date":"2025-07-29T11:11:10","date_gmt":"2025-07-29T09:11:10","guid":{"rendered":"https:\/\/www.paysdesecrins.com\/access-and-shuttles\/in-situ\/"},"modified":"2025-11-17T10:03:35","modified_gmt":"2025-11-17T09:03:35","slug":"in-situ","status":"publish","type":"page","link":"https:\/\/www.paysdesecrins.com\/en\/i-choose\/access-and-shuttles\/in-situ\/","title":{"rendered":"In situ"},"content":{"rendered":"    <div class=\"alignfull wp-block-ws-library-ws-header-interne\" data-season=\"summer\">\n\t    <div class=\"header-container\">\n\t        <div class=\"group-media has-image\">\n\t            \t                <img loading=\"lazy\" decoding=\"async\" width=\"1920\" height=\"800\" src=\"https:\/\/www.paysdesecrins.com\/wp-content\/uploads\/2025\/07\/ambiance-village-ailefroid-2-1920x800.jpg\" alt=\"\" class=\"image_large_square wp-image-48838\" \/>\n\t            \t        <\/div>\n\t        <div class=\"group-content\">\n\t            <div class=\"title\">\n\t                <h1>\n\t                    In situ\t                    \t                <\/h1>\n\t            <\/div>\n\t        <\/div>\n\t    <\/div>\n\t    \n<div class=\"yoast-breadcrumbs\"><span><span><a href=\"https:\/\/www.paysdesecrins.com\/en\/the-title-of-the-home\/\">Home<\/a><\/span>  <span><a href=\"https:\/\/www.paysdesecrins.com\/en\/i-choose\/\">I choose<\/a><\/span>  <span><a href=\"https:\/\/www.paysdesecrins.com\/en\/i-choose\/access-and-shuttles\/\">Access and transport<\/a><\/span>  <span class=\"breadcrumb_last\" aria-current=\"page\">In situ<\/span><\/span><\/div>\n    <\/div>\n        <div class=\"alignfull wp-block-ws-library-ws-header-interne\" data-season=\"winter\">\n\t    <div class=\"header-container\">\n\t        <div class=\"group-media has-image\">\n\t            \t                <img loading=\"lazy\" decoding=\"async\" width=\"1436\" height=\"800\" src=\"https:\/\/www.paysdesecrins.com\/wp-content\/uploads\/2025\/07\/capture-decran-2025-07-29-a-110556-1436x800.png\" alt=\"\" class=\"image_large_square wp-image-48827\" \/>\n\t            \t        <\/div>\n\t        <div class=\"group-content\">\n\t            <div class=\"title\">\n\t                <h1>\n\t                    In situ\t                    \t                <\/h1>\n\t            <\/div>\n\t        <\/div>\n\t    <\/div>\n\t    \n<div class=\"yoast-breadcrumbs\"><span><span><a href=\"https:\/\/www.paysdesecrins.com\/en\/the-title-of-the-home\/\">Home<\/a><\/span>  <span><a href=\"https:\/\/www.paysdesecrins.com\/en\/i-choose\/\">I choose<\/a><\/span>  <span><a href=\"https:\/\/www.paysdesecrins.com\/en\/i-choose\/access-and-shuttles\/\">Access and transport<\/a><\/span>  <span class=\"breadcrumb_last\" aria-current=\"page\">In situ<\/span><\/span><\/div>\n    <\/div>\n    \n<div class=\"wp-block-ws-library-ws-title aligncenter is-style-simple\"><h2>Find the transport available on site to get you to the different communes of the Pays des \u00c9crins<\/h2><\/div>\n\n<div class=\"wp-block-ws-library-ws-image\"><div class=\"wrapper\"><div class=\"group-media\"><img decoding=\"async\" src=\"https:\/\/www.paysdesecrins.com\/wp-content\/uploads\/2025\/08\/plan-acces-pays-des-ecrins-905x640.png\" alt=\"\" class=\"single_image ws-image-91894\"><div class=\"credits\"><\/div><\/div><p class=\"caption\"><\/p><\/div><\/div>\n\n<div class=\"wp-block-ws-library-ws-columns alignwide has-2-columns are-vertically-aligned-center layout-5050 is-style-background\">\n<div class=\"wp-block-ws-library-ws-column\"><div class=\"wrapper\">\n<div class=\"wp-block-ws-library-ws-title\"><h3>travel easily in the Pays des \u00c9crins<\/h3><\/div>\n\n\n\n<p>The Pays des \u00c9crins provides several shuttles to facilitate your travel between the different resorts and villages in the area. Whether you&#8217;re on a summer or winter vacation, these transportation services allow you to enjoy your stay to the fullest without having to worry about the car.   <strong>Shuttle schedules are updated before each season to adapt to the needs of travelers and local conditions.<\/strong>  Here are the different shuttles available and their characteristics.<\/p>\n<\/div><\/div>\n\n\n\n<div class=\"wp-block-ws-library-ws-column\"><div class=\"wrapper\">\n<div class=\"wp-block-ws-library-ws-image\"><div class=\"wrapper\"><div class=\"group-media\"><img decoding=\"async\" src=\"https:\/\/www.paysdesecrins.com\/wp-content\/uploads\/2025\/07\/dsc01656-1-960x640.png\" alt=\"\" class=\"single_image ws-image-48875\"><div class=\"credits\"><\/div><\/div><p class=\"caption\"><\/p><\/div><\/div>\n<\/div><\/div>\n<\/div>\n\n<div class=\"wp-block-ws-library-ws-title\"><h3><em>The <strong><strong>regular<\/strong><\/strong> shuttle, <\/em>All year round<\/h3><\/div>\n\n<p><strong>L&#8217;Argenti\u00e8re-La Bess\u00e9e &#8211; Pelvoux-Vallouise<br\/><\/strong>This shuttle runs in both summer and winter and allows you to reach the main points of interest in the Vallouise. Ideal for hikers in summer and skiers in winter, it connects the Argenti\u00e8re-la-Bess\u00e9e train station to the various municipalities in the valley, up to the town hall of Pelvoux-Vallouise, to make your travels simple and pleasant.   <strong>Find the schedules of the regular shuttle below.<\/strong> <\/p>\n\n<div class=\"wp-block-ws-library-ws-documents\">\n<div class=\"wp-block-ws-library-ws-document\"><a href=\"https:\/\/www.paysdesecrins.com\/wp-content\/uploads\/2025\/07\/20250414100152672.pdf\" target=\"_blank\" rel=\"noopener noreferrer\" class=\"link-document\">Schedules-regular-shuttle-l&#8217;argenti\u00e8re-la-bess\u00e9e-Vallouise-Pelvoux<\/a><\/div>\n<\/div>\n\n<hr class=\"wp-block-separator has-alpha-channel-opacity\"\/>\n\n<div class=\"wp-block-ws-library-ws-title\"><h3><em><strong>The<\/strong><\/em><strong><strong><strong>inter-resort shuttle &#8211; Summer<\/strong><\/strong><\/strong><\/h3><\/div>\n\n<p>L&#8217;Argenti\u00e8re-La Bess\u00e9e &#8211; Les Vigneaux &#8211; Vallouise-Pelvoux &#8211; Puy Saint Vincent (1400 &#8211; 1600)<br\/>During the <strong>summer season<\/strong>, the inter-resort shuttle provides a link between the Argenti\u00e8re-la Bess\u00e9e station, the municipalities and the various high-altitude areas of the Pays des \u00c9crins. It allows you to reach all the communes of the Vallouise and our two high altitude areas (Puy Saint Vincent and Pelvoux-Vallouise), with ease.   <strong>Find the timetable for the inter-resort shuttle below.<\/strong><\/p>\n\n<div class=\"wp-block-ws-library-ws-documents\">\n<div class=\"wp-block-ws-library-ws-document\"><a href=\"https:\/\/www.paysdesecrins.com\/wp-content\/uploads\/2025\/08\/543-largentiere-psv-ete-2025.pdf\" target=\"_blank\" rel=\"noopener noreferrer\" class=\"link-document\">Shuttle Zou 543 &#8211; L&#8217;Argenti\u00e8re &#8211; Vallouise &#8211; Puy Saint Vincent<\/a><\/div>\n\n\n\n<div class=\"wp-block-ws-library-ws-document\"><a href=\"https:\/\/www.paysdesecrins.com\/wp-content\/uploads\/2025\/07\/ccpe-transport-depliant-a4.pdf\" target=\"_blank\" rel=\"noopener noreferrer\" class=\"link-document\">Estibus-Pays-des-\u00c9crins-summer-2025<\/a><\/div>\n\n\n\n<div class=\"wp-block-ws-library-ws-document\"><a href=\"https:\/\/www.paysdesecrins.com\/wp-content\/uploads\/2025\/07\/estibus-entre-aygues.pdf\" target=\"_blank\" rel=\"noopener noreferrer\" class=\"link-document\">Estibus_entre-les-aygues<\/a><\/div>\n<\/div>\n\n<hr class=\"wp-block-separator has-alpha-channel-opacity\"\/>\n\n<div class=\"wp-block-ws-library-ws-title\"><h3><em><strong><strong>The Pays des \u00c9crins<\/strong><\/strong><\/em><strong><strong><strong>By taxi<\/strong><\/strong><\/strong><\/h3><\/div>\n\n<p>L&#8217;Argenti\u00e8re-La Bess\u00e9e &#8211; Les Vigneaux &#8211; Vallouise-Pelvoux &#8211; Puy Saint Vincent (1400 &#8211; 1600)<br\/>If you prefer a more personalised transport service or wish to travel outside the shuttle hours, there are several taxi companies available in the Pays des \u00c9crins. You can contact them to arrange your travel.   <\/p>\n\n<div class=\"wp-block-ws-library-ws-documents\">\n<div class=\"wp-block-ws-library-ws-document\"><a href=\"https:\/\/www.paysdesecrins.com\/wp-content\/uploads\/2025\/07\/taxis-2025.pdf\" target=\"_blank\" rel=\"noopener noreferrer\" class=\"link-document\">taxis_2025<\/a><\/div>\n<\/div>\n\n<div class=\"wp-block-ws-library-ws-columns alignwide has-2-columns are-vertically-aligned-center layout-5050 is-style-background\">\n<div class=\"wp-block-ws-library-ws-column\"><div class=\"wrapper\">\n<div class=\"wp-block-ws-library-ws-title\"><h3><strong>The Car-Free Pays des \u00c9crins<\/strong><\/h3><\/div>\n\n\n\n<p><strong>Students<\/strong> or<strong> young professionals<\/strong> without a car? Are you concerned about going to the mountains with <strong>the lowest possible carbon footprint<\/strong> ? Discovering the most beautiful peaks of the \u00c9crins without a car, with <strong>eco-responsible practices<\/strong>, is now possible! <a href=\"https:\/\/www.paysdesecrins.com\/acces-et-navettes\/le-pays-des-ecrins-sans-voitures-au-depart-de-la-gare-de-largentiere-les-ecrins\/\" target=\"_blank\" rel=\"noreferrer noopener\">All the information here<\/a>.<br\/>Possibility of bike rental from Argenti\u00e8re la Bess\u00e9e, Vallouise-Pelvoux and Puy Saint Vincent.    <br\/><br\/>I act for the planet by calculating my carbon footprint <a href=\"https:\/\/agirpourlatransition.ademe.fr\/particuliers\/bureau\/deplacements\/calculer-emissions-carbone-trajets\" target=\"_blank\" rel=\"noreferrer noopener\">here<\/a>, and\/or offset <a href=\"https:\/\/nosgestesclimat.fr\/\" target=\"_blank\" rel=\"noreferrer noopener\">here<\/a>.<\/p>\n<\/div><\/div>\n\n\n\n<div class=\"wp-block-ws-library-ws-column\"><div class=\"wrapper\">\n<div class=\"wp-block-ws-library-ws-image\"><div class=\"wrapper\"><div class=\"group-media\"><img decoding=\"async\" src=\"https:\/\/www.paysdesecrins.com\/wp-content\/uploads\/2025\/07\/1596546037-434450263-1-960x640.jpg\" alt=\"\" class=\"single_image ws-image-48772\"><div class=\"credits\"><\/div><\/div><p class=\"caption\"><\/p><\/div><\/div>\n<\/div><\/div>\n<\/div>\n\n<div class=\"wp-block-ws-library-ws-share\"><span class=\"share-subtitle\">Did you like this page?<\/span><span class=\"share-title\">Share it!<\/span><button class=\"ws-share-button wp-element-button\">Share this page<\/button><\/div>\n","protected":false},"excerpt":{"rendered":"<p>L&#8217;Argenti\u00e8re-La Bess\u00e9e &#8211; Pelvoux-VallouiseThis shuttle runs in both summer and winter and allows you to reach the main points of [&hellip;]<\/p>\n","protected":false},"author":9,"featured_media":72625,"parent":45938,"menu_order":0,"comment_status":"closed","ping_status":"closed","template":"","meta":{"_thumbnail_id_2":31260,"summer_excerpt":"","season":"","station":"","footnotes":""},"class_list":["post-48844","page","type-page","status-publish","has-post-thumbnail","hentry"],"yoast_head":"<!-- This site is optimized with the Yoast SEO plugin v27.3 - https:\/\/yoast.com\/product\/yoast-seo-wordpress\/ -->\n<title>In situ - Pays des \u00c9crins - Office de Tourisme<\/title>\n<meta name=\"robots\" content=\"index, follow, max-snippet:-1, max-image-preview:large, max-video-preview:-1\" \/>\n<link rel=\"canonical\" href=\"https:\/\/www.paysdesecrins.com\/en\/i-choose\/access-and-shuttles\/in-situ\/\" \/>\n<meta property=\"og:locale\" content=\"en_US\" \/>\n<meta property=\"og:type\" content=\"article\" \/>\n<meta property=\"og:title\" content=\"In situ - Pays des \u00c9crins - Office de Tourisme\" \/>\n<meta property=\"og:description\" content=\"L&#8217;Argenti\u00e8re-La Bess\u00e9e &#8211; Pelvoux-VallouiseThis shuttle runs in both summer and winter and allows you to reach the main points of [&hellip;]\" \/>\n<meta property=\"og:url\" content=\"https:\/\/www.paysdesecrins.com\/en\/i-choose\/access-and-shuttles\/in-situ\/\" \/>\n<meta property=\"og:site_name\" content=\"Pays des \u00c9crins - Office de Tourisme\" \/>\n<meta property=\"article:modified_time\" content=\"2025-11-17T09:03:35+00:00\" \/>\n<meta property=\"og:image\" content=\"https:\/\/www.paysdesecrins.com\/wp-content\/uploads\/2025\/08\/aile1.jpg\" \/>\n\t<meta property=\"og:image:width\" content=\"1200\" \/>\n\t<meta property=\"og:image:height\" content=\"899\" \/>\n\t<meta property=\"og:image:type\" content=\"image\/jpeg\" \/>\n<meta name=\"twitter:card\" content=\"summary_large_image\" \/>\n<meta name=\"twitter:label1\" content=\"Est. reading time\" \/>\n\t<meta name=\"twitter:data1\" content=\"2 minutes\" \/>\n<script type=\"application\/ld+json\" class=\"yoast-schema-graph\">{\"@context\":\"https:\\\/\\\/schema.org\",\"@graph\":[{\"@type\":\"WebPage\",\"@id\":\"https:\\\/\\\/www.paysdesecrins.com\\\/en\\\/i-choose\\\/access-and-shuttles\\\/in-situ\\\/\",\"url\":\"https:\\\/\\\/www.paysdesecrins.com\\\/en\\\/i-choose\\\/access-and-shuttles\\\/in-situ\\\/\",\"name\":\"In situ - Pays des \u00c9crins - Office de Tourisme\",\"isPartOf\":{\"@id\":\"https:\\\/\\\/www.paysdesecrins.com\\\/en\\\/#website\"},\"primaryImageOfPage\":{\"@id\":\"https:\\\/\\\/www.paysdesecrins.com\\\/en\\\/i-choose\\\/access-and-shuttles\\\/in-situ\\\/#primaryimage\"},\"image\":{\"@id\":\"https:\\\/\\\/www.paysdesecrins.com\\\/en\\\/i-choose\\\/access-and-shuttles\\\/in-situ\\\/#primaryimage\"},\"thumbnailUrl\":\"https:\\\/\\\/www.paysdesecrins.com\\\/wp-content\\\/uploads\\\/2025\\\/08\\\/aile1.jpg\",\"datePublished\":\"2025-07-29T09:11:10+00:00\",\"dateModified\":\"2025-11-17T09:03:35+00:00\",\"breadcrumb\":{\"@id\":\"https:\\\/\\\/www.paysdesecrins.com\\\/en\\\/i-choose\\\/access-and-shuttles\\\/in-situ\\\/#breadcrumb\"},\"inLanguage\":\"en-US\",\"potentialAction\":[{\"@type\":\"ReadAction\",\"target\":[\"https:\\\/\\\/www.paysdesecrins.com\\\/en\\\/i-choose\\\/access-and-shuttles\\\/in-situ\\\/\"]}]},{\"@type\":\"ImageObject\",\"inLanguage\":\"en-US\",\"@id\":\"https:\\\/\\\/www.paysdesecrins.com\\\/en\\\/i-choose\\\/access-and-shuttles\\\/in-situ\\\/#primaryimage\",\"url\":\"https:\\\/\\\/www.paysdesecrins.com\\\/wp-content\\\/uploads\\\/2025\\\/08\\\/aile1.jpg\",\"contentUrl\":\"https:\\\/\\\/www.paysdesecrins.com\\\/wp-content\\\/uploads\\\/2025\\\/08\\\/aile1.jpg\",\"width\":1200,\"height\":899},{\"@type\":\"BreadcrumbList\",\"@id\":\"https:\\\/\\\/www.paysdesecrins.com\\\/en\\\/i-choose\\\/access-and-shuttles\\\/in-situ\\\/#breadcrumb\",\"itemListElement\":[{\"@type\":\"ListItem\",\"position\":1,\"name\":\"Home\",\"item\":\"https:\\\/\\\/www.paysdesecrins.com\\\/en\\\/the-title-of-the-home\\\/\"},{\"@type\":\"ListItem\",\"position\":2,\"name\":\"I choose\",\"item\":\"https:\\\/\\\/www.paysdesecrins.com\\\/en\\\/i-choose\\\/\"},{\"@type\":\"ListItem\",\"position\":3,\"name\":\"Access and transport\",\"item\":\"https:\\\/\\\/www.paysdesecrins.com\\\/en\\\/i-choose\\\/access-and-shuttles\\\/\"},{\"@type\":\"ListItem\",\"position\":4,\"name\":\"In situ\"}]},{\"@type\":\"WebSite\",\"@id\":\"https:\\\/\\\/www.paysdesecrins.com\\\/en\\\/#website\",\"url\":\"https:\\\/\\\/www.paysdesecrins.com\\\/en\\\/\",\"name\":\"Pays des \u00c9crins - Office de Tourisme\",\"description\":\"L&#039;esprit montagne\",\"publisher\":{\"@id\":\"https:\\\/\\\/www.paysdesecrins.com\\\/en\\\/#organization\"},\"potentialAction\":[{\"@type\":\"SearchAction\",\"target\":{\"@type\":\"EntryPoint\",\"urlTemplate\":\"https:\\\/\\\/www.paysdesecrins.com\\\/en\\\/?s={search_term_string}\"},\"query-input\":{\"@type\":\"PropertyValueSpecification\",\"valueRequired\":true,\"valueName\":\"search_term_string\"}}],\"inLanguage\":\"en-US\"},{\"@type\":\"Organization\",\"@id\":\"https:\\\/\\\/www.paysdesecrins.com\\\/en\\\/#organization\",\"name\":\"Pays des \u00c9crins - Office de Tourisme\",\"url\":\"https:\\\/\\\/www.paysdesecrins.com\\\/en\\\/\",\"logo\":{\"@type\":\"ImageObject\",\"inLanguage\":\"en-US\",\"@id\":\"https:\\\/\\\/www.paysdesecrins.com\\\/en\\\/#\\\/schema\\\/logo\\\/image\\\/\",\"url\":\"https:\\\/\\\/www.paysdesecrins.com\\\/wp-content\\\/uploads\\\/2025\\\/06\\\/devina-svg-1750845694.svg\",\"contentUrl\":\"https:\\\/\\\/www.paysdesecrins.com\\\/wp-content\\\/uploads\\\/2025\\\/06\\\/devina-svg-1750845694.svg\",\"caption\":\"Pays des \u00c9crins - Office de Tourisme\"},\"image\":{\"@id\":\"https:\\\/\\\/www.paysdesecrins.com\\\/en\\\/#\\\/schema\\\/logo\\\/image\\\/\"}}]}<\/script>\n<!-- \/ Yoast SEO plugin. -->","yoast_head_json":{"title":"In situ - Pays des \u00c9crins - Office de Tourisme","robots":{"index":"index","follow":"follow","max-snippet":"max-snippet:-1","max-image-preview":"max-image-preview:large","max-video-preview":"max-video-preview:-1"},"canonical":"https:\/\/www.paysdesecrins.com\/en\/i-choose\/access-and-shuttles\/in-situ\/","og_locale":"en_US","og_type":"article","og_title":"In situ - Pays des \u00c9crins - Office de Tourisme","og_description":"L&#8217;Argenti\u00e8re-La Bess\u00e9e &#8211; Pelvoux-VallouiseThis shuttle runs in both summer and winter and allows you to reach the main points of [&hellip;]","og_url":"https:\/\/www.paysdesecrins.com\/en\/i-choose\/access-and-shuttles\/in-situ\/","og_site_name":"Pays des \u00c9crins - Office de Tourisme","article_modified_time":"2025-11-17T09:03:35+00:00","og_image":[{"width":1200,"height":899,"url":"https:\/\/www.paysdesecrins.com\/wp-content\/uploads\/2025\/08\/aile1.jpg","type":"image\/jpeg"}],"twitter_card":"summary_large_image","twitter_misc":{"Est. reading time":"2 minutes"},"schema":{"@context":"https:\/\/schema.org","@graph":[{"@type":"WebPage","@id":"https:\/\/www.paysdesecrins.com\/en\/i-choose\/access-and-shuttles\/in-situ\/","url":"https:\/\/www.paysdesecrins.com\/en\/i-choose\/access-and-shuttles\/in-situ\/","name":"In situ - Pays des \u00c9crins - Office de Tourisme","isPartOf":{"@id":"https:\/\/www.paysdesecrins.com\/en\/#website"},"primaryImageOfPage":{"@id":"https:\/\/www.paysdesecrins.com\/en\/i-choose\/access-and-shuttles\/in-situ\/#primaryimage"},"image":{"@id":"https:\/\/www.paysdesecrins.com\/en\/i-choose\/access-and-shuttles\/in-situ\/#primaryimage"},"thumbnailUrl":"https:\/\/www.paysdesecrins.com\/wp-content\/uploads\/2025\/08\/aile1.jpg","datePublished":"2025-07-29T09:11:10+00:00","dateModified":"2025-11-17T09:03:35+00:00","breadcrumb":{"@id":"https:\/\/www.paysdesecrins.com\/en\/i-choose\/access-and-shuttles\/in-situ\/#breadcrumb"},"inLanguage":"en-US","potentialAction":[{"@type":"ReadAction","target":["https:\/\/www.paysdesecrins.com\/en\/i-choose\/access-and-shuttles\/in-situ\/"]}]},{"@type":"ImageObject","inLanguage":"en-US","@id":"https:\/\/www.paysdesecrins.com\/en\/i-choose\/access-and-shuttles\/in-situ\/#primaryimage","url":"https:\/\/www.paysdesecrins.com\/wp-content\/uploads\/2025\/08\/aile1.jpg","contentUrl":"https:\/\/www.paysdesecrins.com\/wp-content\/uploads\/2025\/08\/aile1.jpg","width":1200,"height":899},{"@type":"BreadcrumbList","@id":"https:\/\/www.paysdesecrins.com\/en\/i-choose\/access-and-shuttles\/in-situ\/#breadcrumb","itemListElement":[{"@type":"ListItem","position":1,"name":"Home","item":"https:\/\/www.paysdesecrins.com\/en\/the-title-of-the-home\/"},{"@type":"ListItem","position":2,"name":"I choose","item":"https:\/\/www.paysdesecrins.com\/en\/i-choose\/"},{"@type":"ListItem","position":3,"name":"Access and transport","item":"https:\/\/www.paysdesecrins.com\/en\/i-choose\/access-and-shuttles\/"},{"@type":"ListItem","position":4,"name":"In situ"}]},{"@type":"WebSite","@id":"https:\/\/www.paysdesecrins.com\/en\/#website","url":"https:\/\/www.paysdesecrins.com\/en\/","name":"Pays des \u00c9crins - Office de Tourisme","description":"L&#039;esprit montagne","publisher":{"@id":"https:\/\/www.paysdesecrins.com\/en\/#organization"},"potentialAction":[{"@type":"SearchAction","target":{"@type":"EntryPoint","urlTemplate":"https:\/\/www.paysdesecrins.com\/en\/?s={search_term_string}"},"query-input":{"@type":"PropertyValueSpecification","valueRequired":true,"valueName":"search_term_string"}}],"inLanguage":"en-US"},{"@type":"Organization","@id":"https:\/\/www.paysdesecrins.com\/en\/#organization","name":"Pays des \u00c9crins - Office de Tourisme","url":"https:\/\/www.paysdesecrins.com\/en\/","logo":{"@type":"ImageObject","inLanguage":"en-US","@id":"https:\/\/www.paysdesecrins.com\/en\/#\/schema\/logo\/image\/","url":"https:\/\/www.paysdesecrins.com\/wp-content\/uploads\/2025\/06\/devina-svg-1750845694.svg","contentUrl":"https:\/\/www.paysdesecrins.com\/wp-content\/uploads\/2025\/06\/devina-svg-1750845694.svg","caption":"Pays des \u00c9crins - Office de Tourisme"},"image":{"@id":"https:\/\/www.paysdesecrins.com\/en\/#\/schema\/logo\/image\/"}}]}},"_links":{"self":[{"href":"https:\/\/www.paysdesecrins.com\/en\/wp-json\/wp\/v2\/pages\/48844","targetHints":{"allow":["GET"]}}],"collection":[{"href":"https:\/\/www.paysdesecrins.com\/en\/wp-json\/wp\/v2\/pages"}],"about":[{"href":"https:\/\/www.paysdesecrins.com\/en\/wp-json\/wp\/v2\/types\/page"}],"author":[{"embeddable":true,"href":"https:\/\/www.paysdesecrins.com\/en\/wp-json\/wp\/v2\/users\/9"}],"replies":[{"embeddable":true,"href":"https:\/\/www.paysdesecrins.com\/en\/wp-json\/wp\/v2\/comments?post=48844"}],"version-history":[{"count":5,"href":"https:\/\/www.paysdesecrins.com\/en\/wp-json\/wp\/v2\/pages\/48844\/revisions"}],"predecessor-version":[{"id":131553,"href":"https:\/\/www.paysdesecrins.com\/en\/wp-json\/wp\/v2\/pages\/48844\/revisions\/131553"}],"up":[{"embeddable":true,"href":"https:\/\/www.paysdesecrins.com\/en\/wp-json\/wp\/v2\/pages\/45938"}],"wp:featuredmedia":[{"embeddable":true,"href":"https:\/\/www.paysdesecrins.com\/en\/wp-json\/wp\/v2\/media\/72625"}],"wp:attachment":[{"href":"https:\/\/www.paysdesecrins.com\/en\/wp-json\/wp\/v2\/media?parent=48844"}],"curies":[{"name":"wp","href":"https:\/\/api.w.org\/{rel}","templated":true}]}}