{"id":64475,"date":"2025-08-05T09:57:00","date_gmt":"2025-08-05T07:57:00","guid":{"rendered":"https:\/\/www.paysdesecrins.com\/the-libraries-of-the-pays-des-ecrins\/"},"modified":"2025-08-05T10:15:00","modified_gmt":"2025-08-05T08:15:00","slug":"the-libraries-of-the-pays-des-ecrins","status":"publish","type":"page","link":"https:\/\/www.paysdesecrins.com\/en\/my-desire-to\/discovery\/the-libraries-of-the-pays-des-ecrins\/","title":{"rendered":"The Libraries of the Pays des \u00c9crins"},"content":{"rendered":"    <div class=\"alignfull wp-block-ws-library-ws-header-interne\">\n\t    <div class=\"header-container\">\n\t        <div class=\"group-media has-image\">\n\t            \t                <img loading=\"lazy\" decoding=\"async\" width=\"1920\" height=\"800\" src=\"https:\/\/www.paysdesecrins.com\/wp-content\/uploads\/2025\/08\/argentiere-la-bessee-44-1920x800.jpg\" alt=\"\" class=\"image_large_square wp-image-64468\" \/>\n\t            \t        <\/div>\n\t        <div class=\"group-content\">\n\t            <div class=\"title\">\n\t                <h1>\n\t                    Libraries\t                    \t                        of the Pays des \u00c9crins\t                    \t                <\/h1>\n\t            <\/div>\n\t        <\/div>\n\t    <\/div>\n\t    \n<div class=\"yoast-breadcrumbs\"><span><span><a href=\"https:\/\/www.paysdesecrins.com\/en\/the-title-of-the-home\/\">Home<\/a><\/span>  <span><a href=\"https:\/\/www.paysdesecrins.com\/en\/my-desire-to\/\">My desire to<\/a><\/span>  <span><a href=\"https:\/\/www.paysdesecrins.com\/en\/my-desire-to\/discovery\/\">My desire for Discovery<\/a><\/span>  <span class=\"breadcrumb_last\" aria-current=\"page\">The Libraries of the Pays des \u00c9crins<\/span><\/span><\/div>\n    <\/div>\n    \n<div class=\"wp-block-ws-library-ws-title aligncenter is-style-simple\"><h2><em>Your reading places<\/em> And discoveries<\/h2><\/div>\n\n<p class=\"has-text-align-center\">Discover the literary treasures of the Pays des \u00c9crins! Novels, comics, documentaries and local stories await you in free places where modular loans, meetings with authors and interactive workshops bring the culture of our valleys to life. <\/p>\n\n<div class=\"wp-block-ws-library-ws-columns alignwide has-2-columns are-vertically-aligned-center layout-4060\">\n<div class=\"wp-block-ws-library-ws-column\"><div class=\"wrapper\">\n<div class=\"wp-block-ws-library-ws-image\"><div class=\"wrapper\"><div class=\"group-media\"><img decoding=\"async\" src=\"https:\/\/www.paysdesecrins.com\/wp-content\/uploads\/2025\/07\/4decouverteactvitesculturelles-histoiredelargentiere-la-bessee-960x640.jpg\" alt=\"\" class=\"single_image ws-image-18266\"><div class=\"credits\"><\/div><\/div><p class=\"caption\"><\/p><\/div><\/div>\n<\/div><\/div>\n\n\n\n<div class=\"wp-block-ws-library-ws-column\"><div class=\"wrapper\">\n<div class=\"wp-block-ws-library-ws-title\"><h2><em>Library of <\/em>L&#8217;Argenti\u00e8re-la-Bess\u00e9e<\/h2><\/div>\n\n\n\n<p>Located in the Ch\u00e2teau Saint-Jean, this municipal library offers more than 9,000 documents (books, comics, CDs\/DVDs) and a specialised mountain-Italy collection. Registration is free, and you have internet access as well as a loan of 10 documents for one month. <\/p>\n\n\n\n<ul class=\"wp-block-list\">\n<li><strong>Address<\/strong><br\/>2 rue du Ch\u00e2teau, 05120 L&#8217;Argenti\u00e8re-La-Bess\u00e9e<\/li>\n\n\n\n<li><strong>Timetables<\/strong><br\/>&#8211; Tuesday \/ Thursday \/ Friday: 14:00\u201318:30<br\/>&#8211; Wednesday &amp; Saturday: 10:00 a.m.\u201312:00 p.m. &amp; 2:00 p.m.\u20136:30 p.m.<\/li>\n\n\n\n<li><strong>Contact<\/strong><br\/>&#8211; Phone : 04 92 23 20 91<br\/>&#8211; Mail: <a>bibliotheque@ville-argentiere.fr<\/a> <\/li>\n<\/ul>\n<\/div><\/div>\n<\/div>\n\n<div class=\"wp-block-ws-library-ws-columns alignfull has-2-columns are-vertically-aligned-center layout-4060 is-style-background\">\n<div class=\"wp-block-ws-library-ws-column\"><div class=\"wrapper\">\n<div class=\"wp-block-ws-library-ws-image\"><div class=\"wrapper\"><div class=\"group-media\"><img decoding=\"async\" src=\"https:\/\/www.paysdesecrins.com\/wp-content\/uploads\/2025\/08\/08-01-24-gambad-ane-48-960x640.jpg\" alt=\"\" class=\"single_image ws-image-64478\"><div class=\"credits\"><\/div><\/div><p class=\"caption\"><\/p><\/div><\/div>\n<\/div><\/div>\n\n\n\n<div class=\"wp-block-ws-library-ws-column\"><div class=\"wrapper\">\n<div class=\"wp-block-ws-library-ws-title\"><h2><em>Library of <\/em>La Roche-de-Rame<\/h2><\/div>\n\n\n\n<p>Located near the village church, this small municipal library welcomes you in a friendly setting with a loan possible for up to 2 months. It is a local cultural centre, run by passionate volunteers. <\/p>\n\n\n\n<ul class=\"wp-block-list\">\n<li><strong>Address<\/strong><br\/>152 chemin de la Mairie, Le Clos, 05310 La Roche-de-Rame<\/li>\n\n\n\n<li><strong>Timetables<\/strong><br\/>&#8211; Wednesday 2:00 pm\u20135:00 pm<\/li>\n\n\n\n<li><strong>Contact<\/strong><br\/>-Tel. : 04 92 20 97 71<\/li>\n<\/ul>\n<\/div><\/div>\n<\/div>\n\n<div class=\"wp-block-ws-library-ws-columns alignwide has-2-columns are-vertically-aligned-center layout-4060 is-style-default\">\n<div class=\"wp-block-ws-library-ws-column\"><div class=\"wrapper\">\n<div class=\"wp-block-ws-library-ws-image\"><div class=\"wrapper\"><div class=\"group-media\"><img decoding=\"async\" src=\"https:\/\/www.paysdesecrins.com\/wp-content\/uploads\/2025\/08\/premie-res-neiges-puy-saint-vincent-31-2-960x640.jpg\" alt=\"\" class=\"single_image ws-image-64484\"><div class=\"credits\"><\/div><\/div><p class=\"caption\"><\/p><\/div><\/div>\n<\/div><\/div>\n\n\n\n<div class=\"wp-block-ws-library-ws-column\"><div class=\"wrapper\">\n<div class=\"wp-block-ws-library-ws-title\"><h2><em>Library of <\/em>Puy-Saint-Vincent<\/h2><\/div>\n\n\n\n<p>In the hamlet of Le Puy, this reading point depends on the Departmental Library and offers free consultation of documents, as well as an annual loan (membership fee \u20ac5 for adults). The reception is twice a week, with particular attention paid to summer activities. <\/p>\n\n\n\n<ul class=\"wp-block-list\">\n<li><strong>Address<\/strong><br\/>78 rue Sainte-Marthe, Hameau du Puy, 05290 Puy-Saint-Vincent<\/li>\n\n\n\n<li><strong>Timetables<\/strong><br\/>&#8211; Monday &amp; Friday 4:00 p.m. \u2013 6:30 p.m.<\/li>\n\n\n\n<li><strong>Contact<\/strong><br\/>-Tel. : 04 92 23 55 81<\/li>\n<\/ul>\n<\/div><\/div>\n<\/div>\n\n<div class=\"wp-block-ws-library-ws-columns alignfull has-2-columns are-vertically-aligned-center layout-4060 is-style-background\">\n<div class=\"wp-block-ws-library-ws-column\"><div class=\"wrapper\">\n<div class=\"wp-block-ws-library-ws-image\"><div class=\"wrapper\"><div class=\"group-media\"><img decoding=\"async\" src=\"https:\/\/www.paysdesecrins.com\/wp-content\/uploads\/2025\/08\/07-07-24-fete-du-pain-67-960x640.jpg\" alt=\"\" class=\"single_image ws-image-64489\"><div class=\"credits\"><\/div><\/div><p class=\"caption\"><\/p><\/div><\/div>\n<\/div><\/div>\n\n\n\n<div class=\"wp-block-ws-library-ws-column\"><div class=\"wrapper\">\n<div class=\"wp-block-ws-library-ws-title\"><h2><em>Library of <\/em>Freissini\u00e8res<\/h2><\/div>\n\n\n\n<p>Welcoming and open to all, it provides free novels, albums and periodicals. You will also find activities during the year, around reading and storytelling. <\/p>\n\n\n\n<ul class=\"wp-block-list\">\n<li><strong>Address<\/strong><br\/>Maison de la vall\u00e9e, 2 place de la Mairie, 05310 Freissini\u00e8res<\/li>\n\n\n\n<li><strong>Timetables<\/strong><br\/>&#8211; Monday &amp; Wednesday 16:00\u201318:00<\/li>\n\n\n\n<li><strong>Contact<\/strong><br\/>&#8211; Freissini\u00e8res Town Hall \u2022 Tel. 04 92 20 92 87<\/li>\n<\/ul>\n<\/div><\/div>\n<\/div>\n\n<div class=\"wp-block-ws-library-ws-columns alignwide has-2-columns are-vertically-aligned-center layout-4060 is-style-default\">\n<div class=\"wp-block-ws-library-ws-column\"><div class=\"wrapper\">\n<div class=\"wp-block-ws-library-ws-image\"><div class=\"wrapper\"><div class=\"group-media\"><img decoding=\"async\" src=\"https:\/\/www.paysdesecrins.com\/wp-content\/uploads\/2025\/08\/dsc05676.jpg\" alt=\"\" class=\"single_image ws-image-64496\"><div class=\"credits\"><\/div><\/div><p class=\"caption\"><\/p><\/div><\/div>\n<\/div><\/div>\n\n\n\n<div class=\"wp-block-ws-library-ws-column\"><div class=\"wrapper\">\n<div class=\"wp-block-ws-library-ws-title\"><h2><em>Library of <\/em>Champcella<\/h2><\/div>\n\n\n\n<p>This local service, run by a team of volunteers, offers a generalist collection and an inter-library loan. An offer modulated to meet the needs of residents and holidaymakers. <\/p>\n\n\n\n<ul class=\"wp-block-list\">\n<li><strong>Address<\/strong><br\/>116 route de la Lauzette, 05310 Champcella<\/li>\n\n\n\n<li><strong>Timetables<\/strong><br\/>&#8211; Tuesday: 2:30 pm\u20134:30 pm<br\/>&#8211; Saturday: 10:00 a.m.\u201312:00 p.m.<\/li>\n\n\n\n<li><strong>Contact<\/strong><br\/>&#8211; Tel. 04 92 20 98 04<br\/>&#8211; Mail: <a>bib.munic@orange.fr<\/a><\/li>\n<\/ul>\n<\/div><\/div>\n<\/div>\n\n<p class=\"has-text-align-center\">Each library is part of a process of sharing and animation: exhibitions, public readings, youth workshops and meetings with authors punctuate the cultural life of the Pays des \u00c9crins. Find all the information and updates on the website of the Community of Municipalities. <\/p>\n\n<div class=\"wp-block-ws-library-ws-share\"><span class=\"share-subtitle\">Did you like this page?<\/span><span class=\"share-title\">Share it!<\/span><button class=\"ws-share-button wp-element-button\">Share this page<\/button><\/div>\n","protected":false},"excerpt":{"rendered":"<p>Discover the literary treasures of the Pays des \u00c9crins! Novels, comics, documentaries and local stories await you in free places [&hellip;]<\/p>\n","protected":false},"author":4,"featured_media":64470,"parent":44565,"menu_order":0,"comment_status":"closed","ping_status":"closed","template":"","meta":{"_thumbnail_id_2":0,"summer_excerpt":"","season":"","station":"","footnotes":""},"class_list":["post-64475","page","type-page","status-publish","has-post-thumbnail","hentry"],"yoast_head":"<!-- This site is optimized with the Yoast SEO plugin v27.3 - https:\/\/yoast.com\/product\/yoast-seo-wordpress\/ -->\n<title>The Libraries of the Pays des \u00c9crins - Pays des \u00c9crins - Office de Tourisme<\/title>\n<meta name=\"robots\" content=\"index, follow, max-snippet:-1, max-image-preview:large, max-video-preview:-1\" \/>\n<link rel=\"canonical\" href=\"https:\/\/www.paysdesecrins.com\/en\/my-desire-to\/discovery\/the-libraries-of-the-pays-des-ecrins\/\" \/>\n<meta property=\"og:locale\" content=\"en_US\" \/>\n<meta property=\"og:type\" content=\"article\" \/>\n<meta property=\"og:title\" content=\"The Libraries of the Pays des \u00c9crins - Pays des \u00c9crins - Office de Tourisme\" \/>\n<meta property=\"og:description\" content=\"Discover the literary treasures of the Pays des \u00c9crins! Novels, comics, documentaries and local stories await you in free places [&hellip;]\" \/>\n<meta property=\"og:url\" content=\"https:\/\/www.paysdesecrins.com\/en\/my-desire-to\/discovery\/the-libraries-of-the-pays-des-ecrins\/\" \/>\n<meta property=\"og:site_name\" content=\"Pays des \u00c9crins - Office de Tourisme\" \/>\n<meta property=\"article:modified_time\" content=\"2025-08-05T08:15:00+00:00\" \/>\n<meta property=\"og:image\" content=\"https:\/\/www.paysdesecrins.com\/wp-content\/uploads\/2025\/08\/argentiere-la-bessee-44-scaled.jpg\" \/>\n\t<meta property=\"og:image:width\" content=\"2560\" \/>\n\t<meta property=\"og:image:height\" content=\"1707\" \/>\n\t<meta property=\"og:image:type\" content=\"image\/jpeg\" \/>\n<meta name=\"twitter:card\" content=\"summary_large_image\" \/>\n<meta name=\"twitter:label1\" content=\"Est. reading time\" \/>\n\t<meta name=\"twitter:data1\" content=\"2 minutes\" \/>\n<script type=\"application\/ld+json\" class=\"yoast-schema-graph\">{\"@context\":\"https:\\\/\\\/schema.org\",\"@graph\":[{\"@type\":\"WebPage\",\"@id\":\"https:\\\/\\\/www.paysdesecrins.com\\\/en\\\/my-desire-to\\\/discovery\\\/the-libraries-of-the-pays-des-ecrins\\\/\",\"url\":\"https:\\\/\\\/www.paysdesecrins.com\\\/en\\\/my-desire-to\\\/discovery\\\/the-libraries-of-the-pays-des-ecrins\\\/\",\"name\":\"The Libraries of the Pays des \u00c9crins - Pays des \u00c9crins - Office de Tourisme\",\"isPartOf\":{\"@id\":\"https:\\\/\\\/www.paysdesecrins.com\\\/en\\\/#website\"},\"primaryImageOfPage\":{\"@id\":\"https:\\\/\\\/www.paysdesecrins.com\\\/en\\\/my-desire-to\\\/discovery\\\/the-libraries-of-the-pays-des-ecrins\\\/#primaryimage\"},\"image\":{\"@id\":\"https:\\\/\\\/www.paysdesecrins.com\\\/en\\\/my-desire-to\\\/discovery\\\/the-libraries-of-the-pays-des-ecrins\\\/#primaryimage\"},\"thumbnailUrl\":\"https:\\\/\\\/www.paysdesecrins.com\\\/wp-content\\\/uploads\\\/2025\\\/08\\\/argentiere-la-bessee-44-scaled.jpg\",\"datePublished\":\"2025-08-05T07:57:00+00:00\",\"dateModified\":\"2025-08-05T08:15:00+00:00\",\"breadcrumb\":{\"@id\":\"https:\\\/\\\/www.paysdesecrins.com\\\/en\\\/my-desire-to\\\/discovery\\\/the-libraries-of-the-pays-des-ecrins\\\/#breadcrumb\"},\"inLanguage\":\"en-US\",\"potentialAction\":[{\"@type\":\"ReadAction\",\"target\":[\"https:\\\/\\\/www.paysdesecrins.com\\\/en\\\/my-desire-to\\\/discovery\\\/the-libraries-of-the-pays-des-ecrins\\\/\"]}]},{\"@type\":\"ImageObject\",\"inLanguage\":\"en-US\",\"@id\":\"https:\\\/\\\/www.paysdesecrins.com\\\/en\\\/my-desire-to\\\/discovery\\\/the-libraries-of-the-pays-des-ecrins\\\/#primaryimage\",\"url\":\"https:\\\/\\\/www.paysdesecrins.com\\\/wp-content\\\/uploads\\\/2025\\\/08\\\/argentiere-la-bessee-44-scaled.jpg\",\"contentUrl\":\"https:\\\/\\\/www.paysdesecrins.com\\\/wp-content\\\/uploads\\\/2025\\\/08\\\/argentiere-la-bessee-44-scaled.jpg\",\"width\":2560,\"height\":1707},{\"@type\":\"BreadcrumbList\",\"@id\":\"https:\\\/\\\/www.paysdesecrins.com\\\/en\\\/my-desire-to\\\/discovery\\\/the-libraries-of-the-pays-des-ecrins\\\/#breadcrumb\",\"itemListElement\":[{\"@type\":\"ListItem\",\"position\":1,\"name\":\"Home\",\"item\":\"https:\\\/\\\/www.paysdesecrins.com\\\/en\\\/the-title-of-the-home\\\/\"},{\"@type\":\"ListItem\",\"position\":2,\"name\":\"My desire to\",\"item\":\"https:\\\/\\\/www.paysdesecrins.com\\\/en\\\/my-desire-to\\\/\"},{\"@type\":\"ListItem\",\"position\":3,\"name\":\"My desire for Discovery\",\"item\":\"https:\\\/\\\/www.paysdesecrins.com\\\/en\\\/my-desire-to\\\/discovery\\\/\"},{\"@type\":\"ListItem\",\"position\":4,\"name\":\"The Libraries of the Pays des \u00c9crins\"}]},{\"@type\":\"WebSite\",\"@id\":\"https:\\\/\\\/www.paysdesecrins.com\\\/en\\\/#website\",\"url\":\"https:\\\/\\\/www.paysdesecrins.com\\\/en\\\/\",\"name\":\"Pays des \u00c9crins - Office de Tourisme\",\"description\":\"L&#039;esprit montagne\",\"publisher\":{\"@id\":\"https:\\\/\\\/www.paysdesecrins.com\\\/en\\\/#organization\"},\"potentialAction\":[{\"@type\":\"SearchAction\",\"target\":{\"@type\":\"EntryPoint\",\"urlTemplate\":\"https:\\\/\\\/www.paysdesecrins.com\\\/en\\\/?s={search_term_string}\"},\"query-input\":{\"@type\":\"PropertyValueSpecification\",\"valueRequired\":true,\"valueName\":\"search_term_string\"}}],\"inLanguage\":\"en-US\"},{\"@type\":\"Organization\",\"@id\":\"https:\\\/\\\/www.paysdesecrins.com\\\/en\\\/#organization\",\"name\":\"Pays des \u00c9crins - Office de Tourisme\",\"url\":\"https:\\\/\\\/www.paysdesecrins.com\\\/en\\\/\",\"logo\":{\"@type\":\"ImageObject\",\"inLanguage\":\"en-US\",\"@id\":\"https:\\\/\\\/www.paysdesecrins.com\\\/en\\\/#\\\/schema\\\/logo\\\/image\\\/\",\"url\":\"https:\\\/\\\/www.paysdesecrins.com\\\/wp-content\\\/uploads\\\/2025\\\/06\\\/devina-svg-1750845694.svg\",\"contentUrl\":\"https:\\\/\\\/www.paysdesecrins.com\\\/wp-content\\\/uploads\\\/2025\\\/06\\\/devina-svg-1750845694.svg\",\"caption\":\"Pays des \u00c9crins - Office de Tourisme\"},\"image\":{\"@id\":\"https:\\\/\\\/www.paysdesecrins.com\\\/en\\\/#\\\/schema\\\/logo\\\/image\\\/\"}}]}<\/script>\n<!-- \/ Yoast SEO plugin. -->","yoast_head_json":{"title":"The Libraries of the Pays des \u00c9crins - Pays des \u00c9crins - Office de Tourisme","robots":{"index":"index","follow":"follow","max-snippet":"max-snippet:-1","max-image-preview":"max-image-preview:large","max-video-preview":"max-video-preview:-1"},"canonical":"https:\/\/www.paysdesecrins.com\/en\/my-desire-to\/discovery\/the-libraries-of-the-pays-des-ecrins\/","og_locale":"en_US","og_type":"article","og_title":"The Libraries of the Pays des \u00c9crins - Pays des \u00c9crins - Office de Tourisme","og_description":"Discover the literary treasures of the Pays des \u00c9crins! Novels, comics, documentaries and local stories await you in free places [&hellip;]","og_url":"https:\/\/www.paysdesecrins.com\/en\/my-desire-to\/discovery\/the-libraries-of-the-pays-des-ecrins\/","og_site_name":"Pays des \u00c9crins - Office de Tourisme","article_modified_time":"2025-08-05T08:15:00+00:00","og_image":[{"width":2560,"height":1707,"url":"https:\/\/www.paysdesecrins.com\/wp-content\/uploads\/2025\/08\/argentiere-la-bessee-44-scaled.jpg","type":"image\/jpeg"}],"twitter_card":"summary_large_image","twitter_misc":{"Est. reading time":"2 minutes"},"schema":{"@context":"https:\/\/schema.org","@graph":[{"@type":"WebPage","@id":"https:\/\/www.paysdesecrins.com\/en\/my-desire-to\/discovery\/the-libraries-of-the-pays-des-ecrins\/","url":"https:\/\/www.paysdesecrins.com\/en\/my-desire-to\/discovery\/the-libraries-of-the-pays-des-ecrins\/","name":"The Libraries of the Pays des \u00c9crins - Pays des \u00c9crins - Office de Tourisme","isPartOf":{"@id":"https:\/\/www.paysdesecrins.com\/en\/#website"},"primaryImageOfPage":{"@id":"https:\/\/www.paysdesecrins.com\/en\/my-desire-to\/discovery\/the-libraries-of-the-pays-des-ecrins\/#primaryimage"},"image":{"@id":"https:\/\/www.paysdesecrins.com\/en\/my-desire-to\/discovery\/the-libraries-of-the-pays-des-ecrins\/#primaryimage"},"thumbnailUrl":"https:\/\/www.paysdesecrins.com\/wp-content\/uploads\/2025\/08\/argentiere-la-bessee-44-scaled.jpg","datePublished":"2025-08-05T07:57:00+00:00","dateModified":"2025-08-05T08:15:00+00:00","breadcrumb":{"@id":"https:\/\/www.paysdesecrins.com\/en\/my-desire-to\/discovery\/the-libraries-of-the-pays-des-ecrins\/#breadcrumb"},"inLanguage":"en-US","potentialAction":[{"@type":"ReadAction","target":["https:\/\/www.paysdesecrins.com\/en\/my-desire-to\/discovery\/the-libraries-of-the-pays-des-ecrins\/"]}]},{"@type":"ImageObject","inLanguage":"en-US","@id":"https:\/\/www.paysdesecrins.com\/en\/my-desire-to\/discovery\/the-libraries-of-the-pays-des-ecrins\/#primaryimage","url":"https:\/\/www.paysdesecrins.com\/wp-content\/uploads\/2025\/08\/argentiere-la-bessee-44-scaled.jpg","contentUrl":"https:\/\/www.paysdesecrins.com\/wp-content\/uploads\/2025\/08\/argentiere-la-bessee-44-scaled.jpg","width":2560,"height":1707},{"@type":"BreadcrumbList","@id":"https:\/\/www.paysdesecrins.com\/en\/my-desire-to\/discovery\/the-libraries-of-the-pays-des-ecrins\/#breadcrumb","itemListElement":[{"@type":"ListItem","position":1,"name":"Home","item":"https:\/\/www.paysdesecrins.com\/en\/the-title-of-the-home\/"},{"@type":"ListItem","position":2,"name":"My desire to","item":"https:\/\/www.paysdesecrins.com\/en\/my-desire-to\/"},{"@type":"ListItem","position":3,"name":"My desire for Discovery","item":"https:\/\/www.paysdesecrins.com\/en\/my-desire-to\/discovery\/"},{"@type":"ListItem","position":4,"name":"The Libraries of the Pays des \u00c9crins"}]},{"@type":"WebSite","@id":"https:\/\/www.paysdesecrins.com\/en\/#website","url":"https:\/\/www.paysdesecrins.com\/en\/","name":"Pays des \u00c9crins - Office de Tourisme","description":"L&#039;esprit montagne","publisher":{"@id":"https:\/\/www.paysdesecrins.com\/en\/#organization"},"potentialAction":[{"@type":"SearchAction","target":{"@type":"EntryPoint","urlTemplate":"https:\/\/www.paysdesecrins.com\/en\/?s={search_term_string}"},"query-input":{"@type":"PropertyValueSpecification","valueRequired":true,"valueName":"search_term_string"}}],"inLanguage":"en-US"},{"@type":"Organization","@id":"https:\/\/www.paysdesecrins.com\/en\/#organization","name":"Pays des \u00c9crins - Office de Tourisme","url":"https:\/\/www.paysdesecrins.com\/en\/","logo":{"@type":"ImageObject","inLanguage":"en-US","@id":"https:\/\/www.paysdesecrins.com\/en\/#\/schema\/logo\/image\/","url":"https:\/\/www.paysdesecrins.com\/wp-content\/uploads\/2025\/06\/devina-svg-1750845694.svg","contentUrl":"https:\/\/www.paysdesecrins.com\/wp-content\/uploads\/2025\/06\/devina-svg-1750845694.svg","caption":"Pays des \u00c9crins - Office de Tourisme"},"image":{"@id":"https:\/\/www.paysdesecrins.com\/en\/#\/schema\/logo\/image\/"}}]}},"_links":{"self":[{"href":"https:\/\/www.paysdesecrins.com\/en\/wp-json\/wp\/v2\/pages\/64475","targetHints":{"allow":["GET"]}}],"collection":[{"href":"https:\/\/www.paysdesecrins.com\/en\/wp-json\/wp\/v2\/pages"}],"about":[{"href":"https:\/\/www.paysdesecrins.com\/en\/wp-json\/wp\/v2\/types\/page"}],"author":[{"embeddable":true,"href":"https:\/\/www.paysdesecrins.com\/en\/wp-json\/wp\/v2\/users\/4"}],"replies":[{"embeddable":true,"href":"https:\/\/www.paysdesecrins.com\/en\/wp-json\/wp\/v2\/comments?post=64475"}],"version-history":[{"count":0,"href":"https:\/\/www.paysdesecrins.com\/en\/wp-json\/wp\/v2\/pages\/64475\/revisions"}],"up":[{"embeddable":true,"href":"https:\/\/www.paysdesecrins.com\/en\/wp-json\/wp\/v2\/pages\/44565"}],"wp:featuredmedia":[{"embeddable":true,"href":"https:\/\/www.paysdesecrins.com\/en\/wp-json\/wp\/v2\/media\/64470"}],"wp:attachment":[{"href":"https:\/\/www.paysdesecrins.com\/en\/wp-json\/wp\/v2\/media?parent=64475"}],"curies":[{"name":"wp","href":"https:\/\/api.w.org\/{rel}","templated":true}]}}