{"id":72548,"date":"2025-08-08T10:10:51","date_gmt":"2025-08-08T08:10:51","guid":{"rendered":"https:\/\/www.paysdesecrins.com\/nearby\/"},"modified":"2025-08-22T10:38:54","modified_gmt":"2025-08-22T08:38:54","slug":"nearby","status":"publish","type":"page","link":"https:\/\/www.paysdesecrins.com\/en\/my-desire-to\/discovery\/nearby\/","title":{"rendered":"Nearby"},"content":{"rendered":"    <div class=\"alignfull wp-block-ws-library-ws-header-interne\" data-season=\"summer\">\n\t    <div class=\"header-container\">\n\t        <div class=\"group-media has-image\">\n\t            \t                <img decoding=\"async\" src=\"https:\/\/www.paysdesecrins.com\/wp-content\/uploads\/2025\/08\/dsc04847-1920x800.jpg\" alt=\"\" class=\"image_large_square wp-image-72646\" \/>\n\t            \t        <\/div>\n\t        <div class=\"group-content\">\n\t            <div class=\"title\">\n\t                <h1>\n\t                    Nearby\t                    \t                <\/h1>\n\t            <\/div>\n\t        <\/div>\n\t    <\/div>\n\t    \n<div class=\"yoast-breadcrumbs\"><span><span><a href=\"https:\/\/www.paysdesecrins.com\/en\/the-title-of-the-home\/\">Home<\/a><\/span>  <span><a href=\"https:\/\/www.paysdesecrins.com\/en\/my-desire-to\/\">My desire to<\/a><\/span>  <span><a href=\"https:\/\/www.paysdesecrins.com\/en\/my-desire-to\/discovery\/\">My desire for Discovery<\/a><\/span>  <span class=\"breadcrumb_last\" aria-current=\"page\">Nearby<\/span><\/span><\/div>\n    <\/div>\n        <div class=\"alignfull wp-block-ws-library-ws-header-interne\" data-season=\"winter\">\n\t    <div class=\"header-container\">\n\t        <div class=\"group-media has-image\">\n\t            \t                <img loading=\"lazy\" decoding=\"async\" width=\"1920\" height=\"800\" src=\"https:\/\/www.paysdesecrins.com\/wp-content\/uploads\/2025\/08\/dsc04087-1920x800.jpg\" alt=\"\" class=\"image_large_square wp-image-72662\" \/>\n\t            \t        <\/div>\n\t        <div class=\"group-content\">\n\t            <div class=\"title\">\n\t                <h1>\n\t                    Nearby\t                    \t                <\/h1>\n\t            <\/div>\n\t        <\/div>\n\t    <\/div>\n\t    \n<div class=\"yoast-breadcrumbs\"><span><span><a href=\"https:\/\/www.paysdesecrins.com\/en\/the-title-of-the-home\/\">Home<\/a><\/span>  <span><a href=\"https:\/\/www.paysdesecrins.com\/en\/my-desire-to\/\">My desire to<\/a><\/span>  <span><a href=\"https:\/\/www.paysdesecrins.com\/en\/my-desire-to\/discovery\/\">My desire for Discovery<\/a><\/span>  <span class=\"breadcrumb_last\" aria-current=\"page\">Nearby<\/span><\/span><\/div>\n    <\/div>\n    \n<div class=\"wp-block-ws-library-ws-title aligncenter is-style-simple\"><h2><em>Your getaway <\/em>A stone&#8217;s throw from the \u00c9crins<\/h2><\/div>\n\n<p class=\"has-text-align-center\" data-season=\"winter\">Want to vary the pleasures during your stay in the Pays des \u00c9crins? Less than an hour away, other valleys perfectly complement your mountain desires: large areas, hot baths, villages of character and pretty Nordic outings. <\/p>\n\n<p class=\"has-text-align-center\" data-season=\"summer\">From the Pays des \u00c9crins, multiply the day trips: swimming, cycling, heritage, markets&#8230; Here are the nearby destinations to discover when the peaks turn green.<\/p>\n\n<div class=\"wp-block-ws-library-ws-columns alignwide has-2-columns are-vertically-aligned-center layout-5050 is-style-background\" data-season=\"winter\">\n<div class=\"wp-block-ws-library-ws-column\"><div class=\"wrapper\">\n<div class=\"wp-block-ws-library-ws-title\" data-season=\"winter\"><h2>The Brian\u00e7onnais<\/h2><\/div>\n\n\n\n<p>Around Brian\u00e7on and Serre Chevalier, there is great skiing (80 slopes, 60 lifts) and skiing for all levels. After the day, head for the Grands Bains du Mon\u00eatier for a real moment of recovery in the warm waters, then walk in the fortified city, classified as a World Heritage Site for its Vauban fortifications.   <\/p>\n\n\n\n<div class=\"wp-block-ws-library-ws-button has-text-align-left\"><a href=\"https:\/\/www.serre-chevalier.com\" class=\"wp-block-button__link wp-element-button btn\">  Learn more +<\/a><\/div>\n<\/div><\/div>\n\n\n\n<div class=\"wp-block-ws-library-ws-column\"><div class=\"wrapper\">\n<div class=\"wp-block-ws-library-ws-image\"><div class=\"wrapper\"><div class=\"group-media\"><img decoding=\"async\" src=\"https:\/\/www.paysdesecrins.com\/wp-content\/uploads\/2025\/08\/dsc04087-960x640.jpg\" alt=\"\" class=\"single_image ws-image-72662\"><div class=\"credits\"><\/div><\/div><p class=\"caption\"><\/p><\/div><\/div>\n<\/div><\/div>\n<\/div>\n\n<div class=\"wp-block-ws-library-ws-columns alignwide has-2-columns are-vertically-aligned-center layout-5050 is-style-background\" data-season=\"summer\">\n<div class=\"wp-block-ws-library-ws-column\"><div class=\"wrapper\">\n<div class=\"wp-block-ws-library-ws-title\"><h2>The Brian\u00e7onnais<\/h2><\/div>\n\n\n\n<p>Mythical mountain passes by bike, via ferrata, large climbing cliffs and historic streets: the Brian\u00e7onnais ticks all the boxes of an active summer. Vauban&#8217;s ramparts and works give an extra character to the visit. <\/p>\n\n\n\n<div class=\"wp-block-ws-library-ws-button has-text-align-left\"><a href=\"https:\/\/www.serre-chevalier.com\" class=\"wp-block-button__link wp-element-button btn\">  Learn more +<\/a><\/div>\n<\/div><\/div>\n\n\n\n<div class=\"wp-block-ws-library-ws-column\"><div class=\"wrapper\">\n<div class=\"wp-block-ws-library-ws-image\"><div class=\"wrapper\"><div class=\"group-media\"><img decoding=\"async\" src=\"https:\/\/www.paysdesecrins.com\/wp-content\/uploads\/2025\/08\/dsc04860-960x640.jpg\" alt=\"\" class=\"single_image ws-image-72672\"><div class=\"credits\"><\/div><\/div><p class=\"caption\"><\/p><\/div><\/div>\n<\/div><\/div>\n<\/div>\n\n<div class=\"wp-block-ws-library-ws-columns alignwide has-2-columns are-vertically-aligned-center layout-5050\" data-season=\"winter\">\n<div class=\"wp-block-ws-library-ws-column\"><div class=\"wrapper\">\n<div class=\"wp-block-ws-library-ws-image\"><div class=\"wrapper\"><div class=\"group-media\"><img decoding=\"async\" src=\"https:\/\/www.paysdesecrins.com\/wp-content\/uploads\/2025\/08\/nsplsh-7236544c524459344c6c30mv2-d-5616-3744-s-4-2jpg.avif\" alt=\"\" class=\"single_image ws-image-72702\"><div class=\"credits\"><\/div><\/div><p class=\"caption\"><\/p><\/div><\/div>\n<\/div><\/div>\n\n\n\n<div class=\"wp-block-ws-library-ws-column\"><div class=\"wrapper\">\n<div class=\"wp-block-ws-library-ws-title\"><h2>The Queyras<\/h2><\/div>\n\n\n\n<p>With its natural atmosphere and mountain villages, small family resorts and a large Nordic area (about 200 km of cross-country trails): the Queyras is an ideal terrain for cross-country skiing, snowshoeing and ski touring. The Molines\u2013Saint-V\u00e9ran, Ceillac, Arvieux or Abri\u00e8s-Ristolas sectors offer varied profiles, far from the crowds. <\/p>\n\n\n\n<div class=\"wp-block-ws-library-ws-button has-text-align-left\"><a href=\"https:\/\/lequeyras.com\" class=\"wp-block-button__link wp-element-button btn\">  Learn more +<\/a><\/div>\n<\/div><\/div>\n<\/div>\n\n<div class=\"wp-block-ws-library-ws-columns alignwide has-2-columns are-vertically-aligned-center layout-5050\" data-season=\"summer\">\n<div class=\"wp-block-ws-library-ws-column\"><div class=\"wrapper\">\n<div class=\"wp-block-ws-library-ws-image\"><div class=\"wrapper\"><div class=\"group-media\"><img decoding=\"async\" src=\"https:\/\/www.paysdesecrins.com\/wp-content\/uploads\/2025\/08\/20160524-dsc09806-960x640.jpg\" alt=\"\" class=\"single_image ws-image-72697\"><div class=\"credits\"><\/div><\/div><p class=\"caption\"><\/p><\/div><\/div>\n<\/div><\/div>\n\n\n\n<div class=\"wp-block-ws-library-ws-column\"><div class=\"wrapper\">\n<div class=\"wp-block-ws-library-ws-title\"><h2>The Queyras<\/h2><\/div>\n\n\n\n<p>A great summer hike: high-altitude lakes, mountain pastures, villages of character and crafts. The Tour du Queyras (GR 58) and the Molines\u2013Saint-V\u00e9ran, Ceillac or Abri\u00e8s sectors offer itineraries of all levels and very open panoramas. <\/p>\n\n\n\n<div class=\"wp-block-ws-library-ws-button has-text-align-left\"><a href=\"https:\/\/lequeyras.com\" class=\"wp-block-button__link wp-element-button btn\">  Learn more +<\/a><\/div>\n<\/div><\/div>\n<\/div>\n\n<div class=\"wp-block-ws-library-ws-columns alignwide has-2-columns are-vertically-aligned-center layout-5050 is-style-background\" data-season=\"winter\">\n<div class=\"wp-block-ws-library-ws-column\"><div class=\"wrapper\">\n<div class=\"wp-block-ws-library-ws-title\"><h2>The Embrunais<\/h2><\/div>\n\n\n\n<p>Head for Serre-Pon\u00e7on for a sunny interlude: winter walks around the Embrun lake, views of the lake and a &#8220;gentler&#8221; programme between two days at altitude. The Embrun area concentrates services and activities, convenient for families. <\/p>\n\n\n\n<div class=\"wp-block-ws-library-ws-button has-text-align-left\"><a href=\"https:\/\/www.serreponcon.com\" class=\"wp-block-button__link wp-element-button btn\">  Learn more +<\/a><\/div>\n<\/div><\/div>\n\n\n\n<div class=\"wp-block-ws-library-ws-column\"><div class=\"wrapper\">\n<div class=\"wp-block-ws-library-ws-image\"><div class=\"wrapper\"><div class=\"group-media\"><img decoding=\"async\" src=\"https:\/\/www.paysdesecrins.com\/wp-content\/uploads\/2025\/08\/051223110026-remi-morel-ot-serre-poncon-1600x900-1-960x640.jpg\" alt=\"\" class=\"single_image ws-image-72677\"><div class=\"credits\"><\/div><\/div><p class=\"caption\"><\/p><\/div><\/div>\n<\/div><\/div>\n<\/div>\n\n<div class=\"wp-block-ws-library-ws-columns alignwide has-2-columns are-vertically-aligned-center layout-5050 is-style-background\" data-season=\"summer\">\n<div class=\"wp-block-ws-library-ws-column\"><div class=\"wrapper\">\n<div class=\"wp-block-ws-library-ws-title\"><h2>The Embrunais<\/h2><\/div>\n\n\n\n<p>On the Serre-Pon\u00e7on side, there is room for swimming and water sports: paddle, sailing, kayaking&#8230; The lake of Embrun and the beaches of the lake concentrate nautical bases and supervised areas, with the old town of Embrun within reach of sandals for the visit.  <\/p>\n\n\n\n<div class=\"wp-block-ws-library-ws-button has-text-align-left\"><a href=\"https:\/\/www.serreponcon.com\" class=\"wp-block-button__link wp-element-button btn\">  Learn more +<\/a><\/div>\n<\/div><\/div>\n\n\n\n<div class=\"wp-block-ws-library-ws-column\"><div class=\"wrapper\">\n<div class=\"wp-block-ws-library-ws-image\"><div class=\"wrapper\"><div class=\"group-media\"><img decoding=\"async\" src=\"https:\/\/www.paysdesecrins.com\/wp-content\/uploads\/2025\/08\/dsc07681-960x640.jpg\" alt=\"\" class=\"single_image ws-image-72682\"><div class=\"credits\"><\/div><\/div><p class=\"caption\"><\/p><\/div><\/div>\n<\/div><\/div>\n<\/div>\n\n<div class=\"wp-block-ws-library-ws-columns alignwide has-2-columns are-vertically-aligned-center layout-5050\" data-season=\"winter\">\n<div class=\"wp-block-ws-library-ws-column\"><div class=\"wrapper\">\n<div class=\"wp-block-ws-library-ws-image\"><div class=\"wrapper\"><div class=\"group-media\"><img decoding=\"async\" src=\"https:\/\/www.paysdesecrins.com\/wp-content\/uploads\/2025\/08\/422-montgenvre1290-960x640.jpg\" alt=\"\" class=\"single_image ws-image-72652\"><div class=\"credits\">SONY DSC<\/div><\/div><p class=\"caption\"><\/p><\/div><\/div>\n<\/div><\/div>\n\n\n\n<div class=\"wp-block-ws-library-ws-column\"><div class=\"wrapper\">\n<div class=\"wp-block-ws-library-ws-title\"><h2>Italy and Montgen\u00e8vre<\/h2><\/div>\n\n\n\n<p>At the border, Montgen\u00e8vre gives access to the wide slopes of the Franco-Italian domain linked to the Vialattea (towards Clavi\u00e8re, Sestriere&#8230;). A day of skiing and pasta is just a few feet away, with the charm of the Piedmontese villages just on the other side. <\/p>\n\n\n\n<div class=\"wp-block-ws-library-ws-button has-text-align-left\"><a href=\"https:\/\/montgenevre.com\" class=\"wp-block-button__link wp-element-button btn\">  Learn more +<\/a><\/div>\n<\/div><\/div>\n<\/div>\n\n<div class=\"wp-block-ws-library-ws-columns alignwide has-2-columns are-vertically-aligned-center layout-5050\" data-season=\"summer\">\n<div class=\"wp-block-ws-library-ws-column\"><div class=\"wrapper\">\n<div class=\"wp-block-ws-library-ws-image\"><div class=\"wrapper\"><div class=\"group-media\"><img decoding=\"async\" src=\"https:\/\/www.paysdesecrins.com\/wp-content\/uploads\/2025\/08\/dji-0104-960x640.jpg\" alt=\"\" class=\"single_image ws-image-72657\"><div class=\"credits\">default<\/div><\/div><p class=\"caption\"><\/p><\/div><\/div>\n<\/div><\/div>\n\n\n\n<div class=\"wp-block-ws-library-ws-column\"><div class=\"wrapper\">\n<div class=\"wp-block-ws-library-ws-title\"><h2>Italy and Montgen\u00e8vre<\/h2><\/div>\n\n\n\n<p>Summer in Montgen\u00e8vre is mountain biking at the bike-park, hiking and fun activities for all. Bonus bonus: you can cross the border by bike or on foot for a coffee in Italy, Clavi\u00e8re being just opposite.   <\/p>\n\n\n\n<div class=\"wp-block-ws-library-ws-button has-text-align-left\"><a href=\"https:\/\/montgenevre.com\" class=\"wp-block-button__link wp-element-button btn\">  Learn more +<\/a><\/div>\n<\/div><\/div>\n<\/div>\n\n<div class=\"wp-block-ws-library-ws-columns alignwide has-2-columns are-vertically-aligned-center layout-5050 is-style-background\" data-season=\"winter\">\n<div class=\"wp-block-ws-library-ws-column\"><div class=\"wrapper\">\n<div class=\"wp-block-ws-library-ws-title\"><h2>Le Champsaur\u2013Valgaudemar<\/h2><\/div>\n\n\n\n<p>Head for the resorts on a human scale (Ancelle, Chaillol, Saint-L\u00e9ger-les-M\u00e9l\u00e8zes, Laye, Serre-Eyraud, Orci\u00e8res) and the beautiful Nordic routes of the valley. Cross-country skiing, snowshoeing, dog sledding, and for the motivated, ice climbing or supervised hiking. The Champsaur-Valgaudemar is more tracks in the snow than minutes in queue.    <\/p>\n\n\n\n<div class=\"wp-block-ws-library-ws-button has-text-align-left\"><a href=\"https:\/\/www.champsaur-valgaudemar.com\" class=\"wp-block-button__link wp-element-button btn\">  Learn more +<\/a><\/div>\n<\/div><\/div>\n\n\n\n<div class=\"wp-block-ws-library-ws-column\"><div class=\"wrapper\">\n<div class=\"wp-block-ws-library-ws-image\"><div class=\"wrapper\"><div class=\"group-media\"><img decoding=\"async\" src=\"https:\/\/www.paysdesecrins.com\/wp-content\/uploads\/2025\/08\/gt-la-chapelle-en-valgaudemar-hiver-9-1920x960-1-960x640.webp\" alt=\"\" class=\"single_image ws-image-105035\"><div class=\"credits\"><\/div><\/div><p class=\"caption\"><\/p><\/div><\/div>\n<\/div><\/div>\n<\/div>\n\n<div class=\"wp-block-ws-library-ws-columns alignwide has-2-columns are-vertically-aligned-center layout-5050 is-style-background\" data-season=\"summer\">\n<div class=\"wp-block-ws-library-ws-column\"><div class=\"wrapper\">\n<div class=\"wp-block-ws-library-ws-title\"><h2>Le Champsaur\u2013Valgaudemar<\/h2><\/div>\n\n\n\n<p>The Champsaur\u2013Valgaudemar combines meadows and direct access to the high mountains. In summer, we follow the Route des Cascades to the Gioberney, we go up to the Lauzon lake (\u22482,000 m) to admire the view, then we go back down to taste the tourtons, a speciality of the territory. An accessible territory, with real great landscapes.  <\/p>\n\n\n\n<div class=\"wp-block-ws-library-ws-button has-text-align-left\"><a href=\"https:\/\/www.champsaur-valgaudemar.com\" class=\"wp-block-button__link wp-element-button btn\">  Learn more +<\/a><\/div>\n<\/div><\/div>\n\n\n\n<div class=\"wp-block-ws-library-ws-column\"><div class=\"wrapper\">\n<div class=\"wp-block-ws-library-ws-image\"><div class=\"wrapper\"><div class=\"group-media\"><img decoding=\"async\" src=\"https:\/\/www.paysdesecrins.com\/wp-content\/uploads\/2025\/08\/gg-petarel-bd-12-1920x960-1-960x640.jpg\" alt=\"\" class=\"single_image ws-image-105030\"><div class=\"credits\"><\/div><\/div><p class=\"caption\"><\/p><\/div><\/div>\n<\/div><\/div>\n<\/div>\n\n<div class=\"wp-block-ws-library-ws-columns alignwide has-2-columns are-vertically-aligned-center layout-5050 is-style-default\" data-season=\"winter\">\n<div class=\"wp-block-ws-library-ws-column\"><div class=\"wrapper\">\n<div class=\"wp-block-ws-library-ws-image\"><div class=\"wrapper\"><div class=\"group-media\"><img decoding=\"async\" src=\"https:\/\/www.paysdesecrins.com\/wp-content\/uploads\/2025\/08\/gap-tallard-960x630.jpg\" alt=\"\" class=\"single_image ws-image-72692\"><div class=\"credits\">Hautes-Alpes, 05, ville de Gap, capitale du d\u00e9partement des Hautes-Alpes.\/\/ Hautes-Alpes, 05, Gap is a commune in southeastern France, the capital of the Hautes-Alpes department<\/div><\/div><p class=\"caption\"><\/p><\/div><\/div>\n<\/div><\/div>\n\n\n\n<div class=\"wp-block-ws-library-ws-column\"><div class=\"wrapper\">\n<div class=\"wp-block-ws-library-ws-title\"><h2>Gap<\/h2><\/div>\n\n\n\n<p>Looking for an urban break and Nordic activities? Head for Gap: strolling, museums and restaurants, then cross-country skiing on the Bayard plateau (approx. 50 km of slopes) just a stone&#8217;s throw from the city. On the way, the Domaine de Charance offers a beautiful view of the valley, even in winter.  <\/p>\n\n\n\n<div class=\"wp-block-ws-library-ws-button has-text-align-left\"><a href=\"https:\/\/www.terresdegap.fr\" class=\"wp-block-button__link wp-element-button btn\">  Learn more +<\/a><\/div>\n<\/div><\/div>\n<\/div>\n\n<div class=\"wp-block-ws-library-ws-columns alignwide has-2-columns are-vertically-aligned-center layout-5050 is-style-default\" data-season=\"summer\">\n<div class=\"wp-block-ws-library-ws-column\"><div class=\"wrapper\">\n<div class=\"wp-block-ws-library-ws-image\"><div class=\"wrapper\"><div class=\"group-media\"><img decoding=\"async\" src=\"https:\/\/www.paysdesecrins.com\/wp-content\/uploads\/2025\/08\/gap-vue-den-haut-cropped-960x640.jpg\" alt=\"\" class=\"single_image ws-image-72687\"><div class=\"credits\"><\/div><\/div><p class=\"caption\"><\/p><\/div><\/div>\n<\/div><\/div>\n\n\n\n<div class=\"wp-block-ws-library-ws-column\"><div class=\"wrapper\">\n<div class=\"wp-block-ws-library-ws-title\"><h2>Gap<\/h2><\/div>\n\n\n\n<p>Green and lively city: parks, museums, terraces and events punctuate the season. Nearby, the Domaine de Charance (headquarters of the \u00c9crins National Park) and its panoramic paths, as well as the Bayard plateau (golf in summer) allow you to get some fresh air without going far away.   <\/p>\n\n\n\n<div class=\"wp-block-ws-library-ws-button has-text-align-left\"><a href=\"https:\/\/www.terresdegap.fr\" class=\"wp-block-button__link wp-element-button btn\">  Learn more +<\/a><\/div>\n<\/div><\/div>\n<\/div>\n\n<div class=\"wp-block-ws-library-ws-share\"><span class=\"share-subtitle\">Did you like this page?<\/span><span class=\"share-title\">Share it!<\/span><button class=\"ws-share-button wp-element-button\">Share this page<\/button><\/div>\n","protected":false},"excerpt":{"rendered":"<p>Want to vary the pleasures during your stay in the Pays des \u00c9crins? Less than an hour away, other valleys [&hellip;]<\/p>\n","protected":false},"author":4,"featured_media":72704,"parent":44565,"menu_order":0,"comment_status":"closed","ping_status":"closed","template":"","meta":{"_thumbnail_id_2":72672,"summer_excerpt":"","season":"","station":"","footnotes":""},"class_list":["post-72548","page","type-page","status-publish","has-post-thumbnail","hentry"],"yoast_head":"<!-- This site is optimized with the Yoast SEO plugin v27.3 - https:\/\/yoast.com\/product\/yoast-seo-wordpress\/ -->\n<title>Nearby - Pays des \u00c9crins - Office de Tourisme<\/title>\n<meta name=\"robots\" content=\"index, follow, max-snippet:-1, max-image-preview:large, max-video-preview:-1\" \/>\n<link rel=\"canonical\" href=\"https:\/\/www.paysdesecrins.com\/en\/my-desire-to\/discovery\/nearby\/\" \/>\n<meta property=\"og:locale\" content=\"en_US\" \/>\n<meta property=\"og:type\" content=\"article\" \/>\n<meta property=\"og:title\" content=\"Nearby - Pays des \u00c9crins - Office de Tourisme\" \/>\n<meta property=\"og:description\" content=\"Want to vary the pleasures during your stay in the Pays des \u00c9crins? Less than an hour away, other valleys [&hellip;]\" \/>\n<meta property=\"og:url\" content=\"https:\/\/www.paysdesecrins.com\/en\/my-desire-to\/discovery\/nearby\/\" \/>\n<meta property=\"og:site_name\" content=\"Pays des \u00c9crins - Office de Tourisme\" \/>\n<meta property=\"article:modified_time\" content=\"2025-08-22T08:38:54+00:00\" \/>\n<meta name=\"twitter:card\" content=\"summary_large_image\" \/>\n<meta name=\"twitter:label1\" content=\"Est. reading time\" \/>\n\t<meta name=\"twitter:data1\" content=\"4 minutes\" \/>\n<script type=\"application\/ld+json\" class=\"yoast-schema-graph\">{\"@context\":\"https:\\\/\\\/schema.org\",\"@graph\":[{\"@type\":\"WebPage\",\"@id\":\"https:\\\/\\\/www.paysdesecrins.com\\\/en\\\/my-desire-to\\\/discovery\\\/nearby\\\/\",\"url\":\"https:\\\/\\\/www.paysdesecrins.com\\\/en\\\/my-desire-to\\\/discovery\\\/nearby\\\/\",\"name\":\"Nearby - Pays des \u00c9crins - Office de Tourisme\",\"isPartOf\":{\"@id\":\"https:\\\/\\\/www.paysdesecrins.com\\\/en\\\/#website\"},\"primaryImageOfPage\":{\"@id\":\"https:\\\/\\\/www.paysdesecrins.com\\\/en\\\/my-desire-to\\\/discovery\\\/nearby\\\/#primaryimage\"},\"image\":{\"@id\":\"https:\\\/\\\/www.paysdesecrins.com\\\/en\\\/my-desire-to\\\/discovery\\\/nearby\\\/#primaryimage\"},\"thumbnailUrl\":\"https:\\\/\\\/www.paysdesecrins.com\\\/wp-content\\\/uploads\\\/2025\\\/08\\\/nsplsh-7236544c524459344c6c30mv2-d-5616-3744-s-4-2jpg.avif\",\"datePublished\":\"2025-08-08T08:10:51+00:00\",\"dateModified\":\"2025-08-22T08:38:54+00:00\",\"breadcrumb\":{\"@id\":\"https:\\\/\\\/www.paysdesecrins.com\\\/en\\\/my-desire-to\\\/discovery\\\/nearby\\\/#breadcrumb\"},\"inLanguage\":\"en-US\",\"potentialAction\":[{\"@type\":\"ReadAction\",\"target\":[\"https:\\\/\\\/www.paysdesecrins.com\\\/en\\\/my-desire-to\\\/discovery\\\/nearby\\\/\"]}]},{\"@type\":\"ImageObject\",\"inLanguage\":\"en-US\",\"@id\":\"https:\\\/\\\/www.paysdesecrins.com\\\/en\\\/my-desire-to\\\/discovery\\\/nearby\\\/#primaryimage\",\"url\":\"https:\\\/\\\/www.paysdesecrins.com\\\/wp-content\\\/uploads\\\/2025\\\/08\\\/nsplsh-7236544c524459344c6c30mv2-d-5616-3744-s-4-2jpg.avif\",\"contentUrl\":\"https:\\\/\\\/www.paysdesecrins.com\\\/wp-content\\\/uploads\\\/2025\\\/08\\\/nsplsh-7236544c524459344c6c30mv2-d-5616-3744-s-4-2jpg.avif\",\"width\":568,\"height\":378},{\"@type\":\"BreadcrumbList\",\"@id\":\"https:\\\/\\\/www.paysdesecrins.com\\\/en\\\/my-desire-to\\\/discovery\\\/nearby\\\/#breadcrumb\",\"itemListElement\":[{\"@type\":\"ListItem\",\"position\":1,\"name\":\"Home\",\"item\":\"https:\\\/\\\/www.paysdesecrins.com\\\/en\\\/the-title-of-the-home\\\/\"},{\"@type\":\"ListItem\",\"position\":2,\"name\":\"My desire to\",\"item\":\"https:\\\/\\\/www.paysdesecrins.com\\\/en\\\/my-desire-to\\\/\"},{\"@type\":\"ListItem\",\"position\":3,\"name\":\"My desire for Discovery\",\"item\":\"https:\\\/\\\/www.paysdesecrins.com\\\/en\\\/my-desire-to\\\/discovery\\\/\"},{\"@type\":\"ListItem\",\"position\":4,\"name\":\"Nearby\"}]},{\"@type\":\"WebSite\",\"@id\":\"https:\\\/\\\/www.paysdesecrins.com\\\/en\\\/#website\",\"url\":\"https:\\\/\\\/www.paysdesecrins.com\\\/en\\\/\",\"name\":\"Pays des \u00c9crins - Office de Tourisme\",\"description\":\"L&#039;esprit montagne\",\"publisher\":{\"@id\":\"https:\\\/\\\/www.paysdesecrins.com\\\/en\\\/#organization\"},\"potentialAction\":[{\"@type\":\"SearchAction\",\"target\":{\"@type\":\"EntryPoint\",\"urlTemplate\":\"https:\\\/\\\/www.paysdesecrins.com\\\/en\\\/?s={search_term_string}\"},\"query-input\":{\"@type\":\"PropertyValueSpecification\",\"valueRequired\":true,\"valueName\":\"search_term_string\"}}],\"inLanguage\":\"en-US\"},{\"@type\":\"Organization\",\"@id\":\"https:\\\/\\\/www.paysdesecrins.com\\\/en\\\/#organization\",\"name\":\"Pays des \u00c9crins - Office de Tourisme\",\"url\":\"https:\\\/\\\/www.paysdesecrins.com\\\/en\\\/\",\"logo\":{\"@type\":\"ImageObject\",\"inLanguage\":\"en-US\",\"@id\":\"https:\\\/\\\/www.paysdesecrins.com\\\/en\\\/#\\\/schema\\\/logo\\\/image\\\/\",\"url\":\"https:\\\/\\\/www.paysdesecrins.com\\\/wp-content\\\/uploads\\\/2025\\\/06\\\/devina-svg-1750845694.svg\",\"contentUrl\":\"https:\\\/\\\/www.paysdesecrins.com\\\/wp-content\\\/uploads\\\/2025\\\/06\\\/devina-svg-1750845694.svg\",\"caption\":\"Pays des \u00c9crins - Office de Tourisme\"},\"image\":{\"@id\":\"https:\\\/\\\/www.paysdesecrins.com\\\/en\\\/#\\\/schema\\\/logo\\\/image\\\/\"}}]}<\/script>\n<!-- \/ Yoast SEO plugin. -->","yoast_head_json":{"title":"Nearby - Pays des \u00c9crins - Office de Tourisme","robots":{"index":"index","follow":"follow","max-snippet":"max-snippet:-1","max-image-preview":"max-image-preview:large","max-video-preview":"max-video-preview:-1"},"canonical":"https:\/\/www.paysdesecrins.com\/en\/my-desire-to\/discovery\/nearby\/","og_locale":"en_US","og_type":"article","og_title":"Nearby - Pays des \u00c9crins - Office de Tourisme","og_description":"Want to vary the pleasures during your stay in the Pays des \u00c9crins? Less than an hour away, other valleys [&hellip;]","og_url":"https:\/\/www.paysdesecrins.com\/en\/my-desire-to\/discovery\/nearby\/","og_site_name":"Pays des \u00c9crins - Office de Tourisme","article_modified_time":"2025-08-22T08:38:54+00:00","twitter_card":"summary_large_image","twitter_misc":{"Est. reading time":"4 minutes"},"schema":{"@context":"https:\/\/schema.org","@graph":[{"@type":"WebPage","@id":"https:\/\/www.paysdesecrins.com\/en\/my-desire-to\/discovery\/nearby\/","url":"https:\/\/www.paysdesecrins.com\/en\/my-desire-to\/discovery\/nearby\/","name":"Nearby - Pays des \u00c9crins - Office de Tourisme","isPartOf":{"@id":"https:\/\/www.paysdesecrins.com\/en\/#website"},"primaryImageOfPage":{"@id":"https:\/\/www.paysdesecrins.com\/en\/my-desire-to\/discovery\/nearby\/#primaryimage"},"image":{"@id":"https:\/\/www.paysdesecrins.com\/en\/my-desire-to\/discovery\/nearby\/#primaryimage"},"thumbnailUrl":"https:\/\/www.paysdesecrins.com\/wp-content\/uploads\/2025\/08\/nsplsh-7236544c524459344c6c30mv2-d-5616-3744-s-4-2jpg.avif","datePublished":"2025-08-08T08:10:51+00:00","dateModified":"2025-08-22T08:38:54+00:00","breadcrumb":{"@id":"https:\/\/www.paysdesecrins.com\/en\/my-desire-to\/discovery\/nearby\/#breadcrumb"},"inLanguage":"en-US","potentialAction":[{"@type":"ReadAction","target":["https:\/\/www.paysdesecrins.com\/en\/my-desire-to\/discovery\/nearby\/"]}]},{"@type":"ImageObject","inLanguage":"en-US","@id":"https:\/\/www.paysdesecrins.com\/en\/my-desire-to\/discovery\/nearby\/#primaryimage","url":"https:\/\/www.paysdesecrins.com\/wp-content\/uploads\/2025\/08\/nsplsh-7236544c524459344c6c30mv2-d-5616-3744-s-4-2jpg.avif","contentUrl":"https:\/\/www.paysdesecrins.com\/wp-content\/uploads\/2025\/08\/nsplsh-7236544c524459344c6c30mv2-d-5616-3744-s-4-2jpg.avif","width":568,"height":378},{"@type":"BreadcrumbList","@id":"https:\/\/www.paysdesecrins.com\/en\/my-desire-to\/discovery\/nearby\/#breadcrumb","itemListElement":[{"@type":"ListItem","position":1,"name":"Home","item":"https:\/\/www.paysdesecrins.com\/en\/the-title-of-the-home\/"},{"@type":"ListItem","position":2,"name":"My desire to","item":"https:\/\/www.paysdesecrins.com\/en\/my-desire-to\/"},{"@type":"ListItem","position":3,"name":"My desire for Discovery","item":"https:\/\/www.paysdesecrins.com\/en\/my-desire-to\/discovery\/"},{"@type":"ListItem","position":4,"name":"Nearby"}]},{"@type":"WebSite","@id":"https:\/\/www.paysdesecrins.com\/en\/#website","url":"https:\/\/www.paysdesecrins.com\/en\/","name":"Pays des \u00c9crins - Office de Tourisme","description":"L&#039;esprit montagne","publisher":{"@id":"https:\/\/www.paysdesecrins.com\/en\/#organization"},"potentialAction":[{"@type":"SearchAction","target":{"@type":"EntryPoint","urlTemplate":"https:\/\/www.paysdesecrins.com\/en\/?s={search_term_string}"},"query-input":{"@type":"PropertyValueSpecification","valueRequired":true,"valueName":"search_term_string"}}],"inLanguage":"en-US"},{"@type":"Organization","@id":"https:\/\/www.paysdesecrins.com\/en\/#organization","name":"Pays des \u00c9crins - Office de Tourisme","url":"https:\/\/www.paysdesecrins.com\/en\/","logo":{"@type":"ImageObject","inLanguage":"en-US","@id":"https:\/\/www.paysdesecrins.com\/en\/#\/schema\/logo\/image\/","url":"https:\/\/www.paysdesecrins.com\/wp-content\/uploads\/2025\/06\/devina-svg-1750845694.svg","contentUrl":"https:\/\/www.paysdesecrins.com\/wp-content\/uploads\/2025\/06\/devina-svg-1750845694.svg","caption":"Pays des \u00c9crins - Office de Tourisme"},"image":{"@id":"https:\/\/www.paysdesecrins.com\/en\/#\/schema\/logo\/image\/"}}]}},"_links":{"self":[{"href":"https:\/\/www.paysdesecrins.com\/en\/wp-json\/wp\/v2\/pages\/72548","targetHints":{"allow":["GET"]}}],"collection":[{"href":"https:\/\/www.paysdesecrins.com\/en\/wp-json\/wp\/v2\/pages"}],"about":[{"href":"https:\/\/www.paysdesecrins.com\/en\/wp-json\/wp\/v2\/types\/page"}],"author":[{"embeddable":true,"href":"https:\/\/www.paysdesecrins.com\/en\/wp-json\/wp\/v2\/users\/4"}],"replies":[{"embeddable":true,"href":"https:\/\/www.paysdesecrins.com\/en\/wp-json\/wp\/v2\/comments?post=72548"}],"version-history":[{"count":2,"href":"https:\/\/www.paysdesecrins.com\/en\/wp-json\/wp\/v2\/pages\/72548\/revisions"}],"predecessor-version":[{"id":105048,"href":"https:\/\/www.paysdesecrins.com\/en\/wp-json\/wp\/v2\/pages\/72548\/revisions\/105048"}],"up":[{"embeddable":true,"href":"https:\/\/www.paysdesecrins.com\/en\/wp-json\/wp\/v2\/pages\/44565"}],"wp:featuredmedia":[{"embeddable":true,"href":"https:\/\/www.paysdesecrins.com\/en\/wp-json\/wp\/v2\/media\/72704"}],"wp:attachment":[{"href":"https:\/\/www.paysdesecrins.com\/en\/wp-json\/wp\/v2\/media?parent=72548"}],"curies":[{"name":"wp","href":"https:\/\/api.w.org\/{rel}","templated":true}]}}