{"id":44270,"date":"2025-07-25T11:18:16","date_gmt":"2025-07-25T09:18:16","guid":{"rendered":"https:\/\/www.paysdesecrins.com\/scoperta-di-una-notte-in-rifugio\/"},"modified":"2025-08-06T11:59:50","modified_gmt":"2025-08-06T09:59:50","slug":"scoperta-di-una-notte-in-rifugio","status":"publish","type":"page","link":"https:\/\/www.paysdesecrins.com\/it\/il-mio-desiderio-di\/montagna\/scoperta-di-una-notte-in-rifugio\/","title":{"rendered":"Scoperta di una notte in rifugio"},"content":{"rendered":"    <div class=\"alignfull wp-block-ws-library-ws-header-interne\">\n\t    <div class=\"header-container\">\n\t        <div class=\"group-media has-image\">\n\t            \t                <img loading=\"lazy\" decoding=\"async\" width=\"1600\" height=\"800\" src=\"https:\/\/www.paysdesecrins.com\/wp-content\/uploads\/2025\/07\/refuge-des-e-crins-glacier-1-1-1600x800.jpg\" alt=\"\" class=\"image_large_square wp-image-41941\" \/>\n\t            \t        <\/div>\n\t        <div class=\"group-content\">\n\t            <div class=\"title\">\n\t                <h1>\n\t                    Scoperta di una notte in rifugio\t                    \t                <\/h1>\n\t            <\/div>\n\t        <\/div>\n\t    <\/div>\n\t    \n<div class=\"yoast-breadcrumbs\"><span><span><a href=\"https:\/\/www.paysdesecrins.com\/it\/il-titolo-della-casa\/\">Accueil<\/a><\/span>  <span><a href=\"https:\/\/www.paysdesecrins.com\/it\/il-mio-desiderio-di\/\">Il mio desiderio di<\/a><\/span>  <span><a href=\"https:\/\/www.paysdesecrins.com\/it\/il-mio-desiderio-di\/montagna\/\">La mia voglia di montagna<\/a><\/span>  <span class=\"breadcrumb_last\" aria-current=\"page\">Scoperta di una notte in rifugio<\/span><\/span><\/div>\n    <\/div>\n    \n<div class=\"wp-block-ws-library-ws-title aligncenter is-style-simple\"><h2><em>Micro-avventura<\/em>Il rifugio, un luogo atipico, un ambiente da sogno<br><\/h2><\/div>\n\n<p class=\"has-text-align-left\"><strong>Il rifugio, un luogo atipico, un ambiente da sogno<\/strong><br\/>Spesso immaginate come troppo difficili da raggiungere, le alte montagne si stanno aprendo sempre di pi\u00f9 agli appassionati di escursionismo e di ampi spazi aperti e non pi\u00f9 solo agli alpinisti esperti. I rifugi del Pays des \u00c9crins sono spesso l&#8217;arrivo dell&#8217;escursionismo e l&#8217;inizio dell&#8217;alpinismo. Questa \u00e8 la tappa finale dell&#8217;escursionista, ed \u00e8 soprattutto il suo luogo di conforto dopo la passeggiata! Questo luogo atipico, con la sua architettura riconoscibile da mille chilometri di distanza, \u00e8 un luogo alto di convivialit\u00e0 e ritorno alle origini.     <br\/>Una serata e una notte in un rifugio sono la garanzia di un momento magico e senza tempo in un ambiente idilliaco. \u00c8 la garanzia di una disconnessione dalla tua vita quotidiana e di una riconnessione con l&#8217;umano.   <\/p>\n\n<div class=\"wp-block-ws-library-ws-columns alignwide has-2-columns are-vertically-aligned-center layout-5050 is-style-background\">\n<div class=\"wp-block-ws-library-ws-column\"><div class=\"wrapper\">\n<div class=\"wp-block-ws-library-ws-title\"><h3>Scopri una notte in rifugio<\/h3><\/div>\n\n\n\n<p class=\"has-text-align-left\"><strong>Prima \u00e8 la salita al rifugio<\/strong>. Nel primo pomeriggio si inizia l&#8217;escursione verso il rifugio (dalle 2 alle 4 ore di cammino a seconda del rifugio). Sempre situato nel cuore del Parco Nazionale degli \u00c9crins, avrete sicuramente la fortuna di imbattervi in marmotte o camosci non lontano dal sentiero.    <\/p>\n\n\n\n<p><strong>Arrivo al rifugio.<\/strong>  Posate lo zaino, toglietevi le scarpe, indossate le ciabatte in prestito per non sporcare il rifugio e godetevi l&#8217;ambiente del rifugio e il panorama eccezionale.  <\/p>\n\n\n\n<p><strong>La sera.<\/strong>  Niente docce la sera, l&#8217;acqua scarseggia in montagna. Dirigetevi verso la cena intorno alle 19:00 e un pasto abbondante per recuperare le forze dopo un pomeriggio sportivo. Potrete poi godervi le attivit\u00e0 ricreative del rifugio (libro, gioco da tavolo, gioco di carte) prima di una meritata notte di sonno.  <\/p>\n\n\n\n<p><strong>Il risveglio.<\/strong>  Sveglia fresca e ben riposata. Si scende al mattino presto per fare colazione prima di ridiscendere a valle.   <\/p>\n\n\n\n<p class=\"has-text-align-left\">Un programma fitto di appuntamenti per un momento magico!  <\/p>\n<\/div><\/div>\n\n\n\n<div class=\"wp-block-ws-library-ws-column\"><div class=\"wrapper\">\n<div class=\"wp-block-ws-library-ws-image\"><div class=\"wrapper\"><div class=\"group-media\"><img decoding=\"async\" src=\"https:\/\/www.paysdesecrins.com\/wp-content\/uploads\/2025\/07\/1654165353-106255965-960x640.jpg\" alt=\"\" class=\"single_image ws-image-42336\"><div class=\"credits\"><\/div><\/div><p class=\"caption\"><\/p><\/div><\/div>\n<\/div><\/div>\n<\/div>\n\n<div class=\"wp-block-ws-library-ws-title aligncenter\"><h3>Scopri l&#8217;esperienza del rifugio<\/h3><\/div>\n\n<p class=\"has-text-align-center\"><strong>A circa 2 ore di distanza<\/strong>, dirigetevi verso il <strong>rifugio Bans<\/strong> per una magnifica escursione in un <strong>ambiente bucolico<\/strong> in mezzo a camosci e marmotte. Arrivati nel tardo pomeriggio, poserete la borsa e vi godrete la calma del rifugio. <\/p>\n\n<p class=\"has-text-align-center\">Potrete poi gustare una <strong>fonduta contadina<\/strong> all&#8217;interno del rifugio per recuperare le forze e riscaldarvi. Potrete poi giocare al gioco da tavolo nel rifugio, leggere, secondo i vostri desideri. <strong>Pernottamento in dormitorio<\/strong>. Il giorno successivo, al mattino presto, farete un&#8217;abbondante <strong>colazione<\/strong> con <strong>prodotti locali<\/strong> prima di ripartire per la discesa.    <\/p>\n\n<div class=\"wp-block-ws-library-ws-slider alignwide\"><div class=\"splide\" data-splide=\"{\"type\":\"slide\",\"heightRatio\":\"auto\",\"perPage\":4,\"perMove\":1,\"drag\":true,\"pagination\":0,\"autoplay\":false,\"gap\":\"15px\",\"breakpoints\":{\"450\":{\"perPage\":1},\"768\":{\"perPage\":2},\"992\":{\"perPage\":3},\"1200\":{\"perPage\":4}}}\"><div class=\"splide__track\"><div class=\"splide__list\"><div class=\"splide__slide\"><a href=\"https:\/\/www.paysdesecrins.com\/wp-content\/uploads\/2025\/07\/1654165353-10994806-400x400.jpg\" data-glightbox=\"true\" class=\"lightbox-trigger\"><img decoding=\"async\" src=\"https:\/\/www.paysdesecrins.com\/wp-content\/uploads\/2025\/07\/1654165353-10994806-400x400.jpg\" alt=\"\"><\/a><\/div><div class=\"splide__slide\"><a href=\"https:\/\/www.paysdesecrins.com\/wp-content\/uploads\/2025\/07\/1654165353-106255965-1-400x400.jpg\" data-glightbox=\"true\" class=\"lightbox-trigger\"><img decoding=\"async\" src=\"https:\/\/www.paysdesecrins.com\/wp-content\/uploads\/2025\/07\/1654165353-106255965-1-400x400.jpg\" alt=\"\"><\/a><\/div><div class=\"splide__slide\"><a href=\"https:\/\/www.paysdesecrins.com\/wp-content\/uploads\/2025\/07\/1654165353-1857194193-400x400.jpg\" data-glightbox=\"true\" class=\"lightbox-trigger\"><img decoding=\"async\" src=\"https:\/\/www.paysdesecrins.com\/wp-content\/uploads\/2025\/07\/1654165353-1857194193-400x400.jpg\" alt=\"\"><\/a><\/div><\/div><\/div><\/div><\/div>\n\n<div class=\"wp-block-ws-library-ws-share\"><span class=\"share-subtitle\">Ti \u00e8 piaciuta questa pagina?<\/span><span class=\"share-title\">Condividilo!<\/span><button class=\"ws-share-button wp-element-button\">Condividi questa pagina<\/button><\/div>\n","protected":false},"excerpt":{"rendered":"<p>Il rifugio, un luogo atipico, un ambiente da sognoSpesso immaginate come troppo difficili da raggiungere, le alte montagne si stanno [&hellip;]<\/p>\n","protected":false},"author":9,"featured_media":41938,"parent":44576,"menu_order":0,"comment_status":"closed","ping_status":"closed","template":"","meta":{"_thumbnail_id_2":0,"summer_excerpt":"","season":"","station":"","footnotes":""},"class_list":["post-44270","page","type-page","status-publish","has-post-thumbnail","hentry"],"yoast_head":"<!-- This site is optimized with the Yoast SEO plugin v27.3 - https:\/\/yoast.com\/product\/yoast-seo-wordpress\/ -->\n<title>Scoperta di una notte in rifugio - Pays des \u00c9crins - Office de Tourisme<\/title>\n<meta name=\"robots\" content=\"index, follow, max-snippet:-1, max-image-preview:large, max-video-preview:-1\" \/>\n<link rel=\"canonical\" href=\"https:\/\/www.paysdesecrins.com\/it\/il-mio-desiderio-di\/montagna\/scoperta-di-una-notte-in-rifugio\/\" \/>\n<meta property=\"og:locale\" content=\"it_IT\" \/>\n<meta property=\"og:type\" content=\"article\" \/>\n<meta property=\"og:title\" content=\"Scoperta di una notte in rifugio - Pays des \u00c9crins - Office de Tourisme\" \/>\n<meta property=\"og:description\" content=\"Il rifugio, un luogo atipico, un ambiente da sognoSpesso immaginate come troppo difficili da raggiungere, le alte montagne si stanno [&hellip;]\" \/>\n<meta property=\"og:url\" content=\"https:\/\/www.paysdesecrins.com\/it\/il-mio-desiderio-di\/montagna\/scoperta-di-una-notte-in-rifugio\/\" \/>\n<meta property=\"og:site_name\" content=\"Pays des \u00c9crins - Office de Tourisme\" \/>\n<meta property=\"article:modified_time\" content=\"2025-08-06T09:59:50+00:00\" \/>\n<meta property=\"og:image\" content=\"https:\/\/www.paysdesecrins.com\/wp-content\/uploads\/2025\/07\/1674817584-1084275632-1.jpg\" \/>\n\t<meta property=\"og:image:width\" content=\"1200\" \/>\n\t<meta property=\"og:image:height\" content=\"800\" \/>\n\t<meta property=\"og:image:type\" content=\"image\/jpeg\" \/>\n<meta name=\"twitter:card\" content=\"summary_large_image\" \/>\n<meta name=\"twitter:label1\" content=\"Tempo di lettura stimato\" \/>\n\t<meta name=\"twitter:data1\" content=\"2 minuti\" \/>\n<script type=\"application\/ld+json\" class=\"yoast-schema-graph\">{\"@context\":\"https:\\\/\\\/schema.org\",\"@graph\":[{\"@type\":\"WebPage\",\"@id\":\"https:\\\/\\\/www.paysdesecrins.com\\\/it\\\/il-mio-desiderio-di\\\/montagna\\\/scoperta-di-una-notte-in-rifugio\\\/\",\"url\":\"https:\\\/\\\/www.paysdesecrins.com\\\/it\\\/il-mio-desiderio-di\\\/montagna\\\/scoperta-di-una-notte-in-rifugio\\\/\",\"name\":\"Scoperta di una notte in rifugio - Pays des \u00c9crins - Office de Tourisme\",\"isPartOf\":{\"@id\":\"https:\\\/\\\/www.paysdesecrins.com\\\/it\\\/#website\"},\"primaryImageOfPage\":{\"@id\":\"https:\\\/\\\/www.paysdesecrins.com\\\/it\\\/il-mio-desiderio-di\\\/montagna\\\/scoperta-di-una-notte-in-rifugio\\\/#primaryimage\"},\"image\":{\"@id\":\"https:\\\/\\\/www.paysdesecrins.com\\\/it\\\/il-mio-desiderio-di\\\/montagna\\\/scoperta-di-una-notte-in-rifugio\\\/#primaryimage\"},\"thumbnailUrl\":\"https:\\\/\\\/www.paysdesecrins.com\\\/wp-content\\\/uploads\\\/2025\\\/07\\\/1674817584-1084275632-1.jpg\",\"datePublished\":\"2025-07-25T09:18:16+00:00\",\"dateModified\":\"2025-08-06T09:59:50+00:00\",\"breadcrumb\":{\"@id\":\"https:\\\/\\\/www.paysdesecrins.com\\\/it\\\/il-mio-desiderio-di\\\/montagna\\\/scoperta-di-una-notte-in-rifugio\\\/#breadcrumb\"},\"inLanguage\":\"it-IT\",\"potentialAction\":[{\"@type\":\"ReadAction\",\"target\":[\"https:\\\/\\\/www.paysdesecrins.com\\\/it\\\/il-mio-desiderio-di\\\/montagna\\\/scoperta-di-una-notte-in-rifugio\\\/\"]}]},{\"@type\":\"ImageObject\",\"inLanguage\":\"it-IT\",\"@id\":\"https:\\\/\\\/www.paysdesecrins.com\\\/it\\\/il-mio-desiderio-di\\\/montagna\\\/scoperta-di-una-notte-in-rifugio\\\/#primaryimage\",\"url\":\"https:\\\/\\\/www.paysdesecrins.com\\\/wp-content\\\/uploads\\\/2025\\\/07\\\/1674817584-1084275632-1.jpg\",\"contentUrl\":\"https:\\\/\\\/www.paysdesecrins.com\\\/wp-content\\\/uploads\\\/2025\\\/07\\\/1674817584-1084275632-1.jpg\",\"width\":1200,\"height\":800},{\"@type\":\"BreadcrumbList\",\"@id\":\"https:\\\/\\\/www.paysdesecrins.com\\\/it\\\/il-mio-desiderio-di\\\/montagna\\\/scoperta-di-una-notte-in-rifugio\\\/#breadcrumb\",\"itemListElement\":[{\"@type\":\"ListItem\",\"position\":1,\"name\":\"Accueil\",\"item\":\"https:\\\/\\\/www.paysdesecrins.com\\\/it\\\/il-titolo-della-casa\\\/\"},{\"@type\":\"ListItem\",\"position\":2,\"name\":\"Il mio desiderio di\",\"item\":\"https:\\\/\\\/www.paysdesecrins.com\\\/it\\\/il-mio-desiderio-di\\\/\"},{\"@type\":\"ListItem\",\"position\":3,\"name\":\"La mia voglia di montagna\",\"item\":\"https:\\\/\\\/www.paysdesecrins.com\\\/it\\\/il-mio-desiderio-di\\\/montagna\\\/\"},{\"@type\":\"ListItem\",\"position\":4,\"name\":\"Scoperta di una notte in rifugio\"}]},{\"@type\":\"WebSite\",\"@id\":\"https:\\\/\\\/www.paysdesecrins.com\\\/it\\\/#website\",\"url\":\"https:\\\/\\\/www.paysdesecrins.com\\\/it\\\/\",\"name\":\"Pays des \u00c9crins - Office de Tourisme\",\"description\":\"L&#039;esprit montagne\",\"publisher\":{\"@id\":\"https:\\\/\\\/www.paysdesecrins.com\\\/it\\\/#organization\"},\"potentialAction\":[{\"@type\":\"SearchAction\",\"target\":{\"@type\":\"EntryPoint\",\"urlTemplate\":\"https:\\\/\\\/www.paysdesecrins.com\\\/it\\\/?s={search_term_string}\"},\"query-input\":{\"@type\":\"PropertyValueSpecification\",\"valueRequired\":true,\"valueName\":\"search_term_string\"}}],\"inLanguage\":\"it-IT\"},{\"@type\":\"Organization\",\"@id\":\"https:\\\/\\\/www.paysdesecrins.com\\\/it\\\/#organization\",\"name\":\"Pays des \u00c9crins - Office de Tourisme\",\"url\":\"https:\\\/\\\/www.paysdesecrins.com\\\/it\\\/\",\"logo\":{\"@type\":\"ImageObject\",\"inLanguage\":\"it-IT\",\"@id\":\"https:\\\/\\\/www.paysdesecrins.com\\\/it\\\/#\\\/schema\\\/logo\\\/image\\\/\",\"url\":\"https:\\\/\\\/www.paysdesecrins.com\\\/wp-content\\\/uploads\\\/2025\\\/06\\\/devina-svg-1750845694.svg\",\"contentUrl\":\"https:\\\/\\\/www.paysdesecrins.com\\\/wp-content\\\/uploads\\\/2025\\\/06\\\/devina-svg-1750845694.svg\",\"caption\":\"Pays des \u00c9crins - Office de Tourisme\"},\"image\":{\"@id\":\"https:\\\/\\\/www.paysdesecrins.com\\\/it\\\/#\\\/schema\\\/logo\\\/image\\\/\"}}]}<\/script>\n<!-- \/ Yoast SEO plugin. -->","yoast_head_json":{"title":"Scoperta di una notte in rifugio - Pays des \u00c9crins - Office de Tourisme","robots":{"index":"index","follow":"follow","max-snippet":"max-snippet:-1","max-image-preview":"max-image-preview:large","max-video-preview":"max-video-preview:-1"},"canonical":"https:\/\/www.paysdesecrins.com\/it\/il-mio-desiderio-di\/montagna\/scoperta-di-una-notte-in-rifugio\/","og_locale":"it_IT","og_type":"article","og_title":"Scoperta di una notte in rifugio - Pays des \u00c9crins - Office de Tourisme","og_description":"Il rifugio, un luogo atipico, un ambiente da sognoSpesso immaginate come troppo difficili da raggiungere, le alte montagne si stanno [&hellip;]","og_url":"https:\/\/www.paysdesecrins.com\/it\/il-mio-desiderio-di\/montagna\/scoperta-di-una-notte-in-rifugio\/","og_site_name":"Pays des \u00c9crins - Office de Tourisme","article_modified_time":"2025-08-06T09:59:50+00:00","og_image":[{"width":1200,"height":800,"url":"https:\/\/www.paysdesecrins.com\/wp-content\/uploads\/2025\/07\/1674817584-1084275632-1.jpg","type":"image\/jpeg"}],"twitter_card":"summary_large_image","twitter_misc":{"Tempo di lettura stimato":"2 minuti"},"schema":{"@context":"https:\/\/schema.org","@graph":[{"@type":"WebPage","@id":"https:\/\/www.paysdesecrins.com\/it\/il-mio-desiderio-di\/montagna\/scoperta-di-una-notte-in-rifugio\/","url":"https:\/\/www.paysdesecrins.com\/it\/il-mio-desiderio-di\/montagna\/scoperta-di-una-notte-in-rifugio\/","name":"Scoperta di una notte in rifugio - Pays des \u00c9crins - Office de Tourisme","isPartOf":{"@id":"https:\/\/www.paysdesecrins.com\/it\/#website"},"primaryImageOfPage":{"@id":"https:\/\/www.paysdesecrins.com\/it\/il-mio-desiderio-di\/montagna\/scoperta-di-una-notte-in-rifugio\/#primaryimage"},"image":{"@id":"https:\/\/www.paysdesecrins.com\/it\/il-mio-desiderio-di\/montagna\/scoperta-di-una-notte-in-rifugio\/#primaryimage"},"thumbnailUrl":"https:\/\/www.paysdesecrins.com\/wp-content\/uploads\/2025\/07\/1674817584-1084275632-1.jpg","datePublished":"2025-07-25T09:18:16+00:00","dateModified":"2025-08-06T09:59:50+00:00","breadcrumb":{"@id":"https:\/\/www.paysdesecrins.com\/it\/il-mio-desiderio-di\/montagna\/scoperta-di-una-notte-in-rifugio\/#breadcrumb"},"inLanguage":"it-IT","potentialAction":[{"@type":"ReadAction","target":["https:\/\/www.paysdesecrins.com\/it\/il-mio-desiderio-di\/montagna\/scoperta-di-una-notte-in-rifugio\/"]}]},{"@type":"ImageObject","inLanguage":"it-IT","@id":"https:\/\/www.paysdesecrins.com\/it\/il-mio-desiderio-di\/montagna\/scoperta-di-una-notte-in-rifugio\/#primaryimage","url":"https:\/\/www.paysdesecrins.com\/wp-content\/uploads\/2025\/07\/1674817584-1084275632-1.jpg","contentUrl":"https:\/\/www.paysdesecrins.com\/wp-content\/uploads\/2025\/07\/1674817584-1084275632-1.jpg","width":1200,"height":800},{"@type":"BreadcrumbList","@id":"https:\/\/www.paysdesecrins.com\/it\/il-mio-desiderio-di\/montagna\/scoperta-di-una-notte-in-rifugio\/#breadcrumb","itemListElement":[{"@type":"ListItem","position":1,"name":"Accueil","item":"https:\/\/www.paysdesecrins.com\/it\/il-titolo-della-casa\/"},{"@type":"ListItem","position":2,"name":"Il mio desiderio di","item":"https:\/\/www.paysdesecrins.com\/it\/il-mio-desiderio-di\/"},{"@type":"ListItem","position":3,"name":"La mia voglia di montagna","item":"https:\/\/www.paysdesecrins.com\/it\/il-mio-desiderio-di\/montagna\/"},{"@type":"ListItem","position":4,"name":"Scoperta di una notte in rifugio"}]},{"@type":"WebSite","@id":"https:\/\/www.paysdesecrins.com\/it\/#website","url":"https:\/\/www.paysdesecrins.com\/it\/","name":"Pays des \u00c9crins - Office de Tourisme","description":"L&#039;esprit montagne","publisher":{"@id":"https:\/\/www.paysdesecrins.com\/it\/#organization"},"potentialAction":[{"@type":"SearchAction","target":{"@type":"EntryPoint","urlTemplate":"https:\/\/www.paysdesecrins.com\/it\/?s={search_term_string}"},"query-input":{"@type":"PropertyValueSpecification","valueRequired":true,"valueName":"search_term_string"}}],"inLanguage":"it-IT"},{"@type":"Organization","@id":"https:\/\/www.paysdesecrins.com\/it\/#organization","name":"Pays des \u00c9crins - Office de Tourisme","url":"https:\/\/www.paysdesecrins.com\/it\/","logo":{"@type":"ImageObject","inLanguage":"it-IT","@id":"https:\/\/www.paysdesecrins.com\/it\/#\/schema\/logo\/image\/","url":"https:\/\/www.paysdesecrins.com\/wp-content\/uploads\/2025\/06\/devina-svg-1750845694.svg","contentUrl":"https:\/\/www.paysdesecrins.com\/wp-content\/uploads\/2025\/06\/devina-svg-1750845694.svg","caption":"Pays des \u00c9crins - Office de Tourisme"},"image":{"@id":"https:\/\/www.paysdesecrins.com\/it\/#\/schema\/logo\/image\/"}}]}},"_links":{"self":[{"href":"https:\/\/www.paysdesecrins.com\/it\/wp-json\/wp\/v2\/pages\/44270","targetHints":{"allow":["GET"]}}],"collection":[{"href":"https:\/\/www.paysdesecrins.com\/it\/wp-json\/wp\/v2\/pages"}],"about":[{"href":"https:\/\/www.paysdesecrins.com\/it\/wp-json\/wp\/v2\/types\/page"}],"author":[{"embeddable":true,"href":"https:\/\/www.paysdesecrins.com\/it\/wp-json\/wp\/v2\/users\/9"}],"replies":[{"embeddable":true,"href":"https:\/\/www.paysdesecrins.com\/it\/wp-json\/wp\/v2\/comments?post=44270"}],"version-history":[{"count":0,"href":"https:\/\/www.paysdesecrins.com\/it\/wp-json\/wp\/v2\/pages\/44270\/revisions"}],"up":[{"embeddable":true,"href":"https:\/\/www.paysdesecrins.com\/it\/wp-json\/wp\/v2\/pages\/44576"}],"wp:featuredmedia":[{"embeddable":true,"href":"https:\/\/www.paysdesecrins.com\/it\/wp-json\/wp\/v2\/media\/41938"}],"wp:attachment":[{"href":"https:\/\/www.paysdesecrins.com\/it\/wp-json\/wp\/v2\/media?parent=44270"}],"curies":[{"name":"wp","href":"https:\/\/api.w.org\/{rel}","templated":true}]}}