{"id":44288,"date":"2025-07-25T11:01:59","date_gmt":"2025-07-25T09:01:59","guid":{"rendered":"https:\/\/www.paysdesecrins.com\/gli-ecrins-sul-lato-del-rifugio\/"},"modified":"2025-08-05T11:58:36","modified_gmt":"2025-08-05T09:58:36","slug":"gli-ecrins-sul-lato-del-rifugio","status":"publish","type":"page","link":"https:\/\/www.paysdesecrins.com\/it\/il-mio-desiderio-di\/montagna\/gli-ecrins-sul-lato-del-rifugio\/","title":{"rendered":"Gli \u00c9crins sul lato del rifugio"},"content":{"rendered":"    <div class=\"alignfull wp-block-ws-library-ws-header-interne\">\n\t    <div class=\"header-container\">\n\t        <div class=\"group-media has-image\">\n\t            \t                <img loading=\"lazy\" decoding=\"async\" width=\"1920\" height=\"800\" src=\"https:\/\/www.paysdesecrins.com\/wp-content\/uploads\/2025\/07\/refuge-des-e-crins-glacier-1920x800.webp\" alt=\"\" class=\"image_large_square wp-image-41908\" \/>\n\t            \t        <\/div>\n\t        <div class=\"group-content\">\n\t            <div class=\"title\">\n\t                <h1>\n\t                    Gli \u00c9crins sul lato del rifugio\t                    \t                <\/h1>\n\t            <\/div>\n\t        <\/div>\n\t    <\/div>\n\t    \n<div class=\"yoast-breadcrumbs\"><span><span><a href=\"https:\/\/www.paysdesecrins.com\/it\/il-titolo-della-casa\/\">Accueil<\/a><\/span>  <span><a href=\"https:\/\/www.paysdesecrins.com\/it\/il-mio-desiderio-di\/\">Il mio desiderio di<\/a><\/span>  <span><a href=\"https:\/\/www.paysdesecrins.com\/it\/il-mio-desiderio-di\/montagna\/\">La mia voglia di montagna<\/a><\/span>  <span class=\"breadcrumb_last\" aria-current=\"page\">Gli \u00c9crins sul lato del rifugio<\/span><\/span><\/div>\n    <\/div>\n    \n<div class=\"wp-block-ws-library-ws-title aligncenter is-style-simple\"><h2><em style=\"letter-spacing: -0.1px; display: inline !important;\">Una micro-avventura<\/em><br><br>in alto<\/h2><\/div>\n\n<p class=\"has-text-align-left\">Cerchi aria fresca, silenzio e notti al top? Nel Pays des \u00c9crins, camminare verso un rifugio \u00e8 gi\u00e0 un&#8217;avventura. Ogni passo ti avvicina a un altro luogo, ogni rifugio apre una finestra sull&#8217;immensit\u00e0. Dormiamo sul fianco della montagna, condividiamo un piatto caldo, guardiamo le stelle.<br\/>Tra Vallouise, il Glacier Blanc e la Barre des \u00c9crins, l&#8217;esperienza pu\u00f2 essere vissuta in movimento o per un giorno, con la famiglia o in modalit\u00e0 alpina. I paesaggi sono grandiosi, l&#8217;atmosfera autentica.      <br\/>Qui i rifugi non sono semplici rifugi: sono punti di incontro, di emozione e di superamento.<\/p>\n\n<p class=\"has-text-align-center\"><\/p>\n\n<div class=\"wp-block-ws-library-ws-columns alignwide has-2-columns are-vertically-aligned-center layout-5050 is-style-background\">\n<div class=\"wp-block-ws-library-ws-column\"><div class=\"wrapper\">\n<div class=\"wp-block-ws-library-ws-title\"><h3>Il Refuge des Bans: un&#8217;oasi di pace per tutti<\/h3><\/div>\n\n\n\n<p class=\"has-text-align-left\">Immerso nella valle dell&#8217;Onda, a meno di 2 ore di cammino da Vallouise, il rifugio Bans \u00e8 il rifugio ideale per un primo approccio ai rifugi con la famiglia. Facilmente raggiungibile, offre una dolce immersione nel mondo dell&#8217;alta montagna.<br\/>I pi\u00f9 giovani scoprono la vita in quota, mentre gli alpinisti trovano un punto di partenza per le classiche estive come il massiccio del Bans, il Coste Counier o Le Diable par la Queue.<br\/>Per un giorno o una notte, \u00e8 un luogo tranquillo, accogliente e panoramico. Perfetto per immergersi nell&#8217;atmosfera prima di partire per avventure pi\u00f9 grandi.  <\/p>\n\n\n\n<p class=\"has-text-align-left\">Refuge des Bans \u2013 aperto in estate, su prenotazione.<\/p>\n<\/div><\/div>\n\n\n\n<div class=\"wp-block-ws-library-ws-column\"><div class=\"wrapper\">\n<div class=\"wp-block-ws-library-ws-image\"><div class=\"wrapper\"><div class=\"group-media\"><img decoding=\"async\" src=\"https:\/\/www.paysdesecrins.com\/wp-content\/uploads\/2025\/07\/11microaventureclaire-bans-427x640.jpg\" alt=\"\" class=\"single_image ws-image-40991\"><div class=\"credits\"><\/div><\/div><p class=\"caption\"><\/p><\/div><\/div>\n<\/div><\/div>\n<\/div>\n\n<div class=\"wp-block-ws-library-ws-title aligncenter\"><h3>Il Refuge du Pr\u00e9 di Madame Carle : <br>ai piedi del Mont Pelvoux<\/h3><\/div>\n\n<p class=\"has-text-align-left\">Partenza da Ailefroide per una fuga rigenerante: il silenzio delle montagne, la neve soffice sotto i piedi. Il Pr\u00e9 de Madame Carle, rifugio emblematico del Pays des \u00c9crins, sorge all&#8217;incrocio tra i ghiacciai del Bianco e del Nero, ai piedi del Mont Pelvoux.<br\/>Accessibile a piedi, con le ciaspole o con gli sci, il suo chalet-rifugio \u00e8 aperto dal 15 marzo al 28 settembre 2025, tutti i giorni. Terrazza accogliente, pranzo \u00e0 la carte, bar di ristoro durante il giorno: una sosta ideale, prima di proseguire verso il Refuge du Glacier Blanc.<br\/>Ideale come campo base, il luogo \u00e8 perfetto anche per l&#8217;osservazione di camosci e marmotte quando si alza lo sguardo tra un sorso di bevanda e l&#8217;altro. Puoi passare la notte l\u00ec, ma se sei tentato, dirigiti verso il Glacier Blanc per un&#8217;altra sosta magica.   <\/p>\n\n<p class=\"has-text-align-left\"><strong>Refuge du Pr\u00e9 de Madame Carle<\/strong><br\/>\u2013 Accesso: parcheggio presso il Pr\u00e9 de Madame Carle, strada aperta a seconda delle condizioni di neve primaverile <br\/>\u2013 Servizi: pranzo, bar ristoro, notti in camerata o in camera, terrazza<\/p>\n\n<div class=\"wp-block-ws-library-ws-slider alignwide\"><div class=\"splide\" data-splide=\"{\"type\":\"slide\",\"heightRatio\":\"auto\",\"perPage\":4,\"perMove\":1,\"drag\":true,\"pagination\":0,\"autoplay\":false,\"gap\":\"15px\",\"breakpoints\":{\"450\":{\"perPage\":1},\"768\":{\"perPage\":2},\"992\":{\"perPage\":3},\"1200\":{\"perPage\":4}}}\"><div class=\"splide__track\"><div class=\"splide__list\"><div class=\"splide__slide\"><a href=\"https:\/\/www.paysdesecrins.com\/wp-content\/uploads\/2025\/07\/16sitesdexception-predemadamecarle-pre-de-madame-carle-en-ski-120-scaled.jpg\" data-glightbox=\"true\" class=\"lightbox-trigger\"><img decoding=\"async\" src=\"https:\/\/www.paysdesecrins.com\/wp-content\/uploads\/2025\/07\/16sitesdexception-predemadamecarle-pre-de-madame-carle-en-ski-120-400x400.jpg\" alt=\"\"><\/a><\/div><div class=\"splide__slide\"><a href=\"https:\/\/www.paysdesecrins.com\/wp-content\/uploads\/2025\/07\/pre-de-madame-carle-en-ski-11-scaled.jpg\" data-glightbox=\"true\" class=\"lightbox-trigger\"><img decoding=\"async\" src=\"https:\/\/www.paysdesecrins.com\/wp-content\/uploads\/2025\/07\/pre-de-madame-carle-en-ski-11-400x400.jpg\" alt=\"\"><\/a><\/div><div class=\"splide__slide\"><a href=\"https:\/\/www.paysdesecrins.com\/wp-content\/uploads\/2025\/07\/pre-de-madame-carle-en-ski-74-scaled.jpg\" data-glightbox=\"true\" class=\"lightbox-trigger\"><img decoding=\"async\" src=\"https:\/\/www.paysdesecrins.com\/wp-content\/uploads\/2025\/07\/pre-de-madame-carle-en-ski-74-400x400.jpg\" alt=\"\"><\/a><\/div><div class=\"splide__slide\"><a href=\"https:\/\/www.paysdesecrins.com\/wp-content\/uploads\/2025\/07\/pre-mme-carle-bosse-de-la-momie-5-scaled.jpg\" data-glightbox=\"true\" class=\"lightbox-trigger\"><img decoding=\"async\" src=\"https:\/\/www.paysdesecrins.com\/wp-content\/uploads\/2025\/07\/pre-mme-carle-bosse-de-la-momie-5-400x400.jpg\" alt=\"\"><\/a><\/div><\/div><\/div><\/div><\/div>\n\n<div class=\"wp-block-ws-library-ws-title aligncenter\"><h3>Il Rifugio Glacier Blanc:<br>una tappa fondamentale alle porte degli \u00c9crins<\/h3><\/div>\n\n<p class=\"has-text-align-left\">Dopo circa <strong>2h30 di cammino <\/strong>dal Pr\u00e9 de Madame Carle, si raggiunge il rifugio Glacier Blanc (2.542 m), di fronte alle immense pareti nord del Pelvoux, del Pic Sans Nom e dell&#8217;Ailefroides. <br\/>Campo base ideale, permette di esplorare ghiacciai e vette mitiche come l&#8217;Agneaux, il Pic du Glacier Blanc, il Neige Cordier, l&#8217;Ar\u00eate des Cin\u00e9astes o la Roche Faurio.<br\/>Con la sua terrazza soleggiata, potrete godervi un tramonto indimenticabile, seguito da un pasto caldo all&#8217;interno al suono del legno scoppiettante. Le conversazioni degli alpinisti, le stelle sullo sfondo: l&#8217;atmosfera unica dei rifugi. All&#8217;alba, una colazione condivisa prima di partire per il rifugio \u00c9crins chiude questa tappa intensa e memorabile.  <\/p>\n\n<p>Date di apertura 2025:<br\/>Babysitting dal 29 marzo al 20 settembre, tutti i giorni, su prenotazione  <\/p>\n\n<div class=\"wp-block-ws-library-ws-columns alignwide has-2-columns are-vertically-aligned-center layout-5050 is-style-background\">\n<div class=\"wp-block-ws-library-ws-column\"><div class=\"wrapper\">\n<div class=\"wp-block-ws-library-ws-title\"><h3>Il Refuge des \u00c9crins: santuario a 3.170 m<\/h3><\/div>\n\n\n\n<p class=\"has-text-align-left\">Dopo una ripida salita (+600 m) dal Ghiacciaio Bianco, arroccato sul suo sperone roccioso, il rifugio \u00c9crins offre un panorama mozzafiato di fronte alla Barre des \u00c9crins (4.115 m). Questo rifugio in pietra \u00e8 un luogo ricco di emozioni: prima quota, tramonto grandioso e viva l&#8217;atmosfera di alta montagna. <\/p>\n\n\n\n<p>\u00c8 il punto di partenza ideale per le grandi gare: D\u00f4me de Neige, Barre, Neige Cordier, Roche Faurio&#8230; Accessibile con una guida e l&#8217;attrezzatura giusta. Ci godiamo un pasto collettivo al rifugio, condividiamo storie di alpinismo, poi ci addormentiamo, con il cuore pieno di promesse. <\/p>\n\n\n\n<p>Al mattino presto, caff\u00e8 e barrette energetiche, partite per un&#8217;avventura impresso per sempre nella vostra memoria.<\/p>\n\n\n\n<p class=\"has-text-align-left\"><strong>Apertura 2025<\/strong> : controlli <strong>di sicurezza dal 15 marzo al 27 settembre<\/strong>, tutti i giorni, su prenotazione obbligatoria.<br\/>In stagione, il rifugio offre <strong>116 posti<\/strong>, camerate, pasti, colazione, cestini da picnic<\/p>\n<\/div><\/div>\n\n\n\n<div class=\"wp-block-ws-library-ws-column\"><div class=\"wrapper\">\n<div class=\"wp-block-ws-library-ws-image\"><div class=\"wrapper\"><div class=\"group-media\"><img decoding=\"async\" src=\"https:\/\/www.paysdesecrins.com\/wp-content\/uploads\/2025\/07\/refuge-des-e-crins-glaci-2-1-960x540.jpg\" alt=\"\" class=\"single_image ws-image-41116\"><div class=\"credits\"><\/div><\/div><p class=\"caption\"><\/p><\/div><\/div>\n<\/div><\/div>\n<\/div>\n\n<p><strong>Perch\u00e9 vivere l&#8217;esperienza?<\/strong><br\/>Perch\u00e9 un rifugio \u00e8 molto pi\u00f9 di una pausa: \u00e8 l&#8217;incontro di un territorio, di una storia e di una comunit\u00e0. Ogni alba \u00e8 una promessa, ogni vetta un&#8217;avventura, ogni notte una parentesi sospesa.<br\/>Allora, siete pronti per questo viaggio nel cuore degli \u00c9crins? Sensazioni, condivisioni e ricordi ti aspettano.  <\/p>\n\n<div class=\"wp-block-ws-library-ws-share\"><span class=\"share-subtitle\">Ti \u00e8 piaciuta questa pagina?<\/span><span class=\"share-title\">Condividilo!<\/span><button class=\"ws-share-button wp-element-button\">Condividi questa pagina<\/button><\/div>\n","protected":false},"excerpt":{"rendered":"<p>Cerchi aria fresca, silenzio e notti al top? Nel Pays des \u00c9crins, camminare verso un rifugio \u00e8 gi\u00e0 un&#8217;avventura. Ogni [&hellip;]<\/p>\n","protected":false},"author":9,"featured_media":41912,"parent":44576,"menu_order":0,"comment_status":"closed","ping_status":"closed","template":"","meta":{"_thumbnail_id_2":0,"summer_excerpt":"","season":"","station":"","footnotes":""},"class_list":["post-44288","page","type-page","status-publish","has-post-thumbnail","hentry"],"yoast_head":"<!-- This site is optimized with the Yoast SEO plugin v27.3 - https:\/\/yoast.com\/product\/yoast-seo-wordpress\/ -->\n<title>Gli \u00c9crins sul lato del rifugio - Pays des \u00c9crins - Office de Tourisme<\/title>\n<meta name=\"robots\" content=\"index, follow, max-snippet:-1, max-image-preview:large, max-video-preview:-1\" \/>\n<link rel=\"canonical\" href=\"https:\/\/www.paysdesecrins.com\/it\/il-mio-desiderio-di\/montagna\/gli-ecrins-sul-lato-del-rifugio\/\" \/>\n<meta property=\"og:locale\" content=\"it_IT\" \/>\n<meta property=\"og:type\" content=\"article\" \/>\n<meta property=\"og:title\" content=\"Gli \u00c9crins sul lato del rifugio - Pays des \u00c9crins - Office de Tourisme\" \/>\n<meta property=\"og:description\" content=\"Cerchi aria fresca, silenzio e notti al top? Nel Pays des \u00c9crins, camminare verso un rifugio \u00e8 gi\u00e0 un&#8217;avventura. Ogni [&hellip;]\" \/>\n<meta property=\"og:url\" content=\"https:\/\/www.paysdesecrins.com\/it\/il-mio-desiderio-di\/montagna\/gli-ecrins-sul-lato-del-rifugio\/\" \/>\n<meta property=\"og:site_name\" content=\"Pays des \u00c9crins - Office de Tourisme\" \/>\n<meta property=\"article:modified_time\" content=\"2025-08-05T09:58:36+00:00\" \/>\n<meta property=\"og:image\" content=\"https:\/\/www.paysdesecrins.com\/wp-content\/uploads\/2025\/07\/refuge-des-e-crins-glacier-scaled.webp\" \/>\n\t<meta property=\"og:image:width\" content=\"2560\" \/>\n\t<meta property=\"og:image:height\" content=\"1707\" \/>\n\t<meta property=\"og:image:type\" content=\"image\/webp\" \/>\n<meta name=\"twitter:card\" content=\"summary_large_image\" \/>\n<meta name=\"twitter:label1\" content=\"Tempo di lettura stimato\" \/>\n\t<meta name=\"twitter:data1\" content=\"4 minuti\" \/>\n<script type=\"application\/ld+json\" class=\"yoast-schema-graph\">{\"@context\":\"https:\\\/\\\/schema.org\",\"@graph\":[{\"@type\":\"WebPage\",\"@id\":\"https:\\\/\\\/www.paysdesecrins.com\\\/it\\\/il-mio-desiderio-di\\\/montagna\\\/gli-ecrins-sul-lato-del-rifugio\\\/\",\"url\":\"https:\\\/\\\/www.paysdesecrins.com\\\/it\\\/il-mio-desiderio-di\\\/montagna\\\/gli-ecrins-sul-lato-del-rifugio\\\/\",\"name\":\"Gli \u00c9crins sul lato del rifugio - Pays des \u00c9crins - Office de Tourisme\",\"isPartOf\":{\"@id\":\"https:\\\/\\\/www.paysdesecrins.com\\\/it\\\/#website\"},\"primaryImageOfPage\":{\"@id\":\"https:\\\/\\\/www.paysdesecrins.com\\\/it\\\/il-mio-desiderio-di\\\/montagna\\\/gli-ecrins-sul-lato-del-rifugio\\\/#primaryimage\"},\"image\":{\"@id\":\"https:\\\/\\\/www.paysdesecrins.com\\\/it\\\/il-mio-desiderio-di\\\/montagna\\\/gli-ecrins-sul-lato-del-rifugio\\\/#primaryimage\"},\"thumbnailUrl\":\"https:\\\/\\\/www.paysdesecrins.com\\\/wp-content\\\/uploads\\\/2025\\\/07\\\/refuge-des-e-crins-glacier-scaled.webp\",\"datePublished\":\"2025-07-25T09:01:59+00:00\",\"dateModified\":\"2025-08-05T09:58:36+00:00\",\"breadcrumb\":{\"@id\":\"https:\\\/\\\/www.paysdesecrins.com\\\/it\\\/il-mio-desiderio-di\\\/montagna\\\/gli-ecrins-sul-lato-del-rifugio\\\/#breadcrumb\"},\"inLanguage\":\"it-IT\",\"potentialAction\":[{\"@type\":\"ReadAction\",\"target\":[\"https:\\\/\\\/www.paysdesecrins.com\\\/it\\\/il-mio-desiderio-di\\\/montagna\\\/gli-ecrins-sul-lato-del-rifugio\\\/\"]}]},{\"@type\":\"ImageObject\",\"inLanguage\":\"it-IT\",\"@id\":\"https:\\\/\\\/www.paysdesecrins.com\\\/it\\\/il-mio-desiderio-di\\\/montagna\\\/gli-ecrins-sul-lato-del-rifugio\\\/#primaryimage\",\"url\":\"https:\\\/\\\/www.paysdesecrins.com\\\/wp-content\\\/uploads\\\/2025\\\/07\\\/refuge-des-e-crins-glacier-scaled.webp\",\"contentUrl\":\"https:\\\/\\\/www.paysdesecrins.com\\\/wp-content\\\/uploads\\\/2025\\\/07\\\/refuge-des-e-crins-glacier-scaled.webp\",\"width\":2560,\"height\":1707},{\"@type\":\"BreadcrumbList\",\"@id\":\"https:\\\/\\\/www.paysdesecrins.com\\\/it\\\/il-mio-desiderio-di\\\/montagna\\\/gli-ecrins-sul-lato-del-rifugio\\\/#breadcrumb\",\"itemListElement\":[{\"@type\":\"ListItem\",\"position\":1,\"name\":\"Accueil\",\"item\":\"https:\\\/\\\/www.paysdesecrins.com\\\/it\\\/il-titolo-della-casa\\\/\"},{\"@type\":\"ListItem\",\"position\":2,\"name\":\"Il mio desiderio di\",\"item\":\"https:\\\/\\\/www.paysdesecrins.com\\\/it\\\/il-mio-desiderio-di\\\/\"},{\"@type\":\"ListItem\",\"position\":3,\"name\":\"La mia voglia di montagna\",\"item\":\"https:\\\/\\\/www.paysdesecrins.com\\\/it\\\/il-mio-desiderio-di\\\/montagna\\\/\"},{\"@type\":\"ListItem\",\"position\":4,\"name\":\"Gli \u00c9crins sul lato del rifugio\"}]},{\"@type\":\"WebSite\",\"@id\":\"https:\\\/\\\/www.paysdesecrins.com\\\/it\\\/#website\",\"url\":\"https:\\\/\\\/www.paysdesecrins.com\\\/it\\\/\",\"name\":\"Pays des \u00c9crins - Office de Tourisme\",\"description\":\"L&#039;esprit montagne\",\"publisher\":{\"@id\":\"https:\\\/\\\/www.paysdesecrins.com\\\/it\\\/#organization\"},\"potentialAction\":[{\"@type\":\"SearchAction\",\"target\":{\"@type\":\"EntryPoint\",\"urlTemplate\":\"https:\\\/\\\/www.paysdesecrins.com\\\/it\\\/?s={search_term_string}\"},\"query-input\":{\"@type\":\"PropertyValueSpecification\",\"valueRequired\":true,\"valueName\":\"search_term_string\"}}],\"inLanguage\":\"it-IT\"},{\"@type\":\"Organization\",\"@id\":\"https:\\\/\\\/www.paysdesecrins.com\\\/it\\\/#organization\",\"name\":\"Pays des \u00c9crins - Office de Tourisme\",\"url\":\"https:\\\/\\\/www.paysdesecrins.com\\\/it\\\/\",\"logo\":{\"@type\":\"ImageObject\",\"inLanguage\":\"it-IT\",\"@id\":\"https:\\\/\\\/www.paysdesecrins.com\\\/it\\\/#\\\/schema\\\/logo\\\/image\\\/\",\"url\":\"https:\\\/\\\/www.paysdesecrins.com\\\/wp-content\\\/uploads\\\/2025\\\/06\\\/devina-svg-1750845694.svg\",\"contentUrl\":\"https:\\\/\\\/www.paysdesecrins.com\\\/wp-content\\\/uploads\\\/2025\\\/06\\\/devina-svg-1750845694.svg\",\"caption\":\"Pays des \u00c9crins - Office de Tourisme\"},\"image\":{\"@id\":\"https:\\\/\\\/www.paysdesecrins.com\\\/it\\\/#\\\/schema\\\/logo\\\/image\\\/\"}}]}<\/script>\n<!-- \/ Yoast SEO plugin. -->","yoast_head_json":{"title":"Gli \u00c9crins sul lato del rifugio - Pays des \u00c9crins - Office de Tourisme","robots":{"index":"index","follow":"follow","max-snippet":"max-snippet:-1","max-image-preview":"max-image-preview:large","max-video-preview":"max-video-preview:-1"},"canonical":"https:\/\/www.paysdesecrins.com\/it\/il-mio-desiderio-di\/montagna\/gli-ecrins-sul-lato-del-rifugio\/","og_locale":"it_IT","og_type":"article","og_title":"Gli \u00c9crins sul lato del rifugio - Pays des \u00c9crins - Office de Tourisme","og_description":"Cerchi aria fresca, silenzio e notti al top? Nel Pays des \u00c9crins, camminare verso un rifugio \u00e8 gi\u00e0 un&#8217;avventura. Ogni [&hellip;]","og_url":"https:\/\/www.paysdesecrins.com\/it\/il-mio-desiderio-di\/montagna\/gli-ecrins-sul-lato-del-rifugio\/","og_site_name":"Pays des \u00c9crins - Office de Tourisme","article_modified_time":"2025-08-05T09:58:36+00:00","og_image":[{"width":2560,"height":1707,"url":"https:\/\/www.paysdesecrins.com\/wp-content\/uploads\/2025\/07\/refuge-des-e-crins-glacier-scaled.webp","type":"image\/webp"}],"twitter_card":"summary_large_image","twitter_misc":{"Tempo di lettura stimato":"4 minuti"},"schema":{"@context":"https:\/\/schema.org","@graph":[{"@type":"WebPage","@id":"https:\/\/www.paysdesecrins.com\/it\/il-mio-desiderio-di\/montagna\/gli-ecrins-sul-lato-del-rifugio\/","url":"https:\/\/www.paysdesecrins.com\/it\/il-mio-desiderio-di\/montagna\/gli-ecrins-sul-lato-del-rifugio\/","name":"Gli \u00c9crins sul lato del rifugio - Pays des \u00c9crins - Office de Tourisme","isPartOf":{"@id":"https:\/\/www.paysdesecrins.com\/it\/#website"},"primaryImageOfPage":{"@id":"https:\/\/www.paysdesecrins.com\/it\/il-mio-desiderio-di\/montagna\/gli-ecrins-sul-lato-del-rifugio\/#primaryimage"},"image":{"@id":"https:\/\/www.paysdesecrins.com\/it\/il-mio-desiderio-di\/montagna\/gli-ecrins-sul-lato-del-rifugio\/#primaryimage"},"thumbnailUrl":"https:\/\/www.paysdesecrins.com\/wp-content\/uploads\/2025\/07\/refuge-des-e-crins-glacier-scaled.webp","datePublished":"2025-07-25T09:01:59+00:00","dateModified":"2025-08-05T09:58:36+00:00","breadcrumb":{"@id":"https:\/\/www.paysdesecrins.com\/it\/il-mio-desiderio-di\/montagna\/gli-ecrins-sul-lato-del-rifugio\/#breadcrumb"},"inLanguage":"it-IT","potentialAction":[{"@type":"ReadAction","target":["https:\/\/www.paysdesecrins.com\/it\/il-mio-desiderio-di\/montagna\/gli-ecrins-sul-lato-del-rifugio\/"]}]},{"@type":"ImageObject","inLanguage":"it-IT","@id":"https:\/\/www.paysdesecrins.com\/it\/il-mio-desiderio-di\/montagna\/gli-ecrins-sul-lato-del-rifugio\/#primaryimage","url":"https:\/\/www.paysdesecrins.com\/wp-content\/uploads\/2025\/07\/refuge-des-e-crins-glacier-scaled.webp","contentUrl":"https:\/\/www.paysdesecrins.com\/wp-content\/uploads\/2025\/07\/refuge-des-e-crins-glacier-scaled.webp","width":2560,"height":1707},{"@type":"BreadcrumbList","@id":"https:\/\/www.paysdesecrins.com\/it\/il-mio-desiderio-di\/montagna\/gli-ecrins-sul-lato-del-rifugio\/#breadcrumb","itemListElement":[{"@type":"ListItem","position":1,"name":"Accueil","item":"https:\/\/www.paysdesecrins.com\/it\/il-titolo-della-casa\/"},{"@type":"ListItem","position":2,"name":"Il mio desiderio di","item":"https:\/\/www.paysdesecrins.com\/it\/il-mio-desiderio-di\/"},{"@type":"ListItem","position":3,"name":"La mia voglia di montagna","item":"https:\/\/www.paysdesecrins.com\/it\/il-mio-desiderio-di\/montagna\/"},{"@type":"ListItem","position":4,"name":"Gli \u00c9crins sul lato del rifugio"}]},{"@type":"WebSite","@id":"https:\/\/www.paysdesecrins.com\/it\/#website","url":"https:\/\/www.paysdesecrins.com\/it\/","name":"Pays des \u00c9crins - Office de Tourisme","description":"L&#039;esprit montagne","publisher":{"@id":"https:\/\/www.paysdesecrins.com\/it\/#organization"},"potentialAction":[{"@type":"SearchAction","target":{"@type":"EntryPoint","urlTemplate":"https:\/\/www.paysdesecrins.com\/it\/?s={search_term_string}"},"query-input":{"@type":"PropertyValueSpecification","valueRequired":true,"valueName":"search_term_string"}}],"inLanguage":"it-IT"},{"@type":"Organization","@id":"https:\/\/www.paysdesecrins.com\/it\/#organization","name":"Pays des \u00c9crins - Office de Tourisme","url":"https:\/\/www.paysdesecrins.com\/it\/","logo":{"@type":"ImageObject","inLanguage":"it-IT","@id":"https:\/\/www.paysdesecrins.com\/it\/#\/schema\/logo\/image\/","url":"https:\/\/www.paysdesecrins.com\/wp-content\/uploads\/2025\/06\/devina-svg-1750845694.svg","contentUrl":"https:\/\/www.paysdesecrins.com\/wp-content\/uploads\/2025\/06\/devina-svg-1750845694.svg","caption":"Pays des \u00c9crins - Office de Tourisme"},"image":{"@id":"https:\/\/www.paysdesecrins.com\/it\/#\/schema\/logo\/image\/"}}]}},"_links":{"self":[{"href":"https:\/\/www.paysdesecrins.com\/it\/wp-json\/wp\/v2\/pages\/44288","targetHints":{"allow":["GET"]}}],"collection":[{"href":"https:\/\/www.paysdesecrins.com\/it\/wp-json\/wp\/v2\/pages"}],"about":[{"href":"https:\/\/www.paysdesecrins.com\/it\/wp-json\/wp\/v2\/types\/page"}],"author":[{"embeddable":true,"href":"https:\/\/www.paysdesecrins.com\/it\/wp-json\/wp\/v2\/users\/9"}],"replies":[{"embeddable":true,"href":"https:\/\/www.paysdesecrins.com\/it\/wp-json\/wp\/v2\/comments?post=44288"}],"version-history":[{"count":0,"href":"https:\/\/www.paysdesecrins.com\/it\/wp-json\/wp\/v2\/pages\/44288\/revisions"}],"up":[{"embeddable":true,"href":"https:\/\/www.paysdesecrins.com\/it\/wp-json\/wp\/v2\/pages\/44576"}],"wp:featuredmedia":[{"embeddable":true,"href":"https:\/\/www.paysdesecrins.com\/it\/wp-json\/wp\/v2\/media\/41912"}],"wp:attachment":[{"href":"https:\/\/www.paysdesecrins.com\/it\/wp-json\/wp\/v2\/media?parent=44288"}],"curies":[{"name":"wp","href":"https:\/\/api.w.org\/{rel}","templated":true}]}}