{"id":44315,"date":"2025-07-24T15:22:56","date_gmt":"2025-07-24T13:22:56","guid":{"rendered":"https:\/\/www.paysdesecrins.com\/tutte-le-attivita-a-vallouise-pelvoux\/"},"modified":"2025-11-17T11:33:43","modified_gmt":"2025-11-17T10:33:43","slug":"tutte-le-attivita-a-vallouise-pelvoux","status":"publish","type":"page","link":"https:\/\/www.paysdesecrins.com\/it\/tutte-le-attivita-a-vallouise-pelvoux\/","title":{"rendered":"Tutte le attivit\u00e0 a Vallouise-Pelvoux"},"content":{"rendered":"    <div class=\"alignfull wp-block-ws-library-ws-header-interne\" data-season=\"summer\">\n\t    <div class=\"header-container\">\n\t        <div class=\"group-media has-image\">\n\t            \t                <img loading=\"lazy\" decoding=\"async\" width=\"1920\" height=\"800\" src=\"https:\/\/www.paysdesecrins.com\/wp-content\/uploads\/2025\/08\/07-13-23-fete-de-psv-19-1920x800.jpg\" alt=\"\" class=\"image_large_square wp-image-65743\" \/>\n\t            \t        <\/div>\n\t        <div class=\"group-content\">\n\t            <div class=\"title\">\n\t                <h1>\n\t                    Tutte le attivit\u00e0\t                    \t                        a Vallouise-Pelvoux\t                    \t                <\/h1>\n\t            <\/div>\n\t        <\/div>\n\t    <\/div>\n\t    \n<div class=\"yoast-breadcrumbs\"><span><span><a href=\"https:\/\/www.paysdesecrins.com\/it\/il-titolo-della-casa\/\">Accueil<\/a><\/span>  <span class=\"breadcrumb_last\" aria-current=\"page\">Tutte le attivit\u00e0 a Vallouise-Pelvoux<\/span><\/span><\/div>\n    <\/div>\n        <div class=\"alignfull wp-block-ws-library-ws-header-interne\" data-season=\"winter\">\n\t    <div class=\"header-container\">\n\t        <div class=\"group-media has-image\">\n\t            \t                <img loading=\"lazy\" decoding=\"async\" width=\"1920\" height=\"800\" src=\"https:\/\/www.paysdesecrins.com\/wp-content\/uploads\/2025\/09\/itine-rance-en-raquettes-78-1920x800.jpg\" alt=\"\" class=\"image_large_square wp-image-117763\" \/>\n\t            \t        <\/div>\n\t        <div class=\"group-content\">\n\t            <div class=\"title\">\n\t                <h1>\n\t                    Tutte le attivit\u00e0\t                    \t                        a Vallouise-Pelvoux\t                    \t                <\/h1>\n\t            <\/div>\n\t        <\/div>\n\t    <\/div>\n\t    \n<div class=\"yoast-breadcrumbs\"><span><span><a href=\"https:\/\/www.paysdesecrins.com\/it\/il-titolo-della-casa\/\">Accueil<\/a><\/span>  <span class=\"breadcrumb_last\" aria-current=\"page\">Tutte le attivit\u00e0 a Vallouise-Pelvoux<\/span><\/span><\/div>\n    <\/div>\n    \n<div class=\"wp-block-ws-library-ws-title aligncenter is-style-simple\"><h2><em>Attivit\u00e0 varie<\/em>Per tutti i desideri e tutte le et\u00e0<\/h2><\/div>\n\n<p class=\"has-text-align-center\">Pelvoux-Vallouise offre un programma diversificato di attivit\u00e0 durante tutto l&#8217;anno, pensato per soddisfare il vostro desiderio di scoperta, relax e condivisione. Consulta i dettagli delle attivit\u00e0 per selezionare quelle che arricchiranno il tuo soggiorno. <\/p>\n<div id=\"listing_79846\" data-observer-wishlist data-attributes='listing-agenda {\"selectedSelectionIds\":[\"188960\"],\"isPaginated\":true,\"perPage\":15,\"isPortrait\":false,\"isImageContain\":false,\"showCommune\":true,\"defaultImage\":\"https:\\\/\\\/www.paysdesecrins.com\\\/wp-content\\\/uploads\\\/2025\\\/06\\\/cropped-paysdesecrins.png\",\"selectedFacets\":[],\"showType\":false,\"columnsCount\":\"2-3-3\",\"showActiveFacets\":false,\"isLimited\":false,\"showDateSearch\":false,\"season\":\"\",\"align\":\"wide\"}' class=\"ws-listing wp-block-ws-apidae-library-listing-agenda alignwide\" data-map-id=\"map_79846\" data-locations-id=\"locations-data_79846\"><div class=\"facetwp-template\"><div class=\"list-container active\"><div class=\"list-items\"><div class=\"item\" data-season=\"all-seasons\"><div class=\"card card-apidae card-agenda\"><div class=\"group-actions\"><ws-wishlist data-type=\"flag\" data-action=\"add\" data-wish-id=\"7781907\" data-wish-type=\"apidae\"><\/ws-wishlist><\/div><div class=\"group-media\"><div class=\"field-image\"><img decoding=\"async\" src=\"https:\/\/images.weserv.nl\/?url=https:\/\/static.apidae-tourisme.com\/filestore\/objets-touristiques\/images\/58\/220\/40492090-diaporama.png&#038;w=350&#038;h=350&#038;fit=cover&#038;output=webp&#038;q=45\" alt=\"Exposition &#8220;Les mouvements de la Terre&#8221;\"\/><\/div><\/div><div class=\"group-top\"><div class=\"field-commune\">Vallouise-Pelvoux<\/div><ws-apidae-from-price data-apidae-id=\"7781907\" ><\/ws-apidae-from-price><div class=\"group-dates\"><div class=\"field-dates\">Du 2 au 27 <span class=\"month\">Maggio<\/span><\/div><\/div><\/div><div class=\"group-content\"><div class=\"field-title\">Exposition &#8220;Les mouvements de la Terre&#8221;<\/div><\/div><div class=\"field-link\" role=\"group\" aria-label=\"Lien vers le contenu\"><a href=\"https:\/\/www.paysdesecrins.com\/it\/fiche\/exposition-les-mouvements-de-la-terre-4\/\" class=\"cardlink\" title=\"Lire plus : Exposition &#8220;Les mouvements de la Terre&#8221;\" lang=\"it_IT\">Exposition &#8220;Les mouvements de la Terre&#8221;<\/a><\/div><\/div><\/div><div class=\"item\" data-season=\"all-seasons\"><div class=\"card card-apidae card-agenda\"><div class=\"group-actions\"><ws-wishlist data-type=\"flag\" data-action=\"add\" data-wish-id=\"7602920\" data-wish-type=\"apidae\"><\/ws-wishlist><\/div><div class=\"group-media\"><div class=\"field-image\"><img decoding=\"async\" src=\"https:\/\/images.weserv.nl\/?url=https:\/\/static.apidae-tourisme.com\/filestore\/objets-touristiques\/images\/251\/35\/38282235-diaporama.jpg&#038;w=350&#038;h=350&#038;fit=cover&#038;output=webp&#038;q=45\" alt=\"Exposition : &#8220;Lumi\u00e8res en Ecrins&#8221;\"\/><\/div><\/div><div class=\"group-top\"><div class=\"field-commune\">Vallouise-Pelvoux<\/div><ws-apidae-from-price data-apidae-id=\"7602920\" ><\/ws-apidae-from-price><div class=\"group-dates\"><div class=\"field-dates\">Du 2 <span class=\"month\">Maggio<\/span> au 30 <span class=\"month\">Settembre<\/span><\/div><\/div><\/div><div class=\"group-content\"><div class=\"field-title\">Exposition : &#8220;Lumi\u00e8res en Ecrins&#8221;<\/div><\/div><div class=\"field-link\" role=\"group\" aria-label=\"Lien vers le contenu\"><a href=\"https:\/\/www.paysdesecrins.com\/it\/fiche\/exposition-lumieres-en-ecrins-4\/\" class=\"cardlink\" title=\"Lire plus : Exposition : &#8220;Lumi\u00e8res en Ecrins&#8221;\" lang=\"it_IT\">Exposition : &#8220;Lumi\u00e8res en Ecrins&#8221;<\/a><\/div><\/div><\/div><div class=\"item\" data-season=\"all-seasons\"><div class=\"card card-apidae card-agenda\"><div class=\"group-actions\"><ws-wishlist data-type=\"flag\" data-action=\"add\" data-wish-id=\"7590492\" data-wish-type=\"apidae\"><\/ws-wishlist><\/div><div class=\"group-media\"><div class=\"field-image\"><img decoding=\"async\" src=\"https:\/\/images.weserv.nl\/?url=https:\/\/static.apidae-tourisme.com\/filestore\/objets-touristiques\/images\/231\/35\/38282215-diaporama.jpg&#038;w=350&#038;h=350&#038;fit=cover&#038;output=webp&#038;q=45\" alt=\"Exposition : Les patrimoines de la Vallouise\"\/><\/div><\/div><div class=\"group-top\"><div class=\"field-commune\">Vallouise-Pelvoux<\/div><ws-apidae-from-price data-apidae-id=\"7590492\" ><\/ws-apidae-from-price><div class=\"group-dates\"><div class=\"field-dates\">Du 2 <span class=\"month\">Maggio<\/span> au 15 <span class=\"month\">Novembre<\/span><\/div><\/div><\/div><div class=\"group-content\"><div class=\"field-title\">Exposition : Les patrimoines de la Vallouise<\/div><\/div><div class=\"field-link\" role=\"group\" aria-label=\"Lien vers le contenu\"><a href=\"https:\/\/www.paysdesecrins.com\/it\/fiche\/exposition-les-patrimoines-de-la-vallouise-4\/\" class=\"cardlink\" title=\"Lire plus : Exposition : Les patrimoines de la Vallouise\" lang=\"it_IT\">Exposition : Les patrimoines de la Vallouise<\/a><\/div><\/div><\/div><div class=\"item\" data-season=\"all-seasons\"><div class=\"card card-apidae card-agenda\"><div class=\"group-actions\"><ws-wishlist data-type=\"flag\" data-action=\"add\" data-wish-id=\"581981\" data-wish-type=\"apidae\"><\/ws-wishlist><\/div><div class=\"group-media\"><div class=\"field-image\"><img decoding=\"async\" src=\"https:\/\/images.weserv.nl\/?url=https:\/\/static.apidae-tourisme.com\/filestore\/objets-touristiques\/images\/239\/54\/4011759-diaporama.jpg&#038;w=350&#038;h=350&#038;fit=cover&#038;output=webp&#038;q=45\" alt=\"March\u00e9 de Vallouise\"\/><\/div><\/div><div class=\"group-top\"><div class=\"field-commune\">Vallouise-Pelvoux<\/div><ws-apidae-from-price data-apidae-id=\"581981\" ><\/ws-apidae-from-price><div class=\"group-dates\"><div class=\"field-dates\">Du 7 <span class=\"month\">Maggio<\/span> au 27 <span class=\"month\">Aprile<\/span> 2028<\/div><\/div><\/div><div class=\"group-content\"><div class=\"field-title\">March\u00e9 de Vallouise<\/div><\/div><div class=\"field-link\" role=\"group\" aria-label=\"Lien vers le contenu\"><a href=\"https:\/\/www.paysdesecrins.com\/it\/fiche\/marche-de-vallouise-3\/\" class=\"cardlink\" title=\"Lire plus : March\u00e9 de Vallouise\" lang=\"it_IT\">March\u00e9 de Vallouise<\/a><\/div><\/div><\/div><div class=\"item\" data-season=\"all-seasons\"><div class=\"card card-apidae card-agenda\"><div class=\"group-actions\"><ws-wishlist data-type=\"flag\" data-action=\"add\" data-wish-id=\"7808237\" data-wish-type=\"apidae\"><\/ws-wishlist><\/div><div class=\"group-media\"><div class=\"field-image\"><img decoding=\"async\" src=\"https:\/\/images.weserv.nl\/?url=https:\/\/static.apidae-tourisme.com\/filestore\/objets-touristiques\/images\/167\/157\/41065895-diaporama.jpg&#038;w=350&#038;h=350&#038;fit=cover&#038;output=webp&#038;q=45\" alt=\"Clap de fin de l&#8217;Igloo Pelvoo \u2013 vente du mat\u00e9riel\"\/><\/div><\/div><div class=\"group-top\"><div class=\"field-commune\">Vallouise-Pelvoux<\/div><ws-apidae-from-price data-apidae-id=\"7808237\" ><\/ws-apidae-from-price><div class=\"group-dates\"><div class=\"field-dates\">9 <span class=\"month\">Maggio<\/span><\/div><\/div><\/div><div class=\"group-content\"><div class=\"field-title\">Clap de fin de l&#8217;Igloo Pelvoo \u2013 vente du mat\u00e9riel<\/div><\/div><div class=\"field-link\" role=\"group\" aria-label=\"Lien vers le contenu\"><a href=\"https:\/\/www.paysdesecrins.com\/it\/fiche\/clap-de-fin-de-ligloo-pelvoo-vente-du-materiel-4\/\" class=\"cardlink\" title=\"Lire plus : Clap de fin de l&#8217;Igloo Pelvoo \u2013 vente du mat\u00e9riel\" lang=\"it_IT\">Clap de fin de l&#8217;Igloo Pelvoo \u2013 vente du mat\u00e9riel<\/a><\/div><\/div><\/div><div class=\"item\" data-season=\"all-seasons\"><div class=\"card card-apidae card-agenda\"><div class=\"group-actions\"><ws-wishlist data-type=\"flag\" data-action=\"add\" data-wish-id=\"6441737\" data-wish-type=\"apidae\"><\/ws-wishlist><\/div><div class=\"group-media\"><div class=\"field-image\"><img decoding=\"async\" src=\"https:\/\/images.weserv.nl\/?url=https:\/\/static.apidae-tourisme.com\/filestore\/objets-touristiques\/images\/247\/4\/16778487-diaporama.jpg&#038;w=350&#038;h=350&#038;fit=cover&#038;output=webp&#038;q=45\" alt=\"Sep&#8217;arti !\"\/><\/div><\/div><div class=\"group-top\"><div class=\"field-commune\">Vallouise-Pelvoux<\/div><ws-apidae-from-price data-apidae-id=\"6441737\" ><\/ws-apidae-from-price><div class=\"group-dates\"><div class=\"field-dates\">30 <span class=\"month\">Maggio<\/span><\/div><\/div><\/div><div class=\"group-content\"><div class=\"field-title\">Sep&#8217;arti !<\/div><\/div><div class=\"field-link\" role=\"group\" aria-label=\"Lien vers le contenu\"><a href=\"https:\/\/www.paysdesecrins.com\/it\/fiche\/separti-4\/\" class=\"cardlink\" title=\"Lire plus : Sep&#8217;arti !\" lang=\"it_IT\">Sep&#8217;arti !<\/a><\/div><\/div><\/div><div class=\"item\" data-season=\"all-seasons\"><div class=\"card card-apidae card-agenda\"><div class=\"group-actions\"><ws-wishlist data-type=\"flag\" data-action=\"add\" data-wish-id=\"7665541\" data-wish-type=\"apidae\"><\/ws-wishlist><\/div><div class=\"group-media\"><div class=\"field-image\"><img decoding=\"async\" src=\"https:\/\/images.weserv.nl\/?url=https:\/\/static.apidae-tourisme.com\/filestore\/objets-touristiques\/images\/198\/245\/37615046-diaporama.jpg&#038;w=350&#038;h=350&#038;fit=cover&#038;output=webp&#038;q=45\" alt=\"Reconnaissance de plantes\"\/><\/div><\/div><div class=\"group-top\"><div class=\"field-commune\">Vallouise-Pelvoux<\/div><ws-apidae-from-price data-apidae-id=\"7665541\" ><\/ws-apidae-from-price><div class=\"group-dates\"><div class=\"field-dates\">29 <span class=\"month\">Giugno<\/span><\/div><\/div><\/div><div class=\"group-content\"><div class=\"field-title\">Reconnaissance de plantes<\/div><\/div><div class=\"field-link\" role=\"group\" aria-label=\"Lien vers le contenu\"><a href=\"https:\/\/www.paysdesecrins.com\/it\/fiche\/reconnaissance-de-plantes-4\/\" class=\"cardlink\" title=\"Lire plus : Reconnaissance de plantes\" lang=\"it_IT\">Reconnaissance de plantes<\/a><\/div><\/div><\/div><div class=\"item\" data-season=\"all-seasons\"><div class=\"card card-apidae card-agenda\"><div class=\"group-actions\"><ws-wishlist data-type=\"flag\" data-action=\"add\" data-wish-id=\"5598467\" data-wish-type=\"apidae\"><\/ws-wishlist><\/div><div class=\"group-media\"><div class=\"field-image\"><img decoding=\"async\" src=\"https:\/\/images.weserv.nl\/?url=https:\/\/static.apidae-tourisme.com\/filestore\/objets-touristiques\/images\/43\/128\/8159275-diaporama.jpg&#038;w=350&#038;h=350&#038;fit=cover&#038;output=webp&#038;q=45\" alt=\"Alpages, Cascades : Hors des sentiers battus !\"\/><\/div><\/div><div class=\"group-top\"><div class=\"field-commune\">Vallouise-Pelvoux<\/div><ws-apidae-from-price data-apidae-id=\"5598467\" ><\/ws-apidae-from-price><div class=\"group-dates\"><div class=\"field-dates\">Du 1 <span class=\"month\">Luglio<\/span> au 31 <span class=\"month\">Luglio<\/span> 2027<\/div><\/div><\/div><div class=\"group-content\"><div class=\"field-title\">Alpages, Cascades : Hors des sentiers battus !<\/div><\/div><div class=\"field-link\" role=\"group\" aria-label=\"Lien vers le contenu\"><a href=\"https:\/\/www.paysdesecrins.com\/it\/fiche\/alpages-cascades-hors-des-sentiers-battus-4\/\" class=\"cardlink\" title=\"Lire plus : Alpages, Cascades : Hors des sentiers battus !\" lang=\"it_IT\">Alpages, Cascades : Hors des sentiers battus !<\/a><\/div><\/div><\/div><div class=\"item\" data-season=\"all-seasons\"><div class=\"card card-apidae card-agenda\"><div class=\"group-actions\"><ws-wishlist data-type=\"flag\" data-action=\"add\" data-wish-id=\"7327322\" data-wish-type=\"apidae\"><\/ws-wishlist><\/div><div class=\"group-media\"><div class=\"field-image\"><img decoding=\"async\" src=\"https:\/\/images.weserv.nl\/?url=https:\/\/static.apidae-tourisme.com\/filestore\/objets-touristiques\/images\/243\/98\/30761715-diaporama.jpg&#038;w=350&#038;h=350&#038;fit=cover&#038;output=webp&#038;q=45\" alt=\"Visite guid\u00e9e loufoque de Vallouise.\"\/><\/div><\/div><div class=\"group-top\"><div class=\"field-commune\">Vallouise-Pelvoux<\/div><ws-apidae-from-price data-apidae-id=\"7327322\" ><\/ws-apidae-from-price><div class=\"group-dates\"><div class=\"field-dates\">5 <span class=\"month\">Luglio<\/span> et 19 <span class=\"month\">Settembre<\/span><\/div><\/div><\/div><div class=\"group-content\"><div class=\"field-title\">Visite guid\u00e9e loufoque de Vallouise.<\/div><\/div><div class=\"field-link\" role=\"group\" aria-label=\"Lien vers le contenu\"><a href=\"https:\/\/www.paysdesecrins.com\/it\/fiche\/visite-guidee-loufoque-de-vallouise-5\/\" class=\"cardlink\" title=\"Lire plus : Visite guid\u00e9e loufoque de Vallouise.\" lang=\"it_IT\">Visite guid\u00e9e loufoque de Vallouise.<\/a><\/div><\/div><\/div><div class=\"item\" data-season=\"all-seasons\"><div class=\"card card-apidae card-agenda\"><div class=\"group-actions\"><ws-wishlist data-type=\"flag\" data-action=\"add\" data-wish-id=\"6964212\" data-wish-type=\"apidae\"><\/ws-wishlist><\/div><div class=\"group-media\"><div class=\"field-image\"><img decoding=\"async\" src=\"https:\/\/images.weserv.nl\/?url=https:\/\/static.apidae-tourisme.com\/filestore\/objets-touristiques\/images\/51\/210\/23319091-diaporama.jpg&#038;w=350&#038;h=350&#038;fit=cover&#038;output=webp&#038;q=45\" alt=\"Nouveau parcours ludique &#8220;Histoire de l&#8217;alpinisme&#8221;\"\/><\/div><\/div><div class=\"group-top\"><div class=\"field-commune\">Vallouise-Pelvoux<\/div><ws-apidae-from-price data-apidae-id=\"6964212\" ><\/ws-apidae-from-price><div class=\"group-dates\"><div class=\"field-dates\">Du 8 <span class=\"month\">Luglio<\/span> au 26 <span class=\"month\">Settembre<\/span> 2027<\/div><\/div><\/div><div class=\"group-content\"><div class=\"field-title\">Nouveau parcours ludique &#8220;Histoire de l&#8217;alpinisme&#8221;<\/div><\/div><div class=\"field-link\" role=\"group\" aria-label=\"Lien vers le contenu\"><a href=\"https:\/\/www.paysdesecrins.com\/it\/fiche\/nouveau-parcours-ludique-histoire-de-lalpinisme-4\/\" class=\"cardlink\" title=\"Lire plus : Nouveau parcours ludique &#8220;Histoire de l&#8217;alpinisme&#8221;\" lang=\"it_IT\">Nouveau parcours ludique &#8220;Histoire de l&#8217;alpinisme&#8221;<\/a><\/div><\/div><\/div><div class=\"item\" data-season=\"all-seasons\"><div class=\"card card-apidae card-agenda\"><div class=\"group-actions\"><ws-wishlist data-type=\"flag\" data-action=\"add\" data-wish-id=\"6049007\" data-wish-type=\"apidae\"><\/ws-wishlist><\/div><div class=\"group-media\"><div class=\"field-image\"><img decoding=\"async\" src=\"https:\/\/images.weserv.nl\/?url=https:\/\/static.apidae-tourisme.com\/filestore\/objets-touristiques\/images\/127\/210\/39703167-diaporama.png&#038;w=350&#038;h=350&#038;fit=cover&#038;output=webp&#038;q=45\" alt=\"Concert : Ensemble vocal Cantanha &#8220;Les \u00c9crins au choeur&#8221;\"\/><\/div><\/div><div class=\"group-top\"><div class=\"field-commune\">Vallouise-Pelvoux<\/div><ws-apidae-from-price data-apidae-id=\"6049007\" ><\/ws-apidae-from-price><div class=\"group-dates\"><div class=\"field-dates\">11 <span class=\"month\">Luglio<\/span><\/div><\/div><\/div><div class=\"group-content\"><div class=\"field-title\">Concert : Ensemble vocal Cantanha &#8220;Les \u00c9crins au choeur&#8221;<\/div><\/div><div class=\"field-link\" role=\"group\" aria-label=\"Lien vers le contenu\"><a href=\"https:\/\/www.paysdesecrins.com\/it\/fiche\/concert-ensemble-vocal-cantanha-les-ecrins-au-choeur-4\/\" class=\"cardlink\" title=\"Lire plus : Concert : Ensemble vocal Cantanha &#8220;Les \u00c9crins au choeur&#8221;\" lang=\"it_IT\">Concert : Ensemble vocal Cantanha &#8220;Les \u00c9crins au choeur&#8221;<\/a><\/div><\/div><\/div><div class=\"item\" data-season=\"all-seasons\"><div class=\"card card-apidae card-agenda\"><div class=\"group-actions\"><ws-wishlist data-type=\"flag\" data-action=\"add\" data-wish-id=\"7691252\" data-wish-type=\"apidae\"><\/ws-wishlist><\/div><div class=\"group-media\"><div class=\"field-image\"><img decoding=\"async\" src=\"https:\/\/images.weserv.nl\/?url=https:\/\/static.apidae-tourisme.com\/filestore\/objets-touristiques\/images\/237\/167\/38184941-diaporama.jpg&#038;w=350&#038;h=350&#038;fit=cover&#038;output=webp&#038;q=45\" alt=\"Yoga a\u00e9rien et Hata yoga\"\/><\/div><\/div><div class=\"group-top\"><div class=\"field-commune\">Vallouise-Pelvoux<\/div><ws-apidae-from-price data-apidae-id=\"7691252\" ><\/ws-apidae-from-price><div class=\"group-dates\"><div class=\"field-dates\">Du 12 <span class=\"month\">Luglio<\/span> au 23 <span class=\"month\">Agosto<\/span><\/div><\/div><\/div><div class=\"group-content\"><div class=\"field-title\">Yoga a\u00e9rien et Hata yoga<\/div><\/div><div class=\"field-link\" role=\"group\" aria-label=\"Lien vers le contenu\"><a href=\"https:\/\/www.paysdesecrins.com\/it\/fiche\/yoga-aerien-et-hata-yoga-4\/\" class=\"cardlink\" title=\"Lire plus : Yoga a\u00e9rien et Hata yoga\" lang=\"it_IT\">Yoga a\u00e9rien et Hata yoga<\/a><\/div><\/div><\/div><div class=\"item\" data-season=\"all-seasons\"><div class=\"card card-apidae card-agenda\"><div class=\"group-actions\"><ws-wishlist data-type=\"flag\" data-action=\"add\" data-wish-id=\"5029942\" data-wish-type=\"apidae\"><\/ws-wishlist><\/div><div class=\"group-media\"><div class=\"field-image\"><img decoding=\"async\" src=\"https:\/\/images.weserv.nl\/?url=https:\/\/static.apidae-tourisme.com\/filestore\/objets-touristiques\/images\/88\/236\/24177752-diaporama.jpg&#038;w=350&#038;h=350&#038;fit=cover&#038;output=webp&#038;q=45\" alt=\"March\u00e9 Artisanal\"\/><\/div><\/div><div class=\"group-top\"><div class=\"field-commune\">Vallouise-Pelvoux<\/div><ws-apidae-from-price data-apidae-id=\"5029942\" ><\/ws-apidae-from-price><div class=\"group-dates\"><div class=\"field-dates\">Du 14 <span class=\"month\">Luglio<\/span> au 25 <span class=\"month\">Agosto<\/span><\/div><\/div><\/div><div class=\"group-content\"><div class=\"field-title\">March\u00e9 Artisanal<\/div><\/div><div class=\"field-link\" role=\"group\" aria-label=\"Lien vers le contenu\"><a href=\"https:\/\/www.paysdesecrins.com\/it\/fiche\/marche-artisanal-4\/\" class=\"cardlink\" title=\"Lire plus : March\u00e9 Artisanal\" lang=\"it_IT\">March\u00e9 Artisanal<\/a><\/div><\/div><\/div><div class=\"item\" data-season=\"all-seasons\"><div class=\"card card-apidae card-agenda\"><div class=\"group-actions\"><ws-wishlist data-type=\"flag\" data-action=\"add\" data-wish-id=\"7313360\" data-wish-type=\"apidae\"><\/ws-wishlist><\/div><div class=\"group-media\"><div class=\"field-image\"><img decoding=\"async\" src=\"https:\/\/images.weserv.nl\/?url=https:\/\/static.apidae-tourisme.com\/filestore\/objets-touristiques\/images\/211\/57\/32782803-diaporama.jpg&#038;w=350&#038;h=350&#038;fit=cover&#038;output=webp&#038;q=45\" alt=\"Vente de pain cuit de mani\u00e8re traditionnelle au four banal.\"\/><\/div><\/div><div class=\"group-top\"><div class=\"field-commune\">Vallouise-Pelvoux<\/div><ws-apidae-from-price data-apidae-id=\"7313360\" ><\/ws-apidae-from-price><div class=\"group-dates\"><div class=\"field-dates\">18 <span class=\"month\">Luglio<\/span> et 15 <span class=\"month\">Agosto<\/span><\/div><\/div><\/div><div class=\"group-content\"><div class=\"field-title\">Vente de pain cuit de mani\u00e8re traditionnelle au four banal.<\/div><\/div><div class=\"field-link\" role=\"group\" aria-label=\"Lien vers le contenu\"><a href=\"https:\/\/www.paysdesecrins.com\/it\/fiche\/vente-de-pain-cuit-de-maniere-traditionnelle-au-four-banal-4\/\" class=\"cardlink\" title=\"Lire plus : Vente de pain cuit de mani\u00e8re traditionnelle au four banal.\" lang=\"it_IT\">Vente de pain cuit de mani\u00e8re traditionnelle au four banal.<\/a><\/div><\/div><\/div><div class=\"item\" data-season=\"all-seasons\"><div class=\"card card-apidae card-agenda\"><div class=\"group-actions\"><ws-wishlist data-type=\"flag\" data-action=\"add\" data-wish-id=\"4956281\" data-wish-type=\"apidae\"><\/ws-wishlist><\/div><div class=\"group-media\"><div class=\"field-image\"><img decoding=\"async\" src=\"https:\/\/images.weserv.nl\/?url=https:\/\/static.apidae-tourisme.com\/filestore\/objets-touristiques\/images\/52\/173\/9415988-diaporama.jpg&#038;w=350&#038;h=350&#038;fit=cover&#038;output=webp&#038;q=45\" alt=\"Les lundis de La Vallouise 2026\"\/><\/div><\/div><div class=\"group-top\"><div class=\"field-commune\">Vallouise-Pelvoux<\/div><ws-apidae-from-price data-apidae-id=\"4956281\" ><\/ws-apidae-from-price><div class=\"group-dates\"><div class=\"field-dates\">Du 20 <span class=\"month\">Luglio<\/span> au 17 <span class=\"month\">Agosto<\/span><\/div><\/div><\/div><div class=\"group-content\"><div class=\"field-title\">Les lundis de La Vallouise 2026<\/div><\/div><div class=\"field-link\" role=\"group\" aria-label=\"Lien vers le contenu\"><a href=\"https:\/\/www.paysdesecrins.com\/it\/fiche\/les-lundis-de-la-vallouise-2026-4\/\" class=\"cardlink\" title=\"Lire plus : Les lundis de La Vallouise 2026\" lang=\"it_IT\">Les lundis de La Vallouise 2026<\/a><\/div><\/div><\/div><div class=\"item\" data-season=\"all-seasons\"><div class=\"card card-apidae card-agenda\"><div class=\"group-actions\"><ws-wishlist data-type=\"flag\" data-action=\"add\" data-wish-id=\"7665556\" data-wish-type=\"apidae\"><\/ws-wishlist><\/div><div class=\"group-media\"><div class=\"field-image\"><img decoding=\"async\" src=\"https:\/\/images.weserv.nl\/?url=https:\/\/static.apidae-tourisme.com\/filestore\/objets-touristiques\/images\/99\/247\/37615459-diaporama.jpg&#038;w=350&#038;h=350&#038;fit=cover&#038;output=webp&#038;q=45\" alt=\"Reconnaissance de plantes et ateliers\"\/><\/div><\/div><div class=\"group-top\"><div class=\"field-commune\">Vallouise-Pelvoux<\/div><ws-apidae-from-price data-apidae-id=\"7665556\" ><\/ws-apidae-from-price><div class=\"group-dates\"><div class=\"field-dates\">21 <span class=\"month\">Luglio<\/span><\/div><\/div><\/div><div class=\"group-content\"><div class=\"field-title\">Reconnaissance de plantes et ateliers<\/div><\/div><div class=\"field-link\" role=\"group\" aria-label=\"Lien vers le contenu\"><a href=\"https:\/\/www.paysdesecrins.com\/it\/fiche\/reconnaissance-de-plantes-et-ateliers-4\/\" class=\"cardlink\" title=\"Lire plus : Reconnaissance de plantes et ateliers\" lang=\"it_IT\">Reconnaissance de plantes et ateliers<\/a><\/div><\/div><\/div><div class=\"item\" data-season=\"all-seasons\"><div class=\"card card-apidae card-agenda\"><div class=\"group-actions\"><ws-wishlist data-type=\"flag\" data-action=\"add\" data-wish-id=\"6172237\" data-wish-type=\"apidae\"><\/ws-wishlist><\/div><div class=\"group-media\"><div class=\"field-image\"><img decoding=\"async\" src=\"https:\/\/images.weserv.nl\/?url=https:\/\/www.paysdesecrins.com\/wp-content\/uploads\/2025\/06\/cropped-paysdesecrins.png&#038;w=350&#038;h=350&#038;fit=cover&#038;output=webp&#038;q=45\" alt=\"March\u00e9 Artisanal avec &#8220;Michel TARDIEU&#8221;\"\/><\/div><\/div><div class=\"group-top\"><div class=\"field-commune\">Vallouise-Pelvoux<\/div><ws-apidae-from-price data-apidae-id=\"6172237\" ><\/ws-apidae-from-price><div class=\"group-dates\"><div class=\"field-dates\">21 <span class=\"month\">Luglio<\/span><\/div><\/div><\/div><div class=\"group-content\"><div class=\"field-title\">March\u00e9 Artisanal avec &#8220;Michel TARDIEU&#8221;<\/div><\/div><div class=\"field-link\" role=\"group\" aria-label=\"Lien vers le contenu\"><a href=\"https:\/\/www.paysdesecrins.com\/it\/fiche\/marche-artisanal-avec-michel-tardieu-5\/\" class=\"cardlink\" title=\"Lire plus : March\u00e9 Artisanal avec &#8220;Michel TARDIEU&#8221;\" lang=\"it_IT\">March\u00e9 Artisanal avec &#8220;Michel TARDIEU&#8221;<\/a><\/div><\/div><\/div><div class=\"item\" data-season=\"all-seasons\"><div class=\"card card-apidae card-agenda\"><div class=\"group-actions\"><ws-wishlist data-type=\"flag\" data-action=\"add\" data-wish-id=\"7347152\" data-wish-type=\"apidae\"><\/ws-wishlist><\/div><div class=\"group-media\"><div class=\"field-image\"><img decoding=\"async\" src=\"https:\/\/images.weserv.nl\/?url=https:\/\/static.apidae-tourisme.com\/filestore\/objets-touristiques\/images\/190\/15\/30085054-diaporama.jpg&#038;w=350&#038;h=350&#038;fit=cover&#038;output=webp&#038;q=45\" alt=\"Reconnaissance de plantes avec Anne MERRY\"\/><\/div><\/div><div class=\"group-top\"><div class=\"field-commune\">Vallouise-Pelvoux<\/div><ws-apidae-from-price data-apidae-id=\"7347152\" ><\/ws-apidae-from-price><div class=\"group-dates\"><div class=\"field-dates\">30 <span class=\"month\">Luglio<\/span><\/div><\/div><\/div><div class=\"group-content\"><div class=\"field-title\">Reconnaissance de plantes avec Anne MERRY<\/div><\/div><div class=\"field-link\" role=\"group\" aria-label=\"Lien vers le contenu\"><a href=\"https:\/\/www.paysdesecrins.com\/it\/fiche\/reconnaissance-de-plantes-avec-anne-merry-4\/\" class=\"cardlink\" title=\"Lire plus : Reconnaissance de plantes avec Anne MERRY\" lang=\"it_IT\">Reconnaissance de plantes avec Anne MERRY<\/a><\/div><\/div><\/div><div class=\"item\" data-season=\"all-seasons\"><div class=\"card card-apidae card-agenda\"><div class=\"group-actions\"><ws-wishlist data-type=\"flag\" data-action=\"add\" data-wish-id=\"7726664\" data-wish-type=\"apidae\"><\/ws-wishlist><\/div><div class=\"group-media\"><div class=\"field-image\"><img decoding=\"async\" src=\"https:\/\/images.weserv.nl\/?url=https:\/\/static.apidae-tourisme.com\/filestore\/objets-touristiques\/images\/146\/109\/39021970-diaporama.jpg&#038;w=350&#038;h=350&#038;fit=cover&#038;output=webp&#038;q=45\" alt=\"Festival Musiques en \u00c9crins\"\/><\/div><\/div><div class=\"group-top\"><div class=\"field-commune\">Vallouise-Pelvoux<\/div><ws-apidae-from-price data-apidae-id=\"7726664\" ><\/ws-apidae-from-price><div class=\"group-dates\"><div class=\"field-dates\">Du 3 au 13 <span class=\"month\">Agosto<\/span><\/div><\/div><\/div><div class=\"group-content\"><div class=\"field-title\">Festival Musiques en \u00c9crins<\/div><\/div><div class=\"field-link\" role=\"group\" aria-label=\"Lien vers le contenu\"><a href=\"https:\/\/www.paysdesecrins.com\/it\/fiche\/festival-musiques-en-ecrins-4\/\" class=\"cardlink\" title=\"Lire plus : Festival Musiques en \u00c9crins\" lang=\"it_IT\">Festival Musiques en \u00c9crins<\/a><\/div><\/div><\/div><div class=\"item\" data-season=\"all-seasons\"><div class=\"card card-apidae card-agenda\"><div class=\"group-actions\"><ws-wishlist data-type=\"flag\" data-action=\"add\" data-wish-id=\"523554\" data-wish-type=\"apidae\"><\/ws-wishlist><\/div><div class=\"group-media\"><div class=\"field-image\"><img decoding=\"async\" src=\"https:\/\/images.weserv.nl\/?url=https:\/\/static.apidae-tourisme.com\/filestore\/objets-touristiques\/images\/179\/66\/18694835-diaporama.jpg&#038;w=350&#038;h=350&#038;fit=cover&#038;output=webp&#038;q=45\" alt=\"F\u00eate des Guides et Accompagnateurs des \u00c9crins\"\/><\/div><\/div><div class=\"group-top\"><div class=\"field-commune\">Vallouise-Pelvoux<\/div><ws-apidae-from-price data-apidae-id=\"523554\" ><\/ws-apidae-from-price><div class=\"group-dates\"><div class=\"field-dates\">6 <span class=\"month\">Agosto<\/span><\/div><\/div><\/div><div class=\"group-content\"><div class=\"field-title\">F\u00eate des Guides et Accompagnateurs des \u00c9crins<\/div><\/div><div class=\"field-link\" role=\"group\" aria-label=\"Lien vers le contenu\"><a href=\"https:\/\/www.paysdesecrins.com\/it\/fiche\/fete-des-guides-et-accompagnateurs-des-ecrins-4\/\" class=\"cardlink\" title=\"Lire plus : F\u00eate des Guides et Accompagnateurs des \u00c9crins\" lang=\"it_IT\">F\u00eate des Guides et Accompagnateurs des \u00c9crins<\/a><\/div><\/div><\/div><div class=\"item\" data-season=\"all-seasons\"><div class=\"card card-apidae card-agenda\"><div class=\"group-actions\"><ws-wishlist data-type=\"flag\" data-action=\"add\" data-wish-id=\"6172235\" data-wish-type=\"apidae\"><\/ws-wishlist><\/div><div class=\"group-media\"><div class=\"field-image\"><img decoding=\"async\" src=\"https:\/\/images.weserv.nl\/?url=https:\/\/static.apidae-tourisme.com\/filestore\/objets-touristiques\/images\/237\/84\/30954733-diaporama.jpg&#038;w=350&#038;h=350&#038;fit=cover&#038;output=webp&#038;q=45\" alt=\"March\u00e9 Artisanal avec &#8220;Vincent SAVINA&#8221;\"\/><\/div><\/div><div class=\"group-top\"><div class=\"field-commune\">Vallouise-Pelvoux<\/div><ws-apidae-from-price data-apidae-id=\"6172235\" ><\/ws-apidae-from-price><div class=\"group-dates\"><div class=\"field-dates\">11 <span class=\"month\">Agosto<\/span><\/div><\/div><\/div><div class=\"group-content\"><div class=\"field-title\">March\u00e9 Artisanal avec &#8220;Vincent SAVINA&#8221;<\/div><\/div><div class=\"field-link\" role=\"group\" aria-label=\"Lien vers le contenu\"><a href=\"https:\/\/www.paysdesecrins.com\/it\/fiche\/marche-artisanal-avec-vincent-savina-4\/\" class=\"cardlink\" title=\"Lire plus : March\u00e9 Artisanal avec &#8220;Vincent SAVINA&#8221;\" lang=\"it_IT\">March\u00e9 Artisanal avec &#8220;Vincent SAVINA&#8221;<\/a><\/div><\/div><\/div><div class=\"item\" data-season=\"all-seasons\"><div class=\"card card-apidae card-agenda\"><div class=\"group-actions\"><ws-wishlist data-type=\"flag\" data-action=\"add\" data-wish-id=\"6172234\" data-wish-type=\"apidae\"><\/ws-wishlist><\/div><div class=\"group-media\"><div class=\"field-image\"><img decoding=\"async\" src=\"https:\/\/images.weserv.nl\/?url=https:\/\/static.apidae-tourisme.com\/filestore\/objets-touristiques\/images\/248\/169\/30910968-diaporama.jpg&#038;w=350&#038;h=350&#038;fit=cover&#038;output=webp&#038;q=45\" alt=\"March\u00e9 Artisanal &#8220;Marine Garcia&#8221;\"\/><\/div><\/div><div class=\"group-top\"><div class=\"field-commune\">Vallouise-Pelvoux<\/div><ws-apidae-from-price data-apidae-id=\"6172234\" ><\/ws-apidae-from-price><div class=\"group-dates\"><div class=\"field-dates\">25 <span class=\"month\">Agosto<\/span><\/div><\/div><\/div><div class=\"group-content\"><div class=\"field-title\">March\u00e9 Artisanal &#8220;Marine Garcia&#8221;<\/div><\/div><div class=\"field-link\" role=\"group\" aria-label=\"Lien vers le contenu\"><a href=\"https:\/\/www.paysdesecrins.com\/it\/fiche\/marche-artisanal-marine-garcia-4\/\" class=\"cardlink\" title=\"Lire plus : March\u00e9 Artisanal &#8220;Marine Garcia&#8221;\" lang=\"it_IT\">March\u00e9 Artisanal &#8220;Marine Garcia&#8221;<\/a><\/div><\/div><\/div><div class=\"item\" data-season=\"all-seasons\"><div class=\"card card-apidae card-agenda\"><div class=\"group-actions\"><ws-wishlist data-type=\"flag\" data-action=\"add\" data-wish-id=\"5692946\" data-wish-type=\"apidae\"><\/ws-wishlist><\/div><div class=\"group-media\"><div class=\"field-image\"><img decoding=\"async\" src=\"https:\/\/images.weserv.nl\/?url=https:\/\/static.apidae-tourisme.com\/filestore\/objets-touristiques\/images\/58\/67\/12272442-diaporama.jpg&#038;w=350&#038;h=350&#038;fit=cover&#038;output=webp&#038;q=45\" alt=\"Randonn\u00e9e en libert\u00e9 sur le promontoire de Vallouise\"\/><\/div><\/div><div class=\"group-top\"><div class=\"field-commune\">Vallouise-Pelvoux<\/div><ws-apidae-from-price data-apidae-id=\"5692946\" ><\/ws-apidae-from-price><div class=\"group-dates\"><div class=\"field-dates\">Du 12 <span class=\"month\">Dicembre<\/span> au 12 <span class=\"month\">Marzo<\/span> 2028<\/div><\/div><\/div><div class=\"group-content\"><div class=\"field-title\">Randonn\u00e9e en libert\u00e9 sur le promontoire de Vallouise<\/div><\/div><div class=\"field-link\" role=\"group\" aria-label=\"Lien vers le contenu\"><a href=\"https:\/\/www.paysdesecrins.com\/it\/fiche\/randonnee-en-liberte-sur-le-promontoire-de-vallouise-4\/\" class=\"cardlink\" title=\"Lire plus : Randonn\u00e9e en libert\u00e9 sur le promontoire de Vallouise\" lang=\"it_IT\">Randonn\u00e9e en libert\u00e9 sur le promontoire de Vallouise<\/a><\/div><\/div><\/div><\/div><\/div><\/div><\/div>\n<div class=\"wp-block-ws-library-ws-share\"><span class=\"share-subtitle\">Ti \u00e8 piaciuta questa pagina?<\/span><span class=\"share-title\">Condividilo!<\/span><button class=\"ws-share-button wp-element-button\">Condividi questa pagina<\/button><\/div>\n","protected":false},"excerpt":{"rendered":"<p>Pelvoux-Vallouise offre un programma diversificato di attivit\u00e0 durante tutto l&#8217;anno, pensato per soddisfare il vostro desiderio di scoperta, relax e [&hellip;]<\/p>\n","protected":false},"author":4,"featured_media":117767,"parent":0,"menu_order":0,"comment_status":"closed","ping_status":"closed","template":"","meta":{"_thumbnail_id_2":31351,"summer_excerpt":"","season":"","station":"","footnotes":""},"class_list":["post-44315","page","type-page","status-publish","has-post-thumbnail","hentry"],"yoast_head":"<!-- This site is optimized with the Yoast SEO plugin v27.3 - https:\/\/yoast.com\/product\/yoast-seo-wordpress\/ -->\n<title>Tutte le attivit\u00e0 a Vallouise-Pelvoux - Pays des \u00c9crins - Office de Tourisme<\/title>\n<meta name=\"robots\" content=\"index, follow, max-snippet:-1, max-image-preview:large, max-video-preview:-1\" \/>\n<link rel=\"canonical\" href=\"https:\/\/www.paysdesecrins.com\/it\/tutte-le-attivita-a-vallouise-pelvoux\/\" \/>\n<meta property=\"og:locale\" content=\"it_IT\" \/>\n<meta property=\"og:type\" content=\"article\" \/>\n<meta property=\"og:title\" content=\"Tutte le attivit\u00e0 a Vallouise-Pelvoux - Pays des \u00c9crins - Office de Tourisme\" \/>\n<meta property=\"og:description\" content=\"Pelvoux-Vallouise offre un programma diversificato di attivit\u00e0 durante tutto l&#8217;anno, pensato per soddisfare il vostro desiderio di scoperta, relax e [&hellip;]\" \/>\n<meta property=\"og:url\" content=\"https:\/\/www.paysdesecrins.com\/it\/tutte-le-attivita-a-vallouise-pelvoux\/\" \/>\n<meta property=\"og:site_name\" content=\"Pays des \u00c9crins - Office de Tourisme\" \/>\n<meta property=\"article:modified_time\" content=\"2025-11-17T10:33:43+00:00\" \/>\n<meta property=\"og:image\" content=\"https:\/\/www.paysdesecrins.com\/wp-content\/uploads\/2025\/08\/07-13-23-fete-de-psv-19-scaled.jpg\" \/>\n\t<meta property=\"og:image:width\" content=\"2560\" \/>\n\t<meta property=\"og:image:height\" content=\"1707\" \/>\n\t<meta property=\"og:image:type\" content=\"image\/jpeg\" \/>\n<meta name=\"twitter:card\" content=\"summary_large_image\" \/>\n<script type=\"application\/ld+json\" class=\"yoast-schema-graph\">{\"@context\":\"https:\\\/\\\/schema.org\",\"@graph\":[{\"@type\":\"WebPage\",\"@id\":\"https:\\\/\\\/www.paysdesecrins.com\\\/it\\\/tutte-le-attivita-a-vallouise-pelvoux\\\/\",\"url\":\"https:\\\/\\\/www.paysdesecrins.com\\\/it\\\/tutte-le-attivita-a-vallouise-pelvoux\\\/\",\"name\":\"Tutte le attivit\u00e0 a Vallouise-Pelvoux - Pays des \u00c9crins - Office de Tourisme\",\"isPartOf\":{\"@id\":\"https:\\\/\\\/www.paysdesecrins.com\\\/it\\\/#website\"},\"primaryImageOfPage\":{\"@id\":\"https:\\\/\\\/www.paysdesecrins.com\\\/it\\\/tutte-le-attivita-a-vallouise-pelvoux\\\/#primaryimage\"},\"image\":{\"@id\":\"https:\\\/\\\/www.paysdesecrins.com\\\/it\\\/tutte-le-attivita-a-vallouise-pelvoux\\\/#primaryimage\"},\"thumbnailUrl\":\"https:\\\/\\\/www.paysdesecrins.com\\\/wp-content\\\/uploads\\\/2025\\\/09\\\/itine-rance-en-raquettes-78-scaled.jpg\",\"datePublished\":\"2025-07-24T13:22:56+00:00\",\"dateModified\":\"2025-11-17T10:33:43+00:00\",\"breadcrumb\":{\"@id\":\"https:\\\/\\\/www.paysdesecrins.com\\\/it\\\/tutte-le-attivita-a-vallouise-pelvoux\\\/#breadcrumb\"},\"inLanguage\":\"it-IT\",\"potentialAction\":[{\"@type\":\"ReadAction\",\"target\":[\"https:\\\/\\\/www.paysdesecrins.com\\\/it\\\/tutte-le-attivita-a-vallouise-pelvoux\\\/\"]}]},{\"@type\":\"ImageObject\",\"inLanguage\":\"it-IT\",\"@id\":\"https:\\\/\\\/www.paysdesecrins.com\\\/it\\\/tutte-le-attivita-a-vallouise-pelvoux\\\/#primaryimage\",\"url\":\"https:\\\/\\\/www.paysdesecrins.com\\\/wp-content\\\/uploads\\\/2025\\\/09\\\/itine-rance-en-raquettes-78-scaled.jpg\",\"contentUrl\":\"https:\\\/\\\/www.paysdesecrins.com\\\/wp-content\\\/uploads\\\/2025\\\/09\\\/itine-rance-en-raquettes-78-scaled.jpg\",\"width\":2560,\"height\":1708},{\"@type\":\"BreadcrumbList\",\"@id\":\"https:\\\/\\\/www.paysdesecrins.com\\\/it\\\/tutte-le-attivita-a-vallouise-pelvoux\\\/#breadcrumb\",\"itemListElement\":[{\"@type\":\"ListItem\",\"position\":1,\"name\":\"Accueil\",\"item\":\"https:\\\/\\\/www.paysdesecrins.com\\\/it\\\/il-titolo-della-casa\\\/\"},{\"@type\":\"ListItem\",\"position\":2,\"name\":\"Tutte le attivit\u00e0 a Vallouise-Pelvoux\"}]},{\"@type\":\"WebSite\",\"@id\":\"https:\\\/\\\/www.paysdesecrins.com\\\/it\\\/#website\",\"url\":\"https:\\\/\\\/www.paysdesecrins.com\\\/it\\\/\",\"name\":\"Pays des \u00c9crins - Office de Tourisme\",\"description\":\"L&#039;esprit montagne\",\"publisher\":{\"@id\":\"https:\\\/\\\/www.paysdesecrins.com\\\/it\\\/#organization\"},\"potentialAction\":[{\"@type\":\"SearchAction\",\"target\":{\"@type\":\"EntryPoint\",\"urlTemplate\":\"https:\\\/\\\/www.paysdesecrins.com\\\/it\\\/?s={search_term_string}\"},\"query-input\":{\"@type\":\"PropertyValueSpecification\",\"valueRequired\":true,\"valueName\":\"search_term_string\"}}],\"inLanguage\":\"it-IT\"},{\"@type\":\"Organization\",\"@id\":\"https:\\\/\\\/www.paysdesecrins.com\\\/it\\\/#organization\",\"name\":\"Pays des \u00c9crins - Office de Tourisme\",\"url\":\"https:\\\/\\\/www.paysdesecrins.com\\\/it\\\/\",\"logo\":{\"@type\":\"ImageObject\",\"inLanguage\":\"it-IT\",\"@id\":\"https:\\\/\\\/www.paysdesecrins.com\\\/it\\\/#\\\/schema\\\/logo\\\/image\\\/\",\"url\":\"https:\\\/\\\/www.paysdesecrins.com\\\/wp-content\\\/uploads\\\/2025\\\/06\\\/devina-svg-1750845694.svg\",\"contentUrl\":\"https:\\\/\\\/www.paysdesecrins.com\\\/wp-content\\\/uploads\\\/2025\\\/06\\\/devina-svg-1750845694.svg\",\"caption\":\"Pays des \u00c9crins - Office de Tourisme\"},\"image\":{\"@id\":\"https:\\\/\\\/www.paysdesecrins.com\\\/it\\\/#\\\/schema\\\/logo\\\/image\\\/\"}}]}<\/script>\n<!-- \/ Yoast SEO plugin. -->","yoast_head_json":{"title":"Tutte le attivit\u00e0 a Vallouise-Pelvoux - Pays des \u00c9crins - Office de Tourisme","robots":{"index":"index","follow":"follow","max-snippet":"max-snippet:-1","max-image-preview":"max-image-preview:large","max-video-preview":"max-video-preview:-1"},"canonical":"https:\/\/www.paysdesecrins.com\/it\/tutte-le-attivita-a-vallouise-pelvoux\/","og_locale":"it_IT","og_type":"article","og_title":"Tutte le attivit\u00e0 a Vallouise-Pelvoux - Pays des \u00c9crins - Office de Tourisme","og_description":"Pelvoux-Vallouise offre un programma diversificato di attivit\u00e0 durante tutto l&#8217;anno, pensato per soddisfare il vostro desiderio di scoperta, relax e [&hellip;]","og_url":"https:\/\/www.paysdesecrins.com\/it\/tutte-le-attivita-a-vallouise-pelvoux\/","og_site_name":"Pays des \u00c9crins - Office de Tourisme","article_modified_time":"2025-11-17T10:33:43+00:00","og_image":[{"width":2560,"height":1707,"url":"https:\/\/www.paysdesecrins.com\/wp-content\/uploads\/2025\/08\/07-13-23-fete-de-psv-19-scaled.jpg","type":"image\/jpeg"}],"twitter_card":"summary_large_image","schema":{"@context":"https:\/\/schema.org","@graph":[{"@type":"WebPage","@id":"https:\/\/www.paysdesecrins.com\/it\/tutte-le-attivita-a-vallouise-pelvoux\/","url":"https:\/\/www.paysdesecrins.com\/it\/tutte-le-attivita-a-vallouise-pelvoux\/","name":"Tutte le attivit\u00e0 a Vallouise-Pelvoux - Pays des \u00c9crins - Office de Tourisme","isPartOf":{"@id":"https:\/\/www.paysdesecrins.com\/it\/#website"},"primaryImageOfPage":{"@id":"https:\/\/www.paysdesecrins.com\/it\/tutte-le-attivita-a-vallouise-pelvoux\/#primaryimage"},"image":{"@id":"https:\/\/www.paysdesecrins.com\/it\/tutte-le-attivita-a-vallouise-pelvoux\/#primaryimage"},"thumbnailUrl":"https:\/\/www.paysdesecrins.com\/wp-content\/uploads\/2025\/09\/itine-rance-en-raquettes-78-scaled.jpg","datePublished":"2025-07-24T13:22:56+00:00","dateModified":"2025-11-17T10:33:43+00:00","breadcrumb":{"@id":"https:\/\/www.paysdesecrins.com\/it\/tutte-le-attivita-a-vallouise-pelvoux\/#breadcrumb"},"inLanguage":"it-IT","potentialAction":[{"@type":"ReadAction","target":["https:\/\/www.paysdesecrins.com\/it\/tutte-le-attivita-a-vallouise-pelvoux\/"]}]},{"@type":"ImageObject","inLanguage":"it-IT","@id":"https:\/\/www.paysdesecrins.com\/it\/tutte-le-attivita-a-vallouise-pelvoux\/#primaryimage","url":"https:\/\/www.paysdesecrins.com\/wp-content\/uploads\/2025\/09\/itine-rance-en-raquettes-78-scaled.jpg","contentUrl":"https:\/\/www.paysdesecrins.com\/wp-content\/uploads\/2025\/09\/itine-rance-en-raquettes-78-scaled.jpg","width":2560,"height":1708},{"@type":"BreadcrumbList","@id":"https:\/\/www.paysdesecrins.com\/it\/tutte-le-attivita-a-vallouise-pelvoux\/#breadcrumb","itemListElement":[{"@type":"ListItem","position":1,"name":"Accueil","item":"https:\/\/www.paysdesecrins.com\/it\/il-titolo-della-casa\/"},{"@type":"ListItem","position":2,"name":"Tutte le attivit\u00e0 a Vallouise-Pelvoux"}]},{"@type":"WebSite","@id":"https:\/\/www.paysdesecrins.com\/it\/#website","url":"https:\/\/www.paysdesecrins.com\/it\/","name":"Pays des \u00c9crins - Office de Tourisme","description":"L&#039;esprit montagne","publisher":{"@id":"https:\/\/www.paysdesecrins.com\/it\/#organization"},"potentialAction":[{"@type":"SearchAction","target":{"@type":"EntryPoint","urlTemplate":"https:\/\/www.paysdesecrins.com\/it\/?s={search_term_string}"},"query-input":{"@type":"PropertyValueSpecification","valueRequired":true,"valueName":"search_term_string"}}],"inLanguage":"it-IT"},{"@type":"Organization","@id":"https:\/\/www.paysdesecrins.com\/it\/#organization","name":"Pays des \u00c9crins - Office de Tourisme","url":"https:\/\/www.paysdesecrins.com\/it\/","logo":{"@type":"ImageObject","inLanguage":"it-IT","@id":"https:\/\/www.paysdesecrins.com\/it\/#\/schema\/logo\/image\/","url":"https:\/\/www.paysdesecrins.com\/wp-content\/uploads\/2025\/06\/devina-svg-1750845694.svg","contentUrl":"https:\/\/www.paysdesecrins.com\/wp-content\/uploads\/2025\/06\/devina-svg-1750845694.svg","caption":"Pays des \u00c9crins - Office de Tourisme"},"image":{"@id":"https:\/\/www.paysdesecrins.com\/it\/#\/schema\/logo\/image\/"}}]}},"_links":{"self":[{"href":"https:\/\/www.paysdesecrins.com\/it\/wp-json\/wp\/v2\/pages\/44315","targetHints":{"allow":["GET"]}}],"collection":[{"href":"https:\/\/www.paysdesecrins.com\/it\/wp-json\/wp\/v2\/pages"}],"about":[{"href":"https:\/\/www.paysdesecrins.com\/it\/wp-json\/wp\/v2\/types\/page"}],"author":[{"embeddable":true,"href":"https:\/\/www.paysdesecrins.com\/it\/wp-json\/wp\/v2\/users\/4"}],"replies":[{"embeddable":true,"href":"https:\/\/www.paysdesecrins.com\/it\/wp-json\/wp\/v2\/comments?post=44315"}],"version-history":[{"count":1,"href":"https:\/\/www.paysdesecrins.com\/it\/wp-json\/wp\/v2\/pages\/44315\/revisions"}],"predecessor-version":[{"id":131603,"href":"https:\/\/www.paysdesecrins.com\/it\/wp-json\/wp\/v2\/pages\/44315\/revisions\/131603"}],"wp:featuredmedia":[{"embeddable":true,"href":"https:\/\/www.paysdesecrins.com\/it\/wp-json\/wp\/v2\/media\/117767"}],"wp:attachment":[{"href":"https:\/\/www.paysdesecrins.com\/it\/wp-json\/wp\/v2\/media?parent=44315"}],"curies":[{"name":"wp","href":"https:\/\/api.w.org\/{rel}","templated":true}]}}