{"id":44319,"date":"2025-07-24T15:28:35","date_gmt":"2025-07-24T13:28:35","guid":{"rendered":"https:\/\/www.paysdesecrins.com\/tutti-gli-eventi-a-vallouise-pelvoux\/"},"modified":"2025-08-06T11:17:05","modified_gmt":"2025-08-06T09:17:05","slug":"tutti-gli-eventi-a-vallouise-pelvoux","status":"publish","type":"page","link":"https:\/\/www.paysdesecrins.com\/it\/tutti-gli-eventi-a-vallouise-pelvoux\/","title":{"rendered":"Tutti gli eventi a Vallouise-Pelvoux"},"content":{"rendered":"    <div class=\"alignfull wp-block-ws-library-ws-header-interne\" data-season=\"summer\">\n\t    <div class=\"header-container\">\n\t        <div class=\"group-media has-image\">\n\t            \t                <img loading=\"lazy\" decoding=\"async\" width=\"1920\" height=\"800\" src=\"https:\/\/www.paysdesecrins.com\/wp-content\/uploads\/2025\/07\/06-28-25-championnat-vtt-trial-12-1920x800.jpg\" alt=\"\" class=\"image_large_square wp-image-31321\" \/>\n\t            \t        <\/div>\n\t        <div class=\"group-content\">\n\t            <div class=\"title\">\n\t                <h1>\n\t                    Tutti gli eventi\t                    \t                        a Vallouise-Pelvoux\t                    \t                <\/h1>\n\t            <\/div>\n\t        <\/div>\n\t    <\/div>\n\t    \n<div class=\"yoast-breadcrumbs\"><span><span><a href=\"https:\/\/www.paysdesecrins.com\/it\/il-titolo-della-casa\/\">Accueil<\/a><\/span>  <span class=\"breadcrumb_last\" aria-current=\"page\">Tutti gli eventi a Vallouise-Pelvoux<\/span><\/span><\/div>\n    <\/div>\n        <div class=\"alignfull wp-block-ws-library-ws-header-interne\" data-season=\"winter\">\n\t    <div class=\"header-container\">\n\t        <div class=\"group-media has-image\">\n\t            \t                <img loading=\"lazy\" decoding=\"async\" width=\"1920\" height=\"800\" src=\"https:\/\/www.paysdesecrins.com\/wp-content\/uploads\/2025\/07\/img-4971-1920x800.jpg\" alt=\"\" class=\"image_large_square wp-image-51677\" \/>\n\t            \t        <\/div>\n\t        <div class=\"group-content\">\n\t            <div class=\"title\">\n\t                <h1>\n\t                    Tutti gli eventi\t                    \t                        a Vallouise-Pelvoux\t                    \t                <\/h1>\n\t            <\/div>\n\t        <\/div>\n\t    <\/div>\n\t    \n<div class=\"yoast-breadcrumbs\"><span><span><a href=\"https:\/\/www.paysdesecrins.com\/it\/il-titolo-della-casa\/\">Accueil<\/a><\/span>  <span class=\"breadcrumb_last\" aria-current=\"page\">Tutti gli eventi a Vallouise-Pelvoux<\/span><\/span><\/div>\n    <\/div>\n    \n<div class=\"wp-block-ws-library-ws-title aligncenter is-style-simple\"><h2><em>Attrazioni<\/em>Scandisce le tue stagioni a Vallouise-Pelvoux<\/h2><\/div>\n\n<p class=\"has-text-align-center\">Pelvoux-Vallouise offre un programma diversificato di eventi durante tutto l&#8217;anno, pensato per soddisfare i vostri desideri di incontri culturali, feste locali e grandi eventi sportivi. Consulta il calendario per selezionare quelli che scandiranno il tuo soggiorno. <\/p>\n<div id=\"listing_65b3f\" data-observer-wishlist data-attributes='listing-agenda {\"selectedSelectionIds\":[\"188961\"],\"isPaginated\":true,\"isPortrait\":false,\"isImageContain\":false,\"showCommune\":true,\"defaultImage\":\"https:\\\/\\\/www.paysdesecrins.com\\\/wp-content\\\/uploads\\\/2025\\\/06\\\/cropped-paysdesecrins.png\",\"selectedFacets\":[],\"showType\":false,\"columnsCount\":\"2-3-3\",\"showActiveFacets\":false,\"isLimited\":false,\"showDateSearch\":false,\"perPage\":12,\"season\":\"\",\"align\":\"wide\"}' class=\"ws-listing wp-block-ws-apidae-library-listing-agenda alignwide\" data-map-id=\"map_65b3f\" data-locations-id=\"locations-data_65b3f\"><div class=\"facetwp-template\"><div class=\"list-container active\"><div class=\"list-items\"><div class=\"item\" data-season=\"all-seasons\"><div class=\"card card-apidae card-agenda\"><div class=\"group-actions\"><ws-wishlist data-type=\"flag\" data-action=\"add\" data-wish-id=\"5454391\" data-wish-type=\"apidae\"><\/ws-wishlist><\/div><div class=\"group-media\"><div class=\"field-image\"><img decoding=\"async\" src=\"https:\/\/images.weserv.nl\/?url=https:\/\/static.apidae-tourisme.com\/filestore\/objets-touristiques\/images\/141\/221\/13032845-diaporama.jpg&#038;w=350&#038;h=350&#038;fit=cover&#038;output=webp&#038;q=45\" alt=\"Col r\u00e9serv\u00e9 2026: mont\u00e9e au Pr\u00e9 de Mme Carle\"\/><\/div><\/div><div class=\"group-top\"><div class=\"field-commune\">Vallouise-Pelvoux<\/div><ws-apidae-from-price data-apidae-id=\"5454391\" ><\/ws-apidae-from-price><div class=\"group-dates\"><div class=\"field-dates\">7 <span class=\"month\">Giugno<\/span><\/div><\/div><\/div><div class=\"group-content\"><div class=\"field-title\">Col r\u00e9serv\u00e9 2026: mont\u00e9e au Pr\u00e9 de Mme Carle<\/div><\/div><div class=\"field-link\" role=\"group\" aria-label=\"Lien vers le contenu\"><a href=\"https:\/\/www.paysdesecrins.com\/it\/fiche\/col-reserve-2026-montee-au-pre-de-mme-carle-4\/\" class=\"cardlink\" title=\"Lire plus : Col r\u00e9serv\u00e9 2026: mont\u00e9e au Pr\u00e9 de Mme Carle\" lang=\"it_IT\">Col r\u00e9serv\u00e9 2026: mont\u00e9e au Pr\u00e9 de Mme Carle<\/a><\/div><\/div><\/div><div class=\"item\" data-season=\"all-seasons\"><div class=\"card card-apidae card-agenda\"><div class=\"group-actions\"><ws-wishlist data-type=\"flag\" data-action=\"add\" data-wish-id=\"522637\" data-wish-type=\"apidae\"><\/ws-wishlist><\/div><div class=\"group-media\"><div class=\"field-image\"><img decoding=\"async\" src=\"https:\/\/images.weserv.nl\/?url=https:\/\/static.apidae-tourisme.com\/filestore\/objets-touristiques\/images\/165\/88\/5593253-diaporama.jpg&#038;w=350&#038;h=350&#038;fit=cover&#038;output=webp&#038;q=45\" alt=\"19\u00e8me \u00e9dition du Grand Trail des \u00c9crins\"\/><\/div><\/div><div class=\"group-top\"><div class=\"field-commune\">Vallouise-Pelvoux<\/div><ws-apidae-from-price data-apidae-id=\"522637\" ><\/ws-apidae-from-price><div class=\"group-dates\"><div class=\"field-dates\">20 <span class=\"month\">Giugno<\/span><\/div><\/div><\/div><div class=\"group-content\"><div class=\"field-title\">19\u00e8me \u00e9dition du Grand Trail des \u00c9crins<\/div><\/div><div class=\"field-link\" role=\"group\" aria-label=\"Lien vers le contenu\"><a href=\"https:\/\/www.paysdesecrins.com\/it\/fiche\/19eme-edition-du-grand-trail-des-ecrins-4\/\" class=\"cardlink\" title=\"Lire plus : 19\u00e8me \u00e9dition du Grand Trail des \u00c9crins\" lang=\"it_IT\">19\u00e8me \u00e9dition du Grand Trail des \u00c9crins<\/a><\/div><\/div><\/div><div class=\"item\" data-season=\"all-seasons\"><div class=\"card card-apidae card-agenda\"><div class=\"group-actions\"><ws-wishlist data-type=\"flag\" data-action=\"add\" data-wish-id=\"7759397\" data-wish-type=\"apidae\"><\/ws-wishlist><\/div><div class=\"group-media\"><div class=\"field-image\"><img decoding=\"async\" src=\"https:\/\/images.weserv.nl\/?url=https:\/\/static.apidae-tourisme.com\/filestore\/objets-touristiques\/images\/222\/236\/39906526-diaporama.jpg&#038;w=350&#038;h=350&#038;fit=cover&#038;output=webp&#038;q=45\" alt=\"Dessiner la montagne \u2013 stage en nature\"\/><\/div><\/div><div class=\"group-top\"><div class=\"field-commune\">Vallouise-Pelvoux<\/div><ws-apidae-from-price data-apidae-id=\"7759397\" ><\/ws-apidae-from-price><div class=\"group-dates\"><div class=\"field-dates\">Du 3 au 5 <span class=\"month\">Luglio<\/span><\/div><\/div><\/div><div class=\"group-content\"><div class=\"field-title\">Dessiner la montagne \u2013 stage en nature<\/div><\/div><div class=\"field-link\" role=\"group\" aria-label=\"Lien vers le contenu\"><a href=\"https:\/\/www.paysdesecrins.com\/it\/fiche\/dessiner-la-montagne-stage-en-nature-4\/\" class=\"cardlink\" title=\"Lire plus : Dessiner la montagne \u2013 stage en nature\" lang=\"it_IT\">Dessiner la montagne \u2013 stage en nature<\/a><\/div><\/div><\/div><div class=\"item\" data-season=\"all-seasons\"><div class=\"card card-apidae card-agenda\"><div class=\"group-actions\"><ws-wishlist data-type=\"flag\" data-action=\"add\" data-wish-id=\"6914242\" data-wish-type=\"apidae\"><\/ws-wishlist><\/div><div class=\"group-media\"><div class=\"field-image\"><img decoding=\"async\" src=\"https:\/\/images.weserv.nl\/?url=https:\/\/static.apidae-tourisme.com\/filestore\/objets-touristiques\/images\/75\/24\/41097291-diaporama.jpg&#038;w=350&#038;h=350&#038;fit=cover&#038;output=webp&#038;q=45\" alt=\"Ailefroide \u2013 3\u00e8mes rencontres autour de la montagne\"\/><\/div><\/div><div class=\"group-top\"><div class=\"field-commune\">Vallouise-Pelvoux<\/div><ws-apidae-from-price data-apidae-id=\"6914242\" ><\/ws-apidae-from-price><div class=\"group-dates\"><div class=\"field-dates\">11 <span class=\"month\">Luglio<\/span><\/div><\/div><\/div><div class=\"group-content\"><div class=\"field-title\">Ailefroide \u2013 3\u00e8mes rencontres autour de la montagne<\/div><\/div><div class=\"field-link\" role=\"group\" aria-label=\"Lien vers le contenu\"><a href=\"https:\/\/www.paysdesecrins.com\/it\/fiche\/ailefroide-3emes-rencontres-autour-de-la-montagne-4\/\" class=\"cardlink\" title=\"Lire plus : Ailefroide \u2013 3\u00e8mes rencontres autour de la montagne\" lang=\"it_IT\">Ailefroide \u2013 3\u00e8mes rencontres autour de la montagne<\/a><\/div><\/div><\/div><div class=\"item\" data-season=\"all-seasons\"><div class=\"card card-apidae card-agenda\"><div class=\"group-actions\"><ws-wishlist data-type=\"flag\" data-action=\"add\" data-wish-id=\"653979\" data-wish-type=\"apidae\"><\/ws-wishlist><\/div><div class=\"group-media\"><div class=\"field-image\"><img decoding=\"async\" src=\"https:\/\/images.weserv.nl\/?url=https:\/\/static.apidae-tourisme.com\/filestore\/objets-touristiques\/images\/255\/255\/18546687-diaporama.jpg&#038;w=350&#038;h=350&#038;fit=cover&#038;output=webp&#038;q=45\" alt=\"14 \u00e8me Festival de contes\"\/><\/div><\/div><div class=\"group-top\"><div class=\"field-commune\">Vallouise-Pelvoux<\/div><ws-apidae-from-price data-apidae-id=\"653979\" ><\/ws-apidae-from-price><div class=\"group-dates\"><div class=\"field-dates\">Du 20 au 24 <span class=\"month\">Luglio<\/span><\/div><\/div><\/div><div class=\"group-content\"><div class=\"field-title\">14 \u00e8me Festival de contes<\/div><\/div><div class=\"field-link\" role=\"group\" aria-label=\"Lien vers le contenu\"><a href=\"https:\/\/www.paysdesecrins.com\/it\/fiche\/14-eme-festival-de-contes-4\/\" class=\"cardlink\" title=\"Lire plus : 14 \u00e8me Festival de contes\" lang=\"it_IT\">14 \u00e8me Festival de contes<\/a><\/div><\/div><\/div><\/div><\/div><\/div><\/div>\n<div class=\"wp-block-ws-library-ws-share\"><span class=\"share-subtitle\">Ti \u00e8 piaciuta questa pagina?<\/span><span class=\"share-title\">Condividilo!<\/span><button class=\"ws-share-button wp-element-button\">Condividi questa pagina<\/button><\/div>\n","protected":false},"excerpt":{"rendered":"<p>Pelvoux-Vallouise offre un programma diversificato di eventi durante tutto l&#8217;anno, pensato per soddisfare i vostri desideri di incontri culturali, feste [&hellip;]<\/p>\n","protected":false},"author":4,"featured_media":31325,"parent":0,"menu_order":0,"comment_status":"closed","ping_status":"closed","template":"","meta":{"_thumbnail_id_2":0,"summer_excerpt":"","season":"","station":"","footnotes":""},"class_list":["post-44319","page","type-page","status-publish","has-post-thumbnail","hentry"],"yoast_head":"<!-- This site is optimized with the Yoast SEO plugin v27.3 - https:\/\/yoast.com\/product\/yoast-seo-wordpress\/ -->\n<title>Tutti gli eventi a Vallouise-Pelvoux - Pays des \u00c9crins - Office de Tourisme<\/title>\n<meta name=\"robots\" content=\"index, follow, max-snippet:-1, max-image-preview:large, max-video-preview:-1\" \/>\n<link rel=\"canonical\" href=\"https:\/\/www.paysdesecrins.com\/it\/tutti-gli-eventi-a-vallouise-pelvoux\/\" \/>\n<meta property=\"og:locale\" content=\"it_IT\" \/>\n<meta property=\"og:type\" content=\"article\" \/>\n<meta property=\"og:title\" content=\"Tutti gli eventi a Vallouise-Pelvoux - Pays des \u00c9crins - Office de Tourisme\" \/>\n<meta property=\"og:description\" content=\"Pelvoux-Vallouise offre un programma diversificato di eventi durante tutto l&#8217;anno, pensato per soddisfare i vostri desideri di incontri culturali, feste [&hellip;]\" \/>\n<meta property=\"og:url\" content=\"https:\/\/www.paysdesecrins.com\/it\/tutti-gli-eventi-a-vallouise-pelvoux\/\" \/>\n<meta property=\"og:site_name\" content=\"Pays des \u00c9crins - Office de Tourisme\" \/>\n<meta property=\"article:modified_time\" content=\"2025-08-06T09:17:05+00:00\" \/>\n<meta property=\"og:image\" content=\"https:\/\/www.paysdesecrins.com\/wp-content\/uploads\/2025\/07\/06-28-25-championnat-vtt-trial-12-scaled.jpg\" \/>\n\t<meta property=\"og:image:width\" content=\"2560\" \/>\n\t<meta property=\"og:image:height\" content=\"1707\" \/>\n\t<meta property=\"og:image:type\" content=\"image\/jpeg\" \/>\n<meta name=\"twitter:card\" content=\"summary_large_image\" \/>\n<script type=\"application\/ld+json\" class=\"yoast-schema-graph\">{\"@context\":\"https:\\\/\\\/schema.org\",\"@graph\":[{\"@type\":\"WebPage\",\"@id\":\"https:\\\/\\\/www.paysdesecrins.com\\\/it\\\/tutti-gli-eventi-a-vallouise-pelvoux\\\/\",\"url\":\"https:\\\/\\\/www.paysdesecrins.com\\\/it\\\/tutti-gli-eventi-a-vallouise-pelvoux\\\/\",\"name\":\"Tutti gli eventi a Vallouise-Pelvoux - Pays des \u00c9crins - Office de Tourisme\",\"isPartOf\":{\"@id\":\"https:\\\/\\\/www.paysdesecrins.com\\\/it\\\/#website\"},\"primaryImageOfPage\":{\"@id\":\"https:\\\/\\\/www.paysdesecrins.com\\\/it\\\/tutti-gli-eventi-a-vallouise-pelvoux\\\/#primaryimage\"},\"image\":{\"@id\":\"https:\\\/\\\/www.paysdesecrins.com\\\/it\\\/tutti-gli-eventi-a-vallouise-pelvoux\\\/#primaryimage\"},\"thumbnailUrl\":\"https:\\\/\\\/www.paysdesecrins.com\\\/wp-content\\\/uploads\\\/2025\\\/07\\\/06-28-25-championnat-vtt-trial-12-scaled.jpg\",\"datePublished\":\"2025-07-24T13:28:35+00:00\",\"dateModified\":\"2025-08-06T09:17:05+00:00\",\"breadcrumb\":{\"@id\":\"https:\\\/\\\/www.paysdesecrins.com\\\/it\\\/tutti-gli-eventi-a-vallouise-pelvoux\\\/#breadcrumb\"},\"inLanguage\":\"it-IT\",\"potentialAction\":[{\"@type\":\"ReadAction\",\"target\":[\"https:\\\/\\\/www.paysdesecrins.com\\\/it\\\/tutti-gli-eventi-a-vallouise-pelvoux\\\/\"]}]},{\"@type\":\"ImageObject\",\"inLanguage\":\"it-IT\",\"@id\":\"https:\\\/\\\/www.paysdesecrins.com\\\/it\\\/tutti-gli-eventi-a-vallouise-pelvoux\\\/#primaryimage\",\"url\":\"https:\\\/\\\/www.paysdesecrins.com\\\/wp-content\\\/uploads\\\/2025\\\/07\\\/06-28-25-championnat-vtt-trial-12-scaled.jpg\",\"contentUrl\":\"https:\\\/\\\/www.paysdesecrins.com\\\/wp-content\\\/uploads\\\/2025\\\/07\\\/06-28-25-championnat-vtt-trial-12-scaled.jpg\",\"width\":2560,\"height\":1707},{\"@type\":\"BreadcrumbList\",\"@id\":\"https:\\\/\\\/www.paysdesecrins.com\\\/it\\\/tutti-gli-eventi-a-vallouise-pelvoux\\\/#breadcrumb\",\"itemListElement\":[{\"@type\":\"ListItem\",\"position\":1,\"name\":\"Accueil\",\"item\":\"https:\\\/\\\/www.paysdesecrins.com\\\/it\\\/il-titolo-della-casa\\\/\"},{\"@type\":\"ListItem\",\"position\":2,\"name\":\"Tutti gli eventi a Vallouise-Pelvoux\"}]},{\"@type\":\"WebSite\",\"@id\":\"https:\\\/\\\/www.paysdesecrins.com\\\/it\\\/#website\",\"url\":\"https:\\\/\\\/www.paysdesecrins.com\\\/it\\\/\",\"name\":\"Pays des \u00c9crins - Office de Tourisme\",\"description\":\"L&#039;esprit montagne\",\"publisher\":{\"@id\":\"https:\\\/\\\/www.paysdesecrins.com\\\/it\\\/#organization\"},\"potentialAction\":[{\"@type\":\"SearchAction\",\"target\":{\"@type\":\"EntryPoint\",\"urlTemplate\":\"https:\\\/\\\/www.paysdesecrins.com\\\/it\\\/?s={search_term_string}\"},\"query-input\":{\"@type\":\"PropertyValueSpecification\",\"valueRequired\":true,\"valueName\":\"search_term_string\"}}],\"inLanguage\":\"it-IT\"},{\"@type\":\"Organization\",\"@id\":\"https:\\\/\\\/www.paysdesecrins.com\\\/it\\\/#organization\",\"name\":\"Pays des \u00c9crins - Office de Tourisme\",\"url\":\"https:\\\/\\\/www.paysdesecrins.com\\\/it\\\/\",\"logo\":{\"@type\":\"ImageObject\",\"inLanguage\":\"it-IT\",\"@id\":\"https:\\\/\\\/www.paysdesecrins.com\\\/it\\\/#\\\/schema\\\/logo\\\/image\\\/\",\"url\":\"https:\\\/\\\/www.paysdesecrins.com\\\/wp-content\\\/uploads\\\/2025\\\/06\\\/devina-svg-1750845694.svg\",\"contentUrl\":\"https:\\\/\\\/www.paysdesecrins.com\\\/wp-content\\\/uploads\\\/2025\\\/06\\\/devina-svg-1750845694.svg\",\"caption\":\"Pays des \u00c9crins - Office de Tourisme\"},\"image\":{\"@id\":\"https:\\\/\\\/www.paysdesecrins.com\\\/it\\\/#\\\/schema\\\/logo\\\/image\\\/\"}}]}<\/script>\n<!-- \/ Yoast SEO plugin. -->","yoast_head_json":{"title":"Tutti gli eventi a Vallouise-Pelvoux - Pays des \u00c9crins - Office de Tourisme","robots":{"index":"index","follow":"follow","max-snippet":"max-snippet:-1","max-image-preview":"max-image-preview:large","max-video-preview":"max-video-preview:-1"},"canonical":"https:\/\/www.paysdesecrins.com\/it\/tutti-gli-eventi-a-vallouise-pelvoux\/","og_locale":"it_IT","og_type":"article","og_title":"Tutti gli eventi a Vallouise-Pelvoux - Pays des \u00c9crins - Office de Tourisme","og_description":"Pelvoux-Vallouise offre un programma diversificato di eventi durante tutto l&#8217;anno, pensato per soddisfare i vostri desideri di incontri culturali, feste [&hellip;]","og_url":"https:\/\/www.paysdesecrins.com\/it\/tutti-gli-eventi-a-vallouise-pelvoux\/","og_site_name":"Pays des \u00c9crins - Office de Tourisme","article_modified_time":"2025-08-06T09:17:05+00:00","og_image":[{"width":2560,"height":1707,"url":"https:\/\/www.paysdesecrins.com\/wp-content\/uploads\/2025\/07\/06-28-25-championnat-vtt-trial-12-scaled.jpg","type":"image\/jpeg"}],"twitter_card":"summary_large_image","schema":{"@context":"https:\/\/schema.org","@graph":[{"@type":"WebPage","@id":"https:\/\/www.paysdesecrins.com\/it\/tutti-gli-eventi-a-vallouise-pelvoux\/","url":"https:\/\/www.paysdesecrins.com\/it\/tutti-gli-eventi-a-vallouise-pelvoux\/","name":"Tutti gli eventi a Vallouise-Pelvoux - Pays des \u00c9crins - Office de Tourisme","isPartOf":{"@id":"https:\/\/www.paysdesecrins.com\/it\/#website"},"primaryImageOfPage":{"@id":"https:\/\/www.paysdesecrins.com\/it\/tutti-gli-eventi-a-vallouise-pelvoux\/#primaryimage"},"image":{"@id":"https:\/\/www.paysdesecrins.com\/it\/tutti-gli-eventi-a-vallouise-pelvoux\/#primaryimage"},"thumbnailUrl":"https:\/\/www.paysdesecrins.com\/wp-content\/uploads\/2025\/07\/06-28-25-championnat-vtt-trial-12-scaled.jpg","datePublished":"2025-07-24T13:28:35+00:00","dateModified":"2025-08-06T09:17:05+00:00","breadcrumb":{"@id":"https:\/\/www.paysdesecrins.com\/it\/tutti-gli-eventi-a-vallouise-pelvoux\/#breadcrumb"},"inLanguage":"it-IT","potentialAction":[{"@type":"ReadAction","target":["https:\/\/www.paysdesecrins.com\/it\/tutti-gli-eventi-a-vallouise-pelvoux\/"]}]},{"@type":"ImageObject","inLanguage":"it-IT","@id":"https:\/\/www.paysdesecrins.com\/it\/tutti-gli-eventi-a-vallouise-pelvoux\/#primaryimage","url":"https:\/\/www.paysdesecrins.com\/wp-content\/uploads\/2025\/07\/06-28-25-championnat-vtt-trial-12-scaled.jpg","contentUrl":"https:\/\/www.paysdesecrins.com\/wp-content\/uploads\/2025\/07\/06-28-25-championnat-vtt-trial-12-scaled.jpg","width":2560,"height":1707},{"@type":"BreadcrumbList","@id":"https:\/\/www.paysdesecrins.com\/it\/tutti-gli-eventi-a-vallouise-pelvoux\/#breadcrumb","itemListElement":[{"@type":"ListItem","position":1,"name":"Accueil","item":"https:\/\/www.paysdesecrins.com\/it\/il-titolo-della-casa\/"},{"@type":"ListItem","position":2,"name":"Tutti gli eventi a Vallouise-Pelvoux"}]},{"@type":"WebSite","@id":"https:\/\/www.paysdesecrins.com\/it\/#website","url":"https:\/\/www.paysdesecrins.com\/it\/","name":"Pays des \u00c9crins - Office de Tourisme","description":"L&#039;esprit montagne","publisher":{"@id":"https:\/\/www.paysdesecrins.com\/it\/#organization"},"potentialAction":[{"@type":"SearchAction","target":{"@type":"EntryPoint","urlTemplate":"https:\/\/www.paysdesecrins.com\/it\/?s={search_term_string}"},"query-input":{"@type":"PropertyValueSpecification","valueRequired":true,"valueName":"search_term_string"}}],"inLanguage":"it-IT"},{"@type":"Organization","@id":"https:\/\/www.paysdesecrins.com\/it\/#organization","name":"Pays des \u00c9crins - Office de Tourisme","url":"https:\/\/www.paysdesecrins.com\/it\/","logo":{"@type":"ImageObject","inLanguage":"it-IT","@id":"https:\/\/www.paysdesecrins.com\/it\/#\/schema\/logo\/image\/","url":"https:\/\/www.paysdesecrins.com\/wp-content\/uploads\/2025\/06\/devina-svg-1750845694.svg","contentUrl":"https:\/\/www.paysdesecrins.com\/wp-content\/uploads\/2025\/06\/devina-svg-1750845694.svg","caption":"Pays des \u00c9crins - Office de Tourisme"},"image":{"@id":"https:\/\/www.paysdesecrins.com\/it\/#\/schema\/logo\/image\/"}}]}},"_links":{"self":[{"href":"https:\/\/www.paysdesecrins.com\/it\/wp-json\/wp\/v2\/pages\/44319","targetHints":{"allow":["GET"]}}],"collection":[{"href":"https:\/\/www.paysdesecrins.com\/it\/wp-json\/wp\/v2\/pages"}],"about":[{"href":"https:\/\/www.paysdesecrins.com\/it\/wp-json\/wp\/v2\/types\/page"}],"author":[{"embeddable":true,"href":"https:\/\/www.paysdesecrins.com\/it\/wp-json\/wp\/v2\/users\/4"}],"replies":[{"embeddable":true,"href":"https:\/\/www.paysdesecrins.com\/it\/wp-json\/wp\/v2\/comments?post=44319"}],"version-history":[{"count":0,"href":"https:\/\/www.paysdesecrins.com\/it\/wp-json\/wp\/v2\/pages\/44319\/revisions"}],"wp:featuredmedia":[{"embeddable":true,"href":"https:\/\/www.paysdesecrins.com\/it\/wp-json\/wp\/v2\/media\/31325"}],"wp:attachment":[{"href":"https:\/\/www.paysdesecrins.com\/it\/wp-json\/wp\/v2\/media?parent=44319"}],"curies":[{"name":"wp","href":"https:\/\/api.w.org\/{rel}","templated":true}]}}