{"id":44328,"date":"2025-07-25T10:31:22","date_gmt":"2025-07-25T08:31:22","guid":{"rendered":"https:\/\/www.paysdesecrins.com\/alla-scoperta-del-mont-pelvoux\/"},"modified":"2025-08-01T10:35:44","modified_gmt":"2025-08-01T08:35:44","slug":"alla-scoperta-del-mont-pelvoux","status":"publish","type":"page","link":"https:\/\/www.paysdesecrins.com\/it\/il-mio-desiderio-di\/montagna\/alla-scoperta-del-mont-pelvoux\/","title":{"rendered":"Alla scoperta del Mont Pelvoux"},"content":{"rendered":"    <div class=\"alignfull wp-block-ws-library-ws-header-interne\">\n\t    <div class=\"header-container\">\n\t        <div class=\"group-media has-image\">\n\t            \t                <img loading=\"lazy\" decoding=\"async\" width=\"1200\" height=\"800\" src=\"https:\/\/www.paysdesecrins.com\/wp-content\/uploads\/2025\/07\/1683901465-1268055648-1-1200x800.jpg\" alt=\"\" class=\"image_large_square wp-image-42584\" srcset=\"https:\/\/www.paysdesecrins.com\/wp-content\/uploads\/2025\/07\/1683901465-1268055648-1-1200x800.jpg 1200w, https:\/\/www.paysdesecrins.com\/wp-content\/uploads\/2025\/07\/1683901465-1268055648-1-960x640.jpg 960w\" sizes=\"auto, (max-width: 1200px) 100vw, 1200px\" \/>\n\t            \t        <\/div>\n\t        <div class=\"group-content\">\n\t            <div class=\"title\">\n\t                <h1>\n\t                    Alla scoperta del Mont Pelvoux\t                    \t                <\/h1>\n\t            <\/div>\n\t        <\/div>\n\t    <\/div>\n\t    \n<div class=\"yoast-breadcrumbs\"><span><span><a href=\"https:\/\/www.paysdesecrins.com\/it\/il-titolo-della-casa\/\">Accueil<\/a><\/span>  <span><a href=\"https:\/\/www.paysdesecrins.com\/it\/il-mio-desiderio-di\/\">Il mio desiderio di<\/a><\/span>  <span><a href=\"https:\/\/www.paysdesecrins.com\/it\/il-mio-desiderio-di\/montagna\/\">La mia voglia di montagna<\/a><\/span>  <span class=\"breadcrumb_last\" aria-current=\"page\">Alla scoperta del Mont Pelvoux<\/span><\/span><\/div>\n    <\/div>\n    \n<div class=\"wp-block-ws-library-ws-title aligncenter is-style-simple\"><h2><em>Micro-avventura<\/em>La storia di una storia epica tra amici<\/h2><\/div>\n\n<p class=\"has-text-align-center\">Siamo a <strong>Vallouise<\/strong> da quattro mesi, quindi era impensabile partire senza aver avuto a che fare con le vette pi\u00f9 mitiche della valle, con gli sci o a piedi. Il <strong>massiccio degli \u00c9crins<\/strong> \u00e8 ricco di gare superbe, cime ambite e belle creste affilate. Dopo <strong>Roche Faurio<\/strong>, il <strong>D\u00f4me des \u00c9crins<\/strong> e l&#8217;attraversamento del <strong>D\u00f4mes de Mon\u00eatier<\/strong> per la giornata, si parte per attaccare il <strong>Mont Pelvoux<\/strong>, culminato a 3943 m sul livello del mare.  <\/p>\n\n<p class=\"has-text-align-center\">Cosa c&#8217;\u00e8 di meglio che condividere questa vetta con due amici, Fred e Julie, venuti appositamente per scoprire la zona. Dopo una giornata di riscaldamento \u2013 attraversando per la giornata i D\u00f4mes de Mon\u00eatier, dal Pr\u00e9 de Madame Carle alla <strong>valle dell&#8217;Eychauda<\/strong> \u2013 abbiamo preso la strada verso <strong>Ailefroide<\/strong>. <\/p>\n\n<div class=\"wp-block-ws-library-ws-columns alignwide has-2-columns are-vertically-aligned-center layout-5050 is-style-background\">\n<div class=\"wp-block-ws-library-ws-column\"><div class=\"wrapper\">\n<div class=\"wp-block-ws-library-ws-title\"><h3>Dirigetevi verso il rifugio Pelvoux&nbsp;<\/h3><\/div>\n\n\n\n<p class=\"has-text-align-center\">Per questo primo giorno, dobbiamo raggiungere il <strong>rifugio Pelvoux<\/strong> situato su un promontorio roccioso a 2704 m di altitudine. Da qui si gode di una vista mozzafiato <strong>sulla valle del S\u00e9l\u00e9<\/strong> e sulla <strong>cresta dell&#8217;Agulier<\/strong>. Quando siamo arrivati al rifugio, abbiamo visto in lontananza il suo vicino, il rifugio S\u00e9l\u00e9, che permetteva l&#8217;accesso ad altre vette mitiche della zona, come la<strong> Pointe du S\u00e9l\u00e9<\/strong> o <strong>l&#8217;Ailefroide Orientale<\/strong>.  <\/p>\n\n\n\n<p class=\"has-text-align-center\">Dopo i 1200 m di dislivello e gli 8 km da percorrere per raggiungere il rifugio, siamo &#8220;felicissimi&#8221; di passare la serata a 7 gradi, con tutti gli spessori possibili che siamo riusciti a portare. S\u00ec, non \u00e8 ancora custodita, bisogner\u00e0 aspettare l&#8217;inizio di giugno per godere della calorosa accoglienza delle guardie. Un po&#8217; di neve in cucina per noodles e t\u00e8, \u00e8 qualcosa per riscaldarci. Fortunatamente, le buone battute ti tengono al caldo. Ore 20:00, obbligo di andare a letto, la sveglia di domani mattina prevista per le 2:45, direi stasera, non sar\u00e0 facile.    <\/p>\n<\/div><\/div>\n\n\n\n<div class=\"wp-block-ws-library-ws-column\"><div class=\"wrapper\">\n<div class=\"wp-block-ws-library-ws-image\"><div class=\"wrapper\"><div class=\"group-media\"><img decoding=\"async\" src=\"https:\/\/www.paysdesecrins.com\/wp-content\/uploads\/2025\/07\/1683900470-1977675599-853x640.jpg\" alt=\"\" class=\"single_image ws-image-42030\"><div class=\"credits\"><\/div><\/div><p class=\"caption\"><\/p><\/div><\/div>\n<\/div><\/div>\n<\/div>\n\n<div class=\"wp-block-ws-library-ws-title aligncenter\"><h3>Partenza alle 3:30&#8230;&nbsp;<\/h3><\/div>\n\n<p class=\"has-text-align-center\">&#8230; Ramponi ai piedi, lampade frontali accese, tutti legati al proprio partner, siamo in cammino verso la vetta. Le stelle e la luna illuminano il cielo e i rilievi, anche di notte, si distinguono. Ci stiamo muovendo a buon ritmo, anche con questa neve ancora molto presente a met\u00e0 maggio: grazie al regelo della notte per aver collaborato! Una volta messo piede sulla<strong> Bosse de Sialouze<\/strong>, risaliamo l&#8217;omonimo ghiacciaio fino all&#8217;ingresso del famoso canale di Coolidge. In questo momento, trovo che salire su questo canale sia un ottimo modo per arrivare in cima. In estate, quando c&#8217;\u00e8 troppo ghiaccio e per una maggiore sicurezza, la maggior parte delle cordate prende la via delle Rocce Rosse.     <\/p>\n\n<p class=\"has-text-align-center\">Ad ogni modo, nonostante la salita sul canale richieda un&#8217;attenzione particolare e un buon rampone, non ho potuto fare a meno di ammirare l&#8217;alba che si stava dispiegando alle mie spalle. Quella mattina, le tonalit\u00e0 rosa e arancioni rivelavano l&#8217;imponenza e la verticalit\u00e0 di queste pareti rocciose, ancora in gran parte ricoperte di neve, accentuando per contrasto, la leggerezza e la finezza della nebbia e delle nuvole. <\/p>\n\n<div class=\"wp-block-ws-library-ws-slider alignwide\"><div class=\"splide\" data-splide=\"{\"type\":\"slide\",\"heightRatio\":\"auto\",\"perPage\":4,\"perMove\":1,\"drag\":true,\"pagination\":0,\"autoplay\":false,\"gap\":\"2px\",\"breakpoints\":{\"450\":{\"perPage\":1},\"768\":{\"perPage\":2},\"992\":{\"perPage\":3},\"1200\":{\"perPage\":4}}}\"><div class=\"splide__track\"><div class=\"splide__list\"><div class=\"splide__slide\"><a href=\"https:\/\/www.paysdesecrins.com\/wp-content\/uploads\/2025\/07\/1683901006-1465567740-400x400.jpg\" data-glightbox=\"true\" class=\"lightbox-trigger\"><img decoding=\"async\" src=\"https:\/\/www.paysdesecrins.com\/wp-content\/uploads\/2025\/07\/1683901006-1465567740-400x400.jpg\" alt=\"\"><\/a><\/div><div class=\"splide__slide\"><a href=\"https:\/\/www.paysdesecrins.com\/wp-content\/uploads\/2025\/07\/1683901006-1726694431-400x400.jpg\" data-glightbox=\"true\" class=\"lightbox-trigger\"><img decoding=\"async\" src=\"https:\/\/www.paysdesecrins.com\/wp-content\/uploads\/2025\/07\/1683901006-1726694431-400x400.jpg\" alt=\"\"><\/a><\/div><div class=\"splide__slide\"><a href=\"https:\/\/www.paysdesecrins.com\/wp-content\/uploads\/2025\/07\/1683901006-2122765305-400x400.jpg\" data-glightbox=\"true\" class=\"lightbox-trigger\"><img decoding=\"async\" src=\"https:\/\/www.paysdesecrins.com\/wp-content\/uploads\/2025\/07\/1683901006-2122765305-400x400.jpg\" alt=\"\"><\/a><\/div><div class=\"splide__slide\"><a href=\"https:\/\/www.paysdesecrins.com\/wp-content\/uploads\/2025\/07\/1683901465-176722264-400x400.jpg\" data-glightbox=\"true\" class=\"lightbox-trigger\"><img decoding=\"async\" src=\"https:\/\/www.paysdesecrins.com\/wp-content\/uploads\/2025\/07\/1683901465-176722264-400x400.jpg\" alt=\"\"><\/a><\/div><\/div><\/div><\/div><\/div>\n\n<div class=\"wp-block-ws-library-ws-columns alignwide has-2-columns are-vertically-aligned-center layout-5050 is-style-background\">\n<div class=\"wp-block-ws-library-ws-column\"><div class=\"wrapper\">\n<div class=\"wp-block-ws-library-ws-title\"><h3>Mont Pelvoux al mattino presto<\/h3><\/div>\n\n\n\n<p class=\"has-text-align-center\">Fare il binario nel corridoio \u00e8 un piacere, non sento alcuna fatica. Alla fine di esso, un nuovo panorama appare da Pointe Puiseux. Ancora qualche metro fino alla cima rocciosa e il gioco \u00e8 fatto, ci siamo! Sopra le nuvole, ci godiamo il sole di questa mattina presto e la vista sul <strong>Glacier des Violettes<\/strong>, il <strong>Glacier Noir<\/strong>, il Pic Cooldige, la <strong>Barre des \u00c9crins<\/strong> e tutte le vette della zona. Noi quattro siamo riuniti in cima, ci godiamo l&#8217;attimo, sospesi nel tempo.    <\/p>\n<\/div><\/div>\n\n\n\n<div class=\"wp-block-ws-library-ws-column\"><div class=\"wrapper\">\n<div class=\"wp-block-ws-library-ws-image\"><div class=\"wrapper\"><div class=\"group-media\"><img decoding=\"async\" src=\"https:\/\/www.paysdesecrins.com\/wp-content\/uploads\/2025\/07\/1683902040-1550715631-480x640.jpg\" alt=\"\" class=\"single_image ws-image-42075\"><div class=\"credits\"><\/div><\/div><p class=\"caption\"><\/p><\/div><\/div>\n<\/div><\/div>\n<\/div>\n\n<div class=\"wp-block-ws-library-ws-title aligncenter\"><h3>\u00c8 ora di scendere&#8230;<\/h3><\/div>\n\n<p class=\"has-text-align-center\">&#8230; per lo stesso percorso della salita per motivi di sicurezza: attraversare il Glacier des Violettes era rischioso, perch\u00e9 le soste situate su di esso per effettuare le doppie potevano potenzialmente essere coperte di neve in questo periodo dell&#8217;anno.<\/p>\n\n<p>Quanto \u00e8 lunga questa discesa rispetto alla salita notturna&#8230; 2h30 dopo, siamo di nuovo al rifugio, dove facciamo una breve pausa pranzo. Tutto quello che dobbiamo fare \u00e8 raggiungere il parcheggio situato ad Ailefroide. Durante questi due giorni, abbiamo incontrato solo camosci, felici di trovare la mitezza della primavera, e le loro compagne, le marmotte, guardiane della montagna.  <\/p>\n\n<p class=\"has-text-align-center\">Penso che sia per questo che mi piace stare in montagna, per la solitudine e il superamento di me stesso! In ogni caso, \u00e8 molto stanco, ma contenti di questi due bellissimi giorni passati insieme, che concludiamo il weekend.   <\/p>\n\n<div class=\"wp-block-ws-library-ws-slider alignwide\"><div class=\"splide\" data-splide=\"{\"type\":\"slide\",\"heightRatio\":\"auto\",\"perPage\":4,\"perMove\":1,\"drag\":true,\"pagination\":0,\"autoplay\":false,\"gap\":\"2px\",\"breakpoints\":{\"450\":{\"perPage\":1},\"768\":{\"perPage\":2},\"992\":{\"perPage\":3},\"1200\":{\"perPage\":4}}}\"><div class=\"splide__track\"><div class=\"splide__list\"><div class=\"splide__slide\"><a href=\"https:\/\/www.paysdesecrins.com\/wp-content\/uploads\/2025\/07\/1683902361-197356823-400x400.jpg\" data-glightbox=\"true\" class=\"lightbox-trigger\"><img decoding=\"async\" src=\"https:\/\/www.paysdesecrins.com\/wp-content\/uploads\/2025\/07\/1683902361-197356823-400x400.jpg\" alt=\"\"><\/a><\/div><div class=\"splide__slide\"><a href=\"https:\/\/www.paysdesecrins.com\/wp-content\/uploads\/2025\/07\/1683902361-288093232-400x400.jpg\" data-glightbox=\"true\" class=\"lightbox-trigger\"><img decoding=\"async\" src=\"https:\/\/www.paysdesecrins.com\/wp-content\/uploads\/2025\/07\/1683902361-288093232-400x400.jpg\" alt=\"\"><\/a><\/div><div class=\"splide__slide\"><a href=\"https:\/\/www.paysdesecrins.com\/wp-content\/uploads\/2025\/07\/1683902361-642795080-400x400.jpg\" data-glightbox=\"true\" class=\"lightbox-trigger\"><img decoding=\"async\" src=\"https:\/\/www.paysdesecrins.com\/wp-content\/uploads\/2025\/07\/1683902361-642795080-400x400.jpg\" alt=\"\"><\/a><\/div><\/div><\/div><\/div><\/div>\n\n<p><em>Margaux Claude, Stagista GEOTREK<\/em><\/p>\n\n<div class=\"wp-block-ws-library-ws-share\"><span class=\"share-subtitle\">Ti \u00e8 piaciuta questa pagina?<\/span><span class=\"share-title\">Condividilo!<\/span><button class=\"ws-share-button wp-element-button\">Condividi questa pagina<\/button><\/div>\n","protected":false},"excerpt":{"rendered":"<p>Siamo a Vallouise da quattro mesi, quindi era impensabile partire senza aver avuto a che fare con le vette pi\u00f9 [&hellip;]<\/p>\n","protected":false},"author":9,"featured_media":42039,"parent":44576,"menu_order":0,"comment_status":"closed","ping_status":"closed","template":"","meta":{"_thumbnail_id_2":0,"summer_excerpt":"","season":"","station":"","footnotes":""},"class_list":["post-44328","page","type-page","status-publish","has-post-thumbnail","hentry"],"yoast_head":"<!-- This site is optimized with the Yoast SEO plugin v27.3 - https:\/\/yoast.com\/product\/yoast-seo-wordpress\/ -->\n<title>Alla scoperta del Mont Pelvoux - Pays des \u00c9crins - Office de Tourisme<\/title>\n<meta name=\"robots\" content=\"index, follow, max-snippet:-1, max-image-preview:large, max-video-preview:-1\" \/>\n<link rel=\"canonical\" href=\"https:\/\/www.paysdesecrins.com\/it\/il-mio-desiderio-di\/montagna\/alla-scoperta-del-mont-pelvoux\/\" \/>\n<meta property=\"og:locale\" content=\"it_IT\" \/>\n<meta property=\"og:type\" content=\"article\" \/>\n<meta property=\"og:title\" content=\"Alla scoperta del Mont Pelvoux - Pays des \u00c9crins - Office de Tourisme\" \/>\n<meta property=\"og:description\" content=\"Siamo a Vallouise da quattro mesi, quindi era impensabile partire senza aver avuto a che fare con le vette pi\u00f9 [&hellip;]\" \/>\n<meta property=\"og:url\" content=\"https:\/\/www.paysdesecrins.com\/it\/il-mio-desiderio-di\/montagna\/alla-scoperta-del-mont-pelvoux\/\" \/>\n<meta property=\"og:site_name\" content=\"Pays des \u00c9crins - Office de Tourisme\" \/>\n<meta property=\"article:modified_time\" content=\"2025-08-01T08:35:44+00:00\" \/>\n<meta property=\"og:image\" content=\"https:\/\/www.paysdesecrins.com\/wp-content\/uploads\/2025\/07\/et-si-nous-allions-rencontrer-le-mont-pelvoux-1683900006.jpg\" \/>\n\t<meta property=\"og:image:width\" content=\"1920\" \/>\n\t<meta property=\"og:image:height\" content=\"480\" \/>\n\t<meta property=\"og:image:type\" content=\"image\/jpeg\" \/>\n<meta name=\"twitter:card\" content=\"summary_large_image\" \/>\n<meta name=\"twitter:label1\" content=\"Tempo di lettura stimato\" \/>\n\t<meta name=\"twitter:data1\" content=\"4 minuti\" \/>\n<script type=\"application\/ld+json\" class=\"yoast-schema-graph\">{\"@context\":\"https:\\\/\\\/schema.org\",\"@graph\":[{\"@type\":\"WebPage\",\"@id\":\"https:\\\/\\\/www.paysdesecrins.com\\\/it\\\/il-mio-desiderio-di\\\/montagna\\\/alla-scoperta-del-mont-pelvoux\\\/\",\"url\":\"https:\\\/\\\/www.paysdesecrins.com\\\/it\\\/il-mio-desiderio-di\\\/montagna\\\/alla-scoperta-del-mont-pelvoux\\\/\",\"name\":\"Alla scoperta del Mont Pelvoux - Pays des \u00c9crins - Office de Tourisme\",\"isPartOf\":{\"@id\":\"https:\\\/\\\/www.paysdesecrins.com\\\/it\\\/#website\"},\"primaryImageOfPage\":{\"@id\":\"https:\\\/\\\/www.paysdesecrins.com\\\/it\\\/il-mio-desiderio-di\\\/montagna\\\/alla-scoperta-del-mont-pelvoux\\\/#primaryimage\"},\"image\":{\"@id\":\"https:\\\/\\\/www.paysdesecrins.com\\\/it\\\/il-mio-desiderio-di\\\/montagna\\\/alla-scoperta-del-mont-pelvoux\\\/#primaryimage\"},\"thumbnailUrl\":\"https:\\\/\\\/www.paysdesecrins.com\\\/wp-content\\\/uploads\\\/2025\\\/07\\\/et-si-nous-allions-rencontrer-le-mont-pelvoux-1683900006.jpg\",\"datePublished\":\"2025-07-25T08:31:22+00:00\",\"dateModified\":\"2025-08-01T08:35:44+00:00\",\"breadcrumb\":{\"@id\":\"https:\\\/\\\/www.paysdesecrins.com\\\/it\\\/il-mio-desiderio-di\\\/montagna\\\/alla-scoperta-del-mont-pelvoux\\\/#breadcrumb\"},\"inLanguage\":\"it-IT\",\"potentialAction\":[{\"@type\":\"ReadAction\",\"target\":[\"https:\\\/\\\/www.paysdesecrins.com\\\/it\\\/il-mio-desiderio-di\\\/montagna\\\/alla-scoperta-del-mont-pelvoux\\\/\"]}]},{\"@type\":\"ImageObject\",\"inLanguage\":\"it-IT\",\"@id\":\"https:\\\/\\\/www.paysdesecrins.com\\\/it\\\/il-mio-desiderio-di\\\/montagna\\\/alla-scoperta-del-mont-pelvoux\\\/#primaryimage\",\"url\":\"https:\\\/\\\/www.paysdesecrins.com\\\/wp-content\\\/uploads\\\/2025\\\/07\\\/et-si-nous-allions-rencontrer-le-mont-pelvoux-1683900006.jpg\",\"contentUrl\":\"https:\\\/\\\/www.paysdesecrins.com\\\/wp-content\\\/uploads\\\/2025\\\/07\\\/et-si-nous-allions-rencontrer-le-mont-pelvoux-1683900006.jpg\",\"width\":1920,\"height\":480},{\"@type\":\"BreadcrumbList\",\"@id\":\"https:\\\/\\\/www.paysdesecrins.com\\\/it\\\/il-mio-desiderio-di\\\/montagna\\\/alla-scoperta-del-mont-pelvoux\\\/#breadcrumb\",\"itemListElement\":[{\"@type\":\"ListItem\",\"position\":1,\"name\":\"Accueil\",\"item\":\"https:\\\/\\\/www.paysdesecrins.com\\\/it\\\/il-titolo-della-casa\\\/\"},{\"@type\":\"ListItem\",\"position\":2,\"name\":\"Il mio desiderio di\",\"item\":\"https:\\\/\\\/www.paysdesecrins.com\\\/it\\\/il-mio-desiderio-di\\\/\"},{\"@type\":\"ListItem\",\"position\":3,\"name\":\"La mia voglia di montagna\",\"item\":\"https:\\\/\\\/www.paysdesecrins.com\\\/it\\\/il-mio-desiderio-di\\\/montagna\\\/\"},{\"@type\":\"ListItem\",\"position\":4,\"name\":\"Alla scoperta del Mont Pelvoux\"}]},{\"@type\":\"WebSite\",\"@id\":\"https:\\\/\\\/www.paysdesecrins.com\\\/it\\\/#website\",\"url\":\"https:\\\/\\\/www.paysdesecrins.com\\\/it\\\/\",\"name\":\"Pays des \u00c9crins - Office de Tourisme\",\"description\":\"L&#039;esprit montagne\",\"publisher\":{\"@id\":\"https:\\\/\\\/www.paysdesecrins.com\\\/it\\\/#organization\"},\"potentialAction\":[{\"@type\":\"SearchAction\",\"target\":{\"@type\":\"EntryPoint\",\"urlTemplate\":\"https:\\\/\\\/www.paysdesecrins.com\\\/it\\\/?s={search_term_string}\"},\"query-input\":{\"@type\":\"PropertyValueSpecification\",\"valueRequired\":true,\"valueName\":\"search_term_string\"}}],\"inLanguage\":\"it-IT\"},{\"@type\":\"Organization\",\"@id\":\"https:\\\/\\\/www.paysdesecrins.com\\\/it\\\/#organization\",\"name\":\"Pays des \u00c9crins - Office de Tourisme\",\"url\":\"https:\\\/\\\/www.paysdesecrins.com\\\/it\\\/\",\"logo\":{\"@type\":\"ImageObject\",\"inLanguage\":\"it-IT\",\"@id\":\"https:\\\/\\\/www.paysdesecrins.com\\\/it\\\/#\\\/schema\\\/logo\\\/image\\\/\",\"url\":\"https:\\\/\\\/www.paysdesecrins.com\\\/wp-content\\\/uploads\\\/2025\\\/06\\\/devina-svg-1750845694.svg\",\"contentUrl\":\"https:\\\/\\\/www.paysdesecrins.com\\\/wp-content\\\/uploads\\\/2025\\\/06\\\/devina-svg-1750845694.svg\",\"caption\":\"Pays des \u00c9crins - Office de Tourisme\"},\"image\":{\"@id\":\"https:\\\/\\\/www.paysdesecrins.com\\\/it\\\/#\\\/schema\\\/logo\\\/image\\\/\"}}]}<\/script>\n<!-- \/ Yoast SEO plugin. -->","yoast_head_json":{"title":"Alla scoperta del Mont Pelvoux - Pays des \u00c9crins - Office de Tourisme","robots":{"index":"index","follow":"follow","max-snippet":"max-snippet:-1","max-image-preview":"max-image-preview:large","max-video-preview":"max-video-preview:-1"},"canonical":"https:\/\/www.paysdesecrins.com\/it\/il-mio-desiderio-di\/montagna\/alla-scoperta-del-mont-pelvoux\/","og_locale":"it_IT","og_type":"article","og_title":"Alla scoperta del Mont Pelvoux - Pays des \u00c9crins - Office de Tourisme","og_description":"Siamo a Vallouise da quattro mesi, quindi era impensabile partire senza aver avuto a che fare con le vette pi\u00f9 [&hellip;]","og_url":"https:\/\/www.paysdesecrins.com\/it\/il-mio-desiderio-di\/montagna\/alla-scoperta-del-mont-pelvoux\/","og_site_name":"Pays des \u00c9crins - Office de Tourisme","article_modified_time":"2025-08-01T08:35:44+00:00","og_image":[{"width":1920,"height":480,"url":"https:\/\/www.paysdesecrins.com\/wp-content\/uploads\/2025\/07\/et-si-nous-allions-rencontrer-le-mont-pelvoux-1683900006.jpg","type":"image\/jpeg"}],"twitter_card":"summary_large_image","twitter_misc":{"Tempo di lettura stimato":"4 minuti"},"schema":{"@context":"https:\/\/schema.org","@graph":[{"@type":"WebPage","@id":"https:\/\/www.paysdesecrins.com\/it\/il-mio-desiderio-di\/montagna\/alla-scoperta-del-mont-pelvoux\/","url":"https:\/\/www.paysdesecrins.com\/it\/il-mio-desiderio-di\/montagna\/alla-scoperta-del-mont-pelvoux\/","name":"Alla scoperta del Mont Pelvoux - Pays des \u00c9crins - Office de Tourisme","isPartOf":{"@id":"https:\/\/www.paysdesecrins.com\/it\/#website"},"primaryImageOfPage":{"@id":"https:\/\/www.paysdesecrins.com\/it\/il-mio-desiderio-di\/montagna\/alla-scoperta-del-mont-pelvoux\/#primaryimage"},"image":{"@id":"https:\/\/www.paysdesecrins.com\/it\/il-mio-desiderio-di\/montagna\/alla-scoperta-del-mont-pelvoux\/#primaryimage"},"thumbnailUrl":"https:\/\/www.paysdesecrins.com\/wp-content\/uploads\/2025\/07\/et-si-nous-allions-rencontrer-le-mont-pelvoux-1683900006.jpg","datePublished":"2025-07-25T08:31:22+00:00","dateModified":"2025-08-01T08:35:44+00:00","breadcrumb":{"@id":"https:\/\/www.paysdesecrins.com\/it\/il-mio-desiderio-di\/montagna\/alla-scoperta-del-mont-pelvoux\/#breadcrumb"},"inLanguage":"it-IT","potentialAction":[{"@type":"ReadAction","target":["https:\/\/www.paysdesecrins.com\/it\/il-mio-desiderio-di\/montagna\/alla-scoperta-del-mont-pelvoux\/"]}]},{"@type":"ImageObject","inLanguage":"it-IT","@id":"https:\/\/www.paysdesecrins.com\/it\/il-mio-desiderio-di\/montagna\/alla-scoperta-del-mont-pelvoux\/#primaryimage","url":"https:\/\/www.paysdesecrins.com\/wp-content\/uploads\/2025\/07\/et-si-nous-allions-rencontrer-le-mont-pelvoux-1683900006.jpg","contentUrl":"https:\/\/www.paysdesecrins.com\/wp-content\/uploads\/2025\/07\/et-si-nous-allions-rencontrer-le-mont-pelvoux-1683900006.jpg","width":1920,"height":480},{"@type":"BreadcrumbList","@id":"https:\/\/www.paysdesecrins.com\/it\/il-mio-desiderio-di\/montagna\/alla-scoperta-del-mont-pelvoux\/#breadcrumb","itemListElement":[{"@type":"ListItem","position":1,"name":"Accueil","item":"https:\/\/www.paysdesecrins.com\/it\/il-titolo-della-casa\/"},{"@type":"ListItem","position":2,"name":"Il mio desiderio di","item":"https:\/\/www.paysdesecrins.com\/it\/il-mio-desiderio-di\/"},{"@type":"ListItem","position":3,"name":"La mia voglia di montagna","item":"https:\/\/www.paysdesecrins.com\/it\/il-mio-desiderio-di\/montagna\/"},{"@type":"ListItem","position":4,"name":"Alla scoperta del Mont Pelvoux"}]},{"@type":"WebSite","@id":"https:\/\/www.paysdesecrins.com\/it\/#website","url":"https:\/\/www.paysdesecrins.com\/it\/","name":"Pays des \u00c9crins - Office de Tourisme","description":"L&#039;esprit montagne","publisher":{"@id":"https:\/\/www.paysdesecrins.com\/it\/#organization"},"potentialAction":[{"@type":"SearchAction","target":{"@type":"EntryPoint","urlTemplate":"https:\/\/www.paysdesecrins.com\/it\/?s={search_term_string}"},"query-input":{"@type":"PropertyValueSpecification","valueRequired":true,"valueName":"search_term_string"}}],"inLanguage":"it-IT"},{"@type":"Organization","@id":"https:\/\/www.paysdesecrins.com\/it\/#organization","name":"Pays des \u00c9crins - Office de Tourisme","url":"https:\/\/www.paysdesecrins.com\/it\/","logo":{"@type":"ImageObject","inLanguage":"it-IT","@id":"https:\/\/www.paysdesecrins.com\/it\/#\/schema\/logo\/image\/","url":"https:\/\/www.paysdesecrins.com\/wp-content\/uploads\/2025\/06\/devina-svg-1750845694.svg","contentUrl":"https:\/\/www.paysdesecrins.com\/wp-content\/uploads\/2025\/06\/devina-svg-1750845694.svg","caption":"Pays des \u00c9crins - Office de Tourisme"},"image":{"@id":"https:\/\/www.paysdesecrins.com\/it\/#\/schema\/logo\/image\/"}}]}},"_links":{"self":[{"href":"https:\/\/www.paysdesecrins.com\/it\/wp-json\/wp\/v2\/pages\/44328","targetHints":{"allow":["GET"]}}],"collection":[{"href":"https:\/\/www.paysdesecrins.com\/it\/wp-json\/wp\/v2\/pages"}],"about":[{"href":"https:\/\/www.paysdesecrins.com\/it\/wp-json\/wp\/v2\/types\/page"}],"author":[{"embeddable":true,"href":"https:\/\/www.paysdesecrins.com\/it\/wp-json\/wp\/v2\/users\/9"}],"replies":[{"embeddable":true,"href":"https:\/\/www.paysdesecrins.com\/it\/wp-json\/wp\/v2\/comments?post=44328"}],"version-history":[{"count":0,"href":"https:\/\/www.paysdesecrins.com\/it\/wp-json\/wp\/v2\/pages\/44328\/revisions"}],"up":[{"embeddable":true,"href":"https:\/\/www.paysdesecrins.com\/it\/wp-json\/wp\/v2\/pages\/44576"}],"wp:featuredmedia":[{"embeddable":true,"href":"https:\/\/www.paysdesecrins.com\/it\/wp-json\/wp\/v2\/media\/42039"}],"wp:attachment":[{"href":"https:\/\/www.paysdesecrins.com\/it\/wp-json\/wp\/v2\/media?parent=44328"}],"curies":[{"name":"wp","href":"https:\/\/api.w.org\/{rel}","templated":true}]}}