{"id":44503,"date":"2025-06-25T15:44:51","date_gmt":"2025-06-25T13:44:51","guid":{"rendered":"https:\/\/www.paysdesecrins.com\/tutti-gli-alloggi-3\/"},"modified":"2025-08-13T16:07:12","modified_gmt":"2025-08-13T14:07:12","slug":"tutti-gli-alloggi-3","status":"publish","type":"page","link":"https:\/\/www.paysdesecrins.com\/it\/il-mio-resort-il-mio-villaggio\/puy-saint-vincent\/tutti-gli-alloggi-3\/","title":{"rendered":"Puy Saint Vincent: tutti gli alloggi"},"content":{"rendered":"    <div class=\"alignfull wp-block-ws-library-ws-header-interne\" data-season=\"summer\">\n\t    <div class=\"header-container\">\n\t        <div class=\"group-media has-image\">\n\t            \t                <img loading=\"lazy\" decoding=\"async\" width=\"1600\" height=\"800\" src=\"https:\/\/www.paysdesecrins.com\/wp-content\/uploads\/2025\/07\/07-15-25-maison-du-miel-75-1600x800.jpg\" alt=\"\" class=\"image_large_square wp-image-42590\" \/>\n\t            \t        <\/div>\n\t        <div class=\"group-content\">\n\t            <div class=\"title\">\n\t                <h1>\n\t                    Tutti gli alloggi\t                    \t                        a Puy Saint Vincent\t                    \t                <\/h1>\n\t            <\/div>\n\t        <\/div>\n\t    <\/div>\n\t    \n<div class=\"yoast-breadcrumbs\"><span><span><a href=\"https:\/\/www.paysdesecrins.com\/it\/il-titolo-della-casa\/\">Accueil<\/a><\/span>  <span><a href=\"https:\/\/www.paysdesecrins.com\/it\/ma-station-mon-village\/\">Il mio resort, il mio villaggio<\/a><\/span>  <span><a href=\"https:\/\/www.paysdesecrins.com\/it\/il-mio-resort-il-mio-villaggio\/puy-saint-vincent\/\">Puy-Saint-Vincent<\/a><\/span>  <span class=\"breadcrumb_last\" aria-current=\"page\">Puy Saint Vincent: tutti gli alloggi<\/span><\/span><\/div>\n    <\/div>\n        <div class=\"alignfull wp-block-ws-library-ws-header-interne\" data-season=\"winter\">\n\t    <div class=\"header-container\">\n\t        <div class=\"group-media has-image\">\n\t            \t                <img loading=\"lazy\" decoding=\"async\" width=\"1920\" height=\"800\" src=\"https:\/\/www.paysdesecrins.com\/wp-content\/uploads\/2025\/08\/premie-res-neiges-puy-saint-vincent-31-1920x800.jpg\" alt=\"\" class=\"image_large_square wp-image-75101\" \/>\n\t            \t        <\/div>\n\t        <div class=\"group-content\">\n\t            <div class=\"title\">\n\t                <h1>\n\t                    Tutti gli alloggi\t                    \t                <\/h1>\n\t            <\/div>\n\t        <\/div>\n\t    <\/div>\n\t    \n<div class=\"yoast-breadcrumbs\"><span><span><a href=\"https:\/\/www.paysdesecrins.com\/it\/il-titolo-della-casa\/\">Accueil<\/a><\/span>  <span><a href=\"https:\/\/www.paysdesecrins.com\/it\/ma-station-mon-village\/\">Il mio resort, il mio villaggio<\/a><\/span>  <span><a href=\"https:\/\/www.paysdesecrins.com\/it\/il-mio-resort-il-mio-villaggio\/puy-saint-vincent\/\">Puy-Saint-Vincent<\/a><\/span>  <span class=\"breadcrumb_last\" aria-current=\"page\">Puy Saint Vincent: tutti gli alloggi<\/span><\/span><\/div>\n    <\/div>\n    \n<div class=\"wp-block-ws-library-ws-title aligncenter is-style-simple\"><h2><em>Scegli la tua sistemazione ideale<\/em> a Puy Saint Vincent<\/h2><\/div>\n\n<p class=\"has-text-align-center\">Usa il filtro qui sotto per scegliere il tipo di alloggio che render\u00e0 il tuo prossimo soggiorno la vacanza perfetta! Vuoi confrontare pi\u00f9 opzioni? Puoi anche sfogliare tutte le strutture ricettive in tutto il Pays des \u00c9crins. <\/p>\n\n<div class=\"wp-block-ws-library-ws-button has-text-align-center\"><a href=\"https:\/\/www.paysdesecrins.com\/it\/scelgo\/alloggi-e-ristoranti\/alloggio\/\" class=\"wp-block-button__link wp-element-button btn\">  Scopri Tutti gli alloggi nei Paesi dei Conti<\/a><\/div>\n<div id=\"listing_6110c\" data-observer-wishlist data-attributes='listing-avance {\"selectedSelectionIds\":[\"188525\"],\"selectedFacets\":[\"type_hebergement\",\"capacit\",\"dates\",\"equipement\",\"classement\"],\"showMap\":true,\"showGeolocalisation\":true,\"perPage\":6,\"isPortrait\":false,\"isImageContain\":false,\"showCommune\":true,\"defaultImage\":\"https:\\\/\\\/www.paysdesecrins.com\\\/wp-content\\\/uploads\\\/2025\\\/06\\\/cropped-paysdesecrins.png\",\"sortOrder\":\"random\",\"showType\":false,\"columnsCount\":\"2-3-3\",\"showActiveFacets\":false,\"isLimited\":false,\"isPaginated\":false,\"season\":\"\",\"align\":\"wide\"}' class=\"ws-listing wp-block-ws-apidae-library-listing-avance alignwide\" data-map-id=\"map_6110c\" data-locations-id=\"locations-data_6110c\"><div class=\"panel-fixe panel-facets\"><div class=\"panel-overlay toggle-facets\"><\/div><div class=\"panel-inner\"><div class=\"panel-header\"><div class=\"panel-title\">Filtri<\/div><a href=\"#\" class=\"panel-close toggle-facets\">Chiudere<\/a><\/div><div class=\"panel-content\"><div class=\"group-summary\"><div class=\"facetwp-selections\"><\/div><a href=\"#\" class=\"link-reset\">Cancellare<\/a><\/div><div class=\"facetwp-facet facetwp-facet-type_hebergement facetwp-type-checkboxes\" data-name=\"type_hebergement\" data-type=\"checkboxes\"><\/div><div class=\"facetwp-facet facetwp-facet-capacit facetwp-type-slider\" data-name=\"capacit\" data-type=\"slider\"><\/div><div class=\"facetwp-facet facetwp-facet-dates facetwp-type-date_range\" data-name=\"dates\" data-type=\"date_range\"><\/div><div class=\"facetwp-facet facetwp-facet-equipement facetwp-type-checkboxes\" data-name=\"equipement\" data-type=\"checkboxes\"><\/div><div class=\"facetwp-facet facetwp-facet-classement facetwp-type-rating\" data-name=\"classement\" data-type=\"rating\"><\/div><\/div><div class=\"panel-footer\"><div class=\"facet-buttons\"><button type=\"submit\" class=\"btn btn-1 toggle-facets facetwp-count-btn\">Vedi tutto <span class=\"results-count\"><\/span> risultati<\/button><\/div><\/div><\/div><\/div><div class=\"listing-header\"><div class=\"toggle-container\"><button class=\"btn toggle-btn toggle-list\" data-target=\"list\">Lista<\/button><button class=\"btn toggle-btn toggle-map\" data-target=\"map\">Mappa<\/button><button class=\"btn toggle-btn toggle-facets\" data-target=\"facets\">Filtri<\/button><label class=\"btn toggle-btn toggle-geoloc geoloc-toggle-wrapper has-tooltip\" data-title=\"Vicino a me\"><input type=\"checkbox\" id=\"geoloc-toggle\" class=\"geoloc-toggle\" \/><span>Vicino a me<\/span><\/label><button class=\"btn toggle-btn toggle-fulllist\" data-target=\"fulllist\" data-reverse=\"Visualizza mappa\">Nascondi la mappa<\/button><\/div><\/div><div class=\"facetwp-template\"><div class=\"list-container active\"><div class=\"list-items\"><div class=\"item\" data-season=\"all-seasons\"><div class=\"card card-apidae card-avance\"><div class=\"group-actions\"><ws-wishlist data-type=\"flag\" data-action=\"add\" data-wish-id=\"4851740\" data-wish-type=\"apidae\"><\/ws-wishlist><\/div><div class=\"group-media\"><div class=\"field-image\"><img decoding=\"async\" src=\"https:\/\/images.weserv.nl\/?url=https:\/\/www.paysdesecrins.com\/wp-content\/uploads\/2025\/06\/cropped-paysdesecrins.png&#038;w=350&#038;h=350&#038;fit=cover&#038;output=webp&#038;q=45\" alt=\"Mange Thierry\"\/><\/div><\/div><div class=\"group-top\"><div class=\"field-commune\">Puy-Saint-Vincent<\/div><ws-apidae-from-price data-apidae-id=\"4851740\" ><\/ws-apidae-from-price><\/div><div class=\"group-content\"><div class=\"field-title\">Mange Thierry<\/div><\/div><div class=\"field-link\" role=\"group\" aria-label=\"Lien vers le contenu\"><a href=\"https:\/\/www.paysdesecrins.com\/it\/fiche\/mange-thierry-4\/\" class=\"cardlink\" title=\"Lire plus : Mange Thierry\" lang=\"it_IT\">Mange Thierry<\/a><\/div><\/div><\/div><div class=\"item\" data-season=\"all-seasons\"><div class=\"card card-apidae card-avance\"><div class=\"group-actions\"><ws-wishlist data-type=\"flag\" data-action=\"add\" data-wish-id=\"5058335\" data-wish-type=\"apidae\"><\/ws-wishlist><\/div><div class=\"group-media\"><div class=\"field-image\"><img decoding=\"async\" src=\"https:\/\/images.weserv.nl\/?url=https:\/\/www.paysdesecrins.com\/wp-content\/uploads\/2025\/06\/cropped-paysdesecrins.png&#038;w=350&#038;h=350&#038;fit=cover&#038;output=webp&#038;q=45\" alt=\"Gallas Philippe\"\/><\/div><\/div><div class=\"group-top\"><div class=\"field-commune\">Puy-Saint-Vincent<\/div><ws-apidae-from-price data-apidae-id=\"5058335\" ><\/ws-apidae-from-price><\/div><div class=\"group-content\"><div class=\"field-title\">Gallas Philippe<\/div><\/div><div class=\"field-link\" role=\"group\" aria-label=\"Lien vers le contenu\"><a href=\"https:\/\/www.paysdesecrins.com\/it\/fiche\/gallas-philippe-4\/\" class=\"cardlink\" title=\"Lire plus : Gallas Philippe\" lang=\"it_IT\">Gallas Philippe<\/a><\/div><\/div><\/div><div class=\"item\" data-season=\"all-seasons\"><div class=\"card card-apidae card-avance\"><div class=\"group-actions\"><ws-wishlist data-type=\"flag\" data-action=\"add\" data-wish-id=\"226322\" data-wish-type=\"apidae\"><\/ws-wishlist><\/div><div class=\"group-media\"><div class=\"field-image\"><img decoding=\"async\" src=\"https:\/\/images.weserv.nl\/?url=https:\/\/static.apidae-tourisme.com\/filestore\/objets-touristiques\/images\/35\/61\/8863011-diaporama.png&#038;w=350&#038;h=350&#038;fit=cover&#038;output=webp&#038;q=45\" alt=\"Cimes et neige (Cime e neve)\"\/><\/div><\/div><div class=\"group-top\"><div class=\"field-commune\">Puy-Saint-Vincent<\/div><ws-apidae-from-price data-apidae-id=\"226322\" ><\/ws-apidae-from-price><\/div><div class=\"group-content\"><div class=\"field-title\">Cimes et neige (Cime e neve)<\/div><\/div><div class=\"field-link\" role=\"group\" aria-label=\"Lien vers le contenu\"><a href=\"https:\/\/www.paysdesecrins.com\/it\/fiche\/cimes-et-neige-cime-e-neve\/\" class=\"cardlink\" title=\"Lire plus : Cimes et neige (Cime e neve)\" lang=\"it_IT\">Cimes et neige (Cime e neve)<\/a><\/div><\/div><\/div><div class=\"item\" data-season=\"all-seasons\"><div class=\"card card-apidae card-avance\"><div class=\"group-actions\"><ws-wishlist data-type=\"flag\" data-action=\"add\" data-wish-id=\"226455\" data-wish-type=\"apidae\"><\/ws-wishlist><\/div><div class=\"group-media\"><div class=\"field-image\"><img decoding=\"async\" src=\"https:\/\/images.weserv.nl\/?url=https:\/\/static.apidae-tourisme.com\/filestore\/objets-touristiques\/images\/228\/186\/6666980-diaporama.jpg&#038;w=350&#038;h=350&#038;fit=cover&#038;output=webp&#038;q=45\" alt=\"France Loc\"\/><\/div><\/div><div class=\"group-top\"><div class=\"field-commune\">Puy-Saint-Vincent<\/div><ws-apidae-from-price data-apidae-id=\"226455\" ><\/ws-apidae-from-price><\/div><div class=\"group-content\"><div class=\"field-title\">France Loc<\/div><\/div><div class=\"field-link\" role=\"group\" aria-label=\"Lien vers le contenu\"><a href=\"https:\/\/www.paysdesecrins.com\/it\/fiche\/france-loc-4\/\" class=\"cardlink\" title=\"Lire plus : France Loc\" lang=\"it_IT\">France Loc<\/a><\/div><\/div><\/div><div class=\"item\" data-season=\"all-seasons\"><div class=\"card card-apidae card-avance\"><div class=\"group-actions\"><ws-wishlist data-type=\"flag\" data-action=\"add\" data-wish-id=\"5957071\" data-wish-type=\"apidae\"><\/ws-wishlist><\/div><div class=\"group-media\"><div class=\"field-image\"><img decoding=\"async\" src=\"https:\/\/images.weserv.nl\/?url=https:\/\/static.apidae-tourisme.com\/filestore\/objets-touristiques\/images\/211\/21\/11343315-diaporama.jpg&#038;w=350&#038;h=350&#038;fit=cover&#038;output=webp&#038;q=45\" alt=\"Appartement au Chalet la Dame Blanche \u2013 Blanchard Jean-St\u00e9phane\"\/><\/div><\/div><div class=\"group-top\"><div class=\"field-book\">Prenotabile online<\/div><div class=\"field-commune\">Puy-Saint-Vincent<\/div><ws-apidae-from-price data-apidae-id=\"5957071\" ><\/ws-apidae-from-price><\/div><div class=\"group-content\"><div class=\"field-title\">Appartement au Chalet la Dame Blanche \u2013 Blanchard Jean-St\u00e9phane<\/div><\/div><div class=\"field-link\" role=\"group\" aria-label=\"Lien vers le contenu\"><a href=\"https:\/\/www.paysdesecrins.com\/it\/fiche\/appartement-au-chalet-la-dame-blanche-blanchard-jean-stephane-4\/\" class=\"cardlink\" title=\"Lire plus : Appartement au Chalet la Dame Blanche \u2013 Blanchard Jean-St\u00e9phane\" lang=\"it_IT\">Appartement au Chalet la Dame Blanche \u2013 Blanchard Jean-St\u00e9phane<\/a><\/div><\/div><\/div><div class=\"item\" data-season=\"all-seasons\"><div class=\"card card-apidae card-avance\"><div class=\"group-actions\"><ws-wishlist data-type=\"flag\" data-action=\"add\" data-wish-id=\"4850580\" data-wish-type=\"apidae\"><\/ws-wishlist><\/div><div class=\"group-media\"><div class=\"field-image\"><img decoding=\"async\" src=\"https:\/\/images.weserv.nl\/?url=https:\/\/www.paysdesecrins.com\/wp-content\/uploads\/2025\/06\/cropped-paysdesecrins.png&#038;w=350&#038;h=350&#038;fit=cover&#038;output=webp&#038;q=45\" alt=\"Collin Pierre\"\/><\/div><\/div><div class=\"group-top\"><div class=\"field-commune\">Puy-Saint-Vincent<\/div><ws-apidae-from-price data-apidae-id=\"4850580\" ><\/ws-apidae-from-price><\/div><div class=\"group-content\"><div class=\"field-title\">Collin Pierre<\/div><\/div><div class=\"field-link\" role=\"group\" aria-label=\"Lien vers le contenu\"><a href=\"https:\/\/www.paysdesecrins.com\/it\/fiche\/collin-pierre-4\/\" class=\"cardlink\" title=\"Lire plus : Collin Pierre\" lang=\"it_IT\">Collin Pierre<\/a><\/div><\/div><\/div><div class=\"item\" data-season=\"all-seasons\"><div class=\"card card-apidae card-avance\"><div class=\"group-actions\"><ws-wishlist data-type=\"flag\" data-action=\"add\" data-wish-id=\"7584300\" data-wish-type=\"apidae\"><\/ws-wishlist><\/div><div class=\"group-media\"><div class=\"field-image\"><img decoding=\"async\" src=\"https:\/\/images.weserv.nl\/?url=https:\/\/www.paysdesecrins.com\/wp-content\/uploads\/2025\/06\/cropped-paysdesecrins.png&#038;w=350&#038;h=350&#038;fit=cover&#038;output=webp&#038;q=45\" alt=\"Meyssonnier Chantal L&#8217;Aigli\u00e8re C44\"\/><\/div><\/div><div class=\"group-top\"><div class=\"field-commune\">Puy-Saint-Vincent<\/div><ws-apidae-from-price data-apidae-id=\"7584300\" ><\/ws-apidae-from-price><\/div><div class=\"group-content\"><div class=\"field-title\">Meyssonnier Chantal L&#8217;Aigli\u00e8re C44<\/div><\/div><div class=\"field-link\" role=\"group\" aria-label=\"Lien vers le contenu\"><a href=\"https:\/\/www.paysdesecrins.com\/it\/fiche\/meyssonnier-chantal-laigliere-c44-4\/\" class=\"cardlink\" title=\"Lire plus : Meyssonnier Chantal L&#8217;Aigli\u00e8re C44\" lang=\"it_IT\">Meyssonnier Chantal L&#8217;Aigli\u00e8re C44<\/a><\/div><\/div><\/div><div class=\"item\" data-season=\"all-seasons\"><div class=\"card card-apidae card-avance\"><div class=\"group-actions\"><ws-wishlist data-type=\"flag\" data-action=\"add\" data-wish-id=\"226992\" data-wish-type=\"apidae\"><\/ws-wishlist><\/div><div class=\"group-media\"><div class=\"field-image\"><img decoding=\"async\" src=\"https:\/\/images.weserv.nl\/?url=https:\/\/static.apidae-tourisme.com\/filestore\/objets-touristiques\/images\/247\/49\/4010487-diaporama.jpg&#038;w=350&#038;h=350&#038;fit=cover&#038;output=webp&#038;q=45\" alt=\"Albergo L&#8217;Aigli\u00e8re\"\/><\/div><\/div><div class=\"group-top\"><div class=\"field-book\">Prenotabile online<\/div><div class=\"field-commune\">Puy-Saint-Vincent<\/div><ws-apidae-from-price data-apidae-id=\"226992\" ><\/ws-apidae-from-price><\/div><div class=\"group-content\"><div class=\"field-title\">Albergo L&#8217;Aigli\u00e8re<\/div><\/div><div class=\"field-link\" role=\"group\" aria-label=\"Lien vers le contenu\"><a href=\"https:\/\/www.paysdesecrins.com\/it\/fiche\/albergo-laigliere\/\" class=\"cardlink\" title=\"Lire plus : Albergo L&#8217;Aigli\u00e8re\" lang=\"it_IT\">Albergo L&#8217;Aigli\u00e8re<\/a><\/div><\/div><\/div><div class=\"item\" data-season=\"all-seasons\"><div class=\"card card-apidae card-avance\"><div class=\"group-actions\"><ws-wishlist data-type=\"flag\" data-action=\"add\" data-wish-id=\"226498\" data-wish-type=\"apidae\"><\/ws-wishlist><\/div><div class=\"group-media\"><div class=\"field-image\"><img decoding=\"async\" src=\"https:\/\/images.weserv.nl\/?url=https:\/\/static.apidae-tourisme.com\/filestore\/objets-touristiques\/images\/110\/154\/1612398-diaporama.jpg&#038;w=350&#038;h=350&#038;fit=cover&#038;output=webp&#038;q=45\" alt=\"Camping Croque Loisirs\"\/><\/div><\/div><div class=\"group-top\"><div class=\"field-commune\">Puy-Saint-Vincent<\/div><ws-apidae-from-price data-apidae-id=\"226498\" ><\/ws-apidae-from-price><\/div><div class=\"group-content\"><div class=\"field-title\">Camping Croque Loisirs<\/div><\/div><div class=\"field-link\" role=\"group\" aria-label=\"Lien vers le contenu\"><a href=\"https:\/\/www.paysdesecrins.com\/it\/fiche\/camping-croque-loisirs-3\/\" class=\"cardlink\" title=\"Lire plus : Camping Croque Loisirs\" lang=\"it_IT\">Camping Croque Loisirs<\/a><\/div><\/div><\/div><div class=\"item\" data-season=\"all-seasons\"><div class=\"card card-apidae card-avance\"><div class=\"group-actions\"><ws-wishlist data-type=\"flag\" data-action=\"add\" data-wish-id=\"680358\" data-wish-type=\"apidae\"><\/ws-wishlist><\/div><div class=\"group-media\"><div class=\"field-image\"><img decoding=\"async\" src=\"https:\/\/images.weserv.nl\/?url=https:\/\/static.apidae-tourisme.com\/filestore\/objets-touristiques\/images\/32\/126\/1867296-diaporama.jpg&#038;w=350&#038;h=350&#038;fit=cover&#038;output=webp&#038;q=45\" alt=\"Parizot Martine &#8220;Chalet Pegulu&#8221;\"\/><\/div><\/div><div class=\"group-top\"><div class=\"field-commune\">Puy-Saint-Vincent<\/div><ws-apidae-from-price data-apidae-id=\"680358\" ><\/ws-apidae-from-price><\/div><div class=\"group-content\"><div class=\"field-title\">Parizot Martine &#8220;Chalet Pegulu&#8221;<\/div><\/div><div class=\"field-link\" role=\"group\" aria-label=\"Lien vers le contenu\"><a href=\"https:\/\/www.paysdesecrins.com\/it\/fiche\/parizot-martine-chalet-pegulu-3\/\" class=\"cardlink\" title=\"Lire plus : Parizot Martine &#8220;Chalet Pegulu&#8221;\" lang=\"it_IT\">Parizot Martine &#8220;Chalet Pegulu&#8221;<\/a><\/div><\/div><\/div><div class=\"item\" data-season=\"all-seasons\"><div class=\"card card-apidae card-avance\"><div class=\"group-actions\"><ws-wishlist data-type=\"flag\" data-action=\"add\" data-wish-id=\"4850572\" data-wish-type=\"apidae\"><\/ws-wishlist><\/div><div class=\"group-media\"><div class=\"field-image\"><img decoding=\"async\" src=\"https:\/\/images.weserv.nl\/?url=https:\/\/www.paysdesecrins.com\/wp-content\/uploads\/2025\/06\/cropped-paysdesecrins.png&#038;w=350&#038;h=350&#038;fit=cover&#038;output=webp&#038;q=45\" alt=\"Gauthier Liliane\"\/><\/div><\/div><div class=\"group-top\"><div class=\"field-commune\">Puy-Saint-Vincent<\/div><ws-apidae-from-price data-apidae-id=\"4850572\" ><\/ws-apidae-from-price><\/div><div class=\"group-content\"><div class=\"field-title\">Gauthier Liliane<\/div><\/div><div class=\"field-link\" role=\"group\" aria-label=\"Lien vers le contenu\"><a href=\"https:\/\/www.paysdesecrins.com\/it\/fiche\/gauthier-liliane-4\/\" class=\"cardlink\" title=\"Lire plus : Gauthier Liliane\" lang=\"it_IT\">Gauthier Liliane<\/a><\/div><\/div><\/div><div class=\"item\" data-season=\"all-seasons\"><div class=\"card card-apidae card-avance\"><div class=\"group-actions\"><ws-wishlist data-type=\"flag\" data-action=\"add\" data-wish-id=\"5061642\" data-wish-type=\"apidae\"><\/ws-wishlist><\/div><div class=\"group-media\"><div class=\"field-image\"><img decoding=\"async\" src=\"https:\/\/images.weserv.nl\/?url=https:\/\/www.paysdesecrins.com\/wp-content\/uploads\/2025\/06\/cropped-paysdesecrins.png&#038;w=350&#038;h=350&#038;fit=cover&#038;output=webp&#038;q=45\" alt=\"Darbignac Catherine\"\/><\/div><\/div><div class=\"group-top\"><div class=\"field-commune\">Puy-Saint-Vincent<\/div><ws-apidae-from-price data-apidae-id=\"5061642\" ><\/ws-apidae-from-price><\/div><div class=\"group-content\"><div class=\"field-title\">Darbignac Catherine<\/div><\/div><div class=\"field-link\" role=\"group\" aria-label=\"Lien vers le contenu\"><a href=\"https:\/\/www.paysdesecrins.com\/it\/fiche\/darbignac-catherine-4\/\" class=\"cardlink\" title=\"Lire plus : Darbignac Catherine\" lang=\"it_IT\">Darbignac Catherine<\/a><\/div><\/div><\/div><div class=\"item\" data-season=\"all-seasons\"><div class=\"card card-apidae card-avance\"><div class=\"group-actions\"><ws-wishlist data-type=\"flag\" data-action=\"add\" data-wish-id=\"5055584\" data-wish-type=\"apidae\"><\/ws-wishlist><\/div><div class=\"group-media\"><div class=\"field-image\"><img decoding=\"async\" src=\"https:\/\/images.weserv.nl\/?url=https:\/\/www.paysdesecrins.com\/wp-content\/uploads\/2025\/06\/cropped-paysdesecrins.png&#038;w=350&#038;h=350&#038;fit=cover&#038;output=webp&#038;q=45\" alt=\"CE Good Year France\"\/><\/div><\/div><div class=\"group-top\"><div class=\"field-commune\">Puy-Saint-Vincent<\/div><ws-apidae-from-price data-apidae-id=\"5055584\" ><\/ws-apidae-from-price><\/div><div class=\"group-content\"><div class=\"field-title\">CE Good Year France<\/div><\/div><div class=\"field-link\" role=\"group\" aria-label=\"Lien vers le contenu\"><a href=\"https:\/\/www.paysdesecrins.com\/it\/fiche\/ce-good-year-france-4\/\" class=\"cardlink\" title=\"Lire plus : CE Good Year France\" lang=\"it_IT\">CE Good Year France<\/a><\/div><\/div><\/div><div class=\"item\" data-season=\"all-seasons\"><div class=\"card card-apidae card-avance\"><div class=\"group-actions\"><ws-wishlist data-type=\"flag\" data-action=\"add\" data-wish-id=\"4850561\" data-wish-type=\"apidae\"><\/ws-wishlist><\/div><div class=\"group-media\"><div class=\"field-image\"><img decoding=\"async\" src=\"https:\/\/images.weserv.nl\/?url=https:\/\/www.paysdesecrins.com\/wp-content\/uploads\/2025\/06\/cropped-paysdesecrins.png&#038;w=350&#038;h=350&#038;fit=cover&#038;output=webp&#038;q=45\" alt=\"Dubus Serge\"\/><\/div><\/div><div class=\"group-top\"><div class=\"field-commune\">Puy-Saint-Vincent<\/div><ws-apidae-from-price data-apidae-id=\"4850561\" ><\/ws-apidae-from-price><\/div><div class=\"group-content\"><div class=\"field-title\">Dubus Serge<\/div><\/div><div class=\"field-link\" role=\"group\" aria-label=\"Lien vers le contenu\"><a href=\"https:\/\/www.paysdesecrins.com\/it\/fiche\/dubus-serge-4\/\" class=\"cardlink\" title=\"Lire plus : Dubus Serge\" lang=\"it_IT\">Dubus Serge<\/a><\/div><\/div><\/div><div class=\"item\" data-season=\"all-seasons\"><div class=\"card card-apidae card-avance\"><div class=\"group-actions\"><ws-wishlist data-type=\"flag\" data-action=\"add\" data-wish-id=\"5057844\" data-wish-type=\"apidae\"><\/ws-wishlist><\/div><div class=\"group-media\"><div class=\"field-image\"><img decoding=\"async\" src=\"https:\/\/images.weserv.nl\/?url=https:\/\/www.paysdesecrins.com\/wp-content\/uploads\/2025\/06\/cropped-paysdesecrins.png&#038;w=350&#038;h=350&#038;fit=cover&#038;output=webp&#038;q=45\" alt=\"Reynard Marie-Madeleine\"\/><\/div><\/div><div class=\"group-top\"><div class=\"field-commune\">Puy-Saint-Vincent<\/div><ws-apidae-from-price data-apidae-id=\"5057844\" ><\/ws-apidae-from-price><\/div><div class=\"group-content\"><div class=\"field-title\">Reynard Marie-Madeleine<\/div><\/div><div class=\"field-link\" role=\"group\" aria-label=\"Lien vers le contenu\"><a href=\"https:\/\/www.paysdesecrins.com\/it\/fiche\/reynard-marie-madeleine-4\/\" class=\"cardlink\" title=\"Lire plus : Reynard Marie-Madeleine\" lang=\"it_IT\">Reynard Marie-Madeleine<\/a><\/div><\/div><\/div><div class=\"item\" data-season=\"all-seasons\"><div class=\"card card-apidae card-avance\"><div class=\"group-actions\"><ws-wishlist data-type=\"flag\" data-action=\"add\" data-wish-id=\"5052739\" data-wish-type=\"apidae\"><\/ws-wishlist><\/div><div class=\"group-media\"><div class=\"field-image\"><img decoding=\"async\" src=\"https:\/\/images.weserv.nl\/?url=https:\/\/www.paysdesecrins.com\/wp-content\/uploads\/2025\/06\/cropped-paysdesecrins.png&#038;w=350&#038;h=350&#038;fit=cover&#038;output=webp&#038;q=45\" alt=\"Causse Couturier Laurent\"\/><\/div><\/div><div class=\"group-top\"><div class=\"field-commune\">Puy-Saint-Vincent<\/div><ws-apidae-from-price data-apidae-id=\"5052739\" ><\/ws-apidae-from-price><\/div><div class=\"group-content\"><div class=\"field-title\">Causse Couturier Laurent<\/div><\/div><div class=\"field-link\" role=\"group\" aria-label=\"Lien vers le contenu\"><a href=\"https:\/\/www.paysdesecrins.com\/it\/fiche\/causse-couturier-laurent-4\/\" class=\"cardlink\" title=\"Lire plus : Causse Couturier Laurent\" lang=\"it_IT\">Causse Couturier Laurent<\/a><\/div><\/div><\/div><div class=\"item\" data-season=\"all-seasons\"><div class=\"card card-apidae card-avance\"><div class=\"group-actions\"><ws-wishlist data-type=\"flag\" data-action=\"add\" data-wish-id=\"5052896\" data-wish-type=\"apidae\"><\/ws-wishlist><\/div><div class=\"group-media\"><div class=\"field-image\"><img decoding=\"async\" src=\"https:\/\/images.weserv.nl\/?url=https:\/\/www.paysdesecrins.com\/wp-content\/uploads\/2025\/06\/cropped-paysdesecrins.png&#038;w=350&#038;h=350&#038;fit=cover&#038;output=webp&#038;q=45\" alt=\"Pascal Corinne\"\/><\/div><\/div><div class=\"group-top\"><div class=\"field-commune\">Puy-Saint-Vincent<\/div><ws-apidae-from-price data-apidae-id=\"5052896\" ><\/ws-apidae-from-price><\/div><div class=\"group-content\"><div class=\"field-title\">Pascal Corinne<\/div><\/div><div class=\"field-link\" role=\"group\" aria-label=\"Lien vers le contenu\"><a href=\"https:\/\/www.paysdesecrins.com\/it\/fiche\/pascal-corinne-4\/\" class=\"cardlink\" title=\"Lire plus : Pascal Corinne\" lang=\"it_IT\">Pascal Corinne<\/a><\/div><\/div><\/div><div class=\"item\" data-season=\"all-seasons\"><div class=\"card card-apidae card-avance\"><div class=\"group-actions\"><ws-wishlist data-type=\"flag\" data-action=\"add\" data-wish-id=\"5058051\" data-wish-type=\"apidae\"><\/ws-wishlist><\/div><div class=\"group-media\"><div class=\"field-image\"><img decoding=\"async\" src=\"https:\/\/images.weserv.nl\/?url=https:\/\/www.paysdesecrins.com\/wp-content\/uploads\/2025\/06\/cropped-paysdesecrins.png&#038;w=350&#038;h=350&#038;fit=cover&#038;output=webp&#038;q=45\" alt=\"Castaing Pierrette\"\/><\/div><\/div><div class=\"group-top\"><div class=\"field-commune\">Puy-Saint-Vincent<\/div><ws-apidae-from-price data-apidae-id=\"5058051\" ><\/ws-apidae-from-price><\/div><div class=\"group-content\"><div class=\"field-title\">Castaing Pierrette<\/div><\/div><div class=\"field-link\" role=\"group\" aria-label=\"Lien vers le contenu\"><a href=\"https:\/\/www.paysdesecrins.com\/it\/fiche\/castaing-pierrette-4\/\" class=\"cardlink\" title=\"Lire plus : Castaing Pierrette\" lang=\"it_IT\">Castaing Pierrette<\/a><\/div><\/div><\/div><div class=\"item\" data-season=\"all-seasons\"><div class=\"card card-apidae card-avance\"><div class=\"group-actions\"><ws-wishlist data-type=\"flag\" data-action=\"add\" data-wish-id=\"5057058\" data-wish-type=\"apidae\"><\/ws-wishlist><\/div><div class=\"group-media\"><div class=\"field-image\"><img decoding=\"async\" src=\"https:\/\/images.weserv.nl\/?url=https:\/\/www.paysdesecrins.com\/wp-content\/uploads\/2025\/06\/cropped-paysdesecrins.png&#038;w=350&#038;h=350&#038;fit=cover&#038;output=webp&#038;q=45\" alt=\"Toquebeuf Monique\"\/><\/div><\/div><div class=\"group-top\"><div class=\"field-commune\">Puy-Saint-Vincent<\/div><ws-apidae-from-price data-apidae-id=\"5057058\" ><\/ws-apidae-from-price><\/div><div class=\"group-content\"><div class=\"field-title\">Toquebeuf Monique<\/div><\/div><div class=\"field-link\" role=\"group\" aria-label=\"Lien vers le contenu\"><a href=\"https:\/\/www.paysdesecrins.com\/it\/fiche\/toquebeuf-monique-4\/\" class=\"cardlink\" title=\"Lire plus : Toquebeuf Monique\" lang=\"it_IT\">Toquebeuf Monique<\/a><\/div><\/div><\/div><div class=\"item\" data-season=\"all-seasons\"><div class=\"card card-apidae card-avance\"><div class=\"group-actions\"><ws-wishlist data-type=\"flag\" data-action=\"add\" data-wish-id=\"5665789\" data-wish-type=\"apidae\"><\/ws-wishlist><\/div><div class=\"group-media\"><div class=\"field-image\"><img decoding=\"async\" src=\"https:\/\/images.weserv.nl\/?url=https:\/\/static.apidae-tourisme.com\/filestore\/objets-touristiques\/images\/40\/111\/8744744-diaporama.jpg&#038;w=350&#038;h=350&#038;fit=cover&#038;output=webp&#038;q=45\" alt=\"Joffroy Christelle\"\/><\/div><\/div><div class=\"group-top\"><div class=\"field-book\">Prenotabile online<\/div><div class=\"field-commune\">Puy-Saint-Vincent<\/div><ws-apidae-from-price data-apidae-id=\"5665789\" ><\/ws-apidae-from-price><\/div><div class=\"group-content\"><div class=\"field-title\">Joffroy Christelle<\/div><\/div><div class=\"field-link\" role=\"group\" aria-label=\"Lien vers le contenu\"><a href=\"https:\/\/www.paysdesecrins.com\/it\/fiche\/joffroy-christelle-4\/\" class=\"cardlink\" title=\"Lire plus : Joffroy Christelle\" lang=\"it_IT\">Joffroy Christelle<\/a><\/div><\/div><\/div><div class=\"item\" data-season=\"all-seasons\"><div class=\"card card-apidae card-avance\"><div class=\"group-actions\"><ws-wishlist data-type=\"flag\" data-action=\"add\" data-wish-id=\"5052793\" data-wish-type=\"apidae\"><\/ws-wishlist><\/div><div class=\"group-media\"><div class=\"field-image\"><img decoding=\"async\" src=\"https:\/\/images.weserv.nl\/?url=https:\/\/www.paysdesecrins.com\/wp-content\/uploads\/2025\/06\/cropped-paysdesecrins.png&#038;w=350&#038;h=350&#038;fit=cover&#038;output=webp&#038;q=45\" alt=\"Seurot Bruno\"\/><\/div><\/div><div class=\"group-top\"><div class=\"field-commune\">Puy-Saint-Vincent<\/div><ws-apidae-from-price data-apidae-id=\"5052793\" ><\/ws-apidae-from-price><\/div><div class=\"group-content\"><div class=\"field-title\">Seurot Bruno<\/div><\/div><div class=\"field-link\" role=\"group\" aria-label=\"Lien vers le contenu\"><a href=\"https:\/\/www.paysdesecrins.com\/it\/fiche\/seurot-bruno-4\/\" class=\"cardlink\" title=\"Lire plus : Seurot Bruno\" lang=\"it_IT\">Seurot Bruno<\/a><\/div><\/div><\/div><div class=\"item\" data-season=\"all-seasons\"><div class=\"card card-apidae card-avance\"><div class=\"group-actions\"><ws-wishlist data-type=\"flag\" data-action=\"add\" data-wish-id=\"4909468\" data-wish-type=\"apidae\"><\/ws-wishlist><\/div><div class=\"group-media\"><div class=\"field-image\"><img decoding=\"async\" src=\"https:\/\/images.weserv.nl\/?url=https:\/\/static.apidae-tourisme.com\/filestore\/objets-touristiques\/images\/85\/5\/3605845-diaporama.jpg&#038;w=350&#038;h=350&#038;fit=cover&#038;output=webp&#038;q=45\" alt=\"Gauthier Laurent \u2013 La Pousterle\"\/><\/div><\/div><div class=\"group-top\"><div class=\"field-commune\">Puy-Saint-Vincent<\/div><ws-apidae-from-price data-apidae-id=\"4909468\" ><\/ws-apidae-from-price><\/div><div class=\"group-content\"><div class=\"field-title\">Gauthier Laurent \u2013 La Pousterle<\/div><\/div><div class=\"field-link\" role=\"group\" aria-label=\"Lien vers le contenu\"><a href=\"https:\/\/www.paysdesecrins.com\/it\/fiche\/gauthier-laurent-la-pousterle-4\/\" class=\"cardlink\" title=\"Lire plus : Gauthier Laurent \u2013 La Pousterle\" lang=\"it_IT\">Gauthier Laurent \u2013 La Pousterle<\/a><\/div><\/div><\/div><div class=\"item\" data-season=\"all-seasons\"><div class=\"card card-apidae card-avance\"><div class=\"group-actions\"><ws-wishlist data-type=\"flag\" data-action=\"add\" data-wish-id=\"5052729\" data-wish-type=\"apidae\"><\/ws-wishlist><\/div><div class=\"group-media\"><div class=\"field-image\"><img decoding=\"async\" src=\"https:\/\/images.weserv.nl\/?url=https:\/\/www.paysdesecrins.com\/wp-content\/uploads\/2025\/06\/cropped-paysdesecrins.png&#038;w=350&#038;h=350&#038;fit=cover&#038;output=webp&#038;q=45\" alt=\"Poidevin Emmanuel\"\/><\/div><\/div><div class=\"group-top\"><div class=\"field-commune\">Puy-Saint-Vincent<\/div><ws-apidae-from-price data-apidae-id=\"5052729\" ><\/ws-apidae-from-price><\/div><div class=\"group-content\"><div class=\"field-title\">Poidevin Emmanuel<\/div><\/div><div class=\"field-link\" role=\"group\" aria-label=\"Lien vers le contenu\"><a href=\"https:\/\/www.paysdesecrins.com\/it\/fiche\/poidevin-emmanuel-4\/\" class=\"cardlink\" title=\"Lire plus : Poidevin Emmanuel\" lang=\"it_IT\">Poidevin Emmanuel<\/a><\/div><\/div><\/div><div class=\"item\" data-season=\"all-seasons\"><div class=\"card card-apidae card-avance\"><div class=\"group-actions\"><ws-wishlist data-type=\"flag\" data-action=\"add\" data-wish-id=\"5054622\" data-wish-type=\"apidae\"><\/ws-wishlist><\/div><div class=\"group-media\"><div class=\"field-image\"><img decoding=\"async\" src=\"https:\/\/images.weserv.nl\/?url=https:\/\/www.paysdesecrins.com\/wp-content\/uploads\/2025\/06\/cropped-paysdesecrins.png&#038;w=350&#038;h=350&#038;fit=cover&#038;output=webp&#038;q=45\" alt=\"Leroy-Vianelli Marie-H\u00e9l\u00e8ne\"\/><\/div><\/div><div class=\"group-top\"><div class=\"field-commune\">Puy-Saint-Vincent<\/div><ws-apidae-from-price data-apidae-id=\"5054622\" ><\/ws-apidae-from-price><\/div><div class=\"group-content\"><div class=\"field-title\">Leroy-Vianelli Marie-H\u00e9l\u00e8ne<\/div><\/div><div class=\"field-link\" role=\"group\" aria-label=\"Lien vers le contenu\"><a href=\"https:\/\/www.paysdesecrins.com\/it\/fiche\/leroy-vianelli-marie-helene-4\/\" class=\"cardlink\" title=\"Lire plus : Leroy-Vianelli Marie-H\u00e9l\u00e8ne\" lang=\"it_IT\">Leroy-Vianelli Marie-H\u00e9l\u00e8ne<\/a><\/div><\/div><\/div><div class=\"item\" data-season=\"all-seasons\"><div class=\"card card-apidae card-avance\"><div class=\"group-actions\"><ws-wishlist data-type=\"flag\" data-action=\"add\" data-wish-id=\"5937236\" data-wish-type=\"apidae\"><\/ws-wishlist><\/div><div class=\"group-media\"><div class=\"field-image\"><img decoding=\"async\" src=\"https:\/\/images.weserv.nl\/?url=https:\/\/static.apidae-tourisme.com\/filestore\/objets-touristiques\/images\/12\/1\/11141388-diaporama.png&#038;w=350&#038;h=350&#038;fit=cover&#038;output=webp&#038;q=45\" alt=\"Maillot Herv\u00e9 \u2013 Gentianes 3 pi\u00e8ces\"\/><\/div><\/div><div class=\"group-top\"><div class=\"field-commune\">Puy-Saint-Vincent<\/div><ws-apidae-from-price data-apidae-id=\"5937236\" ><\/ws-apidae-from-price><\/div><div class=\"group-content\"><div class=\"field-title\">Maillot Herv\u00e9 \u2013 Gentianes 3 pi\u00e8ces<\/div><\/div><div class=\"field-link\" role=\"group\" aria-label=\"Lien vers le contenu\"><a href=\"https:\/\/www.paysdesecrins.com\/it\/fiche\/maillot-herve-gentianes-3-pieces-4\/\" class=\"cardlink\" title=\"Lire plus : Maillot Herv\u00e9 \u2013 Gentianes 3 pi\u00e8ces\" lang=\"it_IT\">Maillot Herv\u00e9 \u2013 Gentianes 3 pi\u00e8ces<\/a><\/div><\/div><\/div><div class=\"item\" data-season=\"all-seasons\"><div class=\"card card-apidae card-avance\"><div class=\"group-actions\"><ws-wishlist data-type=\"flag\" data-action=\"add\" data-wish-id=\"5057931\" data-wish-type=\"apidae\"><\/ws-wishlist><\/div><div class=\"group-media\"><div class=\"field-image\"><img decoding=\"async\" src=\"https:\/\/images.weserv.nl\/?url=https:\/\/www.paysdesecrins.com\/wp-content\/uploads\/2025\/06\/cropped-paysdesecrins.png&#038;w=350&#038;h=350&#038;fit=cover&#038;output=webp&#038;q=45\" alt=\"Delrue Patrick\"\/><\/div><\/div><div class=\"group-top\"><div class=\"field-commune\">Puy-Saint-Vincent<\/div><ws-apidae-from-price data-apidae-id=\"5057931\" ><\/ws-apidae-from-price><\/div><div class=\"group-content\"><div class=\"field-title\">Delrue Patrick<\/div><\/div><div class=\"field-link\" role=\"group\" aria-label=\"Lien vers le contenu\"><a href=\"https:\/\/www.paysdesecrins.com\/it\/fiche\/delrue-patrick-4\/\" class=\"cardlink\" title=\"Lire plus : Delrue Patrick\" lang=\"it_IT\">Delrue Patrick<\/a><\/div><\/div><\/div><div class=\"item\" data-season=\"all-seasons\"><div class=\"card card-apidae card-avance\"><div class=\"group-actions\"><ws-wishlist data-type=\"flag\" data-action=\"add\" data-wish-id=\"5665219\" data-wish-type=\"apidae\"><\/ws-wishlist><\/div><div class=\"group-media\"><div class=\"field-image\"><img decoding=\"async\" src=\"https:\/\/images.weserv.nl\/?url=https:\/\/static.apidae-tourisme.com\/filestore\/objets-touristiques\/images\/188\/179\/8762300-diaporama.jpg&#038;w=350&#038;h=350&#038;fit=cover&#038;output=webp&#038;q=45\" alt=\"Les Gentianes PSV 1800 \u2013 Colin C\u00e9cile\"\/><\/div><\/div><div class=\"group-top\"><div class=\"field-commune\">Puy-Saint-Vincent<\/div><ws-apidae-from-price data-apidae-id=\"5665219\" ><\/ws-apidae-from-price><\/div><div class=\"group-content\"><div class=\"field-title\">Les Gentianes PSV 1800 \u2013 Colin C\u00e9cile<\/div><\/div><div class=\"field-link\" role=\"group\" aria-label=\"Lien vers le contenu\"><a href=\"https:\/\/www.paysdesecrins.com\/it\/fiche\/les-gentianes-psv-1800-colin-cecile-3\/\" class=\"cardlink\" title=\"Lire plus : Les Gentianes PSV 1800 \u2013 Colin C\u00e9cile\" lang=\"it_IT\">Les Gentianes PSV 1800 \u2013 Colin C\u00e9cile<\/a><\/div><\/div><\/div><div class=\"item\" data-season=\"all-seasons\"><div class=\"card card-apidae card-avance\"><div class=\"group-actions\"><ws-wishlist data-type=\"flag\" data-action=\"add\" data-wish-id=\"5056836\" data-wish-type=\"apidae\"><\/ws-wishlist><\/div><div class=\"group-media\"><div class=\"field-image\"><img decoding=\"async\" src=\"https:\/\/images.weserv.nl\/?url=https:\/\/www.paysdesecrins.com\/wp-content\/uploads\/2025\/06\/cropped-paysdesecrins.png&#038;w=350&#038;h=350&#038;fit=cover&#038;output=webp&#038;q=45\" alt=\"Bompas Nicolas\"\/><\/div><\/div><div class=\"group-top\"><div class=\"field-commune\">Puy-Saint-Vincent<\/div><ws-apidae-from-price data-apidae-id=\"5056836\" ><\/ws-apidae-from-price><\/div><div class=\"group-content\"><div class=\"field-title\">Bompas Nicolas<\/div><\/div><div class=\"field-link\" role=\"group\" aria-label=\"Lien vers le contenu\"><a href=\"https:\/\/www.paysdesecrins.com\/it\/fiche\/bompas-nicolas-4\/\" class=\"cardlink\" title=\"Lire plus : Bompas Nicolas\" lang=\"it_IT\">Bompas Nicolas<\/a><\/div><\/div><\/div><div class=\"item\" data-season=\"all-seasons\"><div class=\"card card-apidae card-avance\"><div class=\"group-actions\"><ws-wishlist data-type=\"flag\" data-action=\"add\" data-wish-id=\"5052714\" data-wish-type=\"apidae\"><\/ws-wishlist><\/div><div class=\"group-media\"><div class=\"field-image\"><img decoding=\"async\" src=\"https:\/\/images.weserv.nl\/?url=https:\/\/www.paysdesecrins.com\/wp-content\/uploads\/2025\/06\/cropped-paysdesecrins.png&#038;w=350&#038;h=350&#038;fit=cover&#038;output=webp&#038;q=45\" alt=\"Segade No\u00ebl\"\/><\/div><\/div><div class=\"group-top\"><div class=\"field-commune\">Puy-Saint-Vincent<\/div><ws-apidae-from-price data-apidae-id=\"5052714\" ><\/ws-apidae-from-price><\/div><div class=\"group-content\"><div class=\"field-title\">Segade No\u00ebl<\/div><\/div><div class=\"field-link\" role=\"group\" aria-label=\"Lien vers le contenu\"><a href=\"https:\/\/www.paysdesecrins.com\/it\/fiche\/segade-noel-4\/\" class=\"cardlink\" title=\"Lire plus : Segade No\u00ebl\" lang=\"it_IT\">Segade No\u00ebl<\/a><\/div><\/div><\/div><div class=\"item\" data-season=\"all-seasons\"><div class=\"card card-apidae card-avance\"><div class=\"group-actions\"><ws-wishlist data-type=\"flag\" data-action=\"add\" data-wish-id=\"5119044\" data-wish-type=\"apidae\"><\/ws-wishlist><\/div><div class=\"group-media\"><div class=\"field-image\"><img decoding=\"async\" src=\"https:\/\/images.weserv.nl\/?url=https:\/\/static.apidae-tourisme.com\/filestore\/objets-touristiques\/images\/134\/5\/7079302-diaporama.jpg&#038;w=350&#038;h=350&#038;fit=cover&#038;output=webp&#038;q=45\" alt=\"Pelen R\u00e9gis \u2013 Le Travers 2\"\/><\/div><\/div><div class=\"group-top\"><div class=\"field-commune\">Puy-Saint-Vincent<\/div><ws-apidae-from-price data-apidae-id=\"5119044\" ><\/ws-apidae-from-price><\/div><div class=\"group-content\"><div class=\"field-title\">Pelen R\u00e9gis \u2013 Le Travers 2<\/div><\/div><div class=\"field-link\" role=\"group\" aria-label=\"Lien vers le contenu\"><a href=\"https:\/\/www.paysdesecrins.com\/it\/fiche\/pelen-regis-le-travers-2-4\/\" class=\"cardlink\" title=\"Lire plus : Pelen R\u00e9gis \u2013 Le Travers 2\" lang=\"it_IT\">Pelen R\u00e9gis \u2013 Le Travers 2<\/a><\/div><\/div><\/div><div class=\"item\" data-season=\"all-seasons\"><div class=\"card card-apidae card-avance\"><div class=\"group-actions\"><ws-wishlist data-type=\"flag\" data-action=\"add\" data-wish-id=\"5052853\" data-wish-type=\"apidae\"><\/ws-wishlist><\/div><div class=\"group-media\"><div class=\"field-image\"><img decoding=\"async\" src=\"https:\/\/images.weserv.nl\/?url=https:\/\/www.paysdesecrins.com\/wp-content\/uploads\/2025\/06\/cropped-paysdesecrins.png&#038;w=350&#038;h=350&#038;fit=cover&#038;output=webp&#038;q=45\" alt=\"Segura Marie-Lise\"\/><\/div><\/div><div class=\"group-top\"><div class=\"field-commune\">Puy-Saint-Vincent<\/div><ws-apidae-from-price data-apidae-id=\"5052853\" ><\/ws-apidae-from-price><\/div><div class=\"group-content\"><div class=\"field-title\">Segura Marie-Lise<\/div><\/div><div class=\"field-link\" role=\"group\" aria-label=\"Lien vers le contenu\"><a href=\"https:\/\/www.paysdesecrins.com\/it\/fiche\/segura-marie-lise-4\/\" class=\"cardlink\" title=\"Lire plus : Segura Marie-Lise\" lang=\"it_IT\">Segura Marie-Lise<\/a><\/div><\/div><\/div><div class=\"item\" data-season=\"all-seasons\"><div class=\"card card-apidae card-avance\"><div class=\"group-actions\"><ws-wishlist data-type=\"flag\" data-action=\"add\" data-wish-id=\"590803\" data-wish-type=\"apidae\"><\/ws-wishlist><\/div><div class=\"group-media\"><div class=\"field-image\"><img decoding=\"async\" src=\"https:\/\/images.weserv.nl\/?url=https:\/\/static.apidae-tourisme.com\/filestore\/objets-touristiques\/images\/84\/1\/10944852-diaporama.jpg&#038;w=350&#038;h=350&#038;fit=cover&#038;output=webp&#038;q=45\" alt=\"Triconnet Martine\"\/><\/div><\/div><div class=\"group-top\"><div class=\"field-commune\">Puy-Saint-Vincent<\/div><ws-apidae-from-price data-apidae-id=\"590803\" ><\/ws-apidae-from-price><\/div><div class=\"group-content\"><div class=\"field-title\">Triconnet Martine<\/div><\/div><div class=\"field-link\" role=\"group\" aria-label=\"Lien vers le contenu\"><a href=\"https:\/\/www.paysdesecrins.com\/it\/fiche\/triconnet-martine-3\/\" class=\"cardlink\" title=\"Lire plus : Triconnet Martine\" lang=\"it_IT\">Triconnet Martine<\/a><\/div><\/div><\/div><div class=\"item\" data-season=\"all-seasons\"><div class=\"card card-apidae card-avance\"><div class=\"group-actions\"><ws-wishlist data-type=\"flag\" data-action=\"add\" data-wish-id=\"5054539\" data-wish-type=\"apidae\"><\/ws-wishlist><\/div><div class=\"group-media\"><div class=\"field-image\"><img decoding=\"async\" src=\"https:\/\/images.weserv.nl\/?url=https:\/\/www.paysdesecrins.com\/wp-content\/uploads\/2025\/06\/cropped-paysdesecrins.png&#038;w=350&#038;h=350&#038;fit=cover&#038;output=webp&#038;q=45\" alt=\"Degrave Bernadette\"\/><\/div><\/div><div class=\"group-top\"><div class=\"field-commune\">Puy-Saint-Vincent<\/div><ws-apidae-from-price data-apidae-id=\"5054539\" ><\/ws-apidae-from-price><\/div><div class=\"group-content\"><div class=\"field-title\">Degrave Bernadette<\/div><\/div><div class=\"field-link\" role=\"group\" aria-label=\"Lien vers le contenu\"><a href=\"https:\/\/www.paysdesecrins.com\/it\/fiche\/degrave-bernadette-4\/\" class=\"cardlink\" title=\"Lire plus : Degrave Bernadette\" lang=\"it_IT\">Degrave Bernadette<\/a><\/div><\/div><\/div><div class=\"item\" data-season=\"all-seasons\"><div class=\"card card-apidae card-avance\"><div class=\"group-actions\"><ws-wishlist data-type=\"flag\" data-action=\"add\" data-wish-id=\"580627\" data-wish-type=\"apidae\"><\/ws-wishlist><\/div><div class=\"group-media\"><div class=\"field-image\"><img decoding=\"async\" src=\"https:\/\/images.weserv.nl\/?url=https:\/\/static.apidae-tourisme.com\/filestore\/objets-touristiques\/images\/164\/224\/1499300-diaporama.jpg&#038;w=350&#038;h=350&#038;fit=cover&#038;output=webp&#038;q=45\" alt=\"Domeyne Raoul \u2013 PSV 1400\"\/><\/div><\/div><div class=\"group-top\"><div class=\"field-commune\">Puy-Saint-Vincent<\/div><ws-apidae-from-price data-apidae-id=\"580627\" ><\/ws-apidae-from-price><\/div><div class=\"group-content\"><div class=\"field-title\">Domeyne Raoul \u2013 PSV 1400<\/div><\/div><div class=\"field-link\" role=\"group\" aria-label=\"Lien vers le contenu\"><a href=\"https:\/\/www.paysdesecrins.com\/it\/fiche\/domeyne-raoul-psv-1400-4\/\" class=\"cardlink\" title=\"Lire plus : Domeyne Raoul \u2013 PSV 1400\" lang=\"it_IT\">Domeyne Raoul \u2013 PSV 1400<\/a><\/div><\/div><\/div><div class=\"item\" data-season=\"all-seasons\"><div class=\"card card-apidae card-avance\"><div class=\"group-actions\"><ws-wishlist data-type=\"flag\" data-action=\"add\" data-wish-id=\"591018\" data-wish-type=\"apidae\"><\/ws-wishlist><\/div><div class=\"group-media\"><div class=\"field-image\"><img decoding=\"async\" src=\"https:\/\/images.weserv.nl\/?url=https:\/\/static.apidae-tourisme.com\/filestore\/objets-touristiques\/images\/18\/171\/35564306-diaporama.jpg&#038;w=350&#038;h=350&#038;fit=cover&#038;output=webp&#038;q=45\" alt=\"Martinucci Robert\"\/><\/div><\/div><div class=\"group-top\"><div class=\"field-commune\">Puy-Saint-Vincent<\/div><ws-apidae-from-price data-apidae-id=\"591018\" ><\/ws-apidae-from-price><\/div><div class=\"group-content\"><div class=\"field-title\">Martinucci Robert<\/div><\/div><div class=\"field-link\" role=\"group\" aria-label=\"Lien vers le contenu\"><a href=\"https:\/\/www.paysdesecrins.com\/it\/fiche\/martinucci-robert-3\/\" class=\"cardlink\" title=\"Lire plus : Martinucci Robert\" lang=\"it_IT\">Martinucci Robert<\/a><\/div><\/div><\/div><div class=\"item\" data-season=\"all-seasons\"><div class=\"card card-apidae card-avance\"><div class=\"group-actions\"><ws-wishlist data-type=\"flag\" data-action=\"add\" data-wish-id=\"5052942\" data-wish-type=\"apidae\"><\/ws-wishlist><\/div><div class=\"group-media\"><div class=\"field-image\"><img decoding=\"async\" src=\"https:\/\/images.weserv.nl\/?url=https:\/\/www.paysdesecrins.com\/wp-content\/uploads\/2025\/06\/cropped-paysdesecrins.png&#038;w=350&#038;h=350&#038;fit=cover&#038;output=webp&#038;q=45\" alt=\"Pommeau Martine\"\/><\/div><\/div><div class=\"group-top\"><div class=\"field-commune\">Puy-Saint-Vincent<\/div><ws-apidae-from-price data-apidae-id=\"5052942\" ><\/ws-apidae-from-price><\/div><div class=\"group-content\"><div class=\"field-title\">Pommeau Martine<\/div><\/div><div class=\"field-link\" role=\"group\" aria-label=\"Lien vers le contenu\"><a href=\"https:\/\/www.paysdesecrins.com\/it\/fiche\/pommeau-martine-4\/\" class=\"cardlink\" title=\"Lire plus : Pommeau Martine\" lang=\"it_IT\">Pommeau Martine<\/a><\/div><\/div><\/div><div class=\"item\" data-season=\"all-seasons\"><div class=\"card card-apidae card-avance\"><div class=\"group-actions\"><ws-wishlist data-type=\"flag\" data-action=\"add\" data-wish-id=\"5058667\" data-wish-type=\"apidae\"><\/ws-wishlist><\/div><div class=\"group-media\"><div class=\"field-image\"><img decoding=\"async\" src=\"https:\/\/images.weserv.nl\/?url=https:\/\/www.paysdesecrins.com\/wp-content\/uploads\/2025\/06\/cropped-paysdesecrins.png&#038;w=350&#038;h=350&#038;fit=cover&#038;output=webp&#038;q=45\" alt=\"Vincent Alain\"\/><\/div><\/div><div class=\"group-top\"><div class=\"field-commune\">Puy-Saint-Vincent<\/div><ws-apidae-from-price data-apidae-id=\"5058667\" ><\/ws-apidae-from-price><\/div><div class=\"group-content\"><div class=\"field-title\">Vincent Alain<\/div><\/div><div class=\"field-link\" role=\"group\" aria-label=\"Lien vers le contenu\"><a href=\"https:\/\/www.paysdesecrins.com\/it\/fiche\/vincent-alain-4\/\" class=\"cardlink\" title=\"Lire plus : Vincent Alain\" lang=\"it_IT\">Vincent Alain<\/a><\/div><\/div><\/div><div class=\"item\" data-season=\"all-seasons\"><div class=\"card card-apidae card-avance\"><div class=\"group-actions\"><ws-wishlist data-type=\"flag\" data-action=\"add\" data-wish-id=\"5060602\" data-wish-type=\"apidae\"><\/ws-wishlist><\/div><div class=\"group-media\"><div class=\"field-image\"><img decoding=\"async\" src=\"https:\/\/images.weserv.nl\/?url=https:\/\/www.paysdesecrins.com\/wp-content\/uploads\/2025\/06\/cropped-paysdesecrins.png&#038;w=350&#038;h=350&#038;fit=cover&#038;output=webp&#038;q=45\" alt=\"CE Centre de Dialyse Diaverum\"\/><\/div><\/div><div class=\"group-top\"><div class=\"field-commune\">Puy-Saint-Vincent<\/div><ws-apidae-from-price data-apidae-id=\"5060602\" ><\/ws-apidae-from-price><\/div><div class=\"group-content\"><div class=\"field-title\">CE Centre de Dialyse Diaverum<\/div><\/div><div class=\"field-link\" role=\"group\" aria-label=\"Lien vers le contenu\"><a href=\"https:\/\/www.paysdesecrins.com\/it\/fiche\/ce-centre-de-dialyse-diaverum-4\/\" class=\"cardlink\" title=\"Lire plus : CE Centre de Dialyse Diaverum\" lang=\"it_IT\">CE Centre de Dialyse Diaverum<\/a><\/div><\/div><\/div><div class=\"item\" data-season=\"all-seasons\"><div class=\"card card-apidae card-avance\"><div class=\"group-actions\"><ws-wishlist data-type=\"flag\" data-action=\"add\" data-wish-id=\"5058151\" data-wish-type=\"apidae\"><\/ws-wishlist><\/div><div class=\"group-media\"><div class=\"field-image\"><img decoding=\"async\" src=\"https:\/\/images.weserv.nl\/?url=https:\/\/www.paysdesecrins.com\/wp-content\/uploads\/2025\/06\/cropped-paysdesecrins.png&#038;w=350&#038;h=350&#038;fit=cover&#038;output=webp&#038;q=45\" alt=\"Bourgeois Jean\"\/><\/div><\/div><div class=\"group-top\"><div class=\"field-commune\">Puy-Saint-Vincent<\/div><ws-apidae-from-price data-apidae-id=\"5058151\" ><\/ws-apidae-from-price><\/div><div class=\"group-content\"><div class=\"field-title\">Bourgeois Jean<\/div><\/div><div class=\"field-link\" role=\"group\" aria-label=\"Lien vers le contenu\"><a href=\"https:\/\/www.paysdesecrins.com\/it\/fiche\/bourgeois-jean-4\/\" class=\"cardlink\" title=\"Lire plus : Bourgeois Jean\" lang=\"it_IT\">Bourgeois Jean<\/a><\/div><\/div><\/div><div class=\"item\" data-season=\"all-seasons\"><div class=\"card card-apidae card-avance\"><div class=\"group-actions\"><ws-wishlist data-type=\"flag\" data-action=\"add\" data-wish-id=\"226589\" data-wish-type=\"apidae\"><\/ws-wishlist><\/div><div class=\"group-media\"><div class=\"field-image\"><img decoding=\"async\" src=\"https:\/\/images.weserv.nl\/?url=https:\/\/static.apidae-tourisme.com\/filestore\/objets-touristiques\/images\/154\/118\/8812186-diaporama.jpg&#038;w=350&#038;h=350&#038;fit=cover&#038;output=webp&#038;q=45\" alt=\"Alloggio Baita AlpeLune\"\/><\/div><\/div><div class=\"group-top\"><div class=\"field-commune\">Puy-Saint-Vincent<\/div><ws-apidae-from-price data-apidae-id=\"226589\" ><\/ws-apidae-from-price><\/div><div class=\"group-content\"><div class=\"field-title\">Alloggio Baita AlpeLune<\/div><\/div><div class=\"field-link\" role=\"group\" aria-label=\"Lien vers le contenu\"><a href=\"https:\/\/www.paysdesecrins.com\/it\/fiche\/alloggio-baita-alpelune\/\" class=\"cardlink\" title=\"Lire plus : Alloggio Baita AlpeLune\" lang=\"it_IT\">Alloggio Baita AlpeLune<\/a><\/div><\/div><\/div><div class=\"item\" data-season=\"all-seasons\"><div class=\"card card-apidae card-avance\"><div class=\"group-actions\"><ws-wishlist data-type=\"flag\" data-action=\"add\" data-wish-id=\"7565819\" data-wish-type=\"apidae\"><\/ws-wishlist><\/div><div class=\"group-media\"><div class=\"field-image\"><img decoding=\"async\" src=\"https:\/\/images.weserv.nl\/?url=https:\/\/static.apidae-tourisme.com\/filestore\/objets-touristiques\/images\/179\/29\/36314547-diaporama.jpg&#038;w=350&#038;h=350&#038;fit=cover&#038;output=webp&#038;q=45\" alt=\"Couchot Philippe \u2013 Appartement R\u00e9sidence Les Pr\u00e9s\"\/><\/div><\/div><div class=\"group-top\"><div class=\"field-commune\">Puy-Saint-Vincent<\/div><ws-apidae-from-price data-apidae-id=\"7565819\" ><\/ws-apidae-from-price><\/div><div class=\"group-content\"><div class=\"field-title\">Couchot Philippe \u2013 Appartement R\u00e9sidence Les Pr\u00e9s<\/div><\/div><div class=\"field-link\" role=\"group\" aria-label=\"Lien vers le contenu\"><a href=\"https:\/\/www.paysdesecrins.com\/it\/fiche\/couchot-philippe-appartement-residence-les-pres-4\/\" class=\"cardlink\" title=\"Lire plus : Couchot Philippe \u2013 Appartement R\u00e9sidence Les Pr\u00e9s\" lang=\"it_IT\">Couchot Philippe \u2013 Appartement R\u00e9sidence Les Pr\u00e9s<\/a><\/div><\/div><\/div><div class=\"item\" data-season=\"all-seasons\"><div class=\"card card-apidae card-avance\"><div class=\"group-actions\"><ws-wishlist data-type=\"flag\" data-action=\"add\" data-wish-id=\"5052684\" data-wish-type=\"apidae\"><\/ws-wishlist><\/div><div class=\"group-media\"><div class=\"field-image\"><img decoding=\"async\" src=\"https:\/\/images.weserv.nl\/?url=https:\/\/www.paysdesecrins.com\/wp-content\/uploads\/2025\/06\/cropped-paysdesecrins.png&#038;w=350&#038;h=350&#038;fit=cover&#038;output=webp&#038;q=45\" alt=\"Rouquier Xavier\"\/><\/div><\/div><div class=\"group-top\"><div class=\"field-commune\">Puy-Saint-Vincent<\/div><ws-apidae-from-price data-apidae-id=\"5052684\" ><\/ws-apidae-from-price><\/div><div class=\"group-content\"><div class=\"field-title\">Rouquier Xavier<\/div><\/div><div class=\"field-link\" role=\"group\" aria-label=\"Lien vers le contenu\"><a href=\"https:\/\/www.paysdesecrins.com\/it\/fiche\/rouquier-xavier-4\/\" class=\"cardlink\" title=\"Lire plus : Rouquier Xavier\" lang=\"it_IT\">Rouquier Xavier<\/a><\/div><\/div><\/div><div class=\"item\" data-season=\"all-seasons\"><div class=\"card card-apidae card-avance\"><div class=\"group-actions\"><ws-wishlist data-type=\"flag\" data-action=\"add\" data-wish-id=\"581058\" data-wish-type=\"apidae\"><\/ws-wishlist><\/div><div class=\"group-media\"><div class=\"field-image\"><img decoding=\"async\" src=\"https:\/\/images.weserv.nl\/?url=https:\/\/static.apidae-tourisme.com\/filestore\/objets-touristiques\/images\/164\/234\/8383140-diaporama.jpg&#038;w=350&#038;h=350&#038;fit=cover&#038;output=webp&#038;q=45\" alt=\"Blein Marcel \u2013 Chalet l&#8217;Ubac\"\/><\/div><\/div><div class=\"group-top\"><div class=\"field-commune\">Puy-Saint-Vincent<\/div><ws-apidae-from-price data-apidae-id=\"581058\" ><\/ws-apidae-from-price><\/div><div class=\"group-content\"><div class=\"field-title\">Blein Marcel \u2013 Chalet l&#8217;Ubac<\/div><\/div><div class=\"field-link\" role=\"group\" aria-label=\"Lien vers le contenu\"><a href=\"https:\/\/www.paysdesecrins.com\/it\/fiche\/blein-marcel-chalet-lubac-3\/\" class=\"cardlink\" title=\"Lire plus : Blein Marcel \u2013 Chalet l&#8217;Ubac\" lang=\"it_IT\">Blein Marcel \u2013 Chalet l&#8217;Ubac<\/a><\/div><\/div><\/div><div class=\"item\" data-season=\"all-seasons\"><div class=\"card card-apidae card-avance\"><div class=\"group-actions\"><ws-wishlist data-type=\"flag\" data-action=\"add\" data-wish-id=\"5059625\" data-wish-type=\"apidae\"><\/ws-wishlist><\/div><div class=\"group-media\"><div class=\"field-image\"><img decoding=\"async\" src=\"https:\/\/images.weserv.nl\/?url=https:\/\/static.apidae-tourisme.com\/filestore\/objets-touristiques\/images\/245\/37\/19670517-diaporama.jpg&#038;w=350&#038;h=350&#038;fit=cover&#038;output=webp&#038;q=45\" alt=\"Coreau-Guillier Sylvie &#8220;Appartement Bellevue-Chalet Albert&#8221;\"\/><\/div><\/div><div class=\"group-top\"><div class=\"field-commune\">Puy-Saint-Vincent<\/div><ws-apidae-from-price data-apidae-id=\"5059625\" ><\/ws-apidae-from-price><\/div><div class=\"group-content\"><div class=\"field-title\">Coreau-Guillier Sylvie &#8220;Appartement Bellevue-Chalet Albert&#8221;<\/div><\/div><div class=\"field-link\" role=\"group\" aria-label=\"Lien vers le contenu\"><a href=\"https:\/\/www.paysdesecrins.com\/it\/fiche\/coreau-guillier-sylvie-appartement-bellevue-chalet-albert-4\/\" class=\"cardlink\" title=\"Lire plus : Coreau-Guillier Sylvie &#8220;Appartement Bellevue-Chalet Albert&#8221;\" lang=\"it_IT\">Coreau-Guillier Sylvie &#8220;Appartement Bellevue-Chalet Albert&#8221;<\/a><\/div><\/div><\/div><div class=\"item\" data-season=\"all-seasons\"><div class=\"card card-apidae card-avance\"><div class=\"group-actions\"><ws-wishlist data-type=\"flag\" data-action=\"add\" data-wish-id=\"581066\" data-wish-type=\"apidae\"><\/ws-wishlist><\/div><div class=\"group-media\"><div class=\"field-image\"><img decoding=\"async\" src=\"https:\/\/images.weserv.nl\/?url=https:\/\/static.apidae-tourisme.com\/filestore\/objets-touristiques\/images\/28\/100\/36135964-diaporama.jpg&#038;w=350&#038;h=350&#038;fit=cover&#038;output=webp&#038;q=45\" alt=\"SCI MJP5 \u2013 Harmonie Guillaud\"\/><\/div><\/div><div class=\"group-top\"><div class=\"field-commune\">Puy-Saint-Vincent<\/div><ws-apidae-from-price data-apidae-id=\"581066\" ><\/ws-apidae-from-price><\/div><div class=\"group-content\"><div class=\"field-title\">SCI MJP5 \u2013 Harmonie Guillaud<\/div><\/div><div class=\"field-link\" role=\"group\" aria-label=\"Lien vers le contenu\"><a href=\"https:\/\/www.paysdesecrins.com\/it\/fiche\/sci-mjp5-harmonie-guillaud-3\/\" class=\"cardlink\" title=\"Lire plus : SCI MJP5 \u2013 Harmonie Guillaud\" lang=\"it_IT\">SCI MJP5 \u2013 Harmonie Guillaud<\/a><\/div><\/div><\/div><div class=\"item\" data-season=\"all-seasons\"><div class=\"card card-apidae card-avance\"><div class=\"group-actions\"><ws-wishlist data-type=\"flag\" data-action=\"add\" data-wish-id=\"5353057\" data-wish-type=\"apidae\"><\/ws-wishlist><\/div><div class=\"group-media\"><div class=\"field-image\"><img decoding=\"async\" src=\"https:\/\/images.weserv.nl\/?url=https:\/\/static.apidae-tourisme.com\/filestore\/objets-touristiques\/images\/17\/109\/6778129-diaporama.jpg&#038;w=350&#038;h=350&#038;fit=cover&#038;output=webp&#038;q=45\" alt=\"Chaud Pascale et Bernard &#8220;Le Clos du S\u00e9l\u00e9&#8221;\"\/><\/div><\/div><div class=\"group-top\"><div class=\"field-commune\">Puy-Saint-Vincent<\/div><ws-apidae-from-price data-apidae-id=\"5353057\" ><\/ws-apidae-from-price><\/div><div class=\"group-content\"><div class=\"field-title\">Chaud Pascale et Bernard &#8220;Le Clos du S\u00e9l\u00e9&#8221;<\/div><\/div><div class=\"field-link\" role=\"group\" aria-label=\"Lien vers le contenu\"><a href=\"https:\/\/www.paysdesecrins.com\/it\/fiche\/chaud-pascale-et-bernard-le-clos-du-sele-4\/\" class=\"cardlink\" title=\"Lire plus : Chaud Pascale et Bernard &#8220;Le Clos du S\u00e9l\u00e9&#8221;\" lang=\"it_IT\">Chaud Pascale et Bernard &#8220;Le Clos du S\u00e9l\u00e9&#8221;<\/a><\/div><\/div><\/div><div class=\"item\" data-season=\"all-seasons\"><div class=\"card card-apidae card-avance\"><div class=\"group-actions\"><ws-wishlist data-type=\"flag\" data-action=\"add\" data-wish-id=\"635354\" data-wish-type=\"apidae\"><\/ws-wishlist><\/div><div class=\"group-media\"><div class=\"field-image\"><img decoding=\"async\" src=\"https:\/\/images.weserv.nl\/?url=https:\/\/static.apidae-tourisme.com\/filestore\/objets-touristiques\/images\/208\/217\/27449808-diaporama.jpg&#038;w=350&#038;h=350&#038;fit=cover&#038;output=webp&#038;q=45\" alt=\"Biermans Vincent et Ilonka \u2013 Appartement Alpelune\"\/><\/div><\/div><div class=\"group-top\"><div class=\"field-commune\">Puy-Saint-Vincent<\/div><ws-apidae-from-price data-apidae-id=\"635354\" ><\/ws-apidae-from-price><\/div><div class=\"group-content\"><div class=\"field-title\">Biermans Vincent et Ilonka \u2013 Appartement Alpelune<\/div><\/div><div class=\"field-link\" role=\"group\" aria-label=\"Lien vers le contenu\"><a href=\"https:\/\/www.paysdesecrins.com\/it\/fiche\/biermans-vincent-et-ilonka-appartement-alpelune-3\/\" class=\"cardlink\" title=\"Lire plus : Biermans Vincent et Ilonka \u2013 Appartement Alpelune\" lang=\"it_IT\">Biermans Vincent et Ilonka \u2013 Appartement Alpelune<\/a><\/div><\/div><\/div><div class=\"item\" data-season=\"all-seasons\"><div class=\"card card-apidae card-avance\"><div class=\"group-actions\"><ws-wishlist data-type=\"flag\" data-action=\"add\" data-wish-id=\"7753862\" data-wish-type=\"apidae\"><\/ws-wishlist><\/div><div class=\"group-media\"><div class=\"field-image\"><img decoding=\"async\" src=\"https:\/\/images.weserv.nl\/?url=https:\/\/static.apidae-tourisme.com\/filestore\/objets-touristiques\/images\/101\/45\/39726437-diaporama.jpg&#038;w=350&#038;h=350&#038;fit=cover&#038;output=webp&#038;q=45\" alt=\"Le Pavec Mireille Appartement 210 Pendine 1\"\/><\/div><\/div><div class=\"group-top\"><div class=\"field-commune\">Puy-Saint-Vincent<\/div><ws-apidae-from-price data-apidae-id=\"7753862\" ><\/ws-apidae-from-price><\/div><div class=\"group-content\"><div class=\"field-title\">Le Pavec Mireille Appartement 210 Pendine 1<\/div><\/div><div class=\"field-link\" role=\"group\" aria-label=\"Lien vers le contenu\"><a href=\"https:\/\/www.paysdesecrins.com\/it\/fiche\/le-pavec-mireille-appartement-210-pendine-1-4\/\" class=\"cardlink\" title=\"Lire plus : Le Pavec Mireille Appartement 210 Pendine 1\" lang=\"it_IT\">Le Pavec Mireille Appartement 210 Pendine 1<\/a><\/div><\/div><\/div><div class=\"item\" data-season=\"all-seasons\"><div class=\"card card-apidae card-avance\"><div class=\"group-actions\"><ws-wishlist data-type=\"flag\" data-action=\"add\" data-wish-id=\"5054544\" data-wish-type=\"apidae\"><\/ws-wishlist><\/div><div class=\"group-media\"><div class=\"field-image\"><img decoding=\"async\" src=\"https:\/\/images.weserv.nl\/?url=https:\/\/www.paysdesecrins.com\/wp-content\/uploads\/2025\/06\/cropped-paysdesecrins.png&#038;w=350&#038;h=350&#038;fit=cover&#038;output=webp&#038;q=45\" alt=\"Tibat Samuel\"\/><\/div><\/div><div class=\"group-top\"><div class=\"field-commune\">Puy-Saint-Vincent<\/div><ws-apidae-from-price data-apidae-id=\"5054544\" ><\/ws-apidae-from-price><\/div><div class=\"group-content\"><div class=\"field-title\">Tibat Samuel<\/div><\/div><div class=\"field-link\" role=\"group\" aria-label=\"Lien vers le contenu\"><a href=\"https:\/\/www.paysdesecrins.com\/it\/fiche\/tibat-samuel-4\/\" class=\"cardlink\" title=\"Lire plus : Tibat Samuel\" lang=\"it_IT\">Tibat Samuel<\/a><\/div><\/div><\/div><div class=\"item\" data-season=\"all-seasons\"><div class=\"card card-apidae card-avance\"><div class=\"group-actions\"><ws-wishlist data-type=\"flag\" data-action=\"add\" data-wish-id=\"5052814\" data-wish-type=\"apidae\"><\/ws-wishlist><\/div><div class=\"group-media\"><div class=\"field-image\"><img decoding=\"async\" src=\"https:\/\/images.weserv.nl\/?url=https:\/\/www.paysdesecrins.com\/wp-content\/uploads\/2025\/06\/cropped-paysdesecrins.png&#038;w=350&#038;h=350&#038;fit=cover&#038;output=webp&#038;q=45\" alt=\"Tetard Patrice\"\/><\/div><\/div><div class=\"group-top\"><div class=\"field-commune\">Puy-Saint-Vincent<\/div><ws-apidae-from-price data-apidae-id=\"5052814\" ><\/ws-apidae-from-price><\/div><div class=\"group-content\"><div class=\"field-title\">Tetard Patrice<\/div><\/div><div class=\"field-link\" role=\"group\" aria-label=\"Lien vers le contenu\"><a href=\"https:\/\/www.paysdesecrins.com\/it\/fiche\/tetard-patrice-4\/\" class=\"cardlink\" title=\"Lire plus : Tetard Patrice\" lang=\"it_IT\">Tetard Patrice<\/a><\/div><\/div><\/div><div class=\"item\" data-season=\"all-seasons\"><div class=\"card card-apidae card-avance\"><div class=\"group-actions\"><ws-wishlist data-type=\"flag\" data-action=\"add\" data-wish-id=\"581467\" data-wish-type=\"apidae\"><\/ws-wishlist><\/div><div class=\"group-media\"><div class=\"field-image\"><img decoding=\"async\" src=\"https:\/\/images.weserv.nl\/?url=https:\/\/static.apidae-tourisme.com\/filestore\/objets-touristiques\/images\/233\/47\/37302249-diaporama.jpg&#038;w=350&#038;h=350&#038;fit=cover&#038;output=webp&#038;q=45\" alt=\"Appartement \u00e0 PSV 1400 \u2013  Del Rivero Guiseppi\"\/><\/div><\/div><div class=\"group-top\"><div class=\"field-commune\">Puy-Saint-Vincent<\/div><ws-apidae-from-price data-apidae-id=\"581467\" ><\/ws-apidae-from-price><\/div><div class=\"group-content\"><div class=\"field-title\">Appartement \u00e0 PSV 1400 \u2013  Del Rivero Guiseppi<\/div><\/div><div class=\"field-link\" role=\"group\" aria-label=\"Lien vers le contenu\"><a href=\"https:\/\/www.paysdesecrins.com\/it\/fiche\/appartement-a-psv-1400-del-rivero-guiseppi-2\/\" class=\"cardlink\" title=\"Lire plus : Appartement \u00e0 PSV 1400 \u2013  Del Rivero Guiseppi\" lang=\"it_IT\">Appartement \u00e0 PSV 1400 \u2013  Del Rivero Guiseppi<\/a><\/div><\/div><\/div><div class=\"item\" data-season=\"all-seasons\"><div class=\"card card-apidae card-avance\"><div class=\"group-actions\"><ws-wishlist data-type=\"flag\" data-action=\"add\" data-wish-id=\"5058544\" data-wish-type=\"apidae\"><\/ws-wishlist><\/div><div class=\"group-media\"><div class=\"field-image\"><img decoding=\"async\" src=\"https:\/\/images.weserv.nl\/?url=https:\/\/www.paysdesecrins.com\/wp-content\/uploads\/2025\/06\/cropped-paysdesecrins.png&#038;w=350&#038;h=350&#038;fit=cover&#038;output=webp&#038;q=45\" alt=\"Lapchin Pascal\"\/><\/div><\/div><div class=\"group-top\"><div class=\"field-commune\">Puy-Saint-Vincent<\/div><ws-apidae-from-price data-apidae-id=\"5058544\" ><\/ws-apidae-from-price><\/div><div class=\"group-content\"><div class=\"field-title\">Lapchin Pascal<\/div><\/div><div class=\"field-link\" role=\"group\" aria-label=\"Lien vers le contenu\"><a href=\"https:\/\/www.paysdesecrins.com\/it\/fiche\/lapchin-pascal-4\/\" class=\"cardlink\" title=\"Lire plus : Lapchin Pascal\" lang=\"it_IT\">Lapchin Pascal<\/a><\/div><\/div><\/div><div class=\"item\" data-season=\"all-seasons\"><div class=\"card card-apidae card-avance\"><div class=\"group-actions\"><ws-wishlist data-type=\"flag\" data-action=\"add\" data-wish-id=\"227361\" data-wish-type=\"apidae\"><\/ws-wishlist><\/div><div class=\"group-media\"><div class=\"field-image\"><img decoding=\"async\" src=\"https:\/\/images.weserv.nl\/?url=https:\/\/static.apidae-tourisme.com\/filestore\/objets-touristiques\/images\/147\/32\/925843-diaporama.jpg&#038;w=350&#038;h=350&#038;fit=cover&#038;output=webp&#038;q=45\" alt=\"R\u00e9sidence de Tourisme Les Gentianes\"\/><\/div><\/div><div class=\"group-top\"><div class=\"field-commune\">Puy-Saint-Vincent<\/div><ws-apidae-from-price data-apidae-id=\"227361\" ><\/ws-apidae-from-price><\/div><div class=\"group-content\"><div class=\"field-title\">R\u00e9sidence de Tourisme Les Gentianes<\/div><\/div><div class=\"field-link\" role=\"group\" aria-label=\"Lien vers le contenu\"><a href=\"https:\/\/www.paysdesecrins.com\/it\/fiche\/residence-de-tourisme-les-gentianes-4\/\" class=\"cardlink\" title=\"Lire plus : R\u00e9sidence de Tourisme Les Gentianes\" lang=\"it_IT\">R\u00e9sidence de Tourisme Les Gentianes<\/a><\/div><\/div><\/div><div class=\"item\" data-season=\"all-seasons\"><div class=\"card card-apidae card-avance\"><div class=\"group-actions\"><ws-wishlist data-type=\"flag\" data-action=\"add\" data-wish-id=\"5060542\" data-wish-type=\"apidae\"><\/ws-wishlist><\/div><div class=\"group-media\"><div class=\"field-image\"><img decoding=\"async\" src=\"https:\/\/images.weserv.nl\/?url=https:\/\/www.paysdesecrins.com\/wp-content\/uploads\/2025\/06\/cropped-paysdesecrins.png&#038;w=350&#038;h=350&#038;fit=cover&#038;output=webp&#038;q=45\" alt=\"Roulois Chantal\"\/><\/div><\/div><div class=\"group-top\"><div class=\"field-commune\">Puy-Saint-Vincent<\/div><ws-apidae-from-price data-apidae-id=\"5060542\" ><\/ws-apidae-from-price><\/div><div class=\"group-content\"><div class=\"field-title\">Roulois Chantal<\/div><\/div><div class=\"field-link\" role=\"group\" aria-label=\"Lien vers le contenu\"><a href=\"https:\/\/www.paysdesecrins.com\/it\/fiche\/roulois-chantal-4\/\" class=\"cardlink\" title=\"Lire plus : Roulois Chantal\" lang=\"it_IT\">Roulois Chantal<\/a><\/div><\/div><\/div><div class=\"item\" data-season=\"all-seasons\"><div class=\"card card-apidae card-avance\"><div class=\"group-actions\"><ws-wishlist data-type=\"flag\" data-action=\"add\" data-wish-id=\"581033\" data-wish-type=\"apidae\"><\/ws-wishlist><\/div><div class=\"group-media\"><div class=\"field-image\"><img decoding=\"async\" src=\"https:\/\/images.weserv.nl\/?url=https:\/\/static.apidae-tourisme.com\/filestore\/objets-touristiques\/images\/126\/67\/8930174-diaporama.jpg&#038;w=350&#038;h=350&#038;fit=cover&#038;output=webp&#038;q=45\" alt=\"Albert Pascale\"\/><\/div><\/div><div class=\"group-top\"><div class=\"field-commune\">Puy-Saint-Vincent<\/div><ws-apidae-from-price data-apidae-id=\"581033\" ><\/ws-apidae-from-price><\/div><div class=\"group-content\"><div class=\"field-title\">Albert Pascale<\/div><\/div><div class=\"field-link\" role=\"group\" aria-label=\"Lien vers le contenu\"><a href=\"https:\/\/www.paysdesecrins.com\/it\/fiche\/albert-pascale-4\/\" class=\"cardlink\" title=\"Lire plus : Albert Pascale\" lang=\"it_IT\">Albert Pascale<\/a><\/div><\/div><\/div><div class=\"item\" data-season=\"all-seasons\"><div class=\"card card-apidae card-avance\"><div class=\"group-actions\"><ws-wishlist data-type=\"flag\" data-action=\"add\" data-wish-id=\"5055569\" data-wish-type=\"apidae\"><\/ws-wishlist><\/div><div class=\"group-media\"><div class=\"field-image\"><img decoding=\"async\" src=\"https:\/\/images.weserv.nl\/?url=https:\/\/www.paysdesecrins.com\/wp-content\/uploads\/2025\/06\/cropped-paysdesecrins.png&#038;w=350&#038;h=350&#038;fit=cover&#038;output=webp&#038;q=45\" alt=\"Mancino Jonathan\"\/><\/div><\/div><div class=\"group-top\"><div class=\"field-commune\">Puy-Saint-Vincent<\/div><ws-apidae-from-price data-apidae-id=\"5055569\" ><\/ws-apidae-from-price><\/div><div class=\"group-content\"><div class=\"field-title\">Mancino Jonathan<\/div><\/div><div class=\"field-link\" role=\"group\" aria-label=\"Lien vers le contenu\"><a href=\"https:\/\/www.paysdesecrins.com\/it\/fiche\/mancino-jonathan-4\/\" class=\"cardlink\" title=\"Lire plus : Mancino Jonathan\" lang=\"it_IT\">Mancino Jonathan<\/a><\/div><\/div><\/div><div class=\"item\" data-season=\"all-seasons\"><div class=\"card card-apidae card-avance\"><div class=\"group-actions\"><ws-wishlist data-type=\"flag\" data-action=\"add\" data-wish-id=\"5055798\" data-wish-type=\"apidae\"><\/ws-wishlist><\/div><div class=\"group-media\"><div class=\"field-image\"><img decoding=\"async\" src=\"https:\/\/images.weserv.nl\/?url=https:\/\/www.paysdesecrins.com\/wp-content\/uploads\/2025\/06\/cropped-paysdesecrins.png&#038;w=350&#038;h=350&#038;fit=cover&#038;output=webp&#038;q=45\" alt=\"SCI l&#8217;Ecureuil\"\/><\/div><\/div><div class=\"group-top\"><div class=\"field-commune\">Puy-Saint-Vincent<\/div><ws-apidae-from-price data-apidae-id=\"5055798\" ><\/ws-apidae-from-price><\/div><div class=\"group-content\"><div class=\"field-title\">SCI l&#8217;Ecureuil<\/div><\/div><div class=\"field-link\" role=\"group\" aria-label=\"Lien vers le contenu\"><a href=\"https:\/\/www.paysdesecrins.com\/it\/fiche\/sci-lecureuil-4\/\" class=\"cardlink\" title=\"Lire plus : SCI l&#8217;Ecureuil\" lang=\"it_IT\">SCI l&#8217;Ecureuil<\/a><\/div><\/div><\/div><div class=\"item\" data-season=\"all-seasons\"><div class=\"card card-apidae card-avance\"><div class=\"group-actions\"><ws-wishlist data-type=\"flag\" data-action=\"add\" data-wish-id=\"5052650\" data-wish-type=\"apidae\"><\/ws-wishlist><\/div><div class=\"group-media\"><div class=\"field-image\"><img decoding=\"async\" src=\"https:\/\/images.weserv.nl\/?url=https:\/\/www.paysdesecrins.com\/wp-content\/uploads\/2025\/06\/cropped-paysdesecrins.png&#038;w=350&#038;h=350&#038;fit=cover&#038;output=webp&#038;q=45\" alt=\"Dutto Chantal\"\/><\/div><\/div><div class=\"group-top\"><div class=\"field-commune\">Puy-Saint-Vincent<\/div><ws-apidae-from-price data-apidae-id=\"5052650\" ><\/ws-apidae-from-price><\/div><div class=\"group-content\"><div class=\"field-title\">Dutto Chantal<\/div><\/div><div class=\"field-link\" role=\"group\" aria-label=\"Lien vers le contenu\"><a href=\"https:\/\/www.paysdesecrins.com\/it\/fiche\/dutto-chantal-4\/\" class=\"cardlink\" title=\"Lire plus : Dutto Chantal\" lang=\"it_IT\">Dutto Chantal<\/a><\/div><\/div><\/div><div class=\"item\" data-season=\"all-seasons\"><div class=\"card card-apidae card-avance\"><div class=\"group-actions\"><ws-wishlist data-type=\"flag\" data-action=\"add\" data-wish-id=\"4875684\" data-wish-type=\"apidae\"><\/ws-wishlist><\/div><div class=\"group-media\"><div class=\"field-image\"><img decoding=\"async\" src=\"https:\/\/images.weserv.nl\/?url=https:\/\/static.apidae-tourisme.com\/filestore\/objets-touristiques\/images\/103\/109\/3370343-diaporama.jpg&#038;w=350&#038;h=350&#038;fit=cover&#038;output=webp&#038;q=45\" alt=\"Appartement PSV 1800 \u2013 Obrembski Yannick\"\/><\/div><\/div><div class=\"group-top\"><div class=\"field-commune\">Puy-Saint-Vincent<\/div><ws-apidae-from-price data-apidae-id=\"4875684\" ><\/ws-apidae-from-price><\/div><div class=\"group-content\"><div class=\"field-title\">Appartement PSV 1800 \u2013 Obrembski Yannick<\/div><\/div><div class=\"field-link\" role=\"group\" aria-label=\"Lien vers le contenu\"><a href=\"https:\/\/www.paysdesecrins.com\/it\/fiche\/appartement-psv-1800-obrembski-yannick-2\/\" class=\"cardlink\" title=\"Lire plus : Appartement PSV 1800 \u2013 Obrembski Yannick\" lang=\"it_IT\">Appartement PSV 1800 \u2013 Obrembski Yannick<\/a><\/div><\/div><\/div><div class=\"item\" data-season=\"all-seasons\"><div class=\"card card-apidae card-avance\"><div class=\"group-actions\"><ws-wishlist data-type=\"flag\" data-action=\"add\" data-wish-id=\"589387\" data-wish-type=\"apidae\"><\/ws-wishlist><\/div><div class=\"group-media\"><div class=\"field-image\"><img decoding=\"async\" src=\"https:\/\/images.weserv.nl\/?url=https:\/\/static.apidae-tourisme.com\/filestore\/objets-touristiques\/images\/60\/200\/36161596-diaporama.jpg&#038;w=350&#038;h=350&#038;fit=cover&#038;output=webp&#038;q=45\" alt=\"La Pendine PSV 1600 \u2013 Chastenet G\u00e9rard\"\/><\/div><\/div><div class=\"group-top\"><div class=\"field-commune\">Puy-Saint-Vincent<\/div><ws-apidae-from-price data-apidae-id=\"589387\" ><\/ws-apidae-from-price><\/div><div class=\"group-content\"><div class=\"field-title\">La Pendine PSV 1600 \u2013 Chastenet G\u00e9rard<\/div><\/div><div class=\"field-link\" role=\"group\" aria-label=\"Lien vers le contenu\"><a href=\"https:\/\/www.paysdesecrins.com\/it\/fiche\/la-pendine-psv-1600-chastenet-gerard-4\/\" class=\"cardlink\" title=\"Lire plus : La Pendine PSV 1600 \u2013 Chastenet G\u00e9rard\" lang=\"it_IT\">La Pendine PSV 1600 \u2013 Chastenet G\u00e9rard<\/a><\/div><\/div><\/div><div class=\"item\" data-season=\"all-seasons\"><div class=\"card card-apidae card-avance\"><div class=\"group-actions\"><ws-wishlist data-type=\"flag\" data-action=\"add\" data-wish-id=\"586976\" data-wish-type=\"apidae\"><\/ws-wishlist><\/div><div class=\"group-media\"><div class=\"field-image\"><img decoding=\"async\" src=\"https:\/\/images.weserv.nl\/?url=https:\/\/static.apidae-tourisme.com\/filestore\/objets-touristiques\/images\/104\/62\/933480-diaporama.jpg&#038;w=350&#038;h=350&#038;fit=cover&#038;output=webp&#038;q=45\" alt=\"Conocar Nadine \u2013 PSV 1600\"\/><\/div><\/div><div class=\"group-top\"><div class=\"field-commune\">Puy-Saint-Vincent<\/div><ws-apidae-from-price data-apidae-id=\"586976\" ><\/ws-apidae-from-price><\/div><div class=\"group-content\"><div class=\"field-title\">Conocar Nadine \u2013 PSV 1600<\/div><\/div><div class=\"field-link\" role=\"group\" aria-label=\"Lien vers le contenu\"><a href=\"https:\/\/www.paysdesecrins.com\/it\/fiche\/conocar-nadine-psv-1600-3\/\" class=\"cardlink\" title=\"Lire plus : Conocar Nadine \u2013 PSV 1600\" lang=\"it_IT\">Conocar Nadine \u2013 PSV 1600<\/a><\/div><\/div><\/div><div class=\"item\" data-season=\"all-seasons\"><div class=\"card card-apidae card-avance\"><div class=\"group-actions\"><ws-wishlist data-type=\"flag\" data-action=\"add\" data-wish-id=\"5054436\" data-wish-type=\"apidae\"><\/ws-wishlist><\/div><div class=\"group-media\"><div class=\"field-image\"><img decoding=\"async\" src=\"https:\/\/images.weserv.nl\/?url=https:\/\/www.paysdesecrins.com\/wp-content\/uploads\/2025\/06\/cropped-paysdesecrins.png&#038;w=350&#038;h=350&#038;fit=cover&#038;output=webp&#038;q=45\" alt=\"Faiola Antoine\"\/><\/div><\/div><div class=\"group-top\"><div class=\"field-commune\">Puy-Saint-Vincent<\/div><ws-apidae-from-price data-apidae-id=\"5054436\" ><\/ws-apidae-from-price><\/div><div class=\"group-content\"><div class=\"field-title\">Faiola Antoine<\/div><\/div><div class=\"field-link\" role=\"group\" aria-label=\"Lien vers le contenu\"><a href=\"https:\/\/www.paysdesecrins.com\/it\/fiche\/faiola-antoine-4\/\" class=\"cardlink\" title=\"Lire plus : Faiola Antoine\" lang=\"it_IT\">Faiola Antoine<\/a><\/div><\/div><\/div><div class=\"item\" data-season=\"all-seasons\"><div class=\"card card-apidae card-avance\"><div class=\"group-actions\"><ws-wishlist data-type=\"flag\" data-action=\"add\" data-wish-id=\"5058064\" data-wish-type=\"apidae\"><\/ws-wishlist><\/div><div class=\"group-media\"><div class=\"field-image\"><img decoding=\"async\" src=\"https:\/\/images.weserv.nl\/?url=https:\/\/www.paysdesecrins.com\/wp-content\/uploads\/2025\/06\/cropped-paysdesecrins.png&#038;w=350&#038;h=350&#038;fit=cover&#038;output=webp&#038;q=45\" alt=\"Mottet Eric\"\/><\/div><\/div><div class=\"group-top\"><div class=\"field-commune\">Puy-Saint-Vincent<\/div><ws-apidae-from-price data-apidae-id=\"5058064\" ><\/ws-apidae-from-price><\/div><div class=\"group-content\"><div class=\"field-title\">Mottet Eric<\/div><\/div><div class=\"field-link\" role=\"group\" aria-label=\"Lien vers le contenu\"><a href=\"https:\/\/www.paysdesecrins.com\/it\/fiche\/mottet-eric-4\/\" class=\"cardlink\" title=\"Lire plus : Mottet Eric\" lang=\"it_IT\">Mottet Eric<\/a><\/div><\/div><\/div><div class=\"item\" data-season=\"all-seasons\"><div class=\"card card-apidae card-avance\"><div class=\"group-actions\"><ws-wishlist data-type=\"flag\" data-action=\"add\" data-wish-id=\"5052607\" data-wish-type=\"apidae\"><\/ws-wishlist><\/div><div class=\"group-media\"><div class=\"field-image\"><img decoding=\"async\" src=\"https:\/\/images.weserv.nl\/?url=https:\/\/www.paysdesecrins.com\/wp-content\/uploads\/2025\/06\/cropped-paysdesecrins.png&#038;w=350&#038;h=350&#038;fit=cover&#038;output=webp&#038;q=45\" alt=\"Soustelle Bernard\"\/><\/div><\/div><div class=\"group-top\"><div class=\"field-commune\">Puy-Saint-Vincent<\/div><ws-apidae-from-price data-apidae-id=\"5052607\" ><\/ws-apidae-from-price><\/div><div class=\"group-content\"><div class=\"field-title\">Soustelle Bernard<\/div><\/div><div class=\"field-link\" role=\"group\" aria-label=\"Lien vers le contenu\"><a href=\"https:\/\/www.paysdesecrins.com\/it\/fiche\/soustelle-bernard-4\/\" class=\"cardlink\" title=\"Lire plus : Soustelle Bernard\" lang=\"it_IT\">Soustelle Bernard<\/a><\/div><\/div><\/div><div class=\"item\" data-season=\"all-seasons\"><div class=\"card card-apidae card-avance\"><div class=\"group-actions\"><ws-wishlist data-type=\"flag\" data-action=\"add\" data-wish-id=\"5053012\" data-wish-type=\"apidae\"><\/ws-wishlist><\/div><div class=\"group-media\"><div class=\"field-image\"><img decoding=\"async\" src=\"https:\/\/images.weserv.nl\/?url=https:\/\/static.apidae-tourisme.com\/filestore\/objets-touristiques\/images\/16\/226\/6677008-diaporama.jpg&#038;w=350&#038;h=350&#038;fit=cover&#038;output=webp&#038;q=45\" alt=\"Saphir 1700 PSV \u2013 Coussement Maurice\"\/><\/div><\/div><div class=\"group-top\"><div class=\"field-commune\">Puy-Saint-Vincent<\/div><ws-apidae-from-price data-apidae-id=\"5053012\" ><\/ws-apidae-from-price><\/div><div class=\"group-content\"><div class=\"field-title\">Saphir 1700 PSV \u2013 Coussement Maurice<\/div><\/div><div class=\"field-link\" role=\"group\" aria-label=\"Lien vers le contenu\"><a href=\"https:\/\/www.paysdesecrins.com\/it\/fiche\/saphir-1700-psv-coussement-maurice-3\/\" class=\"cardlink\" title=\"Lire plus : Saphir 1700 PSV \u2013 Coussement Maurice\" lang=\"it_IT\">Saphir 1700 PSV \u2013 Coussement Maurice<\/a><\/div><\/div><\/div><div class=\"item\" data-season=\"all-seasons\"><div class=\"card card-apidae card-avance\"><div class=\"group-actions\"><ws-wishlist data-type=\"flag\" data-action=\"add\" data-wish-id=\"592782\" data-wish-type=\"apidae\"><\/ws-wishlist><\/div><div class=\"group-media\"><div class=\"field-image\"><img decoding=\"async\" src=\"https:\/\/images.weserv.nl\/?url=https:\/\/static.apidae-tourisme.com\/filestore\/objets-touristiques\/images\/54\/54\/3421750-diaporama.jpg&#038;w=350&#038;h=350&#038;fit=cover&#038;output=webp&#038;q=45\" alt=\"CROCE Richard\"\/><\/div><\/div><div class=\"group-top\"><div class=\"field-commune\">Puy-Saint-Vincent<\/div><ws-apidae-from-price data-apidae-id=\"592782\" ><\/ws-apidae-from-price><\/div><div class=\"group-content\"><div class=\"field-title\">CROCE Richard<\/div><\/div><div class=\"field-link\" role=\"group\" aria-label=\"Lien vers le contenu\"><a href=\"https:\/\/www.paysdesecrins.com\/it\/fiche\/croce-richard-3\/\" class=\"cardlink\" title=\"Lire plus : CROCE Richard\" lang=\"it_IT\">CROCE Richard<\/a><\/div><\/div><\/div><div class=\"item\" data-season=\"all-seasons\"><div class=\"card card-apidae card-avance\"><div class=\"group-actions\"><ws-wishlist data-type=\"flag\" data-action=\"add\" data-wish-id=\"588932\" data-wish-type=\"apidae\"><\/ws-wishlist><\/div><div class=\"group-media\"><div class=\"field-image\"><img decoding=\"async\" src=\"https:\/\/images.weserv.nl\/?url=https:\/\/static.apidae-tourisme.com\/filestore\/objets-touristiques\/images\/237\/207\/19517421-diaporama.jpg&#038;w=350&#038;h=350&#038;fit=cover&#038;output=webp&#038;q=45\" alt=\"Conocar Delbecque Andr\u00e9e\"\/><\/div><\/div><div class=\"group-top\"><div class=\"field-commune\">Puy-Saint-Vincent<\/div><ws-apidae-from-price data-apidae-id=\"588932\" ><\/ws-apidae-from-price><\/div><div class=\"group-content\"><div class=\"field-title\">Conocar Delbecque Andr\u00e9e<\/div><\/div><div class=\"field-link\" role=\"group\" aria-label=\"Lien vers le contenu\"><a href=\"https:\/\/www.paysdesecrins.com\/it\/fiche\/conocar-delbecque-andree-3\/\" class=\"cardlink\" title=\"Lire plus : Conocar Delbecque Andr\u00e9e\" lang=\"it_IT\">Conocar Delbecque Andr\u00e9e<\/a><\/div><\/div><\/div><div class=\"item\" data-season=\"all-seasons\"><div class=\"card card-apidae card-avance\"><div class=\"group-actions\"><ws-wishlist data-type=\"flag\" data-action=\"add\" data-wish-id=\"6680098\" data-wish-type=\"apidae\"><\/ws-wishlist><\/div><div class=\"group-media\"><div class=\"field-image\"><img decoding=\"async\" src=\"https:\/\/images.weserv.nl\/?url=https:\/\/static.apidae-tourisme.com\/filestore\/objets-touristiques\/images\/41\/28\/19274793-diaporama.jpg&#038;w=350&#038;h=350&#038;fit=cover&#038;output=webp&#038;q=45\" alt=\"Michelon Magali \u2013 Appartement les Bans\"\/><\/div><\/div><div class=\"group-top\"><div class=\"field-commune\">Puy-Saint-Vincent<\/div><ws-apidae-from-price data-apidae-id=\"6680098\" ><\/ws-apidae-from-price><\/div><div class=\"group-content\"><div class=\"field-title\">Michelon Magali \u2013 Appartement les Bans<\/div><\/div><div class=\"field-link\" role=\"group\" aria-label=\"Lien vers le contenu\"><a href=\"https:\/\/www.paysdesecrins.com\/it\/fiche\/michelon-magali-appartement-les-bans-4\/\" class=\"cardlink\" title=\"Lire plus : Michelon Magali \u2013 Appartement les Bans\" lang=\"it_IT\">Michelon Magali \u2013 Appartement les Bans<\/a><\/div><\/div><\/div><div class=\"item\" data-season=\"all-seasons\"><div class=\"card card-apidae card-avance\"><div class=\"group-actions\"><ws-wishlist data-type=\"flag\" data-action=\"add\" data-wish-id=\"5058156\" data-wish-type=\"apidae\"><\/ws-wishlist><\/div><div class=\"group-media\"><div class=\"field-image\"><img decoding=\"async\" src=\"https:\/\/images.weserv.nl\/?url=https:\/\/www.paysdesecrins.com\/wp-content\/uploads\/2025\/06\/cropped-paysdesecrins.png&#038;w=350&#038;h=350&#038;fit=cover&#038;output=webp&#038;q=45\" alt=\"Chaud Francis\"\/><\/div><\/div><div class=\"group-top\"><div class=\"field-commune\">Puy-Saint-Vincent<\/div><ws-apidae-from-price data-apidae-id=\"5058156\" ><\/ws-apidae-from-price><\/div><div class=\"group-content\"><div class=\"field-title\">Chaud Francis<\/div><\/div><div class=\"field-link\" role=\"group\" aria-label=\"Lien vers le contenu\"><a href=\"https:\/\/www.paysdesecrins.com\/it\/fiche\/chaud-francis-4\/\" class=\"cardlink\" title=\"Lire plus : Chaud Francis\" lang=\"it_IT\">Chaud Francis<\/a><\/div><\/div><\/div><div class=\"item\" data-season=\"all-seasons\"><div class=\"card card-apidae card-avance\"><div class=\"group-actions\"><ws-wishlist data-type=\"flag\" data-action=\"add\" data-wish-id=\"5099973\" data-wish-type=\"apidae\"><\/ws-wishlist><\/div><div class=\"group-media\"><div class=\"field-image\"><img decoding=\"async\" src=\"https:\/\/images.weserv.nl\/?url=https:\/\/static.apidae-tourisme.com\/filestore\/objets-touristiques\/images\/49\/214\/6936113-diaporama.jpg&#038;w=350&#038;h=350&#038;fit=cover&#038;output=webp&#038;q=45\" alt=\"Chalet La Belle Vie \u2013 Van Der Valk Valentin\"\/><\/div><\/div><div class=\"group-top\"><div class=\"field-commune\">Puy-Saint-Vincent<\/div><ws-apidae-from-price data-apidae-id=\"5099973\" ><\/ws-apidae-from-price><\/div><div class=\"group-content\"><div class=\"field-title\">Chalet La Belle Vie \u2013 Van Der Valk Valentin<\/div><\/div><div class=\"field-link\" role=\"group\" aria-label=\"Lien vers le contenu\"><a href=\"https:\/\/www.paysdesecrins.com\/it\/fiche\/chalet-la-belle-vie-van-der-valk-valentin-3\/\" class=\"cardlink\" title=\"Lire plus : Chalet La Belle Vie \u2013 Van Der Valk Valentin\" lang=\"it_IT\">Chalet La Belle Vie \u2013 Van Der Valk Valentin<\/a><\/div><\/div><\/div><div class=\"item\" data-season=\"all-seasons\"><div class=\"card card-apidae card-avance\"><div class=\"group-actions\"><ws-wishlist data-type=\"flag\" data-action=\"add\" data-wish-id=\"5052994\" data-wish-type=\"apidae\"><\/ws-wishlist><\/div><div class=\"group-media\"><div class=\"field-image\"><img decoding=\"async\" src=\"https:\/\/images.weserv.nl\/?url=https:\/\/www.paysdesecrins.com\/wp-content\/uploads\/2025\/06\/cropped-paysdesecrins.png&#038;w=350&#038;h=350&#038;fit=cover&#038;output=webp&#038;q=45\" alt=\"Masouye Olivier\"\/><\/div><\/div><div class=\"group-top\"><div class=\"field-commune\">Puy-Saint-Vincent<\/div><ws-apidae-from-price data-apidae-id=\"5052994\" ><\/ws-apidae-from-price><\/div><div class=\"group-content\"><div class=\"field-title\">Masouye Olivier<\/div><\/div><div class=\"field-link\" role=\"group\" aria-label=\"Lien vers le contenu\"><a href=\"https:\/\/www.paysdesecrins.com\/it\/fiche\/masouye-olivier-4\/\" class=\"cardlink\" title=\"Lire plus : Masouye Olivier\" lang=\"it_IT\">Masouye Olivier<\/a><\/div><\/div><\/div><div class=\"item\" data-season=\"all-seasons\"><div class=\"card card-apidae card-avance\"><div class=\"group-actions\"><ws-wishlist data-type=\"flag\" data-action=\"add\" data-wish-id=\"5054603\" data-wish-type=\"apidae\"><\/ws-wishlist><\/div><div class=\"group-media\"><div class=\"field-image\"><img decoding=\"async\" src=\"https:\/\/images.weserv.nl\/?url=https:\/\/www.paysdesecrins.com\/wp-content\/uploads\/2025\/06\/cropped-paysdesecrins.png&#038;w=350&#038;h=350&#038;fit=cover&#038;output=webp&#038;q=45\" alt=\"Boudin Yvette\"\/><\/div><\/div><div class=\"group-top\"><div class=\"field-commune\">Puy-Saint-Vincent<\/div><ws-apidae-from-price data-apidae-id=\"5054603\" ><\/ws-apidae-from-price><\/div><div class=\"group-content\"><div class=\"field-title\">Boudin Yvette<\/div><\/div><div class=\"field-link\" role=\"group\" aria-label=\"Lien vers le contenu\"><a href=\"https:\/\/www.paysdesecrins.com\/it\/fiche\/boudin-yvette-4\/\" class=\"cardlink\" title=\"Lire plus : Boudin Yvette\" lang=\"it_IT\">Boudin Yvette<\/a><\/div><\/div><\/div><div class=\"item\" data-season=\"all-seasons\"><div class=\"card card-apidae card-avance\"><div class=\"group-actions\"><ws-wishlist data-type=\"flag\" data-action=\"add\" data-wish-id=\"5054658\" data-wish-type=\"apidae\"><\/ws-wishlist><\/div><div class=\"group-media\"><div class=\"field-image\"><img decoding=\"async\" src=\"https:\/\/images.weserv.nl\/?url=https:\/\/www.paysdesecrins.com\/wp-content\/uploads\/2025\/06\/cropped-paysdesecrins.png&#038;w=350&#038;h=350&#038;fit=cover&#038;output=webp&#038;q=45\" alt=\"Bernard Alain\"\/><\/div><\/div><div class=\"group-top\"><div class=\"field-commune\">Puy-Saint-Vincent<\/div><ws-apidae-from-price data-apidae-id=\"5054658\" ><\/ws-apidae-from-price><\/div><div class=\"group-content\"><div class=\"field-title\">Bernard Alain<\/div><\/div><div class=\"field-link\" role=\"group\" aria-label=\"Lien vers le contenu\"><a href=\"https:\/\/www.paysdesecrins.com\/it\/fiche\/bernard-alain-4\/\" class=\"cardlink\" title=\"Lire plus : Bernard Alain\" lang=\"it_IT\">Bernard Alain<\/a><\/div><\/div><\/div><div class=\"item\" data-season=\"all-seasons\"><div class=\"card card-apidae card-avance\"><div class=\"group-actions\"><ws-wishlist data-type=\"flag\" data-action=\"add\" data-wish-id=\"4850548\" data-wish-type=\"apidae\"><\/ws-wishlist><\/div><div class=\"group-media\"><div class=\"field-image\"><img decoding=\"async\" src=\"https:\/\/images.weserv.nl\/?url=https:\/\/www.paysdesecrins.com\/wp-content\/uploads\/2025\/06\/cropped-paysdesecrins.png&#038;w=350&#038;h=350&#038;fit=cover&#038;output=webp&#038;q=45\" alt=\"Xixons Annick\"\/><\/div><\/div><div class=\"group-top\"><div class=\"field-commune\">Puy-Saint-Vincent<\/div><ws-apidae-from-price data-apidae-id=\"4850548\" ><\/ws-apidae-from-price><\/div><div class=\"group-content\"><div class=\"field-title\">Xixons Annick<\/div><\/div><div class=\"field-link\" role=\"group\" aria-label=\"Lien vers le contenu\"><a href=\"https:\/\/www.paysdesecrins.com\/it\/fiche\/xixons-annick-4\/\" class=\"cardlink\" title=\"Lire plus : Xixons Annick\" lang=\"it_IT\">Xixons Annick<\/a><\/div><\/div><\/div><div class=\"item\" data-season=\"all-seasons\"><div class=\"card card-apidae card-avance\"><div class=\"group-actions\"><ws-wishlist data-type=\"flag\" data-action=\"add\" data-wish-id=\"5823625\" data-wish-type=\"apidae\"><\/ws-wishlist><\/div><div class=\"group-media\"><div class=\"field-image\"><img decoding=\"async\" src=\"https:\/\/images.weserv.nl\/?url=https:\/\/static.apidae-tourisme.com\/filestore\/objets-touristiques\/images\/31\/33\/9969951-diaporama.jpg&#038;w=350&#038;h=350&#038;fit=cover&#038;output=webp&#038;q=45\" alt=\"Val\u00e9ry Vincent Chalet Prey d&#8217;Aval\"\/><\/div><\/div><div class=\"group-top\"><div class=\"field-commune\">Puy-Saint-Vincent<\/div><ws-apidae-from-price data-apidae-id=\"5823625\" ><\/ws-apidae-from-price><\/div><div class=\"group-content\"><div class=\"field-title\">Val\u00e9ry Vincent Chalet Prey d&#8217;Aval<\/div><\/div><div class=\"field-link\" role=\"group\" aria-label=\"Lien vers le contenu\"><a href=\"https:\/\/www.paysdesecrins.com\/it\/fiche\/valery-vincent-chalet-prey-daval-4\/\" class=\"cardlink\" title=\"Lire plus : Val\u00e9ry Vincent Chalet Prey d&#8217;Aval\" lang=\"it_IT\">Val\u00e9ry Vincent Chalet Prey d&#8217;Aval<\/a><\/div><\/div><\/div><div class=\"item\" data-season=\"all-seasons\"><div class=\"card card-apidae card-avance\"><div class=\"group-actions\"><ws-wishlist data-type=\"flag\" data-action=\"add\" data-wish-id=\"5054460\" data-wish-type=\"apidae\"><\/ws-wishlist><\/div><div class=\"group-media\"><div class=\"field-image\"><img decoding=\"async\" src=\"https:\/\/images.weserv.nl\/?url=https:\/\/www.paysdesecrins.com\/wp-content\/uploads\/2025\/06\/cropped-paysdesecrins.png&#038;w=350&#038;h=350&#038;fit=cover&#038;output=webp&#038;q=45\" alt=\"Goarnisson Marie-Th\u00e9r\u00e8se\"\/><\/div><\/div><div class=\"group-top\"><div class=\"field-commune\">Puy-Saint-Vincent<\/div><ws-apidae-from-price data-apidae-id=\"5054460\" ><\/ws-apidae-from-price><\/div><div class=\"group-content\"><div class=\"field-title\">Goarnisson Marie-Th\u00e9r\u00e8se<\/div><\/div><div class=\"field-link\" role=\"group\" aria-label=\"Lien vers le contenu\"><a href=\"https:\/\/www.paysdesecrins.com\/it\/fiche\/goarnisson-marie-therese-4\/\" class=\"cardlink\" title=\"Lire plus : Goarnisson Marie-Th\u00e9r\u00e8se\" lang=\"it_IT\">Goarnisson Marie-Th\u00e9r\u00e8se<\/a><\/div><\/div><\/div><div class=\"item\" data-season=\"all-seasons\"><div class=\"card card-apidae card-avance\"><div class=\"group-actions\"><ws-wishlist data-type=\"flag\" data-action=\"add\" data-wish-id=\"6230884\" data-wish-type=\"apidae\"><\/ws-wishlist><\/div><div class=\"group-media\"><div class=\"field-image\"><img decoding=\"async\" src=\"https:\/\/images.weserv.nl\/?url=https:\/\/static.apidae-tourisme.com\/filestore\/objets-touristiques\/images\/114\/222\/14671474-diaporama.jpg&#038;w=350&#038;h=350&#038;fit=cover&#038;output=webp&#038;q=45\" alt=\"Mercier Luc \u2013 Les Gentianes\"\/><\/div><\/div><div class=\"group-top\"><div class=\"field-commune\">Puy-Saint-Vincent<\/div><ws-apidae-from-price data-apidae-id=\"6230884\" ><\/ws-apidae-from-price><\/div><div class=\"group-content\"><div class=\"field-title\">Mercier Luc \u2013 Les Gentianes<\/div><\/div><div class=\"field-link\" role=\"group\" aria-label=\"Lien vers le contenu\"><a href=\"https:\/\/www.paysdesecrins.com\/it\/fiche\/mercier-luc-les-gentianes-4\/\" class=\"cardlink\" title=\"Lire plus : Mercier Luc \u2013 Les Gentianes\" lang=\"it_IT\">Mercier Luc \u2013 Les Gentianes<\/a><\/div><\/div><\/div><div class=\"item\" data-season=\"all-seasons\"><div class=\"card card-apidae card-avance\"><div class=\"group-actions\"><ws-wishlist data-type=\"flag\" data-action=\"add\" data-wish-id=\"4991512\" data-wish-type=\"apidae\"><\/ws-wishlist><\/div><div class=\"group-media\"><div class=\"field-image\"><img decoding=\"async\" src=\"https:\/\/images.weserv.nl\/?url=https:\/\/static.apidae-tourisme.com\/filestore\/objets-touristiques\/images\/101\/6\/4195941-diaporama.jpg&#038;w=350&#038;h=350&#038;fit=cover&#038;output=webp&#038;q=45\" alt=\"Pelen R\u00e9gis \u2013 Le Travers 1\"\/><\/div><\/div><div class=\"group-top\"><div class=\"field-commune\">Puy-Saint-Vincent<\/div><ws-apidae-from-price data-apidae-id=\"4991512\" ><\/ws-apidae-from-price><\/div><div class=\"group-content\"><div class=\"field-title\">Pelen R\u00e9gis \u2013 Le Travers 1<\/div><\/div><div class=\"field-link\" role=\"group\" aria-label=\"Lien vers le contenu\"><a href=\"https:\/\/www.paysdesecrins.com\/it\/fiche\/pelen-regis-le-travers-1-4\/\" class=\"cardlink\" title=\"Lire plus : Pelen R\u00e9gis \u2013 Le Travers 1\" lang=\"it_IT\">Pelen R\u00e9gis \u2013 Le Travers 1<\/a><\/div><\/div><\/div><div class=\"item\" data-season=\"all-seasons\"><div class=\"card card-apidae card-avance\"><div class=\"group-actions\"><ws-wishlist data-type=\"flag\" data-action=\"add\" data-wish-id=\"581375\" data-wish-type=\"apidae\"><\/ws-wishlist><\/div><div class=\"group-media\"><div class=\"field-image\"><img decoding=\"async\" src=\"https:\/\/images.weserv.nl\/?url=https:\/\/static.apidae-tourisme.com\/filestore\/objets-touristiques\/images\/252\/110\/8875772-diaporama.jpg&#038;w=350&#038;h=350&#038;fit=cover&#038;output=webp&#038;q=45\" alt=\"Gully Monique\"\/><\/div><\/div><div class=\"group-top\"><div class=\"field-commune\">Puy-Saint-Vincent<\/div><ws-apidae-from-price data-apidae-id=\"581375\" ><\/ws-apidae-from-price><\/div><div class=\"group-content\"><div class=\"field-title\">Gully Monique<\/div><\/div><div class=\"field-link\" role=\"group\" aria-label=\"Lien vers le contenu\"><a href=\"https:\/\/www.paysdesecrins.com\/it\/fiche\/gully-monique-3\/\" class=\"cardlink\" title=\"Lire plus : Gully Monique\" lang=\"it_IT\">Gully Monique<\/a><\/div><\/div><\/div><div class=\"item\" data-season=\"all-seasons\"><div class=\"card card-apidae card-avance\"><div class=\"group-actions\"><ws-wishlist data-type=\"flag\" data-action=\"add\" data-wish-id=\"5054456\" data-wish-type=\"apidae\"><\/ws-wishlist><\/div><div class=\"group-media\"><div class=\"field-image\"><img decoding=\"async\" src=\"https:\/\/images.weserv.nl\/?url=https:\/\/www.paysdesecrins.com\/wp-content\/uploads\/2025\/06\/cropped-paysdesecrins.png&#038;w=350&#038;h=350&#038;fit=cover&#038;output=webp&#038;q=45\" alt=\"Guien Isabelle\"\/><\/div><\/div><div class=\"group-top\"><div class=\"field-commune\">Puy-Saint-Vincent<\/div><ws-apidae-from-price data-apidae-id=\"5054456\" ><\/ws-apidae-from-price><\/div><div class=\"group-content\"><div class=\"field-title\">Guien Isabelle<\/div><\/div><div class=\"field-link\" role=\"group\" aria-label=\"Lien vers le contenu\"><a href=\"https:\/\/www.paysdesecrins.com\/it\/fiche\/guien-isabelle-4\/\" class=\"cardlink\" title=\"Lire plus : Guien Isabelle\" lang=\"it_IT\">Guien Isabelle<\/a><\/div><\/div><\/div><div class=\"item\" data-season=\"all-seasons\"><div class=\"card card-apidae card-avance\"><div class=\"group-actions\"><ws-wishlist data-type=\"flag\" data-action=\"add\" data-wish-id=\"591049\" data-wish-type=\"apidae\"><\/ws-wishlist><\/div><div class=\"group-media\"><div class=\"field-image\"><img decoding=\"async\" src=\"https:\/\/images.weserv.nl\/?url=https:\/\/static.apidae-tourisme.com\/filestore\/objets-touristiques\/images\/99\/73\/805219-diaporama.jpg&#038;w=350&#038;h=350&#038;fit=cover&#038;output=webp&#038;q=45\" alt=\"Le Pavec Mireille Appartement 209 Pendine 1\"\/><\/div><\/div><div class=\"group-top\"><div class=\"field-commune\">Puy-Saint-Vincent<\/div><ws-apidae-from-price data-apidae-id=\"591049\" ><\/ws-apidae-from-price><\/div><div class=\"group-content\"><div class=\"field-title\">Le Pavec Mireille Appartement 209 Pendine 1<\/div><\/div><div class=\"field-link\" role=\"group\" aria-label=\"Lien vers le contenu\"><a href=\"https:\/\/www.paysdesecrins.com\/it\/fiche\/le-pavec-mireille-appartement-209-pendine-1-2\/\" class=\"cardlink\" title=\"Lire plus : Le Pavec Mireille Appartement 209 Pendine 1\" lang=\"it_IT\">Le Pavec Mireille Appartement 209 Pendine 1<\/a><\/div><\/div><\/div><div class=\"item\" data-season=\"all-seasons\"><div class=\"card card-apidae card-avance\"><div class=\"group-actions\"><ws-wishlist data-type=\"flag\" data-action=\"add\" data-wish-id=\"5057530\" data-wish-type=\"apidae\"><\/ws-wishlist><\/div><div class=\"group-media\"><div class=\"field-image\"><img decoding=\"async\" src=\"https:\/\/images.weserv.nl\/?url=https:\/\/www.paysdesecrins.com\/wp-content\/uploads\/2025\/06\/cropped-paysdesecrins.png&#038;w=350&#038;h=350&#038;fit=cover&#038;output=webp&#038;q=45\" alt=\"Caloin Philippe\"\/><\/div><\/div><div class=\"group-top\"><div class=\"field-commune\">Puy-Saint-Vincent<\/div><ws-apidae-from-price data-apidae-id=\"5057530\" ><\/ws-apidae-from-price><\/div><div class=\"group-content\"><div class=\"field-title\">Caloin Philippe<\/div><\/div><div class=\"field-link\" role=\"group\" aria-label=\"Lien vers le contenu\"><a href=\"https:\/\/www.paysdesecrins.com\/it\/fiche\/caloin-philippe-4\/\" class=\"cardlink\" title=\"Lire plus : Caloin Philippe\" lang=\"it_IT\">Caloin Philippe<\/a><\/div><\/div><\/div><div class=\"item\" data-season=\"all-seasons\"><div class=\"card card-apidae card-avance\"><div class=\"group-actions\"><ws-wishlist data-type=\"flag\" data-action=\"add\" data-wish-id=\"5059513\" data-wish-type=\"apidae\"><\/ws-wishlist><\/div><div class=\"group-media\"><div class=\"field-image\"><img decoding=\"async\" src=\"https:\/\/images.weserv.nl\/?url=https:\/\/www.paysdesecrins.com\/wp-content\/uploads\/2025\/06\/cropped-paysdesecrins.png&#038;w=350&#038;h=350&#038;fit=cover&#038;output=webp&#038;q=45\" alt=\"Mar\u00e9chal Jean-Claude\"\/><\/div><\/div><div class=\"group-top\"><div class=\"field-commune\">Puy-Saint-Vincent<\/div><ws-apidae-from-price data-apidae-id=\"5059513\" ><\/ws-apidae-from-price><\/div><div class=\"group-content\"><div class=\"field-title\">Mar\u00e9chal Jean-Claude<\/div><\/div><div class=\"field-link\" role=\"group\" aria-label=\"Lien vers le contenu\"><a href=\"https:\/\/www.paysdesecrins.com\/it\/fiche\/marechal-jean-claude-4\/\" class=\"cardlink\" title=\"Lire plus : Mar\u00e9chal Jean-Claude\" lang=\"it_IT\">Mar\u00e9chal Jean-Claude<\/a><\/div><\/div><\/div><div class=\"item\" data-season=\"all-seasons\"><div class=\"card card-apidae card-avance\"><div class=\"group-actions\"><ws-wishlist data-type=\"flag\" data-action=\"add\" data-wish-id=\"7142722\" data-wish-type=\"apidae\"><\/ws-wishlist><\/div><div class=\"group-media\"><div class=\"field-image\"><img decoding=\"async\" src=\"https:\/\/images.weserv.nl\/?url=https:\/\/static.apidae-tourisme.com\/filestore\/objets-touristiques\/images\/209\/253\/27393489-diaporama.jpg&#038;w=350&#038;h=350&#038;fit=cover&#038;output=webp&#038;q=45\" alt=\"Rol Jos\u00e9 &#8220;Mon Chalet au hameau des Ecrins&#8221;\"\/><\/div><\/div><div class=\"group-top\"><div class=\"field-commune\">Puy-Saint-Vincent<\/div><ws-apidae-from-price data-apidae-id=\"7142722\" ><\/ws-apidae-from-price><\/div><div class=\"group-content\"><div class=\"field-title\">Rol Jos\u00e9 &#8220;Mon Chalet au hameau des Ecrins&#8221;<\/div><\/div><div class=\"field-link\" role=\"group\" aria-label=\"Lien vers le contenu\"><a href=\"https:\/\/www.paysdesecrins.com\/it\/fiche\/rol-jose-mon-chalet-au-hameau-des-ecrins-4\/\" class=\"cardlink\" title=\"Lire plus : Rol Jos\u00e9 &#8220;Mon Chalet au hameau des Ecrins&#8221;\" lang=\"it_IT\">Rol Jos\u00e9 &#8220;Mon Chalet au hameau des Ecrins&#8221;<\/a><\/div><\/div><\/div><div class=\"item\" data-season=\"all-seasons\"><div class=\"card card-apidae card-avance\"><div class=\"group-actions\"><ws-wishlist data-type=\"flag\" data-action=\"add\" data-wish-id=\"5052639\" data-wish-type=\"apidae\"><\/ws-wishlist><\/div><div class=\"group-media\"><div class=\"field-image\"><img decoding=\"async\" src=\"https:\/\/images.weserv.nl\/?url=https:\/\/www.paysdesecrins.com\/wp-content\/uploads\/2025\/06\/cropped-paysdesecrins.png&#038;w=350&#038;h=350&#038;fit=cover&#038;output=webp&#038;q=45\" alt=\"Moynier Laurent\"\/><\/div><\/div><div class=\"group-top\"><div class=\"field-commune\">Puy-Saint-Vincent<\/div><ws-apidae-from-price data-apidae-id=\"5052639\" ><\/ws-apidae-from-price><\/div><div class=\"group-content\"><div class=\"field-title\">Moynier Laurent<\/div><\/div><div class=\"field-link\" role=\"group\" aria-label=\"Lien vers le contenu\"><a href=\"https:\/\/www.paysdesecrins.com\/it\/fiche\/moynier-laurent-4\/\" class=\"cardlink\" title=\"Lire plus : Moynier Laurent\" lang=\"it_IT\">Moynier Laurent<\/a><\/div><\/div><\/div><div class=\"item\" data-season=\"all-seasons\"><div class=\"card card-apidae card-avance\"><div class=\"group-actions\"><ws-wishlist data-type=\"flag\" data-action=\"add\" data-wish-id=\"226859\" data-wish-type=\"apidae\"><\/ws-wishlist><\/div><div class=\"group-media\"><div class=\"field-image\"><img decoding=\"async\" src=\"https:\/\/images.weserv.nl\/?url=https:\/\/static.apidae-tourisme.com\/filestore\/objets-touristiques\/images\/222\/169\/36809182-diaporama.jpg&#038;w=350&#038;h=350&#038;fit=cover&#038;output=webp&#038;q=45\" alt=\"Albergo Saint-Roch\"\/><\/div><\/div><div class=\"group-top\"><div class=\"field-commune\">Puy-Saint-Vincent<\/div><ws-apidae-from-price data-apidae-id=\"226859\" ><\/ws-apidae-from-price><\/div><div class=\"group-content\"><div class=\"field-title\">Albergo Saint-Roch<\/div><\/div><div class=\"field-link\" role=\"group\" aria-label=\"Lien vers le contenu\"><a href=\"https:\/\/www.paysdesecrins.com\/it\/fiche\/albergo-saint-roch\/\" class=\"cardlink\" title=\"Lire plus : Albergo Saint-Roch\" lang=\"it_IT\">Albergo Saint-Roch<\/a><\/div><\/div><\/div><div class=\"item\" data-season=\"all-seasons\"><div class=\"card card-apidae card-avance\"><div class=\"group-actions\"><ws-wishlist data-type=\"flag\" data-action=\"add\" data-wish-id=\"227395\" data-wish-type=\"apidae\"><\/ws-wishlist><\/div><div class=\"group-media\"><div class=\"field-image\"><img decoding=\"async\" src=\"https:\/\/images.weserv.nl\/?url=https:\/\/static.apidae-tourisme.com\/filestore\/objets-touristiques\/images\/143\/27\/924559-diaporama.jpg&#038;w=350&#038;h=350&#038;fit=cover&#038;output=webp&#038;q=45\" alt=\"R\u00e9sidence de Tourisme Les Chalets Odalys\"\/><\/div><\/div><div class=\"group-top\"><div class=\"field-commune\">Puy-Saint-Vincent<\/div><ws-apidae-from-price data-apidae-id=\"227395\" ><\/ws-apidae-from-price><\/div><div class=\"group-content\"><div class=\"field-title\">R\u00e9sidence de Tourisme Les Chalets Odalys<\/div><\/div><div class=\"field-link\" role=\"group\" aria-label=\"Lien vers le contenu\"><a href=\"https:\/\/www.paysdesecrins.com\/it\/fiche\/residence-de-tourisme-les-chalets-odalys-4\/\" class=\"cardlink\" title=\"Lire plus : R\u00e9sidence de Tourisme Les Chalets Odalys\" lang=\"it_IT\">R\u00e9sidence de Tourisme Les Chalets Odalys<\/a><\/div><\/div><\/div><div class=\"item\" data-season=\"all-seasons\"><div class=\"card card-apidae card-avance\"><div class=\"group-actions\"><ws-wishlist data-type=\"flag\" data-action=\"add\" data-wish-id=\"581113\" data-wish-type=\"apidae\"><\/ws-wishlist><\/div><div class=\"group-media\"><div class=\"field-image\"><img decoding=\"async\" src=\"https:\/\/images.weserv.nl\/?url=https:\/\/static.apidae-tourisme.com\/filestore\/objets-touristiques\/images\/248\/64\/934136-diaporama.jpg&#038;w=350&#038;h=350&#038;fit=cover&#038;output=webp&#038;q=45\" alt=\"Poncet Esther \u2013 Les Ribambelles n\u00b0 4 (1er)\"\/><\/div><\/div><div class=\"group-top\"><div class=\"field-commune\">Puy-Saint-Vincent<\/div><ws-apidae-from-price data-apidae-id=\"581113\" ><\/ws-apidae-from-price><\/div><div class=\"group-content\"><div class=\"field-title\">Poncet Esther \u2013 Les Ribambelles n\u00b0 4 (1er)<\/div><\/div><div class=\"field-link\" role=\"group\" aria-label=\"Lien vers le contenu\"><a href=\"https:\/\/www.paysdesecrins.com\/it\/fiche\/poncet-esther-les-ribambelles-n-4-1er-2\/\" class=\"cardlink\" title=\"Lire plus : Poncet Esther \u2013 Les Ribambelles n\u00b0 4 (1er)\" lang=\"it_IT\">Poncet Esther \u2013 Les Ribambelles n\u00b0 4 (1er)<\/a><\/div><\/div><\/div><div class=\"item\" data-season=\"all-seasons\"><div class=\"card card-apidae card-avance\"><div class=\"group-actions\"><ws-wishlist data-type=\"flag\" data-action=\"add\" data-wish-id=\"5055563\" data-wish-type=\"apidae\"><\/ws-wishlist><\/div><div class=\"group-media\"><div class=\"field-image\"><img decoding=\"async\" src=\"https:\/\/images.weserv.nl\/?url=https:\/\/www.paysdesecrins.com\/wp-content\/uploads\/2025\/06\/cropped-paysdesecrins.png&#038;w=350&#038;h=350&#038;fit=cover&#038;output=webp&#038;q=45\" alt=\"CE Caisse d&#8217;Epargne C\u00f4te d&#8217;Azur\"\/><\/div><\/div><div class=\"group-top\"><div class=\"field-commune\">Puy-Saint-Vincent<\/div><ws-apidae-from-price data-apidae-id=\"5055563\" ><\/ws-apidae-from-price><\/div><div class=\"group-content\"><div class=\"field-title\">CE Caisse d&#8217;Epargne C\u00f4te d&#8217;Azur<\/div><\/div><div class=\"field-link\" role=\"group\" aria-label=\"Lien vers le contenu\"><a href=\"https:\/\/www.paysdesecrins.com\/it\/fiche\/ce-caisse-depargne-cote-dazur-4\/\" class=\"cardlink\" title=\"Lire plus : CE Caisse d&#8217;Epargne C\u00f4te d&#8217;Azur\" lang=\"it_IT\">CE Caisse d&#8217;Epargne C\u00f4te d&#8217;Azur<\/a><\/div><\/div><\/div><div class=\"item\" data-season=\"all-seasons\"><div class=\"card card-apidae card-avance\"><div class=\"group-actions\"><ws-wishlist data-type=\"flag\" data-action=\"add\" data-wish-id=\"5054647\" data-wish-type=\"apidae\"><\/ws-wishlist><\/div><div class=\"group-media\"><div class=\"field-image\"><img decoding=\"async\" src=\"https:\/\/images.weserv.nl\/?url=https:\/\/www.paysdesecrins.com\/wp-content\/uploads\/2025\/06\/cropped-paysdesecrins.png&#038;w=350&#038;h=350&#038;fit=cover&#038;output=webp&#038;q=45\" alt=\"Collenet Dominique\"\/><\/div><\/div><div class=\"group-top\"><div class=\"field-commune\">Puy-Saint-Vincent<\/div><ws-apidae-from-price data-apidae-id=\"5054647\" ><\/ws-apidae-from-price><\/div><div class=\"group-content\"><div class=\"field-title\">Collenet Dominique<\/div><\/div><div class=\"field-link\" role=\"group\" aria-label=\"Lien vers le contenu\"><a href=\"https:\/\/www.paysdesecrins.com\/it\/fiche\/collenet-dominique-4\/\" class=\"cardlink\" title=\"Lire plus : Collenet Dominique\" lang=\"it_IT\">Collenet Dominique<\/a><\/div><\/div><\/div><div class=\"item\" data-season=\"all-seasons\"><div class=\"card card-apidae card-avance\"><div class=\"group-actions\"><ws-wishlist data-type=\"flag\" data-action=\"add\" data-wish-id=\"6721887\" data-wish-type=\"apidae\"><\/ws-wishlist><\/div><div class=\"group-media\"><div class=\"field-image\"><img decoding=\"async\" src=\"https:\/\/images.weserv.nl\/?url=https:\/\/static.apidae-tourisme.com\/filestore\/objets-touristiques\/images\/238\/129\/19759598-diaporama.jpg&#038;w=350&#038;h=350&#038;fit=cover&#038;output=webp&#038;q=45\" alt=\"Appartement 6 personnes \u2013 Julien et Marina\"\/><\/div><\/div><div class=\"group-top\"><div class=\"field-commune\">Puy-Saint-Vincent<\/div><ws-apidae-from-price data-apidae-id=\"6721887\" ><\/ws-apidae-from-price><\/div><div class=\"group-content\"><div class=\"field-title\">Appartement 6 personnes \u2013 Julien et Marina<\/div><\/div><div class=\"field-link\" role=\"group\" aria-label=\"Lien vers le contenu\"><a href=\"https:\/\/www.paysdesecrins.com\/it\/fiche\/appartement-6-personnes-julien-et-marina-4\/\" class=\"cardlink\" title=\"Lire plus : Appartement 6 personnes \u2013 Julien et Marina\" lang=\"it_IT\">Appartement 6 personnes \u2013 Julien et Marina<\/a><\/div><\/div><\/div><div class=\"item\" data-season=\"all-seasons\"><div class=\"card card-apidae card-avance\"><div class=\"group-actions\"><ws-wishlist data-type=\"flag\" data-action=\"add\" data-wish-id=\"681358\" data-wish-type=\"apidae\"><\/ws-wishlist><\/div><div class=\"group-media\"><div class=\"field-image\"><img decoding=\"async\" src=\"https:\/\/images.weserv.nl\/?url=https:\/\/static.apidae-tourisme.com\/filestore\/objets-touristiques\/images\/136\/184\/899208-diaporama.jpg&#038;w=350&#038;h=350&#038;fit=cover&#038;output=webp&#038;q=45\" alt=\"Pichon Monique \u2013 Chalet Lou Pitchoun\"\/><\/div><\/div><div class=\"group-top\"><div class=\"field-commune\">Puy-Saint-Vincent<\/div><ws-apidae-from-price data-apidae-id=\"681358\" ><\/ws-apidae-from-price><\/div><div class=\"group-content\"><div class=\"field-title\">Pichon Monique \u2013 Chalet Lou Pitchoun<\/div><\/div><div class=\"field-link\" role=\"group\" aria-label=\"Lien vers le contenu\"><a href=\"https:\/\/www.paysdesecrins.com\/it\/fiche\/pichon-monique-chalet-lou-pitchoun-3\/\" class=\"cardlink\" title=\"Lire plus : Pichon Monique \u2013 Chalet Lou Pitchoun\" lang=\"it_IT\">Pichon Monique \u2013 Chalet Lou Pitchoun<\/a><\/div><\/div><\/div><div class=\"item\" data-season=\"all-seasons\"><div class=\"card card-apidae card-avance\"><div class=\"group-actions\"><ws-wishlist data-type=\"flag\" data-action=\"add\" data-wish-id=\"5055519\" data-wish-type=\"apidae\"><\/ws-wishlist><\/div><div class=\"group-media\"><div class=\"field-image\"><img decoding=\"async\" src=\"https:\/\/images.weserv.nl\/?url=https:\/\/www.paysdesecrins.com\/wp-content\/uploads\/2025\/06\/cropped-paysdesecrins.png&#038;w=350&#038;h=350&#038;fit=cover&#038;output=webp&#038;q=45\" alt=\"Decarreaux-Chassignol Val\u00e9rie\"\/><\/div><\/div><div class=\"group-top\"><div class=\"field-commune\">Puy-Saint-Vincent<\/div><ws-apidae-from-price data-apidae-id=\"5055519\" ><\/ws-apidae-from-price><\/div><div class=\"group-content\"><div class=\"field-title\">Decarreaux-Chassignol Val\u00e9rie<\/div><\/div><div class=\"field-link\" role=\"group\" aria-label=\"Lien vers le contenu\"><a href=\"https:\/\/www.paysdesecrins.com\/it\/fiche\/decarreaux-chassignol-valerie-4\/\" class=\"cardlink\" title=\"Lire plus : Decarreaux-Chassignol Val\u00e9rie\" lang=\"it_IT\">Decarreaux-Chassignol Val\u00e9rie<\/a><\/div><\/div><\/div><div class=\"item\" data-season=\"all-seasons\"><div class=\"card card-apidae card-avance\"><div class=\"group-actions\"><ws-wishlist data-type=\"flag\" data-action=\"add\" data-wish-id=\"5055552\" data-wish-type=\"apidae\"><\/ws-wishlist><\/div><div class=\"group-media\"><div class=\"field-image\"><img decoding=\"async\" src=\"https:\/\/images.weserv.nl\/?url=https:\/\/www.paysdesecrins.com\/wp-content\/uploads\/2025\/06\/cropped-paysdesecrins.png&#038;w=350&#038;h=350&#038;fit=cover&#038;output=webp&#038;q=45\" alt=\"Keller Michel\"\/><\/div><\/div><div class=\"group-top\"><div class=\"field-commune\">Puy-Saint-Vincent<\/div><ws-apidae-from-price data-apidae-id=\"5055552\" ><\/ws-apidae-from-price><\/div><div class=\"group-content\"><div class=\"field-title\">Keller Michel<\/div><\/div><div class=\"field-link\" role=\"group\" aria-label=\"Lien vers le contenu\"><a href=\"https:\/\/www.paysdesecrins.com\/it\/fiche\/keller-michel-4\/\" class=\"cardlink\" title=\"Lire plus : Keller Michel\" lang=\"it_IT\">Keller Michel<\/a><\/div><\/div><\/div><div class=\"item\" data-season=\"all-seasons\"><div class=\"card card-apidae card-avance\"><div class=\"group-actions\"><ws-wishlist data-type=\"flag\" data-action=\"add\" data-wish-id=\"6321978\" data-wish-type=\"apidae\"><\/ws-wishlist><\/div><div class=\"group-media\"><div class=\"field-image\"><img decoding=\"async\" src=\"https:\/\/images.weserv.nl\/?url=https:\/\/static.apidae-tourisme.com\/filestore\/objets-touristiques\/images\/176\/154\/15243952-diaporama.jpg&#038;w=350&#038;h=350&#038;fit=cover&#038;output=webp&#038;q=45\" alt=\"R\u00e9sidence Le Saphir \u2013 PSV 1800 \u2013 Fabien DAVILA\"\/><\/div><\/div><div class=\"group-top\"><div class=\"field-commune\">Puy-Saint-Vincent<\/div><ws-apidae-from-price data-apidae-id=\"6321978\" ><\/ws-apidae-from-price><\/div><div class=\"group-content\"><div class=\"field-title\">R\u00e9sidence Le Saphir \u2013 PSV 1800 \u2013 Fabien DAVILA<\/div><\/div><div class=\"field-link\" role=\"group\" aria-label=\"Lien vers le contenu\"><a href=\"https:\/\/www.paysdesecrins.com\/it\/fiche\/residence-le-saphir-psv-1800-fabien-davila-4\/\" class=\"cardlink\" title=\"Lire plus : R\u00e9sidence Le Saphir \u2013 PSV 1800 \u2013 Fabien DAVILA\" lang=\"it_IT\">R\u00e9sidence Le Saphir \u2013 PSV 1800 \u2013 Fabien DAVILA<\/a><\/div><\/div><\/div><div class=\"item\" data-season=\"all-seasons\"><div class=\"card card-apidae card-avance\"><div class=\"group-actions\"><ws-wishlist data-type=\"flag\" data-action=\"add\" data-wish-id=\"5054356\" data-wish-type=\"apidae\"><\/ws-wishlist><\/div><div class=\"group-media\"><div class=\"field-image\"><img decoding=\"async\" src=\"https:\/\/images.weserv.nl\/?url=https:\/\/www.paysdesecrins.com\/wp-content\/uploads\/2025\/06\/cropped-paysdesecrins.png&#038;w=350&#038;h=350&#038;fit=cover&#038;output=webp&#038;q=45\" alt=\"Jestin Micha\u00ebl\"\/><\/div><\/div><div class=\"group-top\"><div class=\"field-commune\">Puy-Saint-Vincent<\/div><ws-apidae-from-price data-apidae-id=\"5054356\" ><\/ws-apidae-from-price><\/div><div class=\"group-content\"><div class=\"field-title\">Jestin Micha\u00ebl<\/div><\/div><div class=\"field-link\" role=\"group\" aria-label=\"Lien vers le contenu\"><a href=\"https:\/\/www.paysdesecrins.com\/it\/fiche\/jestin-michael-4\/\" class=\"cardlink\" title=\"Lire plus : Jestin Micha\u00ebl\" lang=\"it_IT\">Jestin Micha\u00ebl<\/a><\/div><\/div><\/div><div class=\"item\" data-season=\"all-seasons\"><div class=\"card card-apidae card-avance\"><div class=\"group-actions\"><ws-wishlist data-type=\"flag\" data-action=\"add\" data-wish-id=\"5054534\" data-wish-type=\"apidae\"><\/ws-wishlist><\/div><div class=\"group-media\"><div class=\"field-image\"><img decoding=\"async\" src=\"https:\/\/images.weserv.nl\/?url=https:\/\/www.paysdesecrins.com\/wp-content\/uploads\/2025\/06\/cropped-paysdesecrins.png&#038;w=350&#038;h=350&#038;fit=cover&#038;output=webp&#038;q=45\" alt=\"Outre Damien\"\/><\/div><\/div><div class=\"group-top\"><div class=\"field-commune\">Puy-Saint-Vincent<\/div><ws-apidae-from-price data-apidae-id=\"5054534\" ><\/ws-apidae-from-price><\/div><div class=\"group-content\"><div class=\"field-title\">Outre Damien<\/div><\/div><div class=\"field-link\" role=\"group\" aria-label=\"Lien vers le contenu\"><a href=\"https:\/\/www.paysdesecrins.com\/it\/fiche\/outre-damien-4\/\" class=\"cardlink\" title=\"Lire plus : Outre Damien\" lang=\"it_IT\">Outre Damien<\/a><\/div><\/div><\/div><div class=\"item\" data-season=\"all-seasons\"><div class=\"card card-apidae card-avance\"><div class=\"group-actions\"><ws-wishlist data-type=\"flag\" data-action=\"add\" data-wish-id=\"5054664\" data-wish-type=\"apidae\"><\/ws-wishlist><\/div><div class=\"group-media\"><div class=\"field-image\"><img decoding=\"async\" src=\"https:\/\/images.weserv.nl\/?url=https:\/\/www.paysdesecrins.com\/wp-content\/uploads\/2025\/06\/cropped-paysdesecrins.png&#038;w=350&#038;h=350&#038;fit=cover&#038;output=webp&#038;q=45\" alt=\"Deschamps Serge\"\/><\/div><\/div><div class=\"group-top\"><div class=\"field-commune\">Puy-Saint-Vincent<\/div><ws-apidae-from-price data-apidae-id=\"5054664\" ><\/ws-apidae-from-price><\/div><div class=\"group-content\"><div class=\"field-title\">Deschamps Serge<\/div><\/div><div class=\"field-link\" role=\"group\" aria-label=\"Lien vers le contenu\"><a href=\"https:\/\/www.paysdesecrins.com\/it\/fiche\/deschamps-serge-4\/\" class=\"cardlink\" title=\"Lire plus : Deschamps Serge\" lang=\"it_IT\">Deschamps Serge<\/a><\/div><\/div><\/div><div class=\"item\" data-season=\"all-seasons\"><div class=\"card card-apidae card-avance\"><div class=\"group-actions\"><ws-wishlist data-type=\"flag\" data-action=\"add\" data-wish-id=\"5060529\" data-wish-type=\"apidae\"><\/ws-wishlist><\/div><div class=\"group-media\"><div class=\"field-image\"><img decoding=\"async\" src=\"https:\/\/images.weserv.nl\/?url=https:\/\/www.paysdesecrins.com\/wp-content\/uploads\/2025\/06\/cropped-paysdesecrins.png&#038;w=350&#038;h=350&#038;fit=cover&#038;output=webp&#038;q=45\" alt=\"Liger Steve\"\/><\/div><\/div><div class=\"group-top\"><div class=\"field-commune\">Puy-Saint-Vincent<\/div><ws-apidae-from-price data-apidae-id=\"5060529\" ><\/ws-apidae-from-price><\/div><div class=\"group-content\"><div class=\"field-title\">Liger Steve<\/div><\/div><div class=\"field-link\" role=\"group\" aria-label=\"Lien vers le contenu\"><a href=\"https:\/\/www.paysdesecrins.com\/it\/fiche\/liger-steve-4\/\" class=\"cardlink\" title=\"Lire plus : Liger Steve\" lang=\"it_IT\">Liger Steve<\/a><\/div><\/div><\/div><div class=\"item\" data-season=\"all-seasons\"><div class=\"card card-apidae card-avance\"><div class=\"group-actions\"><ws-wishlist data-type=\"flag\" data-action=\"add\" data-wish-id=\"5095868\" data-wish-type=\"apidae\"><\/ws-wishlist><\/div><div class=\"group-media\"><div class=\"field-image\"><img decoding=\"async\" src=\"https:\/\/images.weserv.nl\/?url=https:\/\/static.apidae-tourisme.com\/filestore\/objets-touristiques\/images\/232\/78\/4869864-diaporama.jpg&#038;w=350&#038;h=350&#038;fit=cover&#038;output=webp&#038;q=45\" alt=\"Val Gardena 1600 \u2013 Fabre Julien\"\/><\/div><\/div><div class=\"group-top\"><div class=\"field-commune\">Puy-Saint-Vincent<\/div><ws-apidae-from-price data-apidae-id=\"5095868\" ><\/ws-apidae-from-price><\/div><div class=\"group-content\"><div class=\"field-title\">Val Gardena 1600 \u2013 Fabre Julien<\/div><\/div><div class=\"field-link\" role=\"group\" aria-label=\"Lien vers le contenu\"><a href=\"https:\/\/www.paysdesecrins.com\/it\/fiche\/val-gardena-1600-fabre-julien-3\/\" class=\"cardlink\" title=\"Lire plus : Val Gardena 1600 \u2013 Fabre Julien\" lang=\"it_IT\">Val Gardena 1600 \u2013 Fabre Julien<\/a><\/div><\/div><\/div><div class=\"item\" data-season=\"all-seasons\"><div class=\"card card-apidae card-avance\"><div class=\"group-actions\"><ws-wishlist data-type=\"flag\" data-action=\"add\" data-wish-id=\"5058634\" data-wish-type=\"apidae\"><\/ws-wishlist><\/div><div class=\"group-media\"><div class=\"field-image\"><img decoding=\"async\" src=\"https:\/\/images.weserv.nl\/?url=https:\/\/www.paysdesecrins.com\/wp-content\/uploads\/2025\/06\/cropped-paysdesecrins.png&#038;w=350&#038;h=350&#038;fit=cover&#038;output=webp&#038;q=45\" alt=\"Godinot Damien \u2013 Sci du Bois Cul\u00e9\"\/><\/div><\/div><div class=\"group-top\"><div class=\"field-commune\">Puy-Saint-Vincent<\/div><ws-apidae-from-price data-apidae-id=\"5058634\" ><\/ws-apidae-from-price><\/div><div class=\"group-content\"><div class=\"field-title\">Godinot Damien \u2013 Sci du Bois Cul\u00e9<\/div><\/div><div class=\"field-link\" role=\"group\" aria-label=\"Lien vers le contenu\"><a href=\"https:\/\/www.paysdesecrins.com\/it\/fiche\/godinot-damien-sci-du-bois-cule-4\/\" class=\"cardlink\" title=\"Lire plus : Godinot Damien \u2013 Sci du Bois Cul\u00e9\" lang=\"it_IT\">Godinot Damien \u2013 Sci du Bois Cul\u00e9<\/a><\/div><\/div><\/div><div class=\"item\" data-season=\"all-seasons\"><div class=\"card card-apidae card-avance\"><div class=\"group-actions\"><ws-wishlist data-type=\"flag\" data-action=\"add\" data-wish-id=\"5055821\" data-wish-type=\"apidae\"><\/ws-wishlist><\/div><div class=\"group-media\"><div class=\"field-image\"><img decoding=\"async\" src=\"https:\/\/images.weserv.nl\/?url=https:\/\/www.paysdesecrins.com\/wp-content\/uploads\/2025\/06\/cropped-paysdesecrins.png&#038;w=350&#038;h=350&#038;fit=cover&#038;output=webp&#038;q=45\" alt=\"CE Clinique du C\u00e8dre\"\/><\/div><\/div><div class=\"group-top\"><div class=\"field-commune\">Puy-Saint-Vincent<\/div><ws-apidae-from-price data-apidae-id=\"5055821\" ><\/ws-apidae-from-price><\/div><div class=\"group-content\"><div class=\"field-title\">CE Clinique du C\u00e8dre<\/div><\/div><div class=\"field-link\" role=\"group\" aria-label=\"Lien vers le contenu\"><a href=\"https:\/\/www.paysdesecrins.com\/it\/fiche\/ce-clinique-du-cedre-4\/\" class=\"cardlink\" title=\"Lire plus : CE Clinique du C\u00e8dre\" lang=\"it_IT\">CE Clinique du C\u00e8dre<\/a><\/div><\/div><\/div><div class=\"item\" data-season=\"all-seasons\"><div class=\"card card-apidae card-avance\"><div class=\"group-actions\"><ws-wishlist data-type=\"flag\" data-action=\"add\" data-wish-id=\"5057073\" data-wish-type=\"apidae\"><\/ws-wishlist><\/div><div class=\"group-media\"><div class=\"field-image\"><img decoding=\"async\" src=\"https:\/\/images.weserv.nl\/?url=https:\/\/www.paysdesecrins.com\/wp-content\/uploads\/2025\/06\/cropped-paysdesecrins.png&#038;w=350&#038;h=350&#038;fit=cover&#038;output=webp&#038;q=45\" alt=\"Chaud Elisabeth\"\/><\/div><\/div><div class=\"group-top\"><div class=\"field-commune\">Puy-Saint-Vincent<\/div><ws-apidae-from-price data-apidae-id=\"5057073\" ><\/ws-apidae-from-price><\/div><div class=\"group-content\"><div class=\"field-title\">Chaud Elisabeth<\/div><\/div><div class=\"field-link\" role=\"group\" aria-label=\"Lien vers le contenu\"><a href=\"https:\/\/www.paysdesecrins.com\/it\/fiche\/chaud-elisabeth-4\/\" class=\"cardlink\" title=\"Lire plus : Chaud Elisabeth\" lang=\"it_IT\">Chaud Elisabeth<\/a><\/div><\/div><\/div><div class=\"item\" data-season=\"all-seasons\"><div class=\"card card-apidae card-avance\"><div class=\"group-actions\"><ws-wishlist data-type=\"flag\" data-action=\"add\" data-wish-id=\"5056805\" data-wish-type=\"apidae\"><\/ws-wishlist><\/div><div class=\"group-media\"><div class=\"field-image\"><img decoding=\"async\" src=\"https:\/\/images.weserv.nl\/?url=https:\/\/www.paysdesecrins.com\/wp-content\/uploads\/2025\/06\/cropped-paysdesecrins.png&#038;w=350&#038;h=350&#038;fit=cover&#038;output=webp&#038;q=45\" alt=\"Berlinguer C\u00e9line\"\/><\/div><\/div><div class=\"group-top\"><div class=\"field-commune\">Puy-Saint-Vincent<\/div><ws-apidae-from-price data-apidae-id=\"5056805\" ><\/ws-apidae-from-price><\/div><div class=\"group-content\"><div class=\"field-title\">Berlinguer C\u00e9line<\/div><\/div><div class=\"field-link\" role=\"group\" aria-label=\"Lien vers le contenu\"><a href=\"https:\/\/www.paysdesecrins.com\/it\/fiche\/berlinguer-celine-4\/\" class=\"cardlink\" title=\"Lire plus : Berlinguer C\u00e9line\" lang=\"it_IT\">Berlinguer C\u00e9line<\/a><\/div><\/div><\/div><div class=\"item\" data-season=\"all-seasons\"><div class=\"card card-apidae card-avance\"><div class=\"group-actions\"><ws-wishlist data-type=\"flag\" data-action=\"add\" data-wish-id=\"581026\" data-wish-type=\"apidae\"><\/ws-wishlist><\/div><div class=\"group-media\"><div class=\"field-image\"><img decoding=\"async\" src=\"https:\/\/images.weserv.nl\/?url=https:\/\/static.apidae-tourisme.com\/filestore\/objets-touristiques\/images\/84\/80\/938068-diaporama.jpg&#038;w=350&#038;h=350&#038;fit=cover&#038;output=webp&#038;q=45\" alt=\"SCI les 3 Petits Singes \u2013 PSV 1400\"\/><\/div><\/div><div class=\"group-top\"><div class=\"field-commune\">Puy-Saint-Vincent<\/div><ws-apidae-from-price data-apidae-id=\"581026\" ><\/ws-apidae-from-price><\/div><div class=\"group-content\"><div class=\"field-title\">SCI les 3 Petits Singes \u2013 PSV 1400<\/div><\/div><div class=\"field-link\" role=\"group\" aria-label=\"Lien vers le contenu\"><a href=\"https:\/\/www.paysdesecrins.com\/it\/fiche\/sci-les-3-petits-singes-psv-1400-4\/\" class=\"cardlink\" title=\"Lire plus : SCI les 3 Petits Singes \u2013 PSV 1400\" lang=\"it_IT\">SCI les 3 Petits Singes \u2013 PSV 1400<\/a><\/div><\/div><\/div><div class=\"item\" data-season=\"all-seasons\"><div class=\"card card-apidae card-avance\"><div class=\"group-actions\"><ws-wishlist data-type=\"flag\" data-action=\"add\" data-wish-id=\"5057878\" data-wish-type=\"apidae\"><\/ws-wishlist><\/div><div class=\"group-media\"><div class=\"field-image\"><img decoding=\"async\" src=\"https:\/\/images.weserv.nl\/?url=https:\/\/www.paysdesecrins.com\/wp-content\/uploads\/2025\/06\/cropped-paysdesecrins.png&#038;w=350&#038;h=350&#038;fit=cover&#038;output=webp&#038;q=45\" alt=\"Lanta Patrice\"\/><\/div><\/div><div class=\"group-top\"><div class=\"field-commune\">Puy-Saint-Vincent<\/div><ws-apidae-from-price data-apidae-id=\"5057878\" ><\/ws-apidae-from-price><\/div><div class=\"group-content\"><div class=\"field-title\">Lanta Patrice<\/div><\/div><div class=\"field-link\" role=\"group\" aria-label=\"Lien vers le contenu\"><a href=\"https:\/\/www.paysdesecrins.com\/it\/fiche\/lanta-patrice-4\/\" class=\"cardlink\" title=\"Lire plus : Lanta Patrice\" lang=\"it_IT\">Lanta Patrice<\/a><\/div><\/div><\/div><div class=\"item\" data-season=\"all-seasons\"><div class=\"card card-apidae card-avance\"><div class=\"group-actions\"><ws-wishlist data-type=\"flag\" data-action=\"add\" data-wish-id=\"5054453\" data-wish-type=\"apidae\"><\/ws-wishlist><\/div><div class=\"group-media\"><div class=\"field-image\"><img decoding=\"async\" src=\"https:\/\/images.weserv.nl\/?url=https:\/\/www.paysdesecrins.com\/wp-content\/uploads\/2025\/06\/cropped-paysdesecrins.png&#038;w=350&#038;h=350&#038;fit=cover&#038;output=webp&#038;q=45\" alt=\"Sordet Bruno\"\/><\/div><\/div><div class=\"group-top\"><div class=\"field-commune\">Puy-Saint-Vincent<\/div><ws-apidae-from-price data-apidae-id=\"5054453\" ><\/ws-apidae-from-price><\/div><div class=\"group-content\"><div class=\"field-title\">Sordet Bruno<\/div><\/div><div class=\"field-link\" role=\"group\" aria-label=\"Lien vers le contenu\"><a href=\"https:\/\/www.paysdesecrins.com\/it\/fiche\/sordet-bruno-4\/\" class=\"cardlink\" title=\"Lire plus : Sordet Bruno\" lang=\"it_IT\">Sordet Bruno<\/a><\/div><\/div><\/div><div class=\"item\" data-season=\"all-seasons\"><div class=\"card card-apidae card-avance\"><div class=\"group-actions\"><ws-wishlist data-type=\"flag\" data-action=\"add\" data-wish-id=\"4881595\" data-wish-type=\"apidae\"><\/ws-wishlist><\/div><div class=\"group-media\"><div class=\"field-image\"><img decoding=\"async\" src=\"https:\/\/images.weserv.nl\/?url=https:\/\/static.apidae-tourisme.com\/filestore\/objets-touristiques\/images\/76\/218\/3398220-diaporama.jpg&#038;w=350&#038;h=350&#038;fit=cover&#038;output=webp&#038;q=45\" alt=\"Cousin Luc \u2013 PSV 1800\"\/><\/div><\/div><div class=\"group-top\"><div class=\"field-commune\">Puy-Saint-Vincent<\/div><ws-apidae-from-price data-apidae-id=\"4881595\" ><\/ws-apidae-from-price><\/div><div class=\"group-content\"><div class=\"field-title\">Cousin Luc \u2013 PSV 1800<\/div><\/div><div class=\"field-link\" role=\"group\" aria-label=\"Lien vers le contenu\"><a href=\"https:\/\/www.paysdesecrins.com\/it\/fiche\/cousin-luc-psv-1800-3\/\" class=\"cardlink\" title=\"Lire plus : Cousin Luc \u2013 PSV 1800\" lang=\"it_IT\">Cousin Luc \u2013 PSV 1800<\/a><\/div><\/div><\/div><div class=\"item\" data-season=\"all-seasons\"><div class=\"card card-apidae card-avance\"><div class=\"group-actions\"><ws-wishlist data-type=\"flag\" data-action=\"add\" data-wish-id=\"5054615\" data-wish-type=\"apidae\"><\/ws-wishlist><\/div><div class=\"group-media\"><div class=\"field-image\"><img decoding=\"async\" src=\"https:\/\/images.weserv.nl\/?url=https:\/\/www.paysdesecrins.com\/wp-content\/uploads\/2025\/06\/cropped-paysdesecrins.png&#038;w=350&#038;h=350&#038;fit=cover&#038;output=webp&#038;q=45\" alt=\"Gaillard Michel\"\/><\/div><\/div><div class=\"group-top\"><div class=\"field-commune\">Puy-Saint-Vincent<\/div><ws-apidae-from-price data-apidae-id=\"5054615\" ><\/ws-apidae-from-price><\/div><div class=\"group-content\"><div class=\"field-title\">Gaillard Michel<\/div><\/div><div class=\"field-link\" role=\"group\" aria-label=\"Lien vers le contenu\"><a href=\"https:\/\/www.paysdesecrins.com\/it\/fiche\/gaillard-michel-4\/\" class=\"cardlink\" title=\"Lire plus : Gaillard Michel\" lang=\"it_IT\">Gaillard Michel<\/a><\/div><\/div><\/div><div class=\"item\" data-season=\"all-seasons\"><div class=\"card card-apidae card-avance\"><div class=\"group-actions\"><ws-wishlist data-type=\"flag\" data-action=\"add\" data-wish-id=\"5054433\" data-wish-type=\"apidae\"><\/ws-wishlist><\/div><div class=\"group-media\"><div class=\"field-image\"><img decoding=\"async\" src=\"https:\/\/images.weserv.nl\/?url=https:\/\/www.paysdesecrins.com\/wp-content\/uploads\/2025\/06\/cropped-paysdesecrins.png&#038;w=350&#038;h=350&#038;fit=cover&#038;output=webp&#038;q=45\" alt=\"Leleux Raymond\"\/><\/div><\/div><div class=\"group-top\"><div class=\"field-commune\">Puy-Saint-Vincent<\/div><ws-apidae-from-price data-apidae-id=\"5054433\" ><\/ws-apidae-from-price><\/div><div class=\"group-content\"><div class=\"field-title\">Leleux Raymond<\/div><\/div><div class=\"field-link\" role=\"group\" aria-label=\"Lien vers le contenu\"><a href=\"https:\/\/www.paysdesecrins.com\/it\/fiche\/leleux-raymond-4\/\" class=\"cardlink\" title=\"Lire plus : Leleux Raymond\" lang=\"it_IT\">Leleux Raymond<\/a><\/div><\/div><\/div><div class=\"item\" data-season=\"all-seasons\"><div class=\"card card-apidae card-avance\"><div class=\"group-actions\"><ws-wishlist data-type=\"flag\" data-action=\"add\" data-wish-id=\"5054427\" data-wish-type=\"apidae\"><\/ws-wishlist><\/div><div class=\"group-media\"><div class=\"field-image\"><img decoding=\"async\" src=\"https:\/\/images.weserv.nl\/?url=https:\/\/www.paysdesecrins.com\/wp-content\/uploads\/2025\/06\/cropped-paysdesecrins.png&#038;w=350&#038;h=350&#038;fit=cover&#038;output=webp&#038;q=45\" alt=\"Hourie Sylvaine\"\/><\/div><\/div><div class=\"group-top\"><div class=\"field-commune\">Puy-Saint-Vincent<\/div><ws-apidae-from-price data-apidae-id=\"5054427\" ><\/ws-apidae-from-price><\/div><div class=\"group-content\"><div class=\"field-title\">Hourie Sylvaine<\/div><\/div><div class=\"field-link\" role=\"group\" aria-label=\"Lien vers le contenu\"><a href=\"https:\/\/www.paysdesecrins.com\/it\/fiche\/hourie-sylvaine-4\/\" class=\"cardlink\" title=\"Lire plus : Hourie Sylvaine\" lang=\"it_IT\">Hourie Sylvaine<\/a><\/div><\/div><\/div><div class=\"item\" data-season=\"all-seasons\"><div class=\"card card-apidae card-avance\"><div class=\"group-actions\"><ws-wishlist data-type=\"flag\" data-action=\"add\" data-wish-id=\"5058032\" data-wish-type=\"apidae\"><\/ws-wishlist><\/div><div class=\"group-media\"><div class=\"field-image\"><img decoding=\"async\" src=\"https:\/\/images.weserv.nl\/?url=https:\/\/www.paysdesecrins.com\/wp-content\/uploads\/2025\/06\/cropped-paysdesecrins.png&#038;w=350&#038;h=350&#038;fit=cover&#038;output=webp&#038;q=45\" alt=\"Chambon Fran\u00e7oise\"\/><\/div><\/div><div class=\"group-top\"><div class=\"field-commune\">Puy-Saint-Vincent<\/div><ws-apidae-from-price data-apidae-id=\"5058032\" ><\/ws-apidae-from-price><\/div><div class=\"group-content\"><div class=\"field-title\">Chambon Fran\u00e7oise<\/div><\/div><div class=\"field-link\" role=\"group\" aria-label=\"Lien vers le contenu\"><a href=\"https:\/\/www.paysdesecrins.com\/it\/fiche\/chambon-francoise-4\/\" class=\"cardlink\" title=\"Lire plus : Chambon Fran\u00e7oise\" lang=\"it_IT\">Chambon Fran\u00e7oise<\/a><\/div><\/div><\/div><div class=\"item\" data-season=\"all-seasons\"><div class=\"card card-apidae card-avance\"><div class=\"group-actions\"><ws-wishlist data-type=\"flag\" data-action=\"add\" data-wish-id=\"5055745\" data-wish-type=\"apidae\"><\/ws-wishlist><\/div><div class=\"group-media\"><div class=\"field-image\"><img decoding=\"async\" src=\"https:\/\/images.weserv.nl\/?url=https:\/\/www.paysdesecrins.com\/wp-content\/uploads\/2025\/06\/cropped-paysdesecrins.png&#038;w=350&#038;h=350&#038;fit=cover&#038;output=webp&#038;q=45\" alt=\"SCI la Vergnolles\"\/><\/div><\/div><div class=\"group-top\"><div class=\"field-commune\">Puy-Saint-Vincent<\/div><ws-apidae-from-price data-apidae-id=\"5055745\" ><\/ws-apidae-from-price><\/div><div class=\"group-content\"><div class=\"field-title\">SCI la Vergnolles<\/div><\/div><div class=\"field-link\" role=\"group\" aria-label=\"Lien vers le contenu\"><a href=\"https:\/\/www.paysdesecrins.com\/it\/fiche\/sci-la-vergnolles-4\/\" class=\"cardlink\" title=\"Lire plus : SCI la Vergnolles\" lang=\"it_IT\">SCI la Vergnolles<\/a><\/div><\/div><\/div><div class=\"item\" data-season=\"all-seasons\"><div class=\"card card-apidae card-avance\"><div class=\"group-actions\"><ws-wishlist data-type=\"flag\" data-action=\"add\" data-wish-id=\"581339\" data-wish-type=\"apidae\"><\/ws-wishlist><\/div><div class=\"group-media\"><div class=\"field-image\"><img decoding=\"async\" src=\"https:\/\/images.weserv.nl\/?url=https:\/\/static.apidae-tourisme.com\/filestore\/objets-touristiques\/images\/201\/181\/8500681-diaporama.jpg&#038;w=350&#038;h=350&#038;fit=cover&#038;output=webp&#038;q=45\" alt=\"Appartement 6 personnes \u2013  PSV 1400 \u2013 Famille Denis\"\/><\/div><\/div><div class=\"group-top\"><div class=\"field-commune\">Puy-Saint-Vincent<\/div><ws-apidae-from-price data-apidae-id=\"581339\" ><\/ws-apidae-from-price><\/div><div class=\"group-content\"><div class=\"field-title\">Appartement 6 personnes \u2013  PSV 1400 \u2013 Famille Denis<\/div><\/div><div class=\"field-link\" role=\"group\" aria-label=\"Lien vers le contenu\"><a href=\"https:\/\/www.paysdesecrins.com\/it\/fiche\/appartement-6-personnes-psv-1400-famille-denis-3\/\" class=\"cardlink\" title=\"Lire plus : Appartement 6 personnes \u2013  PSV 1400 \u2013 Famille Denis\" lang=\"it_IT\">Appartement 6 personnes \u2013  PSV 1400 \u2013 Famille Denis<\/a><\/div><\/div><\/div><div class=\"item\" data-season=\"all-seasons\"><div class=\"card card-apidae card-avance\"><div class=\"group-actions\"><ws-wishlist data-type=\"flag\" data-action=\"add\" data-wish-id=\"5054670\" data-wish-type=\"apidae\"><\/ws-wishlist><\/div><div class=\"group-media\"><div class=\"field-image\"><img decoding=\"async\" src=\"https:\/\/images.weserv.nl\/?url=https:\/\/www.paysdesecrins.com\/wp-content\/uploads\/2025\/06\/cropped-paysdesecrins.png&#038;w=350&#038;h=350&#038;fit=cover&#038;output=webp&#038;q=45\" alt=\"Pipe Nathalie\"\/><\/div><\/div><div class=\"group-top\"><div class=\"field-commune\">Puy-Saint-Vincent<\/div><ws-apidae-from-price data-apidae-id=\"5054670\" ><\/ws-apidae-from-price><\/div><div class=\"group-content\"><div class=\"field-title\">Pipe Nathalie<\/div><\/div><div class=\"field-link\" role=\"group\" aria-label=\"Lien vers le contenu\"><a href=\"https:\/\/www.paysdesecrins.com\/it\/fiche\/pipe-nathalie-4\/\" class=\"cardlink\" title=\"Lire plus : Pipe Nathalie\" lang=\"it_IT\">Pipe Nathalie<\/a><\/div><\/div><\/div><div class=\"item\" data-season=\"all-seasons\"><div class=\"card card-apidae card-avance\"><div class=\"group-actions\"><ws-wishlist data-type=\"flag\" data-action=\"add\" data-wish-id=\"5056848\" data-wish-type=\"apidae\"><\/ws-wishlist><\/div><div class=\"group-media\"><div class=\"field-image\"><img decoding=\"async\" src=\"https:\/\/images.weserv.nl\/?url=https:\/\/static.apidae-tourisme.com\/filestore\/objets-touristiques\/images\/171\/93\/36134315-diaporama.jpg&#038;w=350&#038;h=350&#038;fit=cover&#038;output=webp&#038;q=45\" alt=\"Burellier Michel\"\/><\/div><\/div><div class=\"group-top\"><div class=\"field-commune\">Puy-Saint-Vincent<\/div><ws-apidae-from-price data-apidae-id=\"5056848\" ><\/ws-apidae-from-price><\/div><div class=\"group-content\"><div class=\"field-title\">Burellier Michel<\/div><\/div><div class=\"field-link\" role=\"group\" aria-label=\"Lien vers le contenu\"><a href=\"https:\/\/www.paysdesecrins.com\/it\/fiche\/burellier-michel-4\/\" class=\"cardlink\" title=\"Lire plus : Burellier Michel\" lang=\"it_IT\">Burellier Michel<\/a><\/div><\/div><\/div><div class=\"item\" data-season=\"all-seasons\"><div class=\"card card-apidae card-avance\"><div class=\"group-actions\"><ws-wishlist data-type=\"flag\" data-action=\"add\" data-wish-id=\"581447\" data-wish-type=\"apidae\"><\/ws-wishlist><\/div><div class=\"group-media\"><div class=\"field-image\"><img decoding=\"async\" src=\"https:\/\/images.weserv.nl\/?url=https:\/\/static.apidae-tourisme.com\/filestore\/objets-touristiques\/images\/103\/253\/3669351-diaporama.jpg&#038;w=350&#038;h=350&#038;fit=cover&#038;output=webp&#038;q=45\" alt=\"Bruneau Yannick\"\/><\/div><\/div><div class=\"group-top\"><div class=\"field-commune\">Puy-Saint-Vincent<\/div><ws-apidae-from-price data-apidae-id=\"581447\" ><\/ws-apidae-from-price><\/div><div class=\"group-content\"><div class=\"field-title\">Bruneau Yannick<\/div><\/div><div class=\"field-link\" role=\"group\" aria-label=\"Lien vers le contenu\"><a href=\"https:\/\/www.paysdesecrins.com\/it\/fiche\/bruneau-yannick-2\/\" class=\"cardlink\" title=\"Lire plus : Bruneau Yannick\" lang=\"it_IT\">Bruneau Yannick<\/a><\/div><\/div><\/div><div class=\"item\" data-season=\"all-seasons\"><div class=\"card card-apidae card-avance\"><div class=\"group-actions\"><ws-wishlist data-type=\"flag\" data-action=\"add\" data-wish-id=\"5126686\" data-wish-type=\"apidae\"><\/ws-wishlist><\/div><div class=\"group-media\"><div class=\"field-image\"><img decoding=\"async\" src=\"https:\/\/images.weserv.nl\/?url=https:\/\/static.apidae-tourisme.com\/filestore\/objets-touristiques\/images\/117\/84\/6902901-diaporama.jpg&#038;w=350&#038;h=350&#038;fit=cover&#038;output=webp&#038;q=45\" alt=\"Chalet l&#8217;Aigli\u00e8re\"\/><\/div><\/div><div class=\"group-top\"><div class=\"field-commune\">Puy-Saint-Vincent<\/div><ws-apidae-from-price data-apidae-id=\"5126686\" ><\/ws-apidae-from-price><\/div><div class=\"group-content\"><div class=\"field-title\">Chalet l&#8217;Aigli\u00e8re<\/div><\/div><div class=\"field-link\" role=\"group\" aria-label=\"Lien vers le contenu\"><a href=\"https:\/\/www.paysdesecrins.com\/it\/fiche\/chalet-laigliere-4\/\" class=\"cardlink\" title=\"Lire plus : Chalet l&#8217;Aigli\u00e8re\" lang=\"it_IT\">Chalet l&#8217;Aigli\u00e8re<\/a><\/div><\/div><\/div><div class=\"item\" data-season=\"all-seasons\"><div class=\"card card-apidae card-avance\"><div class=\"group-actions\"><ws-wishlist data-type=\"flag\" data-action=\"add\" data-wish-id=\"4850544\" data-wish-type=\"apidae\"><\/ws-wishlist><\/div><div class=\"group-media\"><div class=\"field-image\"><img decoding=\"async\" src=\"https:\/\/images.weserv.nl\/?url=https:\/\/www.paysdesecrins.com\/wp-content\/uploads\/2025\/06\/cropped-paysdesecrins.png&#038;w=350&#038;h=350&#038;fit=cover&#038;output=webp&#038;q=45\" alt=\"Galti\u00e9 Herv\u00e9\"\/><\/div><\/div><div class=\"group-top\"><div class=\"field-commune\">Puy-Saint-Vincent<\/div><ws-apidae-from-price data-apidae-id=\"4850544\" ><\/ws-apidae-from-price><\/div><div class=\"group-content\"><div class=\"field-title\">Galti\u00e9 Herv\u00e9<\/div><\/div><div class=\"field-link\" role=\"group\" aria-label=\"Lien vers le contenu\"><a href=\"https:\/\/www.paysdesecrins.com\/it\/fiche\/galtie-herve-4\/\" class=\"cardlink\" title=\"Lire plus : Galti\u00e9 Herv\u00e9\" lang=\"it_IT\">Galti\u00e9 Herv\u00e9<\/a><\/div><\/div><\/div><div class=\"item\" data-season=\"all-seasons\"><div class=\"card card-apidae card-avance\"><div class=\"group-actions\"><ws-wishlist data-type=\"flag\" data-action=\"add\" data-wish-id=\"581053\" data-wish-type=\"apidae\"><\/ws-wishlist><\/div><div class=\"group-media\"><div class=\"field-image\"><img decoding=\"async\" src=\"https:\/\/images.weserv.nl\/?url=https:\/\/static.apidae-tourisme.com\/filestore\/objets-touristiques\/images\/187\/56\/932027-diaporama.jpg&#038;w=350&#038;h=350&#038;fit=cover&#038;output=webp&#038;q=45\" alt=\"Chartie G\u00e9rard\"\/><\/div><\/div><div class=\"group-top\"><div class=\"field-book\">Prenotabile online<\/div><div class=\"field-commune\">Puy-Saint-Vincent<\/div><ws-apidae-from-price data-apidae-id=\"581053\" ><\/ws-apidae-from-price><\/div><div class=\"group-content\"><div class=\"field-title\">Chartie G\u00e9rard<\/div><\/div><div class=\"field-link\" role=\"group\" aria-label=\"Lien vers le contenu\"><a href=\"https:\/\/www.paysdesecrins.com\/it\/fiche\/chartie-gerard-3\/\" class=\"cardlink\" title=\"Lire plus : Chartie G\u00e9rard\" lang=\"it_IT\">Chartie G\u00e9rard<\/a><\/div><\/div><\/div><div class=\"item\" data-season=\"all-seasons\"><div class=\"card card-apidae card-avance\"><div class=\"group-actions\"><ws-wishlist data-type=\"flag\" data-action=\"add\" data-wish-id=\"5054643\" data-wish-type=\"apidae\"><\/ws-wishlist><\/div><div class=\"group-media\"><div class=\"field-image\"><img decoding=\"async\" src=\"https:\/\/images.weserv.nl\/?url=https:\/\/www.paysdesecrins.com\/wp-content\/uploads\/2025\/06\/cropped-paysdesecrins.png&#038;w=350&#038;h=350&#038;fit=cover&#038;output=webp&#038;q=45\" alt=\"Hameau des Ecrins- PSV 1800 \u2013 Dupr\u00e9 Fran\u00e7oise\"\/><\/div><\/div><div class=\"group-top\"><div class=\"field-commune\">Puy-Saint-Vincent<\/div><ws-apidae-from-price data-apidae-id=\"5054643\" ><\/ws-apidae-from-price><\/div><div class=\"group-content\"><div class=\"field-title\">Hameau des Ecrins- PSV 1800 \u2013 Dupr\u00e9 Fran\u00e7oise<\/div><\/div><div class=\"field-link\" role=\"group\" aria-label=\"Lien vers le contenu\"><a href=\"https:\/\/www.paysdesecrins.com\/it\/fiche\/hameau-des-ecrins-psv-1800-dupre-francoise-4\/\" class=\"cardlink\" title=\"Lire plus : Hameau des Ecrins- PSV 1800 \u2013 Dupr\u00e9 Fran\u00e7oise\" lang=\"it_IT\">Hameau des Ecrins- PSV 1800 \u2013 Dupr\u00e9 Fran\u00e7oise<\/a><\/div><\/div><\/div><div class=\"item\" data-season=\"all-seasons\"><div class=\"card card-apidae card-avance\"><div class=\"group-actions\"><ws-wishlist data-type=\"flag\" data-action=\"add\" data-wish-id=\"5052698\" data-wish-type=\"apidae\"><\/ws-wishlist><\/div><div class=\"group-media\"><div class=\"field-image\"><img decoding=\"async\" src=\"https:\/\/images.weserv.nl\/?url=https:\/\/static.apidae-tourisme.com\/filestore\/objets-touristiques\/images\/147\/19\/6820755-diaporama.jpg&#038;w=350&#038;h=350&#038;fit=cover&#038;output=webp&#038;q=45\" alt=\"Fr\u00e9d\u00e9ric Kerges\"\/><\/div><\/div><div class=\"group-top\"><div class=\"field-commune\">Puy-Saint-Vincent<\/div><ws-apidae-from-price data-apidae-id=\"5052698\" ><\/ws-apidae-from-price><\/div><div class=\"group-content\"><div class=\"field-title\">Fr\u00e9d\u00e9ric Kerges<\/div><\/div><div class=\"field-link\" role=\"group\" aria-label=\"Lien vers le contenu\"><a href=\"https:\/\/www.paysdesecrins.com\/it\/fiche\/frederic-kerges-4\/\" class=\"cardlink\" title=\"Lire plus : Fr\u00e9d\u00e9ric Kerges\" lang=\"it_IT\">Fr\u00e9d\u00e9ric Kerges<\/a><\/div><\/div><\/div><div class=\"item\" data-season=\"all-seasons\"><div class=\"card card-apidae card-avance\"><div class=\"group-actions\"><ws-wishlist data-type=\"flag\" data-action=\"add\" data-wish-id=\"4909555\" data-wish-type=\"apidae\"><\/ws-wishlist><\/div><div class=\"group-media\"><div class=\"field-image\"><img decoding=\"async\" src=\"https:\/\/images.weserv.nl\/?url=https:\/\/static.apidae-tourisme.com\/filestore\/objets-touristiques\/images\/62\/6\/3606078-diaporama.jpg&#038;w=350&#038;h=350&#038;fit=cover&#038;output=webp&#038;q=45\" alt=\"Gauthier Laurent \u2013 Village\"\/><\/div><\/div><div class=\"group-top\"><div class=\"field-commune\">Puy-Saint-Vincent<\/div><ws-apidae-from-price data-apidae-id=\"4909555\" ><\/ws-apidae-from-price><\/div><div class=\"group-content\"><div class=\"field-title\">Gauthier Laurent \u2013 Village<\/div><\/div><div class=\"field-link\" role=\"group\" aria-label=\"Lien vers le contenu\"><a href=\"https:\/\/www.paysdesecrins.com\/it\/fiche\/gauthier-laurent-village-4\/\" class=\"cardlink\" title=\"Lire plus : Gauthier Laurent \u2013 Village\" lang=\"it_IT\">Gauthier Laurent \u2013 Village<\/a><\/div><\/div><\/div><div class=\"item\" data-season=\"all-seasons\"><div class=\"card card-apidae card-avance\"><div class=\"group-actions\"><ws-wishlist data-type=\"flag\" data-action=\"add\" data-wish-id=\"4991235\" data-wish-type=\"apidae\"><\/ws-wishlist><\/div><div class=\"group-media\"><div class=\"field-image\"><img decoding=\"async\" src=\"https:\/\/images.weserv.nl\/?url=https:\/\/static.apidae-tourisme.com\/filestore\/objets-touristiques\/images\/85\/6\/4195925-diaporama.jpg&#038;w=350&#038;h=350&#038;fit=cover&#038;output=webp&#038;q=45\" alt=\"Pelen R\u00e9gis \u2013 La Bergerie\"\/><\/div><\/div><div class=\"group-top\"><div class=\"field-commune\">Puy-Saint-Vincent<\/div><ws-apidae-from-price data-apidae-id=\"4991235\" ><\/ws-apidae-from-price><\/div><div class=\"group-content\"><div class=\"field-title\">Pelen R\u00e9gis \u2013 La Bergerie<\/div><\/div><div class=\"field-link\" role=\"group\" aria-label=\"Lien vers le contenu\"><a href=\"https:\/\/www.paysdesecrins.com\/it\/fiche\/pelen-regis-la-bergerie-4\/\" class=\"cardlink\" title=\"Lire plus : Pelen R\u00e9gis \u2013 La Bergerie\" lang=\"it_IT\">Pelen R\u00e9gis \u2013 La Bergerie<\/a><\/div><\/div><\/div><div class=\"item\" data-season=\"all-seasons\"><div class=\"card card-apidae card-avance\"><div class=\"group-actions\"><ws-wishlist data-type=\"flag\" data-action=\"add\" data-wish-id=\"5054748\" data-wish-type=\"apidae\"><\/ws-wishlist><\/div><div class=\"group-media\"><div class=\"field-image\"><img decoding=\"async\" src=\"https:\/\/images.weserv.nl\/?url=https:\/\/www.paysdesecrins.com\/wp-content\/uploads\/2025\/06\/cropped-paysdesecrins.png&#038;w=350&#038;h=350&#038;fit=cover&#038;output=webp&#038;q=45\" alt=\"Rochegude Michel SARL Raf Raf\"\/><\/div><\/div><div class=\"group-top\"><div class=\"field-commune\">Puy-Saint-Vincent<\/div><ws-apidae-from-price data-apidae-id=\"5054748\" ><\/ws-apidae-from-price><\/div><div class=\"group-content\"><div class=\"field-title\">Rochegude Michel SARL Raf Raf<\/div><\/div><div class=\"field-link\" role=\"group\" aria-label=\"Lien vers le contenu\"><a href=\"https:\/\/www.paysdesecrins.com\/it\/fiche\/rochegude-michel-sarl-raf-raf-4\/\" class=\"cardlink\" title=\"Lire plus : Rochegude Michel SARL Raf Raf\" lang=\"it_IT\">Rochegude Michel SARL Raf Raf<\/a><\/div><\/div><\/div><div class=\"item\" data-season=\"all-seasons\"><div class=\"card card-apidae card-avance\"><div class=\"group-actions\"><ws-wishlist data-type=\"flag\" data-action=\"add\" data-wish-id=\"5057070\" data-wish-type=\"apidae\"><\/ws-wishlist><\/div><div class=\"group-media\"><div class=\"field-image\"><img decoding=\"async\" src=\"https:\/\/images.weserv.nl\/?url=https:\/\/www.paysdesecrins.com\/wp-content\/uploads\/2025\/06\/cropped-paysdesecrins.png&#038;w=350&#038;h=350&#038;fit=cover&#038;output=webp&#038;q=45\" alt=\"SCI Petit Loup\"\/><\/div><\/div><div class=\"group-top\"><div class=\"field-commune\">Puy-Saint-Vincent<\/div><ws-apidae-from-price data-apidae-id=\"5057070\" ><\/ws-apidae-from-price><\/div><div class=\"group-content\"><div class=\"field-title\">SCI Petit Loup<\/div><\/div><div class=\"field-link\" role=\"group\" aria-label=\"Lien vers le contenu\"><a href=\"https:\/\/www.paysdesecrins.com\/it\/fiche\/sci-petit-loup-4\/\" class=\"cardlink\" title=\"Lire plus : SCI Petit Loup\" lang=\"it_IT\">SCI Petit Loup<\/a><\/div><\/div><\/div><div class=\"item\" data-season=\"all-seasons\"><div class=\"card card-apidae card-avance\"><div class=\"group-actions\"><ws-wishlist data-type=\"flag\" data-action=\"add\" data-wish-id=\"5054681\" data-wish-type=\"apidae\"><\/ws-wishlist><\/div><div class=\"group-media\"><div class=\"field-image\"><img decoding=\"async\" src=\"https:\/\/images.weserv.nl\/?url=https:\/\/www.paysdesecrins.com\/wp-content\/uploads\/2025\/06\/cropped-paysdesecrins.png&#038;w=350&#038;h=350&#038;fit=cover&#038;output=webp&#038;q=45\" alt=\"Couturat La\u00e9titia\"\/><\/div><\/div><div class=\"group-top\"><div class=\"field-commune\">Puy-Saint-Vincent<\/div><ws-apidae-from-price data-apidae-id=\"5054681\" ><\/ws-apidae-from-price><\/div><div class=\"group-content\"><div class=\"field-title\">Couturat La\u00e9titia<\/div><\/div><div class=\"field-link\" role=\"group\" aria-label=\"Lien vers le contenu\"><a href=\"https:\/\/www.paysdesecrins.com\/it\/fiche\/couturat-laetitia-4\/\" class=\"cardlink\" title=\"Lire plus : Couturat La\u00e9titia\" lang=\"it_IT\">Couturat La\u00e9titia<\/a><\/div><\/div><\/div><div class=\"item\" data-season=\"all-seasons\"><div class=\"card card-apidae card-avance\"><div class=\"group-actions\"><ws-wishlist data-type=\"flag\" data-action=\"add\" data-wish-id=\"590831\" data-wish-type=\"apidae\"><\/ws-wishlist><\/div><div class=\"group-media\"><div class=\"field-image\"><img decoding=\"async\" src=\"https:\/\/images.weserv.nl\/?url=https:\/\/static.apidae-tourisme.com\/filestore\/objets-touristiques\/images\/245\/112\/4878581-diaporama.jpg&#038;w=350&#038;h=350&#038;fit=cover&#038;output=webp&#038;q=45\" alt=\"Nguyen Trung Thuan\"\/><\/div><\/div><div class=\"group-top\"><div class=\"field-commune\">Puy-Saint-Vincent<\/div><ws-apidae-from-price data-apidae-id=\"590831\" ><\/ws-apidae-from-price><\/div><div class=\"group-content\"><div class=\"field-title\">Nguyen Trung Thuan<\/div><\/div><div class=\"field-link\" role=\"group\" aria-label=\"Lien vers le contenu\"><a href=\"https:\/\/www.paysdesecrins.com\/it\/fiche\/nguyen-trung-thuan-4\/\" class=\"cardlink\" title=\"Lire plus : Nguyen Trung Thuan\" lang=\"it_IT\">Nguyen Trung Thuan<\/a><\/div><\/div><\/div><div class=\"item\" data-season=\"all-seasons\"><div class=\"card card-apidae card-avance\"><div class=\"group-actions\"><ws-wishlist data-type=\"flag\" data-action=\"add\" data-wish-id=\"586952\" data-wish-type=\"apidae\"><\/ws-wishlist><\/div><div class=\"group-media\"><div class=\"field-image\"><img decoding=\"async\" src=\"https:\/\/images.weserv.nl\/?url=https:\/\/static.apidae-tourisme.com\/filestore\/objets-touristiques\/images\/129\/62\/933505-diaporama.jpg&#038;w=350&#038;h=350&#038;fit=cover&#038;output=webp&#038;q=45\" alt=\"Conocar Starczewski Liliane\"\/><\/div><\/div><div class=\"group-top\"><div class=\"field-commune\">Puy-Saint-Vincent<\/div><ws-apidae-from-price data-apidae-id=\"586952\" ><\/ws-apidae-from-price><\/div><div class=\"group-content\"><div class=\"field-title\">Conocar Starczewski Liliane<\/div><\/div><div class=\"field-link\" role=\"group\" aria-label=\"Lien vers le contenu\"><a href=\"https:\/\/www.paysdesecrins.com\/it\/fiche\/conocar-starczewski-liliane-3\/\" class=\"cardlink\" title=\"Lire plus : Conocar Starczewski Liliane\" lang=\"it_IT\">Conocar Starczewski Liliane<\/a><\/div><\/div><\/div><div class=\"item\" data-season=\"all-seasons\"><div class=\"card card-apidae card-avance\"><div class=\"group-actions\"><ws-wishlist data-type=\"flag\" data-action=\"add\" data-wish-id=\"226676\" data-wish-type=\"apidae\"><\/ws-wishlist><\/div><div class=\"group-media\"><div class=\"field-image\"><img decoding=\"async\" src=\"https:\/\/images.weserv.nl\/?url=https:\/\/static.apidae-tourisme.com\/filestore\/objets-touristiques\/images\/196\/95\/8871876-diaporama.jpg&#038;w=350&#038;h=350&#038;fit=cover&#038;output=webp&#038;q=45\" alt=\"H\u00f4tel La Pendine\"\/><\/div><\/div><div class=\"group-top\"><div class=\"field-commune\">Puy-Saint-Vincent<\/div><ws-apidae-from-price data-apidae-id=\"226676\" ><\/ws-apidae-from-price><\/div><div class=\"group-content\"><div class=\"field-title\">H\u00f4tel La Pendine<\/div><\/div><div class=\"field-link\" role=\"group\" aria-label=\"Lien vers le contenu\"><a href=\"https:\/\/www.paysdesecrins.com\/it\/fiche\/hotel-la-pendine-4\/\" class=\"cardlink\" title=\"Lire plus : H\u00f4tel La Pendine\" lang=\"it_IT\">H\u00f4tel La Pendine<\/a><\/div><\/div><\/div><div class=\"item\" data-season=\"all-seasons\"><div class=\"card card-apidae card-avance\"><div class=\"group-actions\"><ws-wishlist data-type=\"flag\" data-action=\"add\" data-wish-id=\"5058185\" data-wish-type=\"apidae\"><\/ws-wishlist><\/div><div class=\"group-media\"><div class=\"field-image\"><img decoding=\"async\" src=\"https:\/\/images.weserv.nl\/?url=https:\/\/www.paysdesecrins.com\/wp-content\/uploads\/2025\/06\/cropped-paysdesecrins.png&#038;w=350&#038;h=350&#038;fit=cover&#038;output=webp&#038;q=45\" alt=\"Guillet-Lambert Catherine\"\/><\/div><\/div><div class=\"group-top\"><div class=\"field-commune\">Puy-Saint-Vincent<\/div><ws-apidae-from-price data-apidae-id=\"5058185\" ><\/ws-apidae-from-price><\/div><div class=\"group-content\"><div class=\"field-title\">Guillet-Lambert Catherine<\/div><\/div><div class=\"field-link\" role=\"group\" aria-label=\"Lien vers le contenu\"><a href=\"https:\/\/www.paysdesecrins.com\/it\/fiche\/guillet-lambert-catherine-4\/\" class=\"cardlink\" title=\"Lire plus : Guillet-Lambert Catherine\" lang=\"it_IT\">Guillet-Lambert Catherine<\/a><\/div><\/div><\/div><div class=\"item\" data-season=\"all-seasons\"><div class=\"card card-apidae card-avance\"><div class=\"group-actions\"><ws-wishlist data-type=\"flag\" data-action=\"add\" data-wish-id=\"227348\" data-wish-type=\"apidae\"><\/ws-wishlist><\/div><div class=\"group-media\"><div class=\"field-image\"><img decoding=\"async\" src=\"https:\/\/images.weserv.nl\/?url=https:\/\/static.apidae-tourisme.com\/filestore\/objets-touristiques\/images\/182\/27\/924598-diaporama.jpg&#038;w=350&#038;h=350&#038;fit=cover&#038;output=webp&#038;q=45\" alt=\"Residenza il Parc aux \u00e9toiles (Parco delle Stelle)\"\/><\/div><\/div><div class=\"group-top\"><div class=\"field-commune\">Puy-Saint-Vincent<\/div><ws-apidae-from-price data-apidae-id=\"227348\" ><\/ws-apidae-from-price><\/div><div class=\"group-content\"><div class=\"field-title\">Residenza il Parc aux \u00e9toiles (Parco delle Stelle)<\/div><\/div><div class=\"field-link\" role=\"group\" aria-label=\"Lien vers le contenu\"><a href=\"https:\/\/www.paysdesecrins.com\/it\/fiche\/residenza-il-parc-aux-etoiles-parco-delle-stelle\/\" class=\"cardlink\" title=\"Lire plus : Residenza il Parc aux \u00e9toiles (Parco delle Stelle)\" lang=\"it_IT\">Residenza il Parc aux \u00e9toiles (Parco delle Stelle)<\/a><\/div><\/div><\/div><div class=\"item\" data-season=\"all-seasons\"><div class=\"card card-apidae card-avance\"><div class=\"group-actions\"><ws-wishlist data-type=\"flag\" data-action=\"add\" data-wish-id=\"589364\" data-wish-type=\"apidae\"><\/ws-wishlist><\/div><div class=\"group-media\"><div class=\"field-image\"><img decoding=\"async\" src=\"https:\/\/images.weserv.nl\/?url=https:\/\/static.apidae-tourisme.com\/filestore\/objets-touristiques\/images\/150\/94\/8740502-diaporama.jpg&#038;w=350&#038;h=350&#038;fit=cover&#038;output=webp&#038;q=45\" alt=\"Ayme Bernard\"\/><\/div><\/div><div class=\"group-top\"><div class=\"field-commune\">Puy-Saint-Vincent<\/div><ws-apidae-from-price data-apidae-id=\"589364\" ><\/ws-apidae-from-price><\/div><div class=\"group-content\"><div class=\"field-title\">Ayme Bernard<\/div><\/div><div class=\"field-link\" role=\"group\" aria-label=\"Lien vers le contenu\"><a href=\"https:\/\/www.paysdesecrins.com\/it\/fiche\/ayme-bernard-3\/\" class=\"cardlink\" title=\"Lire plus : Ayme Bernard\" lang=\"it_IT\">Ayme Bernard<\/a><\/div><\/div><\/div><div class=\"item\" data-season=\"all-seasons\"><div class=\"card card-apidae card-avance\"><div class=\"group-actions\"><ws-wishlist data-type=\"flag\" data-action=\"add\" data-wish-id=\"5060590\" data-wish-type=\"apidae\"><\/ws-wishlist><\/div><div class=\"group-media\"><div class=\"field-image\"><img decoding=\"async\" src=\"https:\/\/images.weserv.nl\/?url=https:\/\/www.paysdesecrins.com\/wp-content\/uploads\/2025\/06\/cropped-paysdesecrins.png&#038;w=350&#038;h=350&#038;fit=cover&#038;output=webp&#038;q=45\" alt=\"CE Cpam du Gard\"\/><\/div><\/div><div class=\"group-top\"><div class=\"field-commune\">Puy-Saint-Vincent<\/div><ws-apidae-from-price data-apidae-id=\"5060590\" ><\/ws-apidae-from-price><\/div><div class=\"group-content\"><div class=\"field-title\">CE Cpam du Gard<\/div><\/div><div class=\"field-link\" role=\"group\" aria-label=\"Lien vers le contenu\"><a href=\"https:\/\/www.paysdesecrins.com\/it\/fiche\/ce-cpam-du-gard-4\/\" class=\"cardlink\" title=\"Lire plus : CE Cpam du Gard\" lang=\"it_IT\">CE Cpam du Gard<\/a><\/div><\/div><\/div><div class=\"item\" data-season=\"all-seasons\"><div class=\"card card-apidae card-avance\"><div class=\"group-actions\"><ws-wishlist data-type=\"flag\" data-action=\"add\" data-wish-id=\"6169337\" data-wish-type=\"apidae\"><\/ws-wishlist><\/div><div class=\"group-media\"><div class=\"field-image\"><img decoding=\"async\" src=\"https:\/\/images.weserv.nl\/?url=https:\/\/static.apidae-tourisme.com\/filestore\/objets-touristiques\/images\/171\/243\/13431723-diaporama.jpg&#038;w=350&#038;h=350&#038;fit=cover&#038;output=webp&#038;q=45\" alt=\"DEJODE \u2013 Prey d&#8217;Aval \u2013 PSV 1400\"\/><\/div><\/div><div class=\"group-top\"><div class=\"field-commune\">Puy-Saint-Vincent<\/div><ws-apidae-from-price data-apidae-id=\"6169337\" ><\/ws-apidae-from-price><\/div><div class=\"group-content\"><div class=\"field-title\">DEJODE \u2013 Prey d&#8217;Aval \u2013 PSV 1400<\/div><\/div><div class=\"field-link\" role=\"group\" aria-label=\"Lien vers le contenu\"><a href=\"https:\/\/www.paysdesecrins.com\/it\/fiche\/dejode-prey-daval-psv-1400-4\/\" class=\"cardlink\" title=\"Lire plus : DEJODE \u2013 Prey d&#8217;Aval \u2013 PSV 1400\" lang=\"it_IT\">DEJODE \u2013 Prey d&#8217;Aval \u2013 PSV 1400<\/a><\/div><\/div><\/div><div class=\"item\" data-season=\"all-seasons\"><div class=\"card card-apidae card-avance\"><div class=\"group-actions\"><ws-wishlist data-type=\"flag\" data-action=\"add\" data-wish-id=\"5054600\" data-wish-type=\"apidae\"><\/ws-wishlist><\/div><div class=\"group-media\"><div class=\"field-image\"><img decoding=\"async\" src=\"https:\/\/images.weserv.nl\/?url=https:\/\/www.paysdesecrins.com\/wp-content\/uploads\/2025\/06\/cropped-paysdesecrins.png&#038;w=350&#038;h=350&#038;fit=cover&#038;output=webp&#038;q=45\" alt=\"Sautter Philippe\"\/><\/div><\/div><div class=\"group-top\"><div class=\"field-commune\">Puy-Saint-Vincent<\/div><ws-apidae-from-price data-apidae-id=\"5054600\" ><\/ws-apidae-from-price><\/div><div class=\"group-content\"><div class=\"field-title\">Sautter Philippe<\/div><\/div><div class=\"field-link\" role=\"group\" aria-label=\"Lien vers le contenu\"><a href=\"https:\/\/www.paysdesecrins.com\/it\/fiche\/sautter-philippe-4\/\" class=\"cardlink\" title=\"Lire plus : Sautter Philippe\" lang=\"it_IT\">Sautter Philippe<\/a><\/div><\/div><\/div><div class=\"item\" data-season=\"all-seasons\"><div class=\"card card-apidae card-avance\"><div class=\"group-actions\"><ws-wishlist data-type=\"flag\" data-action=\"add\" data-wish-id=\"4874881\" data-wish-type=\"apidae\"><\/ws-wishlist><\/div><div class=\"group-media\"><div class=\"field-image\"><img decoding=\"async\" src=\"https:\/\/images.weserv.nl\/?url=https:\/\/static.apidae-tourisme.com\/filestore\/objets-touristiques\/images\/91\/226\/26272347-diaporama.jpg&#038;w=350&#038;h=350&#038;fit=cover&#038;output=webp&#038;q=45\" alt=\"Moulard Maxime\"\/><\/div><\/div><div class=\"group-top\"><div class=\"field-commune\">Puy-Saint-Vincent<\/div><ws-apidae-from-price data-apidae-id=\"4874881\" ><\/ws-apidae-from-price><\/div><div class=\"group-content\"><div class=\"field-title\">Moulard Maxime<\/div><\/div><div class=\"field-link\" role=\"group\" aria-label=\"Lien vers le contenu\"><a href=\"https:\/\/www.paysdesecrins.com\/it\/fiche\/moulard-maxime-3\/\" class=\"cardlink\" title=\"Lire plus : Moulard Maxime\" lang=\"it_IT\">Moulard Maxime<\/a><\/div><\/div><\/div><div class=\"item\" data-season=\"all-seasons\"><div class=\"card card-apidae card-avance\"><div class=\"group-actions\"><ws-wishlist data-type=\"flag\" data-action=\"add\" data-wish-id=\"7584318\" data-wish-type=\"apidae\"><\/ws-wishlist><\/div><div class=\"group-media\"><div class=\"field-image\"><img decoding=\"async\" src=\"https:\/\/images.weserv.nl\/?url=https:\/\/www.paysdesecrins.com\/wp-content\/uploads\/2025\/06\/cropped-paysdesecrins.png&#038;w=350&#038;h=350&#038;fit=cover&#038;output=webp&#038;q=45\" alt=\"Meyssonnier Chantal Le Pelvoux D1A\"\/><\/div><\/div><div class=\"group-top\"><div class=\"field-commune\">Puy-Saint-Vincent<\/div><ws-apidae-from-price data-apidae-id=\"7584318\" ><\/ws-apidae-from-price><\/div><div class=\"group-content\"><div class=\"field-title\">Meyssonnier Chantal Le Pelvoux D1A<\/div><\/div><div class=\"field-link\" role=\"group\" aria-label=\"Lien vers le contenu\"><a href=\"https:\/\/www.paysdesecrins.com\/it\/fiche\/meyssonnier-chantal-le-pelvoux-d1a-4\/\" class=\"cardlink\" title=\"Lire plus : Meyssonnier Chantal Le Pelvoux D1A\" lang=\"it_IT\">Meyssonnier Chantal Le Pelvoux D1A<\/a><\/div><\/div><\/div><div class=\"item\" data-season=\"all-seasons\"><div class=\"card card-apidae card-avance\"><div class=\"group-actions\"><ws-wishlist data-type=\"flag\" data-action=\"add\" data-wish-id=\"5057525\" data-wish-type=\"apidae\"><\/ws-wishlist><\/div><div class=\"group-media\"><div class=\"field-image\"><img decoding=\"async\" src=\"https:\/\/images.weserv.nl\/?url=https:\/\/www.paysdesecrins.com\/wp-content\/uploads\/2025\/06\/cropped-paysdesecrins.png&#038;w=350&#038;h=350&#038;fit=cover&#038;output=webp&#038;q=45\" alt=\"Nouguier Sandrine\"\/><\/div><\/div><div class=\"group-top\"><div class=\"field-commune\">Puy-Saint-Vincent<\/div><ws-apidae-from-price data-apidae-id=\"5057525\" ><\/ws-apidae-from-price><\/div><div class=\"group-content\"><div class=\"field-title\">Nouguier Sandrine<\/div><\/div><div class=\"field-link\" role=\"group\" aria-label=\"Lien vers le contenu\"><a href=\"https:\/\/www.paysdesecrins.com\/it\/fiche\/nouguier-sandrine-4\/\" class=\"cardlink\" title=\"Lire plus : Nouguier Sandrine\" lang=\"it_IT\">Nouguier Sandrine<\/a><\/div><\/div><\/div><div class=\"item\" data-season=\"all-seasons\"><div class=\"card card-apidae card-avance\"><div class=\"group-actions\"><ws-wishlist data-type=\"flag\" data-action=\"add\" data-wish-id=\"634292\" data-wish-type=\"apidae\"><\/ws-wishlist><\/div><div class=\"group-media\"><div class=\"field-image\"><img decoding=\"async\" src=\"https:\/\/images.weserv.nl\/?url=https:\/\/static.apidae-tourisme.com\/filestore\/objets-touristiques\/images\/234\/104\/27420906-diaporama.jpg&#038;w=350&#038;h=350&#038;fit=cover&#038;output=webp&#038;q=45\" alt=\"Centre de vacances IGESA\"\/><\/div><\/div><div class=\"group-top\"><div class=\"field-commune\">Puy-Saint-Vincent<\/div><ws-apidae-from-price data-apidae-id=\"634292\" ><\/ws-apidae-from-price><\/div><div class=\"group-content\"><div class=\"field-title\">Centre de vacances IGESA<\/div><\/div><div class=\"field-link\" role=\"group\" aria-label=\"Lien vers le contenu\"><a href=\"https:\/\/www.paysdesecrins.com\/it\/fiche\/centre-de-vacances-igesa-4\/\" class=\"cardlink\" title=\"Lire plus : Centre de vacances IGESA\" lang=\"it_IT\">Centre de vacances IGESA<\/a><\/div><\/div><\/div><div class=\"item\" data-season=\"all-seasons\"><div class=\"card card-apidae card-avance\"><div class=\"group-actions\"><ws-wishlist data-type=\"flag\" data-action=\"add\" data-wish-id=\"5058273\" data-wish-type=\"apidae\"><\/ws-wishlist><\/div><div class=\"group-media\"><div class=\"field-image\"><img decoding=\"async\" src=\"https:\/\/images.weserv.nl\/?url=https:\/\/www.paysdesecrins.com\/wp-content\/uploads\/2025\/06\/cropped-paysdesecrins.png&#038;w=350&#038;h=350&#038;fit=cover&#038;output=webp&#038;q=45\" alt=\"Disdier Maryse\"\/><\/div><\/div><div class=\"group-top\"><div class=\"field-commune\">Puy-Saint-Vincent<\/div><ws-apidae-from-price data-apidae-id=\"5058273\" ><\/ws-apidae-from-price><\/div><div class=\"group-content\"><div class=\"field-title\">Disdier Maryse<\/div><\/div><div class=\"field-link\" role=\"group\" aria-label=\"Lien vers le contenu\"><a href=\"https:\/\/www.paysdesecrins.com\/it\/fiche\/disdier-maryse-4\/\" class=\"cardlink\" title=\"Lire plus : Disdier Maryse\" lang=\"it_IT\">Disdier Maryse<\/a><\/div><\/div><\/div><div class=\"item\" data-season=\"all-seasons\"><div class=\"card card-apidae card-avance\"><div class=\"group-actions\"><ws-wishlist data-type=\"flag\" data-action=\"add\" data-wish-id=\"5052921\" data-wish-type=\"apidae\"><\/ws-wishlist><\/div><div class=\"group-media\"><div class=\"field-image\"><img decoding=\"async\" src=\"https:\/\/images.weserv.nl\/?url=https:\/\/www.paysdesecrins.com\/wp-content\/uploads\/2025\/06\/cropped-paysdesecrins.png&#038;w=350&#038;h=350&#038;fit=cover&#038;output=webp&#038;q=45\" alt=\"Rault Michel\"\/><\/div><\/div><div class=\"group-top\"><div class=\"field-commune\">Puy-Saint-Vincent<\/div><ws-apidae-from-price data-apidae-id=\"5052921\" ><\/ws-apidae-from-price><\/div><div class=\"group-content\"><div class=\"field-title\">Rault Michel<\/div><\/div><div class=\"field-link\" role=\"group\" aria-label=\"Lien vers le contenu\"><a href=\"https:\/\/www.paysdesecrins.com\/it\/fiche\/rault-michel-4\/\" class=\"cardlink\" title=\"Lire plus : Rault Michel\" lang=\"it_IT\">Rault Michel<\/a><\/div><\/div><\/div><div class=\"item\" data-season=\"all-seasons\"><div class=\"card card-apidae card-avance\"><div class=\"group-actions\"><ws-wishlist data-type=\"flag\" data-action=\"add\" data-wish-id=\"581330\" data-wish-type=\"apidae\"><\/ws-wishlist><\/div><div class=\"group-media\"><div class=\"field-image\"><img decoding=\"async\" src=\"https:\/\/images.weserv.nl\/?url=https:\/\/static.apidae-tourisme.com\/filestore\/objets-touristiques\/images\/122\/43\/928634-diaporama.jpg&#038;w=350&#038;h=350&#038;fit=cover&#038;output=webp&#038;q=45\" alt=\"Lafleur Jacques \u2013 PSV 1400\"\/><\/div><\/div><div class=\"group-top\"><div class=\"field-commune\">Puy-Saint-Vincent<\/div><ws-apidae-from-price data-apidae-id=\"581330\" ><\/ws-apidae-from-price><\/div><div class=\"group-content\"><div class=\"field-title\">Lafleur Jacques \u2013 PSV 1400<\/div><\/div><div class=\"field-link\" role=\"group\" aria-label=\"Lien vers le contenu\"><a href=\"https:\/\/www.paysdesecrins.com\/it\/fiche\/lafleur-jacques-psv-1400-2\/\" class=\"cardlink\" title=\"Lire plus : Lafleur Jacques \u2013 PSV 1400\" lang=\"it_IT\">Lafleur Jacques \u2013 PSV 1400<\/a><\/div><\/div><\/div><div class=\"item\" data-season=\"all-seasons\"><div class=\"card card-apidae card-avance\"><div class=\"group-actions\"><ws-wishlist data-type=\"flag\" data-action=\"add\" data-wish-id=\"581267\" data-wish-type=\"apidae\"><\/ws-wishlist><\/div><div class=\"group-media\"><div class=\"field-image\"><img decoding=\"async\" src=\"https:\/\/images.weserv.nl\/?url=https:\/\/static.apidae-tourisme.com\/filestore\/objets-touristiques\/images\/181\/128\/14188725-diaporama.jpg&#038;w=350&#038;h=350&#038;fit=cover&#038;output=webp&#038;q=45\" alt=\"Pichon Monique \u2013 Appartement G\u00e9n\u00e9pi\"\/><\/div><\/div><div class=\"group-top\"><div class=\"field-commune\">Puy-Saint-Vincent<\/div><ws-apidae-from-price data-apidae-id=\"581267\" ><\/ws-apidae-from-price><\/div><div class=\"group-content\"><div class=\"field-title\">Pichon Monique \u2013 Appartement G\u00e9n\u00e9pi<\/div><\/div><div class=\"field-link\" role=\"group\" aria-label=\"Lien vers le contenu\"><a href=\"https:\/\/www.paysdesecrins.com\/it\/fiche\/pichon-monique-appartement-genepi-4\/\" class=\"cardlink\" title=\"Lire plus : Pichon Monique \u2013 Appartement G\u00e9n\u00e9pi\" lang=\"it_IT\">Pichon Monique \u2013 Appartement G\u00e9n\u00e9pi<\/a><\/div><\/div><\/div><div class=\"item\" data-season=\"all-seasons\"><div class=\"card card-apidae card-avance\"><div class=\"group-actions\"><ws-wishlist data-type=\"flag\" data-action=\"add\" data-wish-id=\"5057050\" data-wish-type=\"apidae\"><\/ws-wishlist><\/div><div class=\"group-media\"><div class=\"field-image\"><img decoding=\"async\" src=\"https:\/\/images.weserv.nl\/?url=https:\/\/www.paysdesecrins.com\/wp-content\/uploads\/2025\/06\/cropped-paysdesecrins.png&#038;w=350&#038;h=350&#038;fit=cover&#038;output=webp&#038;q=45\" alt=\"Lauxerois Marie Odile\"\/><\/div><\/div><div class=\"group-top\"><div class=\"field-commune\">Puy-Saint-Vincent<\/div><ws-apidae-from-price data-apidae-id=\"5057050\" ><\/ws-apidae-from-price><\/div><div class=\"group-content\"><div class=\"field-title\">Lauxerois Marie Odile<\/div><\/div><div class=\"field-link\" role=\"group\" aria-label=\"Lien vers le contenu\"><a href=\"https:\/\/www.paysdesecrins.com\/it\/fiche\/lauxerois-marie-odile-4\/\" class=\"cardlink\" title=\"Lire plus : Lauxerois Marie Odile\" lang=\"it_IT\">Lauxerois Marie Odile<\/a><\/div><\/div><\/div><div class=\"item\" data-season=\"all-seasons\"><div class=\"card card-apidae card-avance\"><div class=\"group-actions\"><ws-wishlist data-type=\"flag\" data-action=\"add\" data-wish-id=\"5057819\" data-wish-type=\"apidae\"><\/ws-wishlist><\/div><div class=\"group-media\"><div class=\"field-image\"><img decoding=\"async\" src=\"https:\/\/images.weserv.nl\/?url=https:\/\/www.paysdesecrins.com\/wp-content\/uploads\/2025\/06\/cropped-paysdesecrins.png&#038;w=350&#038;h=350&#038;fit=cover&#038;output=webp&#038;q=45\" alt=\"Saint Guilhem Catherine\"\/><\/div><\/div><div class=\"group-top\"><div class=\"field-commune\">Puy-Saint-Vincent<\/div><ws-apidae-from-price data-apidae-id=\"5057819\" ><\/ws-apidae-from-price><\/div><div class=\"group-content\"><div class=\"field-title\">Saint Guilhem Catherine<\/div><\/div><div class=\"field-link\" role=\"group\" aria-label=\"Lien vers le contenu\"><a href=\"https:\/\/www.paysdesecrins.com\/it\/fiche\/saint-guilhem-catherine-4\/\" class=\"cardlink\" title=\"Lire plus : Saint Guilhem Catherine\" lang=\"it_IT\">Saint Guilhem Catherine<\/a><\/div><\/div><\/div><div class=\"item\" data-season=\"all-seasons\"><div class=\"card card-apidae card-avance\"><div class=\"group-actions\"><ws-wishlist data-type=\"flag\" data-action=\"add\" data-wish-id=\"5054551\" data-wish-type=\"apidae\"><\/ws-wishlist><\/div><div class=\"group-media\"><div class=\"field-image\"><img decoding=\"async\" src=\"https:\/\/images.weserv.nl\/?url=https:\/\/www.paysdesecrins.com\/wp-content\/uploads\/2025\/06\/cropped-paysdesecrins.png&#038;w=350&#038;h=350&#038;fit=cover&#038;output=webp&#038;q=45\" alt=\"Zois J\u00e9r\u00f4me\"\/><\/div><\/div><div class=\"group-top\"><div class=\"field-commune\">Puy-Saint-Vincent<\/div><ws-apidae-from-price data-apidae-id=\"5054551\" ><\/ws-apidae-from-price><\/div><div class=\"group-content\"><div class=\"field-title\">Zois J\u00e9r\u00f4me<\/div><\/div><div class=\"field-link\" role=\"group\" aria-label=\"Lien vers le contenu\"><a href=\"https:\/\/www.paysdesecrins.com\/it\/fiche\/zois-jerome-4\/\" class=\"cardlink\" title=\"Lire plus : Zois J\u00e9r\u00f4me\" lang=\"it_IT\">Zois J\u00e9r\u00f4me<\/a><\/div><\/div><\/div><div class=\"item\" data-season=\"all-seasons\"><div class=\"card card-apidae card-avance\"><div class=\"group-actions\"><ws-wishlist data-type=\"flag\" data-action=\"add\" data-wish-id=\"581294\" data-wish-type=\"apidae\"><\/ws-wishlist><\/div><div class=\"group-media\"><div class=\"field-image\"><img decoding=\"async\" src=\"https:\/\/images.weserv.nl\/?url=https:\/\/static.apidae-tourisme.com\/filestore\/objets-touristiques\/images\/241\/154\/695025-diaporama.jpg&#038;w=350&#038;h=350&#038;fit=cover&#038;output=webp&#038;q=45\" alt=\"Pichon Monique \u2013 Appartement  l&#8217;Edelweiss\"\/><\/div><\/div><div class=\"group-top\"><div class=\"field-commune\">Puy-Saint-Vincent<\/div><ws-apidae-from-price data-apidae-id=\"581294\" ><\/ws-apidae-from-price><\/div><div class=\"group-content\"><div class=\"field-title\">Pichon Monique \u2013 Appartement  l&#8217;Edelweiss<\/div><\/div><div class=\"field-link\" role=\"group\" aria-label=\"Lien vers le contenu\"><a href=\"https:\/\/www.paysdesecrins.com\/it\/fiche\/pichon-monique-appartement-ledelweiss-2\/\" class=\"cardlink\" title=\"Lire plus : Pichon Monique \u2013 Appartement  l&#8217;Edelweiss\" lang=\"it_IT\">Pichon Monique \u2013 Appartement  l&#8217;Edelweiss<\/a><\/div><\/div><\/div><div class=\"item\" data-season=\"all-seasons\"><div class=\"card card-apidae card-avance\"><div class=\"group-actions\"><ws-wishlist data-type=\"flag\" data-action=\"add\" data-wish-id=\"581345\" data-wish-type=\"apidae\"><\/ws-wishlist><\/div><div class=\"group-media\"><div class=\"field-image\"><img decoding=\"async\" src=\"https:\/\/images.weserv.nl\/?url=https:\/\/static.apidae-tourisme.com\/filestore\/objets-touristiques\/images\/23\/87\/11032343-diaporama.jpg&#038;w=350&#038;h=350&#038;fit=cover&#038;output=webp&#038;q=45\" alt=\"PINON Hubert\"\/><\/div><\/div><div class=\"group-top\"><div class=\"field-commune\">Puy-Saint-Vincent<\/div><ws-apidae-from-price data-apidae-id=\"581345\" ><\/ws-apidae-from-price><\/div><div class=\"group-content\"><div class=\"field-title\">PINON Hubert<\/div><\/div><div class=\"field-link\" role=\"group\" aria-label=\"Lien vers le contenu\"><a href=\"https:\/\/www.paysdesecrins.com\/it\/fiche\/pinon-hubert-4\/\" class=\"cardlink\" title=\"Lire plus : PINON Hubert\" lang=\"it_IT\">PINON Hubert<\/a><\/div><\/div><\/div><div class=\"item\" data-season=\"all-seasons\"><div class=\"card card-apidae card-avance\"><div class=\"group-actions\"><ws-wishlist data-type=\"flag\" data-action=\"add\" data-wish-id=\"5054501\" data-wish-type=\"apidae\"><\/ws-wishlist><\/div><div class=\"group-media\"><div class=\"field-image\"><img decoding=\"async\" src=\"https:\/\/images.weserv.nl\/?url=https:\/\/www.paysdesecrins.com\/wp-content\/uploads\/2025\/06\/cropped-paysdesecrins.png&#038;w=350&#038;h=350&#038;fit=cover&#038;output=webp&#038;q=45\" alt=\"Bataillon Gilles\"\/><\/div><\/div><div class=\"group-top\"><div class=\"field-commune\">Puy-Saint-Vincent<\/div><ws-apidae-from-price data-apidae-id=\"5054501\" ><\/ws-apidae-from-price><\/div><div class=\"group-content\"><div class=\"field-title\">Bataillon Gilles<\/div><\/div><div class=\"field-link\" role=\"group\" aria-label=\"Lien vers le contenu\"><a href=\"https:\/\/www.paysdesecrins.com\/it\/fiche\/bataillon-gilles-4\/\" class=\"cardlink\" title=\"Lire plus : Bataillon Gilles\" lang=\"it_IT\">Bataillon Gilles<\/a><\/div><\/div><\/div><div class=\"item\" data-season=\"all-seasons\"><div class=\"card card-apidae card-avance\"><div class=\"group-actions\"><ws-wishlist data-type=\"flag\" data-action=\"add\" data-wish-id=\"581314\" data-wish-type=\"apidae\"><\/ws-wishlist><\/div><div class=\"group-media\"><div class=\"field-image\"><img decoding=\"async\" src=\"https:\/\/images.weserv.nl\/?url=https:\/\/static.apidae-tourisme.com\/filestore\/objets-touristiques\/images\/28\/46\/8400412-diaporama.jpg&#038;w=350&#038;h=350&#038;fit=cover&#038;output=webp&#038;q=45\" alt=\"Mesguen No\u00eblle et Piquet Jean-Yves\"\/><\/div><\/div><div class=\"group-top\"><div class=\"field-commune\">Puy-Saint-Vincent<\/div><ws-apidae-from-price data-apidae-id=\"581314\" ><\/ws-apidae-from-price><\/div><div class=\"group-content\"><div class=\"field-title\">Mesguen No\u00eblle et Piquet Jean-Yves<\/div><\/div><div class=\"field-link\" role=\"group\" aria-label=\"Lien vers le contenu\"><a href=\"https:\/\/www.paysdesecrins.com\/it\/fiche\/mesguen-noelle-et-piquet-jean-yves-2\/\" class=\"cardlink\" title=\"Lire plus : Mesguen No\u00eblle et Piquet Jean-Yves\" lang=\"it_IT\">Mesguen No\u00eblle et Piquet Jean-Yves<\/a><\/div><\/div><\/div><div class=\"item\" data-season=\"all-seasons\"><div class=\"card card-apidae card-avance\"><div class=\"group-actions\"><ws-wishlist data-type=\"flag\" data-action=\"add\" data-wish-id=\"227344\" data-wish-type=\"apidae\"><\/ws-wishlist><\/div><div class=\"group-media\"><div class=\"field-image\"><img decoding=\"async\" src=\"https:\/\/images.weserv.nl\/?url=https:\/\/static.apidae-tourisme.com\/filestore\/objets-touristiques\/images\/211\/24\/923859-diaporama.jpg&#038;w=350&#038;h=350&#038;fit=cover&#038;output=webp&#038;q=45\" alt=\"R\u00e9sidence de Tourisme Le Hameau des \u00c9crins\"\/><\/div><\/div><div class=\"group-top\"><div class=\"field-commune\">Puy-Saint-Vincent<\/div><ws-apidae-from-price data-apidae-id=\"227344\" ><\/ws-apidae-from-price><\/div><div class=\"group-content\"><div class=\"field-title\">R\u00e9sidence de Tourisme Le Hameau des \u00c9crins<\/div><\/div><div class=\"field-link\" role=\"group\" aria-label=\"Lien vers le contenu\"><a href=\"https:\/\/www.paysdesecrins.com\/it\/fiche\/residence-de-tourisme-le-hameau-des-ecrins-4\/\" class=\"cardlink\" title=\"Lire plus : R\u00e9sidence de Tourisme Le Hameau des \u00c9crins\" lang=\"it_IT\">R\u00e9sidence de Tourisme Le Hameau des \u00c9crins<\/a><\/div><\/div><\/div><div class=\"item\" data-season=\"all-seasons\"><div class=\"card card-apidae card-avance\"><div class=\"group-actions\"><ws-wishlist data-type=\"flag\" data-action=\"add\" data-wish-id=\"581165\" data-wish-type=\"apidae\"><\/ws-wishlist><\/div><div class=\"group-media\"><div class=\"field-image\"><img decoding=\"async\" src=\"https:\/\/images.weserv.nl\/?url=https:\/\/static.apidae-tourisme.com\/filestore\/objets-touristiques\/images\/55\/160\/1810487-diaporama.jpg&#038;w=350&#038;h=350&#038;fit=cover&#038;output=webp&#038;q=45\" alt=\"Allamanno Marie-Christine \u2013 Chalet les Ribambelles 2\"\/><\/div><\/div><div class=\"group-top\"><div class=\"field-commune\">Puy-Saint-Vincent<\/div><ws-apidae-from-price data-apidae-id=\"581165\" ><\/ws-apidae-from-price><\/div><div class=\"group-content\"><div class=\"field-title\">Allamanno Marie-Christine \u2013 Chalet les Ribambelles 2<\/div><\/div><div class=\"field-link\" role=\"group\" aria-label=\"Lien vers le contenu\"><a href=\"https:\/\/www.paysdesecrins.com\/it\/fiche\/allamanno-marie-christine-chalet-les-ribambelles-2-3\/\" class=\"cardlink\" title=\"Lire plus : Allamanno Marie-Christine \u2013 Chalet les Ribambelles 2\" lang=\"it_IT\">Allamanno Marie-Christine \u2013 Chalet les Ribambelles 2<\/a><\/div><\/div><\/div><div class=\"item\" data-season=\"all-seasons\"><div class=\"card card-apidae card-avance\"><div class=\"group-actions\"><ws-wishlist data-type=\"flag\" data-action=\"add\" data-wish-id=\"5057085\" data-wish-type=\"apidae\"><\/ws-wishlist><\/div><div class=\"group-media\"><div class=\"field-image\"><img decoding=\"async\" src=\"https:\/\/images.weserv.nl\/?url=https:\/\/www.paysdesecrins.com\/wp-content\/uploads\/2025\/06\/cropped-paysdesecrins.png&#038;w=350&#038;h=350&#038;fit=cover&#038;output=webp&#038;q=45\" alt=\"Alliey Richard\"\/><\/div><\/div><div class=\"group-top\"><div class=\"field-commune\">Puy-Saint-Vincent<\/div><ws-apidae-from-price data-apidae-id=\"5057085\" ><\/ws-apidae-from-price><\/div><div class=\"group-content\"><div class=\"field-title\">Alliey Richard<\/div><\/div><div class=\"field-link\" role=\"group\" aria-label=\"Lien vers le contenu\"><a href=\"https:\/\/www.paysdesecrins.com\/it\/fiche\/alliey-richard-4\/\" class=\"cardlink\" title=\"Lire plus : Alliey Richard\" lang=\"it_IT\">Alliey Richard<\/a><\/div><\/div><\/div><div class=\"item\" data-season=\"all-seasons\"><div class=\"card card-apidae card-avance\"><div class=\"group-actions\"><ws-wishlist data-type=\"flag\" data-action=\"add\" data-wish-id=\"5054439\" data-wish-type=\"apidae\"><\/ws-wishlist><\/div><div class=\"group-media\"><div class=\"field-image\"><img decoding=\"async\" src=\"https:\/\/images.weserv.nl\/?url=https:\/\/www.paysdesecrins.com\/wp-content\/uploads\/2025\/06\/cropped-paysdesecrins.png&#038;w=350&#038;h=350&#038;fit=cover&#038;output=webp&#038;q=45\" alt=\"Deparis Didier\"\/><\/div><\/div><div class=\"group-top\"><div class=\"field-commune\">Puy-Saint-Vincent<\/div><ws-apidae-from-price data-apidae-id=\"5054439\" ><\/ws-apidae-from-price><\/div><div class=\"group-content\"><div class=\"field-title\">Deparis Didier<\/div><\/div><div class=\"field-link\" role=\"group\" aria-label=\"Lien vers le contenu\"><a href=\"https:\/\/www.paysdesecrins.com\/it\/fiche\/deparis-didier-4\/\" class=\"cardlink\" title=\"Lire plus : Deparis Didier\" lang=\"it_IT\">Deparis Didier<\/a><\/div><\/div><\/div><div id=\"locations-data_6110c\" style=\"display: none;\">{&quot;locations&quot;:[{&quot;lat&quot;:&quot;44.816595&quot;,&quot;lng&quot;:&quot;6.481164&quot;,&quot;title&quot;:&quot;Gallas Philippe&quot;,&quot;permalink&quot;:&quot;https:\\\/\\\/www.paysdesecrins.com\\\/it\\\/fiche\\\/gallas-philippe-4\\\/&quot;,&quot;type&quot;:&quot;hebergement_locatif&quot;,&quot;commune&quot;:&quot;Puy-Saint-Vincent&quot;,&quot;type_commerce&quot;:&quot;&quot;,&quot;image&quot;:&quot;https:\\\/\\\/www.paysdesecrins.com\\\/wp-content\\\/uploads\\\/2025\\\/06\\\/cropped-paysdesecrins.png&quot;,&quot;image_width&quot;:&quot;350&quot;,&quot;image_height&quot;:&quot;350&quot;,&quot;image_fit&quot;:&quot;cover&quot;},{&quot;lat&quot;:&quot;44.819154&quot;,&quot;lng&quot;:&quot;6.4866&quot;,&quot;title&quot;:&quot;Cimes et neige (Cime e neve)&quot;,&quot;permalink&quot;:&quot;https:\\\/\\\/www.paysdesecrins.com\\\/it\\\/fiche\\\/cimes-et-neige-cime-e-neve\\\/&quot;,&quot;type&quot;:&quot;commerce_et_service&quot;,&quot;commune&quot;:&quot;Puy-Saint-Vincent&quot;,&quot;type_commerce&quot;:&quot;&quot;,&quot;image&quot;:&quot;https:\\\/\\\/static.apidae-tourisme.com\\\/filestore\\\/objets-touristiques\\\/images\\\/35\\\/61\\\/8863011-diaporama.png&quot;,&quot;image_width&quot;:&quot;350&quot;,&quot;image_height&quot;:&quot;350&quot;,&quot;image_fit&quot;:&quot;cover&quot;},{&quot;lat&quot;:&quot;44.819112&quot;,&quot;lng&quot;:&quot;6.486257&quot;,&quot;title&quot;:&quot;France Loc&quot;,&quot;permalink&quot;:&quot;https:\\\/\\\/www.paysdesecrins.com\\\/it\\\/fiche\\\/france-loc-4\\\/&quot;,&quot;type&quot;:&quot;commerce_et_service&quot;,&quot;commune&quot;:&quot;Puy-Saint-Vincent&quot;,&quot;type_commerce&quot;:&quot;&quot;,&quot;image&quot;:&quot;https:\\\/\\\/static.apidae-tourisme.com\\\/filestore\\\/objets-touristiques\\\/images\\\/228\\\/186\\\/6666980-diaporama.jpg&quot;,&quot;image_width&quot;:&quot;350&quot;,&quot;image_height&quot;:&quot;350&quot;,&quot;image_fit&quot;:&quot;cover&quot;},{&quot;lat&quot;:&quot;44.817013&quot;,&quot;lng&quot;:&quot;6.482527&quot;,&quot;title&quot;:&quot;Appartement au Chalet la Dame Blanche \\u2013 Blanchard Jean-St\\u00e9phane&quot;,&quot;permalink&quot;:&quot;https:\\\/\\\/www.paysdesecrins.com\\\/it\\\/fiche\\\/appartement-au-chalet-la-dame-blanche-blanchard-jean-stephane-4\\\/&quot;,&quot;type&quot;:&quot;hebergement_locatif&quot;,&quot;commune&quot;:&quot;Puy-Saint-Vincent&quot;,&quot;type_commerce&quot;:&quot;&quot;,&quot;image&quot;:&quot;https:\\\/\\\/static.apidae-tourisme.com\\\/filestore\\\/objets-touristiques\\\/images\\\/211\\\/21\\\/11343315-diaporama.jpg&quot;,&quot;image_width&quot;:&quot;350&quot;,&quot;image_height&quot;:&quot;350&quot;,&quot;image_fit&quot;:&quot;cover&quot;},{&quot;lat&quot;:&quot;44.828837&quot;,&quot;lng&quot;:&quot;6.492608&quot;,&quot;title&quot;:&quot;Collin Pierre&quot;,&quot;permalink&quot;:&quot;https:\\\/\\\/www.paysdesecrins.com\\\/it\\\/fiche\\\/collin-pierre-4\\\/&quot;,&quot;type&quot;:&quot;hebergement_locatif&quot;,&quot;commune&quot;:&quot;Puy-Saint-Vincent&quot;,&quot;type_commerce&quot;:&quot;&quot;,&quot;image&quot;:&quot;https:\\\/\\\/www.paysdesecrins.com\\\/wp-content\\\/uploads\\\/2025\\\/06\\\/cropped-paysdesecrins.png&quot;,&quot;image_width&quot;:&quot;350&quot;,&quot;image_height&quot;:&quot;350&quot;,&quot;image_fit&quot;:&quot;cover&quot;},{&quot;lat&quot;:&quot;44.817514&quot;,&quot;lng&quot;:&quot;6.481177&quot;,&quot;title&quot;:&quot;Meyssonnier Chantal L&#8217;Aigli\\u00e8re C44&quot;,&quot;permalink&quot;:&quot;https:\\\/\\\/www.paysdesecrins.com\\\/it\\\/fiche\\\/meyssonnier-chantal-laigliere-c44-4\\\/&quot;,&quot;type&quot;:&quot;hebergement_locatif&quot;,&quot;commune&quot;:&quot;Puy-Saint-Vincent&quot;,&quot;type_commerce&quot;:&quot;&quot;,&quot;image&quot;:&quot;https:\\\/\\\/www.paysdesecrins.com\\\/wp-content\\\/uploads\\\/2025\\\/06\\\/cropped-paysdesecrins.png&quot;,&quot;image_width&quot;:&quot;350&quot;,&quot;image_height&quot;:&quot;350&quot;,&quot;image_fit&quot;:&quot;cover&quot;},{&quot;lat&quot;:&quot;44.834173&quot;,&quot;lng&quot;:&quot;6.482529&quot;,&quot;title&quot;:&quot;Albergo L&#8217;Aigli\\u00e8re&quot;,&quot;permalink&quot;:&quot;https:\\\/\\\/www.paysdesecrins.com\\\/it\\\/fiche\\\/albergo-laigliere\\\/&quot;,&quot;type&quot;:&quot;hotellerie&quot;,&quot;commune&quot;:&quot;Puy-Saint-Vincent&quot;,&quot;type_commerce&quot;:&quot;&quot;,&quot;image&quot;:&quot;https:\\\/\\\/static.apidae-tourisme.com\\\/filestore\\\/objets-touristiques\\\/images\\\/247\\\/49\\\/4010487-diaporama.jpg&quot;,&quot;image_width&quot;:&quot;350&quot;,&quot;image_height&quot;:&quot;350&quot;,&quot;image_fit&quot;:&quot;cover&quot;},{&quot;lat&quot;:&quot;44.825639&quot;,&quot;lng&quot;:&quot;6.488469&quot;,&quot;title&quot;:&quot;Camping Croque Loisirs&quot;,&quot;permalink&quot;:&quot;https:\\\/\\\/www.paysdesecrins.com\\\/it\\\/fiche\\\/camping-croque-loisirs-3\\\/&quot;,&quot;type&quot;:&quot;hotellerie_plein_air&quot;,&quot;commune&quot;:&quot;Puy-Saint-Vincent&quot;,&quot;type_commerce&quot;:&quot;&quot;,&quot;image&quot;:&quot;https:\\\/\\\/static.apidae-tourisme.com\\\/filestore\\\/objets-touristiques\\\/images\\\/110\\\/154\\\/1612398-diaporama.jpg&quot;,&quot;image_width&quot;:&quot;350&quot;,&quot;image_height&quot;:&quot;350&quot;,&quot;image_fit&quot;:&quot;cover&quot;},{&quot;lat&quot;:&quot;44.826949&quot;,&quot;lng&quot;:&quot;6.494966&quot;,&quot;title&quot;:&quot;Parizot Martine &#8220;Chalet Pegulu&#8221;&quot;,&quot;permalink&quot;:&quot;https:\\\/\\\/www.paysdesecrins.com\\\/it\\\/fiche\\\/parizot-martine-chalet-pegulu-3\\\/&quot;,&quot;type&quot;:&quot;hebergement_locatif&quot;,&quot;commune&quot;:&quot;Puy-Saint-Vincent&quot;,&quot;type_commerce&quot;:&quot;&quot;,&quot;image&quot;:&quot;https:\\\/\\\/static.apidae-tourisme.com\\\/filestore\\\/objets-touristiques\\\/images\\\/32\\\/126\\\/1867296-diaporama.jpg&quot;,&quot;image_width&quot;:&quot;350&quot;,&quot;image_height&quot;:&quot;350&quot;,&quot;image_fit&quot;:&quot;cover&quot;},{&quot;lat&quot;:&quot;44.830991&quot;,&quot;lng&quot;:&quot;6.485396&quot;,&quot;title&quot;:&quot;Gauthier Liliane&quot;,&quot;permalink&quot;:&quot;https:\\\/\\\/www.paysdesecrins.com\\\/it\\\/fiche\\\/gauthier-liliane-4\\\/&quot;,&quot;type&quot;:&quot;hebergement_locatif&quot;,&quot;commune&quot;:&quot;Puy-Saint-Vincent&quot;,&quot;type_commerce&quot;:&quot;&quot;,&quot;image&quot;:&quot;https:\\\/\\\/www.paysdesecrins.com\\\/wp-content\\\/uploads\\\/2025\\\/06\\\/cropped-paysdesecrins.png&quot;,&quot;image_width&quot;:&quot;350&quot;,&quot;image_height&quot;:&quot;350&quot;,&quot;image_fit&quot;:&quot;cover&quot;},{&quot;lat&quot;:&quot;44.817124&quot;,&quot;lng&quot;:&quot;6.482159&quot;,&quot;title&quot;:&quot;Darbignac Catherine&quot;,&quot;permalink&quot;:&quot;https:\\\/\\\/www.paysdesecrins.com\\\/it\\\/fiche\\\/darbignac-catherine-4\\\/&quot;,&quot;type&quot;:&quot;hebergement_locatif&quot;,&quot;commune&quot;:&quot;Puy-Saint-Vincent&quot;,&quot;type_commerce&quot;:&quot;&quot;,&quot;image&quot;:&quot;https:\\\/\\\/www.paysdesecrins.com\\\/wp-content\\\/uploads\\\/2025\\\/06\\\/cropped-paysdesecrins.png&quot;,&quot;image_width&quot;:&quot;350&quot;,&quot;image_height&quot;:&quot;350&quot;,&quot;image_fit&quot;:&quot;cover&quot;},{&quot;lat&quot;:&quot;44.81845&quot;,&quot;lng&quot;:&quot;6.48887&quot;,&quot;title&quot;:&quot;CE Good Year France&quot;,&quot;permalink&quot;:&quot;https:\\\/\\\/www.paysdesecrins.com\\\/it\\\/fiche\\\/ce-good-year-france-4\\\/&quot;,&quot;type&quot;:&quot;hebergement_locatif&quot;,&quot;commune&quot;:&quot;Puy-Saint-Vincent&quot;,&quot;type_commerce&quot;:&quot;&quot;,&quot;image&quot;:&quot;https:\\\/\\\/www.paysdesecrins.com\\\/wp-content\\\/uploads\\\/2025\\\/06\\\/cropped-paysdesecrins.png&quot;,&quot;image_width&quot;:&quot;350&quot;,&quot;image_height&quot;:&quot;350&quot;,&quot;image_fit&quot;:&quot;cover&quot;},{&quot;lat&quot;:&quot;44.823918&quot;,&quot;lng&quot;:&quot;6.499681&quot;,&quot;title&quot;:&quot;Reynard Marie-Madeleine&quot;,&quot;permalink&quot;:&quot;https:\\\/\\\/www.paysdesecrins.com\\\/it\\\/fiche\\\/reynard-marie-madeleine-4\\\/&quot;,&quot;type&quot;:&quot;hebergement_locatif&quot;,&quot;commune&quot;:&quot;Puy-Saint-Vincent&quot;,&quot;type_commerce&quot;:&quot;&quot;,&quot;image&quot;:&quot;https:\\\/\\\/www.paysdesecrins.com\\\/wp-content\\\/uploads\\\/2025\\\/06\\\/cropped-paysdesecrins.png&quot;,&quot;image_width&quot;:&quot;350&quot;,&quot;image_height&quot;:&quot;350&quot;,&quot;image_fit&quot;:&quot;cover&quot;},{&quot;lat&quot;:&quot;44.818563&quot;,&quot;lng&quot;:&quot;6.505702&quot;,&quot;title&quot;:&quot;Pascal Corinne&quot;,&quot;permalink&quot;:&quot;https:\\\/\\\/www.paysdesecrins.com\\\/it\\\/fiche\\\/pascal-corinne-4\\\/&quot;,&quot;type&quot;:&quot;hebergement_locatif&quot;,&quot;commune&quot;:&quot;Puy-Saint-Vincent&quot;,&quot;type_commerce&quot;:&quot;&quot;,&quot;image&quot;:&quot;https:\\\/\\\/www.paysdesecrins.com\\\/wp-content\\\/uploads\\\/2025\\\/06\\\/cropped-paysdesecrins.png&quot;,&quot;image_width&quot;:&quot;350&quot;,&quot;image_height&quot;:&quot;350&quot;,&quot;image_fit&quot;:&quot;cover&quot;},{&quot;lat&quot;:&quot;44.821359&quot;,&quot;lng&quot;:&quot;6.50043&quot;,&quot;title&quot;:&quot;Castaing Pierrette&quot;,&quot;permalink&quot;:&quot;https:\\\/\\\/www.paysdesecrins.com\\\/it\\\/fiche\\\/castaing-pierrette-4\\\/&quot;,&quot;type&quot;:&quot;hebergement_locatif&quot;,&quot;commune&quot;:&quot;Puy-Saint-Vincent&quot;,&quot;type_commerce&quot;:&quot;&quot;,&quot;image&quot;:&quot;https:\\\/\\\/www.paysdesecrins.com\\\/wp-content\\\/uploads\\\/2025\\\/06\\\/cropped-paysdesecrins.png&quot;,&quot;image_width&quot;:&quot;350&quot;,&quot;image_height&quot;:&quot;350&quot;,&quot;image_fit&quot;:&quot;cover&quot;},{&quot;lat&quot;:&quot;44.818802&quot;,&quot;lng&quot;:&quot;6.486718&quot;,&quot;title&quot;:&quot;Toquebeuf Monique&quot;,&quot;permalink&quot;:&quot;https:\\\/\\\/www.paysdesecrins.com\\\/it\\\/fiche\\\/toquebeuf-monique-4\\\/&quot;,&quot;type&quot;:&quot;hebergement_locatif&quot;,&quot;commune&quot;:&quot;Puy-Saint-Vincent&quot;,&quot;type_commerce&quot;:&quot;&quot;,&quot;image&quot;:&quot;https:\\\/\\\/www.paysdesecrins.com\\\/wp-content\\\/uploads\\\/2025\\\/06\\\/cropped-paysdesecrins.png&quot;,&quot;image_width&quot;:&quot;350&quot;,&quot;image_height&quot;:&quot;350&quot;,&quot;image_fit&quot;:&quot;cover&quot;},{&quot;lat&quot;:&quot;44.816595&quot;,&quot;lng&quot;:&quot;6.481164&quot;,&quot;title&quot;:&quot;Joffroy Christelle&quot;,&quot;permalink&quot;:&quot;https:\\\/\\\/www.paysdesecrins.com\\\/it\\\/fiche\\\/joffroy-christelle-4\\\/&quot;,&quot;type&quot;:&quot;hebergement_locatif&quot;,&quot;commune&quot;:&quot;Puy-Saint-Vincent&quot;,&quot;type_commerce&quot;:&quot;&quot;,&quot;image&quot;:&quot;https:\\\/\\\/static.apidae-tourisme.com\\\/filestore\\\/objets-touristiques\\\/images\\\/40\\\/111\\\/8744744-diaporama.jpg&quot;,&quot;image_width&quot;:&quot;350&quot;,&quot;image_height&quot;:&quot;350&quot;,&quot;image_fit&quot;:&quot;cover&quot;},{&quot;lat&quot;:&quot;44.824304&quot;,&quot;lng&quot;:&quot;6.501406&quot;,&quot;title&quot;:&quot;Gauthier Laurent \\u2013 La Pousterle&quot;,&quot;permalink&quot;:&quot;https:\\\/\\\/www.paysdesecrins.com\\\/it\\\/fiche\\\/gauthier-laurent-la-pousterle-4\\\/&quot;,&quot;type&quot;:&quot;hebergement_locatif&quot;,&quot;commune&quot;:&quot;Puy-Saint-Vincent&quot;,&quot;type_commerce&quot;:&quot;&quot;,&quot;image&quot;:&quot;https:\\\/\\\/static.apidae-tourisme.com\\\/filestore\\\/objets-touristiques\\\/images\\\/85\\\/5\\\/3605845-diaporama.jpg&quot;,&quot;image_width&quot;:&quot;350&quot;,&quot;image_height&quot;:&quot;350&quot;,&quot;image_fit&quot;:&quot;cover&quot;},{&quot;lat&quot;:&quot;44.827582&quot;,&quot;lng&quot;:&quot;6.498064&quot;,&quot;title&quot;:&quot;Leroy-Vianelli Marie-H\\u00e9l\\u00e8ne&quot;,&quot;permalink&quot;:&quot;https:\\\/\\\/www.paysdesecrins.com\\\/it\\\/fiche\\\/leroy-vianelli-marie-helene-4\\\/&quot;,&quot;type&quot;:&quot;hebergement_locatif&quot;,&quot;commune&quot;:&quot;Puy-Saint-Vincent&quot;,&quot;type_commerce&quot;:&quot;&quot;,&quot;image&quot;:&quot;https:\\\/\\\/www.paysdesecrins.com\\\/wp-content\\\/uploads\\\/2025\\\/06\\\/cropped-paysdesecrins.png&quot;,&quot;image_width&quot;:&quot;350&quot;,&quot;image_height&quot;:&quot;350&quot;,&quot;image_fit&quot;:&quot;cover&quot;},{&quot;lat&quot;:&quot;44.817364&quot;,&quot;lng&quot;:&quot;6.480866&quot;,&quot;title&quot;:&quot;Maillot Herv\\u00e9 \\u2013 Gentianes 3 pi\\u00e8ces&quot;,&quot;permalink&quot;:&quot;https:\\\/\\\/www.paysdesecrins.com\\\/it\\\/fiche\\\/maillot-herve-gentianes-3-pieces-4\\\/&quot;,&quot;type&quot;:&quot;hebergement_locatif&quot;,&quot;commune&quot;:&quot;Puy-Saint-Vincent&quot;,&quot;type_commerce&quot;:&quot;&quot;,&quot;image&quot;:&quot;https:\\\/\\\/static.apidae-tourisme.com\\\/filestore\\\/objets-touristiques\\\/images\\\/12\\\/1\\\/11141388-diaporama.png&quot;,&quot;image_width&quot;:&quot;350&quot;,&quot;image_height&quot;:&quot;350&quot;,&quot;image_fit&quot;:&quot;cover&quot;},{&quot;lat&quot;:&quot;44.825047&quot;,&quot;lng&quot;:&quot;6.498984&quot;,&quot;title&quot;:&quot;Delrue Patrick&quot;,&quot;permalink&quot;:&quot;https:\\\/\\\/www.paysdesecrins.com\\\/it\\\/fiche\\\/delrue-patrick-4\\\/&quot;,&quot;type&quot;:&quot;hebergement_locatif&quot;,&quot;commune&quot;:&quot;Puy-Saint-Vincent&quot;,&quot;type_commerce&quot;:&quot;&quot;,&quot;image&quot;:&quot;https:\\\/\\\/www.paysdesecrins.com\\\/wp-content\\\/uploads\\\/2025\\\/06\\\/cropped-paysdesecrins.png&quot;,&quot;image_width&quot;:&quot;350&quot;,&quot;image_height&quot;:&quot;350&quot;,&quot;image_fit&quot;:&quot;cover&quot;},{&quot;lat&quot;:&quot;44.817644&quot;,&quot;lng&quot;:&quot;6.480908&quot;,&quot;title&quot;:&quot;Les Gentianes PSV 1800 \\u2013 Colin C\\u00e9cile&quot;,&quot;permalink&quot;:&quot;https:\\\/\\\/www.paysdesecrins.com\\\/it\\\/fiche\\\/les-gentianes-psv-1800-colin-cecile-3\\\/&quot;,&quot;type&quot;:&quot;hebergement_locatif&quot;,&quot;commune&quot;:&quot;Puy-Saint-Vincent&quot;,&quot;type_commerce&quot;:&quot;&quot;,&quot;image&quot;:&quot;https:\\\/\\\/static.apidae-tourisme.com\\\/filestore\\\/objets-touristiques\\\/images\\\/188\\\/179\\\/8762300-diaporama.jpg&quot;,&quot;image_width&quot;:&quot;350&quot;,&quot;image_height&quot;:&quot;350&quot;,&quot;image_fit&quot;:&quot;cover&quot;},{&quot;lat&quot;:&quot;44.817745&quot;,&quot;lng&quot;:&quot;6.505015&quot;,&quot;title&quot;:&quot;Pelen R\\u00e9gis \\u2013 Le Travers 2&quot;,&quot;permalink&quot;:&quot;https:\\\/\\\/www.paysdesecrins.com\\\/it\\\/fiche\\\/pelen-regis-le-travers-2-4\\\/&quot;,&quot;type&quot;:&quot;hebergement_locatif&quot;,&quot;commune&quot;:&quot;Puy-Saint-Vincent&quot;,&quot;type_commerce&quot;:&quot;&quot;,&quot;image&quot;:&quot;https:\\\/\\\/static.apidae-tourisme.com\\\/filestore\\\/objets-touristiques\\\/images\\\/134\\\/5\\\/7079302-diaporama.jpg&quot;,&quot;image_width&quot;:&quot;350&quot;,&quot;image_height&quot;:&quot;350&quot;,&quot;image_fit&quot;:&quot;cover&quot;},{&quot;lat&quot;:&quot;44.818956&quot;,&quot;lng&quot;:&quot;6.486894&quot;,&quot;title&quot;:&quot;Triconnet Martine&quot;,&quot;permalink&quot;:&quot;https:\\\/\\\/www.paysdesecrins.com\\\/it\\\/fiche\\\/triconnet-martine-3\\\/&quot;,&quot;type&quot;:&quot;hebergement_locatif&quot;,&quot;commune&quot;:&quot;Puy-Saint-Vincent&quot;,&quot;type_commerce&quot;:&quot;&quot;,&quot;image&quot;:&quot;https:\\\/\\\/static.apidae-tourisme.com\\\/filestore\\\/objets-touristiques\\\/images\\\/84\\\/1\\\/10944852-diaporama.jpg&quot;,&quot;image_width&quot;:&quot;350&quot;,&quot;image_height&quot;:&quot;350&quot;,&quot;image_fit&quot;:&quot;cover&quot;},{&quot;lat&quot;:&quot;44.818457&quot;,&quot;lng&quot;:&quot;6.488836&quot;,&quot;title&quot;:&quot;Degrave Bernadette&quot;,&quot;permalink&quot;:&quot;https:\\\/\\\/www.paysdesecrins.com\\\/it\\\/fiche\\\/degrave-bernadette-4\\\/&quot;,&quot;type&quot;:&quot;hebergement_locatif&quot;,&quot;commune&quot;:&quot;Puy-Saint-Vincent&quot;,&quot;type_commerce&quot;:&quot;&quot;,&quot;image&quot;:&quot;https:\\\/\\\/www.paysdesecrins.com\\\/wp-content\\\/uploads\\\/2025\\\/06\\\/cropped-paysdesecrins.png&quot;,&quot;image_width&quot;:&quot;350&quot;,&quot;image_height&quot;:&quot;350&quot;,&quot;image_fit&quot;:&quot;cover&quot;},{&quot;lat&quot;:&quot;44.832032&quot;,&quot;lng&quot;:&quot;6.484428&quot;,&quot;title&quot;:&quot;Domeyne Raoul \\u2013 PSV 1400&quot;,&quot;permalink&quot;:&quot;https:\\\/\\\/www.paysdesecrins.com\\\/it\\\/fiche\\\/domeyne-raoul-psv-1400-4\\\/&quot;,&quot;type&quot;:&quot;hebergement_locatif&quot;,&quot;commune&quot;:&quot;Puy-Saint-Vincent&quot;,&quot;type_commerce&quot;:&quot;&quot;,&quot;image&quot;:&quot;https:\\\/\\\/static.apidae-tourisme.com\\\/filestore\\\/objets-touristiques\\\/images\\\/164\\\/224\\\/1499300-diaporama.jpg&quot;,&quot;image_width&quot;:&quot;350&quot;,&quot;image_height&quot;:&quot;350&quot;,&quot;image_fit&quot;:&quot;cover&quot;},{&quot;lat&quot;:&quot;44.818971&quot;,&quot;lng&quot;:&quot;6.48691&quot;,&quot;title&quot;:&quot;Martinucci Robert&quot;,&quot;permalink&quot;:&quot;https:\\\/\\\/www.paysdesecrins.com\\\/it\\\/fiche\\\/martinucci-robert-3\\\/&quot;,&quot;type&quot;:&quot;hebergement_locatif&quot;,&quot;commune&quot;:&quot;Puy-Saint-Vincent&quot;,&quot;type_commerce&quot;:&quot;&quot;,&quot;image&quot;:&quot;https:\\\/\\\/static.apidae-tourisme.com\\\/filestore\\\/objets-touristiques\\\/images\\\/18\\\/171\\\/35564306-diaporama.jpg&quot;,&quot;image_width&quot;:&quot;350&quot;,&quot;image_height&quot;:&quot;350&quot;,&quot;image_fit&quot;:&quot;cover&quot;},{&quot;lat&quot;:&quot;44.818989&quot;,&quot;lng&quot;:&quot;6.485955&quot;,&quot;title&quot;:&quot;Pommeau Martine&quot;,&quot;permalink&quot;:&quot;https:\\\/\\\/www.paysdesecrins.com\\\/it\\\/fiche\\\/pommeau-martine-4\\\/&quot;,&quot;type&quot;:&quot;hebergement_locatif&quot;,&quot;commune&quot;:&quot;Puy-Saint-Vincent&quot;,&quot;type_commerce&quot;:&quot;&quot;,&quot;image&quot;:&quot;https:\\\/\\\/www.paysdesecrins.com\\\/wp-content\\\/uploads\\\/2025\\\/06\\\/cropped-paysdesecrins.png&quot;,&quot;image_width&quot;:&quot;350&quot;,&quot;image_height&quot;:&quot;350&quot;,&quot;image_fit&quot;:&quot;cover&quot;},{&quot;lat&quot;:&quot;44.820146&quot;,&quot;lng&quot;:&quot;6.481738&quot;,&quot;title&quot;:&quot;Vincent Alain&quot;,&quot;permalink&quot;:&quot;https:\\\/\\\/www.paysdesecrins.com\\\/it\\\/fiche\\\/vincent-alain-4\\\/&quot;,&quot;type&quot;:&quot;hebergement_locatif&quot;,&quot;commune&quot;:&quot;Puy-Saint-Vincent&quot;,&quot;type_commerce&quot;:&quot;&quot;,&quot;image&quot;:&quot;https:\\\/\\\/www.paysdesecrins.com\\\/wp-content\\\/uploads\\\/2025\\\/06\\\/cropped-paysdesecrins.png&quot;,&quot;image_width&quot;:&quot;350&quot;,&quot;image_height&quot;:&quot;350&quot;,&quot;image_fit&quot;:&quot;cover&quot;},{&quot;lat&quot;:&quot;44.817775&quot;,&quot;lng&quot;:&quot;6.483707&quot;,&quot;title&quot;:&quot;CE Centre de Dialyse Diaverum&quot;,&quot;permalink&quot;:&quot;https:\\\/\\\/www.paysdesecrins.com\\\/it\\\/fiche\\\/ce-centre-de-dialyse-diaverum-4\\\/&quot;,&quot;type&quot;:&quot;hebergement_locatif&quot;,&quot;commune&quot;:&quot;Puy-Saint-Vincent&quot;,&quot;type_commerce&quot;:&quot;&quot;,&quot;image&quot;:&quot;https:\\\/\\\/www.paysdesecrins.com\\\/wp-content\\\/uploads\\\/2025\\\/06\\\/cropped-paysdesecrins.png&quot;,&quot;image_width&quot;:&quot;350&quot;,&quot;image_height&quot;:&quot;350&quot;,&quot;image_fit&quot;:&quot;cover&quot;},{&quot;lat&quot;:&quot;44.819259&quot;,&quot;lng&quot;:&quot;6.504335&quot;,&quot;title&quot;:&quot;Bourgeois Jean&quot;,&quot;permalink&quot;:&quot;https:\\\/\\\/www.paysdesecrins.com\\\/it\\\/fiche\\\/bourgeois-jean-4\\\/&quot;,&quot;type&quot;:&quot;hebergement_locatif&quot;,&quot;commune&quot;:&quot;Puy-Saint-Vincent&quot;,&quot;type_commerce&quot;:&quot;&quot;,&quot;image&quot;:&quot;https:\\\/\\\/www.paysdesecrins.com\\\/wp-content\\\/uploads\\\/2025\\\/06\\\/cropped-paysdesecrins.png&quot;,&quot;image_width&quot;:&quot;350&quot;,&quot;image_height&quot;:&quot;350&quot;,&quot;image_fit&quot;:&quot;cover&quot;},{&quot;lat&quot;:&quot;44.821155&quot;,&quot;lng&quot;:&quot;6.500506&quot;,&quot;title&quot;:&quot;Alloggio Baita AlpeLune&quot;,&quot;permalink&quot;:&quot;https:\\\/\\\/www.paysdesecrins.com\\\/it\\\/fiche\\\/alloggio-baita-alpelune\\\/&quot;,&quot;type&quot;:&quot;hebergement_collectif&quot;,&quot;commune&quot;:&quot;Puy-Saint-Vincent&quot;,&quot;type_commerce&quot;:&quot;&quot;,&quot;image&quot;:&quot;https:\\\/\\\/static.apidae-tourisme.com\\\/filestore\\\/objets-touristiques\\\/images\\\/154\\\/118\\\/8812186-diaporama.jpg&quot;,&quot;image_width&quot;:&quot;350&quot;,&quot;image_height&quot;:&quot;350&quot;,&quot;image_fit&quot;:&quot;cover&quot;},{&quot;lat&quot;:&quot;44.826357&quot;,&quot;lng&quot;:&quot;6.495887&quot;,&quot;title&quot;:&quot;Couchot Philippe \\u2013 Appartement R\\u00e9sidence Les Pr\\u00e9s&quot;,&quot;permalink&quot;:&quot;https:\\\/\\\/www.paysdesecrins.com\\\/it\\\/fiche\\\/couchot-philippe-appartement-residence-les-pres-4\\\/&quot;,&quot;type&quot;:&quot;hebergement_locatif&quot;,&quot;commune&quot;:&quot;Puy-Saint-Vincent&quot;,&quot;type_commerce&quot;:&quot;&quot;,&quot;image&quot;:&quot;https:\\\/\\\/static.apidae-tourisme.com\\\/filestore\\\/objets-touristiques\\\/images\\\/179\\\/29\\\/36314547-diaporama.jpg&quot;,&quot;image_width&quot;:&quot;350&quot;,&quot;image_height&quot;:&quot;350&quot;,&quot;image_fit&quot;:&quot;cover&quot;},{&quot;lat&quot;:&quot;44.826859&quot;,&quot;lng&quot;:&quot;6.498799&quot;,&quot;title&quot;:&quot;Blein Marcel \\u2013 Chalet l&#8217;Ubac&quot;,&quot;permalink&quot;:&quot;https:\\\/\\\/www.paysdesecrins.com\\\/it\\\/fiche\\\/blein-marcel-chalet-lubac-3\\\/&quot;,&quot;type&quot;:&quot;hebergement_locatif&quot;,&quot;commune&quot;:&quot;Puy-Saint-Vincent&quot;,&quot;type_commerce&quot;:&quot;&quot;,&quot;image&quot;:&quot;https:\\\/\\\/static.apidae-tourisme.com\\\/filestore\\\/objets-touristiques\\\/images\\\/164\\\/234\\\/8383140-diaporama.jpg&quot;,&quot;image_width&quot;:&quot;350&quot;,&quot;image_height&quot;:&quot;350&quot;,&quot;image_fit&quot;:&quot;cover&quot;},{&quot;lat&quot;:&quot;44.825511&quot;,&quot;lng&quot;:&quot;6.500795&quot;,&quot;title&quot;:&quot;Coreau-Guillier Sylvie &#8220;Appartement Bellevue-Chalet Albert&#8221;&quot;,&quot;permalink&quot;:&quot;https:\\\/\\\/www.paysdesecrins.com\\\/it\\\/fiche\\\/coreau-guillier-sylvie-appartement-bellevue-chalet-albert-4\\\/&quot;,&quot;type&quot;:&quot;hebergement_locatif&quot;,&quot;commune&quot;:&quot;Puy-Saint-Vincent&quot;,&quot;type_commerce&quot;:&quot;&quot;,&quot;image&quot;:&quot;https:\\\/\\\/static.apidae-tourisme.com\\\/filestore\\\/objets-touristiques\\\/images\\\/245\\\/37\\\/19670517-diaporama.jpg&quot;,&quot;image_width&quot;:&quot;350&quot;,&quot;image_height&quot;:&quot;350&quot;,&quot;image_fit&quot;:&quot;cover&quot;},{&quot;lat&quot;:&quot;44.82501&quot;,&quot;lng&quot;:&quot;6.501401&quot;,&quot;title&quot;:&quot;SCI MJP5 \\u2013 Harmonie Guillaud&quot;,&quot;permalink&quot;:&quot;https:\\\/\\\/www.paysdesecrins.com\\\/it\\\/fiche\\\/sci-mjp5-harmonie-guillaud-3\\\/&quot;,&quot;type&quot;:&quot;hebergement_locatif&quot;,&quot;commune&quot;:&quot;Puy-Saint-Vincent&quot;,&quot;type_commerce&quot;:&quot;&quot;,&quot;image&quot;:&quot;https:\\\/\\\/static.apidae-tourisme.com\\\/filestore\\\/objets-touristiques\\\/images\\\/28\\\/100\\\/36135964-diaporama.jpg&quot;,&quot;image_width&quot;:&quot;350&quot;,&quot;image_height&quot;:&quot;350&quot;,&quot;image_fit&quot;:&quot;cover&quot;},{&quot;lat&quot;:&quot;44.831508&quot;,&quot;lng&quot;:&quot;6.481278&quot;,&quot;title&quot;:&quot;Chaud Pascale et Bernard &#8220;Le Clos du S\\u00e9l\\u00e9&#8221;&quot;,&quot;permalink&quot;:&quot;https:\\\/\\\/www.paysdesecrins.com\\\/it\\\/fiche\\\/chaud-pascale-et-bernard-le-clos-du-sele-4\\\/&quot;,&quot;type&quot;:&quot;hebergement_locatif&quot;,&quot;commune&quot;:&quot;Puy-Saint-Vincent&quot;,&quot;type_commerce&quot;:&quot;&quot;,&quot;image&quot;:&quot;https:\\\/\\\/static.apidae-tourisme.com\\\/filestore\\\/objets-touristiques\\\/images\\\/17\\\/109\\\/6778129-diaporama.jpg&quot;,&quot;image_width&quot;:&quot;350&quot;,&quot;image_height&quot;:&quot;350&quot;,&quot;image_fit&quot;:&quot;cover&quot;},{&quot;lat&quot;:&quot;44.821581&quot;,&quot;lng&quot;:&quot;6.500827&quot;,&quot;title&quot;:&quot;Biermans Vincent et Ilonka \\u2013 Appartement Alpelune&quot;,&quot;permalink&quot;:&quot;https:\\\/\\\/www.paysdesecrins.com\\\/it\\\/fiche\\\/biermans-vincent-et-ilonka-appartement-alpelune-3\\\/&quot;,&quot;type&quot;:&quot;hebergement_locatif&quot;,&quot;commune&quot;:&quot;Puy-Saint-Vincent&quot;,&quot;type_commerce&quot;:&quot;&quot;,&quot;image&quot;:&quot;https:\\\/\\\/static.apidae-tourisme.com\\\/filestore\\\/objets-touristiques\\\/images\\\/208\\\/217\\\/27449808-diaporama.jpg&quot;,&quot;image_width&quot;:&quot;350&quot;,&quot;image_height&quot;:&quot;350&quot;,&quot;image_fit&quot;:&quot;cover&quot;},{&quot;lat&quot;:&quot;44.817387&quot;,&quot;lng&quot;:&quot;6.483859&quot;,&quot;title&quot;:&quot;Le Pavec Mireille Appartement 210 Pendine 1&quot;,&quot;permalink&quot;:&quot;https:\\\/\\\/www.paysdesecrins.com\\\/it\\\/fiche\\\/le-pavec-mireille-appartement-210-pendine-1-4\\\/&quot;,&quot;type&quot;:&quot;hebergement_locatif&quot;,&quot;commune&quot;:&quot;Puy-Saint-Vincent&quot;,&quot;type_commerce&quot;:&quot;&quot;,&quot;image&quot;:&quot;https:\\\/\\\/static.apidae-tourisme.com\\\/filestore\\\/objets-touristiques\\\/images\\\/101\\\/45\\\/39726437-diaporama.jpg&quot;,&quot;image_width&quot;:&quot;350&quot;,&quot;image_height&quot;:&quot;350&quot;,&quot;image_fit&quot;:&quot;cover&quot;},{&quot;lat&quot;:&quot;44.818833&quot;,&quot;lng&quot;:&quot;6.4867&quot;,&quot;title&quot;:&quot;Tibat Samuel&quot;,&quot;permalink&quot;:&quot;https:\\\/\\\/www.paysdesecrins.com\\\/it\\\/fiche\\\/tibat-samuel-4\\\/&quot;,&quot;type&quot;:&quot;hebergement_locatif&quot;,&quot;commune&quot;:&quot;Puy-Saint-Vincent&quot;,&quot;type_commerce&quot;:&quot;&quot;,&quot;image&quot;:&quot;https:\\\/\\\/www.paysdesecrins.com\\\/wp-content\\\/uploads\\\/2025\\\/06\\\/cropped-paysdesecrins.png&quot;,&quot;image_width&quot;:&quot;350&quot;,&quot;image_height&quot;:&quot;350&quot;,&quot;image_fit&quot;:&quot;cover&quot;},{&quot;lat&quot;:&quot;44.827684&quot;,&quot;lng&quot;:&quot;6.498144&quot;,&quot;title&quot;:&quot;Appartement \\u00e0 PSV 1400 \\u2013  Del Rivero Guiseppi&quot;,&quot;permalink&quot;:&quot;https:\\\/\\\/www.paysdesecrins.com\\\/it\\\/fiche\\\/appartement-a-psv-1400-del-rivero-guiseppi-2\\\/&quot;,&quot;type&quot;:&quot;hebergement_locatif&quot;,&quot;commune&quot;:&quot;Puy-Saint-Vincent&quot;,&quot;type_commerce&quot;:&quot;&quot;,&quot;image&quot;:&quot;https:\\\/\\\/static.apidae-tourisme.com\\\/filestore\\\/objets-touristiques\\\/images\\\/233\\\/47\\\/37302249-diaporama.jpg&quot;,&quot;image_width&quot;:&quot;350&quot;,&quot;image_height&quot;:&quot;350&quot;,&quot;image_fit&quot;:&quot;cover&quot;},{&quot;lat&quot;:&quot;44.834173&quot;,&quot;lng&quot;:&quot;6.482529&quot;,&quot;title&quot;:&quot;Lapchin Pascal&quot;,&quot;permalink&quot;:&quot;https:\\\/\\\/www.paysdesecrins.com\\\/it\\\/fiche\\\/lapchin-pascal-4\\\/&quot;,&quot;type&quot;:&quot;hebergement_locatif&quot;,&quot;commune&quot;:&quot;Puy-Saint-Vincent&quot;,&quot;type_commerce&quot;:&quot;&quot;,&quot;image&quot;:&quot;https:\\\/\\\/www.paysdesecrins.com\\\/wp-content\\\/uploads\\\/2025\\\/06\\\/cropped-paysdesecrins.png&quot;,&quot;image_width&quot;:&quot;350&quot;,&quot;image_height&quot;:&quot;350&quot;,&quot;image_fit&quot;:&quot;cover&quot;},{&quot;lat&quot;:&quot;44.817705&quot;,&quot;lng&quot;:&quot;6.480804&quot;,&quot;title&quot;:&quot;R\\u00e9sidence de Tourisme Les Gentianes&quot;,&quot;permalink&quot;:&quot;https:\\\/\\\/www.paysdesecrins.com\\\/it\\\/fiche\\\/residence-de-tourisme-les-gentianes-4\\\/&quot;,&quot;type&quot;:&quot;hebergement_collectif&quot;,&quot;commune&quot;:&quot;Puy-Saint-Vincent&quot;,&quot;type_commerce&quot;:&quot;&quot;,&quot;image&quot;:&quot;https:\\\/\\\/static.apidae-tourisme.com\\\/filestore\\\/objets-touristiques\\\/images\\\/147\\\/32\\\/925843-diaporama.jpg&quot;,&quot;image_width&quot;:&quot;350&quot;,&quot;image_height&quot;:&quot;350&quot;,&quot;image_fit&quot;:&quot;cover&quot;},{&quot;lat&quot;:&quot;44.818022&quot;,&quot;lng&quot;:&quot;6.483326&quot;,&quot;title&quot;:&quot;Roulois Chantal&quot;,&quot;permalink&quot;:&quot;https:\\\/\\\/www.paysdesecrins.com\\\/it\\\/fiche\\\/roulois-chantal-4\\\/&quot;,&quot;type&quot;:&quot;hebergement_locatif&quot;,&quot;commune&quot;:&quot;Puy-Saint-Vincent&quot;,&quot;type_commerce&quot;:&quot;&quot;,&quot;image&quot;:&quot;https:\\\/\\\/www.paysdesecrins.com\\\/wp-content\\\/uploads\\\/2025\\\/06\\\/cropped-paysdesecrins.png&quot;,&quot;image_width&quot;:&quot;350&quot;,&quot;image_height&quot;:&quot;350&quot;,&quot;image_fit&quot;:&quot;cover&quot;},{&quot;lat&quot;:&quot;44.825173&quot;,&quot;lng&quot;:&quot;6.50087&quot;,&quot;title&quot;:&quot;Albert Pascale&quot;,&quot;permalink&quot;:&quot;https:\\\/\\\/www.paysdesecrins.com\\\/it\\\/fiche\\\/albert-pascale-4\\\/&quot;,&quot;type&quot;:&quot;hebergement_locatif&quot;,&quot;commune&quot;:&quot;Puy-Saint-Vincent&quot;,&quot;type_commerce&quot;:&quot;&quot;,&quot;image&quot;:&quot;https:\\\/\\\/static.apidae-tourisme.com\\\/filestore\\\/objets-touristiques\\\/images\\\/126\\\/67\\\/8930174-diaporama.jpg&quot;,&quot;image_width&quot;:&quot;350&quot;,&quot;image_height&quot;:&quot;350&quot;,&quot;image_fit&quot;:&quot;cover&quot;},{&quot;lat&quot;:&quot;44.818465&quot;,&quot;lng&quot;:&quot;6.488852&quot;,&quot;title&quot;:&quot;Mancino Jonathan&quot;,&quot;permalink&quot;:&quot;https:\\\/\\\/www.paysdesecrins.com\\\/it\\\/fiche\\\/mancino-jonathan-4\\\/&quot;,&quot;type&quot;:&quot;hebergement_locatif&quot;,&quot;commune&quot;:&quot;Puy-Saint-Vincent&quot;,&quot;type_commerce&quot;:&quot;&quot;,&quot;image&quot;:&quot;https:\\\/\\\/www.paysdesecrins.com\\\/wp-content\\\/uploads\\\/2025\\\/06\\\/cropped-paysdesecrins.png&quot;,&quot;image_width&quot;:&quot;350&quot;,&quot;image_height&quot;:&quot;350&quot;,&quot;image_fit&quot;:&quot;cover&quot;},{&quot;lat&quot;:&quot;44.816595&quot;,&quot;lng&quot;:&quot;6.481164&quot;,&quot;title&quot;:&quot;SCI l&#8217;Ecureuil&quot;,&quot;permalink&quot;:&quot;https:\\\/\\\/www.paysdesecrins.com\\\/it\\\/fiche\\\/sci-lecureuil-4\\\/&quot;,&quot;type&quot;:&quot;hebergement_locatif&quot;,&quot;commune&quot;:&quot;Puy-Saint-Vincent&quot;,&quot;type_commerce&quot;:&quot;&quot;,&quot;image&quot;:&quot;https:\\\/\\\/www.paysdesecrins.com\\\/wp-content\\\/uploads\\\/2025\\\/06\\\/cropped-paysdesecrins.png&quot;,&quot;image_width&quot;:&quot;350&quot;,&quot;image_height&quot;:&quot;350&quot;,&quot;image_fit&quot;:&quot;cover&quot;},{&quot;lat&quot;:&quot;44.818078&quot;,&quot;lng&quot;:&quot;6.482192&quot;,&quot;title&quot;:&quot;Appartement PSV 1800 \\u2013 Obrembski Yannick&quot;,&quot;permalink&quot;:&quot;https:\\\/\\\/www.paysdesecrins.com\\\/it\\\/fiche\\\/appartement-psv-1800-obrembski-yannick-2\\\/&quot;,&quot;type&quot;:&quot;hebergement_locatif&quot;,&quot;commune&quot;:&quot;Puy-Saint-Vincent&quot;,&quot;type_commerce&quot;:&quot;&quot;,&quot;image&quot;:&quot;https:\\\/\\\/static.apidae-tourisme.com\\\/filestore\\\/objets-touristiques\\\/images\\\/103\\\/109\\\/3370343-diaporama.jpg&quot;,&quot;image_width&quot;:&quot;350&quot;,&quot;image_height&quot;:&quot;350&quot;,&quot;image_fit&quot;:&quot;cover&quot;},{&quot;lat&quot;:&quot;44.818986&quot;,&quot;lng&quot;:&quot;6.486626&quot;,&quot;title&quot;:&quot;La Pendine PSV 1600 \\u2013 Chastenet G\\u00e9rard&quot;,&quot;permalink&quot;:&quot;https:\\\/\\\/www.paysdesecrins.com\\\/it\\\/fiche\\\/la-pendine-psv-1600-chastenet-gerard-4\\\/&quot;,&quot;type&quot;:&quot;hebergement_locatif&quot;,&quot;commune&quot;:&quot;Puy-Saint-Vincent&quot;,&quot;type_commerce&quot;:&quot;&quot;,&quot;image&quot;:&quot;https:\\\/\\\/static.apidae-tourisme.com\\\/filestore\\\/objets-touristiques\\\/images\\\/60\\\/200\\\/36161596-diaporama.jpg&quot;,&quot;image_width&quot;:&quot;350&quot;,&quot;image_height&quot;:&quot;350&quot;,&quot;image_fit&quot;:&quot;cover&quot;},{&quot;lat&quot;:&quot;44.819066&quot;,&quot;lng&quot;:&quot;6.486374&quot;,&quot;title&quot;:&quot;Conocar Nadine \\u2013 PSV 1600&quot;,&quot;permalink&quot;:&quot;https:\\\/\\\/www.paysdesecrins.com\\\/it\\\/fiche\\\/conocar-nadine-psv-1600-3\\\/&quot;,&quot;type&quot;:&quot;hebergement_locatif&quot;,&quot;commune&quot;:&quot;Puy-Saint-Vincent&quot;,&quot;type_commerce&quot;:&quot;&quot;,&quot;image&quot;:&quot;https:\\\/\\\/static.apidae-tourisme.com\\\/filestore\\\/objets-touristiques\\\/images\\\/104\\\/62\\\/933480-diaporama.jpg&quot;,&quot;image_width&quot;:&quot;350&quot;,&quot;image_height&quot;:&quot;350&quot;,&quot;image_fit&quot;:&quot;cover&quot;},{&quot;lat&quot;:&quot;44.817867&quot;,&quot;lng&quot;:&quot;6.483905&quot;,&quot;title&quot;:&quot;Faiola Antoine&quot;,&quot;permalink&quot;:&quot;https:\\\/\\\/www.paysdesecrins.com\\\/it\\\/fiche\\\/faiola-antoine-4\\\/&quot;,&quot;type&quot;:&quot;hebergement_locatif&quot;,&quot;commune&quot;:&quot;Puy-Saint-Vincent&quot;,&quot;type_commerce&quot;:&quot;&quot;,&quot;image&quot;:&quot;https:\\\/\\\/www.paysdesecrins.com\\\/wp-content\\\/uploads\\\/2025\\\/06\\\/cropped-paysdesecrins.png&quot;,&quot;image_width&quot;:&quot;350&quot;,&quot;image_height&quot;:&quot;350&quot;,&quot;image_fit&quot;:&quot;cover&quot;},{&quot;lat&quot;:&quot;44.824103&quot;,&quot;lng&quot;:&quot;6.500284&quot;,&quot;title&quot;:&quot;Mottet Eric&quot;,&quot;permalink&quot;:&quot;https:\\\/\\\/www.paysdesecrins.com\\\/it\\\/fiche\\\/mottet-eric-4\\\/&quot;,&quot;type&quot;:&quot;hebergement_locatif&quot;,&quot;commune&quot;:&quot;Puy-Saint-Vincent&quot;,&quot;type_commerce&quot;:&quot;&quot;,&quot;image&quot;:&quot;https:\\\/\\\/www.paysdesecrins.com\\\/wp-content\\\/uploads\\\/2025\\\/06\\\/cropped-paysdesecrins.png&quot;,&quot;image_width&quot;:&quot;350&quot;,&quot;image_height&quot;:&quot;350&quot;,&quot;image_fit&quot;:&quot;cover&quot;},{&quot;lat&quot;:&quot;44.819111&quot;,&quot;lng&quot;:&quot;6.486287&quot;,&quot;title&quot;:&quot;Soustelle Bernard&quot;,&quot;permalink&quot;:&quot;https:\\\/\\\/www.paysdesecrins.com\\\/it\\\/fiche\\\/soustelle-bernard-4\\\/&quot;,&quot;type&quot;:&quot;hebergement_locatif&quot;,&quot;commune&quot;:&quot;Puy-Saint-Vincent&quot;,&quot;type_commerce&quot;:&quot;&quot;,&quot;image&quot;:&quot;https:\\\/\\\/www.paysdesecrins.com\\\/wp-content\\\/uploads\\\/2025\\\/06\\\/cropped-paysdesecrins.png&quot;,&quot;image_width&quot;:&quot;350&quot;,&quot;image_height&quot;:&quot;350&quot;,&quot;image_fit&quot;:&quot;cover&quot;},{&quot;lat&quot;:&quot;44.817806&quot;,&quot;lng&quot;:&quot;6.483674&quot;,&quot;title&quot;:&quot;Saphir 1700 PSV \\u2013 Coussement Maurice&quot;,&quot;permalink&quot;:&quot;https:\\\/\\\/www.paysdesecrins.com\\\/it\\\/fiche\\\/saphir-1700-psv-coussement-maurice-3\\\/&quot;,&quot;type&quot;:&quot;hebergement_locatif&quot;,&quot;commune&quot;:&quot;Puy-Saint-Vincent&quot;,&quot;type_commerce&quot;:&quot;&quot;,&quot;image&quot;:&quot;https:\\\/\\\/static.apidae-tourisme.com\\\/filestore\\\/objets-touristiques\\\/images\\\/16\\\/226\\\/6677008-diaporama.jpg&quot;,&quot;image_width&quot;:&quot;350&quot;,&quot;image_height&quot;:&quot;350&quot;,&quot;image_fit&quot;:&quot;cover&quot;},{&quot;lat&quot;:&quot;44.818674&quot;,&quot;lng&quot;:&quot;6.48857&quot;,&quot;title&quot;:&quot;CROCE Richard&quot;,&quot;permalink&quot;:&quot;https:\\\/\\\/www.paysdesecrins.com\\\/it\\\/fiche\\\/croce-richard-3\\\/&quot;,&quot;type&quot;:&quot;hebergement_locatif&quot;,&quot;commune&quot;:&quot;Puy-Saint-Vincent&quot;,&quot;type_commerce&quot;:&quot;&quot;,&quot;image&quot;:&quot;https:\\\/\\\/static.apidae-tourisme.com\\\/filestore\\\/objets-touristiques\\\/images\\\/54\\\/54\\\/3421750-diaporama.jpg&quot;,&quot;image_width&quot;:&quot;350&quot;,&quot;image_height&quot;:&quot;350&quot;,&quot;image_fit&quot;:&quot;cover&quot;},{&quot;lat&quot;:&quot;44.81904&quot;,&quot;lng&quot;:&quot;6.486395&quot;,&quot;title&quot;:&quot;Conocar Delbecque Andr\\u00e9e&quot;,&quot;permalink&quot;:&quot;https:\\\/\\\/www.paysdesecrins.com\\\/it\\\/fiche\\\/conocar-delbecque-andree-3\\\/&quot;,&quot;type&quot;:&quot;hebergement_locatif&quot;,&quot;commune&quot;:&quot;Puy-Saint-Vincent&quot;,&quot;type_commerce&quot;:&quot;&quot;,&quot;image&quot;:&quot;https:\\\/\\\/static.apidae-tourisme.com\\\/filestore\\\/objets-touristiques\\\/images\\\/237\\\/207\\\/19517421-diaporama.jpg&quot;,&quot;image_width&quot;:&quot;350&quot;,&quot;image_height&quot;:&quot;350&quot;,&quot;image_fit&quot;:&quot;cover&quot;},{&quot;lat&quot;:&quot;44.826613&quot;,&quot;lng&quot;:&quot;6.496467&quot;,&quot;title&quot;:&quot;Michelon Magali \\u2013 Appartement les Bans&quot;,&quot;permalink&quot;:&quot;https:\\\/\\\/www.paysdesecrins.com\\\/it\\\/fiche\\\/michelon-magali-appartement-les-bans-4\\\/&quot;,&quot;type&quot;:&quot;hebergement_locatif&quot;,&quot;commune&quot;:&quot;Puy-Saint-Vincent&quot;,&quot;type_commerce&quot;:&quot;&quot;,&quot;image&quot;:&quot;https:\\\/\\\/static.apidae-tourisme.com\\\/filestore\\\/objets-touristiques\\\/images\\\/41\\\/28\\\/19274793-diaporama.jpg&quot;,&quot;image_width&quot;:&quot;350&quot;,&quot;image_height&quot;:&quot;350&quot;,&quot;image_fit&quot;:&quot;cover&quot;},{&quot;lat&quot;:&quot;44.822661&quot;,&quot;lng&quot;:&quot;6.465123&quot;,&quot;title&quot;:&quot;Chaud Francis&quot;,&quot;permalink&quot;:&quot;https:\\\/\\\/www.paysdesecrins.com\\\/it\\\/fiche\\\/chaud-francis-4\\\/&quot;,&quot;type&quot;:&quot;hebergement_locatif&quot;,&quot;commune&quot;:&quot;Puy-Saint-Vincent&quot;,&quot;type_commerce&quot;:&quot;&quot;,&quot;image&quot;:&quot;https:\\\/\\\/www.paysdesecrins.com\\\/wp-content\\\/uploads\\\/2025\\\/06\\\/cropped-paysdesecrins.png&quot;,&quot;image_width&quot;:&quot;350&quot;,&quot;image_height&quot;:&quot;350&quot;,&quot;image_fit&quot;:&quot;cover&quot;},{&quot;lat&quot;:&quot;44.826635&quot;,&quot;lng&quot;:&quot;6.494561&quot;,&quot;title&quot;:&quot;Chalet La Belle Vie \\u2013 Van Der Valk Valentin&quot;,&quot;permalink&quot;:&quot;https:\\\/\\\/www.paysdesecrins.com\\\/it\\\/fiche\\\/chalet-la-belle-vie-van-der-valk-valentin-3\\\/&quot;,&quot;type&quot;:&quot;hebergement_locatif&quot;,&quot;commune&quot;:&quot;Puy-Saint-Vincent&quot;,&quot;type_commerce&quot;:&quot;&quot;,&quot;image&quot;:&quot;https:\\\/\\\/static.apidae-tourisme.com\\\/filestore\\\/objets-touristiques\\\/images\\\/49\\\/214\\\/6936113-diaporama.jpg&quot;,&quot;image_width&quot;:&quot;350&quot;,&quot;image_height&quot;:&quot;350&quot;,&quot;image_fit&quot;:&quot;cover&quot;},{&quot;lat&quot;:&quot;44.818948&quot;,&quot;lng&quot;:&quot;6.486856&quot;,&quot;title&quot;:&quot;Masouye Olivier&quot;,&quot;permalink&quot;:&quot;https:\\\/\\\/www.paysdesecrins.com\\\/it\\\/fiche\\\/masouye-olivier-4\\\/&quot;,&quot;type&quot;:&quot;hebergement_locatif&quot;,&quot;commune&quot;:&quot;Puy-Saint-Vincent&quot;,&quot;type_commerce&quot;:&quot;&quot;,&quot;image&quot;:&quot;https:\\\/\\\/www.paysdesecrins.com\\\/wp-content\\\/uploads\\\/2025\\\/06\\\/cropped-paysdesecrins.png&quot;,&quot;image_width&quot;:&quot;350&quot;,&quot;image_height&quot;:&quot;350&quot;,&quot;image_fit&quot;:&quot;cover&quot;},{&quot;lat&quot;:&quot;44.82672&quot;,&quot;lng&quot;:&quot;6.496591&quot;,&quot;title&quot;:&quot;Boudin Yvette&quot;,&quot;permalink&quot;:&quot;https:\\\/\\\/www.paysdesecrins.com\\\/it\\\/fiche\\\/boudin-yvette-4\\\/&quot;,&quot;type&quot;:&quot;hebergement_locatif&quot;,&quot;commune&quot;:&quot;Puy-Saint-Vincent&quot;,&quot;type_commerce&quot;:&quot;&quot;,&quot;image&quot;:&quot;https:\\\/\\\/www.paysdesecrins.com\\\/wp-content\\\/uploads\\\/2025\\\/06\\\/cropped-paysdesecrins.png&quot;,&quot;image_width&quot;:&quot;350&quot;,&quot;image_height&quot;:&quot;350&quot;,&quot;image_fit&quot;:&quot;cover&quot;},{&quot;lat&quot;:&quot;44.825024&quot;,&quot;lng&quot;:&quot;6.49899&quot;,&quot;title&quot;:&quot;Bernard Alain&quot;,&quot;permalink&quot;:&quot;https:\\\/\\\/www.paysdesecrins.com\\\/it\\\/fiche\\\/bernard-alain-4\\\/&quot;,&quot;type&quot;:&quot;hebergement_locatif&quot;,&quot;commune&quot;:&quot;Puy-Saint-Vincent&quot;,&quot;type_commerce&quot;:&quot;&quot;,&quot;image&quot;:&quot;https:\\\/\\\/www.paysdesecrins.com\\\/wp-content\\\/uploads\\\/2025\\\/06\\\/cropped-paysdesecrins.png&quot;,&quot;image_width&quot;:&quot;350&quot;,&quot;image_height&quot;:&quot;350&quot;,&quot;image_fit&quot;:&quot;cover&quot;},{&quot;lat&quot;:&quot;43.137526&quot;,&quot;lng&quot;:&quot;5.936411&quot;,&quot;title&quot;:&quot;Xixons Annick&quot;,&quot;permalink&quot;:&quot;https:\\\/\\\/www.paysdesecrins.com\\\/it\\\/fiche\\\/xixons-annick-4\\\/&quot;,&quot;type&quot;:&quot;hebergement_locatif&quot;,&quot;commune&quot;:&quot;Puy-Saint-Vincent&quot;,&quot;type_commerce&quot;:&quot;&quot;,&quot;image&quot;:&quot;https:\\\/\\\/www.paysdesecrins.com\\\/wp-content\\\/uploads\\\/2025\\\/06\\\/cropped-paysdesecrins.png&quot;,&quot;image_width&quot;:&quot;350&quot;,&quot;image_height&quot;:&quot;350&quot;,&quot;image_fit&quot;:&quot;cover&quot;},{&quot;lat&quot;:&quot;44.818228&quot;,&quot;lng&quot;:&quot;6.506044&quot;,&quot;title&quot;:&quot;Val\\u00e9ry Vincent Chalet Prey d&#8217;Aval&quot;,&quot;permalink&quot;:&quot;https:\\\/\\\/www.paysdesecrins.com\\\/it\\\/fiche\\\/valery-vincent-chalet-prey-daval-4\\\/&quot;,&quot;type&quot;:&quot;hebergement_locatif&quot;,&quot;commune&quot;:&quot;Puy-Saint-Vincent&quot;,&quot;type_commerce&quot;:&quot;&quot;,&quot;image&quot;:&quot;https:\\\/\\\/static.apidae-tourisme.com\\\/filestore\\\/objets-touristiques\\\/images\\\/31\\\/33\\\/9969951-diaporama.jpg&quot;,&quot;image_width&quot;:&quot;350&quot;,&quot;image_height&quot;:&quot;350&quot;,&quot;image_fit&quot;:&quot;cover&quot;},{&quot;lat&quot;:&quot;44.818688&quot;,&quot;lng&quot;:&quot;6.487355&quot;,&quot;title&quot;:&quot;Goarnisson Marie-Th\\u00e9r\\u00e8se&quot;,&quot;permalink&quot;:&quot;https:\\\/\\\/www.paysdesecrins.com\\\/it\\\/fiche\\\/goarnisson-marie-therese-4\\\/&quot;,&quot;type&quot;:&quot;hebergement_locatif&quot;,&quot;commune&quot;:&quot;Puy-Saint-Vincent&quot;,&quot;type_commerce&quot;:&quot;&quot;,&quot;image&quot;:&quot;https:\\\/\\\/www.paysdesecrins.com\\\/wp-content\\\/uploads\\\/2025\\\/06\\\/cropped-paysdesecrins.png&quot;,&quot;image_width&quot;:&quot;350&quot;,&quot;image_height&quot;:&quot;350&quot;,&quot;image_fit&quot;:&quot;cover&quot;},{&quot;lat&quot;:&quot;44.824438&quot;,&quot;lng&quot;:&quot;6.501081&quot;,&quot;title&quot;:&quot;Mercier Luc \\u2013 Les Gentianes&quot;,&quot;permalink&quot;:&quot;https:\\\/\\\/www.paysdesecrins.com\\\/it\\\/fiche\\\/mercier-luc-les-gentianes-4\\\/&quot;,&quot;type&quot;:&quot;hebergement_locatif&quot;,&quot;commune&quot;:&quot;Puy-Saint-Vincent&quot;,&quot;type_commerce&quot;:&quot;&quot;,&quot;image&quot;:&quot;https:\\\/\\\/static.apidae-tourisme.com\\\/filestore\\\/objets-touristiques\\\/images\\\/114\\\/222\\\/14671474-diaporama.jpg&quot;,&quot;image_width&quot;:&quot;350&quot;,&quot;image_height&quot;:&quot;350&quot;,&quot;image_fit&quot;:&quot;cover&quot;},{&quot;lat&quot;:&quot;44.817745&quot;,&quot;lng&quot;:&quot;6.505015&quot;,&quot;title&quot;:&quot;Pelen R\\u00e9gis \\u2013 Le Travers 1&quot;,&quot;permalink&quot;:&quot;https:\\\/\\\/www.paysdesecrins.com\\\/it\\\/fiche\\\/pelen-regis-le-travers-1-4\\\/&quot;,&quot;type&quot;:&quot;hebergement_locatif&quot;,&quot;commune&quot;:&quot;Puy-Saint-Vincent&quot;,&quot;type_commerce&quot;:&quot;&quot;,&quot;image&quot;:&quot;https:\\\/\\\/static.apidae-tourisme.com\\\/filestore\\\/objets-touristiques\\\/images\\\/101\\\/6\\\/4195941-diaporama.jpg&quot;,&quot;image_width&quot;:&quot;350&quot;,&quot;image_height&quot;:&quot;350&quot;,&quot;image_fit&quot;:&quot;cover&quot;},{&quot;lat&quot;:&quot;44.828068&quot;,&quot;lng&quot;:&quot;6.499324&quot;,&quot;title&quot;:&quot;Gully Monique&quot;,&quot;permalink&quot;:&quot;https:\\\/\\\/www.paysdesecrins.com\\\/it\\\/fiche\\\/gully-monique-3\\\/&quot;,&quot;type&quot;:&quot;hebergement_locatif&quot;,&quot;commune&quot;:&quot;Puy-Saint-Vincent&quot;,&quot;type_commerce&quot;:&quot;&quot;,&quot;image&quot;:&quot;https:\\\/\\\/static.apidae-tourisme.com\\\/filestore\\\/objets-touristiques\\\/images\\\/252\\\/110\\\/8875772-diaporama.jpg&quot;,&quot;image_width&quot;:&quot;350&quot;,&quot;image_height&quot;:&quot;350&quot;,&quot;image_fit&quot;:&quot;cover&quot;},{&quot;lat&quot;:&quot;44.818715&quot;,&quot;lng&quot;:&quot;6.487237&quot;,&quot;title&quot;:&quot;Guien Isabelle&quot;,&quot;permalink&quot;:&quot;https:\\\/\\\/www.paysdesecrins.com\\\/it\\\/fiche\\\/guien-isabelle-4\\\/&quot;,&quot;type&quot;:&quot;hebergement_locatif&quot;,&quot;commune&quot;:&quot;Puy-Saint-Vincent&quot;,&quot;type_commerce&quot;:&quot;&quot;,&quot;image&quot;:&quot;https:\\\/\\\/www.paysdesecrins.com\\\/wp-content\\\/uploads\\\/2025\\\/06\\\/cropped-paysdesecrins.png&quot;,&quot;image_width&quot;:&quot;350&quot;,&quot;image_height&quot;:&quot;350&quot;,&quot;image_fit&quot;:&quot;cover&quot;},{&quot;lat&quot;:&quot;44.818952&quot;,&quot;lng&quot;:&quot;6.486846&quot;,&quot;title&quot;:&quot;Le Pavec Mireille Appartement 209 Pendine 1&quot;,&quot;permalink&quot;:&quot;https:\\\/\\\/www.paysdesecrins.com\\\/it\\\/fiche\\\/le-pavec-mireille-appartement-209-pendine-1-2\\\/&quot;,&quot;type&quot;:&quot;hebergement_locatif&quot;,&quot;commune&quot;:&quot;Puy-Saint-Vincent&quot;,&quot;type_commerce&quot;:&quot;&quot;,&quot;image&quot;:&quot;https:\\\/\\\/static.apidae-tourisme.com\\\/filestore\\\/objets-touristiques\\\/images\\\/99\\\/73\\\/805219-diaporama.jpg&quot;,&quot;image_width&quot;:&quot;350&quot;,&quot;image_height&quot;:&quot;350&quot;,&quot;image_fit&quot;:&quot;cover&quot;},{&quot;lat&quot;:&quot;44.818061&quot;,&quot;lng&quot;:&quot;6.482137&quot;,&quot;title&quot;:&quot;Caloin Philippe&quot;,&quot;permalink&quot;:&quot;https:\\\/\\\/www.paysdesecrins.com\\\/it\\\/fiche\\\/caloin-philippe-4\\\/&quot;,&quot;type&quot;:&quot;hebergement_locatif&quot;,&quot;commune&quot;:&quot;Puy-Saint-Vincent&quot;,&quot;type_commerce&quot;:&quot;&quot;,&quot;image&quot;:&quot;https:\\\/\\\/www.paysdesecrins.com\\\/wp-content\\\/uploads\\\/2025\\\/06\\\/cropped-paysdesecrins.png&quot;,&quot;image_width&quot;:&quot;350&quot;,&quot;image_height&quot;:&quot;350&quot;,&quot;image_fit&quot;:&quot;cover&quot;},{&quot;lat&quot;:&quot;44.828639&quot;,&quot;lng&quot;:&quot;6.490318&quot;,&quot;title&quot;:&quot;Mar\\u00e9chal Jean-Claude&quot;,&quot;permalink&quot;:&quot;https:\\\/\\\/www.paysdesecrins.com\\\/it\\\/fiche\\\/marechal-jean-claude-4\\\/&quot;,&quot;type&quot;:&quot;hebergement_locatif&quot;,&quot;commune&quot;:&quot;Puy-Saint-Vincent&quot;,&quot;type_commerce&quot;:&quot;&quot;,&quot;image&quot;:&quot;https:\\\/\\\/www.paysdesecrins.com\\\/wp-content\\\/uploads\\\/2025\\\/06\\\/cropped-paysdesecrins.png&quot;,&quot;image_width&quot;:&quot;350&quot;,&quot;image_height&quot;:&quot;350&quot;,&quot;image_fit&quot;:&quot;cover&quot;},{&quot;lat&quot;:&quot;44.817833&quot;,&quot;lng&quot;:&quot;6.482343&quot;,&quot;title&quot;:&quot;Rol Jos\\u00e9 &#8220;Mon Chalet au hameau des Ecrins&#8221;&quot;,&quot;permalink&quot;:&quot;https:\\\/\\\/www.paysdesecrins.com\\\/it\\\/fiche\\\/rol-jose-mon-chalet-au-hameau-des-ecrins-4\\\/&quot;,&quot;type&quot;:&quot;hebergement_locatif&quot;,&quot;commune&quot;:&quot;Puy-Saint-Vincent&quot;,&quot;type_commerce&quot;:&quot;&quot;,&quot;image&quot;:&quot;https:\\\/\\\/static.apidae-tourisme.com\\\/filestore\\\/objets-touristiques\\\/images\\\/209\\\/253\\\/27393489-diaporama.jpg&quot;,&quot;image_width&quot;:&quot;350&quot;,&quot;image_height&quot;:&quot;350&quot;,&quot;image_fit&quot;:&quot;cover&quot;},{&quot;lat&quot;:&quot;44.826901&quot;,&quot;lng&quot;:&quot;6.497024&quot;,&quot;title&quot;:&quot;Albergo Saint-Roch&quot;,&quot;permalink&quot;:&quot;https:\\\/\\\/www.paysdesecrins.com\\\/it\\\/fiche\\\/albergo-saint-roch\\\/&quot;,&quot;type&quot;:&quot;hotellerie&quot;,&quot;commune&quot;:&quot;Puy-Saint-Vincent&quot;,&quot;type_commerce&quot;:&quot;&quot;,&quot;image&quot;:&quot;https:\\\/\\\/static.apidae-tourisme.com\\\/filestore\\\/objets-touristiques\\\/images\\\/222\\\/169\\\/36809182-diaporama.jpg&quot;,&quot;image_width&quot;:&quot;350&quot;,&quot;image_height&quot;:&quot;350&quot;,&quot;image_fit&quot;:&quot;cover&quot;},{&quot;lat&quot;:&quot;44.818728&quot;,&quot;lng&quot;:&quot;6.481374&quot;,&quot;title&quot;:&quot;R\\u00e9sidence de Tourisme Les Chalets Odalys&quot;,&quot;permalink&quot;:&quot;https:\\\/\\\/www.paysdesecrins.com\\\/it\\\/fiche\\\/residence-de-tourisme-les-chalets-odalys-4\\\/&quot;,&quot;type&quot;:&quot;hebergement_collectif&quot;,&quot;commune&quot;:&quot;Puy-Saint-Vincent&quot;,&quot;type_commerce&quot;:&quot;&quot;,&quot;image&quot;:&quot;https:\\\/\\\/static.apidae-tourisme.com\\\/filestore\\\/objets-touristiques\\\/images\\\/143\\\/27\\\/924559-diaporama.jpg&quot;,&quot;image_width&quot;:&quot;350&quot;,&quot;image_height&quot;:&quot;350&quot;,&quot;image_fit&quot;:&quot;cover&quot;},{&quot;lat&quot;:&quot;44.818564&quot;,&quot;lng&quot;:&quot;6.503981&quot;,&quot;title&quot;:&quot;Poncet Esther \\u2013 Les Ribambelles n\\u00b0 4 (1er)&quot;,&quot;permalink&quot;:&quot;https:\\\/\\\/www.paysdesecrins.com\\\/it\\\/fiche\\\/poncet-esther-les-ribambelles-n-4-1er-2\\\/&quot;,&quot;type&quot;:&quot;hebergement_locatif&quot;,&quot;commune&quot;:&quot;Puy-Saint-Vincent&quot;,&quot;type_commerce&quot;:&quot;&quot;,&quot;image&quot;:&quot;https:\\\/\\\/static.apidae-tourisme.com\\\/filestore\\\/objets-touristiques\\\/images\\\/248\\\/64\\\/934136-diaporama.jpg&quot;,&quot;image_width&quot;:&quot;350&quot;,&quot;image_height&quot;:&quot;350&quot;,&quot;image_fit&quot;:&quot;cover&quot;},{&quot;lat&quot;:&quot;44.818457&quot;,&quot;lng&quot;:&quot;6.488938&quot;,&quot;title&quot;:&quot;CE Caisse d&#8217;Epargne C\\u00f4te d&#8217;Azur&quot;,&quot;permalink&quot;:&quot;https:\\\/\\\/www.paysdesecrins.com\\\/it\\\/fiche\\\/ce-caisse-depargne-cote-dazur-4\\\/&quot;,&quot;type&quot;:&quot;hebergement_locatif&quot;,&quot;commune&quot;:&quot;Puy-Saint-Vincent&quot;,&quot;type_commerce&quot;:&quot;&quot;,&quot;image&quot;:&quot;https:\\\/\\\/www.paysdesecrins.com\\\/wp-content\\\/uploads\\\/2025\\\/06\\\/cropped-paysdesecrins.png&quot;,&quot;image_width&quot;:&quot;350&quot;,&quot;image_height&quot;:&quot;350&quot;,&quot;image_fit&quot;:&quot;cover&quot;},{&quot;lat&quot;:&quot;44.826299&quot;,&quot;lng&quot;:&quot;6.495753&quot;,&quot;title&quot;:&quot;Collenet Dominique&quot;,&quot;permalink&quot;:&quot;https:\\\/\\\/www.paysdesecrins.com\\\/it\\\/fiche\\\/collenet-dominique-4\\\/&quot;,&quot;type&quot;:&quot;hebergement_locatif&quot;,&quot;commune&quot;:&quot;Puy-Saint-Vincent&quot;,&quot;type_commerce&quot;:&quot;&quot;,&quot;image&quot;:&quot;https:\\\/\\\/www.paysdesecrins.com\\\/wp-content\\\/uploads\\\/2025\\\/06\\\/cropped-paysdesecrins.png&quot;,&quot;image_width&quot;:&quot;350&quot;,&quot;image_height&quot;:&quot;350&quot;,&quot;image_fit&quot;:&quot;cover&quot;},{&quot;lat&quot;:&quot;44.826683&quot;,&quot;lng&quot;:&quot;6.496512&quot;,&quot;title&quot;:&quot;Appartement 6 personnes \\u2013 Julien et Marina&quot;,&quot;permalink&quot;:&quot;https:\\\/\\\/www.paysdesecrins.com\\\/it\\\/fiche\\\/appartement-6-personnes-julien-et-marina-4\\\/&quot;,&quot;type&quot;:&quot;hebergement_locatif&quot;,&quot;commune&quot;:&quot;Puy-Saint-Vincent&quot;,&quot;type_commerce&quot;:&quot;&quot;,&quot;image&quot;:&quot;https:\\\/\\\/static.apidae-tourisme.com\\\/filestore\\\/objets-touristiques\\\/images\\\/238\\\/129\\\/19759598-diaporama.jpg&quot;,&quot;image_width&quot;:&quot;350&quot;,&quot;image_height&quot;:&quot;350&quot;,&quot;image_fit&quot;:&quot;cover&quot;},{&quot;lat&quot;:&quot;44.824192&quot;,&quot;lng&quot;:&quot;6.502405&quot;,&quot;title&quot;:&quot;Pichon Monique \\u2013 Chalet Lou Pitchoun&quot;,&quot;permalink&quot;:&quot;https:\\\/\\\/www.paysdesecrins.com\\\/it\\\/fiche\\\/pichon-monique-chalet-lou-pitchoun-3\\\/&quot;,&quot;type&quot;:&quot;hebergement_locatif&quot;,&quot;commune&quot;:&quot;Puy-Saint-Vincent&quot;,&quot;type_commerce&quot;:&quot;&quot;,&quot;image&quot;:&quot;https:\\\/\\\/static.apidae-tourisme.com\\\/filestore\\\/objets-touristiques\\\/images\\\/136\\\/184\\\/899208-diaporama.jpg&quot;,&quot;image_width&quot;:&quot;350&quot;,&quot;image_height&quot;:&quot;350&quot;,&quot;image_fit&quot;:&quot;cover&quot;},{&quot;lat&quot;:&quot;44.830499&quot;,&quot;lng&quot;:&quot;6.488532&quot;,&quot;title&quot;:&quot;Decarreaux-Chassignol Val\\u00e9rie&quot;,&quot;permalink&quot;:&quot;https:\\\/\\\/www.paysdesecrins.com\\\/it\\\/fiche\\\/decarreaux-chassignol-valerie-4\\\/&quot;,&quot;type&quot;:&quot;hebergement_locatif&quot;,&quot;commune&quot;:&quot;Puy-Saint-Vincent&quot;,&quot;type_commerce&quot;:&quot;&quot;,&quot;image&quot;:&quot;https:\\\/\\\/www.paysdesecrins.com\\\/wp-content\\\/uploads\\\/2025\\\/06\\\/cropped-paysdesecrins.png&quot;,&quot;image_width&quot;:&quot;350&quot;,&quot;image_height&quot;:&quot;350&quot;,&quot;image_fit&quot;:&quot;cover&quot;},{&quot;lat&quot;:&quot;44.827699&quot;,&quot;lng&quot;:&quot;6.498606&quot;,&quot;title&quot;:&quot;Keller Michel&quot;,&quot;permalink&quot;:&quot;https:\\\/\\\/www.paysdesecrins.com\\\/it\\\/fiche\\\/keller-michel-4\\\/&quot;,&quot;type&quot;:&quot;hebergement_locatif&quot;,&quot;commune&quot;:&quot;Puy-Saint-Vincent&quot;,&quot;type_commerce&quot;:&quot;&quot;,&quot;image&quot;:&quot;https:\\\/\\\/www.paysdesecrins.com\\\/wp-content\\\/uploads\\\/2025\\\/06\\\/cropped-paysdesecrins.png&quot;,&quot;image_width&quot;:&quot;350&quot;,&quot;image_height&quot;:&quot;350&quot;,&quot;image_fit&quot;:&quot;cover&quot;},{&quot;lat&quot;:&quot;44.818107&quot;,&quot;lng&quot;:&quot;6.48318&quot;,&quot;title&quot;:&quot;R\\u00e9sidence Le Saphir \\u2013 PSV 1800 \\u2013 Fabien DAVILA&quot;,&quot;permalink&quot;:&quot;https:\\\/\\\/www.paysdesecrins.com\\\/it\\\/fiche\\\/residence-le-saphir-psv-1800-fabien-davila-4\\\/&quot;,&quot;type&quot;:&quot;hebergement_locatif&quot;,&quot;commune&quot;:&quot;Puy-Saint-Vincent&quot;,&quot;type_commerce&quot;:&quot;&quot;,&quot;image&quot;:&quot;https:\\\/\\\/static.apidae-tourisme.com\\\/filestore\\\/objets-touristiques\\\/images\\\/176\\\/154\\\/15243952-diaporama.jpg&quot;,&quot;image_width&quot;:&quot;350&quot;,&quot;image_height&quot;:&quot;350&quot;,&quot;image_fit&quot;:&quot;cover&quot;},{&quot;lat&quot;:&quot;44.817859&quot;,&quot;lng&quot;:&quot;6.483819&quot;,&quot;title&quot;:&quot;Jestin Micha\\u00ebl&quot;,&quot;permalink&quot;:&quot;https:\\\/\\\/www.paysdesecrins.com\\\/it\\\/fiche\\\/jestin-michael-4\\\/&quot;,&quot;type&quot;:&quot;hebergement_locatif&quot;,&quot;commune&quot;:&quot;Puy-Saint-Vincent&quot;,&quot;type_commerce&quot;:&quot;&quot;,&quot;image&quot;:&quot;https:\\\/\\\/www.paysdesecrins.com\\\/wp-content\\\/uploads\\\/2025\\\/06\\\/cropped-paysdesecrins.png&quot;,&quot;image_width&quot;:&quot;350&quot;,&quot;image_height&quot;:&quot;350&quot;,&quot;image_fit&quot;:&quot;cover&quot;},{&quot;lat&quot;:&quot;44.818464&quot;,&quot;lng&quot;:&quot;6.482648&quot;,&quot;title&quot;:&quot;Outre Damien&quot;,&quot;permalink&quot;:&quot;https:\\\/\\\/www.paysdesecrins.com\\\/it\\\/fiche\\\/outre-damien-4\\\/&quot;,&quot;type&quot;:&quot;hebergement_locatif&quot;,&quot;commune&quot;:&quot;Puy-Saint-Vincent&quot;,&quot;type_commerce&quot;:&quot;&quot;,&quot;image&quot;:&quot;https:\\\/\\\/www.paysdesecrins.com\\\/wp-content\\\/uploads\\\/2025\\\/06\\\/cropped-paysdesecrins.png&quot;,&quot;image_width&quot;:&quot;350&quot;,&quot;image_height&quot;:&quot;350&quot;,&quot;image_fit&quot;:&quot;cover&quot;},{&quot;lat&quot;:&quot;44.818894&quot;,&quot;lng&quot;:&quot;6.486314&quot;,&quot;title&quot;:&quot;Deschamps Serge&quot;,&quot;permalink&quot;:&quot;https:\\\/\\\/www.paysdesecrins.com\\\/it\\\/fiche\\\/deschamps-serge-4\\\/&quot;,&quot;type&quot;:&quot;hebergement_locatif&quot;,&quot;commune&quot;:&quot;Puy-Saint-Vincent&quot;,&quot;type_commerce&quot;:&quot;&quot;,&quot;image&quot;:&quot;https:\\\/\\\/www.paysdesecrins.com\\\/wp-content\\\/uploads\\\/2025\\\/06\\\/cropped-paysdesecrins.png&quot;,&quot;image_width&quot;:&quot;350&quot;,&quot;image_height&quot;:&quot;350&quot;,&quot;image_fit&quot;:&quot;cover&quot;},{&quot;lat&quot;:&quot;44.818734&quot;,&quot;lng&quot;:&quot;6.487532&quot;,&quot;title&quot;:&quot;Liger Steve&quot;,&quot;permalink&quot;:&quot;https:\\\/\\\/www.paysdesecrins.com\\\/it\\\/fiche\\\/liger-steve-4\\\/&quot;,&quot;type&quot;:&quot;hebergement_locatif&quot;,&quot;commune&quot;:&quot;Puy-Saint-Vincent&quot;,&quot;type_commerce&quot;:&quot;&quot;,&quot;image&quot;:&quot;https:\\\/\\\/www.paysdesecrins.com\\\/wp-content\\\/uploads\\\/2025\\\/06\\\/cropped-paysdesecrins.png&quot;,&quot;image_width&quot;:&quot;350&quot;,&quot;image_height&quot;:&quot;350&quot;,&quot;image_fit&quot;:&quot;cover&quot;},{&quot;lat&quot;:&quot;44.818525&quot;,&quot;lng&quot;:&quot;6.489039&quot;,&quot;title&quot;:&quot;Val Gardena 1600 \\u2013 Fabre Julien&quot;,&quot;permalink&quot;:&quot;https:\\\/\\\/www.paysdesecrins.com\\\/it\\\/fiche\\\/val-gardena-1600-fabre-julien-3\\\/&quot;,&quot;type&quot;:&quot;hebergement_locatif&quot;,&quot;commune&quot;:&quot;Puy-Saint-Vincent&quot;,&quot;type_commerce&quot;:&quot;&quot;,&quot;image&quot;:&quot;https:\\\/\\\/static.apidae-tourisme.com\\\/filestore\\\/objets-touristiques\\\/images\\\/232\\\/78\\\/4869864-diaporama.jpg&quot;,&quot;image_width&quot;:&quot;350&quot;,&quot;image_height&quot;:&quot;350&quot;,&quot;image_fit&quot;:&quot;cover&quot;},{&quot;lat&quot;:&quot;44.82633&quot;,&quot;lng&quot;:&quot;6.495806&quot;,&quot;title&quot;:&quot;Godinot Damien \\u2013 Sci du Bois Cul\\u00e9&quot;,&quot;permalink&quot;:&quot;https:\\\/\\\/www.paysdesecrins.com\\\/it\\\/fiche\\\/godinot-damien-sci-du-bois-cule-4\\\/&quot;,&quot;type&quot;:&quot;hebergement_locatif&quot;,&quot;commune&quot;:&quot;Puy-Saint-Vincent&quot;,&quot;type_commerce&quot;:&quot;&quot;,&quot;image&quot;:&quot;https:\\\/\\\/www.paysdesecrins.com\\\/wp-content\\\/uploads\\\/2025\\\/06\\\/cropped-paysdesecrins.png&quot;,&quot;image_width&quot;:&quot;350&quot;,&quot;image_height&quot;:&quot;350&quot;,&quot;image_fit&quot;:&quot;cover&quot;},{&quot;lat&quot;:&quot;44.819069&quot;,&quot;lng&quot;:&quot;6.481588&quot;,&quot;title&quot;:&quot;CE Clinique du C\\u00e8dre&quot;,&quot;permalink&quot;:&quot;https:\\\/\\\/www.paysdesecrins.com\\\/it\\\/fiche\\\/ce-clinique-du-cedre-4\\\/&quot;,&quot;type&quot;:&quot;hebergement_locatif&quot;,&quot;commune&quot;:&quot;Puy-Saint-Vincent&quot;,&quot;type_commerce&quot;:&quot;&quot;,&quot;image&quot;:&quot;https:\\\/\\\/www.paysdesecrins.com\\\/wp-content\\\/uploads\\\/2025\\\/06\\\/cropped-paysdesecrins.png&quot;,&quot;image_width&quot;:&quot;350&quot;,&quot;image_height&quot;:&quot;350&quot;,&quot;image_fit&quot;:&quot;cover&quot;},{&quot;lat&quot;:&quot;44.824474&quot;,&quot;lng&quot;:&quot;6.500865&quot;,&quot;title&quot;:&quot;Chaud Elisabeth&quot;,&quot;permalink&quot;:&quot;https:\\\/\\\/www.paysdesecrins.com\\\/it\\\/fiche\\\/chaud-elisabeth-4\\\/&quot;,&quot;type&quot;:&quot;hebergement_locatif&quot;,&quot;commune&quot;:&quot;Puy-Saint-Vincent&quot;,&quot;type_commerce&quot;:&quot;&quot;,&quot;image&quot;:&quot;https:\\\/\\\/www.paysdesecrins.com\\\/wp-content\\\/uploads\\\/2025\\\/06\\\/cropped-paysdesecrins.png&quot;,&quot;image_width&quot;:&quot;350&quot;,&quot;image_height&quot;:&quot;350&quot;,&quot;image_fit&quot;:&quot;cover&quot;},{&quot;lat&quot;:&quot;44.818639&quot;,&quot;lng&quot;:&quot;6.488556&quot;,&quot;title&quot;:&quot;Berlinguer C\\u00e9line&quot;,&quot;permalink&quot;:&quot;https:\\\/\\\/www.paysdesecrins.com\\\/it\\\/fiche\\\/berlinguer-celine-4\\\/&quot;,&quot;type&quot;:&quot;hebergement_locatif&quot;,&quot;commune&quot;:&quot;Puy-Saint-Vincent&quot;,&quot;type_commerce&quot;:&quot;&quot;,&quot;image&quot;:&quot;https:\\\/\\\/www.paysdesecrins.com\\\/wp-content\\\/uploads\\\/2025\\\/06\\\/cropped-paysdesecrins.png&quot;,&quot;image_width&quot;:&quot;350&quot;,&quot;image_height&quot;:&quot;350&quot;,&quot;image_fit&quot;:&quot;cover&quot;},{&quot;lat&quot;:&quot;44.816706&quot;,&quot;lng&quot;:&quot;6.504736&quot;,&quot;title&quot;:&quot;SCI les 3 Petits Singes \\u2013 PSV 1400&quot;,&quot;permalink&quot;:&quot;https:\\\/\\\/www.paysdesecrins.com\\\/it\\\/fiche\\\/sci-les-3-petits-singes-psv-1400-4\\\/&quot;,&quot;type&quot;:&quot;hebergement_locatif&quot;,&quot;commune&quot;:&quot;Puy-Saint-Vincent&quot;,&quot;type_commerce&quot;:&quot;&quot;,&quot;image&quot;:&quot;https:\\\/\\\/static.apidae-tourisme.com\\\/filestore\\\/objets-touristiques\\\/images\\\/84\\\/80\\\/938068-diaporama.jpg&quot;,&quot;image_width&quot;:&quot;350&quot;,&quot;image_height&quot;:&quot;350&quot;,&quot;image_fit&quot;:&quot;cover&quot;},{&quot;lat&quot;:&quot;44.818848&quot;,&quot;lng&quot;:&quot;6.486615&quot;,&quot;title&quot;:&quot;Sordet Bruno&quot;,&quot;permalink&quot;:&quot;https:\\\/\\\/www.paysdesecrins.com\\\/it\\\/fiche\\\/sordet-bruno-4\\\/&quot;,&quot;type&quot;:&quot;hebergement_locatif&quot;,&quot;commune&quot;:&quot;Puy-Saint-Vincent&quot;,&quot;type_commerce&quot;:&quot;&quot;,&quot;image&quot;:&quot;https:\\\/\\\/www.paysdesecrins.com\\\/wp-content\\\/uploads\\\/2025\\\/06\\\/cropped-paysdesecrins.png&quot;,&quot;image_width&quot;:&quot;350&quot;,&quot;image_height&quot;:&quot;350&quot;,&quot;image_fit&quot;:&quot;cover&quot;},{&quot;lat&quot;:&quot;44.81809&quot;,&quot;lng&quot;:&quot;6.48207&quot;,&quot;title&quot;:&quot;Cousin Luc \\u2013 PSV 1800&quot;,&quot;permalink&quot;:&quot;https:\\\/\\\/www.paysdesecrins.com\\\/it\\\/fiche\\\/cousin-luc-psv-1800-3\\\/&quot;,&quot;type&quot;:&quot;hebergement_locatif&quot;,&quot;commune&quot;:&quot;Puy-Saint-Vincent&quot;,&quot;type_commerce&quot;:&quot;&quot;,&quot;image&quot;:&quot;https:\\\/\\\/static.apidae-tourisme.com\\\/filestore\\\/objets-touristiques\\\/images\\\/76\\\/218\\\/3398220-diaporama.jpg&quot;,&quot;image_width&quot;:&quot;350&quot;,&quot;image_height&quot;:&quot;350&quot;,&quot;image_fit&quot;:&quot;cover&quot;},{&quot;lat&quot;:&quot;44.827593&quot;,&quot;lng&quot;:&quot;6.498134&quot;,&quot;title&quot;:&quot;Gaillard Michel&quot;,&quot;permalink&quot;:&quot;https:\\\/\\\/www.paysdesecrins.com\\\/it\\\/fiche\\\/gaillard-michel-4\\\/&quot;,&quot;type&quot;:&quot;hebergement_locatif&quot;,&quot;commune&quot;:&quot;Puy-Saint-Vincent&quot;,&quot;type_commerce&quot;:&quot;&quot;,&quot;image&quot;:&quot;https:\\\/\\\/www.paysdesecrins.com\\\/wp-content\\\/uploads\\\/2025\\\/06\\\/cropped-paysdesecrins.png&quot;,&quot;image_width&quot;:&quot;350&quot;,&quot;image_height&quot;:&quot;350&quot;,&quot;image_fit&quot;:&quot;cover&quot;},{&quot;lat&quot;:&quot;44.816576&quot;,&quot;lng&quot;:&quot;6.481368&quot;,&quot;title&quot;:&quot;Leleux Raymond&quot;,&quot;permalink&quot;:&quot;https:\\\/\\\/www.paysdesecrins.com\\\/it\\\/fiche\\\/leleux-raymond-4\\\/&quot;,&quot;type&quot;:&quot;hebergement_locatif&quot;,&quot;commune&quot;:&quot;Puy-Saint-Vincent&quot;,&quot;type_commerce&quot;:&quot;&quot;,&quot;image&quot;:&quot;https:\\\/\\\/www.paysdesecrins.com\\\/wp-content\\\/uploads\\\/2025\\\/06\\\/cropped-paysdesecrins.png&quot;,&quot;image_width&quot;:&quot;350&quot;,&quot;image_height&quot;:&quot;350&quot;,&quot;image_fit&quot;:&quot;cover&quot;},{&quot;lat&quot;:&quot;44.818822&quot;,&quot;lng&quot;:&quot;6.486861&quot;,&quot;title&quot;:&quot;Hourie Sylvaine&quot;,&quot;permalink&quot;:&quot;https:\\\/\\\/www.paysdesecrins.com\\\/it\\\/fiche\\\/hourie-sylvaine-4\\\/&quot;,&quot;type&quot;:&quot;hebergement_locatif&quot;,&quot;commune&quot;:&quot;Puy-Saint-Vincent&quot;,&quot;type_commerce&quot;:&quot;&quot;,&quot;image&quot;:&quot;https:\\\/\\\/www.paysdesecrins.com\\\/wp-content\\\/uploads\\\/2025\\\/06\\\/cropped-paysdesecrins.png&quot;,&quot;image_width&quot;:&quot;350&quot;,&quot;image_height&quot;:&quot;350&quot;,&quot;image_fit&quot;:&quot;cover&quot;},{&quot;lat&quot;:&quot;44.823018&quot;,&quot;lng&quot;:&quot;6.500473&quot;,&quot;title&quot;:&quot;Chambon Fran\\u00e7oise&quot;,&quot;permalink&quot;:&quot;https:\\\/\\\/www.paysdesecrins.com\\\/it\\\/fiche\\\/chambon-francoise-4\\\/&quot;,&quot;type&quot;:&quot;hebergement_locatif&quot;,&quot;commune&quot;:&quot;Puy-Saint-Vincent&quot;,&quot;type_commerce&quot;:&quot;&quot;,&quot;image&quot;:&quot;https:\\\/\\\/www.paysdesecrins.com\\\/wp-content\\\/uploads\\\/2025\\\/06\\\/cropped-paysdesecrins.png&quot;,&quot;image_width&quot;:&quot;350&quot;,&quot;image_height&quot;:&quot;350&quot;,&quot;image_fit&quot;:&quot;cover&quot;},{&quot;lat&quot;:&quot;44.818488&quot;,&quot;lng&quot;:&quot;6.488773&quot;,&quot;title&quot;:&quot;SCI la Vergnolles&quot;,&quot;permalink&quot;:&quot;https:\\\/\\\/www.paysdesecrins.com\\\/it\\\/fiche\\\/sci-la-vergnolles-4\\\/&quot;,&quot;type&quot;:&quot;hebergement_locatif&quot;,&quot;commune&quot;:&quot;Puy-Saint-Vincent&quot;,&quot;type_commerce&quot;:&quot;&quot;,&quot;image&quot;:&quot;https:\\\/\\\/www.paysdesecrins.com\\\/wp-content\\\/uploads\\\/2025\\\/06\\\/cropped-paysdesecrins.png&quot;,&quot;image_width&quot;:&quot;350&quot;,&quot;image_height&quot;:&quot;350&quot;,&quot;image_fit&quot;:&quot;cover&quot;},{&quot;lat&quot;:&quot;44.826859&quot;,&quot;lng&quot;:&quot;6.49676&quot;,&quot;title&quot;:&quot;Appartement 6 personnes \\u2013  PSV 1400 \\u2013 Famille Denis&quot;,&quot;permalink&quot;:&quot;https:\\\/\\\/www.paysdesecrins.com\\\/it\\\/fiche\\\/appartement-6-personnes-psv-1400-famille-denis-3\\\/&quot;,&quot;type&quot;:&quot;hebergement_locatif&quot;,&quot;commune&quot;:&quot;Puy-Saint-Vincent&quot;,&quot;type_commerce&quot;:&quot;&quot;,&quot;image&quot;:&quot;https:\\\/\\\/static.apidae-tourisme.com\\\/filestore\\\/objets-touristiques\\\/images\\\/201\\\/181\\\/8500681-diaporama.jpg&quot;,&quot;image_width&quot;:&quot;350&quot;,&quot;image_height&quot;:&quot;350&quot;,&quot;image_fit&quot;:&quot;cover&quot;},{&quot;lat&quot;:&quot;44.818161&quot;,&quot;lng&quot;:&quot;6.482283&quot;,&quot;title&quot;:&quot;Pipe Nathalie&quot;,&quot;permalink&quot;:&quot;https:\\\/\\\/www.paysdesecrins.com\\\/it\\\/fiche\\\/pipe-nathalie-4\\\/&quot;,&quot;type&quot;:&quot;hebergement_locatif&quot;,&quot;commune&quot;:&quot;Puy-Saint-Vincent&quot;,&quot;type_commerce&quot;:&quot;&quot;,&quot;image&quot;:&quot;https:\\\/\\\/www.paysdesecrins.com\\\/wp-content\\\/uploads\\\/2025\\\/06\\\/cropped-paysdesecrins.png&quot;,&quot;image_width&quot;:&quot;350&quot;,&quot;image_height&quot;:&quot;350&quot;,&quot;image_fit&quot;:&quot;cover&quot;},{&quot;lat&quot;:&quot;44.819&quot;,&quot;lng&quot;:&quot;6.4856&quot;,&quot;title&quot;:&quot;Burellier Michel&quot;,&quot;permalink&quot;:&quot;https:\\\/\\\/www.paysdesecrins.com\\\/it\\\/fiche\\\/burellier-michel-4\\\/&quot;,&quot;type&quot;:&quot;hebergement_locatif&quot;,&quot;commune&quot;:&quot;Puy-Saint-Vincent&quot;,&quot;type_commerce&quot;:&quot;&quot;,&quot;image&quot;:&quot;https:\\\/\\\/static.apidae-tourisme.com\\\/filestore\\\/objets-touristiques\\\/images\\\/171\\\/93\\\/36134315-diaporama.jpg&quot;,&quot;image_width&quot;:&quot;350&quot;,&quot;image_height&quot;:&quot;350&quot;,&quot;image_fit&quot;:&quot;cover&quot;},{&quot;lat&quot;:&quot;44.827673&quot;,&quot;lng&quot;:&quot;6.49816&quot;,&quot;title&quot;:&quot;Bruneau Yannick&quot;,&quot;permalink&quot;:&quot;https:\\\/\\\/www.paysdesecrins.com\\\/it\\\/fiche\\\/bruneau-yannick-2\\\/&quot;,&quot;type&quot;:&quot;hebergement_locatif&quot;,&quot;commune&quot;:&quot;Puy-Saint-Vincent&quot;,&quot;type_commerce&quot;:&quot;&quot;,&quot;image&quot;:&quot;https:\\\/\\\/static.apidae-tourisme.com\\\/filestore\\\/objets-touristiques\\\/images\\\/103\\\/253\\\/3669351-diaporama.jpg&quot;,&quot;image_width&quot;:&quot;350&quot;,&quot;image_height&quot;:&quot;350&quot;,&quot;image_fit&quot;:&quot;cover&quot;},{&quot;lat&quot;:&quot;44.834173&quot;,&quot;lng&quot;:&quot;6.482529&quot;,&quot;title&quot;:&quot;Chalet l&#8217;Aigli\\u00e8re&quot;,&quot;permalink&quot;:&quot;https:\\\/\\\/www.paysdesecrins.com\\\/it\\\/fiche\\\/chalet-laigliere-4\\\/&quot;,&quot;type&quot;:&quot;hebergement_locatif&quot;,&quot;commune&quot;:&quot;Puy-Saint-Vincent&quot;,&quot;type_commerce&quot;:&quot;&quot;,&quot;image&quot;:&quot;https:\\\/\\\/static.apidae-tourisme.com\\\/filestore\\\/objets-touristiques\\\/images\\\/117\\\/84\\\/6902901-diaporama.jpg&quot;,&quot;image_width&quot;:&quot;350&quot;,&quot;image_height&quot;:&quot;350&quot;,&quot;image_fit&quot;:&quot;cover&quot;},{&quot;lat&quot;:&quot;44.842792&quot;,&quot;lng&quot;:&quot;6.482052&quot;,&quot;title&quot;:&quot;Galti\\u00e9 Herv\\u00e9&quot;,&quot;permalink&quot;:&quot;https:\\\/\\\/www.paysdesecrins.com\\\/it\\\/fiche\\\/galtie-herve-4\\\/&quot;,&quot;type&quot;:&quot;hebergement_locatif&quot;,&quot;commune&quot;:&quot;Puy-Saint-Vincent&quot;,&quot;type_commerce&quot;:&quot;&quot;,&quot;image&quot;:&quot;https:\\\/\\\/www.paysdesecrins.com\\\/wp-content\\\/uploads\\\/2025\\\/06\\\/cropped-paysdesecrins.png&quot;,&quot;image_width&quot;:&quot;350&quot;,&quot;image_height&quot;:&quot;350&quot;,&quot;image_fit&quot;:&quot;cover&quot;},{&quot;lat&quot;:&quot;44.825531&quot;,&quot;lng&quot;:&quot;6.500795&quot;,&quot;title&quot;:&quot;Chartie G\\u00e9rard&quot;,&quot;permalink&quot;:&quot;https:\\\/\\\/www.paysdesecrins.com\\\/it\\\/fiche\\\/chartie-gerard-3\\\/&quot;,&quot;type&quot;:&quot;hebergement_locatif&quot;,&quot;commune&quot;:&quot;Puy-Saint-Vincent&quot;,&quot;type_commerce&quot;:&quot;&quot;,&quot;image&quot;:&quot;https:\\\/\\\/static.apidae-tourisme.com\\\/filestore\\\/objets-touristiques\\\/images\\\/187\\\/56\\\/932027-diaporama.jpg&quot;,&quot;image_width&quot;:&quot;350&quot;,&quot;image_height&quot;:&quot;350&quot;,&quot;image_fit&quot;:&quot;cover&quot;},{&quot;lat&quot;:&quot;44.818122&quot;,&quot;lng&quot;:&quot;6.482234&quot;,&quot;title&quot;:&quot;Hameau des Ecrins- PSV 1800 \\u2013 Dupr\\u00e9 Fran\\u00e7oise&quot;,&quot;permalink&quot;:&quot;https:\\\/\\\/www.paysdesecrins.com\\\/it\\\/fiche\\\/hameau-des-ecrins-psv-1800-dupre-francoise-4\\\/&quot;,&quot;type&quot;:&quot;hebergement_locatif&quot;,&quot;commune&quot;:&quot;Puy-Saint-Vincent&quot;,&quot;type_commerce&quot;:&quot;&quot;,&quot;image&quot;:&quot;https:\\\/\\\/www.paysdesecrins.com\\\/wp-content\\\/uploads\\\/2025\\\/06\\\/cropped-paysdesecrins.png&quot;,&quot;image_width&quot;:&quot;350&quot;,&quot;image_height&quot;:&quot;350&quot;,&quot;image_fit&quot;:&quot;cover&quot;},{&quot;lat&quot;:&quot;44.816484&quot;,&quot;lng&quot;:&quot;6.481653&quot;,&quot;title&quot;:&quot;Fr\\u00e9d\\u00e9ric Kerges&quot;,&quot;permalink&quot;:&quot;https:\\\/\\\/www.paysdesecrins.com\\\/it\\\/fiche\\\/frederic-kerges-4\\\/&quot;,&quot;type&quot;:&quot;hebergement_locatif&quot;,&quot;commune&quot;:&quot;Puy-Saint-Vincent&quot;,&quot;type_commerce&quot;:&quot;&quot;,&quot;image&quot;:&quot;https:\\\/\\\/static.apidae-tourisme.com\\\/filestore\\\/objets-touristiques\\\/images\\\/147\\\/19\\\/6820755-diaporama.jpg&quot;,&quot;image_width&quot;:&quot;350&quot;,&quot;image_height&quot;:&quot;350&quot;,&quot;image_fit&quot;:&quot;cover&quot;},{&quot;lat&quot;:&quot;44.824309&quot;,&quot;lng&quot;:&quot;6.50143&quot;,&quot;title&quot;:&quot;Gauthier Laurent \\u2013 Village&quot;,&quot;permalink&quot;:&quot;https:\\\/\\\/www.paysdesecrins.com\\\/it\\\/fiche\\\/gauthier-laurent-village-4\\\/&quot;,&quot;type&quot;:&quot;hebergement_locatif&quot;,&quot;commune&quot;:&quot;Puy-Saint-Vincent&quot;,&quot;type_commerce&quot;:&quot;&quot;,&quot;image&quot;:&quot;https:\\\/\\\/static.apidae-tourisme.com\\\/filestore\\\/objets-touristiques\\\/images\\\/62\\\/6\\\/3606078-diaporama.jpg&quot;,&quot;image_width&quot;:&quot;350&quot;,&quot;image_height&quot;:&quot;350&quot;,&quot;image_fit&quot;:&quot;cover&quot;},{&quot;lat&quot;:&quot;44.817745&quot;,&quot;lng&quot;:&quot;6.505015&quot;,&quot;title&quot;:&quot;Pelen R\\u00e9gis \\u2013 La Bergerie&quot;,&quot;permalink&quot;:&quot;https:\\\/\\\/www.paysdesecrins.com\\\/it\\\/fiche\\\/pelen-regis-la-bergerie-4\\\/&quot;,&quot;type&quot;:&quot;hebergement_locatif&quot;,&quot;commune&quot;:&quot;Puy-Saint-Vincent&quot;,&quot;type_commerce&quot;:&quot;&quot;,&quot;image&quot;:&quot;https:\\\/\\\/static.apidae-tourisme.com\\\/filestore\\\/objets-touristiques\\\/images\\\/85\\\/6\\\/4195925-diaporama.jpg&quot;,&quot;image_width&quot;:&quot;350&quot;,&quot;image_height&quot;:&quot;350&quot;,&quot;image_fit&quot;:&quot;cover&quot;},{&quot;lat&quot;:&quot;44.81778&quot;,&quot;lng&quot;:&quot;6.4822&quot;,&quot;title&quot;:&quot;Rochegude Michel SARL Raf Raf&quot;,&quot;permalink&quot;:&quot;https:\\\/\\\/www.paysdesecrins.com\\\/it\\\/fiche\\\/rochegude-michel-sarl-raf-raf-4\\\/&quot;,&quot;type&quot;:&quot;hebergement_locatif&quot;,&quot;commune&quot;:&quot;Puy-Saint-Vincent&quot;,&quot;type_commerce&quot;:&quot;&quot;,&quot;image&quot;:&quot;https:\\\/\\\/www.paysdesecrins.com\\\/wp-content\\\/uploads\\\/2025\\\/06\\\/cropped-paysdesecrins.png&quot;,&quot;image_width&quot;:&quot;350&quot;,&quot;image_height&quot;:&quot;350&quot;,&quot;image_fit&quot;:&quot;cover&quot;},{&quot;lat&quot;:&quot;44.824504&quot;,&quot;lng&quot;:&quot;6.496708&quot;,&quot;title&quot;:&quot;SCI Petit Loup&quot;,&quot;permalink&quot;:&quot;https:\\\/\\\/www.paysdesecrins.com\\\/it\\\/fiche\\\/sci-petit-loup-4\\\/&quot;,&quot;type&quot;:&quot;hebergement_locatif&quot;,&quot;commune&quot;:&quot;Puy-Saint-Vincent&quot;,&quot;type_commerce&quot;:&quot;&quot;,&quot;image&quot;:&quot;https:\\\/\\\/www.paysdesecrins.com\\\/wp-content\\\/uploads\\\/2025\\\/06\\\/cropped-paysdesecrins.png&quot;,&quot;image_width&quot;:&quot;350&quot;,&quot;image_height&quot;:&quot;350&quot;,&quot;image_fit&quot;:&quot;cover&quot;},{&quot;lat&quot;:&quot;44.817855&quot;,&quot;lng&quot;:&quot;6.483691&quot;,&quot;title&quot;:&quot;Couturat La\\u00e9titia&quot;,&quot;permalink&quot;:&quot;https:\\\/\\\/www.paysdesecrins.com\\\/it\\\/fiche\\\/couturat-laetitia-4\\\/&quot;,&quot;type&quot;:&quot;hebergement_locatif&quot;,&quot;commune&quot;:&quot;Puy-Saint-Vincent&quot;,&quot;type_commerce&quot;:&quot;&quot;,&quot;image&quot;:&quot;https:\\\/\\\/www.paysdesecrins.com\\\/wp-content\\\/uploads\\\/2025\\\/06\\\/cropped-paysdesecrins.png&quot;,&quot;image_width&quot;:&quot;350&quot;,&quot;image_height&quot;:&quot;350&quot;,&quot;image_fit&quot;:&quot;cover&quot;},{&quot;lat&quot;:&quot;44.818952&quot;,&quot;lng&quot;:&quot;6.486841&quot;,&quot;title&quot;:&quot;Nguyen Trung Thuan&quot;,&quot;permalink&quot;:&quot;https:\\\/\\\/www.paysdesecrins.com\\\/it\\\/fiche\\\/nguyen-trung-thuan-4\\\/&quot;,&quot;type&quot;:&quot;hebergement_locatif&quot;,&quot;commune&quot;:&quot;Puy-Saint-Vincent&quot;,&quot;type_commerce&quot;:&quot;&quot;,&quot;image&quot;:&quot;https:\\\/\\\/static.apidae-tourisme.com\\\/filestore\\\/objets-touristiques\\\/images\\\/245\\\/112\\\/4878581-diaporama.jpg&quot;,&quot;image_width&quot;:&quot;350&quot;,&quot;image_height&quot;:&quot;350&quot;,&quot;image_fit&quot;:&quot;cover&quot;},{&quot;lat&quot;:&quot;44.819051&quot;,&quot;lng&quot;:&quot;6.486395&quot;,&quot;title&quot;:&quot;Conocar Starczewski Liliane&quot;,&quot;permalink&quot;:&quot;https:\\\/\\\/www.paysdesecrins.com\\\/it\\\/fiche\\\/conocar-starczewski-liliane-3\\\/&quot;,&quot;type&quot;:&quot;hebergement_locatif&quot;,&quot;commune&quot;:&quot;Puy-Saint-Vincent&quot;,&quot;type_commerce&quot;:&quot;&quot;,&quot;image&quot;:&quot;https:\\\/\\\/static.apidae-tourisme.com\\\/filestore\\\/objets-touristiques\\\/images\\\/129\\\/62\\\/933505-diaporama.jpg&quot;,&quot;image_width&quot;:&quot;350&quot;,&quot;image_height&quot;:&quot;350&quot;,&quot;image_fit&quot;:&quot;cover&quot;},{&quot;lat&quot;:&quot;44.826354&quot;,&quot;lng&quot;:&quot;6.499492&quot;,&quot;title&quot;:&quot;H\\u00f4tel La Pendine&quot;,&quot;permalink&quot;:&quot;https:\\\/\\\/www.paysdesecrins.com\\\/it\\\/fiche\\\/hotel-la-pendine-4\\\/&quot;,&quot;type&quot;:&quot;hotellerie&quot;,&quot;commune&quot;:&quot;Puy-Saint-Vincent&quot;,&quot;type_commerce&quot;:&quot;&quot;,&quot;image&quot;:&quot;https:\\\/\\\/static.apidae-tourisme.com\\\/filestore\\\/objets-touristiques\\\/images\\\/196\\\/95\\\/8871876-diaporama.jpg&quot;,&quot;image_width&quot;:&quot;350&quot;,&quot;image_height&quot;:&quot;350&quot;,&quot;image_fit&quot;:&quot;cover&quot;},{&quot;lat&quot;:&quot;44.813711&quot;,&quot;lng&quot;:&quot;6.509883&quot;,&quot;title&quot;:&quot;Guillet-Lambert Catherine&quot;,&quot;permalink&quot;:&quot;https:\\\/\\\/www.paysdesecrins.com\\\/it\\\/fiche\\\/guillet-lambert-catherine-4\\\/&quot;,&quot;type&quot;:&quot;hebergement_locatif&quot;,&quot;commune&quot;:&quot;Puy-Saint-Vincent&quot;,&quot;type_commerce&quot;:&quot;&quot;,&quot;image&quot;:&quot;https:\\\/\\\/www.paysdesecrins.com\\\/wp-content\\\/uploads\\\/2025\\\/06\\\/cropped-paysdesecrins.png&quot;,&quot;image_width&quot;:&quot;350&quot;,&quot;image_height&quot;:&quot;350&quot;,&quot;image_fit&quot;:&quot;cover&quot;},{&quot;lat&quot;:&quot;44.816632&quot;,&quot;lng&quot;:&quot;6.481072&quot;,&quot;title&quot;:&quot;Residenza il Parc aux \\u00e9toiles (Parco delle Stelle)&quot;,&quot;permalink&quot;:&quot;https:\\\/\\\/www.paysdesecrins.com\\\/it\\\/fiche\\\/residenza-il-parc-aux-etoiles-parco-delle-stelle\\\/&quot;,&quot;type&quot;:&quot;hebergement_collectif&quot;,&quot;commune&quot;:&quot;Puy-Saint-Vincent&quot;,&quot;type_commerce&quot;:&quot;&quot;,&quot;image&quot;:&quot;https:\\\/\\\/static.apidae-tourisme.com\\\/filestore\\\/objets-touristiques\\\/images\\\/182\\\/27\\\/924598-diaporama.jpg&quot;,&quot;image_width&quot;:&quot;350&quot;,&quot;image_height&quot;:&quot;350&quot;,&quot;image_fit&quot;:&quot;cover&quot;},{&quot;lat&quot;:&quot;44.818998&quot;,&quot;lng&quot;:&quot;6.486631&quot;,&quot;title&quot;:&quot;Ayme Bernard&quot;,&quot;permalink&quot;:&quot;https:\\\/\\\/www.paysdesecrins.com\\\/it\\\/fiche\\\/ayme-bernard-3\\\/&quot;,&quot;type&quot;:&quot;hebergement_locatif&quot;,&quot;commune&quot;:&quot;Puy-Saint-Vincent&quot;,&quot;type_commerce&quot;:&quot;&quot;,&quot;image&quot;:&quot;https:\\\/\\\/static.apidae-tourisme.com\\\/filestore\\\/objets-touristiques\\\/images\\\/150\\\/94\\\/8740502-diaporama.jpg&quot;,&quot;image_width&quot;:&quot;350&quot;,&quot;image_height&quot;:&quot;350&quot;,&quot;image_fit&quot;:&quot;cover&quot;},{&quot;lat&quot;:&quot;44.818707&quot;,&quot;lng&quot;:&quot;6.487462&quot;,&quot;title&quot;:&quot;CE Cpam du Gard&quot;,&quot;permalink&quot;:&quot;https:\\\/\\\/www.paysdesecrins.com\\\/it\\\/fiche\\\/ce-cpam-du-gard-4\\\/&quot;,&quot;type&quot;:&quot;hebergement_locatif&quot;,&quot;commune&quot;:&quot;Puy-Saint-Vincent&quot;,&quot;type_commerce&quot;:&quot;&quot;,&quot;image&quot;:&quot;https:\\\/\\\/www.paysdesecrins.com\\\/wp-content\\\/uploads\\\/2025\\\/06\\\/cropped-paysdesecrins.png&quot;,&quot;image_width&quot;:&quot;350&quot;,&quot;image_height&quot;:&quot;350&quot;,&quot;image_fit&quot;:&quot;cover&quot;},{&quot;lat&quot;:&quot;44.818136&quot;,&quot;lng&quot;:&quot;6.50463&quot;,&quot;title&quot;:&quot;DEJODE \\u2013 Prey d&#8217;Aval \\u2013 PSV 1400&quot;,&quot;permalink&quot;:&quot;https:\\\/\\\/www.paysdesecrins.com\\\/it\\\/fiche\\\/dejode-prey-daval-psv-1400-4\\\/&quot;,&quot;type&quot;:&quot;hebergement_locatif&quot;,&quot;commune&quot;:&quot;Puy-Saint-Vincent&quot;,&quot;type_commerce&quot;:&quot;&quot;,&quot;image&quot;:&quot;https:\\\/\\\/static.apidae-tourisme.com\\\/filestore\\\/objets-touristiques\\\/images\\\/171\\\/243\\\/13431723-diaporama.jpg&quot;,&quot;image_width&quot;:&quot;350&quot;,&quot;image_height&quot;:&quot;350&quot;,&quot;image_fit&quot;:&quot;cover&quot;},{&quot;lat&quot;:&quot;44.826747&quot;,&quot;lng&quot;:&quot;6.496533&quot;,&quot;title&quot;:&quot;Sautter Philippe&quot;,&quot;permalink&quot;:&quot;https:\\\/\\\/www.paysdesecrins.com\\\/it\\\/fiche\\\/sautter-philippe-4\\\/&quot;,&quot;type&quot;:&quot;hebergement_locatif&quot;,&quot;commune&quot;:&quot;Puy-Saint-Vincent&quot;,&quot;type_commerce&quot;:&quot;&quot;,&quot;image&quot;:&quot;https:\\\/\\\/www.paysdesecrins.com\\\/wp-content\\\/uploads\\\/2025\\\/06\\\/cropped-paysdesecrins.png&quot;,&quot;image_width&quot;:&quot;350&quot;,&quot;image_height&quot;:&quot;350&quot;,&quot;image_fit&quot;:&quot;cover&quot;},{&quot;lat&quot;:&quot;44.823554&quot;,&quot;lng&quot;:&quot;6.500042&quot;,&quot;title&quot;:&quot;Moulard Maxime&quot;,&quot;permalink&quot;:&quot;https:\\\/\\\/www.paysdesecrins.com\\\/it\\\/fiche\\\/moulard-maxime-3\\\/&quot;,&quot;type&quot;:&quot;hebergement_locatif&quot;,&quot;commune&quot;:&quot;Puy-Saint-Vincent&quot;,&quot;type_commerce&quot;:&quot;&quot;,&quot;image&quot;:&quot;https:\\\/\\\/static.apidae-tourisme.com\\\/filestore\\\/objets-touristiques\\\/images\\\/91\\\/226\\\/26272347-diaporama.jpg&quot;,&quot;image_width&quot;:&quot;350&quot;,&quot;image_height&quot;:&quot;350&quot;,&quot;image_fit&quot;:&quot;cover&quot;},{&quot;lat&quot;:&quot;44.817514&quot;,&quot;lng&quot;:&quot;6.481177&quot;,&quot;title&quot;:&quot;Meyssonnier Chantal Le Pelvoux D1A&quot;,&quot;permalink&quot;:&quot;https:\\\/\\\/www.paysdesecrins.com\\\/it\\\/fiche\\\/meyssonnier-chantal-le-pelvoux-d1a-4\\\/&quot;,&quot;type&quot;:&quot;hebergement_locatif&quot;,&quot;commune&quot;:&quot;Puy-Saint-Vincent&quot;,&quot;type_commerce&quot;:&quot;&quot;,&quot;image&quot;:&quot;https:\\\/\\\/www.paysdesecrins.com\\\/wp-content\\\/uploads\\\/2025\\\/06\\\/cropped-paysdesecrins.png&quot;,&quot;image_width&quot;:&quot;350&quot;,&quot;image_height&quot;:&quot;350&quot;,&quot;image_fit&quot;:&quot;cover&quot;},{&quot;lat&quot;:&quot;44.825031&quot;,&quot;lng&quot;:&quot;6.500226&quot;,&quot;title&quot;:&quot;Nouguier Sandrine&quot;,&quot;permalink&quot;:&quot;https:\\\/\\\/www.paysdesecrins.com\\\/it\\\/fiche\\\/nouguier-sandrine-4\\\/&quot;,&quot;type&quot;:&quot;hebergement_locatif&quot;,&quot;commune&quot;:&quot;Puy-Saint-Vincent&quot;,&quot;type_commerce&quot;:&quot;&quot;,&quot;image&quot;:&quot;https:\\\/\\\/www.paysdesecrins.com\\\/wp-content\\\/uploads\\\/2025\\\/06\\\/cropped-paysdesecrins.png&quot;,&quot;image_width&quot;:&quot;350&quot;,&quot;image_height&quot;:&quot;350&quot;,&quot;image_fit&quot;:&quot;cover&quot;},{&quot;lat&quot;:&quot;44.819948&quot;,&quot;lng&quot;:&quot;6.484662&quot;,&quot;title&quot;:&quot;Centre de vacances IGESA&quot;,&quot;permalink&quot;:&quot;https:\\\/\\\/www.paysdesecrins.com\\\/it\\\/fiche\\\/centre-de-vacances-igesa-4\\\/&quot;,&quot;type&quot;:&quot;hebergement_collectif&quot;,&quot;commune&quot;:&quot;Puy-Saint-Vincent&quot;,&quot;type_commerce&quot;:&quot;&quot;,&quot;image&quot;:&quot;https:\\\/\\\/static.apidae-tourisme.com\\\/filestore\\\/objets-touristiques\\\/images\\\/234\\\/104\\\/27420906-diaporama.jpg&quot;,&quot;image_width&quot;:&quot;350&quot;,&quot;image_height&quot;:&quot;350&quot;,&quot;image_fit&quot;:&quot;cover&quot;},{&quot;lat&quot;:&quot;44.825051&quot;,&quot;lng&quot;:&quot;6.502265&quot;,&quot;title&quot;:&quot;Disdier Maryse&quot;,&quot;permalink&quot;:&quot;https:\\\/\\\/www.paysdesecrins.com\\\/it\\\/fiche\\\/disdier-maryse-4\\\/&quot;,&quot;type&quot;:&quot;hebergement_locatif&quot;,&quot;commune&quot;:&quot;Puy-Saint-Vincent&quot;,&quot;type_commerce&quot;:&quot;&quot;,&quot;image&quot;:&quot;https:\\\/\\\/www.paysdesecrins.com\\\/wp-content\\\/uploads\\\/2025\\\/06\\\/cropped-paysdesecrins.png&quot;,&quot;image_width&quot;:&quot;350&quot;,&quot;image_height&quot;:&quot;350&quot;,&quot;image_fit&quot;:&quot;cover&quot;},{&quot;lat&quot;:&quot;44.818734&quot;,&quot;lng&quot;:&quot;6.481044&quot;,&quot;title&quot;:&quot;Rault Michel&quot;,&quot;permalink&quot;:&quot;https:\\\/\\\/www.paysdesecrins.com\\\/it\\\/fiche\\\/rault-michel-4\\\/&quot;,&quot;type&quot;:&quot;hebergement_locatif&quot;,&quot;commune&quot;:&quot;Puy-Saint-Vincent&quot;,&quot;type_commerce&quot;:&quot;&quot;,&quot;image&quot;:&quot;https:\\\/\\\/www.paysdesecrins.com\\\/wp-content\\\/uploads\\\/2025\\\/06\\\/cropped-paysdesecrins.png&quot;,&quot;image_width&quot;:&quot;350&quot;,&quot;image_height&quot;:&quot;350&quot;,&quot;image_fit&quot;:&quot;cover&quot;},{&quot;lat&quot;:&quot;44.82684&quot;,&quot;lng&quot;:&quot;6.496701&quot;,&quot;title&quot;:&quot;Lafleur Jacques \\u2013 PSV 1400&quot;,&quot;permalink&quot;:&quot;https:\\\/\\\/www.paysdesecrins.com\\\/it\\\/fiche\\\/lafleur-jacques-psv-1400-2\\\/&quot;,&quot;type&quot;:&quot;hebergement_locatif&quot;,&quot;commune&quot;:&quot;Puy-Saint-Vincent&quot;,&quot;type_commerce&quot;:&quot;&quot;,&quot;image&quot;:&quot;https:\\\/\\\/static.apidae-tourisme.com\\\/filestore\\\/objets-touristiques\\\/images\\\/122\\\/43\\\/928634-diaporama.jpg&quot;,&quot;image_width&quot;:&quot;350&quot;,&quot;image_height&quot;:&quot;350&quot;,&quot;image_fit&quot;:&quot;cover&quot;},{&quot;lat&quot;:&quot;44.824781&quot;,&quot;lng&quot;:&quot;6.501396&quot;,&quot;title&quot;:&quot;Pichon Monique \\u2013 Appartement G\\u00e9n\\u00e9pi&quot;,&quot;permalink&quot;:&quot;https:\\\/\\\/www.paysdesecrins.com\\\/it\\\/fiche\\\/pichon-monique-appartement-genepi-4\\\/&quot;,&quot;type&quot;:&quot;hebergement_locatif&quot;,&quot;commune&quot;:&quot;Puy-Saint-Vincent&quot;,&quot;type_commerce&quot;:&quot;&quot;,&quot;image&quot;:&quot;https:\\\/\\\/static.apidae-tourisme.com\\\/filestore\\\/objets-touristiques\\\/images\\\/181\\\/128\\\/14188725-diaporama.jpg&quot;,&quot;image_width&quot;:&quot;350&quot;,&quot;image_height&quot;:&quot;350&quot;,&quot;image_fit&quot;:&quot;cover&quot;},{&quot;lat&quot;:&quot;44.818563&quot;,&quot;lng&quot;:&quot;6.505702&quot;,&quot;title&quot;:&quot;Lauxerois Marie Odile&quot;,&quot;permalink&quot;:&quot;https:\\\/\\\/www.paysdesecrins.com\\\/it\\\/fiche\\\/lauxerois-marie-odile-4\\\/&quot;,&quot;type&quot;:&quot;hebergement_locatif&quot;,&quot;commune&quot;:&quot;Puy-Saint-Vincent&quot;,&quot;type_commerce&quot;:&quot;&quot;,&quot;image&quot;:&quot;https:\\\/\\\/www.paysdesecrins.com\\\/wp-content\\\/uploads\\\/2025\\\/06\\\/cropped-paysdesecrins.png&quot;,&quot;image_width&quot;:&quot;350&quot;,&quot;image_height&quot;:&quot;350&quot;,&quot;image_fit&quot;:&quot;cover&quot;},{&quot;lat&quot;:&quot;44.820639&quot;,&quot;lng&quot;:&quot;6.500301&quot;,&quot;title&quot;:&quot;Saint Guilhem Catherine&quot;,&quot;permalink&quot;:&quot;https:\\\/\\\/www.paysdesecrins.com\\\/it\\\/fiche\\\/saint-guilhem-catherine-4\\\/&quot;,&quot;type&quot;:&quot;hebergement_locatif&quot;,&quot;commune&quot;:&quot;Puy-Saint-Vincent&quot;,&quot;type_commerce&quot;:&quot;&quot;,&quot;image&quot;:&quot;https:\\\/\\\/www.paysdesecrins.com\\\/wp-content\\\/uploads\\\/2025\\\/06\\\/cropped-paysdesecrins.png&quot;,&quot;image_width&quot;:&quot;350&quot;,&quot;image_height&quot;:&quot;350&quot;,&quot;image_fit&quot;:&quot;cover&quot;},{&quot;lat&quot;:&quot;44.818169&quot;,&quot;lng&quot;:&quot;6.482223&quot;,&quot;title&quot;:&quot;Zois J\\u00e9r\\u00f4me&quot;,&quot;permalink&quot;:&quot;https:\\\/\\\/www.paysdesecrins.com\\\/it\\\/fiche\\\/zois-jerome-4\\\/&quot;,&quot;type&quot;:&quot;hebergement_locatif&quot;,&quot;commune&quot;:&quot;Puy-Saint-Vincent&quot;,&quot;type_commerce&quot;:&quot;&quot;,&quot;image&quot;:&quot;https:\\\/\\\/www.paysdesecrins.com\\\/wp-content\\\/uploads\\\/2025\\\/06\\\/cropped-paysdesecrins.png&quot;,&quot;image_width&quot;:&quot;350&quot;,&quot;image_height&quot;:&quot;350&quot;,&quot;image_fit&quot;:&quot;cover&quot;},{&quot;lat&quot;:&quot;44.824785&quot;,&quot;lng&quot;:&quot;6.501434&quot;,&quot;title&quot;:&quot;Pichon Monique \\u2013 Appartement  l&#8217;Edelweiss&quot;,&quot;permalink&quot;:&quot;https:\\\/\\\/www.paysdesecrins.com\\\/it\\\/fiche\\\/pichon-monique-appartement-ledelweiss-2\\\/&quot;,&quot;type&quot;:&quot;hebergement_locatif&quot;,&quot;commune&quot;:&quot;Puy-Saint-Vincent&quot;,&quot;type_commerce&quot;:&quot;&quot;,&quot;image&quot;:&quot;https:\\\/\\\/static.apidae-tourisme.com\\\/filestore\\\/objets-touristiques\\\/images\\\/241\\\/154\\\/695025-diaporama.jpg&quot;,&quot;image_width&quot;:&quot;350&quot;,&quot;image_height&quot;:&quot;350&quot;,&quot;image_fit&quot;:&quot;cover&quot;},{&quot;lat&quot;:&quot;44.826653&quot;,&quot;lng&quot;:&quot;6.496374&quot;,&quot;title&quot;:&quot;PINON Hubert&quot;,&quot;permalink&quot;:&quot;https:\\\/\\\/www.paysdesecrins.com\\\/it\\\/fiche\\\/pinon-hubert-4\\\/&quot;,&quot;type&quot;:&quot;hebergement_locatif&quot;,&quot;commune&quot;:&quot;Puy-Saint-Vincent&quot;,&quot;type_commerce&quot;:&quot;&quot;,&quot;image&quot;:&quot;https:\\\/\\\/static.apidae-tourisme.com\\\/filestore\\\/objets-touristiques\\\/images\\\/23\\\/87\\\/11032343-diaporama.jpg&quot;,&quot;image_width&quot;:&quot;350&quot;,&quot;image_height&quot;:&quot;350&quot;,&quot;image_fit&quot;:&quot;cover&quot;},{&quot;lat&quot;:&quot;44.818684&quot;,&quot;lng&quot;:&quot;6.488213&quot;,&quot;title&quot;:&quot;Bataillon Gilles&quot;,&quot;permalink&quot;:&quot;https:\\\/\\\/www.paysdesecrins.com\\\/it\\\/fiche\\\/bataillon-gilles-4\\\/&quot;,&quot;type&quot;:&quot;hebergement_locatif&quot;,&quot;commune&quot;:&quot;Puy-Saint-Vincent&quot;,&quot;type_commerce&quot;:&quot;&quot;,&quot;image&quot;:&quot;https:\\\/\\\/www.paysdesecrins.com\\\/wp-content\\\/uploads\\\/2025\\\/06\\\/cropped-paysdesecrins.png&quot;,&quot;image_width&quot;:&quot;350&quot;,&quot;image_height&quot;:&quot;350&quot;,&quot;image_fit&quot;:&quot;cover&quot;},{&quot;lat&quot;:&quot;44.826056&quot;,&quot;lng&quot;:&quot;6.500629&quot;,&quot;title&quot;:&quot;Mesguen No\\u00eblle et Piquet Jean-Yves&quot;,&quot;permalink&quot;:&quot;https:\\\/\\\/www.paysdesecrins.com\\\/it\\\/fiche\\\/mesguen-noelle-et-piquet-jean-yves-2\\\/&quot;,&quot;type&quot;:&quot;hebergement_locatif&quot;,&quot;commune&quot;:&quot;Puy-Saint-Vincent&quot;,&quot;type_commerce&quot;:&quot;&quot;,&quot;image&quot;:&quot;https:\\\/\\\/static.apidae-tourisme.com\\\/filestore\\\/objets-touristiques\\\/images\\\/28\\\/46\\\/8400412-diaporama.jpg&quot;,&quot;image_width&quot;:&quot;350&quot;,&quot;image_height&quot;:&quot;350&quot;,&quot;image_fit&quot;:&quot;cover&quot;},{&quot;lat&quot;:&quot;44.818146&quot;,&quot;lng&quot;:&quot;6.482172&quot;,&quot;title&quot;:&quot;R\\u00e9sidence de Tourisme Le Hameau des \\u00c9crins&quot;,&quot;permalink&quot;:&quot;https:\\\/\\\/www.paysdesecrins.com\\\/it\\\/fiche\\\/residence-de-tourisme-le-hameau-des-ecrins-4\\\/&quot;,&quot;type&quot;:&quot;hebergement_collectif&quot;,&quot;commune&quot;:&quot;Puy-Saint-Vincent&quot;,&quot;type_commerce&quot;:&quot;&quot;,&quot;image&quot;:&quot;https:\\\/\\\/static.apidae-tourisme.com\\\/filestore\\\/objets-touristiques\\\/images\\\/211\\\/24\\\/923859-diaporama.jpg&quot;,&quot;image_width&quot;:&quot;350&quot;,&quot;image_height&quot;:&quot;350&quot;,&quot;image_fit&quot;:&quot;cover&quot;},{&quot;lat&quot;:&quot;44.81862&quot;,&quot;lng&quot;:&quot;6.50394&quot;,&quot;title&quot;:&quot;Allamanno Marie-Christine \\u2013 Chalet les Ribambelles 2&quot;,&quot;permalink&quot;:&quot;https:\\\/\\\/www.paysdesecrins.com\\\/it\\\/fiche\\\/allamanno-marie-christine-chalet-les-ribambelles-2-3\\\/&quot;,&quot;type&quot;:&quot;hebergement_locatif&quot;,&quot;commune&quot;:&quot;Puy-Saint-Vincent&quot;,&quot;type_commerce&quot;:&quot;&quot;,&quot;image&quot;:&quot;https:\\\/\\\/static.apidae-tourisme.com\\\/filestore\\\/objets-touristiques\\\/images\\\/55\\\/160\\\/1810487-diaporama.jpg&quot;,&quot;image_width&quot;:&quot;350&quot;,&quot;image_height&quot;:&quot;350&quot;,&quot;image_fit&quot;:&quot;cover&quot;},{&quot;lat&quot;:&quot;44.827837&quot;,&quot;lng&quot;:&quot;6.494572&quot;,&quot;title&quot;:&quot;Alliey Richard&quot;,&quot;permalink&quot;:&quot;https:\\\/\\\/www.paysdesecrins.com\\\/it\\\/fiche\\\/alliey-richard-4\\\/&quot;,&quot;type&quot;:&quot;hebergement_locatif&quot;,&quot;commune&quot;:&quot;Puy-Saint-Vincent&quot;,&quot;type_commerce&quot;:&quot;&quot;,&quot;image&quot;:&quot;https:\\\/\\\/www.paysdesecrins.com\\\/wp-content\\\/uploads\\\/2025\\\/06\\\/cropped-paysdesecrins.png&quot;,&quot;image_width&quot;:&quot;350&quot;,&quot;image_height&quot;:&quot;350&quot;,&quot;image_fit&quot;:&quot;cover&quot;},{&quot;lat&quot;:&quot;44.817833&quot;,&quot;lng&quot;:&quot;6.483885&quot;,&quot;title&quot;:&quot;Deparis Didier&quot;,&quot;permalink&quot;:&quot;https:\\\/\\\/www.paysdesecrins.com\\\/it\\\/fiche\\\/deparis-didier-4\\\/&quot;,&quot;type&quot;:&quot;hebergement_locatif&quot;,&quot;commune&quot;:&quot;Puy-Saint-Vincent&quot;,&quot;type_commerce&quot;:&quot;&quot;,&quot;image&quot;:&quot;https:\\\/\\\/www.paysdesecrins.com\\\/wp-content\\\/uploads\\\/2025\\\/06\\\/cropped-paysdesecrins.png&quot;,&quot;image_width&quot;:&quot;350&quot;,&quot;image_height&quot;:&quot;350&quot;,&quot;image_fit&quot;:&quot;cover&quot;}],&quot;center_lat&quot;:&quot;44.816595&quot;,&quot;center_lng&quot;:&quot;6.481164&quot;}<\/div><\/div><\/div><\/div><div class=\"map-marker\"><div id=\"map_6110c\" class=\"map-container\" style=\"width: 100%; height: 450px;\"><\/div><\/div><\/div>","protected":false},"excerpt":{"rendered":"<p>Usa il filtro qui sotto per scegliere il tipo di alloggio che render\u00e0 il tuo prossimo soggiorno la vacanza perfetta! [&hellip;]<\/p>\n","protected":false},"author":1,"featured_media":75105,"parent":45034,"menu_order":0,"comment_status":"closed","ping_status":"closed","template":"","meta":{"_thumbnail_id_2":44456,"summer_excerpt":"","season":"","station":"","footnotes":""},"class_list":["post-44503","page","type-page","status-publish","has-post-thumbnail","hentry"],"yoast_head":"<!-- This site is optimized with the Yoast SEO plugin v27.3 - https:\/\/yoast.com\/product\/yoast-seo-wordpress\/ -->\n<title>Puy Saint Vincent: tutti gli alloggi - Pays des \u00c9crins - Office de Tourisme<\/title>\n<meta name=\"robots\" content=\"index, follow, max-snippet:-1, max-image-preview:large, max-video-preview:-1\" \/>\n<link rel=\"canonical\" href=\"https:\/\/www.paysdesecrins.com\/it\/il-mio-resort-il-mio-villaggio\/puy-saint-vincent\/tutti-gli-alloggi-3\/\" \/>\n<meta property=\"og:locale\" content=\"it_IT\" \/>\n<meta property=\"og:type\" content=\"article\" \/>\n<meta property=\"og:title\" content=\"Puy Saint Vincent: tutti gli alloggi - Pays des \u00c9crins - Office de Tourisme\" \/>\n<meta property=\"og:description\" content=\"Usa il filtro qui sotto per scegliere il tipo di alloggio che render\u00e0 il tuo prossimo soggiorno la vacanza perfetta! [&hellip;]\" \/>\n<meta property=\"og:url\" content=\"https:\/\/www.paysdesecrins.com\/it\/il-mio-resort-il-mio-villaggio\/puy-saint-vincent\/tutti-gli-alloggi-3\/\" \/>\n<meta property=\"og:site_name\" content=\"Pays des \u00c9crins - Office de Tourisme\" \/>\n<meta property=\"article:modified_time\" content=\"2025-08-13T14:07:12+00:00\" \/>\n<meta property=\"og:image\" content=\"https:\/\/www.paysdesecrins.com\/wp-content\/uploads\/2025\/07\/ambiance-au-vallon-de-narreyroux-13-scaled.jpg\" \/>\n\t<meta property=\"og:image:width\" content=\"2560\" \/>\n\t<meta property=\"og:image:height\" content=\"1708\" \/>\n\t<meta property=\"og:image:type\" content=\"image\/jpeg\" \/>\n<meta name=\"twitter:card\" content=\"summary_large_image\" \/>\n<script type=\"application\/ld+json\" class=\"yoast-schema-graph\">{\"@context\":\"https:\\\/\\\/schema.org\",\"@graph\":[{\"@type\":\"WebPage\",\"@id\":\"https:\\\/\\\/www.paysdesecrins.com\\\/it\\\/il-mio-resort-il-mio-villaggio\\\/puy-saint-vincent\\\/tutti-gli-alloggi-3\\\/\",\"url\":\"https:\\\/\\\/www.paysdesecrins.com\\\/it\\\/il-mio-resort-il-mio-villaggio\\\/puy-saint-vincent\\\/tutti-gli-alloggi-3\\\/\",\"name\":\"Puy Saint Vincent: tutti gli alloggi - Pays des \u00c9crins - Office de Tourisme\",\"isPartOf\":{\"@id\":\"https:\\\/\\\/www.paysdesecrins.com\\\/it\\\/#website\"},\"primaryImageOfPage\":{\"@id\":\"https:\\\/\\\/www.paysdesecrins.com\\\/it\\\/il-mio-resort-il-mio-villaggio\\\/puy-saint-vincent\\\/tutti-gli-alloggi-3\\\/#primaryimage\"},\"image\":{\"@id\":\"https:\\\/\\\/www.paysdesecrins.com\\\/it\\\/il-mio-resort-il-mio-villaggio\\\/puy-saint-vincent\\\/tutti-gli-alloggi-3\\\/#primaryimage\"},\"thumbnailUrl\":\"https:\\\/\\\/www.paysdesecrins.com\\\/wp-content\\\/uploads\\\/2025\\\/08\\\/premie-res-neiges-puy-saint-vincent-31-scaled.jpg\",\"datePublished\":\"2025-06-25T13:44:51+00:00\",\"dateModified\":\"2025-08-13T14:07:12+00:00\",\"breadcrumb\":{\"@id\":\"https:\\\/\\\/www.paysdesecrins.com\\\/it\\\/il-mio-resort-il-mio-villaggio\\\/puy-saint-vincent\\\/tutti-gli-alloggi-3\\\/#breadcrumb\"},\"inLanguage\":\"it-IT\",\"potentialAction\":[{\"@type\":\"ReadAction\",\"target\":[\"https:\\\/\\\/www.paysdesecrins.com\\\/it\\\/il-mio-resort-il-mio-villaggio\\\/puy-saint-vincent\\\/tutti-gli-alloggi-3\\\/\"]}]},{\"@type\":\"ImageObject\",\"inLanguage\":\"it-IT\",\"@id\":\"https:\\\/\\\/www.paysdesecrins.com\\\/it\\\/il-mio-resort-il-mio-villaggio\\\/puy-saint-vincent\\\/tutti-gli-alloggi-3\\\/#primaryimage\",\"url\":\"https:\\\/\\\/www.paysdesecrins.com\\\/wp-content\\\/uploads\\\/2025\\\/08\\\/premie-res-neiges-puy-saint-vincent-31-scaled.jpg\",\"contentUrl\":\"https:\\\/\\\/www.paysdesecrins.com\\\/wp-content\\\/uploads\\\/2025\\\/08\\\/premie-res-neiges-puy-saint-vincent-31-scaled.jpg\",\"width\":2560,\"height\":1708},{\"@type\":\"BreadcrumbList\",\"@id\":\"https:\\\/\\\/www.paysdesecrins.com\\\/it\\\/il-mio-resort-il-mio-villaggio\\\/puy-saint-vincent\\\/tutti-gli-alloggi-3\\\/#breadcrumb\",\"itemListElement\":[{\"@type\":\"ListItem\",\"position\":1,\"name\":\"Accueil\",\"item\":\"https:\\\/\\\/www.paysdesecrins.com\\\/it\\\/il-titolo-della-casa\\\/\"},{\"@type\":\"ListItem\",\"position\":2,\"name\":\"Il mio resort, il mio villaggio\",\"item\":\"https:\\\/\\\/www.paysdesecrins.com\\\/it\\\/ma-station-mon-village\\\/\"},{\"@type\":\"ListItem\",\"position\":3,\"name\":\"Puy-Saint-Vincent\",\"item\":\"https:\\\/\\\/www.paysdesecrins.com\\\/it\\\/il-mio-resort-il-mio-villaggio\\\/puy-saint-vincent\\\/\"},{\"@type\":\"ListItem\",\"position\":4,\"name\":\"Puy Saint Vincent: tutti gli alloggi\"}]},{\"@type\":\"WebSite\",\"@id\":\"https:\\\/\\\/www.paysdesecrins.com\\\/it\\\/#website\",\"url\":\"https:\\\/\\\/www.paysdesecrins.com\\\/it\\\/\",\"name\":\"Pays des \u00c9crins - Office de Tourisme\",\"description\":\"L&#039;esprit montagne\",\"publisher\":{\"@id\":\"https:\\\/\\\/www.paysdesecrins.com\\\/it\\\/#organization\"},\"potentialAction\":[{\"@type\":\"SearchAction\",\"target\":{\"@type\":\"EntryPoint\",\"urlTemplate\":\"https:\\\/\\\/www.paysdesecrins.com\\\/it\\\/?s={search_term_string}\"},\"query-input\":{\"@type\":\"PropertyValueSpecification\",\"valueRequired\":true,\"valueName\":\"search_term_string\"}}],\"inLanguage\":\"it-IT\"},{\"@type\":\"Organization\",\"@id\":\"https:\\\/\\\/www.paysdesecrins.com\\\/it\\\/#organization\",\"name\":\"Pays des \u00c9crins - Office de Tourisme\",\"url\":\"https:\\\/\\\/www.paysdesecrins.com\\\/it\\\/\",\"logo\":{\"@type\":\"ImageObject\",\"inLanguage\":\"it-IT\",\"@id\":\"https:\\\/\\\/www.paysdesecrins.com\\\/it\\\/#\\\/schema\\\/logo\\\/image\\\/\",\"url\":\"https:\\\/\\\/www.paysdesecrins.com\\\/wp-content\\\/uploads\\\/2025\\\/06\\\/devina-svg-1750845694.svg\",\"contentUrl\":\"https:\\\/\\\/www.paysdesecrins.com\\\/wp-content\\\/uploads\\\/2025\\\/06\\\/devina-svg-1750845694.svg\",\"caption\":\"Pays des \u00c9crins - Office de Tourisme\"},\"image\":{\"@id\":\"https:\\\/\\\/www.paysdesecrins.com\\\/it\\\/#\\\/schema\\\/logo\\\/image\\\/\"}}]}<\/script>\n<!-- \/ Yoast SEO plugin. -->","yoast_head_json":{"title":"Puy Saint Vincent: tutti gli alloggi - Pays des \u00c9crins - Office de Tourisme","robots":{"index":"index","follow":"follow","max-snippet":"max-snippet:-1","max-image-preview":"max-image-preview:large","max-video-preview":"max-video-preview:-1"},"canonical":"https:\/\/www.paysdesecrins.com\/it\/il-mio-resort-il-mio-villaggio\/puy-saint-vincent\/tutti-gli-alloggi-3\/","og_locale":"it_IT","og_type":"article","og_title":"Puy Saint Vincent: tutti gli alloggi - Pays des \u00c9crins - Office de Tourisme","og_description":"Usa il filtro qui sotto per scegliere il tipo di alloggio che render\u00e0 il tuo prossimo soggiorno la vacanza perfetta! [&hellip;]","og_url":"https:\/\/www.paysdesecrins.com\/it\/il-mio-resort-il-mio-villaggio\/puy-saint-vincent\/tutti-gli-alloggi-3\/","og_site_name":"Pays des \u00c9crins - Office de Tourisme","article_modified_time":"2025-08-13T14:07:12+00:00","og_image":[{"width":2560,"height":1708,"url":"https:\/\/www.paysdesecrins.com\/wp-content\/uploads\/2025\/07\/ambiance-au-vallon-de-narreyroux-13-scaled.jpg","type":"image\/jpeg"}],"twitter_card":"summary_large_image","schema":{"@context":"https:\/\/schema.org","@graph":[{"@type":"WebPage","@id":"https:\/\/www.paysdesecrins.com\/it\/il-mio-resort-il-mio-villaggio\/puy-saint-vincent\/tutti-gli-alloggi-3\/","url":"https:\/\/www.paysdesecrins.com\/it\/il-mio-resort-il-mio-villaggio\/puy-saint-vincent\/tutti-gli-alloggi-3\/","name":"Puy Saint Vincent: tutti gli alloggi - Pays des \u00c9crins - Office de Tourisme","isPartOf":{"@id":"https:\/\/www.paysdesecrins.com\/it\/#website"},"primaryImageOfPage":{"@id":"https:\/\/www.paysdesecrins.com\/it\/il-mio-resort-il-mio-villaggio\/puy-saint-vincent\/tutti-gli-alloggi-3\/#primaryimage"},"image":{"@id":"https:\/\/www.paysdesecrins.com\/it\/il-mio-resort-il-mio-villaggio\/puy-saint-vincent\/tutti-gli-alloggi-3\/#primaryimage"},"thumbnailUrl":"https:\/\/www.paysdesecrins.com\/wp-content\/uploads\/2025\/08\/premie-res-neiges-puy-saint-vincent-31-scaled.jpg","datePublished":"2025-06-25T13:44:51+00:00","dateModified":"2025-08-13T14:07:12+00:00","breadcrumb":{"@id":"https:\/\/www.paysdesecrins.com\/it\/il-mio-resort-il-mio-villaggio\/puy-saint-vincent\/tutti-gli-alloggi-3\/#breadcrumb"},"inLanguage":"it-IT","potentialAction":[{"@type":"ReadAction","target":["https:\/\/www.paysdesecrins.com\/it\/il-mio-resort-il-mio-villaggio\/puy-saint-vincent\/tutti-gli-alloggi-3\/"]}]},{"@type":"ImageObject","inLanguage":"it-IT","@id":"https:\/\/www.paysdesecrins.com\/it\/il-mio-resort-il-mio-villaggio\/puy-saint-vincent\/tutti-gli-alloggi-3\/#primaryimage","url":"https:\/\/www.paysdesecrins.com\/wp-content\/uploads\/2025\/08\/premie-res-neiges-puy-saint-vincent-31-scaled.jpg","contentUrl":"https:\/\/www.paysdesecrins.com\/wp-content\/uploads\/2025\/08\/premie-res-neiges-puy-saint-vincent-31-scaled.jpg","width":2560,"height":1708},{"@type":"BreadcrumbList","@id":"https:\/\/www.paysdesecrins.com\/it\/il-mio-resort-il-mio-villaggio\/puy-saint-vincent\/tutti-gli-alloggi-3\/#breadcrumb","itemListElement":[{"@type":"ListItem","position":1,"name":"Accueil","item":"https:\/\/www.paysdesecrins.com\/it\/il-titolo-della-casa\/"},{"@type":"ListItem","position":2,"name":"Il mio resort, il mio villaggio","item":"https:\/\/www.paysdesecrins.com\/it\/ma-station-mon-village\/"},{"@type":"ListItem","position":3,"name":"Puy-Saint-Vincent","item":"https:\/\/www.paysdesecrins.com\/it\/il-mio-resort-il-mio-villaggio\/puy-saint-vincent\/"},{"@type":"ListItem","position":4,"name":"Puy Saint Vincent: tutti gli alloggi"}]},{"@type":"WebSite","@id":"https:\/\/www.paysdesecrins.com\/it\/#website","url":"https:\/\/www.paysdesecrins.com\/it\/","name":"Pays des \u00c9crins - Office de Tourisme","description":"L&#039;esprit montagne","publisher":{"@id":"https:\/\/www.paysdesecrins.com\/it\/#organization"},"potentialAction":[{"@type":"SearchAction","target":{"@type":"EntryPoint","urlTemplate":"https:\/\/www.paysdesecrins.com\/it\/?s={search_term_string}"},"query-input":{"@type":"PropertyValueSpecification","valueRequired":true,"valueName":"search_term_string"}}],"inLanguage":"it-IT"},{"@type":"Organization","@id":"https:\/\/www.paysdesecrins.com\/it\/#organization","name":"Pays des \u00c9crins - Office de Tourisme","url":"https:\/\/www.paysdesecrins.com\/it\/","logo":{"@type":"ImageObject","inLanguage":"it-IT","@id":"https:\/\/www.paysdesecrins.com\/it\/#\/schema\/logo\/image\/","url":"https:\/\/www.paysdesecrins.com\/wp-content\/uploads\/2025\/06\/devina-svg-1750845694.svg","contentUrl":"https:\/\/www.paysdesecrins.com\/wp-content\/uploads\/2025\/06\/devina-svg-1750845694.svg","caption":"Pays des \u00c9crins - Office de Tourisme"},"image":{"@id":"https:\/\/www.paysdesecrins.com\/it\/#\/schema\/logo\/image\/"}}]}},"_links":{"self":[{"href":"https:\/\/www.paysdesecrins.com\/it\/wp-json\/wp\/v2\/pages\/44503","targetHints":{"allow":["GET"]}}],"collection":[{"href":"https:\/\/www.paysdesecrins.com\/it\/wp-json\/wp\/v2\/pages"}],"about":[{"href":"https:\/\/www.paysdesecrins.com\/it\/wp-json\/wp\/v2\/types\/page"}],"author":[{"embeddable":true,"href":"https:\/\/www.paysdesecrins.com\/it\/wp-json\/wp\/v2\/users\/1"}],"replies":[{"embeddable":true,"href":"https:\/\/www.paysdesecrins.com\/it\/wp-json\/wp\/v2\/comments?post=44503"}],"version-history":[{"count":2,"href":"https:\/\/www.paysdesecrins.com\/it\/wp-json\/wp\/v2\/pages\/44503\/revisions"}],"predecessor-version":[{"id":94132,"href":"https:\/\/www.paysdesecrins.com\/it\/wp-json\/wp\/v2\/pages\/44503\/revisions\/94132"}],"up":[{"embeddable":true,"href":"https:\/\/www.paysdesecrins.com\/it\/wp-json\/wp\/v2\/pages\/45034"}],"wp:featuredmedia":[{"embeddable":true,"href":"https:\/\/www.paysdesecrins.com\/it\/wp-json\/wp\/v2\/media\/75105"}],"wp:attachment":[{"href":"https:\/\/www.paysdesecrins.com\/it\/wp-json\/wp\/v2\/media?parent=44503"}],"curies":[{"name":"wp","href":"https:\/\/api.w.org\/{rel}","templated":true}]}}